{"id":23754,"date":"2024-01-23T16:05:00","date_gmt":"2024-01-23T15:05:00","guid":{"rendered":"https:\/\/calbernadas.com\/?page_id=23754"},"modified":"2024-01-23T16:05:00","modified_gmt":"2024-01-23T15:05:00","slug":"ruraldailyromantic-3","status":"publish","type":"page","link":"https:\/\/calbernadas.com\/fr\/tourisme-rural-2\/ruraldailyromantic-3\/","title":{"rendered":"RURAL&#038;DAILYROMANTIC"},"content":{"rendered":"<p>[vc_row full_width=\u00a0\u00bbstretch_row_content\u00a0\u00bb css=\u00a0\u00bb.vc_custom_1490377999104{margin-bottom: -40px !important;border-bottom-width: -40px !important;}\u00a0\u00bb][vc_column][rev_slider_vc alias=\u00a0\u00bbdaily-romantic_fr\u00a0\u00bb][\/vc_column][\/vc_row][vc_row full_width=\u00a0\u00bbstretch_row\u00a0\u00bb css=\u00a0\u00bb.vc_custom_1478601643581{padding-top: 80px !important;padding-bottom: 80px !important;background-color: #ffcd00 !important;}\u00a0\u00bb][vc_column width=\u00a0\u00bb1\/6&Prime;][\/vc_column][vc_column width=\u00a0\u00bb2\/3&Prime;][vc_column_text]<\/p>\n<div class=\"row-fluid show-grid\">\n<h5 class=\" span6\" style=\"text-align: center;\">Cal Bernad\u00e0s a pens\u00e9 \u00e0 toutes celles et ceux qui pensent qu\u2019il est important d\u2019\u00eatre romantique tous les jours et qu\u2019il ne faut pas attendre le week-end pour vivre des moments particuliers dans des endroits r\u00e9serv\u00e9s \u00e0 cela.<\/h5>\n<\/div>\n<h5 style=\"text-align: center;\">Si vous \u00eates amoureux(se) du lundi au dimanche, alors vous faites partie des #DailyRomantic!<\/h5>\n<div class=\" span3\" style=\"text-align: center;\"><\/div>\n<p>[\/vc_column_text][\/vc_column][vc_column width=\u00a0\u00bb1\/6&Prime;][\/vc_column][\/vc_row][vc_row full_width=\u00a0\u00bbstretch_row_content_no_spaces\u00a0\u00bb][vc_column][vc_images_carousel images=\u00a0\u00bb19646&Prime; img_size=\u00a0\u00bbfull\u00a0\u00bb onclick=\u00a0\u00bblink_no\u00a0\u00bb speed=\u00a0\u00bb3000&Prime; autoplay=\u00a0\u00bbyes\u00a0\u00bb hide_pagination_control=\u00a0\u00bbyes\u00a0\u00bb hide_prev_next_buttons=\u00a0\u00bbyes\u00a0\u00bb wrap=\u00a0\u00bbyes\u00a0\u00bb][\/vc_column][\/vc_row][vc_row full_width=\u00a0\u00bbstretch_row\u00a0\u00bb css=\u00a0\u00bb.vc_custom_1478666237448{padding-top: 100px !important;padding-bottom: 100px !important;background-image: url(https:\/\/calbernadas.com\/wp-content\/uploads\/2016\/10\/RP_caracteristiques-1.jpg?id=13653) !important;}\u00a0\u00bb parallax_speed=\u00a0\u00bb0.8&Prime; bg_video_transparent=\u00a0\u00bb0&Prime; el_class=\u00a0\u00bbcm-icon-big-item\u00a0\u00bb][vc_column][cs_custom_heading text=\u00a0\u00bbPHOTOS\u00a0\u00bb font_container=\u00a0\u00bbtag:h1|font_size:40px|text_align:center|color:%23ffffff\u00a0\u00bb font_format=\u00a0\u00bb700&Prime; style=\u00a0\u00bbstyle-none\u00a0\u00bb el_class=\u00a0\u00bbcm-tailor-title-site\u00a0\u00bb][\/vc_column][\/vc_row][vc_row full_width=\u00a0\u00bbstretch_row_content_no_spaces\u00a0\u00bb css=\u00a0\u00bb.vc_custom_1510829065994{padding-top: 80px !important;padding-bottom: 20px !important;}\u00a0\u00bb][vc_column][vc_images_carousel images=\u00a0\u00bb19588,19589,19590,19591,19592,19593,19594,19595,19596,19597,19598,19599,19600,19601,19602,19603,19604,19605,19606,19607,19608,19609,19610,19611,19612,19613,19614,19615,19616,19617,19618,19619,19620&Prime; img_size=\u00a0\u00bbfull\u00a0\u00bb onclick=\u00a0\u00bblink_no\u00a0\u00bb speed=\u00a0\u00bb3000&Prime; autoplay=\u00a0\u00bbyes\u00a0\u00bb hide_pagination_control=\u00a0\u00bbyes\u00a0\u00bb wrap=\u00a0\u00bbyes\u00a0\u00bb][\/vc_column][\/vc_row][vc_row full_width=\u00a0\u00bbstretch_row\u00a0\u00bb css=\u00a0\u00bb.vc_custom_1510224455851{padding-top: 80px !important;padding-bottom: 80px !important;background-image: url(https:\/\/calbernadas.com\/wp-content\/uploads\/2016\/10\/RP_caracteristiques.jpg?id=13651) !important;}\u00a0\u00bb parallax_speed=\u00a0\u00bb0.8&Prime; bg_video_transparent=\u00a0\u00bb0&Prime; el_class=\u00a0\u00bbcm-icon-big-item\u00a0\u00bb][vc_column][cs_custom_heading text=\u00a0\u00bbILS SONT DAILY ROMANTIC!\u00a0\u00bb font_container=\u00a0\u00bbtag:h1|font_size:40px|text_align:center|color:%23ffffff\u00a0\u00bb font_format=\u00a0\u00bb700&Prime; style=\u00a0\u00bbstyle-none\u00a0\u00bb el_class=\u00a0\u00bbcm-tailor-title-site\u00a0\u00bb][\/vc_column][\/vc_row][vc_row full_width=\u00a0\u00bbstretch_row\u00a0\u00bb css=\u00a0\u00bb.vc_custom_1510224471167{padding-top: 80px !important;padding-bottom: 80px !important;}\u00a0\u00bb][vc_column][vc_column_text]<\/p>\n<h5 style=\"text-align: center;\"><span style=\"color: #ffcc00;\">Le plus important, savoir ce que nos h\u00f4tes pensent.<\/span><\/h5>\n<p>[\/vc_column_text][vc_empty_space height=\u00a0\u00bb40px\u00a0\u00bb]\r\n        <div id=\"cshero_testimonial1777634761_169f48dc912114\" class=\"cshero-testimonial testimonial-layout1 testimonial-slide \">\r\n                        <div class=\"cshero-testimonial-wrapper\">\r\n                                    <div id=\"cshero_testimonial_1777634761_169f48dc912114\" data-mode=\"horizontal\" data-moveslides=\"1\" data-auto=\"0\" data-speed=\"500\" data-prevselector=\"#cshero_testimonial1777634761_169f48dc912114 .prev\" data-nextselector=\"#cshero_testimonial1777634761_169f48dc912114 .next\" data-prevText=\"<i class='fa fa-angle-left'><\/i>\" data-nextText=\"<i class='fa fa-angle-right'><\/i>\" data-pagerSelector=\"#cshero_testimonial1777634761_169f48dc912114 .cshero-control\" data-onsliderload=\"true\" data-touchenabled=\"1\" data-controls=\"true\" data-pager=\"0\" data-pause=\"4000\" data-infiniteloop=\"true\" data-adaptiveheight=\"true\"  data-autohover=\"true\" data-slidemargin=\"30\" data-maxslides=\"3\" data-minslides=\"1\" data-slidewidth=\"500\" data-slideselector=\"\" data-easing=\"swing\" data-usecss=\"\" data-resize=\"1\" class=\"slider jm-bxslider\">\r\n                                \r\n                                            <div class=\"cshero-testimonial-item\">\r\n                            \n<article id=\"post-19655\"  class=\"cshero_testimonial_content clearfix\" style=\"padding:15px;color:#666666;background-color:#f5f5f5;\">\n     \n    <div class=\"cshero-testimonial-image left\">\n        <img alt=\"\" src=\"https:\/\/calbernadas.com\/wp-content\/uploads\/2017\/11\/15061-1004-200x120_c.jpg\" align=\"left\" style=\"border-radius:0;-webkit-border-radius:0;-moz-border-radius:0;-ms-border-radius:0;-o-border-radius:0;margin-right:20px;\" \/>    <\/div>\n        \n            <div class=\"cshero-testimonial-content text-left\" style=\"padding-left:230px\">\n                            <div class=\"cshero-testimonial-description\">\n                    <div class=\"cshero-testimonial-text\">\n                                                La nostra estada al Porxo de la Barraca va ser magn\u00edfica, des de l\u2019entrada fins a la sortida. Va ser l\u2019aniversari del Guille i la primera vegada que dorm\u00edem sols despr\u00e9s del naixement de l\u2019Aret, la nostra filla, i realment tot genial: el sopar, el porxo, el jacuzzi, ... realment una nit molt rom\u00e0ntica i especial.\r\n\r\n<span style=\"color: #999999;\">Gener 2017<\/span>\r\n\r\n&nbsp                                            <\/div>\n                <\/div>\n                                        <h3 class=\"cshero-testimonial-title\" style=\"color:#666666\">\n                    Tania &#038; Guille                <\/h3>\n                        \n            \n        <\/div>\n        \n<\/article>\n\n                        <\/div>\r\n                                            <div class=\"cshero-testimonial-item\">\r\n                            \n<article id=\"post-19658\"  class=\"cshero_testimonial_content clearfix\" style=\"padding:15px;color:#666666;background-color:#f5f5f5;\">\n     \n    <div class=\"cshero-testimonial-image left\">\n        <img alt=\"\" src=\"https:\/\/calbernadas.com\/wp-content\/uploads\/2017\/11\/Captura-de-pantalla-2017-11-09-a-les-16.31.03-200x120_c.png\" align=\"left\" style=\"border-radius:0;-webkit-border-radius:0;-moz-border-radius:0;-ms-border-radius:0;-o-border-radius:0;margin-right:20px;\" \/>    <\/div>\n        \n            <div class=\"cshero-testimonial-content text-left\" style=\"padding-left:230px\">\n                            <div class=\"cshero-testimonial-description\">\n                    <div class=\"cshero-testimonial-text\">\n                                                Si no sabeu qu\u00e8 regalar o qu\u00e8 regalar-vos proveu nit rom\u00e0ntica a CalBernadas. Brutal! Lujuuu + spa + bon menjar + natura = 100% recomanable.\r\n\r\n<span style=\"color: #999999;\">Maig 2017<\/span>\r\n\r\n&nbsp                                            <\/div>\n                <\/div>\n                                        <h3 class=\"cshero-testimonial-title\" style=\"color:#666666\">\n                    En Peyu                <\/h3>\n                        \n            \n        <\/div>\n        \n<\/article>\n\n                        <\/div>\r\n                                            <div class=\"cshero-testimonial-item\">\r\n                            \n<article id=\"post-19662\"  class=\"cshero_testimonial_content clearfix\" style=\"padding:15px;color:#666666;background-color:#f5f5f5;\">\n     \n    <div class=\"cshero-testimonial-image left\">\n        <img alt=\"\" src=\"https:\/\/calbernadas.com\/wp-content\/uploads\/2017\/11\/labarraca-138A-200x120_c.jpg\" align=\"left\" style=\"border-radius:0;-webkit-border-radius:0;-moz-border-radius:0;-ms-border-radius:0;-o-border-radius:0;margin-right:20px;\" \/>    <\/div>\n        \n            <div class=\"cshero-testimonial-content text-left\" style=\"padding-left:230px\">\n                            <div class=\"cshero-testimonial-description\">\n                    <div class=\"cshero-testimonial-text\">\n                                                Sortir de treballar al vespre i ser segrestat sabent que ser\u00e0 una cosa bona per\u00f2 sense saber on vas.\r\n\r\nLa sensaci\u00f3 a l\u2019arribar: desconnexi\u00f3 per una banda i intimitat natural per l\u2019altra. Un plaer escandal\u00f3s en el que qualsevol fet es viu de manera tranquil\u00b7la i positiva. Un oasis d\u2019energia per explorar!\r\n\r\n<span style=\"color: #999999;\">Maig 2017<\/span>\r\n\r\n&nbsp                                            <\/div>\n                <\/div>\n                                        <h3 class=\"cshero-testimonial-title\" style=\"color:#666666\">\n                    Clara i Manu                <\/h3>\n                        \n            \n        <\/div>\n        \n<\/article>\n\n                        <\/div>\r\n                                            <div class=\"cshero-testimonial-item\">\r\n                            \n<article id=\"post-19666\"  class=\"cshero_testimonial_content clearfix\" style=\"padding:15px;color:#666666;background-color:#f5f5f5;\">\n     \n    <div class=\"cshero-testimonial-image left\">\n        <img alt=\"\" src=\"https:\/\/calbernadas.com\/wp-content\/uploads\/2017\/11\/2017004-0014-200x120_c.jpg\" align=\"left\" style=\"border-radius:0;-webkit-border-radius:0;-moz-border-radius:0;-ms-border-radius:0;-o-border-radius:0;margin-right:20px;\" \/>    <\/div>\n        \n            <div class=\"cshero-testimonial-content text-left\" style=\"padding-left:230px\">\n                            <div class=\"cshero-testimonial-description\">\n                    <div class=\"cshero-testimonial-text\">\n                                                Vam trobar que era un lloc amb molt encant i tranquil\u00b7litat.\r\n\r\nEl Porxo molt confortable i acollidor, i un SPA amb bones vistes.\r\n\r\nRealment una experi\u00e8ncia id\u00edl\u00b7lica per compartir amb la parella.\r\n\r\nHi tornarem!\r\n\r\n<span style=\"color: #999999;\">Juny 2017<\/span>\r\n\r\n&nbsp                                            <\/div>\n                <\/div>\n                                        <h3 class=\"cshero-testimonial-title\" style=\"color:#666666\">\n                    Albert Sant                <\/h3>\n                        \n            \n        <\/div>\n        \n<\/article>\n\n                        <\/div>\r\n                                            <div class=\"cshero-testimonial-item\">\r\n                            \n<article id=\"post-19670\"  class=\"cshero_testimonial_content clearfix\" style=\"padding:15px;color:#666666;background-color:#f5f5f5;\">\n     \n    <div class=\"cshero-testimonial-image left\">\n        <img alt=\"\" src=\"https:\/\/calbernadas.com\/wp-content\/uploads\/2017\/11\/labarraca-23-200x120_c.jpg\" align=\"left\" style=\"border-radius:0;-webkit-border-radius:0;-moz-border-radius:0;-ms-border-radius:0;-o-border-radius:0;margin-right:20px;\" \/>    <\/div>\n        \n            <div class=\"cshero-testimonial-content text-left\" style=\"padding-left:230px\">\n                            <div class=\"cshero-testimonial-description\">\n                    <div class=\"cshero-testimonial-text\">\n                                                La meva experi\u00e8ncia al Porxo de la Barraca has estat ideal per viure una nit rom\u00e0ntica sota les estrelles, en un espai envoltat de natura i, alhora, de sofisticaci\u00f3. Al sopar no li faltava detall. Quan vam arribar ja hi havia la taula parada. Tamb\u00e9 v\u00e0rem gaudir de l\u2019SPA en parella, amb vistes a la natura. Tot un luxe!\r\n\r\n<span style=\"color: #999999;\">Setembre 2017<\/span>\r\n\r\n&nbsp                                            <\/div>\n                <\/div>\n                                        <h3 class=\"cshero-testimonial-title\" style=\"color:#666666\">\n                    N\u00faria Madrid                <\/h3>\n                        \n            \n        <\/div>\n        \n<\/article>\n\n                        <\/div>\r\n                                            <div class=\"cshero-testimonial-item\">\r\n                            \n<article id=\"post-19677\"  class=\"cshero_testimonial_content clearfix\" style=\"padding:15px;color:#666666;background-color:#f5f5f5;\">\n     \n    <div class=\"cshero-testimonial-image left\">\n        <img alt=\"\" src=\"https:\/\/calbernadas.com\/wp-content\/uploads\/2017\/11\/labarraca-239-200x120_c.jpg\" align=\"left\" style=\"border-radius:0;-webkit-border-radius:0;-moz-border-radius:0;-ms-border-radius:0;-o-border-radius:0;margin-right:20px;\" \/>    <\/div>\n        \n            <div class=\"cshero-testimonial-content text-left\" style=\"padding-left:230px\">\n                            <div class=\"cshero-testimonial-description\">\n                    <div class=\"cshero-testimonial-text\">\n                                                Hem celebrat el nostre aniversari de casats al Porxo de la Barraca. Busc\u00e0vem naturalesa i tranquil\u00b7litat en un espai rom\u00e0ntic. I al veure l\u2019oferta exclusiva entre setmana ens vam animar.\r\n\r\nQuan ens vam trobar amb l\u2019Anna, ens va acompanyar fins a la casa per un cam\u00ed sense fi enmig de boscos, camps i vaques. En pocs minuts est\u00e0vem, literalment, al mig del no res. Una sensaci\u00f3 \u00fanica per uns barcelonins com nosaltres.\r\n\r\nL\u2019espai \u00e9s encantador, un r\u00fastic modern fet amb molt carinyo, molts detalls i unes vistes fant\u00e0stiques. L\u2019opci\u00f3 del sopar preparat va ser un encert. I per si aix\u00f2 fos poc, l\u2019SPA ho va acabar de rematar!\r\n\r\nDos dies fant\u00e0stics, ens ha faltat temps per gaudir de tot. Tornarem!\r\n\r\nAh! Obrir les persianes amb el comandament a dist\u00e0ncia sense sortir del llit i amb aquestes vistes, \u00e9s un luxe!\r\n\r\n<span style=\"color: #999999;\">Octubre 2017<\/span>\r\n\r\n&nbsp                                            <\/div>\n                <\/div>\n                                        <h3 class=\"cshero-testimonial-title\" style=\"color:#666666\">\n                    Paula i Pol                <\/h3>\n                        \n            \n        <\/div>\n        \n<\/article>\n\n                        <\/div>\r\n                                            <div class=\"cshero-testimonial-item\">\r\n                            \n<article id=\"post-21790\"  class=\"cshero_testimonial_content clearfix\" style=\"padding:15px;color:#666666;background-color:#f5f5f5;\">\n     \n    <div class=\"cshero-testimonial-image left\">\n        <img alt=\"\" src=\"https:\/\/calbernadas.com\/wp-content\/uploads\/2016\/10\/labarraca-38-1-200x120_c.jpg\" align=\"left\" style=\"border-radius:0;-webkit-border-radius:0;-moz-border-radius:0;-ms-border-radius:0;-o-border-radius:0;margin-right:20px;\" \/>    <\/div>\n        \n            <div class=\"cshero-testimonial-content text-left\" style=\"padding-left:230px\">\n                            <div class=\"cshero-testimonial-description\">\n                    <div class=\"cshero-testimonial-text\">\n                                                Fant\u00e1stica velada rom\u00e1ntica en un alojamiento superespecial!!!\r\nA mi marido y a mi nos regalaron una experiencia #Dailyromantic en El Porxo de la Barraca, una casita aislada decorada con un gusto exquisito y en el que no falt\u00f3 ni un detalle. Nos dejaron preparado el men\u00fa Gourmet, le\u00f1a para encender el hogar y pasamos la noche en un entorno maravilloso, cobijados por un cielo totalmente limpio y estrellado. La atenci\u00f3n de los due\u00f1os de la casa fue exquisita y la experiencia de disfrutar nosotros solos del Spa y la sauna durante el tiempo que quisimos un aut\u00e9ntico regalo. La verdad es que salimos encantados y con ganas de repetir!\r\n\r\n<span style=\"color: #999999;\">Gener\u00a02018<\/span                                            <\/div>\n                <\/div>\n                                        <h3 class=\"cshero-testimonial-title\" style=\"color:#666666\">\n                    Gl\u00f2ria S.                <\/h3>\n                        \n            \n        <\/div>\n        \n<\/article>\n\n                        <\/div>\r\n                                            <div class=\"cshero-testimonial-item\">\r\n                            \n<article id=\"post-21793\"  class=\"cshero_testimonial_content clearfix\" style=\"padding:15px;color:#666666;background-color:#f5f5f5;\">\n     \n    <div class=\"cshero-testimonial-image left\">\n        <img alt=\"\" src=\"https:\/\/calbernadas.com\/wp-content\/uploads\/2016\/10\/labarraca-228-2-200x120_c.jpg\" align=\"left\" style=\"border-radius:0;-webkit-border-radius:0;-moz-border-radius:0;-ms-border-radius:0;-o-border-radius:0;margin-right:20px;\" \/>    <\/div>\n        \n            <div class=\"cshero-testimonial-content text-left\" style=\"padding-left:230px\">\n                            <div class=\"cshero-testimonial-description\">\n                    <div class=\"cshero-testimonial-text\">\n                                                Super ROMANTICO!!\r\nCelebramos nuestro aniversario en el Porxo de la Barraca i fue realmente excepcional!! La casa por dentro es preciosa! Poder disfrutar de la chimenea mientras descansas en esa cama tan grande mirando las estrellas por la noche a trav\u00e9s de su ventanal es alucinante y muy rom\u00e1ntico! Debajo de la casa esta el Spa, una zona con piscina climatizada, burbujas, sauna y chorros de agua! Por la noche es espectacular con las luces de la piscina encendidas y para nosotros dos solos!!! En definitiva, nos fuimos con ganas de volver otra vez, se respira mucha paz y tranquilidad en este peque\u00f1o rinc\u00f3n super rom\u00e1ntico!! Os lo recomiendo encarecidamente!\r\n\r\n<span style=\"color: #999999;\">Febrer 2018<\/span                                            <\/div>\n                <\/div>\n                                        <h3 class=\"cshero-testimonial-title\" style=\"color:#666666\">\n                    Miquel S.                <\/h3>\n                        \n            \n        <\/div>\n        \n<\/article>\n\n                        <\/div>\r\n                                            <div class=\"cshero-testimonial-item\">\r\n                            \n<article id=\"post-21796\"  class=\"cshero_testimonial_content clearfix\" style=\"padding:15px;color:#666666;background-color:#f5f5f5;\">\n     \n    <div class=\"cshero-testimonial-image left\">\n        <img alt=\"\" src=\"https:\/\/calbernadas.com\/wp-content\/uploads\/2016\/10\/labarraca-244-3-200x120_c.jpg\" align=\"left\" style=\"border-radius:0;-webkit-border-radius:0;-moz-border-radius:0;-ms-border-radius:0;-o-border-radius:0;margin-right:20px;\" \/>    <\/div>\n        \n            <div class=\"cshero-testimonial-content text-left\" style=\"padding-left:230px\">\n                            <div class=\"cshero-testimonial-description\">\n                    <div class=\"cshero-testimonial-text\">\n                                                Estancia muy recomendable.\r\nNuestra estancia en el \u201cPorxo de la Barraca\u201d no pudo ser mejor. Entorno excepcional, rodeados de naturaleza y alejados del ruido. La casa espectacular: construida y dise\u00f1ada con muy buen gusto, el interior equipado con electrodom\u00e9sticos y mobiliario, c\u00f3modos y de gran calidad. La zona de jacuzzi y sauna independiente a la casa, estuvo a nuestra exclusiva disposici\u00f3n. Las tapas escogidas para la cena superaron con creces las expectativas pues eran de calidad, originales y ricas. Por \u00faltimo, el servicio fue muy atento e impecable pues nos fueron a recoger al pueblo y nos guiaron todo el camino hasta la casa, ofreci\u00e9ndose para cualquier cosa que pudi\u00e9ramos necesitar. Una muy buena relaci\u00f3n calidad-precio. Volveremos sin lugar a dudas.\r\n\r\n<span style=\"color: #999999;\">Gener\u00a02019<\/span                                            <\/div>\n                <\/div>\n                                        <h3 class=\"cshero-testimonial-title\" style=\"color:#666666\">\n                    Albert F.                <\/h3>\n                        \n            \n        <\/div>\n        \n<\/article>\n\n                        <\/div>\r\n                                            <div class=\"cshero-testimonial-item\">\r\n                            \n<article id=\"post-21803\"  class=\"cshero_testimonial_content clearfix\" style=\"padding:15px;color:#666666;background-color:#f5f5f5;\">\n     \n    <div class=\"cshero-testimonial-image left\">\n        <img alt=\"\" src=\"https:\/\/calbernadas.com\/wp-content\/uploads\/2016\/10\/labarraca-71-3-200x120_c.jpg\" align=\"left\" style=\"border-radius:0;-webkit-border-radius:0;-moz-border-radius:0;-ms-border-radius:0;-o-border-radius:0;margin-right:20px;\" \/>    <\/div>\n        \n            <div class=\"cshero-testimonial-content text-left\" style=\"padding-left:230px\">\n                            <div class=\"cshero-testimonial-description\">\n                    <div class=\"cshero-testimonial-text\">\n                                                Espectacular!\r\nNuestra experiencia en El Porxo ha sido excelente! La casa es increible, el spa fant\u00e1stico y tanto la cena como el desayuno muy ricos! Ideal para desconectar y relajarte en pareja! Apto para beb\u00e9s, incluso nos pusieron una cuna! Muy recomendable, repetiremos seguro! Gracias por los detalles y la atenci\u00f3n recibida!\r\n\r\n<span style=\"color: #999999;\">Febrer\u00a02019<\/span                                            <\/div>\n                <\/div>\n                                        <h3 class=\"cshero-testimonial-title\" style=\"color:#666666\">\n                    Marta M.                <\/h3>\n                        \n            \n        <\/div>\n        \n<\/article>\n\n                        <\/div>\r\n                                            <div class=\"cshero-testimonial-item\">\r\n                            \n<article id=\"post-21806\"  class=\"cshero_testimonial_content clearfix\" style=\"padding:15px;color:#666666;background-color:#f5f5f5;\">\n     \n    <div class=\"cshero-testimonial-image left\">\n        <img alt=\"\" src=\"https:\/\/calbernadas.com\/wp-content\/uploads\/2016\/10\/labarraca-19-3-200x120_c.jpg\" align=\"left\" style=\"border-radius:0;-webkit-border-radius:0;-moz-border-radius:0;-ms-border-radius:0;-o-border-radius:0;margin-right:20px;\" \/>    <\/div>\n        \n            <div class=\"cshero-testimonial-content text-left\" style=\"padding-left:230px\">\n                            <div class=\"cshero-testimonial-description\">\n                    <div class=\"cshero-testimonial-text\">\n                                                Id\u00edlico.\r\nContratamos la experiencia DailyRomantic en el Porxo La Barraca y tenemos que decir que ha sido una de las mejores noches de los \u00faltimos a\u00f1os. El entorno es envidiable y el servicio inigualable. No se dejan ni un s\u00f3lo detalle y consiguen hacerte sentir mejor que en casa. Salimos felices de ah\u00ed y se podr\u00eda decir que incluso un poquito m\u00e1s enamoradas... Una estancia m\u00e1s que recomendable!\r\nEs un 7 estrellas!\r\n\r\n<span style=\"color: #999999;\">Febrer\u00a02019<\/span                                            <\/div>\n                <\/div>\n                                        <h3 class=\"cshero-testimonial-title\" style=\"color:#666666\">\n                    Mariana M.                <\/h3>\n                        \n            \n        <\/div>\n        \n<\/article>\n\n                        <\/div>\r\n                                            <div class=\"cshero-testimonial-item\">\r\n                            \n<article id=\"post-21809\"  class=\"cshero_testimonial_content clearfix\" style=\"padding:15px;color:#666666;background-color:#f5f5f5;\">\n     \n    <div class=\"cshero-testimonial-image left\">\n        <img alt=\"\" src=\"https:\/\/calbernadas.com\/wp-content\/uploads\/2016\/10\/labarraca-15-2-200x120_c.jpg\" align=\"left\" style=\"border-radius:0;-webkit-border-radius:0;-moz-border-radius:0;-ms-border-radius:0;-o-border-radius:0;margin-right:20px;\" \/>    <\/div>\n        \n            <div class=\"cshero-testimonial-content text-left\" style=\"padding-left:230px\">\n                            <div class=\"cshero-testimonial-description\">\n                    <div class=\"cshero-testimonial-text\">\n                                                Experiencia \u00fanica y espectacular!\r\nCogimos el pack #DailyRomantic y nos alojamos en \"el porxo de la barraca\" un mi\u00e9rcoles. Al llegar a la ubicaci\u00f3n de la casa ya se puede apreciar la paz y tranquilidad de la naturaleza y los inmensos campos que rodean la zona.\r\n\r\nLa casa est\u00e1 cuidada al m\u00ednimo detalle y toda ella desprende una calidez que hace que te sientas como en casa. La decoraci\u00f3n es exquisita y las vistas que tienes desde la cama y la ducha son impresionantes.\r\n\r\nLa verdad es que fue una experiencia \u00fanica! La casa de por s\u00ed ya enamora, pero el hecho de estar solos y poder disfrutar de toda esa paz y tranquilidad, adem\u00e1s de tener acceso privado al Spa, fue ESPECTACULAR.\r\n\r\nEs una experiencia que recomiendo sin duda alguna y espero repetir!\r\n\r\n<span style=\"color: #999999;\">Novembre\u00a02019<\/span                                            <\/div>\n                <\/div>\n                                        <h3 class=\"cshero-testimonial-title\" style=\"color:#666666\">\n                    Marta M.                <\/h3>\n                        \n            \n        <\/div>\n        \n<\/article>\n\n                        <\/div>\r\n                                            <div class=\"cshero-testimonial-item\">\r\n                            \n<article id=\"post-21812\"  class=\"cshero_testimonial_content clearfix\" style=\"padding:15px;color:#666666;background-color:#f5f5f5;\">\n     \n    <div class=\"cshero-testimonial-image left\">\n        <img alt=\"\" src=\"https:\/\/calbernadas.com\/wp-content\/uploads\/2016\/10\/labarraca-189-2-200x120_c.jpg\" align=\"left\" style=\"border-radius:0;-webkit-border-radius:0;-moz-border-radius:0;-ms-border-radius:0;-o-border-radius:0;margin-right:20px;\" \/>    <\/div>\n        \n            <div class=\"cshero-testimonial-content text-left\" style=\"padding-left:230px\">\n                            <div class=\"cshero-testimonial-description\">\n                    <div class=\"cshero-testimonial-text\">\n                                                Estupendo para DESCONECTAR!\r\nNos regalaron el pack daily romantics c\u00f3mo regalo de bodas y fue todo un acierto. El apartamento es estupendo y el SPA privado un lujo. Absolutamente privado y con un paisaje precioso. Si vais en plena \u00e9poca de fr\u00edo pod\u00e9is encender el fuego y cocinar en pareja con una m\u00fasica suave de fondo. Totalmente recomendable para parejas que necesiten desconectar un poco de la rutina. Josep Y Ramona son muy simp\u00e1ticos y alegres. Totalmente recomendable! Si tuviera que poner una pega solo que no se admitan animales. A nuestro perro le hubiera encantado.\r\n\r\n<span style=\"color: #999999;\">Novembre\u00a02019<\/span                                            <\/div>\n                <\/div>\n                                        <h3 class=\"cshero-testimonial-title\" style=\"color:#666666\">\n                    Silvia V.                <\/h3>\n                        \n            \n        <\/div>\n        \n<\/article>\n\n                        <\/div>\r\n                                            <div class=\"cshero-testimonial-item\">\r\n                            \n<article id=\"post-21815\"  class=\"cshero_testimonial_content clearfix\" style=\"padding:15px;color:#666666;background-color:#f5f5f5;\">\n     \n    <div class=\"cshero-testimonial-image left\">\n        <img alt=\"\" src=\"https:\/\/calbernadas.com\/wp-content\/uploads\/2016\/10\/labarraca-4-3-200x120_c.jpg\" align=\"left\" style=\"border-radius:0;-webkit-border-radius:0;-moz-border-radius:0;-ms-border-radius:0;-o-border-radius:0;margin-right:20px;\" \/>    <\/div>\n        \n            <div class=\"cshero-testimonial-content text-left\" style=\"padding-left:230px\">\n                            <div class=\"cshero-testimonial-description\">\n                    <div class=\"cshero-testimonial-text\">\n                                                Hemos ido mi marido y yo a pasar dos noches de tranquilidad y sin duda alguna as\u00ed a sido.\r\nLa casa espectacular,cuidada hasta el \u00faltimo detalle,unas vistas preciosas,la cena a base de cazueletas muy bueno y el desayuno que te lo dejen preparado tambi\u00e9n un lujo\r\nPor no hablar del spa privado para la pareja,relajante total.\r\nUnos d\u00edas para repetir seguro\r\nRecomendable 100%\r\n\r\n<span style=\"color: #999999;\">Febrer\u00a02020<\/span                                            <\/div>\n                <\/div>\n                                        <h3 class=\"cshero-testimonial-title\" style=\"color:#666666\">\n                    Laura                <\/h3>\n                        \n            \n        <\/div>\n        \n<\/article>\n\n                        <\/div>\r\n                                            <div class=\"cshero-testimonial-item\">\r\n                            \n<article id=\"post-21818\"  class=\"cshero_testimonial_content clearfix\" style=\"padding:15px;color:#666666;background-color:#f5f5f5;\">\n     \n    <div class=\"cshero-testimonial-image left\">\n        <img alt=\"\" src=\"https:\/\/calbernadas.com\/wp-content\/uploads\/2016\/10\/labarraca-116-3-200x120_c.jpg\" align=\"left\" style=\"border-radius:0;-webkit-border-radius:0;-moz-border-radius:0;-ms-border-radius:0;-o-border-radius:0;margin-right:20px;\" \/>    <\/div>\n        \n            <div class=\"cshero-testimonial-content text-left\" style=\"padding-left:230px\">\n                            <div class=\"cshero-testimonial-description\">\n                    <div class=\"cshero-testimonial-text\">\n                                                Pasamos una noche increible en el Porxo de la Barraca. La ubicacion es muy tranquila y la calidad es muy alta. La casa por dentro esta decorada con mucho gusto y las vistas desde la cama son espectaculares. La zona Spa privado es magnifica, el jacuzzi, la sauna, todo un lujo en medio de la naturaleza! Sin duda repetiremos!\r\n\r\n<span style=\"color: #999999;\">Setembre\u00a02019<\/span                                            <\/div>\n                <\/div>\n                                        <h3 class=\"cshero-testimonial-title\" style=\"color:#666666\">\n                    Victor                <\/h3>\n                        \n            \n        <\/div>\n        \n<\/article>\n\n                        <\/div>\r\n                                            <div class=\"cshero-testimonial-item\">\r\n                            \n<article id=\"post-21821\"  class=\"cshero_testimonial_content clearfix\" style=\"padding:15px;color:#666666;background-color:#f5f5f5;\">\n     \n    <div class=\"cshero-testimonial-image left\">\n        <img alt=\"\" src=\"https:\/\/calbernadas.com\/wp-content\/uploads\/2016\/10\/labarraca-260-2-200x120_c.jpg\" align=\"left\" style=\"border-radius:0;-webkit-border-radius:0;-moz-border-radius:0;-ms-border-radius:0;-o-border-radius:0;margin-right:20px;\" \/>    <\/div>\n        \n            <div class=\"cshero-testimonial-content text-left\" style=\"padding-left:230px\">\n                            <div class=\"cshero-testimonial-description\">\n                    <div class=\"cshero-testimonial-text\">\n                                                Excepcional.\r\n\r\nEstuvimos entre semana y genial!muy cerca del pueblo por si necesitas cualquier cosa,al llegar all\u00ed el entorno nos pareci\u00f3 incre\u00edble , nos alojamos en el porxo super bonito decorado con mucho gusto todo muy limpio y pensado al detalle, muy equipado, el jacuzzi genial situado en la parte de abajo, muy bonita la decoraci\u00f3n y en ning\u00fan momento pasamos nada de frio en la estancia.En definitiva ,muy acogedor. Repetiremos seguro.\r\n\r\n<span style=\"color: #999999;\">Novembre\u00a02017<\/span                                            <\/div>\n                <\/div>\n                                        <h3 class=\"cshero-testimonial-title\" style=\"color:#666666\">\n                    Patricia                <\/h3>\n                        \n            \n        <\/div>\n        \n<\/article>\n\n                        <\/div>\r\n                                            <div class=\"cshero-testimonial-item\">\r\n                            \n<article id=\"post-21824\"  class=\"cshero_testimonial_content clearfix\" style=\"padding:15px;color:#666666;background-color:#f5f5f5;\">\n     \n    <div class=\"cshero-testimonial-image left\">\n        <img alt=\"\" src=\"https:\/\/calbernadas.com\/wp-content\/uploads\/2016\/10\/labarraca-40-2-200x120_c.jpg\" align=\"left\" style=\"border-radius:0;-webkit-border-radius:0;-moz-border-radius:0;-ms-border-radius:0;-o-border-radius:0;margin-right:20px;\" \/>    <\/div>\n        \n            <div class=\"cshero-testimonial-content text-left\" style=\"padding-left:230px\">\n                            <div class=\"cshero-testimonial-description\">\n                    <div class=\"cshero-testimonial-text\">\n                                                Es espectacular...el contexto, el ambiente, el acceso, sus interiores, y sus exteriores, las comodidades de la suite y sobretodo el spa sin limitaciones, privacidad durante toda tu estancia. Tranquilidad, silencio y placer, son las palabras que definir\u00edan mi estancia en el porxo de la barraca! Un sitio id\u00edlico!\r\n\r\nEl SPA est\u00e1 fuera y anexo al porxo, no en su interior, por motivos de funcionamiento. A\u00fan as\u00ed, su acceso es del todo original y no supera los dos minutos.\r\n\r\n<span style=\"color: #999999;\">Enero\u00a02020<\/span                                            <\/div>\n                <\/div>\n                                        <h3 class=\"cshero-testimonial-title\" style=\"color:#666666\">\n                    Alba                <\/h3>\n                        \n            \n        <\/div>\n        \n<\/article>\n\n                        <\/div>\r\n                                            <div class=\"cshero-testimonial-item\">\r\n                            \n<article id=\"post-21867\"  class=\"cshero_testimonial_content clearfix\" style=\"padding:15px;color:#666666;background-color:#f5f5f5;\">\n     \n    <div class=\"cshero-testimonial-image left\">\n        <img alt=\"\" src=\"https:\/\/calbernadas.com\/wp-content\/uploads\/2016\/10\/labarraca-17-1-200x120_c.jpg\" align=\"left\" style=\"border-radius:0;-webkit-border-radius:0;-moz-border-radius:0;-ms-border-radius:0;-o-border-radius:0;margin-right:20px;\" \/>    <\/div>\n        \n            <div class=\"cshero-testimonial-content text-left\" style=\"padding-left:230px\">\n                            <div class=\"cshero-testimonial-description\">\n                    <div class=\"cshero-testimonial-text\">\n                                                Ya es la tercera vez que venimos y como siempre hemos quedado encantados. Est\u00e1 todo cuidado hasta el m\u00ednimo detalle, para que la estancia sea perfecta. El entorno inmejorable, tranquilidad absoluta, solo se oyen la naturaleza. Sin duda repetiremos.\r\n\r\n<span style=\"color: #999999;\">Mar\u00e7\u00a02019<\/span                                            <\/div>\n                <\/div>\n                                        <h3 class=\"cshero-testimonial-title\" style=\"color:#666666\">\n                    Ana Blasco                <\/h3>\n                        \n            \n        <\/div>\n        \n<\/article>\n\n                        <\/div>\r\n                                        \r\n                <\/div>\r\n                                                                <div class=\"cshero-nav 1 default\">\r\n                    <ul>\r\n                        <li class=\"prev\" style=\"left:auto;\"><\/li>\r\n                        <li class=\"next\" style=\"right:auto;\"><\/li>\r\n                    <\/ul>\r\n                <\/div>\r\n                                            <\/div>\r\n        <\/div>\r\n        [\/vc_column][\/vc_row][vc_row full_width=\u00a0\u00bbstretch_row\u00a0\u00bb css=\u00a0\u00bb.vc_custom_1478677381324{padding-top: 100px !important;padding-bottom: 100px !important;background-image: url(https:\/\/calbernadas.com\/wp-content\/uploads\/2016\/10\/RP_caracteristiques.jpg?id=13651) !important;}\u00a0\u00bb parallax_speed=\u00a0\u00bb0.8&Prime; bg_video_transparent=\u00a0\u00bb0&Prime; el_class=\u00a0\u00bbcm-icon-big-item\u00a0\u00bb][vc_column][cs_custom_heading text=\u00a0\u00bbPACKS\u00a0\u00bb font_container=\u00a0\u00bbtag:h1|font_size:40px|text_align:center|color:%23ffffff\u00a0\u00bb font_format=\u00a0\u00bb700&Prime; style=\u00a0\u00bbstyle-none\u00a0\u00bb el_class=\u00a0\u00bbcm-tailor-title-site\u00a0\u00bb][\/vc_column][\/vc_row][vc_row css=\u00a0\u00bb.vc_custom_1510845232015{padding-top: 20px !important;padding-bottom: 20px !important;}\u00a0\u00bb][vc_column width=\u00a0\u00bb1\/6&Prime;][\/vc_column][vc_column width=\u00a0\u00bb2\/3&Prime;][vc_empty_space height=\u00a0\u00bb30px\u00a0\u00bb][vc_column_text]<\/p>\n<h5 style=\"text-align: center;\"><span style=\"color: #ffcc00;\">Offrez le pack Daily Romantic que vous pouvez acqu\u00e9rir sur le site web de Cal Bernad\u00e0s. R\u00e9servez une nuit de lundi \u00e0 jeudi pour la passer dans l\u2019espace romantique d\u2019El Porxo de la Barraca, un espace de 60 m<sup>2\u00a0<\/sup>dans un havre de paix qui allie modernit\u00e9 \u00e0 tradition, enti\u00e8rement \u00e9quip\u00e9 pour deux personnes.<\/span><\/h5>\n<h5 style=\"text-align: center;\"><span style=\"color: #ffcc00;\">Et pour que votre s\u00e9jour soit encore plus magique, El Porxo de la Barraca met \u00e9galement \u00e0 votre disposition un <b>spa totalement priv\u00e9 <\/b>pour y passer une soir\u00e9e inoubliable.<\/span><\/h5>\n<p>[\/vc_column_text][\/vc_column][vc_column width=\u00a0\u00bb1\/6&Prime;][\/vc_column][\/vc_row][vc_row full_width=\u00a0\u00bbstretch_row\u00a0\u00bb css=\u00a0\u00bb.vc_custom_1510845168760{padding-top: 30px !important;padding-bottom: 30px !important;}\u00a0\u00bb][vc_column width=\u00a0\u00bb1\/6&Prime;][\/vc_column][vc_column width=\u00a0\u00bb2\/3&Prime;][vc_column_text]<\/p>\n<div class=\"row-fluid show-grid\">\n<h5 style=\"text-align: center;\"><span style=\"color: #ffcc00;\">Diff\u00e9rentes options s\u2019offrent \u00e0 vous pour \u00eatre #Dailyromantic!<\/span><\/h5>\n<\/div>\n<p>[\/vc_column_text][\/vc_column][vc_column width=\u00a0\u00bb1\/6&Prime;][\/vc_column][\/vc_row][vc_row gap=\u00a0\u00bb15&Prime; css=\u00a0\u00bb.vc_custom_1478665638467{padding-top: 15px !important;padding-bottom: 65px !important;}\u00a0\u00bb][vc_column width=\u00a0\u00bb1\/2&Prime;][vc_row_inner css=\u00a0\u00bb.vc_custom_1477994399761{margin: 0px !important;padding: 0px !important;background-color: #ffffff !important;border: 1px solid #dddddd !important;}\u00a0\u00bb][vc_column_inner css=\u00a0\u00bb.vc_custom_1477994409192{margin: 0px !important;border-width: 0px !important;padding: 0px !important;}\u00a0\u00bb][cs_custom_heading text=\u00a0\u00bbPACK H\u00c9BERGEMENT\u00a0\u00bb font_container=\u00a0\u00bbtag:h2|font_size:30px|text_align:center|color:%23402e24|line_height:30px\u00a0\u00bb font_format=\u00a0\u00bb300&Prime; style=\u00a0\u00bbstyle-none\u00a0\u00bb el_class=\u00a0\u00bbcm-tailor-title-site\u00a0\u00bb css=\u00a0\u00bb.vc_custom_1511870190343{margin-top: 0px !important;margin-right: 0px !important;margin-bottom: 0px !important;margin-left: 0px !important;border-top-width: 0px !important;border-right-width: 0px !important;border-bottom-width: 0px !important;border-left-width: 0px !important;padding-top: 10px !important;padding-right: 10px !important;padding-bottom: 10px !important;padding-left: 10px !important;background-color: #ffdb4d !important;}\u00a0\u00bb][vc_column_text css=\u00a0\u00bb.vc_custom_1706022289296{padding-top: 30px !important;padding-right: 10px !important;padding-bottom: 30px !important;padding-left: 10px !important;background-color: #402e24 !important;}\u00a0\u00bb]<\/p>\n<p style=\"text-align: center;\"><span style=\"color: #ffffff;\">Si vous voulez \u00eatre romantique dans un lieu authentique o\u00f9 rester passer la nuit et pr\u00e9parer vous-m\u00eame le d\u00eener et le petit d\u00e9jeuner pour surprendre encore plus l\u2019\u00eatre cher, voici votre pack. Logez \u00e0 El Porxo de la Barraca, cuisinez \u00e0 votre mani\u00e8re et profitez du spa.<\/span><\/p>\n<h3 style=\"text-align: center;\"><span style=\"color: #ffcc00;\">TARIF POUR 2 PERSONNES<br \/>\n<\/span><\/h3>\n<h1 style=\"text-align: center;\"><span style=\"color: #ffcc00;\">220\u20ac<\/span><\/h1>\n<p>[\/vc_column_text][vc_column_text css=\u00a0\u00bb.vc_custom_1633602736221{padding-top: 30px !important;padding-right: 22% !important;padding-bottom: 30px !important;padding-left: 22% !important;}\u00a0\u00bb]PACK LOVE WELCOME, AVEC BOUTEILLE DE CAVA ET CHOCOLATS.<\/p>\n<hr \/>\n<p>1 NUIT \u00c0 EL PORXO DE LA BARRACA, ENTI\u00c8REMENT \u00c9QUIP\u00c9, POUR 2 PERSONNES.<\/p>\n<hr \/>\n<p>ACC\u00c8S PRIV\u00c9 AU SPA.<\/p>\n<hr \/>\n<p>REMARQUES<br \/>\nR\u00e9servations du lundi au jeudi (sauf dates sp\u00e9ciales, Juillet et Ao\u00fbt).<br \/>\nTaxe de s\u00e9jour non comprise : 0,66 \u20ac par personne et par nuit.<br \/>\nHeure d\u2019arriv\u00e9e : \u00e0 partir de 16 h.<br \/>\nHeure de d\u00e9part : \u00e0 12 h.<br \/>\nAcc\u00e8s au spa : \u00e0 partir de 20 h.<\/p>\n<p>Nuits suppl\u00e9mentaires: 150\u20ac\/nuit (2 personnes)[\/vc_column_text][\/vc_column_inner][\/vc_row_inner][\/vc_column][vc_column width=\u00a0\u00bb1\/2&Prime;][vc_row_inner css=\u00a0\u00bb.vc_custom_1477994399761{margin: 0px !important;padding: 0px !important;background-color: #ffffff !important;border: 1px solid #dddddd !important;}\u00a0\u00bb][vc_column_inner css=\u00a0\u00bb.vc_custom_1477994409192{margin: 0px !important;border-width: 0px !important;padding: 0px !important;}\u00a0\u00bb][cs_custom_heading text=\u00a0\u00bbPACK COMPLET\u00a0\u00bb font_container=\u00a0\u00bbtag:h2|font_size:30px|text_align:center|color:%23402e24|line_height:30px\u00a0\u00bb font_format=\u00a0\u00bb300&Prime; style=\u00a0\u00bbstyle-none\u00a0\u00bb el_class=\u00a0\u00bbcm-tailor-title-site\u00a0\u00bb css=\u00a0\u00bb.vc_custom_1511870217113{margin-top: 0px !important;margin-right: 0px !important;margin-bottom: 0px !important;margin-left: 0px !important;border-top-width: 0px !important;border-right-width: 0px !important;border-bottom-width: 0px !important;border-left-width: 0px !important;padding-top: 10px !important;padding-right: 10px !important;padding-bottom: 10px !important;padding-left: 10px !important;background-color: #ffdb4d !important;}\u00a0\u00bb][vc_column_text css=\u00a0\u00bb.vc_custom_1706022296740{padding-top: 30px !important;padding-right: 10px !important;padding-bottom: 30px !important;padding-left: 10px !important;background-color: #402e24 !important;}\u00a0\u00bb]<\/p>\n<p style=\"text-align: center;\"><span style=\"color: #ffffff;\">Surprenez l\u2019\u00eatre cher dans un espace unique avec spa priv\u00e9 pour passer une nuit particuli\u00e8re au beau milieu de la nature. Et si vous voulez \u00e9galement arriver avec la table mise et le d\u00eener tout pr\u00eat, voici votre pack.<\/span><\/p>\n<h3 style=\"text-align: center;\"><span style=\"color: #ffcc00;\">TARIF POUR 2 PERSONNES<\/span><\/h3>\n<h1 style=\"text-align: center;\"><span style=\"color: #ffcc00;\">295\u20ac<\/span><\/h1>\n<p>[\/vc_column_text][vc_column_text css=\u00a0\u00bb.vc_custom_1633602743101{padding-top: 30px !important;padding-right: 22% !important;padding-bottom: 30px !important;padding-left: 22% !important;}\u00a0\u00bb]PACK LOVE WELCOME AVEC BOUTEILLE DE CAVA ET CHOCOLATS.<\/p>\n<hr \/>\n<p>1 NUIT \u00c0 EL PORXO DE LA BARRACA, ENTI\u00c8REMENT \u00c9QUIP\u00c9, POUR 2 PERSONNES.<\/p>\n<hr \/>\n<p>ACC\u00c8S PRIV\u00c9 AU SPA.<\/p>\n<hr \/>\n<p>ROMANTIC DINNER.<\/p>\n<hr \/>\n<p>PETIT D\u00c9JEUNER : UNE S\u00c9LECTION DE CHARCUTERIES ET DE FROMAGES R\u00c9GIONAUX ET DES JUS DE FRUITS PRESS\u00c9S.<\/p>\n<hr \/>\n<p>REMARQUES<br \/>\nR\u00e9servations du lundi au jeudi (sauf dates sp\u00e9ciales, Juillet et Ao\u00fbt).<br \/>\nTaxe de s\u00e9jour non comprise : 0,66 \u20ac par personne et par nuit.<br \/>\nHeure d\u2019arriv\u00e9e : \u00e0 partir de 16 h.<br \/>\nHeure de d\u00e9part : \u00e0 12 h.<br \/>\nAcc\u00e8s au spa : \u00e0 partir de 20 h.[\/vc_column_text][\/vc_column_inner][\/vc_row_inner][\/vc_column][\/vc_row][vc_row full_width=\u00a0\u00bbstretch_row\u00a0\u00bb css=\u00a0\u00bb.vc_custom_1478677830294{padding-top: 100px !important;padding-bottom: 100px !important;background-color: #ffcc00 !important;}\u00a0\u00bb parallax_speed=\u00a0\u00bb0.8&Prime; bg_video_transparent=\u00a0\u00bb0&Prime; el_class=\u00a0\u00bbcm-icon-big-item\u00a0\u00bb][vc_column][vc_column_text]<\/p>\n<h5 style=\"text-align: center;\"><span style=\"color: #000000;\">Surprenez l\u2019\u00eatre cher, dites-lui que vous l\u2019emmenez d\u00eener un jour en semaine et\u2026 soyez #DailyRomantic!<\/span><\/h5>\n<p>[\/vc_column_text][\/vc_column][\/vc_row][vc_row][vc_column][vc_empty_space height=\u00a0\u00bb64px\u00a0\u00bb][vc_column_text]<\/p>\n<h2 style=\"text-align: center;\">\u00c9QUIPEMENT IL PORXO DE LA BARRACA<\/h2>\n<h5 style=\"text-align: center;\">Lit deux personnes (180 x 200cm)<br \/>\nCuisine int\u00e9gr\u00e9e avec plaque en vitroc\u00e9ramique, frigo, lave-vaisselle, four micro-ondes et cafeti\u00e8re Nespresso.<br \/>\nSalon avec canap\u00e9s, chemin\u00e9e et TV<br \/>\nDouche avec de superbes vues.<br \/>\nWC.<br \/>\nSpa avec piscine chauff\u00e9e, jacuzzi et sauna.<\/h5>\n<p>[\/vc_column_text][vc_empty_space height=\u00a0\u00bb64px\u00a0\u00bb][\/vc_column][\/vc_row][vc_row full_width=\u00a0\u00bbstretch_row\u00a0\u00bb css=\u00a0\u00bb.vc_custom_1488562112853{padding-top: 100px !important;padding-bottom: 100px !important;background-image: url(https:\/\/calbernadas.com\/wp-content\/uploads\/2016\/10\/RP_caracteristiques.jpg?id=13651) !important;}\u00a0\u00bb parallax_speed=\u00a0\u00bb0.8&Prime; bg_video_transparent=\u00a0\u00bb0&Prime; el_class=\u00a0\u00bbcm-icon-big-item\u00a0\u00bb][vc_column][cs_custom_heading text=\u00a0\u00bbBLOG\u00a0\u00bb font_container=\u00a0\u00bbtag:h1|font_size:40px|text_align:center|color:%23ffffff\u00a0\u00bb font_format=\u00a0\u00bb700&Prime; style=\u00a0\u00bbstyle-none\u00a0\u00bb el_class=\u00a0\u00bbcm-tailor-title-site\u00a0\u00bb][\/vc_column][\/vc_row][vc_row full_width=\u00a0\u00bbstretch_row\u00a0\u00bb css=\u00a0\u00bb.vc_custom_1488561789960{padding-top: 100px !important;padding-bottom: 100px !important;}\u00a0\u00bb parallax_speed=\u00a0\u00bb0.8&Prime; bg_video_transparent=\u00a0\u00bb0&Prime; el_class=\u00a0\u00bbcm-icon-big-item\u00a0\u00bb][vc_column]\t<div id=\"cshero_post_carousel_1777634761_169f48dc91ff47\" class=\"cshero-post-carousel postcarousel-default \">\r\n\t\t<style type=\"text\/css\" scoped>\r\n\t\t\t#cshero_post_carousel_1777634761_169f48dc91ff47 article:hover .cshero-carousel-body{color: !important; background-color: !important; }\r\n\t\t\t#cshero_post_carousel_1777634761_169f48dc91ff47 article:hover .cshero-carousel-title a{color: !important; }\r\n\t\t\t#cshero_post_carousel_1777634761_169f48dc91ff47 .link-wrap a{ color: ;}\r\n\t\t\t#cshero_post_carousel_1777634761_169f48dc91ff47 .link-wrap a:hover{ color: ;}\r\n\t\t\t#cshero_post_carousel_1777634761_169f48dc91ff47 .link-wrap [class*='icon-box-']:hover .fa,\r\n\t\t\t#cshero_post_carousel_1777634761_169f48dc91ff47 .link-wrap [class^='icon-box-']:hover .fa{border-color:;}\r\n\t\t<\/style>\r\n\t            <div class=\"cshero-post-carousel-list \">\r\n            <div id=\"cshero_post_carousel1777634761_169f48dc91ff47\" data-mode=\"horizontal\" data-moveslides=\"3\" data-auto=\"0\" data-speed=\"500\" data-prevselector=\"#cshero_post_carousel_1777634761_169f48dc91ff47 .prev\" data-nextselector=\"#cshero_post_carousel_1777634761_169f48dc91ff47 .next\" data-prevText=\"<i class='fa fa-angle-left'><\/i>\" data-nextText=\"<i class='fa fa-angle-right'><\/i>\" data-pagerSelector=\"#cshero_post_carousel_1777634761_169f48dc91ff47 .cshero-control\" data-onsliderload=\"true\" data-touchenabled=\"1\" data-controls=\"true\" data-pager=\"1\" data-pause=\"4000\" data-infiniteloop=\"true\" data-adaptiveheight=\"true\"  data-autohover=\"true\" data-slidemargin=\"30\" data-maxslides=\"3\" data-minslides=\"1\" data-slidewidth=\"360\" data-slideselector=\"\" data-easing=\"swing\" data-usecss=\"\" data-resize=\"1\" class=\"slider jm-bxslider\">\r\n                \t\t\t<\/div>\r\n\t\t<\/div>\r\n\t\t\t\t\t<div class=\"cshero-control pager-center text-center default\"><\/div>\r\n\t\t\t\t        <div class=\"cshero-nav text-center default\">\r\n            <ul>\r\n                <li class=\"prev\" style=\"left:;\"><\/li>\r\n                <li class=\"next\" style=\"right:;\"><\/li>\r\n            <\/ul>\r\n        <\/div>\r\n    \t\t        <\/div>\r\n[\/vc_column][\/vc_row][vc_row full_width=\u00a0\u00bbstretch_row\u00a0\u00bb css=\u00a0\u00bb.vc_custom_1510224690016{padding-top: 80px !important;padding-bottom: 80px !important;background-image: url(https:\/\/calbernadas.com\/wp-content\/uploads\/2016\/10\/RP_caracteristiques.jpg?id=13651) !important;}\u00a0\u00bb parallax_speed=\u00a0\u00bb0.8&Prime; bg_video_transparent=\u00a0\u00bb0&Prime; el_class=\u00a0\u00bbcm-icon-big-item\u00a0\u00bb][vc_column][cs_custom_heading text=\u00a0\u00bbLOCALISATION\u00a0\u00bb font_container=\u00a0\u00bbtag:h1|font_size:40px|text_align:center|color:%23ffffff\u00a0\u00bb font_format=\u00a0\u00bb700&Prime; style=\u00a0\u00bbstyle-none\u00a0\u00bb el_class=\u00a0\u00bbcm-tailor-title-site\u00a0\u00bb][\/vc_column][\/vc_row][vc_row css=\u00a0\u00bb.vc_custom_1510224764706{padding-top: 80px !important;padding-bottom: 80px !important;}\u00a0\u00bb][vc_column][vc_column_text css=\u00a0\u00bb.vc_custom_1511870391163{padding-right: 10% !important;padding-left: 10% !important;}\u00a0\u00bb]<\/p>\n<h5 style=\"text-align: center;\"><span style=\"color: #ffcc00;\">El Porxo de la Barraca se trouve dans un cadre privil\u00e9gi\u00e9, surtout si vous aimez la nature et le calme.<\/span><br \/>\n<span style=\"color: #ffcc00;\">\u00c0 2 km de la localit\u00e9 de Casserres, et \u00e0 seulement 90 km de Barcelone, la maison donne vers l\u2019Est si bien qu\u2019elle re\u00e7oit chaque matin les premiers rayons du soleil.<\/span><br \/>\n<span style=\"color: #ffcc00;\">Elle se trouve au milieu d\u2019une for\u00eat de pins et de ch\u00eanes, et des champs, dans une exploitation agricole. Au milieu de la nature, elle a le privil\u00e8ge d\u2019offrir de superbes vues sur les Pyr\u00e9n\u00e9es tout en \u00e9tant un havre de paix.<\/span><\/h5>\n<p>[\/vc_column_text][vc_empty_space][vc_row_inner][vc_column_inner width=\u00a0\u00bb1\/3&Prime;][vc_column_text]<\/p>\n<h3><span style=\"color: #ffcc00;\"><i class=\"fa fa-home uk-text-primary\"><\/i> ADRESSE<\/span><\/h3>\n<p style=\"font-size: 18px;\">Casa La Barraca, afores s\/n<br \/>\n08693 Casserres<br \/>\nComarca: El Bergued\u00e0<br \/>\nProv\u00edncia: Barcelona<\/p>\n<h5><\/h5>\n<h3><span style=\"color: #ffcc00;\"><i class=\"fa fa-home uk-text-primary\"><\/i>COORDONN\u00c9ES GPS<\/span><\/h3>\n<p style=\"font-size: 18px;\">42\u00ba00\u201945,32\u2019\u2019 N<br \/>\n1\u00ba51\u201911,91\u2019\u2019 E<\/p>\n<p>[\/vc_column_text][\/vc_column_inner][vc_column_inner width=\u00a0\u00bb2\/3&Prime;][vc_column_text]<\/p>\n<h3><span style=\"color: #ffcc00;\"><i class=\"fa fa-home uk-text-primary\"><\/i>COMMENT NOUS REJOINDRE<\/span><\/h3>\n<p style=\"font-size: 18px;\">Prendre la sortie 88 de la voie rapide C-16, direction Casserres. Emprunter la route locale et vous arriverez \u00e0 Casserres au bout de 4 km.<br \/>\nAu rond-point \u00e0 l\u2019entr\u00e9e de la localit\u00e9, prendre la deuxi\u00e8me route direction Puig-Reig.<br \/>\nAu rond-point suivant, prendre la deuxi\u00e8me route direction Puig-Reig.<br \/>\n\u00c0 500 m\u00e8tres environ, \u00e0 mi-chemin d\u2019une ligne droite assez longue, prendre \u00e0 gauche le chemin indiqu\u00e9 par le panneau La Barraca (chemin de Vilanova et La Barraca).<br \/>\nEmpruntez le chemin sur environ 1,5 km\u2026 et bienvenus \u00e0 El Porxo de la Barraca!<\/p>\n<p>[\/vc_column_text][\/vc_column_inner][\/vc_row_inner][\/vc_column][\/vc_row][vc_row full_width=\u00a0\u00bbstretch_row_content_no_spaces\u00a0\u00bb][vc_column][vc_gmaps link=\u00a0\u00bb#E-8_JTNDaWZyYW1lJTIwc3JjJTNEJTIyaHR0cHMlM0ElMkYlMkZ3d3cuZ29vZ2xlLmNvbSUyRm1hcHMlMkZlbWJlZCUzRnBiJTNEJTIxMW0xOCUyMTFtMTIlMjExbTMlMjExZDUxMTMuNzgwMDc1MDk2MDQwNSUyMTJkMS44NDc5MTg4MDcyOTgyMDkzJTIxM2Q0Mi4wMTM4NzEwNzQzMzA3MSUyMTJtMyUyMTFmMCUyMTJmMCUyMTNmMCUyMTNtMiUyMTFpMTAyNCUyMTJpNzY4JTIxNGYxMy4xJTIxM20zJTIxMW0yJTIxMXMweDEyYTUwNzEyZjRhYWI2YWQlMjUzQTB4ODIyNmUwZmQ0MTYyNTQyMSUyMTJzTGElMkJCYXJyYWNhJTIxNWUxJTIxM20yJTIxMXNlcyUyMTJzZXMlMjE0djE1NTQzMTAyMzUwMDklMjE1bTIlMjExc2VzJTIxMnNlcyUyMiUyMHdpZHRoJTNEJTIyMTAwJTI1JTIyJTIwaGVpZ2h0JTNEJTIyNDUwJTIyJTIwZnJhbWVib3JkZXIlM0QlMjIwJTIyJTIwc3R5bGUlM0QlMjJib3JkZXIlM0EwJTIyJTIwYWxsb3dmdWxsc2NyZWVuJTNFJTNDJTJGaWZyYW1lJTNF\u00a0\u00bb][\/vc_column][\/vc_row][vc_row full_width=\u00a0\u00bbstretch_row\u00a0\u00bb css=\u00a0\u00bb.vc_custom_1478676955127{padding-top: 100px !important;padding-bottom: 100px !important;background-image: url(https:\/\/calbernadas.com\/wp-content\/uploads\/2016\/10\/RP_contacte.jpg?id=12422) !important;}\u00a0\u00bb parallax_speed=\u00a0\u00bb0.8&Prime; bg_video_transparent=\u00a0\u00bb0&Prime; el_class=\u00a0\u00bbcm-icon-big-item\u00a0\u00bb][vc_column][cs_custom_heading text=\u00a0\u00bbCONTACT\u00a0\u00bb font_container=\u00a0\u00bbtag:h1|font_size:40px|text_align:center|color:%23ffffff\u00a0\u00bb font_format=\u00a0\u00bb700&Prime; style=\u00a0\u00bbstyle-none\u00a0\u00bb el_class=\u00a0\u00bbcm-tailor-title-site\u00a0\u00bb][\/vc_column][\/vc_row][vc_row css=\u00a0\u00bb.vc_custom_1477557874325{padding-top: 80px !important;padding-bottom: 80px !important;}\u00a0\u00bb][vc_column width=\u00a0\u00bb1\/3&Prime;][vc_column_text]<\/p>\n<h3><\/h3>\n<h3><span style=\"color: #ffcc0c;\">JOSEP NIUB\u00d2<\/span><br \/>\n<span style=\"color: #ffcc0c;\">RAMONA CASAS<\/span><br \/>\n<span style=\"color: #ffcc0c;\">ANNA NIUB\u00d2<\/span><\/h3>\n<h3><\/h3>\n<p style=\"font-size: 18px;\">Carrer Major, 31. 08693 Casserres<br \/>\n+34 636 533 958<br \/>\n+34 938 234 082<br \/>\n<span id=\"cloak78436\"><a href=\"mailto:info@calbernadas.com\">info@calbernadas.com<\/a><\/span><\/p>\n<p>[\/vc_column_text]        <div  id=\"cs_social1777634761_169f48dc92001f\" class=\"cshero-social cs-social-layout1 \">\r\n            <style type=\"text\/css\" scoped>\r\n               .cshero_content_1777634761_169f48dc92001f.cshero-social-list a:hover i {\r\n                    background-color:  !important;\r\n                    border-color:  !important;\r\n                    color:  !important;\r\n                    white-space: inherit;\r\n               }\r\n            <\/style>\r\n                            \r\n<div class=\"cshero_content_1777634761_169f48dc92001f cshero-social-list \">\r\n            <a href=\"https:\/\/www.facebook.com\/calbernadas?fref=ts\" style=\"font-size:\"><i style=\"      border-style: none;   \" class=\"fa fa-facebook\"><\/i><\/a>\r\n                <a href=\"https:\/\/instagram.com\/calbernadas\/\" style=\"font-size:\"><i style=\"      border-style: none;   \" class=\"fa fa-instagram\"><\/i><\/a>\r\n                <a href=\"https:\/\/twitter.com\/calbernadas\" style=\"font-size:\"><i style=\"      border-style: none;   \" class=\"fa fa-twitter\"><\/i><\/a>\r\n                                            \r\n<\/div>               \r\n        <\/div>\r\n        [\/vc_column][vc_column width=\u00a0\u00bb2\/3&Prime;]\n<div class=\"wpcf7 no-js\" id=\"wpcf7-f17421-o1\" lang=\"en-US\" dir=\"ltr\">\n<div class=\"screen-reader-response\"><p role=\"status\" aria-live=\"polite\" aria-atomic=\"true\"><\/p> <ul><\/ul><\/div>\n<form action=\"\/fr\/wp-json\/wp\/v2\/pages\/23754#wpcf7-f17421-o1\" method=\"post\" class=\"wpcf7-form init\" aria-label=\"Contact form\" novalidate=\"novalidate\" data-status=\"init\">\n<div style=\"display: none;\">\n<input type=\"hidden\" name=\"_wpcf7\" value=\"17421\" \/>\n<input type=\"hidden\" name=\"_wpcf7_version\" value=\"5.8.2\" \/>\n<input type=\"hidden\" name=\"_wpcf7_locale\" value=\"en_US\" \/>\n<input type=\"hidden\" name=\"_wpcf7_unit_tag\" value=\"wpcf7-f17421-o1\" \/>\n<input type=\"hidden\" name=\"_wpcf7_container_post\" value=\"0\" \/>\n<input type=\"hidden\" name=\"_wpcf7_posted_data_hash\" value=\"\" \/>\n<\/div>\n<div class=\"row\">\n\t<div class=\"col-xs-12 col-sm-12 col-md-12 col-lg-12\">\n\t\t<p><span class=\"wpcf7-form-control-wrap\" data-name=\"nom\"><input size=\"40\" class=\"wpcf7-form-control wpcf7-text wpcf7-validates-as-required name\" id=\"name\" aria-required=\"true\" aria-invalid=\"false\" placeholder=\"Votre nom*\" value=\"\" type=\"text\" name=\"nom\" \/><\/span>\n\t\t<\/p>\n\t<\/div>\n<\/div>\n<div class=\"row\">\n\t<div class=\"col-xs-12 col-sm-12 col-md-12 col-lg-12\">\n\t\t<p><span class=\"wpcf7-form-control-wrap\" data-name=\"email\"><input size=\"40\" class=\"wpcf7-form-control wpcf7-email wpcf7-validates-as-required wpcf7-text wpcf7-validates-as-email email\" id=\"email\" aria-required=\"true\" aria-invalid=\"false\" placeholder=\"Votre adresse \u00e9lectronique*\" value=\"\" type=\"email\" name=\"email\" \/><\/span>\n\t\t<\/p>\n\t<\/div>\n<\/div>\n<div class=\"row\">\n\t<div class=\"col-xs-12 col-sm-12 col-md-12 col-lg-12\">\n\t\t<p><span class=\"wpcf7-form-control-wrap\" data-name=\"phone\"><input size=\"40\" class=\"wpcf7-form-control wpcf7-text phone\" id=\"phone\" aria-invalid=\"false\" placeholder=\"T\u00e9l\u00e9phone\" value=\"\" type=\"text\" name=\"phone\" \/><\/span>\n\t\t<\/p>\n\t<\/div>\n<\/div>\n<div class=\"row\">\n\t<div class=\"col-xs-12 col-sm-12 col-md-12 col-lg-12\">\n\t\t<p><span class=\"wpcf7-form-control-wrap\" data-name=\"entrada\"><input class=\"wpcf7-form-control wpcf7-date wpcf7-validates-as-required wpcf7-validates-as-date\" aria-required=\"true\" aria-invalid=\"false\" placeholder=\"Date d\u2019arriv\u00e9e: &nbsp;\" value=\"\" type=\"date\" name=\"entrada\" \/><\/span>\n\t\t<\/p>\n\t<\/div>\n<\/div>\n<div class=\"row\">\n\t<div class=\"col-xs-12 col-sm-12 col-md-12 col-lg-12\">\n\t\t<p><span class=\"wpcf7-form-control-wrap\" data-name=\"sortida\"><input class=\"wpcf7-form-control wpcf7-date wpcf7-validates-as-required wpcf7-validates-as-date\" aria-required=\"true\" aria-invalid=\"false\" placeholder=\"Date de d\u00e9part: &nbsp;\" value=\"\" type=\"date\" name=\"sortida\" \/><\/span>\n\t\t<\/p>\n\t<\/div>\n<\/div>\n<div class=\"row\">\n\t<div class=\"col-xs-12 col-sm-12 col-md-12 col-lg-12\">\n\t\t<p><span class=\"wpcf7-form-control-wrap\" data-name=\"msg\"><textarea cols=\"40\" rows=\"10\" class=\"wpcf7-form-control wpcf7-textarea\" aria-invalid=\"false\" placeholder=\"Indiquez ici votre message\" name=\"msg\"><\/textarea><\/span>\n\t\t<\/p>\n\t<\/div>\n<\/div>\n<div class=\"row\">\n\t<div class=\"col-xs-12 col-sm-12 col-md-12 col-lg-12\">\n\t\t<p><span class=\"wpcf7-form-control-wrap\" data-name=\"codipromo\"><input size=\"40\" class=\"wpcf7-form-control wpcf7-text\" aria-invalid=\"false\" placeholder=\"Code promo\" value=\"\" type=\"text\" name=\"codipromo\" \/><\/span>\n\t\t<\/p>\n\t<\/div>\n<\/div>\n<div class=\"row\">\n\t<div class=\"col-xs-1 col-sm-1 col-md-1 col-lg-1\">\n\t\t<p><span class=\"wpcf7-form-control-wrap\" data-name=\"acceptar\"><span class=\"wpcf7-form-control wpcf7-acceptance\"><span class=\"wpcf7-list-item\"><input type=\"checkbox\" name=\"acceptar\" value=\"1\" aria-invalid=\"false\" \/><\/span><\/span><\/span>\n\t\t<\/p>\n\t<\/div>\n\t<p>\"J'ai lu et j'accepte la <a href=\"https:\/\/calbernadas.com\/fr\/avis-juridique\/#confidentialite\" target=\"_blank\">politique de confidentialit\u00e9\"<\/a>\n\t<\/p>\n<\/div>\n<div class=\"row\">\n\t<div class=\"col-xs-12 col-sm-12 col-md-12 col-lg-12\">\n\t\t<p>[bwscaptcha bwscaptcha-42]\n\t\t<\/p>\n\t<\/div>\n<\/div>\n<div class=\"row\">\n\t<div class=\"col-xs-12 col-sm-12 col-md-12 col-lg-12\">\n\t\t<p><input class=\"wpcf7-form-control wpcf7-submit has-spinner\" type=\"submit\" value=\"Envoyer\" \/>\n\t\t<\/p>\n\t<\/div>\n<\/div><p style=\"display: none !important;\" class=\"akismet-fields-container\" data-prefix=\"_wpcf7_ak_\"><label>&#916;<textarea name=\"_wpcf7_ak_hp_textarea\" cols=\"45\" rows=\"8\" maxlength=\"100\"><\/textarea><\/label><input type=\"hidden\" id=\"ak_js_1\" name=\"_wpcf7_ak_js\" value=\"146\"\/><script>document.getElementById( \"ak_js_1\" ).setAttribute( \"value\", ( new Date() ).getTime() );<\/script><\/p><div class=\"wpcf7-response-output\" aria-hidden=\"true\"><\/div>\n<\/form>\n<\/div>\n[\/vc_column][\/vc_row]<\/p>\n","protected":false},"excerpt":{"rendered":"<p>[vc_row full_width=\u00a0\u00bbstretch_row_content\u00a0\u00bb css=\u00a0\u00bb.vc_custom_1490377999104{margin-bottom: -40px !important;border-bottom-width: -40px !important;}\u00a0\u00bb][vc_column][rev_slider_vc alias=\u00a0\u00bbdaily-romantic_fr\u00a0\u00bb][\/vc_column][\/vc_row][vc_row full_width=\u00a0\u00bbstretch_row\u00a0\u00bb css=\u00a0\u00bb.vc_custom_1478601643581{padding-top: 80px !important;padding-bottom: 80px !important;background-color: #ffcd00 !important;}\u00a0\u00bb][vc_column width=\u00a0\u00bb1\/6&Prime;][\/vc_column][vc_column width=\u00a0\u00bb2\/3&Prime;][vc_column_text] Cal Bernad\u00e0s [&hellip;]<\/p>\n","protected":false},"author":1,"featured_media":0,"parent":14304,"menu_order":0,"comment_status":"closed","ping_status":"closed","template":"","meta":{"footnotes":""},"yoast_head":"<!-- This site is optimized with the Yoast SEO plugin v21.5 - https:\/\/yoast.com\/wordpress\/plugins\/seo\/ -->\n<title>RURAL&amp;DAILYROMANTIC - Cal Bernad\u00e0s<\/title>\n<meta name=\"robots\" content=\"index, follow, max-snippet:-1, max-image-preview:large, max-video-preview:-1\" \/>\n<link rel=\"canonical\" href=\"https:\/\/calbernadas.com\/fr\/tourisme-rural-2\/ruraldailyromantic-3\/\" \/>\n<meta property=\"og:locale\" content=\"fr_FR\" \/>\n<meta property=\"og:type\" content=\"article\" \/>\n<meta property=\"og:title\" content=\"RURAL&amp;DAILYROMANTIC - Cal Bernad\u00e0s\" \/>\n<meta property=\"og:description\" content=\"[vc_row full_width=\u00a0\u00bbstretch_row_content\u00a0\u00bb css=\u00a0\u00bb.vc_custom_1490377999104{margin-bottom: -40px !important;border-bottom-width: -40px !important;}\u00a0\u00bb][vc_column][rev_slider_vc alias=\u00a0\u00bbdaily-romantic_fr\u00a0\u00bb][\/vc_column][\/vc_row][vc_row full_width=\u00a0\u00bbstretch_row\u00a0\u00bb css=\u00a0\u00bb.vc_custom_1478601643581{padding-top: 80px !important;padding-bottom: 80px !important;background-color: #ffcd00 !important;}\u00a0\u00bb][vc_column width=\u00a0\u00bb1\/6&Prime;][\/vc_column][vc_column width=\u00a0\u00bb2\/3&Prime;][vc_column_text] Cal Bernad\u00e0s [&hellip;]\" \/>\n<meta property=\"og:url\" content=\"https:\/\/calbernadas.com\/fr\/tourisme-rural-2\/ruraldailyromantic-3\/\" \/>\n<meta property=\"og:site_name\" content=\"Cal Bernad\u00e0s\" \/>\n<meta property=\"article:publisher\" content=\"https:\/\/www.facebook.com\/calbernadas\" \/>\n<meta name=\"twitter:card\" content=\"summary_large_image\" \/>\n<meta name=\"twitter:site\" content=\"@calbernadas\" \/>\n<meta name=\"twitter:label1\" content=\"Dur\u00e9e de lecture estim\u00e9e\" \/>\n\t<meta name=\"twitter:data1\" content=\"6 minutes\" \/>\n<script type=\"application\/ld+json\" class=\"yoast-schema-graph\">{\"@context\":\"https:\/\/schema.org\",\"@graph\":[{\"@type\":\"WebPage\",\"@id\":\"https:\/\/calbernadas.com\/fr\/tourisme-rural-2\/ruraldailyromantic-3\/\",\"url\":\"https:\/\/calbernadas.com\/fr\/tourisme-rural-2\/ruraldailyromantic-3\/\",\"name\":\"RURAL&DAILYROMANTIC - Cal Bernad\u00e0s\",\"isPartOf\":{\"@id\":\"https:\/\/calbernadas.com\/ca\/#website\"},\"datePublished\":\"2024-01-23T15:05:00+00:00\",\"dateModified\":\"2024-01-23T15:05:00+00:00\",\"breadcrumb\":{\"@id\":\"https:\/\/calbernadas.com\/fr\/tourisme-rural-2\/ruraldailyromantic-3\/#breadcrumb\"},\"inLanguage\":\"fr-FR\",\"potentialAction\":[{\"@type\":\"ReadAction\",\"target\":[\"https:\/\/calbernadas.com\/fr\/tourisme-rural-2\/ruraldailyromantic-3\/\"]}]},{\"@type\":\"BreadcrumbList\",\"@id\":\"https:\/\/calbernadas.com\/fr\/tourisme-rural-2\/ruraldailyromantic-3\/#breadcrumb\",\"itemListElement\":[{\"@type\":\"ListItem\",\"position\":1,\"name\":\"Portada\",\"item\":\"https:\/\/calbernadas.com\/fr\/\"},{\"@type\":\"ListItem\",\"position\":2,\"name\":\"G\u00eetes ruraux\",\"item\":\"https:\/\/calbernadas.com\/fr\/tourisme-rural-2\/\"},{\"@type\":\"ListItem\",\"position\":3,\"name\":\"RURAL&#038;DAILYROMANTIC\"}]},{\"@type\":\"WebSite\",\"@id\":\"https:\/\/calbernadas.com\/ca\/#website\",\"url\":\"https:\/\/calbernadas.com\/ca\/\",\"name\":\"Cal Bernad\u00e0s\",\"description\":\"Turisme rural\",\"publisher\":{\"@id\":\"https:\/\/calbernadas.com\/ca\/#organization\"},\"potentialAction\":[{\"@type\":\"SearchAction\",\"target\":{\"@type\":\"EntryPoint\",\"urlTemplate\":\"https:\/\/calbernadas.com\/ca\/?s={search_term_string}\"},\"query-input\":\"required name=search_term_string\"}],\"inLanguage\":\"fr-FR\"},{\"@type\":\"Organization\",\"@id\":\"https:\/\/calbernadas.com\/ca\/#organization\",\"name\":\"Cal Bernad\u00e0s\",\"url\":\"https:\/\/calbernadas.com\/ca\/\",\"logo\":{\"@type\":\"ImageObject\",\"inLanguage\":\"fr-FR\",\"@id\":\"https:\/\/calbernadas.com\/ca\/#\/schema\/logo\/image\/\",\"url\":\"https:\/\/calbernadas.com\/wp-content\/uploads\/2017\/03\/logo_calbernadas2.png\",\"contentUrl\":\"https:\/\/calbernadas.com\/wp-content\/uploads\/2017\/03\/logo_calbernadas2.png\",\"width\":169,\"height\":156,\"caption\":\"Cal Bernad\u00e0s\"},\"image\":{\"@id\":\"https:\/\/calbernadas.com\/ca\/#\/schema\/logo\/image\/\"},\"sameAs\":[\"https:\/\/www.facebook.com\/calbernadas\",\"https:\/\/twitter.com\/calbernadas\",\"https:\/\/instagram.com\/calbernadas\/\",\"http:\/\/www.youtube.es\/calbernadas\"]}]}<\/script>\n<!-- \/ Yoast SEO plugin. -->","yoast_head_json":{"title":"RURAL&DAILYROMANTIC - Cal Bernad\u00e0s","robots":{"index":"index","follow":"follow","max-snippet":"max-snippet:-1","max-image-preview":"max-image-preview:large","max-video-preview":"max-video-preview:-1"},"canonical":"https:\/\/calbernadas.com\/fr\/tourisme-rural-2\/ruraldailyromantic-3\/","og_locale":"fr_FR","og_type":"article","og_title":"RURAL&DAILYROMANTIC - Cal Bernad\u00e0s","og_description":"[vc_row full_width=\u00a0\u00bbstretch_row_content\u00a0\u00bb css=\u00a0\u00bb.vc_custom_1490377999104{margin-bottom: -40px !important;border-bottom-width: -40px !important;}\u00a0\u00bb][vc_column][rev_slider_vc alias=\u00a0\u00bbdaily-romantic_fr\u00a0\u00bb][\/vc_column][\/vc_row][vc_row full_width=\u00a0\u00bbstretch_row\u00a0\u00bb css=\u00a0\u00bb.vc_custom_1478601643581{padding-top: 80px !important;padding-bottom: 80px !important;background-color: #ffcd00 !important;}\u00a0\u00bb][vc_column width=\u00a0\u00bb1\/6&Prime;][\/vc_column][vc_column width=\u00a0\u00bb2\/3&Prime;][vc_column_text] Cal Bernad\u00e0s [&hellip;]","og_url":"https:\/\/calbernadas.com\/fr\/tourisme-rural-2\/ruraldailyromantic-3\/","og_site_name":"Cal Bernad\u00e0s","article_publisher":"https:\/\/www.facebook.com\/calbernadas","twitter_card":"summary_large_image","twitter_site":"@calbernadas","twitter_misc":{"Dur\u00e9e de lecture estim\u00e9e":"6 minutes"},"schema":{"@context":"https:\/\/schema.org","@graph":[{"@type":"WebPage","@id":"https:\/\/calbernadas.com\/fr\/tourisme-rural-2\/ruraldailyromantic-3\/","url":"https:\/\/calbernadas.com\/fr\/tourisme-rural-2\/ruraldailyromantic-3\/","name":"RURAL&DAILYROMANTIC - Cal Bernad\u00e0s","isPartOf":{"@id":"https:\/\/calbernadas.com\/ca\/#website"},"datePublished":"2024-01-23T15:05:00+00:00","dateModified":"2024-01-23T15:05:00+00:00","breadcrumb":{"@id":"https:\/\/calbernadas.com\/fr\/tourisme-rural-2\/ruraldailyromantic-3\/#breadcrumb"},"inLanguage":"fr-FR","potentialAction":[{"@type":"ReadAction","target":["https:\/\/calbernadas.com\/fr\/tourisme-rural-2\/ruraldailyromantic-3\/"]}]},{"@type":"BreadcrumbList","@id":"https:\/\/calbernadas.com\/fr\/tourisme-rural-2\/ruraldailyromantic-3\/#breadcrumb","itemListElement":[{"@type":"ListItem","position":1,"name":"Portada","item":"https:\/\/calbernadas.com\/fr\/"},{"@type":"ListItem","position":2,"name":"G\u00eetes ruraux","item":"https:\/\/calbernadas.com\/fr\/tourisme-rural-2\/"},{"@type":"ListItem","position":3,"name":"RURAL&#038;DAILYROMANTIC"}]},{"@type":"WebSite","@id":"https:\/\/calbernadas.com\/ca\/#website","url":"https:\/\/calbernadas.com\/ca\/","name":"Cal Bernad\u00e0s","description":"Turisme rural","publisher":{"@id":"https:\/\/calbernadas.com\/ca\/#organization"},"potentialAction":[{"@type":"SearchAction","target":{"@type":"EntryPoint","urlTemplate":"https:\/\/calbernadas.com\/ca\/?s={search_term_string}"},"query-input":"required name=search_term_string"}],"inLanguage":"fr-FR"},{"@type":"Organization","@id":"https:\/\/calbernadas.com\/ca\/#organization","name":"Cal Bernad\u00e0s","url":"https:\/\/calbernadas.com\/ca\/","logo":{"@type":"ImageObject","inLanguage":"fr-FR","@id":"https:\/\/calbernadas.com\/ca\/#\/schema\/logo\/image\/","url":"https:\/\/calbernadas.com\/wp-content\/uploads\/2017\/03\/logo_calbernadas2.png","contentUrl":"https:\/\/calbernadas.com\/wp-content\/uploads\/2017\/03\/logo_calbernadas2.png","width":169,"height":156,"caption":"Cal Bernad\u00e0s"},"image":{"@id":"https:\/\/calbernadas.com\/ca\/#\/schema\/logo\/image\/"},"sameAs":["https:\/\/www.facebook.com\/calbernadas","https:\/\/twitter.com\/calbernadas","https:\/\/instagram.com\/calbernadas\/","http:\/\/www.youtube.es\/calbernadas"]}]}},"_links":{"self":[{"href":"https:\/\/calbernadas.com\/fr\/wp-json\/wp\/v2\/pages\/23754"}],"collection":[{"href":"https:\/\/calbernadas.com\/fr\/wp-json\/wp\/v2\/pages"}],"about":[{"href":"https:\/\/calbernadas.com\/fr\/wp-json\/wp\/v2\/types\/page"}],"author":[{"embeddable":true,"href":"https:\/\/calbernadas.com\/fr\/wp-json\/wp\/v2\/users\/1"}],"replies":[{"embeddable":true,"href":"https:\/\/calbernadas.com\/fr\/wp-json\/wp\/v2\/comments?post=23754"}],"version-history":[{"count":1,"href":"https:\/\/calbernadas.com\/fr\/wp-json\/wp\/v2\/pages\/23754\/revisions"}],"predecessor-version":[{"id":27382,"href":"https:\/\/calbernadas.com\/fr\/wp-json\/wp\/v2\/pages\/23754\/revisions\/27382"}],"up":[{"embeddable":true,"href":"https:\/\/calbernadas.com\/fr\/wp-json\/wp\/v2\/pages\/14304"}],"wp:attachment":[{"href":"https:\/\/calbernadas.com\/fr\/wp-json\/wp\/v2\/media?parent=23754"}],"curies":[{"name":"wp","href":"https:\/\/api.w.org\/{rel}","templated":true}]}}