{"id":21586,"date":"2016-11-21T04:30:45","date_gmt":"2016-11-21T03:30:45","guid":{"rendered":"https:\/\/calbernadas.com\/fr\/bases-legals\/"},"modified":"2020-10-08T08:21:55","modified_gmt":"2020-10-08T07:21:55","slug":"avis-juridique","status":"publish","type":"page","link":"https:\/\/calbernadas.com\/fr\/avis-juridique\/","title":{"rendered":"AVIS JURIDIQUE"},"content":{"rendered":"<p>[vc_row full_width=\u00a0\u00bbstretch_row\u00a0\u00bb css=\u00a0\u00bb.vc_custom_1478145466144{padding-top: 80px !important;padding-bottom: 80px !important;background-image: url(https:\/\/calbernadas.com\/wp-content\/uploads\/2016\/10\/CB_TR_HOME_capcalera-1.jpg?id=12481) !important;}\u00a0\u00bb][vc_column width=\u00a0\u00bb1\/6&Prime;][\/vc_column][vc_column width=\u00a0\u00bb2\/3&Prime;][cs_custom_heading text=\u00a0\u00bbAVISO LEGAL\u00a0\u00bb font_container=\u00a0\u00bbtag:h1|font_size:40px|text_align:center|color:%23ffffff\u00a0\u00bb font_format=\u00a0\u00bb700&Prime; style=\u00a0\u00bbstyle-none\u00a0\u00bb el_class=\u00a0\u00bbcm-tailor-title-site\u00a0\u00bb][vc_column_text]<\/p>\n<h5 style=\"text-align: center;\"><span style=\"color: #fff;\">Porque queremos que quede todo claro y que no haya sorpresas.<br \/>\n<\/span><\/h5>\n<p>[\/vc_column_text][\/vc_column][vc_column width=\u00a0\u00bb1\/6&Prime;][\/vc_column][\/vc_row][vc_row full_width=\u00a0\u00bbstretch_row_content\u00a0\u00bb css=\u00a0\u00bb.vc_custom_1574090798512{padding-top: 80px !important;padding-bottom: 80px !important;}\u00a0\u00bb][vc_column][vc_column_text css=\u00a0\u00bb.vc_custom_1574085531943{padding-top: 30px !important;padding-right: 22% !important;padding-bottom: 30px !important;padding-left: 22% !important;}\u00a0\u00bb]<\/p>\n<p style=\"text-align: justify;\"><strong>0. OBJETO Y ACEPTACI\u00d3N<\/strong><br \/>\nEl presente aviso legal regula el uso y utilizaci\u00f3n del sitio web www.calbernadas.com (en adelante, LA WEB), del que es titular JOSEP JOAN NIUBO COROMINES (en adelante, CAL BERNAD\u00c0S). La navegaci\u00f3n por el sitio web de CAL BERNAD\u00c0S le atribuye la condici\u00f3n de usuario del mismo y conlleva su aceptaci\u00f3n plena y sin reservas de todas y cada\u00a0una de las condiciones publicadas en este aviso legal, advirtiendo de que dichas condiciones podr\u00e1n ser modificadas sin notificaci\u00f3n previa por parte de CAL\u00a0BERNAD\u00c0S, en cuyo caso se proceder\u00e1 a su publicaci\u00f3n y aviso con la m\u00e1xima antelaci\u00f3n posible.<br \/>\nPor ello es recomendable leer atentamente su contenido en caso de desear acceder y hacer uso de la informaci\u00f3n y de los servicios ofrecidos desde este sitio web. El usuario adem\u00e1s, se obliga a hacer un uso correcto del sitio web de conformidad con las leyes, la buena fe, el orden p\u00fablico, los usos del tr\u00e1fico y el presente Aviso Legal, y responder\u00e1 frente a CAL BERNAD\u00c0S o frente a terceros, de cualesquiera da\u00f1os y perjuicios que pudieran causarse como consecuencia del incumplimiento de dicha obligaci\u00f3n.<br \/>\nCualquier utilizaci\u00f3n distinta a la autorizada est\u00e1 expresamente prohibida, pudiendo CAL BERNAD\u00c0S denegar o retirar el acceso y su uso en cualquier momento.<\/p>\n<p>[\/vc_column_text][vc_column_text css=\u00a0\u00bb.vc_custom_1574077450950{padding-top: 30px !important;padding-right: 22% !important;padding-bottom: 30px !important;padding-left: 22% !important;}\u00a0\u00bb]<\/p>\n<p style=\"text-align: justify;\"><strong>1. IDENTIFICACI\u00d3N Y COMUNICACIONES<\/strong><br \/>\nCAL BERNAD\u00c0S, en cumplimiento de la Ley 34\/2002, de 11 de julio, de Servicios<br \/>\nde la Sociedad de la Informaci\u00f3n y de Comercio Electr\u00f3nico, le informa de que:<br \/>\n\u2022 Su denominaci\u00f3n social es: JOSEP JOAN NIUBO COROMINES<br \/>\n\u2022 Su nombre comercial es: CAL BERNAD\u00c0S<br \/>\n\u2022 Su CIF es: 39307511M<br \/>\n\u2022 Su domicilio social est\u00e1 en: C\/ Major, 31 &#8211; 08693 Casserres &#8211; Barcelona<\/p>\n<p style=\"text-align: justify;\">Para comunicarse con nosotros, ponemos a su disposici\u00f3n diferentes medios de contacto que detallamos a continuaci\u00f3n:<br \/>\nTel\u00e9fono: 938234082<br \/>\nEmail: info@calbernadas.com<br \/>\nTodas las notificaciones y comunicaciones entre los usuarios y CAL BERNAD\u00c0S se considerar\u00e1n eficaces, a todos los efectos, cuando se realicen a trav\u00e9s de cualquier medio de los detallados anteriormente.<\/p>\n<p>[\/vc_column_text][vc_column_text css=\u00a0\u00bb.vc_custom_1574077601219{padding-top: 30px !important;padding-right: 22% !important;padding-bottom: 30px !important;padding-left: 22% !important;}\u00a0\u00bb]<\/p>\n<p style=\"text-align: justify;\"><strong>2. CONDICIONES DE ACCESO Y UTILIZACI\u00d3N<\/strong><br \/>\nEl sitio web y sus servicios son de acceso libre y gratuito. No obstante, CAL BERNAD\u00c0S puede condicionar la utilizaci\u00f3n de algunos de los servicios ofrecidos en su web a la previa cumplimentaci\u00f3n del correspondiente formulario. El usuario garantiza la autenticidad y actualidad de todos aquellos datos que comunique a CAL BERNAD\u00c0S y ser\u00e1 el \u00fanico responsable de las manifestaciones falsas o inexactas que realice.<br \/>\nEl usuario se compromete expresamente a hacer un uso adecuado de los contenidos y servicios de CAL BERNAD\u00c0S y a no emplearlos para, entre otros:<br \/>\na) Difundir contenidos delictivos, violentos, pornogr\u00e1ficos, racistas, xen\u00f3fobos, ofensivos, de apolog\u00eda del terrorismo o, en general, contrarios a la ley o al orden p\u00fablico.<br \/>\nb) Introducir en la red virus inform\u00e1ticos o realizar actuaciones susceptibles de alterar, estropear, interrumpir o generar errores o da\u00f1os en los documentos electr\u00f3nicos, datos o sistemas f\u00edsicos y l\u00f3gicos de CAL BERNAD\u00c0S o de\u00a0terceras personas; as\u00ed como obstaculizar el acceso de otros usuarios al sitio web y a sus servicios mediante el consumo masivo de los recursos inform\u00e1ticos a trav\u00e9s de los cuales CAL BERNAD\u00c0S presta sus servicios.<br \/>\nc) Intentar acceder a las cuentas de correo electr\u00f3nico de otros usuarios o a \u00e1reas restringidas de los sistemas inform\u00e1ticos de CAL BERNAD\u00c0S o de terceros y, en su caso, extraer informaci\u00f3n.<br \/>\nd) Vulnerar los derechos de propiedad intelectual o industrial, as\u00ed como violar la confidencialidad de la informaci\u00f3n de CAL BERNAD\u00c0S o de terceros.<br \/>\ne) Suplantar la identidad de cualquier otro usuario.<br \/>\nf) Reproducir, copiar, distribuir, poner a disposici\u00f3n de, o cualquier otra forma de comunicaci\u00f3n p\u00fablica, transformar o modificar los contenidos, a menos que se cuente con la autorizaci\u00f3n del titular de los correspondientes derechos o ello resulte legalmente permitido.<br \/>\ng) Recabar datos con finalidad publicitaria y de remitir publicidad de cualquier clase y comunicaciones con fines de venta u otras de naturaleza comercial sin que medie su previa solicitud o consentimiento.<br \/>\nTodos los contenidos del sitio web, como textos, fotograf\u00edas, gr\u00e1ficos, im\u00e1genes, iconos, tecnolog\u00eda, software, as\u00ed como su dise\u00f1o gr\u00e1fico y c\u00f3digos fuente, constituyen una obra cuya propiedad pertenece a CAL BERNAD\u00c0S, sin que puedan\u00a0entenderse cedidos al usuario ninguno de los derechos de explotaci\u00f3n sobre los\u00a0mismos m\u00e1s all\u00e1 de lo estrictamente necesario para el correcto uso de la web.<br \/>\nEn definitiva, los usuarios que accedan a este sitio web pueden visualizar los contenidos y efectuar, en su caso, copias privadas autorizadas siempre que los elementos reproducidos no sean cedidos posteriormente a terceros, ni se instalen a servidores conectados a redes, ni sean objeto de ning\u00fan tipo de explotaci\u00f3n.<br \/>\nAsimismo, todas las marcas, nombres comerciales o signos distintivos de cualquier clase que aparecen en el sitio web son propiedad de CAL BERNAD\u00c0S, sin que pueda entenderse que el uso o acceso al mismo atribuya al usuario derecho alguno sobre los mismos.<\/p>\n<p style=\"text-align: justify;\">La distribuci\u00f3n, modificaci\u00f3n, cesi\u00f3n o comunicaci\u00f3n p\u00fablica de los contenidos y cualquier otro acto que no haya sido expresamente autorizado por el titular de los derechos de explotaci\u00f3n quedan prohibidos.<br \/>\nEl establecimiento de un hiperenlace no implica en ning\u00fan caso la existencia de relaciones entre CAL BERNAD\u00c0S y el propietario del sitio web en la que se establezca, ni la aceptaci\u00f3n y aprobaci\u00f3n por parte de CAL BERNAD\u00c0S de sus contenidos o servicios.<br \/>\nCAL BERNAD\u00c0S no se responsabiliza del uso que cada usuario le d\u00e9 a los materiales puestos a disposici\u00f3n en este sitio web ni de las actuaciones que realice\u00a0en base a los mismos.<\/p>\n<p>[\/vc_column_text][vc_column_text css=\u00a0\u00bb.vc_custom_1574077702477{padding-top: 30px !important;padding-right: 22% !important;padding-bottom: 30px !important;padding-left: 22% !important;}\u00a0\u00bb]<\/p>\n<p style=\"text-align: justify;\"><strong>3. EXCLUSI\u00d3N DE GARANT\u00cdAS Y DE RESPONSABILIDAD<\/strong><br \/>\nEl contenido del presente sitio web es de car\u00e1cter general y tiene una finalidad meramente informativa, sin que se garantice plenamente el acceso a todos los contenidos, ni su exhaustividad, correcci\u00f3n, vigencia o actualidad, ni su idoneidad o utilidad para un objetivo espec\u00edfico.<br \/>\nCAL BERNAD\u00c0S excluye, hasta donde permite el ordenamiento jur\u00eddico, cualquier responsabilidad por los da\u00f1os y perjuicios de toda naturaleza derivados de:<br \/>\na) La imposibilidad de acceso al sitio web o la falta de veracidad, exactitud, exhaustividad y\/o actualidad de los contenidos, as\u00ed como la existencia de vicios y defectos de toda clase de los contenidos transmitidos, difundidos, almacenados, puestos a disposici\u00f3n, a los que se haya accedido a trav\u00e9s del sitio web o de los servicios que se ofrecen.<br \/>\nb) La presencia de virus o de otros elementos en los contenidos que puedan producir alteraciones en los sistemas inform\u00e1ticos, documentos electr\u00f3nicos o datos de los usuarios.<br \/>\nc) El incumplimiento de las leyes, la buena fe, el orden p\u00fablico, los usos del tr\u00e1fico y el presente aviso legal como consecuencia del uso incorrecto del sitio web. En particular, y a modo ejemplificativo, CAL BERNAD\u00c0S no se\u00a0hace responsable de las actuaciones de terceros que vulneren derechos de propiedad intelectual e industrial, secretos empresariales, derechos al honor, a la intimidad personal y familiar y a la propia imagen, as\u00ed como la normativa en materia de competencia desleal y publicidad il\u00edcita.<\/p>\n<p style=\"text-align: justify;\">Asimismo, CAL BERNAD\u00c0S declina cualquier responsabilidad respecto a la informaci\u00f3n que se halle fuera de esta web y no sea gestionada directamente por nuestro webmaster. La funci\u00f3n de los links que aparecen en esta web es exclusivamente la de informar al usuario sobre la existencia de otras fuentes susceptibles de ampliar los contenidos que ofrece este sitio web. CAL BERNAD\u00c0S no garantiza ni se responsabiliza del funcionamiento o accesibilidad de los sitios enlazados; ni sugiere, invita o recomienda la visita a los mismos, por lo que tampoco ser\u00e1 responsable del resultado obtenido. CAL BERNAD\u00c0S no se responsabiliza del establecimiento de hiperv\u00ednculos por parte de terceros.<\/p>\n<p>[\/vc_column_text][vc_column_text css=\u00a0\u00bb.vc_custom_1574077731983{padding-top: 30px !important;padding-right: 22% !important;padding-bottom: 30px !important;padding-left: 22% !important;}\u00a0\u00bb]<\/p>\n<p style=\"text-align: justify;\"><strong>4. PROCEDIMIENTO EN CASO DE REALIZACI\u00d3N DE ACTIVIDADES DE CAR\u00c1CTER IL\u00cdCITO<\/strong><br \/>\nEn el caso de que cualquier usuario o un tercero considere que existen hechos o circunstancias que revelen el car\u00e1cter il\u00edcito de la utilizaci\u00f3n de cualquier contenido y\/o de la realizaci\u00f3n de cualquier actividad en las p\u00e1ginas web incluidas o accesibles a trav\u00e9s del sitio web, deber\u00e1 enviar una notificaci\u00f3n a CAL BERNAD\u00c0S identific\u00e1ndose debidamente, especificando las supuestas infracciones y declarando expresamente y bajo su responsabilidad que la informaci\u00f3n proporcionada en la notificaci\u00f3n es exacta.<br \/>\nPara toda cuesti\u00f3n litigiosa que incumba al sitio web de CAL BERNAD\u00c0S, ser\u00e1 de aplicaci\u00f3n la legislaci\u00f3n espa\u00f1ola, siendo competentes los Juzgados y Tribunales de Barcelona (Espa\u00f1a).<\/p>\n<p>[\/vc_column_text][vc_column_text css=\u00a0\u00bb.vc_custom_1574077763328{padding-top: 30px !important;padding-right: 22% !important;padding-bottom: 30px !important;padding-left: 22% !important;}\u00a0\u00bb]<\/p>\n<p style=\"text-align: justify;\"><strong>5. PUBLICACIONES<\/strong><br \/>\nLa informaci\u00f3n administrativa facilitada a trav\u00e9s del sitio web no sustituye la\u00a0publicidad legal de las leyes, normativas, planes, disposiciones generales y actos que tengan que ser publicados formalmente a los diarios oficiales de las administraciones p\u00fablicas, que constituyen el \u00fanico instrumento que da fe de su autenticidad y contenido. La informaci\u00f3n disponible en este sitio web debe entenderse como una gu\u00eda sin prop\u00f3sito de validez legal.<\/p>\n<p>[\/vc_column_text][\/vc_column][\/vc_row][vc_row full_width=\u00a0\u00bbstretch_row_content\u00a0\u00bb el_id=\u00a0\u00bbconfidentialite\u00a0\u00bb][vc_column][vc_column_text css=\u00a0\u00bb.vc_custom_1574077883826{padding-top: 30px !important;padding-right: 22% !important;padding-bottom: 30px !important;padding-left: 22% !important;}\u00a0\u00bb]<\/p>\n<p style=\"text-align: justify;\"><strong>6. POL\u00cdTICA DE PRIVACIDAD<br \/>\n<\/strong><br \/>\n\u00bfQui\u00e9n es el responsable del tratamiento de sus datos?<br \/>\nEntidad: JOSEP JOAN NIUBO COROMINES \u2013 NIF: 39307511M<br \/>\nDirecci\u00f3n postal: C\/ Major, 31 &#8211; 08693 Casserres &#8211; Barcelona<br \/>\nTel\u00e9fono: 938234082<br \/>\nCorreo electr\u00f3nico: info@calbernadas.com<\/p>\n<p>\u00bfCu\u00e1les son sus derechos cuando nos facilita sus datos?<br \/>\nCualquier persona tiene derecho a obtener confirmaci\u00f3n sobre si en JOSEP JOAN NIUBO COROMINES estamos tratando, o no, datos personales que les conciernan.<br \/>\nLas personas interesadas tienen derecho a acceder a sus datos personales, as\u00ed como a solicitar la rectificaci\u00f3n de los datos inexactos o, en su caso, solicitar susupresi\u00f3n cuando, entre otros motivos, los datos ya no sean necesarios para los\u00a0fines que fueron recogidos. Igualmente tiene derecho a la portabilidad de sus datos.<br \/>\nEn determinadas circunstancias, los interesados podr\u00e1n solicitar la limitaci\u00f3n del tratamiento de sus datos, en cuyo caso \u00fanicamente los conservaremos para el ejercicio o la defensa de reclamaciones.<br \/>\nEn determinadas circunstancias y por motivos relacionados con su situaci\u00f3n particular, los interesados podr\u00e1n oponerse al tratamiento de sus datos. En este caso, JOSEP JOAN NIUBO COROMINES dejar\u00e1 de tratar los datos, salvo por motivos leg\u00edtimos imperiosos, o el ejercicio o la defensa de posibles reclamaciones.<\/p>\n<p>Podr\u00e1 ejercitar materialmente sus derechos de la siguiente forma: dirigi\u00e9ndose al responsable del tratamiento. Cuando se realice el env\u00edo de comunicaciones comerciales utilizando como base jur\u00eddica el inter\u00e9s leg\u00edtimo del responsable, el interesado podr\u00e1 oponerse al tratamiento de sus datos con ese fin. Si ha otorgado su consentimiento para alguna finalidad concreta, tiene derecho a retirar el consentimiento otorgado en cualquier momento, sin que ello afecte a la licitud del tratamiento basado en el consentimiento previo a su retirada.<br \/>\nLos datos de car\u00e1cter personal que solicitamos son imprescindibles para atender su solicitud, resolver cuestiones planteadas y prestar los servicios contratados. En caso de no facilitar toda la informaci\u00f3n necesaria, no podremos atender su solicitud, ni enviar la informaci\u00f3n solicitada ni prestar los servicios sobre los que el titular de los datos est\u00e9 interesado.<br \/>\nEn caso de que sienta vulnerados sus derechos en lo concerniente a la protecci\u00f3n de sus datos personales, especialmente cuando no haya obtenido satisfacci\u00f3n en el ejercicio de sus derechos, puede presentar una reclamaci\u00f3n ante la Autoridad de Control en materia de Protecci\u00f3n de Datos competente a trav\u00e9s de su sitio web: www.agpd.es.<br \/>\nA continuaci\u00f3n le indicamos los detalles referidos a los distintos tratamientos de datos personales que realizamos en JOSEP JOAN NIUBO COROMINES.<\/p>\n<p>[\/vc_column_text][vc_column_text css=\u00a0\u00bb.vc_custom_1574077992335{padding-top: 30px !important;padding-right: 22% !important;padding-bottom: 30px !important;padding-left: 22% !important;}\u00a0\u00bb]<\/p>\n<p style=\"text-align: justify;\"><strong>6.1. Tratamiento de los datos personales de potenciales clientes y contactos v\u00eda web<br \/>\n<\/strong><br \/>\n\u00bfCon qu\u00e9 finalidad tratamos sus datos personales?<br \/>\nEn JOSEP JOAN NIUBO COROMINES tratamos la informaci\u00f3n que nos facilitan las personas interesadas con el fin de atender su solicitud, contactar con la persona y enviarle nuestros boletines y comunicaciones de su inter\u00e9s en base al inter\u00e9s demostrado acerca de nuestros productos y servicios.<br \/>\nEn el caso de que no facilite sus datos personales, no podremos cumplir con las funcionalidades descritas anteriormente.<\/p>\n<p>\u00bfPor cu\u00e1nto tiempo conservaremos sus datos?<br \/>\nLos datos se conservar\u00e1n mientras el interesado no solicite su supresi\u00f3n.<\/p>\n<p>\u00bfCu\u00e1l es la legitimaci\u00f3n para el tratamiento de sus datos?<\/p>\n<p>Le indicamos la base legal para el tratamiento de sus datos:<br \/>\n\u2022 Ejecuci\u00f3n de un contrato: Prestaci\u00f3n de los servicios solicitados<br \/>\n\u2022 Consentimiento del interesado: Atender su solicitud y enviarle comunicaciones comerciales, as\u00ed como nuestros boletines.<\/p>\n<p style=\"text-align: justify;\">\u00bfA qu\u00e9 destinatarios se comunicar\u00e1n sus datos?<br \/>\nNo se ceder\u00e1n datos a terceros, salvo obligaci\u00f3n legal.<\/p>\n<p style=\"text-align: justify;\">Transferencias de datos a terceros pa\u00edses.<br \/>\nEst\u00e1n previstas las siguientes transferencias de datos a terceros pa\u00edses:<br \/>\n\u2022 Dropbox, Inc, con la finalidad de copia de seguridad de los datos. La garant\u00eda para esta transferencia se ha establecido a trav\u00e9s de: Existencia de una decisi\u00f3n de adecuaci\u00f3n de la Comisi\u00f3n. Puede consultar informaci\u00f3n adicional en: https:\/\/www.dropbox.com\/privacy.<\/p>\n<p>\u2022 Gmail (google), con la finalidad de env\u00edo y recepci\u00f3n de correos electr\u00f3nicos.. La garant\u00eda para esta transferencia se ha establecido a trav\u00e9s de: Existencia de una decisi\u00f3n de adecuaci\u00f3n de la Comisi\u00f3n. Puede consultar informaci\u00f3n adicional en: https:\/\/policies.google.com\/privacy?hl=es.<\/p>\n<p>\u2022 Mailchimp, con la finalidad de env\u00edo de comunicaciones comerciales y newsletters. La garant\u00eda para esta transferencia se ha establecido a trav\u00e9s de: Existencia de una decisi\u00f3n de adecuaci\u00f3n de la Comisi\u00f3n. Puede consultar informaci\u00f3n adicional en: https:\/\/mailchimp.com\/legal\/privacy.<\/p>\n<p>\u2022 Microsoft Corporation, con la finalidad de copia de seguridad de los datos. La garant\u00eda para esta transferencia se ha establecido a trav\u00e9s de: Existencia de una decisi\u00f3n de adecuaci\u00f3n de la Comisi\u00f3n. Puede consultar informaci\u00f3n\u00a0adicional en: https:\/\/privacy.microsoft.com\/es-es\/privacystatement[\/vc_column_text][vc_column_text css=\u00a0\u00bb.vc_custom_1574078091102{padding-top: 30px !important;padding-right: 22% !important;padding-bottom: 30px !important;padding-left: 22% !important;}\u00a0\u00bb]<\/p>\n<p style=\"text-align: justify;\"><strong>6.2 Tratamiento de los datos personales de los contactos de correo\u00a0<\/strong><strong>electr\u00f3nico<br \/>\n<\/strong><br \/>\n\u00bfCon qu\u00e9 finalidad tratamos sus datos personales?<br \/>\nEn JOSEP JOAN NIUBO COROMINES tratamos la informaci\u00f3n que nos facilitan las personas interesadas con el fin de prestarle los servicios que nos ha solicitado, atender sus solicitudes de informaci\u00f3n y enviarle comunicaciones comerciales. En el caso de que no facilite sus datos personales, no podremos cumplir con las funcionalidades descritas anteriormente.<\/p>\n<p>\u00bfPor cu\u00e1nto tiempo conservaremos sus datos?<br \/>\nLos datos se conservar\u00e1n mientras el interesado no solicite su supresi\u00f3n.<\/p>\n<p>\u00bfCu\u00e1l es la legitimaci\u00f3n para el tratamiento de sus datos?<br \/>\nLe indicamos la base legal para el tratamiento de sus datos:<br \/>\n\u2022 Ejecuci\u00f3n de un contrato: Prestaci\u00f3n los servicios solicitados<br \/>\n\u2022 Inter\u00e9s leg\u00edtimo del Responsable: Env\u00edo de comunicaciones comerciales sobre nuestros servicios y\/o productos.<br \/>\n\u2022 Consentimiento del interesado: Env\u00edo de comunicaciones comerciales sobre nuestros servicios y\/o productos en base a solicitudes previas mantenidas con el responsables del tratamiento.<\/p>\n<p>\u00bfA qu\u00e9 destinatarios se comunicar\u00e1n sus datos?<br \/>\nNo se ceder\u00e1n datos a terceros, salvo obligaci\u00f3n legal.<\/p>\n<p>Transferencias de datos a terceros pa\u00edses<br \/>\nEst\u00e1n previstas las siguientes transferencias de datos a terceros pa\u00edses:<br \/>\n\u2022 Dropbox, Inc, con la finalidad de copia de seguridad de los datos. La garant\u00eda para esta transferencia se ha establecido a trav\u00e9s de: Existencia de una\u00a0decisi\u00f3n de adecuaci\u00f3n de la Comisi\u00f3n. Puede consultar informaci\u00f3n adicional en: https:\/\/www.dropbox.com\/privacy.<\/p>\n<p>\u2022 Gmail (google), con la finalidad de env\u00edo y recepci\u00f3n de correos electr\u00f3nicos.. La garant\u00eda para esta transferencia se ha establecido a trav\u00e9s de: Existencia de una decisi\u00f3n de adecuaci\u00f3n de la Comisi\u00f3n. Puede consultar informaci\u00f3n adicional en: https:\/\/policies.google.com\/privacy?hl=es.<\/p>\n<p>\u2022 Mailchimp, con la finalidad de env\u00edo de comunicaciones comerciales y newsletters. La garant\u00eda para esta transferencia se ha establecido a trav\u00e9s de: Existencia de una decisi\u00f3n de adecuaci\u00f3n de la Comisi\u00f3n. Puede consultar informaci\u00f3n adicional en: https:\/\/mailchimp.com\/legal\/privacy.<\/p>\n<p>\u2022 Microsoft Corporation, con la finalidad de copia de seguridad de los datos. La garant\u00eda para esta transferencia se ha establecido a trav\u00e9s de: Existencia de una decisi\u00f3n de adecuaci\u00f3n de la Comisi\u00f3n. Puede consultar informaci\u00f3n adicional en: https:\/\/privacy.microsoft.com\/es-es\/privacystatement.<\/p>\n<p>[\/vc_column_text][vc_column_text css=\u00a0\u00bb.vc_custom_1574078277158{padding-top: 30px !important;padding-right: 22% !important;padding-bottom: 30px !important;padding-left: 22% !important;}\u00a0\u00bb]<\/p>\n<p style=\"text-align: justify;\"><strong>6.3. Tratamiento de los datos personales de los huespedes<\/strong><\/p>\n<p>\u00bfCon qu\u00e9 finalidad tratamos sus datos personales?<br \/>\nEn JOSEP JOAN NIUBO COROMINES tratamos la informaci\u00f3n que nos facilitan las personas interesadas con el fin de Realizar la gesti\u00f3n administrativa, contable y fiscal de los servicios solicitados, as\u00ed como enviar comunicaciones comerciales sobre nuestros productos y servicios. En el caso de que no facilite sus datos personales, no podremos cumplir con las funcionalidades descritas anteriormente.<\/p>\n<p>\u00bfPor cu\u00e1nto tiempo conservaremos sus datos?<br \/>\nLos datos se conservar\u00e1n mientras se mantenga la relaci\u00f3n comercial o durante los a\u00f1os necesarios para cumplir con las obligaciones legales.<\/p>\n<p>\u00bfCu\u00e1l es la legitimaci\u00f3n para el tratamiento de sus datos?<br \/>\nLe indicamos la base legal para el tratamiento de sus datos:<br \/>\nEjecuci\u00f3n de un contrato: Realizar la gesti\u00f3n administrativa, contable y fiscal de los servicios solicitados.<br \/>\n\u2022 Consentimiento del interesado: Envio de encuestas de satisfacci\u00f3n.<br \/>\n\u2022 Consentimiento del interesado: Env\u00edo de comunicaciones comerciales sobre nuestros servicios y\/o productos en base a solicitudes previas mantenidas con el responsables del tratamiento.<br \/>\n\u2022 Inter\u00e9s leg\u00edtimo del Responsable: Gesti\u00f3n de los datos de los otros\u00a0huespedes alojados en la misma habitaci\u00f3n\/nes o estancia para poder prestar el servicio contratado, facilitados por el interesado como responsable de los datos.<\/p>\n<p>\u00bfA qu\u00e9 destinatarios se comunicar\u00e1n sus datos?<br \/>\nLos datos se comunicar\u00e1n a los siguientes destinatarios:<br \/>\n\u2022 Administraci\u00f3n Tributaria, con la finalidad de cumplir con las obligaciones legales.<br \/>\n\u2022 Empresa mensajer\u00eda o transporte, con la finalidad de gesti\u00f3n de la recogida, seguimiento y entrega de los env\u00edos.<br \/>\n\u2022 Entidades financieras, con la finalidad de girar los recibos correspondientes.<\/p>\n<p>Transferencias de datos a terceros pa\u00edses<br \/>\nEst\u00e1n previstas las siguientes transferencias de datos a terceros pa\u00edses:<br \/>\n\u2022 Dropbox, Inc, con la finalidad de copia de seguridad de los datos. La garant\u00eda para esta transferencia se ha establecido a trav\u00e9s de: Existencia de una decisi\u00f3n de adecuaci\u00f3n de la Comisi\u00f3n. Puede consultar informaci\u00f3n adicional en: https:\/\/www.dropbox.com\/privacy.<br \/>\n\u2022 Gmail (google), con la finalidad de env\u00edo y recepci\u00f3n de correos electr\u00f3nicos. La garant\u00eda para esta transferencia se ha establecido a trav\u00e9s de: Existencia<br \/>\nde una decisi\u00f3n de adecuaci\u00f3n de la Comisi\u00f3n. Puede consultar informaci\u00f3n adicional en: https:\/\/policies.google.com\/privacy?hl=es.<br \/>\n\u2022\u00a0Mailchimp, con la finalidad de env\u00edo de comunicaciones comerciales y newsletters. La garant\u00eda para esta transferencia se ha establecido a trav\u00e9s de: Existencia de una decisi\u00f3n de adecuaci\u00f3n de la Comisi\u00f3n. Puede consultar informaci\u00f3n adicional en: https:\/\/mailchimp.com\/legal\/privacy.<br \/>\n\u2022 Microsoft Corporation, con la finalidad de copia de seguridad de los datos. La garant\u00eda para esta transferencia se ha establecido a trav\u00e9s de: Existencia de una decisi\u00f3n de adecuaci\u00f3n de la Comisi\u00f3n. Puede consultar informaci\u00f3n adicional en: https:\/\/privacy.microsoft.com\/es-es\/privacystatement.[\/vc_column_text][vc_column_text css=\u00a0\u00bb.vc_custom_1574078332300{padding-top: 30px !important;padding-right: 22% !important;padding-bottom: 30px !important;padding-left: 22% !important;}\u00a0\u00bb]<\/p>\n<p style=\"text-align: justify;\"><strong>6.4. Tratamiento de los datos personales de videovigilancia<br \/>\n<\/strong><br \/>\n\u00bfCon qu\u00e9 finalidad tratamos sus datos personales?<br \/>\nEn JOSEP JOAN NIUBO COROMINES tratamos la informaci\u00f3n que nos facilitan las personas interesadas con el fin de garantizar la seguridad de personas, bienes e instalaciones. No se van a tomar decisiones automatizadas en base de datos proporcionados.<\/p>\n<p>\u00bfPor cu\u00e1nto tiempo conservaremos sus datos?<br \/>\nLos datos se conservar\u00e1n un m\u00e1ximo de 30 d\u00edas, salvo comunicaci\u00f3n a Fuerzas y Cuerpos de Seguridad, y\/o Juzgados y Tribunales.<\/p>\n<p>\u00bfCu\u00e1l es la legitimaci\u00f3n para el tratamiento de sus datos?<br \/>\nLe indicamos la base legal para el tratamiento de sus datos:<br \/>\n\u2022 Misi\u00f3n en Inter\u00e9s p\u00fablico: Garantizar la seguridad de personas, bienes e instalaciones.<\/p>\n<p>\u00bfA qu\u00e9 destinatarios se comunicar\u00e1n sus datos?<br \/>\nLos datos se comunicar\u00e1n a los siguientes destinatarios:<br \/>\n\u2022 En su caso, las fuerzas y cuerpos de seguridad del Estado, as\u00ed como Juzgados y Tribunales, con la finalidad de aportar las im\u00e1genes si se ha cometido un delito.<\/p>\n<p style=\"text-align: justify;\">Transferencias de datos a terceros pa\u00edses.<br \/>\nEst\u00e1n previstas la siguiente transferencia de datos a terceros pa\u00edses:<br \/>\n\u2022 Gmail (google), con la finalidad de env\u00edo y recepci\u00f3n de correos electr\u00f3nicos. La garant\u00eda para esta transferencia se ha establecido a trav\u00e9s de: Existencia de una decisi\u00f3n de adecuaci\u00f3n de la Comisi\u00f3n. Puede consultar informaci\u00f3n adicional en: https:\/\/policies.google.com\/privacy?hl=es.<\/p>\n<p>[\/vc_column_text][vc_column_text css=\u00a0\u00bb.vc_custom_1574084586411{padding-top: 30px !important;padding-right: 22% !important;padding-bottom: 30px !important;padding-left: 22% !important;}\u00a0\u00bb]<\/p>\n<p style=\"text-align: justify;\"><strong>6.5. Tratamiento de los datos personales de los comentariosen el blog<br \/>\n<\/strong><br \/>\n\u00bfCon qu\u00e9 finalidad tratamos sus datos personales?<br \/>\nEn JOSEP JOAN NIUBO COROMINES tratamos la informaci\u00f3n que nos facilitan las personas interesadas con el fin de atender su solicitud, como la inserci\u00f3n de comentarios en nuestra p\u00e1gina web, y enviarle comunicaciones comerciales.<\/p>\n<p>\u00bfPor cu\u00e1nto tiempo conservaremos sus datos?<br \/>\nLos datos se conservar\u00e1n mientras el interesado no solicite su supresi\u00f3n.<\/p>\n<p>\u00bfCu\u00e1l es la legitimaci\u00f3n para el tratamiento de sus datos?<br \/>\nLe indicamos la base legal para el tratamiento de sus datos:<br \/>\n\u2022 Ejecuci\u00f3n de un contrato: Prestaci\u00f3n de los servicios solicitados.<br \/>\n\u2022 Consentimiento del interesado: Atender su solicitud y enviarle comunicaciones comerciales.<\/p>\n<p>\u00bfA qu\u00e9 destinatarios se comunicar\u00e1n sus datos?<br \/>\nNo se ceder\u00e1n datos a terceros, salvo obligaci\u00f3n legal.<\/p>\n<p>Transferencias de datos a terceros pa\u00edses.<br \/>\nEst\u00e1n previstas las siguientes transferencias de datos a terceros pa\u00edses:<\/p>\n<p style=\"text-align: justify;\">\u2022\u00a0Dropbox, Inc, con la finalidad de copia de seguridad de los datos. La garant\u00eda para esta transferencia se ha establecido a trav\u00e9s de: Existencia de una decisi\u00f3n de adecuaci\u00f3n de la Comisi\u00f3n. Puede consultar informaci\u00f3n adicional en: https:\/\/www.dropbox.com\/privacy.<br \/>\n\u2022 Gmail (google), con la finalidad de env\u00edo y recepci\u00f3n de correos electr\u00f3nicos. La garant\u00eda para esta transferencia se ha establecido a trav\u00e9s de: Existencia de una decisi\u00f3n de adecuaci\u00f3n de la Comisi\u00f3n. Puede consultar informaci\u00f3n adicional en: https:\/\/policies.google.com\/privacy?hl=es.<br \/>\n\u2022 Mailchimp, con la finalidad de env\u00edo de comunicaciones comerciales y newsletters. La garant\u00eda para esta transferencia se ha establecido a trav\u00e9s de: Existencia de una decisi\u00f3n de adecuaci\u00f3n de la Comisi\u00f3n. Puede consultar informaci\u00f3n adicional en: https:\/\/mailchimp.com\/legal\/privacy.<br \/>\n\u2022 Microsoft Corporation, con la finalidad de copia de seguridad de los datos. La garant\u00eda para esta transferencia se ha establecido a trav\u00e9s de: Existencia de una decisi\u00f3n de adecuaci\u00f3n de la Comisi\u00f3n. Puede consultar informaci\u00f3n adicional en: https:\/\/privacy.microsoft.com\/es-es\/privacystatement.<\/p>\n<p>[\/vc_column_text][\/vc_column][\/vc_row][vc_row full_width=\u00a0\u00bbstretch_row_content\u00a0\u00bb el_id=\u00a0\u00bbcookies\u00a0\u00bb][vc_column][vc_column_text css=\u00a0\u00bb.vc_custom_1574085502226{padding-top: 30px !important;padding-right: 22% !important;padding-bottom: 30px !important;padding-left: 22% !important;}\u00a0\u00bb]<\/p>\n<p style=\"text-align: justify;\"><strong>7. POLITICA DE COOKIES<\/strong><br \/>\n\u00bfQu\u00e9 son las cookies?<br \/>\nUna cookie es un fichero que se descarga descarga en su ordenador al acceder a determinadas p\u00e1ginas web. Las cookies permiten a una p\u00e1gina web, entre otras cosas, almacenar y recuperar informaci\u00f3n sobre los h\u00e1bitos de navegaci\u00f3n de un usuario o de su equipo y, dependiendo de la informaci\u00f3n que contengan y de la forma en que utilice su equipo, pueden utilizarse para reconocer al usuario.<\/p>\n<p>\u00bfPara qu\u00e9 utiliza las cookies esta p\u00e1gina web y cu\u00e1les son?<br \/>\nEsta p\u00e1gina web utiliza las cookies para una serie de finalidades, incluidas:<br \/>\n\u2022 An\u00e1lisis estadistico: Las cookies estad\u00edsticas ayudan a los propietarios de p\u00e1ginas web a comprender c\u00f3mo interact\u00faan los visitantes con las p\u00e1ginas web reuniendo y proporcionando informaci\u00f3n como cuantificar el n\u00famero de\u00a0usuarios y as\u00ed realizar la medici\u00f3n y an\u00e1lisis estad\u00edstico de la utilizaci\u00f3n que hacen los usuarios del servicio.<br \/>\n\u2022 T\u00e9cnica o necesaria: Las cookies necesarias ayudan a hacer una p\u00e1gina web utilizable activando funciones b\u00e1sicas como la navegaci\u00f3n en la p\u00e1gina y el acceso a \u00e1reas seguras de la p\u00e1gina web. Permiten por ejemplo, controlar el tr\u00e1fico y la comunicaci\u00f3n de datos, acceder a partes de acceso restringido, utilizar elementos de seguridad, almacenar contenidos para poder difundir v\u00eddeos o compartir contenidos a trav\u00e9s de redes sociales. La p\u00e1gina web no puede funcionar adecuadamente sin estas cookies..<br \/>\n\u2022 Personalizaci\u00f3n o preferencia: Son aqu\u00e9llas que permiten al usuario acceder al servicio con algunas caracter\u00edsticas de car\u00e1cter general predefinidas en funci\u00f3n de una serie de criterios en el terminal del usuario como por ejemplo ser\u00edan el aspecto que tiene, como su idioma preferido o la regi\u00f3n en la que usted se encuentra..<br \/>\n\u2022 Publicitaria: Son aqu\u00e9llas que permiten la gesti\u00f3n, de la forma m\u00e1s eficaz posible, de los espacios publicitarios que, en su caso, el editor haya incluido en una p\u00e1gina web, aplicaci\u00f3n o plataforma desde la que presta el servicio solicitado en base a criterios como el contenido editado o la frecuencia en la que se muestran los anuncios.<\/p>\n<p style=\"text-align: justify;\">El detalle de las cookies utilizadas en esta p\u00e1gina web es el siguiente:<\/p>\n<table width=\"989\">\n<tbody>\n<tr>\n<td width=\"72\">Cookies<\/td>\n<td width=\"70\">Nombre<\/td>\n<td width=\"83\">Tipo<\/td>\n<td colspan=\"4\" width=\"611\">Prop\u00f3sito<\/td>\n<td width=\"153\">M\u00e1s informaci\u00f3n<\/td>\n<\/tr>\n<tr>\n<td width=\"72\">_ga _gat _gid<\/td>\n<td width=\"70\">Google Analytics<\/td>\n<td width=\"83\">De terceros<\/td>\n<td colspan=\"4\" width=\"611\">Recoger\u00a0\u00a0 informaci\u00f3n\u00a0\u00a0 sobre\u00a0\u00a0 la navegaci\u00f3n\u00a0 de\u00a0 los\u00a0 usuarios\u00a0 por el\u00a0 sitio\u00a0 con\u00a0 el\u00a0 fin\u00a0 de\u00a0 conocer\u00a0 el origen\u00a0\u00a0 de\u00a0\u00a0 las\u00a0\u00a0 visitas\u00a0\u00a0 y\u00a0\u00a0 otros datos\u00a0\u00a0\u00a0\u00a0\u00a0\u00a0 similares\u00a0\u00a0\u00a0\u00a0\u00a0\u00a0 a\u00a0\u00a0\u00a0\u00a0\u00a0\u00a0 nivel estad\u00edstico. No obtiene datos de los\u00a0 nombres\u00a0 o\u00a0 apellidos\u00a0 de\u00a0 los usuarios ni de la direcci\u00f3n postal concreta\u00a0\u00a0\u00a0\u00a0 desde\u00a0\u00a0\u00a0\u00a0 donde\u00a0\u00a0\u00a0\u00a0 se conectan.<\/td>\n<td width=\"153\">Centro de privacidad de Google: https:\/\/policies.google.com\/tech nologies\/cookies?hl=es<\/td>\n<\/tr>\n<tr>\n<td width=\"72\">_viewed_cookie_policy<\/td>\n<td width=\"70\">T\u00e9cnica calbernadas.com<\/td>\n<td width=\"83\">Propia<\/td>\n<td colspan=\"4\" width=\"611\">Cookies\u00a0\u00a0\u00a0\u00a0\u00a0 permanentes\u00a0\u00a0\u00a0\u00a0\u00a0 para recordar si el usuario autoriza o no el uso de cookies en la web.<\/td>\n<td width=\"153\">En la propia p\u00e1gina web:<\/td>\n<\/tr>\n<tr>\n<td width=\"72\">_icl_current_language<br \/>\n_wpml_referer_url<\/td>\n<td width=\"70\">Personalizaci\u00f3n calbernadas.com<\/td>\n<td width=\"83\">Propia<\/td>\n<td colspan=\"4\" width=\"611\">Muestra idioma usuario.<\/td>\n<td width=\"153\">En la propia p\u00e1gina web:<\/td>\n<\/tr>\n<tr>\n<td width=\"72\">quform_session_[ID]<\/td>\n<td width=\"70\">T\u00e9cnica calbernadas.com<\/td>\n<td width=\"83\">Propia<\/td>\n<td colspan=\"4\" width=\"611\">Esta\u00a0 cookie\u00a0 es\u00a0 una\u00a0 cookie\u00a0 de sesi\u00f3n\u00a0\u00a0 y\u00a0\u00a0 caduca\u00a0\u00a0 cuando\u00a0\u00a0 se cierra el navegador.<\/td>\n<td width=\"153\">En la propia p\u00e1gina web:<\/td>\n<\/tr>\n<tr>\n<td width=\"72\">_PHPSESSID _WEBID<\/td>\n<td width=\"70\">T\u00e9cnica avaibook<\/td>\n<td width=\"83\">De terceros<\/td>\n<td colspan=\"4\" width=\"611\">Cookies\u00a0\u00a0 de\u00a0\u00a0 sesi\u00f3n que\u00a0\u00a0 utiliza Avaibook<\/td>\n<td width=\"153\">avaibook.com:<\/td>\n<\/tr>\n<tr>\n<td width=\"72\">_vuid<\/td>\n<td width=\"70\">T\u00e9cnica calbernadas.com<\/td>\n<td width=\"83\">De terceros<\/td>\n<td colspan=\"4\" width=\"611\">El\u00a0\u00a0\u00a0\u00a0\u00a0\u00a0\u00a0\u00a0\u00a0 reproductor\u00a0\u00a0\u00a0\u00a0\u00a0\u00a0\u00a0\u00a0\u00a0 Vimeo incorporado utiliza estas cookies para\u00a0 verificar\u00a0 si\u00a0 el\u00a0 usuario\u00a0 ha seleccionado ciertas funciones o preferencias.<\/td>\n<td width=\"153\">Centro de privacidad de Vimeo: http:\/\/vimeo.com\/cookie_policy<\/td>\n<\/tr>\n<tr>\n<td width=\"72\">sharethis_cookie_test_<br \/>\n_<\/td>\n<td width=\"70\">T\u00e9cnica Sharethis<\/td>\n<td width=\"83\">De terceros<\/td>\n<td colspan=\"4\" width=\"611\">Se\u00a0\u00a0\u00a0 usa\u00a0\u00a0\u00a0 para\u00a0\u00a0\u00a0 gestionar\u00a0\u00a0\u00a0 la compartici\u00f3n de informaci\u00f3n por parte\u00a0 del\u00a0 Usuario\u00a0 en\u00a0 sus\u00a0 redes sociales.<\/td>\n<td width=\"153\">sharethis.com:<\/td>\n<\/tr>\n<tr>\n<td width=\"72\">_PREF _ VISITOR_INFO1_LIVE<\/td>\n<td width=\"70\">Preferencia YouTube<\/td>\n<td width=\"83\">De terceros<\/td>\n<td colspan=\"4\" width=\"611\">Cookies\u00a0\u00a0\u00a0 que\u00a0\u00a0\u00a0 almacenan\u00a0\u00a0\u00a0 las preferencias\u00a0\u00a0 de\u00a0\u00a0 configuraci\u00f3n, tales\u00a0\u00a0 como\u00a0\u00a0 idioma\u00a0\u00a0 preferido, n\u00famero\u00a0\u00a0\u00a0\u00a0 de\u00a0\u00a0\u00a0\u00a0 resultados\u00a0\u00a0\u00a0\u00a0 de b\u00fasqueda mostrados por p\u00e1gina o activaci\u00f3n del filtro SafeSearch de Google.<\/td>\n<td width=\"153\">Centro de privacidad de Google: https:\/\/policies.google.com\/tech nologies\/cookies?hl=es<\/td>\n<\/tr>\n<tr>\n<td width=\"72\">_GPS _YSC<\/td>\n<td width=\"70\">An\u00e1lisis Youtube<\/td>\n<td width=\"83\">De terceros<\/td>\n<td colspan=\"4\" width=\"611\">Miden\u00a0\u00a0 las\u00a0\u00a0 reproducciones\u00a0\u00a0 de videos\u00a0 realizadas\u00a0 por\u00a0 el\u00a0 usuario y\u00a0 registra\u00a0 los\u00a0 eventos\u00a0 de\u00a0 \u00ab\u00a0Me gusta\u00a0\u00bb\u00a0\u00a0\u00a0 o\u00a0\u00a0\u00a0 \u00ab\u00a0Compartir\u00a0\u00a0\u00a0 video\u00a0\u00bb. Tambi\u00e9n\u00a0\u00a0\u00a0\u00a0\u00a0\u00a0\u00a0\u00a0\u00a0 registra\u00a0\u00a0\u00a0\u00a0\u00a0\u00a0\u00a0\u00a0\u00a0 una identificaci\u00f3n\u00a0\u00a0\u00a0\u00a0\u00a0\u00a0\u00a0\u00a0\u00a0 \u00fanica\u00a0\u00a0\u00a0\u00a0\u00a0\u00a0\u00a0\u00a0\u00a0 en dispositivos\u00a0\u00a0\u00a0\u00a0\u00a0\u00a0 m\u00f3viles\u00a0\u00a0\u00a0\u00a0\u00a0\u00a0 para<br \/>\npermitir el seguimiento seg\u00fan la<\/td>\n<td width=\"153\">Centro de privacidad de Google: https:\/\/policies.google.com\/tech nologies\/cookies?hl=es<\/td>\n<\/tr>\n<\/tbody>\n<\/table>\n<p>&nbsp;<\/p>\n<p>Nota: Las cookies de tipo &lsquo;Propias&rsquo; son utilizadas s\u00f3lo por el propietario de esta web y las cookies &lsquo;De terceros&rsquo; son utilizadas, por el prestador del servicio que est\u00e1 detallado en el cuadro anterior.<\/p>\n<p><strong>Eliminar o bloquear las cookies<\/strong><br \/>\nUsted puede permitir, bloquear o eliminar las cookies instaladas en su equipo mediante la configuraci\u00f3n de las opciones del navegador instalado en su ordenador.<br \/>\nPueder ver m\u00e1s informaci\u00f3n sobre su navegador y las cookies en los siguientes enlaces:<br \/>\no Firefox: http:\/\/support.mozilla.org\/es\/kb\/habilitar-y-deshabilitar-cookies-que-lossitios-we<br \/>\no Chrome: http:\/\/support.google.com\/chrome\/bin\/answer.py?hl=es&amp;answer=95647<br \/>\no Internet Explorer: http:\/\/windows.microsoft.com\/es-es\/windows7\/how-to-managecookies- in-internet-explorer-9<br \/>\no Safari: http:\/\/support.apple.com\/kb\/ph5042<br \/>\no Opera: http:\/\/help.opera.com\/Windows\/11.50\/es-ES\/cookies.html<\/p>\n<p>Complemento de inhabilitaci\u00f3n para navegadores de Google Analytics<br \/>\nSi desea rechazar las cookies anal\u00edticas de Google Analytics en todos los navegadores, de forma que no se env\u00ede informaci\u00f3n suya a Google Analitys, puede descargar un complemento que realiza esta funci\u00f3n desde este\u00a0enlace: https:\/\/tools.google.com\/dlpage\/gaoptout.[\/vc_column_text][\/vc_column][\/vc_row][vc_row full_width=\u00a0\u00bbstretch_row\u00a0\u00bb css=\u00a0\u00bb.vc_custom_1478146156501{padding-top: 80px !important;padding-bottom: 80px !important;background-image: url(https:\/\/calbernadas.com\/wp-content\/uploads\/2016\/11\/TR_contacte2.jpg?id=12800) !important;}\u00a0\u00bb parallax_speed=\u00a0\u00bb0.8&Prime; bg_video_transparent=\u00a0\u00bb0&Prime; el_class=\u00a0\u00bbcm-icon-big-item\u00a0\u00bb][vc_column][cs_custom_heading text=\u00a0\u00bbContactar\u00a0\u00bb font_container=\u00a0\u00bbtag:h1|font_size:40px|text_align:center|color:%23ffffff\u00a0\u00bb font_format=\u00a0\u00bb700&Prime; style=\u00a0\u00bbstyle-none\u00a0\u00bb el_class=\u00a0\u00bbcm-tailor-title-site\u00a0\u00bb][\/vc_column][\/vc_row][vc_row css=\u00a0\u00bb.vc_custom_1477557874325{padding-top: 80px !important;padding-bottom: 80px !important;}\u00a0\u00bb][vc_column width=\u00a0\u00bb1\/3&Prime;][vc_column_text]<\/p>\n<div>\n<h3><\/h3>\n<h3>JOSEP NIUB\u00d2<br \/>\nRAMONA CASAS<br \/>\nANNA NIUB\u00d2<\/h3>\n<h3><\/h3>\n<p>Carrer Major, 31. 08693 Casserres<br \/>\n+34 636 533 958<br \/>\n+34 938 234 082<br \/>\n<span id=\"cloak23258\"><a href=\"mailto:info@calbernadas.com\">info@calbernadas.com<\/a><\/span><\/p>\n<\/div>\n<p>[\/vc_column_text]        <div  id=\"cs_social1777441277_169f199fd7aa2b\" class=\"cshero-social cs-social-layout1 \">\r\n            <style type=\"text\/css\" scoped>\r\n               .cshero_content_1777441277_169f199fd7aa2b.cshero-social-list a:hover i {\r\n                    background-color:  !important;\r\n                    border-color:  !important;\r\n                    color:  !important;\r\n                    white-space: inherit;\r\n               }\r\n            <\/style>\r\n                            \r\n<div class=\"cshero_content_1777441277_169f199fd7aa2b cshero-social-list \">\r\n            <a href=\"https:\/\/www.facebook.com\/calbernadas?fref=ts\" style=\"font-size:\"><i style=\"      border-style: none;   \" class=\"fa fa-facebook\"><\/i><\/a>\r\n                <a href=\"https:\/\/instagram.com\/calbernadas\/\" style=\"font-size:\"><i style=\"      border-style: none;   \" class=\"fa fa-instagram\"><\/i><\/a>\r\n                <a href=\"https:\/\/twitter.com\/calbernadas\" style=\"font-size:\"><i style=\"      border-style: none;   \" class=\"fa fa-twitter\"><\/i><\/a>\r\n                                            \r\n<\/div>               \r\n        <\/div>\r\n        [\/vc_column][vc_column width=\u00a0\u00bb2\/3&Prime;]<p class=\"wpcf7-contact-form-not-found\"><strong>Erreur\u00a0:<\/strong> Formulaire de contact non trouv\u00e9\u00a0!<\/p>[\/vc_column][\/vc_row]<\/p>\n","protected":false},"excerpt":{"rendered":"<p>[vc_row full_width=\u00a0\u00bbstretch_row\u00a0\u00bb css=\u00a0\u00bb.vc_custom_1478145466144{padding-top: 80px !important;padding-bottom: 80px !important;background-image: url(https:\/\/calbernadas.com\/wp-content\/uploads\/2016\/10\/CB_TR_HOME_capcalera-1.jpg?id=12481) !important;}\u00a0\u00bb][vc_column width=\u00a0\u00bb1\/6&Prime;][\/vc_column][vc_column width=\u00a0\u00bb2\/3&Prime;][cs_custom_heading text=\u00a0\u00bbAVISO LEGAL\u00a0\u00bb font_container=\u00a0\u00bbtag:h1|font_size:40px|text_align:center|color:%23ffffff\u00a0\u00bb font_format=\u00a0\u00bb700&Prime; style=\u00a0\u00bbstyle-none\u00a0\u00bb el_class=\u00a0\u00bbcm-tailor-title-site\u00a0\u00bb][vc_column_text] Porque queremos que [&hellip;]<\/p>\n","protected":false},"author":1,"featured_media":0,"parent":0,"menu_order":0,"comment_status":"closed","ping_status":"closed","template":"","meta":{"footnotes":""},"yoast_head":"<!-- This site is optimized with the Yoast SEO plugin v21.5 - https:\/\/yoast.com\/wordpress\/plugins\/seo\/ -->\n<title>AVIS JURIDIQUE - Cal Bernad\u00e0s<\/title>\n<meta name=\"robots\" content=\"index, follow, max-snippet:-1, max-image-preview:large, max-video-preview:-1\" \/>\n<link rel=\"canonical\" href=\"https:\/\/calbernadas.com\/ca\/avis-legal\/\" \/>\n<meta property=\"og:locale\" content=\"fr_FR\" \/>\n<meta property=\"og:type\" content=\"article\" \/>\n<meta property=\"og:title\" content=\"AVIS JURIDIQUE - Cal Bernad\u00e0s\" \/>\n<meta property=\"og:description\" content=\"[vc_row full_width=\u00a0\u00bbstretch_row\u00a0\u00bb css=\u00a0\u00bb.vc_custom_1478145466144{padding-top: 80px !important;padding-bottom: 80px !important;background-image: url(https:\/\/calbernadas.com\/wp-content\/uploads\/2016\/10\/CB_TR_HOME_capcalera-1.jpg?id=12481) !important;}\u00a0\u00bb][vc_column width=\u00a0\u00bb1\/6&Prime;][\/vc_column][vc_column width=\u00a0\u00bb2\/3&Prime;][cs_custom_heading text=\u00a0\u00bbAVISO LEGAL\u00a0\u00bb font_container=\u00a0\u00bbtag:h1|font_size:40px|text_align:center|color:%23ffffff\u00a0\u00bb font_format=\u00a0\u00bb700&Prime; style=\u00a0\u00bbstyle-none\u00a0\u00bb el_class=\u00a0\u00bbcm-tailor-title-site\u00a0\u00bb][vc_column_text] Porque queremos que [&hellip;]\" \/>\n<meta property=\"og:url\" content=\"https:\/\/calbernadas.com\/ca\/avis-legal\/\" \/>\n<meta property=\"og:site_name\" content=\"Cal Bernad\u00e0s\" \/>\n<meta property=\"article:publisher\" content=\"https:\/\/www.facebook.com\/calbernadas\" \/>\n<meta property=\"article:modified_time\" content=\"2020-10-08T07:21:55+00:00\" \/>\n<meta name=\"twitter:card\" content=\"summary_large_image\" \/>\n<meta name=\"twitter:site\" content=\"@calbernadas\" \/>\n<meta name=\"twitter:label1\" content=\"Dur\u00e9e de lecture estim\u00e9e\" \/>\n\t<meta name=\"twitter:data1\" content=\"27 minutes\" \/>\n<script type=\"application\/ld+json\" class=\"yoast-schema-graph\">{\"@context\":\"https:\/\/schema.org\",\"@graph\":[{\"@type\":\"WebPage\",\"@id\":\"https:\/\/calbernadas.com\/ca\/avis-legal\/\",\"url\":\"https:\/\/calbernadas.com\/ca\/avis-legal\/\",\"name\":\"AVIS JURIDIQUE - Cal Bernad\u00e0s\",\"isPartOf\":{\"@id\":\"https:\/\/calbernadas.com\/ca\/#website\"},\"datePublished\":\"2016-11-21T03:30:45+00:00\",\"dateModified\":\"2020-10-08T07:21:55+00:00\",\"breadcrumb\":{\"@id\":\"https:\/\/calbernadas.com\/ca\/avis-legal\/#breadcrumb\"},\"inLanguage\":\"fr-FR\",\"potentialAction\":[{\"@type\":\"ReadAction\",\"target\":[\"https:\/\/calbernadas.com\/ca\/avis-legal\/\"]}]},{\"@type\":\"BreadcrumbList\",\"@id\":\"https:\/\/calbernadas.com\/ca\/avis-legal\/#breadcrumb\",\"itemListElement\":[{\"@type\":\"ListItem\",\"position\":1,\"name\":\"Portada\",\"item\":\"https:\/\/calbernadas.com\/fr\/\"},{\"@type\":\"ListItem\",\"position\":2,\"name\":\"AVIS JURIDIQUE\"}]},{\"@type\":\"WebSite\",\"@id\":\"https:\/\/calbernadas.com\/ca\/#website\",\"url\":\"https:\/\/calbernadas.com\/ca\/\",\"name\":\"Cal Bernad\u00e0s\",\"description\":\"Turisme rural\",\"publisher\":{\"@id\":\"https:\/\/calbernadas.com\/ca\/#organization\"},\"potentialAction\":[{\"@type\":\"SearchAction\",\"target\":{\"@type\":\"EntryPoint\",\"urlTemplate\":\"https:\/\/calbernadas.com\/ca\/?s={search_term_string}\"},\"query-input\":\"required name=search_term_string\"}],\"inLanguage\":\"fr-FR\"},{\"@type\":\"Organization\",\"@id\":\"https:\/\/calbernadas.com\/ca\/#organization\",\"name\":\"Cal Bernad\u00e0s\",\"url\":\"https:\/\/calbernadas.com\/ca\/\",\"logo\":{\"@type\":\"ImageObject\",\"inLanguage\":\"fr-FR\",\"@id\":\"https:\/\/calbernadas.com\/ca\/#\/schema\/logo\/image\/\",\"url\":\"https:\/\/calbernadas.com\/wp-content\/uploads\/2017\/03\/logo_calbernadas2.png\",\"contentUrl\":\"https:\/\/calbernadas.com\/wp-content\/uploads\/2017\/03\/logo_calbernadas2.png\",\"width\":169,\"height\":156,\"caption\":\"Cal Bernad\u00e0s\"},\"image\":{\"@id\":\"https:\/\/calbernadas.com\/ca\/#\/schema\/logo\/image\/\"},\"sameAs\":[\"https:\/\/www.facebook.com\/calbernadas\",\"https:\/\/twitter.com\/calbernadas\",\"https:\/\/instagram.com\/calbernadas\/\",\"http:\/\/www.youtube.es\/calbernadas\"]}]}<\/script>\n<!-- \/ Yoast SEO plugin. -->","yoast_head_json":{"title":"AVIS JURIDIQUE - Cal Bernad\u00e0s","robots":{"index":"index","follow":"follow","max-snippet":"max-snippet:-1","max-image-preview":"max-image-preview:large","max-video-preview":"max-video-preview:-1"},"canonical":"https:\/\/calbernadas.com\/ca\/avis-legal\/","og_locale":"fr_FR","og_type":"article","og_title":"AVIS JURIDIQUE - Cal Bernad\u00e0s","og_description":"[vc_row full_width=\u00a0\u00bbstretch_row\u00a0\u00bb css=\u00a0\u00bb.vc_custom_1478145466144{padding-top: 80px !important;padding-bottom: 80px !important;background-image: url(https:\/\/calbernadas.com\/wp-content\/uploads\/2016\/10\/CB_TR_HOME_capcalera-1.jpg?id=12481) !important;}\u00a0\u00bb][vc_column width=\u00a0\u00bb1\/6&Prime;][\/vc_column][vc_column width=\u00a0\u00bb2\/3&Prime;][cs_custom_heading text=\u00a0\u00bbAVISO LEGAL\u00a0\u00bb font_container=\u00a0\u00bbtag:h1|font_size:40px|text_align:center|color:%23ffffff\u00a0\u00bb font_format=\u00a0\u00bb700&Prime; style=\u00a0\u00bbstyle-none\u00a0\u00bb el_class=\u00a0\u00bbcm-tailor-title-site\u00a0\u00bb][vc_column_text] Porque queremos que [&hellip;]","og_url":"https:\/\/calbernadas.com\/ca\/avis-legal\/","og_site_name":"Cal Bernad\u00e0s","article_publisher":"https:\/\/www.facebook.com\/calbernadas","article_modified_time":"2020-10-08T07:21:55+00:00","twitter_card":"summary_large_image","twitter_site":"@calbernadas","twitter_misc":{"Dur\u00e9e de lecture estim\u00e9e":"27 minutes"},"schema":{"@context":"https:\/\/schema.org","@graph":[{"@type":"WebPage","@id":"https:\/\/calbernadas.com\/ca\/avis-legal\/","url":"https:\/\/calbernadas.com\/ca\/avis-legal\/","name":"AVIS JURIDIQUE - Cal Bernad\u00e0s","isPartOf":{"@id":"https:\/\/calbernadas.com\/ca\/#website"},"datePublished":"2016-11-21T03:30:45+00:00","dateModified":"2020-10-08T07:21:55+00:00","breadcrumb":{"@id":"https:\/\/calbernadas.com\/ca\/avis-legal\/#breadcrumb"},"inLanguage":"fr-FR","potentialAction":[{"@type":"ReadAction","target":["https:\/\/calbernadas.com\/ca\/avis-legal\/"]}]},{"@type":"BreadcrumbList","@id":"https:\/\/calbernadas.com\/ca\/avis-legal\/#breadcrumb","itemListElement":[{"@type":"ListItem","position":1,"name":"Portada","item":"https:\/\/calbernadas.com\/fr\/"},{"@type":"ListItem","position":2,"name":"AVIS JURIDIQUE"}]},{"@type":"WebSite","@id":"https:\/\/calbernadas.com\/ca\/#website","url":"https:\/\/calbernadas.com\/ca\/","name":"Cal Bernad\u00e0s","description":"Turisme rural","publisher":{"@id":"https:\/\/calbernadas.com\/ca\/#organization"},"potentialAction":[{"@type":"SearchAction","target":{"@type":"EntryPoint","urlTemplate":"https:\/\/calbernadas.com\/ca\/?s={search_term_string}"},"query-input":"required name=search_term_string"}],"inLanguage":"fr-FR"},{"@type":"Organization","@id":"https:\/\/calbernadas.com\/ca\/#organization","name":"Cal Bernad\u00e0s","url":"https:\/\/calbernadas.com\/ca\/","logo":{"@type":"ImageObject","inLanguage":"fr-FR","@id":"https:\/\/calbernadas.com\/ca\/#\/schema\/logo\/image\/","url":"https:\/\/calbernadas.com\/wp-content\/uploads\/2017\/03\/logo_calbernadas2.png","contentUrl":"https:\/\/calbernadas.com\/wp-content\/uploads\/2017\/03\/logo_calbernadas2.png","width":169,"height":156,"caption":"Cal Bernad\u00e0s"},"image":{"@id":"https:\/\/calbernadas.com\/ca\/#\/schema\/logo\/image\/"},"sameAs":["https:\/\/www.facebook.com\/calbernadas","https:\/\/twitter.com\/calbernadas","https:\/\/instagram.com\/calbernadas\/","http:\/\/www.youtube.es\/calbernadas"]}]}},"_links":{"self":[{"href":"https:\/\/calbernadas.com\/fr\/wp-json\/wp\/v2\/pages\/21586"}],"collection":[{"href":"https:\/\/calbernadas.com\/fr\/wp-json\/wp\/v2\/pages"}],"about":[{"href":"https:\/\/calbernadas.com\/fr\/wp-json\/wp\/v2\/types\/page"}],"author":[{"embeddable":true,"href":"https:\/\/calbernadas.com\/fr\/wp-json\/wp\/v2\/users\/1"}],"replies":[{"embeddable":true,"href":"https:\/\/calbernadas.com\/fr\/wp-json\/wp\/v2\/comments?post=21586"}],"version-history":[{"count":9,"href":"https:\/\/calbernadas.com\/fr\/wp-json\/wp\/v2\/pages\/21586\/revisions"}],"predecessor-version":[{"id":22236,"href":"https:\/\/calbernadas.com\/fr\/wp-json\/wp\/v2\/pages\/21586\/revisions\/22236"}],"wp:attachment":[{"href":"https:\/\/calbernadas.com\/fr\/wp-json\/wp\/v2\/media?parent=21586"}],"curies":[{"name":"wp","href":"https:\/\/api.w.org\/{rel}","templated":true}]}}