{"id":14276,"date":"2016-10-24T10:35:57","date_gmt":"2016-10-24T10:35:57","guid":{"rendered":"https:\/\/calbernadas.com\/fr\/la-cabana\/"},"modified":"2021-10-07T12:12:30","modified_gmt":"2021-10-07T11:12:30","slug":"la-cabana","status":"publish","type":"page","link":"https:\/\/calbernadas.com\/fr\/celebrations\/la-cabana\/","title":{"rendered":"LA CABANA"},"content":{"rendered":"<p>[vc_row full_width=\u00a0\u00bbstretch_row_content\u00a0\u00bb][vc_column]    <div id=\"carousel\" class=\"carousel slide\" data-ride=\"carousel\">\r\n        <!-- Indicators -->\r\n                 <!-- Wrapper for slides -->\r\n        <div class=\"carousel-inner\" role=\"listbox\">\r\n                                    <div class=\"item active\">\r\n                <img src=\"https:\/\/calbernadas.com\/wp-content\/uploads\/2016\/10\/CB_CEL_CABANA_SLIDE_FR.jpg\" alt=\"image2\"\/>\r\n                <div class=\"carousel-caption\">\r\n                <\/div>\r\n            <\/div>\r\n                                    <div class=\"item \">\r\n                <img src=\"https:\/\/calbernadas.com\/wp-content\/uploads\/2016\/10\/C_lacabana_interior12.jpg\" alt=\"image2\"\/>\r\n                <div class=\"carousel-caption\">\r\n                <\/div>\r\n            <\/div>\r\n                                    <div class=\"item \">\r\n                <img src=\"https:\/\/calbernadas.com\/wp-content\/uploads\/2016\/10\/C_lacabana_interior10.jpg\" alt=\"image2\"\/>\r\n                <div class=\"carousel-caption\">\r\n                <\/div>\r\n            <\/div>\r\n                                    <div class=\"item \">\r\n                <img src=\"https:\/\/calbernadas.com\/wp-content\/uploads\/2016\/10\/C_lacabana_interior3.jpg\" alt=\"image2\"\/>\r\n                <div class=\"carousel-caption\">\r\n                <\/div>\r\n            <\/div>\r\n                                    <div class=\"item \">\r\n                <img src=\"https:\/\/calbernadas.com\/wp-content\/uploads\/2016\/10\/C_lacabana_interior1.jpg\" alt=\"image2\"\/>\r\n                <div class=\"carousel-caption\">\r\n                <\/div>\r\n            <\/div>\r\n                    <\/div>\r\n\r\n        <!-- Controls -->\r\n        <a class=\"left carousel-control\" href=\"#carousel\" role=\"button\" data-slide=\"prev\">\r\n            <span class=\"fa fa-chevron-left\" aria-hidden=\"true\"><\/span>\r\n            <span class=\"sr-only\">Previous<\/span>\r\n        <\/a>\r\n        <a class=\"right carousel-control\" href=\"#carousel\" role=\"button\" data-slide=\"next\">\r\n            <span class=\"fa fa-chevron-right\" aria-hidden=\"true\"><\/span>\r\n            <span class=\"sr-only\">Next<\/span>\r\n        <\/a>\r\n        \r\n    <\/div>\r\n        [\/vc_column][\/vc_row][vc_row full_width=\u00a0\u00bbstretch_row_content_no_spaces\u00a0\u00bb css=\u00a0\u00bb.vc_custom_1478506414449{padding-top: 0px !important;padding-bottom: 0px !important;}\u00a0\u00bb][vc_column][vc_gallery type=\u00a0\u00bbimage_grid\u00a0\u00bb images=\u00a0\u00bb21938,21942,21940,21941,21950,21943,21947,21945,21949,21953&Prime; img_size=\u00a0\u00bb1500&#215;800&Prime; el_class=\u00a0\u00bb cols5&Prime;][\/vc_column][\/vc_row][vc_row css=\u00a0\u00bb.vc_custom_1477971546965{padding-top: 80px !important;padding-bottom: 80px !important;}\u00a0\u00bb][vc_column width=\u00a0\u00bb1\/6&Prime;][\/vc_column][vc_column width=\u00a0\u00bb2\/3&Prime;][vc_column_text]<\/p>\n<h5 style=\"text-align: center;\"><span style=\"color: #cc3366;\">La Cabana est le choix parfait pour c\u00e9l\u00e9brer un \u00e9v\u00e9nement particulier.<br \/>\nNous disposons de diff\u00e9rents espaces pouvant \u00eatre adapt\u00e9s en fonction de vos pr\u00e9f\u00e9rences, avec d\u2019autres h\u00e9bergements \u00e0 proximit\u00e9.<br \/>\n<\/span><\/h5>\n<p>[\/vc_column_text][\/vc_column][vc_column width=\u00a0\u00bb1\/6&Prime;][\/vc_column][\/vc_row][vc_row full_width=\u00a0\u00bbstretch_row\u00a0\u00bb css=\u00a0\u00bb.vc_custom_1478591596599{padding-top: 100px !important;padding-bottom: 100px !important;background-image: url(https:\/\/calbernadas.com\/wp-content\/uploads\/2016\/10\/CEL_habmunt-1.jpg?id=13364) !important;}\u00a0\u00bb parallax_speed=\u00a0\u00bb0.8&Prime; bg_video_transparent=\u00a0\u00bb0&Prime; el_class=\u00a0\u00bbcm-icon-big-item\u00a0\u00bb][vc_column][cs_custom_heading text=\u00a0\u00bbDES ESPACES POUR LA TENUE DE VOTRE \u00c9V\u00c9NEMENT\u00a0\u00bb font_container=\u00a0\u00bbtag:h1|font_size:40px|text_align:center|color:%23ffffff\u00a0\u00bb font_format=\u00a0\u00bb700&Prime; style=\u00a0\u00bbstyle-none\u00a0\u00bb el_class=\u00a0\u00bbcm-tailor-title-site\u00a0\u00bb][\/vc_column][\/vc_row][vc_row css=\u00a0\u00bb.vc_custom_1477557874325{padding-top: 80px !important;padding-bottom: 80px !important;}\u00a0\u00bb][vc_column width=\u00a0\u00bb1\/4&Prime;][\/vc_column][vc_column width=\u00a0\u00bb1\/2&Prime;][vc_column_text]<\/p>\n<h5 style=\"text-align: center;\"><span style=\"color: #cc3366;\">Tout ce que peut vous offrir La Cabana pour votre grand jour : une grande cour, des jardins avec piscine ext\u00e9rieure, un endroit au milieu de la for\u00eat, une salle int\u00e9rieure, etc.<br \/>\nLa Cabana vous offre tout cela, et bien plus encore. D\u00e9couvrez tous les recoins qui feront de votre grand jour une date inoubliable.<br \/>\n<\/span><\/h5>\n<p>[\/vc_column_text][\/vc_column][vc_column width=\u00a0\u00bb1\/4&Prime;][\/vc_column][\/vc_row][vc_row gap=\u00a0\u00bb15&Prime; css=\u00a0\u00bb.vc_custom_1477987114415{padding-top: 15px !important;padding-bottom: 15px !important;}\u00a0\u00bb][vc_column width=\u00a0\u00bb1\/3&Prime;]<div id=\"cshero-fancybox69f0b6a043e18_1777383072\" class=\"cshero-fancybox-wrap clearfix fancybox-layout9  text-center   wpb_animate_when_almost_visible wpb_fade-in\" style=\"border-width: 1px; border-style: solid; border-color: #dddddd;   background: #fafafa\">\n\t<style type=\"text\/css\" scoped>\n        #cshero-fancybox69f0b6a043e18_1777383072.fancybox-layout9:hover .fancy-icon {\n            background-color:#99cc66 !important;\n            border-color: !important;\n            color:#ffffff !important;\n        }\n\n        #cshero-fancybox69f0b6a043e18_1777383072.fancybox-layout9 .fancy-icon.icon-hover-style-3:after{\n    \t\t-webkit-border-radius:;\n    \t\t-moz-border-radius:;\n    \t\t-ms-border-radius:;\n    \t\t-o-border-radius:;\n    \t\tborder-radius:;\n    \t\tbackground-color:#99cc66;\n    \t\tborder-width:1px;\n    \t\tborder-style:solid;\n    \t\tborder-color:;\n\t   }\n               #cshero-fancybox69f0b6a043e18_1777383072 {\n            background: #fafafa;\n        }\n                       #cshero-fancybox69f0b6a043e18_1777383072:hover {\n            background: #fafafa;\n        }\n               \n              \t<\/style>\n    <div class=\"cshero-fancybox-title-image\">\n        <div class=\"cshero-fancybox-icon\">\n                                                <div class=\"cshero-fancybox-image left\">\n                        <img src=\"https:\/\/calbernadas.com\/wp-content\/uploads\/2016\/10\/espais-LC-era.jpg\" alt=\"UN GRAND ESPACE DEVANT LA MAISON\"\/>\n                                             <\/div>\n                                        <\/div>\n        \n        <div class=\"cshero-fancybox-content\" >\n            <div class=\"cshero-fancybox-padding\">\n                <h3 style=\"color: #cc3366;  text-transform: uppercase;\" class=\"cshero-fancybox-title\">\n                    <span class=\"cshero-title-main\">\n                        UN GRAND ESPACE DEVANT LA MAISON                    <\/span>\n                <\/h3>\n                <div class=\"content\">\n                    <\/p>\n<div class=\"uk-width-medium-1-3\">\n<div class=\"uk-panel uk-panel-box\">\n<p>Une grande cour d\u2019entr\u00e9e, ouverte et agr\u00e9ment\u00e9e de jardins, vous souhaite la bienvenue \u00e0 La Cabana, l\u2019endroit id\u00e9al pour la tenue de r\u00e9ceptions et de c\u00e9r\u00e9monies civiles.<\/p>\n<\/div>\n<\/div>\n<p>                <\/div>\n                            <\/div>\n        <\/div>\n       \n    <\/div>\n<\/div>\n[\/vc_column][vc_column width=\u00a0\u00bb1\/3&Prime;]<div id=\"cshero-fancybox69f0b6a0442cb_1777383072\" class=\"cshero-fancybox-wrap clearfix fancybox-layout9  text-center   wpb_animate_when_almost_visible wpb_fade-in\" style=\"border-width: 1px; border-style: solid; border-color: #dddddd;   background: #fafafa\">\n\t<style type=\"text\/css\" scoped>\n        #cshero-fancybox69f0b6a0442cb_1777383072.fancybox-layout9:hover .fancy-icon {\n            background-color:#99cc66 !important;\n            border-color: !important;\n            color:#ffffff !important;\n        }\n\n        #cshero-fancybox69f0b6a0442cb_1777383072.fancybox-layout9 .fancy-icon.icon-hover-style-3:after{\n    \t\t-webkit-border-radius:;\n    \t\t-moz-border-radius:;\n    \t\t-ms-border-radius:;\n    \t\t-o-border-radius:;\n    \t\tborder-radius:;\n    \t\tbackground-color:#99cc66;\n    \t\tborder-width:1px;\n    \t\tborder-style:solid;\n    \t\tborder-color:;\n\t   }\n               #cshero-fancybox69f0b6a0442cb_1777383072 {\n            background: #fafafa;\n        }\n                       #cshero-fancybox69f0b6a0442cb_1777383072:hover {\n            background: #fafafa;\n        }\n               \n              \t<\/style>\n    <div class=\"cshero-fancybox-title-image\">\n        <div class=\"cshero-fancybox-icon\">\n                                                <div class=\"cshero-fancybox-image left\">\n                        <img src=\"https:\/\/calbernadas.com\/wp-content\/uploads\/2016\/10\/espais-LC-bosc.jpg\" alt=\"UN ENDROIT DANS LA FOR\u00caT\"\/>\n                                             <\/div>\n                                        <\/div>\n        \n        <div class=\"cshero-fancybox-content\" >\n            <div class=\"cshero-fancybox-padding\">\n                <h3 style=\"color: #cc3366;  text-transform: uppercase;\" class=\"cshero-fancybox-title\">\n                    <span class=\"cshero-title-main\">\n                        UN ENDROIT DANS LA FOR\u00caT                    <\/span>\n                <\/h3>\n                <div class=\"content\">\n                    <\/p>\n<p style=\"text-align: center;\">\u00c0 50 m\u00e8tres de la maison se trouve un bosquet pour tous les amoureux des endroits secrets et accueillants, o\u00f9 la nature a la part belle.<br \/>\nDes pins, des ch\u00eanes, et de superbes vues sur le domaine de La Cabana, un d\u00e9cor naturel unique qui mue avec les saisons de l\u2019ann\u00e9e.<br \/>\nLa solution id\u00e9ale pour la tenue de c\u00e9r\u00e9monies civiles.<\/p>\n<p>                <\/div>\n                            <\/div>\n        <\/div>\n       \n    <\/div>\n<\/div>\n[\/vc_column][vc_column width=\u00a0\u00bb1\/3&Prime;]<div id=\"cshero-fancybox69f0b6a0447d0_1777383072\" class=\"cshero-fancybox-wrap clearfix fancybox-layout9  text-center   wpb_animate_when_almost_visible wpb_fade-in\" style=\"border-width: 1px; border-style: solid; border-color: #dddddd;   background: #fafafa\">\n\t<style type=\"text\/css\" scoped>\n        #cshero-fancybox69f0b6a0447d0_1777383072.fancybox-layout9:hover .fancy-icon {\n            background-color:#99cc66 !important;\n            border-color: !important;\n            color:#ffffff !important;\n        }\n\n        #cshero-fancybox69f0b6a0447d0_1777383072.fancybox-layout9 .fancy-icon.icon-hover-style-3:after{\n    \t\t-webkit-border-radius:;\n    \t\t-moz-border-radius:;\n    \t\t-ms-border-radius:;\n    \t\t-o-border-radius:;\n    \t\tborder-radius:;\n    \t\tbackground-color:#99cc66;\n    \t\tborder-width:1px;\n    \t\tborder-style:solid;\n    \t\tborder-color:;\n\t   }\n               #cshero-fancybox69f0b6a0447d0_1777383072 {\n            background: #fafafa;\n        }\n                       #cshero-fancybox69f0b6a0447d0_1777383072:hover {\n            background: #fafafa;\n        }\n               \n              \t<\/style>\n    <div class=\"cshero-fancybox-title-image\">\n        <div class=\"cshero-fancybox-icon\">\n                                                <div class=\"cshero-fancybox-image left\">\n                        <img src=\"https:\/\/calbernadas.com\/wp-content\/uploads\/2016\/10\/espais-LC-piscina.jpg\" alt=\"JARDIN AVEC PISCINE EXT\u00c9RIEURE, PORCHE COUVERT ET TOILETTES\"\/>\n                                             <\/div>\n                                        <\/div>\n        \n        <div class=\"cshero-fancybox-content\" >\n            <div class=\"cshero-fancybox-padding\">\n                <h3 style=\"color: #cc3366;  text-transform: uppercase;\" class=\"cshero-fancybox-title\">\n                    <span class=\"cshero-title-main\">\n                        JARDIN AVEC PISCINE EXT\u00c9RIEURE, PORCHE COUVERT ET TOILETTES                    <\/span>\n                <\/h3>\n                <div class=\"content\">\n                    <\/p>\n<p style=\"text-align: center;\">Si vous aimez les c\u00e9l\u00e9brations en ext\u00e9rieur, La Cabana poss\u00e8de de beaux et grands jardins, avec piscine et porche couvert.<br \/>\nEntour\u00e9s de lavande, les jardins donnent sur les champs et offrent un cadre avec une la personnalit\u00e9 unique.<br \/>\nId\u00e9al pour la tenue de c\u00e9r\u00e9monies civiles, d\u2019ap\u00e9ritifs, de banquets et de cocktails.<\/p>\n<p>                <\/div>\n                            <\/div>\n        <\/div>\n       \n    <\/div>\n<\/div>\n[\/vc_column][\/vc_row][vc_row gap=\u00a0\u00bb15&Prime; css=\u00a0\u00bb.vc_custom_1477987114415{padding-top: 15px !important;padding-bottom: 15px !important;}\u00a0\u00bb][vc_column width=\u00a0\u00bb1\/3&Prime;]<div id=\"cshero-fancybox69f0b6a044cc0_1777383072\" class=\"cshero-fancybox-wrap clearfix fancybox-layout9  text-center   wpb_animate_when_almost_visible wpb_fade-in\" style=\"border-width: 1px; border-style: solid; border-color: #dddddd;   background: #fafafa\">\n\t<style type=\"text\/css\" scoped>\n        #cshero-fancybox69f0b6a044cc0_1777383072.fancybox-layout9:hover .fancy-icon {\n            background-color:#99cc66 !important;\n            border-color: !important;\n            color:#ffffff !important;\n        }\n\n        #cshero-fancybox69f0b6a044cc0_1777383072.fancybox-layout9 .fancy-icon.icon-hover-style-3:after{\n    \t\t-webkit-border-radius:;\n    \t\t-moz-border-radius:;\n    \t\t-ms-border-radius:;\n    \t\t-o-border-radius:;\n    \t\tborder-radius:;\n    \t\tbackground-color:#99cc66;\n    \t\tborder-width:1px;\n    \t\tborder-style:solid;\n    \t\tborder-color:;\n\t   }\n               #cshero-fancybox69f0b6a044cc0_1777383072 {\n            background: #fafafa;\n        }\n                       #cshero-fancybox69f0b6a044cc0_1777383072:hover {\n            background: #fafafa;\n        }\n               \n              \t<\/style>\n    <div class=\"cshero-fancybox-title-image\">\n        <div class=\"cshero-fancybox-icon\">\n                                                <div class=\"cshero-fancybox-image left\">\n                        <img src=\"https:\/\/calbernadas.com\/wp-content\/uploads\/2016\/10\/espais-LC-era-davant.jpg\" alt=\"L\u2019ESPACE OUVERT\"\/>\n                                             <\/div>\n                                        <\/div>\n        \n        <div class=\"cshero-fancybox-content\" >\n            <div class=\"cshero-fancybox-padding\">\n                <h3 style=\"color: #cc3366;  text-transform: uppercase;\" class=\"cshero-fancybox-title\">\n                    <span class=\"cshero-title-main\">\n                        L\u2019ESPACE OUVERT                    <\/span>\n                <\/h3>\n                <div class=\"content\">\n                    <\/p>\n<p style=\"text-align: center;\">Juste devant la fa\u00e7ade principale de La Cabana se trouve une belle cour en dur, avec jardin et de superbes vues sur les champs.<br \/>\nId\u00e9al pour la tenue de c\u00e9r\u00e9monies civiles, d\u2019ap\u00e9ritifs, de banquets, de cocktails et de soir\u00e9es dansantes.<\/p>\n<p>                <\/div>\n                            <\/div>\n        <\/div>\n       \n    <\/div>\n<\/div>\n[\/vc_column][vc_column width=\u00a0\u00bb1\/3&Prime;]<div id=\"cshero-fancybox69f0b6a0451cb_1777383072\" class=\"cshero-fancybox-wrap clearfix fancybox-layout9  text-center   wpb_animate_when_almost_visible wpb_fade-in\" style=\"border-width: 1px; border-style: solid; border-color: #dddddd;   background: #fafafa\">\n\t<style type=\"text\/css\" scoped>\n        #cshero-fancybox69f0b6a0451cb_1777383072.fancybox-layout9:hover .fancy-icon {\n            background-color:#99cc66 !important;\n            border-color: !important;\n            color:#ffffff !important;\n        }\n\n        #cshero-fancybox69f0b6a0451cb_1777383072.fancybox-layout9 .fancy-icon.icon-hover-style-3:after{\n    \t\t-webkit-border-radius:;\n    \t\t-moz-border-radius:;\n    \t\t-ms-border-radius:;\n    \t\t-o-border-radius:;\n    \t\tborder-radius:;\n    \t\tbackground-color:#99cc66;\n    \t\tborder-width:1px;\n    \t\tborder-style:solid;\n    \t\tborder-color:;\n\t   }\n               #cshero-fancybox69f0b6a0451cb_1777383072 {\n            background: #fafafa;\n        }\n                       #cshero-fancybox69f0b6a0451cb_1777383072:hover {\n            background: #fafafa;\n        }\n               \n              \t<\/style>\n    <div class=\"cshero-fancybox-title-image\">\n        <div class=\"cshero-fancybox-icon\">\n                                                <div class=\"cshero-fancybox-image left\">\n                        <img src=\"https:\/\/calbernadas.com\/wp-content\/uploads\/2016\/10\/espais-LC-porxo.jpg\" alt=\"SALLE DE 100 M2\"\/>\n                                             <\/div>\n                                        <\/div>\n        \n        <div class=\"cshero-fancybox-content\" >\n            <div class=\"cshero-fancybox-padding\">\n                <h3 style=\"color: #cc3366;  text-transform: uppercase;\" class=\"cshero-fancybox-title\">\n                    <span class=\"cshero-title-main\">\n                        SALLE DE 100 M2                    <\/span>\n                <\/h3>\n                <div class=\"content\">\n                    <\/p>\n<p style=\"text-align: center;\">\u00c0 c\u00f4t\u00e9 du jardin, dans l\u2019annexe de la maison de La Cabana, un ancien porche agricole a \u00e9t\u00e9 am\u00e9nag\u00e9 en salle polyvalente.<br \/>\nUn endroit d\u2019une grande personnalit\u00e9, pratique et commode, id\u00e9al pour y organiser des \u00e9v\u00e9nements pendant toute l\u2019ann\u00e9e.<br \/>\nUn espace d\u00e9gag\u00e9 pouvant \u00eatre adapt\u00e9 en fonction de vos pr\u00e9f\u00e9rences et vos besoins. Id\u00e9al pour la tenue d\u2019ap\u00e9ritifs, de banquets, de cocktails et de soir\u00e9es dansantes.<\/p>\n<p>                <\/div>\n                            <\/div>\n        <\/div>\n       \n    <\/div>\n<\/div>\n[\/vc_column][vc_column width=\u00a0\u00bb1\/3&Prime;]<div id=\"cshero-fancybox69f0b6a04583c_1777383072\" class=\"cshero-fancybox-wrap clearfix fancybox-layout9  text-center   wpb_animate_when_almost_visible wpb_fade-in\" style=\"border-width: 1px; border-style: solid; border-color: #dddddd;   background: #fafafa\">\n\t<style type=\"text\/css\" scoped>\n        #cshero-fancybox69f0b6a04583c_1777383072.fancybox-layout9:hover .fancy-icon {\n            background-color:#99cc66 !important;\n            border-color: !important;\n            color:#ffffff !important;\n        }\n\n        #cshero-fancybox69f0b6a04583c_1777383072.fancybox-layout9 .fancy-icon.icon-hover-style-3:after{\n    \t\t-webkit-border-radius:;\n    \t\t-moz-border-radius:;\n    \t\t-ms-border-radius:;\n    \t\t-o-border-radius:;\n    \t\tborder-radius:;\n    \t\tbackground-color:#99cc66;\n    \t\tborder-width:1px;\n    \t\tborder-style:solid;\n    \t\tborder-color:;\n\t   }\n               #cshero-fancybox69f0b6a04583c_1777383072 {\n            background: #fafafa;\n        }\n                       #cshero-fancybox69f0b6a04583c_1777383072:hover {\n            background: #fafafa;\n        }\n               \n              \t<\/style>\n    <div class=\"cshero-fancybox-title-image\">\n        <div class=\"cshero-fancybox-icon\">\n                                                <div class=\"cshero-fancybox-image left\">\n                        <img src=\"https:\/\/calbernadas.com\/wp-content\/uploads\/2016\/10\/espais-LC-aparcament.jpg\" alt=\"PARKING EXT\u00c9RIEUR\"\/>\n                                             <\/div>\n                                        <\/div>\n        \n        <div class=\"cshero-fancybox-content\" >\n            <div class=\"cshero-fancybox-padding\">\n                <h3 style=\"color: #cc3366;  text-transform: uppercase;\" class=\"cshero-fancybox-title\">\n                    <span class=\"cshero-title-main\">\n                        PARKING EXT\u00c9RIEUR                    <\/span>\n                <\/h3>\n                <div class=\"content\">\n                    <\/p>\n<p style=\"text-align: center;\">Ce parking peut accueillir les voitures de tous vos invit\u00e9s.<\/p>\n<p>                <\/div>\n                            <\/div>\n        <\/div>\n       \n    <\/div>\n<\/div>\n[\/vc_column][\/vc_row][vc_row full_width=\u00a0\u00bbstretch_row\u00a0\u00bb css=\u00a0\u00bb.vc_custom_1478547085381{padding-top: 100px !important;padding-bottom: 100px !important;background-image: url(https:\/\/calbernadas.com\/wp-content\/uploads\/2016\/10\/CEL_habmunt.jpg?id=13204) !important;background-position: 0 0 !important;background-repeat: no-repeat !important;}\u00a0\u00bb parallax_speed=\u00a0\u00bb0.8&Prime; bg_video_transparent=\u00a0\u00bb0&Prime; el_class=\u00a0\u00bbcm-icon-big-item\u00a0\u00bb][vc_column][cs_custom_heading text=\u00a0\u00bbRESTEZ DORMIR \u00c0 LA CABANA<br \/>\nET LOGEZ-Y VOS PROCHES !\u00a0\u00bb font_container=\u00a0\u00bbtag:h1|font_size:40px|text_align:center|color:%23ffffff\u00a0\u00bb font_format=\u00a0\u00bb700&Prime; style=\u00a0\u00bbstyle-none\u00a0\u00bb el_class=\u00a0\u00bbcm-tailor-title-site\u00a0\u00bb][\/vc_column][\/vc_row][vc_row css=\u00a0\u00bb.vc_custom_1477557874325{padding-top: 80px !important;padding-bottom: 80px !important;}\u00a0\u00bb][vc_column width=\u00a0\u00bb1\/4&Prime;][\/vc_column][vc_column width=\u00a0\u00bb1\/2&Prime;][vc_column_text]<\/p>\n<h5 style=\"text-align: center;\"><span style=\"color: #cc3366;\">En plus de sa grande diversit\u00e9 d\u2019espaces et de salles pour la tenue de votre \u00e9v\u00e9nement, La Cabana vous permet \u00e9galement de loger jusqu\u2019\u00e0 22-23 personnes afin de prolonger un peu plus la f\u00eate avec votre famille, vos amis les plus proches, et ceux venus de loin et ne sachant pas o\u00f9 loger.<br \/>\nQu\u2019en pensez-vous ?<br \/>\nLa solution que nous vous proposons est de louer le domaine tout le week-end, du vendredi au dimanche,<br \/>\n<strong>un inoubliable week-end de mariage !<\/strong><\/span><\/h5>\n<p>[\/vc_column_text][\/vc_column][vc_column width=\u00a0\u00bb1\/4&Prime;][\/vc_column][\/vc_row][vc_row full_width=\u00a0\u00bbstretch_row_content_no_spaces\u00a0\u00bb][vc_column width=\u00a0\u00bb1\/4&Prime;]<div id=\"cshero-fancybox69f0b6a045d77_1777383072\" class=\"cshero-fancybox-wrap  clearfix fancybox-layout1  text-left   wpb_animate_when_almost_visible wpb_fade-in\" style=\"border-color: transparent;   \">\n    <style type=\"text\/css\" scoped>\n        #cshero-fancybox69f0b6a045d77_1777383072.fancybox-layout1:hover .fancy-icon {\n            background-color: !important;\n            border-color: !important;\n            color:#000000 !important;\n        }\n\n        #cshero-fancybox69f0b6a045d77_1777383072.fancybox-layout1 .fancy-icon.icon-hover-style-3:after{\n    \t\t-webkit-border-radius:;\n    \t\t-moz-border-radius:;\n    \t\t-ms-border-radius:;\n    \t\t-o-border-radius:;\n    \t\tborder-radius:;\n    \t\tbackground-color:;\n    \t\tborder-width:;\n    \t\tborder-style:none;\n    \t\tborder-color:;\n\t   }\n        \n                #cshero-fancybox69f0b6a045d77_1777383072:hover {\n            background: #ff6666;\n        }\n        \n        \n                     #cshero-fancybox69f0b6a045d77_1777383072 [class^=\"flaticon-\"]:before, \n       #cshero-fancybox69f0b6a045d77_1777383072 [class*=\" flaticon-\"]:before, \n       #cshero-fancybox69f0b6a045d77_1777383072 [class^=\"flaticon-\"]:after, \n       #cshero-fancybox69f0b6a045d77_1777383072 [class*=\" flaticon-\"]:after {\n            font-size: 24px;\n            color: #212121;\n        }\n        #cshero-fancybox69f0b6a045d77_1777383072:hover .cshero-fancybox-title-image [class^=\"flaticon-\"]:before,\n        #cshero-fancybox69f0b6a045d77_1777383072:hover .cshero-fancybox-title-image [class*=\" flaticon-\"]:before,\n        #cshero-fancybox69f0b6a045d77_1777383072:hover .cshero-fancybox-title-image [class^=\"flaticon-\"]:after,\n        #cshero-fancybox69f0b6a045d77_1777383072:hover .cshero-fancybox-title-image [class*=\" flaticon-\"]:after{\n            color: #000000;\n        }\n\t<\/style>\n    <div class=\"cshero-fancybox-title-image\">\n                    <a title=\"\" href=\"https:\/\/calbernadas.com\/fr\/chambre-1-la-cabana\/\">\n                                    <\/a>\n                            <h3 class=\"cshero-fancybox-title-wrap\" style=\"color: #ffffff;  text-transform: uppercase;\">\n                <span class=\"cshero-title-main\"> CHAMBRE 1<\/span>\n            <\/h3>\n                            <div class=\"cshero-fancybox-image\">\n                <img src=\"https:\/\/calbernadas.com\/wp-content\/uploads\/2016\/10\/La-Cabana42.jpg\" alt=\" CHAMBRE 1\" \/>\n            <\/div>\n            <\/div>\n    <\/div>\n[\/vc_column][vc_column width=\u00a0\u00bb1\/4&Prime;]<div id=\"cshero-fancybox69f0b6a046295_1777383072\" class=\"cshero-fancybox-wrap  clearfix fancybox-layout1  text-left   wpb_animate_when_almost_visible wpb_fade-in\" style=\"border-color: transparent;   \">\n    <style type=\"text\/css\" scoped>\n        #cshero-fancybox69f0b6a046295_1777383072.fancybox-layout1:hover .fancy-icon {\n            background-color: !important;\n            border-color: !important;\n            color:#000000 !important;\n        }\n\n        #cshero-fancybox69f0b6a046295_1777383072.fancybox-layout1 .fancy-icon.icon-hover-style-3:after{\n    \t\t-webkit-border-radius:;\n    \t\t-moz-border-radius:;\n    \t\t-ms-border-radius:;\n    \t\t-o-border-radius:;\n    \t\tborder-radius:;\n    \t\tbackground-color:;\n    \t\tborder-width:;\n    \t\tborder-style:none;\n    \t\tborder-color:;\n\t   }\n        \n                #cshero-fancybox69f0b6a046295_1777383072:hover {\n            background: #ff6666;\n        }\n        \n        \n                     #cshero-fancybox69f0b6a046295_1777383072 [class^=\"flaticon-\"]:before, \n       #cshero-fancybox69f0b6a046295_1777383072 [class*=\" flaticon-\"]:before, \n       #cshero-fancybox69f0b6a046295_1777383072 [class^=\"flaticon-\"]:after, \n       #cshero-fancybox69f0b6a046295_1777383072 [class*=\" flaticon-\"]:after {\n            font-size: 24px;\n            color: #212121;\n        }\n        #cshero-fancybox69f0b6a046295_1777383072:hover .cshero-fancybox-title-image [class^=\"flaticon-\"]:before,\n        #cshero-fancybox69f0b6a046295_1777383072:hover .cshero-fancybox-title-image [class*=\" flaticon-\"]:before,\n        #cshero-fancybox69f0b6a046295_1777383072:hover .cshero-fancybox-title-image [class^=\"flaticon-\"]:after,\n        #cshero-fancybox69f0b6a046295_1777383072:hover .cshero-fancybox-title-image [class*=\" flaticon-\"]:after{\n            color: #000000;\n        }\n\t<\/style>\n    <div class=\"cshero-fancybox-title-image\">\n                    <a title=\"\" href=\"https:\/\/calbernadas.com\/fr\/chambre-2-la-cabana\/\">\n                                    <\/a>\n                            <h3 class=\"cshero-fancybox-title-wrap\" style=\"color: #ffffff;  text-transform: uppercase;\">\n                <span class=\"cshero-title-main\"> CHAMBRE 2<\/span>\n            <\/h3>\n                            <div class=\"cshero-fancybox-image\">\n                <img src=\"https:\/\/calbernadas.com\/wp-content\/uploads\/2016\/10\/La-Cabana48.jpg\" alt=\" CHAMBRE 2\" \/>\n            <\/div>\n            <\/div>\n    <\/div>\n[\/vc_column][vc_column width=\u00a0\u00bb1\/4&Prime;]<div id=\"cshero-fancybox69f0b6a0467da_1777383072\" class=\"cshero-fancybox-wrap  clearfix fancybox-layout1  text-left   wpb_animate_when_almost_visible wpb_fade-in\" style=\"border-color: transparent;   \">\n    <style type=\"text\/css\" scoped>\n        #cshero-fancybox69f0b6a0467da_1777383072.fancybox-layout1:hover .fancy-icon {\n            background-color: !important;\n            border-color: !important;\n            color:#000000 !important;\n        }\n\n        #cshero-fancybox69f0b6a0467da_1777383072.fancybox-layout1 .fancy-icon.icon-hover-style-3:after{\n    \t\t-webkit-border-radius:;\n    \t\t-moz-border-radius:;\n    \t\t-ms-border-radius:;\n    \t\t-o-border-radius:;\n    \t\tborder-radius:;\n    \t\tbackground-color:;\n    \t\tborder-width:;\n    \t\tborder-style:none;\n    \t\tborder-color:;\n\t   }\n        \n                #cshero-fancybox69f0b6a0467da_1777383072:hover {\n            background: #ff6666;\n        }\n        \n        \n                     #cshero-fancybox69f0b6a0467da_1777383072 [class^=\"flaticon-\"]:before, \n       #cshero-fancybox69f0b6a0467da_1777383072 [class*=\" flaticon-\"]:before, \n       #cshero-fancybox69f0b6a0467da_1777383072 [class^=\"flaticon-\"]:after, \n       #cshero-fancybox69f0b6a0467da_1777383072 [class*=\" flaticon-\"]:after {\n            font-size: 24px;\n            color: #212121;\n        }\n        #cshero-fancybox69f0b6a0467da_1777383072:hover .cshero-fancybox-title-image [class^=\"flaticon-\"]:before,\n        #cshero-fancybox69f0b6a0467da_1777383072:hover .cshero-fancybox-title-image [class*=\" flaticon-\"]:before,\n        #cshero-fancybox69f0b6a0467da_1777383072:hover .cshero-fancybox-title-image [class^=\"flaticon-\"]:after,\n        #cshero-fancybox69f0b6a0467da_1777383072:hover .cshero-fancybox-title-image [class*=\" flaticon-\"]:after{\n            color: #000000;\n        }\n\t<\/style>\n    <div class=\"cshero-fancybox-title-image\">\n                    <a title=\"\" href=\"https:\/\/calbernadas.com\/fr\/chambre-3-la-cabana\/\">\n                                    <\/a>\n                            <h3 class=\"cshero-fancybox-title-wrap\" style=\"color: #ffffff;  text-transform: uppercase;\">\n                <span class=\"cshero-title-main\"> CHAMBRE 3<\/span>\n            <\/h3>\n                            <div class=\"cshero-fancybox-image\">\n                <img src=\"https:\/\/calbernadas.com\/wp-content\/uploads\/2016\/10\/La-Cabana54.jpg\" alt=\" CHAMBRE 3\" \/>\n            <\/div>\n            <\/div>\n    <\/div>\n[\/vc_column][vc_column width=\u00a0\u00bb1\/4&Prime;]<div id=\"cshero-fancybox69f0b6a046db9_1777383072\" class=\"cshero-fancybox-wrap  clearfix fancybox-layout1  text-left   wpb_animate_when_almost_visible wpb_fade-in\" style=\"border-color: transparent;   \">\n    <style type=\"text\/css\" scoped>\n        #cshero-fancybox69f0b6a046db9_1777383072.fancybox-layout1:hover .fancy-icon {\n            background-color: !important;\n            border-color: !important;\n            color:#000000 !important;\n        }\n\n        #cshero-fancybox69f0b6a046db9_1777383072.fancybox-layout1 .fancy-icon.icon-hover-style-3:after{\n    \t\t-webkit-border-radius:;\n    \t\t-moz-border-radius:;\n    \t\t-ms-border-radius:;\n    \t\t-o-border-radius:;\n    \t\tborder-radius:;\n    \t\tbackground-color:;\n    \t\tborder-width:;\n    \t\tborder-style:none;\n    \t\tborder-color:;\n\t   }\n        \n                #cshero-fancybox69f0b6a046db9_1777383072:hover {\n            background: #ff6666;\n        }\n        \n        \n                     #cshero-fancybox69f0b6a046db9_1777383072 [class^=\"flaticon-\"]:before, \n       #cshero-fancybox69f0b6a046db9_1777383072 [class*=\" flaticon-\"]:before, \n       #cshero-fancybox69f0b6a046db9_1777383072 [class^=\"flaticon-\"]:after, \n       #cshero-fancybox69f0b6a046db9_1777383072 [class*=\" flaticon-\"]:after {\n            font-size: 24px;\n            color: #212121;\n        }\n        #cshero-fancybox69f0b6a046db9_1777383072:hover .cshero-fancybox-title-image [class^=\"flaticon-\"]:before,\n        #cshero-fancybox69f0b6a046db9_1777383072:hover .cshero-fancybox-title-image [class*=\" flaticon-\"]:before,\n        #cshero-fancybox69f0b6a046db9_1777383072:hover .cshero-fancybox-title-image [class^=\"flaticon-\"]:after,\n        #cshero-fancybox69f0b6a046db9_1777383072:hover .cshero-fancybox-title-image [class*=\" flaticon-\"]:after{\n            color: #000000;\n        }\n\t<\/style>\n    <div class=\"cshero-fancybox-title-image\">\n                    <a title=\"\" href=\"https:\/\/calbernadas.com\/fr\/chambre-4-la-cabana\/\">\n                                    <\/a>\n                            <h3 class=\"cshero-fancybox-title-wrap\" style=\"color: #ffffff;  text-transform: uppercase;\">\n                <span class=\"cshero-title-main\"> CHAMBRE 4<\/span>\n            <\/h3>\n                            <div class=\"cshero-fancybox-image\">\n                <img src=\"https:\/\/calbernadas.com\/wp-content\/uploads\/2016\/10\/La-Cabana67.jpg\" alt=\" CHAMBRE 4\" \/>\n            <\/div>\n            <\/div>\n    <\/div>\n[\/vc_column][\/vc_row][vc_row full_width=\u00a0\u00bbstretch_row_content_no_spaces\u00a0\u00bb css=\u00a0\u00bb.vc_custom_1478593982421{padding-bottom: 80px !important;}\u00a0\u00bb][vc_column width=\u00a0\u00bb1\/4&Prime;]<div id=\"cshero-fancybox69f0b6a0472c1_1777383072\" class=\"cshero-fancybox-wrap  clearfix fancybox-layout1  text-left   wpb_animate_when_almost_visible wpb_fade-in\" style=\"border-color: transparent;   \">\n    <style type=\"text\/css\" scoped>\n        #cshero-fancybox69f0b6a0472c1_1777383072.fancybox-layout1:hover .fancy-icon {\n            background-color: !important;\n            border-color: !important;\n            color:#000000 !important;\n        }\n\n        #cshero-fancybox69f0b6a0472c1_1777383072.fancybox-layout1 .fancy-icon.icon-hover-style-3:after{\n    \t\t-webkit-border-radius:;\n    \t\t-moz-border-radius:;\n    \t\t-ms-border-radius:;\n    \t\t-o-border-radius:;\n    \t\tborder-radius:;\n    \t\tbackground-color:;\n    \t\tborder-width:;\n    \t\tborder-style:none;\n    \t\tborder-color:;\n\t   }\n        \n                #cshero-fancybox69f0b6a0472c1_1777383072:hover {\n            background: #ff6666;\n        }\n        \n        \n                     #cshero-fancybox69f0b6a0472c1_1777383072 [class^=\"flaticon-\"]:before, \n       #cshero-fancybox69f0b6a0472c1_1777383072 [class*=\" flaticon-\"]:before, \n       #cshero-fancybox69f0b6a0472c1_1777383072 [class^=\"flaticon-\"]:after, \n       #cshero-fancybox69f0b6a0472c1_1777383072 [class*=\" flaticon-\"]:after {\n            font-size: 24px;\n            color: #212121;\n        }\n        #cshero-fancybox69f0b6a0472c1_1777383072:hover .cshero-fancybox-title-image [class^=\"flaticon-\"]:before,\n        #cshero-fancybox69f0b6a0472c1_1777383072:hover .cshero-fancybox-title-image [class*=\" flaticon-\"]:before,\n        #cshero-fancybox69f0b6a0472c1_1777383072:hover .cshero-fancybox-title-image [class^=\"flaticon-\"]:after,\n        #cshero-fancybox69f0b6a0472c1_1777383072:hover .cshero-fancybox-title-image [class*=\" flaticon-\"]:after{\n            color: #000000;\n        }\n\t<\/style>\n    <div class=\"cshero-fancybox-title-image\">\n                    <a title=\"\" href=\"https:\/\/calbernadas.com\/fr\/chambre-5-la-cabana\/\">\n                                    <\/a>\n                            <h3 class=\"cshero-fancybox-title-wrap\" style=\"color: #ffffff;  text-transform: uppercase;\">\n                <span class=\"cshero-title-main\"> CHAMBRE 5<\/span>\n            <\/h3>\n                            <div class=\"cshero-fancybox-image\">\n                <img src=\"https:\/\/calbernadas.com\/wp-content\/uploads\/2016\/10\/La-Cabana73.jpg\" alt=\" CHAMBRE 5\" \/>\n            <\/div>\n            <\/div>\n    <\/div>\n[\/vc_column][vc_column width=\u00a0\u00bb1\/4&Prime;]<div id=\"cshero-fancybox69f0b6a0477b1_1777383072\" class=\"cshero-fancybox-wrap  clearfix fancybox-layout1  text-left   wpb_animate_when_almost_visible wpb_fade-in\" style=\"border-color: transparent;   \">\n    <style type=\"text\/css\" scoped>\n        #cshero-fancybox69f0b6a0477b1_1777383072.fancybox-layout1:hover .fancy-icon {\n            background-color: !important;\n            border-color: !important;\n            color:#000000 !important;\n        }\n\n        #cshero-fancybox69f0b6a0477b1_1777383072.fancybox-layout1 .fancy-icon.icon-hover-style-3:after{\n    \t\t-webkit-border-radius:;\n    \t\t-moz-border-radius:;\n    \t\t-ms-border-radius:;\n    \t\t-o-border-radius:;\n    \t\tborder-radius:;\n    \t\tbackground-color:;\n    \t\tborder-width:;\n    \t\tborder-style:none;\n    \t\tborder-color:;\n\t   }\n        \n                #cshero-fancybox69f0b6a0477b1_1777383072:hover {\n            background: #ff6666;\n        }\n        \n        \n                     #cshero-fancybox69f0b6a0477b1_1777383072 [class^=\"flaticon-\"]:before, \n       #cshero-fancybox69f0b6a0477b1_1777383072 [class*=\" flaticon-\"]:before, \n       #cshero-fancybox69f0b6a0477b1_1777383072 [class^=\"flaticon-\"]:after, \n       #cshero-fancybox69f0b6a0477b1_1777383072 [class*=\" flaticon-\"]:after {\n            font-size: 24px;\n            color: #212121;\n        }\n        #cshero-fancybox69f0b6a0477b1_1777383072:hover .cshero-fancybox-title-image [class^=\"flaticon-\"]:before,\n        #cshero-fancybox69f0b6a0477b1_1777383072:hover .cshero-fancybox-title-image [class*=\" flaticon-\"]:before,\n        #cshero-fancybox69f0b6a0477b1_1777383072:hover .cshero-fancybox-title-image [class^=\"flaticon-\"]:after,\n        #cshero-fancybox69f0b6a0477b1_1777383072:hover .cshero-fancybox-title-image [class*=\" flaticon-\"]:after{\n            color: #000000;\n        }\n\t<\/style>\n    <div class=\"cshero-fancybox-title-image\">\n                    <a title=\"\" href=\"https:\/\/calbernadas.com\/fr\/chambre-6-la-cabana\/\">\n                                    <\/a>\n                            <h3 class=\"cshero-fancybox-title-wrap\" style=\"color: #ffffff;  text-transform: uppercase;\">\n                <span class=\"cshero-title-main\"> CHAMBRE 6<\/span>\n            <\/h3>\n                            <div class=\"cshero-fancybox-image\">\n                <img src=\"https:\/\/calbernadas.com\/wp-content\/uploads\/2016\/10\/La-Cabana81.jpg\" alt=\" CHAMBRE 6\" \/>\n            <\/div>\n            <\/div>\n    <\/div>\n[\/vc_column][vc_column width=\u00a0\u00bb1\/4&Prime;]<div id=\"cshero-fancybox69f0b6a047c9f_1777383072\" class=\"cshero-fancybox-wrap  clearfix fancybox-layout1  text-left   wpb_animate_when_almost_visible wpb_fade-in\" style=\"border-color: transparent;   \">\n    <style type=\"text\/css\" scoped>\n        #cshero-fancybox69f0b6a047c9f_1777383072.fancybox-layout1:hover .fancy-icon {\n            background-color: !important;\n            border-color: !important;\n            color:#000000 !important;\n        }\n\n        #cshero-fancybox69f0b6a047c9f_1777383072.fancybox-layout1 .fancy-icon.icon-hover-style-3:after{\n    \t\t-webkit-border-radius:;\n    \t\t-moz-border-radius:;\n    \t\t-ms-border-radius:;\n    \t\t-o-border-radius:;\n    \t\tborder-radius:;\n    \t\tbackground-color:;\n    \t\tborder-width:;\n    \t\tborder-style:none;\n    \t\tborder-color:;\n\t   }\n        \n                #cshero-fancybox69f0b6a047c9f_1777383072:hover {\n            background: #ff6666;\n        }\n        \n        \n                     #cshero-fancybox69f0b6a047c9f_1777383072 [class^=\"flaticon-\"]:before, \n       #cshero-fancybox69f0b6a047c9f_1777383072 [class*=\" flaticon-\"]:before, \n       #cshero-fancybox69f0b6a047c9f_1777383072 [class^=\"flaticon-\"]:after, \n       #cshero-fancybox69f0b6a047c9f_1777383072 [class*=\" flaticon-\"]:after {\n            font-size: 24px;\n            color: #212121;\n        }\n        #cshero-fancybox69f0b6a047c9f_1777383072:hover .cshero-fancybox-title-image [class^=\"flaticon-\"]:before,\n        #cshero-fancybox69f0b6a047c9f_1777383072:hover .cshero-fancybox-title-image [class*=\" flaticon-\"]:before,\n        #cshero-fancybox69f0b6a047c9f_1777383072:hover .cshero-fancybox-title-image [class^=\"flaticon-\"]:after,\n        #cshero-fancybox69f0b6a047c9f_1777383072:hover .cshero-fancybox-title-image [class*=\" flaticon-\"]:after{\n            color: #000000;\n        }\n\t<\/style>\n    <div class=\"cshero-fancybox-title-image\">\n                    <a title=\"\" href=\"https:\/\/calbernadas.com\/fr\/chambre-7-la-cabana\/\">\n                                    <\/a>\n                            <h3 class=\"cshero-fancybox-title-wrap\" style=\"color: #ffffff;  text-transform: uppercase;\">\n                <span class=\"cshero-title-main\"> CHAMBRE 7<\/span>\n            <\/h3>\n                            <div class=\"cshero-fancybox-image\">\n                <img src=\"https:\/\/calbernadas.com\/wp-content\/uploads\/2016\/10\/La-Cabana88.jpg\" alt=\" CHAMBRE 7\" \/>\n            <\/div>\n            <\/div>\n    <\/div>\n[\/vc_column][vc_column width=\u00a0\u00bb1\/4&Prime;][\/vc_column][\/vc_row][vc_row full_width=\u00a0\u00bbstretch_row\u00a0\u00bb css=\u00a0\u00bb.vc_custom_1478547063097{padding-top: 100px !important;padding-bottom: 100px !important;background-image: url(https:\/\/calbernadas.com\/wp-content\/uploads\/2016\/10\/CEL_equipaments.jpg?id=13362) !important;}\u00a0\u00bb parallax_speed=\u00a0\u00bb0.8&Prime; bg_video_transparent=\u00a0\u00bb0&Prime; el_class=\u00a0\u00bbcm-icon-big-item\u00a0\u00bb][vc_column][cs_custom_heading text=\u00a0\u00bb\u00c9QUIPEMENT\u00a0\u00bb font_container=\u00a0\u00bbtag:h1|font_size:40px|text_align:center|color:%23ffffff\u00a0\u00bb font_format=\u00a0\u00bb700&Prime; style=\u00a0\u00bbstyle-none\u00a0\u00bb el_class=\u00a0\u00bbcm-tailor-title-site\u00a0\u00bb][\/vc_column][\/vc_row][vc_row gap=\u00a0\u00bb15&Prime; equal_height=\u00a0\u00bbyes\u00a0\u00bb css=\u00a0\u00bb.vc_custom_1477972342110{padding-top: 80px !important;padding-bottom: 80px !important;}\u00a0\u00bb][vc_column width=\u00a0\u00bb1\/4&Prime; css=\u00a0\u00bb.vc_custom_1477972421378{padding-right: 15px !important;padding-left: 15px !important;}\u00a0\u00bb][vc_column_text]<\/p>\n<h3><span style=\"color: #cc3366;\">REZ-DE-CHAUSS\u00c9E<\/span><\/h3>\n<p><img decoding=\"async\" src=\"https:\/\/www.calbernadas.com\/images\/CEL\/font-awesome\/home.png\" alt=\"Entrada antiga\" width=\"21\" \/> Ancienne entr\u00e9e<\/p>\n<p><img decoding=\"async\" src=\"https:\/\/www.calbernadas.com\/images\/CEL\/font-awesome\/dot.png\" alt=\"Sala de jocs amb ping-pong\" width=\"21\" \/> Salle de jeux avec table de ping-pong<\/p>\n<p><img decoding=\"async\" src=\"https:\/\/www.calbernadas.com\/images\/CEL\/font-awesome\/home.png\" alt=\"Sala polivalent de 100m2 amb barbacoa i banys\" width=\"21\" \/>Salle polyvalente de 100 m<sup>2<\/sup>avec barbecue et toilettes [\/vc_column_text][\/vc_column][vc_column width=\u00a0\u00bb1\/4&Prime; css=\u00a0\u00bb.vc_custom_1477972427801{border-left-width: 1px !important;padding-right: 15px !important;padding-left: 15px !important;border-left-color: #dddddd !important;border-left-style: solid !important;}\u00a0\u00bb][vc_column_text]<\/p>\n<h3><span style=\"color: #cc3366;\">PREMIER \u00c9TAGE<\/span><\/h3>\n<p><img decoding=\"async\" src=\"https:\/\/www.calbernadas.com\/images\/CEL\/font-awesome\/cooking26.png\" alt=\"Cuina\" width=\"21\" \/> Cuisine<\/p>\n<p><img decoding=\"async\" src=\"https:\/\/www.calbernadas.com\/images\/CEL\/font-awesome\/cutlery22.png\" alt=\"Menjador\" width=\"21\" \/> Salle \u00e0 manger<\/p>\n<p><img decoding=\"async\" src=\"https:\/\/www.calbernadas.com\/images\/CEL\/font-awesome\/sofa13.png\" alt=\"Sala d\u2019estar amb llar de foc, TV, DVD i equip de m\u00fasica\" width=\"21\" \/> Salon avec chemin\u00e9e, TV<\/p>\n<p><img decoding=\"async\" src=\"https:\/\/www.calbernadas.com\/images\/CEL\/font-awesome\/key195.png\" alt=\"Habitaci\u00f3 n\u00ba1: Doble amb llits individuals i bany. 0.90x2m. TWIN\" width=\"21\" \/>Chambre n\u00ba 1 : Chambre pour deux personnes avec lits individuels et salle de bain. 0,90 x 2 m. LITS TWINS<\/p>\n<p><img decoding=\"async\" src=\"https:\/\/www.calbernadas.com\/images\/CEL\/font-awesome\/key195.png\" alt=\"Habitaci\u00f3 n\u00ba2: Doble amb llits individuals i bany. 0.90x2m. TWIN\" width=\"21\" \/> Chambre n\u00ba 2 : Chambre pour deux personnes avec lits individuels et salle de bain. 0,90 x 2 m. LITS TWINS<\/p>\n<p><img decoding=\"async\" src=\"https:\/\/www.calbernadas.com\/images\/CEL\/font-awesome\/key195.png\" alt=\"Habitaci\u00f3 n\u00ba3: Triple amb llit doble (1.5x2m) i llit individual (0.90x2m), bany. 1.5x2m i 0.90x2m. TRIPLE\" width=\"21\" \/> Chambre n\u00ba 3 : Chambre pour trois personnes avec un grand lit (1,5 x 2 m) et un lit individuel (0,90 x 2 m), salle de bain. 1,5 x 2 m et 0,90 x 2 m. TRIPLE[\/vc_column_text][\/vc_column][vc_column width=\u00a0\u00bb1\/4&Prime; css=\u00a0\u00bb.vc_custom_1477972434169{border-left-width: 1px !important;padding-right: 15px !important;padding-left: 15px !important;border-left-color: #dddddd !important;border-left-style: solid !important;}\u00a0\u00bb][vc_column_text]<\/p>\n<h3><span style=\"color: #cc3366;\">DEUXI\u00c8ME \u00c9TAGE<\/span><\/h3>\n<p><img decoding=\"async\" src=\"https:\/\/www.calbernadas.com\/images\/CEL\/font-awesome\/sofa13.png\" alt=\"Sala d\u2019estar amb sof\u00e0s, llar de foc i TV\" width=\"21\" \/>Salon avec canap\u00e9s, chemin\u00e9e et TV<\/p>\n<p><img decoding=\"async\" src=\"https:\/\/www.calbernadas.com\/images\/CEL\/font-awesome\/key195.png\" alt=\"Habitaci\u00f3 n\u00ba4. Doble amb llits individuals i bany 0.90x2m. TWIN\" width=\"21\" \/> Chambre n\u00ba 4 : Chambre pour deux personnes avec lits individuels et salle de bain. 0,90 x 2 m. LITS TWINS<\/p>\n<p><img decoding=\"async\" src=\"https:\/\/www.calbernadas.com\/images\/CEL\/font-awesome\/key195.png\" alt=\"Habitaci\u00f3 n\u00ba5: Doble amb bany. 1.5x2m. QUEEN\" width=\"21\" \/> Chambre n\u00ba 5 : Chambre pour deux personnes avec salle de bain. 1,5 x 2 m. LIT QUEEN SIZE<\/p>\n<p><img decoding=\"async\" src=\"https:\/\/www.calbernadas.com\/images\/CEL\/font-awesome\/key195.png\" alt=\"Habitaci\u00f3 n\u00ba6: Doble amb bany. 1.5x2m. QUEEN\" width=\"21\" \/> Chambre n\u00ba 6 : Chambre pour deux personnes avec salle de bain. 1,5 x 2 m. LIT QUEEN SIZE<\/p>\n<p><img decoding=\"async\" src=\"https:\/\/www.calbernadas.com\/images\/CEL\/font-awesome\/key195.png\" alt=\"Habitaci\u00f3 n\u00ba7: Doble amb llits individuals i bany 0.90x2m. TWIN\" width=\"21\" \/> Chambre n\u00ba 7 : Chambre pour deux personnes avec lits individuels et salle de bain. 0,90 x 2 m. LITS TWINS[\/vc_column_text][\/vc_column][vc_column width=\u00a0\u00bb1\/4&Prime; css=\u00a0\u00bb.vc_custom_1477972443385{border-left-width: 1px !important;padding-right: 15px !important;padding-left: 15px !important;border-left-color: #dddddd !important;border-left-style: solid !important;}\u00a0\u00bb][vc_column_text]<\/p>\n<div class=\"uk-grid uk-grid-divider\" data-uk-grid-margin=\"\">\n<div class=\"uk-width-medium-1-4 uk-scrollspy-init-inview uk-scrollspy-inview uk-animation-slide-right\" data-uk-scrollspy=\"{cls:'uk-animation-slide-right', delay:900}\">\n<h3><span style=\"color: #cc3366;\">EXT\u00c9RIEUR<\/span><\/h3>\n<p><img decoding=\"async\" src=\"https:\/\/www.calbernadas.com\/images\/CEL\/font-awesome\/home.png\" alt=\"Sala polivalent de 100m2 amb barbacoa\" width=\"21\" \/> Salle polyvalente de 100 m2 avec barbecue<\/p>\n<p><img decoding=\"async\" src=\"https:\/\/www.calbernadas.com\/images\/CEL\/font-awesome\/safety11.png\" alt=\"Piscina exterior (5x9m)\" width=\"21\" \/> Piscine ext\u00e9rieure (5 x 9 m)<\/p>\n<p><img decoding=\"async\" src=\"https:\/\/www.calbernadas.com\/images\/CEL\/font-awesome\/branch.png\" alt=\"Jard\u00ed\" width=\"21\" \/> Jardin<\/p>\n<p><img decoding=\"async\" src=\"https:\/\/www.calbernadas.com\/images\/CEL\/font-awesome\/home.png\" alt=\"Porxo cobert amb mobiliari de jard\u00ed\" width=\"21\" \/> Porche ouvert avec meubles de jardin<\/p>\n<p><img decoding=\"async\" src=\"https:\/\/www.calbernadas.com\/images\/CEL\/font-awesome\/shower17.png\" alt=\"WCs\" width=\"21\" \/> Toilettes<\/p>\n<p><img decoding=\"async\" src=\"https:\/\/www.calbernadas.com\/images\/CEL\/font-awesome\/beach15.png\" alt=\"Sala de jocs amb ping-pong\" width=\"21\" \/> Salle de jeux avec table de ping-pong<\/p>\n<p><img decoding=\"async\" src=\"https:\/\/www.calbernadas.com\/images\/CEL\/font-awesome\/sportsball1.png\" alt=\"Sala de jocs amb ping-pong\" width=\"21\" \/> Court de paddle<\/p>\n<p><img decoding=\"async\" src=\"https:\/\/www.calbernadas.com\/images\/CEL\/font-awesome\/safari7.png\" alt=\"Sala de jocs amb ping-pong\" width=\"21\" \/>Parking ext\u00e9rieur priv\u00e9<\/p>\n<\/div>\n<\/div>\n<p>[\/vc_column_text][\/vc_column][\/vc_row][vc_row gap=\u00a0\u00bb15&Prime; equal_height=\u00a0\u00bbyes\u00a0\u00bb css=\u00a0\u00bb.vc_custom_1477974046029{padding-bottom: 80px !important;}\u00a0\u00bb][vc_column width=\u00a0\u00bb1\/4&Prime; css=\u00a0\u00bb.vc_custom_1477972421378{padding-right: 15px !important;padding-left: 15px !important;}\u00a0\u00bb][vc_column_text]<\/p>\n<h3><span style=\"color: #cc3366;\">ET DE PLUS\u2026<\/span><\/h3>\n<p><img decoding=\"async\" src=\"https:\/\/www.calbernadas.com\/images\/CEL\/font-awesome\/align14.png\" alt=\"Roba de llit\" width=\"21\" \/> Draps<\/p>\n<p><img decoding=\"async\" src=\"https:\/\/www.calbernadas.com\/images\/CEL\/font-awesome\/align14.png\" alt=\"Tovalloles de bany\" width=\"21\" \/> Serviettes de bain<\/p>\n<p><img decoding=\"async\" src=\"https:\/\/www.calbernadas.com\/images\/CEL\/font-awesome\/shower17.png\" alt=\"Bany per habitaci\u00f3\" width=\"21\" \/> Salles de bain priv\u00e9es<\/p>\n<p><img decoding=\"async\" src=\"https:\/\/www.calbernadas.com\/images\/CEL\/font-awesome\/hair-salon16.png\" alt=\"Assecadors de cabell\" width=\"21\" \/> S\u00e8che-cheveux<\/p>\n<p><img decoding=\"async\" src=\"https:\/\/www.calbernadas.com\/images\/CEL\/font-awesome\/fire16.png\" alt=\"Calefacci\u00f3\" width=\"21\" \/> Chauffage<\/p>\n<p><img decoding=\"async\" src=\"https:\/\/www.calbernadas.com\/images\/CEL\/font-awesome\/fans8.png\" alt=\"Ventiladors\" width=\"21\" \/> Ventilateurs[\/vc_column_text][\/vc_column][vc_column width=\u00a0\u00bb1\/4&Prime; css=\u00a0\u00bb.vc_custom_1477972427801{border-left-width: 1px !important;padding-right: 15px !important;padding-left: 15px !important;border-left-color: #dddddd !important;border-left-style: solid !important;}\u00a0\u00bb][vc_column_text]<\/p>\n<h3><\/h3>\n<p><img decoding=\"async\" src=\"https:\/\/www.calbernadas.com\/images\/CEL\/font-awesome\/wifi.png\" alt=\"Wi-Fi\" width=\"21\" \/>\u00a0Wi-Fi<\/p>\n<p><img decoding=\"async\" src=\"https:\/\/www.calbernadas.com\/images\/CEL\/font-awesome\/desktop14.png\" alt=\"2 TVs\" width=\"21\" \/> 2 t\u00e9l\u00e9visions<\/p>\n<p><img decoding=\"async\" src=\"https:\/\/www.calbernadas.com\/images\/CEL\/font-awesome\/kitchen-pack-25.png\" alt=\"Forn\" width=\"21\" \/> Four traditionnel<\/p>\n<p><img decoding=\"async\" src=\"https:\/\/www.calbernadas.com\/images\/CEL\/font-awesome\/kitchen-pack-25.png\" alt=\"Microones\" width=\"21\" \/> Four micro-ondes<\/p>\n<p><img decoding=\"async\" src=\"https:\/\/www.calbernadas.com\/images\/CEL\/font-awesome\/clothes6.png\" alt=\"Rentaplats\" width=\"21\" \/> Lave-vaisselle<\/p>\n<p><img decoding=\"async\" src=\"https:\/\/www.calbernadas.com\/images\/CEL\/font-awesome\/clothes6.png\" alt=\"Pastilles rentaplats, fregalls, sab\u00f3 de rentar plats i draps de cuina\" width=\"21\" \/>Tablettes pour lave-vaisselle, lavettes, produit vaisselle et torchons[\/vc_column_text][\/vc_column][vc_column width=\u00a0\u00bb1\/4&Prime; css=\u00a0\u00bb.vc_custom_1477972434169{border-left-width: 1px !important;padding-right: 15px !important;padding-left: 15px !important;border-left-color: #dddddd !important;border-left-style: solid !important;}\u00a0\u00bb][vc_column_text]<\/p>\n<h3><\/h3>\n<p><img decoding=\"async\" src=\"https:\/\/www.calbernadas.com\/images\/CEL\/font-awesome\/mixing3.png\" alt=\"Minipimer\" width=\"21\" \/> Mixeur<\/p>\n<p><img decoding=\"async\" src=\"https:\/\/www.calbernadas.com\/images\/CEL\/font-awesome\/bakery10.png\" alt=\"Torradora\" width=\"21\" \/> Grille-pain<\/p>\n<p><img decoding=\"async\" src=\"https:\/\/www.calbernadas.com\/images\/CEL\/font-awesome\/cafe.png\" alt=\"Cafetera italiana\" width=\"21\" \/> Cafeti\u00e8re italienne<\/p>\n<p><img decoding=\"async\" src=\"https:\/\/www.calbernadas.com\/images\/CEL\/font-awesome\/cafe.png\" alt=\"Cafetera nespresso\" width=\"21\" \/> Cafeti\u00e8re Nespresso<\/p>\n<p><img decoding=\"async\" src=\"https:\/\/www.calbernadas.com\/images\/CEL\/font-awesome\/cafe.png\" alt=\"Cafetera americana\" width=\"21\" \/> Cafeti\u00e8re \u00e0 filtre<\/p>\n<p><img decoding=\"async\" src=\"https:\/\/www.calbernadas.com\/images\/CEL\/font-awesome\/align14.png\" alt=\"Estovalles i tovallons\" width=\"21\" \/> Serviettes de toilette et serviettes de table [\/vc_column_text][\/vc_column][vc_column width=\u00a0\u00bb1\/4&Prime; css=\u00a0\u00bb.vc_custom_1477972443385{border-left-width: 1px !important;padding-right: 15px !important;padding-left: 15px !important;border-left-color: #dddddd !important;border-left-style: solid !important;}\u00a0\u00bb][vc_column_text]<\/p>\n<h3><\/h3>\n<p><img decoding=\"async\" src=\"https:\/\/www.calbernadas.com\/images\/CEL\/font-awesome\/cooking26.png\" alt=\"Paeller, paella i gas but\u00e0\" width=\"21\" \/> R\u00e9chaud, po\u00eale pour paella et bombonne de butane<\/p>\n<p><img decoding=\"async\" src=\"https:\/\/www.calbernadas.com\/images\/CEL\/font-awesome\/clothes6.png\" alt=\"Rentadora\" width=\"21\" \/> RenMachine \u00e0 laver<\/p>\n<p><img decoding=\"async\" src=\"https:\/\/www.calbernadas.com\/images\/CEL\/font-awesome\/fire16.png\" alt=\"Llenya\" width=\"21\" \/> Bois<\/p>\n<p><img decoding=\"async\" src=\"https:\/\/www.calbernadas.com\/images\/CEL\/font-awesome\/baby84.png\" alt=\"Bressol\" width=\"21\" \/> Bressola<\/p>\n<p><img decoding=\"async\" src=\"https:\/\/www.calbernadas.com\/images\/CEL\/font-awesome\/baby84.png\" alt=\"Trona\" width=\"21\" \/> Chaise haute<\/p>\n<p><img decoding=\"async\" src=\"https:\/\/www.calbernadas.com\/images\/CEL\/font-awesome\/baby84.png\" alt=\"Gandules\" width=\"21\" \/> Transats[\/vc_column_text][\/vc_column][\/vc_row][vc_row full_width=\u00a0\u00bbstretch_row\u00a0\u00bb css=\u00a0\u00bb.vc_custom_1478547649926{padding-top: 100px !important;padding-bottom: 100px !important;background-image: url(https:\/\/calbernadas.com\/wp-content\/uploads\/2016\/10\/CEL_habmunt-1.jpg?id=13364) !important;}\u00a0\u00bb parallax_speed=\u00a0\u00bb0.8&Prime; bg_video_transparent=\u00a0\u00bb0&Prime; el_class=\u00a0\u00bbcm-icon-big-item\u00a0\u00bb][vc_column][cs_custom_heading text=\u00a0\u00bbVOUS DEVEZ H\u00c9BERGER PLUS DE PERSONNES ?\u00a0\u00bb font_container=\u00a0\u00bbtag:h1|font_size:40px|text_align:center|color:%23ffffff\u00a0\u00bb font_format=\u00a0\u00bb700&Prime; style=\u00a0\u00bbstyle-none\u00a0\u00bb el_class=\u00a0\u00bbcm-tailor-title-site\u00a0\u00bb][\/vc_column][\/vc_row][vc_row css=\u00a0\u00bb.vc_custom_1477557874325{padding-top: 80px !important;padding-bottom: 80px !important;}\u00a0\u00bb][vc_column][vc_column_text]<\/p>\n<h5 style=\"text-align: center;\"><span style=\"color: #cc3366;\">Deux g\u00eetes ruraux se trouvent \u00e0 5 minutes de La Cabana pour le reste de vos invit\u00e9s.<br \/>\n<\/span><\/h5>\n<p>[\/vc_column_text][\/vc_column][\/vc_row][vc_row full_width=\u00a0\u00bbstretch_row_content_no_spaces\u00a0\u00bb css=\u00a0\u00bb.vc_custom_1478594503405{padding-bottom: 80px !important;}\u00a0\u00bb][vc_column width=\u00a0\u00bb1\/2&Prime;]<div id=\"cshero-fancybox69f0b6a0481b9_1777383072\" class=\"cshero-fancybox-wrap  clearfix fancybox-layout1  text-left   wpb_animate_when_almost_visible wpb_fade-in\" style=\"border-color: transparent;   \">\n    <style type=\"text\/css\" scoped>\n        #cshero-fancybox69f0b6a0481b9_1777383072.fancybox-layout1:hover .fancy-icon {\n            background-color: !important;\n            border-color: !important;\n            color:#000000 !important;\n        }\n\n        #cshero-fancybox69f0b6a0481b9_1777383072.fancybox-layout1 .fancy-icon.icon-hover-style-3:after{\n    \t\t-webkit-border-radius:;\n    \t\t-moz-border-radius:;\n    \t\t-ms-border-radius:;\n    \t\t-o-border-radius:;\n    \t\tborder-radius:;\n    \t\tbackground-color:;\n    \t\tborder-width:;\n    \t\tborder-style:none;\n    \t\tborder-color:;\n\t   }\n        \n                #cshero-fancybox69f0b6a0481b9_1777383072:hover {\n            background: #ff6666;\n        }\n        \n        \n                     #cshero-fancybox69f0b6a0481b9_1777383072 [class^=\"flaticon-\"]:before, \n       #cshero-fancybox69f0b6a0481b9_1777383072 [class*=\" flaticon-\"]:before, \n       #cshero-fancybox69f0b6a0481b9_1777383072 [class^=\"flaticon-\"]:after, \n       #cshero-fancybox69f0b6a0481b9_1777383072 [class*=\" flaticon-\"]:after {\n            font-size: 24px;\n            color: #212121;\n        }\n        #cshero-fancybox69f0b6a0481b9_1777383072:hover .cshero-fancybox-title-image [class^=\"flaticon-\"]:before,\n        #cshero-fancybox69f0b6a0481b9_1777383072:hover .cshero-fancybox-title-image [class*=\" flaticon-\"]:before,\n        #cshero-fancybox69f0b6a0481b9_1777383072:hover .cshero-fancybox-title-image [class^=\"flaticon-\"]:after,\n        #cshero-fancybox69f0b6a0481b9_1777383072:hover .cshero-fancybox-title-image [class*=\" flaticon-\"]:after{\n            color: #000000;\n        }\n\t<\/style>\n    <div class=\"cshero-fancybox-title-image\">\n                    <a title=\"\" href=\"https:\/\/calbernadas.com\/fr\/tourisme-rural\/la-barraca\/\">\n                                    <\/a>\n                            <h3 class=\"cshero-fancybox-title-wrap\" style=\"color: #ffffff;  text-transform: uppercase;\">\n                <span class=\"cshero-title-main\">LA BARRACA<\/span>\n            <\/h3>\n                            <div class=\"cshero-fancybox-image\">\n                <img src=\"https:\/\/calbernadas.com\/wp-content\/uploads\/2016\/10\/CEL-mesallotjament-LABARRACA.jpg\" alt=\"LA BARRACA\" \/>\n            <\/div>\n            <\/div>\n    <\/div>\n[\/vc_column][vc_column width=\u00a0\u00bb1\/2&Prime;]<div id=\"cshero-fancybox69f0b6a04869d_1777383072\" class=\"cshero-fancybox-wrap  clearfix fancybox-layout1  text-left   wpb_animate_when_almost_visible wpb_fade-in\" style=\"border-color: transparent;   \">\n    <style type=\"text\/css\" scoped>\n        #cshero-fancybox69f0b6a04869d_1777383072.fancybox-layout1:hover .fancy-icon {\n            background-color: !important;\n            border-color: !important;\n            color:#000000 !important;\n        }\n\n        #cshero-fancybox69f0b6a04869d_1777383072.fancybox-layout1 .fancy-icon.icon-hover-style-3:after{\n    \t\t-webkit-border-radius:;\n    \t\t-moz-border-radius:;\n    \t\t-ms-border-radius:;\n    \t\t-o-border-radius:;\n    \t\tborder-radius:;\n    \t\tbackground-color:;\n    \t\tborder-width:;\n    \t\tborder-style:none;\n    \t\tborder-color:;\n\t   }\n        \n                #cshero-fancybox69f0b6a04869d_1777383072:hover {\n            background: #ff6666;\n        }\n        \n        \n                     #cshero-fancybox69f0b6a04869d_1777383072 [class^=\"flaticon-\"]:before, \n       #cshero-fancybox69f0b6a04869d_1777383072 [class*=\" flaticon-\"]:before, \n       #cshero-fancybox69f0b6a04869d_1777383072 [class^=\"flaticon-\"]:after, \n       #cshero-fancybox69f0b6a04869d_1777383072 [class*=\" flaticon-\"]:after {\n            font-size: 24px;\n            color: #212121;\n        }\n        #cshero-fancybox69f0b6a04869d_1777383072:hover .cshero-fancybox-title-image [class^=\"flaticon-\"]:before,\n        #cshero-fancybox69f0b6a04869d_1777383072:hover .cshero-fancybox-title-image [class*=\" flaticon-\"]:before,\n        #cshero-fancybox69f0b6a04869d_1777383072:hover .cshero-fancybox-title-image [class^=\"flaticon-\"]:after,\n        #cshero-fancybox69f0b6a04869d_1777383072:hover .cshero-fancybox-title-image [class*=\" flaticon-\"]:after{\n            color: #000000;\n        }\n\t<\/style>\n    <div class=\"cshero-fancybox-title-image\">\n                    <a title=\"\" href=\"https:\/\/calbernadas.com\/fr\/tourisme-rural\/vilanova\/\">\n                                    <\/a>\n                            <h3 class=\"cshero-fancybox-title-wrap\" style=\"color: #ffffff;  text-transform: uppercase;\">\n                <span class=\"cshero-title-main\">VILANOVA<\/span>\n            <\/h3>\n                            <div class=\"cshero-fancybox-image\">\n                <img src=\"https:\/\/calbernadas.com\/wp-content\/uploads\/2016\/10\/CEL-mesallotjament-VILANOVA.jpg\" alt=\"VILANOVA\" \/>\n            <\/div>\n            <\/div>\n    <\/div>\n[\/vc_column][\/vc_row][vc_row full_width=\u00a0\u00bbstretch_row\u00a0\u00bb css=\u00a0\u00bb.vc_custom_1478574399009{padding-top: 100px !important;padding-bottom: 100px !important;background-image: url(https:\/\/calbernadas.com\/wp-content\/uploads\/2016\/10\/CEL_video.jpg?id=13379) !important;}\u00a0\u00bb parallax_speed=\u00a0\u00bb0.8&Prime; bg_video_transparent=\u00a0\u00bb0&Prime; el_class=\u00a0\u00bbcm-icon-big-item\u00a0\u00bb][vc_column][cs_custom_heading text=\u00a0\u00bbPHOTOS\u00a0\u00bb font_container=\u00a0\u00bbtag:h1|font_size:40px|text_align:center|color:%23ffffff\u00a0\u00bb font_format=\u00a0\u00bb700&Prime; style=\u00a0\u00bbstyle-none\u00a0\u00bb el_class=\u00a0\u00bbcm-tailor-title-site\u00a0\u00bb][\/vc_column][\/vc_row][vc_row full_width=\u00a0\u00bbstretch_row_content_no_spaces\u00a0\u00bb css=\u00a0\u00bb.vc_custom_1478574761248{padding-top: 80px !important;padding-bottom: 80px !important;}\u00a0\u00bb][vc_column][vc_gallery type=\u00a0\u00bbimage_grid\u00a0\u00bb images=\u00a0\u00bb21939,21942,21944,21952,21938,21948,21951,21949,21941,21940&Prime; img_size=\u00a0\u00bbfull\u00a0\u00bb el_class=\u00a0\u00bb cols5&Prime;][\/vc_column][\/vc_row][vc_row full_width=\u00a0\u00bbstretch_row\u00a0\u00bb css=\u00a0\u00bb.vc_custom_1478574399009{padding-top: 100px !important;padding-bottom: 100px !important;background-image: url(https:\/\/calbernadas.com\/wp-content\/uploads\/2016\/10\/CEL_video.jpg?id=13379) !important;}\u00a0\u00bb parallax_speed=\u00a0\u00bb0.8&Prime; bg_video_transparent=\u00a0\u00bb0&Prime; el_class=\u00a0\u00bbcm-icon-big-item\u00a0\u00bb][vc_column][cs_custom_heading text=\u00a0\u00bbVID\u00c9OS\u00a0\u00bb font_container=\u00a0\u00bbtag:h1|font_size:40px|text_align:center|color:%23ffffff\u00a0\u00bb font_format=\u00a0\u00bb700&Prime; style=\u00a0\u00bbstyle-none\u00a0\u00bb el_class=\u00a0\u00bbcm-tailor-title-site\u00a0\u00bb][\/vc_column][\/vc_row][vc_row full_width=\u00a0\u00bbstretch_row_content_no_spaces\u00a0\u00bb css=\u00a0\u00bb.vc_custom_1478574761248{padding-top: 80px !important;padding-bottom: 80px !important;}\u00a0\u00bb][vc_column width=\u00a0\u00bb1\/4&Prime;][vc_video link=\u00a0\u00bbhttps:\/\/youtu.be\/iRE7lwDkpCw\u00a0\u00bb][\/vc_column][vc_column width=\u00a0\u00bb1\/4&Prime;][\/vc_column][vc_column width=\u00a0\u00bb1\/4&Prime;][\/vc_column][vc_column width=\u00a0\u00bb1\/4&Prime;][\/vc_column][\/vc_row][vc_row full_width=\u00a0\u00bbstretch_row\u00a0\u00bb css=\u00a0\u00bb.vc_custom_1478574823216{padding-top: 200px !important;padding-bottom: 200px !important;background-image: url(https:\/\/calbernadas.com\/wp-content\/uploads\/2016\/10\/CB_CEL_wedding_banner-1.jpg?id=13409) !important;}\u00a0\u00bb parallax_speed=\u00a0\u00bb0.8&Prime; bg_video_transparent=\u00a0\u00bb0&Prime; el_class=\u00a0\u00bbcm-icon-big-item\u00a0\u00bb][vc_column][cs_custom_heading text=\u00a0\u00bbORGANISATEUR DE MARIAGE\u00a0\u00bb font_container=\u00a0\u00bbtag:h1|font_size:40px|text_align:center|color:%23ffffff|line_height:40px\u00a0\u00bb font_format=\u00a0\u00bb700&Prime; style=\u00a0\u00bbstyle-none\u00a0\u00bb el_class=\u00a0\u00bbcm-tailor-title-site\u00a0\u00bb][vc_row_inner][vc_column_inner width=\u00a0\u00bb1\/4&Prime;][\/vc_column_inner][vc_column_inner width=\u00a0\u00bb1\/2&Prime;][vc_column_text]<\/p>\n<h5 style=\"text-align: center;\"><span style=\"color: #ffffff;\">Nous tenons \u00e0 votre disposition un service d\u2019organisation de mariage qui vous accompagnera pendant les pr\u00e9paratifs de votre grand jour.<br \/>\nNous vous recommanderons les meilleurs professionnels que nous connaissons, nous vous conseillerons, nous vous donnerons des id\u00e9es, des suggestions\u2026<br \/>\nPour que tout aille \u00e0 la perfection le jour venu.<br \/>\nNous pouvons vous aider avant, pendant et apr\u00e8s.<br \/>\nMerci de nous consulter et nous vous renseignerons.<\/span><\/h5>\n<p>[\/vc_column_text][vc_empty_space][vc_btn title=\u00a0\u00bbPOUR EN SAVOIR PLUS\u00a0\u00bb shape=\u00a0\u00bbsquare\u00a0\u00bb color=\u00a0\u00bbdanger\u00a0\u00bb align=\u00a0\u00bbcenter\u00a0\u00bb link=\u00a0\u00bburl:http%3A%2F%2Fcalbernadas.com%2Ffr%2Fcelebrations%2Forganisateur-de-mariage%2F|title:M%C3%89S%20INFO||\u00a0\u00bb][\/vc_column_inner][vc_column_inner width=\u00a0\u00bb1\/4&Prime;][\/vc_column_inner][\/vc_row_inner][\/vc_column][\/vc_row][vc_row full_width=\u00a0\u00bbstretch_row\u00a0\u00bb css=\u00a0\u00bb.vc_custom_1478575126313{margin-bottom: 50px !important;padding-top: 100px !important;padding-bottom: 100px !important;background-image: url(https:\/\/calbernadas.com\/wp-content\/uploads\/2016\/10\/CEL_testimonis.jpg?id=13413) !important;}\u00a0\u00bb parallax_speed=\u00a0\u00bb0.8&Prime; bg_video_transparent=\u00a0\u00bb0&Prime; el_class=\u00a0\u00bbcm-icon-big-item\u00a0\u00bb][vc_column][cs_custom_heading text=\u00a0\u00bbOPINIONS\u00a0\u00bb font_container=\u00a0\u00bbtag:h1|font_size:40px|text_align:center|color:%23ffffff\u00a0\u00bb font_format=\u00a0\u00bb700&Prime; style=\u00a0\u00bbstyle-none\u00a0\u00bb el_class=\u00a0\u00bbcm-tailor-title-site\u00a0\u00bb][\/vc_column][\/vc_row][vc_row full_width=\u00a0\u00bbstretch_row\u00a0\u00bb css=\u00a0\u00bb.vc_custom_1478575199432{padding-top: 80px !important;padding-bottom: 80px !important;background-image: url(https:\/\/calbernadas.com\/wp-content\/uploads\/2016\/10\/CEL-fons-testimonis.jpg?id=13414) !important;}\u00a0\u00bb][vc_column][vc_column_text]<\/p>\n<h5 style=\"text-align: center;\"><span style=\"color: #ffffff;\">Venez d\u00e9couvrir \u00e0 votre tour l\u2019exp\u00e9rience de ceux qui sont d\u00e9j\u00e0 venus au mas La Cabana.<br \/>\nVous aimeriez lire les opinions de nos h\u00f4tes venus au mas La Cabana?<\/span><\/h5>\n<p>[\/vc_column_text][vc_empty_space height=\u00a0\u00bb40px\u00a0\u00bb]\r\n        <div id=\"cshero_testimonial1777383072_169f0b6a048bc0\" class=\"cshero-testimonial testimonial-layout1 testimonial-slide \">\r\n                        <div class=\"cshero-testimonial-wrapper\">\r\n                                    <div id=\"cshero_testimonial_1777383072_169f0b6a048bc0\" data-mode=\"horizontal\" data-moveslides=\"1\" data-auto=\"0\" data-speed=\"500\" data-prevselector=\"#cshero_testimonial1777383072_169f0b6a048bc0 .prev\" data-nextselector=\"#cshero_testimonial1777383072_169f0b6a048bc0 .next\" data-prevText=\"<i class='fa fa-angle-left'><\/i>\" data-nextText=\"<i class='fa fa-angle-right'><\/i>\" data-pagerSelector=\"#cshero_testimonial1777383072_169f0b6a048bc0 .cshero-control\" data-onsliderload=\"true\" data-touchenabled=\"1\" data-controls=\"true\" data-pager=\"0\" data-pause=\"4000\" data-infiniteloop=\"true\" data-adaptiveheight=\"true\"  data-autohover=\"true\" data-slidemargin=\"30\" data-maxslides=\"3\" data-minslides=\"1\" data-slidewidth=\"500\" data-slideselector=\"\" data-easing=\"swing\" data-usecss=\"\" data-resize=\"1\" class=\"slider jm-bxslider\">\r\n                                \r\n                                            <div class=\"cshero-testimonial-item\">\r\n                            \n<article id=\"post-20220\"  class=\"cshero_testimonial_content clearfix\" style=\"padding:15px;color:#666666;background-color:#f5f5f5;\">\n     \n    <div class=\"cshero-testimonial-image left\">\n        <img alt=\"\" src=\"https:\/\/calbernadas.com\/wp-content\/uploads\/2017\/02\/28-MARTA-I-TONI--e1513960506674-150x200_c.jpg\" align=\"left\" style=\"border-radius:0;-webkit-border-radius:0;-moz-border-radius:0;-ms-border-radius:0;-o-border-radius:0;margin-right:20px;\" \/>    <\/div>\n        \n            <div class=\"cshero-testimonial-content text-left\" style=\"padding-left:180px\">\n                            <div class=\"cshero-testimonial-description\">\n                    <div class=\"cshero-testimonial-text\">\n                                                Preparar la boda con Anna de la Cabana fue estupendo. Nada m\u00e1s ver la casa, supimos que ten\u00eda que ser all\u00ed, y el contacto con ellos siempre fue muy sencillo. Nos ayudaron con los proveedores, y se preocuparon porque todo saliera bien en nuestra boda. Adem\u00e1s tuvimos un poquito de lluvia en la ceremonia, y nos trajeron paraguas. Muy buena sensaci\u00f3n nos ha quedado, y seguro que volveremos.\r\n\r\n<span style=\"color: #999999;\">Setembre 2015<\/span>\r\n\r\n&nbsp                                            <\/div>\n                <\/div>\n                                        <h3 class=\"cshero-testimonial-title\" style=\"color:#666666\">\n                    Marta &#038; Toni (Catalunya)                <\/h3>\n                        \n            \n        <\/div>\n        \n<\/article>\n\n                        <\/div>\r\n                                            <div class=\"cshero-testimonial-item\">\r\n                            \n<article id=\"post-20245\"  class=\"cshero_testimonial_content clearfix\" style=\"padding:15px;color:#666666;background-color:#f5f5f5;\">\n     \n    <div class=\"cshero-testimonial-image left\">\n        <img alt=\"\" src=\"https:\/\/calbernadas.com\/wp-content\/uploads\/2017\/12\/MayelaTomas-150x200_c.jpg\" align=\"left\" style=\"border-radius:0;-webkit-border-radius:0;-moz-border-radius:0;-ms-border-radius:0;-o-border-radius:0;margin-right:20px;\" \/>    <\/div>\n        \n            <div class=\"cshero-testimonial-content text-left\" style=\"padding-left:180px\">\n                            <div class=\"cshero-testimonial-description\">\n                    <div class=\"cshero-testimonial-text\">\n                                                La Boda So\u00f1ada!!!\r\n\r\nNo tenemos palabras para explicar la felicidad que tenemos de haber descubierto la Masia La Cabana y haber contado con el apoyo de la Sra. Ramona, El Sr. Josep, Anna y Gloria!!! Nos acompa\u00f1aron en todo momento para la log\u00edstica y organizaci\u00f3n de toda la celebraci\u00f3n de nuestra boda. Siempre sonrientes, con opciones, atentos! Nuestra experiencia fue, sin duda, m\u00e1gica. Super\u00f3 cualquier expectativa posible! Haber logrado que toda la familia se reuniera, en este para\u00edso, no tiene comparaci\u00f3n alguna! Moltes gracias!! Volveremos!!!!\r\n\r\n<span style=\"color: #999999;\">Setembre 2016<\/span>\r\n\r\n&nbsp                                            <\/div>\n                <\/div>\n                                        <h3 class=\"cshero-testimonial-title\" style=\"color:#666666\">\n                    Mayela &#038; Tomas (Venezuela)                <\/h3>\n                        \n            \n        <\/div>\n        \n<\/article>\n\n                        <\/div>\r\n                                            <div class=\"cshero-testimonial-item\">\r\n                            \n<article id=\"post-20250\"  class=\"cshero_testimonial_content clearfix\" style=\"padding:15px;color:#666666;background-color:#f5f5f5;\">\n     \n    <div class=\"cshero-testimonial-image left\">\n        <img alt=\"\" src=\"https:\/\/calbernadas.com\/wp-content\/uploads\/2016\/09\/BODA-VICENTANNA-374-150x200_c.jpg\" align=\"left\" style=\"border-radius:0;-webkit-border-radius:0;-moz-border-radius:0;-ms-border-radius:0;-o-border-radius:0;margin-right:20px;\" \/>    <\/div>\n        \n            <div class=\"cshero-testimonial-content text-left\" style=\"padding-left:180px\">\n                            <div class=\"cshero-testimonial-description\">\n                    <div class=\"cshero-testimonial-text\">\n                                                Nosotros ten\u00edamos muy claro que quer\u00edamos celebrar una boda totalmente al aire libre y en un entorno rural, donde pudi\u00e9ramos hacer las cosas a nuestra manera y sin restricciones. Adem\u00e1s, quer\u00edamos un sitio donde nuestra familia m\u00e1s cercana pudiera alojarse antes y despu\u00e9s de la boda (que, por cierto, quer\u00edamos que durara un fin de semana entero). Cuando visitamos La Cabana por primera vez supimos que aquel lugar era ideal para hacer el tipo de boda que quer\u00edamos: gran jard\u00edn, vistas preciosas, casa super equipada para 15-20 personas, piscina... A pesar de que all\u00ed no se hacen muchas bodas grandes (ya que la sala interior, en caso de lluvia, es peque\u00f1a para un banquete con muchos invitados, nosotros \u00e9ramos 120-130) y al principio tuvimos nuestras dudas, decidimos arriesgarnos y contratamos La Cabana.\r\nY fue la mejor decisi\u00f3n que podr\u00edamos haber tomado. El d\u00eda de la boda sali\u00f3 todo genial. Hab\u00edamos reservado carpas por si llov\u00eda, pero hizo un d\u00eda incre\u00edble, as\u00ed que no tuvimos que ponerlas y lo hicimos todo al aire libre: ceremonia, aperitivo, banquete y baile. Adem\u00e1s, al d\u00eda siguiente hicimos una comida informal con los invitados y disfrutamos de la piscina y la pista de p\u00e1del durante todo el d\u00eda. Despu\u00e9s, nuestra familia m\u00e1s cercana se qued\u00f3 con nosotros en la casa durante 5 d\u00edas m\u00e1s y lo pasamos en grande (en agosto s\u00f3lo alquilan la casa por semanas completas). En definitiva, fue una experiencia incre\u00edble. Y esto fue gracias tambi\u00e9n a la familia Niub\u00f3, ya que nos ayudaron much\u00edsimo y fueron super flexibles. Tanto Anna como Ramona se preocuparon por que todo saliera a la perfecci\u00f3n, tanto el d\u00eda de la boda como durante el resto de la semana. \u00a1Un 10 para ellas!\r\n\r\n<span style=\"color: #999999;\">Agost 2016<\/span>\r\n\r\n&nbsp                                            <\/div>\n                <\/div>\n                                        <h3 class=\"cshero-testimonial-title\" style=\"color:#666666\">\n                    Ana &#038; Vicent (Catalunya i Valencia)                <\/h3>\n                        \n            \n        <\/div>\n        \n<\/article>\n\n                        <\/div>\r\n                                        \r\n                <\/div>\r\n                                                                <div class=\"cshero-nav 1 default\">\r\n                    <ul>\r\n                        <li class=\"prev\" style=\"left:auto;\"><\/li>\r\n                        <li class=\"next\" style=\"right:auto;\"><\/li>\r\n                    <\/ul>\r\n                <\/div>\r\n                                            <\/div>\r\n        <\/div>\r\n        [\/vc_column][\/vc_row][vc_row full_width=\u00a0\u00bbstretch_row\u00a0\u00bb css=\u00a0\u00bb.vc_custom_1478576263358{padding-top: 100px !important;padding-bottom: 100px !important;background-image: url(https:\/\/calbernadas.com\/wp-content\/uploads\/2016\/10\/CEL_collaboradors.jpg?id=13430) !important;}\u00a0\u00bb parallax_speed=\u00a0\u00bb0.8&Prime; bg_video_transparent=\u00a0\u00bb0&Prime; el_class=\u00a0\u00bbcm-icon-big-item\u00a0\u00bb][vc_column][cs_custom_heading text=\u00a0\u00bbNOS COLLABORATEURS\u00a0\u00bb font_container=\u00a0\u00bbtag:h1|font_size:40px|text_align:center|color:%23ffffff\u00a0\u00bb font_format=\u00a0\u00bb700&Prime; style=\u00a0\u00bbstyle-none\u00a0\u00bb el_class=\u00a0\u00bbcm-tailor-title-site\u00a0\u00bb][\/vc_column][\/vc_row][vc_row css=\u00a0\u00bb.vc_custom_1477557874325{padding-top: 80px !important;padding-bottom: 80px !important;}\u00a0\u00bb][vc_column][vc_row_inner][vc_column_inner width=\u00a0\u00bb1\/4&Prime;][\/vc_column_inner][vc_column_inner width=\u00a0\u00bb1\/2&Prime;][vc_column_text]<\/p>\n<h5 style=\"text-align: center;\"><span style=\"color: #cc3366;\">La Cabana tient \u00e0 votre disposition une s\u00e9lection vari\u00e9e et s\u00e9lecte de prestataires de services que nous connaissons en personne et qui sont d\u2019excellents professionnels.<br \/>\nCependant, au-del\u00e0 de nos recommandations, c\u2019est vous qui avez le dernier mot. L\u2019important est de retenir vous-m\u00eames les professionnels envers lesquels vous avez confiance et qui r\u00e9pondent le mieux \u00e0 vos besoins.<br \/>\n<\/span><\/h5>\n<p>[\/vc_column_text][\/vc_column_inner][vc_column_inner width=\u00a0\u00bb1\/4&Prime;][\/vc_column_inner][\/vc_row_inner][\/vc_column][\/vc_row][vc_row gap=\u00a0\u00bb35&Prime; css=\u00a0\u00bb.vc_custom_1585756223928{padding-top: 80px !important;padding-bottom: 80px !important;}\u00a0\u00bb][vc_column width=\u00a0\u00bb1\/4&Prime;][vc_column_text]<\/p>\n<h3 style=\"text-align: left;\"><span style=\"color: #cc3366;\">C\u00c0TERTRAITEUR<\/span><\/h3>\n<p>[\/vc_column_text][vc_tta_accordion shape=\u00a0\u00bbsquare\u00a0\u00bb color=\u00a0\u00bbwhite\u00a0\u00bb c_icon=\u00a0\u00bb\u00a0\u00bb active_section=\u00a0\u00bb1&Prime;][vc_tta_section title=\u00a0\u00bbCAL BLAY\u00a0\u00bb tab_id=\u00a0\u00bb1478580194178-f679d53c-6598&Prime;][vc_column_text]<a href=\"http:\/\/www.calblay.com\/\" target=\"_blank\" rel=\"noopener noreferrer\">www.calblay.com<\/a><\/p>\n<p><span id=\"cloak16311\"><a href=\"mailto:casaments@calblay.com\">casaments@calblay.com<\/a><\/span><\/p>\n<p>+34 938 914 152[\/vc_column_text][\/vc_tta_section][vc_tta_section title=\u00a0\u00bbSIC GOURMET\u00a0\u00bb tab_id=\u00a0\u00bb1633605095050-80787e9a-2a5f\u00a0\u00bb][vc_column_text]<a href=\"http:\/\/www.sicgourmet.com\/\" target=\"_blank\" rel=\"noopener noreferrer\">www.sicgourmet.com<\/a><\/p>\n<p><a href=\"mailto:catering@sicgourmet.com\">catering@sicgourmet.com<\/a><\/p>\n<p>Alba Colom<\/p>\n<p>+34 636 827 305[\/vc_column_text][\/vc_tta_section][vc_tta_section title=\u00a0\u00bbMONCHO&rsquo;S\u00a0\u00bb tab_id=\u00a0\u00bb1478580194669-8f28df24-de84&Prime;][vc_column_text]<a href=\"http:\/\/www.monchos.com\/\" target=\"_blank\" rel=\"noopener noreferrer\">www.monchos.com<\/a><\/p>\n<p>+34 934 155 665[\/vc_column_text][\/vc_tta_section][vc_tta_section title=\u00a0\u00bbCOSTILLARES A LA ESTACA\u00a0\u00bb tab_id=\u00a0\u00bb1478580195165-f9442f66-0a06&Prime;][vc_column_text]<a href=\"http:\/\/www.costillaresalaestaca.com\/\" target=\"_blank\" rel=\"noopener noreferrer\">www.costillaresalaestaca.com<\/a><\/p>\n<p>+34 933 303 424[\/vc_column_text][\/vc_tta_section][vc_tta_section title=\u00a0\u00bbGAU C\u00c0TERING\u00a0\u00bb tab_id=\u00a0\u00bb1547565133653-4dfb872f-b9d4&Prime;][vc_column_text]<a href=\"http:\/\/www.gaucatering.com\" target=\"_blank\" rel=\"noopener noreferrer\">www.gaucatering.com<\/a><\/p>\n<p><span id=\"cloak98712\"><a href=\"mailto:catering@gaucatering.com\">catering@gaucatering.com<\/a><\/span><\/p>\n<p>+34\u00a0936 452 616[\/vc_column_text][\/vc_tta_section][\/vc_tta_accordion][\/vc_column][vc_column width=\u00a0\u00bb1\/4&Prime;][vc_column_text]<\/p>\n<h3 style=\"text-align: left;\"><span style=\"color: #cc3366;\">PHOTOGRAPHES<\/span><\/h3>\n<p>[\/vc_column_text][vc_tta_accordion shape=\u00a0\u00bbsquare\u00a0\u00bb color=\u00a0\u00bbwhite\u00a0\u00bb c_icon=\u00a0\u00bb\u00a0\u00bb active_section=\u00a0\u00bb1&Prime;][vc_tta_section title=\u00a0\u00bbLAURA CHAC\u00d3N\u00a0\u00bb tab_id=\u00a0\u00bb1478580200746-6faddb4d-cfad\u00a0\u00bb][vc_column_text]<a href=\"http:\/\/www.laurachacon.es\/\" target=\"_blank\" rel=\"noopener noreferrer\">www.laurachacon.es<\/a><\/p>\n<p><span id=\"cloak48077\"><a href=\"mailto:info@laurachacon.es\">info@laurachacon.es<\/a><\/span><\/p>\n<p>+34 649 412 783[\/vc_column_text][\/vc_tta_section][vc_tta_section title=\u00a0\u00bbDIEZ&amp;BORDONS\u00a0\u00bb tab_id=\u00a0\u00bb1478580201237-30a69e06-343e\u00a0\u00bb][vc_column_text]<a href=\"http:\/\/www.diez-bordons.com\/\" target=\"_blank\" rel=\"noopener noreferrer\">www.diez-bordons.com<\/a><\/p>\n<p><span id=\"cloak15474\"><a href=\"mailto:marc@diez-bordons.com\">marc@diez-bordons.com<\/a><\/span><\/p>\n<p>+34 659 326 564[\/vc_column_text][\/vc_tta_section][vc_tta_section title=\u00a0\u00bbPADILLA&amp;RIGAU\u00a0\u00bb tab_id=\u00a0\u00bb1478580201696-249d90eb-4d16&Prime;][vc_column_text]<a href=\"http:\/\/www.padilla-rigau.com\/\" target=\"_blank\" rel=\"noopener noreferrer\">www.padilla-rigau.com<\/a><\/p>\n<p><span id=\"cloak12113\"><a href=\"mailto:info@padilla-rigau.com\">info@padilla-rigau.com<\/a><\/span><\/p>\n<p>+34 646 221 165 \/ +34 678 662 825[\/vc_column_text][\/vc_tta_section][vc_tta_section title=\u00a0\u00bbKISSANDCHIPS\u00a0\u00bb tab_id=\u00a0\u00bb1479807251909-8ce848cc-5e5a\u00a0\u00bb][vc_column_text]<a href=\"http:\/\/www.kissandchips.com\/\" target=\"_blank\" rel=\"noopener noreferrer\">www.kissandchips.com<\/a><\/p>\n<p><span id=\"cloak12113\"><a href=\"mailto:hola@kissandchips.com\">hola@kissandchips.com<\/a><\/span><\/p>\n<p>M\u00edriam<\/p>\n<p>+34 652 941 703[\/vc_column_text][\/vc_tta_section][vc_tta_section title=\u00a0\u00bbJORDI LEAL\u00a0\u00bb tab_id=\u00a0\u00bb1479807533110-91d542a5-36db\u00a0\u00bb][vc_column_text]<a href=\"http:\/\/www.jordileal.com\/\" target=\"_blank\" rel=\"noopener noreferrer\">www.jordileal.com<\/a><\/p>\n<p><span id=\"cloak12113\"><a href=\"mailto:jordi@jordileal.com\">jordi@jordileal.com<\/a><\/span><\/p>\n<p>+34 648 088 598[\/vc_column_text][\/vc_tta_section][vc_tta_section title=\u00a0\u00bbMARC RAMONET\u00a0\u00bb tab_id=\u00a0\u00bb1479807601521-efadd133-fdd2&Prime;][vc_column_text]<a href=\"http:\/\/www.marcramonet.wordpress.com\" target=\"_blank\" rel=\"noopener noreferrer\">www.marcramonet.wordpress.com<\/a><\/p>\n<p>+34 679 968 790[\/vc_column_text][\/vc_tta_section][vc_tta_section title=\u00a0\u00bbBODADEFOTO\u00a0\u00bb tab_id=\u00a0\u00bb1479807696886-330418b5-a8c7&Prime;][vc_column_text]<a href=\"http:\/\/www.bodadefoto.es\" target=\"_blank\" rel=\"noopener noreferrer\">www.bodadefoto.es<\/a><\/p>\n<p><span id=\"cloak12113\"><a href=\"mailto:mireia@bodadefoto.es\">mireia@bodadefoto.es<\/a><\/span><\/p>\n<p>+34 652 941 703[\/vc_column_text][\/vc_tta_section][vc_tta_section title=\u00a0\u00bbCOLECCIONISTAS DE MOMENTOS\u00a0\u00bb tab_id=\u00a0\u00bb1479807767379-af417ccc-9fa2&Prime;][vc_column_text]<a href=\"http:\/\/www.coleccionistasdemomentos.co\" target=\"_blank\" rel=\"noopener noreferrer\">www.coleccionistasdemomentos.com<\/a><\/p>\n<p><span id=\"cloak12113\"><a href=\"mailto:colectivo.loscoleccionistas@gmail.com\">colectivo.loscoleccionistas@gmail.com<\/a><\/span><\/p>\n<p>+34 639 277 278 \/ +34 638 197 204[\/vc_column_text][\/vc_tta_section][vc_tta_section title=\u00a0\u00bbWEDDING&rsquo;S ART\u00a0\u00bb tab_id=\u00a0\u00bb1482341794264-762aeb7a-74ae\u00a0\u00bb][vc_column_text]<a href=\"http:\/\/fotografo-bodas.net\/\" target=\"_blank\" rel=\"noopener noreferrer\">www.fotografo-bodas.net<\/a><\/p>\n<p><span id=\"cloak12113\"><a href=\"mailto:info@weddingsart.net\">info@weddingsart.net<\/a><\/span><\/p>\n<p>Ana\u00efs et Alex<\/p>\n<p>+34 686 230 328[\/vc_column_text][\/vc_tta_section][vc_tta_section title=\u00a0\u00bbRAC\u00d3RDS FOTOGRAFIA\u00a0\u00bb tab_id=\u00a0\u00bb1524580902305-555e9b17-1287&Prime;][vc_column_text]<a href=\"http:\/\/www.racordsfotografia.com\" target=\"_blank\" rel=\"noopener noreferrer\">www.racordsfotografia.com<\/a><\/p>\n<p><span id=\"cloak12113\"><a href=\"mailto:info@racordsfotografia.com\">info@racordsfotografia.com<\/a><\/span><\/p>\n<p>Carla<\/p>\n<p>+34 661 389 533[\/vc_column_text][\/vc_tta_section][vc_tta_section title=\u00a0\u00bbSWINGYOURPICS\u00a0\u00bb tab_id=\u00a0\u00bb1524581013850-1497def4-0eea\u00a0\u00bb][vc_column_text]<a href=\"http:\/\/www.swingyourpics.com\" target=\"_blank\" rel=\"noopener noreferrer\">www.swingyourpics.com<\/a><\/p>\n<p><span id=\"cloak12113\"><a href=\"mailto:info@swingyourpics.com\">info@swingyourpics.com<\/a><\/span><\/p>\n<p>Cris<\/p>\n<p>+34 655 028 048[\/vc_column_text][\/vc_tta_section][\/vc_tta_accordion][\/vc_column][vc_column width=\u00a0\u00bb1\/4&Prime;][vc_column_text]<\/p>\n<h3 style=\"text-align: left;\"><span style=\"color: #cc3366;\">ROBES DE MARI\u00c9E<\/span><\/h3>\n<p>[\/vc_column_text][vc_tta_accordion shape=\u00a0\u00bbsquare\u00a0\u00bb color=\u00a0\u00bbwhite\u00a0\u00bb c_icon=\u00a0\u00bb\u00a0\u00bb active_section=\u00a0\u00bb1&Prime;][vc_tta_section title=\u00a0\u00bbJOSE M\u00aa PEIR\u00d3\u00a0\u00bb tab_id=\u00a0\u00bb1478580206384-7e4a1a0a-2333&Prime;][vc_column_text]<a href=\"http:\/\/www.whiteday.es\" target=\"_blank\" rel=\"noopener noreferrer\">www.whiteday.es<\/a><\/p>\n<p><span id=\"cloak98712\">Jose Maria Peir\u00f3 \/ Barcelona<\/span><\/p>\n<p>+34 933 680 975 \/ +34 617 393 823[\/vc_column_text][\/vc_tta_section][vc_tta_section title=\u00a0\u00bbIMMA CL\u00c9\u00a0\u00bb tab_id=\u00a0\u00bb1478580206843-50cde719-2ba0&Prime;][vc_column_text]<a href=\"http:\/\/www.immacle.com\" target=\"_blank\" rel=\"noopener noreferrer\">www.immacle.com<\/a><\/p>\n<p><span id=\"cloak16311\">Barcelona<\/span><\/p>\n<p><span id=\"cloak16311\"><a href=\"mailto:info@immacle.com\">info@immacle.com<\/a><\/span><\/p>\n<p>+34 933 623 509<\/p>\n<p>[\/vc_column_text][\/vc_tta_section][vc_tta_section title=\u00a0\u00bbSANTOSCOSTURA\u00a0\u00bb tab_id=\u00a0\u00bb1478580207333-9161e783-4c87&Prime;][vc_column_text]<a href=\"http:\/\/www.santoscostura.com\" target=\"_blank\" rel=\"noopener noreferrer\">www.santoscostura.com<\/a><\/p>\n<p><span id=\"cloak16311\">Sabadell<\/span><\/p>\n<p><span id=\"cloak16311\"><a href=\"mailto:info@santoscostura.com\">info@santoscostura.com<\/a><\/span><\/p>\n<p>+34 93 726 01 75[\/vc_column_text][\/vc_tta_section][vc_tta_section title=\u00a0\u00bbOTADUY\u00a0\u00bb tab_id=\u00a0\u00bb1479808177385-c7116c1a-a64d\u00a0\u00bb][vc_column_text]<a href=\"http:\/\/www.otaduy.co\" target=\"_blank\" rel=\"noopener noreferrer\">www.otaduy.co<\/a><\/p>\n<p><span id=\"cloak16311\">Barcelona<\/span><\/p>\n<p><span id=\"cloak16311\"><a href=\"mailto:info@otaduy.co\">info@otaduy.co<\/a><\/span><\/p>\n<p>+34 93 726 01 75[\/vc_column_text][\/vc_tta_section][vc_tta_section title=\u00a0\u00bbROSA CLAR\u00c0\u00a0\u00bb tab_id=\u00a0\u00bb1479808244423-025a02af-c310&Prime;][vc_column_text]<a href=\"http:\/\/www.rosaclara.es\" target=\"_blank\" rel=\"noopener noreferrer\">www.rosaclara.es<\/a><\/p>\n<p><span id=\"cloak16311\">Barcelona<\/span><\/p>\n<p>+34 934 873 333[\/vc_column_text][\/vc_tta_section][vc_tta_section title=\u00a0\u00bbVER\u00d3NICA MIRANDA\u00a0\u00bb tab_id=\u00a0\u00bb1479808545084-f40655b2-8b27&Prime;][vc_column_text]<a href=\"http:\/\/www.veronicamiranda.es\" target=\"_blank\" rel=\"noopener noreferrer\">www.veronicamiranda.es<\/a><\/p>\n<p><span id=\"cloak16311\">Ver\u00f3nica Miranda<\/span><\/p>\n<p><span id=\"cloak16311\"><a href=\"mailto:veronica@veronicamiranda.es\">veronica@veronicamiranda.es<\/a><\/span><\/p>\n<p>+34 934 196 296[\/vc_column_text][\/vc_tta_section][vc_tta_section title=\u00a0\u00bbYOLANCRIS\u00a0\u00bb tab_id=\u00a0\u00bb1479808406701-143438ee-9a62&Prime;][vc_column_text]<a href=\"http:\/\/www.yolancris.com\" target=\"_blank\" rel=\"noopener noreferrer\">www.yolancris.com<\/a><\/p>\n<p><span id=\"cloak16311\"><a href=\"mailto:info@yolancris.com\">info@yolancris.com<\/a><\/span><\/p>\n<p>+34 937 278 922[\/vc_column_text][\/vc_tta_section][vc_tta_section title=\u00a0\u00bbTERESA HELBIG\u00a0\u00bb tab_id=\u00a0\u00bb1479808467124-756462db-946d\u00a0\u00bb][vc_column_text]<a href=\"http:\/\/www.teresahelbig.com\" target=\"_blank\" rel=\"noopener noreferrer\">www.teresahelbig.com<\/a><\/p>\n<p><span id=\"cloak16311\"><a href=\"mailto:info@teresahelbig.com\">info@teresahelbig.com<\/a><\/span><\/p>\n<p>+34 934 515 544<\/p>\n<p>[\/vc_column_text][\/vc_tta_section][\/vc_tta_accordion][\/vc_column][vc_column width=\u00a0\u00bb1\/4&Prime;][vc_column_text]<\/p>\n<h3 style=\"text-align: left;\"><span style=\"color: #cc3366;\">IMAGE, SON, \u00c9CLAIRAGE, MUSIQUE\u2026<\/span><\/h3>\n<p>[\/vc_column_text][vc_tta_accordion shape=\u00a0\u00bbsquare\u00a0\u00bb color=\u00a0\u00bbwhite\u00a0\u00bb c_icon=\u00a0\u00bb\u00a0\u00bb active_section=\u00a0\u00bb1&Prime;][vc_tta_section title=\u00a0\u00bbPARENTESIS\u00a0\u00bb tab_id=\u00a0\u00bb1479808650363-c3052143-8a80&Prime;][vc_column_text]<a href=\"http:\/\/www.parentesisgrup.com\" target=\"_blank\" rel=\"noopener noreferrer\">www.parentesisgrup.com<\/a><\/p>\n<p><span id=\"cloak98712\">Llu\u00eds Barniol \/ Imatge i so <\/span><br \/>\n<span id=\"cloak98712\"><a href=\"mailto:lluis@parentesisgrup.com\">lluis@parentesisgrup.com<\/a><\/span><\/p>\n<p>+34 617 958 376[\/vc_column_text][\/vc_tta_section][vc_tta_section title=\u00a0\u00bbDIVERTA\u00a0\u00bb tab_id=\u00a0\u00bb1478578740069-2d093f80-fbab\u00a0\u00bb][vc_column_text]<a href=\"http:\/\/www.divertafesta.cat\" target=\"_blank\" rel=\"noopener noreferrer\">www.divertafesta.cat<\/a><\/p>\n<p><span id=\"cloak98712\">Anna <\/span><br \/>\n<span id=\"cloak98712\"><a href=\"mailto:anna@diverta.cat\">anna@diverta.cat<\/a><\/span><\/p>\n<p>+34 629 362 105[\/vc_column_text][\/vc_tta_section][vc_tta_section title=\u00a0\u00bbDM ESPECT\u00c1CULOS\u00a0\u00bb tab_id=\u00a0\u00bb1479809228344-f64c1866-5888&Prime;][vc_column_text]<a href=\"http:\/\/www.dmespectaculos.com\" target=\"_blank\" rel=\"noopener noreferrer\">www.dmespectaculos.com<\/a><\/p>\n<p><span id=\"cloak98712\">Ernesto Gonz\u00e1lez \/ Discom\u00f2bil i producci\u00f3 art\u00edstica <\/span><br \/>\n<span id=\"cloak98712\"><a href=\"mailto:ernesto@dmespectaculos.com\">ernesto@dmespectaculos.com<\/a><\/span><\/p>\n<p>+34 669 866 088[\/vc_column_text][\/vc_tta_section][vc_tta_section title=\u00a0\u00bbISCMUSIC\u00a0\u00bb tab_id=\u00a0\u00bb1479808812875-fa1068e3-ac3c\u00a0\u00bb][vc_column_text]<a href=\"http:\/\/www.discmusic.net\" target=\"_blank\" rel=\"noopener noreferrer\">www.discmusic.net<\/a><\/p>\n<p><span id=\"cloak98712\">So i llum<\/span><br \/>\n[\/vc_column_text][\/vc_tta_section][vc_tta_section title=\u00a0\u00bbACUSTICA\u00a0\u00bb tab_id=\u00a0\u00bb1479809295135-0e689122-a43a\u00a0\u00bb][vc_column_text]<a href=\"http:\/\/www.acusticabcn.com\" target=\"_blank\" rel=\"noopener noreferrer\">www.acusticabcn.com<\/a><\/p>\n<p><span id=\"cloak98712\">Joan Carles Plaza \/ Esdeveniments corporatius<\/span><br \/>\n<span id=\"cloak98712\"><a href=\"mailto:acustica@acusticabcn.com\">acustica@acusticabcn.com<\/a><\/span><\/p>\n<p>+34 653 859 259[\/vc_column_text][\/vc_tta_section][vc_tta_section title=\u00a0\u00bbDISCOMOVIL EVENTOS\u00a0\u00bb tab_id=\u00a0\u00bb1479808803297-8ebe79d6-93c0&Prime;][vc_column_text]<a href=\"http:\/\/www.discomovileventos.com\" target=\"_blank\" rel=\"noopener noreferrer\">www.discomovileventos.com<\/a><\/p>\n<p><span id=\"cloak98712\">Alberto<\/span><\/p>\n<p>+34 667 772 251[\/vc_column_text][\/vc_tta_section][vc_tta_section title=\u00a0\u00bbDISCOMOVIL PARADISE\u00a0\u00bb tab_id=\u00a0\u00bb1479809461557-9298eb2f-01e7&Prime;][vc_column_text]<a href=\"http:\/\/www.discomovilparadise.com\" target=\"_blank\" rel=\"noopener noreferrer\">www.discomovilparadise.com<\/a><\/p>\n<p><span id=\"cloak98712\">Manresa (Barcelona)<\/span><br \/>\n<span id=\"cloak98712\"><a href=\"mailto:comercial@discomovilparadise.com\">comercial@discomovilparadise.com<\/a><\/span><\/p>\n<p>+34 977 860 591[\/vc_column_text][\/vc_tta_section][vc_tta_section title=\u00a0\u00bbDEEJAY SOLUTIONS\u00a0\u00bb tab_id=\u00a0\u00bb1479809582247-e545e196-6964&Prime;][vc_column_text]<a href=\"http:\/\/www.musicpartiesproject.com\" target=\"_blank\" rel=\"noopener noreferrer\">www.musicpartiesproject.com<\/a><\/p>\n<p><span id=\"cloak98712\">Jordi Gavarr\u00f3<\/span><br \/>\n<span id=\"cloak98712\"><a href=\"mailto:info@musicpartiesproject.com\">info@musicpartiesproject.com<\/a><\/span><\/p>\n<p>+34 617 315 008[\/vc_column_text][\/vc_tta_section][\/vc_tta_accordion][\/vc_column][\/vc_row][vc_row gap=\u00a0\u00bb35&Prime; css=\u00a0\u00bb.vc_custom_1479717871622{padding-top: 80px !important;padding-bottom: 80px !important;}\u00a0\u00bb][vc_column width=\u00a0\u00bb1\/4&Prime;][vc_column_text]<\/p>\n<h3 style=\"text-align: left;\"><span style=\"color: #cc3366;\">SALONS DE COIFFURE ET MAQUILLAGE<\/span><\/h3>\n<p>[\/vc_column_text][vc_tta_accordion shape=\u00a0\u00bbsquare\u00a0\u00bb color=\u00a0\u00bbwhite\u00a0\u00bb c_icon=\u00a0\u00bb\u00a0\u00bb active_section=\u00a0\u00bb1&Prime;][vc_tta_section title=\u00a0\u00bbSPEL\u00a0\u00bb tab_id=\u00a0\u00bb1479810068452-70756227-c27c\u00a0\u00bb][vc_column_text]<a href=\"http:\/\/www.spelperruquers.com\" target=\"_blank\" rel=\"noopener noreferrer\">www.spelperruquers.com<\/a><\/p>\n<p><span id=\"cloak98712\">Vanessa Espelt<\/span><\/p>\n<p><span id=\"cloak98712\"><a href=\"mailto:vanessaspelt@gmail.com\">vanessaspelt@gmail.com<\/a><\/span><\/p>\n<p>+34 938 213 819[\/vc_column_text][\/vc_tta_section][vc_tta_section title=\u00a0\u00bbPEP GALLIFA\u00a0\u00bb tab_id=\u00a0\u00bb1479810258465-a582f7a2-b852&Prime;][vc_column_text]<a href=\"http:\/\/www.pepgallifa.com\" target=\"_blank\" rel=\"noopener noreferrer\">www.pepgallifa.com<\/a><\/p>\n<p><span id=\"cloak98712\">Pep Gallifa<\/span><\/p>\n<p><span id=\"cloak98712\"><a href=\"mailto:info@pepgallifa.com\">info@pepgallifa.com<\/a><\/span><\/p>\n<p>+34 938 890 233[\/vc_column_text][\/vc_tta_section][vc_tta_section title=\u00a0\u00bbPERRUQUERIA CASTELLTER\u00c7OL\u00a0\u00bb tab_id=\u00a0\u00bb1479810237736-ed639593-89aa\u00a0\u00bb][vc_column_text]<span id=\"cloak98712\">Carrer Pabordia, 7 (al costat del Mir\u00f3)<\/span><\/p>\n<p><span id=\"cloak98712\">Carme Costa<\/span><\/p>\n<p>+34 938 668 231[\/vc_column_text][\/vc_tta_section][vc_tta_section title=\u00a0\u00bbAL SON DE UN PINCEL\u00a0\u00bb tab_id=\u00a0\u00bb1479810336950-d072a7a8-9941&Prime;][vc_column_text]<a href=\"http:\/\/alsondeunpincel.wordpress.com\" target=\"_blank\" rel=\"noopener noreferrer\">alsondeunpincel.wordpress.com<\/a><\/p>\n<p><span id=\"cloak98712\">Mireia Esteban<\/span><\/p>\n<p><span id=\"cloak98712\"><a href=\"mailto:alsondeunpincel@gmail.com\">alsondeunpincel@gmail.com<\/a><\/span><\/p>\n<p>+34 685 324 642[\/vc_column_text][\/vc_tta_section][vc_tta_section title=\u00a0\u00bbTERESA SNOWBALL\u00a0\u00bb tab_id=\u00a0\u00bb1478589832377-1a076377-9b31&Prime;][vc_column_text]<a href=\"http:\/\/www.teresasnowball.com\" target=\"_blank\" rel=\"noopener noreferrer\">www.teresasnowball.com<\/a><\/p>\n<p><span id=\"cloak98712\">Teresa Snowball<\/span><\/p>\n<p><span id=\"cloak98712\"><a href=\"mailto:teresasnowball@gmail.com\">teresasnowball@gmail.com<\/a><\/span><\/p>\n<p>+34 627 63 87 63[\/vc_column_text][\/vc_tta_section][vc_tta_section title=\u00a0\u00bbNOVIA PERFECTA\u00a0\u00bb tab_id=\u00a0\u00bb1479810506195-afc436b0-edd6&Prime;][vc_column_text]<a href=\"http:\/\/www.noviaperfecta.com\" target=\"_blank\" rel=\"noopener noreferrer\">www.noviaperfecta.com<\/a><\/p>\n<p><span id=\"cloak98712\">Mar\u00eda Jos\u00e9<\/span><\/p>\n<p>[\/vc_column_text][\/vc_tta_section][vc_tta_section title=\u00a0\u00bbALLBEAUTY\u00a0\u00bb tab_id=\u00a0\u00bb1479810523209-5eb8b018-874d\u00a0\u00bb][vc_column_text]<a href=\"http:\/\/www.allbeauty.es\" target=\"_blank\" rel=\"noopener noreferrer\">www.allbeauty.es<\/a><\/p>\n<p><span id=\"cloak98712\">Marta<\/span><\/p>\n<p>[\/vc_column_text][\/vc_tta_section][\/vc_tta_accordion][\/vc_column][vc_column width=\u00a0\u00bb1\/4&Prime;][vc_column_text]<\/p>\n<h3 style=\"text-align: left;\"><span style=\"color: #cc3366;\">FLEURISTES<\/span><\/h3>\n<p>[\/vc_column_text][vc_tta_accordion shape=\u00a0\u00bbsquare\u00a0\u00bb color=\u00a0\u00bbwhite\u00a0\u00bb c_icon=\u00a0\u00bb\u00a0\u00bb active_section=\u00a0\u00bb1&Prime;][vc_tta_section title=\u00a0\u00bbLOURDES LLAD\u00d3\u00a0\u00bb tab_id=\u00a0\u00bb1479810764501-f03818d7-fa00&Prime;][vc_column_text]<a href=\"http:\/\/www.lourdeslladoflorista.com\" target=\"_blank\" rel=\"noopener noreferrer\">www.lourdeslladoflorista.com<\/a><\/p>\n<p><span id=\"cloak98712\">Lourdes Llad\u00f3<\/span><\/p>\n<p><span id=\"cloak98712\"><a href=\"mailto:mlourdesllado@gmail.com\">mlourdesllado@gmail.com<\/a><\/span><\/p>\n<p>+34 938 228 917[\/vc_column_text][\/vc_tta_section][vc_tta_section title=\u00a0\u00bbCURRIU\u00a0\u00bb tab_id=\u00a0\u00bb1478589835491-88cecb6d-a693&Prime;][vc_column_text]<a href=\"http:\/\/www.curriu.com\" target=\"_blank\" rel=\"noopener noreferrer\">www.curriu.com<\/a><\/p>\n<p><a href=\"http:\/www.facebook.com\/xavier.curriu\" target=\"_blank\" rel=\"noopener noreferrer\">www.facebook.com\/xavier.curriu<\/a><\/p>\n<p><span id=\"cloak98712\"><a href=\"mailto:curriu@curriu.com\">curriu@curriu.com<\/a><\/span><\/p>\n<p>+34 938 211 200[\/vc_column_text][\/vc_tta_section][vc_tta_section title=\u00a0\u00bbGANG AND THE WOOL\u00a0\u00bb tab_id=\u00a0\u00bb1479810878049-63c2bc4c-51be\u00a0\u00bb][vc_column_text]<a href=\"http:\/\/www.gangandthewool.com\" target=\"_blank\" rel=\"noopener noreferrer\">www.gangandthewool.com<\/a><\/p>\n<p><span id=\"cloak98712\"><a href=\"mailto:info@gangandthewool.com\">info@gangandthewool.com<\/a><\/span><\/p>\n<p>+34 652 570 979[\/vc_column_text][\/vc_tta_section][vc_tta_section title=\u00a0\u00bbFLOWERS BY BORNAY\u00a0\u00bb tab_id=\u00a0\u00bb1479811019800-d070ff42-bfd3&Prime;][vc_column_text]<a href=\"http:\/\/www.bornay.ws\" target=\"_blank\" rel=\"noopener noreferrer\">www.bornay.ws<\/a><\/p>\n<p><span id=\"cloak98712\"><a href=\"mailto:info@bornay.ws\">info@bornay.ws<\/a><\/span><\/p>\n<p>+34 687 496 462[\/vc_column_text][\/vc_tta_section][vc_tta_section title=\u00a0\u00bbMOLIST FLORISTES\u00a0\u00bb tab_id=\u00a0\u00bb1585756235270-21642685-b6fc\u00a0\u00bb][vc_column_text]<a href=\"http:\/\/www.molistfloristes.com\" target=\"_blank\" rel=\"noopener noreferrer\">www.molistfloristes.com<\/a><\/p>\n<p><span id=\"cloak98712\"><a href=\"mailto:info@molistfloristes.com\">info@molistfloristes.com<\/a><\/span><\/p>\n<p>+34 696 566 136[\/vc_column_text][\/vc_tta_section][\/vc_tta_accordion][\/vc_column][vc_column width=\u00a0\u00bb1\/4&Prime;][vc_column_text]<\/p>\n<h3 style=\"text-align: left;\"><span style=\"color: #cc3366;\">INSTALLATION DE CHAPITEAUX<\/span><\/h3>\n<p>[\/vc_column_text][vc_tta_accordion shape=\u00a0\u00bbsquare\u00a0\u00bb color=\u00a0\u00bbwhite\u00a0\u00bb c_icon=\u00a0\u00bb\u00a0\u00bb active_section=\u00a0\u00bb1&Prime;][vc_tta_section title=\u00a0\u00bbFESTA 10&Prime; tab_id=\u00a0\u00bb1478589838908-d6002135-f7a5&Prime;][vc_column_text]<a href=\"http:\/\/www.festa10.com\" target=\"_blank\" rel=\"noopener noreferrer\">www.festa10.com<\/a><\/p>\n<p><span id=\"cloak98712\"><a href=\"mailto:festa10@festa10.com\">festa10@festa10.com<\/a><\/span><\/p>\n<p>+34 617 436 945 \/ +34 608 940 702[\/vc_column_text][\/vc_tta_section][vc_tta_section title=\u00a0\u00bbCARPAS BALL\u00daS\u00a0\u00bb tab_id=\u00a0\u00bb1478589839450-2dd07711-16f8&Prime;][vc_column_text]<a href=\"http:\/\/www.carpasballus.com\" target=\"_blank\" rel=\"noopener noreferrer\">www.carpasballus.com<\/a><\/p>\n<p><span id=\"cloak16311\"><a href=\"mailto:jaume@envelatsballus.com\">jaume@envelatsballus.com<\/a><\/span><\/p>\n<p>+34 938 491 037 \/ +34 608 735 037[\/vc_column_text][\/vc_tta_section][vc_tta_section title=\u00a0\u00bbGRAN VILAYA\u00a0\u00bb tab_id=\u00a0\u00bb1479811207191-13bebe4b-a504&Prime;][vc_column_text]<a href=\"http:\/\/www.carpasgranvilaya.com\" target=\"_blank\" rel=\"noopener noreferrer\">www.carpasgranvilaya.com<\/a><\/p>\n<p><span id=\"cloak16311\"><a href=\"mailto:hola@carpasgranvilaya.com\">hola@carpasgranvilaya.com<\/a><\/span><\/p>\n<p>+34 938 834 442[\/vc_column_text][\/vc_tta_section][vc_tta_section title=\u00a0\u00bbPROJECT CARPAS\u00a0\u00bb tab_id=\u00a0\u00bb1479811210936-c4dc399b-3e3d\u00a0\u00bb][vc_column_text]<a href=\"http:\/\/www.projectcarpas.com\" target=\"_blank\" rel=\"noopener noreferrer\">www.projectcarpas.com<\/a><\/p>\n<p><span id=\"cloak16311\"><a href=\"mailto:info@projectcarpas.com\">info@projectcarpas.com<\/a><\/span><\/p>\n<p>+34 934 360 019[\/vc_column_text][\/vc_tta_section][\/vc_tta_accordion][\/vc_column][vc_column width=\u00a0\u00bb1\/4&Prime;][vc_column_text]<\/p>\n<h3 style=\"text-align: left;\"><span style=\"color: #cc3366;\">LOCATION DE MAT\u00c9RIEL<\/span><\/h3>\n<p>[\/vc_column_text][vc_tta_accordion shape=\u00a0\u00bbsquare\u00a0\u00bb color=\u00a0\u00bbwhite\u00a0\u00bb c_icon=\u00a0\u00bb\u00a0\u00bb active_section=\u00a0\u00bb1&Prime;][vc_tta_section title=\u00a0\u00bbMMPLATS\u00a0\u00bb tab_id=\u00a0\u00bb1479811393998-6e34f2b8-d5f0&Prime;][vc_column_text]<a href=\"http:\/\/www.mmplats.com\" target=\"_blank\" rel=\"noopener noreferrer\">www.mmplats.com<\/a><\/p>\n<p><span id=\"cloak98712\">M\u00f2nica<\/span><\/p>\n<p><span id=\"cloak98712\"><a href=\"mailto:comercial@mmplats.com\">comercial@mmplats.com<\/a><\/span><\/p>\n<p>+34 619 706 330[\/vc_column_text][\/vc_tta_section][vc_tta_section title=\u00a0\u00bbALQUILER HOSTELERIA\u00a0\u00bb tab_id=\u00a0\u00bb1479811466935-20c6ef72-864b\u00a0\u00bb][vc_column_text]<a href=\"http:\/\/www.alquilerhosteleria.com\" target=\"_blank\" rel=\"noopener noreferrer\">www.alquilerhosteleria.com<\/a><\/p>\n<p><span id=\"cloak98712\">Agust\u00ed i Cristina \/ La Garriga<\/span><\/p>\n<p><span id=\"cloak98712\"><a href=\"mailto:info@alquilerhosteleria.com\">info@alquilerhosteleria.com<\/a><\/span><\/p>\n<p>+34 938 607 046[\/vc_column_text][\/vc_tta_section][vc_tta_section title=\u00a0\u00bbCAPRI\u00a0\u00bb tab_id=\u00a0\u00bb1479811528246-13075e41-a3f2&Prime;][vc_column_text]<a href=\"http:\/\/www.mscapri.com\" target=\"_blank\" rel=\"noopener noreferrer\">www.mscapri.com<\/a><\/p>\n<p><span id=\"cloak98712\">Vic<\/span><\/p>\n<p><span id=\"cloak98712\"><a href=\"mailto:info@mscapri.com\">info@mscapri.com<\/a><\/span><\/p>\n<p>+34 938 860 869 \/ +34 629 334 465[\/vc_column_text][\/vc_tta_section][vc_tta_section title=\u00a0\u00bbCRIMONS\u00a0\u00bb tab_id=\u00a0\u00bb1478589842164-4278e229-951d\u00a0\u00bb][vc_column_text]<a href=\"http:\/\/www.crimons.com\" target=\"_blank\" rel=\"noopener noreferrer\">www.crimons.com<\/a><\/p>\n<p><span id=\"cloak98712\"><a href=\"mailto:info@crimons.com\">info@crimons.com<\/a><\/span><\/p>\n<p>+34 934 532 254[\/vc_column_text][\/vc_tta_section][\/vc_tta_accordion][\/vc_column][\/vc_row][vc_row gap=\u00a0\u00bb35&Prime; css=\u00a0\u00bb.vc_custom_1479717878994{padding-top: 80px !important;padding-bottom: 80px !important;}\u00a0\u00bb][vc_column width=\u00a0\u00bb1\/4&Prime;][vc_column_text]<\/p>\n<h3 style=\"text-align: left;\"><span style=\"color: #cc3366;\">ANIMATIONS, JEUX ET SERVICE DE BABY-SITTER<br \/>\n<\/span><\/h3>\n<p>[\/vc_column_text][vc_tta_accordion shape=\u00a0\u00bbsquare\u00a0\u00bb color=\u00a0\u00bbwhite\u00a0\u00bb c_icon=\u00a0\u00bb\u00a0\u00bb active_section=\u00a0\u00bb1&Prime;][vc_tta_section title=\u00a0\u00bbXALEM\u00a0\u00bb tab_id=\u00a0\u00bb1478589851240-6f97b18a-5a89&Prime;][vc_column_text]<a href=\"http:\/\/www.xalem.catm\/\" target=\"_blank\" rel=\"noopener noreferrer\">www.xalem.cat<\/a><\/p>\n<p><span id=\"cloak98712\">Jocs i cangurs<\/span><\/p>\n<p><span id=\"cloak98712\">Joana Niub\u00f2 \/ Casserres<\/span><\/p>\n<p><a href=\"mailto:xalem@xalem.cat\">xalem@xalem.cat<\/a><\/p>\n<p>+34 645 549 709[\/vc_column_text][\/vc_tta_section][vc_tta_section title=\u00a0\u00bbPARELLADE2&Prime; tab_id=\u00a0\u00bb1478589851814-f7b8805c-1ba2&Prime;][vc_column_text]<a href=\"http:\/\/www.parellade2.cat\" target=\"_blank\" rel=\"noopener noreferrer\">www.parellade2.cat<\/a><\/p>\n<p><span id=\"cloak16311\">Roger Rius<\/span><\/p>\n<p><span id=\"cloak16311\"><a href=\"mailto:info@parellade2.cat\">info@parellade2.cat<\/a><\/span><\/p>\n<p>+34 609 033 731[\/vc_column_text][\/vc_tta_section][vc_tta_section title=\u00a0\u00bbARTEFACTO\u00a0\u00bb tab_id=\u00a0\u00bb1479811866815-6d484db6-6ae1&Prime;][vc_column_text]<a href=\"http:\/\/www.calblay.com\/\" target=\"_blank\" rel=\"noopener noreferrer\">www.calblay.com<\/a><\/p>\n<p><span id=\"cloak16311\">Xavi Cabr\u00e9 <\/span><\/p>\n<p><span id=\"cloak16311\"><a href=\"mailto:artefacto.creacionsimogudes@gmail\">artefacto.creacionsimogudes@gmail<\/a><\/span><\/p>\n<p>+34 651 381 150[\/vc_column_text][\/vc_tta_section][\/vc_tta_accordion][\/vc_column][vc_column width=\u00a0\u00bb1\/4&Prime;][vc_column_text]<\/p>\n<h3 style=\"text-align: left;\"><span style=\"color: #cc3366;\"> D\u00c9CORATION <\/span><\/h3>\n<p>[\/vc_column_text][vc_tta_accordion shape=\u00a0\u00bbsquare\u00a0\u00bb color=\u00a0\u00bbwhite\u00a0\u00bb c_icon=\u00a0\u00bb\u00a0\u00bb active_section=\u00a0\u00bb1&Prime;][vc_tta_section title=\u00a0\u00bbMADERA &amp; CHOCOLATE\u00a0\u00bb tab_id=\u00a0\u00bb1478589854455-bdd264b7-73a1&Prime;][vc_column_text]<a href=\"http:\/\/www.maderaychocolate.com\" target=\"_blank\" rel=\"noopener noreferrer\">www.maderaychocolate.com<\/a><\/p>\n<p><span id=\"cloak3149\"><a href=\"mailto:ideas@maderaychocolate.com\">ideas@maderaychocolate.com<\/a><\/span><\/p>\n<p>+34 692 141 703[\/vc_column_text][\/vc_tta_section][vc_tta_section title=\u00a0\u00bbDETALLERIE\u00a0\u00bb tab_id=\u00a0\u00bb1478589855029-b9bf97a6-8a61&Prime;][vc_column_text]<a href=\"http:\/\/www.detallerie.com\/blog\" target=\"_blank\" rel=\"noopener noreferrer\">www.detallerie.com\/blog<\/a><\/p>\n<p><span id=\"cloak48077\"><a href=\"mailto:hola@detallerie.com\">hola@detallerie.com<\/a><\/span><\/p>\n<p>+34 650 471 776[\/vc_column_text][\/vc_tta_section][vc_tta_section title=\u00a0\u00bbBLANC EXPERIENCE\u00a0\u00bb tab_id=\u00a0\u00bb1478589855623-eeaa9021-6c20&Prime;][vc_column_text]<a href=\"http:\/\/www.blancexperience.cat\" target=\"_blank\" rel=\"noopener noreferrer\">www.blancexperience.cat<\/a><\/p>\n<p><span id=\"cloak15474\"><a href=\"mailto:info@blancexperience.cat\">info@blancexperience.cat<\/a><\/span><\/p>\n<p>+34 633 750 447[\/vc_column_text][\/vc_tta_section][\/vc_tta_accordion][\/vc_column][vc_column width=\u00a0\u00bb1\/4&Prime;][vc_column_text]<\/p>\n<h3 style=\"text-align: left;\"><span style=\"color: #cc3366;\">VID\u00c9O<\/span><\/h3>\n<p>[\/vc_column_text][vc_tta_accordion shape=\u00a0\u00bbsquare\u00a0\u00bb color=\u00a0\u00bbwhite\u00a0\u00bb c_icon=\u00a0\u00bb\u00a0\u00bb active_section=\u00a0\u00bb1&Prime;][vc_tta_section title=\u00a0\u00bbONEDAYONESONG\u00a0\u00bb tab_id=\u00a0\u00bb1479812367098-74adba14-3ade\u00a0\u00bb][vc_column_text]<a href=\"http:\/\/es.onedayonesong.info\" target=\"_blank\" rel=\"noopener noreferrer\">es.onedayonesong.info<\/a><\/p>\n<p><span id=\"cloak16311\">Maria Pons Carles<\/span><\/p>\n<p><span id=\"cloak16311\"><a href=\"mailto:contacta@onedayonesong.info\">contacta@onedayonesong.info<\/a><\/span><\/p>\n<p>+34 677 513 725[\/vc_column_text][\/vc_tta_section][vc_tta_section title=\u00a0\u00bbSERVILLETA DE PAPEL\u00a0\u00bb tab_id=\u00a0\u00bb1479812307082-bb93effe-5f24&Prime;][vc_column_text]<a href=\"http:\/\/www.servilletadepapel.es\" target=\"_blank\" rel=\"noopener noreferrer\">www.servilletadepapel.es<\/a><\/p>\n<p><span id=\"cloak16311\">Jordi<\/span><\/p>\n<p><span id=\"cloak16311\"><a href=\"mailto:info@servilletadepapel.es\">info@servilletadepapel.es<\/a><\/span><\/p>\n<p>+34 667 413 422[\/vc_column_text][\/vc_tta_section][vc_tta_section title=\u00a0\u00bbWEDDING&rsquo;S ART\u00a0\u00bb tab_id=\u00a0\u00bb1482341894420-af920523-f934&Prime;][vc_column_text]<a href=\"http:\/\/fotografo-bodas.net\/\" target=\"_blank\" rel=\"noopener noreferrer\">www.fotografo-bodas.net<\/a><\/p>\n<p><span id=\"cloak16311\">Ana\u00efs et Alex<\/span><\/p>\n<p><span id=\"cloak16311\"><a href=\"mailto:info@weddingsart.net\">info@weddingsart.net<\/a><\/span><\/p>\n<p>+34\u00a0686 230 328[\/vc_column_text][\/vc_tta_section][vc_tta_section title=\u00a0\u00bbSWINGYOURPICS\u00a0\u00bb tab_id=\u00a0\u00bb1524581125235-49a9b82b-25f3&Prime;][vc_column_text]<a href=\"http:\/\/www.swingyourpics.com\" target=\"_blank\" rel=\"noopener noreferrer\">www.swingyourpics.com<\/a><\/p>\n<p><span id=\"cloak16311\">Cris<\/span><\/p>\n<p><span id=\"cloak16311\"><a href=\"mailto:info@swingyourpics.com\">info@swingyourpics.com<\/a><\/span><\/p>\n<p>+34\u00a0655 028 048[\/vc_column_text][\/vc_tta_section][\/vc_tta_accordion][\/vc_column][vc_column width=\u00a0\u00bb1\/4&Prime;][vc_column_text]<\/p>\n<h3 style=\"text-align: left;\"><span style=\"color: #cc3366;\">TRANSPORTS<\/span><\/h3>\n<p>[\/vc_column_text][vc_tta_accordion shape=\u00a0\u00bbsquare\u00a0\u00bb color=\u00a0\u00bbwhite\u00a0\u00bb c_icon=\u00a0\u00bb\u00a0\u00bb active_section=\u00a0\u00bb1&Prime;][vc_tta_section title=\u00a0\u00bbTAXIS FERRER COMA\u00a0\u00bb tab_id=\u00a0\u00bb1478589860944-412fb5b5-7ab7&Prime;][vc_column_text]<a href=\"http:\/\/www.taxisferrercoma.com\" target=\"_blank\" rel=\"noopener noreferrer\">www.taxisferrercoma.com<\/a><\/p>\n<p><span id=\"cloak98712\">Miquel Ferrer &#8211; S\u00edlvia Coma \/ Castellter\u00e7ol<\/span><\/p>\n<p><span id=\"cloak98712\"><a href=\"mailto:ferrercoma@hotmail.com\">ferrercoma@hotmail.com<\/a><\/span><\/p>\n<p>+34 666 891 097 \/ +34 610 743 605[\/vc_column_text][\/vc_tta_section][vc_tta_section title=\u00a0\u00bbLIMOUSINE RENTAL\u00a0\u00bb tab_id=\u00a0\u00bb1478589861499-a022e599-f805&Prime;][vc_column_text]<a href=\"http:\/\/www.limorent.com\" target=\"_blank\" rel=\"noopener noreferrer\">www.limorent.com<\/a><\/p>\n<p><span id=\"cloak16311\"><a href=\"mailto:central@limorent.com\">central@limorent.com<\/a><\/span><\/p>\n<p>+34 933 741 800[\/vc_column_text][\/vc_tta_section][\/vc_tta_accordion][\/vc_column][\/vc_row][vc_row gap=\u00a0\u00bb35&Prime; css=\u00a0\u00bb.vc_custom_1479717885518{padding-top: 80px !important;padding-bottom: 80px !important;}\u00a0\u00bb][vc_column width=\u00a0\u00bb1\/4&Prime;][vc_column_text]<\/p>\n<h3 style=\"text-align: left;\"><span style=\"color: #cc3366;\">DESSERTS ET FRIANDISES<\/span><\/h3>\n<p>[\/vc_column_text][vc_tta_accordion shape=\u00a0\u00bbsquare\u00a0\u00bb color=\u00a0\u00bbwhite\u00a0\u00bb c_icon=\u00a0\u00bb\u00a0\u00bb active_section=\u00a0\u00bb1&Prime;][vc_tta_section title=\u00a0\u00bbSWEET IN A BOX\u00a0\u00bb tab_id=\u00a0\u00bb1478589887463-37bb123c-34cc\u00a0\u00bb][vc_column_text]<a href=\"http:\/\/www.sweetinabox.es\" target=\"_blank\" rel=\"noopener noreferrer\">www.sweetinabox.es<\/a><\/p>\n<p><span id=\"cloak98712\">Cristina Mor\u00ed\u00f1igo<\/span><\/p>\n<p><span id=\"cloak98712\"><a href=\"mailto:cmorinigo@sweetinabox.es\">cmorinigo@sweetinabox.es<\/a><\/span><\/p>\n<p>+34 616 740 978[\/vc_column_text][\/vc_tta_section][vc_tta_section title=\u00a0\u00bbPLATITOS DE AZ\u00daCAR\u00a0\u00bb tab_id=\u00a0\u00bb1479812727123-4cde968d-48db\u00a0\u00bb][vc_column_text]<a href=\"http:\/\/www.platitosdeazucar.com\" target=\"_blank\" rel=\"noopener noreferrer\">www.platitosdeazucar.com<\/a><\/p>\n<p><span id=\"cloak98712\">M\u00edriam Mart\u00edn<\/span><\/p>\n<p><span id=\"cloak98712\"><a href=\"mailto:platitosdeazucar@gmail.com\">platitosdeazucar@gmail.com<\/a><\/span><\/p>\n<p>+34 692 656 107 \/ +34 931 798 563[\/vc_column_text][\/vc_tta_section][\/vc_tta_accordion][\/vc_column][vc_column width=\u00a0\u00bb1\/4&Prime;][vc_column_text]<\/p>\n<h3 style=\"text-align: left;\"><span style=\"color: #cc3366;\">V\u00c9HICULES POUR C\u00c9L\u00c9BRATIONS<\/span><\/h3>\n<p>[\/vc_column_text][vc_tta_accordion shape=\u00a0\u00bbsquare\u00a0\u00bb color=\u00a0\u00bbwhite\u00a0\u00bb c_icon=\u00a0\u00bb\u00a0\u00bb active_section=\u00a0\u00bb1&Prime;][vc_tta_section title=\u00a0\u00bbSIDEYCAR\u00a0\u00bb tab_id=\u00a0\u00bb1478589891350-f57d36c6-370f\u00a0\u00bb][vc_column_text]<a href=\"http:\/\/www.sideycar.com\" target=\"_blank\" rel=\"noopener noreferrer\">www.sideycar.com<\/a><\/p>\n<p><span id=\"cloak3149\">Angel \/ Nav\u00e0s<\/span><\/p>\n<p>+34 938 204 953 \/ +34 609 240 265[\/vc_column_text][\/vc_tta_section][\/vc_tta_accordion][\/vc_column][vc_column width=\u00a0\u00bb1\/4&Prime;][vc_column_text]<\/p>\n<h3 style=\"text-align: left;\"><span style=\"color: #cc3366;\">SERVICE DE BAR<\/span><\/h3>\n<p>[\/vc_column_text][vc_tta_accordion shape=\u00a0\u00bbsquare\u00a0\u00bb color=\u00a0\u00bbwhite\u00a0\u00bb c_icon=\u00a0\u00bb\u00a0\u00bb active_section=\u00a0\u00bb1&Prime;][vc_tta_section title=\u00a0\u00bbGINTONIC.CAT\u00a0\u00bb tab_id=\u00a0\u00bb1478589895231-165b7ef0-06a2&Prime;][vc_column_text]<a href=\"http:\/\/www.gintonic.cat\" target=\"_blank\" rel=\"noopener noreferrer\">www.gintonic.cat<\/a><\/p>\n<p><span id=\"cloak98712\">Jordi Mill\u00e1n<\/span><\/p>\n<p><span id=\"cloak98712\"><a href=\"mailto:info@gintonic.cat\">info@gintonic.cat<\/a><\/span><\/p>\n<p>+34 687 498 811[\/vc_column_text][\/vc_tta_section][\/vc_tta_accordion][\/vc_column][vc_column width=\u00a0\u00bb1\/4&Prime;][vc_column_text]<\/p>\n<h3 style=\"text-align: left;\"><span style=\"color: #cc3366;\">MUSIQUE EN DIRECT<\/span><\/h3>\n<p>[\/vc_column_text][vc_tta_accordion shape=\u00a0\u00bbsquare\u00a0\u00bb color=\u00a0\u00bbwhite\u00a0\u00bb c_icon=\u00a0\u00bb\u00a0\u00bb active_section=\u00a0\u00bb1&Prime;][vc_tta_section title=\u00a0\u00bb&amp; SWING\u00a0\u00bb tab_id=\u00a0\u00bb1478589899025-93f1178c-f1b1&Prime;][vc_column_text]<a href=\"http:\/\/www.andswing.com\" target=\"_blank\" rel=\"noopener noreferrer\">www.andswing.com<\/a><\/p>\n<p><span id=\"cloak98712\">David Sais \/ Puig-Reig<\/span><\/p>\n<p><span id=\"cloak98712\"><a href=\"mailto:info@andswing.com\">info@andswing.com<\/a><\/span><\/p>\n<p>+34 629 068 232[\/vc_column_text][\/vc_tta_section][\/vc_tta_accordion][\/vc_column][\/vc_row][vc_row gap=\u00a0\u00bb35&Prime; css=\u00a0\u00bb.vc_custom_1479717892277{padding-top: 80px !important;padding-bottom: 80px !important;}\u00a0\u00bb][vc_column width=\u00a0\u00bb1\/4&Prime;][\/vc_column][vc_column width=\u00a0\u00bb1\/4&Prime;][vc_column_text]<\/p>\n<h3 style=\"text-align: left;\"><span style=\"color: #cc3366;\">BIJOUTERIE ET ILLUSTRATION<\/span><\/h3>\n<p>[\/vc_column_text][vc_tta_accordion shape=\u00a0\u00bbsquare\u00a0\u00bb color=\u00a0\u00bbwhite\u00a0\u00bb c_icon=\u00a0\u00bb\u00a0\u00bb active_section=\u00a0\u00bb1&Prime;][vc_tta_section title=\u00a0\u00bbCLARA NIUB\u00d2\u00a0\u00bb tab_id=\u00a0\u00bb1478589943542-27000585-b5b9&Prime;][vc_column_text]<a href=\"http:\/\/www.claraniubo.com\/\" target=\"_blank\" rel=\"noopener noreferrer\">www.claraniubo.com<\/a><\/p>\n<p>Clara Niub\u00f2<\/p>\n<p><span id=\"cloak80180\"><a href=\"mailto:hola@claraniubo.com\">hola@claraniubo.com<\/a><\/span><\/p>\n<p>+34 609 836 151[\/vc_column_text][\/vc_tta_section][\/vc_tta_accordion][\/vc_column][vc_column width=\u00a0\u00bb1\/4&Prime;][vc_column_text]<\/p>\n<h3 style=\"text-align: left;\"><span style=\"color: #cc3366;\">DESIGN GRAPHIQUE ET INVITATIONS<\/span><\/h3>\n<p>[\/vc_column_text][vc_tta_accordion shape=\u00a0\u00bbsquare\u00a0\u00bb color=\u00a0\u00bbwhite\u00a0\u00bb c_icon=\u00a0\u00bb\u00a0\u00bb active_section=\u00a0\u00bb1&Prime;][vc_tta_section title=\u00a0\u00bbGRATSTUDIO\u00a0\u00bb tab_id=\u00a0\u00bb1478589947300-59efdabb-a3d1&Prime;][vc_column_text]<a href=\"http:\/\/www.gratstudio.com\/\" target=\"_blank\" rel=\"noopener noreferrer\">www.gratstudio.com<\/a><\/p>\n<p><a href=\"http:\/\/www.boding.cat\/\" target=\"_blank\" rel=\"noopener noreferrer\">www.boding.cat<\/a><\/p>\n<p>Ramon Garriga<\/p>\n<p><span id=\"cloak58627\"><a href=\"mailto:ramon@gratstudio.com\">ramon@gratstudio.com<\/a><\/span><\/p>\n<p>+34 616 687 039[\/vc_column_text][\/vc_tta_section][\/vc_tta_accordion][\/vc_column][vc_column width=\u00a0\u00bb1\/4&Prime;][\/vc_column][\/vc_row][vc_row full_width=\u00a0\u00bbstretch_row\u00a0\u00bb css=\u00a0\u00bb.vc_custom_1478590273133{padding-top: 100px !important;padding-bottom: 100px !important;background-image: url(https:\/\/calbernadas.com\/wp-content\/uploads\/2016\/10\/CEL_localitzacio.jpg?id=13442) !important;}\u00a0\u00bb parallax_speed=\u00a0\u00bb0.8&Prime; bg_video_transparent=\u00a0\u00bb0&Prime; el_class=\u00a0\u00bbcm-icon-big-item\u00a0\u00bb][vc_column][cs_custom_heading text=\u00a0\u00bbLOCALISATION\u00a0\u00bb font_container=\u00a0\u00bbtag:h1|font_size:40px|text_align:center|color:%23ffffff\u00a0\u00bb font_format=\u00a0\u00bb700&Prime; style=\u00a0\u00bbstyle-none\u00a0\u00bb el_class=\u00a0\u00bbcm-tailor-title-site\u00a0\u00bb][\/vc_column][\/vc_row][vc_row css=\u00a0\u00bb.vc_custom_1477557874325{padding-top: 80px !important;padding-bottom: 80px !important;}\u00a0\u00bb][vc_column][vc_row_inner][vc_column_inner width=\u00a0\u00bb1\/4&Prime;][\/vc_column_inner][vc_column_inner width=\u00a0\u00bb1\/2&Prime;][vc_column_text css=\u00a0\u00bb.vc_custom_1479980888570{padding-right: 10% !important;padding-left: 10% !important;}\u00a0\u00bb]<\/p>\n<h5 style=\"text-align: center;\"><span style=\"color: #c36;\">La Cabana se trouve dans les environs de la localit\u00e9 de Casserres, dans la r\u00e9gion du Bergued\u00e0.<br \/>\nElle est au milieu de la nature, tout en permettant de rejoindre le village \u00e0 pied.<\/span><\/h5>\n<p>[\/vc_column_text][\/vc_column_inner][vc_column_inner width=\u00a0\u00bb1\/4&Prime;][\/vc_column_inner][\/vc_row_inner][vc_empty_space height=\u00a0\u00bb52px\u00a0\u00bb][vc_row_inner][vc_column_inner width=\u00a0\u00bb1\/3&Prime;][vc_column_text]<\/p>\n<h3><span style=\"color: #c36;\"><i class=\"fa fa-home uk-text-primary\"><\/i> ADRESSE<\/span><\/h3>\n<p style=\"font-size: 18px;\">Casa La Cabana, afores s\/n<br \/>\n08693 Casserres<br \/>\nR\u00e9gion du Bergued\u00e0<br \/>\nProvince de Barcelone<\/p>\n<h5><\/h5>\n<h3><span style=\"color: #c36;\"><i class=\"fa fa-home uk-text-primary\"><\/i>COORDONN\u00c9ES GPS<\/span><\/h3>\n<p style=\"font-size: 18px;\">42\u00b0 0\u201944.28\u2033 N<br \/>\n1\u00b049\u201958.76\u2033 E<\/p>\n<p>[\/vc_column_text][\/vc_column_inner][vc_column_inner width=\u00a0\u00bb2\/3&Prime;][vc_column_text]<\/p>\n<h3><span style=\"color: #c36;\"><i class=\"fa fa-home uk-text-primary\"><\/i>COMMENT NOUS REJOINDRE<\/span><\/h3>\n<p style=\"font-size: 18px;\">Prendre la sortie 88 de la voie rapide C-16, direction Casserres. Emprunter la route locale et vous arriverez \u00e0 Casserres au bout de 4 km.<br \/>\nAu rond-point \u00e0 l\u2019entr\u00e9e de la localit\u00e9, prendre la premi\u00e8re route direction L\u2019Espunyola.<br \/>\nAu rond-point suivant, prendre la deuxi\u00e8me route direction Casserres.<br \/>\n\u00c0 environ 500 m\u00e8tres, juste apr\u00e8s le complexe sportive de Casserres, vous verrez le panneau de la Cabana sur la droite.<br \/>\nPrendre le chemin et au bout de 300 m\u00e8tres\u2026 bienvenus \u00e0 La Cabana !<\/p>\n<p>[\/vc_column_text][\/vc_column_inner][\/vc_row_inner][\/vc_column][\/vc_row][vc_row full_width=\u00a0\u00bbstretch_row_content_no_spaces\u00a0\u00bb][vc_column][vc_gmaps link=\u00a0\u00bb#E-8_JTNDaWZyYW1lJTIwc3JjJTNEJTIyaHR0cHMlM0ElMkYlMkZ3d3cuZ29vZ2xlLmNvbSUyRm1hcHMlMkZlbWJlZCUzRnBiJTNEJTIxMW0xOCUyMTFtMTIlMjExbTMlMjExZDUxMTQuNjQ1NjUzMDY5NDU4JTIxMmQxLjgyOTk2MDQ3MDE3OTg1NDQlMjEzZDQyLjAxMjIwMjI2NTEzMSUyMTJtMyUyMTFmMCUyMTJmMCUyMTNmMCUyMTNtMiUyMTFpMTAyNCUyMTJpNzY4JTIxNGYxMy4xJTIxM20zJTIxMW0yJTIxMXMweDEyYTUwNzYyOTJiYzViMzElMjUzQTB4MzZiYzUyOTlhNDg5MzI5JTIxMnNsYSUyQkNhYmFuYSUyMTVlMSUyMTNtMiUyMTFzZXMlMjEyc2VzJTIxNHYxNTU0MzEwNjE3ODQ4JTIxNW0yJTIxMXNlcyUyMTJzZXMlMjIlMjB3aWR0aCUzRCUyMjEwMCUyNSUyMiUyMGhlaWdodCUzRCUyMjQ1MCUyMiUyMGZyYW1lYm9yZGVyJTNEJTIyMCUyMiUyMHN0eWxlJTNEJTIyYm9yZGVyJTNBMCUyMiUyMGFsbG93ZnVsbHNjcmVlbiUzRSUzQyUyRmlmcmFtZSUzRQ==\u00a0\u00bb][\/vc_column][\/vc_row][vc_row full_width=\u00a0\u00bbstretch_row\u00a0\u00bb css=\u00a0\u00bb.vc_custom_1478590522763{padding-top: 100px !important;padding-bottom: 100px !important;background-image: url(https:\/\/calbernadas.com\/wp-content\/uploads\/2016\/10\/CEL_contacte02-1.jpg?id=13445) !important;}\u00a0\u00bb parallax_speed=\u00a0\u00bb0.8&Prime; bg_video_transparent=\u00a0\u00bb0&Prime; el_class=\u00a0\u00bbcm-icon-big-item\u00a0\u00bb][vc_column][cs_custom_heading text=\u00a0\u00bbCONTACT\u00a0\u00bb font_container=\u00a0\u00bbtag:h1|font_size:40px|text_align:center|color:%23ffffff\u00a0\u00bb font_format=\u00a0\u00bb700&Prime; style=\u00a0\u00bbstyle-none\u00a0\u00bb el_class=\u00a0\u00bbcm-tailor-title-site\u00a0\u00bb][\/vc_column][\/vc_row][vc_row css=\u00a0\u00bb.vc_custom_1477557874325{padding-top: 80px !important;padding-bottom: 80px !important;}\u00a0\u00bb][vc_column width=\u00a0\u00bb1\/3&Prime;][vc_column_text]<\/p>\n<h3><\/h3>\n<h3><span style=\"color: #cc3366;\">JOSEP NIUB\u00d2<\/span><br \/>\n<span style=\"color: #cc3366;\">RAMONA CASAS<\/span><br \/>\n<span style=\"color: #cc3366;\">ANNA NIUB\u00d2<\/span><\/h3>\n<h3><\/h3>\n<p style=\"font-size: 18px;\">Carrer Major, 31. 08693 Casserres<br \/>\n+34 636 533 958<br \/>\n+34 938 234 082<br \/>\n<span id=\"cloak78436\"><a href=\"mailto:info@calbernadas.com\">info@calbernadas.com<\/a><\/span><\/p>\n<p>[\/vc_column_text]        <div  id=\"cs_social1777383072_169f0b6a04c664\" class=\"cshero-social cs-social-layout1 \">\r\n            <style type=\"text\/css\" scoped>\r\n               .cshero_content_1777383072_169f0b6a04c664.cshero-social-list a:hover i {\r\n                    background-color:  !important;\r\n                    border-color:  !important;\r\n                    color:  !important;\r\n                    white-space: inherit;\r\n               }\r\n            <\/style>\r\n                            \r\n<div class=\"cshero_content_1777383072_169f0b6a04c664 cshero-social-list \">\r\n            <a href=\"https:\/\/www.facebook.com\/calbernadas?fref=ts\" style=\"font-size:\"><i style=\"      border-style: none;   \" class=\"fa fa-facebook\"><\/i><\/a>\r\n                <a href=\"https:\/\/instagram.com\/calbernadas\/\" style=\"font-size:\"><i style=\"      border-style: none;   \" class=\"fa fa-instagram\"><\/i><\/a>\r\n                <a href=\"https:\/\/twitter.com\/calbernadas\" style=\"font-size:\"><i style=\"      border-style: none;   \" class=\"fa fa-twitter\"><\/i><\/a>\r\n                                            \r\n<\/div>               \r\n        <\/div>\r\n        [\/vc_column][vc_column width=\u00a0\u00bb2\/3&Prime;]\n<div class=\"wpcf7 no-js\" id=\"wpcf7-f17417-o1\" lang=\"en-US\" dir=\"ltr\">\n<div class=\"screen-reader-response\"><p role=\"status\" aria-live=\"polite\" aria-atomic=\"true\"><\/p> <ul><\/ul><\/div>\n<form action=\"\/fr\/wp-json\/wp\/v2\/pages\/14276#wpcf7-f17417-o1\" method=\"post\" class=\"wpcf7-form init\" aria-label=\"Contact form\" novalidate=\"novalidate\" data-status=\"init\">\n<div style=\"display: none;\">\n<input type=\"hidden\" name=\"_wpcf7\" value=\"17417\" \/>\n<input type=\"hidden\" name=\"_wpcf7_version\" value=\"5.8.2\" \/>\n<input type=\"hidden\" name=\"_wpcf7_locale\" value=\"en_US\" \/>\n<input type=\"hidden\" name=\"_wpcf7_unit_tag\" value=\"wpcf7-f17417-o1\" \/>\n<input type=\"hidden\" name=\"_wpcf7_container_post\" value=\"0\" \/>\n<input type=\"hidden\" name=\"_wpcf7_posted_data_hash\" value=\"\" \/>\n<\/div>\n<div class=\"row\">\n\t<div class=\"col-xs-12 col-sm-12 col-md-12 col-lg-12\">\n\t\t<p><span class=\"wpcf7-form-control-wrap\" data-name=\"nom\"><input size=\"40\" class=\"wpcf7-form-control wpcf7-text wpcf7-validates-as-required name\" id=\"name\" aria-required=\"true\" aria-invalid=\"false\" placeholder=\"Votre nom\" value=\"\" type=\"text\" name=\"nom\" \/><\/span>\n\t\t<\/p>\n\t<\/div>\n<\/div>\n<div class=\"row\">\n\t<div class=\"col-xs-12 col-sm-12 col-md-12 col-lg-12\">\n\t\t<p><span class=\"wpcf7-form-control-wrap\" data-name=\"email\"><input size=\"40\" class=\"wpcf7-form-control wpcf7-email wpcf7-validates-as-required wpcf7-text wpcf7-validates-as-email email\" id=\"email\" aria-required=\"true\" aria-invalid=\"false\" placeholder=\"Votre adresse \u00e9lectronique\" value=\"\" type=\"email\" name=\"email\" \/><\/span>\n\t\t<\/p>\n\t<\/div>\n<\/div>\n<div class=\"row\">\n\t<div class=\"col-xs-12 col-sm-12 col-md-12 col-lg-12\">\n\t\t<p><span class=\"wpcf7-form-control-wrap\" data-name=\"phone\"><input size=\"40\" class=\"wpcf7-form-control wpcf7-text wpcf7-validates-as-required phone\" id=\"phone\" aria-required=\"true\" aria-invalid=\"false\" placeholder=\"T\u00e9l\u00e9phone\" value=\"\" type=\"text\" name=\"phone\" \/><\/span>\n\t\t<\/p>\n\t<\/div>\n<\/div>\n<div class=\"row\">\n\t<div class=\"col-xs-12 col-sm-12 col-md-12 col-lg-12\">\n\t\t<p><span class=\"wpcf7-form-control-wrap\" data-name=\"adults\"><input size=\"40\" class=\"wpcf7-form-control wpcf7-text wpcf7-validates-as-required\" aria-required=\"true\" aria-invalid=\"false\" placeholder=\"Nombre d\u2019adultes\" value=\"\" type=\"text\" name=\"adults\" \/><\/span>\n\t\t<\/p>\n\t<\/div>\n<\/div>\n<div class=\"row\">\n\t<div class=\"col-xs-12 col-sm-12 col-md-12 col-lg-12\">\n\t\t<p><span class=\"wpcf7-form-control-wrap\" data-name=\"nens\"><input size=\"40\" class=\"wpcf7-form-control wpcf7-text wpcf7-validates-as-required\" aria-required=\"true\" aria-invalid=\"false\" placeholder=\"Nombre d\u2019enfants (de 2 \u00e0 15 ans)\" value=\"\" type=\"text\" name=\"nens\" \/><\/span>\n\t\t<\/p>\n\t<\/div>\n<\/div>\n<div class=\"row\">\n\t<div class=\"col-xs-12 col-sm-12 col-md-12 col-lg-12\">\n\t\t<p><span class=\"wpcf7-form-control-wrap\" data-name=\"nadons\"><input size=\"40\" class=\"wpcf7-form-control wpcf7-text wpcf7-validates-as-required\" aria-required=\"true\" aria-invalid=\"false\" placeholder=\"Nombre de b\u00e9b\u00e9s (moins de 2 ans)\" value=\"\" type=\"text\" name=\"nadons\" \/><\/span>\n\t\t<\/p>\n\t<\/div>\n<\/div>\n<div class=\"row\">\n\t<div class=\"col-xs-12 col-sm-12 col-md-12 col-lg-12\">\n\t\t<p><span class=\"wpcf7-form-control-wrap\" data-name=\"entrada\"><input class=\"wpcf7-form-control wpcf7-date wpcf7-validates-as-required wpcf7-validates-as-date\" aria-required=\"true\" aria-invalid=\"false\" placeholder=\"Date d\u2019arriv\u00e9e: &nbsp;\" value=\"\" type=\"date\" name=\"entrada\" \/><\/span>\n\t\t<\/p>\n\t<\/div>\n<\/div>\n<div class=\"row\">\n\t<div class=\"col-xs-12 col-sm-12 col-md-12 col-lg-12\">\n\t\t<p><span class=\"wpcf7-form-control-wrap\" data-name=\"sortida\"><input class=\"wpcf7-form-control wpcf7-date wpcf7-validates-as-required wpcf7-validates-as-date\" aria-required=\"true\" aria-invalid=\"false\" placeholder=\"Date de d\u00e9part: &nbsp;\" value=\"\" type=\"date\" name=\"sortida\" \/><\/span>\n\t\t<\/p>\n\t<\/div>\n<\/div>\n<div class=\"row\">\n\t<div class=\"col-xs-12 col-sm-12 col-md-12 col-lg-12\">\n\t\t<p><span class=\"wpcf7-form-control-wrap\" data-name=\"msg\"><textarea cols=\"40\" rows=\"10\" class=\"wpcf7-form-control wpcf7-textarea\" aria-invalid=\"false\" placeholder=\"Indiquez ici votre message\" name=\"msg\"><\/textarea><\/span>\n\t\t<\/p>\n\t<\/div>\n<\/div>\n<div class=\"row\">\n\t<div class=\"col-xs-12 col-sm-12 col-md-12 col-lg-12\">\n\t\t<p><span class=\"wpcf7-form-control-wrap\" data-name=\"codipromo\"><input size=\"40\" class=\"wpcf7-form-control wpcf7-text\" aria-invalid=\"false\" placeholder=\"Code promo\" value=\"\" type=\"text\" name=\"codipromo\" \/><\/span>\n\t\t<\/p>\n\t<\/div>\n<\/div>\n<div class=\"row\">\n\t<div class=\"col-xs-1 col-sm-1 col-md-1 col-lg-1\">\n\t\t<p><span class=\"wpcf7-form-control-wrap\" data-name=\"acceptar\"><span class=\"wpcf7-form-control wpcf7-acceptance\"><span class=\"wpcf7-list-item\"><input type=\"checkbox\" name=\"acceptar\" value=\"1\" aria-invalid=\"false\" \/><\/span><\/span><\/span>\n\t\t<\/p>\n\t<\/div>\n\t<p>\"J'ai lu et j'accepte la <a href=\"https:\/\/calbernadas.com\/fr\/avis-juridique\/#confidentialite\" target=\"_blank\">politique de confidentialit\u00e9\"<\/a>\n\t<\/p>\n<\/div>\n<div class=\"row\">\n\t<div class=\"col-xs-12 col-sm-12 col-md-12 col-lg-12\">\n\t\t<p>[bwscaptcha bwscaptcha-42]\n\t\t<\/p>\n\t<\/div>\n<\/div>\n<div class=\"row\">\n\t<div class=\"col-xs-12 col-sm-12 col-md-12 col-lg-12\">\n\t\t<p><input class=\"wpcf7-form-control wpcf7-submit has-spinner\" type=\"submit\" value=\"Envoyer\" \/>\n\t\t<\/p>\n\t<\/div>\n<\/div><p style=\"display: none !important;\" class=\"akismet-fields-container\" data-prefix=\"_wpcf7_ak_\"><label>&#916;<textarea name=\"_wpcf7_ak_hp_textarea\" cols=\"45\" rows=\"8\" maxlength=\"100\"><\/textarea><\/label><input type=\"hidden\" id=\"ak_js_1\" name=\"_wpcf7_ak_js\" value=\"149\"\/><script>document.getElementById( \"ak_js_1\" ).setAttribute( \"value\", ( new Date() ).getTime() );<\/script><\/p><div class=\"wpcf7-response-output\" aria-hidden=\"true\"><\/div>\n<\/form>\n<\/div>\n[\/vc_column][\/vc_row][vc_row css=\u00a0\u00bb.vc_custom_1478074481931{padding-top: 80px !important;padding-bottom: 80px !important;}\u00a0\u00bb][vc_column][vc_column_text]<\/p>\n<h1 style=\"text-align: center;\"><span style=\"color: #c36;\">PROFITEZ AU MAXIMUM DE VOTRE S\u00c9JOUR<\/span><\/h1>\n<h5 style=\"text-align: center;\"><span style=\"color: #c36;\">En plus des activit\u00e9s propres au tourisme rural, La Cabana tient \u00e9galement \u00e0 votre disposition d\u2019autres formules pour des c\u00e9l\u00e9brations, des s\u00e9minaires d\u2019entreprise, ainsi que des packs tr\u00e8s originaux pour profiter au mieux de la maison et des environs.<\/span><\/h5>\n<p>[\/vc_column_text][\/vc_column][\/vc_row][vc_row full_width=\u00a0\u00bbstretch_row_content_no_spaces\u00a0\u00bb][vc_column width=\u00a0\u00bb1\/4&Prime;]<div id=\"cshero-fancybox69f0b6a069d01_1777383072\" class=\"cshero-fancybox-wrap  clearfix fancybox-layout1  text-left   wpb_animate_when_almost_visible wpb_fade-in\" style=\"border-color: transparent;   \">\n    <style type=\"text\/css\" scoped>\n        #cshero-fancybox69f0b6a069d01_1777383072.fancybox-layout1:hover .fancy-icon {\n            background-color: !important;\n            border-color: !important;\n            color:#000000 !important;\n        }\n\n        #cshero-fancybox69f0b6a069d01_1777383072.fancybox-layout1 .fancy-icon.icon-hover-style-3:after{\n    \t\t-webkit-border-radius:;\n    \t\t-moz-border-radius:;\n    \t\t-ms-border-radius:;\n    \t\t-o-border-radius:;\n    \t\tborder-radius:;\n    \t\tbackground-color:;\n    \t\tborder-width:;\n    \t\tborder-style:none;\n    \t\tborder-color:;\n\t   }\n        \n                #cshero-fancybox69f0b6a069d01_1777383072:hover {\n            background: #cc3366;\n        }\n        \n        \n                     #cshero-fancybox69f0b6a069d01_1777383072 [class^=\"flaticon-\"]:before, \n       #cshero-fancybox69f0b6a069d01_1777383072 [class*=\" flaticon-\"]:before, \n       #cshero-fancybox69f0b6a069d01_1777383072 [class^=\"flaticon-\"]:after, \n       #cshero-fancybox69f0b6a069d01_1777383072 [class*=\" flaticon-\"]:after {\n            font-size: 24px;\n            color: #212121;\n        }\n        #cshero-fancybox69f0b6a069d01_1777383072:hover .cshero-fancybox-title-image [class^=\"flaticon-\"]:before,\n        #cshero-fancybox69f0b6a069d01_1777383072:hover .cshero-fancybox-title-image [class*=\" flaticon-\"]:before,\n        #cshero-fancybox69f0b6a069d01_1777383072:hover .cshero-fancybox-title-image [class^=\"flaticon-\"]:after,\n        #cshero-fancybox69f0b6a069d01_1777383072:hover .cshero-fancybox-title-image [class*=\" flaticon-\"]:after{\n            color: #000000;\n        }\n\t<\/style>\n    <div class=\"cshero-fancybox-title-image\">\n                    <a title=\"\" href=\"https:\/\/calbernadas.com\/fr\/tourisme-rural\/\">\n                                    <\/a>\n                            <h3 class=\"cshero-fancybox-title-wrap\" style=\"color: #ffffff;  text-transform: uppercase;\">\n                <span class=\"cshero-title-main\">TOURISME RURAL<\/span>\n            <\/h3>\n                            <div class=\"cshero-fancybox-image\">\n                <img src=\"https:\/\/calbernadas.com\/wp-content\/uploads\/2016\/10\/TS_turismerural.jpg\" alt=\"TOURISME RURAL\" \/>\n            <\/div>\n            <\/div>\n    <\/div>\n[\/vc_column][vc_column width=\u00a0\u00bb1\/4&Prime;]<div id=\"cshero-fancybox69f0b6a06a326_1777383072\" class=\"cshero-fancybox-wrap  clearfix fancybox-layout1  text-left   wpb_animate_when_almost_visible wpb_fade-in\" style=\"border-color: transparent;   \">\n    <style type=\"text\/css\" scoped>\n        #cshero-fancybox69f0b6a06a326_1777383072.fancybox-layout1:hover .fancy-icon {\n            background-color: !important;\n            border-color: !important;\n            color:#000000 !important;\n        }\n\n        #cshero-fancybox69f0b6a06a326_1777383072.fancybox-layout1 .fancy-icon.icon-hover-style-3:after{\n    \t\t-webkit-border-radius:;\n    \t\t-moz-border-radius:;\n    \t\t-ms-border-radius:;\n    \t\t-o-border-radius:;\n    \t\tborder-radius:;\n    \t\tbackground-color:;\n    \t\tborder-width:;\n    \t\tborder-style:none;\n    \t\tborder-color:;\n\t   }\n        \n                #cshero-fancybox69f0b6a06a326_1777383072:hover {\n            background: #cc3366;\n        }\n        \n        \n                     #cshero-fancybox69f0b6a06a326_1777383072 [class^=\"flaticon-\"]:before, \n       #cshero-fancybox69f0b6a06a326_1777383072 [class*=\" flaticon-\"]:before, \n       #cshero-fancybox69f0b6a06a326_1777383072 [class^=\"flaticon-\"]:after, \n       #cshero-fancybox69f0b6a06a326_1777383072 [class*=\" flaticon-\"]:after {\n            font-size: 24px;\n            color: #212121;\n        }\n        #cshero-fancybox69f0b6a06a326_1777383072:hover .cshero-fancybox-title-image [class^=\"flaticon-\"]:before,\n        #cshero-fancybox69f0b6a06a326_1777383072:hover .cshero-fancybox-title-image [class*=\" flaticon-\"]:before,\n        #cshero-fancybox69f0b6a06a326_1777383072:hover .cshero-fancybox-title-image [class^=\"flaticon-\"]:after,\n        #cshero-fancybox69f0b6a06a326_1777383072:hover .cshero-fancybox-title-image [class*=\" flaticon-\"]:after{\n            color: #000000;\n        }\n\t<\/style>\n    <div class=\"cshero-fancybox-title-image\">\n                    <a title=\"\" href=\"https:\/\/calbernadas.com\/fr\/ruralpacks\/\">\n                                    <\/a>\n                            <h3 class=\"cshero-fancybox-title-wrap\" style=\"color: #ffffff;  text-transform: uppercase;\">\n                <span class=\"cshero-title-main\">RURAL&amp;PACKS<\/span>\n            <\/h3>\n                            <div class=\"cshero-fancybox-image\">\n                <img src=\"https:\/\/calbernadas.com\/wp-content\/uploads\/2016\/10\/TS_ruralpack.jpg\" alt=\"RURAL&amp;PACKS\" \/>\n            <\/div>\n            <\/div>\n    <\/div>\n[\/vc_column][vc_column width=\u00a0\u00bb1\/4&Prime;]<div id=\"cshero-fancybox69f0b6a06a809_1777383072\" class=\"cshero-fancybox-wrap  clearfix fancybox-layout1  text-left   wpb_animate_when_almost_visible wpb_fade-in\" style=\"border-color: transparent;   \">\n    <style type=\"text\/css\" scoped>\n        #cshero-fancybox69f0b6a06a809_1777383072.fancybox-layout1:hover .fancy-icon {\n            background-color: !important;\n            border-color: !important;\n            color:#000000 !important;\n        }\n\n        #cshero-fancybox69f0b6a06a809_1777383072.fancybox-layout1 .fancy-icon.icon-hover-style-3:after{\n    \t\t-webkit-border-radius:;\n    \t\t-moz-border-radius:;\n    \t\t-ms-border-radius:;\n    \t\t-o-border-radius:;\n    \t\tborder-radius:;\n    \t\tbackground-color:;\n    \t\tborder-width:;\n    \t\tborder-style:none;\n    \t\tborder-color:;\n\t   }\n        \n                #cshero-fancybox69f0b6a06a809_1777383072:hover {\n            background: #cc3366;\n        }\n        \n        \n                     #cshero-fancybox69f0b6a06a809_1777383072 [class^=\"flaticon-\"]:before, \n       #cshero-fancybox69f0b6a06a809_1777383072 [class*=\" flaticon-\"]:before, \n       #cshero-fancybox69f0b6a06a809_1777383072 [class^=\"flaticon-\"]:after, \n       #cshero-fancybox69f0b6a06a809_1777383072 [class*=\" flaticon-\"]:after {\n            font-size: 24px;\n            color: #212121;\n        }\n        #cshero-fancybox69f0b6a06a809_1777383072:hover .cshero-fancybox-title-image [class^=\"flaticon-\"]:before,\n        #cshero-fancybox69f0b6a06a809_1777383072:hover .cshero-fancybox-title-image [class*=\" flaticon-\"]:before,\n        #cshero-fancybox69f0b6a06a809_1777383072:hover .cshero-fancybox-title-image [class^=\"flaticon-\"]:after,\n        #cshero-fancybox69f0b6a06a809_1777383072:hover .cshero-fancybox-title-image [class*=\" flaticon-\"]:after{\n            color: #000000;\n        }\n\t<\/style>\n    <div class=\"cshero-fancybox-title-image\">\n                    <a title=\"\" href=\"https:\/\/calbernadas.com\/fr\/enterprises\/\">\n                                    <\/a>\n                            <h3 class=\"cshero-fancybox-title-wrap\" style=\"color: #ffffff;  text-transform: uppercase;\">\n                <span class=\"cshero-title-main\">ENTREPRISES<\/span>\n            <\/h3>\n                            <div class=\"cshero-fancybox-image\">\n                <img src=\"https:\/\/calbernadas.com\/wp-content\/uploads\/2016\/10\/TS_empreses.jpg\" alt=\"ENTREPRISES\" \/>\n            <\/div>\n            <\/div>\n    <\/div>\n[\/vc_column][vc_column width=\u00a0\u00bb1\/4&Prime;]<div id=\"cshero-fancybox69f0b6a06acc5_1777383072\" class=\"cshero-fancybox-wrap  clearfix fancybox-layout1  text-left   wpb_animate_when_almost_visible wpb_fade-in\" style=\"border-color: transparent;   \">\n    <style type=\"text\/css\" scoped>\n        #cshero-fancybox69f0b6a06acc5_1777383072.fancybox-layout1:hover .fancy-icon {\n            background-color: !important;\n            border-color: !important;\n            color:#000000 !important;\n        }\n\n        #cshero-fancybox69f0b6a06acc5_1777383072.fancybox-layout1 .fancy-icon.icon-hover-style-3:after{\n    \t\t-webkit-border-radius:;\n    \t\t-moz-border-radius:;\n    \t\t-ms-border-radius:;\n    \t\t-o-border-radius:;\n    \t\tborder-radius:;\n    \t\tbackground-color:;\n    \t\tborder-width:;\n    \t\tborder-style:none;\n    \t\tborder-color:;\n\t   }\n        \n                #cshero-fancybox69f0b6a06acc5_1777383072:hover {\n            background: #cc3366;\n        }\n        \n        \n                     #cshero-fancybox69f0b6a06acc5_1777383072 [class^=\"flaticon-\"]:before, \n       #cshero-fancybox69f0b6a06acc5_1777383072 [class*=\" flaticon-\"]:before, \n       #cshero-fancybox69f0b6a06acc5_1777383072 [class^=\"flaticon-\"]:after, \n       #cshero-fancybox69f0b6a06acc5_1777383072 [class*=\" flaticon-\"]:after {\n            font-size: 24px;\n            color: #212121;\n        }\n        #cshero-fancybox69f0b6a06acc5_1777383072:hover .cshero-fancybox-title-image [class^=\"flaticon-\"]:before,\n        #cshero-fancybox69f0b6a06acc5_1777383072:hover .cshero-fancybox-title-image [class*=\" flaticon-\"]:before,\n        #cshero-fancybox69f0b6a06acc5_1777383072:hover .cshero-fancybox-title-image [class^=\"flaticon-\"]:after,\n        #cshero-fancybox69f0b6a06acc5_1777383072:hover .cshero-fancybox-title-image [class*=\" flaticon-\"]:after{\n            color: #000000;\n        }\n\t<\/style>\n    <div class=\"cshero-fancybox-title-image\">\n                    <a title=\"\" href=\"https:\/\/calbernadas.com\/fr\/environnement\/bergueda\/\">\n                                    <\/a>\n                            <h3 class=\"cshero-fancybox-title-wrap\" style=\"color: #ffffff;  text-transform: uppercase;\">\n                <span class=\"cshero-title-main\">ENVIRONNEMENT<\/span>\n            <\/h3>\n                            <div class=\"cshero-fancybox-image\">\n                <img src=\"https:\/\/calbernadas.com\/wp-content\/uploads\/2016\/10\/TS_entorn.jpg\" alt=\"ENVIRONNEMENT\" \/>\n            <\/div>\n            <\/div>\n    <\/div>\n[\/vc_column][\/vc_row]<\/p>\n","protected":false},"excerpt":{"rendered":"<p>[vc_row full_width=\u00a0\u00bbstretch_row_content\u00a0\u00bb][vc_column][\/vc_column][\/vc_row][vc_row full_width=\u00a0\u00bbstretch_row_content_no_spaces\u00a0\u00bb css=\u00a0\u00bb.vc_custom_1478506414449{padding-top: 0px !important;padding-bottom: 0px !important;}\u00a0\u00bb][vc_column][vc_gallery type=\u00a0\u00bbimage_grid\u00a0\u00bb images=\u00a0\u00bb21938,21942,21940,21941,21950,21943,21947,21945,21949,21953&Prime; img_size=\u00a0\u00bb1500&#215;800&Prime; el_class=\u00a0\u00bb cols5&Prime;][\/vc_column][\/vc_row][vc_row css=\u00a0\u00bb.vc_custom_1477971546965{padding-top: 80px !important;padding-bottom: 80px !important;}\u00a0\u00bb][vc_column width=\u00a0\u00bb1\/6&Prime;][\/vc_column][vc_column width=\u00a0\u00bb2\/3&Prime;][vc_column_text] [&hellip;]<\/p>\n","protected":false},"author":1,"featured_media":0,"parent":14283,"menu_order":0,"comment_status":"closed","ping_status":"closed","template":"","meta":{"footnotes":""},"yoast_head":"<!-- This site is optimized with the Yoast SEO plugin v21.5 - https:\/\/yoast.com\/wordpress\/plugins\/seo\/ -->\n<title>LA CABANA - Cal Bernad\u00e0s<\/title>\n<meta name=\"robots\" content=\"index, follow, max-snippet:-1, max-image-preview:large, max-video-preview:-1\" \/>\n<link rel=\"canonical\" href=\"https:\/\/calbernadas.com\/fr\/celebrations\/la-cabana\/\" \/>\n<meta property=\"og:locale\" content=\"fr_FR\" \/>\n<meta property=\"og:type\" content=\"article\" \/>\n<meta property=\"og:title\" content=\"LA CABANA - Cal Bernad\u00e0s\" \/>\n<meta property=\"og:description\" content=\"[vc_row full_width=\u00a0\u00bbstretch_row_content\u00a0\u00bb][vc_column][\/vc_column][\/vc_row][vc_row full_width=\u00a0\u00bbstretch_row_content_no_spaces\u00a0\u00bb css=\u00a0\u00bb.vc_custom_1478506414449{padding-top: 0px !important;padding-bottom: 0px !important;}\u00a0\u00bb][vc_column][vc_gallery type=\u00a0\u00bbimage_grid\u00a0\u00bb images=\u00a0\u00bb21938,21942,21940,21941,21950,21943,21947,21945,21949,21953&Prime; img_size=\u00a0\u00bb1500&#215;800&Prime; el_class=\u00a0\u00bb cols5&Prime;][\/vc_column][\/vc_row][vc_row css=\u00a0\u00bb.vc_custom_1477971546965{padding-top: 80px !important;padding-bottom: 80px !important;}\u00a0\u00bb][vc_column width=\u00a0\u00bb1\/6&Prime;][\/vc_column][vc_column width=\u00a0\u00bb2\/3&Prime;][vc_column_text] [&hellip;]\" \/>\n<meta property=\"og:url\" content=\"https:\/\/calbernadas.com\/fr\/celebrations\/la-cabana\/\" \/>\n<meta property=\"og:site_name\" content=\"Cal Bernad\u00e0s\" \/>\n<meta property=\"article:publisher\" content=\"https:\/\/www.facebook.com\/calbernadas\" \/>\n<meta property=\"article:modified_time\" content=\"2021-10-07T11:12:30+00:00\" \/>\n<meta property=\"og:image\" content=\"https:\/\/www.calbernadas.com\/images\/CEL\/font-awesome\/home.png\" \/>\n<meta name=\"twitter:card\" content=\"summary_large_image\" \/>\n<meta name=\"twitter:site\" content=\"@calbernadas\" \/>\n<meta name=\"twitter:label1\" content=\"Dur\u00e9e de lecture estim\u00e9e\" \/>\n\t<meta name=\"twitter:data1\" content=\"23 minutes\" \/>\n<script type=\"application\/ld+json\" class=\"yoast-schema-graph\">{\"@context\":\"https:\/\/schema.org\",\"@graph\":[{\"@type\":\"WebPage\",\"@id\":\"https:\/\/calbernadas.com\/fr\/celebrations\/la-cabana\/\",\"url\":\"https:\/\/calbernadas.com\/fr\/celebrations\/la-cabana\/\",\"name\":\"LA CABANA - Cal Bernad\u00e0s\",\"isPartOf\":{\"@id\":\"https:\/\/calbernadas.com\/ca\/#website\"},\"datePublished\":\"2016-10-24T10:35:57+00:00\",\"dateModified\":\"2021-10-07T11:12:30+00:00\",\"breadcrumb\":{\"@id\":\"https:\/\/calbernadas.com\/fr\/celebrations\/la-cabana\/#breadcrumb\"},\"inLanguage\":\"fr-FR\",\"potentialAction\":[{\"@type\":\"ReadAction\",\"target\":[\"https:\/\/calbernadas.com\/fr\/celebrations\/la-cabana\/\"]}]},{\"@type\":\"BreadcrumbList\",\"@id\":\"https:\/\/calbernadas.com\/fr\/celebrations\/la-cabana\/#breadcrumb\",\"itemListElement\":[{\"@type\":\"ListItem\",\"position\":1,\"name\":\"Portada\",\"item\":\"https:\/\/calbernadas.com\/fr\/\"},{\"@type\":\"ListItem\",\"position\":2,\"name\":\"C\u00e9lebrations\",\"item\":\"https:\/\/calbernadas.com\/fr\/celebrations\/\"},{\"@type\":\"ListItem\",\"position\":3,\"name\":\"LA CABANA\"}]},{\"@type\":\"WebSite\",\"@id\":\"https:\/\/calbernadas.com\/ca\/#website\",\"url\":\"https:\/\/calbernadas.com\/ca\/\",\"name\":\"Cal Bernad\u00e0s\",\"description\":\"Turisme rural\",\"publisher\":{\"@id\":\"https:\/\/calbernadas.com\/ca\/#organization\"},\"potentialAction\":[{\"@type\":\"SearchAction\",\"target\":{\"@type\":\"EntryPoint\",\"urlTemplate\":\"https:\/\/calbernadas.com\/ca\/?s={search_term_string}\"},\"query-input\":\"required name=search_term_string\"}],\"inLanguage\":\"fr-FR\"},{\"@type\":\"Organization\",\"@id\":\"https:\/\/calbernadas.com\/ca\/#organization\",\"name\":\"Cal Bernad\u00e0s\",\"url\":\"https:\/\/calbernadas.com\/ca\/\",\"logo\":{\"@type\":\"ImageObject\",\"inLanguage\":\"fr-FR\",\"@id\":\"https:\/\/calbernadas.com\/ca\/#\/schema\/logo\/image\/\",\"url\":\"https:\/\/calbernadas.com\/wp-content\/uploads\/2017\/03\/logo_calbernadas2.png\",\"contentUrl\":\"https:\/\/calbernadas.com\/wp-content\/uploads\/2017\/03\/logo_calbernadas2.png\",\"width\":169,\"height\":156,\"caption\":\"Cal Bernad\u00e0s\"},\"image\":{\"@id\":\"https:\/\/calbernadas.com\/ca\/#\/schema\/logo\/image\/\"},\"sameAs\":[\"https:\/\/www.facebook.com\/calbernadas\",\"https:\/\/twitter.com\/calbernadas\",\"https:\/\/instagram.com\/calbernadas\/\",\"http:\/\/www.youtube.es\/calbernadas\"]}]}<\/script>\n<!-- \/ Yoast SEO plugin. -->","yoast_head_json":{"title":"LA CABANA - Cal Bernad\u00e0s","robots":{"index":"index","follow":"follow","max-snippet":"max-snippet:-1","max-image-preview":"max-image-preview:large","max-video-preview":"max-video-preview:-1"},"canonical":"https:\/\/calbernadas.com\/fr\/celebrations\/la-cabana\/","og_locale":"fr_FR","og_type":"article","og_title":"LA CABANA - Cal Bernad\u00e0s","og_description":"[vc_row full_width=\u00a0\u00bbstretch_row_content\u00a0\u00bb][vc_column][\/vc_column][\/vc_row][vc_row full_width=\u00a0\u00bbstretch_row_content_no_spaces\u00a0\u00bb css=\u00a0\u00bb.vc_custom_1478506414449{padding-top: 0px !important;padding-bottom: 0px !important;}\u00a0\u00bb][vc_column][vc_gallery type=\u00a0\u00bbimage_grid\u00a0\u00bb images=\u00a0\u00bb21938,21942,21940,21941,21950,21943,21947,21945,21949,21953&Prime; img_size=\u00a0\u00bb1500&#215;800&Prime; el_class=\u00a0\u00bb cols5&Prime;][\/vc_column][\/vc_row][vc_row css=\u00a0\u00bb.vc_custom_1477971546965{padding-top: 80px !important;padding-bottom: 80px !important;}\u00a0\u00bb][vc_column width=\u00a0\u00bb1\/6&Prime;][\/vc_column][vc_column width=\u00a0\u00bb2\/3&Prime;][vc_column_text] [&hellip;]","og_url":"https:\/\/calbernadas.com\/fr\/celebrations\/la-cabana\/","og_site_name":"Cal Bernad\u00e0s","article_publisher":"https:\/\/www.facebook.com\/calbernadas","article_modified_time":"2021-10-07T11:12:30+00:00","og_image":[{"url":"https:\/\/www.calbernadas.com\/images\/CEL\/font-awesome\/home.png"}],"twitter_card":"summary_large_image","twitter_site":"@calbernadas","twitter_misc":{"Dur\u00e9e de lecture estim\u00e9e":"23 minutes"},"schema":{"@context":"https:\/\/schema.org","@graph":[{"@type":"WebPage","@id":"https:\/\/calbernadas.com\/fr\/celebrations\/la-cabana\/","url":"https:\/\/calbernadas.com\/fr\/celebrations\/la-cabana\/","name":"LA CABANA - Cal Bernad\u00e0s","isPartOf":{"@id":"https:\/\/calbernadas.com\/ca\/#website"},"datePublished":"2016-10-24T10:35:57+00:00","dateModified":"2021-10-07T11:12:30+00:00","breadcrumb":{"@id":"https:\/\/calbernadas.com\/fr\/celebrations\/la-cabana\/#breadcrumb"},"inLanguage":"fr-FR","potentialAction":[{"@type":"ReadAction","target":["https:\/\/calbernadas.com\/fr\/celebrations\/la-cabana\/"]}]},{"@type":"BreadcrumbList","@id":"https:\/\/calbernadas.com\/fr\/celebrations\/la-cabana\/#breadcrumb","itemListElement":[{"@type":"ListItem","position":1,"name":"Portada","item":"https:\/\/calbernadas.com\/fr\/"},{"@type":"ListItem","position":2,"name":"C\u00e9lebrations","item":"https:\/\/calbernadas.com\/fr\/celebrations\/"},{"@type":"ListItem","position":3,"name":"LA CABANA"}]},{"@type":"WebSite","@id":"https:\/\/calbernadas.com\/ca\/#website","url":"https:\/\/calbernadas.com\/ca\/","name":"Cal Bernad\u00e0s","description":"Turisme rural","publisher":{"@id":"https:\/\/calbernadas.com\/ca\/#organization"},"potentialAction":[{"@type":"SearchAction","target":{"@type":"EntryPoint","urlTemplate":"https:\/\/calbernadas.com\/ca\/?s={search_term_string}"},"query-input":"required name=search_term_string"}],"inLanguage":"fr-FR"},{"@type":"Organization","@id":"https:\/\/calbernadas.com\/ca\/#organization","name":"Cal Bernad\u00e0s","url":"https:\/\/calbernadas.com\/ca\/","logo":{"@type":"ImageObject","inLanguage":"fr-FR","@id":"https:\/\/calbernadas.com\/ca\/#\/schema\/logo\/image\/","url":"https:\/\/calbernadas.com\/wp-content\/uploads\/2017\/03\/logo_calbernadas2.png","contentUrl":"https:\/\/calbernadas.com\/wp-content\/uploads\/2017\/03\/logo_calbernadas2.png","width":169,"height":156,"caption":"Cal Bernad\u00e0s"},"image":{"@id":"https:\/\/calbernadas.com\/ca\/#\/schema\/logo\/image\/"},"sameAs":["https:\/\/www.facebook.com\/calbernadas","https:\/\/twitter.com\/calbernadas","https:\/\/instagram.com\/calbernadas\/","http:\/\/www.youtube.es\/calbernadas"]}]}},"_links":{"self":[{"href":"https:\/\/calbernadas.com\/fr\/wp-json\/wp\/v2\/pages\/14276"}],"collection":[{"href":"https:\/\/calbernadas.com\/fr\/wp-json\/wp\/v2\/pages"}],"about":[{"href":"https:\/\/calbernadas.com\/fr\/wp-json\/wp\/v2\/types\/page"}],"author":[{"embeddable":true,"href":"https:\/\/calbernadas.com\/fr\/wp-json\/wp\/v2\/users\/1"}],"replies":[{"embeddable":true,"href":"https:\/\/calbernadas.com\/fr\/wp-json\/wp\/v2\/comments?post=14276"}],"version-history":[{"count":36,"href":"https:\/\/calbernadas.com\/fr\/wp-json\/wp\/v2\/pages\/14276\/revisions"}],"predecessor-version":[{"id":22766,"href":"https:\/\/calbernadas.com\/fr\/wp-json\/wp\/v2\/pages\/14276\/revisions\/22766"}],"up":[{"embeddable":true,"href":"https:\/\/calbernadas.com\/fr\/wp-json\/wp\/v2\/pages\/14283"}],"wp:attachment":[{"href":"https:\/\/calbernadas.com\/fr\/wp-json\/wp\/v2\/media?parent=14276"}],"curies":[{"name":"wp","href":"https:\/\/api.w.org\/{rel}","templated":true}]}}