{"id":14272,"date":"2016-10-24T10:36:16","date_gmt":"2016-10-24T10:36:16","guid":{"rendered":"https:\/\/calbernadas.com\/fr\/wedding-planner\/"},"modified":"2020-09-29T16:18:51","modified_gmt":"2020-09-29T15:18:51","slug":"organisateur-de-mariage","status":"publish","type":"page","link":"https:\/\/calbernadas.com\/fr\/celebrations\/organisateur-de-mariage\/","title":{"rendered":"ORGANISATEUR DE MARIAGE"},"content":{"rendered":"<p>[vc_row full_width=\u00a0\u00bbstretch_row\u00a0\u00bb css=\u00a0\u00bb.vc_custom_1478574823216{padding-top: 200px !important;padding-bottom: 200px !important;background-image: url(https:\/\/calbernadas.com\/wp-content\/uploads\/2016\/10\/CB_CEL_wedding_banner-1.jpg?id=13409) !important;}\u00a0\u00bb parallax_speed=\u00a0\u00bb0.8&Prime; bg_video_transparent=\u00a0\u00bb0&Prime; el_class=\u00a0\u00bbcm-icon-big-item\u00a0\u00bb][vc_column][cs_custom_heading text=\u00a0\u00bbORGANISATEUR DE MARIAGE\u00a0\u00bb font_container=\u00a0\u00bbtag:h1|font_size:40px|text_align:center|color:%23ffffff|line_height:40px\u00a0\u00bb font_format=\u00a0\u00bb700&Prime; style=\u00a0\u00bbstyle-none\u00a0\u00bb el_class=\u00a0\u00bbcm-tailor-title-site\u00a0\u00bb][vc_row_inner][vc_column_inner width=\u00a0\u00bb1\/4&Prime;][\/vc_column_inner][vc_column_inner width=\u00a0\u00bb1\/2&Prime;][vc_column_text]<\/p>\n<h5 style=\"text-align: center;\"><span style=\"color: #ffffff;\">Vous voulez pr\u00e9parer tranquillement votre mariage sans contrordre ni complications ?<br \/>\nVous voulez vivre cette phase de pr\u00e9paration sans pr\u00e9occupation, et avoir uniquement le plaisir d\u2019organiser votre grand jour ?<br \/>\nSi tel est le cas, nous avons la solution.<br \/>\nNous nous chargeons des choses les moins agr\u00e9ables pour que vous puissiez vous consacrer \u00e0 ce qu\u2019il vous pla\u00eet et en profiter au maximum !<\/span><\/h5>\n<p>[\/vc_column_text][vc_empty_space][\/vc_column_inner][vc_column_inner width=\u00a0\u00bb1\/4&Prime;][\/vc_column_inner][\/vc_row_inner][\/vc_column][\/vc_row][vc_row full_width=\u00a0\u00bbstretch_row\u00a0\u00bb css=\u00a0\u00bb.vc_custom_1478596539964{margin-top: 80px !important;padding-top: 100px !important;padding-bottom: 100px !important;background-image: url(https:\/\/calbernadas.com\/wp-content\/uploads\/2016\/10\/CEL_equipaments-1.jpg?id=13546) !important;}\u00a0\u00bb parallax_speed=\u00a0\u00bb0.8&Prime; bg_video_transparent=\u00a0\u00bb0&Prime; el_class=\u00a0\u00bbcm-icon-big-item\u00a0\u00bb][vc_column][cs_custom_heading text=\u00a0\u00bb QUE VOUS PROPOSONS-NOUS ?\u00a0\u00bb font_container=\u00a0\u00bbtag:h1|font_size:40px|text_align:center|color:%23ffffff\u00a0\u00bb font_format=\u00a0\u00bb700&Prime; style=\u00a0\u00bbstyle-none\u00a0\u00bb el_class=\u00a0\u00bbcm-tailor-title-site\u00a0\u00bb][\/vc_column][\/vc_row][vc_row css=\u00a0\u00bb.vc_custom_1477557874325{padding-top: 80px !important;padding-bottom: 80px !important;}\u00a0\u00bb][vc_column width=\u00a0\u00bb1\/4&Prime;][\/vc_column][vc_column width=\u00a0\u00bb1\/2&Prime;][vc_column_text]<\/p>\n<h5 style=\"text-align: center;\"><span style=\"color: #cc3366;\">Si vous voulez organiser un \u00e9v\u00e9nement et ne savez pas par o\u00f9 commencer, si vous n\u2019avez pas le temps de l\u2019organiser, ou bien encore si vous voulez simplement le vivre sans stress, nous vous aidons d\u00e8s le d\u00e9but pour faire de votre journ\u00e9e un succ\u00e8s. <\/span><\/h5>\n<p>&nbsp;<\/p>\n<h5 style=\"text-align: center;\"><span style=\"color: #cc3366;\">Nous vous aiderons \u00e0 :<\/span><\/h5>\n<p>[\/vc_column_text][\/vc_column][vc_column width=\u00a0\u00bb1\/4&Prime;][\/vc_column][\/vc_row][vc_row gap=\u00a0\u00bb35&Prime; css=\u00a0\u00bb.vc_custom_1478596607988{padding-top: 80px !important;padding-bottom: 80px !important;}\u00a0\u00bb][vc_column width=\u00a0\u00bb1\/6&Prime;][\/vc_column][vc_column width=\u00a0\u00bb2\/3&Prime;][vc_row_inner gap=\u00a0\u00bb35&Prime;][vc_column_inner width=\u00a0\u00bb1\/3&Prime;][vc_column_text]<\/p>\n<h1 style=\"text-align: center;\"><span style=\"color: #cc3366;\"><span style=\"font-size: 121pt;\">1<\/span><\/span><\/h1>\n<h1 style=\"text-align: center;\"><span style=\"color: #cc3366;\"><span style=\"font-size: 51pt;\">\u00a0<\/span><\/span><\/h1>\n<h3 style=\"text-align: center;\"><span style=\"color: #cc3366;\">RECHERCHER ET S\u00c9LECTIONNER TOUS LES SERVICES DONT VOUS AVEZ BESOIN.<\/span><\/h3>\n<p style=\"text-align: center;\"><span style=\"font-size: 14pt;\">Traiteur<br \/>\nD\u00e9coration<br \/>\nPhotographe<br \/>\nVid\u00e9o<br \/>\nSono<br \/>\nMusique en direct<br \/>\nBijoux<br \/>\nDesign graphique<br \/>\nInvitations<br \/>\nTransports<br \/>\nBaby-sitters<br \/>\nAnimations pour les enfants<br \/>\n&#8230;<br \/>\n<\/span><\/p>\n<p>[\/vc_column_text][\/vc_column_inner][vc_column_inner width=\u00a0\u00bb1\/3&Prime;][vc_column_text]<\/p>\n<h1 style=\"text-align: center;\"><span style=\"color: #cc3366;\"><span style=\"font-size: 121pt;\">2<\/span><\/span><\/h1>\n<h1 style=\"text-align: center;\"><span style=\"color: #cc3366;\"><span style=\"font-size: 51pt;\">\u00a0<\/span><\/span><\/h1>\n<h3 style=\"text-align: center;\"><span style=\"color: #cc3366;\">POUR LA PLANIFICATION ET L\u2019ORGANISATION DU GRAND JOUR<\/span><\/h3>\n<p style=\"text-align: center;\"><span style=\"font-size: 14pt;\">Avec votre aide, et surtout en vous \u00e9coutant, nous planifierons tout pour que vous n\u2019ayez \u00e0 vous pr\u00e9occuper de rien et que tout se d\u00e9roule comme pr\u00e9vu.<br \/>\nNous coordonnerons les horaires entre tous les collaborateurs pour que tout le monde sache ce qu\u2019il a \u00e0 faire \u00e0 tout moment pour que tout aille comme sur des roulettes.<\/span><\/p>\n<p>[\/vc_column_text][\/vc_column_inner][vc_column_inner width=\u00a0\u00bb1\/3&Prime;][vc_column_text]<\/p>\n<h1 style=\"text-align: center;\"><span style=\"color: #cc3366;\"><span style=\"font-size: 121pt;\">3<\/span><\/span><\/h1>\n<h1 style=\"text-align: center;\"><span style=\"color: #cc3366;\"><span style=\"font-size: 51pt;\">\u00a0<\/span><\/span><\/h1>\n<h3 style=\"text-align: center;\"><span style=\"color: #cc3366;\">LE JOUR VENU, NOUS SERONS VOTRE OMBRE INVISIBLE<\/span><\/h3>\n<p style=\"text-align: center;\"><span style=\"font-size: 14pt;\">Nous serons pr\u00e9sents \u00e0 la c\u00e9l\u00e9bration en veillant \u00e0 ce que tout se d\u00e9roule comme pr\u00e9vu et nous solutionnerons tout \u00e9v\u00e9nement de derni\u00e8re minute pouvant surgir.<\/span><\/p>\n<p>[\/vc_column_text][\/vc_column_inner][\/vc_row_inner][\/vc_column][vc_column width=\u00a0\u00bb1\/6&Prime;][\/vc_column][\/vc_row][vc_row full_width=\u00a0\u00bbstretch_row\u00a0\u00bb css=\u00a0\u00bb.vc_custom_1478596802144{padding-top: 50px !important;padding-bottom: 50px !important;background-color: #fbe7f0 !important;background-position: 0 0 !important;background-repeat: no-repeat !important;}\u00a0\u00bb parallax_speed=\u00a0\u00bb0.8&Prime; bg_video_transparent=\u00a0\u00bb0&Prime; el_class=\u00a0\u00bbcm-icon-big-item\u00a0\u00bb][vc_column][vc_column_text]<\/p>\n<h3 style=\"text-align: center;\"><span style=\"color: #cc3366;\"> DANS LE MONDE ENTIER<\/span><\/h3>\n<p>&nbsp;<\/p>\n<p style=\"text-align: center;\"><span style=\"font-size: 14pt;\">Si vous vivez \u00e0 l\u2019\u00e9tranger, ne vous inqui\u00e9tez pas ; nous pouvons communiquer tous les jours, si vous le voulez, par mail et\/ou par Skype.<br \/>\nNous parlons catalan, espagnol, anglais et un peu fran\u00e7ais ! \ud83d\ude09<\/span><\/p>\n<p>[\/vc_column_text][\/vc_column][\/vc_row][vc_row full_width=\u00a0\u00bbstretch_row\u00a0\u00bb css=\u00a0\u00bb.vc_custom_1478596887566{padding-top: 80px !important;padding-bottom: 80px !important;background-image: url(https:\/\/calbernadas.com\/wp-content\/uploads\/2016\/10\/CEL-quisoc.jpg?id=13554) !important;background-position: 0 0 !important;background-repeat: no-repeat !important;}\u00a0\u00bb parallax_speed=\u00a0\u00bb0.8&Prime; bg_video_transparent=\u00a0\u00bb0&Prime; el_class=\u00a0\u00bbcm-icon-big-item\u00a0\u00bb][vc_column][cs_custom_heading text=\u00a0\u00bbQUI SOMMES-NOUS ? (OU PLUT\u00d4T, QUI SUIS-JE ?)\u00a0\u00bb font_container=\u00a0\u00bbtag:h1|font_size:40px|text_align:center|color:%23ffffff\u00a0\u00bb font_format=\u00a0\u00bb700&Prime; style=\u00a0\u00bbstyle-none\u00a0\u00bb el_class=\u00a0\u00bbcm-tailor-title-site\u00a0\u00bb][\/vc_column][\/vc_row][vc_row css=\u00a0\u00bb.vc_custom_1478597394224{padding-top: 80px !important;padding-bottom: 80px !important;}\u00a0\u00bb][vc_column width=\u00a0\u00bb1\/4&Prime;][\/vc_column][vc_column width=\u00a0\u00bb1\/2&Prime;][vc_column_text]<\/p>\n<h5 style=\"text-align: center;\"><span style=\"color: #cc3366;\"><br \/>\nCal Bernad\u00e0s repose sur une \u00e9quipe de <a href=\"https:\/\/calbernadas.com\/fr\/familia-niubo\/\"> plusieurs personnes<\/a>, mais dans ce cas, la personne charg\u00e9e du d\u00e9but jusqu\u2019\u00e0 la fin de la planification de votre c\u00e9l\u00e9bration sera Anna.<\/span><\/h5>\n<p>[\/vc_column_text][\/vc_column][vc_column width=\u00a0\u00bb1\/4&Prime;][\/vc_column][\/vc_row][vc_row gap=\u00a0\u00bb35&Prime; css=\u00a0\u00bb.vc_custom_1478597400324{padding-top: 0px !important;padding-bottom: 80px !important;}\u00a0\u00bb][vc_column width=\u00a0\u00bb1\/3&Prime;][vc_column_text]<img decoding=\"async\" loading=\"lazy\" class=\"aligncenter size-full wp-image-13556\" src=\"https:\/\/calbernadas.com\/wp-content\/uploads\/2016\/10\/CB_CEL_wedding_anna.jpg\" alt=\"cb_cel_wedding_anna\" width=\"376\" height=\"600\" srcset=\"https:\/\/calbernadas.com\/wp-content\/uploads\/2016\/10\/CB_CEL_wedding_anna.jpg 376w, https:\/\/calbernadas.com\/wp-content\/uploads\/2016\/10\/CB_CEL_wedding_anna-188x300.jpg 188w\" sizes=\"(max-width: 376px) 100vw, 376px\" \/>[\/vc_column_text][\/vc_column][vc_column width=\u00a0\u00bb2\/3&Prime;][vc_column_text]<\/p>\n<h3><span style=\"color: #cc3366;\">FAISONS UN PEU PLUS CONNAISSANCE.<\/span><\/h3>\n<p style=\"font-size: 18px; line-height: 24px;\">Qui est Anna ? Permettez-moi tout d\u2019abord de vous parler \u00e0 la premi\u00e8re personne : Anna, c\u2019est moi. Je suis appliqu\u00e9e (du moins, c\u2019est ce qu\u2019on m\u2019a toujours dit), organis\u00e9e, assez perfectionniste et tr\u00e8s d\u00e9termin\u00e9e.<\/p>\n<p style=\"font-size: 18px; line-height: 24px; margin-bottom: 40px;\">Je suis \u00e9galement dynamique, proche, simple et r\u00e9solutive. J\u2019aime faire chaque chose en son temps, l\u2019une apr\u00e8s l\u2019autre. C\u2019est selon moi la meilleure fa\u00e7on de bien faire les choses, de mani\u00e8re s\u00fbre, tranquille, avec passion, g\u00e9n\u00e9rosit\u00e9 et d\u00e9licatesse.<\/p>\n<p style=\"font-size: 18px; line-height: 24px; margin-bottom: 40px;\">J\u2019adore les plantes (de plus en plus), les travaux manuels (depuis toujours), les langues, et partir en voyage \u00e0 la d\u00e9couverte de nouvelles mani\u00e8res de voir, de vivre et de comprendre le monde.<\/p>\n<p style=\"font-size: 18px; line-height: 24px; margin-bottom: 40px;\">J\u2019ai toujours aim\u00e9 organiser des d\u00eeners, des petites ou des grosses f\u00eates, et m\u00eame si je ne le veux pas, je finis toujours par avoir des choses de derni\u00e8re minute \u00e0 faire pour que tout aille bien (et pour en profiter, aussi !).<\/p>\n<p>[\/vc_column_text][\/vc_column][\/vc_row][vc_row full_width=\u00a0\u00bbstretch_row\u00a0\u00bb css=\u00a0\u00bb.vc_custom_1478575126313{margin-bottom: 50px !important;padding-top: 100px !important;padding-bottom: 100px !important;background-image: url(https:\/\/calbernadas.com\/wp-content\/uploads\/2016\/10\/CEL_testimonis.jpg?id=13413) !important;}\u00a0\u00bb parallax_speed=\u00a0\u00bb0.8&Prime; bg_video_transparent=\u00a0\u00bb0&Prime; el_class=\u00a0\u00bbcm-icon-big-item\u00a0\u00bb][vc_column][cs_custom_heading text=\u00a0\u00bbOPINIONS\u00a0\u00bb font_container=\u00a0\u00bbtag:h1|font_size:40px|text_align:center|color:%23ffffff\u00a0\u00bb font_format=\u00a0\u00bb700&Prime; style=\u00a0\u00bbstyle-none\u00a0\u00bb el_class=\u00a0\u00bbcm-tailor-title-site\u00a0\u00bb][\/vc_column][\/vc_row][vc_row full_width=\u00a0\u00bbstretch_row\u00a0\u00bb css=\u00a0\u00bb.vc_custom_1478575199432{padding-top: 80px !important;padding-bottom: 80px !important;background-image: url(https:\/\/calbernadas.com\/wp-content\/uploads\/2016\/10\/CEL-fons-testimonis.jpg?id=13414) !important;}\u00a0\u00bb][vc_column][vc_column_text]<\/p>\n<h5 style=\"text-align: center;\"><span style=\"color: #ffffff;\">Le plus important est de savoir ce qu\u2019en pensent nos h\u00f4tes !<\/span><\/h5>\n<p>[\/vc_column_text][vc_empty_space height=\u00a0\u00bb40px\u00a0\u00bb]\r\n        <div id=\"cshero_testimonial1777392785_169f0dc9179189\" class=\"cshero-testimonial testimonial-layout1 testimonial-slide \">\r\n                        <div class=\"cshero-testimonial-wrapper\">\r\n                                    <div id=\"cshero_testimonial_1777392785_169f0dc9179189\" data-mode=\"horizontal\" data-moveslides=\"1\" data-auto=\"0\" data-speed=\"500\" data-prevselector=\"#cshero_testimonial1777392785_169f0dc9179189 .prev\" data-nextselector=\"#cshero_testimonial1777392785_169f0dc9179189 .next\" data-prevText=\"<i class='fa fa-angle-left'><\/i>\" data-nextText=\"<i class='fa fa-angle-right'><\/i>\" data-pagerSelector=\"#cshero_testimonial1777392785_169f0dc9179189 .cshero-control\" data-onsliderload=\"true\" data-touchenabled=\"1\" data-controls=\"true\" data-pager=\"0\" data-pause=\"4000\" data-infiniteloop=\"true\" data-adaptiveheight=\"true\"  data-autohover=\"true\" data-slidemargin=\"30\" data-maxslides=\"3\" data-minslides=\"1\" data-slidewidth=\"500\" data-slideselector=\"\" data-easing=\"swing\" data-usecss=\"\" data-resize=\"1\" class=\"slider jm-bxslider\">\r\n                                \r\n                                            <div class=\"cshero-testimonial-item\">\r\n                            \n<article id=\"post-14831\"  class=\"cshero_testimonial_content clearfix\" style=\"padding:15px;color:#666666;background-color:#f5f5f5;\">\n     \n    <div class=\"cshero-testimonial-image left\">\n        <img alt=\"\" src=\"https:\/\/calbernadas.com\/wp-content\/uploads\/2015\/01\/CB_TESTIMONIS_gall-150x200_c.png\" align=\"left\" style=\"border-radius:0;-webkit-border-radius:0;-moz-border-radius:0;-ms-border-radius:0;-o-border-radius:0;margin-right:20px;\" \/>    <\/div>\n        \n            <div class=\"cshero-testimonial-content text-left\" style=\"padding-left:180px\">\n                            <div class=\"cshero-testimonial-description\">\n                    <div class=\"cshero-testimonial-text\">\n                                                Mi ahora mujer y yo elegimos El Munt para celebrar nuestra boda y a Anna Niub\u00f2 como nuestra \"wedding planner\" y no podemos estar m\u00e1s contentos con nuestra elecci\u00f3n. La casa es una maravilla y las instalaciones una gozada. La localizaci\u00f3n es tambi\u00e9n perfecta al estar cerca del pueblo para disponer de todo lo necesario pero suficientemente lejos como para sentirte en medio de la naturaleza sin nadie alrededor. Anna fue indispensable en la organizaci\u00f3n de la boda y en el d\u00eda de la celebraci\u00f3n asegur\u00e1ndose que todo iba sobre ruedas. Anna y su familia, que gestionan El Munt y otras casas por la zona, fueron tambi\u00e9n muy atentos y dispuestos a ayudar en lo que fuera necesario. Sin lugar a dudas, recomendamos El Munt a cualquier pareja que quiera celebrar su boda de una manera un poco diferente a lo tradicional y que disfrute de la calma y tranquilidad de un sitio id\u00edlico en medio de la naturaleza. \u00a1Muchas gracias familia Niub\u00f2 Casas!\r\n\r\n<span style=\"color: #999999;\">Juliol 2015<\/span>\r\n\r\n&nbsp                                            <\/div>\n                <\/div>\n                                        <h3 class=\"cshero-testimonial-title\" style=\"color:#666666\">\n                    Francesca &#038; Santiago (Escocia)                <\/h3>\n                        \n            \n        <\/div>\n        \n<\/article>\n\n                        <\/div>\r\n                                            <div class=\"cshero-testimonial-item\">\r\n                            \n<article id=\"post-14834\"  class=\"cshero_testimonial_content clearfix\" style=\"padding:15px;color:#666666;background-color:#f5f5f5;\">\n     \n    <div class=\"cshero-testimonial-image left\">\n        <img alt=\"\" src=\"https:\/\/calbernadas.com\/wp-content\/uploads\/2016\/11\/CB_EM-kristy-mark-150x200_c.jpg\" align=\"left\" style=\"border-radius:0;-webkit-border-radius:0;-moz-border-radius:0;-ms-border-radius:0;-o-border-radius:0;margin-right:20px;\" \/>    <\/div>\n        \n            <div class=\"cshero-testimonial-content text-left\" style=\"padding-left:180px\">\n                            <div class=\"cshero-testimonial-description\">\n                    <div class=\"cshero-testimonial-text\">\n                                                Soy americana y no pod\u00eda ver El Munt hasta que llegara a Barcelona la semana antes de la boda. He planeado todo por internet y con la ayuda de Anna. \u00a1Todo fue perfecto! La casa, magn\u00edfica (muy moderna, limpia, grande). La tierra, incre\u00edble. Anna y sus padres, \u00a1geniales! No puedo recomendar m\u00e1s esta mas\u00eda. Es un lugar perfecto para una boda o para las vacaciones. \u00a1Gracias por todo, Anna!\r\n\r\n<span style=\"color: #999999;\">Juliol 2014<\/span                                            <\/div>\n                <\/div>\n                                        <h3 class=\"cshero-testimonial-title\" style=\"color:#666666\">\n                    Kristy &#038; Mark (Estados Unidos)                <\/h3>\n                        \n            \n        <\/div>\n        \n<\/article>\n\n                        <\/div>\r\n                                            <div class=\"cshero-testimonial-item\">\r\n                            \n<article id=\"post-20072\"  class=\"cshero_testimonial_content clearfix\" style=\"padding:15px;color:#666666;background-color:#f5f5f5;\">\n     \n    <div class=\"cshero-testimonial-image left\">\n        <img alt=\"\" src=\"https:\/\/calbernadas.com\/wp-content\/uploads\/2017\/05\/JOHANNADAVIDWEDDING0402A-150x200_c.jpg\" align=\"left\" style=\"border-radius:0;-webkit-border-radius:0;-moz-border-radius:0;-ms-border-radius:0;-o-border-radius:0;margin-right:20px;\" \/>    <\/div>\n        \n            <div class=\"cshero-testimonial-content text-left\" style=\"padding-left:180px\">\n                            <div class=\"cshero-testimonial-description\">\n                    <div class=\"cshero-testimonial-text\">\n                                                A perfect experience that exceeded expectations.\r\n\r\nEl munt is amazing, pictures don't make justice of how the place actually looks in person. Me and my husband had our wedding there just a month ago and it was absolutely perfect. It was gorgeous, totally secluded and spacious. Really can't complain about anything.\r\n\r\n<span style=\"color: #999999;\">Maig 2017<\/span                                            <\/div>\n                <\/div>\n                                        <h3 class=\"cshero-testimonial-title\" style=\"color:#666666\">\n                    David &#038; Johanna (California)                <\/h3>\n                        \n            \n        <\/div>\n        \n<\/article>\n\n                        <\/div>\r\n                                            <div class=\"cshero-testimonial-item\">\r\n                            \n<article id=\"post-20114\"  class=\"cshero_testimonial_content clearfix\" style=\"padding:15px;color:#666666;background-color:#f5f5f5;\">\n     \n    <div class=\"cshero-testimonial-image left\">\n        <img alt=\"\" src=\"https:\/\/calbernadas.com\/wp-content\/uploads\/2017\/06\/DSC04476.1-e1513696784739-150x200_c.jpg\" align=\"left\" style=\"border-radius:0;-webkit-border-radius:0;-moz-border-radius:0;-ms-border-radius:0;-o-border-radius:0;margin-right:20px;\" \/>    <\/div>\n        \n            <div class=\"cshero-testimonial-content text-left\" style=\"padding-left:180px\">\n                            <div class=\"cshero-testimonial-description\">\n                    <div class=\"cshero-testimonial-text\">\n                                                Perfect Wedding Location.\r\n\r\nWe booked El Munt for our small wedding (18 guests) without ever having visited the villa or location before. When we found the villa on-line it looked beautiful and came with the added bonus of having a wedding planner available to assist. It was a risk - we didn't know what to expect! The pictures looked great, but the acid test would be what the villa was like when we got there. I am pleased to say that it exceeded expectations completely. The villa was fantastic and was only surpassed by the friendliness and professionalism of the family that own it. The main positives of the villa - the indoor and outdoor pools, the location (very secluded), the master bedroom, the poolside BBQ, the communal areas...etc. In fact, there was probably only one negative - no air conditioning (that I could find). The wedding day itself was planned by Anna (the daughter of the owner) and she did a fantastic job. We were married in a small forest within the villa grounds and had our meal (prepared by a local chef) near the pool. Every detail had been planned and was executed perfectly, giving us a day we will remember for the rest of our lives. Our friends all described it as the \"best wedding ever\". I think the location and planning were key to that....\r\n\r\n<span style=\"color: #999999;\">Juny 2017<\/span                                            <\/div>\n                <\/div>\n                                        <h3 class=\"cshero-testimonial-title\" style=\"color:#666666\">\n                    Gavin &#038; Jayne (Regne Unit)                <\/h3>\n                        \n            \n        <\/div>\n        \n<\/article>\n\n                        <\/div>\r\n                                            <div class=\"cshero-testimonial-item\">\r\n                            \n<article id=\"post-20220\"  class=\"cshero_testimonial_content clearfix\" style=\"padding:15px;color:#666666;background-color:#f5f5f5;\">\n     \n    <div class=\"cshero-testimonial-image left\">\n        <img alt=\"\" src=\"https:\/\/calbernadas.com\/wp-content\/uploads\/2017\/02\/28-MARTA-I-TONI--e1513960506674-150x200_c.jpg\" align=\"left\" style=\"border-radius:0;-webkit-border-radius:0;-moz-border-radius:0;-ms-border-radius:0;-o-border-radius:0;margin-right:20px;\" \/>    <\/div>\n        \n            <div class=\"cshero-testimonial-content text-left\" style=\"padding-left:180px\">\n                            <div class=\"cshero-testimonial-description\">\n                    <div class=\"cshero-testimonial-text\">\n                                                Preparar la boda con Anna de la Cabana fue estupendo. Nada m\u00e1s ver la casa, supimos que ten\u00eda que ser all\u00ed, y el contacto con ellos siempre fue muy sencillo. Nos ayudaron con los proveedores, y se preocuparon porque todo saliera bien en nuestra boda. Adem\u00e1s tuvimos un poquito de lluvia en la ceremonia, y nos trajeron paraguas. Muy buena sensaci\u00f3n nos ha quedado, y seguro que volveremos.\r\n\r\n<span style=\"color: #999999;\">Setembre 2015<\/span>\r\n\r\n&nbsp                                            <\/div>\n                <\/div>\n                                        <h3 class=\"cshero-testimonial-title\" style=\"color:#666666\">\n                    Marta &#038; Toni (Catalunya)                <\/h3>\n                        \n            \n        <\/div>\n        \n<\/article>\n\n                        <\/div>\r\n                                            <div class=\"cshero-testimonial-item\">\r\n                            \n<article id=\"post-20250\"  class=\"cshero_testimonial_content clearfix\" style=\"padding:15px;color:#666666;background-color:#f5f5f5;\">\n     \n    <div class=\"cshero-testimonial-image left\">\n        <img alt=\"\" src=\"https:\/\/calbernadas.com\/wp-content\/uploads\/2016\/09\/BODA-VICENTANNA-374-150x200_c.jpg\" align=\"left\" style=\"border-radius:0;-webkit-border-radius:0;-moz-border-radius:0;-ms-border-radius:0;-o-border-radius:0;margin-right:20px;\" \/>    <\/div>\n        \n            <div class=\"cshero-testimonial-content text-left\" style=\"padding-left:180px\">\n                            <div class=\"cshero-testimonial-description\">\n                    <div class=\"cshero-testimonial-text\">\n                                                Nosotros ten\u00edamos muy claro que quer\u00edamos celebrar una boda totalmente al aire libre y en un entorno rural, donde pudi\u00e9ramos hacer las cosas a nuestra manera y sin restricciones. Adem\u00e1s, quer\u00edamos un sitio donde nuestra familia m\u00e1s cercana pudiera alojarse antes y despu\u00e9s de la boda (que, por cierto, quer\u00edamos que durara un fin de semana entero). Cuando visitamos La Cabana por primera vez supimos que aquel lugar era ideal para hacer el tipo de boda que quer\u00edamos: gran jard\u00edn, vistas preciosas, casa super equipada para 15-20 personas, piscina... A pesar de que all\u00ed no se hacen muchas bodas grandes (ya que la sala interior, en caso de lluvia, es peque\u00f1a para un banquete con muchos invitados, nosotros \u00e9ramos 120-130) y al principio tuvimos nuestras dudas, decidimos arriesgarnos y contratamos La Cabana.\r\nY fue la mejor decisi\u00f3n que podr\u00edamos haber tomado. El d\u00eda de la boda sali\u00f3 todo genial. Hab\u00edamos reservado carpas por si llov\u00eda, pero hizo un d\u00eda incre\u00edble, as\u00ed que no tuvimos que ponerlas y lo hicimos todo al aire libre: ceremonia, aperitivo, banquete y baile. Adem\u00e1s, al d\u00eda siguiente hicimos una comida informal con los invitados y disfrutamos de la piscina y la pista de p\u00e1del durante todo el d\u00eda. Despu\u00e9s, nuestra familia m\u00e1s cercana se qued\u00f3 con nosotros en la casa durante 5 d\u00edas m\u00e1s y lo pasamos en grande (en agosto s\u00f3lo alquilan la casa por semanas completas). En definitiva, fue una experiencia incre\u00edble. Y esto fue gracias tambi\u00e9n a la familia Niub\u00f3, ya que nos ayudaron much\u00edsimo y fueron super flexibles. Tanto Anna como Ramona se preocuparon por que todo saliera a la perfecci\u00f3n, tanto el d\u00eda de la boda como durante el resto de la semana. \u00a1Un 10 para ellas!\r\n\r\n<span style=\"color: #999999;\">Agost 2016<\/span>\r\n\r\n&nbsp                                            <\/div>\n                <\/div>\n                                        <h3 class=\"cshero-testimonial-title\" style=\"color:#666666\">\n                    Ana &#038; Vicent (Catalunya i Valencia)                <\/h3>\n                        \n            \n        <\/div>\n        \n<\/article>\n\n                        <\/div>\r\n                                        \r\n                <\/div>\r\n                                                                <div class=\"cshero-nav 1 default\">\r\n                    <ul>\r\n                        <li class=\"prev\" style=\"left:auto;\"><\/li>\r\n                        <li class=\"next\" style=\"right:auto;\"><\/li>\r\n                    <\/ul>\r\n                <\/div>\r\n                                            <\/div>\r\n        <\/div>\r\n        [\/vc_column][\/vc_row][vc_row full_width=\u00a0\u00bbstretch_row\u00a0\u00bb css=\u00a0\u00bb.vc_custom_1478600635542{padding-top: 100px !important;padding-bottom: 100px !important;background-image: url(https:\/\/calbernadas.com\/wp-content\/uploads\/2016\/10\/CEL_blog-1.jpg?id=13604) !important;}\u00a0\u00bb parallax_speed=\u00a0\u00bb0.8&Prime; bg_video_transparent=\u00a0\u00bb0&Prime; el_class=\u00a0\u00bbcm-icon-big-item\u00a0\u00bb][vc_column][cs_custom_heading text=\u00a0\u00bbVOUS VOULEZ VOIR DE VRAIES C\u00c9L\u00c9BRATIONS ? \u00a0\u00bb font_container=\u00a0\u00bbtag:h1|font_size:40px|text_align:center|color:%23ffffff\u00a0\u00bb font_format=\u00a0\u00bb700&Prime; style=\u00a0\u00bbstyle-none\u00a0\u00bb el_class=\u00a0\u00bbcm-tailor-title-site\u00a0\u00bb][\/vc_column][\/vc_row][vc_row css=\u00a0\u00bb.vc_custom_1477557874325{padding-top: 80px !important;padding-bottom: 80px !important;}\u00a0\u00bb][vc_column]\t<div id=\"cshero_post_carousel_1777392785_169f0dc91815f2\" class=\"cshero-post-carousel postcarousel-default \">\r\n\t\t<style type=\"text\/css\" scoped>\r\n\t\t\t#cshero_post_carousel_1777392785_169f0dc91815f2 article:hover .cshero-carousel-body{color: !important; background-color: !important; }\r\n\t\t\t#cshero_post_carousel_1777392785_169f0dc91815f2 article:hover .cshero-carousel-title a{color: !important; }\r\n\t\t\t#cshero_post_carousel_1777392785_169f0dc91815f2 .link-wrap a{ color: ;}\r\n\t\t\t#cshero_post_carousel_1777392785_169f0dc91815f2 .link-wrap a:hover{ color: ;}\r\n\t\t\t#cshero_post_carousel_1777392785_169f0dc91815f2 .link-wrap [class*='icon-box-']:hover .fa,\r\n\t\t\t#cshero_post_carousel_1777392785_169f0dc91815f2 .link-wrap [class^='icon-box-']:hover .fa{border-color:;}\r\n\t\t<\/style>\r\n\t            <div class=\"cshero-post-carousel-list \">\r\n            <div id=\"cshero_post_carousel1777392785_169f0dc91815f2\" data-mode=\"horizontal\" data-moveslides=\"3\" data-auto=\"0\" data-speed=\"500\" data-prevselector=\"#cshero_post_carousel_1777392785_169f0dc91815f2 .prev\" data-nextselector=\"#cshero_post_carousel_1777392785_169f0dc91815f2 .next\" data-prevText=\"<i class='fa fa-angle-left'><\/i>\" data-nextText=\"<i class='fa fa-angle-right'><\/i>\" data-pagerSelector=\"#cshero_post_carousel_1777392785_169f0dc91815f2 .cshero-control\" data-onsliderload=\"true\" data-touchenabled=\"1\" data-controls=\"true\" data-pager=\"0\" data-pause=\"4000\" data-infiniteloop=\"true\" data-adaptiveheight=\"true\"  data-autohover=\"true\" data-slidemargin=\"30\" data-maxslides=\"3\" data-minslides=\"1\" data-slidewidth=\"300\" data-slideselector=\"\" data-easing=\"swing\" data-usecss=\"\" data-resize=\"1\" class=\"slider jm-bxslider\">\r\n                \t\t\t<\/div>\r\n\t\t<\/div>\r\n\t\t\t\t\t        <\/div>\r\n[\/vc_column][\/vc_row][vc_row full_width=\u00a0\u00bbstretch_row\u00a0\u00bb css=\u00a0\u00bb.vc_custom_1478590522763{padding-top: 100px !important;padding-bottom: 100px !important;background-image: url(https:\/\/calbernadas.com\/wp-content\/uploads\/2016\/10\/CEL_contacte02-1.jpg?id=13445) !important;}\u00a0\u00bb parallax_speed=\u00a0\u00bb0.8&Prime; bg_video_transparent=\u00a0\u00bb0&Prime; el_class=\u00a0\u00bbcm-icon-big-item\u00a0\u00bb][vc_column][cs_custom_heading text=\u00a0\u00bbCONTACT\u00a0\u00bb font_container=\u00a0\u00bbtag:h1|font_size:40px|text_align:center|color:%23ffffff\u00a0\u00bb font_format=\u00a0\u00bb700&Prime; style=\u00a0\u00bbstyle-none\u00a0\u00bb el_class=\u00a0\u00bbcm-tailor-title-site\u00a0\u00bb][\/vc_column][\/vc_row][vc_row css=\u00a0\u00bb.vc_custom_1477557874325{padding-top: 80px !important;padding-bottom: 80px !important;}\u00a0\u00bb][vc_column width=\u00a0\u00bb1\/3&Prime;][vc_column_text]<\/p>\n<h3><\/h3>\n<h3><span style=\"color: #cc3366;\">JOSEP NIUB\u00d2<\/span><br \/>\n<span style=\"color: #cc3366;\">RAMONA CASAS<\/span><br \/>\n<span style=\"color: #cc3366;\">ANNA NIUB\u00d2<\/span><\/h3>\n<h3><\/h3>\n<p style=\"font-size: 18px;\">Carrer Major, 31. 08693 Casserres<br \/>\n+34 636 533 958<br \/>\n+34 938 234 082<br \/>\n<span id=\"cloak78436\"><a href=\"mailto:info@calbernadas.com\">info@calbernadas.com<\/a><\/span><\/p>\n<p>[\/vc_column_text]        <div  id=\"cs_social1777392785_169f0dc91816de\" class=\"cshero-social cs-social-layout1 \">\r\n            <style type=\"text\/css\" scoped>\r\n               .cshero_content_1777392785_169f0dc91816de.cshero-social-list a:hover i {\r\n                    background-color:  !important;\r\n                    border-color:  !important;\r\n                    color:  !important;\r\n                    white-space: inherit;\r\n               }\r\n            <\/style>\r\n                            \r\n<div class=\"cshero_content_1777392785_169f0dc91816de cshero-social-list \">\r\n            <a href=\"https:\/\/www.facebook.com\/calbernadas?fref=ts\" style=\"font-size:\"><i style=\"      border-style: none;   \" class=\"fa fa-facebook\"><\/i><\/a>\r\n                <a href=\"https:\/\/instagram.com\/calbernadas\/\" style=\"font-size:\"><i style=\"      border-style: none;   \" class=\"fa fa-instagram\"><\/i><\/a>\r\n                <a href=\"https:\/\/twitter.com\/calbernadas\" style=\"font-size:\"><i style=\"      border-style: none;   \" class=\"fa fa-twitter\"><\/i><\/a>\r\n                                            \r\n<\/div>               \r\n        <\/div>\r\n        [\/vc_column][vc_column width=\u00a0\u00bb2\/3&Prime;]\n<div class=\"wpcf7 no-js\" id=\"wpcf7-f17418-o1\" lang=\"en-US\" dir=\"ltr\">\n<div class=\"screen-reader-response\"><p role=\"status\" aria-live=\"polite\" aria-atomic=\"true\"><\/p> <ul><\/ul><\/div>\n<form action=\"\/fr\/wp-json\/wp\/v2\/pages\/14272#wpcf7-f17418-o1\" method=\"post\" class=\"wpcf7-form init\" aria-label=\"Contact form\" novalidate=\"novalidate\" data-status=\"init\">\n<div style=\"display: none;\">\n<input type=\"hidden\" name=\"_wpcf7\" value=\"17418\" \/>\n<input type=\"hidden\" name=\"_wpcf7_version\" value=\"5.8.2\" \/>\n<input type=\"hidden\" name=\"_wpcf7_locale\" value=\"en_US\" \/>\n<input type=\"hidden\" name=\"_wpcf7_unit_tag\" value=\"wpcf7-f17418-o1\" \/>\n<input type=\"hidden\" name=\"_wpcf7_container_post\" value=\"0\" \/>\n<input type=\"hidden\" name=\"_wpcf7_posted_data_hash\" value=\"\" \/>\n<\/div>\n<div class=\"row\">\n\t<div class=\"col-xs-12 col-sm-12 col-md-12 col-lg-12\">\n\t\t<p><span class=\"wpcf7-form-control-wrap\" data-name=\"nom\"><input size=\"40\" class=\"wpcf7-form-control wpcf7-text wpcf7-validates-as-required name\" id=\"name\" aria-required=\"true\" aria-invalid=\"false\" placeholder=\"Votre nom\" value=\"\" type=\"text\" name=\"nom\" \/><\/span>\n\t\t<\/p>\n\t<\/div>\n<\/div>\n<div class=\"row\">\n\t<div class=\"col-xs-12 col-sm-12 col-md-12 col-lg-12\">\n\t\t<p><span class=\"wpcf7-form-control-wrap\" data-name=\"email\"><input size=\"40\" class=\"wpcf7-form-control wpcf7-email wpcf7-validates-as-required wpcf7-text wpcf7-validates-as-email email\" id=\"email\" aria-required=\"true\" aria-invalid=\"false\" placeholder=\"Votre adresse \u00e9lectronique\" value=\"\" type=\"email\" name=\"email\" \/><\/span>\n\t\t<\/p>\n\t<\/div>\n<\/div>\n<div class=\"row\">\n\t<div class=\"col-xs-12 col-sm-12 col-md-12 col-lg-12\">\n\t\t<p><span class=\"wpcf7-form-control-wrap\" data-name=\"phone\"><input size=\"40\" class=\"wpcf7-form-control wpcf7-text wpcf7-validates-as-required phone\" id=\"phone\" aria-required=\"true\" aria-invalid=\"false\" placeholder=\"T\u00e9l\u00e9phone\" value=\"\" type=\"text\" name=\"phone\" \/><\/span>\n\t\t<\/p>\n\t<\/div>\n<\/div>\n<div class=\"row\">\n\t<div class=\"col-xs-12 col-sm-12 col-md-12 col-lg-12\">\n\t\t<p><span class=\"wpcf7-form-control-wrap\" data-name=\"adults\"><input size=\"40\" class=\"wpcf7-form-control wpcf7-text wpcf7-validates-as-required\" aria-required=\"true\" aria-invalid=\"false\" placeholder=\"Nombre d\u2019adultes\" value=\"\" type=\"text\" name=\"adults\" \/><\/span>\n\t\t<\/p>\n\t<\/div>\n<\/div>\n<div class=\"row\">\n\t<div class=\"col-xs-12 col-sm-12 col-md-12 col-lg-12\">\n\t\t<p><span class=\"wpcf7-form-control-wrap\" data-name=\"nens\"><input size=\"40\" class=\"wpcf7-form-control wpcf7-text wpcf7-validates-as-required\" aria-required=\"true\" aria-invalid=\"false\" placeholder=\"Nombre d\u2019enfants (de 2 \u00e0 15 ans)\" value=\"\" type=\"text\" name=\"nens\" \/><\/span>\n\t\t<\/p>\n\t<\/div>\n<\/div>\n<div class=\"row\">\n\t<div class=\"col-xs-12 col-sm-12 col-md-12 col-lg-12\">\n\t\t<p><span class=\"wpcf7-form-control-wrap\" data-name=\"nadons\"><input size=\"40\" class=\"wpcf7-form-control wpcf7-text wpcf7-validates-as-required\" aria-required=\"true\" aria-invalid=\"false\" placeholder=\"Nombre de b\u00e9b\u00e9s (moins de 2 ans)\" value=\"\" type=\"text\" name=\"nadons\" \/><\/span>\n\t\t<\/p>\n\t<\/div>\n<\/div>\n<div class=\"row\">\n\t<div class=\"col-xs-12 col-sm-12 col-md-12 col-lg-12\">\n\t\t<p><span class=\"wpcf7-form-control-wrap\" data-name=\"entrada\"><input class=\"wpcf7-form-control wpcf7-date wpcf7-validates-as-required wpcf7-validates-as-date\" aria-required=\"true\" aria-invalid=\"false\" placeholder=\"Date d\u2019arriv\u00e9e: &nbsp;\" value=\"\" type=\"date\" name=\"entrada\" \/><\/span>\n\t\t<\/p>\n\t<\/div>\n<\/div>\n<div class=\"row\">\n\t<div class=\"col-xs-12 col-sm-12 col-md-12 col-lg-12\">\n\t\t<p><span class=\"wpcf7-form-control-wrap\" data-name=\"sortida\"><input class=\"wpcf7-form-control wpcf7-date wpcf7-validates-as-required wpcf7-validates-as-date\" aria-required=\"true\" aria-invalid=\"false\" placeholder=\"Date de d\u00e9part: &nbsp;\" value=\"\" type=\"date\" name=\"sortida\" \/><\/span>\n\t\t<\/p>\n\t<\/div>\n<\/div>\n<div class=\"row\">\n\t<div class=\"col-xs-12 col-sm-12 col-md-12 col-lg-12\">\n\t\t<p><span class=\"wpcf7-form-control-wrap\" data-name=\"msg\"><textarea cols=\"40\" rows=\"10\" class=\"wpcf7-form-control wpcf7-textarea\" aria-invalid=\"false\" placeholder=\"Indiquez ici votre message\" name=\"msg\"><\/textarea><\/span>\n\t\t<\/p>\n\t<\/div>\n<\/div>\n<div class=\"row\">\n\t<div class=\"col-xs-12 col-sm-12 col-md-12 col-lg-12\">\n\t\t<p><span class=\"wpcf7-form-control-wrap\" data-name=\"codipromo\"><input size=\"40\" class=\"wpcf7-form-control wpcf7-text\" aria-invalid=\"false\" placeholder=\"Code promo\" value=\"\" type=\"text\" name=\"codipromo\" \/><\/span>\n\t\t<\/p>\n\t<\/div>\n<\/div>\n<div class=\"row\">\n\t<div class=\"col-xs-1 col-sm-1 col-md-1 col-lg-1\">\n\t\t<p><span class=\"wpcf7-form-control-wrap\" data-name=\"acceptar\"><span class=\"wpcf7-form-control wpcf7-acceptance\"><span class=\"wpcf7-list-item\"><input type=\"checkbox\" name=\"acceptar\" value=\"1\" aria-invalid=\"false\" \/><\/span><\/span><\/span>\n\t\t<\/p>\n\t<\/div>\n\t<p>\"J'ai lu et j'accepte la <a href=\"https:\/\/calbernadas.com\/fr\/avis-juridique\/#confidentialite\" target=\"_blank\">politique de confidentialit\u00e9\"<\/a>\n\t<\/p>\n<\/div>\n<div class=\"row\">\n\t<div class=\"col-xs-12 col-sm-12 col-md-12 col-lg-12\">\n\t\t<p>[bwscaptcha bwscaptcha-42]\n\t\t<\/p>\n\t<\/div>\n<\/div>\n<div class=\"row\">\n\t<div class=\"col-xs-12 col-sm-12 col-md-12 col-lg-12\">\n\t\t<p><input class=\"wpcf7-form-control wpcf7-submit has-spinner\" type=\"submit\" value=\"Envoyer\" \/>\n\t\t<\/p>\n\t<\/div>\n<\/div><p style=\"display: none !important;\" class=\"akismet-fields-container\" data-prefix=\"_wpcf7_ak_\"><label>&#916;<textarea name=\"_wpcf7_ak_hp_textarea\" cols=\"45\" rows=\"8\" maxlength=\"100\"><\/textarea><\/label><input type=\"hidden\" id=\"ak_js_1\" name=\"_wpcf7_ak_js\" value=\"216\"\/><script>document.getElementById( \"ak_js_1\" ).setAttribute( \"value\", ( new Date() ).getTime() );<\/script><\/p><div class=\"wpcf7-response-output\" aria-hidden=\"true\"><\/div>\n<\/form>\n<\/div>\n[\/vc_column][\/vc_row]<\/p>\n","protected":false},"excerpt":{"rendered":"<p>[vc_row full_width=\u00a0\u00bbstretch_row\u00a0\u00bb css=\u00a0\u00bb.vc_custom_1478574823216{padding-top: 200px !important;padding-bottom: 200px !important;background-image: url(https:\/\/calbernadas.com\/wp-content\/uploads\/2016\/10\/CB_CEL_wedding_banner-1.jpg?id=13409) !important;}\u00a0\u00bb parallax_speed=\u00a0\u00bb0.8&Prime; bg_video_transparent=\u00a0\u00bb0&Prime; el_class=\u00a0\u00bbcm-icon-big-item\u00a0\u00bb][vc_column][cs_custom_heading text=\u00a0\u00bbORGANISATEUR DE MARIAGE\u00a0\u00bb font_container=\u00a0\u00bbtag:h1|font_size:40px|text_align:center|color:%23ffffff|line_height:40px\u00a0\u00bb font_format=\u00a0\u00bb700&Prime; style=\u00a0\u00bbstyle-none\u00a0\u00bb el_class=\u00a0\u00bbcm-tailor-title-site\u00a0\u00bb][vc_row_inner][vc_column_inner width=\u00a0\u00bb1\/4&Prime;][\/vc_column_inner][vc_column_inner [&hellip;]<\/p>\n","protected":false},"author":1,"featured_media":0,"parent":14283,"menu_order":0,"comment_status":"closed","ping_status":"closed","template":"","meta":{"footnotes":""},"yoast_head":"<!-- This site is optimized with the Yoast SEO plugin v21.5 - https:\/\/yoast.com\/wordpress\/plugins\/seo\/ -->\n<title>ORGANISATEUR DE MARIAGE - Cal Bernad\u00e0s<\/title>\n<meta name=\"robots\" content=\"index, follow, max-snippet:-1, max-image-preview:large, max-video-preview:-1\" \/>\n<link rel=\"canonical\" href=\"https:\/\/calbernadas.com\/fr\/celebrations\/organisateur-de-mariage\/\" \/>\n<meta property=\"og:locale\" content=\"fr_FR\" \/>\n<meta property=\"og:type\" content=\"article\" \/>\n<meta property=\"og:title\" content=\"ORGANISATEUR DE MARIAGE - Cal Bernad\u00e0s\" \/>\n<meta property=\"og:description\" content=\"[vc_row full_width=\u00a0\u00bbstretch_row\u00a0\u00bb css=\u00a0\u00bb.vc_custom_1478574823216{padding-top: 200px !important;padding-bottom: 200px !important;background-image: url(https:\/\/calbernadas.com\/wp-content\/uploads\/2016\/10\/CB_CEL_wedding_banner-1.jpg?id=13409) !important;}\u00a0\u00bb parallax_speed=\u00a0\u00bb0.8&Prime; bg_video_transparent=\u00a0\u00bb0&Prime; el_class=\u00a0\u00bbcm-icon-big-item\u00a0\u00bb][vc_column][cs_custom_heading text=\u00a0\u00bbORGANISATEUR DE MARIAGE\u00a0\u00bb font_container=\u00a0\u00bbtag:h1|font_size:40px|text_align:center|color:%23ffffff|line_height:40px\u00a0\u00bb font_format=\u00a0\u00bb700&Prime; style=\u00a0\u00bbstyle-none\u00a0\u00bb el_class=\u00a0\u00bbcm-tailor-title-site\u00a0\u00bb][vc_row_inner][vc_column_inner width=\u00a0\u00bb1\/4&Prime;][\/vc_column_inner][vc_column_inner [&hellip;]\" \/>\n<meta property=\"og:url\" content=\"https:\/\/calbernadas.com\/fr\/celebrations\/organisateur-de-mariage\/\" \/>\n<meta property=\"og:site_name\" content=\"Cal Bernad\u00e0s\" \/>\n<meta property=\"article:publisher\" content=\"https:\/\/www.facebook.com\/calbernadas\" \/>\n<meta property=\"article:modified_time\" content=\"2020-09-29T15:18:51+00:00\" \/>\n<meta property=\"og:image\" content=\"https:\/\/calbernadas.com\/wp-content\/uploads\/2016\/10\/CB_CEL_wedding_anna.jpg\" \/>\n<meta name=\"twitter:card\" content=\"summary_large_image\" \/>\n<meta name=\"twitter:site\" content=\"@calbernadas\" \/>\n<meta name=\"twitter:label1\" content=\"Dur\u00e9e de lecture estim\u00e9e\" \/>\n\t<meta name=\"twitter:data1\" content=\"8 minutes\" \/>\n<script type=\"application\/ld+json\" class=\"yoast-schema-graph\">{\"@context\":\"https:\/\/schema.org\",\"@graph\":[{\"@type\":\"WebPage\",\"@id\":\"https:\/\/calbernadas.com\/fr\/celebrations\/organisateur-de-mariage\/\",\"url\":\"https:\/\/calbernadas.com\/fr\/celebrations\/organisateur-de-mariage\/\",\"name\":\"ORGANISATEUR DE MARIAGE - Cal Bernad\u00e0s\",\"isPartOf\":{\"@id\":\"https:\/\/calbernadas.com\/ca\/#website\"},\"datePublished\":\"2016-10-24T10:36:16+00:00\",\"dateModified\":\"2020-09-29T15:18:51+00:00\",\"breadcrumb\":{\"@id\":\"https:\/\/calbernadas.com\/fr\/celebrations\/organisateur-de-mariage\/#breadcrumb\"},\"inLanguage\":\"fr-FR\",\"potentialAction\":[{\"@type\":\"ReadAction\",\"target\":[\"https:\/\/calbernadas.com\/fr\/celebrations\/organisateur-de-mariage\/\"]}]},{\"@type\":\"BreadcrumbList\",\"@id\":\"https:\/\/calbernadas.com\/fr\/celebrations\/organisateur-de-mariage\/#breadcrumb\",\"itemListElement\":[{\"@type\":\"ListItem\",\"position\":1,\"name\":\"Portada\",\"item\":\"https:\/\/calbernadas.com\/fr\/\"},{\"@type\":\"ListItem\",\"position\":2,\"name\":\"C\u00e9lebrations\",\"item\":\"https:\/\/calbernadas.com\/fr\/celebrations\/\"},{\"@type\":\"ListItem\",\"position\":3,\"name\":\"ORGANISATEUR DE MARIAGE\"}]},{\"@type\":\"WebSite\",\"@id\":\"https:\/\/calbernadas.com\/ca\/#website\",\"url\":\"https:\/\/calbernadas.com\/ca\/\",\"name\":\"Cal Bernad\u00e0s\",\"description\":\"Turisme rural\",\"publisher\":{\"@id\":\"https:\/\/calbernadas.com\/ca\/#organization\"},\"potentialAction\":[{\"@type\":\"SearchAction\",\"target\":{\"@type\":\"EntryPoint\",\"urlTemplate\":\"https:\/\/calbernadas.com\/ca\/?s={search_term_string}\"},\"query-input\":\"required name=search_term_string\"}],\"inLanguage\":\"fr-FR\"},{\"@type\":\"Organization\",\"@id\":\"https:\/\/calbernadas.com\/ca\/#organization\",\"name\":\"Cal Bernad\u00e0s\",\"url\":\"https:\/\/calbernadas.com\/ca\/\",\"logo\":{\"@type\":\"ImageObject\",\"inLanguage\":\"fr-FR\",\"@id\":\"https:\/\/calbernadas.com\/ca\/#\/schema\/logo\/image\/\",\"url\":\"https:\/\/calbernadas.com\/wp-content\/uploads\/2017\/03\/logo_calbernadas2.png\",\"contentUrl\":\"https:\/\/calbernadas.com\/wp-content\/uploads\/2017\/03\/logo_calbernadas2.png\",\"width\":169,\"height\":156,\"caption\":\"Cal Bernad\u00e0s\"},\"image\":{\"@id\":\"https:\/\/calbernadas.com\/ca\/#\/schema\/logo\/image\/\"},\"sameAs\":[\"https:\/\/www.facebook.com\/calbernadas\",\"https:\/\/twitter.com\/calbernadas\",\"https:\/\/instagram.com\/calbernadas\/\",\"http:\/\/www.youtube.es\/calbernadas\"]}]}<\/script>\n<!-- \/ Yoast SEO plugin. -->","yoast_head_json":{"title":"ORGANISATEUR DE MARIAGE - Cal Bernad\u00e0s","robots":{"index":"index","follow":"follow","max-snippet":"max-snippet:-1","max-image-preview":"max-image-preview:large","max-video-preview":"max-video-preview:-1"},"canonical":"https:\/\/calbernadas.com\/fr\/celebrations\/organisateur-de-mariage\/","og_locale":"fr_FR","og_type":"article","og_title":"ORGANISATEUR DE MARIAGE - Cal Bernad\u00e0s","og_description":"[vc_row full_width=\u00a0\u00bbstretch_row\u00a0\u00bb css=\u00a0\u00bb.vc_custom_1478574823216{padding-top: 200px !important;padding-bottom: 200px !important;background-image: url(https:\/\/calbernadas.com\/wp-content\/uploads\/2016\/10\/CB_CEL_wedding_banner-1.jpg?id=13409) !important;}\u00a0\u00bb parallax_speed=\u00a0\u00bb0.8&Prime; bg_video_transparent=\u00a0\u00bb0&Prime; el_class=\u00a0\u00bbcm-icon-big-item\u00a0\u00bb][vc_column][cs_custom_heading text=\u00a0\u00bbORGANISATEUR DE MARIAGE\u00a0\u00bb font_container=\u00a0\u00bbtag:h1|font_size:40px|text_align:center|color:%23ffffff|line_height:40px\u00a0\u00bb font_format=\u00a0\u00bb700&Prime; style=\u00a0\u00bbstyle-none\u00a0\u00bb el_class=\u00a0\u00bbcm-tailor-title-site\u00a0\u00bb][vc_row_inner][vc_column_inner width=\u00a0\u00bb1\/4&Prime;][\/vc_column_inner][vc_column_inner [&hellip;]","og_url":"https:\/\/calbernadas.com\/fr\/celebrations\/organisateur-de-mariage\/","og_site_name":"Cal Bernad\u00e0s","article_publisher":"https:\/\/www.facebook.com\/calbernadas","article_modified_time":"2020-09-29T15:18:51+00:00","og_image":[{"url":"https:\/\/calbernadas.com\/wp-content\/uploads\/2016\/10\/CB_CEL_wedding_anna.jpg"}],"twitter_card":"summary_large_image","twitter_site":"@calbernadas","twitter_misc":{"Dur\u00e9e de lecture estim\u00e9e":"8 minutes"},"schema":{"@context":"https:\/\/schema.org","@graph":[{"@type":"WebPage","@id":"https:\/\/calbernadas.com\/fr\/celebrations\/organisateur-de-mariage\/","url":"https:\/\/calbernadas.com\/fr\/celebrations\/organisateur-de-mariage\/","name":"ORGANISATEUR DE MARIAGE - Cal Bernad\u00e0s","isPartOf":{"@id":"https:\/\/calbernadas.com\/ca\/#website"},"datePublished":"2016-10-24T10:36:16+00:00","dateModified":"2020-09-29T15:18:51+00:00","breadcrumb":{"@id":"https:\/\/calbernadas.com\/fr\/celebrations\/organisateur-de-mariage\/#breadcrumb"},"inLanguage":"fr-FR","potentialAction":[{"@type":"ReadAction","target":["https:\/\/calbernadas.com\/fr\/celebrations\/organisateur-de-mariage\/"]}]},{"@type":"BreadcrumbList","@id":"https:\/\/calbernadas.com\/fr\/celebrations\/organisateur-de-mariage\/#breadcrumb","itemListElement":[{"@type":"ListItem","position":1,"name":"Portada","item":"https:\/\/calbernadas.com\/fr\/"},{"@type":"ListItem","position":2,"name":"C\u00e9lebrations","item":"https:\/\/calbernadas.com\/fr\/celebrations\/"},{"@type":"ListItem","position":3,"name":"ORGANISATEUR DE MARIAGE"}]},{"@type":"WebSite","@id":"https:\/\/calbernadas.com\/ca\/#website","url":"https:\/\/calbernadas.com\/ca\/","name":"Cal Bernad\u00e0s","description":"Turisme rural","publisher":{"@id":"https:\/\/calbernadas.com\/ca\/#organization"},"potentialAction":[{"@type":"SearchAction","target":{"@type":"EntryPoint","urlTemplate":"https:\/\/calbernadas.com\/ca\/?s={search_term_string}"},"query-input":"required name=search_term_string"}],"inLanguage":"fr-FR"},{"@type":"Organization","@id":"https:\/\/calbernadas.com\/ca\/#organization","name":"Cal Bernad\u00e0s","url":"https:\/\/calbernadas.com\/ca\/","logo":{"@type":"ImageObject","inLanguage":"fr-FR","@id":"https:\/\/calbernadas.com\/ca\/#\/schema\/logo\/image\/","url":"https:\/\/calbernadas.com\/wp-content\/uploads\/2017\/03\/logo_calbernadas2.png","contentUrl":"https:\/\/calbernadas.com\/wp-content\/uploads\/2017\/03\/logo_calbernadas2.png","width":169,"height":156,"caption":"Cal Bernad\u00e0s"},"image":{"@id":"https:\/\/calbernadas.com\/ca\/#\/schema\/logo\/image\/"},"sameAs":["https:\/\/www.facebook.com\/calbernadas","https:\/\/twitter.com\/calbernadas","https:\/\/instagram.com\/calbernadas\/","http:\/\/www.youtube.es\/calbernadas"]}]}},"_links":{"self":[{"href":"https:\/\/calbernadas.com\/fr\/wp-json\/wp\/v2\/pages\/14272"}],"collection":[{"href":"https:\/\/calbernadas.com\/fr\/wp-json\/wp\/v2\/pages"}],"about":[{"href":"https:\/\/calbernadas.com\/fr\/wp-json\/wp\/v2\/types\/page"}],"author":[{"embeddable":true,"href":"https:\/\/calbernadas.com\/fr\/wp-json\/wp\/v2\/users\/1"}],"replies":[{"embeddable":true,"href":"https:\/\/calbernadas.com\/fr\/wp-json\/wp\/v2\/comments?post=14272"}],"version-history":[{"count":3,"href":"https:\/\/calbernadas.com\/fr\/wp-json\/wp\/v2\/pages\/14272\/revisions"}],"predecessor-version":[{"id":22178,"href":"https:\/\/calbernadas.com\/fr\/wp-json\/wp\/v2\/pages\/14272\/revisions\/22178"}],"up":[{"embeddable":true,"href":"https:\/\/calbernadas.com\/fr\/wp-json\/wp\/v2\/pages\/14283"}],"wp:attachment":[{"href":"https:\/\/calbernadas.com\/fr\/wp-json\/wp\/v2\/media?parent=14272"}],"curies":[{"name":"wp","href":"https:\/\/api.w.org\/{rel}","templated":true}]}}