{"id":14133,"date":"2016-11-01T09:58:12","date_gmt":"2016-11-01T09:58:12","guid":{"rendered":"https:\/\/calbernadas.com\/fr\/condicions-de-reserva\/"},"modified":"2023-12-13T12:43:10","modified_gmt":"2023-12-13T11:43:10","slug":"condicions-de-reserva","status":"publish","type":"page","link":"https:\/\/calbernadas.com\/fr\/condicions-de-reserva\/","title":{"rendered":"condicions-de-reserva"},"content":{"rendered":"<p>[vc_row full_width=\u00a0\u00bbstretch_row\u00a0\u00bb css=\u00a0\u00bb.vc_custom_1478145466144{padding-top: 80px !important;padding-bottom: 80px !important;background-image: url(https:\/\/calbernadas.com\/wp-content\/uploads\/2016\/10\/CB_TR_HOME_capcalera-1.jpg?id=12481) !important;}\u00a0\u00bb][vc_column width=\u00a0\u00bb1\/6&Prime;][\/vc_column][vc_column width=\u00a0\u00bb2\/3&Prime;][cs_custom_heading text=\u00a0\u00bbCONDICIONS DE RESERVA\u00a0\u00bb font_container=\u00a0\u00bbtag:h1|font_size:40px|text_align:center|color:%23ffffff\u00a0\u00bb font_format=\u00a0\u00bb700&Prime; style=\u00a0\u00bbstyle-none\u00a0\u00bb el_class=\u00a0\u00bbcm-tailor-title-site\u00a0\u00bb][vc_column_text]<\/p>\n<h5 style=\"text-align: center;\"><span style=\"color: #fff;\">Perqu\u00e8 volem que quedi tot clar i que no hi hagi sorpreses.<br \/>\n<\/span><\/h5>\n<p>[\/vc_column_text][\/vc_column][vc_column width=\u00a0\u00bb1\/6&Prime;][\/vc_column][\/vc_row][vc_row css=\u00a0\u00bb.vc_custom_1478145540615{padding-top: 80px !important;padding-bottom: 80px !important;}\u00a0\u00bb][vc_column width=\u00a0\u00bb1\/4&Prime;][\/vc_column][vc_column width=\u00a0\u00bb1\/2&Prime;][vc_column_text]<\/p>\n<h5 style=\"text-align: center;\"><span style=\"color: #99cc66;\"><br \/>\nEn el moment que estigueu interessats en formalitzar la reserva, caldr\u00e0 que us poseu en contacte amb nosaltres al tel\u00e8fon +34 938 234 082 o b\u00e9 per correu electr\u00f2nic a info@calbernadas.com.<br \/>\n<\/span><\/h5>\n<h5 style=\"text-align: center;\"><span style=\"color: #99cc66;\">Seguidament us confirmarem si la casa rural en q\u00fcesti\u00f3 est\u00e0 disponible o no. Si ho est\u00e0, llavors ser\u00e0 necessari el seg\u00fcent pas per formalitzar la reserva.<\/span><\/h5>\n<p>[\/vc_column_text][\/vc_column][vc_column width=\u00a0\u00bb1\/4&Prime;][\/vc_column][\/vc_row][vc_row full_width=\u00a0\u00bbstretch_row\u00a0\u00bb gap=\u00a0\u00bb15&Prime; css=\u00a0\u00bb.vc_custom_1478145723661{padding-top: 80px !important;padding-bottom: 15px !important;background-color: #ecf5df !important;}\u00a0\u00bb][vc_column width=\u00a0\u00bb1\/2&Prime;][vc_row_inner css=\u00a0\u00bb.vc_custom_1477994399761{margin: 0px !important;padding: 0px !important;background-color: #ffffff !important;border: 1px solid #dddddd !important;}\u00a0\u00bb][vc_column_inner css=\u00a0\u00bb.vc_custom_1477994409192{margin: 0px !important;border-width: 0px !important;padding: 0px !important;}\u00a0\u00bb][cs_custom_heading text=\u00a0\u00bbPER A RESERVES DE FINS A 2 NITS, PONTS I FESTIUS\u00a0\u00bb font_container=\u00a0\u00bbtag:h2|font_size:20px|text_align:center|color:%23ffffff|line_height:20px\u00a0\u00bb font_format=\u00a0\u00bb300&Prime; style=\u00a0\u00bbstyle-none\u00a0\u00bb el_class=\u00a0\u00bbcm-tailor-title-site\u00a0\u00bb css=\u00a0\u00bb.vc_custom_1478145735714{margin-top: 0px !important;margin-right: 0px !important;margin-bottom: 0px !important;margin-left: 0px !important;border-top-width: 0px !important;border-right-width: 0px !important;border-bottom-width: 0px !important;border-left-width: 0px !important;padding-top: 10px !important;padding-right: 10px !important;padding-bottom: 10px !important;padding-left: 10px !important;background-color: #bfdf9f !important;}\u00a0\u00bb][vc_column_text css=\u00a0\u00bb.vc_custom_1487075155749{padding-top: 30px !important;padding-right: 22% !important;padding-bottom: 30px !important;padding-left: 22% !important;}\u00a0\u00bb]LES VOSTRES DADES DE CONTACTE: NOM I COGNOMS, ADRE\u00c7A, DNI I TEL\u00c8FON<\/p>\n<hr \/>\n<p>EL DETALL DEL N\u00daMERO D&rsquo;ADULTS (MAJORS DE 15 ANYS), ELS NENS (2-15 ANYS) I ELS NADONS (MENORS DE 2 ANYS)<\/p>\n<hr \/>\n<p>UNA PAGA I SENYAL D&rsquo;UN 25 % DE L&rsquo;IMPORT TOTAL, VIA TRANSFER\u00c8NCIA BANC\u00c0RIA, DURANT LES 48 HORES SEG\u00dcENTS[\/vc_column_text][vc_column_text css=\u00a0\u00bb.vc_custom_1478145914780{margin-bottom: 0px !important;padding-top: 30px !important;padding-right: 10px !important;padding-bottom: 30px !important;padding-left: 10px !important;background-color: #cce6b3 !important;}\u00a0\u00bb]<\/p>\n<h1 style=\"text-align: center;\"><span style=\"color: #ffffff;\">16:00\/18:00<\/span><\/h1>\n<h3 style=\"text-align: center;\"><span style=\"color: #ffffff;\">HORA D&rsquo;ENTRADA\/HORA DE SORTIDA<\/span><\/h3>\n<p>[\/vc_column_text][\/vc_column_inner][\/vc_row_inner][\/vc_column][vc_column width=\u00a0\u00bb1\/2&Prime;][vc_row_inner css=\u00a0\u00bb.vc_custom_1477994399761{margin: 0px !important;padding: 0px !important;background-color: #ffffff !important;border: 1px solid #dddddd !important;}\u00a0\u00bb][vc_column_inner css=\u00a0\u00bb.vc_custom_1477994409192{margin: 0px !important;border-width: 0px !important;padding: 0px !important;}\u00a0\u00bb][cs_custom_heading text=\u00a0\u00bbPER A RESERVES DE M\u00c9S DE DUES NITS\u00a0\u00bb font_container=\u00a0\u00bbtag:h2|font_size:20px|text_align:center|color:%23ffffff|line_height:20px\u00a0\u00bb font_format=\u00a0\u00bb300&Prime; style=\u00a0\u00bbstyle-none\u00a0\u00bb el_class=\u00a0\u00bbcm-tailor-title-site\u00a0\u00bb css=\u00a0\u00bb.vc_custom_1478145960324{margin-top: 0px !important;margin-right: 0px !important;margin-bottom: 0px !important;margin-left: 0px !important;border-top-width: 0px !important;border-right-width: 0px !important;border-bottom-width: 0px !important;border-left-width: 0px !important;padding-top: 10px !important;padding-right: 10px !important;padding-bottom: 10px !important;padding-left: 10px !important;background-color: #bfdf9f !important;}\u00a0\u00bb][vc_column_text css=\u00a0\u00bb.vc_custom_1487075163578{padding-top: 30px !important;padding-right: 22% !important;padding-bottom: 30px !important;padding-left: 22% !important;}\u00a0\u00bb]LES VOSTRES DADES DE CONTACTE: NOM I COGNOMS, ADRE\u00c7A, DNI I TEL\u00c8FON<\/p>\n<hr \/>\n<p>EL DETALL DEL N\u00daMERO D&rsquo;ADULTS (MAJORS DE 15 ANYS), ELS NENS (2-15 ANYS) I ELS NADONS (MENORS DE 2 ANYS)<\/p>\n<hr \/>\n<p>UNA PAGA I SENYAL D&rsquo;UN 35 % DE L&rsquo;IMPORT TOTAL EN EL MOMENT DE FORMALITZAR LA RESERVA, VIA TRANSFER\u00c8NCIA BANC\u00c0RIA, DURANT ELS 5 DIES SEG\u00dcENTS[\/vc_column_text][vc_column_text css=\u00a0\u00bb.vc_custom_1478145986189{margin-bottom: 0px !important;padding-top: 30px !important;padding-right: 10px !important;padding-bottom: 30px !important;padding-left: 10px !important;background-color: #cce6b3 !important;}\u00a0\u00bb]<\/p>\n<h1 style=\"text-align: center;\"><span style=\"color: #ffffff;\">16:00\/10:00<\/span><\/h1>\n<h3 style=\"text-align: center;\"><span style=\"color: #ffffff;\">HORA D&rsquo;ENTRADA\/HORA DE SORTIDA<\/span><\/h3>\n<p>[\/vc_column_text][\/vc_column_inner][\/vc_row_inner][\/vc_column][\/vc_row][vc_row full_width=\u00a0\u00bbstretch_row\u00a0\u00bb gap=\u00a0\u00bb15&Prime; css=\u00a0\u00bb.vc_custom_1477994351389{padding-top: 15px !important;padding-bottom: 80px !important;background-color: #ecf5df !important;}\u00a0\u00bb][vc_column width=\u00a0\u00bb2\/3&Prime;][vc_row_inner css=\u00a0\u00bb.vc_custom_1477994399761{margin: 0px !important;padding: 0px !important;background-color: #ffffff !important;border: 1px solid #dddddd !important;}\u00a0\u00bb][vc_column_inner css=\u00a0\u00bb.vc_custom_1477994409192{margin: 0px !important;border-width: 0px !important;padding: 0px !important;}\u00a0\u00bb][cs_custom_heading text=\u00a0\u00bbOBSERVACIONS\u00a0\u00bb font_container=\u00a0\u00bbtag:h2|font_size:20px|text_align:center|color:%23ffffff|line_height:20px\u00a0\u00bb font_format=\u00a0\u00bb300&Prime; style=\u00a0\u00bbstyle-none\u00a0\u00bb el_class=\u00a0\u00bbcm-tailor-title-site\u00a0\u00bb css=\u00a0\u00bb.vc_custom_1478146072581{margin-top: 0px !important;margin-right: 0px !important;margin-bottom: 0px !important;margin-left: 0px !important;border-top-width: 0px !important;border-right-width: 0px !important;border-bottom-width: 0px !important;border-left-width: 0px !important;padding-top: 10px !important;padding-right: 10px !important;padding-bottom: 10px !important;padding-left: 10px !important;background-color: #bfdf9f !important;}\u00a0\u00bb][vc_column_text css=\u00a0\u00bb.vc_custom_1478146081212{padding-top: 30px !important;padding-right: 22% !important;padding-bottom: 30px !important;padding-left: 22% !important;}\u00a0\u00bb]LA RESERVA QUEDAR\u00c0 TOTALMENT CONFIRMADA EN EL MOMENT DE REBRE L&rsquo;IMPORT ESPECIFICAT AL NOSTRE COMPTE BANCARI<\/p>\n<hr \/>\n<p>LA TAXA TUR\u00cdSTICA NO EST\u00c0 MAI INCLOSA EN LES TARIFES DONADES.<\/p>\n<hr \/>\n<p>LA RESTA DEL PAGAMENT ES PAGAR\u00c0 A L&rsquo;ARRIBADA A LA CASA RURAL EN EFECTIU, JUNTAMENT AMB LA TAXA TUR\u00cdSTICA.<\/p>\n<hr \/>\n<p>NO S&rsquo;ACCEPTEN TARGETES DE CR\u00c8DIT.<\/p>\n<hr \/>\n<p>TOTES LES PERSONES A PARTIR DE 2 ANYS PAGUEN PER FER \u00daS DE LES INSTAL\u00b7LACIONS.<\/p>\n<hr \/>\n<p>EL PREU INCLOU EL N\u00daMERO DE PERSONES ALLOTJADES A LA CASA. EN EL CAS D&rsquo;HAVER-HI M\u00c9S GENT A LA CASA QUE NO S&rsquo;HI ALLOTGI, S&rsquo;HAUR\u00c0 DE COMUNICAR PR\u00c8VIAMENT.<\/p>\n<hr \/>\n<p>PER A LES RESERVES DE CELEBRACIONS, LES CONDICIONS DE RESERVA VARIARAN, I S&rsquo;EXPLICARAN DETALLADAMENT PR\u00c8VIAMENT A LA FORMALITZACI\u00d3 DE LA RESERVA. EN AQUEST MOMENT TAMB\u00c9 SER\u00c0 NECESS\u00c0RIA LA REALITZACI\u00d3 D&rsquo;UN CONTRACTE ENTRE AMBDUES PARTS.<\/p>\n<hr \/>\n<p>ENS RESERVEM EL DRET DE DEMANAR UNA FIAN\u00c7A DE SEGURETAT SI HO CONSIDEREM OPORT\u00da. AQUESTA SER\u00c0 RETORNADA DOS DIES DESPR\u00c9S DE LA SORTIDA VIA TRANSFER\u00c8NCIA BANC\u00c0RIA SEMPRE QUE NO S&rsquo;HAGI OCASIONAT CAP DANY A LA CASA DURANT L&rsquo;ESTADA.[\/vc_column_text][\/vc_column_inner][\/vc_row_inner][\/vc_column][vc_column width=\u00a0\u00bb1\/3&Prime;][vc_row_inner css=\u00a0\u00bb.vc_custom_1477994399761{margin: 0px !important;padding: 0px !important;background-color: #ffffff !important;border: 1px solid #dddddd !important;}\u00a0\u00bb][vc_column_inner css=\u00a0\u00bb.vc_custom_1477994409192{margin: 0px !important;border-width: 0px !important;padding: 0px !important;}\u00a0\u00bb][cs_custom_heading text=\u00a0\u00bbEN CAS D&rsquo;ANUL\u00b7LACI\u00d3\u00a0\u00bb font_container=\u00a0\u00bbtag:h2|font_size:20px|text_align:center|color:%23ffffff|line_height:20px\u00a0\u00bb font_format=\u00a0\u00bb300&Prime; style=\u00a0\u00bbstyle-none\u00a0\u00bb el_class=\u00a0\u00bbcm-tailor-title-site\u00a0\u00bb css=\u00a0\u00bb.vc_custom_1478146090450{margin-top: 0px !important;margin-right: 0px !important;margin-bottom: 0px !important;margin-left: 0px !important;border-top-width: 0px !important;border-right-width: 0px !important;border-bottom-width: 0px !important;border-left-width: 0px !important;padding-top: 10px !important;padding-right: 10px !important;padding-bottom: 10px !important;padding-left: 10px !important;background-color: #bfdf9f !important;}\u00a0\u00bb][vc_column_text css=\u00a0\u00bb.vc_custom_1478146098221{padding-top: 30px !important;padding-right: 22% !important;padding-bottom: 30px !important;padding-left: 22% !important;}\u00a0\u00bb]NO ES RETORNAR\u00c0 EN CAP CAS L&rsquo;IMPORT REBUT COM A PAGA I SENYAL EN EL MOMENT DE FORMALITZAR LA RESERVA.[\/vc_column_text][\/vc_column_inner][\/vc_row_inner][\/vc_column][\/vc_row][vc_row full_width=\u00a0\u00bbstretch_row\u00a0\u00bb css=\u00a0\u00bb.vc_custom_1478146156501{padding-top: 80px !important;padding-bottom: 80px !important;background-image: url(https:\/\/calbernadas.com\/wp-content\/uploads\/2016\/11\/TR_contacte2.jpg?id=12800) !important;}\u00a0\u00bb parallax_speed=\u00a0\u00bb0.8&Prime; bg_video_transparent=\u00a0\u00bb0&Prime; el_class=\u00a0\u00bbcm-icon-big-item\u00a0\u00bb][vc_column][cs_custom_heading text=\u00a0\u00bbContact\u00a0\u00bb font_container=\u00a0\u00bbtag:h1|font_size:40px|text_align:center|color:%23ffffff\u00a0\u00bb font_format=\u00a0\u00bb700&Prime; style=\u00a0\u00bbstyle-none\u00a0\u00bb el_class=\u00a0\u00bbcm-tailor-title-site\u00a0\u00bb][\/vc_column][\/vc_row][vc_row css=\u00a0\u00bb.vc_custom_1477557874325{padding-top: 80px !important;padding-bottom: 80px !important;}\u00a0\u00bb][vc_column width=\u00a0\u00bb1\/3&Prime;][vc_column_text]<\/p>\n<div>\n<h3><\/h3>\n<h3>JOSEP NIUB\u00d2<br \/>\nRAMONA CASAS<br \/>\nANNA NIUB\u00d2<\/h3>\n<h3><\/h3>\n<p>+34 636 533 958<br \/>\n+34 938 234 082<br \/>\n<span id=\"cloak23258\"><a href=\"mailto:info@calbernadas.com\">info@calbernadas.com<\/a><\/span><\/p>\n<\/div>\n<p>[\/vc_column_text]        <div  id=\"cs_social1777712717_169f5be4dba92a\" class=\"cshero-social cs-social-layout1 \">\r\n            <style type=\"text\/css\" scoped>\r\n               .cshero_content_1777712717_169f5be4dba92a.cshero-social-list a:hover i {\r\n                    background-color:  !important;\r\n                    border-color:  !important;\r\n                    color:  !important;\r\n                    white-space: inherit;\r\n               }\r\n            <\/style>\r\n                            \r\n<div class=\"cshero_content_1777712717_169f5be4dba92a cshero-social-list \">\r\n            <a href=\"https:\/\/www.facebook.com\/calbernadas?fref=ts\" style=\"font-size:\"><i style=\"      border-style: none;   \" class=\"fa fa-facebook\"><\/i><\/a>\r\n                <a href=\"https:\/\/instagram.com\/calbernadas\/\" style=\"font-size:\"><i style=\"      border-style: none;   \" class=\"fa fa-instagram\"><\/i><\/a>\r\n                <a href=\"https:\/\/twitter.com\/calbernadas\" style=\"font-size:\"><i style=\"      border-style: none;   \" class=\"fa fa-twitter\"><\/i><\/a>\r\n                                            \r\n<\/div>               \r\n        <\/div>\r\n        [\/vc_column][vc_column width=\u00a0\u00bb2\/3&Prime;]<p class=\"wpcf7-contact-form-not-found\"><strong>Erreur\u00a0:<\/strong> Formulaire de contact non trouv\u00e9\u00a0!<\/p>[\/vc_column][\/vc_row]<\/p>\n","protected":false},"excerpt":{"rendered":"<p>[vc_row full_width=\u00a0\u00bbstretch_row\u00a0\u00bb css=\u00a0\u00bb.vc_custom_1478145466144{padding-top: 80px !important;padding-bottom: 80px !important;background-image: url(https:\/\/calbernadas.com\/wp-content\/uploads\/2016\/10\/CB_TR_HOME_capcalera-1.jpg?id=12481) !important;}\u00a0\u00bb][vc_column width=\u00a0\u00bb1\/6&Prime;][\/vc_column][vc_column width=\u00a0\u00bb2\/3&Prime;][cs_custom_heading text=\u00a0\u00bbCONDICIONS DE RESERVA\u00a0\u00bb font_container=\u00a0\u00bbtag:h1|font_size:40px|text_align:center|color:%23ffffff\u00a0\u00bb font_format=\u00a0\u00bb700&Prime; style=\u00a0\u00bbstyle-none\u00a0\u00bb el_class=\u00a0\u00bbcm-tailor-title-site\u00a0\u00bb][vc_column_text] Perqu\u00e8 volem [&hellip;]<\/p>\n","protected":false},"author":1,"featured_media":0,"parent":0,"menu_order":0,"comment_status":"closed","ping_status":"closed","template":"","meta":{"footnotes":""},"yoast_head":"<!-- This site is optimized with the Yoast SEO plugin v21.5 - https:\/\/yoast.com\/wordpress\/plugins\/seo\/ -->\n<title>condicions-de-reserva - Cal Bernad\u00e0s<\/title>\n<meta name=\"robots\" content=\"index, follow, max-snippet:-1, max-image-preview:large, max-video-preview:-1\" \/>\n<link rel=\"canonical\" href=\"https:\/\/calbernadas.com\/fr\/condicions-de-reserva\/\" \/>\n<meta property=\"og:locale\" content=\"fr_FR\" \/>\n<meta property=\"og:type\" content=\"article\" \/>\n<meta property=\"og:title\" content=\"condicions-de-reserva - Cal Bernad\u00e0s\" \/>\n<meta property=\"og:description\" content=\"[vc_row full_width=\u00a0\u00bbstretch_row\u00a0\u00bb css=\u00a0\u00bb.vc_custom_1478145466144{padding-top: 80px !important;padding-bottom: 80px !important;background-image: url(https:\/\/calbernadas.com\/wp-content\/uploads\/2016\/10\/CB_TR_HOME_capcalera-1.jpg?id=12481) !important;}\u00a0\u00bb][vc_column width=\u00a0\u00bb1\/6&Prime;][\/vc_column][vc_column width=\u00a0\u00bb2\/3&Prime;][cs_custom_heading text=\u00a0\u00bbCONDICIONS DE RESERVA\u00a0\u00bb font_container=\u00a0\u00bbtag:h1|font_size:40px|text_align:center|color:%23ffffff\u00a0\u00bb font_format=\u00a0\u00bb700&Prime; style=\u00a0\u00bbstyle-none\u00a0\u00bb el_class=\u00a0\u00bbcm-tailor-title-site\u00a0\u00bb][vc_column_text] Perqu\u00e8 volem [&hellip;]\" \/>\n<meta property=\"og:url\" content=\"https:\/\/calbernadas.com\/fr\/condicions-de-reserva\/\" \/>\n<meta property=\"og:site_name\" content=\"Cal Bernad\u00e0s\" \/>\n<meta property=\"article:publisher\" content=\"https:\/\/www.facebook.com\/calbernadas\" \/>\n<meta property=\"article:modified_time\" content=\"2023-12-13T11:43:10+00:00\" \/>\n<meta name=\"twitter:card\" content=\"summary_large_image\" \/>\n<meta name=\"twitter:site\" content=\"@calbernadas\" \/>\n<meta name=\"twitter:label1\" content=\"Dur\u00e9e de lecture estim\u00e9e\" \/>\n\t<meta name=\"twitter:data1\" content=\"7 minutes\" \/>\n<script type=\"application\/ld+json\" class=\"yoast-schema-graph\">{\"@context\":\"https:\/\/schema.org\",\"@graph\":[{\"@type\":\"WebPage\",\"@id\":\"https:\/\/calbernadas.com\/fr\/condicions-de-reserva\/\",\"url\":\"https:\/\/calbernadas.com\/fr\/condicions-de-reserva\/\",\"name\":\"condicions-de-reserva - Cal Bernad\u00e0s\",\"isPartOf\":{\"@id\":\"https:\/\/calbernadas.com\/ca\/#website\"},\"datePublished\":\"2016-11-01T09:58:12+00:00\",\"dateModified\":\"2023-12-13T11:43:10+00:00\",\"breadcrumb\":{\"@id\":\"https:\/\/calbernadas.com\/fr\/condicions-de-reserva\/#breadcrumb\"},\"inLanguage\":\"fr-FR\",\"potentialAction\":[{\"@type\":\"ReadAction\",\"target\":[\"https:\/\/calbernadas.com\/fr\/condicions-de-reserva\/\"]}]},{\"@type\":\"BreadcrumbList\",\"@id\":\"https:\/\/calbernadas.com\/fr\/condicions-de-reserva\/#breadcrumb\",\"itemListElement\":[{\"@type\":\"ListItem\",\"position\":1,\"name\":\"Portada\",\"item\":\"https:\/\/calbernadas.com\/fr\/\"},{\"@type\":\"ListItem\",\"position\":2,\"name\":\"condicions-de-reserva\"}]},{\"@type\":\"WebSite\",\"@id\":\"https:\/\/calbernadas.com\/ca\/#website\",\"url\":\"https:\/\/calbernadas.com\/ca\/\",\"name\":\"Cal Bernad\u00e0s\",\"description\":\"Turisme rural\",\"publisher\":{\"@id\":\"https:\/\/calbernadas.com\/ca\/#organization\"},\"potentialAction\":[{\"@type\":\"SearchAction\",\"target\":{\"@type\":\"EntryPoint\",\"urlTemplate\":\"https:\/\/calbernadas.com\/ca\/?s={search_term_string}\"},\"query-input\":\"required name=search_term_string\"}],\"inLanguage\":\"fr-FR\"},{\"@type\":\"Organization\",\"@id\":\"https:\/\/calbernadas.com\/ca\/#organization\",\"name\":\"Cal Bernad\u00e0s\",\"url\":\"https:\/\/calbernadas.com\/ca\/\",\"logo\":{\"@type\":\"ImageObject\",\"inLanguage\":\"fr-FR\",\"@id\":\"https:\/\/calbernadas.com\/ca\/#\/schema\/logo\/image\/\",\"url\":\"https:\/\/calbernadas.com\/wp-content\/uploads\/2017\/03\/logo_calbernadas2.png\",\"contentUrl\":\"https:\/\/calbernadas.com\/wp-content\/uploads\/2017\/03\/logo_calbernadas2.png\",\"width\":169,\"height\":156,\"caption\":\"Cal Bernad\u00e0s\"},\"image\":{\"@id\":\"https:\/\/calbernadas.com\/ca\/#\/schema\/logo\/image\/\"},\"sameAs\":[\"https:\/\/www.facebook.com\/calbernadas\",\"https:\/\/twitter.com\/calbernadas\",\"https:\/\/instagram.com\/calbernadas\/\",\"http:\/\/www.youtube.es\/calbernadas\"]}]}<\/script>\n<!-- \/ Yoast SEO plugin. -->","yoast_head_json":{"title":"condicions-de-reserva - Cal Bernad\u00e0s","robots":{"index":"index","follow":"follow","max-snippet":"max-snippet:-1","max-image-preview":"max-image-preview:large","max-video-preview":"max-video-preview:-1"},"canonical":"https:\/\/calbernadas.com\/fr\/condicions-de-reserva\/","og_locale":"fr_FR","og_type":"article","og_title":"condicions-de-reserva - Cal Bernad\u00e0s","og_description":"[vc_row full_width=\u00a0\u00bbstretch_row\u00a0\u00bb css=\u00a0\u00bb.vc_custom_1478145466144{padding-top: 80px !important;padding-bottom: 80px !important;background-image: url(https:\/\/calbernadas.com\/wp-content\/uploads\/2016\/10\/CB_TR_HOME_capcalera-1.jpg?id=12481) !important;}\u00a0\u00bb][vc_column width=\u00a0\u00bb1\/6&Prime;][\/vc_column][vc_column width=\u00a0\u00bb2\/3&Prime;][cs_custom_heading text=\u00a0\u00bbCONDICIONS DE RESERVA\u00a0\u00bb font_container=\u00a0\u00bbtag:h1|font_size:40px|text_align:center|color:%23ffffff\u00a0\u00bb font_format=\u00a0\u00bb700&Prime; style=\u00a0\u00bbstyle-none\u00a0\u00bb el_class=\u00a0\u00bbcm-tailor-title-site\u00a0\u00bb][vc_column_text] Perqu\u00e8 volem [&hellip;]","og_url":"https:\/\/calbernadas.com\/fr\/condicions-de-reserva\/","og_site_name":"Cal Bernad\u00e0s","article_publisher":"https:\/\/www.facebook.com\/calbernadas","article_modified_time":"2023-12-13T11:43:10+00:00","twitter_card":"summary_large_image","twitter_site":"@calbernadas","twitter_misc":{"Dur\u00e9e de lecture estim\u00e9e":"7 minutes"},"schema":{"@context":"https:\/\/schema.org","@graph":[{"@type":"WebPage","@id":"https:\/\/calbernadas.com\/fr\/condicions-de-reserva\/","url":"https:\/\/calbernadas.com\/fr\/condicions-de-reserva\/","name":"condicions-de-reserva - Cal Bernad\u00e0s","isPartOf":{"@id":"https:\/\/calbernadas.com\/ca\/#website"},"datePublished":"2016-11-01T09:58:12+00:00","dateModified":"2023-12-13T11:43:10+00:00","breadcrumb":{"@id":"https:\/\/calbernadas.com\/fr\/condicions-de-reserva\/#breadcrumb"},"inLanguage":"fr-FR","potentialAction":[{"@type":"ReadAction","target":["https:\/\/calbernadas.com\/fr\/condicions-de-reserva\/"]}]},{"@type":"BreadcrumbList","@id":"https:\/\/calbernadas.com\/fr\/condicions-de-reserva\/#breadcrumb","itemListElement":[{"@type":"ListItem","position":1,"name":"Portada","item":"https:\/\/calbernadas.com\/fr\/"},{"@type":"ListItem","position":2,"name":"condicions-de-reserva"}]},{"@type":"WebSite","@id":"https:\/\/calbernadas.com\/ca\/#website","url":"https:\/\/calbernadas.com\/ca\/","name":"Cal Bernad\u00e0s","description":"Turisme rural","publisher":{"@id":"https:\/\/calbernadas.com\/ca\/#organization"},"potentialAction":[{"@type":"SearchAction","target":{"@type":"EntryPoint","urlTemplate":"https:\/\/calbernadas.com\/ca\/?s={search_term_string}"},"query-input":"required name=search_term_string"}],"inLanguage":"fr-FR"},{"@type":"Organization","@id":"https:\/\/calbernadas.com\/ca\/#organization","name":"Cal Bernad\u00e0s","url":"https:\/\/calbernadas.com\/ca\/","logo":{"@type":"ImageObject","inLanguage":"fr-FR","@id":"https:\/\/calbernadas.com\/ca\/#\/schema\/logo\/image\/","url":"https:\/\/calbernadas.com\/wp-content\/uploads\/2017\/03\/logo_calbernadas2.png","contentUrl":"https:\/\/calbernadas.com\/wp-content\/uploads\/2017\/03\/logo_calbernadas2.png","width":169,"height":156,"caption":"Cal Bernad\u00e0s"},"image":{"@id":"https:\/\/calbernadas.com\/ca\/#\/schema\/logo\/image\/"},"sameAs":["https:\/\/www.facebook.com\/calbernadas","https:\/\/twitter.com\/calbernadas","https:\/\/instagram.com\/calbernadas\/","http:\/\/www.youtube.es\/calbernadas"]}]}},"_links":{"self":[{"href":"https:\/\/calbernadas.com\/fr\/wp-json\/wp\/v2\/pages\/14133"}],"collection":[{"href":"https:\/\/calbernadas.com\/fr\/wp-json\/wp\/v2\/pages"}],"about":[{"href":"https:\/\/calbernadas.com\/fr\/wp-json\/wp\/v2\/types\/page"}],"author":[{"embeddable":true,"href":"https:\/\/calbernadas.com\/fr\/wp-json\/wp\/v2\/users\/1"}],"replies":[{"embeddable":true,"href":"https:\/\/calbernadas.com\/fr\/wp-json\/wp\/v2\/comments?post=14133"}],"version-history":[{"count":3,"href":"https:\/\/calbernadas.com\/fr\/wp-json\/wp\/v2\/pages\/14133\/revisions"}],"predecessor-version":[{"id":27285,"href":"https:\/\/calbernadas.com\/fr\/wp-json\/wp\/v2\/pages\/14133\/revisions\/27285"}],"wp:attachment":[{"href":"https:\/\/calbernadas.com\/fr\/wp-json\/wp\/v2\/media?parent=14133"}],"curies":[{"name":"wp","href":"https:\/\/api.w.org\/{rel}","templated":true}]}}