{"id":14333,"date":"2014-08-22T14:35:39","date_gmt":"2014-08-22T14:35:39","guid":{"rendered":"https:\/\/calbernadas.com\/es\/posts-carousel\/"},"modified":"2016-11-19T01:47:01","modified_gmt":"2016-11-19T00:47:01","slug":"posts-carousel","status":"publish","type":"page","link":"https:\/\/calbernadas.com\/es\/posts-carousel\/","title":{"rendered":"Posts Carousel"},"content":{"rendered":"<p>[vc_row css=\u00bb.vc_custom_1419392991392{padding-top: 20px !important;padding-bottom: 80px !important;}\u00bb full_width=\u00bbfalse\u00bb parallax_speed=\u00bb0.8&#8243; bg_video_transparent=\u00bb0&#8243;][vc_column width=\u00bb1\/1&#8243;][vc_column_text]<\/p>\n<h3 style=\"text-align: center;\">OUR CUSTOMERS LOVE US, SO MUCH<\/h3>\n<p style=\"text-align: center;\">Use any of the Consilium elements on the themes or create your own style<\/p>\n<p>[\/vc_column_text][\/vc_column][\/vc_row][vc_row css=\u00bb.vc_custom_1418098678515{margin-bottom: 80px !important;border-bottom-width: 1px !important;padding-bottom: 80px !important;border-bottom-color: #eeeeee !important;border-bottom-style: solid !important;}\u00bb full_width=\u00bbfalse\u00bb parallax_speed=\u00bb0.8&#8243; bg_video_transparent=\u00bb0&#8243; height_engle=\u00bb60px\u00bb height_engle_style2=\u00bb60px\u00bb][vc_column][cs_custom_heading text=\u00bbDEFAULT\u00bb font_container=\u00bbtag:h2|font_size:30px|text_align:center\u00bb style=\u00bbtitle-bottom-line\u00bb title_bottom_line_width=\u00bb40px\u00bb title_bottom_line_height=\u00bb3px\u00bb title_bottom_line_color=\u00bb#dddddd\u00bb title_bottom_line_margin_bottom=\u00bb40px\u00bb css=\u00bb.vc_custom_1419303239485{margin-bottom: 20px !important;}\u00bb]\t<div id=\"cshero_post_carousel_1777499443_169f27d3326ed9\" class=\"cshero-post-carousel postcarousel-default \">\r\n\t\t<style type=\"text\/css\" scoped>\r\n\t\t\t#cshero_post_carousel_1777499443_169f27d3326ed9 article:hover .cshero-carousel-body{color:#ffffff !important; background-color:#444444 !important; }\r\n\t\t\t#cshero_post_carousel_1777499443_169f27d3326ed9 article:hover .cshero-carousel-title a{color:#bababa !important; }\r\n\t\t\t#cshero_post_carousel_1777499443_169f27d3326ed9 .link-wrap a{ color: #ffffff;}\r\n\t\t\t#cshero_post_carousel_1777499443_169f27d3326ed9 .link-wrap a:hover{ color: #dd3333;}\r\n\t\t\t#cshero_post_carousel_1777499443_169f27d3326ed9 .link-wrap [class*='icon-box-']:hover .fa,\r\n\t\t\t#cshero_post_carousel_1777499443_169f27d3326ed9 .link-wrap [class^='icon-box-']:hover .fa{border-color:#dd3333;}\r\n\t\t<\/style>\r\n\t            <div class=\"cshero-post-carousel-list \">\r\n            <div id=\"cshero_post_carousel1777499443_169f27d3326ed9\" data-mode=\"horizontal\" data-moveslides=\"3\" data-auto=\"0\" data-speed=\"500\" data-prevselector=\"#cshero_post_carousel_1777499443_169f27d3326ed9 .prev\" data-nextselector=\"#cshero_post_carousel_1777499443_169f27d3326ed9 .next\" data-prevText=\"<i class='fa fa-angle-left'><\/i>\" data-nextText=\"<i class='fa fa-angle-right'><\/i>\" data-pagerSelector=\"#cshero_post_carousel_1777499443_169f27d3326ed9 .cshero-control\" data-onsliderload=\"true\" data-touchenabled=\"1\" data-controls=\"true\" data-pager=\"1\" data-pause=\"4000\" data-infiniteloop=\"true\" data-adaptiveheight=\"true\"  data-autohover=\"true\" data-slidemargin=\"30\" data-maxslides=\"3\" data-minslides=\"1\" data-slidewidth=\"360\" data-slideselector=\"\" data-easing=\"swing\" data-usecss=\"\" data-resize=\"1\" class=\"slider jm-bxslider\">\r\n                <div class=\"cshero-post-carousel-item-wrap\">                \t\t                <div class=\"cshero-shortcode cshero-post-carousel-item content-left\" >\r\n\t\t\t\t\t\t<article class=\"post-15030 post type-post status-publish format-standard has-post-thumbnail hentry category-turismo-rural category-turismo-rural_el-munt\">\r\n    <div class=\"cshero-carousel-container\">\r\n                <div class=\"cshero-carousel-image clearfix\" style=\"width:360px;height:260px;display: block;\">\r\n            <img alt=\"\"  src=\"https:\/\/calbernadas.com\/wp-content\/uploads\/2014\/03\/20140326-BLOC-360x260_c.jpg\" style=\"border-radius:0;-webkit-border-radius:0;-moz-border-radius:0;-ms-border-radius:0;-o-border-radius:0;max-width:100%;\" \/>                            <div class=\"overlay \" style=\"z-index:4;border-radius:0;-webkit-border-radius:0;-moz-border-radius:0;-ms-border-radius:0;-o-border-radius:0;background-color:rgba(255,255,255,0.8);color:#999999;width:360px;height:260px;max-width:100%;\">\r\n                    <div class=\"overlay-content\">\r\n                        <div class=\"link-wrap\">\r\n                        <a class=\"\" title=\"\" href=\"https:\/\/calbernadas.com\/es\/blog\/gracies-marc-i-mireia\/\" >Read more<\/a>                        <a class=\"colorbox\" href=\"https:\/\/calbernadas.com\/wp-content\/uploads\/2014\/03\/20140326-BLOC.jpg\"  data-rel=\"lightbox-image-0\" data-rl_title=\"\" data-rl_caption=\"\" title=\"\">Large Image<\/a>                        <\/div>\r\n                    <\/div>\r\n                <\/div>\r\n                    <\/div>\r\n        <div class=\"cshero-carousel-body\" style=\"color:#999999; text-align:left;background-color:#eeeeee;padding:20px;\">\r\n            <div class=\"cshero-carousel-inner clearfix\">\r\n                                <div class=\"cshero-carousel-meta clearfix\">\r\n                                        <span class=\"cshero-carousel-date\" style=\"text-transform:initial;font-weight:400;font-style:;color:;\">\r\n                        25 marzo 2014                    <\/span>\r\n                                                                <span class=\"cshero-carousel-category\">\r\n                            in Turismo rural, Turismo rural_El Munt                        <\/span>\r\n                                                            <span class=\"cshero-carousel-comment\">\r\n                        No Comments                    <\/span>\r\n                                                            <span class=\"cshero-carousel-author\">admin<\/span>\r\n                                    <\/div>\r\n                                                    <h5 class=\"cshero-carousel-title\">\r\n                        <a title=\"\u00a1GRACIAS MARC Y MIREIA!\" href=\"https:\/\/calbernadas.com\/es\/blog\/gracies-marc-i-mireia\/\" rel=\"\" style=\"display:block; color:#444444; margin:0; \">\r\n                            \u00a1GRACIAS MARC Y MIREIA!                        <\/a>\r\n                    <\/h5>\r\n                                \r\n                                <div class=\"cshero-carousel-post-description\">\r\n                                            <p>[vc_row][vc_column][vc_column_text]\r\nHace unos cuantos d\u00edas que asistimos a la Fira de Novios <\/p>\r\n                                    <\/div>\r\n                            <\/div>\r\n        <\/div>\r\n            <\/div>\r\n    <h6 style=\"display:none;\">&nbsp;<\/h6><\/article>\r\n\t\t\t\t\t<\/div>\r\n\t\t\t    <\/div><div class=\"cshero-post-carousel-item-wrap\">                \t\t                <div class=\"cshero-shortcode cshero-post-carousel-item content-left\" >\r\n\t\t\t\t\t\t<article class=\"post-19037 post type-post status-publish format-standard has-post-thumbnail hentry category-celebraciones category-celebraciones_el-munt\">\r\n    <div class=\"cshero-carousel-container\">\r\n                <div class=\"cshero-carousel-image clearfix\" style=\"width:360px;height:260px;display: block;\">\r\n            <img alt=\"\"  src=\"https:\/\/calbernadas.com\/wp-content\/uploads\/2017\/03\/14_140524_3349web-360x260_c.jpg\" style=\"border-radius:0;-webkit-border-radius:0;-moz-border-radius:0;-ms-border-radius:0;-o-border-radius:0;max-width:100%;\" \/>                            <div class=\"overlay \" style=\"z-index:4;border-radius:0;-webkit-border-radius:0;-moz-border-radius:0;-ms-border-radius:0;-o-border-radius:0;background-color:rgba(255,255,255,0.8);color:#999999;width:360px;height:260px;max-width:100%;\">\r\n                    <div class=\"overlay-content\">\r\n                        <div class=\"link-wrap\">\r\n                        <a class=\"\" title=\"\" href=\"https:\/\/calbernadas.com\/es\/blog\/dos-mons-units\/\" >Read more<\/a>                        <a class=\"colorbox\" href=\"https:\/\/calbernadas.com\/wp-content\/uploads\/2017\/03\/14_140524_3349web.jpg\"  data-rel=\"lightbox-image-1\" data-rl_title=\"\" data-rl_caption=\"\" title=\"\">Large Image<\/a>                        <\/div>\r\n                    <\/div>\r\n                <\/div>\r\n                    <\/div>\r\n        <div class=\"cshero-carousel-body\" style=\"color:#999999; text-align:left;background-color:#eeeeee;padding:20px;\">\r\n            <div class=\"cshero-carousel-inner clearfix\">\r\n                                <div class=\"cshero-carousel-meta clearfix\">\r\n                                        <span class=\"cshero-carousel-date\" style=\"text-transform:initial;font-weight:400;font-style:;color:;\">\r\n                        31 mayo 2014                    <\/span>\r\n                                                                <span class=\"cshero-carousel-category\">\r\n                            in Celebraciones, Celebraciones_El Munt                        <\/span>\r\n                                                            <span class=\"cshero-carousel-comment\">\r\n                        No Comments                    <\/span>\r\n                                                            <span class=\"cshero-carousel-author\">admin<\/span>\r\n                                    <\/div>\r\n                                                    <h5 class=\"cshero-carousel-title\">\r\n                        <a title=\"DOS MUNDOS UNIDOS EN UNO\" href=\"https:\/\/calbernadas.com\/es\/blog\/dos-mons-units\/\" rel=\"\" style=\"display:block; color:#444444; margin:0; \">\r\n                            DOS MUNDOS UNIDOS EN UNO                        <\/a>\r\n                    <\/h5>\r\n                                \r\n                                <div class=\"cshero-carousel-post-description\">\r\n                                            <p>[vc_row][vc_column][vc_column_text]\r\nQu\u00e9 nada mejor que ense\u00f1aros algunas de las fotos del gran <\/p>\r\n                                    <\/div>\r\n                            <\/div>\r\n        <\/div>\r\n            <\/div>\r\n    <h6 style=\"display:none;\">&nbsp;<\/h6><\/article>\r\n\t\t\t\t\t<\/div>\r\n\t\t\t    <\/div><div class=\"cshero-post-carousel-item-wrap\">                \t\t                <div class=\"cshero-shortcode cshero-post-carousel-item content-left\" >\r\n\t\t\t\t\t\t<article class=\"post-19031 post type-post status-publish format-standard has-post-thumbnail hentry category-celebraciones category-celebraciones_el-munt category-celebraciones_wedding-planner\">\r\n    <div class=\"cshero-carousel-container\">\r\n                <div class=\"cshero-carousel-image clearfix\" style=\"width:360px;height:260px;display: block;\">\r\n            <img alt=\"\"  src=\"https:\/\/calbernadas.com\/wp-content\/uploads\/2017\/03\/JJ_TOP_195-360x260_c.jpg\" style=\"border-radius:0;-webkit-border-radius:0;-moz-border-radius:0;-ms-border-radius:0;-o-border-radius:0;max-width:100%;\" \/>                            <div class=\"overlay \" style=\"z-index:4;border-radius:0;-webkit-border-radius:0;-moz-border-radius:0;-ms-border-radius:0;-o-border-radius:0;background-color:rgba(255,255,255,0.8);color:#999999;width:360px;height:260px;max-width:100%;\">\r\n                    <div class=\"overlay-content\">\r\n                        <div class=\"link-wrap\">\r\n                        <a class=\"\" title=\"\" href=\"https:\/\/calbernadas.com\/es\/blog\/its-raining-be-happy-2\/\" >Read more<\/a>                        <a class=\"colorbox\" href=\"https:\/\/calbernadas.com\/wp-content\/uploads\/2017\/03\/JJ_TOP_195.jpg\"  data-rel=\"lightbox-image-2\" data-rl_title=\"\" data-rl_caption=\"\" title=\"\">Large Image<\/a>                        <\/div>\r\n                    <\/div>\r\n                <\/div>\r\n                    <\/div>\r\n        <div class=\"cshero-carousel-body\" style=\"color:#999999; text-align:left;background-color:#eeeeee;padding:20px;\">\r\n            <div class=\"cshero-carousel-inner clearfix\">\r\n                                <div class=\"cshero-carousel-meta clearfix\">\r\n                                        <span class=\"cshero-carousel-date\" style=\"text-transform:initial;font-weight:400;font-style:;color:;\">\r\n                        08 julio 2014                    <\/span>\r\n                                                                <span class=\"cshero-carousel-category\">\r\n                            in Celebraciones, Celebraciones_El Munt, Celebraciones_Wedding Planner                        <\/span>\r\n                                                            <span class=\"cshero-carousel-comment\">\r\n                        No Comments                    <\/span>\r\n                                                            <span class=\"cshero-carousel-author\">admin<\/span>\r\n                                    <\/div>\r\n                                                    <h5 class=\"cshero-carousel-title\">\r\n                        <a title=\"IT&#8217;S RAINING, BE HAPPY!\" href=\"https:\/\/calbernadas.com\/es\/blog\/its-raining-be-happy-2\/\" rel=\"\" style=\"display:block; color:#444444; margin:0; \">\r\n                            IT&#8217;S RAINING, BE HAPPY!                        <\/a>\r\n                    <\/h5>\r\n                                \r\n                                <div class=\"cshero-carousel-post-description\">\r\n                                            <p>[vc_row][vc_column][vc_column_text]La Joanna y el Julian son una pareja sueco chilena que se <\/p>\r\n                                    <\/div>\r\n                            <\/div>\r\n        <\/div>\r\n            <\/div>\r\n    <h6 style=\"display:none;\">&nbsp;<\/h6><\/article>\r\n\t\t\t\t\t<\/div>\r\n\t\t\t    <\/div><div class=\"cshero-post-carousel-item-wrap\">                \t\t                <div class=\"cshero-shortcode cshero-post-carousel-item content-left\" >\r\n\t\t\t\t\t\t<article class=\"post-19019 post type-post status-publish format-standard has-post-thumbnail hentry category-celebraciones category-celebraciones_el-munt category-celebraciones_wedding-planner\">\r\n    <div class=\"cshero-carousel-container\">\r\n                <div class=\"cshero-carousel-image clearfix\" style=\"width:360px;height:260px;display: block;\">\r\n            <img alt=\"\"  src=\"https:\/\/calbernadas.com\/wp-content\/uploads\/2017\/06\/05-Wedding-Cal-Bernadas-564-360x260_c.jpg\" style=\"border-radius:0;-webkit-border-radius:0;-moz-border-radius:0;-ms-border-radius:0;-o-border-radius:0;max-width:100%;\" \/>                            <div class=\"overlay \" style=\"z-index:4;border-radius:0;-webkit-border-radius:0;-moz-border-radius:0;-ms-border-radius:0;-o-border-radius:0;background-color:rgba(255,255,255,0.8);color:#999999;width:360px;height:260px;max-width:100%;\">\r\n                    <div class=\"overlay-content\">\r\n                        <div class=\"link-wrap\">\r\n                        <a class=\"\" title=\"\" href=\"https:\/\/calbernadas.com\/es\/blog\/kristymark-cuando-empieza-dia-b\/\" >Read more<\/a>                        <a class=\"colorbox\" href=\"https:\/\/calbernadas.com\/wp-content\/uploads\/2017\/06\/05-Wedding-Cal-Bernadas-564.jpg\"  data-rel=\"lightbox-image-3\" data-rl_title=\"\" data-rl_caption=\"\" title=\"\">Large Image<\/a>                        <\/div>\r\n                    <\/div>\r\n                <\/div>\r\n                    <\/div>\r\n        <div class=\"cshero-carousel-body\" style=\"color:#999999; text-align:left;background-color:#eeeeee;padding:20px;\">\r\n            <div class=\"cshero-carousel-inner clearfix\">\r\n                                <div class=\"cshero-carousel-meta clearfix\">\r\n                                        <span class=\"cshero-carousel-date\" style=\"text-transform:initial;font-weight:400;font-style:;color:;\">\r\n                        10 diciembre 2014                    <\/span>\r\n                                                                <span class=\"cshero-carousel-category\">\r\n                            in Celebraciones, Celebraciones_El Munt, Celebraciones_Wedding Planner                        <\/span>\r\n                                                            <span class=\"cshero-carousel-comment\">\r\n                        No Comments                    <\/span>\r\n                                                            <span class=\"cshero-carousel-author\">admin<\/span>\r\n                                    <\/div>\r\n                                                    <h5 class=\"cshero-carousel-title\">\r\n                        <a title=\"KRISTY&#038;MARK. CUANDO EMPIEZA EL D\u00cdA \u00abB\u00bb?\" href=\"https:\/\/calbernadas.com\/es\/blog\/kristymark-cuando-empieza-dia-b\/\" rel=\"\" style=\"display:block; color:#444444; margin:0; \">\r\n                            KRISTY&#038;MARK. CUANDO EMPIEZA EL D\u00cdA \u00abB\u00bb?                        <\/a>\r\n                    <\/h5>\r\n                                \r\n                                <div class=\"cshero-carousel-post-description\">\r\n                                            <p>[vc_row][vc_column][vc_column_text]\u00bfCuando empieza el d\u00eda \"B\"? \u00bfA la entrada del novio en la <\/p>\r\n                                    <\/div>\r\n                            <\/div>\r\n        <\/div>\r\n            <\/div>\r\n    <h6 style=\"display:none;\">&nbsp;<\/h6><\/article>\r\n\t\t\t\t\t<\/div>\r\n\t\t\t    <\/div><div class=\"cshero-post-carousel-item-wrap\">                \t\t                <div class=\"cshero-shortcode cshero-post-carousel-item content-left\" >\r\n\t\t\t\t\t\t<article class=\"post-19026 post type-post status-publish format-standard has-post-thumbnail hentry category-celebraciones category-celebraciones_el-munt category-celebraciones_wedding-planner\">\r\n    <div class=\"cshero-carousel-container\">\r\n                <div class=\"cshero-carousel-image clearfix\" style=\"width:360px;height:260px;display: block;\">\r\n            <img alt=\"\"  src=\"https:\/\/calbernadas.com\/wp-content\/uploads\/2017\/06\/05-Wedding-Cal-Bernadas-197a-360x260_c.jpg\" style=\"border-radius:0;-webkit-border-radius:0;-moz-border-radius:0;-ms-border-radius:0;-o-border-radius:0;max-width:100%;\" \/>                            <div class=\"overlay \" style=\"z-index:4;border-radius:0;-webkit-border-radius:0;-moz-border-radius:0;-ms-border-radius:0;-o-border-radius:0;background-color:rgba(255,255,255,0.8);color:#999999;width:360px;height:260px;max-width:100%;\">\r\n                    <div class=\"overlay-content\">\r\n                        <div class=\"link-wrap\">\r\n                        <a class=\"\" title=\"\" href=\"https:\/\/calbernadas.com\/es\/blog\/kristymark-fun-fun-fun\/\" >Read more<\/a>                        <a class=\"colorbox\" href=\"https:\/\/calbernadas.com\/wp-content\/uploads\/2017\/06\/05-Wedding-Cal-Bernadas-197a.jpg\"  data-rel=\"lightbox-image-4\" data-rl_title=\"\" data-rl_caption=\"\" title=\"\">Large Image<\/a>                        <\/div>\r\n                    <\/div>\r\n                <\/div>\r\n                    <\/div>\r\n        <div class=\"cshero-carousel-body\" style=\"color:#999999; text-align:left;background-color:#eeeeee;padding:20px;\">\r\n            <div class=\"cshero-carousel-inner clearfix\">\r\n                                <div class=\"cshero-carousel-meta clearfix\">\r\n                                        <span class=\"cshero-carousel-date\" style=\"text-transform:initial;font-weight:400;font-style:;color:;\">\r\n                        10 diciembre 2014                    <\/span>\r\n                                                                <span class=\"cshero-carousel-category\">\r\n                            in Celebraciones, Celebraciones_El Munt, Celebraciones_Wedding Planner                        <\/span>\r\n                                                            <span class=\"cshero-carousel-comment\">\r\n                        No Comments                    <\/span>\r\n                                                            <span class=\"cshero-carousel-author\">admin<\/span>\r\n                                    <\/div>\r\n                                                    <h5 class=\"cshero-carousel-title\">\r\n                        <a title=\"KRISTY&#038;MARK. FUN, FUN, FUN!\" href=\"https:\/\/calbernadas.com\/es\/blog\/kristymark-fun-fun-fun\/\" rel=\"\" style=\"display:block; color:#444444; margin:0; \">\r\n                            KRISTY&#038;MARK. FUN, FUN, FUN!                        <\/a>\r\n                    <\/h5>\r\n                                \r\n                                <div class=\"cshero-carousel-post-description\">\r\n                                            <p>[vc_row][vc_column][vc_column_text]La boda de la Kristy y el Mark empez\u00f3 bien, \u00a1pero termin\u00f3 <\/p>\r\n                                    <\/div>\r\n                            <\/div>\r\n        <\/div>\r\n            <\/div>\r\n    <h6 style=\"display:none;\">&nbsp;<\/h6><\/article>\r\n\t\t\t\t\t<\/div>\r\n\t\t\t    <\/div><div class=\"cshero-post-carousel-item-wrap\">                \t\t                <div class=\"cshero-shortcode cshero-post-carousel-item content-left\" >\r\n\t\t\t\t\t\t<article class=\"post-19015 post type-post status-publish format-standard has-post-thumbnail hentry category-celebraciones category-celebraciones_el-munt category-celebraciones_wedding-planner\">\r\n    <div class=\"cshero-carousel-container\">\r\n                <div class=\"cshero-carousel-image clearfix\" style=\"width:360px;height:260px;display: block;\">\r\n            <img alt=\"\"  src=\"https:\/\/calbernadas.com\/wp-content\/uploads\/2017\/03\/ErnestaTadas_-33-360x260_c.jpg\" style=\"border-radius:0;-webkit-border-radius:0;-moz-border-radius:0;-ms-border-radius:0;-o-border-radius:0;max-width:100%;\" \/>                            <div class=\"overlay \" style=\"z-index:4;border-radius:0;-webkit-border-radius:0;-moz-border-radius:0;-ms-border-radius:0;-o-border-radius:0;background-color:rgba(255,255,255,0.8);color:#999999;width:360px;height:260px;max-width:100%;\">\r\n                    <div class=\"overlay-content\">\r\n                        <div class=\"link-wrap\">\r\n                        <a class=\"\" title=\"\" href=\"https:\/\/calbernadas.com\/es\/blog\/lituania-directo-munt\/\" >Read more<\/a>                        <a class=\"colorbox\" href=\"https:\/\/calbernadas.com\/wp-content\/uploads\/2017\/03\/ErnestaTadas_-33.jpg\"  data-rel=\"lightbox-image-5\" data-rl_title=\"\" data-rl_caption=\"\" title=\"\">Large Image<\/a>                        <\/div>\r\n                    <\/div>\r\n                <\/div>\r\n                    <\/div>\r\n        <div class=\"cshero-carousel-body\" style=\"color:#999999; text-align:left;background-color:#eeeeee;padding:20px;\">\r\n            <div class=\"cshero-carousel-inner clearfix\">\r\n                                <div class=\"cshero-carousel-meta clearfix\">\r\n                                        <span class=\"cshero-carousel-date\" style=\"text-transform:initial;font-weight:400;font-style:;color:;\">\r\n                        19 diciembre 2014                    <\/span>\r\n                                                                <span class=\"cshero-carousel-category\">\r\n                            in Celebraciones, Celebraciones_El Munt, Celebraciones_Wedding Planner                        <\/span>\r\n                                                            <span class=\"cshero-carousel-comment\">\r\n                        No Comments                    <\/span>\r\n                                                            <span class=\"cshero-carousel-author\">admin<\/span>\r\n                                    <\/div>\r\n                                                    <h5 class=\"cshero-carousel-title\">\r\n                        <a title=\"DE LITUANIA DIRECTO A EL MUNT\" href=\"https:\/\/calbernadas.com\/es\/blog\/lituania-directo-munt\/\" rel=\"\" style=\"display:block; color:#444444; margin:0; \">\r\n                            DE LITUANIA DIRECTO A EL MUNT                        <\/a>\r\n                    <\/h5>\r\n                                \r\n                                <div class=\"cshero-carousel-post-description\">\r\n                                            <p>[vc_row][vc_column][vc_column_text]Si, si. De Lituania directo a El Munt. \u00a1Llegada a la casa el <\/p>\r\n                                    <\/div>\r\n                            <\/div>\r\n        <\/div>\r\n            <\/div>\r\n    <h6 style=\"display:none;\">&nbsp;<\/h6><\/article>\r\n\t\t\t\t\t<\/div>\r\n\t\t\t    <\/div><div class=\"cshero-post-carousel-item-wrap\">                \t\t                <div class=\"cshero-shortcode cshero-post-carousel-item content-left\" >\r\n\t\t\t\t\t\t<article class=\"post-19002 post type-post status-publish format-standard has-post-thumbnail hentry category-celebraciones category-celebraciones_el-munt\">\r\n    <div class=\"cshero-carousel-container\">\r\n                <div class=\"cshero-carousel-image clearfix\" style=\"width:360px;height:260px;display: block;\">\r\n            <img alt=\"\"  src=\"https:\/\/calbernadas.com\/wp-content\/uploads\/2017\/03\/Casament_AnnaFeliu_El-Munt-23-360x260_c.jpg\" style=\"border-radius:0;-webkit-border-radius:0;-moz-border-radius:0;-ms-border-radius:0;-o-border-radius:0;max-width:100%;\" \/>                            <div class=\"overlay \" style=\"z-index:4;border-radius:0;-webkit-border-radius:0;-moz-border-radius:0;-ms-border-radius:0;-o-border-radius:0;background-color:rgba(255,255,255,0.8);color:#999999;width:360px;height:260px;max-width:100%;\">\r\n                    <div class=\"overlay-content\">\r\n                        <div class=\"link-wrap\">\r\n                        <a class=\"\" title=\"\" href=\"https:\/\/calbernadas.com\/es\/blog\/annafeliu-estrenamos-temporada-bloguera\/\" >Read more<\/a>                        <a class=\"colorbox\" href=\"https:\/\/calbernadas.com\/wp-content\/uploads\/2017\/03\/Casament_AnnaFeliu_El-Munt-23.jpg\"  data-rel=\"lightbox-image-6\" data-rl_title=\"\" data-rl_caption=\"\" title=\"\">Large Image<\/a>                        <\/div>\r\n                    <\/div>\r\n                <\/div>\r\n                    <\/div>\r\n        <div class=\"cshero-carousel-body\" style=\"color:#999999; text-align:left;background-color:#eeeeee;padding:20px;\">\r\n            <div class=\"cshero-carousel-inner clearfix\">\r\n                                <div class=\"cshero-carousel-meta clearfix\">\r\n                                        <span class=\"cshero-carousel-date\" style=\"text-transform:initial;font-weight:400;font-style:;color:;\">\r\n                        01 junio 2015                    <\/span>\r\n                                                                <span class=\"cshero-carousel-category\">\r\n                            in Celebraciones, Celebraciones_El Munt                        <\/span>\r\n                                                            <span class=\"cshero-carousel-comment\">\r\n                        No Comments                    <\/span>\r\n                                                            <span class=\"cshero-carousel-author\">admin<\/span>\r\n                                    <\/div>\r\n                                                    <h5 class=\"cshero-carousel-title\">\r\n                        <a title=\"ANNA&#038;FELIU. ESTRENAMOS TEMPORADA BLOGUERA!\" href=\"https:\/\/calbernadas.com\/es\/blog\/annafeliu-estrenamos-temporada-bloguera\/\" rel=\"\" style=\"display:block; color:#444444; margin:0; \">\r\n                            ANNA&#038;FELIU. ESTRENAMOS TEMPORADA BLOGUERA!                        <\/a>\r\n                    <\/h5>\r\n                                \r\n                                <div class=\"cshero-carousel-post-description\">\r\n                                            <p>[vc_row][vc_column][vc_custom_heading text=\"Iniciamos <\/p>\r\n                                    <\/div>\r\n                            <\/div>\r\n        <\/div>\r\n            <\/div>\r\n    <h6 style=\"display:none;\">&nbsp;<\/h6><\/article>\r\n\t\t\t\t\t<\/div>\r\n\t\t\t    <\/div><div class=\"cshero-post-carousel-item-wrap\">                \t\t                <div class=\"cshero-shortcode cshero-post-carousel-item content-left\" >\r\n\t\t\t\t\t\t<article class=\"post-19000 post type-post status-publish format-standard has-post-thumbnail hentry category-celebraciones category-celebraciones_el-munt\">\r\n    <div class=\"cshero-carousel-container\">\r\n                <div class=\"cshero-carousel-image clearfix\" style=\"width:360px;height:260px;display: block;\">\r\n            <img alt=\"\"  src=\"https:\/\/calbernadas.com\/wp-content\/uploads\/2017\/03\/Casament_MartaJosep_El-Munt-11-360x260_c.jpg\" style=\"border-radius:0;-webkit-border-radius:0;-moz-border-radius:0;-ms-border-radius:0;-o-border-radius:0;max-width:100%;\" \/>                            <div class=\"overlay \" style=\"z-index:4;border-radius:0;-webkit-border-radius:0;-moz-border-radius:0;-ms-border-radius:0;-o-border-radius:0;background-color:rgba(255,255,255,0.8);color:#999999;width:360px;height:260px;max-width:100%;\">\r\n                    <div class=\"overlay-content\">\r\n                        <div class=\"link-wrap\">\r\n                        <a class=\"\" title=\"\" href=\"https:\/\/calbernadas.com\/es\/blog\/martajosep-primavera-estado-puro\/\" >Read more<\/a>                        <a class=\"colorbox\" href=\"https:\/\/calbernadas.com\/wp-content\/uploads\/2017\/03\/Casament_MartaJosep_El-Munt-11.jpg\"  data-rel=\"lightbox-image-7\" data-rl_title=\"\" data-rl_caption=\"\" title=\"\">Large Image<\/a>                        <\/div>\r\n                    <\/div>\r\n                <\/div>\r\n                    <\/div>\r\n        <div class=\"cshero-carousel-body\" style=\"color:#999999; text-align:left;background-color:#eeeeee;padding:20px;\">\r\n            <div class=\"cshero-carousel-inner clearfix\">\r\n                                <div class=\"cshero-carousel-meta clearfix\">\r\n                                        <span class=\"cshero-carousel-date\" style=\"text-transform:initial;font-weight:400;font-style:;color:;\">\r\n                        15 junio 2015                    <\/span>\r\n                                                                <span class=\"cshero-carousel-category\">\r\n                            in Celebraciones, Celebraciones_El Munt                        <\/span>\r\n                                                            <span class=\"cshero-carousel-comment\">\r\n                        No Comments                    <\/span>\r\n                                                            <span class=\"cshero-carousel-author\">admin<\/span>\r\n                                    <\/div>\r\n                                                    <h5 class=\"cshero-carousel-title\">\r\n                        <a title=\"MARTA&#038;JOSEP. \u00a1PRIMAVERA EN ESTADO PURO!\" href=\"https:\/\/calbernadas.com\/es\/blog\/martajosep-primavera-estado-puro\/\" rel=\"\" style=\"display:block; color:#444444; margin:0; \">\r\n                            MARTA&#038;JOSEP. \u00a1PRIMAVERA EN ESTADO PURO!                        <\/a>\r\n                    <\/h5>\r\n                                \r\n                                <div class=\"cshero-carousel-post-description\">\r\n                                            <p>[vc_row][vc_column][vc_custom_heading text=\"\u00a1M\u00e1s verde, m\u00e1s sol, m\u00e1s color, m\u00e1s florido ... <\/p>\r\n                                    <\/div>\r\n                            <\/div>\r\n        <\/div>\r\n            <\/div>\r\n    <h6 style=\"display:none;\">&nbsp;<\/h6><\/article>\r\n\t\t\t\t\t<\/div>\r\n\t\t\t    <\/div><div class=\"cshero-post-carousel-item-wrap\">                \t\t                <div class=\"cshero-shortcode cshero-post-carousel-item content-left\" >\r\n\t\t\t\t\t\t<article class=\"post-18997 post type-post status-publish format-standard has-post-thumbnail hentry category-celebraciones category-celebraciones_el-munt\">\r\n    <div class=\"cshero-carousel-container\">\r\n                <div class=\"cshero-carousel-image clearfix\" style=\"width:360px;height:260px;display: block;\">\r\n            <img alt=\"\"  src=\"https:\/\/calbernadas.com\/wp-content\/uploads\/2017\/04\/15061-1004A-360x260_c.jpg\" style=\"border-radius:0;-webkit-border-radius:0;-moz-border-radius:0;-ms-border-radius:0;-o-border-radius:0;max-width:100%;\" \/>                            <div class=\"overlay \" style=\"z-index:4;border-radius:0;-webkit-border-radius:0;-moz-border-radius:0;-ms-border-radius:0;-o-border-radius:0;background-color:rgba(255,255,255,0.8);color:#999999;width:360px;height:260px;max-width:100%;\">\r\n                    <div class=\"overlay-content\">\r\n                        <div class=\"link-wrap\">\r\n                        <a class=\"\" title=\"\" href=\"https:\/\/calbernadas.com\/es\/blog\/taniaguille-flying-to-munt\/\" >Read more<\/a>                        <a class=\"colorbox\" href=\"https:\/\/calbernadas.com\/wp-content\/uploads\/2017\/04\/15061-1004A.jpg\"  data-rel=\"lightbox-image-8\" data-rl_title=\"\" data-rl_caption=\"\" title=\"\">Large Image<\/a>                        <\/div>\r\n                    <\/div>\r\n                <\/div>\r\n                    <\/div>\r\n        <div class=\"cshero-carousel-body\" style=\"color:#999999; text-align:left;background-color:#eeeeee;padding:20px;\">\r\n            <div class=\"cshero-carousel-inner clearfix\">\r\n                                <div class=\"cshero-carousel-meta clearfix\">\r\n                                        <span class=\"cshero-carousel-date\" style=\"text-transform:initial;font-weight:400;font-style:;color:;\">\r\n                        15 septiembre 2015                    <\/span>\r\n                                                                <span class=\"cshero-carousel-category\">\r\n                            in Celebraciones, Celebraciones_El Munt                        <\/span>\r\n                                                            <span class=\"cshero-carousel-comment\">\r\n                        No Comments                    <\/span>\r\n                                                            <span class=\"cshero-carousel-author\">admin<\/span>\r\n                                    <\/div>\r\n                                                    <h5 class=\"cshero-carousel-title\">\r\n                        <a title=\"TANIA&#038;GUILLE. FLYING&#8230; TO EL MUNT!\" href=\"https:\/\/calbernadas.com\/es\/blog\/taniaguille-flying-to-munt\/\" rel=\"\" style=\"display:block; color:#444444; margin:0; \">\r\n                            TANIA&#038;GUILLE. FLYING&#8230; TO EL MUNT!                        <\/a>\r\n                    <\/h5>\r\n                                \r\n                                <div class=\"cshero-carousel-post-description\">\r\n                                            <p>[vc_row][vc_column][vc_column_text]Tania y Guille. Una pareja de guapos, una pareja de <\/p>\r\n                                    <\/div>\r\n                            <\/div>\r\n        <\/div>\r\n            <\/div>\r\n    <h6 style=\"display:none;\">&nbsp;<\/h6><\/article>\r\n\t\t\t\t\t<\/div>\r\n\t\t\t    <\/div><div class=\"cshero-post-carousel-item-wrap\">                \t\t                <div class=\"cshero-shortcode cshero-post-carousel-item content-left\" >\r\n\t\t\t\t\t\t<article class=\"post-18994 post type-post status-publish format-standard has-post-thumbnail hentry category-celebraciones category-celebraciones_el-munt\">\r\n    <div class=\"cshero-carousel-container\">\r\n                <div class=\"cshero-carousel-image clearfix\" style=\"width:360px;height:260px;display: block;\">\r\n            <img alt=\"\"  src=\"https:\/\/calbernadas.com\/wp-content\/uploads\/2017\/03\/Casament_AudreyJohn_El-Munt-13-360x260_c.jpg\" style=\"border-radius:0;-webkit-border-radius:0;-moz-border-radius:0;-ms-border-radius:0;-o-border-radius:0;max-width:100%;\" \/>                            <div class=\"overlay \" style=\"z-index:4;border-radius:0;-webkit-border-radius:0;-moz-border-radius:0;-ms-border-radius:0;-o-border-radius:0;background-color:rgba(255,255,255,0.8);color:#999999;width:360px;height:260px;max-width:100%;\">\r\n                    <div class=\"overlay-content\">\r\n                        <div class=\"link-wrap\">\r\n                        <a class=\"\" title=\"\" href=\"https:\/\/calbernadas.com\/es\/blog\/audreyjohn-happy-1st-year-2\/\" >Read more<\/a>                        <a class=\"colorbox\" href=\"https:\/\/calbernadas.com\/wp-content\/uploads\/2017\/03\/Casament_AudreyJohn_El-Munt-13.jpg\"  data-rel=\"lightbox-image-9\" data-rl_title=\"\" data-rl_caption=\"\" title=\"\">Large Image<\/a>                        <\/div>\r\n                    <\/div>\r\n                <\/div>\r\n                    <\/div>\r\n        <div class=\"cshero-carousel-body\" style=\"color:#999999; text-align:left;background-color:#eeeeee;padding:20px;\">\r\n            <div class=\"cshero-carousel-inner clearfix\">\r\n                                <div class=\"cshero-carousel-meta clearfix\">\r\n                                        <span class=\"cshero-carousel-date\" style=\"text-transform:initial;font-weight:400;font-style:;color:;\">\r\n                        20 septiembre 2015                    <\/span>\r\n                                                                <span class=\"cshero-carousel-category\">\r\n                            in Celebraciones, Celebraciones_El Munt                        <\/span>\r\n                                                            <span class=\"cshero-carousel-comment\">\r\n                        No Comments                    <\/span>\r\n                                                            <span class=\"cshero-carousel-author\">admin<\/span>\r\n                                    <\/div>\r\n                                                    <h5 class=\"cshero-carousel-title\">\r\n                        <a title=\"AUDREY&#038;JOHN. HAPPY 1ST YEAR!\" href=\"https:\/\/calbernadas.com\/es\/blog\/audreyjohn-happy-1st-year-2\/\" rel=\"\" style=\"display:block; color:#444444; margin:0; \">\r\n                            AUDREY&#038;JOHN. HAPPY 1ST YEAR!                        <\/a>\r\n                    <\/h5>\r\n                                \r\n                                <div class=\"cshero-carousel-post-description\">\r\n                                            <p>[vc_row][vc_column][vc_custom_heading text=\"Happy 1st <\/p>\r\n                                    <\/div>\r\n                            <\/div>\r\n        <\/div>\r\n            <\/div>\r\n    <h6 style=\"display:none;\">&nbsp;<\/h6><\/article>\r\n\t\t\t\t\t<\/div>\r\n\t\t\t    <\/div><div class=\"cshero-post-carousel-item-wrap\">                \t\t                <div class=\"cshero-shortcode cshero-post-carousel-item content-left\" >\r\n\t\t\t\t\t\t<article class=\"post-18944 post type-post status-publish format-standard has-post-thumbnail hentry category-turismo-rural category-turismo-rural_el-munt\">\r\n    <div class=\"cshero-carousel-container\">\r\n                <div class=\"cshero-carousel-image clearfix\" style=\"width:360px;height:260px;display: block;\">\r\n            <img alt=\"\"  src=\"https:\/\/calbernadas.com\/wp-content\/uploads\/2017\/03\/Montse-Giralt2-360x260_c.jpg\" style=\"border-radius:0;-webkit-border-radius:0;-moz-border-radius:0;-ms-border-radius:0;-o-border-radius:0;max-width:100%;\" \/>                            <div class=\"overlay \" style=\"z-index:4;border-radius:0;-webkit-border-radius:0;-moz-border-radius:0;-ms-border-radius:0;-o-border-radius:0;background-color:rgba(255,255,255,0.8);color:#999999;width:360px;height:260px;max-width:100%;\">\r\n                    <div class=\"overlay-content\">\r\n                        <div class=\"link-wrap\">\r\n                        <a class=\"\" title=\"\" href=\"https:\/\/calbernadas.com\/es\/blog\/flow-2\/\" >Read more<\/a>                        <a class=\"colorbox\" href=\"https:\/\/calbernadas.com\/wp-content\/uploads\/2017\/03\/Montse-Giralt2.jpg\"  data-rel=\"lightbox-image-10\" data-rl_title=\"\" data-rl_caption=\"\" title=\"\">Large Image<\/a>                        <\/div>\r\n                    <\/div>\r\n                <\/div>\r\n                    <\/div>\r\n        <div class=\"cshero-carousel-body\" style=\"color:#999999; text-align:left;background-color:#eeeeee;padding:20px;\">\r\n            <div class=\"cshero-carousel-inner clearfix\">\r\n                                <div class=\"cshero-carousel-meta clearfix\">\r\n                                        <span class=\"cshero-carousel-date\" style=\"text-transform:initial;font-weight:400;font-style:;color:;\">\r\n                        11 enero 2016                    <\/span>\r\n                                                                <span class=\"cshero-carousel-category\">\r\n                            in Turismo rural, Turismo rural_El Munt                        <\/span>\r\n                                                            <span class=\"cshero-carousel-comment\">\r\n                        No Comments                    <\/span>\r\n                                                            <span class=\"cshero-carousel-author\">admin<\/span>\r\n                                    <\/div>\r\n                                                    <h5 class=\"cshero-carousel-title\">\r\n                        <a title=\"FLOW\" href=\"https:\/\/calbernadas.com\/es\/blog\/flow-2\/\" rel=\"\" style=\"display:block; color:#444444; margin:0; \">\r\n                            FLOW                        <\/a>\r\n                    <\/h5>\r\n                                \r\n                                <div class=\"cshero-carousel-post-description\">\r\n                                            <p>[vc_row][vc_column][vc_column_text]Flow\u00a0es el t\u00edtulo de este gran proyecto de Montse Giralt, <\/p>\r\n                                    <\/div>\r\n                            <\/div>\r\n        <\/div>\r\n            <\/div>\r\n    <h6 style=\"display:none;\">&nbsp;<\/h6><\/article>\r\n\t\t\t\t\t<\/div>\r\n\t\t\t    <\/div><div class=\"cshero-post-carousel-item-wrap\">                \t\t                <div class=\"cshero-shortcode cshero-post-carousel-item content-left\" >\r\n\t\t\t\t\t\t<article class=\"post-18828 post type-post status-publish format-standard has-post-thumbnail hentry category-celebraciones category-celebraciones_el-munt category-uncategorized-ca\">\r\n    <div class=\"cshero-carousel-container\">\r\n                <div class=\"cshero-carousel-image clearfix\" style=\"width:360px;height:260px;display: block;\">\r\n            <img alt=\"\"  src=\"https:\/\/calbernadas.com\/wp-content\/uploads\/2017\/07\/BODAJUANANMIREIA-461A.-Boda-el-Munt.-Mireia-i-Juanan-360x260_c.jpg\" style=\"border-radius:0;-webkit-border-radius:0;-moz-border-radius:0;-ms-border-radius:0;-o-border-radius:0;max-width:100%;\" \/>                            <div class=\"overlay \" style=\"z-index:4;border-radius:0;-webkit-border-radius:0;-moz-border-radius:0;-ms-border-radius:0;-o-border-radius:0;background-color:rgba(255,255,255,0.8);color:#999999;width:360px;height:260px;max-width:100%;\">\r\n                    <div class=\"overlay-content\">\r\n                        <div class=\"link-wrap\">\r\n                        <a class=\"\" title=\"\" href=\"https:\/\/calbernadas.com\/es\/blog\/mireiajuanan-una-parella-molt-bonica\/\" >Read more<\/a>                        <a class=\"colorbox\" href=\"https:\/\/calbernadas.com\/wp-content\/uploads\/2017\/07\/BODAJUANANMIREIA-461A.-Boda-el-Munt.-Mireia-i-Juanan.jpg\"  data-rel=\"lightbox-image-11\" data-rl_title=\"\" data-rl_caption=\"\" title=\"\">Large Image<\/a>                        <\/div>\r\n                    <\/div>\r\n                <\/div>\r\n                    <\/div>\r\n        <div class=\"cshero-carousel-body\" style=\"color:#999999; text-align:left;background-color:#eeeeee;padding:20px;\">\r\n            <div class=\"cshero-carousel-inner clearfix\">\r\n                                <div class=\"cshero-carousel-meta clearfix\">\r\n                                        <span class=\"cshero-carousel-date\" style=\"text-transform:initial;font-weight:400;font-style:;color:;\">\r\n                        25 enero 2016                    <\/span>\r\n                                                                <span class=\"cshero-carousel-category\">\r\n                            in Celebraciones, Celebraciones_El Munt, Uncategorized @ca                        <\/span>\r\n                                                            <span class=\"cshero-carousel-comment\">\r\n                        No Comments                    <\/span>\r\n                                                            <span class=\"cshero-carousel-author\">admin<\/span>\r\n                                    <\/div>\r\n                                                    <h5 class=\"cshero-carousel-title\">\r\n                        <a title=\"MIREIA&#038;JUANAN. UNA PAREJA ENCANTADORA\" href=\"https:\/\/calbernadas.com\/es\/blog\/mireiajuanan-una-parella-molt-bonica\/\" rel=\"\" style=\"display:block; color:#444444; margin:0; \">\r\n                            MIREIA&#038;JUANAN. UNA PAREJA ENCANTADORA                        <\/a>\r\n                    <\/h5>\r\n                                \r\n                                <div class=\"cshero-carousel-post-description\">\r\n                                            <p>[vc_row][vc_column][vc_column_text]Una ceremonia en medio del bosque, un aperitivo en el jard\u00edn <\/p>\r\n                                    <\/div>\r\n                            <\/div>\r\n        <\/div>\r\n            <\/div>\r\n    <h6 style=\"display:none;\">&nbsp;<\/h6><\/article>\r\n\t\t\t\t\t<\/div>\r\n\t\t\t    <\/div>\t\t\t<\/div>\r\n\t\t<\/div>\r\n\t\t\t\t\t<div class=\"cshero-control pager-center text-center default\"><\/div>\r\n\t\t\t\t        <div class=\"cshero-nav text-center default\">\r\n            <ul>\r\n                <li class=\"prev\" style=\"left:;\"><\/li>\r\n                <li class=\"next\" style=\"right:;\"><\/li>\r\n            <\/ul>\r\n        <\/div>\r\n    \t\t        <\/div>\r\n[\/vc_column][\/vc_row][vc_row css=\u00bb.vc_custom_1418098718483{margin-bottom: 80px !important;border-bottom-width: 1px !important;padding-bottom: 80px !important;border-bottom-color: #eeeeee !important;border-bottom-style: solid !important;}\u00bb full_width=\u00bbfalse\u00bb parallax_speed=\u00bb0.8&#8243; bg_video_transparent=\u00bb0&#8243; height_engle=\u00bb60px\u00bb height_engle_style2=\u00bb60px\u00bb][vc_column][cs_custom_heading text=\u00bbDEFAULT &#8211; CUSTOMIZED 1&#8243; font_container=\u00bbtag:h2|font_size:30px|text_align:center\u00bb style=\u00bbtitle-bottom-line\u00bb title_bottom_line_width=\u00bb40px\u00bb title_bottom_line_height=\u00bb3px\u00bb title_bottom_line_color=\u00bb#dddddd\u00bb title_bottom_line_margin_bottom=\u00bb40px\u00bb css=\u00bb.vc_custom_1419318808360{margin-bottom: 20px !important;}\u00bb]\t<div id=\"cshero_post_carousel_1777499443_169f27d333bf7c\" class=\"cshero-post-carousel postcarousel-default \">\r\n\t\t<style type=\"text\/css\" scoped>\r\n\t\t\t#cshero_post_carousel_1777499443_169f27d333bf7c article:hover .cshero-carousel-body{color: !important; background-color: !important; }\r\n\t\t\t#cshero_post_carousel_1777499443_169f27d333bf7c article:hover .cshero-carousel-title a{color: !important; }\r\n\t\t\t#cshero_post_carousel_1777499443_169f27d333bf7c .link-wrap a{ color: ;}\r\n\t\t\t#cshero_post_carousel_1777499443_169f27d333bf7c .link-wrap a:hover{ color: ;}\r\n\t\t\t#cshero_post_carousel_1777499443_169f27d333bf7c .link-wrap [class*='icon-box-']:hover .fa,\r\n\t\t\t#cshero_post_carousel_1777499443_169f27d333bf7c .link-wrap [class^='icon-box-']:hover .fa{border-color:;}\r\n\t\t<\/style>\r\n\t            <div class=\"cshero-post-carousel-list \">\r\n            <div id=\"cshero_post_carousel1777499443_169f27d333bf7c\" data-mode=\"horizontal\" data-moveslides=\"3\" data-auto=\"0\" data-speed=\"500\" data-prevselector=\"#cshero_post_carousel_1777499443_169f27d333bf7c .prev\" data-nextselector=\"#cshero_post_carousel_1777499443_169f27d333bf7c .next\" data-prevText=\"<i class='fa fa-angle-left'><\/i>\" data-nextText=\"<i class='fa fa-angle-right'><\/i>\" data-pagerSelector=\"#cshero_post_carousel_1777499443_169f27d333bf7c .cshero-control\" data-onsliderload=\"true\" data-touchenabled=\"1\" data-controls=\"true\" data-pager=\"1\" data-pause=\"4000\" data-infiniteloop=\"true\" data-adaptiveheight=\"true\"  data-autohover=\"true\" data-slidemargin=\"30\" data-maxslides=\"3\" data-minslides=\"1\" data-slidewidth=\"360\" data-slideselector=\"\" data-easing=\"swing\" data-usecss=\"\" data-resize=\"1\" class=\"slider jm-bxslider\">\r\n                <div class=\"cshero-post-carousel-item-wrap\">                \t\t                <div class=\"cshero-shortcode cshero-post-carousel-item content-center\" >\r\n\t\t\t\t\t\t<article class=\"post-15030 post type-post status-publish format-standard has-post-thumbnail hentry category-turismo-rural category-turismo-rural_el-munt\">\r\n    <div class=\"cshero-carousel-container\">\r\n                <div class=\"cshero-carousel-image clearfix\" style=\"width:360px;height:260px;display: block;\">\r\n            <img alt=\"\"  src=\"https:\/\/calbernadas.com\/wp-content\/uploads\/2014\/03\/20140326-BLOC-360x260_c.jpg\" style=\"border-radius:0;-webkit-border-radius:0;-moz-border-radius:0;-ms-border-radius:0;-o-border-radius:0;max-width:100%;\" \/>                    <\/div>\r\n        <div class=\"cshero-carousel-body\" style=\"color:; text-align:center;background-color:;padding:20px 0 0 0;\">\r\n            <div class=\"cshero-carousel-inner clearfix\">\r\n                                <div class=\"cshero-carousel-meta clearfix\">\r\n                                        <span class=\"cshero-carousel-date\" style=\"text-transform:initial;font-weight:400;font-style:;color:;\">\r\n                        25 marzo 2014                    <\/span>\r\n                                                                                                <\/div>\r\n                                                    <h5 class=\"cshero-carousel-title\">\r\n                        <a title=\"\u00a1GRACIAS MARC Y MIREIA!\" href=\"https:\/\/calbernadas.com\/es\/blog\/gracies-marc-i-mireia\/\" rel=\"\" style=\"display:block; color:; margin:0; \">\r\n                            \u00a1GRACIAS MARC Y MIREIA!                        <\/a>\r\n                    <\/h5>\r\n                                \r\n                                <div class=\"cshero-carousel-post-description\">\r\n                                            <p>[vc_row][vc_column][vc_column_text]\r\nHace unos cuantos d\u00edas que asistimos a la Fira de Novios <\/p>\r\n                                    <\/div>\r\n                            <\/div>\r\n        <\/div>\r\n            <\/div>\r\n    <h6 style=\"display:none;\">&nbsp;<\/h6><\/article>\r\n\t\t\t\t\t<\/div>\r\n\t\t\t    <\/div><div class=\"cshero-post-carousel-item-wrap\">                \t\t                <div class=\"cshero-shortcode cshero-post-carousel-item content-center\" >\r\n\t\t\t\t\t\t<article class=\"post-19037 post type-post status-publish format-standard has-post-thumbnail hentry category-celebraciones category-celebraciones_el-munt\">\r\n    <div class=\"cshero-carousel-container\">\r\n                <div class=\"cshero-carousel-image clearfix\" style=\"width:360px;height:260px;display: block;\">\r\n            <img alt=\"\"  src=\"https:\/\/calbernadas.com\/wp-content\/uploads\/2017\/03\/14_140524_3349web-360x260_c.jpg\" style=\"border-radius:0;-webkit-border-radius:0;-moz-border-radius:0;-ms-border-radius:0;-o-border-radius:0;max-width:100%;\" \/>                    <\/div>\r\n        <div class=\"cshero-carousel-body\" style=\"color:; text-align:center;background-color:;padding:20px 0 0 0;\">\r\n            <div class=\"cshero-carousel-inner clearfix\">\r\n                                <div class=\"cshero-carousel-meta clearfix\">\r\n                                        <span class=\"cshero-carousel-date\" style=\"text-transform:initial;font-weight:400;font-style:;color:;\">\r\n                        31 mayo 2014                    <\/span>\r\n                                                                                                <\/div>\r\n                                                    <h5 class=\"cshero-carousel-title\">\r\n                        <a title=\"DOS MUNDOS UNIDOS EN UNO\" href=\"https:\/\/calbernadas.com\/es\/blog\/dos-mons-units\/\" rel=\"\" style=\"display:block; color:; margin:0; \">\r\n                            DOS MUNDOS UNIDOS EN UNO                        <\/a>\r\n                    <\/h5>\r\n                                \r\n                                <div class=\"cshero-carousel-post-description\">\r\n                                            <p>[vc_row][vc_column][vc_column_text]\r\nQu\u00e9 nada mejor que ense\u00f1aros algunas de las fotos del gran <\/p>\r\n                                    <\/div>\r\n                            <\/div>\r\n        <\/div>\r\n            <\/div>\r\n    <h6 style=\"display:none;\">&nbsp;<\/h6><\/article>\r\n\t\t\t\t\t<\/div>\r\n\t\t\t    <\/div><div class=\"cshero-post-carousel-item-wrap\">                \t\t                <div class=\"cshero-shortcode cshero-post-carousel-item content-center\" >\r\n\t\t\t\t\t\t<article class=\"post-19031 post type-post status-publish format-standard has-post-thumbnail hentry category-celebraciones category-celebraciones_el-munt category-celebraciones_wedding-planner\">\r\n    <div class=\"cshero-carousel-container\">\r\n                <div class=\"cshero-carousel-image clearfix\" style=\"width:360px;height:260px;display: block;\">\r\n            <img alt=\"\"  src=\"https:\/\/calbernadas.com\/wp-content\/uploads\/2017\/03\/JJ_TOP_195-360x260_c.jpg\" style=\"border-radius:0;-webkit-border-radius:0;-moz-border-radius:0;-ms-border-radius:0;-o-border-radius:0;max-width:100%;\" \/>                    <\/div>\r\n        <div class=\"cshero-carousel-body\" style=\"color:; text-align:center;background-color:;padding:20px 0 0 0;\">\r\n            <div class=\"cshero-carousel-inner clearfix\">\r\n                                <div class=\"cshero-carousel-meta clearfix\">\r\n                                        <span class=\"cshero-carousel-date\" style=\"text-transform:initial;font-weight:400;font-style:;color:;\">\r\n                        08 julio 2014                    <\/span>\r\n                                                                                                <\/div>\r\n                                                    <h5 class=\"cshero-carousel-title\">\r\n                        <a title=\"IT&#8217;S RAINING, BE HAPPY!\" href=\"https:\/\/calbernadas.com\/es\/blog\/its-raining-be-happy-2\/\" rel=\"\" style=\"display:block; color:; margin:0; \">\r\n                            IT&#8217;S RAINING, BE HAPPY!                        <\/a>\r\n                    <\/h5>\r\n                                \r\n                                <div class=\"cshero-carousel-post-description\">\r\n                                            <p>[vc_row][vc_column][vc_column_text]La Joanna y el Julian son una pareja sueco chilena que se <\/p>\r\n                                    <\/div>\r\n                            <\/div>\r\n        <\/div>\r\n            <\/div>\r\n    <h6 style=\"display:none;\">&nbsp;<\/h6><\/article>\r\n\t\t\t\t\t<\/div>\r\n\t\t\t    <\/div><div class=\"cshero-post-carousel-item-wrap\">                \t\t                <div class=\"cshero-shortcode cshero-post-carousel-item content-center\" >\r\n\t\t\t\t\t\t<article class=\"post-19019 post type-post status-publish format-standard has-post-thumbnail hentry category-celebraciones category-celebraciones_el-munt category-celebraciones_wedding-planner\">\r\n    <div class=\"cshero-carousel-container\">\r\n                <div class=\"cshero-carousel-image clearfix\" style=\"width:360px;height:260px;display: block;\">\r\n            <img alt=\"\"  src=\"https:\/\/calbernadas.com\/wp-content\/uploads\/2017\/06\/05-Wedding-Cal-Bernadas-564-360x260_c.jpg\" style=\"border-radius:0;-webkit-border-radius:0;-moz-border-radius:0;-ms-border-radius:0;-o-border-radius:0;max-width:100%;\" \/>                    <\/div>\r\n        <div class=\"cshero-carousel-body\" style=\"color:; text-align:center;background-color:;padding:20px 0 0 0;\">\r\n            <div class=\"cshero-carousel-inner clearfix\">\r\n                                <div class=\"cshero-carousel-meta clearfix\">\r\n                                        <span class=\"cshero-carousel-date\" style=\"text-transform:initial;font-weight:400;font-style:;color:;\">\r\n                        10 diciembre 2014                    <\/span>\r\n                                                                                                <\/div>\r\n                                                    <h5 class=\"cshero-carousel-title\">\r\n                        <a title=\"KRISTY&#038;MARK. CUANDO EMPIEZA EL D\u00cdA \u00abB\u00bb?\" href=\"https:\/\/calbernadas.com\/es\/blog\/kristymark-cuando-empieza-dia-b\/\" rel=\"\" style=\"display:block; color:; margin:0; \">\r\n                            KRISTY&#038;MARK. CUANDO EMPIEZA EL D\u00cdA \u00abB\u00bb?                        <\/a>\r\n                    <\/h5>\r\n                                \r\n                                <div class=\"cshero-carousel-post-description\">\r\n                                            <p>[vc_row][vc_column][vc_column_text]\u00bfCuando empieza el d\u00eda \"B\"? \u00bfA la entrada del novio en la <\/p>\r\n                                    <\/div>\r\n                            <\/div>\r\n        <\/div>\r\n            <\/div>\r\n    <h6 style=\"display:none;\">&nbsp;<\/h6><\/article>\r\n\t\t\t\t\t<\/div>\r\n\t\t\t    <\/div><div class=\"cshero-post-carousel-item-wrap\">                \t\t                <div class=\"cshero-shortcode cshero-post-carousel-item content-center\" >\r\n\t\t\t\t\t\t<article class=\"post-19026 post type-post status-publish format-standard has-post-thumbnail hentry category-celebraciones category-celebraciones_el-munt category-celebraciones_wedding-planner\">\r\n    <div class=\"cshero-carousel-container\">\r\n                <div class=\"cshero-carousel-image clearfix\" style=\"width:360px;height:260px;display: block;\">\r\n            <img alt=\"\"  src=\"https:\/\/calbernadas.com\/wp-content\/uploads\/2017\/06\/05-Wedding-Cal-Bernadas-197a-360x260_c.jpg\" style=\"border-radius:0;-webkit-border-radius:0;-moz-border-radius:0;-ms-border-radius:0;-o-border-radius:0;max-width:100%;\" \/>                    <\/div>\r\n        <div class=\"cshero-carousel-body\" style=\"color:; text-align:center;background-color:;padding:20px 0 0 0;\">\r\n            <div class=\"cshero-carousel-inner clearfix\">\r\n                                <div class=\"cshero-carousel-meta clearfix\">\r\n                                        <span class=\"cshero-carousel-date\" style=\"text-transform:initial;font-weight:400;font-style:;color:;\">\r\n                        10 diciembre 2014                    <\/span>\r\n                                                                                                <\/div>\r\n                                                    <h5 class=\"cshero-carousel-title\">\r\n                        <a title=\"KRISTY&#038;MARK. FUN, FUN, FUN!\" href=\"https:\/\/calbernadas.com\/es\/blog\/kristymark-fun-fun-fun\/\" rel=\"\" style=\"display:block; color:; margin:0; \">\r\n                            KRISTY&#038;MARK. FUN, FUN, FUN!                        <\/a>\r\n                    <\/h5>\r\n                                \r\n                                <div class=\"cshero-carousel-post-description\">\r\n                                            <p>[vc_row][vc_column][vc_column_text]La boda de la Kristy y el Mark empez\u00f3 bien, \u00a1pero termin\u00f3 <\/p>\r\n                                    <\/div>\r\n                            <\/div>\r\n        <\/div>\r\n            <\/div>\r\n    <h6 style=\"display:none;\">&nbsp;<\/h6><\/article>\r\n\t\t\t\t\t<\/div>\r\n\t\t\t    <\/div><div class=\"cshero-post-carousel-item-wrap\">                \t\t                <div class=\"cshero-shortcode cshero-post-carousel-item content-center\" >\r\n\t\t\t\t\t\t<article class=\"post-19015 post type-post status-publish format-standard has-post-thumbnail hentry category-celebraciones category-celebraciones_el-munt category-celebraciones_wedding-planner\">\r\n    <div class=\"cshero-carousel-container\">\r\n                <div class=\"cshero-carousel-image clearfix\" style=\"width:360px;height:260px;display: block;\">\r\n            <img alt=\"\"  src=\"https:\/\/calbernadas.com\/wp-content\/uploads\/2017\/03\/ErnestaTadas_-33-360x260_c.jpg\" style=\"border-radius:0;-webkit-border-radius:0;-moz-border-radius:0;-ms-border-radius:0;-o-border-radius:0;max-width:100%;\" \/>                    <\/div>\r\n        <div class=\"cshero-carousel-body\" style=\"color:; text-align:center;background-color:;padding:20px 0 0 0;\">\r\n            <div class=\"cshero-carousel-inner clearfix\">\r\n                                <div class=\"cshero-carousel-meta clearfix\">\r\n                                        <span class=\"cshero-carousel-date\" style=\"text-transform:initial;font-weight:400;font-style:;color:;\">\r\n                        19 diciembre 2014                    <\/span>\r\n                                                                                                <\/div>\r\n                                                    <h5 class=\"cshero-carousel-title\">\r\n                        <a title=\"DE LITUANIA DIRECTO A EL MUNT\" href=\"https:\/\/calbernadas.com\/es\/blog\/lituania-directo-munt\/\" rel=\"\" style=\"display:block; color:; margin:0; \">\r\n                            DE LITUANIA DIRECTO A EL MUNT                        <\/a>\r\n                    <\/h5>\r\n                                \r\n                                <div class=\"cshero-carousel-post-description\">\r\n                                            <p>[vc_row][vc_column][vc_column_text]Si, si. De Lituania directo a El Munt. \u00a1Llegada a la casa el <\/p>\r\n                                    <\/div>\r\n                            <\/div>\r\n        <\/div>\r\n            <\/div>\r\n    <h6 style=\"display:none;\">&nbsp;<\/h6><\/article>\r\n\t\t\t\t\t<\/div>\r\n\t\t\t    <\/div><div class=\"cshero-post-carousel-item-wrap\">                \t\t                <div class=\"cshero-shortcode cshero-post-carousel-item content-center\" >\r\n\t\t\t\t\t\t<article class=\"post-19002 post type-post status-publish format-standard has-post-thumbnail hentry category-celebraciones category-celebraciones_el-munt\">\r\n    <div class=\"cshero-carousel-container\">\r\n                <div class=\"cshero-carousel-image clearfix\" style=\"width:360px;height:260px;display: block;\">\r\n            <img alt=\"\"  src=\"https:\/\/calbernadas.com\/wp-content\/uploads\/2017\/03\/Casament_AnnaFeliu_El-Munt-23-360x260_c.jpg\" style=\"border-radius:0;-webkit-border-radius:0;-moz-border-radius:0;-ms-border-radius:0;-o-border-radius:0;max-width:100%;\" \/>                    <\/div>\r\n        <div class=\"cshero-carousel-body\" style=\"color:; text-align:center;background-color:;padding:20px 0 0 0;\">\r\n            <div class=\"cshero-carousel-inner clearfix\">\r\n                                <div class=\"cshero-carousel-meta clearfix\">\r\n                                        <span class=\"cshero-carousel-date\" style=\"text-transform:initial;font-weight:400;font-style:;color:;\">\r\n                        01 junio 2015                    <\/span>\r\n                                                                                                <\/div>\r\n                                                    <h5 class=\"cshero-carousel-title\">\r\n                        <a title=\"ANNA&#038;FELIU. ESTRENAMOS TEMPORADA BLOGUERA!\" href=\"https:\/\/calbernadas.com\/es\/blog\/annafeliu-estrenamos-temporada-bloguera\/\" rel=\"\" style=\"display:block; color:; margin:0; \">\r\n                            ANNA&#038;FELIU. ESTRENAMOS TEMPORADA BLOGUERA!                        <\/a>\r\n                    <\/h5>\r\n                                \r\n                                <div class=\"cshero-carousel-post-description\">\r\n                                            <p>[vc_row][vc_column][vc_custom_heading text=\"Iniciamos <\/p>\r\n                                    <\/div>\r\n                            <\/div>\r\n        <\/div>\r\n            <\/div>\r\n    <h6 style=\"display:none;\">&nbsp;<\/h6><\/article>\r\n\t\t\t\t\t<\/div>\r\n\t\t\t    <\/div><div class=\"cshero-post-carousel-item-wrap\">                \t\t                <div class=\"cshero-shortcode cshero-post-carousel-item content-center\" >\r\n\t\t\t\t\t\t<article class=\"post-19000 post type-post status-publish format-standard has-post-thumbnail hentry category-celebraciones category-celebraciones_el-munt\">\r\n    <div class=\"cshero-carousel-container\">\r\n                <div class=\"cshero-carousel-image clearfix\" style=\"width:360px;height:260px;display: block;\">\r\n            <img alt=\"\"  src=\"https:\/\/calbernadas.com\/wp-content\/uploads\/2017\/03\/Casament_MartaJosep_El-Munt-11-360x260_c.jpg\" style=\"border-radius:0;-webkit-border-radius:0;-moz-border-radius:0;-ms-border-radius:0;-o-border-radius:0;max-width:100%;\" \/>                    <\/div>\r\n        <div class=\"cshero-carousel-body\" style=\"color:; text-align:center;background-color:;padding:20px 0 0 0;\">\r\n            <div class=\"cshero-carousel-inner clearfix\">\r\n                                <div class=\"cshero-carousel-meta clearfix\">\r\n                                        <span class=\"cshero-carousel-date\" style=\"text-transform:initial;font-weight:400;font-style:;color:;\">\r\n                        15 junio 2015                    <\/span>\r\n                                                                                                <\/div>\r\n                                                    <h5 class=\"cshero-carousel-title\">\r\n                        <a title=\"MARTA&#038;JOSEP. \u00a1PRIMAVERA EN ESTADO PURO!\" href=\"https:\/\/calbernadas.com\/es\/blog\/martajosep-primavera-estado-puro\/\" rel=\"\" style=\"display:block; color:; margin:0; \">\r\n                            MARTA&#038;JOSEP. \u00a1PRIMAVERA EN ESTADO PURO!                        <\/a>\r\n                    <\/h5>\r\n                                \r\n                                <div class=\"cshero-carousel-post-description\">\r\n                                            <p>[vc_row][vc_column][vc_custom_heading text=\"\u00a1M\u00e1s verde, m\u00e1s sol, m\u00e1s color, m\u00e1s florido ... <\/p>\r\n                                    <\/div>\r\n                            <\/div>\r\n        <\/div>\r\n            <\/div>\r\n    <h6 style=\"display:none;\">&nbsp;<\/h6><\/article>\r\n\t\t\t\t\t<\/div>\r\n\t\t\t    <\/div><div class=\"cshero-post-carousel-item-wrap\">                \t\t                <div class=\"cshero-shortcode cshero-post-carousel-item content-center\" >\r\n\t\t\t\t\t\t<article class=\"post-18997 post type-post status-publish format-standard has-post-thumbnail hentry category-celebraciones category-celebraciones_el-munt\">\r\n    <div class=\"cshero-carousel-container\">\r\n                <div class=\"cshero-carousel-image clearfix\" style=\"width:360px;height:260px;display: block;\">\r\n            <img alt=\"\"  src=\"https:\/\/calbernadas.com\/wp-content\/uploads\/2017\/04\/15061-1004A-360x260_c.jpg\" style=\"border-radius:0;-webkit-border-radius:0;-moz-border-radius:0;-ms-border-radius:0;-o-border-radius:0;max-width:100%;\" \/>                    <\/div>\r\n        <div class=\"cshero-carousel-body\" style=\"color:; text-align:center;background-color:;padding:20px 0 0 0;\">\r\n            <div class=\"cshero-carousel-inner clearfix\">\r\n                                <div class=\"cshero-carousel-meta clearfix\">\r\n                                        <span class=\"cshero-carousel-date\" style=\"text-transform:initial;font-weight:400;font-style:;color:;\">\r\n                        15 septiembre 2015                    <\/span>\r\n                                                                                                <\/div>\r\n                                                    <h5 class=\"cshero-carousel-title\">\r\n                        <a title=\"TANIA&#038;GUILLE. FLYING&#8230; TO EL MUNT!\" href=\"https:\/\/calbernadas.com\/es\/blog\/taniaguille-flying-to-munt\/\" rel=\"\" style=\"display:block; color:; margin:0; \">\r\n                            TANIA&#038;GUILLE. FLYING&#8230; TO EL MUNT!                        <\/a>\r\n                    <\/h5>\r\n                                \r\n                                <div class=\"cshero-carousel-post-description\">\r\n                                            <p>[vc_row][vc_column][vc_column_text]Tania y Guille. Una pareja de guapos, una pareja de <\/p>\r\n                                    <\/div>\r\n                            <\/div>\r\n        <\/div>\r\n            <\/div>\r\n    <h6 style=\"display:none;\">&nbsp;<\/h6><\/article>\r\n\t\t\t\t\t<\/div>\r\n\t\t\t    <\/div><div class=\"cshero-post-carousel-item-wrap\">                \t\t                <div class=\"cshero-shortcode cshero-post-carousel-item content-center\" >\r\n\t\t\t\t\t\t<article class=\"post-18994 post type-post status-publish format-standard has-post-thumbnail hentry category-celebraciones category-celebraciones_el-munt\">\r\n    <div class=\"cshero-carousel-container\">\r\n                <div class=\"cshero-carousel-image clearfix\" style=\"width:360px;height:260px;display: block;\">\r\n            <img alt=\"\"  src=\"https:\/\/calbernadas.com\/wp-content\/uploads\/2017\/03\/Casament_AudreyJohn_El-Munt-13-360x260_c.jpg\" style=\"border-radius:0;-webkit-border-radius:0;-moz-border-radius:0;-ms-border-radius:0;-o-border-radius:0;max-width:100%;\" \/>                    <\/div>\r\n        <div class=\"cshero-carousel-body\" style=\"color:; text-align:center;background-color:;padding:20px 0 0 0;\">\r\n            <div class=\"cshero-carousel-inner clearfix\">\r\n                                <div class=\"cshero-carousel-meta clearfix\">\r\n                                        <span class=\"cshero-carousel-date\" style=\"text-transform:initial;font-weight:400;font-style:;color:;\">\r\n                        20 septiembre 2015                    <\/span>\r\n                                                                                                <\/div>\r\n                                                    <h5 class=\"cshero-carousel-title\">\r\n                        <a title=\"AUDREY&#038;JOHN. HAPPY 1ST YEAR!\" href=\"https:\/\/calbernadas.com\/es\/blog\/audreyjohn-happy-1st-year-2\/\" rel=\"\" style=\"display:block; color:; margin:0; \">\r\n                            AUDREY&#038;JOHN. HAPPY 1ST YEAR!                        <\/a>\r\n                    <\/h5>\r\n                                \r\n                                <div class=\"cshero-carousel-post-description\">\r\n                                            <p>[vc_row][vc_column][vc_custom_heading text=\"Happy 1st <\/p>\r\n                                    <\/div>\r\n                            <\/div>\r\n        <\/div>\r\n            <\/div>\r\n    <h6 style=\"display:none;\">&nbsp;<\/h6><\/article>\r\n\t\t\t\t\t<\/div>\r\n\t\t\t    <\/div><div class=\"cshero-post-carousel-item-wrap\">                \t\t                <div class=\"cshero-shortcode cshero-post-carousel-item content-center\" >\r\n\t\t\t\t\t\t<article class=\"post-18944 post type-post status-publish format-standard has-post-thumbnail hentry category-turismo-rural category-turismo-rural_el-munt\">\r\n    <div class=\"cshero-carousel-container\">\r\n                <div class=\"cshero-carousel-image clearfix\" style=\"width:360px;height:260px;display: block;\">\r\n            <img alt=\"\"  src=\"https:\/\/calbernadas.com\/wp-content\/uploads\/2017\/03\/Montse-Giralt2-360x260_c.jpg\" style=\"border-radius:0;-webkit-border-radius:0;-moz-border-radius:0;-ms-border-radius:0;-o-border-radius:0;max-width:100%;\" \/>                    <\/div>\r\n        <div class=\"cshero-carousel-body\" style=\"color:; text-align:center;background-color:;padding:20px 0 0 0;\">\r\n            <div class=\"cshero-carousel-inner clearfix\">\r\n                                <div class=\"cshero-carousel-meta clearfix\">\r\n                                        <span class=\"cshero-carousel-date\" style=\"text-transform:initial;font-weight:400;font-style:;color:;\">\r\n                        11 enero 2016                    <\/span>\r\n                                                                                                <\/div>\r\n                                                    <h5 class=\"cshero-carousel-title\">\r\n                        <a title=\"FLOW\" href=\"https:\/\/calbernadas.com\/es\/blog\/flow-2\/\" rel=\"\" style=\"display:block; color:; margin:0; \">\r\n                            FLOW                        <\/a>\r\n                    <\/h5>\r\n                                \r\n                                <div class=\"cshero-carousel-post-description\">\r\n                                            <p>[vc_row][vc_column][vc_column_text]Flow\u00a0es el t\u00edtulo de este gran proyecto de Montse Giralt, <\/p>\r\n                                    <\/div>\r\n                            <\/div>\r\n        <\/div>\r\n            <\/div>\r\n    <h6 style=\"display:none;\">&nbsp;<\/h6><\/article>\r\n\t\t\t\t\t<\/div>\r\n\t\t\t    <\/div><div class=\"cshero-post-carousel-item-wrap\">                \t\t                <div class=\"cshero-shortcode cshero-post-carousel-item content-center\" >\r\n\t\t\t\t\t\t<article class=\"post-18828 post type-post status-publish format-standard has-post-thumbnail hentry category-celebraciones category-celebraciones_el-munt category-uncategorized-ca\">\r\n    <div class=\"cshero-carousel-container\">\r\n                <div class=\"cshero-carousel-image clearfix\" style=\"width:360px;height:260px;display: block;\">\r\n            <img alt=\"\"  src=\"https:\/\/calbernadas.com\/wp-content\/uploads\/2017\/07\/BODAJUANANMIREIA-461A.-Boda-el-Munt.-Mireia-i-Juanan-360x260_c.jpg\" style=\"border-radius:0;-webkit-border-radius:0;-moz-border-radius:0;-ms-border-radius:0;-o-border-radius:0;max-width:100%;\" \/>                    <\/div>\r\n        <div class=\"cshero-carousel-body\" style=\"color:; text-align:center;background-color:;padding:20px 0 0 0;\">\r\n            <div class=\"cshero-carousel-inner clearfix\">\r\n                                <div class=\"cshero-carousel-meta clearfix\">\r\n                                        <span class=\"cshero-carousel-date\" style=\"text-transform:initial;font-weight:400;font-style:;color:;\">\r\n                        25 enero 2016                    <\/span>\r\n                                                                                                <\/div>\r\n                                                    <h5 class=\"cshero-carousel-title\">\r\n                        <a title=\"MIREIA&#038;JUANAN. UNA PAREJA ENCANTADORA\" href=\"https:\/\/calbernadas.com\/es\/blog\/mireiajuanan-una-parella-molt-bonica\/\" rel=\"\" style=\"display:block; color:; margin:0; \">\r\n                            MIREIA&#038;JUANAN. UNA PAREJA ENCANTADORA                        <\/a>\r\n                    <\/h5>\r\n                                \r\n                                <div class=\"cshero-carousel-post-description\">\r\n                                            <p>[vc_row][vc_column][vc_column_text]Una ceremonia en medio del bosque, un aperitivo en el jard\u00edn <\/p>\r\n                                    <\/div>\r\n                            <\/div>\r\n        <\/div>\r\n            <\/div>\r\n    <h6 style=\"display:none;\">&nbsp;<\/h6><\/article>\r\n\t\t\t\t\t<\/div>\r\n\t\t\t    <\/div>\t\t\t<\/div>\r\n\t\t<\/div>\r\n\t\t\t\t\t<div class=\"cshero-control pager-center text-center default\"><\/div>\r\n\t\t\t\t        <div class=\"cshero-nav text-center default\">\r\n            <ul>\r\n                <li class=\"prev\" style=\"left:;\"><\/li>\r\n                <li class=\"next\" style=\"right:;\"><\/li>\r\n            <\/ul>\r\n        <\/div>\r\n    \t\t        <\/div>\r\n[\/vc_column][\/vc_row][vc_row css=\u00bb.vc_custom_1418098750970{margin-bottom: 80px !important;border-bottom-width: 1px !important;padding-bottom: 80px !important;border-bottom-color: #eeeeee !important;border-bottom-style: solid !important;}\u00bb full_width=\u00bbfalse\u00bb parallax_speed=\u00bb0.8&#8243; bg_video_transparent=\u00bb0&#8243; height_engle=\u00bb60px\u00bb height_engle_style2=\u00bb60px\u00bb][vc_column][cs_custom_heading text=\u00bbDEFAULT &#8211; CUSTOMIZED 2&#8243; font_container=\u00bbtag:h2|font_size:30px|text_align:center\u00bb style=\u00bbtitle-bottom-line\u00bb title_bottom_line_width=\u00bb40px\u00bb title_bottom_line_height=\u00bb3px\u00bb title_bottom_line_color=\u00bb#dddddd\u00bb title_bottom_line_margin_bottom=\u00bb40px\u00bb css=\u00bb.vc_custom_1419319057401{margin-bottom: 20px !important;}\u00bb]\t<div id=\"cshero_post_carousel_1777499443_169f27d3348fa6\" class=\"cshero-post-carousel postcarousel-default \">\r\n\t\t<style type=\"text\/css\" scoped>\r\n\t\t\t#cshero_post_carousel_1777499443_169f27d3348fa6 article:hover .cshero-carousel-body{color: !important; background-color: !important; }\r\n\t\t\t#cshero_post_carousel_1777499443_169f27d3348fa6 article:hover .cshero-carousel-title a{color: !important; }\r\n\t\t\t#cshero_post_carousel_1777499443_169f27d3348fa6 .link-wrap a{ color: ;}\r\n\t\t\t#cshero_post_carousel_1777499443_169f27d3348fa6 .link-wrap a:hover{ color: ;}\r\n\t\t\t#cshero_post_carousel_1777499443_169f27d3348fa6 .link-wrap [class*='icon-box-']:hover .fa,\r\n\t\t\t#cshero_post_carousel_1777499443_169f27d3348fa6 .link-wrap [class^='icon-box-']:hover .fa{border-color:;}\r\n\t\t<\/style>\r\n\t            <div class=\"cshero-post-carousel-list \">\r\n            <div id=\"cshero_post_carousel1777499443_169f27d3348fa6\" data-mode=\"horizontal\" data-moveslides=\"3\" data-auto=\"0\" data-speed=\"500\" data-prevselector=\"#cshero_post_carousel_1777499443_169f27d3348fa6 .prev\" data-nextselector=\"#cshero_post_carousel_1777499443_169f27d3348fa6 .next\" data-prevText=\"<i class='fa fa-angle-left'><\/i>\" data-nextText=\"<i class='fa fa-angle-right'><\/i>\" data-pagerSelector=\"#cshero_post_carousel_1777499443_169f27d3348fa6 .cshero-control\" data-onsliderload=\"true\" data-touchenabled=\"1\" data-controls=\"true\" data-pager=\"1\" data-pause=\"4000\" data-infiniteloop=\"true\" data-adaptiveheight=\"true\"  data-autohover=\"true\" data-slidemargin=\"30\" data-maxslides=\"3\" data-minslides=\"1\" data-slidewidth=\"360\" data-slideselector=\"\" data-easing=\"swing\" data-usecss=\"\" data-resize=\"1\" class=\"slider jm-bxslider\">\r\n                <div class=\"cshero-post-carousel-item-wrap\">                \t\t                <div class=\"cshero-shortcode cshero-post-carousel-item content-center\" >\r\n\t\t\t\t\t\t<article class=\"post-15030 post type-post status-publish format-standard has-post-thumbnail hentry category-turismo-rural category-turismo-rural_el-munt\">\r\n    <div class=\"cshero-carousel-container\">\r\n                <div class=\"cshero-carousel-image clearfix\" style=\"width:360px;height:260px;display: block;\">\r\n            <img alt=\"\"  src=\"https:\/\/calbernadas.com\/wp-content\/uploads\/2014\/03\/20140326-BLOC-360x260_c.jpg\" style=\"border-radius:0;-webkit-border-radius:0;-moz-border-radius:0;-ms-border-radius:0;-o-border-radius:0;max-width:100%;\" \/>                    <\/div>\r\n        <div class=\"cshero-carousel-body\" style=\"color:; text-align:center;background-color:;padding:20px 0 0 0;\">\r\n            <div class=\"cshero-carousel-inner clearfix\">\r\n                                <div class=\"cshero-carousel-meta clearfix\">\r\n                                        <span class=\"cshero-carousel-date\" style=\"text-transform:initial;font-weight:400;font-style:;color:;\">\r\n                        25 marzo 2014                    <\/span>\r\n                                                                                                <\/div>\r\n                                                    <h3 class=\"cshero-carousel-title\">\r\n                        <a title=\"\u00a1GRACIAS MARC Y MIREIA!\" href=\"https:\/\/calbernadas.com\/es\/blog\/gracies-marc-i-mireia\/\" rel=\"\" style=\"display:block; color:; margin:0; \">\r\n                            \u00a1GRACIAS MARC Y MIREIA!                        <\/a>\r\n                    <\/h3>\r\n                                \r\n                            <\/div>\r\n        <\/div>\r\n            <\/div>\r\n    <h6 style=\"display:none;\">&nbsp;<\/h6><\/article>\r\n\t\t\t\t\t<\/div>\r\n\t\t\t    <\/div><div class=\"cshero-post-carousel-item-wrap\">                \t\t                <div class=\"cshero-shortcode cshero-post-carousel-item content-center\" >\r\n\t\t\t\t\t\t<article class=\"post-19037 post type-post status-publish format-standard has-post-thumbnail hentry category-celebraciones category-celebraciones_el-munt\">\r\n    <div class=\"cshero-carousel-container\">\r\n                <div class=\"cshero-carousel-image clearfix\" style=\"width:360px;height:260px;display: block;\">\r\n            <img alt=\"\"  src=\"https:\/\/calbernadas.com\/wp-content\/uploads\/2017\/03\/14_140524_3349web-360x260_c.jpg\" style=\"border-radius:0;-webkit-border-radius:0;-moz-border-radius:0;-ms-border-radius:0;-o-border-radius:0;max-width:100%;\" \/>                    <\/div>\r\n        <div class=\"cshero-carousel-body\" style=\"color:; text-align:center;background-color:;padding:20px 0 0 0;\">\r\n            <div class=\"cshero-carousel-inner clearfix\">\r\n                                <div class=\"cshero-carousel-meta clearfix\">\r\n                                        <span class=\"cshero-carousel-date\" style=\"text-transform:initial;font-weight:400;font-style:;color:;\">\r\n                        31 mayo 2014                    <\/span>\r\n                                                                                                <\/div>\r\n                                                    <h3 class=\"cshero-carousel-title\">\r\n                        <a title=\"DOS MUNDOS UNIDOS EN UNO\" href=\"https:\/\/calbernadas.com\/es\/blog\/dos-mons-units\/\" rel=\"\" style=\"display:block; color:; margin:0; \">\r\n                            DOS MUNDOS UNIDOS EN UNO                        <\/a>\r\n                    <\/h3>\r\n                                \r\n                            <\/div>\r\n        <\/div>\r\n            <\/div>\r\n    <h6 style=\"display:none;\">&nbsp;<\/h6><\/article>\r\n\t\t\t\t\t<\/div>\r\n\t\t\t    <\/div><div class=\"cshero-post-carousel-item-wrap\">                \t\t                <div class=\"cshero-shortcode cshero-post-carousel-item content-center\" >\r\n\t\t\t\t\t\t<article class=\"post-19031 post type-post status-publish format-standard has-post-thumbnail hentry category-celebraciones category-celebraciones_el-munt category-celebraciones_wedding-planner\">\r\n    <div class=\"cshero-carousel-container\">\r\n                <div class=\"cshero-carousel-image clearfix\" style=\"width:360px;height:260px;display: block;\">\r\n            <img alt=\"\"  src=\"https:\/\/calbernadas.com\/wp-content\/uploads\/2017\/03\/JJ_TOP_195-360x260_c.jpg\" style=\"border-radius:0;-webkit-border-radius:0;-moz-border-radius:0;-ms-border-radius:0;-o-border-radius:0;max-width:100%;\" \/>                    <\/div>\r\n        <div class=\"cshero-carousel-body\" style=\"color:; text-align:center;background-color:;padding:20px 0 0 0;\">\r\n            <div class=\"cshero-carousel-inner clearfix\">\r\n                                <div class=\"cshero-carousel-meta clearfix\">\r\n                                        <span class=\"cshero-carousel-date\" style=\"text-transform:initial;font-weight:400;font-style:;color:;\">\r\n                        08 julio 2014                    <\/span>\r\n                                                                                                <\/div>\r\n                                                    <h3 class=\"cshero-carousel-title\">\r\n                        <a title=\"IT&#8217;S RAINING, BE HAPPY!\" href=\"https:\/\/calbernadas.com\/es\/blog\/its-raining-be-happy-2\/\" rel=\"\" style=\"display:block; color:; margin:0; \">\r\n                            IT&#8217;S RAINING, BE HAPPY!                        <\/a>\r\n                    <\/h3>\r\n                                \r\n                            <\/div>\r\n        <\/div>\r\n            <\/div>\r\n    <h6 style=\"display:none;\">&nbsp;<\/h6><\/article>\r\n\t\t\t\t\t<\/div>\r\n\t\t\t    <\/div><div class=\"cshero-post-carousel-item-wrap\">                \t\t                <div class=\"cshero-shortcode cshero-post-carousel-item content-center\" >\r\n\t\t\t\t\t\t<article class=\"post-19019 post type-post status-publish format-standard has-post-thumbnail hentry category-celebraciones category-celebraciones_el-munt category-celebraciones_wedding-planner\">\r\n    <div class=\"cshero-carousel-container\">\r\n                <div class=\"cshero-carousel-image clearfix\" style=\"width:360px;height:260px;display: block;\">\r\n            <img alt=\"\"  src=\"https:\/\/calbernadas.com\/wp-content\/uploads\/2017\/06\/05-Wedding-Cal-Bernadas-564-360x260_c.jpg\" style=\"border-radius:0;-webkit-border-radius:0;-moz-border-radius:0;-ms-border-radius:0;-o-border-radius:0;max-width:100%;\" \/>                    <\/div>\r\n        <div class=\"cshero-carousel-body\" style=\"color:; text-align:center;background-color:;padding:20px 0 0 0;\">\r\n            <div class=\"cshero-carousel-inner clearfix\">\r\n                                <div class=\"cshero-carousel-meta clearfix\">\r\n                                        <span class=\"cshero-carousel-date\" style=\"text-transform:initial;font-weight:400;font-style:;color:;\">\r\n                        10 diciembre 2014                    <\/span>\r\n                                                                                                <\/div>\r\n                                                    <h3 class=\"cshero-carousel-title\">\r\n                        <a title=\"KRISTY&#038;MARK. CUANDO EMPIEZA EL D\u00cdA \u00abB\u00bb?\" href=\"https:\/\/calbernadas.com\/es\/blog\/kristymark-cuando-empieza-dia-b\/\" rel=\"\" style=\"display:block; color:; margin:0; \">\r\n                            KRISTY&#038;MARK. CUANDO EMPIEZA EL D\u00cdA \u00abB\u00bb?                        <\/a>\r\n                    <\/h3>\r\n                                \r\n                            <\/div>\r\n        <\/div>\r\n            <\/div>\r\n    <h6 style=\"display:none;\">&nbsp;<\/h6><\/article>\r\n\t\t\t\t\t<\/div>\r\n\t\t\t    <\/div><div class=\"cshero-post-carousel-item-wrap\">                \t\t                <div class=\"cshero-shortcode cshero-post-carousel-item content-center\" >\r\n\t\t\t\t\t\t<article class=\"post-19026 post type-post status-publish format-standard has-post-thumbnail hentry category-celebraciones category-celebraciones_el-munt category-celebraciones_wedding-planner\">\r\n    <div class=\"cshero-carousel-container\">\r\n                <div class=\"cshero-carousel-image clearfix\" style=\"width:360px;height:260px;display: block;\">\r\n            <img alt=\"\"  src=\"https:\/\/calbernadas.com\/wp-content\/uploads\/2017\/06\/05-Wedding-Cal-Bernadas-197a-360x260_c.jpg\" style=\"border-radius:0;-webkit-border-radius:0;-moz-border-radius:0;-ms-border-radius:0;-o-border-radius:0;max-width:100%;\" \/>                    <\/div>\r\n        <div class=\"cshero-carousel-body\" style=\"color:; text-align:center;background-color:;padding:20px 0 0 0;\">\r\n            <div class=\"cshero-carousel-inner clearfix\">\r\n                                <div class=\"cshero-carousel-meta clearfix\">\r\n                                        <span class=\"cshero-carousel-date\" style=\"text-transform:initial;font-weight:400;font-style:;color:;\">\r\n                        10 diciembre 2014                    <\/span>\r\n                                                                                                <\/div>\r\n                                                    <h3 class=\"cshero-carousel-title\">\r\n                        <a title=\"KRISTY&#038;MARK. FUN, FUN, FUN!\" href=\"https:\/\/calbernadas.com\/es\/blog\/kristymark-fun-fun-fun\/\" rel=\"\" style=\"display:block; color:; margin:0; \">\r\n                            KRISTY&#038;MARK. FUN, FUN, FUN!                        <\/a>\r\n                    <\/h3>\r\n                                \r\n                            <\/div>\r\n        <\/div>\r\n            <\/div>\r\n    <h6 style=\"display:none;\">&nbsp;<\/h6><\/article>\r\n\t\t\t\t\t<\/div>\r\n\t\t\t    <\/div><div class=\"cshero-post-carousel-item-wrap\">                \t\t                <div class=\"cshero-shortcode cshero-post-carousel-item content-center\" >\r\n\t\t\t\t\t\t<article class=\"post-19015 post type-post status-publish format-standard has-post-thumbnail hentry category-celebraciones category-celebraciones_el-munt category-celebraciones_wedding-planner\">\r\n    <div class=\"cshero-carousel-container\">\r\n                <div class=\"cshero-carousel-image clearfix\" style=\"width:360px;height:260px;display: block;\">\r\n            <img alt=\"\"  src=\"https:\/\/calbernadas.com\/wp-content\/uploads\/2017\/03\/ErnestaTadas_-33-360x260_c.jpg\" style=\"border-radius:0;-webkit-border-radius:0;-moz-border-radius:0;-ms-border-radius:0;-o-border-radius:0;max-width:100%;\" \/>                    <\/div>\r\n        <div class=\"cshero-carousel-body\" style=\"color:; text-align:center;background-color:;padding:20px 0 0 0;\">\r\n            <div class=\"cshero-carousel-inner clearfix\">\r\n                                <div class=\"cshero-carousel-meta clearfix\">\r\n                                        <span class=\"cshero-carousel-date\" style=\"text-transform:initial;font-weight:400;font-style:;color:;\">\r\n                        19 diciembre 2014                    <\/span>\r\n                                                                                                <\/div>\r\n                                                    <h3 class=\"cshero-carousel-title\">\r\n                        <a title=\"DE LITUANIA DIRECTO A EL MUNT\" href=\"https:\/\/calbernadas.com\/es\/blog\/lituania-directo-munt\/\" rel=\"\" style=\"display:block; color:; margin:0; \">\r\n                            DE LITUANIA DIRECTO A EL MUNT                        <\/a>\r\n                    <\/h3>\r\n                                \r\n                            <\/div>\r\n        <\/div>\r\n            <\/div>\r\n    <h6 style=\"display:none;\">&nbsp;<\/h6><\/article>\r\n\t\t\t\t\t<\/div>\r\n\t\t\t    <\/div><div class=\"cshero-post-carousel-item-wrap\">                \t\t                <div class=\"cshero-shortcode cshero-post-carousel-item content-center\" >\r\n\t\t\t\t\t\t<article class=\"post-19002 post type-post status-publish format-standard has-post-thumbnail hentry category-celebraciones category-celebraciones_el-munt\">\r\n    <div class=\"cshero-carousel-container\">\r\n                <div class=\"cshero-carousel-image clearfix\" style=\"width:360px;height:260px;display: block;\">\r\n            <img alt=\"\"  src=\"https:\/\/calbernadas.com\/wp-content\/uploads\/2017\/03\/Casament_AnnaFeliu_El-Munt-23-360x260_c.jpg\" style=\"border-radius:0;-webkit-border-radius:0;-moz-border-radius:0;-ms-border-radius:0;-o-border-radius:0;max-width:100%;\" \/>                    <\/div>\r\n        <div class=\"cshero-carousel-body\" style=\"color:; text-align:center;background-color:;padding:20px 0 0 0;\">\r\n            <div class=\"cshero-carousel-inner clearfix\">\r\n                                <div class=\"cshero-carousel-meta clearfix\">\r\n                                        <span class=\"cshero-carousel-date\" style=\"text-transform:initial;font-weight:400;font-style:;color:;\">\r\n                        01 junio 2015                    <\/span>\r\n                                                                                                <\/div>\r\n                                                    <h3 class=\"cshero-carousel-title\">\r\n                        <a title=\"ANNA&#038;FELIU. ESTRENAMOS TEMPORADA BLOGUERA!\" href=\"https:\/\/calbernadas.com\/es\/blog\/annafeliu-estrenamos-temporada-bloguera\/\" rel=\"\" style=\"display:block; color:; margin:0; \">\r\n                            ANNA&#038;FELIU. ESTRENAMOS TEMPORADA BLOGUERA!                        <\/a>\r\n                    <\/h3>\r\n                                \r\n                            <\/div>\r\n        <\/div>\r\n            <\/div>\r\n    <h6 style=\"display:none;\">&nbsp;<\/h6><\/article>\r\n\t\t\t\t\t<\/div>\r\n\t\t\t    <\/div><div class=\"cshero-post-carousel-item-wrap\">                \t\t                <div class=\"cshero-shortcode cshero-post-carousel-item content-center\" >\r\n\t\t\t\t\t\t<article class=\"post-19000 post type-post status-publish format-standard has-post-thumbnail hentry category-celebraciones category-celebraciones_el-munt\">\r\n    <div class=\"cshero-carousel-container\">\r\n                <div class=\"cshero-carousel-image clearfix\" style=\"width:360px;height:260px;display: block;\">\r\n            <img alt=\"\"  src=\"https:\/\/calbernadas.com\/wp-content\/uploads\/2017\/03\/Casament_MartaJosep_El-Munt-11-360x260_c.jpg\" style=\"border-radius:0;-webkit-border-radius:0;-moz-border-radius:0;-ms-border-radius:0;-o-border-radius:0;max-width:100%;\" \/>                    <\/div>\r\n        <div class=\"cshero-carousel-body\" style=\"color:; text-align:center;background-color:;padding:20px 0 0 0;\">\r\n            <div class=\"cshero-carousel-inner clearfix\">\r\n                                <div class=\"cshero-carousel-meta clearfix\">\r\n                                        <span class=\"cshero-carousel-date\" style=\"text-transform:initial;font-weight:400;font-style:;color:;\">\r\n                        15 junio 2015                    <\/span>\r\n                                                                                                <\/div>\r\n                                                    <h3 class=\"cshero-carousel-title\">\r\n                        <a title=\"MARTA&#038;JOSEP. \u00a1PRIMAVERA EN ESTADO PURO!\" href=\"https:\/\/calbernadas.com\/es\/blog\/martajosep-primavera-estado-puro\/\" rel=\"\" style=\"display:block; color:; margin:0; \">\r\n                            MARTA&#038;JOSEP. \u00a1PRIMAVERA EN ESTADO PURO!                        <\/a>\r\n                    <\/h3>\r\n                                \r\n                            <\/div>\r\n        <\/div>\r\n            <\/div>\r\n    <h6 style=\"display:none;\">&nbsp;<\/h6><\/article>\r\n\t\t\t\t\t<\/div>\r\n\t\t\t    <\/div><div class=\"cshero-post-carousel-item-wrap\">                \t\t                <div class=\"cshero-shortcode cshero-post-carousel-item content-center\" >\r\n\t\t\t\t\t\t<article class=\"post-18997 post type-post status-publish format-standard has-post-thumbnail hentry category-celebraciones category-celebraciones_el-munt\">\r\n    <div class=\"cshero-carousel-container\">\r\n                <div class=\"cshero-carousel-image clearfix\" style=\"width:360px;height:260px;display: block;\">\r\n            <img alt=\"\"  src=\"https:\/\/calbernadas.com\/wp-content\/uploads\/2017\/04\/15061-1004A-360x260_c.jpg\" style=\"border-radius:0;-webkit-border-radius:0;-moz-border-radius:0;-ms-border-radius:0;-o-border-radius:0;max-width:100%;\" \/>                    <\/div>\r\n        <div class=\"cshero-carousel-body\" style=\"color:; text-align:center;background-color:;padding:20px 0 0 0;\">\r\n            <div class=\"cshero-carousel-inner clearfix\">\r\n                                <div class=\"cshero-carousel-meta clearfix\">\r\n                                        <span class=\"cshero-carousel-date\" style=\"text-transform:initial;font-weight:400;font-style:;color:;\">\r\n                        15 septiembre 2015                    <\/span>\r\n                                                                                                <\/div>\r\n                                                    <h3 class=\"cshero-carousel-title\">\r\n                        <a title=\"TANIA&#038;GUILLE. FLYING&#8230; TO EL MUNT!\" href=\"https:\/\/calbernadas.com\/es\/blog\/taniaguille-flying-to-munt\/\" rel=\"\" style=\"display:block; color:; margin:0; \">\r\n                            TANIA&#038;GUILLE. FLYING&#8230; TO EL MUNT!                        <\/a>\r\n                    <\/h3>\r\n                                \r\n                            <\/div>\r\n        <\/div>\r\n            <\/div>\r\n    <h6 style=\"display:none;\">&nbsp;<\/h6><\/article>\r\n\t\t\t\t\t<\/div>\r\n\t\t\t    <\/div><div class=\"cshero-post-carousel-item-wrap\">                \t\t                <div class=\"cshero-shortcode cshero-post-carousel-item content-center\" >\r\n\t\t\t\t\t\t<article class=\"post-18994 post type-post status-publish format-standard has-post-thumbnail hentry category-celebraciones category-celebraciones_el-munt\">\r\n    <div class=\"cshero-carousel-container\">\r\n                <div class=\"cshero-carousel-image clearfix\" style=\"width:360px;height:260px;display: block;\">\r\n            <img alt=\"\"  src=\"https:\/\/calbernadas.com\/wp-content\/uploads\/2017\/03\/Casament_AudreyJohn_El-Munt-13-360x260_c.jpg\" style=\"border-radius:0;-webkit-border-radius:0;-moz-border-radius:0;-ms-border-radius:0;-o-border-radius:0;max-width:100%;\" \/>                    <\/div>\r\n        <div class=\"cshero-carousel-body\" style=\"color:; text-align:center;background-color:;padding:20px 0 0 0;\">\r\n            <div class=\"cshero-carousel-inner clearfix\">\r\n                                <div class=\"cshero-carousel-meta clearfix\">\r\n                                        <span class=\"cshero-carousel-date\" style=\"text-transform:initial;font-weight:400;font-style:;color:;\">\r\n                        20 septiembre 2015                    <\/span>\r\n                                                                                                <\/div>\r\n                                                    <h3 class=\"cshero-carousel-title\">\r\n                        <a title=\"AUDREY&#038;JOHN. HAPPY 1ST YEAR!\" href=\"https:\/\/calbernadas.com\/es\/blog\/audreyjohn-happy-1st-year-2\/\" rel=\"\" style=\"display:block; color:; margin:0; \">\r\n                            AUDREY&#038;JOHN. HAPPY 1ST YEAR!                        <\/a>\r\n                    <\/h3>\r\n                                \r\n                            <\/div>\r\n        <\/div>\r\n            <\/div>\r\n    <h6 style=\"display:none;\">&nbsp;<\/h6><\/article>\r\n\t\t\t\t\t<\/div>\r\n\t\t\t    <\/div><div class=\"cshero-post-carousel-item-wrap\">                \t\t                <div class=\"cshero-shortcode cshero-post-carousel-item content-center\" >\r\n\t\t\t\t\t\t<article class=\"post-18944 post type-post status-publish format-standard has-post-thumbnail hentry category-turismo-rural category-turismo-rural_el-munt\">\r\n    <div class=\"cshero-carousel-container\">\r\n                <div class=\"cshero-carousel-image clearfix\" style=\"width:360px;height:260px;display: block;\">\r\n            <img alt=\"\"  src=\"https:\/\/calbernadas.com\/wp-content\/uploads\/2017\/03\/Montse-Giralt2-360x260_c.jpg\" style=\"border-radius:0;-webkit-border-radius:0;-moz-border-radius:0;-ms-border-radius:0;-o-border-radius:0;max-width:100%;\" \/>                    <\/div>\r\n        <div class=\"cshero-carousel-body\" style=\"color:; text-align:center;background-color:;padding:20px 0 0 0;\">\r\n            <div class=\"cshero-carousel-inner clearfix\">\r\n                                <div class=\"cshero-carousel-meta clearfix\">\r\n                                        <span class=\"cshero-carousel-date\" style=\"text-transform:initial;font-weight:400;font-style:;color:;\">\r\n                        11 enero 2016                    <\/span>\r\n                                                                                                <\/div>\r\n                                                    <h3 class=\"cshero-carousel-title\">\r\n                        <a title=\"FLOW\" href=\"https:\/\/calbernadas.com\/es\/blog\/flow-2\/\" rel=\"\" style=\"display:block; color:; margin:0; \">\r\n                            FLOW                        <\/a>\r\n                    <\/h3>\r\n                                \r\n                            <\/div>\r\n        <\/div>\r\n            <\/div>\r\n    <h6 style=\"display:none;\">&nbsp;<\/h6><\/article>\r\n\t\t\t\t\t<\/div>\r\n\t\t\t    <\/div><div class=\"cshero-post-carousel-item-wrap\">                \t\t                <div class=\"cshero-shortcode cshero-post-carousel-item content-center\" >\r\n\t\t\t\t\t\t<article class=\"post-18828 post type-post status-publish format-standard has-post-thumbnail hentry category-celebraciones category-celebraciones_el-munt category-uncategorized-ca\">\r\n    <div class=\"cshero-carousel-container\">\r\n                <div class=\"cshero-carousel-image clearfix\" style=\"width:360px;height:260px;display: block;\">\r\n            <img alt=\"\"  src=\"https:\/\/calbernadas.com\/wp-content\/uploads\/2017\/07\/BODAJUANANMIREIA-461A.-Boda-el-Munt.-Mireia-i-Juanan-360x260_c.jpg\" style=\"border-radius:0;-webkit-border-radius:0;-moz-border-radius:0;-ms-border-radius:0;-o-border-radius:0;max-width:100%;\" \/>                    <\/div>\r\n        <div class=\"cshero-carousel-body\" style=\"color:; text-align:center;background-color:;padding:20px 0 0 0;\">\r\n            <div class=\"cshero-carousel-inner clearfix\">\r\n                                <div class=\"cshero-carousel-meta clearfix\">\r\n                                        <span class=\"cshero-carousel-date\" style=\"text-transform:initial;font-weight:400;font-style:;color:;\">\r\n                        25 enero 2016                    <\/span>\r\n                                                                                                <\/div>\r\n                                                    <h3 class=\"cshero-carousel-title\">\r\n                        <a title=\"MIREIA&#038;JUANAN. UNA PAREJA ENCANTADORA\" href=\"https:\/\/calbernadas.com\/es\/blog\/mireiajuanan-una-parella-molt-bonica\/\" rel=\"\" style=\"display:block; color:; margin:0; \">\r\n                            MIREIA&#038;JUANAN. UNA PAREJA ENCANTADORA                        <\/a>\r\n                    <\/h3>\r\n                                \r\n                            <\/div>\r\n        <\/div>\r\n            <\/div>\r\n    <h6 style=\"display:none;\">&nbsp;<\/h6><\/article>\r\n\t\t\t\t\t<\/div>\r\n\t\t\t    <\/div>\t\t\t<\/div>\r\n\t\t<\/div>\r\n\t\t\t\t\t<div class=\"cshero-control pager-center text-center default\"><\/div>\r\n\t\t\t\t        <div class=\"cshero-nav text-center default\">\r\n            <ul>\r\n                <li class=\"prev\" style=\"left:;\"><\/li>\r\n                <li class=\"next\" style=\"right:;\"><\/li>\r\n            <\/ul>\r\n        <\/div>\r\n    \t\t        <\/div>\r\n[\/vc_column][\/vc_row][vc_row css=\u00bb.vc_custom_1418098734267{margin-bottom: 80px !important;border-bottom-width: 1px !important;padding-bottom: 80px !important;border-bottom-color: #eeeeee !important;border-bottom-style: solid !important;}\u00bb full_width=\u00bbfalse\u00bb parallax_speed=\u00bb0.8&#8243; bg_video_transparent=\u00bb0&#8243; height_engle=\u00bb60px\u00bb height_engle_style2=\u00bb60px\u00bb][vc_column][cs_custom_heading text=\u00bbDEFAULT &#8211; CUSTOMIZED 3&#8243; font_container=\u00bbtag:h2|font_size:30px|text_align:center\u00bb style=\u00bbtitle-bottom-line\u00bb title_bottom_line_width=\u00bb40px\u00bb title_bottom_line_height=\u00bb3px\u00bb title_bottom_line_color=\u00bb#dddddd\u00bb title_bottom_line_margin_bottom=\u00bb40px\u00bb css=\u00bb.vc_custom_1419320140440{margin-bottom: 20px !important;}\u00bb]\t<div id=\"cshero_post_carousel_1777499443_169f27d3356869\" class=\"cshero-post-carousel postcarousel-default \">\r\n\t\t<style type=\"text\/css\" scoped>\r\n\t\t\t#cshero_post_carousel_1777499443_169f27d3356869 article:hover .cshero-carousel-body{color: !important; background-color: !important; }\r\n\t\t\t#cshero_post_carousel_1777499443_169f27d3356869 article:hover .cshero-carousel-title a{color: !important; }\r\n\t\t\t#cshero_post_carousel_1777499443_169f27d3356869 .link-wrap a{ color: #333333;}\r\n\t\t\t#cshero_post_carousel_1777499443_169f27d3356869 .link-wrap a:hover{ color: ;}\r\n\t\t\t#cshero_post_carousel_1777499443_169f27d3356869 .link-wrap [class*='icon-box-']:hover .fa,\r\n\t\t\t#cshero_post_carousel_1777499443_169f27d3356869 .link-wrap [class^='icon-box-']:hover .fa{border-color:;}\r\n\t\t<\/style>\r\n\t            <div class=\"cshero-post-carousel-list \">\r\n            <div id=\"cshero_post_carousel1777499443_169f27d3356869\" data-mode=\"horizontal\" data-moveslides=\"3\" data-auto=\"0\" data-speed=\"500\" data-prevselector=\"#cshero_post_carousel_1777499443_169f27d3356869 .prev\" data-nextselector=\"#cshero_post_carousel_1777499443_169f27d3356869 .next\" data-prevText=\"<i class='fa fa-angle-left'><\/i>\" data-nextText=\"<i class='fa fa-angle-right'><\/i>\" data-pagerSelector=\"#cshero_post_carousel_1777499443_169f27d3356869 .cshero-control\" data-onsliderload=\"true\" data-touchenabled=\"1\" data-controls=\"true\" data-pager=\"1\" data-pause=\"4000\" data-infiniteloop=\"true\" data-adaptiveheight=\"true\"  data-autohover=\"true\" data-slidemargin=\"30\" data-maxslides=\"3\" data-minslides=\"1\" data-slidewidth=\"360\" data-slideselector=\"\" data-easing=\"swing\" data-usecss=\"\" data-resize=\"1\" class=\"slider jm-bxslider\">\r\n                <div class=\"cshero-post-carousel-item-wrap\">                \t\t                <div class=\"cshero-shortcode cshero-post-carousel-item content-center\" >\r\n\t\t\t\t\t\t<article class=\"post-15030 post type-post status-publish format-standard has-post-thumbnail hentry category-turismo-rural category-turismo-rural_el-munt\">\r\n    <div class=\"cshero-carousel-container\">\r\n                <div class=\"cshero-carousel-image clearfix\" style=\"width:360px;height:260px;display: block;\">\r\n            <img alt=\"\"  src=\"https:\/\/calbernadas.com\/wp-content\/uploads\/2014\/03\/20140326-BLOC-360x260_c.jpg\" style=\"border-radius:0;-webkit-border-radius:0;-moz-border-radius:0;-ms-border-radius:0;-o-border-radius:0;max-width:100%;\" \/>                            <div class=\"overlay \" style=\"z-index:4;border-radius:0;-webkit-border-radius:0;-moz-border-radius:0;-ms-border-radius:0;-o-border-radius:0;background-color:rgba(255,255,255,0.8);color:;width:360px;height:260px;max-width:100%;\">\r\n                    <div class=\"overlay-content\">\r\n                        <div class=\"link-wrap\">\r\n                                                <a class=\"icon-link colorbox icon-button\" title=\"\" href=\"https:\/\/calbernadas.com\/wp-content\/uploads\/2014\/03\/20140326-BLOC.jpg\"  data-rel=\"lightbox-image-12\" data-rl_title=\"\" data-rl_caption=\"\"><i class=\"fa fa-search\"><\/i><\/a>                        <\/div>\r\n                    <\/div>\r\n                <\/div>\r\n                    <\/div>\r\n        <div class=\"cshero-carousel-body\" style=\"color:; text-align:center;background-color:;padding:20px 0 0 0;\">\r\n            <div class=\"cshero-carousel-inner clearfix\">\r\n                                <div class=\"cshero-carousel-meta clearfix\">\r\n                                        <span class=\"cshero-carousel-date\" style=\"text-transform:initial;font-weight:400;font-style:;color:;\">\r\n                        25 Mar 2014                    <\/span>\r\n                                                                                                <\/div>\r\n                                                    <h5 class=\"cshero-carousel-title\">\r\n                        <a title=\"\u00a1GRACIAS MARC Y MIREIA!\" href=\"https:\/\/calbernadas.com\/es\/blog\/gracies-marc-i-mireia\/\" rel=\"\" style=\"display:block; color:; margin:0; \">\r\n                            \u00a1GRACIAS MARC Y MIREIA!                        <\/a>\r\n                    <\/h5>\r\n                                \r\n                                <div class=\"cshero-carousel-post-description\">\r\n                                            <p>[vc_row][vc_column][vc_column_text]\r\nHace unos cuantos d\u00edas que asistimos a la Fira de Novios <\/p>\r\n                                    <\/div>\r\n                            <\/div>\r\n        <\/div>\r\n            <\/div>\r\n    <h6 style=\"display:none;\">&nbsp;<\/h6><\/article>\r\n\t\t\t\t\t<\/div>\r\n\t\t\t    <\/div><div class=\"cshero-post-carousel-item-wrap\">                \t\t                <div class=\"cshero-shortcode cshero-post-carousel-item content-center\" >\r\n\t\t\t\t\t\t<article class=\"post-19037 post type-post status-publish format-standard has-post-thumbnail hentry category-celebraciones category-celebraciones_el-munt\">\r\n    <div class=\"cshero-carousel-container\">\r\n                <div class=\"cshero-carousel-image clearfix\" style=\"width:360px;height:260px;display: block;\">\r\n            <img alt=\"\"  src=\"https:\/\/calbernadas.com\/wp-content\/uploads\/2017\/03\/14_140524_3349web-360x260_c.jpg\" style=\"border-radius:0;-webkit-border-radius:0;-moz-border-radius:0;-ms-border-radius:0;-o-border-radius:0;max-width:100%;\" \/>                            <div class=\"overlay \" style=\"z-index:4;border-radius:0;-webkit-border-radius:0;-moz-border-radius:0;-ms-border-radius:0;-o-border-radius:0;background-color:rgba(255,255,255,0.8);color:;width:360px;height:260px;max-width:100%;\">\r\n                    <div class=\"overlay-content\">\r\n                        <div class=\"link-wrap\">\r\n                                                <a class=\"icon-link colorbox icon-button\" title=\"\" href=\"https:\/\/calbernadas.com\/wp-content\/uploads\/2017\/03\/14_140524_3349web.jpg\"  data-rel=\"lightbox-image-13\" data-rl_title=\"\" data-rl_caption=\"\"><i class=\"fa fa-search\"><\/i><\/a>                        <\/div>\r\n                    <\/div>\r\n                <\/div>\r\n                    <\/div>\r\n        <div class=\"cshero-carousel-body\" style=\"color:; text-align:center;background-color:;padding:20px 0 0 0;\">\r\n            <div class=\"cshero-carousel-inner clearfix\">\r\n                                <div class=\"cshero-carousel-meta clearfix\">\r\n                                        <span class=\"cshero-carousel-date\" style=\"text-transform:initial;font-weight:400;font-style:;color:;\">\r\n                        31 May 2014                    <\/span>\r\n                                                                                                <\/div>\r\n                                                    <h5 class=\"cshero-carousel-title\">\r\n                        <a title=\"DOS MUNDOS UNIDOS EN UNO\" href=\"https:\/\/calbernadas.com\/es\/blog\/dos-mons-units\/\" rel=\"\" style=\"display:block; color:; margin:0; \">\r\n                            DOS MUNDOS UNIDOS EN UNO                        <\/a>\r\n                    <\/h5>\r\n                                \r\n                                <div class=\"cshero-carousel-post-description\">\r\n                                            <p>[vc_row][vc_column][vc_column_text]\r\nQu\u00e9 nada mejor que ense\u00f1aros algunas de las fotos del gran <\/p>\r\n                                    <\/div>\r\n                            <\/div>\r\n        <\/div>\r\n            <\/div>\r\n    <h6 style=\"display:none;\">&nbsp;<\/h6><\/article>\r\n\t\t\t\t\t<\/div>\r\n\t\t\t    <\/div><div class=\"cshero-post-carousel-item-wrap\">                \t\t                <div class=\"cshero-shortcode cshero-post-carousel-item content-center\" >\r\n\t\t\t\t\t\t<article class=\"post-19031 post type-post status-publish format-standard has-post-thumbnail hentry category-celebraciones category-celebraciones_el-munt category-celebraciones_wedding-planner\">\r\n    <div class=\"cshero-carousel-container\">\r\n                <div class=\"cshero-carousel-image clearfix\" style=\"width:360px;height:260px;display: block;\">\r\n            <img alt=\"\"  src=\"https:\/\/calbernadas.com\/wp-content\/uploads\/2017\/03\/JJ_TOP_195-360x260_c.jpg\" style=\"border-radius:0;-webkit-border-radius:0;-moz-border-radius:0;-ms-border-radius:0;-o-border-radius:0;max-width:100%;\" \/>                            <div class=\"overlay \" style=\"z-index:4;border-radius:0;-webkit-border-radius:0;-moz-border-radius:0;-ms-border-radius:0;-o-border-radius:0;background-color:rgba(255,255,255,0.8);color:;width:360px;height:260px;max-width:100%;\">\r\n                    <div class=\"overlay-content\">\r\n                        <div class=\"link-wrap\">\r\n                                                <a class=\"icon-link colorbox icon-button\" title=\"\" href=\"https:\/\/calbernadas.com\/wp-content\/uploads\/2017\/03\/JJ_TOP_195.jpg\"  data-rel=\"lightbox-image-14\" data-rl_title=\"\" data-rl_caption=\"\"><i class=\"fa fa-search\"><\/i><\/a>                        <\/div>\r\n                    <\/div>\r\n                <\/div>\r\n                    <\/div>\r\n        <div class=\"cshero-carousel-body\" style=\"color:; text-align:center;background-color:;padding:20px 0 0 0;\">\r\n            <div class=\"cshero-carousel-inner clearfix\">\r\n                                <div class=\"cshero-carousel-meta clearfix\">\r\n                                        <span class=\"cshero-carousel-date\" style=\"text-transform:initial;font-weight:400;font-style:;color:;\">\r\n                        08 Jul 2014                    <\/span>\r\n                                                                                                <\/div>\r\n                                                    <h5 class=\"cshero-carousel-title\">\r\n                        <a title=\"IT&#8217;S RAINING, BE HAPPY!\" href=\"https:\/\/calbernadas.com\/es\/blog\/its-raining-be-happy-2\/\" rel=\"\" style=\"display:block; color:; margin:0; \">\r\n                            IT&#8217;S RAINING, BE HAPPY!                        <\/a>\r\n                    <\/h5>\r\n                                \r\n                                <div class=\"cshero-carousel-post-description\">\r\n                                            <p>[vc_row][vc_column][vc_column_text]La Joanna y el Julian son una pareja sueco chilena que se <\/p>\r\n                                    <\/div>\r\n                            <\/div>\r\n        <\/div>\r\n            <\/div>\r\n    <h6 style=\"display:none;\">&nbsp;<\/h6><\/article>\r\n\t\t\t\t\t<\/div>\r\n\t\t\t    <\/div><div class=\"cshero-post-carousel-item-wrap\">                \t\t                <div class=\"cshero-shortcode cshero-post-carousel-item content-center\" >\r\n\t\t\t\t\t\t<article class=\"post-19019 post type-post status-publish format-standard has-post-thumbnail hentry category-celebraciones category-celebraciones_el-munt category-celebraciones_wedding-planner\">\r\n    <div class=\"cshero-carousel-container\">\r\n                <div class=\"cshero-carousel-image clearfix\" style=\"width:360px;height:260px;display: block;\">\r\n            <img alt=\"\"  src=\"https:\/\/calbernadas.com\/wp-content\/uploads\/2017\/06\/05-Wedding-Cal-Bernadas-564-360x260_c.jpg\" style=\"border-radius:0;-webkit-border-radius:0;-moz-border-radius:0;-ms-border-radius:0;-o-border-radius:0;max-width:100%;\" \/>                            <div class=\"overlay \" style=\"z-index:4;border-radius:0;-webkit-border-radius:0;-moz-border-radius:0;-ms-border-radius:0;-o-border-radius:0;background-color:rgba(255,255,255,0.8);color:;width:360px;height:260px;max-width:100%;\">\r\n                    <div class=\"overlay-content\">\r\n                        <div class=\"link-wrap\">\r\n                                                <a class=\"icon-link colorbox icon-button\" title=\"\" href=\"https:\/\/calbernadas.com\/wp-content\/uploads\/2017\/06\/05-Wedding-Cal-Bernadas-564.jpg\"  data-rel=\"lightbox-image-15\" data-rl_title=\"\" data-rl_caption=\"\"><i class=\"fa fa-search\"><\/i><\/a>                        <\/div>\r\n                    <\/div>\r\n                <\/div>\r\n                    <\/div>\r\n        <div class=\"cshero-carousel-body\" style=\"color:; text-align:center;background-color:;padding:20px 0 0 0;\">\r\n            <div class=\"cshero-carousel-inner clearfix\">\r\n                                <div class=\"cshero-carousel-meta clearfix\">\r\n                                        <span class=\"cshero-carousel-date\" style=\"text-transform:initial;font-weight:400;font-style:;color:;\">\r\n                        10 Dic 2014                    <\/span>\r\n                                                                                                <\/div>\r\n                                                    <h5 class=\"cshero-carousel-title\">\r\n                        <a title=\"KRISTY&#038;MARK. CUANDO EMPIEZA EL D\u00cdA \u00abB\u00bb?\" href=\"https:\/\/calbernadas.com\/es\/blog\/kristymark-cuando-empieza-dia-b\/\" rel=\"\" style=\"display:block; color:; margin:0; \">\r\n                            KRISTY&#038;MARK. CUANDO EMPIEZA EL D\u00cdA \u00abB\u00bb?                        <\/a>\r\n                    <\/h5>\r\n                                \r\n                                <div class=\"cshero-carousel-post-description\">\r\n                                            <p>[vc_row][vc_column][vc_column_text]\u00bfCuando empieza el d\u00eda \"B\"? \u00bfA la entrada del novio en la <\/p>\r\n                                    <\/div>\r\n                            <\/div>\r\n        <\/div>\r\n            <\/div>\r\n    <h6 style=\"display:none;\">&nbsp;<\/h6><\/article>\r\n\t\t\t\t\t<\/div>\r\n\t\t\t    <\/div><div class=\"cshero-post-carousel-item-wrap\">                \t\t                <div class=\"cshero-shortcode cshero-post-carousel-item content-center\" >\r\n\t\t\t\t\t\t<article class=\"post-19026 post type-post status-publish format-standard has-post-thumbnail hentry category-celebraciones category-celebraciones_el-munt category-celebraciones_wedding-planner\">\r\n    <div class=\"cshero-carousel-container\">\r\n                <div class=\"cshero-carousel-image clearfix\" style=\"width:360px;height:260px;display: block;\">\r\n            <img alt=\"\"  src=\"https:\/\/calbernadas.com\/wp-content\/uploads\/2017\/06\/05-Wedding-Cal-Bernadas-197a-360x260_c.jpg\" style=\"border-radius:0;-webkit-border-radius:0;-moz-border-radius:0;-ms-border-radius:0;-o-border-radius:0;max-width:100%;\" \/>                            <div class=\"overlay \" style=\"z-index:4;border-radius:0;-webkit-border-radius:0;-moz-border-radius:0;-ms-border-radius:0;-o-border-radius:0;background-color:rgba(255,255,255,0.8);color:;width:360px;height:260px;max-width:100%;\">\r\n                    <div class=\"overlay-content\">\r\n                        <div class=\"link-wrap\">\r\n                                                <a class=\"icon-link colorbox icon-button\" title=\"\" href=\"https:\/\/calbernadas.com\/wp-content\/uploads\/2017\/06\/05-Wedding-Cal-Bernadas-197a.jpg\"  data-rel=\"lightbox-image-16\" data-rl_title=\"\" data-rl_caption=\"\"><i class=\"fa fa-search\"><\/i><\/a>                        <\/div>\r\n                    <\/div>\r\n                <\/div>\r\n                    <\/div>\r\n        <div class=\"cshero-carousel-body\" style=\"color:; text-align:center;background-color:;padding:20px 0 0 0;\">\r\n            <div class=\"cshero-carousel-inner clearfix\">\r\n                                <div class=\"cshero-carousel-meta clearfix\">\r\n                                        <span class=\"cshero-carousel-date\" style=\"text-transform:initial;font-weight:400;font-style:;color:;\">\r\n                        10 Dic 2014                    <\/span>\r\n                                                                                                <\/div>\r\n                                                    <h5 class=\"cshero-carousel-title\">\r\n                        <a title=\"KRISTY&#038;MARK. FUN, FUN, FUN!\" href=\"https:\/\/calbernadas.com\/es\/blog\/kristymark-fun-fun-fun\/\" rel=\"\" style=\"display:block; color:; margin:0; \">\r\n                            KRISTY&#038;MARK. FUN, FUN, FUN!                        <\/a>\r\n                    <\/h5>\r\n                                \r\n                                <div class=\"cshero-carousel-post-description\">\r\n                                            <p>[vc_row][vc_column][vc_column_text]La boda de la Kristy y el Mark empez\u00f3 bien, \u00a1pero termin\u00f3 <\/p>\r\n                                    <\/div>\r\n                            <\/div>\r\n        <\/div>\r\n            <\/div>\r\n    <h6 style=\"display:none;\">&nbsp;<\/h6><\/article>\r\n\t\t\t\t\t<\/div>\r\n\t\t\t    <\/div><div class=\"cshero-post-carousel-item-wrap\">                \t\t                <div class=\"cshero-shortcode cshero-post-carousel-item content-center\" >\r\n\t\t\t\t\t\t<article class=\"post-19015 post type-post status-publish format-standard has-post-thumbnail hentry category-celebraciones category-celebraciones_el-munt category-celebraciones_wedding-planner\">\r\n    <div class=\"cshero-carousel-container\">\r\n                <div class=\"cshero-carousel-image clearfix\" style=\"width:360px;height:260px;display: block;\">\r\n            <img alt=\"\"  src=\"https:\/\/calbernadas.com\/wp-content\/uploads\/2017\/03\/ErnestaTadas_-33-360x260_c.jpg\" style=\"border-radius:0;-webkit-border-radius:0;-moz-border-radius:0;-ms-border-radius:0;-o-border-radius:0;max-width:100%;\" \/>                            <div class=\"overlay \" style=\"z-index:4;border-radius:0;-webkit-border-radius:0;-moz-border-radius:0;-ms-border-radius:0;-o-border-radius:0;background-color:rgba(255,255,255,0.8);color:;width:360px;height:260px;max-width:100%;\">\r\n                    <div class=\"overlay-content\">\r\n                        <div class=\"link-wrap\">\r\n                                                <a class=\"icon-link colorbox icon-button\" title=\"\" href=\"https:\/\/calbernadas.com\/wp-content\/uploads\/2017\/03\/ErnestaTadas_-33.jpg\"  data-rel=\"lightbox-image-17\" data-rl_title=\"\" data-rl_caption=\"\"><i class=\"fa fa-search\"><\/i><\/a>                        <\/div>\r\n                    <\/div>\r\n                <\/div>\r\n                    <\/div>\r\n        <div class=\"cshero-carousel-body\" style=\"color:; text-align:center;background-color:;padding:20px 0 0 0;\">\r\n            <div class=\"cshero-carousel-inner clearfix\">\r\n                                <div class=\"cshero-carousel-meta clearfix\">\r\n                                        <span class=\"cshero-carousel-date\" style=\"text-transform:initial;font-weight:400;font-style:;color:;\">\r\n                        19 Dic 2014                    <\/span>\r\n                                                                                                <\/div>\r\n                                                    <h5 class=\"cshero-carousel-title\">\r\n                        <a title=\"DE LITUANIA DIRECTO A EL MUNT\" href=\"https:\/\/calbernadas.com\/es\/blog\/lituania-directo-munt\/\" rel=\"\" style=\"display:block; color:; margin:0; \">\r\n                            DE LITUANIA DIRECTO A EL MUNT                        <\/a>\r\n                    <\/h5>\r\n                                \r\n                                <div class=\"cshero-carousel-post-description\">\r\n                                            <p>[vc_row][vc_column][vc_column_text]Si, si. De Lituania directo a El Munt. \u00a1Llegada a la casa el <\/p>\r\n                                    <\/div>\r\n                            <\/div>\r\n        <\/div>\r\n            <\/div>\r\n    <h6 style=\"display:none;\">&nbsp;<\/h6><\/article>\r\n\t\t\t\t\t<\/div>\r\n\t\t\t    <\/div><div class=\"cshero-post-carousel-item-wrap\">                \t\t                <div class=\"cshero-shortcode cshero-post-carousel-item content-center\" >\r\n\t\t\t\t\t\t<article class=\"post-19002 post type-post status-publish format-standard has-post-thumbnail hentry category-celebraciones category-celebraciones_el-munt\">\r\n    <div class=\"cshero-carousel-container\">\r\n                <div class=\"cshero-carousel-image clearfix\" style=\"width:360px;height:260px;display: block;\">\r\n            <img alt=\"\"  src=\"https:\/\/calbernadas.com\/wp-content\/uploads\/2017\/03\/Casament_AnnaFeliu_El-Munt-23-360x260_c.jpg\" style=\"border-radius:0;-webkit-border-radius:0;-moz-border-radius:0;-ms-border-radius:0;-o-border-radius:0;max-width:100%;\" \/>                            <div class=\"overlay \" style=\"z-index:4;border-radius:0;-webkit-border-radius:0;-moz-border-radius:0;-ms-border-radius:0;-o-border-radius:0;background-color:rgba(255,255,255,0.8);color:;width:360px;height:260px;max-width:100%;\">\r\n                    <div class=\"overlay-content\">\r\n                        <div class=\"link-wrap\">\r\n                                                <a class=\"icon-link colorbox icon-button\" title=\"\" href=\"https:\/\/calbernadas.com\/wp-content\/uploads\/2017\/03\/Casament_AnnaFeliu_El-Munt-23.jpg\"  data-rel=\"lightbox-image-18\" data-rl_title=\"\" data-rl_caption=\"\"><i class=\"fa fa-search\"><\/i><\/a>                        <\/div>\r\n                    <\/div>\r\n                <\/div>\r\n                    <\/div>\r\n        <div class=\"cshero-carousel-body\" style=\"color:; text-align:center;background-color:;padding:20px 0 0 0;\">\r\n            <div class=\"cshero-carousel-inner clearfix\">\r\n                                <div class=\"cshero-carousel-meta clearfix\">\r\n                                        <span class=\"cshero-carousel-date\" style=\"text-transform:initial;font-weight:400;font-style:;color:;\">\r\n                        01 Jun 2015                    <\/span>\r\n                                                                                                <\/div>\r\n                                                    <h5 class=\"cshero-carousel-title\">\r\n                        <a title=\"ANNA&#038;FELIU. ESTRENAMOS TEMPORADA BLOGUERA!\" href=\"https:\/\/calbernadas.com\/es\/blog\/annafeliu-estrenamos-temporada-bloguera\/\" rel=\"\" style=\"display:block; color:; margin:0; \">\r\n                            ANNA&#038;FELIU. ESTRENAMOS TEMPORADA BLOGUERA!                        <\/a>\r\n                    <\/h5>\r\n                                \r\n                                <div class=\"cshero-carousel-post-description\">\r\n                                            <p>[vc_row][vc_column][vc_custom_heading text=\"Iniciamos <\/p>\r\n                                    <\/div>\r\n                            <\/div>\r\n        <\/div>\r\n            <\/div>\r\n    <h6 style=\"display:none;\">&nbsp;<\/h6><\/article>\r\n\t\t\t\t\t<\/div>\r\n\t\t\t    <\/div><div class=\"cshero-post-carousel-item-wrap\">                \t\t                <div class=\"cshero-shortcode cshero-post-carousel-item content-center\" >\r\n\t\t\t\t\t\t<article class=\"post-19000 post type-post status-publish format-standard has-post-thumbnail hentry category-celebraciones category-celebraciones_el-munt\">\r\n    <div class=\"cshero-carousel-container\">\r\n                <div class=\"cshero-carousel-image clearfix\" style=\"width:360px;height:260px;display: block;\">\r\n            <img alt=\"\"  src=\"https:\/\/calbernadas.com\/wp-content\/uploads\/2017\/03\/Casament_MartaJosep_El-Munt-11-360x260_c.jpg\" style=\"border-radius:0;-webkit-border-radius:0;-moz-border-radius:0;-ms-border-radius:0;-o-border-radius:0;max-width:100%;\" \/>                            <div class=\"overlay \" style=\"z-index:4;border-radius:0;-webkit-border-radius:0;-moz-border-radius:0;-ms-border-radius:0;-o-border-radius:0;background-color:rgba(255,255,255,0.8);color:;width:360px;height:260px;max-width:100%;\">\r\n                    <div class=\"overlay-content\">\r\n                        <div class=\"link-wrap\">\r\n                                                <a class=\"icon-link colorbox icon-button\" title=\"\" href=\"https:\/\/calbernadas.com\/wp-content\/uploads\/2017\/03\/Casament_MartaJosep_El-Munt-11.jpg\"  data-rel=\"lightbox-image-19\" data-rl_title=\"\" data-rl_caption=\"\"><i class=\"fa fa-search\"><\/i><\/a>                        <\/div>\r\n                    <\/div>\r\n                <\/div>\r\n                    <\/div>\r\n        <div class=\"cshero-carousel-body\" style=\"color:; text-align:center;background-color:;padding:20px 0 0 0;\">\r\n            <div class=\"cshero-carousel-inner clearfix\">\r\n                                <div class=\"cshero-carousel-meta clearfix\">\r\n                                        <span class=\"cshero-carousel-date\" style=\"text-transform:initial;font-weight:400;font-style:;color:;\">\r\n                        15 Jun 2015                    <\/span>\r\n                                                                                                <\/div>\r\n                                                    <h5 class=\"cshero-carousel-title\">\r\n                        <a title=\"MARTA&#038;JOSEP. \u00a1PRIMAVERA EN ESTADO PURO!\" href=\"https:\/\/calbernadas.com\/es\/blog\/martajosep-primavera-estado-puro\/\" rel=\"\" style=\"display:block; color:; margin:0; \">\r\n                            MARTA&#038;JOSEP. \u00a1PRIMAVERA EN ESTADO PURO!                        <\/a>\r\n                    <\/h5>\r\n                                \r\n                                <div class=\"cshero-carousel-post-description\">\r\n                                            <p>[vc_row][vc_column][vc_custom_heading text=\"\u00a1M\u00e1s verde, m\u00e1s sol, m\u00e1s color, m\u00e1s florido ... <\/p>\r\n                                    <\/div>\r\n                            <\/div>\r\n        <\/div>\r\n            <\/div>\r\n    <h6 style=\"display:none;\">&nbsp;<\/h6><\/article>\r\n\t\t\t\t\t<\/div>\r\n\t\t\t    <\/div><div class=\"cshero-post-carousel-item-wrap\">                \t\t                <div class=\"cshero-shortcode cshero-post-carousel-item content-center\" >\r\n\t\t\t\t\t\t<article class=\"post-18997 post type-post status-publish format-standard has-post-thumbnail hentry category-celebraciones category-celebraciones_el-munt\">\r\n    <div class=\"cshero-carousel-container\">\r\n                <div class=\"cshero-carousel-image clearfix\" style=\"width:360px;height:260px;display: block;\">\r\n            <img alt=\"\"  src=\"https:\/\/calbernadas.com\/wp-content\/uploads\/2017\/04\/15061-1004A-360x260_c.jpg\" style=\"border-radius:0;-webkit-border-radius:0;-moz-border-radius:0;-ms-border-radius:0;-o-border-radius:0;max-width:100%;\" \/>                            <div class=\"overlay \" style=\"z-index:4;border-radius:0;-webkit-border-radius:0;-moz-border-radius:0;-ms-border-radius:0;-o-border-radius:0;background-color:rgba(255,255,255,0.8);color:;width:360px;height:260px;max-width:100%;\">\r\n                    <div class=\"overlay-content\">\r\n                        <div class=\"link-wrap\">\r\n                                                <a class=\"icon-link colorbox icon-button\" title=\"\" href=\"https:\/\/calbernadas.com\/wp-content\/uploads\/2017\/04\/15061-1004A.jpg\"  data-rel=\"lightbox-image-20\" data-rl_title=\"\" data-rl_caption=\"\"><i class=\"fa fa-search\"><\/i><\/a>                        <\/div>\r\n                    <\/div>\r\n                <\/div>\r\n                    <\/div>\r\n        <div class=\"cshero-carousel-body\" style=\"color:; text-align:center;background-color:;padding:20px 0 0 0;\">\r\n            <div class=\"cshero-carousel-inner clearfix\">\r\n                                <div class=\"cshero-carousel-meta clearfix\">\r\n                                        <span class=\"cshero-carousel-date\" style=\"text-transform:initial;font-weight:400;font-style:;color:;\">\r\n                        15 Sep 2015                    <\/span>\r\n                                                                                                <\/div>\r\n                                                    <h5 class=\"cshero-carousel-title\">\r\n                        <a title=\"TANIA&#038;GUILLE. FLYING&#8230; TO EL MUNT!\" href=\"https:\/\/calbernadas.com\/es\/blog\/taniaguille-flying-to-munt\/\" rel=\"\" style=\"display:block; color:; margin:0; \">\r\n                            TANIA&#038;GUILLE. FLYING&#8230; TO EL MUNT!                        <\/a>\r\n                    <\/h5>\r\n                                \r\n                                <div class=\"cshero-carousel-post-description\">\r\n                                            <p>[vc_row][vc_column][vc_column_text]Tania y Guille. Una pareja de guapos, una pareja de <\/p>\r\n                                    <\/div>\r\n                            <\/div>\r\n        <\/div>\r\n            <\/div>\r\n    <h6 style=\"display:none;\">&nbsp;<\/h6><\/article>\r\n\t\t\t\t\t<\/div>\r\n\t\t\t    <\/div><div class=\"cshero-post-carousel-item-wrap\">                \t\t                <div class=\"cshero-shortcode cshero-post-carousel-item content-center\" >\r\n\t\t\t\t\t\t<article class=\"post-18994 post type-post status-publish format-standard has-post-thumbnail hentry category-celebraciones category-celebraciones_el-munt\">\r\n    <div class=\"cshero-carousel-container\">\r\n                <div class=\"cshero-carousel-image clearfix\" style=\"width:360px;height:260px;display: block;\">\r\n            <img alt=\"\"  src=\"https:\/\/calbernadas.com\/wp-content\/uploads\/2017\/03\/Casament_AudreyJohn_El-Munt-13-360x260_c.jpg\" style=\"border-radius:0;-webkit-border-radius:0;-moz-border-radius:0;-ms-border-radius:0;-o-border-radius:0;max-width:100%;\" \/>                            <div class=\"overlay \" style=\"z-index:4;border-radius:0;-webkit-border-radius:0;-moz-border-radius:0;-ms-border-radius:0;-o-border-radius:0;background-color:rgba(255,255,255,0.8);color:;width:360px;height:260px;max-width:100%;\">\r\n                    <div class=\"overlay-content\">\r\n                        <div class=\"link-wrap\">\r\n                                                <a class=\"icon-link colorbox icon-button\" title=\"\" href=\"https:\/\/calbernadas.com\/wp-content\/uploads\/2017\/03\/Casament_AudreyJohn_El-Munt-13.jpg\"  data-rel=\"lightbox-image-21\" data-rl_title=\"\" data-rl_caption=\"\"><i class=\"fa fa-search\"><\/i><\/a>                        <\/div>\r\n                    <\/div>\r\n                <\/div>\r\n                    <\/div>\r\n        <div class=\"cshero-carousel-body\" style=\"color:; text-align:center;background-color:;padding:20px 0 0 0;\">\r\n            <div class=\"cshero-carousel-inner clearfix\">\r\n                                <div class=\"cshero-carousel-meta clearfix\">\r\n                                        <span class=\"cshero-carousel-date\" style=\"text-transform:initial;font-weight:400;font-style:;color:;\">\r\n                        20 Sep 2015                    <\/span>\r\n                                                                                                <\/div>\r\n                                                    <h5 class=\"cshero-carousel-title\">\r\n                        <a title=\"AUDREY&#038;JOHN. HAPPY 1ST YEAR!\" href=\"https:\/\/calbernadas.com\/es\/blog\/audreyjohn-happy-1st-year-2\/\" rel=\"\" style=\"display:block; color:; margin:0; \">\r\n                            AUDREY&#038;JOHN. HAPPY 1ST YEAR!                        <\/a>\r\n                    <\/h5>\r\n                                \r\n                                <div class=\"cshero-carousel-post-description\">\r\n                                            <p>[vc_row][vc_column][vc_custom_heading text=\"Happy 1st <\/p>\r\n                                    <\/div>\r\n                            <\/div>\r\n        <\/div>\r\n            <\/div>\r\n    <h6 style=\"display:none;\">&nbsp;<\/h6><\/article>\r\n\t\t\t\t\t<\/div>\r\n\t\t\t    <\/div><div class=\"cshero-post-carousel-item-wrap\">                \t\t                <div class=\"cshero-shortcode cshero-post-carousel-item content-center\" >\r\n\t\t\t\t\t\t<article class=\"post-18944 post type-post status-publish format-standard has-post-thumbnail hentry category-turismo-rural category-turismo-rural_el-munt\">\r\n    <div class=\"cshero-carousel-container\">\r\n                <div class=\"cshero-carousel-image clearfix\" style=\"width:360px;height:260px;display: block;\">\r\n            <img alt=\"\"  src=\"https:\/\/calbernadas.com\/wp-content\/uploads\/2017\/03\/Montse-Giralt2-360x260_c.jpg\" style=\"border-radius:0;-webkit-border-radius:0;-moz-border-radius:0;-ms-border-radius:0;-o-border-radius:0;max-width:100%;\" \/>                            <div class=\"overlay \" style=\"z-index:4;border-radius:0;-webkit-border-radius:0;-moz-border-radius:0;-ms-border-radius:0;-o-border-radius:0;background-color:rgba(255,255,255,0.8);color:;width:360px;height:260px;max-width:100%;\">\r\n                    <div class=\"overlay-content\">\r\n                        <div class=\"link-wrap\">\r\n                                                <a class=\"icon-link colorbox icon-button\" title=\"\" href=\"https:\/\/calbernadas.com\/wp-content\/uploads\/2017\/03\/Montse-Giralt2.jpg\"  data-rel=\"lightbox-image-22\" data-rl_title=\"\" data-rl_caption=\"\"><i class=\"fa fa-search\"><\/i><\/a>                        <\/div>\r\n                    <\/div>\r\n                <\/div>\r\n                    <\/div>\r\n        <div class=\"cshero-carousel-body\" style=\"color:; text-align:center;background-color:;padding:20px 0 0 0;\">\r\n            <div class=\"cshero-carousel-inner clearfix\">\r\n                                <div class=\"cshero-carousel-meta clearfix\">\r\n                                        <span class=\"cshero-carousel-date\" style=\"text-transform:initial;font-weight:400;font-style:;color:;\">\r\n                        11 Ene 2016                    <\/span>\r\n                                                                                                <\/div>\r\n                                                    <h5 class=\"cshero-carousel-title\">\r\n                        <a title=\"FLOW\" href=\"https:\/\/calbernadas.com\/es\/blog\/flow-2\/\" rel=\"\" style=\"display:block; color:; margin:0; \">\r\n                            FLOW                        <\/a>\r\n                    <\/h5>\r\n                                \r\n                                <div class=\"cshero-carousel-post-description\">\r\n                                            <p>[vc_row][vc_column][vc_column_text]Flow\u00a0es el t\u00edtulo de este gran proyecto de Montse Giralt, <\/p>\r\n                                    <\/div>\r\n                            <\/div>\r\n        <\/div>\r\n            <\/div>\r\n    <h6 style=\"display:none;\">&nbsp;<\/h6><\/article>\r\n\t\t\t\t\t<\/div>\r\n\t\t\t    <\/div><div class=\"cshero-post-carousel-item-wrap\">                \t\t                <div class=\"cshero-shortcode cshero-post-carousel-item content-center\" >\r\n\t\t\t\t\t\t<article class=\"post-18828 post type-post status-publish format-standard has-post-thumbnail hentry category-celebraciones category-celebraciones_el-munt category-uncategorized-ca\">\r\n    <div class=\"cshero-carousel-container\">\r\n                <div class=\"cshero-carousel-image clearfix\" style=\"width:360px;height:260px;display: block;\">\r\n            <img alt=\"\"  src=\"https:\/\/calbernadas.com\/wp-content\/uploads\/2017\/07\/BODAJUANANMIREIA-461A.-Boda-el-Munt.-Mireia-i-Juanan-360x260_c.jpg\" style=\"border-radius:0;-webkit-border-radius:0;-moz-border-radius:0;-ms-border-radius:0;-o-border-radius:0;max-width:100%;\" \/>                            <div class=\"overlay \" style=\"z-index:4;border-radius:0;-webkit-border-radius:0;-moz-border-radius:0;-ms-border-radius:0;-o-border-radius:0;background-color:rgba(255,255,255,0.8);color:;width:360px;height:260px;max-width:100%;\">\r\n                    <div class=\"overlay-content\">\r\n                        <div class=\"link-wrap\">\r\n                                                <a class=\"icon-link colorbox icon-button\" title=\"\" href=\"https:\/\/calbernadas.com\/wp-content\/uploads\/2017\/07\/BODAJUANANMIREIA-461A.-Boda-el-Munt.-Mireia-i-Juanan.jpg\"  data-rel=\"lightbox-image-23\" data-rl_title=\"\" data-rl_caption=\"\"><i class=\"fa fa-search\"><\/i><\/a>                        <\/div>\r\n                    <\/div>\r\n                <\/div>\r\n                    <\/div>\r\n        <div class=\"cshero-carousel-body\" style=\"color:; text-align:center;background-color:;padding:20px 0 0 0;\">\r\n            <div class=\"cshero-carousel-inner clearfix\">\r\n                                <div class=\"cshero-carousel-meta clearfix\">\r\n                                        <span class=\"cshero-carousel-date\" style=\"text-transform:initial;font-weight:400;font-style:;color:;\">\r\n                        25 Ene 2016                    <\/span>\r\n                                                                                                <\/div>\r\n                                                    <h5 class=\"cshero-carousel-title\">\r\n                        <a title=\"MIREIA&#038;JUANAN. UNA PAREJA ENCANTADORA\" href=\"https:\/\/calbernadas.com\/es\/blog\/mireiajuanan-una-parella-molt-bonica\/\" rel=\"\" style=\"display:block; color:; margin:0; \">\r\n                            MIREIA&#038;JUANAN. UNA PAREJA ENCANTADORA                        <\/a>\r\n                    <\/h5>\r\n                                \r\n                                <div class=\"cshero-carousel-post-description\">\r\n                                            <p>[vc_row][vc_column][vc_column_text]Una ceremonia en medio del bosque, un aperitivo en el jard\u00edn <\/p>\r\n                                    <\/div>\r\n                            <\/div>\r\n        <\/div>\r\n            <\/div>\r\n    <h6 style=\"display:none;\">&nbsp;<\/h6><\/article>\r\n\t\t\t\t\t<\/div>\r\n\t\t\t    <\/div>\t\t\t<\/div>\r\n\t\t<\/div>\r\n\t\t\t\t\t<div class=\"cshero-control pager-center text-center default\"><\/div>\r\n\t\t\t\t        <div class=\"cshero-nav text-center default\">\r\n            <ul>\r\n                <li class=\"prev\" style=\"left:;\"><\/li>\r\n                <li class=\"next\" style=\"right:;\"><\/li>\r\n            <\/ul>\r\n        <\/div>\r\n    \t\t        <\/div>\r\n[\/vc_column][\/vc_row][vc_row css=\u00bb.vc_custom_1418098768490{margin-bottom: 80px !important;border-bottom-width: 1px !important;padding-bottom: 80px !important;border-bottom-color: #eeeeee !important;border-bottom-style: solid !important;}\u00bb full_width=\u00bbfalse\u00bb parallax_speed=\u00bb0.8&#8243; bg_video_transparent=\u00bb0&#8243; height_engle=\u00bb60px\u00bb height_engle_style2=\u00bb60px\u00bb][vc_column][cs_custom_heading text=\u00bbDEFAULT &#8211; CUSTOMIZED 4&#8243; font_container=\u00bbtag:h2|font_size:30px|text_align:center\u00bb style=\u00bbtitle-bottom-line\u00bb title_bottom_line_width=\u00bb40px\u00bb title_bottom_line_height=\u00bb3px\u00bb title_bottom_line_color=\u00bb#dddddd\u00bb title_bottom_line_margin_bottom=\u00bb40px\u00bb css=\u00bb.vc_custom_1419322783059{margin-bottom: 20px !important;}\u00bb]\t<div id=\"cshero_post_carousel_1777499443_169f27d3366e69\" class=\"cshero-post-carousel postcarousel-default \">\r\n\t\t<style type=\"text\/css\" scoped>\r\n\t\t\t#cshero_post_carousel_1777499443_169f27d3366e69 article:hover .cshero-carousel-body{color: !important; background-color: !important; }\r\n\t\t\t#cshero_post_carousel_1777499443_169f27d3366e69 article:hover .cshero-carousel-title a{color: !important; }\r\n\t\t\t#cshero_post_carousel_1777499443_169f27d3366e69 .link-wrap a{ color: ;}\r\n\t\t\t#cshero_post_carousel_1777499443_169f27d3366e69 .link-wrap a:hover{ color: ;}\r\n\t\t\t#cshero_post_carousel_1777499443_169f27d3366e69 .link-wrap [class*='icon-box-']:hover .fa,\r\n\t\t\t#cshero_post_carousel_1777499443_169f27d3366e69 .link-wrap [class^='icon-box-']:hover .fa{border-color:;}\r\n\t\t<\/style>\r\n\t            <div class=\"cshero-post-carousel-list \">\r\n            <div id=\"cshero_post_carousel1777499443_169f27d3366e69\" data-mode=\"horizontal\" data-moveslides=\"3\" data-auto=\"0\" data-speed=\"500\" data-prevselector=\"#cshero_post_carousel_1777499443_169f27d3366e69 .prev\" data-nextselector=\"#cshero_post_carousel_1777499443_169f27d3366e69 .next\" data-prevText=\"<i class='fa fa-angle-left'><\/i>\" data-nextText=\"<i class='fa fa-angle-right'><\/i>\" data-pagerSelector=\"#cshero_post_carousel_1777499443_169f27d3366e69 .cshero-control\" data-onsliderload=\"true\" data-touchenabled=\"1\" data-controls=\"true\" data-pager=\"1\" data-pause=\"4000\" data-infiniteloop=\"true\" data-adaptiveheight=\"true\"  data-autohover=\"true\" data-slidemargin=\"30\" data-maxslides=\"3\" data-minslides=\"1\" data-slidewidth=\"360\" data-slideselector=\"\" data-easing=\"swing\" data-usecss=\"\" data-resize=\"1\" class=\"slider jm-bxslider\">\r\n                <div class=\"cshero-post-carousel-item-wrap\">                \t\t                <div class=\"cshero-shortcode cshero-post-carousel-item content-left\" >\r\n\t\t\t\t\t\t<article class=\"post-15030 post type-post status-publish format-standard has-post-thumbnail hentry category-turismo-rural category-turismo-rural_el-munt\">\r\n    <div class=\"cshero-carousel-container\">\r\n                    <div class=\"cshero-carousel-body\" style=\"color:; text-align:left;background-color:;padding:0;\">\r\n                <div class=\"cshero-carousel-inner clearfix\">\r\n                                        <div class=\"cshero-carousel-meta clearfix\">\r\n                                                <span class=\"cshero-carousel-date\" style=\"text-transform:initial;font-weight:400;font-style:;color:;\">Mar 25 2014<\/span>\r\n                                                                                                                    <\/div>\r\n                                                                <h3 class=\"cshero-carousel-title\">\r\n                            <a title=\"\u00a1GRACIAS MARC Y MIREIA!\" href=\"https:\/\/calbernadas.com\/es\/blog\/gracies-marc-i-mireia\/\" rel=\"\" style=\"display:block; color:; margin:0; \">\r\n                                \u00a1GRACIAS MARC Y MIREIA!                            <\/a>\r\n                        <\/h3>\r\n                                        \r\n                                        <div class=\"cshero-carousel-post-description\">\r\n                                                    <p>[vc_row][vc_column][vc_column_text]\r\nHace unos cuantos d\u00edas que asistimos a la Fira de Novios <\/p>\r\n                                            <\/div>\r\n                                                        <\/div>\r\n            <\/div>\r\n            <\/div>\r\n    <h6 style=\"display:none;\">&nbsp;<\/h6><\/article>\r\n\t\t\t\t\t<\/div>\r\n\t\t\t    <\/div><div class=\"cshero-post-carousel-item-wrap\">                \t\t                <div class=\"cshero-shortcode cshero-post-carousel-item content-left\" >\r\n\t\t\t\t\t\t<article class=\"post-19037 post type-post status-publish format-standard has-post-thumbnail hentry category-celebraciones category-celebraciones_el-munt\">\r\n    <div class=\"cshero-carousel-container\">\r\n                    <div class=\"cshero-carousel-body\" style=\"color:; text-align:left;background-color:;padding:0;\">\r\n                <div class=\"cshero-carousel-inner clearfix\">\r\n                                        <div class=\"cshero-carousel-meta clearfix\">\r\n                                                <span class=\"cshero-carousel-date\" style=\"text-transform:initial;font-weight:400;font-style:;color:;\">May 31 2014<\/span>\r\n                                                                                                                    <\/div>\r\n                                                                <h3 class=\"cshero-carousel-title\">\r\n                            <a title=\"DOS MUNDOS UNIDOS EN UNO\" href=\"https:\/\/calbernadas.com\/es\/blog\/dos-mons-units\/\" rel=\"\" style=\"display:block; color:; margin:0; \">\r\n                                DOS MUNDOS UNIDOS EN UNO                            <\/a>\r\n                        <\/h3>\r\n                                        \r\n                                        <div class=\"cshero-carousel-post-description\">\r\n                                                    <p>[vc_row][vc_column][vc_column_text]\r\nQu\u00e9 nada mejor que ense\u00f1aros algunas de las fotos del gran <\/p>\r\n                                            <\/div>\r\n                                                        <\/div>\r\n            <\/div>\r\n            <\/div>\r\n    <h6 style=\"display:none;\">&nbsp;<\/h6><\/article>\r\n\t\t\t\t\t<\/div>\r\n\t\t\t    <\/div><div class=\"cshero-post-carousel-item-wrap\">                \t\t                <div class=\"cshero-shortcode cshero-post-carousel-item content-left\" >\r\n\t\t\t\t\t\t<article class=\"post-19031 post type-post status-publish format-standard has-post-thumbnail hentry category-celebraciones category-celebraciones_el-munt category-celebraciones_wedding-planner\">\r\n    <div class=\"cshero-carousel-container\">\r\n                    <div class=\"cshero-carousel-body\" style=\"color:; text-align:left;background-color:;padding:0;\">\r\n                <div class=\"cshero-carousel-inner clearfix\">\r\n                                        <div class=\"cshero-carousel-meta clearfix\">\r\n                                                <span class=\"cshero-carousel-date\" style=\"text-transform:initial;font-weight:400;font-style:;color:;\">Jul 08 2014<\/span>\r\n                                                                                                                    <\/div>\r\n                                                                <h3 class=\"cshero-carousel-title\">\r\n                            <a title=\"IT&#8217;S RAINING, BE HAPPY!\" href=\"https:\/\/calbernadas.com\/es\/blog\/its-raining-be-happy-2\/\" rel=\"\" style=\"display:block; color:; margin:0; \">\r\n                                IT&#8217;S RAINING, BE HAPPY!                            <\/a>\r\n                        <\/h3>\r\n                                        \r\n                                        <div class=\"cshero-carousel-post-description\">\r\n                                                    <p>[vc_row][vc_column][vc_column_text]La Joanna y el Julian son una pareja sueco chilena que se <\/p>\r\n                                            <\/div>\r\n                                                        <\/div>\r\n            <\/div>\r\n            <\/div>\r\n    <h6 style=\"display:none;\">&nbsp;<\/h6><\/article>\r\n\t\t\t\t\t<\/div>\r\n\t\t\t    <\/div><div class=\"cshero-post-carousel-item-wrap\">                \t\t                <div class=\"cshero-shortcode cshero-post-carousel-item content-left\" >\r\n\t\t\t\t\t\t<article class=\"post-19019 post type-post status-publish format-standard has-post-thumbnail hentry category-celebraciones category-celebraciones_el-munt category-celebraciones_wedding-planner\">\r\n    <div class=\"cshero-carousel-container\">\r\n                    <div class=\"cshero-carousel-body\" style=\"color:; text-align:left;background-color:;padding:0;\">\r\n                <div class=\"cshero-carousel-inner clearfix\">\r\n                                        <div class=\"cshero-carousel-meta clearfix\">\r\n                                                <span class=\"cshero-carousel-date\" style=\"text-transform:initial;font-weight:400;font-style:;color:;\">Dic 10 2014<\/span>\r\n                                                                                                                    <\/div>\r\n                                                                <h3 class=\"cshero-carousel-title\">\r\n                            <a title=\"KRISTY&#038;MARK. CUANDO EMPIEZA EL D\u00cdA \u00abB\u00bb?\" href=\"https:\/\/calbernadas.com\/es\/blog\/kristymark-cuando-empieza-dia-b\/\" rel=\"\" style=\"display:block; color:; margin:0; \">\r\n                                KRISTY&#038;MARK. CUANDO EMPIEZA EL D\u00cdA \u00abB\u00bb?                            <\/a>\r\n                        <\/h3>\r\n                                        \r\n                                        <div class=\"cshero-carousel-post-description\">\r\n                                                    <p>[vc_row][vc_column][vc_column_text]\u00bfCuando empieza el d\u00eda \"B\"? \u00bfA la entrada del novio en la <\/p>\r\n                                            <\/div>\r\n                                                        <\/div>\r\n            <\/div>\r\n            <\/div>\r\n    <h6 style=\"display:none;\">&nbsp;<\/h6><\/article>\r\n\t\t\t\t\t<\/div>\r\n\t\t\t    <\/div><div class=\"cshero-post-carousel-item-wrap\">                \t\t                <div class=\"cshero-shortcode cshero-post-carousel-item content-left\" >\r\n\t\t\t\t\t\t<article class=\"post-19026 post type-post status-publish format-standard has-post-thumbnail hentry category-celebraciones category-celebraciones_el-munt category-celebraciones_wedding-planner\">\r\n    <div class=\"cshero-carousel-container\">\r\n                    <div class=\"cshero-carousel-body\" style=\"color:; text-align:left;background-color:;padding:0;\">\r\n                <div class=\"cshero-carousel-inner clearfix\">\r\n                                        <div class=\"cshero-carousel-meta clearfix\">\r\n                                                <span class=\"cshero-carousel-date\" style=\"text-transform:initial;font-weight:400;font-style:;color:;\">Dic 10 2014<\/span>\r\n                                                                                                                    <\/div>\r\n                                                                <h3 class=\"cshero-carousel-title\">\r\n                            <a title=\"KRISTY&#038;MARK. FUN, FUN, FUN!\" href=\"https:\/\/calbernadas.com\/es\/blog\/kristymark-fun-fun-fun\/\" rel=\"\" style=\"display:block; color:; margin:0; \">\r\n                                KRISTY&#038;MARK. FUN, FUN, FUN!                            <\/a>\r\n                        <\/h3>\r\n                                        \r\n                                        <div class=\"cshero-carousel-post-description\">\r\n                                                    <p>[vc_row][vc_column][vc_column_text]La boda de la Kristy y el Mark empez\u00f3 bien, \u00a1pero termin\u00f3 <\/p>\r\n                                            <\/div>\r\n                                                        <\/div>\r\n            <\/div>\r\n            <\/div>\r\n    <h6 style=\"display:none;\">&nbsp;<\/h6><\/article>\r\n\t\t\t\t\t<\/div>\r\n\t\t\t    <\/div><div class=\"cshero-post-carousel-item-wrap\">                \t\t                <div class=\"cshero-shortcode cshero-post-carousel-item content-left\" >\r\n\t\t\t\t\t\t<article class=\"post-19015 post type-post status-publish format-standard has-post-thumbnail hentry category-celebraciones category-celebraciones_el-munt category-celebraciones_wedding-planner\">\r\n    <div class=\"cshero-carousel-container\">\r\n                    <div class=\"cshero-carousel-body\" style=\"color:; text-align:left;background-color:;padding:0;\">\r\n                <div class=\"cshero-carousel-inner clearfix\">\r\n                                        <div class=\"cshero-carousel-meta clearfix\">\r\n                                                <span class=\"cshero-carousel-date\" style=\"text-transform:initial;font-weight:400;font-style:;color:;\">Dic 19 2014<\/span>\r\n                                                                                                                    <\/div>\r\n                                                                <h3 class=\"cshero-carousel-title\">\r\n                            <a title=\"DE LITUANIA DIRECTO A EL MUNT\" href=\"https:\/\/calbernadas.com\/es\/blog\/lituania-directo-munt\/\" rel=\"\" style=\"display:block; color:; margin:0; \">\r\n                                DE LITUANIA DIRECTO A EL MUNT                            <\/a>\r\n                        <\/h3>\r\n                                        \r\n                                        <div class=\"cshero-carousel-post-description\">\r\n                                                    <p>[vc_row][vc_column][vc_column_text]Si, si. De Lituania directo a El Munt. \u00a1Llegada a la casa el <\/p>\r\n                                            <\/div>\r\n                                                        <\/div>\r\n            <\/div>\r\n            <\/div>\r\n    <h6 style=\"display:none;\">&nbsp;<\/h6><\/article>\r\n\t\t\t\t\t<\/div>\r\n\t\t\t    <\/div><div class=\"cshero-post-carousel-item-wrap\">                \t\t                <div class=\"cshero-shortcode cshero-post-carousel-item content-left\" >\r\n\t\t\t\t\t\t<article class=\"post-19002 post type-post status-publish format-standard has-post-thumbnail hentry category-celebraciones category-celebraciones_el-munt\">\r\n    <div class=\"cshero-carousel-container\">\r\n                    <div class=\"cshero-carousel-body\" style=\"color:; text-align:left;background-color:;padding:0;\">\r\n                <div class=\"cshero-carousel-inner clearfix\">\r\n                                        <div class=\"cshero-carousel-meta clearfix\">\r\n                                                <span class=\"cshero-carousel-date\" style=\"text-transform:initial;font-weight:400;font-style:;color:;\">Jun 01 2015<\/span>\r\n                                                                                                                    <\/div>\r\n                                                                <h3 class=\"cshero-carousel-title\">\r\n                            <a title=\"ANNA&#038;FELIU. ESTRENAMOS TEMPORADA BLOGUERA!\" href=\"https:\/\/calbernadas.com\/es\/blog\/annafeliu-estrenamos-temporada-bloguera\/\" rel=\"\" style=\"display:block; color:; margin:0; \">\r\n                                ANNA&#038;FELIU. ESTRENAMOS TEMPORADA BLOGUERA!                            <\/a>\r\n                        <\/h3>\r\n                                        \r\n                                        <div class=\"cshero-carousel-post-description\">\r\n                                                    <p>[vc_row][vc_column][vc_custom_heading text=\"Iniciamos <\/p>\r\n                                            <\/div>\r\n                                                        <\/div>\r\n            <\/div>\r\n            <\/div>\r\n    <h6 style=\"display:none;\">&nbsp;<\/h6><\/article>\r\n\t\t\t\t\t<\/div>\r\n\t\t\t    <\/div><div class=\"cshero-post-carousel-item-wrap\">                \t\t                <div class=\"cshero-shortcode cshero-post-carousel-item content-left\" >\r\n\t\t\t\t\t\t<article class=\"post-19000 post type-post status-publish format-standard has-post-thumbnail hentry category-celebraciones category-celebraciones_el-munt\">\r\n    <div class=\"cshero-carousel-container\">\r\n                    <div class=\"cshero-carousel-body\" style=\"color:; text-align:left;background-color:;padding:0;\">\r\n                <div class=\"cshero-carousel-inner clearfix\">\r\n                                        <div class=\"cshero-carousel-meta clearfix\">\r\n                                                <span class=\"cshero-carousel-date\" style=\"text-transform:initial;font-weight:400;font-style:;color:;\">Jun 15 2015<\/span>\r\n                                                                                                                    <\/div>\r\n                                                                <h3 class=\"cshero-carousel-title\">\r\n                            <a title=\"MARTA&#038;JOSEP. \u00a1PRIMAVERA EN ESTADO PURO!\" href=\"https:\/\/calbernadas.com\/es\/blog\/martajosep-primavera-estado-puro\/\" rel=\"\" style=\"display:block; color:; margin:0; \">\r\n                                MARTA&#038;JOSEP. \u00a1PRIMAVERA EN ESTADO PURO!                            <\/a>\r\n                        <\/h3>\r\n                                        \r\n                                        <div class=\"cshero-carousel-post-description\">\r\n                                                    <p>[vc_row][vc_column][vc_custom_heading text=\"\u00a1M\u00e1s verde, m\u00e1s sol, m\u00e1s color, m\u00e1s florido ... <\/p>\r\n                                            <\/div>\r\n                                                        <\/div>\r\n            <\/div>\r\n            <\/div>\r\n    <h6 style=\"display:none;\">&nbsp;<\/h6><\/article>\r\n\t\t\t\t\t<\/div>\r\n\t\t\t    <\/div><div class=\"cshero-post-carousel-item-wrap\">                \t\t                <div class=\"cshero-shortcode cshero-post-carousel-item content-left\" >\r\n\t\t\t\t\t\t<article class=\"post-18997 post type-post status-publish format-standard has-post-thumbnail hentry category-celebraciones category-celebraciones_el-munt\">\r\n    <div class=\"cshero-carousel-container\">\r\n                    <div class=\"cshero-carousel-body\" style=\"color:; text-align:left;background-color:;padding:0;\">\r\n                <div class=\"cshero-carousel-inner clearfix\">\r\n                                        <div class=\"cshero-carousel-meta clearfix\">\r\n                                                <span class=\"cshero-carousel-date\" style=\"text-transform:initial;font-weight:400;font-style:;color:;\">Sep 15 2015<\/span>\r\n                                                                                                                    <\/div>\r\n                                                                <h3 class=\"cshero-carousel-title\">\r\n                            <a title=\"TANIA&#038;GUILLE. FLYING&#8230; TO EL MUNT!\" href=\"https:\/\/calbernadas.com\/es\/blog\/taniaguille-flying-to-munt\/\" rel=\"\" style=\"display:block; color:; margin:0; \">\r\n                                TANIA&#038;GUILLE. FLYING&#8230; TO EL MUNT!                            <\/a>\r\n                        <\/h3>\r\n                                        \r\n                                        <div class=\"cshero-carousel-post-description\">\r\n                                                    <p>[vc_row][vc_column][vc_column_text]Tania y Guille. Una pareja de guapos, una pareja de <\/p>\r\n                                            <\/div>\r\n                                                        <\/div>\r\n            <\/div>\r\n            <\/div>\r\n    <h6 style=\"display:none;\">&nbsp;<\/h6><\/article>\r\n\t\t\t\t\t<\/div>\r\n\t\t\t    <\/div><div class=\"cshero-post-carousel-item-wrap\">                \t\t                <div class=\"cshero-shortcode cshero-post-carousel-item content-left\" >\r\n\t\t\t\t\t\t<article class=\"post-18994 post type-post status-publish format-standard has-post-thumbnail hentry category-celebraciones category-celebraciones_el-munt\">\r\n    <div class=\"cshero-carousel-container\">\r\n                    <div class=\"cshero-carousel-body\" style=\"color:; text-align:left;background-color:;padding:0;\">\r\n                <div class=\"cshero-carousel-inner clearfix\">\r\n                                        <div class=\"cshero-carousel-meta clearfix\">\r\n                                                <span class=\"cshero-carousel-date\" style=\"text-transform:initial;font-weight:400;font-style:;color:;\">Sep 20 2015<\/span>\r\n                                                                                                                    <\/div>\r\n                                                                <h3 class=\"cshero-carousel-title\">\r\n                            <a title=\"AUDREY&#038;JOHN. HAPPY 1ST YEAR!\" href=\"https:\/\/calbernadas.com\/es\/blog\/audreyjohn-happy-1st-year-2\/\" rel=\"\" style=\"display:block; color:; margin:0; \">\r\n                                AUDREY&#038;JOHN. HAPPY 1ST YEAR!                            <\/a>\r\n                        <\/h3>\r\n                                        \r\n                                        <div class=\"cshero-carousel-post-description\">\r\n                                                    <p>[vc_row][vc_column][vc_custom_heading text=\"Happy 1st <\/p>\r\n                                            <\/div>\r\n                                                        <\/div>\r\n            <\/div>\r\n            <\/div>\r\n    <h6 style=\"display:none;\">&nbsp;<\/h6><\/article>\r\n\t\t\t\t\t<\/div>\r\n\t\t\t    <\/div><div class=\"cshero-post-carousel-item-wrap\">                \t\t                <div class=\"cshero-shortcode cshero-post-carousel-item content-left\" >\r\n\t\t\t\t\t\t<article class=\"post-18944 post type-post status-publish format-standard has-post-thumbnail hentry category-turismo-rural category-turismo-rural_el-munt\">\r\n    <div class=\"cshero-carousel-container\">\r\n                    <div class=\"cshero-carousel-body\" style=\"color:; text-align:left;background-color:;padding:0;\">\r\n                <div class=\"cshero-carousel-inner clearfix\">\r\n                                        <div class=\"cshero-carousel-meta clearfix\">\r\n                                                <span class=\"cshero-carousel-date\" style=\"text-transform:initial;font-weight:400;font-style:;color:;\">Ene 11 2016<\/span>\r\n                                                                                                                    <\/div>\r\n                                                                <h3 class=\"cshero-carousel-title\">\r\n                            <a title=\"FLOW\" href=\"https:\/\/calbernadas.com\/es\/blog\/flow-2\/\" rel=\"\" style=\"display:block; color:; margin:0; \">\r\n                                FLOW                            <\/a>\r\n                        <\/h3>\r\n                                        \r\n                                        <div class=\"cshero-carousel-post-description\">\r\n                                                    <p>[vc_row][vc_column][vc_column_text]Flow\u00a0es el t\u00edtulo de este gran proyecto de Montse Giralt, <\/p>\r\n                                            <\/div>\r\n                                                        <\/div>\r\n            <\/div>\r\n            <\/div>\r\n    <h6 style=\"display:none;\">&nbsp;<\/h6><\/article>\r\n\t\t\t\t\t<\/div>\r\n\t\t\t    <\/div><div class=\"cshero-post-carousel-item-wrap\">                \t\t                <div class=\"cshero-shortcode cshero-post-carousel-item content-left\" >\r\n\t\t\t\t\t\t<article class=\"post-18828 post type-post status-publish format-standard has-post-thumbnail hentry category-celebraciones category-celebraciones_el-munt category-uncategorized-ca\">\r\n    <div class=\"cshero-carousel-container\">\r\n                    <div class=\"cshero-carousel-body\" style=\"color:; text-align:left;background-color:;padding:0;\">\r\n                <div class=\"cshero-carousel-inner clearfix\">\r\n                                        <div class=\"cshero-carousel-meta clearfix\">\r\n                                                <span class=\"cshero-carousel-date\" style=\"text-transform:initial;font-weight:400;font-style:;color:;\">Ene 25 2016<\/span>\r\n                                                                                                                    <\/div>\r\n                                                                <h3 class=\"cshero-carousel-title\">\r\n                            <a title=\"MIREIA&#038;JUANAN. UNA PAREJA ENCANTADORA\" href=\"https:\/\/calbernadas.com\/es\/blog\/mireiajuanan-una-parella-molt-bonica\/\" rel=\"\" style=\"display:block; color:; margin:0; \">\r\n                                MIREIA&#038;JUANAN. UNA PAREJA ENCANTADORA                            <\/a>\r\n                        <\/h3>\r\n                                        \r\n                                        <div class=\"cshero-carousel-post-description\">\r\n                                                    <p>[vc_row][vc_column][vc_column_text]Una ceremonia en medio del bosque, un aperitivo en el jard\u00edn <\/p>\r\n                                            <\/div>\r\n                                                        <\/div>\r\n            <\/div>\r\n            <\/div>\r\n    <h6 style=\"display:none;\">&nbsp;<\/h6><\/article>\r\n\t\t\t\t\t<\/div>\r\n\t\t\t    <\/div>\t\t\t<\/div>\r\n\t\t<\/div>\r\n\t\t\t\t\t<div class=\"cshero-control pager-center text-center default\"><\/div>\r\n\t\t\t\t        <div class=\"cshero-nav text-center default\">\r\n            <ul>\r\n                <li class=\"prev\" style=\"left:;\"><\/li>\r\n                <li class=\"next\" style=\"right:;\"><\/li>\r\n            <\/ul>\r\n        <\/div>\r\n    \t\t        <\/div>\r\n[\/vc_column][\/vc_row][vc_row css=\u00bb.vc_custom_1418110445603{margin-bottom: 80px !important;border-bottom-width: 1px !important;padding-bottom: 80px !important;border-bottom-color: #eeeeee !important;border-bottom-style: solid !important;}\u00bb full_width=\u00bbfalse\u00bb parallax_speed=\u00bb0.8&#8243; bg_video_transparent=\u00bb0&#8243; height_engle=\u00bb60px\u00bb height_engle_style2=\u00bb60px\u00bb][vc_column][cs_custom_heading text=\u00bbLAYOUT 2&#8243; font_container=\u00bbtag:h2|font_size:30px|text_align:center\u00bb style=\u00bbtitle-bottom-line\u00bb title_bottom_line_width=\u00bb40px\u00bb title_bottom_line_height=\u00bb3px\u00bb title_bottom_line_color=\u00bb#dddddd\u00bb title_bottom_line_margin_bottom=\u00bb40px\u00bb css=\u00bb.vc_custom_1419323002174{margin-bottom: 20px !important;}\u00bb]\t<div id=\"cshero_post_carousel_1777499443_169f27d337287e\" class=\"cshero-post-carousel postcarousel-layout2 \">\r\n\t\t<style type=\"text\/css\" scoped>\r\n\t\t\t#cshero_post_carousel_1777499443_169f27d337287e article:hover .cshero-carousel-body{color: !important; background-color: !important; }\r\n\t\t\t#cshero_post_carousel_1777499443_169f27d337287e article:hover .cshero-carousel-title a{color: !important; }\r\n\t\t\t#cshero_post_carousel_1777499443_169f27d337287e .link-wrap a{ color: ;}\r\n\t\t\t#cshero_post_carousel_1777499443_169f27d337287e .link-wrap a:hover{ color: ;}\r\n\t\t\t#cshero_post_carousel_1777499443_169f27d337287e .link-wrap [class*='icon-box-']:hover .fa,\r\n\t\t\t#cshero_post_carousel_1777499443_169f27d337287e .link-wrap [class^='icon-box-']:hover .fa{border-color:;}\r\n\t\t<\/style>\r\n\t            <div class=\"cshero-post-carousel-list \">\r\n            <div id=\"cshero_post_carousel1777499443_169f27d337287e\" data-mode=\"horizontal\" data-moveslides=\"3\" data-auto=\"0\" data-speed=\"500\" data-prevselector=\"#cshero_post_carousel_1777499443_169f27d337287e .prev\" data-nextselector=\"#cshero_post_carousel_1777499443_169f27d337287e .next\" data-prevText=\"<i class='fa fa-angle-left'><\/i>\" data-nextText=\"<i class='fa fa-angle-right'><\/i>\" data-pagerSelector=\"#cshero_post_carousel_1777499443_169f27d337287e .cshero-control\" data-onsliderload=\"true\" data-touchenabled=\"1\" data-controls=\"true\" data-pager=\"1\" data-pause=\"4000\" data-infiniteloop=\"true\" data-adaptiveheight=\"true\"  data-autohover=\"true\" data-slidemargin=\"30\" data-maxslides=\"3\" data-minslides=\"1\" data-slidewidth=\"360\" data-slideselector=\"\" data-easing=\"swing\" data-usecss=\"\" data-resize=\"1\" class=\"slider jm-bxslider\">\r\n                <div class=\"cshero-post-carousel-item-wrap\">                \t\t                <div class=\"cshero-shortcode cshero-post-carousel-item content-left\" >\r\n\t\t\t\t\t\t<article id=\"post-15030\" class=\"text-left post-15030 post type-post status-publish format-standard has-post-thumbnail hentry category-turismo-rural category-turismo-rural_el-munt\">\n    <div class=\"cshero-carousel-container\">\n                <div class=\"cshero-carousel-image clearfix\" style=\"width:360px;height:360px;display: block;\">\n            <img alt=\"\"  src=\"https:\/\/calbernadas.com\/wp-content\/uploads\/2014\/03\/20140326-BLOC-360x360_c.jpg\" style=\"border-radius:0;-webkit-border-radius:0;-moz-border-radius:0;-ms-border-radius:0;-o-border-radius:0;max-width:100%;\" \/>            \n                            <div class=\"cshero-carousel-post-date\"><span class=\"date-month\">25 Mar<\/span><span class=\"year\">2014<\/span><\/div>\n                                        <div class=\"overlay\" style=\"z-index:4;border-radius:0;-webkit-border-radius:0;-moz-border-radius:0;-ms-border-radius:0;-o-border-radius:0;background-color:rgba(0,0,0,0.7);color:;width:360px;height:360px;max-width:100%;\">\n                    <div class=\"overlay-content\">\n                        <div class=\"link-wrap\">\n                        <a class=\"icon-link icon-button\" title=\"Read more\" href=\"https:\/\/calbernadas.com\/es\/blog\/gracies-marc-i-mireia\/\" ><i class=\"fa fa-link\"><\/i><\/a>                        <a class=\"icon-link colorbox icon-button\" title=\"\" href=\"https:\/\/calbernadas.com\/wp-content\/uploads\/2014\/03\/20140326-BLOC.jpg\"  data-rel=\"lightbox-image-12\" data-rl_title=\"\" data-rl_caption=\"\"><i class=\"fa fa-search\"><\/i><\/a>                        <\/div>\n                    <\/div>\n                <\/div>\n             \n        <\/div>\n        <div class=\"cshero-carousel-body\" style=\"color:; text-align:left;background-color:;padding:20px 0 0 0;\">\n            <div class=\"cshero-carousel-inner clearfix\">\n                                    <h4 class=\"cshero-carousel-title clearfix\">\n                        <a title=\"\u00a1GRACIAS MARC Y MIREIA!\" href=\"https:\/\/calbernadas.com\/es\/blog\/gracies-marc-i-mireia\/\" rel=\"\" style=\"color: \">\n                            \u00a1GRACIAS MARC Y MIREIA!                        <\/a>\n                    <\/h4>\n                                                    <div class=\"cshero-carousel-post-category\">\n                        Turismo rural, Turismo rural_El Munt                    <\/div>\n                                                <div class=\"cshero-carousel-post-description\" style=\"color: \">\n                                            <p>[vc_row][vc_column][vc_column_text]\r\nHace unos cuantos d\u00edas que asistimos a la Fira de Novios <\/p>\n                                    <\/div>\n                            <\/div>\n                        <div class=\"cshero-carousel-meta clearfix\">\n                                <span class=\"cshero-carousel-comment\"><i class=\"fa fa-comment-o\"><\/i>\n                    No Comments                <\/span>\n                                                <span><i class=\"fa fa-pencil\"><\/i> admin<\/span>\n                            <\/div>\n                    <\/div>\n            <\/div>\n<\/article>\n\t\t\t\t\t<\/div>\r\n\t\t\t    <\/div><div class=\"cshero-post-carousel-item-wrap\">                \t\t                <div class=\"cshero-shortcode cshero-post-carousel-item content-left\" >\r\n\t\t\t\t\t\t<article id=\"post-19037\" class=\"text-left post-19037 post type-post status-publish format-standard has-post-thumbnail hentry category-celebraciones category-celebraciones_el-munt\">\n    <div class=\"cshero-carousel-container\">\n                <div class=\"cshero-carousel-image clearfix\" style=\"width:360px;height:360px;display: block;\">\n            <img alt=\"\"  src=\"https:\/\/calbernadas.com\/wp-content\/uploads\/2017\/03\/14_140524_3349web-360x360_c.jpg\" style=\"border-radius:0;-webkit-border-radius:0;-moz-border-radius:0;-ms-border-radius:0;-o-border-radius:0;max-width:100%;\" \/>            \n                            <div class=\"cshero-carousel-post-date\"><span class=\"date-month\">31 May<\/span><span class=\"year\">2014<\/span><\/div>\n                                        <div class=\"overlay\" style=\"z-index:4;border-radius:0;-webkit-border-radius:0;-moz-border-radius:0;-ms-border-radius:0;-o-border-radius:0;background-color:rgba(0,0,0,0.7);color:;width:360px;height:360px;max-width:100%;\">\n                    <div class=\"overlay-content\">\n                        <div class=\"link-wrap\">\n                        <a class=\"icon-link icon-button\" title=\"Read more\" href=\"https:\/\/calbernadas.com\/es\/blog\/dos-mons-units\/\" ><i class=\"fa fa-link\"><\/i><\/a>                        <a class=\"icon-link colorbox icon-button\" title=\"\" href=\"https:\/\/calbernadas.com\/wp-content\/uploads\/2017\/03\/14_140524_3349web.jpg\"  data-rel=\"lightbox-image-13\" data-rl_title=\"\" data-rl_caption=\"\"><i class=\"fa fa-search\"><\/i><\/a>                        <\/div>\n                    <\/div>\n                <\/div>\n             \n        <\/div>\n        <div class=\"cshero-carousel-body\" style=\"color:; text-align:left;background-color:;padding:20px 0 0 0;\">\n            <div class=\"cshero-carousel-inner clearfix\">\n                                    <h4 class=\"cshero-carousel-title clearfix\">\n                        <a title=\"DOS MUNDOS UNIDOS EN UNO\" href=\"https:\/\/calbernadas.com\/es\/blog\/dos-mons-units\/\" rel=\"\" style=\"color: \">\n                            DOS MUNDOS UNIDOS EN UNO                        <\/a>\n                    <\/h4>\n                                                    <div class=\"cshero-carousel-post-category\">\n                        Celebraciones, Celebraciones_El Munt                    <\/div>\n                                                <div class=\"cshero-carousel-post-description\" style=\"color: \">\n                                            <p>[vc_row][vc_column][vc_column_text]\r\nQu\u00e9 nada mejor que ense\u00f1aros algunas de las fotos del gran <\/p>\n                                    <\/div>\n                            <\/div>\n                        <div class=\"cshero-carousel-meta clearfix\">\n                                <span class=\"cshero-carousel-comment\"><i class=\"fa fa-comment-o\"><\/i>\n                    No Comments                <\/span>\n                                                <span><i class=\"fa fa-pencil\"><\/i> admin<\/span>\n                            <\/div>\n                    <\/div>\n            <\/div>\n<\/article>\n\t\t\t\t\t<\/div>\r\n\t\t\t    <\/div><div class=\"cshero-post-carousel-item-wrap\">                \t\t                <div class=\"cshero-shortcode cshero-post-carousel-item content-left\" >\r\n\t\t\t\t\t\t<article id=\"post-19031\" class=\"text-left post-19031 post type-post status-publish format-standard has-post-thumbnail hentry category-celebraciones category-celebraciones_el-munt category-celebraciones_wedding-planner\">\n    <div class=\"cshero-carousel-container\">\n                <div class=\"cshero-carousel-image clearfix\" style=\"width:360px;height:360px;display: block;\">\n            <img alt=\"\"  src=\"https:\/\/calbernadas.com\/wp-content\/uploads\/2017\/03\/JJ_TOP_195-360x360_c.jpg\" style=\"border-radius:0;-webkit-border-radius:0;-moz-border-radius:0;-ms-border-radius:0;-o-border-radius:0;max-width:100%;\" \/>            \n                            <div class=\"cshero-carousel-post-date\"><span class=\"date-month\">08 Jul<\/span><span class=\"year\">2014<\/span><\/div>\n                                        <div class=\"overlay\" style=\"z-index:4;border-radius:0;-webkit-border-radius:0;-moz-border-radius:0;-ms-border-radius:0;-o-border-radius:0;background-color:rgba(0,0,0,0.7);color:;width:360px;height:360px;max-width:100%;\">\n                    <div class=\"overlay-content\">\n                        <div class=\"link-wrap\">\n                        <a class=\"icon-link icon-button\" title=\"Read more\" href=\"https:\/\/calbernadas.com\/es\/blog\/its-raining-be-happy-2\/\" ><i class=\"fa fa-link\"><\/i><\/a>                        <a class=\"icon-link colorbox icon-button\" title=\"\" href=\"https:\/\/calbernadas.com\/wp-content\/uploads\/2017\/03\/JJ_TOP_195.jpg\"  data-rel=\"lightbox-image-14\" data-rl_title=\"\" data-rl_caption=\"\"><i class=\"fa fa-search\"><\/i><\/a>                        <\/div>\n                    <\/div>\n                <\/div>\n             \n        <\/div>\n        <div class=\"cshero-carousel-body\" style=\"color:; text-align:left;background-color:;padding:20px 0 0 0;\">\n            <div class=\"cshero-carousel-inner clearfix\">\n                                    <h4 class=\"cshero-carousel-title clearfix\">\n                        <a title=\"IT&#8217;S RAINING, BE HAPPY!\" href=\"https:\/\/calbernadas.com\/es\/blog\/its-raining-be-happy-2\/\" rel=\"\" style=\"color: \">\n                            IT&#8217;S RAINING, BE HAPPY!                        <\/a>\n                    <\/h4>\n                                                    <div class=\"cshero-carousel-post-category\">\n                        Celebraciones, Celebraciones_El Munt, Celebraciones_Wedding Planner                    <\/div>\n                                                <div class=\"cshero-carousel-post-description\" style=\"color: \">\n                                            <p>[vc_row][vc_column][vc_column_text]La Joanna y el Julian son una pareja sueco chilena que se <\/p>\n                                    <\/div>\n                            <\/div>\n                        <div class=\"cshero-carousel-meta clearfix\">\n                                <span class=\"cshero-carousel-comment\"><i class=\"fa fa-comment-o\"><\/i>\n                    No Comments                <\/span>\n                                                <span><i class=\"fa fa-pencil\"><\/i> admin<\/span>\n                            <\/div>\n                    <\/div>\n            <\/div>\n<\/article>\n\t\t\t\t\t<\/div>\r\n\t\t\t    <\/div><div class=\"cshero-post-carousel-item-wrap\">                \t\t                <div class=\"cshero-shortcode cshero-post-carousel-item content-left\" >\r\n\t\t\t\t\t\t<article id=\"post-19019\" class=\"text-left post-19019 post type-post status-publish format-standard has-post-thumbnail hentry category-celebraciones category-celebraciones_el-munt category-celebraciones_wedding-planner\">\n    <div class=\"cshero-carousel-container\">\n                <div class=\"cshero-carousel-image clearfix\" style=\"width:360px;height:360px;display: block;\">\n            <img alt=\"\"  src=\"https:\/\/calbernadas.com\/wp-content\/uploads\/2017\/06\/05-Wedding-Cal-Bernadas-564-360x360_c.jpg\" style=\"border-radius:0;-webkit-border-radius:0;-moz-border-radius:0;-ms-border-radius:0;-o-border-radius:0;max-width:100%;\" \/>            \n                            <div class=\"cshero-carousel-post-date\"><span class=\"date-month\">10 Dic<\/span><span class=\"year\">2014<\/span><\/div>\n                                        <div class=\"overlay\" style=\"z-index:4;border-radius:0;-webkit-border-radius:0;-moz-border-radius:0;-ms-border-radius:0;-o-border-radius:0;background-color:rgba(0,0,0,0.7);color:;width:360px;height:360px;max-width:100%;\">\n                    <div class=\"overlay-content\">\n                        <div class=\"link-wrap\">\n                        <a class=\"icon-link icon-button\" title=\"Read more\" href=\"https:\/\/calbernadas.com\/es\/blog\/kristymark-cuando-empieza-dia-b\/\" ><i class=\"fa fa-link\"><\/i><\/a>                        <a class=\"icon-link colorbox icon-button\" title=\"\" href=\"https:\/\/calbernadas.com\/wp-content\/uploads\/2017\/06\/05-Wedding-Cal-Bernadas-564.jpg\"  data-rel=\"lightbox-image-15\" data-rl_title=\"\" data-rl_caption=\"\"><i class=\"fa fa-search\"><\/i><\/a>                        <\/div>\n                    <\/div>\n                <\/div>\n             \n        <\/div>\n        <div class=\"cshero-carousel-body\" style=\"color:; text-align:left;background-color:;padding:20px 0 0 0;\">\n            <div class=\"cshero-carousel-inner clearfix\">\n                                    <h4 class=\"cshero-carousel-title clearfix\">\n                        <a title=\"KRISTY&#038;MARK. CUANDO EMPIEZA EL D\u00cdA \u00abB\u00bb?\" href=\"https:\/\/calbernadas.com\/es\/blog\/kristymark-cuando-empieza-dia-b\/\" rel=\"\" style=\"color: \">\n                            KRISTY&#038;MARK. CUANDO EMPIEZA EL D\u00cdA \u00abB\u00bb?                        <\/a>\n                    <\/h4>\n                                                    <div class=\"cshero-carousel-post-category\">\n                        Celebraciones, Celebraciones_El Munt, Celebraciones_Wedding Planner                    <\/div>\n                                                <div class=\"cshero-carousel-post-description\" style=\"color: \">\n                                            <p>[vc_row][vc_column][vc_column_text]\u00bfCuando empieza el d\u00eda \"B\"? \u00bfA la entrada del novio en la <\/p>\n                                    <\/div>\n                            <\/div>\n                        <div class=\"cshero-carousel-meta clearfix\">\n                                <span class=\"cshero-carousel-comment\"><i class=\"fa fa-comment-o\"><\/i>\n                    No Comments                <\/span>\n                                                <span><i class=\"fa fa-pencil\"><\/i> admin<\/span>\n                            <\/div>\n                    <\/div>\n            <\/div>\n<\/article>\n\t\t\t\t\t<\/div>\r\n\t\t\t    <\/div><div class=\"cshero-post-carousel-item-wrap\">                \t\t                <div class=\"cshero-shortcode cshero-post-carousel-item content-left\" >\r\n\t\t\t\t\t\t<article id=\"post-19026\" class=\"text-left post-19026 post type-post status-publish format-standard has-post-thumbnail hentry category-celebraciones category-celebraciones_el-munt category-celebraciones_wedding-planner\">\n    <div class=\"cshero-carousel-container\">\n                <div class=\"cshero-carousel-image clearfix\" style=\"width:360px;height:360px;display: block;\">\n            <img alt=\"\"  src=\"https:\/\/calbernadas.com\/wp-content\/uploads\/2017\/06\/05-Wedding-Cal-Bernadas-197a-360x360_c.jpg\" style=\"border-radius:0;-webkit-border-radius:0;-moz-border-radius:0;-ms-border-radius:0;-o-border-radius:0;max-width:100%;\" \/>            \n                            <div class=\"cshero-carousel-post-date\"><span class=\"date-month\">10 Dic<\/span><span class=\"year\">2014<\/span><\/div>\n                                        <div class=\"overlay\" style=\"z-index:4;border-radius:0;-webkit-border-radius:0;-moz-border-radius:0;-ms-border-radius:0;-o-border-radius:0;background-color:rgba(0,0,0,0.7);color:;width:360px;height:360px;max-width:100%;\">\n                    <div class=\"overlay-content\">\n                        <div class=\"link-wrap\">\n                        <a class=\"icon-link icon-button\" title=\"Read more\" href=\"https:\/\/calbernadas.com\/es\/blog\/kristymark-fun-fun-fun\/\" ><i class=\"fa fa-link\"><\/i><\/a>                        <a class=\"icon-link colorbox icon-button\" title=\"\" href=\"https:\/\/calbernadas.com\/wp-content\/uploads\/2017\/06\/05-Wedding-Cal-Bernadas-197a.jpg\"  data-rel=\"lightbox-image-16\" data-rl_title=\"\" data-rl_caption=\"\"><i class=\"fa fa-search\"><\/i><\/a>                        <\/div>\n                    <\/div>\n                <\/div>\n             \n        <\/div>\n        <div class=\"cshero-carousel-body\" style=\"color:; text-align:left;background-color:;padding:20px 0 0 0;\">\n            <div class=\"cshero-carousel-inner clearfix\">\n                                    <h4 class=\"cshero-carousel-title clearfix\">\n                        <a title=\"KRISTY&#038;MARK. FUN, FUN, FUN!\" href=\"https:\/\/calbernadas.com\/es\/blog\/kristymark-fun-fun-fun\/\" rel=\"\" style=\"color: \">\n                            KRISTY&#038;MARK. FUN, FUN, FUN!                        <\/a>\n                    <\/h4>\n                                                    <div class=\"cshero-carousel-post-category\">\n                        Celebraciones, Celebraciones_El Munt, Celebraciones_Wedding Planner                    <\/div>\n                                                <div class=\"cshero-carousel-post-description\" style=\"color: \">\n                                            <p>[vc_row][vc_column][vc_column_text]La boda de la Kristy y el Mark empez\u00f3 bien, \u00a1pero termin\u00f3 <\/p>\n                                    <\/div>\n                            <\/div>\n                        <div class=\"cshero-carousel-meta clearfix\">\n                                <span class=\"cshero-carousel-comment\"><i class=\"fa fa-comment-o\"><\/i>\n                    No Comments                <\/span>\n                                                <span><i class=\"fa fa-pencil\"><\/i> admin<\/span>\n                            <\/div>\n                    <\/div>\n            <\/div>\n<\/article>\n\t\t\t\t\t<\/div>\r\n\t\t\t    <\/div><div class=\"cshero-post-carousel-item-wrap\">                \t\t                <div class=\"cshero-shortcode cshero-post-carousel-item content-left\" >\r\n\t\t\t\t\t\t<article id=\"post-19015\" class=\"text-left post-19015 post type-post status-publish format-standard has-post-thumbnail hentry category-celebraciones category-celebraciones_el-munt category-celebraciones_wedding-planner\">\n    <div class=\"cshero-carousel-container\">\n                <div class=\"cshero-carousel-image clearfix\" style=\"width:360px;height:360px;display: block;\">\n            <img alt=\"\"  src=\"https:\/\/calbernadas.com\/wp-content\/uploads\/2017\/03\/ErnestaTadas_-33-360x360_c.jpg\" style=\"border-radius:0;-webkit-border-radius:0;-moz-border-radius:0;-ms-border-radius:0;-o-border-radius:0;max-width:100%;\" \/>            \n                            <div class=\"cshero-carousel-post-date\"><span class=\"date-month\">19 Dic<\/span><span class=\"year\">2014<\/span><\/div>\n                                        <div class=\"overlay\" style=\"z-index:4;border-radius:0;-webkit-border-radius:0;-moz-border-radius:0;-ms-border-radius:0;-o-border-radius:0;background-color:rgba(0,0,0,0.7);color:;width:360px;height:360px;max-width:100%;\">\n                    <div class=\"overlay-content\">\n                        <div class=\"link-wrap\">\n                        <a class=\"icon-link icon-button\" title=\"Read more\" href=\"https:\/\/calbernadas.com\/es\/blog\/lituania-directo-munt\/\" ><i class=\"fa fa-link\"><\/i><\/a>                        <a class=\"icon-link colorbox icon-button\" title=\"\" href=\"https:\/\/calbernadas.com\/wp-content\/uploads\/2017\/03\/ErnestaTadas_-33.jpg\"  data-rel=\"lightbox-image-17\" data-rl_title=\"\" data-rl_caption=\"\"><i class=\"fa fa-search\"><\/i><\/a>                        <\/div>\n                    <\/div>\n                <\/div>\n             \n        <\/div>\n        <div class=\"cshero-carousel-body\" style=\"color:; text-align:left;background-color:;padding:20px 0 0 0;\">\n            <div class=\"cshero-carousel-inner clearfix\">\n                                    <h4 class=\"cshero-carousel-title clearfix\">\n                        <a title=\"DE LITUANIA DIRECTO A EL MUNT\" href=\"https:\/\/calbernadas.com\/es\/blog\/lituania-directo-munt\/\" rel=\"\" style=\"color: \">\n                            DE LITUANIA DIRECTO A EL MUNT                        <\/a>\n                    <\/h4>\n                                                    <div class=\"cshero-carousel-post-category\">\n                        Celebraciones, Celebraciones_El Munt, Celebraciones_Wedding Planner                    <\/div>\n                                                <div class=\"cshero-carousel-post-description\" style=\"color: \">\n                                            <p>[vc_row][vc_column][vc_column_text]Si, si. De Lituania directo a El Munt. \u00a1Llegada a la casa el <\/p>\n                                    <\/div>\n                            <\/div>\n                        <div class=\"cshero-carousel-meta clearfix\">\n                                <span class=\"cshero-carousel-comment\"><i class=\"fa fa-comment-o\"><\/i>\n                    No Comments                <\/span>\n                                                <span><i class=\"fa fa-pencil\"><\/i> admin<\/span>\n                            <\/div>\n                    <\/div>\n            <\/div>\n<\/article>\n\t\t\t\t\t<\/div>\r\n\t\t\t    <\/div><div class=\"cshero-post-carousel-item-wrap\">                \t\t                <div class=\"cshero-shortcode cshero-post-carousel-item content-left\" >\r\n\t\t\t\t\t\t<article id=\"post-19002\" class=\"text-left post-19002 post type-post status-publish format-standard has-post-thumbnail hentry category-celebraciones category-celebraciones_el-munt\">\n    <div class=\"cshero-carousel-container\">\n                <div class=\"cshero-carousel-image clearfix\" style=\"width:360px;height:360px;display: block;\">\n            <img alt=\"\"  src=\"https:\/\/calbernadas.com\/wp-content\/uploads\/2017\/03\/Casament_AnnaFeliu_El-Munt-23-360x360_c.jpg\" style=\"border-radius:0;-webkit-border-radius:0;-moz-border-radius:0;-ms-border-radius:0;-o-border-radius:0;max-width:100%;\" \/>            \n                            <div class=\"cshero-carousel-post-date\"><span class=\"date-month\">01 Jun<\/span><span class=\"year\">2015<\/span><\/div>\n                                        <div class=\"overlay\" style=\"z-index:4;border-radius:0;-webkit-border-radius:0;-moz-border-radius:0;-ms-border-radius:0;-o-border-radius:0;background-color:rgba(0,0,0,0.7);color:;width:360px;height:360px;max-width:100%;\">\n                    <div class=\"overlay-content\">\n                        <div class=\"link-wrap\">\n                        <a class=\"icon-link icon-button\" title=\"Read more\" href=\"https:\/\/calbernadas.com\/es\/blog\/annafeliu-estrenamos-temporada-bloguera\/\" ><i class=\"fa fa-link\"><\/i><\/a>                        <a class=\"icon-link colorbox icon-button\" title=\"\" href=\"https:\/\/calbernadas.com\/wp-content\/uploads\/2017\/03\/Casament_AnnaFeliu_El-Munt-23.jpg\"  data-rel=\"lightbox-image-18\" data-rl_title=\"\" data-rl_caption=\"\"><i class=\"fa fa-search\"><\/i><\/a>                        <\/div>\n                    <\/div>\n                <\/div>\n             \n        <\/div>\n        <div class=\"cshero-carousel-body\" style=\"color:; text-align:left;background-color:;padding:20px 0 0 0;\">\n            <div class=\"cshero-carousel-inner clearfix\">\n                                    <h4 class=\"cshero-carousel-title clearfix\">\n                        <a title=\"ANNA&#038;FELIU. ESTRENAMOS TEMPORADA BLOGUERA!\" href=\"https:\/\/calbernadas.com\/es\/blog\/annafeliu-estrenamos-temporada-bloguera\/\" rel=\"\" style=\"color: \">\n                            ANNA&#038;FELIU. ESTRENAMOS TEMPORADA BLOGUERA!                        <\/a>\n                    <\/h4>\n                                                    <div class=\"cshero-carousel-post-category\">\n                        Celebraciones, Celebraciones_El Munt                    <\/div>\n                                                <div class=\"cshero-carousel-post-description\" style=\"color: \">\n                                            <p>[vc_row][vc_column][vc_custom_heading text=\"Iniciamos <\/p>\n                                    <\/div>\n                            <\/div>\n                        <div class=\"cshero-carousel-meta clearfix\">\n                                <span class=\"cshero-carousel-comment\"><i class=\"fa fa-comment-o\"><\/i>\n                    No Comments                <\/span>\n                                                <span><i class=\"fa fa-pencil\"><\/i> admin<\/span>\n                            <\/div>\n                    <\/div>\n            <\/div>\n<\/article>\n\t\t\t\t\t<\/div>\r\n\t\t\t    <\/div><div class=\"cshero-post-carousel-item-wrap\">                \t\t                <div class=\"cshero-shortcode cshero-post-carousel-item content-left\" >\r\n\t\t\t\t\t\t<article id=\"post-19000\" class=\"text-left post-19000 post type-post status-publish format-standard has-post-thumbnail hentry category-celebraciones category-celebraciones_el-munt\">\n    <div class=\"cshero-carousel-container\">\n                <div class=\"cshero-carousel-image clearfix\" style=\"width:360px;height:360px;display: block;\">\n            <img alt=\"\"  src=\"https:\/\/calbernadas.com\/wp-content\/uploads\/2017\/03\/Casament_MartaJosep_El-Munt-11-360x360_c.jpg\" style=\"border-radius:0;-webkit-border-radius:0;-moz-border-radius:0;-ms-border-radius:0;-o-border-radius:0;max-width:100%;\" \/>            \n                            <div class=\"cshero-carousel-post-date\"><span class=\"date-month\">15 Jun<\/span><span class=\"year\">2015<\/span><\/div>\n                                        <div class=\"overlay\" style=\"z-index:4;border-radius:0;-webkit-border-radius:0;-moz-border-radius:0;-ms-border-radius:0;-o-border-radius:0;background-color:rgba(0,0,0,0.7);color:;width:360px;height:360px;max-width:100%;\">\n                    <div class=\"overlay-content\">\n                        <div class=\"link-wrap\">\n                        <a class=\"icon-link icon-button\" title=\"Read more\" href=\"https:\/\/calbernadas.com\/es\/blog\/martajosep-primavera-estado-puro\/\" ><i class=\"fa fa-link\"><\/i><\/a>                        <a class=\"icon-link colorbox icon-button\" title=\"\" href=\"https:\/\/calbernadas.com\/wp-content\/uploads\/2017\/03\/Casament_MartaJosep_El-Munt-11.jpg\"  data-rel=\"lightbox-image-19\" data-rl_title=\"\" data-rl_caption=\"\"><i class=\"fa fa-search\"><\/i><\/a>                        <\/div>\n                    <\/div>\n                <\/div>\n             \n        <\/div>\n        <div class=\"cshero-carousel-body\" style=\"color:; text-align:left;background-color:;padding:20px 0 0 0;\">\n            <div class=\"cshero-carousel-inner clearfix\">\n                                    <h4 class=\"cshero-carousel-title clearfix\">\n                        <a title=\"MARTA&#038;JOSEP. \u00a1PRIMAVERA EN ESTADO PURO!\" href=\"https:\/\/calbernadas.com\/es\/blog\/martajosep-primavera-estado-puro\/\" rel=\"\" style=\"color: \">\n                            MARTA&#038;JOSEP. \u00a1PRIMAVERA EN ESTADO PURO!                        <\/a>\n                    <\/h4>\n                                                    <div class=\"cshero-carousel-post-category\">\n                        Celebraciones, Celebraciones_El Munt                    <\/div>\n                                                <div class=\"cshero-carousel-post-description\" style=\"color: \">\n                                            <p>[vc_row][vc_column][vc_custom_heading text=\"\u00a1M\u00e1s verde, m\u00e1s sol, m\u00e1s color, m\u00e1s florido ... <\/p>\n                                    <\/div>\n                            <\/div>\n                        <div class=\"cshero-carousel-meta clearfix\">\n                                <span class=\"cshero-carousel-comment\"><i class=\"fa fa-comment-o\"><\/i>\n                    No Comments                <\/span>\n                                                <span><i class=\"fa fa-pencil\"><\/i> admin<\/span>\n                            <\/div>\n                    <\/div>\n            <\/div>\n<\/article>\n\t\t\t\t\t<\/div>\r\n\t\t\t    <\/div><div class=\"cshero-post-carousel-item-wrap\">                \t\t                <div class=\"cshero-shortcode cshero-post-carousel-item content-left\" >\r\n\t\t\t\t\t\t<article id=\"post-18997\" class=\"text-left post-18997 post type-post status-publish format-standard has-post-thumbnail hentry category-celebraciones category-celebraciones_el-munt\">\n    <div class=\"cshero-carousel-container\">\n                <div class=\"cshero-carousel-image clearfix\" style=\"width:360px;height:360px;display: block;\">\n            <img alt=\"\"  src=\"https:\/\/calbernadas.com\/wp-content\/uploads\/2017\/04\/15061-1004A-360x360_c.jpg\" style=\"border-radius:0;-webkit-border-radius:0;-moz-border-radius:0;-ms-border-radius:0;-o-border-radius:0;max-width:100%;\" \/>            \n                            <div class=\"cshero-carousel-post-date\"><span class=\"date-month\">15 Sep<\/span><span class=\"year\">2015<\/span><\/div>\n                                        <div class=\"overlay\" style=\"z-index:4;border-radius:0;-webkit-border-radius:0;-moz-border-radius:0;-ms-border-radius:0;-o-border-radius:0;background-color:rgba(0,0,0,0.7);color:;width:360px;height:360px;max-width:100%;\">\n                    <div class=\"overlay-content\">\n                        <div class=\"link-wrap\">\n                        <a class=\"icon-link icon-button\" title=\"Read more\" href=\"https:\/\/calbernadas.com\/es\/blog\/taniaguille-flying-to-munt\/\" ><i class=\"fa fa-link\"><\/i><\/a>                        <a class=\"icon-link colorbox icon-button\" title=\"\" href=\"https:\/\/calbernadas.com\/wp-content\/uploads\/2017\/04\/15061-1004A.jpg\"  data-rel=\"lightbox-image-20\" data-rl_title=\"\" data-rl_caption=\"\"><i class=\"fa fa-search\"><\/i><\/a>                        <\/div>\n                    <\/div>\n                <\/div>\n             \n        <\/div>\n        <div class=\"cshero-carousel-body\" style=\"color:; text-align:left;background-color:;padding:20px 0 0 0;\">\n            <div class=\"cshero-carousel-inner clearfix\">\n                                    <h4 class=\"cshero-carousel-title clearfix\">\n                        <a title=\"TANIA&#038;GUILLE. FLYING&#8230; TO EL MUNT!\" href=\"https:\/\/calbernadas.com\/es\/blog\/taniaguille-flying-to-munt\/\" rel=\"\" style=\"color: \">\n                            TANIA&#038;GUILLE. FLYING&#8230; TO EL MUNT!                        <\/a>\n                    <\/h4>\n                                                    <div class=\"cshero-carousel-post-category\">\n                        Celebraciones, Celebraciones_El Munt                    <\/div>\n                                                <div class=\"cshero-carousel-post-description\" style=\"color: \">\n                                            <p>[vc_row][vc_column][vc_column_text]Tania y Guille. Una pareja de guapos, una pareja de <\/p>\n                                    <\/div>\n                            <\/div>\n                        <div class=\"cshero-carousel-meta clearfix\">\n                                <span class=\"cshero-carousel-comment\"><i class=\"fa fa-comment-o\"><\/i>\n                    No Comments                <\/span>\n                                                <span><i class=\"fa fa-pencil\"><\/i> admin<\/span>\n                            <\/div>\n                    <\/div>\n            <\/div>\n<\/article>\n\t\t\t\t\t<\/div>\r\n\t\t\t    <\/div><div class=\"cshero-post-carousel-item-wrap\">                \t\t                <div class=\"cshero-shortcode cshero-post-carousel-item content-left\" >\r\n\t\t\t\t\t\t<article id=\"post-18994\" class=\"text-left post-18994 post type-post status-publish format-standard has-post-thumbnail hentry category-celebraciones category-celebraciones_el-munt\">\n    <div class=\"cshero-carousel-container\">\n                <div class=\"cshero-carousel-image clearfix\" style=\"width:360px;height:360px;display: block;\">\n            <img alt=\"\"  src=\"https:\/\/calbernadas.com\/wp-content\/uploads\/2017\/03\/Casament_AudreyJohn_El-Munt-13-360x360_c.jpg\" style=\"border-radius:0;-webkit-border-radius:0;-moz-border-radius:0;-ms-border-radius:0;-o-border-radius:0;max-width:100%;\" \/>            \n                            <div class=\"cshero-carousel-post-date\"><span class=\"date-month\">20 Sep<\/span><span class=\"year\">2015<\/span><\/div>\n                                        <div class=\"overlay\" style=\"z-index:4;border-radius:0;-webkit-border-radius:0;-moz-border-radius:0;-ms-border-radius:0;-o-border-radius:0;background-color:rgba(0,0,0,0.7);color:;width:360px;height:360px;max-width:100%;\">\n                    <div class=\"overlay-content\">\n                        <div class=\"link-wrap\">\n                        <a class=\"icon-link icon-button\" title=\"Read more\" href=\"https:\/\/calbernadas.com\/es\/blog\/audreyjohn-happy-1st-year-2\/\" ><i class=\"fa fa-link\"><\/i><\/a>                        <a class=\"icon-link colorbox icon-button\" title=\"\" href=\"https:\/\/calbernadas.com\/wp-content\/uploads\/2017\/03\/Casament_AudreyJohn_El-Munt-13.jpg\"  data-rel=\"lightbox-image-21\" data-rl_title=\"\" data-rl_caption=\"\"><i class=\"fa fa-search\"><\/i><\/a>                        <\/div>\n                    <\/div>\n                <\/div>\n             \n        <\/div>\n        <div class=\"cshero-carousel-body\" style=\"color:; text-align:left;background-color:;padding:20px 0 0 0;\">\n            <div class=\"cshero-carousel-inner clearfix\">\n                                    <h4 class=\"cshero-carousel-title clearfix\">\n                        <a title=\"AUDREY&#038;JOHN. HAPPY 1ST YEAR!\" href=\"https:\/\/calbernadas.com\/es\/blog\/audreyjohn-happy-1st-year-2\/\" rel=\"\" style=\"color: \">\n                            AUDREY&#038;JOHN. HAPPY 1ST YEAR!                        <\/a>\n                    <\/h4>\n                                                    <div class=\"cshero-carousel-post-category\">\n                        Celebraciones, Celebraciones_El Munt                    <\/div>\n                                                <div class=\"cshero-carousel-post-description\" style=\"color: \">\n                                            <p>[vc_row][vc_column][vc_custom_heading text=\"Happy 1st <\/p>\n                                    <\/div>\n                            <\/div>\n                        <div class=\"cshero-carousel-meta clearfix\">\n                                <span class=\"cshero-carousel-comment\"><i class=\"fa fa-comment-o\"><\/i>\n                    No Comments                <\/span>\n                                                <span><i class=\"fa fa-pencil\"><\/i> admin<\/span>\n                            <\/div>\n                    <\/div>\n            <\/div>\n<\/article>\n\t\t\t\t\t<\/div>\r\n\t\t\t    <\/div><div class=\"cshero-post-carousel-item-wrap\">                \t\t                <div class=\"cshero-shortcode cshero-post-carousel-item content-left\" >\r\n\t\t\t\t\t\t<article id=\"post-18944\" class=\"text-left post-18944 post type-post status-publish format-standard has-post-thumbnail hentry category-turismo-rural category-turismo-rural_el-munt\">\n    <div class=\"cshero-carousel-container\">\n                <div class=\"cshero-carousel-image clearfix\" style=\"width:360px;height:360px;display: block;\">\n            <img alt=\"\"  src=\"https:\/\/calbernadas.com\/wp-content\/uploads\/2017\/03\/Montse-Giralt2-360x360_c.jpg\" style=\"border-radius:0;-webkit-border-radius:0;-moz-border-radius:0;-ms-border-radius:0;-o-border-radius:0;max-width:100%;\" \/>            \n                            <div class=\"cshero-carousel-post-date\"><span class=\"date-month\">11 Ene<\/span><span class=\"year\">2016<\/span><\/div>\n                                        <div class=\"overlay\" style=\"z-index:4;border-radius:0;-webkit-border-radius:0;-moz-border-radius:0;-ms-border-radius:0;-o-border-radius:0;background-color:rgba(0,0,0,0.7);color:;width:360px;height:360px;max-width:100%;\">\n                    <div class=\"overlay-content\">\n                        <div class=\"link-wrap\">\n                        <a class=\"icon-link icon-button\" title=\"Read more\" href=\"https:\/\/calbernadas.com\/es\/blog\/flow-2\/\" ><i class=\"fa fa-link\"><\/i><\/a>                        <a class=\"icon-link colorbox icon-button\" title=\"\" href=\"https:\/\/calbernadas.com\/wp-content\/uploads\/2017\/03\/Montse-Giralt2.jpg\"  data-rel=\"lightbox-image-22\" data-rl_title=\"\" data-rl_caption=\"\"><i class=\"fa fa-search\"><\/i><\/a>                        <\/div>\n                    <\/div>\n                <\/div>\n             \n        <\/div>\n        <div class=\"cshero-carousel-body\" style=\"color:; text-align:left;background-color:;padding:20px 0 0 0;\">\n            <div class=\"cshero-carousel-inner clearfix\">\n                                    <h4 class=\"cshero-carousel-title clearfix\">\n                        <a title=\"FLOW\" href=\"https:\/\/calbernadas.com\/es\/blog\/flow-2\/\" rel=\"\" style=\"color: \">\n                            FLOW                        <\/a>\n                    <\/h4>\n                                                    <div class=\"cshero-carousel-post-category\">\n                        Turismo rural, Turismo rural_El Munt                    <\/div>\n                                                <div class=\"cshero-carousel-post-description\" style=\"color: \">\n                                            <p>[vc_row][vc_column][vc_column_text]Flow\u00a0es el t\u00edtulo de este gran proyecto de Montse Giralt, <\/p>\n                                    <\/div>\n                            <\/div>\n                        <div class=\"cshero-carousel-meta clearfix\">\n                                <span class=\"cshero-carousel-comment\"><i class=\"fa fa-comment-o\"><\/i>\n                    No Comments                <\/span>\n                                                <span><i class=\"fa fa-pencil\"><\/i> admin<\/span>\n                            <\/div>\n                    <\/div>\n            <\/div>\n<\/article>\n\t\t\t\t\t<\/div>\r\n\t\t\t    <\/div><div class=\"cshero-post-carousel-item-wrap\">                \t\t                <div class=\"cshero-shortcode cshero-post-carousel-item content-left\" >\r\n\t\t\t\t\t\t<article id=\"post-18828\" class=\"text-left post-18828 post type-post status-publish format-standard has-post-thumbnail hentry category-celebraciones category-celebraciones_el-munt category-uncategorized-ca\">\n    <div class=\"cshero-carousel-container\">\n                <div class=\"cshero-carousel-image clearfix\" style=\"width:360px;height:360px;display: block;\">\n            <img alt=\"\"  src=\"https:\/\/calbernadas.com\/wp-content\/uploads\/2017\/07\/BODAJUANANMIREIA-461A.-Boda-el-Munt.-Mireia-i-Juanan-360x360_c.jpg\" style=\"border-radius:0;-webkit-border-radius:0;-moz-border-radius:0;-ms-border-radius:0;-o-border-radius:0;max-width:100%;\" \/>            \n                            <div class=\"cshero-carousel-post-date\"><span class=\"date-month\">25 Ene<\/span><span class=\"year\">2016<\/span><\/div>\n                                        <div class=\"overlay\" style=\"z-index:4;border-radius:0;-webkit-border-radius:0;-moz-border-radius:0;-ms-border-radius:0;-o-border-radius:0;background-color:rgba(0,0,0,0.7);color:;width:360px;height:360px;max-width:100%;\">\n                    <div class=\"overlay-content\">\n                        <div class=\"link-wrap\">\n                        <a class=\"icon-link icon-button\" title=\"Read more\" href=\"https:\/\/calbernadas.com\/es\/blog\/mireiajuanan-una-parella-molt-bonica\/\" ><i class=\"fa fa-link\"><\/i><\/a>                        <a class=\"icon-link colorbox icon-button\" title=\"\" href=\"https:\/\/calbernadas.com\/wp-content\/uploads\/2017\/07\/BODAJUANANMIREIA-461A.-Boda-el-Munt.-Mireia-i-Juanan.jpg\"  data-rel=\"lightbox-image-23\" data-rl_title=\"\" data-rl_caption=\"\"><i class=\"fa fa-search\"><\/i><\/a>                        <\/div>\n                    <\/div>\n                <\/div>\n             \n        <\/div>\n        <div class=\"cshero-carousel-body\" style=\"color:; text-align:left;background-color:;padding:20px 0 0 0;\">\n            <div class=\"cshero-carousel-inner clearfix\">\n                                    <h4 class=\"cshero-carousel-title clearfix\">\n                        <a title=\"MIREIA&#038;JUANAN. UNA PAREJA ENCANTADORA\" href=\"https:\/\/calbernadas.com\/es\/blog\/mireiajuanan-una-parella-molt-bonica\/\" rel=\"\" style=\"color: \">\n                            MIREIA&#038;JUANAN. UNA PAREJA ENCANTADORA                        <\/a>\n                    <\/h4>\n                                                    <div class=\"cshero-carousel-post-category\">\n                        Celebraciones, Celebraciones_El Munt, Uncategorized @ca                    <\/div>\n                                                <div class=\"cshero-carousel-post-description\" style=\"color: \">\n                                            <p>[vc_row][vc_column][vc_column_text]Una ceremonia en medio del bosque, un aperitivo en el jard\u00edn <\/p>\n                                    <\/div>\n                            <\/div>\n                        <div class=\"cshero-carousel-meta clearfix\">\n                                <span class=\"cshero-carousel-comment\"><i class=\"fa fa-comment-o\"><\/i>\n                    No Comments                <\/span>\n                                                <span><i class=\"fa fa-pencil\"><\/i> admin<\/span>\n                            <\/div>\n                    <\/div>\n            <\/div>\n<\/article>\n\t\t\t\t\t<\/div>\r\n\t\t\t    <\/div>\t\t\t<\/div>\r\n\t\t<\/div>\r\n\t\t\t\t\t<div class=\"cshero-control pager-center text-center default\"><\/div>\r\n\t\t\t\t        <div class=\"cshero-nav text-center default\">\r\n            <ul>\r\n                <li class=\"prev\" style=\"left:;\"><\/li>\r\n                <li class=\"next\" style=\"right:;\"><\/li>\r\n            <\/ul>\r\n        <\/div>\r\n    \t\t        <\/div>\r\n[\/vc_column][\/vc_row][vc_row css=\u00bb.vc_custom_1418098768490{margin-bottom: 80px !important;border-bottom-width: 1px !important;padding-bottom: 80px !important;border-bottom-color: #eeeeee !important;border-bottom-style: solid !important;}\u00bb full_width=\u00bbfalse\u00bb parallax_speed=\u00bb0.8&#8243; bg_video_transparent=\u00bb0&#8243; height_engle=\u00bb60px\u00bb height_engle_style2=\u00bb60px\u00bb][vc_column][cs_custom_heading text=\u00bbLAYOUT 3&#8243; font_container=\u00bbtag:h2|font_size:30px|text_align:center\u00bb style=\u00bbtitle-bottom-line\u00bb title_bottom_line_width=\u00bb40px\u00bb title_bottom_line_height=\u00bb3px\u00bb title_bottom_line_color=\u00bb#dddddd\u00bb title_bottom_line_margin_bottom=\u00bb40px\u00bb css=\u00bb.vc_custom_1419324632624{margin-bottom: 20px !important;}\u00bb]\t<div id=\"cshero_post_carousel_1777499443_169f27d3383cc1\" class=\"cshero-post-carousel postcarousel-layout3 \">\r\n\t\t<style type=\"text\/css\" scoped>\r\n\t\t\t#cshero_post_carousel_1777499443_169f27d3383cc1 article:hover .cshero-carousel-body{color:#ffffff !important; background-color: !important; }\r\n\t\t\t#cshero_post_carousel_1777499443_169f27d3383cc1 article:hover .cshero-carousel-title a{color:#ffffff !important; }\r\n\t\t\t#cshero_post_carousel_1777499443_169f27d3383cc1 .link-wrap a{ color: ;}\r\n\t\t\t#cshero_post_carousel_1777499443_169f27d3383cc1 .link-wrap a:hover{ color: ;}\r\n\t\t\t#cshero_post_carousel_1777499443_169f27d3383cc1 .link-wrap [class*='icon-box-']:hover .fa,\r\n\t\t\t#cshero_post_carousel_1777499443_169f27d3383cc1 .link-wrap [class^='icon-box-']:hover .fa{border-color:;}\r\n\t\t<\/style>\r\n\t            <div class=\"cshero-post-carousel-list \">\r\n            <div id=\"cshero_post_carousel1777499443_169f27d3383cc1\" data-mode=\"horizontal\" data-moveslides=\"3\" data-auto=\"0\" data-speed=\"500\" data-prevselector=\"#cshero_post_carousel_1777499443_169f27d3383cc1 .prev\" data-nextselector=\"#cshero_post_carousel_1777499443_169f27d3383cc1 .next\" data-prevText=\"<i class='fa fa-angle-left'><\/i>\" data-nextText=\"<i class='fa fa-angle-right'><\/i>\" data-pagerSelector=\"#cshero_post_carousel_1777499443_169f27d3383cc1 .cshero-control\" data-onsliderload=\"true\" data-touchenabled=\"1\" data-controls=\"true\" data-pager=\"1\" data-pause=\"4000\" data-infiniteloop=\"true\" data-adaptiveheight=\"true\"  data-autohover=\"true\" data-slidemargin=\"30\" data-maxslides=\"3\" data-minslides=\"1\" data-slidewidth=\"360\" data-slideselector=\"\" data-easing=\"swing\" data-usecss=\"\" data-resize=\"1\" class=\"slider jm-bxslider\">\r\n                <div class=\"cshero-post-carousel-item-wrap\">                \t\t                <div class=\"cshero-shortcode cshero-post-carousel-item content-left\" >\r\n\t\t\t\t\t\t<article id=\"post-15030\" class=\"text-left post-15030 post type-post status-publish format-standard has-post-thumbnail hentry category-turismo-rural category-turismo-rural_el-munt\">\n    <div class=\"cshero-carousel-container\">\n                <div class=\"cshero-carousel-image clearfix\" style=\"width:360px;height:260px;display: block;\">\n            <img alt=\"\"  src=\"https:\/\/calbernadas.com\/wp-content\/uploads\/2014\/03\/20140326-BLOC-360x260_c.jpg\" style=\"border-radius:0;-webkit-border-radius:0;-moz-border-radius:0;-ms-border-radius:0;-o-border-radius:0;max-width:100%;\" \/>                            <div class=\"cshero-carousel-post-category\" style=\"background-color:rgba(0,0,0,0.7);\">\n                    Turismo rural, Turismo rural_El Munt                <\/div>\n            \n            <div class=\"overlay\">\n                <div class=\"overlay-content\" style=\"background-color:rgba(0,0,0,0.7);\">\n                    <div class=\"cshero-carousel-body\" style=\"color:#ffffff; text-align:left;background-color:;padding:15px;\">\n                        <div class=\"cshero-carousel-inner clearfix\">\n                                                            <h5 class=\"cshero-carousel-title clearfix\">\n                                    <a title=\"\u00a1GRACIAS MARC Y MIREIA!\" href=\"https:\/\/calbernadas.com\/es\/blog\/gracies-marc-i-mireia\/\" rel=\"\" style=\"color: #ffffff\">\n                                        \u00a1GRACIAS MARC Y MIREIA!                                    <\/a>\n                                <\/h5>\n                                                        \n                                                    <\/div>\n                                                <div class=\"cshero-carousel-meta clearfix\">\n                                                            <span class=\"date\" style=\"text-transform:initial;font-weight:400;font-style:;color:;\">25 marzo 2014<\/span>\n                                                                                                            <\/div>\n                                                                    <\/div>\n                <\/div>\n            <\/div>\n        <\/div>\n            <\/div>\n<\/article>\n\t\t\t\t\t<\/div>\r\n\t\t\t    <\/div><div class=\"cshero-post-carousel-item-wrap\">                \t\t                <div class=\"cshero-shortcode cshero-post-carousel-item content-left\" >\r\n\t\t\t\t\t\t<article id=\"post-19037\" class=\"text-left post-19037 post type-post status-publish format-standard has-post-thumbnail hentry category-celebraciones category-celebraciones_el-munt\">\n    <div class=\"cshero-carousel-container\">\n                <div class=\"cshero-carousel-image clearfix\" style=\"width:360px;height:260px;display: block;\">\n            <img alt=\"\"  src=\"https:\/\/calbernadas.com\/wp-content\/uploads\/2017\/03\/14_140524_3349web-360x260_c.jpg\" style=\"border-radius:0;-webkit-border-radius:0;-moz-border-radius:0;-ms-border-radius:0;-o-border-radius:0;max-width:100%;\" \/>                            <div class=\"cshero-carousel-post-category\" style=\"background-color:rgba(0,0,0,0.7);\">\n                    Celebraciones, Celebraciones_El Munt                <\/div>\n            \n            <div class=\"overlay\">\n                <div class=\"overlay-content\" style=\"background-color:rgba(0,0,0,0.7);\">\n                    <div class=\"cshero-carousel-body\" style=\"color:#ffffff; text-align:left;background-color:;padding:15px;\">\n                        <div class=\"cshero-carousel-inner clearfix\">\n                                                            <h5 class=\"cshero-carousel-title clearfix\">\n                                    <a title=\"DOS MUNDOS UNIDOS EN UNO\" href=\"https:\/\/calbernadas.com\/es\/blog\/dos-mons-units\/\" rel=\"\" style=\"color: #ffffff\">\n                                        DOS MUNDOS UNIDOS EN UNO                                    <\/a>\n                                <\/h5>\n                                                        \n                                                    <\/div>\n                                                <div class=\"cshero-carousel-meta clearfix\">\n                                                            <span class=\"date\" style=\"text-transform:initial;font-weight:400;font-style:;color:;\">31 mayo 2014<\/span>\n                                                                                                            <\/div>\n                                                                    <\/div>\n                <\/div>\n            <\/div>\n        <\/div>\n            <\/div>\n<\/article>\n\t\t\t\t\t<\/div>\r\n\t\t\t    <\/div><div class=\"cshero-post-carousel-item-wrap\">                \t\t                <div class=\"cshero-shortcode cshero-post-carousel-item content-left\" >\r\n\t\t\t\t\t\t<article id=\"post-19031\" class=\"text-left post-19031 post type-post status-publish format-standard has-post-thumbnail hentry category-celebraciones category-celebraciones_el-munt category-celebraciones_wedding-planner\">\n    <div class=\"cshero-carousel-container\">\n                <div class=\"cshero-carousel-image clearfix\" style=\"width:360px;height:260px;display: block;\">\n            <img alt=\"\"  src=\"https:\/\/calbernadas.com\/wp-content\/uploads\/2017\/03\/JJ_TOP_195-360x260_c.jpg\" style=\"border-radius:0;-webkit-border-radius:0;-moz-border-radius:0;-ms-border-radius:0;-o-border-radius:0;max-width:100%;\" \/>                            <div class=\"cshero-carousel-post-category\" style=\"background-color:rgba(0,0,0,0.7);\">\n                    Celebraciones, Celebraciones_El Munt, Celebraciones_Wedding Planner                <\/div>\n            \n            <div class=\"overlay\">\n                <div class=\"overlay-content\" style=\"background-color:rgba(0,0,0,0.7);\">\n                    <div class=\"cshero-carousel-body\" style=\"color:#ffffff; text-align:left;background-color:;padding:15px;\">\n                        <div class=\"cshero-carousel-inner clearfix\">\n                                                            <h5 class=\"cshero-carousel-title clearfix\">\n                                    <a title=\"IT&#8217;S RAINING, BE HAPPY!\" href=\"https:\/\/calbernadas.com\/es\/blog\/its-raining-be-happy-2\/\" rel=\"\" style=\"color: #ffffff\">\n                                        IT&#8217;S RAINING, BE HAPPY!                                    <\/a>\n                                <\/h5>\n                                                        \n                                                    <\/div>\n                                                <div class=\"cshero-carousel-meta clearfix\">\n                                                            <span class=\"date\" style=\"text-transform:initial;font-weight:400;font-style:;color:;\">08 julio 2014<\/span>\n                                                                                                            <\/div>\n                                                                    <\/div>\n                <\/div>\n            <\/div>\n        <\/div>\n            <\/div>\n<\/article>\n\t\t\t\t\t<\/div>\r\n\t\t\t    <\/div><div class=\"cshero-post-carousel-item-wrap\">                \t\t                <div class=\"cshero-shortcode cshero-post-carousel-item content-left\" >\r\n\t\t\t\t\t\t<article id=\"post-19019\" class=\"text-left post-19019 post type-post status-publish format-standard has-post-thumbnail hentry category-celebraciones category-celebraciones_el-munt category-celebraciones_wedding-planner\">\n    <div class=\"cshero-carousel-container\">\n                <div class=\"cshero-carousel-image clearfix\" style=\"width:360px;height:260px;display: block;\">\n            <img alt=\"\"  src=\"https:\/\/calbernadas.com\/wp-content\/uploads\/2017\/06\/05-Wedding-Cal-Bernadas-564-360x260_c.jpg\" style=\"border-radius:0;-webkit-border-radius:0;-moz-border-radius:0;-ms-border-radius:0;-o-border-radius:0;max-width:100%;\" \/>                            <div class=\"cshero-carousel-post-category\" style=\"background-color:rgba(0,0,0,0.7);\">\n                    Celebraciones, Celebraciones_El Munt, Celebraciones_Wedding Planner                <\/div>\n            \n            <div class=\"overlay\">\n                <div class=\"overlay-content\" style=\"background-color:rgba(0,0,0,0.7);\">\n                    <div class=\"cshero-carousel-body\" style=\"color:#ffffff; text-align:left;background-color:;padding:15px;\">\n                        <div class=\"cshero-carousel-inner clearfix\">\n                                                            <h5 class=\"cshero-carousel-title clearfix\">\n                                    <a title=\"KRISTY&#038;MARK. CUANDO EMPIEZA EL D\u00cdA \u00abB\u00bb?\" href=\"https:\/\/calbernadas.com\/es\/blog\/kristymark-cuando-empieza-dia-b\/\" rel=\"\" style=\"color: #ffffff\">\n                                        KRISTY&#038;MARK. CUANDO EMPIEZA EL D\u00cdA \u00abB\u00bb?                                    <\/a>\n                                <\/h5>\n                                                        \n                                                    <\/div>\n                                                <div class=\"cshero-carousel-meta clearfix\">\n                                                            <span class=\"date\" style=\"text-transform:initial;font-weight:400;font-style:;color:;\">10 diciembre 2014<\/span>\n                                                                                                            <\/div>\n                                                                    <\/div>\n                <\/div>\n            <\/div>\n        <\/div>\n            <\/div>\n<\/article>\n\t\t\t\t\t<\/div>\r\n\t\t\t    <\/div><div class=\"cshero-post-carousel-item-wrap\">                \t\t                <div class=\"cshero-shortcode cshero-post-carousel-item content-left\" >\r\n\t\t\t\t\t\t<article id=\"post-19026\" class=\"text-left post-19026 post type-post status-publish format-standard has-post-thumbnail hentry category-celebraciones category-celebraciones_el-munt category-celebraciones_wedding-planner\">\n    <div class=\"cshero-carousel-container\">\n                <div class=\"cshero-carousel-image clearfix\" style=\"width:360px;height:260px;display: block;\">\n            <img alt=\"\"  src=\"https:\/\/calbernadas.com\/wp-content\/uploads\/2017\/06\/05-Wedding-Cal-Bernadas-197a-360x260_c.jpg\" style=\"border-radius:0;-webkit-border-radius:0;-moz-border-radius:0;-ms-border-radius:0;-o-border-radius:0;max-width:100%;\" \/>                            <div class=\"cshero-carousel-post-category\" style=\"background-color:rgba(0,0,0,0.7);\">\n                    Celebraciones, Celebraciones_El Munt, Celebraciones_Wedding Planner                <\/div>\n            \n            <div class=\"overlay\">\n                <div class=\"overlay-content\" style=\"background-color:rgba(0,0,0,0.7);\">\n                    <div class=\"cshero-carousel-body\" style=\"color:#ffffff; text-align:left;background-color:;padding:15px;\">\n                        <div class=\"cshero-carousel-inner clearfix\">\n                                                            <h5 class=\"cshero-carousel-title clearfix\">\n                                    <a title=\"KRISTY&#038;MARK. FUN, FUN, FUN!\" href=\"https:\/\/calbernadas.com\/es\/blog\/kristymark-fun-fun-fun\/\" rel=\"\" style=\"color: #ffffff\">\n                                        KRISTY&#038;MARK. FUN, FUN, FUN!                                    <\/a>\n                                <\/h5>\n                                                        \n                                                    <\/div>\n                                                <div class=\"cshero-carousel-meta clearfix\">\n                                                            <span class=\"date\" style=\"text-transform:initial;font-weight:400;font-style:;color:;\">10 diciembre 2014<\/span>\n                                                                                                            <\/div>\n                                                                    <\/div>\n                <\/div>\n            <\/div>\n        <\/div>\n            <\/div>\n<\/article>\n\t\t\t\t\t<\/div>\r\n\t\t\t    <\/div><div class=\"cshero-post-carousel-item-wrap\">                \t\t                <div class=\"cshero-shortcode cshero-post-carousel-item content-left\" >\r\n\t\t\t\t\t\t<article id=\"post-19015\" class=\"text-left post-19015 post type-post status-publish format-standard has-post-thumbnail hentry category-celebraciones category-celebraciones_el-munt category-celebraciones_wedding-planner\">\n    <div class=\"cshero-carousel-container\">\n                <div class=\"cshero-carousel-image clearfix\" style=\"width:360px;height:260px;display: block;\">\n            <img alt=\"\"  src=\"https:\/\/calbernadas.com\/wp-content\/uploads\/2017\/03\/ErnestaTadas_-33-360x260_c.jpg\" style=\"border-radius:0;-webkit-border-radius:0;-moz-border-radius:0;-ms-border-radius:0;-o-border-radius:0;max-width:100%;\" \/>                            <div class=\"cshero-carousel-post-category\" style=\"background-color:rgba(0,0,0,0.7);\">\n                    Celebraciones, Celebraciones_El Munt, Celebraciones_Wedding Planner                <\/div>\n            \n            <div class=\"overlay\">\n                <div class=\"overlay-content\" style=\"background-color:rgba(0,0,0,0.7);\">\n                    <div class=\"cshero-carousel-body\" style=\"color:#ffffff; text-align:left;background-color:;padding:15px;\">\n                        <div class=\"cshero-carousel-inner clearfix\">\n                                                            <h5 class=\"cshero-carousel-title clearfix\">\n                                    <a title=\"DE LITUANIA DIRECTO A EL MUNT\" href=\"https:\/\/calbernadas.com\/es\/blog\/lituania-directo-munt\/\" rel=\"\" style=\"color: #ffffff\">\n                                        DE LITUANIA DIRECTO A EL MUNT                                    <\/a>\n                                <\/h5>\n                                                        \n                                                    <\/div>\n                                                <div class=\"cshero-carousel-meta clearfix\">\n                                                            <span class=\"date\" style=\"text-transform:initial;font-weight:400;font-style:;color:;\">19 diciembre 2014<\/span>\n                                                                                                            <\/div>\n                                                                    <\/div>\n                <\/div>\n            <\/div>\n        <\/div>\n            <\/div>\n<\/article>\n\t\t\t\t\t<\/div>\r\n\t\t\t    <\/div><div class=\"cshero-post-carousel-item-wrap\">                \t\t                <div class=\"cshero-shortcode cshero-post-carousel-item content-left\" >\r\n\t\t\t\t\t\t<article id=\"post-19002\" class=\"text-left post-19002 post type-post status-publish format-standard has-post-thumbnail hentry category-celebraciones category-celebraciones_el-munt\">\n    <div class=\"cshero-carousel-container\">\n                <div class=\"cshero-carousel-image clearfix\" style=\"width:360px;height:260px;display: block;\">\n            <img alt=\"\"  src=\"https:\/\/calbernadas.com\/wp-content\/uploads\/2017\/03\/Casament_AnnaFeliu_El-Munt-23-360x260_c.jpg\" style=\"border-radius:0;-webkit-border-radius:0;-moz-border-radius:0;-ms-border-radius:0;-o-border-radius:0;max-width:100%;\" \/>                            <div class=\"cshero-carousel-post-category\" style=\"background-color:rgba(0,0,0,0.7);\">\n                    Celebraciones, Celebraciones_El Munt                <\/div>\n            \n            <div class=\"overlay\">\n                <div class=\"overlay-content\" style=\"background-color:rgba(0,0,0,0.7);\">\n                    <div class=\"cshero-carousel-body\" style=\"color:#ffffff; text-align:left;background-color:;padding:15px;\">\n                        <div class=\"cshero-carousel-inner clearfix\">\n                                                            <h5 class=\"cshero-carousel-title clearfix\">\n                                    <a title=\"ANNA&#038;FELIU. ESTRENAMOS TEMPORADA BLOGUERA!\" href=\"https:\/\/calbernadas.com\/es\/blog\/annafeliu-estrenamos-temporada-bloguera\/\" rel=\"\" style=\"color: #ffffff\">\n                                        ANNA&#038;FELIU. ESTRENAMOS TEMPORADA BLOGUERA!                                    <\/a>\n                                <\/h5>\n                                                        \n                                                    <\/div>\n                                                <div class=\"cshero-carousel-meta clearfix\">\n                                                            <span class=\"date\" style=\"text-transform:initial;font-weight:400;font-style:;color:;\">01 junio 2015<\/span>\n                                                                                                            <\/div>\n                                                                    <\/div>\n                <\/div>\n            <\/div>\n        <\/div>\n            <\/div>\n<\/article>\n\t\t\t\t\t<\/div>\r\n\t\t\t    <\/div><div class=\"cshero-post-carousel-item-wrap\">                \t\t                <div class=\"cshero-shortcode cshero-post-carousel-item content-left\" >\r\n\t\t\t\t\t\t<article id=\"post-19000\" class=\"text-left post-19000 post type-post status-publish format-standard has-post-thumbnail hentry category-celebraciones category-celebraciones_el-munt\">\n    <div class=\"cshero-carousel-container\">\n                <div class=\"cshero-carousel-image clearfix\" style=\"width:360px;height:260px;display: block;\">\n            <img alt=\"\"  src=\"https:\/\/calbernadas.com\/wp-content\/uploads\/2017\/03\/Casament_MartaJosep_El-Munt-11-360x260_c.jpg\" style=\"border-radius:0;-webkit-border-radius:0;-moz-border-radius:0;-ms-border-radius:0;-o-border-radius:0;max-width:100%;\" \/>                            <div class=\"cshero-carousel-post-category\" style=\"background-color:rgba(0,0,0,0.7);\">\n                    Celebraciones, Celebraciones_El Munt                <\/div>\n            \n            <div class=\"overlay\">\n                <div class=\"overlay-content\" style=\"background-color:rgba(0,0,0,0.7);\">\n                    <div class=\"cshero-carousel-body\" style=\"color:#ffffff; text-align:left;background-color:;padding:15px;\">\n                        <div class=\"cshero-carousel-inner clearfix\">\n                                                            <h5 class=\"cshero-carousel-title clearfix\">\n                                    <a title=\"MARTA&#038;JOSEP. \u00a1PRIMAVERA EN ESTADO PURO!\" href=\"https:\/\/calbernadas.com\/es\/blog\/martajosep-primavera-estado-puro\/\" rel=\"\" style=\"color: #ffffff\">\n                                        MARTA&#038;JOSEP. \u00a1PRIMAVERA EN ESTADO PURO!                                    <\/a>\n                                <\/h5>\n                                                        \n                                                    <\/div>\n                                                <div class=\"cshero-carousel-meta clearfix\">\n                                                            <span class=\"date\" style=\"text-transform:initial;font-weight:400;font-style:;color:;\">15 junio 2015<\/span>\n                                                                                                            <\/div>\n                                                                    <\/div>\n                <\/div>\n            <\/div>\n        <\/div>\n            <\/div>\n<\/article>\n\t\t\t\t\t<\/div>\r\n\t\t\t    <\/div><div class=\"cshero-post-carousel-item-wrap\">                \t\t                <div class=\"cshero-shortcode cshero-post-carousel-item content-left\" >\r\n\t\t\t\t\t\t<article id=\"post-18997\" class=\"text-left post-18997 post type-post status-publish format-standard has-post-thumbnail hentry category-celebraciones category-celebraciones_el-munt\">\n    <div class=\"cshero-carousel-container\">\n                <div class=\"cshero-carousel-image clearfix\" style=\"width:360px;height:260px;display: block;\">\n            <img alt=\"\"  src=\"https:\/\/calbernadas.com\/wp-content\/uploads\/2017\/04\/15061-1004A-360x260_c.jpg\" style=\"border-radius:0;-webkit-border-radius:0;-moz-border-radius:0;-ms-border-radius:0;-o-border-radius:0;max-width:100%;\" \/>                            <div class=\"cshero-carousel-post-category\" style=\"background-color:rgba(0,0,0,0.7);\">\n                    Celebraciones, Celebraciones_El Munt                <\/div>\n            \n            <div class=\"overlay\">\n                <div class=\"overlay-content\" style=\"background-color:rgba(0,0,0,0.7);\">\n                    <div class=\"cshero-carousel-body\" style=\"color:#ffffff; text-align:left;background-color:;padding:15px;\">\n                        <div class=\"cshero-carousel-inner clearfix\">\n                                                            <h5 class=\"cshero-carousel-title clearfix\">\n                                    <a title=\"TANIA&#038;GUILLE. FLYING&#8230; TO EL MUNT!\" href=\"https:\/\/calbernadas.com\/es\/blog\/taniaguille-flying-to-munt\/\" rel=\"\" style=\"color: #ffffff\">\n                                        TANIA&#038;GUILLE. FLYING&#8230; TO EL MUNT!                                    <\/a>\n                                <\/h5>\n                                                        \n                                                    <\/div>\n                                                <div class=\"cshero-carousel-meta clearfix\">\n                                                            <span class=\"date\" style=\"text-transform:initial;font-weight:400;font-style:;color:;\">15 septiembre 2015<\/span>\n                                                                                                            <\/div>\n                                                                    <\/div>\n                <\/div>\n            <\/div>\n        <\/div>\n            <\/div>\n<\/article>\n\t\t\t\t\t<\/div>\r\n\t\t\t    <\/div><div class=\"cshero-post-carousel-item-wrap\">                \t\t                <div class=\"cshero-shortcode cshero-post-carousel-item content-left\" >\r\n\t\t\t\t\t\t<article id=\"post-18994\" class=\"text-left post-18994 post type-post status-publish format-standard has-post-thumbnail hentry category-celebraciones category-celebraciones_el-munt\">\n    <div class=\"cshero-carousel-container\">\n                <div class=\"cshero-carousel-image clearfix\" style=\"width:360px;height:260px;display: block;\">\n            <img alt=\"\"  src=\"https:\/\/calbernadas.com\/wp-content\/uploads\/2017\/03\/Casament_AudreyJohn_El-Munt-13-360x260_c.jpg\" style=\"border-radius:0;-webkit-border-radius:0;-moz-border-radius:0;-ms-border-radius:0;-o-border-radius:0;max-width:100%;\" \/>                            <div class=\"cshero-carousel-post-category\" style=\"background-color:rgba(0,0,0,0.7);\">\n                    Celebraciones, Celebraciones_El Munt                <\/div>\n            \n            <div class=\"overlay\">\n                <div class=\"overlay-content\" style=\"background-color:rgba(0,0,0,0.7);\">\n                    <div class=\"cshero-carousel-body\" style=\"color:#ffffff; text-align:left;background-color:;padding:15px;\">\n                        <div class=\"cshero-carousel-inner clearfix\">\n                                                            <h5 class=\"cshero-carousel-title clearfix\">\n                                    <a title=\"AUDREY&#038;JOHN. HAPPY 1ST YEAR!\" href=\"https:\/\/calbernadas.com\/es\/blog\/audreyjohn-happy-1st-year-2\/\" rel=\"\" style=\"color: #ffffff\">\n                                        AUDREY&#038;JOHN. HAPPY 1ST YEAR!                                    <\/a>\n                                <\/h5>\n                                                        \n                                                    <\/div>\n                                                <div class=\"cshero-carousel-meta clearfix\">\n                                                            <span class=\"date\" style=\"text-transform:initial;font-weight:400;font-style:;color:;\">20 septiembre 2015<\/span>\n                                                                                                            <\/div>\n                                                                    <\/div>\n                <\/div>\n            <\/div>\n        <\/div>\n            <\/div>\n<\/article>\n\t\t\t\t\t<\/div>\r\n\t\t\t    <\/div><div class=\"cshero-post-carousel-item-wrap\">                \t\t                <div class=\"cshero-shortcode cshero-post-carousel-item content-left\" >\r\n\t\t\t\t\t\t<article id=\"post-18944\" class=\"text-left post-18944 post type-post status-publish format-standard has-post-thumbnail hentry category-turismo-rural category-turismo-rural_el-munt\">\n    <div class=\"cshero-carousel-container\">\n                <div class=\"cshero-carousel-image clearfix\" style=\"width:360px;height:260px;display: block;\">\n            <img alt=\"\"  src=\"https:\/\/calbernadas.com\/wp-content\/uploads\/2017\/03\/Montse-Giralt2-360x260_c.jpg\" style=\"border-radius:0;-webkit-border-radius:0;-moz-border-radius:0;-ms-border-radius:0;-o-border-radius:0;max-width:100%;\" \/>                            <div class=\"cshero-carousel-post-category\" style=\"background-color:rgba(0,0,0,0.7);\">\n                    Turismo rural, Turismo rural_El Munt                <\/div>\n            \n            <div class=\"overlay\">\n                <div class=\"overlay-content\" style=\"background-color:rgba(0,0,0,0.7);\">\n                    <div class=\"cshero-carousel-body\" style=\"color:#ffffff; text-align:left;background-color:;padding:15px;\">\n                        <div class=\"cshero-carousel-inner clearfix\">\n                                                            <h5 class=\"cshero-carousel-title clearfix\">\n                                    <a title=\"FLOW\" href=\"https:\/\/calbernadas.com\/es\/blog\/flow-2\/\" rel=\"\" style=\"color: #ffffff\">\n                                        FLOW                                    <\/a>\n                                <\/h5>\n                                                        \n                                                    <\/div>\n                                                <div class=\"cshero-carousel-meta clearfix\">\n                                                            <span class=\"date\" style=\"text-transform:initial;font-weight:400;font-style:;color:;\">11 enero 2016<\/span>\n                                                                                                            <\/div>\n                                                                    <\/div>\n                <\/div>\n            <\/div>\n        <\/div>\n            <\/div>\n<\/article>\n\t\t\t\t\t<\/div>\r\n\t\t\t    <\/div><div class=\"cshero-post-carousel-item-wrap\">                \t\t                <div class=\"cshero-shortcode cshero-post-carousel-item content-left\" >\r\n\t\t\t\t\t\t<article id=\"post-18828\" class=\"text-left post-18828 post type-post status-publish format-standard has-post-thumbnail hentry category-celebraciones category-celebraciones_el-munt category-uncategorized-ca\">\n    <div class=\"cshero-carousel-container\">\n                <div class=\"cshero-carousel-image clearfix\" style=\"width:360px;height:260px;display: block;\">\n            <img alt=\"\"  src=\"https:\/\/calbernadas.com\/wp-content\/uploads\/2017\/07\/BODAJUANANMIREIA-461A.-Boda-el-Munt.-Mireia-i-Juanan-360x260_c.jpg\" style=\"border-radius:0;-webkit-border-radius:0;-moz-border-radius:0;-ms-border-radius:0;-o-border-radius:0;max-width:100%;\" \/>                            <div class=\"cshero-carousel-post-category\" style=\"background-color:rgba(0,0,0,0.7);\">\n                    Celebraciones, Celebraciones_El Munt, Uncategorized @ca                <\/div>\n            \n            <div class=\"overlay\">\n                <div class=\"overlay-content\" style=\"background-color:rgba(0,0,0,0.7);\">\n                    <div class=\"cshero-carousel-body\" style=\"color:#ffffff; text-align:left;background-color:;padding:15px;\">\n                        <div class=\"cshero-carousel-inner clearfix\">\n                                                            <h5 class=\"cshero-carousel-title clearfix\">\n                                    <a title=\"MIREIA&#038;JUANAN. UNA PAREJA ENCANTADORA\" href=\"https:\/\/calbernadas.com\/es\/blog\/mireiajuanan-una-parella-molt-bonica\/\" rel=\"\" style=\"color: #ffffff\">\n                                        MIREIA&#038;JUANAN. UNA PAREJA ENCANTADORA                                    <\/a>\n                                <\/h5>\n                                                        \n                                                    <\/div>\n                                                <div class=\"cshero-carousel-meta clearfix\">\n                                                            <span class=\"date\" style=\"text-transform:initial;font-weight:400;font-style:;color:;\">25 enero 2016<\/span>\n                                                                                                            <\/div>\n                                                                    <\/div>\n                <\/div>\n            <\/div>\n        <\/div>\n            <\/div>\n<\/article>\n\t\t\t\t\t<\/div>\r\n\t\t\t    <\/div>\t\t\t<\/div>\r\n\t\t<\/div>\r\n\t\t\t\t\t<div class=\"cshero-control pager-center text-center default\"><\/div>\r\n\t\t\t\t        <div class=\"cshero-nav text-center default\">\r\n            <ul>\r\n                <li class=\"prev\" style=\"left:;\"><\/li>\r\n                <li class=\"next\" style=\"right:;\"><\/li>\r\n            <\/ul>\r\n        <\/div>\r\n    \t\t        <\/div>\r\n[\/vc_column][\/vc_row][vc_row css=\u00bb.vc_custom_1418098768490{margin-bottom: 80px !important;border-bottom-width: 1px !important;padding-bottom: 80px !important;border-bottom-color: #eeeeee !important;border-bottom-style: solid !important;}\u00bb full_width=\u00bbfalse\u00bb parallax_speed=\u00bb0.8&#8243; bg_video_transparent=\u00bb0&#8243; height_engle=\u00bb60px\u00bb height_engle_style2=\u00bb60px\u00bb][vc_column][cs_custom_heading text=\u00bbLAYOUT 4&#8243; font_container=\u00bbtag:h2|font_size:30px|text_align:center\u00bb style=\u00bbtitle-bottom-line\u00bb title_bottom_line_width=\u00bb40px\u00bb title_bottom_line_height=\u00bb3px\u00bb title_bottom_line_color=\u00bb#dddddd\u00bb title_bottom_line_margin_bottom=\u00bb40px\u00bb css=\u00bb.vc_custom_1419327053872{margin-bottom: 20px !important;}\u00bb]\t<div id=\"cshero_post_carousel_1777499443_169f27d3391d03\" class=\"cshero-post-carousel postcarousel-layout4 \">\r\n\t\t<style type=\"text\/css\" scoped>\r\n\t\t\t#cshero_post_carousel_1777499443_169f27d3391d03 article:hover .cshero-carousel-body{color: !important; background-color: !important; }\r\n\t\t\t#cshero_post_carousel_1777499443_169f27d3391d03 article:hover .cshero-carousel-title a{color: !important; }\r\n\t\t\t#cshero_post_carousel_1777499443_169f27d3391d03 .link-wrap a{ color: ;}\r\n\t\t\t#cshero_post_carousel_1777499443_169f27d3391d03 .link-wrap a:hover{ color: ;}\r\n\t\t\t#cshero_post_carousel_1777499443_169f27d3391d03 .link-wrap [class*='icon-box-']:hover .fa,\r\n\t\t\t#cshero_post_carousel_1777499443_169f27d3391d03 .link-wrap [class^='icon-box-']:hover .fa{border-color:;}\r\n\t\t<\/style>\r\n\t            <div class=\"cshero-post-carousel-list \">\r\n            <div id=\"cshero_post_carousel1777499443_169f27d3391d03\" data-mode=\"horizontal\" data-moveslides=\"3\" data-auto=\"0\" data-speed=\"500\" data-prevselector=\"#cshero_post_carousel_1777499443_169f27d3391d03 .prev\" data-nextselector=\"#cshero_post_carousel_1777499443_169f27d3391d03 .next\" data-prevText=\"<i class='fa fa-angle-left'><\/i>\" data-nextText=\"<i class='fa fa-angle-right'><\/i>\" data-pagerSelector=\"#cshero_post_carousel_1777499443_169f27d3391d03 .cshero-control\" data-onsliderload=\"true\" data-touchenabled=\"1\" data-controls=\"true\" data-pager=\"1\" data-pause=\"4000\" data-infiniteloop=\"true\" data-adaptiveheight=\"true\"  data-autohover=\"true\" data-slidemargin=\"30\" data-maxslides=\"3\" data-minslides=\"1\" data-slidewidth=\"360\" data-slideselector=\"\" data-easing=\"swing\" data-usecss=\"\" data-resize=\"1\" class=\"slider jm-bxslider\">\r\n                <div class=\"cshero-post-carousel-item-wrap\">                \t\t                <div class=\"cshero-shortcode cshero-post-carousel-item content-left\" >\r\n\t\t\t\t\t\t<article id=\"post-15030\" class=\"text-left post-15030 post type-post status-publish format-standard has-post-thumbnail hentry category-turismo-rural category-turismo-rural_el-munt\">\n    <div class=\"cshero-carousel-container\">\n                    <div class=\"cshero-carousel-image clearfix\" style=\"width:360px;height:360px;display: block;\">\n                <img alt=\"\"  src=\"https:\/\/calbernadas.com\/wp-content\/uploads\/2014\/03\/20140326-BLOC-360x360_c.jpg\" style=\"border-radius:0;-webkit-border-radius:0;-moz-border-radius:0;-ms-border-radius:0;-o-border-radius:0;max-width:100%;\" \/>                                    <div class=\"cshero-carousel-post-date\" style=\"text-transform:initial;font-weight:400;font-style:;color:;\"><span class=\"date-month\">25 Mar<\/span><span class=\"year\">2014<\/span><\/div>\n                                                    <div class=\"overlay\" style=\"z-index:4;border-radius:0;-webkit-border-radius:0;-moz-border-radius:0;-ms-border-radius:0;-o-border-radius:0;background-color:rgba(0,0,0,0.7);color:;width:360px;height:360px;max-width:100%;\">\n                        <div class=\"overlay-content\">\n                            <a class=\"icon-link icon-button\" title=\"Read more\" href=\"https:\/\/calbernadas.com\/es\/blog\/gracies-marc-i-mireia\/\" ><i class=\"fa fa-link\"><\/i><\/a>                            <a class=\"icon-link colorbox icon-button\" title=\"\" href=\"https:\/\/calbernadas.com\/wp-content\/uploads\/2014\/03\/20140326-BLOC.jpg\"  data-rel=\"lightbox-image-12\" data-rl_title=\"\" data-rl_caption=\"\"><i class=\"fa fa-search\"><\/i><\/a> \n                        <\/div>\n                    <\/div>\n                   \n            <\/div>\n            <div class=\"cshero-carousel-body\" style=\"color:; text-align:left;background-color:;padding:20px 0 0 0;\">\n                <div class=\"cshero-carousel-inner clearfix\">\n                                            <h4 class=\"cshero-carousel-title clearfix\">\n                            <a title=\"\u00a1GRACIAS MARC Y MIREIA!\" href=\"https:\/\/calbernadas.com\/es\/blog\/gracies-marc-i-mireia\/\" rel=\"\" style=\"color: \">\n                                \u00a1GRACIAS MARC Y MIREIA!                            <\/a>\n                        <\/h4>\n                                                                <div class=\"cshero-carousel-post-category\">\n                            Turismo rural, Turismo rural_El Munt                        <\/div>\n                                                            <div class=\"cshero-carousel-post-description\" style=\"color: \">\n                                                    <p>[vc_row][vc_column][vc_column_text]\r\nHace unos cuantos d\u00edas que asistimos a la Fira de Novios <\/p>\n                                            <\/div>\n                                    <\/div>\n                                <div class=\"cshero-carousel-meta clearfix\">\n                    \n                                        <span class=\"cshero-carousel-comment\"><i class=\"fa fa-comment-o\"><\/i>\n                        No Comments                    <\/span>\n                                                            <span><i class=\"fa fa-pencil\"><\/i> admin<\/span>\n                                    <\/div>\n                            <\/div>\n                \n    <\/div>\n<\/article>\n\t\t\t\t\t<\/div>\r\n\t\t\t    <\/div><div class=\"cshero-post-carousel-item-wrap\">                \t\t                <div class=\"cshero-shortcode cshero-post-carousel-item content-left\" >\r\n\t\t\t\t\t\t<article id=\"post-19037\" class=\"text-left post-19037 post type-post status-publish format-standard has-post-thumbnail hentry category-celebraciones category-celebraciones_el-munt\">\n    <div class=\"cshero-carousel-container\">\n                    <div class=\"cshero-carousel-image clearfix\" style=\"width:360px;height:360px;display: block;\">\n                <img alt=\"\"  src=\"https:\/\/calbernadas.com\/wp-content\/uploads\/2017\/03\/14_140524_3349web-360x360_c.jpg\" style=\"border-radius:0;-webkit-border-radius:0;-moz-border-radius:0;-ms-border-radius:0;-o-border-radius:0;max-width:100%;\" \/>                                    <div class=\"cshero-carousel-post-date\" style=\"text-transform:initial;font-weight:400;font-style:;color:;\"><span class=\"date-month\">31 May<\/span><span class=\"year\">2014<\/span><\/div>\n                                                    <div class=\"overlay\" style=\"z-index:4;border-radius:0;-webkit-border-radius:0;-moz-border-radius:0;-ms-border-radius:0;-o-border-radius:0;background-color:rgba(0,0,0,0.7);color:;width:360px;height:360px;max-width:100%;\">\n                        <div class=\"overlay-content\">\n                            <a class=\"icon-link icon-button\" title=\"Read more\" href=\"https:\/\/calbernadas.com\/es\/blog\/dos-mons-units\/\" ><i class=\"fa fa-link\"><\/i><\/a>                            <a class=\"icon-link colorbox icon-button\" title=\"\" href=\"https:\/\/calbernadas.com\/wp-content\/uploads\/2017\/03\/14_140524_3349web.jpg\"  data-rel=\"lightbox-image-13\" data-rl_title=\"\" data-rl_caption=\"\"><i class=\"fa fa-search\"><\/i><\/a> \n                        <\/div>\n                    <\/div>\n                   \n            <\/div>\n            <div class=\"cshero-carousel-body\" style=\"color:; text-align:left;background-color:;padding:20px 0 0 0;\">\n                <div class=\"cshero-carousel-inner clearfix\">\n                                            <h4 class=\"cshero-carousel-title clearfix\">\n                            <a title=\"DOS MUNDOS UNIDOS EN UNO\" href=\"https:\/\/calbernadas.com\/es\/blog\/dos-mons-units\/\" rel=\"\" style=\"color: \">\n                                DOS MUNDOS UNIDOS EN UNO                            <\/a>\n                        <\/h4>\n                                                                <div class=\"cshero-carousel-post-category\">\n                            Celebraciones, Celebraciones_El Munt                        <\/div>\n                                                            <div class=\"cshero-carousel-post-description\" style=\"color: \">\n                                                    <p>[vc_row][vc_column][vc_column_text]\r\nQu\u00e9 nada mejor que ense\u00f1aros algunas de las fotos del gran <\/p>\n                                            <\/div>\n                                    <\/div>\n                                <div class=\"cshero-carousel-meta clearfix\">\n                    \n                                        <span class=\"cshero-carousel-comment\"><i class=\"fa fa-comment-o\"><\/i>\n                        No Comments                    <\/span>\n                                                            <span><i class=\"fa fa-pencil\"><\/i> admin<\/span>\n                                    <\/div>\n                            <\/div>\n                \n    <\/div>\n<\/article>\n\t\t\t\t\t<\/div>\r\n\t\t\t    <\/div><div class=\"cshero-post-carousel-item-wrap\">                \t\t                <div class=\"cshero-shortcode cshero-post-carousel-item content-left\" >\r\n\t\t\t\t\t\t<article id=\"post-19031\" class=\"text-left post-19031 post type-post status-publish format-standard has-post-thumbnail hentry category-celebraciones category-celebraciones_el-munt category-celebraciones_wedding-planner\">\n    <div class=\"cshero-carousel-container\">\n                    <div class=\"cshero-carousel-image clearfix\" style=\"width:360px;height:360px;display: block;\">\n                <img alt=\"\"  src=\"https:\/\/calbernadas.com\/wp-content\/uploads\/2017\/03\/JJ_TOP_195-360x360_c.jpg\" style=\"border-radius:0;-webkit-border-radius:0;-moz-border-radius:0;-ms-border-radius:0;-o-border-radius:0;max-width:100%;\" \/>                                    <div class=\"cshero-carousel-post-date\" style=\"text-transform:initial;font-weight:400;font-style:;color:;\"><span class=\"date-month\">08 Jul<\/span><span class=\"year\">2014<\/span><\/div>\n                                                    <div class=\"overlay\" style=\"z-index:4;border-radius:0;-webkit-border-radius:0;-moz-border-radius:0;-ms-border-radius:0;-o-border-radius:0;background-color:rgba(0,0,0,0.7);color:;width:360px;height:360px;max-width:100%;\">\n                        <div class=\"overlay-content\">\n                            <a class=\"icon-link icon-button\" title=\"Read more\" href=\"https:\/\/calbernadas.com\/es\/blog\/its-raining-be-happy-2\/\" ><i class=\"fa fa-link\"><\/i><\/a>                            <a class=\"icon-link colorbox icon-button\" title=\"\" href=\"https:\/\/calbernadas.com\/wp-content\/uploads\/2017\/03\/JJ_TOP_195.jpg\"  data-rel=\"lightbox-image-14\" data-rl_title=\"\" data-rl_caption=\"\"><i class=\"fa fa-search\"><\/i><\/a> \n                        <\/div>\n                    <\/div>\n                   \n            <\/div>\n            <div class=\"cshero-carousel-body\" style=\"color:; text-align:left;background-color:;padding:20px 0 0 0;\">\n                <div class=\"cshero-carousel-inner clearfix\">\n                                            <h4 class=\"cshero-carousel-title clearfix\">\n                            <a title=\"IT&#8217;S RAINING, BE HAPPY!\" href=\"https:\/\/calbernadas.com\/es\/blog\/its-raining-be-happy-2\/\" rel=\"\" style=\"color: \">\n                                IT&#8217;S RAINING, BE HAPPY!                            <\/a>\n                        <\/h4>\n                                                                <div class=\"cshero-carousel-post-category\">\n                            Celebraciones, Celebraciones_El Munt, Celebraciones_Wedding Planner                        <\/div>\n                                                            <div class=\"cshero-carousel-post-description\" style=\"color: \">\n                                                    <p>[vc_row][vc_column][vc_column_text]La Joanna y el Julian son una pareja sueco chilena que se <\/p>\n                                            <\/div>\n                                    <\/div>\n                                <div class=\"cshero-carousel-meta clearfix\">\n                    \n                                        <span class=\"cshero-carousel-comment\"><i class=\"fa fa-comment-o\"><\/i>\n                        No Comments                    <\/span>\n                                                            <span><i class=\"fa fa-pencil\"><\/i> admin<\/span>\n                                    <\/div>\n                            <\/div>\n                \n    <\/div>\n<\/article>\n\t\t\t\t\t<\/div>\r\n\t\t\t    <\/div><div class=\"cshero-post-carousel-item-wrap\">                \t\t                <div class=\"cshero-shortcode cshero-post-carousel-item content-left\" >\r\n\t\t\t\t\t\t<article id=\"post-19019\" class=\"text-left post-19019 post type-post status-publish format-standard has-post-thumbnail hentry category-celebraciones category-celebraciones_el-munt category-celebraciones_wedding-planner\">\n    <div class=\"cshero-carousel-container\">\n                    <div class=\"cshero-carousel-image clearfix\" style=\"width:360px;height:360px;display: block;\">\n                <img alt=\"\"  src=\"https:\/\/calbernadas.com\/wp-content\/uploads\/2017\/06\/05-Wedding-Cal-Bernadas-564-360x360_c.jpg\" style=\"border-radius:0;-webkit-border-radius:0;-moz-border-radius:0;-ms-border-radius:0;-o-border-radius:0;max-width:100%;\" \/>                                    <div class=\"cshero-carousel-post-date\" style=\"text-transform:initial;font-weight:400;font-style:;color:;\"><span class=\"date-month\">10 Dic<\/span><span class=\"year\">2014<\/span><\/div>\n                                                    <div class=\"overlay\" style=\"z-index:4;border-radius:0;-webkit-border-radius:0;-moz-border-radius:0;-ms-border-radius:0;-o-border-radius:0;background-color:rgba(0,0,0,0.7);color:;width:360px;height:360px;max-width:100%;\">\n                        <div class=\"overlay-content\">\n                            <a class=\"icon-link icon-button\" title=\"Read more\" href=\"https:\/\/calbernadas.com\/es\/blog\/kristymark-cuando-empieza-dia-b\/\" ><i class=\"fa fa-link\"><\/i><\/a>                            <a class=\"icon-link colorbox icon-button\" title=\"\" href=\"https:\/\/calbernadas.com\/wp-content\/uploads\/2017\/06\/05-Wedding-Cal-Bernadas-564.jpg\"  data-rel=\"lightbox-image-15\" data-rl_title=\"\" data-rl_caption=\"\"><i class=\"fa fa-search\"><\/i><\/a> \n                        <\/div>\n                    <\/div>\n                   \n            <\/div>\n            <div class=\"cshero-carousel-body\" style=\"color:; text-align:left;background-color:;padding:20px 0 0 0;\">\n                <div class=\"cshero-carousel-inner clearfix\">\n                                            <h4 class=\"cshero-carousel-title clearfix\">\n                            <a title=\"KRISTY&#038;MARK. CUANDO EMPIEZA EL D\u00cdA \u00abB\u00bb?\" href=\"https:\/\/calbernadas.com\/es\/blog\/kristymark-cuando-empieza-dia-b\/\" rel=\"\" style=\"color: \">\n                                KRISTY&#038;MARK. CUANDO EMPIEZA EL D\u00cdA \u00abB\u00bb?                            <\/a>\n                        <\/h4>\n                                                                <div class=\"cshero-carousel-post-category\">\n                            Celebraciones, Celebraciones_El Munt, Celebraciones_Wedding Planner                        <\/div>\n                                                            <div class=\"cshero-carousel-post-description\" style=\"color: \">\n                                                    <p>[vc_row][vc_column][vc_column_text]\u00bfCuando empieza el d\u00eda \"B\"? \u00bfA la entrada del novio en la <\/p>\n                                            <\/div>\n                                    <\/div>\n                                <div class=\"cshero-carousel-meta clearfix\">\n                    \n                                        <span class=\"cshero-carousel-comment\"><i class=\"fa fa-comment-o\"><\/i>\n                        No Comments                    <\/span>\n                                                            <span><i class=\"fa fa-pencil\"><\/i> admin<\/span>\n                                    <\/div>\n                            <\/div>\n                \n    <\/div>\n<\/article>\n\t\t\t\t\t<\/div>\r\n\t\t\t    <\/div><div class=\"cshero-post-carousel-item-wrap\">                \t\t                <div class=\"cshero-shortcode cshero-post-carousel-item content-left\" >\r\n\t\t\t\t\t\t<article id=\"post-19026\" class=\"text-left post-19026 post type-post status-publish format-standard has-post-thumbnail hentry category-celebraciones category-celebraciones_el-munt category-celebraciones_wedding-planner\">\n    <div class=\"cshero-carousel-container\">\n                    <div class=\"cshero-carousel-image clearfix\" style=\"width:360px;height:360px;display: block;\">\n                <img alt=\"\"  src=\"https:\/\/calbernadas.com\/wp-content\/uploads\/2017\/06\/05-Wedding-Cal-Bernadas-197a-360x360_c.jpg\" style=\"border-radius:0;-webkit-border-radius:0;-moz-border-radius:0;-ms-border-radius:0;-o-border-radius:0;max-width:100%;\" \/>                                    <div class=\"cshero-carousel-post-date\" style=\"text-transform:initial;font-weight:400;font-style:;color:;\"><span class=\"date-month\">10 Dic<\/span><span class=\"year\">2014<\/span><\/div>\n                                                    <div class=\"overlay\" style=\"z-index:4;border-radius:0;-webkit-border-radius:0;-moz-border-radius:0;-ms-border-radius:0;-o-border-radius:0;background-color:rgba(0,0,0,0.7);color:;width:360px;height:360px;max-width:100%;\">\n                        <div class=\"overlay-content\">\n                            <a class=\"icon-link icon-button\" title=\"Read more\" href=\"https:\/\/calbernadas.com\/es\/blog\/kristymark-fun-fun-fun\/\" ><i class=\"fa fa-link\"><\/i><\/a>                            <a class=\"icon-link colorbox icon-button\" title=\"\" href=\"https:\/\/calbernadas.com\/wp-content\/uploads\/2017\/06\/05-Wedding-Cal-Bernadas-197a.jpg\"  data-rel=\"lightbox-image-16\" data-rl_title=\"\" data-rl_caption=\"\"><i class=\"fa fa-search\"><\/i><\/a> \n                        <\/div>\n                    <\/div>\n                   \n            <\/div>\n            <div class=\"cshero-carousel-body\" style=\"color:; text-align:left;background-color:;padding:20px 0 0 0;\">\n                <div class=\"cshero-carousel-inner clearfix\">\n                                            <h4 class=\"cshero-carousel-title clearfix\">\n                            <a title=\"KRISTY&#038;MARK. FUN, FUN, FUN!\" href=\"https:\/\/calbernadas.com\/es\/blog\/kristymark-fun-fun-fun\/\" rel=\"\" style=\"color: \">\n                                KRISTY&#038;MARK. FUN, FUN, FUN!                            <\/a>\n                        <\/h4>\n                                                                <div class=\"cshero-carousel-post-category\">\n                            Celebraciones, Celebraciones_El Munt, Celebraciones_Wedding Planner                        <\/div>\n                                                            <div class=\"cshero-carousel-post-description\" style=\"color: \">\n                                                    <p>[vc_row][vc_column][vc_column_text]La boda de la Kristy y el Mark empez\u00f3 bien, \u00a1pero termin\u00f3 <\/p>\n                                            <\/div>\n                                    <\/div>\n                                <div class=\"cshero-carousel-meta clearfix\">\n                    \n                                        <span class=\"cshero-carousel-comment\"><i class=\"fa fa-comment-o\"><\/i>\n                        No Comments                    <\/span>\n                                                            <span><i class=\"fa fa-pencil\"><\/i> admin<\/span>\n                                    <\/div>\n                            <\/div>\n                \n    <\/div>\n<\/article>\n\t\t\t\t\t<\/div>\r\n\t\t\t    <\/div><div class=\"cshero-post-carousel-item-wrap\">                \t\t                <div class=\"cshero-shortcode cshero-post-carousel-item content-left\" >\r\n\t\t\t\t\t\t<article id=\"post-19015\" class=\"text-left post-19015 post type-post status-publish format-standard has-post-thumbnail hentry category-celebraciones category-celebraciones_el-munt category-celebraciones_wedding-planner\">\n    <div class=\"cshero-carousel-container\">\n                    <div class=\"cshero-carousel-image clearfix\" style=\"width:360px;height:360px;display: block;\">\n                <img alt=\"\"  src=\"https:\/\/calbernadas.com\/wp-content\/uploads\/2017\/03\/ErnestaTadas_-33-360x360_c.jpg\" style=\"border-radius:0;-webkit-border-radius:0;-moz-border-radius:0;-ms-border-radius:0;-o-border-radius:0;max-width:100%;\" \/>                                    <div class=\"cshero-carousel-post-date\" style=\"text-transform:initial;font-weight:400;font-style:;color:;\"><span class=\"date-month\">19 Dic<\/span><span class=\"year\">2014<\/span><\/div>\n                                                    <div class=\"overlay\" style=\"z-index:4;border-radius:0;-webkit-border-radius:0;-moz-border-radius:0;-ms-border-radius:0;-o-border-radius:0;background-color:rgba(0,0,0,0.7);color:;width:360px;height:360px;max-width:100%;\">\n                        <div class=\"overlay-content\">\n                            <a class=\"icon-link icon-button\" title=\"Read more\" href=\"https:\/\/calbernadas.com\/es\/blog\/lituania-directo-munt\/\" ><i class=\"fa fa-link\"><\/i><\/a>                            <a class=\"icon-link colorbox icon-button\" title=\"\" href=\"https:\/\/calbernadas.com\/wp-content\/uploads\/2017\/03\/ErnestaTadas_-33.jpg\"  data-rel=\"lightbox-image-17\" data-rl_title=\"\" data-rl_caption=\"\"><i class=\"fa fa-search\"><\/i><\/a> \n                        <\/div>\n                    <\/div>\n                   \n            <\/div>\n            <div class=\"cshero-carousel-body\" style=\"color:; text-align:left;background-color:;padding:20px 0 0 0;\">\n                <div class=\"cshero-carousel-inner clearfix\">\n                                            <h4 class=\"cshero-carousel-title clearfix\">\n                            <a title=\"DE LITUANIA DIRECTO A EL MUNT\" href=\"https:\/\/calbernadas.com\/es\/blog\/lituania-directo-munt\/\" rel=\"\" style=\"color: \">\n                                DE LITUANIA DIRECTO A EL MUNT                            <\/a>\n                        <\/h4>\n                                                                <div class=\"cshero-carousel-post-category\">\n                            Celebraciones, Celebraciones_El Munt, Celebraciones_Wedding Planner                        <\/div>\n                                                            <div class=\"cshero-carousel-post-description\" style=\"color: \">\n                                                    <p>[vc_row][vc_column][vc_column_text]Si, si. De Lituania directo a El Munt. \u00a1Llegada a la casa el <\/p>\n                                            <\/div>\n                                    <\/div>\n                                <div class=\"cshero-carousel-meta clearfix\">\n                    \n                                        <span class=\"cshero-carousel-comment\"><i class=\"fa fa-comment-o\"><\/i>\n                        No Comments                    <\/span>\n                                                            <span><i class=\"fa fa-pencil\"><\/i> admin<\/span>\n                                    <\/div>\n                            <\/div>\n                \n    <\/div>\n<\/article>\n\t\t\t\t\t<\/div>\r\n\t\t\t    <\/div><div class=\"cshero-post-carousel-item-wrap\">                \t\t                <div class=\"cshero-shortcode cshero-post-carousel-item content-left\" >\r\n\t\t\t\t\t\t<article id=\"post-19002\" class=\"text-left post-19002 post type-post status-publish format-standard has-post-thumbnail hentry category-celebraciones category-celebraciones_el-munt\">\n    <div class=\"cshero-carousel-container\">\n                    <div class=\"cshero-carousel-image clearfix\" style=\"width:360px;height:360px;display: block;\">\n                <img alt=\"\"  src=\"https:\/\/calbernadas.com\/wp-content\/uploads\/2017\/03\/Casament_AnnaFeliu_El-Munt-23-360x360_c.jpg\" style=\"border-radius:0;-webkit-border-radius:0;-moz-border-radius:0;-ms-border-radius:0;-o-border-radius:0;max-width:100%;\" \/>                                    <div class=\"cshero-carousel-post-date\" style=\"text-transform:initial;font-weight:400;font-style:;color:;\"><span class=\"date-month\">01 Jun<\/span><span class=\"year\">2015<\/span><\/div>\n                                                    <div class=\"overlay\" style=\"z-index:4;border-radius:0;-webkit-border-radius:0;-moz-border-radius:0;-ms-border-radius:0;-o-border-radius:0;background-color:rgba(0,0,0,0.7);color:;width:360px;height:360px;max-width:100%;\">\n                        <div class=\"overlay-content\">\n                            <a class=\"icon-link icon-button\" title=\"Read more\" href=\"https:\/\/calbernadas.com\/es\/blog\/annafeliu-estrenamos-temporada-bloguera\/\" ><i class=\"fa fa-link\"><\/i><\/a>                            <a class=\"icon-link colorbox icon-button\" title=\"\" href=\"https:\/\/calbernadas.com\/wp-content\/uploads\/2017\/03\/Casament_AnnaFeliu_El-Munt-23.jpg\"  data-rel=\"lightbox-image-18\" data-rl_title=\"\" data-rl_caption=\"\"><i class=\"fa fa-search\"><\/i><\/a> \n                        <\/div>\n                    <\/div>\n                   \n            <\/div>\n            <div class=\"cshero-carousel-body\" style=\"color:; text-align:left;background-color:;padding:20px 0 0 0;\">\n                <div class=\"cshero-carousel-inner clearfix\">\n                                            <h4 class=\"cshero-carousel-title clearfix\">\n                            <a title=\"ANNA&#038;FELIU. ESTRENAMOS TEMPORADA BLOGUERA!\" href=\"https:\/\/calbernadas.com\/es\/blog\/annafeliu-estrenamos-temporada-bloguera\/\" rel=\"\" style=\"color: \">\n                                ANNA&#038;FELIU. ESTRENAMOS TEMPORADA BLOGUERA!                            <\/a>\n                        <\/h4>\n                                                                <div class=\"cshero-carousel-post-category\">\n                            Celebraciones, Celebraciones_El Munt                        <\/div>\n                                                            <div class=\"cshero-carousel-post-description\" style=\"color: \">\n                                                    <p>[vc_row][vc_column][vc_custom_heading text=\"Iniciamos <\/p>\n                                            <\/div>\n                                    <\/div>\n                                <div class=\"cshero-carousel-meta clearfix\">\n                    \n                                        <span class=\"cshero-carousel-comment\"><i class=\"fa fa-comment-o\"><\/i>\n                        No Comments                    <\/span>\n                                                            <span><i class=\"fa fa-pencil\"><\/i> admin<\/span>\n                                    <\/div>\n                            <\/div>\n                \n    <\/div>\n<\/article>\n\t\t\t\t\t<\/div>\r\n\t\t\t    <\/div><div class=\"cshero-post-carousel-item-wrap\">                \t\t                <div class=\"cshero-shortcode cshero-post-carousel-item content-left\" >\r\n\t\t\t\t\t\t<article id=\"post-19000\" class=\"text-left post-19000 post type-post status-publish format-standard has-post-thumbnail hentry category-celebraciones category-celebraciones_el-munt\">\n    <div class=\"cshero-carousel-container\">\n                    <div class=\"cshero-carousel-image clearfix\" style=\"width:360px;height:360px;display: block;\">\n                <img alt=\"\"  src=\"https:\/\/calbernadas.com\/wp-content\/uploads\/2017\/03\/Casament_MartaJosep_El-Munt-11-360x360_c.jpg\" style=\"border-radius:0;-webkit-border-radius:0;-moz-border-radius:0;-ms-border-radius:0;-o-border-radius:0;max-width:100%;\" \/>                                    <div class=\"cshero-carousel-post-date\" style=\"text-transform:initial;font-weight:400;font-style:;color:;\"><span class=\"date-month\">15 Jun<\/span><span class=\"year\">2015<\/span><\/div>\n                                                    <div class=\"overlay\" style=\"z-index:4;border-radius:0;-webkit-border-radius:0;-moz-border-radius:0;-ms-border-radius:0;-o-border-radius:0;background-color:rgba(0,0,0,0.7);color:;width:360px;height:360px;max-width:100%;\">\n                        <div class=\"overlay-content\">\n                            <a class=\"icon-link icon-button\" title=\"Read more\" href=\"https:\/\/calbernadas.com\/es\/blog\/martajosep-primavera-estado-puro\/\" ><i class=\"fa fa-link\"><\/i><\/a>                            <a class=\"icon-link colorbox icon-button\" title=\"\" href=\"https:\/\/calbernadas.com\/wp-content\/uploads\/2017\/03\/Casament_MartaJosep_El-Munt-11.jpg\"  data-rel=\"lightbox-image-19\" data-rl_title=\"\" data-rl_caption=\"\"><i class=\"fa fa-search\"><\/i><\/a> \n                        <\/div>\n                    <\/div>\n                   \n            <\/div>\n            <div class=\"cshero-carousel-body\" style=\"color:; text-align:left;background-color:;padding:20px 0 0 0;\">\n                <div class=\"cshero-carousel-inner clearfix\">\n                                            <h4 class=\"cshero-carousel-title clearfix\">\n                            <a title=\"MARTA&#038;JOSEP. \u00a1PRIMAVERA EN ESTADO PURO!\" href=\"https:\/\/calbernadas.com\/es\/blog\/martajosep-primavera-estado-puro\/\" rel=\"\" style=\"color: \">\n                                MARTA&#038;JOSEP. \u00a1PRIMAVERA EN ESTADO PURO!                            <\/a>\n                        <\/h4>\n                                                                <div class=\"cshero-carousel-post-category\">\n                            Celebraciones, Celebraciones_El Munt                        <\/div>\n                                                            <div class=\"cshero-carousel-post-description\" style=\"color: \">\n                                                    <p>[vc_row][vc_column][vc_custom_heading text=\"\u00a1M\u00e1s verde, m\u00e1s sol, m\u00e1s color, m\u00e1s florido ... <\/p>\n                                            <\/div>\n                                    <\/div>\n                                <div class=\"cshero-carousel-meta clearfix\">\n                    \n                                        <span class=\"cshero-carousel-comment\"><i class=\"fa fa-comment-o\"><\/i>\n                        No Comments                    <\/span>\n                                                            <span><i class=\"fa fa-pencil\"><\/i> admin<\/span>\n                                    <\/div>\n                            <\/div>\n                \n    <\/div>\n<\/article>\n\t\t\t\t\t<\/div>\r\n\t\t\t    <\/div><div class=\"cshero-post-carousel-item-wrap\">                \t\t                <div class=\"cshero-shortcode cshero-post-carousel-item content-left\" >\r\n\t\t\t\t\t\t<article id=\"post-18997\" class=\"text-left post-18997 post type-post status-publish format-standard has-post-thumbnail hentry category-celebraciones category-celebraciones_el-munt\">\n    <div class=\"cshero-carousel-container\">\n                    <div class=\"cshero-carousel-image clearfix\" style=\"width:360px;height:360px;display: block;\">\n                <img alt=\"\"  src=\"https:\/\/calbernadas.com\/wp-content\/uploads\/2017\/04\/15061-1004A-360x360_c.jpg\" style=\"border-radius:0;-webkit-border-radius:0;-moz-border-radius:0;-ms-border-radius:0;-o-border-radius:0;max-width:100%;\" \/>                                    <div class=\"cshero-carousel-post-date\" style=\"text-transform:initial;font-weight:400;font-style:;color:;\"><span class=\"date-month\">15 Sep<\/span><span class=\"year\">2015<\/span><\/div>\n                                                    <div class=\"overlay\" style=\"z-index:4;border-radius:0;-webkit-border-radius:0;-moz-border-radius:0;-ms-border-radius:0;-o-border-radius:0;background-color:rgba(0,0,0,0.7);color:;width:360px;height:360px;max-width:100%;\">\n                        <div class=\"overlay-content\">\n                            <a class=\"icon-link icon-button\" title=\"Read more\" href=\"https:\/\/calbernadas.com\/es\/blog\/taniaguille-flying-to-munt\/\" ><i class=\"fa fa-link\"><\/i><\/a>                            <a class=\"icon-link colorbox icon-button\" title=\"\" href=\"https:\/\/calbernadas.com\/wp-content\/uploads\/2017\/04\/15061-1004A.jpg\"  data-rel=\"lightbox-image-20\" data-rl_title=\"\" data-rl_caption=\"\"><i class=\"fa fa-search\"><\/i><\/a> \n                        <\/div>\n                    <\/div>\n                   \n            <\/div>\n            <div class=\"cshero-carousel-body\" style=\"color:; text-align:left;background-color:;padding:20px 0 0 0;\">\n                <div class=\"cshero-carousel-inner clearfix\">\n                                            <h4 class=\"cshero-carousel-title clearfix\">\n                            <a title=\"TANIA&#038;GUILLE. FLYING&#8230; TO EL MUNT!\" href=\"https:\/\/calbernadas.com\/es\/blog\/taniaguille-flying-to-munt\/\" rel=\"\" style=\"color: \">\n                                TANIA&#038;GUILLE. FLYING&#8230; TO EL MUNT!                            <\/a>\n                        <\/h4>\n                                                                <div class=\"cshero-carousel-post-category\">\n                            Celebraciones, Celebraciones_El Munt                        <\/div>\n                                                            <div class=\"cshero-carousel-post-description\" style=\"color: \">\n                                                    <p>[vc_row][vc_column][vc_column_text]Tania y Guille. Una pareja de guapos, una pareja de <\/p>\n                                            <\/div>\n                                    <\/div>\n                                <div class=\"cshero-carousel-meta clearfix\">\n                    \n                                        <span class=\"cshero-carousel-comment\"><i class=\"fa fa-comment-o\"><\/i>\n                        No Comments                    <\/span>\n                                                            <span><i class=\"fa fa-pencil\"><\/i> admin<\/span>\n                                    <\/div>\n                            <\/div>\n                \n    <\/div>\n<\/article>\n\t\t\t\t\t<\/div>\r\n\t\t\t    <\/div><div class=\"cshero-post-carousel-item-wrap\">                \t\t                <div class=\"cshero-shortcode cshero-post-carousel-item content-left\" >\r\n\t\t\t\t\t\t<article id=\"post-18994\" class=\"text-left post-18994 post type-post status-publish format-standard has-post-thumbnail hentry category-celebraciones category-celebraciones_el-munt\">\n    <div class=\"cshero-carousel-container\">\n                    <div class=\"cshero-carousel-image clearfix\" style=\"width:360px;height:360px;display: block;\">\n                <img alt=\"\"  src=\"https:\/\/calbernadas.com\/wp-content\/uploads\/2017\/03\/Casament_AudreyJohn_El-Munt-13-360x360_c.jpg\" style=\"border-radius:0;-webkit-border-radius:0;-moz-border-radius:0;-ms-border-radius:0;-o-border-radius:0;max-width:100%;\" \/>                                    <div class=\"cshero-carousel-post-date\" style=\"text-transform:initial;font-weight:400;font-style:;color:;\"><span class=\"date-month\">20 Sep<\/span><span class=\"year\">2015<\/span><\/div>\n                                                    <div class=\"overlay\" style=\"z-index:4;border-radius:0;-webkit-border-radius:0;-moz-border-radius:0;-ms-border-radius:0;-o-border-radius:0;background-color:rgba(0,0,0,0.7);color:;width:360px;height:360px;max-width:100%;\">\n                        <div class=\"overlay-content\">\n                            <a class=\"icon-link icon-button\" title=\"Read more\" href=\"https:\/\/calbernadas.com\/es\/blog\/audreyjohn-happy-1st-year-2\/\" ><i class=\"fa fa-link\"><\/i><\/a>                            <a class=\"icon-link colorbox icon-button\" title=\"\" href=\"https:\/\/calbernadas.com\/wp-content\/uploads\/2017\/03\/Casament_AudreyJohn_El-Munt-13.jpg\"  data-rel=\"lightbox-image-21\" data-rl_title=\"\" data-rl_caption=\"\"><i class=\"fa fa-search\"><\/i><\/a> \n                        <\/div>\n                    <\/div>\n                   \n            <\/div>\n            <div class=\"cshero-carousel-body\" style=\"color:; text-align:left;background-color:;padding:20px 0 0 0;\">\n                <div class=\"cshero-carousel-inner clearfix\">\n                                            <h4 class=\"cshero-carousel-title clearfix\">\n                            <a title=\"AUDREY&#038;JOHN. HAPPY 1ST YEAR!\" href=\"https:\/\/calbernadas.com\/es\/blog\/audreyjohn-happy-1st-year-2\/\" rel=\"\" style=\"color: \">\n                                AUDREY&#038;JOHN. HAPPY 1ST YEAR!                            <\/a>\n                        <\/h4>\n                                                                <div class=\"cshero-carousel-post-category\">\n                            Celebraciones, Celebraciones_El Munt                        <\/div>\n                                                            <div class=\"cshero-carousel-post-description\" style=\"color: \">\n                                                    <p>[vc_row][vc_column][vc_custom_heading text=\"Happy 1st <\/p>\n                                            <\/div>\n                                    <\/div>\n                                <div class=\"cshero-carousel-meta clearfix\">\n                    \n                                        <span class=\"cshero-carousel-comment\"><i class=\"fa fa-comment-o\"><\/i>\n                        No Comments                    <\/span>\n                                                            <span><i class=\"fa fa-pencil\"><\/i> admin<\/span>\n                                    <\/div>\n                            <\/div>\n                \n    <\/div>\n<\/article>\n\t\t\t\t\t<\/div>\r\n\t\t\t    <\/div><div class=\"cshero-post-carousel-item-wrap\">                \t\t                <div class=\"cshero-shortcode cshero-post-carousel-item content-left\" >\r\n\t\t\t\t\t\t<article id=\"post-18944\" class=\"text-left post-18944 post type-post status-publish format-standard has-post-thumbnail hentry category-turismo-rural category-turismo-rural_el-munt\">\n    <div class=\"cshero-carousel-container\">\n                    <div class=\"cshero-carousel-image clearfix\" style=\"width:360px;height:360px;display: block;\">\n                <img alt=\"\"  src=\"https:\/\/calbernadas.com\/wp-content\/uploads\/2017\/03\/Montse-Giralt2-360x360_c.jpg\" style=\"border-radius:0;-webkit-border-radius:0;-moz-border-radius:0;-ms-border-radius:0;-o-border-radius:0;max-width:100%;\" \/>                                    <div class=\"cshero-carousel-post-date\" style=\"text-transform:initial;font-weight:400;font-style:;color:;\"><span class=\"date-month\">11 Ene<\/span><span class=\"year\">2016<\/span><\/div>\n                                                    <div class=\"overlay\" style=\"z-index:4;border-radius:0;-webkit-border-radius:0;-moz-border-radius:0;-ms-border-radius:0;-o-border-radius:0;background-color:rgba(0,0,0,0.7);color:;width:360px;height:360px;max-width:100%;\">\n                        <div class=\"overlay-content\">\n                            <a class=\"icon-link icon-button\" title=\"Read more\" href=\"https:\/\/calbernadas.com\/es\/blog\/flow-2\/\" ><i class=\"fa fa-link\"><\/i><\/a>                            <a class=\"icon-link colorbox icon-button\" title=\"\" href=\"https:\/\/calbernadas.com\/wp-content\/uploads\/2017\/03\/Montse-Giralt2.jpg\"  data-rel=\"lightbox-image-22\" data-rl_title=\"\" data-rl_caption=\"\"><i class=\"fa fa-search\"><\/i><\/a> \n                        <\/div>\n                    <\/div>\n                   \n            <\/div>\n            <div class=\"cshero-carousel-body\" style=\"color:; text-align:left;background-color:;padding:20px 0 0 0;\">\n                <div class=\"cshero-carousel-inner clearfix\">\n                                            <h4 class=\"cshero-carousel-title clearfix\">\n                            <a title=\"FLOW\" href=\"https:\/\/calbernadas.com\/es\/blog\/flow-2\/\" rel=\"\" style=\"color: \">\n                                FLOW                            <\/a>\n                        <\/h4>\n                                                                <div class=\"cshero-carousel-post-category\">\n                            Turismo rural, Turismo rural_El Munt                        <\/div>\n                                                            <div class=\"cshero-carousel-post-description\" style=\"color: \">\n                                                    <p>[vc_row][vc_column][vc_column_text]Flow\u00a0es el t\u00edtulo de este gran proyecto de Montse Giralt, <\/p>\n                                            <\/div>\n                                    <\/div>\n                                <div class=\"cshero-carousel-meta clearfix\">\n                    \n                                        <span class=\"cshero-carousel-comment\"><i class=\"fa fa-comment-o\"><\/i>\n                        No Comments                    <\/span>\n                                                            <span><i class=\"fa fa-pencil\"><\/i> admin<\/span>\n                                    <\/div>\n                            <\/div>\n                \n    <\/div>\n<\/article>\n\t\t\t\t\t<\/div>\r\n\t\t\t    <\/div><div class=\"cshero-post-carousel-item-wrap\">                \t\t                <div class=\"cshero-shortcode cshero-post-carousel-item content-left\" >\r\n\t\t\t\t\t\t<article id=\"post-18828\" class=\"text-left post-18828 post type-post status-publish format-standard has-post-thumbnail hentry category-celebraciones category-celebraciones_el-munt category-uncategorized-ca\">\n    <div class=\"cshero-carousel-container\">\n                    <div class=\"cshero-carousel-image clearfix\" style=\"width:360px;height:360px;display: block;\">\n                <img alt=\"\"  src=\"https:\/\/calbernadas.com\/wp-content\/uploads\/2017\/07\/BODAJUANANMIREIA-461A.-Boda-el-Munt.-Mireia-i-Juanan-360x360_c.jpg\" style=\"border-radius:0;-webkit-border-radius:0;-moz-border-radius:0;-ms-border-radius:0;-o-border-radius:0;max-width:100%;\" \/>                                    <div class=\"cshero-carousel-post-date\" style=\"text-transform:initial;font-weight:400;font-style:;color:;\"><span class=\"date-month\">25 Ene<\/span><span class=\"year\">2016<\/span><\/div>\n                                                    <div class=\"overlay\" style=\"z-index:4;border-radius:0;-webkit-border-radius:0;-moz-border-radius:0;-ms-border-radius:0;-o-border-radius:0;background-color:rgba(0,0,0,0.7);color:;width:360px;height:360px;max-width:100%;\">\n                        <div class=\"overlay-content\">\n                            <a class=\"icon-link icon-button\" title=\"Read more\" href=\"https:\/\/calbernadas.com\/es\/blog\/mireiajuanan-una-parella-molt-bonica\/\" ><i class=\"fa fa-link\"><\/i><\/a>                            <a class=\"icon-link colorbox icon-button\" title=\"\" href=\"https:\/\/calbernadas.com\/wp-content\/uploads\/2017\/07\/BODAJUANANMIREIA-461A.-Boda-el-Munt.-Mireia-i-Juanan.jpg\"  data-rel=\"lightbox-image-23\" data-rl_title=\"\" data-rl_caption=\"\"><i class=\"fa fa-search\"><\/i><\/a> \n                        <\/div>\n                    <\/div>\n                   \n            <\/div>\n            <div class=\"cshero-carousel-body\" style=\"color:; text-align:left;background-color:;padding:20px 0 0 0;\">\n                <div class=\"cshero-carousel-inner clearfix\">\n                                            <h4 class=\"cshero-carousel-title clearfix\">\n                            <a title=\"MIREIA&#038;JUANAN. UNA PAREJA ENCANTADORA\" href=\"https:\/\/calbernadas.com\/es\/blog\/mireiajuanan-una-parella-molt-bonica\/\" rel=\"\" style=\"color: \">\n                                MIREIA&#038;JUANAN. UNA PAREJA ENCANTADORA                            <\/a>\n                        <\/h4>\n                                                                <div class=\"cshero-carousel-post-category\">\n                            Celebraciones, Celebraciones_El Munt, Uncategorized @ca                        <\/div>\n                                                            <div class=\"cshero-carousel-post-description\" style=\"color: \">\n                                                    <p>[vc_row][vc_column][vc_column_text]Una ceremonia en medio del bosque, un aperitivo en el jard\u00edn <\/p>\n                                            <\/div>\n                                    <\/div>\n                                <div class=\"cshero-carousel-meta clearfix\">\n                    \n                                        <span class=\"cshero-carousel-comment\"><i class=\"fa fa-comment-o\"><\/i>\n                        No Comments                    <\/span>\n                                                            <span><i class=\"fa fa-pencil\"><\/i> admin<\/span>\n                                    <\/div>\n                            <\/div>\n                \n    <\/div>\n<\/article>\n\t\t\t\t\t<\/div>\r\n\t\t\t    <\/div>\t\t\t<\/div>\r\n\t\t<\/div>\r\n\t\t\t\t\t<div class=\"cshero-control pager-center text-center default\"><\/div>\r\n\t\t\t\t        <div class=\"cshero-nav text-center default\">\r\n            <ul>\r\n                <li class=\"prev\" style=\"left:;\"><\/li>\r\n                <li class=\"next\" style=\"right:;\"><\/li>\r\n            <\/ul>\r\n        <\/div>\r\n    \t\t        <\/div>\r\n[\/vc_column][\/vc_row][vc_row css=\u00bb.vc_custom_1418098768490{margin-bottom: 80px !important;border-bottom-width: 1px !important;padding-bottom: 80px !important;border-bottom-color: #eeeeee !important;border-bottom-style: solid !important;}\u00bb full_width=\u00bbfalse\u00bb parallax_speed=\u00bb0.8&#8243; bg_video_transparent=\u00bb0&#8243; height_engle=\u00bb60px\u00bb height_engle_style2=\u00bb60px\u00bb][vc_column][cs_custom_heading text=\u00bbLAYOUT 5&#8243; font_container=\u00bbtag:h2|font_size:30px|text_align:center\u00bb style=\u00bbtitle-bottom-line\u00bb title_bottom_line_width=\u00bb40px\u00bb title_bottom_line_height=\u00bb3px\u00bb title_bottom_line_color=\u00bb#dddddd\u00bb title_bottom_line_margin_bottom=\u00bb40px\u00bb css=\u00bb.vc_custom_1419385380457{margin-bottom: 20px !important;}\u00bb]\t<div id=\"cshero_post_carousel_1777499443_169f27d339cb86\" class=\"cshero-post-carousel postcarousel-layout5 \">\r\n\t\t<style type=\"text\/css\" scoped>\r\n\t\t\t#cshero_post_carousel_1777499443_169f27d339cb86 article:hover .cshero-carousel-body{color: !important; background-color: !important; }\r\n\t\t\t#cshero_post_carousel_1777499443_169f27d339cb86 article:hover .cshero-carousel-title a{color: !important; }\r\n\t\t\t#cshero_post_carousel_1777499443_169f27d339cb86 .link-wrap a{ color: ;}\r\n\t\t\t#cshero_post_carousel_1777499443_169f27d339cb86 .link-wrap a:hover{ color: ;}\r\n\t\t\t#cshero_post_carousel_1777499443_169f27d339cb86 .link-wrap [class*='icon-box-']:hover .fa,\r\n\t\t\t#cshero_post_carousel_1777499443_169f27d339cb86 .link-wrap [class^='icon-box-']:hover .fa{border-color:;}\r\n\t\t<\/style>\r\n\t            <div class=\"cshero-post-carousel-list \">\r\n            <div id=\"cshero_post_carousel1777499443_169f27d339cb86\" data-mode=\"horizontal\" data-moveslides=\"3\" data-auto=\"0\" data-speed=\"500\" data-prevselector=\"#cshero_post_carousel_1777499443_169f27d339cb86 .prev\" data-nextselector=\"#cshero_post_carousel_1777499443_169f27d339cb86 .next\" data-prevText=\"<i class='fa fa-angle-left'><\/i>\" data-nextText=\"<i class='fa fa-angle-right'><\/i>\" data-pagerSelector=\"#cshero_post_carousel_1777499443_169f27d339cb86 .cshero-control\" data-onsliderload=\"true\" data-touchenabled=\"1\" data-controls=\"true\" data-pager=\"false\" data-pause=\"4000\" data-infiniteloop=\"true\" data-adaptiveheight=\"true\"  data-autohover=\"true\" data-slidemargin=\"30\" data-maxslides=\"2\" data-minslides=\"1\" data-slidewidth=\"360\" data-slideselector=\"\" data-easing=\"swing\" data-usecss=\"\" data-resize=\"1\" class=\"slider jm-bxslider\">\r\n                <div class=\"cshero-post-carousel-item-wrap\">                \t\t                <div class=\"cshero-shortcode cshero-post-carousel-item content-left\" style=\"margin-bottom:30px;\">\r\n\t\t\t\t\t\t<article id=\"post-15030\" class=\" text-left post-15030 post type-post status-publish format-standard has-post-thumbnail hentry category-turismo-rural category-turismo-rural_el-munt\">\n    <div class=\"cshero-carousel-container\">\n                <div class=\"cshero-carousel-image clearfix left\" style=\"width:200px;height:135px;display: block;\">\n            <img alt=\"\"  src=\"https:\/\/calbernadas.com\/wp-content\/uploads\/2014\/03\/20140326-BLOC-200x135_c.jpg\" style=\"border-radius:0;-webkit-border-radius:0;-moz-border-radius:0;-ms-border-radius:0;-o-border-radius:0;max-width:100%;\" \/>                            <div class=\"overlay\" style=\"z-index:4;border-radius:0;-webkit-border-radius:0;-moz-border-radius:0;-ms-border-radius:0;-o-border-radius:0;background-color:rgba(255,255,255,0.8);color:;width:200px;height:135px;max-width:100%;\">\n                    <div class=\"overlay-content\">\n                        <a class=\"icon-link icon-button-black\" title=\"Read more\" href=\"https:\/\/calbernadas.com\/es\/blog\/gracies-marc-i-mireia\/\" ><i class=\"fa fa-link\"><\/i><\/a>                         \n                    <\/div>\n                <\/div>\n             \n        <\/div>\n        <div class=\"cshero-carousel-body\" } style=\"padding-left:220px;\">\n                        <div class=\"cshero-carousel-meta\">\n                                <span style=\"text-transform:;font-weight:400;font-style:;color:;\">25 Mar 2014<\/span>\n                                                    <span class=\"cshero-carousel-post-category\">\n                        in Turismo rural, Turismo rural_El Munt                    <\/span>\n                                                            <\/div>\n                        <div class=\"cshero-carousel-inner clearfix\">\n                                    <h4 class=\"cshero-carousel-title\">\n                        <a title=\"\u00a1GRACIAS MARC Y MIREIA!\" href=\"https:\/\/calbernadas.com\/es\/blog\/gracies-marc-i-mireia\/\" rel=\"\" style=\"color: \">\n                            \u00a1GRACIAS MARC Y MIREIA!                        <\/a>\n                    <\/h4>\n                                \n                                <div class=\"cshero-carousel-post-description\" style=\"color: \">\n                                            <p>[vc_row][vc_column][vc_column_text]\r\nHace unos cuantos d\u00edas que asistimos a la Fira de Novios <\/p>\n                                    <\/div>\n                            <\/div>\n        <\/div>\n        \n        \n    <\/div>\n<\/article>\n\t\t\t\t\t<\/div>\r\n\t\t\t                    \t\t                <div class=\"cshero-shortcode cshero-post-carousel-item content-left\" >\r\n\t\t\t\t\t\t<article id=\"post-19037\" class=\" text-left post-19037 post type-post status-publish format-standard has-post-thumbnail hentry category-celebraciones category-celebraciones_el-munt\">\n    <div class=\"cshero-carousel-container\">\n                <div class=\"cshero-carousel-image clearfix left\" style=\"width:200px;height:135px;display: block;\">\n            <img alt=\"\"  src=\"https:\/\/calbernadas.com\/wp-content\/uploads\/2017\/03\/14_140524_3349web-200x135_c.jpg\" style=\"border-radius:0;-webkit-border-radius:0;-moz-border-radius:0;-ms-border-radius:0;-o-border-radius:0;max-width:100%;\" \/>                            <div class=\"overlay\" style=\"z-index:4;border-radius:0;-webkit-border-radius:0;-moz-border-radius:0;-ms-border-radius:0;-o-border-radius:0;background-color:rgba(255,255,255,0.8);color:;width:200px;height:135px;max-width:100%;\">\n                    <div class=\"overlay-content\">\n                        <a class=\"icon-link icon-button-black\" title=\"Read more\" href=\"https:\/\/calbernadas.com\/es\/blog\/dos-mons-units\/\" ><i class=\"fa fa-link\"><\/i><\/a>                         \n                    <\/div>\n                <\/div>\n             \n        <\/div>\n        <div class=\"cshero-carousel-body\" } style=\"padding-left:220px;\">\n                        <div class=\"cshero-carousel-meta\">\n                                <span style=\"text-transform:;font-weight:400;font-style:;color:;\">31 May 2014<\/span>\n                                                    <span class=\"cshero-carousel-post-category\">\n                        in Celebraciones, Celebraciones_El Munt                    <\/span>\n                                                            <\/div>\n                        <div class=\"cshero-carousel-inner clearfix\">\n                                    <h4 class=\"cshero-carousel-title\">\n                        <a title=\"DOS MUNDOS UNIDOS EN UNO\" href=\"https:\/\/calbernadas.com\/es\/blog\/dos-mons-units\/\" rel=\"\" style=\"color: \">\n                            DOS MUNDOS UNIDOS EN UNO                        <\/a>\n                    <\/h4>\n                                \n                                <div class=\"cshero-carousel-post-description\" style=\"color: \">\n                                            <p>[vc_row][vc_column][vc_column_text]\r\nQu\u00e9 nada mejor que ense\u00f1aros algunas de las fotos del gran <\/p>\n                                    <\/div>\n                            <\/div>\n        <\/div>\n        \n        \n    <\/div>\n<\/article>\n\t\t\t\t\t<\/div>\r\n\t\t\t    <\/div><div class=\"cshero-post-carousel-item-wrap\">                \t\t                <div class=\"cshero-shortcode cshero-post-carousel-item content-left\" style=\"margin-bottom:30px;\">\r\n\t\t\t\t\t\t<article id=\"post-19031\" class=\" text-left post-19031 post type-post status-publish format-standard has-post-thumbnail hentry category-celebraciones category-celebraciones_el-munt category-celebraciones_wedding-planner\">\n    <div class=\"cshero-carousel-container\">\n                <div class=\"cshero-carousel-image clearfix left\" style=\"width:200px;height:135px;display: block;\">\n            <img alt=\"\"  src=\"https:\/\/calbernadas.com\/wp-content\/uploads\/2017\/03\/JJ_TOP_195-200x135_c.jpg\" style=\"border-radius:0;-webkit-border-radius:0;-moz-border-radius:0;-ms-border-radius:0;-o-border-radius:0;max-width:100%;\" \/>                            <div class=\"overlay\" style=\"z-index:4;border-radius:0;-webkit-border-radius:0;-moz-border-radius:0;-ms-border-radius:0;-o-border-radius:0;background-color:rgba(255,255,255,0.8);color:;width:200px;height:135px;max-width:100%;\">\n                    <div class=\"overlay-content\">\n                        <a class=\"icon-link icon-button-black\" title=\"Read more\" href=\"https:\/\/calbernadas.com\/es\/blog\/its-raining-be-happy-2\/\" ><i class=\"fa fa-link\"><\/i><\/a>                         \n                    <\/div>\n                <\/div>\n             \n        <\/div>\n        <div class=\"cshero-carousel-body\" } style=\"padding-left:220px;\">\n                        <div class=\"cshero-carousel-meta\">\n                                <span style=\"text-transform:;font-weight:400;font-style:;color:;\">08 Jul 2014<\/span>\n                                                    <span class=\"cshero-carousel-post-category\">\n                        in Celebraciones, Celebraciones_El Munt, Celebraciones_Wedding Planner                    <\/span>\n                                                            <\/div>\n                        <div class=\"cshero-carousel-inner clearfix\">\n                                    <h4 class=\"cshero-carousel-title\">\n                        <a title=\"IT&#8217;S RAINING, BE HAPPY!\" href=\"https:\/\/calbernadas.com\/es\/blog\/its-raining-be-happy-2\/\" rel=\"\" style=\"color: \">\n                            IT&#8217;S RAINING, BE HAPPY!                        <\/a>\n                    <\/h4>\n                                \n                                <div class=\"cshero-carousel-post-description\" style=\"color: \">\n                                            <p>[vc_row][vc_column][vc_column_text]La Joanna y el Julian son una pareja sueco chilena que se <\/p>\n                                    <\/div>\n                            <\/div>\n        <\/div>\n        \n        \n    <\/div>\n<\/article>\n\t\t\t\t\t<\/div>\r\n\t\t\t                    \t\t                <div class=\"cshero-shortcode cshero-post-carousel-item content-left\" >\r\n\t\t\t\t\t\t<article id=\"post-19019\" class=\" text-left post-19019 post type-post status-publish format-standard has-post-thumbnail hentry category-celebraciones category-celebraciones_el-munt category-celebraciones_wedding-planner\">\n    <div class=\"cshero-carousel-container\">\n                <div class=\"cshero-carousel-image clearfix left\" style=\"width:200px;height:135px;display: block;\">\n            <img alt=\"\"  src=\"https:\/\/calbernadas.com\/wp-content\/uploads\/2017\/06\/05-Wedding-Cal-Bernadas-564-200x135_c.jpg\" style=\"border-radius:0;-webkit-border-radius:0;-moz-border-radius:0;-ms-border-radius:0;-o-border-radius:0;max-width:100%;\" \/>                            <div class=\"overlay\" style=\"z-index:4;border-radius:0;-webkit-border-radius:0;-moz-border-radius:0;-ms-border-radius:0;-o-border-radius:0;background-color:rgba(255,255,255,0.8);color:;width:200px;height:135px;max-width:100%;\">\n                    <div class=\"overlay-content\">\n                        <a class=\"icon-link icon-button-black\" title=\"Read more\" href=\"https:\/\/calbernadas.com\/es\/blog\/kristymark-cuando-empieza-dia-b\/\" ><i class=\"fa fa-link\"><\/i><\/a>                         \n                    <\/div>\n                <\/div>\n             \n        <\/div>\n        <div class=\"cshero-carousel-body\" } style=\"padding-left:220px;\">\n                        <div class=\"cshero-carousel-meta\">\n                                <span style=\"text-transform:;font-weight:400;font-style:;color:;\">10 Dic 2014<\/span>\n                                                    <span class=\"cshero-carousel-post-category\">\n                        in Celebraciones, Celebraciones_El Munt, Celebraciones_Wedding Planner                    <\/span>\n                                                            <\/div>\n                        <div class=\"cshero-carousel-inner clearfix\">\n                                    <h4 class=\"cshero-carousel-title\">\n                        <a title=\"KRISTY&#038;MARK. CUANDO EMPIEZA EL D\u00cdA \u00abB\u00bb?\" href=\"https:\/\/calbernadas.com\/es\/blog\/kristymark-cuando-empieza-dia-b\/\" rel=\"\" style=\"color: \">\n                            KRISTY&#038;MARK. CUANDO EMPIEZA EL D\u00cdA \u00abB\u00bb?                        <\/a>\n                    <\/h4>\n                                \n                                <div class=\"cshero-carousel-post-description\" style=\"color: \">\n                                            <p>[vc_row][vc_column][vc_column_text]\u00bfCuando empieza el d\u00eda \"B\"? \u00bfA la entrada del novio en la <\/p>\n                                    <\/div>\n                            <\/div>\n        <\/div>\n        \n        \n    <\/div>\n<\/article>\n\t\t\t\t\t<\/div>\r\n\t\t\t    <\/div><div class=\"cshero-post-carousel-item-wrap\">                \t\t                <div class=\"cshero-shortcode cshero-post-carousel-item content-left\" style=\"margin-bottom:30px;\">\r\n\t\t\t\t\t\t<article id=\"post-19026\" class=\" text-left post-19026 post type-post status-publish format-standard has-post-thumbnail hentry category-celebraciones category-celebraciones_el-munt category-celebraciones_wedding-planner\">\n    <div class=\"cshero-carousel-container\">\n                <div class=\"cshero-carousel-image clearfix left\" style=\"width:200px;height:135px;display: block;\">\n            <img alt=\"\"  src=\"https:\/\/calbernadas.com\/wp-content\/uploads\/2017\/06\/05-Wedding-Cal-Bernadas-197a-200x135_c.jpg\" style=\"border-radius:0;-webkit-border-radius:0;-moz-border-radius:0;-ms-border-radius:0;-o-border-radius:0;max-width:100%;\" \/>                            <div class=\"overlay\" style=\"z-index:4;border-radius:0;-webkit-border-radius:0;-moz-border-radius:0;-ms-border-radius:0;-o-border-radius:0;background-color:rgba(255,255,255,0.8);color:;width:200px;height:135px;max-width:100%;\">\n                    <div class=\"overlay-content\">\n                        <a class=\"icon-link icon-button-black\" title=\"Read more\" href=\"https:\/\/calbernadas.com\/es\/blog\/kristymark-fun-fun-fun\/\" ><i class=\"fa fa-link\"><\/i><\/a>                         \n                    <\/div>\n                <\/div>\n             \n        <\/div>\n        <div class=\"cshero-carousel-body\" } style=\"padding-left:220px;\">\n                        <div class=\"cshero-carousel-meta\">\n                                <span style=\"text-transform:;font-weight:400;font-style:;color:;\">10 Dic 2014<\/span>\n                                                    <span class=\"cshero-carousel-post-category\">\n                        in Celebraciones, Celebraciones_El Munt, Celebraciones_Wedding Planner                    <\/span>\n                                                            <\/div>\n                        <div class=\"cshero-carousel-inner clearfix\">\n                                    <h4 class=\"cshero-carousel-title\">\n                        <a title=\"KRISTY&#038;MARK. FUN, FUN, FUN!\" href=\"https:\/\/calbernadas.com\/es\/blog\/kristymark-fun-fun-fun\/\" rel=\"\" style=\"color: \">\n                            KRISTY&#038;MARK. FUN, FUN, FUN!                        <\/a>\n                    <\/h4>\n                                \n                                <div class=\"cshero-carousel-post-description\" style=\"color: \">\n                                            <p>[vc_row][vc_column][vc_column_text]La boda de la Kristy y el Mark empez\u00f3 bien, \u00a1pero termin\u00f3 <\/p>\n                                    <\/div>\n                            <\/div>\n        <\/div>\n        \n        \n    <\/div>\n<\/article>\n\t\t\t\t\t<\/div>\r\n\t\t\t                    \t\t                <div class=\"cshero-shortcode cshero-post-carousel-item content-left\" >\r\n\t\t\t\t\t\t<article id=\"post-19015\" class=\" text-left post-19015 post type-post status-publish format-standard has-post-thumbnail hentry category-celebraciones category-celebraciones_el-munt category-celebraciones_wedding-planner\">\n    <div class=\"cshero-carousel-container\">\n                <div class=\"cshero-carousel-image clearfix left\" style=\"width:200px;height:135px;display: block;\">\n            <img alt=\"\"  src=\"https:\/\/calbernadas.com\/wp-content\/uploads\/2017\/03\/ErnestaTadas_-33-200x135_c.jpg\" style=\"border-radius:0;-webkit-border-radius:0;-moz-border-radius:0;-ms-border-radius:0;-o-border-radius:0;max-width:100%;\" \/>                            <div class=\"overlay\" style=\"z-index:4;border-radius:0;-webkit-border-radius:0;-moz-border-radius:0;-ms-border-radius:0;-o-border-radius:0;background-color:rgba(255,255,255,0.8);color:;width:200px;height:135px;max-width:100%;\">\n                    <div class=\"overlay-content\">\n                        <a class=\"icon-link icon-button-black\" title=\"Read more\" href=\"https:\/\/calbernadas.com\/es\/blog\/lituania-directo-munt\/\" ><i class=\"fa fa-link\"><\/i><\/a>                         \n                    <\/div>\n                <\/div>\n             \n        <\/div>\n        <div class=\"cshero-carousel-body\" } style=\"padding-left:220px;\">\n                        <div class=\"cshero-carousel-meta\">\n                                <span style=\"text-transform:;font-weight:400;font-style:;color:;\">19 Dic 2014<\/span>\n                                                    <span class=\"cshero-carousel-post-category\">\n                        in Celebraciones, Celebraciones_El Munt, Celebraciones_Wedding Planner                    <\/span>\n                                                            <\/div>\n                        <div class=\"cshero-carousel-inner clearfix\">\n                                    <h4 class=\"cshero-carousel-title\">\n                        <a title=\"DE LITUANIA DIRECTO A EL MUNT\" href=\"https:\/\/calbernadas.com\/es\/blog\/lituania-directo-munt\/\" rel=\"\" style=\"color: \">\n                            DE LITUANIA DIRECTO A EL MUNT                        <\/a>\n                    <\/h4>\n                                \n                                <div class=\"cshero-carousel-post-description\" style=\"color: \">\n                                            <p>[vc_row][vc_column][vc_column_text]Si, si. De Lituania directo a El Munt. \u00a1Llegada a la casa el <\/p>\n                                    <\/div>\n                            <\/div>\n        <\/div>\n        \n        \n    <\/div>\n<\/article>\n\t\t\t\t\t<\/div>\r\n\t\t\t    <\/div><div class=\"cshero-post-carousel-item-wrap\">                \t\t                <div class=\"cshero-shortcode cshero-post-carousel-item content-left\" style=\"margin-bottom:30px;\">\r\n\t\t\t\t\t\t<article id=\"post-19002\" class=\" text-left post-19002 post type-post status-publish format-standard has-post-thumbnail hentry category-celebraciones category-celebraciones_el-munt\">\n    <div class=\"cshero-carousel-container\">\n                <div class=\"cshero-carousel-image clearfix left\" style=\"width:200px;height:135px;display: block;\">\n            <img alt=\"\"  src=\"https:\/\/calbernadas.com\/wp-content\/uploads\/2017\/03\/Casament_AnnaFeliu_El-Munt-23-200x135_c.jpg\" style=\"border-radius:0;-webkit-border-radius:0;-moz-border-radius:0;-ms-border-radius:0;-o-border-radius:0;max-width:100%;\" \/>                            <div class=\"overlay\" style=\"z-index:4;border-radius:0;-webkit-border-radius:0;-moz-border-radius:0;-ms-border-radius:0;-o-border-radius:0;background-color:rgba(255,255,255,0.8);color:;width:200px;height:135px;max-width:100%;\">\n                    <div class=\"overlay-content\">\n                        <a class=\"icon-link icon-button-black\" title=\"Read more\" href=\"https:\/\/calbernadas.com\/es\/blog\/annafeliu-estrenamos-temporada-bloguera\/\" ><i class=\"fa fa-link\"><\/i><\/a>                         \n                    <\/div>\n                <\/div>\n             \n        <\/div>\n        <div class=\"cshero-carousel-body\" } style=\"padding-left:220px;\">\n                        <div class=\"cshero-carousel-meta\">\n                                <span style=\"text-transform:;font-weight:400;font-style:;color:;\">01 Jun 2015<\/span>\n                                                    <span class=\"cshero-carousel-post-category\">\n                        in Celebraciones, Celebraciones_El Munt                    <\/span>\n                                                            <\/div>\n                        <div class=\"cshero-carousel-inner clearfix\">\n                                    <h4 class=\"cshero-carousel-title\">\n                        <a title=\"ANNA&#038;FELIU. ESTRENAMOS TEMPORADA BLOGUERA!\" href=\"https:\/\/calbernadas.com\/es\/blog\/annafeliu-estrenamos-temporada-bloguera\/\" rel=\"\" style=\"color: \">\n                            ANNA&#038;FELIU. ESTRENAMOS TEMPORADA BLOGUERA!                        <\/a>\n                    <\/h4>\n                                \n                                <div class=\"cshero-carousel-post-description\" style=\"color: \">\n                                            <p>[vc_row][vc_column][vc_custom_heading text=\"Iniciamos <\/p>\n                                    <\/div>\n                            <\/div>\n        <\/div>\n        \n        \n    <\/div>\n<\/article>\n\t\t\t\t\t<\/div>\r\n\t\t\t                    \t\t                <div class=\"cshero-shortcode cshero-post-carousel-item content-left\" >\r\n\t\t\t\t\t\t<article id=\"post-19000\" class=\" text-left post-19000 post type-post status-publish format-standard has-post-thumbnail hentry category-celebraciones category-celebraciones_el-munt\">\n    <div class=\"cshero-carousel-container\">\n                <div class=\"cshero-carousel-image clearfix left\" style=\"width:200px;height:135px;display: block;\">\n            <img alt=\"\"  src=\"https:\/\/calbernadas.com\/wp-content\/uploads\/2017\/03\/Casament_MartaJosep_El-Munt-11-200x135_c.jpg\" style=\"border-radius:0;-webkit-border-radius:0;-moz-border-radius:0;-ms-border-radius:0;-o-border-radius:0;max-width:100%;\" \/>                            <div class=\"overlay\" style=\"z-index:4;border-radius:0;-webkit-border-radius:0;-moz-border-radius:0;-ms-border-radius:0;-o-border-radius:0;background-color:rgba(255,255,255,0.8);color:;width:200px;height:135px;max-width:100%;\">\n                    <div class=\"overlay-content\">\n                        <a class=\"icon-link icon-button-black\" title=\"Read more\" href=\"https:\/\/calbernadas.com\/es\/blog\/martajosep-primavera-estado-puro\/\" ><i class=\"fa fa-link\"><\/i><\/a>                         \n                    <\/div>\n                <\/div>\n             \n        <\/div>\n        <div class=\"cshero-carousel-body\" } style=\"padding-left:220px;\">\n                        <div class=\"cshero-carousel-meta\">\n                                <span style=\"text-transform:;font-weight:400;font-style:;color:;\">15 Jun 2015<\/span>\n                                                    <span class=\"cshero-carousel-post-category\">\n                        in Celebraciones, Celebraciones_El Munt                    <\/span>\n                                                            <\/div>\n                        <div class=\"cshero-carousel-inner clearfix\">\n                                    <h4 class=\"cshero-carousel-title\">\n                        <a title=\"MARTA&#038;JOSEP. \u00a1PRIMAVERA EN ESTADO PURO!\" href=\"https:\/\/calbernadas.com\/es\/blog\/martajosep-primavera-estado-puro\/\" rel=\"\" style=\"color: \">\n                            MARTA&#038;JOSEP. \u00a1PRIMAVERA EN ESTADO PURO!                        <\/a>\n                    <\/h4>\n                                \n                                <div class=\"cshero-carousel-post-description\" style=\"color: \">\n                                            <p>[vc_row][vc_column][vc_custom_heading text=\"\u00a1M\u00e1s verde, m\u00e1s sol, m\u00e1s color, m\u00e1s florido ... <\/p>\n                                    <\/div>\n                            <\/div>\n        <\/div>\n        \n        \n    <\/div>\n<\/article>\n\t\t\t\t\t<\/div>\r\n\t\t\t    <\/div><div class=\"cshero-post-carousel-item-wrap\">                \t\t                <div class=\"cshero-shortcode cshero-post-carousel-item content-left\" style=\"margin-bottom:30px;\">\r\n\t\t\t\t\t\t<article id=\"post-18997\" class=\" text-left post-18997 post type-post status-publish format-standard has-post-thumbnail hentry category-celebraciones category-celebraciones_el-munt\">\n    <div class=\"cshero-carousel-container\">\n                <div class=\"cshero-carousel-image clearfix left\" style=\"width:200px;height:135px;display: block;\">\n            <img alt=\"\"  src=\"https:\/\/calbernadas.com\/wp-content\/uploads\/2017\/04\/15061-1004A-200x135_c.jpg\" style=\"border-radius:0;-webkit-border-radius:0;-moz-border-radius:0;-ms-border-radius:0;-o-border-radius:0;max-width:100%;\" \/>                            <div class=\"overlay\" style=\"z-index:4;border-radius:0;-webkit-border-radius:0;-moz-border-radius:0;-ms-border-radius:0;-o-border-radius:0;background-color:rgba(255,255,255,0.8);color:;width:200px;height:135px;max-width:100%;\">\n                    <div class=\"overlay-content\">\n                        <a class=\"icon-link icon-button-black\" title=\"Read more\" href=\"https:\/\/calbernadas.com\/es\/blog\/taniaguille-flying-to-munt\/\" ><i class=\"fa fa-link\"><\/i><\/a>                         \n                    <\/div>\n                <\/div>\n             \n        <\/div>\n        <div class=\"cshero-carousel-body\" } style=\"padding-left:220px;\">\n                        <div class=\"cshero-carousel-meta\">\n                                <span style=\"text-transform:;font-weight:400;font-style:;color:;\">15 Sep 2015<\/span>\n                                                    <span class=\"cshero-carousel-post-category\">\n                        in Celebraciones, Celebraciones_El Munt                    <\/span>\n                                                            <\/div>\n                        <div class=\"cshero-carousel-inner clearfix\">\n                                    <h4 class=\"cshero-carousel-title\">\n                        <a title=\"TANIA&#038;GUILLE. FLYING&#8230; TO EL MUNT!\" href=\"https:\/\/calbernadas.com\/es\/blog\/taniaguille-flying-to-munt\/\" rel=\"\" style=\"color: \">\n                            TANIA&#038;GUILLE. FLYING&#8230; TO EL MUNT!                        <\/a>\n                    <\/h4>\n                                \n                                <div class=\"cshero-carousel-post-description\" style=\"color: \">\n                                            <p>[vc_row][vc_column][vc_column_text]Tania y Guille. Una pareja de guapos, una pareja de <\/p>\n                                    <\/div>\n                            <\/div>\n        <\/div>\n        \n        \n    <\/div>\n<\/article>\n\t\t\t\t\t<\/div>\r\n\t\t\t                    \t\t                <div class=\"cshero-shortcode cshero-post-carousel-item content-left\" >\r\n\t\t\t\t\t\t<article id=\"post-18994\" class=\" text-left post-18994 post type-post status-publish format-standard has-post-thumbnail hentry category-celebraciones category-celebraciones_el-munt\">\n    <div class=\"cshero-carousel-container\">\n                <div class=\"cshero-carousel-image clearfix left\" style=\"width:200px;height:135px;display: block;\">\n            <img alt=\"\"  src=\"https:\/\/calbernadas.com\/wp-content\/uploads\/2017\/03\/Casament_AudreyJohn_El-Munt-13-200x135_c.jpg\" style=\"border-radius:0;-webkit-border-radius:0;-moz-border-radius:0;-ms-border-radius:0;-o-border-radius:0;max-width:100%;\" \/>                            <div class=\"overlay\" style=\"z-index:4;border-radius:0;-webkit-border-radius:0;-moz-border-radius:0;-ms-border-radius:0;-o-border-radius:0;background-color:rgba(255,255,255,0.8);color:;width:200px;height:135px;max-width:100%;\">\n                    <div class=\"overlay-content\">\n                        <a class=\"icon-link icon-button-black\" title=\"Read more\" href=\"https:\/\/calbernadas.com\/es\/blog\/audreyjohn-happy-1st-year-2\/\" ><i class=\"fa fa-link\"><\/i><\/a>                         \n                    <\/div>\n                <\/div>\n             \n        <\/div>\n        <div class=\"cshero-carousel-body\" } style=\"padding-left:220px;\">\n                        <div class=\"cshero-carousel-meta\">\n                                <span style=\"text-transform:;font-weight:400;font-style:;color:;\">20 Sep 2015<\/span>\n                                                    <span class=\"cshero-carousel-post-category\">\n                        in Celebraciones, Celebraciones_El Munt                    <\/span>\n                                                            <\/div>\n                        <div class=\"cshero-carousel-inner clearfix\">\n                                    <h4 class=\"cshero-carousel-title\">\n                        <a title=\"AUDREY&#038;JOHN. HAPPY 1ST YEAR!\" href=\"https:\/\/calbernadas.com\/es\/blog\/audreyjohn-happy-1st-year-2\/\" rel=\"\" style=\"color: \">\n                            AUDREY&#038;JOHN. HAPPY 1ST YEAR!                        <\/a>\n                    <\/h4>\n                                \n                                <div class=\"cshero-carousel-post-description\" style=\"color: \">\n                                            <p>[vc_row][vc_column][vc_custom_heading text=\"Happy 1st <\/p>\n                                    <\/div>\n                            <\/div>\n        <\/div>\n        \n        \n    <\/div>\n<\/article>\n\t\t\t\t\t<\/div>\r\n\t\t\t    <\/div><div class=\"cshero-post-carousel-item-wrap\">                \t\t                <div class=\"cshero-shortcode cshero-post-carousel-item content-left\" style=\"margin-bottom:30px;\">\r\n\t\t\t\t\t\t<article id=\"post-18944\" class=\" text-left post-18944 post type-post status-publish format-standard has-post-thumbnail hentry category-turismo-rural category-turismo-rural_el-munt\">\n    <div class=\"cshero-carousel-container\">\n                <div class=\"cshero-carousel-image clearfix left\" style=\"width:200px;height:135px;display: block;\">\n            <img alt=\"\"  src=\"https:\/\/calbernadas.com\/wp-content\/uploads\/2017\/03\/Montse-Giralt2-200x135_c.jpg\" style=\"border-radius:0;-webkit-border-radius:0;-moz-border-radius:0;-ms-border-radius:0;-o-border-radius:0;max-width:100%;\" \/>                            <div class=\"overlay\" style=\"z-index:4;border-radius:0;-webkit-border-radius:0;-moz-border-radius:0;-ms-border-radius:0;-o-border-radius:0;background-color:rgba(255,255,255,0.8);color:;width:200px;height:135px;max-width:100%;\">\n                    <div class=\"overlay-content\">\n                        <a class=\"icon-link icon-button-black\" title=\"Read more\" href=\"https:\/\/calbernadas.com\/es\/blog\/flow-2\/\" ><i class=\"fa fa-link\"><\/i><\/a>                         \n                    <\/div>\n                <\/div>\n             \n        <\/div>\n        <div class=\"cshero-carousel-body\" } style=\"padding-left:220px;\">\n                        <div class=\"cshero-carousel-meta\">\n                                <span style=\"text-transform:;font-weight:400;font-style:;color:;\">11 Ene 2016<\/span>\n                                                    <span class=\"cshero-carousel-post-category\">\n                        in Turismo rural, Turismo rural_El Munt                    <\/span>\n                                                            <\/div>\n                        <div class=\"cshero-carousel-inner clearfix\">\n                                    <h4 class=\"cshero-carousel-title\">\n                        <a title=\"FLOW\" href=\"https:\/\/calbernadas.com\/es\/blog\/flow-2\/\" rel=\"\" style=\"color: \">\n                            FLOW                        <\/a>\n                    <\/h4>\n                                \n                                <div class=\"cshero-carousel-post-description\" style=\"color: \">\n                                            <p>[vc_row][vc_column][vc_column_text]Flow\u00a0es el t\u00edtulo de este gran proyecto de Montse Giralt, <\/p>\n                                    <\/div>\n                            <\/div>\n        <\/div>\n        \n        \n    <\/div>\n<\/article>\n\t\t\t\t\t<\/div>\r\n\t\t\t                    \t\t                <div class=\"cshero-shortcode cshero-post-carousel-item content-left\" >\r\n\t\t\t\t\t\t<article id=\"post-18828\" class=\" text-left post-18828 post type-post status-publish format-standard has-post-thumbnail hentry category-celebraciones category-celebraciones_el-munt category-uncategorized-ca\">\n    <div class=\"cshero-carousel-container\">\n                <div class=\"cshero-carousel-image clearfix left\" style=\"width:200px;height:135px;display: block;\">\n            <img alt=\"\"  src=\"https:\/\/calbernadas.com\/wp-content\/uploads\/2017\/07\/BODAJUANANMIREIA-461A.-Boda-el-Munt.-Mireia-i-Juanan-200x135_c.jpg\" style=\"border-radius:0;-webkit-border-radius:0;-moz-border-radius:0;-ms-border-radius:0;-o-border-radius:0;max-width:100%;\" \/>                            <div class=\"overlay\" style=\"z-index:4;border-radius:0;-webkit-border-radius:0;-moz-border-radius:0;-ms-border-radius:0;-o-border-radius:0;background-color:rgba(255,255,255,0.8);color:;width:200px;height:135px;max-width:100%;\">\n                    <div class=\"overlay-content\">\n                        <a class=\"icon-link icon-button-black\" title=\"Read more\" href=\"https:\/\/calbernadas.com\/es\/blog\/mireiajuanan-una-parella-molt-bonica\/\" ><i class=\"fa fa-link\"><\/i><\/a>                         \n                    <\/div>\n                <\/div>\n             \n        <\/div>\n        <div class=\"cshero-carousel-body\" } style=\"padding-left:220px;\">\n                        <div class=\"cshero-carousel-meta\">\n                                <span style=\"text-transform:;font-weight:400;font-style:;color:;\">25 Ene 2016<\/span>\n                                                    <span class=\"cshero-carousel-post-category\">\n                        in Celebraciones, Celebraciones_El Munt, Uncategorized @ca                    <\/span>\n                                                            <\/div>\n                        <div class=\"cshero-carousel-inner clearfix\">\n                                    <h4 class=\"cshero-carousel-title\">\n                        <a title=\"MIREIA&#038;JUANAN. UNA PAREJA ENCANTADORA\" href=\"https:\/\/calbernadas.com\/es\/blog\/mireiajuanan-una-parella-molt-bonica\/\" rel=\"\" style=\"color: \">\n                            MIREIA&#038;JUANAN. UNA PAREJA ENCANTADORA                        <\/a>\n                    <\/h4>\n                                \n                                <div class=\"cshero-carousel-post-description\" style=\"color: \">\n                                            <p>[vc_row][vc_column][vc_column_text]Una ceremonia en medio del bosque, un aperitivo en el jard\u00edn <\/p>\n                                    <\/div>\n                            <\/div>\n        <\/div>\n        \n        \n    <\/div>\n<\/article>\n\t\t\t\t\t<\/div>\r\n\t\t\t    <\/div>\t\t\t<\/div>\r\n\t\t<\/div>\r\n\t\t\t\t\t<div class=\"cshero-control pager-left default\"><\/div>\r\n\t\t\t\t\t        <\/div>\r\n[\/vc_column][\/vc_row]<\/p>\n","protected":false},"excerpt":{"rendered":"<p>[vc_row css=\u00bb.vc_custom_1419392991392{padding-top: 20px !important;padding-bottom: 80px !important;}\u00bb full_width=\u00bbfalse\u00bb parallax_speed=\u00bb0.8&#8243; bg_video_transparent=\u00bb0&#8243;][vc_column width=\u00bb1\/1&#8243;][vc_column_text] OUR CUSTOMERS LOVE US, SO MUCH Use any of the [&hellip;]<\/p>\n","protected":false},"author":1,"featured_media":0,"parent":0,"menu_order":0,"comment_status":"closed","ping_status":"closed","template":"","meta":{"footnotes":""},"yoast_head":"<!-- This site is optimized with the Yoast SEO plugin v21.5 - https:\/\/yoast.com\/wordpress\/plugins\/seo\/ -->\n<title>Posts Carousel - Cal Bernad\u00e0s<\/title>\n<meta name=\"robots\" content=\"index, follow, max-snippet:-1, max-image-preview:large, max-video-preview:-1\" \/>\n<link rel=\"canonical\" href=\"https:\/\/calbernadas.com\/ca\/posts-carousel\/\" \/>\n<meta property=\"og:locale\" content=\"es_ES\" \/>\n<meta property=\"og:type\" content=\"article\" \/>\n<meta property=\"og:title\" content=\"Posts Carousel - Cal Bernad\u00e0s\" \/>\n<meta property=\"og:description\" content=\"[vc_row css=\u00bb.vc_custom_1419392991392{padding-top: 20px !important;padding-bottom: 80px !important;}\u00bb full_width=\u00bbfalse\u00bb parallax_speed=\u00bb0.8&#8243; bg_video_transparent=\u00bb0&#8243;][vc_column width=\u00bb1\/1&#8243;][vc_column_text] OUR CUSTOMERS LOVE US, SO MUCH Use any of the [&hellip;]\" \/>\n<meta property=\"og:url\" content=\"https:\/\/calbernadas.com\/ca\/posts-carousel\/\" \/>\n<meta property=\"og:site_name\" content=\"Cal Bernad\u00e0s\" \/>\n<meta property=\"article:publisher\" content=\"https:\/\/www.facebook.com\/calbernadas\" \/>\n<meta property=\"article:modified_time\" content=\"2016-11-19T00:47:01+00:00\" \/>\n<meta name=\"twitter:card\" content=\"summary_large_image\" \/>\n<meta name=\"twitter:site\" content=\"@calbernadas\" \/>\n<meta name=\"twitter:label1\" content=\"Tiempo de lectura\" \/>\n\t<meta name=\"twitter:data1\" content=\"10 minutos\" \/>\n<script type=\"application\/ld+json\" class=\"yoast-schema-graph\">{\"@context\":\"https:\/\/schema.org\",\"@graph\":[{\"@type\":\"WebPage\",\"@id\":\"https:\/\/calbernadas.com\/ca\/posts-carousel\/\",\"url\":\"https:\/\/calbernadas.com\/ca\/posts-carousel\/\",\"name\":\"Posts Carousel - Cal Bernad\u00e0s\",\"isPartOf\":{\"@id\":\"https:\/\/calbernadas.com\/ca\/#website\"},\"datePublished\":\"2014-08-22T14:35:39+00:00\",\"dateModified\":\"2016-11-19T00:47:01+00:00\",\"breadcrumb\":{\"@id\":\"https:\/\/calbernadas.com\/ca\/posts-carousel\/#breadcrumb\"},\"inLanguage\":\"es\",\"potentialAction\":[{\"@type\":\"ReadAction\",\"target\":[\"https:\/\/calbernadas.com\/ca\/posts-carousel\/\"]}]},{\"@type\":\"BreadcrumbList\",\"@id\":\"https:\/\/calbernadas.com\/ca\/posts-carousel\/#breadcrumb\",\"itemListElement\":[{\"@type\":\"ListItem\",\"position\":1,\"name\":\"Portada\",\"item\":\"https:\/\/calbernadas.com\/es\/\"},{\"@type\":\"ListItem\",\"position\":2,\"name\":\"Posts Carousel\"}]},{\"@type\":\"WebSite\",\"@id\":\"https:\/\/calbernadas.com\/ca\/#website\",\"url\":\"https:\/\/calbernadas.com\/ca\/\",\"name\":\"Cal Bernad\u00e0s\",\"description\":\"Turisme rural\",\"publisher\":{\"@id\":\"https:\/\/calbernadas.com\/ca\/#organization\"},\"potentialAction\":[{\"@type\":\"SearchAction\",\"target\":{\"@type\":\"EntryPoint\",\"urlTemplate\":\"https:\/\/calbernadas.com\/ca\/?s={search_term_string}\"},\"query-input\":\"required name=search_term_string\"}],\"inLanguage\":\"es\"},{\"@type\":\"Organization\",\"@id\":\"https:\/\/calbernadas.com\/ca\/#organization\",\"name\":\"Cal Bernad\u00e0s\",\"url\":\"https:\/\/calbernadas.com\/ca\/\",\"logo\":{\"@type\":\"ImageObject\",\"inLanguage\":\"es\",\"@id\":\"https:\/\/calbernadas.com\/ca\/#\/schema\/logo\/image\/\",\"url\":\"https:\/\/calbernadas.com\/wp-content\/uploads\/2017\/03\/logo_calbernadas2.png\",\"contentUrl\":\"https:\/\/calbernadas.com\/wp-content\/uploads\/2017\/03\/logo_calbernadas2.png\",\"width\":169,\"height\":156,\"caption\":\"Cal Bernad\u00e0s\"},\"image\":{\"@id\":\"https:\/\/calbernadas.com\/ca\/#\/schema\/logo\/image\/\"},\"sameAs\":[\"https:\/\/www.facebook.com\/calbernadas\",\"https:\/\/twitter.com\/calbernadas\",\"https:\/\/instagram.com\/calbernadas\/\",\"http:\/\/www.youtube.es\/calbernadas\"]}]}<\/script>\n<!-- \/ Yoast SEO plugin. -->","yoast_head_json":{"title":"Posts Carousel - Cal Bernad\u00e0s","robots":{"index":"index","follow":"follow","max-snippet":"max-snippet:-1","max-image-preview":"max-image-preview:large","max-video-preview":"max-video-preview:-1"},"canonical":"https:\/\/calbernadas.com\/ca\/posts-carousel\/","og_locale":"es_ES","og_type":"article","og_title":"Posts Carousel - Cal Bernad\u00e0s","og_description":"[vc_row css=\u00bb.vc_custom_1419392991392{padding-top: 20px !important;padding-bottom: 80px !important;}\u00bb full_width=\u00bbfalse\u00bb parallax_speed=\u00bb0.8&#8243; bg_video_transparent=\u00bb0&#8243;][vc_column width=\u00bb1\/1&#8243;][vc_column_text] OUR CUSTOMERS LOVE US, SO MUCH Use any of the [&hellip;]","og_url":"https:\/\/calbernadas.com\/ca\/posts-carousel\/","og_site_name":"Cal Bernad\u00e0s","article_publisher":"https:\/\/www.facebook.com\/calbernadas","article_modified_time":"2016-11-19T00:47:01+00:00","twitter_card":"summary_large_image","twitter_site":"@calbernadas","twitter_misc":{"Tiempo de lectura":"10 minutos"},"schema":{"@context":"https:\/\/schema.org","@graph":[{"@type":"WebPage","@id":"https:\/\/calbernadas.com\/ca\/posts-carousel\/","url":"https:\/\/calbernadas.com\/ca\/posts-carousel\/","name":"Posts Carousel - Cal Bernad\u00e0s","isPartOf":{"@id":"https:\/\/calbernadas.com\/ca\/#website"},"datePublished":"2014-08-22T14:35:39+00:00","dateModified":"2016-11-19T00:47:01+00:00","breadcrumb":{"@id":"https:\/\/calbernadas.com\/ca\/posts-carousel\/#breadcrumb"},"inLanguage":"es","potentialAction":[{"@type":"ReadAction","target":["https:\/\/calbernadas.com\/ca\/posts-carousel\/"]}]},{"@type":"BreadcrumbList","@id":"https:\/\/calbernadas.com\/ca\/posts-carousel\/#breadcrumb","itemListElement":[{"@type":"ListItem","position":1,"name":"Portada","item":"https:\/\/calbernadas.com\/es\/"},{"@type":"ListItem","position":2,"name":"Posts Carousel"}]},{"@type":"WebSite","@id":"https:\/\/calbernadas.com\/ca\/#website","url":"https:\/\/calbernadas.com\/ca\/","name":"Cal Bernad\u00e0s","description":"Turisme rural","publisher":{"@id":"https:\/\/calbernadas.com\/ca\/#organization"},"potentialAction":[{"@type":"SearchAction","target":{"@type":"EntryPoint","urlTemplate":"https:\/\/calbernadas.com\/ca\/?s={search_term_string}"},"query-input":"required name=search_term_string"}],"inLanguage":"es"},{"@type":"Organization","@id":"https:\/\/calbernadas.com\/ca\/#organization","name":"Cal Bernad\u00e0s","url":"https:\/\/calbernadas.com\/ca\/","logo":{"@type":"ImageObject","inLanguage":"es","@id":"https:\/\/calbernadas.com\/ca\/#\/schema\/logo\/image\/","url":"https:\/\/calbernadas.com\/wp-content\/uploads\/2017\/03\/logo_calbernadas2.png","contentUrl":"https:\/\/calbernadas.com\/wp-content\/uploads\/2017\/03\/logo_calbernadas2.png","width":169,"height":156,"caption":"Cal Bernad\u00e0s"},"image":{"@id":"https:\/\/calbernadas.com\/ca\/#\/schema\/logo\/image\/"},"sameAs":["https:\/\/www.facebook.com\/calbernadas","https:\/\/twitter.com\/calbernadas","https:\/\/instagram.com\/calbernadas\/","http:\/\/www.youtube.es\/calbernadas"]}]}},"_links":{"self":[{"href":"https:\/\/calbernadas.com\/es\/wp-json\/wp\/v2\/pages\/14333"}],"collection":[{"href":"https:\/\/calbernadas.com\/es\/wp-json\/wp\/v2\/pages"}],"about":[{"href":"https:\/\/calbernadas.com\/es\/wp-json\/wp\/v2\/types\/page"}],"author":[{"embeddable":true,"href":"https:\/\/calbernadas.com\/es\/wp-json\/wp\/v2\/users\/1"}],"replies":[{"embeddable":true,"href":"https:\/\/calbernadas.com\/es\/wp-json\/wp\/v2\/comments?post=14333"}],"version-history":[{"count":0,"href":"https:\/\/calbernadas.com\/es\/wp-json\/wp\/v2\/pages\/14333\/revisions"}],"wp:attachment":[{"href":"https:\/\/calbernadas.com\/es\/wp-json\/wp\/v2\/media?parent=14333"}],"curies":[{"name":"wp","href":"https:\/\/api.w.org\/{rel}","templated":true}]}}