{"id":14281,"date":"2016-10-24T10:35:39","date_gmt":"2016-10-24T09:35:39","guid":{"rendered":"https:\/\/calbernadas.com\/es\/el-munt\/"},"modified":"2025-04-24T16:50:53","modified_gmt":"2025-04-24T15:50:53","slug":"el-munt-2","status":"publish","type":"page","link":"https:\/\/calbernadas.com\/es\/celebraciones\/el-munt-2\/","title":{"rendered":"EL MUNT"},"content":{"rendered":"<p>[vc_row full_width=\u00bbstretch_row_content\u00bb][vc_column]    <div id=\"carousel\" class=\"carousel slide\" data-ride=\"carousel\">\r\n        <!-- Indicators -->\r\n                 <!-- Wrapper for slides -->\r\n        <div class=\"carousel-inner\" role=\"listbox\">\r\n                                    <div class=\"item active\">\r\n                <img src=\"https:\/\/calbernadas.com\/wp-content\/uploads\/2016\/10\/CB_CEL_MUNT_SLIDE_ESP.jpg\" alt=\"image2\"\/>\r\n                <div class=\"carousel-caption\">\r\n                <\/div>\r\n            <\/div>\r\n                                    <div class=\"item \">\r\n                <img src=\"https:\/\/calbernadas.com\/wp-content\/uploads\/2016\/10\/CB_CEL_MUNT_SLIDE_1.jpg\" alt=\"image2\"\/>\r\n                <div class=\"carousel-caption\">\r\n                <\/div>\r\n            <\/div>\r\n                                    <div class=\"item \">\r\n                <img src=\"https:\/\/calbernadas.com\/wp-content\/uploads\/2016\/10\/CB_CEL_MUNT_SLIDE_2.jpg\" alt=\"image2\"\/>\r\n                <div class=\"carousel-caption\">\r\n                <\/div>\r\n            <\/div>\r\n                                    <div class=\"item \">\r\n                <img src=\"https:\/\/calbernadas.com\/wp-content\/uploads\/2016\/10\/CB_CEL_MUNT_SLIDE_3.jpg\" alt=\"image2\"\/>\r\n                <div class=\"carousel-caption\">\r\n                <\/div>\r\n            <\/div>\r\n                                    <div class=\"item \">\r\n                <img src=\"https:\/\/calbernadas.com\/wp-content\/uploads\/2016\/10\/CB_CEL_MUNT_SLIDE_4.jpg\" alt=\"image2\"\/>\r\n                <div class=\"carousel-caption\">\r\n                <\/div>\r\n            <\/div>\r\n                                    <div class=\"item \">\r\n                <img src=\"https:\/\/calbernadas.com\/wp-content\/uploads\/2016\/10\/CB_CEL_MUNT_SLIDE_5.jpg\" alt=\"image2\"\/>\r\n                <div class=\"carousel-caption\">\r\n                <\/div>\r\n            <\/div>\r\n                                    <div class=\"item \">\r\n                <img src=\"https:\/\/calbernadas.com\/wp-content\/uploads\/2016\/10\/CB_CEL_MUNT_SLIDE_6.jpg\" alt=\"image2\"\/>\r\n                <div class=\"carousel-caption\">\r\n                <\/div>\r\n            <\/div>\r\n                                    <div class=\"item \">\r\n                <img src=\"https:\/\/calbernadas.com\/wp-content\/uploads\/2016\/10\/CB_CEL_MUNT_SLIDE_7.jpg\" alt=\"image2\"\/>\r\n                <div class=\"carousel-caption\">\r\n                <\/div>\r\n            <\/div>\r\n                                    <div class=\"item \">\r\n                <img src=\"https:\/\/calbernadas.com\/wp-content\/uploads\/2016\/10\/CB_CEL_MUNT_SLIDE_8.jpg\" alt=\"image2\"\/>\r\n                <div class=\"carousel-caption\">\r\n                <\/div>\r\n            <\/div>\r\n                                    <div class=\"item \">\r\n                <img src=\"https:\/\/calbernadas.com\/wp-content\/uploads\/2016\/10\/CB_CEL_MUNT_SLIDE_9.jpg\" alt=\"image2\"\/>\r\n                <div class=\"carousel-caption\">\r\n                <\/div>\r\n            <\/div>\r\n                    <\/div>\r\n\r\n        <!-- Controls -->\r\n        <a class=\"left carousel-control\" href=\"#carousel\" role=\"button\" data-slide=\"prev\">\r\n            <span class=\"fa fa-chevron-left\" aria-hidden=\"true\"><\/span>\r\n            <span class=\"sr-only\">Previous<\/span>\r\n        <\/a>\r\n        <a class=\"right carousel-control\" href=\"#carousel\" role=\"button\" data-slide=\"next\">\r\n            <span class=\"fa fa-chevron-right\" aria-hidden=\"true\"><\/span>\r\n            <span class=\"sr-only\">Next<\/span>\r\n        <\/a>\r\n        \r\n    <\/div>\r\n        [\/vc_column][\/vc_row][vc_row full_width=\u00bbstretch_row_content_no_spaces\u00bb css=\u00bb.vc_custom_1478506414449{padding-top: 0px !important;padding-bottom: 0px !important;}\u00bb][vc_column][vc_gallery type=\u00bbimage_grid\u00bb images=\u00bb13172,13173,13174,13175,13176,13177,13178,13179,13180,13181&#8243; img_size=\u00bbfull\u00bb el_class=\u00bb cols5&#8243;][\/vc_column][\/vc_row][vc_row css=\u00bb.vc_custom_1477971546965{padding-top: 80px !important;padding-bottom: 80px !important;}\u00bb][vc_column width=\u00bb1\/6&#8243;][\/vc_column][vc_column width=\u00bb2\/3&#8243;][vc_column_text]<\/p>\n<div class=\"row-fluid show-grid\">\n<div class=\" span6\">\n<h5 style=\"text-align: center;\"><span style=\"color: #cc3366;\">Si quieres celebrar un d\u00eda especial en un lugar especial, El Munt<br \/>\n<\/span><span style=\"color: #cc3366;\">es tu espacio. <\/span><br \/>\n<span style=\"color: #cc3366;\">Podr\u00e1s personalizarlo y adecuarlo a tus deseos para que sea un d\u00eda \u00fanico. <\/span><br \/>\n<span style=\"color: #cc3366;\">Adem\u00e1s, ofrecemos alojamiento para los m\u00e1s pr\u00f3ximos.<\/span><\/h5>\n<\/div>\n<\/div>\n<p>[\/vc_column_text][\/vc_column][vc_column width=\u00bb1\/6&#8243;][\/vc_column][\/vc_row][vc_row full_width=\u00bbstretch_row\u00bb css=\u00bb.vc_custom_1478507351799{padding-top: 100px !important;padding-bottom: 100px !important;background-image: url(https:\/\/calbernadas.com\/wp-content\/uploads\/2016\/10\/CEL_espaisdelmunt.jpg?id=13187) !important;}\u00bb parallax_speed=\u00bb0.8&#8243; bg_video_transparent=\u00bb0&#8243; el_class=\u00bbcm-icon-big-item\u00bb][vc_column][cs_custom_heading text=\u00bbESPACIOS PARA TU CELEBRACI\u00d3N\u00bb font_container=\u00bbtag:h1|font_size:40px|text_align:center|color:%23ffffff\u00bb font_format=\u00bb700&#8243; style=\u00bbstyle-none\u00bb el_class=\u00bbcm-tailor-title-site\u00bb][\/vc_column][\/vc_row][vc_row css=\u00bb.vc_custom_1477557874325{padding-top: 80px !important;padding-bottom: 80px !important;}\u00bb][vc_column width=\u00bb1\/4&#8243;][\/vc_column][vc_column width=\u00bb1\/2&#8243;][vc_column_text]<\/p>\n<h5 style=\"text-align: center;\"><span style=\"color: #cc3366;\">Todo lo que ofrece El Munt para tu gran d\u00eda <\/span><br \/>\n<span style=\"color: #cc3366;\">Una piscina de sue\u00f1o, un espacio m\u00e1gico en medio del bosque, una gran terraza cubierta para no padecer ni un segundo por el tiempo\u2026 <\/span><br \/>\n<span style=\"color: #cc3366;\">Todo esto y mucho m\u00e1s es lo que se puede encontrar en El Munt. <\/span><br \/>\n<span style=\"color: #cc3366;\">Descubrid todos los rincones que har\u00e1n de vuestro d\u00eda un d\u00eda perfecto.<\/span><\/h5>\n<p>[\/vc_column_text][\/vc_column][vc_column width=\u00bb1\/4&#8243;][\/vc_column][\/vc_row][vc_row gap=\u00bb15&#8243; css=\u00bb.vc_custom_1477987114415{padding-top: 15px !important;padding-bottom: 15px !important;}\u00bb][vc_column width=\u00bb1\/3&#8243;]<div id=\"cshero-fancybox69ef8adc7f442_1777306332\" class=\"cshero-fancybox-wrap clearfix fancybox-layout9  text-center   wpb_animate_when_almost_visible wpb_fade-in\" style=\"border-width: 1px; border-style: solid; border-color: #dddddd;   background: #fafafa\">\n\t<style type=\"text\/css\" scoped>\n        #cshero-fancybox69ef8adc7f442_1777306332.fancybox-layout9:hover .fancy-icon {\n            background-color:#99cc66 !important;\n            border-color: !important;\n            color:#ffffff !important;\n        }\n\n        #cshero-fancybox69ef8adc7f442_1777306332.fancybox-layout9 .fancy-icon.icon-hover-style-3:after{\n    \t\t-webkit-border-radius:;\n    \t\t-moz-border-radius:;\n    \t\t-ms-border-radius:;\n    \t\t-o-border-radius:;\n    \t\tborder-radius:;\n    \t\tbackground-color:#99cc66;\n    \t\tborder-width:1px;\n    \t\tborder-style:solid;\n    \t\tborder-color:;\n\t   }\n               #cshero-fancybox69ef8adc7f442_1777306332 {\n            background: #fafafa;\n        }\n                       #cshero-fancybox69ef8adc7f442_1777306332:hover {\n            background: #fafafa;\n        }\n               \n              \t<\/style>\n    <div class=\"cshero-fancybox-title-image\">\n        <div class=\"cshero-fancybox-icon\">\n                                                <div class=\"cshero-fancybox-image left\">\n                        <img src=\"https:\/\/calbernadas.com\/wp-content\/uploads\/2016\/10\/espais-EM-era.jpg\" alt=\"AMPLIA ERA DELANTE DE LA FACHADA PRINCIPAL DE LA CASA\"\/>\n                                             <\/div>\n                                        <\/div>\n        \n        <div class=\"cshero-fancybox-content\" >\n            <div class=\"cshero-fancybox-padding\">\n                <h3 style=\"color: #cc3366;  text-transform: uppercase;\" class=\"cshero-fancybox-title\">\n                    <span class=\"cshero-title-main\">\n                        AMPLIA ERA DELANTE DE LA FACHADA PRINCIPAL DE LA CASA                    <\/span>\n                <\/h3>\n                <div class=\"content\">\n                    <\/p>\n<p style=\"text-align: center;\">Orientada al sur, espacio sobrio y elegante, rodeado de silencio y de naturaleza, que da la bienvenida a todos los visitantes a la mas\u00eda El Munt.<br \/>\nIdeal para recepciones, ceremonias civiles y, en d\u00edas m\u00e1s frescos, para c\u00f3cteles al aire libre.<\/p>\n<p>                <\/div>\n                            <\/div>\n        <\/div>\n       \n    <\/div>\n<\/div>\n[\/vc_column][vc_column width=\u00bb1\/3&#8243;]<div id=\"cshero-fancybox69ef8adc7fbfd_1777306332\" class=\"cshero-fancybox-wrap clearfix fancybox-layout9  text-center   wpb_animate_when_almost_visible wpb_fade-in\" style=\"border-width: 1px; border-style: solid; border-color: #dddddd;   background: #fafafa\">\n\t<style type=\"text\/css\" scoped>\n        #cshero-fancybox69ef8adc7fbfd_1777306332.fancybox-layout9:hover .fancy-icon {\n            background-color:#99cc66 !important;\n            border-color: !important;\n            color:#ffffff !important;\n        }\n\n        #cshero-fancybox69ef8adc7fbfd_1777306332.fancybox-layout9 .fancy-icon.icon-hover-style-3:after{\n    \t\t-webkit-border-radius:;\n    \t\t-moz-border-radius:;\n    \t\t-ms-border-radius:;\n    \t\t-o-border-radius:;\n    \t\tborder-radius:;\n    \t\tbackground-color:#99cc66;\n    \t\tborder-width:1px;\n    \t\tborder-style:solid;\n    \t\tborder-color:;\n\t   }\n               #cshero-fancybox69ef8adc7fbfd_1777306332 {\n            background: #fafafa;\n        }\n                       #cshero-fancybox69ef8adc7fbfd_1777306332:hover {\n            background: #fafafa;\n        }\n               \n              \t<\/style>\n    <div class=\"cshero-fancybox-title-image\">\n        <div class=\"cshero-fancybox-icon\">\n                                                <div class=\"cshero-fancybox-image left\">\n                        <img src=\"https:\/\/calbernadas.com\/wp-content\/uploads\/2016\/10\/espais-EM-bosc.jpg\" alt=\"ESPACIO EN EL BOSQUE\"\/>\n                                             <\/div>\n                                        <\/div>\n        \n        <div class=\"cshero-fancybox-content\" >\n            <div class=\"cshero-fancybox-padding\">\n                <h3 style=\"color: #cc3366;  text-transform: uppercase;\" class=\"cshero-fancybox-title\">\n                    <span class=\"cshero-title-main\">\n                        ESPACIO EN EL BOSQUE                    <\/span>\n                <\/h3>\n                <div class=\"content\">\n                    <\/p>\n<p style=\"text-align: center;\">Justo al final del jard\u00edn se halla la entrada a este espacio m\u00e1gico en medio del bosque. Un espacio donde la naturaleza es la \u00fanica protagonista, una protagonista con mucho protagonismo.<br \/>\nIdeal para ceremonias civiles, aperitivos e incluso para el baile.<\/p>\n<p>                <\/div>\n                            <\/div>\n        <\/div>\n       \n    <\/div>\n<\/div>\n[\/vc_column][vc_column width=\u00bb1\/3&#8243;]<div id=\"cshero-fancybox69ef8adc80295_1777306332\" class=\"cshero-fancybox-wrap clearfix fancybox-layout9  text-center   wpb_animate_when_almost_visible wpb_fade-in\" style=\"border-width: 1px; border-style: solid; border-color: #dddddd;   background: #fafafa\">\n\t<style type=\"text\/css\" scoped>\n        #cshero-fancybox69ef8adc80295_1777306332.fancybox-layout9:hover .fancy-icon {\n            background-color:#99cc66 !important;\n            border-color: !important;\n            color:#ffffff !important;\n        }\n\n        #cshero-fancybox69ef8adc80295_1777306332.fancybox-layout9 .fancy-icon.icon-hover-style-3:after{\n    \t\t-webkit-border-radius:;\n    \t\t-moz-border-radius:;\n    \t\t-ms-border-radius:;\n    \t\t-o-border-radius:;\n    \t\tborder-radius:;\n    \t\tbackground-color:#99cc66;\n    \t\tborder-width:1px;\n    \t\tborder-style:solid;\n    \t\tborder-color:;\n\t   }\n               #cshero-fancybox69ef8adc80295_1777306332 {\n            background: #fafafa;\n        }\n                       #cshero-fancybox69ef8adc80295_1777306332:hover {\n            background: #fafafa;\n        }\n               \n              \t<\/style>\n    <div class=\"cshero-fancybox-title-image\">\n        <div class=\"cshero-fancybox-icon\">\n                                                <div class=\"cshero-fancybox-image left\">\n                        <img src=\"https:\/\/calbernadas.com\/wp-content\/uploads\/2016\/10\/espais-EM-piscina.jpg\" alt=\"ESPACIOSO JARD\u00cdN CON PISCINA EXTERIOR, PORCHE CUBIERTO Y BA\u00d1O\"\/>\n                                             <\/div>\n                                        <\/div>\n        \n        <div class=\"cshero-fancybox-content\" >\n            <div class=\"cshero-fancybox-padding\">\n                <h3 style=\"color: #cc3366;  text-transform: uppercase;\" class=\"cshero-fancybox-title\">\n                    <span class=\"cshero-title-main\">\n                        ESPACIOSO JARD\u00cdN CON PISCINA EXTERIOR, PORCHE CUBIERTO Y BA\u00d1O                    <\/span>\n                <\/h3>\n                <div class=\"content\">\n                    <\/p>\n<p style=\"text-align: center;\">Un espacio de aquellos tan veraniegos. Gran jard\u00edn con majestuosa piscina y bonito porche con barbacoa. Y todo, todo, rodeado de naturaleza.<br \/>\nIdeal para ceremonias civiles, aperitivos, banquetes y c\u00f3cteles.<\/p>\n<p>                <\/div>\n                            <\/div>\n        <\/div>\n       \n    <\/div>\n<\/div>\n[\/vc_column][\/vc_row][vc_row gap=\u00bb15&#8243; css=\u00bb.vc_custom_1477987114415{padding-top: 15px !important;padding-bottom: 15px !important;}\u00bb][vc_column width=\u00bb1\/3&#8243;]<div id=\"cshero-fancybox69ef8adc80911_1777306332\" class=\"cshero-fancybox-wrap clearfix fancybox-layout9  text-center   wpb_animate_when_almost_visible wpb_fade-in\" style=\"border-width: 1px; border-style: solid; border-color: #dddddd;   background: #fafafa\">\n\t<style type=\"text\/css\" scoped>\n        #cshero-fancybox69ef8adc80911_1777306332.fancybox-layout9:hover .fancy-icon {\n            background-color:#99cc66 !important;\n            border-color: !important;\n            color:#ffffff !important;\n        }\n\n        #cshero-fancybox69ef8adc80911_1777306332.fancybox-layout9 .fancy-icon.icon-hover-style-3:after{\n    \t\t-webkit-border-radius:;\n    \t\t-moz-border-radius:;\n    \t\t-ms-border-radius:;\n    \t\t-o-border-radius:;\n    \t\tborder-radius:;\n    \t\tbackground-color:#99cc66;\n    \t\tborder-width:1px;\n    \t\tborder-style:solid;\n    \t\tborder-color:;\n\t   }\n               #cshero-fancybox69ef8adc80911_1777306332 {\n            background: #fafafa;\n        }\n                       #cshero-fancybox69ef8adc80911_1777306332:hover {\n            background: #fafafa;\n        }\n               \n              \t<\/style>\n    <div class=\"cshero-fancybox-title-image\">\n        <div class=\"cshero-fancybox-icon\">\n                                                <div class=\"cshero-fancybox-image left\">\n                        <img src=\"https:\/\/calbernadas.com\/wp-content\/uploads\/2016\/10\/espais-EM-terrassa.jpg\" alt=\"TERRAZA EXTERIOR CUBIERTA\"\/>\n                                             <\/div>\n                                        <\/div>\n        \n        <div class=\"cshero-fancybox-content\" >\n            <div class=\"cshero-fancybox-padding\">\n                <h3 style=\"color: #cc3366;  text-transform: uppercase;\" class=\"cshero-fancybox-title\">\n                    <span class=\"cshero-title-main\">\n                        TERRAZA EXTERIOR CUBIERTA                    <\/span>\n                <\/h3>\n                <div class=\"content\">\n                    <\/p>\n<p style=\"text-align: center;\">Elegante terraza cubierta, con bonitos sof\u00e1s y acceso directo al jard\u00edn, a trav\u00e9s de unas amplias escaleras. Al fondo, vistas de los Pirineos y, alrededor, naturaleza, silencio y comodidad. Ideal para ceremonias de grupos reducidos y aperitivos.<\/p>\n<p>                <\/div>\n                            <\/div>\n        <\/div>\n       \n    <\/div>\n<\/div>\n[\/vc_column][vc_column width=\u00bb1\/3&#8243;]<div id=\"cshero-fancybox69ef8adc80f86_1777306332\" class=\"cshero-fancybox-wrap clearfix fancybox-layout9  text-center   wpb_animate_when_almost_visible wpb_fade-in\" style=\"border-width: 1px; border-style: solid; border-color: #dddddd;   background: #fafafa\">\n\t<style type=\"text\/css\" scoped>\n        #cshero-fancybox69ef8adc80f86_1777306332.fancybox-layout9:hover .fancy-icon {\n            background-color:#99cc66 !important;\n            border-color: !important;\n            color:#ffffff !important;\n        }\n\n        #cshero-fancybox69ef8adc80f86_1777306332.fancybox-layout9 .fancy-icon.icon-hover-style-3:after{\n    \t\t-webkit-border-radius:;\n    \t\t-moz-border-radius:;\n    \t\t-ms-border-radius:;\n    \t\t-o-border-radius:;\n    \t\tborder-radius:;\n    \t\tbackground-color:#99cc66;\n    \t\tborder-width:1px;\n    \t\tborder-style:solid;\n    \t\tborder-color:;\n\t   }\n               #cshero-fancybox69ef8adc80f86_1777306332 {\n            background: #fafafa;\n        }\n                       #cshero-fancybox69ef8adc80f86_1777306332:hover {\n            background: #fafafa;\n        }\n               \n              \t<\/style>\n    <div class=\"cshero-fancybox-title-image\">\n        <div class=\"cshero-fancybox-icon\">\n                                                <div class=\"cshero-fancybox-image left\">\n                        <img src=\"https:\/\/calbernadas.com\/wp-content\/uploads\/2016\/10\/espais-EM-cavalleries.jpg\" alt=\"ANTIGUAS CABALLERIZAS\"\/>\n                                             <\/div>\n                                        <\/div>\n        \n        <div class=\"cshero-fancybox-content\" >\n            <div class=\"cshero-fancybox-padding\">\n                <h3 style=\"color: #cc3366;  text-transform: uppercase;\" class=\"cshero-fancybox-title\">\n                    <span class=\"cshero-title-main\">\n                        ANTIGUAS CABALLERIZAS                    <\/span>\n                <\/h3>\n                <div class=\"content\">\n                    <\/p>\n<p style=\"text-align: center;\">Los espacios evolucionan pero es importante conservar su esencia. Y es precisamente esto lo que hemos hecho en las antiguas caballerizas de la mas\u00eda: han sido rehabilitadas hoy como un espacio id\u00f3neo para celebraciones, eso s\u00ed, conservando los elementos que la siguen caracterizando desde siempre.<br \/>\nLas antiguas caballerizas est\u00e1n formadas por una sala de 80m<sup>2\u00a0<\/sup>con una espaciosa terraza cubierta en todo su alrededor de 250 m<sup>2<\/sup> y jard\u00edn.<br \/>\nDispone de ba\u00f1os y espacio para la empresa de catering.<br \/>\nEspacio ideal para los meses de primavera-verano-oto\u00f1o, para ceremonias civiles, aperitivos, c\u00f3cteles, banquetes y como sala de baile.<\/p>\n<p>                <\/div>\n                            <\/div>\n        <\/div>\n       \n    <\/div>\n<\/div>\n[\/vc_column][vc_column width=\u00bb1\/3&#8243;]<div id=\"cshero-fancybox69ef8adc81617_1777306332\" class=\"cshero-fancybox-wrap clearfix fancybox-layout9  text-center   wpb_animate_when_almost_visible wpb_fade-in\" style=\"border-width: 1px; border-style: solid; border-color: #dddddd;   background: #fafafa\">\n\t<style type=\"text\/css\" scoped>\n        #cshero-fancybox69ef8adc81617_1777306332.fancybox-layout9:hover .fancy-icon {\n            background-color:#99cc66 !important;\n            border-color: !important;\n            color:#ffffff !important;\n        }\n\n        #cshero-fancybox69ef8adc81617_1777306332.fancybox-layout9 .fancy-icon.icon-hover-style-3:after{\n    \t\t-webkit-border-radius:;\n    \t\t-moz-border-radius:;\n    \t\t-ms-border-radius:;\n    \t\t-o-border-radius:;\n    \t\tborder-radius:;\n    \t\tbackground-color:#99cc66;\n    \t\tborder-width:1px;\n    \t\tborder-style:solid;\n    \t\tborder-color:;\n\t   }\n               #cshero-fancybox69ef8adc81617_1777306332 {\n            background: #fafafa;\n        }\n                       #cshero-fancybox69ef8adc81617_1777306332:hover {\n            background: #fafafa;\n        }\n               \n              \t<\/style>\n    <div class=\"cshero-fancybox-title-image\">\n        <div class=\"cshero-fancybox-icon\">\n                                                <div class=\"cshero-fancybox-image left\">\n                        <img src=\"https:\/\/calbernadas.com\/wp-content\/uploads\/2016\/10\/espais-EM-menjador.jpg\" alt=\"SALA-COMEDOR\"\/>\n                                             <\/div>\n                                        <\/div>\n        \n        <div class=\"cshero-fancybox-content\" >\n            <div class=\"cshero-fancybox-padding\">\n                <h3 style=\"color: #cc3366;  text-transform: uppercase;\" class=\"cshero-fancybox-title\">\n                    <span class=\"cshero-title-main\">\n                        SALA-COMEDOR                    <\/span>\n                <\/h3>\n                <div class=\"content\">\n                    <\/p>\n<p style=\"text-align: center;\">Espacio muy acogedor y con mucha personalidad. Si lo que quer\u00e9is es una comida \u00edntima, con los m\u00e1s pr\u00f3ximos, el comedor de nuestra mas\u00eda El Munt es vuestra mejor opci\u00f3n.<br \/>\nComedor de 50 m<sup>2<\/sup>, ideal para comidas de hasta 35 personas.<\/p>\n<p>                <\/div>\n                            <\/div>\n        <\/div>\n       \n    <\/div>\n<\/div>\n[\/vc_column][\/vc_row][vc_row gap=\u00bb15&#8243; css=\u00bb.vc_custom_1477987114415{padding-top: 15px !important;padding-bottom: 15px !important;}\u00bb][vc_column width=\u00bb1\/3&#8243;]<div id=\"cshero-fancybox69ef8adc81c9a_1777306332\" class=\"cshero-fancybox-wrap clearfix fancybox-layout9  text-center   wpb_animate_when_almost_visible wpb_fade-in\" style=\"border-width: 1px; border-style: solid; border-color: #dddddd;   background: #fafafa\">\n\t<style type=\"text\/css\" scoped>\n        #cshero-fancybox69ef8adc81c9a_1777306332.fancybox-layout9:hover .fancy-icon {\n            background-color:#99cc66 !important;\n            border-color: !important;\n            color:#ffffff !important;\n        }\n\n        #cshero-fancybox69ef8adc81c9a_1777306332.fancybox-layout9 .fancy-icon.icon-hover-style-3:after{\n    \t\t-webkit-border-radius:;\n    \t\t-moz-border-radius:;\n    \t\t-ms-border-radius:;\n    \t\t-o-border-radius:;\n    \t\tborder-radius:;\n    \t\tbackground-color:#99cc66;\n    \t\tborder-width:1px;\n    \t\tborder-style:solid;\n    \t\tborder-color:;\n\t   }\n               #cshero-fancybox69ef8adc81c9a_1777306332 {\n            background: #fafafa;\n        }\n                       #cshero-fancybox69ef8adc81c9a_1777306332:hover {\n            background: #fafafa;\n        }\n               \n              \t<\/style>\n    <div class=\"cshero-fancybox-title-image\">\n        <div class=\"cshero-fancybox-icon\">\n                                                <div class=\"cshero-fancybox-image left\">\n                        <img src=\"https:\/\/calbernadas.com\/wp-content\/uploads\/2016\/10\/espais-EM-sala-estar.jpg\" alt=\"SAL\u00d3N-RECEPCI\u00d3N, SITUADO EN LA PLANTA BAJA DE LA CASA\"\/>\n                                             <\/div>\n                                        <\/div>\n        \n        <div class=\"cshero-fancybox-content\" >\n            <div class=\"cshero-fancybox-padding\">\n                <h3 style=\"color: #cc3366;  text-transform: uppercase;\" class=\"cshero-fancybox-title\">\n                    <span class=\"cshero-title-main\">\n                        SAL\u00d3N-RECEPCI\u00d3N, SITUADO EN LA PLANTA BAJA DE LA CASA                    <\/span>\n                <\/h3>\n                <div class=\"content\">\n                    <\/p>\n<p style=\"text-align: center;\">Esta es la sala que da la bienvenida al interior de nuestra mas\u00eda. Una sala central con un car\u00e1cter muy majestuoso pero, al mismo tiempo, muy natural y muy pr\u00f3ximo.<br \/>\nIdeal para recepciones y ceremonias de peque\u00f1o comit\u00e9.<\/p>\n<p>                <\/div>\n                            <\/div>\n        <\/div>\n       \n    <\/div>\n<\/div>\n[\/vc_column][vc_column width=\u00bb1\/3&#8243;]<div id=\"cshero-fancybox69ef8adc82318_1777306332\" class=\"cshero-fancybox-wrap clearfix fancybox-layout9  text-center   wpb_animate_when_almost_visible wpb_fade-in\" style=\"border-width: 1px; border-style: solid; border-color: #dddddd;   background: #fafafa\">\n\t<style type=\"text\/css\" scoped>\n        #cshero-fancybox69ef8adc82318_1777306332.fancybox-layout9:hover .fancy-icon {\n            background-color:#99cc66 !important;\n            border-color: !important;\n            color:#ffffff !important;\n        }\n\n        #cshero-fancybox69ef8adc82318_1777306332.fancybox-layout9 .fancy-icon.icon-hover-style-3:after{\n    \t\t-webkit-border-radius:;\n    \t\t-moz-border-radius:;\n    \t\t-ms-border-radius:;\n    \t\t-o-border-radius:;\n    \t\tborder-radius:;\n    \t\tbackground-color:#99cc66;\n    \t\tborder-width:1px;\n    \t\tborder-style:solid;\n    \t\tborder-color:;\n\t   }\n               #cshero-fancybox69ef8adc82318_1777306332 {\n            background: #fafafa;\n        }\n                       #cshero-fancybox69ef8adc82318_1777306332:hover {\n            background: #fafafa;\n        }\n               \n              \t<\/style>\n    <div class=\"cshero-fancybox-title-image\">\n        <div class=\"cshero-fancybox-icon\">\n                                                <div class=\"cshero-fancybox-image left\">\n                        <img src=\"https:\/\/calbernadas.com\/wp-content\/uploads\/2016\/10\/espais-EM-bar.jpg\" alt=\"SALA-BAR ANEXA AL SAL\u00d3N-RECEPCI\u00d3N\"\/>\n                                             <\/div>\n                                        <\/div>\n        \n        <div class=\"cshero-fancybox-content\" >\n            <div class=\"cshero-fancybox-padding\">\n                <h3 style=\"color: #cc3366;  text-transform: uppercase;\" class=\"cshero-fancybox-title\">\n                    <span class=\"cshero-title-main\">\n                        SALA-BAR ANEXA AL SAL\u00d3N-RECEPCI\u00d3N                    <\/span>\n                <\/h3>\n                <div class=\"content\">\n                    <\/p>\n<p style=\"text-align: center;\">Justo al lado del sal\u00f3n-recepci\u00f3n hay un peque\u00f1o y r\u00fastico bar, ideal para aquellos encuentros de viejos amigos alrededor de una acogedora barra.<\/p>\n<p>                <\/div>\n                            <\/div>\n        <\/div>\n       \n    <\/div>\n<\/div>\n[\/vc_column][vc_column width=\u00bb1\/3&#8243;]<div id=\"cshero-fancybox69ef8adc8297d_1777306332\" class=\"cshero-fancybox-wrap clearfix fancybox-layout9  text-center   wpb_animate_when_almost_visible wpb_fade-in\" style=\"border-width: 1px; border-style: solid; border-color: #dddddd;   background: #fafafa\">\n\t<style type=\"text\/css\" scoped>\n        #cshero-fancybox69ef8adc8297d_1777306332.fancybox-layout9:hover .fancy-icon {\n            background-color:#99cc66 !important;\n            border-color: !important;\n            color:#ffffff !important;\n        }\n\n        #cshero-fancybox69ef8adc8297d_1777306332.fancybox-layout9 .fancy-icon.icon-hover-style-3:after{\n    \t\t-webkit-border-radius:;\n    \t\t-moz-border-radius:;\n    \t\t-ms-border-radius:;\n    \t\t-o-border-radius:;\n    \t\tborder-radius:;\n    \t\tbackground-color:#99cc66;\n    \t\tborder-width:1px;\n    \t\tborder-style:solid;\n    \t\tborder-color:;\n\t   }\n               #cshero-fancybox69ef8adc8297d_1777306332 {\n            background: #fafafa;\n        }\n                       #cshero-fancybox69ef8adc8297d_1777306332:hover {\n            background: #fafafa;\n        }\n               \n              \t<\/style>\n    <div class=\"cshero-fancybox-title-image\">\n        <div class=\"cshero-fancybox-icon\">\n                                                <div class=\"cshero-fancybox-image left\">\n                        <img src=\"https:\/\/calbernadas.com\/wp-content\/uploads\/2016\/10\/espais-EM-interior.jpg\" alt=\"PISCINA INTERIOR CLIMATIZADA, ANEXA A LA SALA-COMEDOR\"\/>\n                                             <\/div>\n                                        <\/div>\n        \n        <div class=\"cshero-fancybox-content\" >\n            <div class=\"cshero-fancybox-padding\">\n                <h3 style=\"color: #cc3366;  text-transform: uppercase;\" class=\"cshero-fancybox-title\">\n                    <span class=\"cshero-title-main\">\n                        PISCINA INTERIOR CLIMATIZADA, ANEXA A LA SALA-COMEDOR                    <\/span>\n                <\/h3>\n                <div class=\"content\">\n                    <\/p>\n<p style=\"text-align: center;\">Para los m\u00e1s peque\u00f1os, o no tan peque\u00f1os. Para empezar el gran d\u00eda del mejor modo, o para terminarlo de una forma muy m\u00e1gica.<br \/>\nAcogedora piscina interior climatizada, con acceso directo a la suite a trav\u00e9s de unas bonitas escalinatas.<\/p>\n<p>                <\/div>\n                            <\/div>\n        <\/div>\n       \n    <\/div>\n<\/div>\n[\/vc_column][\/vc_row][vc_row gap=\u00bb15&#8243; css=\u00bb.vc_custom_1477987145627{padding-top: 15px !important;padding-bottom: 80px !important;}\u00bb][vc_column width=\u00bb1\/3&#8243;]<div id=\"cshero-fancybox69ef8adc82f7a_1777306332\" class=\"cshero-fancybox-wrap clearfix fancybox-layout9  text-center   wpb_animate_when_almost_visible wpb_fade-in\" style=\"border-width: 1px; border-style: solid; border-color: #dddddd;   background: #fafafa\">\n\t<style type=\"text\/css\" scoped>\n        #cshero-fancybox69ef8adc82f7a_1777306332.fancybox-layout9:hover .fancy-icon {\n            background-color:#99cc66 !important;\n            border-color: !important;\n            color:#ffffff !important;\n        }\n\n        #cshero-fancybox69ef8adc82f7a_1777306332.fancybox-layout9 .fancy-icon.icon-hover-style-3:after{\n    \t\t-webkit-border-radius:;\n    \t\t-moz-border-radius:;\n    \t\t-ms-border-radius:;\n    \t\t-o-border-radius:;\n    \t\tborder-radius:;\n    \t\tbackground-color:#99cc66;\n    \t\tborder-width:1px;\n    \t\tborder-style:solid;\n    \t\tborder-color:;\n\t   }\n               #cshero-fancybox69ef8adc82f7a_1777306332 {\n            background: #fafafa;\n        }\n                       #cshero-fancybox69ef8adc82f7a_1777306332:hover {\n            background: #fafafa;\n        }\n               \n              \t<\/style>\n    <div class=\"cshero-fancybox-title-image\">\n        <div class=\"cshero-fancybox-icon\">\n                                                <div class=\"cshero-fancybox-image left\">\n                        <img src=\"https:\/\/calbernadas.com\/wp-content\/uploads\/2016\/10\/espais-EM-aparcament.jpg\" alt=\"ZONA DE APARCAMIENTO EXTERIOR PRIVADO\"\/>\n                                             <\/div>\n                                        <\/div>\n        \n        <div class=\"cshero-fancybox-content\" >\n            <div class=\"cshero-fancybox-padding\">\n                <h3 style=\"color: #cc3366;  text-transform: uppercase;\" class=\"cshero-fancybox-title\">\n                    <span class=\"cshero-title-main\">\n                        ZONA DE APARCAMIENTO EXTERIOR PRIVADO                    <\/span>\n                <\/h3>\n                <div class=\"content\">\n                    <\/p>\n<p style=\"text-align: center;\">Con aforo para los coches de todos los invitados.<\/p>\n<p>                <\/div>\n                            <\/div>\n        <\/div>\n       \n    <\/div>\n<\/div>\n[\/vc_column][vc_column width=\u00bb1\/3&#8243;][\/vc_column][vc_column width=\u00bb1\/3&#8243;][\/vc_column][\/vc_row][vc_row full_width=\u00bbstretch_row\u00bb css=\u00bb.vc_custom_1478547085381{padding-top: 100px !important;padding-bottom: 100px !important;background-image: url(https:\/\/calbernadas.com\/wp-content\/uploads\/2016\/10\/CEL_habmunt.jpg?id=13204) !important;background-position: 0 0 !important;background-repeat: no-repeat !important;}\u00bb parallax_speed=\u00bb0.8&#8243; bg_video_transparent=\u00bb0&#8243; el_class=\u00bbcm-icon-big-item\u00bb][vc_column][cs_custom_heading text=\u00bb\u00a1POD\u00c9IS DORMIR EN EL MUNT<br \/>\nY TAMBI\u00c9N ALOJAR A LOS VUESTROS!\u00bb font_container=\u00bbtag:h1|font_size:40px|text_align:center|color:%23ffffff\u00bb font_format=\u00bb700&#8243; style=\u00bbstyle-none\u00bb el_class=\u00bbcm-tailor-title-site\u00bb][\/vc_column][\/vc_row][vc_row css=\u00bb.vc_custom_1477557874325{padding-top: 80px !important;padding-bottom: 80px !important;}\u00bb][vc_column width=\u00bb1\/4&#8243;][\/vc_column][vc_column width=\u00bb1\/2&#8243;][vc_column_text]<\/p>\n<h5 style=\"text-align: center;\"><span style=\"color: #cc3366;\">\u00a1Pod\u00e9is dormir en El Munt y tambi\u00e9n alojar a los vuestros!<\/span><br \/>\n<span style=\"color: #cc3366;\">Adem\u00e1s de ofrecer una gran variedad de espacios para una celebraci\u00f3n, en El Munt tambi\u00e9n se ofrece alojamiento para 28\/30 personas, para poder llegar con calma y preparar la celebraci\u00f3n, y alargar un poco m\u00e1s la fiesta con la familia, amigos m\u00e1s pr\u00f3ximos, amigos del otro lado del mundo que no tienen donde alojarse, etc.<\/span><br \/>\n<span style=\"color: #cc3366;\">\u00bfQu\u00e9 os parece la idea?<\/span><br \/>\n<span style=\"color: #cc3366;\">En realidad, la propuesta que ofrecemos es la de alquilar todo el fin de semana, de viernes a domingo, <strong>un s\u00faper fin de semana de boda (Weekend &#8211; Wedding)<\/strong>.<\/span><\/h5>\n<p>[\/vc_column_text][\/vc_column][vc_column width=\u00bb1\/4&#8243;][\/vc_column][\/vc_row][vc_row full_width=\u00bbstretch_row_content_no_spaces\u00bb][vc_column width=\u00bb1\/4&#8243;]<div id=\"cshero-fancybox69ef8adc835de_1777306332\" class=\"cshero-fancybox-wrap  clearfix fancybox-layout1  text-left   wpb_animate_when_almost_visible wpb_fade-in\" style=\"border-color: transparent;   \">\n    <style type=\"text\/css\" scoped>\n        #cshero-fancybox69ef8adc835de_1777306332.fancybox-layout1:hover .fancy-icon {\n            background-color: !important;\n            border-color: !important;\n            color:#000000 !important;\n        }\n\n        #cshero-fancybox69ef8adc835de_1777306332.fancybox-layout1 .fancy-icon.icon-hover-style-3:after{\n    \t\t-webkit-border-radius:;\n    \t\t-moz-border-radius:;\n    \t\t-ms-border-radius:;\n    \t\t-o-border-radius:;\n    \t\tborder-radius:;\n    \t\tbackground-color:;\n    \t\tborder-width:;\n    \t\tborder-style:none;\n    \t\tborder-color:;\n\t   }\n        \n                #cshero-fancybox69ef8adc835de_1777306332:hover {\n            background: #ff6666;\n        }\n        \n        \n                     #cshero-fancybox69ef8adc835de_1777306332 [class^=\"flaticon-\"]:before, \n       #cshero-fancybox69ef8adc835de_1777306332 [class*=\" flaticon-\"]:before, \n       #cshero-fancybox69ef8adc835de_1777306332 [class^=\"flaticon-\"]:after, \n       #cshero-fancybox69ef8adc835de_1777306332 [class*=\" flaticon-\"]:after {\n            font-size: 24px;\n            color: #212121;\n        }\n        #cshero-fancybox69ef8adc835de_1777306332:hover .cshero-fancybox-title-image [class^=\"flaticon-\"]:before,\n        #cshero-fancybox69ef8adc835de_1777306332:hover .cshero-fancybox-title-image [class*=\" flaticon-\"]:before,\n        #cshero-fancybox69ef8adc835de_1777306332:hover .cshero-fancybox-title-image [class^=\"flaticon-\"]:after,\n        #cshero-fancybox69ef8adc835de_1777306332:hover .cshero-fancybox-title-image [class*=\" flaticon-\"]:after{\n            color: #000000;\n        }\n\t<\/style>\n    <div class=\"cshero-fancybox-title-image\">\n                    <a title=\"\" href=\"https:\/\/calbernadas.com\/es\/habitacion-1-el-munt\/\">\n                                    <\/a>\n                            <h3 class=\"cshero-fancybox-title-wrap\" style=\"color: #ffffff;  text-transform: uppercase;\">\n                <span class=\"cshero-title-main\">HABITACI\u00d3N 1<\/span>\n            <\/h3>\n                            <div class=\"cshero-fancybox-image\">\n                <img src=\"https:\/\/calbernadas.com\/wp-content\/uploads\/2016\/11\/CB_TR_MUNT_HAB1_THUMB-1-1.jpg\" alt=\"HABITACI\u00d3N 1\" \/>\n            <\/div>\n            <\/div>\n    <\/div>\n[\/vc_column][vc_column width=\u00bb1\/4&#8243;]<div id=\"cshero-fancybox69ef8adc83c3d_1777306332\" class=\"cshero-fancybox-wrap  clearfix fancybox-layout1  text-left   wpb_animate_when_almost_visible wpb_fade-in\" style=\"border-color: transparent;   \">\n    <style type=\"text\/css\" scoped>\n        #cshero-fancybox69ef8adc83c3d_1777306332.fancybox-layout1:hover .fancy-icon {\n            background-color: !important;\n            border-color: !important;\n            color:#000000 !important;\n        }\n\n        #cshero-fancybox69ef8adc83c3d_1777306332.fancybox-layout1 .fancy-icon.icon-hover-style-3:after{\n    \t\t-webkit-border-radius:;\n    \t\t-moz-border-radius:;\n    \t\t-ms-border-radius:;\n    \t\t-o-border-radius:;\n    \t\tborder-radius:;\n    \t\tbackground-color:;\n    \t\tborder-width:;\n    \t\tborder-style:none;\n    \t\tborder-color:;\n\t   }\n        \n                #cshero-fancybox69ef8adc83c3d_1777306332:hover {\n            background: #ff6666;\n        }\n        \n        \n                     #cshero-fancybox69ef8adc83c3d_1777306332 [class^=\"flaticon-\"]:before, \n       #cshero-fancybox69ef8adc83c3d_1777306332 [class*=\" flaticon-\"]:before, \n       #cshero-fancybox69ef8adc83c3d_1777306332 [class^=\"flaticon-\"]:after, \n       #cshero-fancybox69ef8adc83c3d_1777306332 [class*=\" flaticon-\"]:after {\n            font-size: 24px;\n            color: #212121;\n        }\n        #cshero-fancybox69ef8adc83c3d_1777306332:hover .cshero-fancybox-title-image [class^=\"flaticon-\"]:before,\n        #cshero-fancybox69ef8adc83c3d_1777306332:hover .cshero-fancybox-title-image [class*=\" flaticon-\"]:before,\n        #cshero-fancybox69ef8adc83c3d_1777306332:hover .cshero-fancybox-title-image [class^=\"flaticon-\"]:after,\n        #cshero-fancybox69ef8adc83c3d_1777306332:hover .cshero-fancybox-title-image [class*=\" flaticon-\"]:after{\n            color: #000000;\n        }\n\t<\/style>\n    <div class=\"cshero-fancybox-title-image\">\n                    <a title=\"\" href=\"https:\/\/calbernadas.com\/es\/habitacion-2-el-munt\/\">\n                                    <\/a>\n                            <h3 class=\"cshero-fancybox-title-wrap\" style=\"color: #ffffff;  text-transform: uppercase;\">\n                <span class=\"cshero-title-main\">HABITACI\u00d3N 2<\/span>\n            <\/h3>\n                            <div class=\"cshero-fancybox-image\">\n                <img src=\"https:\/\/calbernadas.com\/wp-content\/uploads\/2016\/11\/CB_TR_MUNT_HAB2_THUMB-1.jpg\" alt=\"HABITACI\u00d3N 2\" \/>\n            <\/div>\n            <\/div>\n    <\/div>\n[\/vc_column][vc_column width=\u00bb1\/4&#8243;]<div id=\"cshero-fancybox69ef8adc8431d_1777306332\" class=\"cshero-fancybox-wrap  clearfix fancybox-layout1  text-left   wpb_animate_when_almost_visible wpb_fade-in\" style=\"border-color: transparent;   \">\n    <style type=\"text\/css\" scoped>\n        #cshero-fancybox69ef8adc8431d_1777306332.fancybox-layout1:hover .fancy-icon {\n            background-color: !important;\n            border-color: !important;\n            color:#000000 !important;\n        }\n\n        #cshero-fancybox69ef8adc8431d_1777306332.fancybox-layout1 .fancy-icon.icon-hover-style-3:after{\n    \t\t-webkit-border-radius:;\n    \t\t-moz-border-radius:;\n    \t\t-ms-border-radius:;\n    \t\t-o-border-radius:;\n    \t\tborder-radius:;\n    \t\tbackground-color:;\n    \t\tborder-width:;\n    \t\tborder-style:none;\n    \t\tborder-color:;\n\t   }\n        \n                #cshero-fancybox69ef8adc8431d_1777306332:hover {\n            background: #ff6666;\n        }\n        \n        \n                     #cshero-fancybox69ef8adc8431d_1777306332 [class^=\"flaticon-\"]:before, \n       #cshero-fancybox69ef8adc8431d_1777306332 [class*=\" flaticon-\"]:before, \n       #cshero-fancybox69ef8adc8431d_1777306332 [class^=\"flaticon-\"]:after, \n       #cshero-fancybox69ef8adc8431d_1777306332 [class*=\" flaticon-\"]:after {\n            font-size: 24px;\n            color: #212121;\n        }\n        #cshero-fancybox69ef8adc8431d_1777306332:hover .cshero-fancybox-title-image [class^=\"flaticon-\"]:before,\n        #cshero-fancybox69ef8adc8431d_1777306332:hover .cshero-fancybox-title-image [class*=\" flaticon-\"]:before,\n        #cshero-fancybox69ef8adc8431d_1777306332:hover .cshero-fancybox-title-image [class^=\"flaticon-\"]:after,\n        #cshero-fancybox69ef8adc8431d_1777306332:hover .cshero-fancybox-title-image [class*=\" flaticon-\"]:after{\n            color: #000000;\n        }\n\t<\/style>\n    <div class=\"cshero-fancybox-title-image\">\n                    <a title=\"\" href=\"https:\/\/calbernadas.com\/es\/habitacion-3-el-munt\/\">\n                                    <\/a>\n                            <h3 class=\"cshero-fancybox-title-wrap\" style=\"color: #ffffff;  text-transform: uppercase;\">\n                <span class=\"cshero-title-main\">HABITACI\u00d3N 3<\/span>\n            <\/h3>\n                            <div class=\"cshero-fancybox-image\">\n                <img src=\"https:\/\/calbernadas.com\/wp-content\/uploads\/2016\/11\/CB_TR_MUNT_HAB3_THUMB-1.jpg\" alt=\"HABITACI\u00d3N 3\" \/>\n            <\/div>\n            <\/div>\n    <\/div>\n[\/vc_column][vc_column width=\u00bb1\/4&#8243;]<div id=\"cshero-fancybox69ef8adc849c7_1777306332\" class=\"cshero-fancybox-wrap  clearfix fancybox-layout1  text-left   wpb_animate_when_almost_visible wpb_fade-in\" style=\"border-color: transparent;   \">\n    <style type=\"text\/css\" scoped>\n        #cshero-fancybox69ef8adc849c7_1777306332.fancybox-layout1:hover .fancy-icon {\n            background-color: !important;\n            border-color: !important;\n            color:#000000 !important;\n        }\n\n        #cshero-fancybox69ef8adc849c7_1777306332.fancybox-layout1 .fancy-icon.icon-hover-style-3:after{\n    \t\t-webkit-border-radius:;\n    \t\t-moz-border-radius:;\n    \t\t-ms-border-radius:;\n    \t\t-o-border-radius:;\n    \t\tborder-radius:;\n    \t\tbackground-color:;\n    \t\tborder-width:;\n    \t\tborder-style:none;\n    \t\tborder-color:;\n\t   }\n        \n                #cshero-fancybox69ef8adc849c7_1777306332:hover {\n            background: #ff6666;\n        }\n        \n        \n                     #cshero-fancybox69ef8adc849c7_1777306332 [class^=\"flaticon-\"]:before, \n       #cshero-fancybox69ef8adc849c7_1777306332 [class*=\" flaticon-\"]:before, \n       #cshero-fancybox69ef8adc849c7_1777306332 [class^=\"flaticon-\"]:after, \n       #cshero-fancybox69ef8adc849c7_1777306332 [class*=\" flaticon-\"]:after {\n            font-size: 24px;\n            color: #212121;\n        }\n        #cshero-fancybox69ef8adc849c7_1777306332:hover .cshero-fancybox-title-image [class^=\"flaticon-\"]:before,\n        #cshero-fancybox69ef8adc849c7_1777306332:hover .cshero-fancybox-title-image [class*=\" flaticon-\"]:before,\n        #cshero-fancybox69ef8adc849c7_1777306332:hover .cshero-fancybox-title-image [class^=\"flaticon-\"]:after,\n        #cshero-fancybox69ef8adc849c7_1777306332:hover .cshero-fancybox-title-image [class*=\" flaticon-\"]:after{\n            color: #000000;\n        }\n\t<\/style>\n    <div class=\"cshero-fancybox-title-image\">\n                    <a title=\"\" href=\"https:\/\/calbernadas.com\/es\/habitacion-4-el-munt\/\">\n                                    <\/a>\n                            <h3 class=\"cshero-fancybox-title-wrap\" style=\"color: #ffffff;  text-transform: uppercase;\">\n                <span class=\"cshero-title-main\">HABITACI\u00d3N 4<\/span>\n            <\/h3>\n                            <div class=\"cshero-fancybox-image\">\n                <img src=\"https:\/\/calbernadas.com\/wp-content\/uploads\/2016\/11\/CB_TR_MUNT_HAB4_THUMB-1.jpg\" alt=\"HABITACI\u00d3N 4\" \/>\n            <\/div>\n            <\/div>\n    <\/div>\n[\/vc_column][\/vc_row][vc_row full_width=\u00bbstretch_row_content_no_spaces\u00bb][vc_column width=\u00bb1\/4&#8243;]<div id=\"cshero-fancybox69ef8adc85092_1777306332\" class=\"cshero-fancybox-wrap  clearfix fancybox-layout1  text-left   wpb_animate_when_almost_visible wpb_fade-in\" style=\"border-color: transparent;   \">\n    <style type=\"text\/css\" scoped>\n        #cshero-fancybox69ef8adc85092_1777306332.fancybox-layout1:hover .fancy-icon {\n            background-color: !important;\n            border-color: !important;\n            color:#000000 !important;\n        }\n\n        #cshero-fancybox69ef8adc85092_1777306332.fancybox-layout1 .fancy-icon.icon-hover-style-3:after{\n    \t\t-webkit-border-radius:;\n    \t\t-moz-border-radius:;\n    \t\t-ms-border-radius:;\n    \t\t-o-border-radius:;\n    \t\tborder-radius:;\n    \t\tbackground-color:;\n    \t\tborder-width:;\n    \t\tborder-style:none;\n    \t\tborder-color:;\n\t   }\n        \n                #cshero-fancybox69ef8adc85092_1777306332:hover {\n            background: #ff6666;\n        }\n        \n        \n                     #cshero-fancybox69ef8adc85092_1777306332 [class^=\"flaticon-\"]:before, \n       #cshero-fancybox69ef8adc85092_1777306332 [class*=\" flaticon-\"]:before, \n       #cshero-fancybox69ef8adc85092_1777306332 [class^=\"flaticon-\"]:after, \n       #cshero-fancybox69ef8adc85092_1777306332 [class*=\" flaticon-\"]:after {\n            font-size: 24px;\n            color: #212121;\n        }\n        #cshero-fancybox69ef8adc85092_1777306332:hover .cshero-fancybox-title-image [class^=\"flaticon-\"]:before,\n        #cshero-fancybox69ef8adc85092_1777306332:hover .cshero-fancybox-title-image [class*=\" flaticon-\"]:before,\n        #cshero-fancybox69ef8adc85092_1777306332:hover .cshero-fancybox-title-image [class^=\"flaticon-\"]:after,\n        #cshero-fancybox69ef8adc85092_1777306332:hover .cshero-fancybox-title-image [class*=\" flaticon-\"]:after{\n            color: #000000;\n        }\n\t<\/style>\n    <div class=\"cshero-fancybox-title-image\">\n                    <a title=\"\" href=\"https:\/\/calbernadas.com\/es\/habitacion-5-el-munt\/\">\n                                    <\/a>\n                            <h3 class=\"cshero-fancybox-title-wrap\" style=\"color: #ffffff;  text-transform: uppercase;\">\n                <span class=\"cshero-title-main\">HABITACI\u00d3N 5<\/span>\n            <\/h3>\n                            <div class=\"cshero-fancybox-image\">\n                <img src=\"https:\/\/calbernadas.com\/wp-content\/uploads\/2016\/11\/CB_TR_MUNT_HAB5_THUMB-1.jpg\" alt=\"HABITACI\u00d3N 5\" \/>\n            <\/div>\n            <\/div>\n    <\/div>\n[\/vc_column][vc_column width=\u00bb1\/4&#8243;]<div id=\"cshero-fancybox69ef8adc8575d_1777306332\" class=\"cshero-fancybox-wrap  clearfix fancybox-layout1  text-left   wpb_animate_when_almost_visible wpb_fade-in\" style=\"border-color: transparent;   \">\n    <style type=\"text\/css\" scoped>\n        #cshero-fancybox69ef8adc8575d_1777306332.fancybox-layout1:hover .fancy-icon {\n            background-color: !important;\n            border-color: !important;\n            color:#000000 !important;\n        }\n\n        #cshero-fancybox69ef8adc8575d_1777306332.fancybox-layout1 .fancy-icon.icon-hover-style-3:after{\n    \t\t-webkit-border-radius:;\n    \t\t-moz-border-radius:;\n    \t\t-ms-border-radius:;\n    \t\t-o-border-radius:;\n    \t\tborder-radius:;\n    \t\tbackground-color:;\n    \t\tborder-width:;\n    \t\tborder-style:none;\n    \t\tborder-color:;\n\t   }\n        \n                #cshero-fancybox69ef8adc8575d_1777306332:hover {\n            background: #ff6666;\n        }\n        \n        \n                     #cshero-fancybox69ef8adc8575d_1777306332 [class^=\"flaticon-\"]:before, \n       #cshero-fancybox69ef8adc8575d_1777306332 [class*=\" flaticon-\"]:before, \n       #cshero-fancybox69ef8adc8575d_1777306332 [class^=\"flaticon-\"]:after, \n       #cshero-fancybox69ef8adc8575d_1777306332 [class*=\" flaticon-\"]:after {\n            font-size: 24px;\n            color: #212121;\n        }\n        #cshero-fancybox69ef8adc8575d_1777306332:hover .cshero-fancybox-title-image [class^=\"flaticon-\"]:before,\n        #cshero-fancybox69ef8adc8575d_1777306332:hover .cshero-fancybox-title-image [class*=\" flaticon-\"]:before,\n        #cshero-fancybox69ef8adc8575d_1777306332:hover .cshero-fancybox-title-image [class^=\"flaticon-\"]:after,\n        #cshero-fancybox69ef8adc8575d_1777306332:hover .cshero-fancybox-title-image [class*=\" flaticon-\"]:after{\n            color: #000000;\n        }\n\t<\/style>\n    <div class=\"cshero-fancybox-title-image\">\n                    <a title=\"\" href=\"https:\/\/calbernadas.com\/es\/habitacion-6-el-munt\/\">\n                                    <\/a>\n                            <h3 class=\"cshero-fancybox-title-wrap\" style=\"color: #ffffff;  text-transform: uppercase;\">\n                <span class=\"cshero-title-main\">HABITACI\u00d3N 6<\/span>\n            <\/h3>\n                            <div class=\"cshero-fancybox-image\">\n                <img src=\"https:\/\/calbernadas.com\/wp-content\/uploads\/2016\/11\/CB_TR_MUNT_HAB6_THUMB-1.jpg\" alt=\"HABITACI\u00d3N 6\" \/>\n            <\/div>\n            <\/div>\n    <\/div>\n[\/vc_column][vc_column width=\u00bb1\/4&#8243;]<div id=\"cshero-fancybox69ef8adc85ca3_1777306332\" class=\"cshero-fancybox-wrap  clearfix fancybox-layout1  text-left   wpb_animate_when_almost_visible wpb_fade-in\" style=\"border-color: transparent;   \">\n    <style type=\"text\/css\" scoped>\n        #cshero-fancybox69ef8adc85ca3_1777306332.fancybox-layout1:hover .fancy-icon {\n            background-color: !important;\n            border-color: !important;\n            color:#000000 !important;\n        }\n\n        #cshero-fancybox69ef8adc85ca3_1777306332.fancybox-layout1 .fancy-icon.icon-hover-style-3:after{\n    \t\t-webkit-border-radius:;\n    \t\t-moz-border-radius:;\n    \t\t-ms-border-radius:;\n    \t\t-o-border-radius:;\n    \t\tborder-radius:;\n    \t\tbackground-color:;\n    \t\tborder-width:;\n    \t\tborder-style:none;\n    \t\tborder-color:;\n\t   }\n        \n                #cshero-fancybox69ef8adc85ca3_1777306332:hover {\n            background: #ff6666;\n        }\n        \n        \n                     #cshero-fancybox69ef8adc85ca3_1777306332 [class^=\"flaticon-\"]:before, \n       #cshero-fancybox69ef8adc85ca3_1777306332 [class*=\" flaticon-\"]:before, \n       #cshero-fancybox69ef8adc85ca3_1777306332 [class^=\"flaticon-\"]:after, \n       #cshero-fancybox69ef8adc85ca3_1777306332 [class*=\" flaticon-\"]:after {\n            font-size: 24px;\n            color: #212121;\n        }\n        #cshero-fancybox69ef8adc85ca3_1777306332:hover .cshero-fancybox-title-image [class^=\"flaticon-\"]:before,\n        #cshero-fancybox69ef8adc85ca3_1777306332:hover .cshero-fancybox-title-image [class*=\" flaticon-\"]:before,\n        #cshero-fancybox69ef8adc85ca3_1777306332:hover .cshero-fancybox-title-image [class^=\"flaticon-\"]:after,\n        #cshero-fancybox69ef8adc85ca3_1777306332:hover .cshero-fancybox-title-image [class*=\" flaticon-\"]:after{\n            color: #000000;\n        }\n\t<\/style>\n    <div class=\"cshero-fancybox-title-image\">\n                    <a title=\"\" href=\"https:\/\/calbernadas.com\/es\/habitacion-7-el-munt\/\">\n                                    <\/a>\n                            <h3 class=\"cshero-fancybox-title-wrap\" style=\"color: #ffffff;  text-transform: uppercase;\">\n                <span class=\"cshero-title-main\">HABITACI\u00d3N 7<\/span>\n            <\/h3>\n                            <div class=\"cshero-fancybox-image\">\n                <img src=\"https:\/\/calbernadas.com\/wp-content\/uploads\/2016\/11\/CB_TR_MUNT_HAB7_THUMB-1.jpg\" alt=\"HABITACI\u00d3N 7\" \/>\n            <\/div>\n            <\/div>\n    <\/div>\n[\/vc_column][vc_column width=\u00bb1\/4&#8243;]<div id=\"cshero-fancybox69ef8adc861e8_1777306332\" class=\"cshero-fancybox-wrap  clearfix fancybox-layout1  text-left   wpb_animate_when_almost_visible wpb_fade-in\" style=\"border-color: transparent;   \">\n    <style type=\"text\/css\" scoped>\n        #cshero-fancybox69ef8adc861e8_1777306332.fancybox-layout1:hover .fancy-icon {\n            background-color: !important;\n            border-color: !important;\n            color:#000000 !important;\n        }\n\n        #cshero-fancybox69ef8adc861e8_1777306332.fancybox-layout1 .fancy-icon.icon-hover-style-3:after{\n    \t\t-webkit-border-radius:;\n    \t\t-moz-border-radius:;\n    \t\t-ms-border-radius:;\n    \t\t-o-border-radius:;\n    \t\tborder-radius:;\n    \t\tbackground-color:;\n    \t\tborder-width:;\n    \t\tborder-style:none;\n    \t\tborder-color:;\n\t   }\n        \n                #cshero-fancybox69ef8adc861e8_1777306332:hover {\n            background: #ff6666;\n        }\n        \n        \n                     #cshero-fancybox69ef8adc861e8_1777306332 [class^=\"flaticon-\"]:before, \n       #cshero-fancybox69ef8adc861e8_1777306332 [class*=\" flaticon-\"]:before, \n       #cshero-fancybox69ef8adc861e8_1777306332 [class^=\"flaticon-\"]:after, \n       #cshero-fancybox69ef8adc861e8_1777306332 [class*=\" flaticon-\"]:after {\n            font-size: 24px;\n            color: #212121;\n        }\n        #cshero-fancybox69ef8adc861e8_1777306332:hover .cshero-fancybox-title-image [class^=\"flaticon-\"]:before,\n        #cshero-fancybox69ef8adc861e8_1777306332:hover .cshero-fancybox-title-image [class*=\" flaticon-\"]:before,\n        #cshero-fancybox69ef8adc861e8_1777306332:hover .cshero-fancybox-title-image [class^=\"flaticon-\"]:after,\n        #cshero-fancybox69ef8adc861e8_1777306332:hover .cshero-fancybox-title-image [class*=\" flaticon-\"]:after{\n            color: #000000;\n        }\n\t<\/style>\n    <div class=\"cshero-fancybox-title-image\">\n                    <a title=\"\" href=\"https:\/\/calbernadas.com\/es\/habitacion-8-el-munt\/\">\n                                    <\/a>\n                            <h3 class=\"cshero-fancybox-title-wrap\" style=\"color: #ffffff;  text-transform: uppercase;\">\n                <span class=\"cshero-title-main\">HABITACI\u00d3N 8<\/span>\n            <\/h3>\n                            <div class=\"cshero-fancybox-image\">\n                <img src=\"https:\/\/calbernadas.com\/wp-content\/uploads\/2016\/11\/CB_TR_MUNT_HAB8_THUMB-1.jpg\" alt=\"HABITACI\u00d3N 8\" \/>\n            <\/div>\n            <\/div>\n    <\/div>\n[\/vc_column][\/vc_row][vc_row full_width=\u00bbstretch_row_content_no_spaces\u00bb][vc_column width=\u00bb1\/4&#8243;]<div id=\"cshero-fancybox69ef8adc8683a_1777306332\" class=\"cshero-fancybox-wrap  clearfix fancybox-layout1  text-left   wpb_animate_when_almost_visible wpb_fade-in\" style=\"border-color: transparent;   \">\n    <style type=\"text\/css\" scoped>\n        #cshero-fancybox69ef8adc8683a_1777306332.fancybox-layout1:hover .fancy-icon {\n            background-color: !important;\n            border-color: !important;\n            color:#000000 !important;\n        }\n\n        #cshero-fancybox69ef8adc8683a_1777306332.fancybox-layout1 .fancy-icon.icon-hover-style-3:after{\n    \t\t-webkit-border-radius:;\n    \t\t-moz-border-radius:;\n    \t\t-ms-border-radius:;\n    \t\t-o-border-radius:;\n    \t\tborder-radius:;\n    \t\tbackground-color:;\n    \t\tborder-width:;\n    \t\tborder-style:none;\n    \t\tborder-color:;\n\t   }\n        \n                #cshero-fancybox69ef8adc8683a_1777306332:hover {\n            background: #ff6666;\n        }\n        \n        \n                     #cshero-fancybox69ef8adc8683a_1777306332 [class^=\"flaticon-\"]:before, \n       #cshero-fancybox69ef8adc8683a_1777306332 [class*=\" flaticon-\"]:before, \n       #cshero-fancybox69ef8adc8683a_1777306332 [class^=\"flaticon-\"]:after, \n       #cshero-fancybox69ef8adc8683a_1777306332 [class*=\" flaticon-\"]:after {\n            font-size: 24px;\n            color: #212121;\n        }\n        #cshero-fancybox69ef8adc8683a_1777306332:hover .cshero-fancybox-title-image [class^=\"flaticon-\"]:before,\n        #cshero-fancybox69ef8adc8683a_1777306332:hover .cshero-fancybox-title-image [class*=\" flaticon-\"]:before,\n        #cshero-fancybox69ef8adc8683a_1777306332:hover .cshero-fancybox-title-image [class^=\"flaticon-\"]:after,\n        #cshero-fancybox69ef8adc8683a_1777306332:hover .cshero-fancybox-title-image [class*=\" flaticon-\"]:after{\n            color: #000000;\n        }\n\t<\/style>\n    <div class=\"cshero-fancybox-title-image\">\n                    <a title=\"\" href=\"https:\/\/calbernadas.com\/es\/habitacion-9-el-munt\/\">\n                                    <\/a>\n                            <h3 class=\"cshero-fancybox-title-wrap\" style=\"color: #ffffff;  text-transform: uppercase;\">\n                <span class=\"cshero-title-main\">HABITACI\u00d3N 9<\/span>\n            <\/h3>\n                            <div class=\"cshero-fancybox-image\">\n                <img src=\"https:\/\/calbernadas.com\/wp-content\/uploads\/2016\/11\/CB_TR_MUNT_HAB9_THUMB-1.jpg\" alt=\"HABITACI\u00d3N 9\" \/>\n            <\/div>\n            <\/div>\n    <\/div>\n[\/vc_column][vc_column width=\u00bb1\/4&#8243;][\/vc_column][vc_column width=\u00bb1\/4&#8243;][\/vc_column][vc_column width=\u00bb1\/4&#8243;][\/vc_column][\/vc_row][vc_row][vc_column][vc_empty_space height=\u00bb80px\u00bb][\/vc_column][\/vc_row][vc_row full_width=\u00bbstretch_row\u00bb css=\u00bb.vc_custom_1478547063097{padding-top: 100px !important;padding-bottom: 100px !important;background-image: url(https:\/\/calbernadas.com\/wp-content\/uploads\/2016\/10\/CEL_equipaments.jpg?id=13362) !important;}\u00bb parallax_speed=\u00bb0.8&#8243; bg_video_transparent=\u00bb0&#8243; el_class=\u00bbcm-icon-big-item\u00bb][vc_column][cs_custom_heading text=\u00bbEQUIPAMIENTOS\u00bb font_container=\u00bbtag:h1|font_size:40px|text_align:center|color:%23ffffff\u00bb font_format=\u00bb700&#8243; style=\u00bbstyle-none\u00bb el_class=\u00bbcm-tailor-title-site\u00bb][\/vc_column][\/vc_row][vc_row gap=\u00bb15&#8243; equal_height=\u00bbyes\u00bb css=\u00bb.vc_custom_1477972342110{padding-top: 80px !important;padding-bottom: 80px !important;}\u00bb][vc_column width=\u00bb1\/4&#8243; css=\u00bb.vc_custom_1477972421378{padding-right: 15px !important;padding-left: 15px !important;}\u00bb][vc_column_text]<\/p>\n<h3><span style=\"color: #cc3366;\">PLANTA BAJA<\/span><\/h3>\n<p><img decoding=\"async\" src=\"https:\/\/www.calbernadas.com\/images\/CEL\/font-awesome\/sofa13.png\" alt=\"Sala d\u2019estar\" width=\"21\" \/> Sal\u00f3n<\/p>\n<p><img decoding=\"async\" src=\"https:\/\/www.calbernadas.com\/images\/CEL\/font-awesome\/cooking26.png\" alt=\"Cuina \u2013 menjador amb llar de foc\" width=\"21\" \/> Cocina &#8211; comedor con chimenea<\/p>\n<p><img decoding=\"async\" src=\"https:\/\/www.calbernadas.com\/images\/CEL\/font-awesome\/home.png\" alt=\"Menjador\" width=\"21\" \/> Comedor<\/p>\n<p><img decoding=\"async\" src=\"https:\/\/www.calbernadas.com\/images\/CEL\/font-awesome\/safety11.png\" alt=\"Piscina interior climatitzada (3.5 x 7m)\" width=\"21\" \/> Piscina interior climatizada (3.5 x 7m)[\/vc_column_text][\/vc_column][vc_column width=\u00bb1\/4&#8243; css=\u00bb.vc_custom_1477972427801{border-left-width: 1px !important;padding-right: 15px !important;padding-left: 15px !important;border-left-color: #dddddd !important;border-left-style: solid !important;}\u00bb][vc_column_text]<\/p>\n<h3><span style=\"color: #cc3366;\">PRIMERA PLANTA<\/span><\/h3>\n<p><img decoding=\"async\" src=\"https:\/\/www.calbernadas.com\/images\/CEL\/font-awesome\/sofa13.png\" alt=\"Gran sal\u00f3 amb llar de foc\" width=\"21\" \/> Gran sal\u00f3n con chimenea<\/p>\n<p><img decoding=\"async\" src=\"https:\/\/www.calbernadas.com\/images\/CEL\/font-awesome\/key195.png\" alt=\"Habitaci\u00f3 n\u00ba1: Doble amb llar de foc, TV, terrassa i bany amb hidromassatge. 1.5x1.90m. QUEEN.\" width=\"21\" \/> Habitaci\u00f3n n.\u00ba 1: Doble con chimenea, TV, terraza y ba\u00f1o con hidromasaje. 1,8&#215;2 m. QUEEN .<\/p>\n<p><img decoding=\"async\" src=\"https:\/\/www.calbernadas.com\/images\/CEL\/font-awesome\/key195.png\" alt=\"Habitaci\u00f3 n\u00ba 2: Doble amb bany. 2x2m. KING\" width=\"21\" \/> Habitaci\u00f3n n.\u00ba 2: Doble con ba\u00f1o. 2&#215;2 m. KING<\/p>\n<p><img decoding=\"async\" src=\"https:\/\/www.calbernadas.com\/images\/CEL\/font-awesome\/key195.png\" alt=\"Habitaci\u00f3 n\u00ba3: Doble amb bany. 1.5x2m. QUEEN.\" width=\"21\" \/> Habitaci\u00f3n n.\u00ba 3: Doble con ba\u00f1o. 1,5&#215;2 m. QUEEN<\/p>\n<p><img decoding=\"async\" src=\"https:\/\/www.calbernadas.com\/images\/CEL\/font-awesome\/key195.png\" alt=\"Habitaci\u00f3 n\u00ba4: Doble amb llits individuals i bany. 0.90x2m. TWIN\" width=\"21\" \/> Habitaci\u00f3n n.\u00ba 4: Doble con camas individuales y ba\u00f1o. 0,90&#215;2 m. TWIN<\/p>\n<p><img decoding=\"async\" src=\"https:\/\/www.calbernadas.com\/images\/CEL\/font-awesome\/key195.png\" alt=\"Habitaci\u00f3 n\u00ba5: Doble amb bany. 1.5x2m. QUEEN\" width=\"21\" \/> Habitaci\u00f3n n.\u00ba 5: Doble con ba\u00f1o. 1,5&#215;2 m. QUEEN[\/vc_column_text][\/vc_column][vc_column width=\u00bb1\/4&#8243; css=\u00bb.vc_custom_1477972434169{border-left-width: 1px !important;padding-right: 15px !important;padding-left: 15px !important;border-left-color: #dddddd !important;border-left-style: solid !important;}\u00bb][vc_column_text]<\/p>\n<h3><span style=\"color: #cc3366;\">SEGUNDA PLANTA<\/span><\/h3>\n<p><img decoding=\"async\" src=\"https:\/\/www.calbernadas.com\/images\/CEL\/font-awesome\/sofa13.png\" alt=\"Sala d\u2019estar \u2013 estudi amb connexi\u00f3 Internet i llar de foc\" width=\"21\" \/> Sal\u00f3n \u2013 estudio con conexi\u00f3n a internet y chimenea<\/p>\n<p><img decoding=\"async\" src=\"https:\/\/www.calbernadas.com\/images\/CEL\/font-awesome\/key195.png\" alt=\"Habitaci\u00f3 n\u00ba6. Doble amb llits individuals i bany 0.90x2m. TWIN\" width=\"21\" \/> Habitaci\u00f3n n.\u00ba 6: Doble con camas individuales y ba\u00f1o 0,90&#215;2 m. TWIN<\/p>\n<p><img decoding=\"async\" src=\"https:\/\/www.calbernadas.com\/images\/CEL\/font-awesome\/key195.png\" alt=\"Habitaci\u00f3 n\u00ba7: Doble amb llits individuals i bany 0.90x2m. TWIN\" width=\"21\" \/> Habitaci\u00f3n n.\u00ba 7: Doble con camas individuales y ba\u00f1o. 0,90&#215;2 m. TWIN<\/p>\n<p><img decoding=\"async\" src=\"https:\/\/www.calbernadas.com\/images\/CEL\/font-awesome\/key195.png\" alt=\"Habitaci\u00f3 n\u00ba8: Doble amb llits individuals. Bany compartit amb habitaci\u00f3 n\u00ba9. 0.90x2m. TWIN.\" width=\"21\" \/> Habitaci\u00f3n n.\u00ba 8: Doble con camas individuales. Ba\u00f1o compartido con habitaci\u00f3n n.\u00ba 9. 0,90&#215;2 m. TWIN<\/p>\n<p><img decoding=\"async\" src=\"https:\/\/www.calbernadas.com\/images\/CEL\/font-awesome\/key195.png\" alt=\"Habitaci\u00f3 n\u00ba9: Triple amb llit doble (1.5x2m) i llit individual (0.90x2m) Bany compartit amb habitaci\u00f3 n\u00ba8. 1.5x2m i 0.90x2m. TRIPLE\" width=\"21\" \/> Habitaci\u00f3n n.\u00ba 9: Triple con cama doble (1,5&#215;2 m) y cama individual (0,90&#215;2 m). Ba\u00f1o compartido con la habitaci\u00f3n n.\u00ba 8. 1,5&#215;2 m y 0,90&#215;2 m. TRIPLE [\/vc_column_text][\/vc_column][vc_column width=\u00bb1\/4&#8243; css=\u00bb.vc_custom_1477972443385{border-left-width: 1px !important;padding-right: 15px !important;padding-left: 15px !important;border-left-color: #dddddd !important;border-left-style: solid !important;}\u00bb][vc_column_text]<\/p>\n<div class=\"uk-grid uk-grid-divider\" data-uk-grid-margin=\"\">\n<div class=\"uk-width-medium-1-4 uk-scrollspy-init-inview uk-scrollspy-inview uk-animation-slide-right\" data-uk-scrollspy=\"{cls:'uk-animation-slide-right', delay:900}\">\n<h3><span style=\"color: #cc3366;\">EXTERIORES<\/span><\/h3>\n<p><img decoding=\"async\" src=\"https:\/\/www.calbernadas.com\/images\/CEL\/font-awesome\/home.png\" alt=\"Gran pati amb font al centre\" width=\"21\" \/> Gran patio con fuente en el centro<\/p>\n<p><img decoding=\"async\" src=\"https:\/\/www.calbernadas.com\/images\/CEL\/font-awesome\/home.png\" alt=\"Terrassa coberta amb sof\u00e0s\" width=\"21\" \/> Terraza cubierta con sof\u00e1s<\/p>\n<p><img decoding=\"async\" src=\"https:\/\/www.calbernadas.com\/images\/CEL\/font-awesome\/home.png\" alt=\"Porxo cobert amb barbacoa i bany\" width=\"21\" \/> Porche cubierto con barbacoa y ba\u00f1o<\/p>\n<p><img decoding=\"async\" src=\"https:\/\/www.calbernadas.com\/images\/CEL\/font-awesome\/safety11.png\" alt=\"Piscina exterior (7x16m)\" width=\"21\" \/> Piscina exterior (7x16m)<\/p>\n<p><img decoding=\"async\" src=\"https:\/\/www.calbernadas.com\/images\/CEL\/font-awesome\/branch.png\" alt=\"Jard\u00ed\" width=\"21\" \/> Jard\u00edn<\/p>\n<p><img decoding=\"async\" src=\"https:\/\/www.calbernadas.com\/images\/CEL\/font-awesome\/beach15.png\" alt=\"Zona l\u00fadica infantil amb gronxadors, canasta de b\u00e0squet, porteria de futbol, trampol\u00ed i ping-pong\" width=\"21\" \/> Zona l\u00fadica infantil con columpios, canasta de b\u00e1squet y porter\u00eda de f\u00fatbol<\/p>\n<p><img decoding=\"async\" src=\"https:\/\/www.calbernadas.com\/images\/CEL\/font-awesome\/safari7.png\" alt=\"Sala de jocs amb ping-pong\" width=\"21\" \/> Zona de aparcamiento cubierto<\/p>\n<\/div>\n<\/div>\n<p>[\/vc_column_text][\/vc_column][\/vc_row][vc_row gap=\u00bb15&#8243; equal_height=\u00bbyes\u00bb css=\u00bb.vc_custom_1477974046029{padding-bottom: 80px !important;}\u00bb][vc_column width=\u00bb1\/4&#8243; css=\u00bb.vc_custom_1477972421378{padding-right: 15px !important;padding-left: 15px !important;}\u00bb][vc_column_text]<\/p>\n<h3><span style=\"color: #cc3366;\">ADEM\u00c1S<\/span><\/h3>\n<p><img decoding=\"async\" src=\"https:\/\/www.calbernadas.com\/images\/CEL\/font-awesome\/align14.png\" alt=\"Roba de llit\" width=\"21\" \/> Ropa de cama<\/p>\n<p><img decoding=\"async\" src=\"https:\/\/www.calbernadas.com\/images\/CEL\/font-awesome\/align14.png\" alt=\"Tovalloles de bany\" width=\"21\" \/> Toallas de ba\u00f1o<\/p>\n<p><img decoding=\"async\" src=\"https:\/\/www.calbernadas.com\/images\/CEL\/font-awesome\/shower17.png\" alt=\"Bany per habitaci\u00f3\" width=\"21\" \/> Ba\u00f1o privado<\/p>\n<p><img decoding=\"async\" src=\"https:\/\/www.calbernadas.com\/images\/CEL\/font-awesome\/shower17.png\" alt=\"Bany per habitaci\u00f3\" width=\"21\" \/>\u00a0Ba\u00f1o compartido<\/p>\n<p><img decoding=\"async\" src=\"https:\/\/www.calbernadas.com\/images\/CEL\/font-awesome\/hair-salon16.png\" alt=\"Assecadors de cabell\" width=\"21\" \/> Secadores de cabello<\/p>\n<p><img decoding=\"async\" src=\"https:\/\/www.calbernadas.com\/images\/CEL\/font-awesome\/fire16.png\" alt=\"Calefacci\u00f3\" width=\"21\" \/> Calefacci\u00f3n<\/p>\n<p><img decoding=\"async\" src=\"https:\/\/www.calbernadas.com\/images\/CEL\/font-awesome\/fans8.png\" alt=\"Ventiladors\" width=\"21\" \/> Ventiladores[\/vc_column_text][\/vc_column][vc_column width=\u00bb1\/4&#8243; css=\u00bb.vc_custom_1477972427801{border-left-width: 1px !important;padding-right: 15px !important;padding-left: 15px !important;border-left-color: #dddddd !important;border-left-style: solid !important;}\u00bb][vc_column_text]<\/p>\n<h3><\/h3>\n<p><img decoding=\"async\" src=\"https:\/\/www.calbernadas.com\/images\/CEL\/font-awesome\/wifi.png\" alt=\"Wi-Fi\" width=\"21\" \/>\u00a0Wi-Fi<\/p>\n<p><img decoding=\"async\" src=\"https:\/\/www.calbernadas.com\/images\/CEL\/font-awesome\/desktop14.png\" alt=\"2 TVs\" width=\"21\" \/> 2 TVs<\/p>\n<p><img decoding=\"async\" src=\"https:\/\/www.calbernadas.com\/images\/CEL\/font-awesome\/kitchen-pack-25.png\" alt=\"Forn\" width=\"21\" \/> Horno<\/p>\n<p><img decoding=\"async\" src=\"https:\/\/www.calbernadas.com\/images\/CEL\/font-awesome\/kitchen-pack-25.png\" alt=\"Microones\" width=\"21\" \/> Microondas<\/p>\n<p><img decoding=\"async\" src=\"https:\/\/www.calbernadas.com\/images\/CEL\/font-awesome\/clothes6.png\" alt=\"Rentaplats\" width=\"21\" \/> Lavaplatos<\/p>\n<p><img decoding=\"async\" src=\"https:\/\/www.calbernadas.com\/images\/CEL\/font-awesome\/clothes6.png\" alt=\"Pastilles rentaplats, fregalls, sab\u00f3 de rentar plats i draps de cuina\" width=\"21\" \/> Pastillas lavavajillas, estropajos, jab\u00f3n de lavar platos y trapos de cocina[\/vc_column_text][\/vc_column][vc_column width=\u00bb1\/4&#8243; css=\u00bb.vc_custom_1477972434169{border-left-width: 1px !important;padding-right: 15px !important;padding-left: 15px !important;border-left-color: #dddddd !important;border-left-style: solid !important;}\u00bb][vc_column_text]<\/p>\n<h3><\/h3>\n<p><img decoding=\"async\" src=\"https:\/\/www.calbernadas.com\/images\/CEL\/font-awesome\/mixing3.png\" alt=\"Minipimer\" width=\"21\" \/> Minipimer<\/p>\n<p><img decoding=\"async\" src=\"https:\/\/www.calbernadas.com\/images\/CEL\/font-awesome\/bakery10.png\" alt=\"Torradora\" width=\"21\" \/> Tostadora<\/p>\n<p><img decoding=\"async\" src=\"https:\/\/www.calbernadas.com\/images\/CEL\/font-awesome\/cafe.png\" alt=\"Cafetera italiana\" width=\"21\" \/> Cafetera italiana<\/p>\n<p><img decoding=\"async\" src=\"https:\/\/www.calbernadas.com\/images\/CEL\/font-awesome\/cafe.png\" alt=\"Cafetera nespresso\" width=\"21\" \/> Cafetera Nespresso<\/p>\n<p><img decoding=\"async\" src=\"https:\/\/www.calbernadas.com\/images\/CEL\/font-awesome\/cafe.png\" alt=\"Cafetera americana\" width=\"21\" \/> Cafetera americana<\/p>\n<p><img decoding=\"async\" src=\"https:\/\/www.calbernadas.com\/images\/CEL\/font-awesome\/align14.png\" alt=\"Estovalles i tovallons\" width=\"21\" \/> Manteles y servilletas[\/vc_column_text][\/vc_column][vc_column width=\u00bb1\/4&#8243; css=\u00bb.vc_custom_1477972443385{border-left-width: 1px !important;padding-right: 15px !important;padding-left: 15px !important;border-left-color: #dddddd !important;border-left-style: solid !important;}\u00bb][vc_column_text]<\/p>\n<h3><\/h3>\n<p><img decoding=\"async\" src=\"https:\/\/www.calbernadas.com\/images\/CEL\/font-awesome\/cooking26.png\" alt=\"Paeller, paella i gas but\u00e0\" width=\"21\" \/> Paellero, paella y gas butano<\/p>\n<p><img decoding=\"async\" src=\"https:\/\/www.calbernadas.com\/images\/CEL\/font-awesome\/clothes6.png\" alt=\"Rentadora\" width=\"21\" \/> Lavadora<\/p>\n<p><img decoding=\"async\" src=\"https:\/\/www.calbernadas.com\/images\/CEL\/font-awesome\/fire16.png\" alt=\"Llenya\" width=\"21\" \/> Le\u00f1a<\/p>\n<p><img decoding=\"async\" src=\"https:\/\/www.calbernadas.com\/images\/CEL\/font-awesome\/baby84.png\" alt=\"Bressol\" width=\"21\" \/> Cuna<\/p>\n<p><img decoding=\"async\" src=\"https:\/\/www.calbernadas.com\/images\/CEL\/font-awesome\/baby84.png\" alt=\"Trona\" width=\"21\" \/> Trona<\/p>\n<p><img decoding=\"async\" src=\"https:\/\/www.calbernadas.com\/images\/CEL\/font-awesome\/baby84.png\" alt=\"Gandules\" width=\"21\" \/> Tumbonas[\/vc_column_text][\/vc_column][\/vc_row][vc_row full_width=\u00bbstretch_row\u00bb css=\u00bb.vc_custom_1478547649926{padding-top: 100px !important;padding-bottom: 100px !important;background-image: url(https:\/\/calbernadas.com\/wp-content\/uploads\/2016\/10\/CEL_habmunt-1.jpg?id=13364) !important;}\u00bb parallax_speed=\u00bb0.8&#8243; bg_video_transparent=\u00bb0&#8243; el_class=\u00bbcm-icon-big-item\u00bb][vc_column][cs_custom_heading text=\u00bb\u00bfES NECESARIO M\u00c1S ALOJAMIENTO?\u00bb font_container=\u00bbtag:h1|font_size:40px|text_align:center|color:%23ffffff\u00bb font_format=\u00bb700&#8243; style=\u00bbstyle-none\u00bb el_class=\u00bbcm-tailor-title-site\u00bb][\/vc_column][\/vc_row][vc_row css=\u00bb.vc_custom_1477557874325{padding-top: 80px !important;padding-bottom: 80px !important;}\u00bb][vc_column][vc_column_text]<\/p>\n<h5 style=\"text-align: center;\"><span style=\"color: #cc3366;\">Aqu\u00ed hay algunas de nuestras recomendaciones variadas y pr\u00f3ximas a El Munt:<\/span><\/h5>\n<p>[\/vc_column_text][\/vc_column][\/vc_row][vc_row full_width=\u00bbstretch_row_content_no_spaces\u00bb el_class=\u00bb cols5&#8243;][vc_column]<div id=\"cshero-fancybox69ef8adc86efb_1777306332\" class=\"cshero-fancybox-wrap  clearfix fancybox-layout1  text-left   wpb_animate_when_almost_visible wpb_fade-in\" style=\"border-color: transparent;   \">\n    <style type=\"text\/css\" scoped>\n        #cshero-fancybox69ef8adc86efb_1777306332.fancybox-layout1:hover .fancy-icon {\n            background-color: !important;\n            border-color: !important;\n            color:#000000 !important;\n        }\n\n        #cshero-fancybox69ef8adc86efb_1777306332.fancybox-layout1 .fancy-icon.icon-hover-style-3:after{\n    \t\t-webkit-border-radius:;\n    \t\t-moz-border-radius:;\n    \t\t-ms-border-radius:;\n    \t\t-o-border-radius:;\n    \t\tborder-radius:;\n    \t\tbackground-color:;\n    \t\tborder-width:;\n    \t\tborder-style:none;\n    \t\tborder-color:;\n\t   }\n        \n                #cshero-fancybox69ef8adc86efb_1777306332:hover {\n            background: #ff6666;\n        }\n        \n        \n                     #cshero-fancybox69ef8adc86efb_1777306332 [class^=\"flaticon-\"]:before, \n       #cshero-fancybox69ef8adc86efb_1777306332 [class*=\" flaticon-\"]:before, \n       #cshero-fancybox69ef8adc86efb_1777306332 [class^=\"flaticon-\"]:after, \n       #cshero-fancybox69ef8adc86efb_1777306332 [class*=\" flaticon-\"]:after {\n            font-size: 24px;\n            color: #212121;\n        }\n        #cshero-fancybox69ef8adc86efb_1777306332:hover .cshero-fancybox-title-image [class^=\"flaticon-\"]:before,\n        #cshero-fancybox69ef8adc86efb_1777306332:hover .cshero-fancybox-title-image [class*=\" flaticon-\"]:before,\n        #cshero-fancybox69ef8adc86efb_1777306332:hover .cshero-fancybox-title-image [class^=\"flaticon-\"]:after,\n        #cshero-fancybox69ef8adc86efb_1777306332:hover .cshero-fancybox-title-image [class*=\" flaticon-\"]:after{\n            color: #000000;\n        }\n\t<\/style>\n    <div class=\"cshero-fancybox-title-image\">\n                    <a title=\"\" href=\"http:\/\/www.lavioleta.com\/\">\n                                    <\/a>\n                            <div class=\"cshero-fancybox-title-wrap\" style=\"color: #ffffff;  text-transform: uppercase;\">\n                <span class=\"cshero-title-main\">Hotel la Violeta<em>Castellter\u00e7ol<\/em><\/span>\n            <\/div>\n                            <div class=\"cshero-fancybox-image\">\n                <img src=\"https:\/\/calbernadas.com\/wp-content\/uploads\/2016\/10\/ALTRES-lavioleta.jpg\" alt=\"Hotel la Violeta<em>Castellter\u00e7ol<\/em>\" \/>\n            <\/div>\n            <\/div>\n    <\/div>\n<div id=\"cshero-fancybox69ef8adc87518_1777306332\" class=\"cshero-fancybox-wrap  clearfix fancybox-layout1  text-left   wpb_animate_when_almost_visible wpb_fade-in\" style=\"border-color: transparent;   \">\n    <style type=\"text\/css\" scoped>\n        #cshero-fancybox69ef8adc87518_1777306332.fancybox-layout1:hover .fancy-icon {\n            background-color: !important;\n            border-color: !important;\n            color:#000000 !important;\n        }\n\n        #cshero-fancybox69ef8adc87518_1777306332.fancybox-layout1 .fancy-icon.icon-hover-style-3:after{\n    \t\t-webkit-border-radius:;\n    \t\t-moz-border-radius:;\n    \t\t-ms-border-radius:;\n    \t\t-o-border-radius:;\n    \t\tborder-radius:;\n    \t\tbackground-color:;\n    \t\tborder-width:;\n    \t\tborder-style:none;\n    \t\tborder-color:;\n\t   }\n        \n                #cshero-fancybox69ef8adc87518_1777306332:hover {\n            background: #ff6666;\n        }\n        \n        \n                     #cshero-fancybox69ef8adc87518_1777306332 [class^=\"flaticon-\"]:before, \n       #cshero-fancybox69ef8adc87518_1777306332 [class*=\" flaticon-\"]:before, \n       #cshero-fancybox69ef8adc87518_1777306332 [class^=\"flaticon-\"]:after, \n       #cshero-fancybox69ef8adc87518_1777306332 [class*=\" flaticon-\"]:after {\n            font-size: 24px;\n            color: #212121;\n        }\n        #cshero-fancybox69ef8adc87518_1777306332:hover .cshero-fancybox-title-image [class^=\"flaticon-\"]:before,\n        #cshero-fancybox69ef8adc87518_1777306332:hover .cshero-fancybox-title-image [class*=\" flaticon-\"]:before,\n        #cshero-fancybox69ef8adc87518_1777306332:hover .cshero-fancybox-title-image [class^=\"flaticon-\"]:after,\n        #cshero-fancybox69ef8adc87518_1777306332:hover .cshero-fancybox-title-image [class*=\" flaticon-\"]:after{\n            color: #000000;\n        }\n\t<\/style>\n    <div class=\"cshero-fancybox-title-image\">\n                    <a title=\"\" href=\"http:\/\/elsolei.es\/\">\n                                    <\/a>\n                            <div class=\"cshero-fancybox-title-wrap\" style=\"color: #ffffff;  text-transform: uppercase;\">\n                <span class=\"cshero-title-main\">Bungalows el Solei <em>Castellcir<\/em><\/span>\n            <\/div>\n                            <div class=\"cshero-fancybox-image\">\n                <img src=\"https:\/\/calbernadas.com\/wp-content\/uploads\/2016\/10\/ALTRES-solei.jpg\" alt=\"Bungalows el Solei <em>Castellcir<\/em>\" \/>\n            <\/div>\n            <\/div>\n    <\/div>\n<div id=\"cshero-fancybox69ef8adc87b83_1777306332\" class=\"cshero-fancybox-wrap  clearfix fancybox-layout1  text-left   wpb_animate_when_almost_visible wpb_fade-in\" style=\"border-color: transparent;   \">\n    <style type=\"text\/css\" scoped>\n        #cshero-fancybox69ef8adc87b83_1777306332.fancybox-layout1:hover .fancy-icon {\n            background-color: !important;\n            border-color: !important;\n            color:#000000 !important;\n        }\n\n        #cshero-fancybox69ef8adc87b83_1777306332.fancybox-layout1 .fancy-icon.icon-hover-style-3:after{\n    \t\t-webkit-border-radius:;\n    \t\t-moz-border-radius:;\n    \t\t-ms-border-radius:;\n    \t\t-o-border-radius:;\n    \t\tborder-radius:;\n    \t\tbackground-color:;\n    \t\tborder-width:;\n    \t\tborder-style:none;\n    \t\tborder-color:;\n\t   }\n        \n                #cshero-fancybox69ef8adc87b83_1777306332:hover {\n            background: #ff6666;\n        }\n        \n        \n                     #cshero-fancybox69ef8adc87b83_1777306332 [class^=\"flaticon-\"]:before, \n       #cshero-fancybox69ef8adc87b83_1777306332 [class*=\" flaticon-\"]:before, \n       #cshero-fancybox69ef8adc87b83_1777306332 [class^=\"flaticon-\"]:after, \n       #cshero-fancybox69ef8adc87b83_1777306332 [class*=\" flaticon-\"]:after {\n            font-size: 24px;\n            color: #212121;\n        }\n        #cshero-fancybox69ef8adc87b83_1777306332:hover .cshero-fancybox-title-image [class^=\"flaticon-\"]:before,\n        #cshero-fancybox69ef8adc87b83_1777306332:hover .cshero-fancybox-title-image [class*=\" flaticon-\"]:before,\n        #cshero-fancybox69ef8adc87b83_1777306332:hover .cshero-fancybox-title-image [class^=\"flaticon-\"]:after,\n        #cshero-fancybox69ef8adc87b83_1777306332:hover .cshero-fancybox-title-image [class*=\" flaticon-\"]:after{\n            color: #000000;\n        }\n\t<\/style>\n    <div class=\"cshero-fancybox-title-image\">\n                    <a title=\"\" href=\"http:\/\/maslaroca.com\/\">\n                                    <\/a>\n                            <div class=\"cshero-fancybox-title-wrap\" style=\"color: #ffffff;  text-transform: uppercase;\">\n                <span class=\"cshero-title-main\">Casa rural Mas la Roca <em>Castellcir<\/em><\/span>\n            <\/div>\n                            <div class=\"cshero-fancybox-image\">\n                <img src=\"https:\/\/calbernadas.com\/wp-content\/uploads\/2016\/10\/ALTRES-maslaroca.jpg\" alt=\"Casa rural Mas la Roca <em>Castellcir<\/em>\" \/>\n            <\/div>\n            <\/div>\n    <\/div>\n<div id=\"cshero-fancybox69ef8adc8822a_1777306332\" class=\"cshero-fancybox-wrap  clearfix fancybox-layout1  text-left   wpb_animate_when_almost_visible wpb_fade-in\" style=\"border-color: transparent;   \">\n    <style type=\"text\/css\" scoped>\n        #cshero-fancybox69ef8adc8822a_1777306332.fancybox-layout1:hover .fancy-icon {\n            background-color: !important;\n            border-color: !important;\n            color:#000000 !important;\n        }\n\n        #cshero-fancybox69ef8adc8822a_1777306332.fancybox-layout1 .fancy-icon.icon-hover-style-3:after{\n    \t\t-webkit-border-radius:;\n    \t\t-moz-border-radius:;\n    \t\t-ms-border-radius:;\n    \t\t-o-border-radius:;\n    \t\tborder-radius:;\n    \t\tbackground-color:;\n    \t\tborder-width:;\n    \t\tborder-style:none;\n    \t\tborder-color:;\n\t   }\n        \n                #cshero-fancybox69ef8adc8822a_1777306332:hover {\n            background: #ff6666;\n        }\n        \n        \n                     #cshero-fancybox69ef8adc8822a_1777306332 [class^=\"flaticon-\"]:before, \n       #cshero-fancybox69ef8adc8822a_1777306332 [class*=\" flaticon-\"]:before, \n       #cshero-fancybox69ef8adc8822a_1777306332 [class^=\"flaticon-\"]:after, \n       #cshero-fancybox69ef8adc8822a_1777306332 [class*=\" flaticon-\"]:after {\n            font-size: 24px;\n            color: #212121;\n        }\n        #cshero-fancybox69ef8adc8822a_1777306332:hover .cshero-fancybox-title-image [class^=\"flaticon-\"]:before,\n        #cshero-fancybox69ef8adc8822a_1777306332:hover .cshero-fancybox-title-image [class*=\" flaticon-\"]:before,\n        #cshero-fancybox69ef8adc8822a_1777306332:hover .cshero-fancybox-title-image [class^=\"flaticon-\"]:after,\n        #cshero-fancybox69ef8adc8822a_1777306332:hover .cshero-fancybox-title-image [class*=\" flaticon-\"]:after{\n            color: #000000;\n        }\n\t<\/style>\n    <div class=\"cshero-fancybox-title-image\">\n                    <a title=\"\" href=\"http:\/\/www.lesclosanes.com\/i-tambe-tenim\/\">\n                                    <\/a>\n                            <div class=\"cshero-fancybox-title-wrap\" style=\"color: #ffffff;  text-transform: uppercase;\">\n                <span class=\"cshero-title-main\">Habitatges tur\u00edstics <em>Moi\u00e0<\/em><\/span>\n            <\/div>\n                            <div class=\"cshero-fancybox-image\">\n                <img src=\"https:\/\/calbernadas.com\/wp-content\/uploads\/2016\/10\/ALTRES-lesclosanes.jpg\" alt=\"Habitatges tur\u00edstics <em>Moi\u00e0<\/em>\" \/>\n            <\/div>\n            <\/div>\n    <\/div>\n<div id=\"cshero-fancybox69ef8adc8876c_1777306332\" class=\"cshero-fancybox-wrap  clearfix fancybox-layout1  text-left   wpb_animate_when_almost_visible wpb_fade-in\" style=\"border-color: transparent;   \">\n    <style type=\"text\/css\" scoped>\n        #cshero-fancybox69ef8adc8876c_1777306332.fancybox-layout1:hover .fancy-icon {\n            background-color: !important;\n            border-color: !important;\n            color:#000000 !important;\n        }\n\n        #cshero-fancybox69ef8adc8876c_1777306332.fancybox-layout1 .fancy-icon.icon-hover-style-3:after{\n    \t\t-webkit-border-radius:;\n    \t\t-moz-border-radius:;\n    \t\t-ms-border-radius:;\n    \t\t-o-border-radius:;\n    \t\tborder-radius:;\n    \t\tbackground-color:;\n    \t\tborder-width:;\n    \t\tborder-style:none;\n    \t\tborder-color:;\n\t   }\n        \n                #cshero-fancybox69ef8adc8876c_1777306332:hover {\n            background: #ff6666;\n        }\n        \n        \n                     #cshero-fancybox69ef8adc8876c_1777306332 [class^=\"flaticon-\"]:before, \n       #cshero-fancybox69ef8adc8876c_1777306332 [class*=\" flaticon-\"]:before, \n       #cshero-fancybox69ef8adc8876c_1777306332 [class^=\"flaticon-\"]:after, \n       #cshero-fancybox69ef8adc8876c_1777306332 [class*=\" flaticon-\"]:after {\n            font-size: 24px;\n            color: #212121;\n        }\n        #cshero-fancybox69ef8adc8876c_1777306332:hover .cshero-fancybox-title-image [class^=\"flaticon-\"]:before,\n        #cshero-fancybox69ef8adc8876c_1777306332:hover .cshero-fancybox-title-image [class*=\" flaticon-\"]:before,\n        #cshero-fancybox69ef8adc8876c_1777306332:hover .cshero-fancybox-title-image [class^=\"flaticon-\"]:after,\n        #cshero-fancybox69ef8adc8876c_1777306332:hover .cshero-fancybox-title-image [class*=\" flaticon-\"]:after{\n            color: #000000;\n        }\n\t<\/style>\n    <div class=\"cshero-fancybox-title-image\">\n                    <a title=\"\" href=\"http:\/\/www.saiol.net\/\">\n                                    <\/a>\n                            <div class=\"cshero-fancybox-title-wrap\" style=\"color: #ffffff;  text-transform: uppercase;\">\n                <span class=\"cshero-title-main\">Casa de col\u00f2nies Mas Saiol<em>Moi\u00e0<\/em><\/span>\n            <\/div>\n                            <div class=\"cshero-fancybox-image\">\n                <img src=\"https:\/\/calbernadas.com\/wp-content\/uploads\/2016\/10\/ALTRES-massaiol.jpg\" alt=\"Casa de col\u00f2nies Mas Saiol<em>Moi\u00e0<\/em>\" \/>\n            <\/div>\n            <\/div>\n    <\/div>\n[\/vc_column][\/vc_row][vc_row][vc_column][vc_empty_space height=\u00bb80px\u00bb][\/vc_column][\/vc_row][vc_row full_width=\u00bbstretch_row\u00bb css=\u00bb.vc_custom_1478574399009{padding-top: 100px !important;padding-bottom: 100px !important;background-image: url(https:\/\/calbernadas.com\/wp-content\/uploads\/2016\/10\/CEL_video.jpg?id=13379) !important;}\u00bb parallax_speed=\u00bb0.8&#8243; bg_video_transparent=\u00bb0&#8243; el_class=\u00bbcm-icon-big-item\u00bb][vc_column][cs_custom_heading text=\u00bbFOTOS\u00bb font_container=\u00bbtag:h1|font_size:40px|text_align:center|color:%23ffffff\u00bb font_format=\u00bb700&#8243; style=\u00bbstyle-none\u00bb el_class=\u00bbcm-tailor-title-site\u00bb][\/vc_column][\/vc_row][vc_row full_width=\u00bbstretch_row_content_no_spaces\u00bb css=\u00bb.vc_custom_1478574761248{padding-top: 80px !important;padding-bottom: 80px !important;}\u00bb][vc_column][vc_gallery type=\u00bbimage_grid\u00bb images=\u00bb13380,13381,13382,13383,13384,13385,13386,13387,13388,13389,13390,13391,13392,13393,13394,13395,13396,13397,13398,13399,13400,13401,13402,13403,13404,13405,13406,13407&#8243; img_size=\u00bbfull\u00bb el_class=\u00bb cols5&#8243;][\/vc_column][\/vc_row][vc_row full_width=\u00bbstretch_row\u00bb css=\u00bb.vc_custom_1478574399009{padding-top: 100px !important;padding-bottom: 100px !important;background-image: url(https:\/\/calbernadas.com\/wp-content\/uploads\/2016\/10\/CEL_video.jpg?id=13379) !important;}\u00bb parallax_speed=\u00bb0.8&#8243; bg_video_transparent=\u00bb0&#8243; el_class=\u00bbcm-icon-big-item\u00bb][vc_column][cs_custom_heading text=\u00bbVIDEOS\u00bb font_container=\u00bbtag:h1|font_size:40px|text_align:center|color:%23ffffff\u00bb font_format=\u00bb700&#8243; style=\u00bbstyle-none\u00bb el_class=\u00bbcm-tailor-title-site\u00bb][\/vc_column][\/vc_row][vc_row full_width=\u00bbstretch_row_content_no_spaces\u00bb css=\u00bb.vc_custom_1478574761248{padding-top: 80px !important;padding-bottom: 80px !important;}\u00bb][vc_column width=\u00bb1\/4&#8243;][vc_video link=\u00bbhttps:\/\/youtu.be\/iRE7lwDkpCw\u00bb css=\u00bb.vc_custom_1487933552902{margin-bottom: -15px !important;border-bottom-width: -15px !important;padding-bottom: -15px !important;}\u00bb][vc_video link=\u00bbhttps:\/\/vimeo.com\/104609857&#8243; css=\u00bb.vc_custom_1487933609093{margin-bottom: -15px !important;border-bottom-width: -15px !important;padding-bottom: -15px !important;}\u00bb][\/vc_column][vc_column width=\u00bb1\/4&#8243;][vc_video link=\u00bbhttps:\/\/vimeo.com\/197405467 \u00bb css=\u00bb.vc_custom_1487933560484{margin-bottom: -15px !important;border-bottom-width: -15px !important;padding-bottom: -15px !important;}\u00bb][vc_video link=\u00bbhttps:\/\/youtu.be\/uFuvu4j-aJw\u00bb css=\u00bb.vc_custom_1487933618933{margin-bottom: -15px !important;border-bottom-width: -15px !important;padding-bottom: -15px !important;}\u00bb][\/vc_column][vc_column width=\u00bb1\/4&#8243;][vc_video link=\u00bbhttps:\/\/youtu.be\/JNGtp38-07s\u00bb css=\u00bb.vc_custom_1487933568708{margin-bottom: -15px !important;border-bottom-width: -15px !important;padding-bottom: -15px !important;}\u00bb][vc_video link=\u00bbhttps:\/\/youtu.be\/8s0Gz5QBptw\u00bb css=\u00bb.vc_custom_1487933628352{margin-bottom: -15px !important;border-bottom-width: -15px !important;padding-bottom: -15px !important;}\u00bb][\/vc_column][vc_column width=\u00bb1\/4&#8243;][vc_video link=\u00bbhttps:\/\/vimeo.com\/169414380&#8243; css=\u00bb.vc_custom_1487933578987{margin-bottom: -15px !important;border-bottom-width: -15px !important;padding-bottom: -15px !important;}\u00bb][vc_video link=\u00bbhttps:\/\/youtu.be\/h1FchphIX6I\u00bb css=\u00bb.vc_custom_1493045483414{margin-bottom: -15px !important;border-bottom-width: -15px !important;padding-bottom: -15px !important;}\u00bb][\/vc_column][\/vc_row][vc_row full_width=\u00bbstretch_row\u00bb css=\u00bb.vc_custom_1478574823216{padding-top: 200px !important;padding-bottom: 200px !important;background-image: url(https:\/\/calbernadas.com\/wp-content\/uploads\/2016\/10\/CB_CEL_wedding_banner-1.jpg?id=13409) !important;}\u00bb parallax_speed=\u00bb0.8&#8243; bg_video_transparent=\u00bb0&#8243; el_class=\u00bbcm-icon-big-item\u00bb][vc_column][cs_custom_heading text=\u00bbCOORDINADOR DE BODAS\u00bb font_container=\u00bbtag:h1|font_size:40px|text_align:center|color:%23ffffff|line_height:40px\u00bb font_format=\u00bb700&#8243; style=\u00bbstyle-none\u00bb el_class=\u00bbcm-tailor-title-site\u00bb][vc_row_inner][vc_column_inner width=\u00bb1\/4&#8243;][\/vc_column_inner][vc_column_inner width=\u00bb1\/2&#8243;][vc_column_text]<\/p>\n<h5 style=\"text-align: center;\"><span style=\"color: #ffffff;\">Ofrecemos el servicio de \u2018Coordinador de bodas\u2019 (Wedding Planner) para ayudaros durante toda la preparaci\u00f3n de vuestro gran d\u00eda. <\/span><br \/>\n<span style=\"color: #ffffff;\"> Facilitamos informaci\u00f3n de colaboradores, damos consejos, recursos, ideas\u2026 <\/span><br \/>\n<span style=\"color: #ffffff;\"> Todo lo necesario para que sea un d\u00eda especial y que todo salga perfecto.<\/span><br \/>\n<span style=\"color: #ffffff;\"> Podemos ayudar antes, durante y despu\u00e9s.<\/span><br \/>\n<span style=\"color: #ffffff;\"> Consultadnos y os lo explicaremos.<\/span><\/h5>\n<p>[\/vc_column_text][vc_empty_space][vc_btn title=\u00bbM\u00c1S INFORMACI\u00d3N\u00bb shape=\u00bbsquare\u00bb color=\u00bbdanger\u00bb align=\u00bbcenter\u00bb link=\u00bburl:http%3A%2F%2Fcalbernadas.com%2Fes%2Fcelebraciones%2Fcoordinador-de-bodas%2F|title:M%C3%89S%20INFO||\u00bb][\/vc_column_inner][vc_column_inner width=\u00bb1\/4&#8243;][\/vc_column_inner][\/vc_row_inner][\/vc_column][\/vc_row][vc_row][vc_column][vc_empty_space height=\u00bb80px\u00bb][\/vc_column][\/vc_row][vc_row full_width=\u00bbstretch_row\u00bb css=\u00bb.vc_custom_1478575126313{margin-bottom: 50px !important;padding-top: 100px !important;padding-bottom: 100px !important;background-image: url(https:\/\/calbernadas.com\/wp-content\/uploads\/2016\/10\/CEL_testimonis.jpg?id=13413) !important;}\u00bb parallax_speed=\u00bb0.8&#8243; bg_video_transparent=\u00bb0&#8243; el_class=\u00bbcm-icon-big-item\u00bb][vc_column][cs_custom_heading text=\u00bbOPINIONES\u00bb font_container=\u00bbtag:h1|font_size:40px|text_align:center|color:%23ffffff\u00bb font_format=\u00bb700&#8243; style=\u00bbstyle-none\u00bb el_class=\u00bbcm-tailor-title-site\u00bb][\/vc_column][\/vc_row][vc_row full_width=\u00bbstretch_row\u00bb css=\u00bb.vc_custom_1478575199432{padding-top: 80px !important;padding-bottom: 80px !important;background-image: url(https:\/\/calbernadas.com\/wp-content\/uploads\/2016\/10\/CEL-fons-testimonis.jpg?id=13414) !important;}\u00bb][vc_column][vc_column_text]<\/p>\n<h5 style=\"text-align: center;\"><span style=\"color: #ffffff;\">Vivid de primera mano las experiencias de quien ha vivido un d\u00eda maravilloso en El Munt.<br \/>\nOs gustar\u00e1 leer las opiniones de algunos de nuestros anfitriones en El Munt, \u00bfverdad?<\/span><\/h5>\n<p>[\/vc_column_text][vc_empty_space height=\u00bb40px\u00bb]\r\n        <div id=\"cshero_testimonial1777306332_169ef8adc88c48\" class=\"cshero-testimonial testimonial-layout1 testimonial-slide \">\r\n                        <div class=\"cshero-testimonial-wrapper\">\r\n                                    <div id=\"cshero_testimonial_1777306332_169ef8adc88c48\" data-mode=\"horizontal\" data-moveslides=\"1\" data-auto=\"0\" data-speed=\"500\" data-prevselector=\"#cshero_testimonial1777306332_169ef8adc88c48 .prev\" data-nextselector=\"#cshero_testimonial1777306332_169ef8adc88c48 .next\" data-prevText=\"<i class='fa fa-angle-left'><\/i>\" data-nextText=\"<i class='fa fa-angle-right'><\/i>\" data-pagerSelector=\"#cshero_testimonial1777306332_169ef8adc88c48 .cshero-control\" data-onsliderload=\"true\" data-touchenabled=\"1\" data-controls=\"true\" data-pager=\"0\" data-pause=\"4000\" data-infiniteloop=\"true\" data-adaptiveheight=\"true\"  data-autohover=\"true\" data-slidemargin=\"30\" data-maxslides=\"3\" data-minslides=\"1\" data-slidewidth=\"500\" data-slideselector=\"\" data-easing=\"swing\" data-usecss=\"\" data-resize=\"1\" class=\"slider jm-bxslider\">\r\n                                \r\n                                            <div class=\"cshero-testimonial-item\">\r\n                            \n<article id=\"post-14832\"  class=\"cshero_testimonial_content clearfix\" style=\"padding:15px;color:#666666;background-color:#f5f5f5;\">\n     \n    <div class=\"cshero-testimonial-image left\">\n        <img alt=\"\" src=\"https:\/\/calbernadas.com\/wp-content\/uploads\/2015\/01\/CB_TESTIMONIS_gall-150x200_c.png\" align=\"left\" style=\"border-radius:0;-webkit-border-radius:0;-moz-border-radius:0;-ms-border-radius:0;-o-border-radius:0;margin-right:20px;\" \/>    <\/div>\n        \n            <div class=\"cshero-testimonial-content text-left\" style=\"padding-left:180px\">\n                            <div class=\"cshero-testimonial-description\">\n                    <div class=\"cshero-testimonial-text\">\n                                                Mi ahora mujer y yo elegimos El Munt para celebrar nuestra boda y a Anna Niub\u00f2 como nuestra \"wedding planner\" y no podemos estar m\u00e1s contentos con nuestra elecci\u00f3n. La casa es una maravilla y las instalaciones una gozada. La localizaci\u00f3n es tambi\u00e9n perfecta al estar cerca del pueblo para disponer de todo lo necesario pero suficientemente lejos como para sentirte en medio de la naturaleza sin nadie alrededor. Anna fue indispensable en la organizaci\u00f3n de la boda y en el d\u00eda de la celebraci\u00f3n asegur\u00e1ndose que todo iba sobre ruedas. Anna y su familia, que gestionan El Munt y otras casas por la zona, fueron tambi\u00e9n muy atentos y dispuestos a ayudar en lo que fuera necesario. Sin lugar a dudas, recomendamos El Munt a cualquier pareja que quiera celebrar su boda de una manera un poco diferente a lo tradicional y que disfrute de la calma y tranquilidad de un sitio id\u00edlico en medio de la naturaleza. \u00a1Muchas gracias familia Niub\u00f2 Casas!\r\n\r\n<span style=\"color: #999999;\">Julio 2015<\/span>\r\n\r\n&nbsp                                            <\/div>\n                <\/div>\n                                        <h3 class=\"cshero-testimonial-title\" style=\"color:#666666\">\n                    Francesca &#038; Santiago (Escocia)                <\/h3>\n                        \n            \n        <\/div>\n        \n<\/article>\n\n                        <\/div>\r\n                                            <div class=\"cshero-testimonial-item\">\r\n                            \n<article id=\"post-14835\"  class=\"cshero_testimonial_content clearfix\" style=\"padding:15px;color:#666666;background-color:#f5f5f5;\">\n     \n    <div class=\"cshero-testimonial-image left\">\n        <img alt=\"\" src=\"https:\/\/calbernadas.com\/wp-content\/uploads\/2016\/11\/CB_EM-kristy-mark-150x200_c.jpg\" align=\"left\" style=\"border-radius:0;-webkit-border-radius:0;-moz-border-radius:0;-ms-border-radius:0;-o-border-radius:0;margin-right:20px;\" \/>    <\/div>\n        \n            <div class=\"cshero-testimonial-content text-left\" style=\"padding-left:180px\">\n                            <div class=\"cshero-testimonial-description\">\n                    <div class=\"cshero-testimonial-text\">\n                                                Soy americana y no pod\u00eda ver El Munt hasta que llegara a Barcelona la semana antes de la boda. He planeado todo por internet y con la ayuda de Anna. \u00a1Todo fue perfecto! La casa, magn\u00edfica (muy moderna, limpia, grande). La tierra, incre\u00edble. Anna y sus padres, \u00a1geniales! No puedo recomendar m\u00e1s esta mas\u00eda. Es un lugar perfecto para una boda o para las vacaciones. \u00a1Gracias por todo, Anna!\r\n\r\n<span style=\"color: #999999;\">Julio 2014<\/span                                            <\/div>\n                <\/div>\n                                        <h3 class=\"cshero-testimonial-title\" style=\"color:#666666\">\n                    Kristy &#038; Mark (Estados Unidos)                <\/h3>\n                        \n            \n        <\/div>\n        \n<\/article>\n\n                        <\/div>\r\n                                            <div class=\"cshero-testimonial-item\">\r\n                            \n<article id=\"post-14854\"  class=\"cshero_testimonial_content clearfix\" style=\"padding:15px;color:#666666;background-color:#f5f5f5;\">\n     \n    <div class=\"cshero-testimonial-image left\">\n        <img alt=\"\" src=\"https:\/\/calbernadas.com\/wp-content\/uploads\/2016\/11\/CB_TESTIMONIS_annafeliu-150x200_c.png\" align=\"left\" style=\"border-radius:0;-webkit-border-radius:0;-moz-border-radius:0;-ms-border-radius:0;-o-border-radius:0;margin-right:20px;\" \/>    <\/div>\n        \n            <div class=\"cshero-testimonial-content text-left\" style=\"padding-left:180px\">\n                            <div class=\"cshero-testimonial-description\">\n                    <div class=\"cshero-testimonial-text\">\n                                                Nosotros nos casamos el pasado s\u00e1bado 23 de mayo en Palau Solit\u00e0, y despu\u00e9s hicimos la celebraci\u00f3n en la mas\u00eda El Munt de Castellter\u00e7ol.\r\n\r\nAntes de decidirnos, estuvimos mirando y valorando opciones para encontrar el mejor sitio para hacer de nuestro d\u00eda el m\u00e1s especial de nuestras vidas. Una cosa ten\u00edamos clara, que era el poder ofrecer unas habitaciones a los amigos que ven\u00edan, para que pudieran estar tranquilos mientras durase la celebraci\u00f3n. Yo ya hab\u00eda estado durante una semana santa hace unos a\u00f1os en esta mas\u00eda, y no dud\u00e9 en contactar para saber la disponibilidad. La visit\u00e9 con mi pareja, y \u00e9l ya no quiso ver nada m\u00e1s, era con diferencia la mejor opci\u00f3n encontrada. El espacio y entorno son incre\u00edbles, y hay versatilidad. La opci\u00f3n de lluvia no hubiera sido ning\u00fan problema, y el quedarnos ya desde el viernes nos dej\u00f3 preparar la decoraci\u00f3n con tranquilidad. El domingo pudimos desayunar all\u00ed al levantarnos (Mallol C\u00e0tering nos dej\u00f3 preparado para los 30 amigos un desayuno de tenedor genial). El precio comparado con otras alternativas no es elevado, y la familia que la regenta es encantadora. No tuvimos ni un solo problema con nada. \u00a1Gracias por el servicio y atenci\u00f3n! A quien dude o est\u00e9 en busca de sitios para celebrar su boda, os la recomiendo sin duda alguna. \u00a1Ya me gustar\u00eda poder repetir! \u00a1Saludos!<br>\r\n\r\n<span style=\"color: #999999;\">Mayo 2015<\/span                                            <\/div>\n                <\/div>\n                                        <h3 class=\"cshero-testimonial-title\" style=\"color:#666666\">\n                    Anna M. &#038; Feliu (Catalunya)                <\/h3>\n                        \n            \n        <\/div>\n        \n<\/article>\n\n                        <\/div>\r\n                                            <div class=\"cshero-testimonial-item\">\r\n                            \n<article id=\"post-14858\"  class=\"cshero_testimonial_content clearfix\" style=\"padding:15px;color:#666666;background-color:#f5f5f5;\">\n     \n    <div class=\"cshero-testimonial-image left\">\n        <img alt=\"\" src=\"https:\/\/calbernadas.com\/wp-content\/uploads\/2016\/11\/CB_TESTIMONIS_mercedesmichael-150x200_c.png\" align=\"left\" style=\"border-radius:0;-webkit-border-radius:0;-moz-border-radius:0;-ms-border-radius:0;-o-border-radius:0;margin-right:20px;\" \/>    <\/div>\n        \n            <div class=\"cshero-testimonial-content text-left\" style=\"padding-left:180px\">\n                            <div class=\"cshero-testimonial-description\">\n                    <div class=\"cshero-testimonial-text\">\n                                                El Munt es un espacio maravilloso, lleno de magia y cuidado con todo cari\u00f1o por sus propietarios, lo que se deja sentir en cada rinc\u00f3n. No solo la casa rural, restaurada completamente respetando el estilo local, sino tambi\u00e9n sus alrededores, con vistas al valle, y dos rincones de bosque donde se pueden celebrar ceremonias de ensue\u00f1o. Nosotros ten\u00edamos el deseo de tener una boda muy \u00edntima y especial, y el lugar era decisivo. En El Munt encontramos todo aquello que dese\u00e1bamos, y nuestra boda fue como un sue\u00f1o hecho realidad. Las habitaciones para que familia y amigos que ven\u00edan de lejos puedan estar con nosotros, el precioso jard\u00edn para la cena y aperitivo, hermosos rincones para las fotos, y todo con el mayor confort. La verdad que fue todo a\u00fan mejor que lo esperado, y nos cost\u00f3 dejar la casa al d\u00eda siguiente, la que siempre tendremos en nuestro mejor recuerdo.<br>\r\n\r\n<span style=\"color: #999999;\">Junio 2015<\/span                                            <\/div>\n                <\/div>\n                                        <h3 class=\"cshero-testimonial-title\" style=\"color:#666666\">\n                    Mercedes &#038; Michael (Argentina &#038; Alemania)                <\/h3>\n                        \n            \n        <\/div>\n        \n<\/article>\n\n                        <\/div>\r\n                                            <div class=\"cshero-testimonial-item\">\r\n                            \n<article id=\"post-14862\"  class=\"cshero_testimonial_content clearfix\" style=\"padding:15px;color:#666666;background-color:#f5f5f5;\">\n     \n    <div class=\"cshero-testimonial-image left\">\n        <img alt=\"\" src=\"https:\/\/calbernadas.com\/wp-content\/uploads\/2016\/11\/CB_TESTIMONIS_taniaguille-150x200_c.png\" align=\"left\" style=\"border-radius:0;-webkit-border-radius:0;-moz-border-radius:0;-ms-border-radius:0;-o-border-radius:0;margin-right:20px;\" \/>    <\/div>\n        \n            <div class=\"cshero-testimonial-content text-left\" style=\"padding-left:180px\">\n                            <div class=\"cshero-testimonial-description\">\n                    <div class=\"cshero-testimonial-text\">\n                                                Nuestra experiencia fue muy buena, de hecho nada m\u00e1s verla supimos que era el sitio d\u00f3nde quer\u00edamos celebrar la fiesta de nuestra boda. Todo el mundo no felicit\u00f3 por el lugar y adem\u00e1s los amigos m\u00e1s cercanos pudieron quedarse a dormir tanto el d\u00eda anterior como el d\u00eda de la fiesta y al d\u00eda siguiente hicimos una barbacoa y estuvimos en la piscina, por lo que alargamos a todo el fin de semana. \u00a1Fue espectacular!<br>\r\n\r\n<span style=\"color: #999999;\">Agosto 2015<\/span                                            <\/div>\n                <\/div>\n                                        <h3 class=\"cshero-testimonial-title\" style=\"color:#666666\">\n                    Tania &#038; Guille (Catalunya)                <\/h3>\n                        \n            \n        <\/div>\n        \n<\/article>\n\n                        <\/div>\r\n                                            <div class=\"cshero-testimonial-item\">\r\n                            \n<article id=\"post-20071\"  class=\"cshero_testimonial_content clearfix\" style=\"padding:15px;color:#666666;background-color:#f5f5f5;\">\n     \n    <div class=\"cshero-testimonial-image left\">\n        <img alt=\"\" src=\"https:\/\/calbernadas.com\/wp-content\/uploads\/2017\/05\/JOHANNADAVIDWEDDING0402A-150x200_c.jpg\" align=\"left\" style=\"border-radius:0;-webkit-border-radius:0;-moz-border-radius:0;-ms-border-radius:0;-o-border-radius:0;margin-right:20px;\" \/>    <\/div>\n        \n            <div class=\"cshero-testimonial-content text-left\" style=\"padding-left:180px\">\n                            <div class=\"cshero-testimonial-description\">\n                    <div class=\"cshero-testimonial-text\">\n                                                A perfect experience that exceeded expectations.\r\n\r\nEl munt is amazing, pictures don't make justice of how the place actually looks in person. Me and my husband had our wedding there just a month ago and it was absolutely perfect. It was gorgeous, totally secluded and spacious. Really can't complain about anything.\r\n\r\n<span style=\"color: #999999;\">Maig 2017<\/span                                            <\/div>\n                <\/div>\n                                        <h3 class=\"cshero-testimonial-title\" style=\"color:#666666\">\n                    David &#038; Johanna (California)                <\/h3>\n                        \n            \n        <\/div>\n        \n<\/article>\n\n                        <\/div>\r\n                                            <div class=\"cshero-testimonial-item\">\r\n                            \n<article id=\"post-20077\"  class=\"cshero_testimonial_content clearfix\" style=\"padding:15px;color:#666666;background-color:#f5f5f5;\">\n     \n    <div class=\"cshero-testimonial-image left\">\n        <img alt=\"\" src=\"https:\/\/calbernadas.com\/wp-content\/uploads\/2016\/10\/402_160611_ElisaMauri_20547.1-150x200_c.jpg\" align=\"left\" style=\"border-radius:0;-webkit-border-radius:0;-moz-border-radius:0;-ms-border-radius:0;-o-border-radius:0;margin-right:20px;\" \/>    <\/div>\n        \n            <div class=\"cshero-testimonial-content text-left\" style=\"padding-left:180px\">\n                            <div class=\"cshero-testimonial-description\">\n                    <div class=\"cshero-testimonial-text\">\n                                                Nuestra boda en la Masia El Munt fue incre\u00edble. Antes de decidirnos visitamos much\u00edsimos sitios pero ninguno nos hizo brillar los ojos como El Munt. Todo es precioso, muy bien cuidado, con una decoraci\u00f3n incre\u00edble. Todos nuestros invitados quedaron encantado, no paraban de congratularnos y la piscina interior fue todo un \u00e9xito. Pudimos hacer la boda que quer\u00edamos (de tres d\u00edas), con todos los amigos y la familia en un entorno m\u00e1gico. Muchas gracias.\r\n\r\n<span style=\"color: #999999;\">Juny 2016<\/span                                            <\/div>\n                <\/div>\n                                        <h3 class=\"cshero-testimonial-title\" style=\"color:#666666\">\n                    Elisa &#038; Maurizio (Catalunya)                <\/h3>\n                        \n            \n        <\/div>\n        \n<\/article>\n\n                        <\/div>\r\n                                            <div class=\"cshero-testimonial-item\">\r\n                            \n<article id=\"post-20082\"  class=\"cshero_testimonial_content clearfix\" style=\"padding:15px;color:#666666;background-color:#f5f5f5;\">\n     \n    <div class=\"cshero-testimonial-image left\">\n        <img alt=\"\" src=\"https:\/\/calbernadas.com\/wp-content\/uploads\/2016\/10\/Swingyourpics-181.1-150x200_c.jpg\" align=\"left\" style=\"border-radius:0;-webkit-border-radius:0;-moz-border-radius:0;-ms-border-radius:0;-o-border-radius:0;margin-right:20px;\" \/>    <\/div>\n        \n            <div class=\"cshero-testimonial-content text-left\" style=\"padding-left:180px\">\n                            <div class=\"cshero-testimonial-description\">\n                    <div class=\"cshero-testimonial-text\">\n                                                Ha sido realmente un acierto contratar a Masia el Munt para nuestra boda por su excelente localizaci\u00f3n, el juego que da el espacio para organizar actividades y la ayuda y flexibilidad que nos han demostrado durante los meses de preparaci\u00f3n. Perfecto para una boda con encanto.\r\n\r\n<span style=\"color: #999999;\">Setembre 2016<\/span>\r\n\r\n&nbsp                                            <\/div>\n                <\/div>\n                                        <h3 class=\"cshero-testimonial-title\" style=\"color:#666666\">\n                    Jordi &#038; Erica (Catalunya)                <\/h3>\n                        \n            \n        <\/div>\n        \n<\/article>\n\n                        <\/div>\r\n                                            <div class=\"cshero-testimonial-item\">\r\n                            \n<article id=\"post-20091\"  class=\"cshero_testimonial_content clearfix\" style=\"padding:15px;color:#666666;background-color:#f5f5f5;\">\n     \n    <div class=\"cshero-testimonial-image left\">\n        <img alt=\"\" src=\"https:\/\/calbernadas.com\/wp-content\/uploads\/2017\/12\/claudiajaume-48-1200x675.1-150x200_c.jpg\" align=\"left\" style=\"border-radius:0;-webkit-border-radius:0;-moz-border-radius:0;-ms-border-radius:0;-o-border-radius:0;margin-right:20px;\" \/>    <\/div>\n        \n            <div class=\"cshero-testimonial-content text-left\" style=\"padding-left:180px\">\n                            <div class=\"cshero-testimonial-description\">\n                    <div class=\"cshero-testimonial-text\">\n                                                Un lugar espectacular con un encanto \u00fanico. Cogimos la Mas\u00eda para pasar todo el fin de semana con nuestros familiares y nuestros amigos m\u00e1s pr\u00f3ximos, todos nos enamoramos del lugar. Los due\u00f1os de la mas\u00eda son encantadores y te ayudan en todo momento con lo que necesites. Repetir\u00eda una y mil veces.\r\n\r\n<span style=\"color: #999999;\">Setembre 2016<\/span>\r\n\r\n&nbsp                                            <\/div>\n                <\/div>\n                                        <h3 class=\"cshero-testimonial-title\" style=\"color:#666666\">\n                    Jaume &#038; Claudia (Catalunya)                <\/h3>\n                        \n            \n        <\/div>\n        \n<\/article>\n\n                        <\/div>\r\n                                            <div class=\"cshero-testimonial-item\">\r\n                            \n<article id=\"post-20097\"  class=\"cshero_testimonial_content clearfix\" style=\"padding:15px;color:#666666;background-color:#f5f5f5;\">\n     \n    <div class=\"cshero-testimonial-image left\">\n        <img alt=\"\" src=\"https:\/\/calbernadas.com\/wp-content\/uploads\/2017\/12\/large@2x-36.1-150x200_c.jpg\" align=\"left\" style=\"border-radius:0;-webkit-border-radius:0;-moz-border-radius:0;-ms-border-radius:0;-o-border-radius:0;margin-right:20px;\" \/>    <\/div>\n        \n            <div class=\"cshero-testimonial-content text-left\" style=\"padding-left:180px\">\n                            <div class=\"cshero-testimonial-description\">\n                    <div class=\"cshero-testimonial-text\">\n                                                Una mas\u00eda espectacular. Decidimos casarnos en El Munt porque la casa es preciosa, esta cerca de Barcelona y porque hay muchas plazas para dormir (30 aprox).\r\n\r\nLa casa esta reformada, con una decoraci\u00f3n preciosa, todo muy cuidado. Todas las habitaciones son grandes, todas con lavabo propio, la suite es incre\u00edble, muy grande y con un lavabo y una terraza muy grandes. Tiene varios sitios donde poder hacer la ceremonia, todos muy bonitos. El banquete se celebra en un antiguo establo reformado, con un porche super grane donde poder hacer tambi\u00e9n la fiesta.\r\n\r\nTodas las zonas exteriores, muy bien cuidadas. Los due\u00f1os muy amables y atento en todo momento. Super recomendada.\r\n\r\n<span style=\"color: #999999;\">Juny 2016<\/span                                            <\/div>\n                <\/div>\n                                        <h3 class=\"cshero-testimonial-title\" style=\"color:#666666\">\n                    Clara &#038; Albert (Catalunya)                <\/h3>\n                        \n            \n        <\/div>\n        \n<\/article>\n\n                        <\/div>\r\n                                            <div class=\"cshero-testimonial-item\">\r\n                            \n<article id=\"post-20102\"  class=\"cshero_testimonial_content clearfix\" style=\"padding:15px;color:#666666;background-color:#f5f5f5;\">\n     \n    <div class=\"cshero-testimonial-image left\">\n        <img alt=\"\" src=\"https:\/\/calbernadas.com\/wp-content\/uploads\/2016\/06\/boda-maite-i-marc-402.1-150x200_c.jpg\" align=\"left\" style=\"border-radius:0;-webkit-border-radius:0;-moz-border-radius:0;-ms-border-radius:0;-o-border-radius:0;margin-right:20px;\" \/>    <\/div>\n        \n            <div class=\"cshero-testimonial-content text-left\" style=\"padding-left:180px\">\n                            <div class=\"cshero-testimonial-description\">\n                    <div class=\"cshero-testimonial-text\">\n                                                Es el lugar con m\u00e1s encanto y bonito que he podido visitar. Todos los rincones de la casa y el entorno le dan una calidez, un paisaje inolvidable. Es hermoso cada lugar, esta tan bien cuidado y sus due\u00f1os son una maravilla, adem\u00e1s de encantadores. No hay nada negativo sobre nada porque fue perfecto.\r\n\r\n<span style=\"color: #999999;\">Juny 2016<\/span>\r\n\r\n&nbsp                                            <\/div>\n                <\/div>\n                                        <h3 class=\"cshero-testimonial-title\" style=\"color:#666666\">\n                    Maite &#038; Marc (Catalunya)                <\/h3>\n                        \n            \n        <\/div>\n        \n<\/article>\n\n                        <\/div>\r\n                                            <div class=\"cshero-testimonial-item\">\r\n                            \n<article id=\"post-20106\"  class=\"cshero_testimonial_content clearfix\" style=\"padding:15px;color:#666666;background-color:#f5f5f5;\">\n     \n    <div class=\"cshero-testimonial-image left\">\n        <img alt=\"\" src=\"https:\/\/calbernadas.com\/wp-content\/uploads\/2016\/06\/13240666_1108448315879259_164404892910137578_n.1-e1513704686362-150x200_c.jpg\" align=\"left\" style=\"border-radius:0;-webkit-border-radius:0;-moz-border-radius:0;-ms-border-radius:0;-o-border-radius:0;margin-right:20px;\" \/>    <\/div>\n        \n            <div class=\"cshero-testimonial-content text-left\" style=\"padding-left:180px\">\n                            <div class=\"cshero-testimonial-description\">\n                    <div class=\"cshero-testimonial-text\">\n                                                No pod\u00edamos haber elegido mejor sitio para celebrar nuestra boda. La casa es espectacular, \u00a1nos enamor\u00f3 desde el primer d\u00eda que la vimos! Y todos los invitados quedaron alucinados. Fue un fin de semana espectacular. Lo volver\u00eda a repetir mil veces. \u00a1L\u00e1stima que no alquilen la habitaci\u00f3n nupcial para poder ir celebrando cada a\u00f1o nuestro aniversario de bodas all\u00ed nosotros solitos!\r\n\r\n<span style=\"color: #999999;\">Abril 2016<\/span                                            <\/div>\n                <\/div>\n                                        <h3 class=\"cshero-testimonial-title\" style=\"color:#666666\">\n                    Lourdes &#038; Ruben (Catalunya)                <\/h3>\n                        \n            \n        <\/div>\n        \n<\/article>\n\n                        <\/div>\r\n                                            <div class=\"cshero-testimonial-item\">\r\n                            \n<article id=\"post-20113\"  class=\"cshero_testimonial_content clearfix\" style=\"padding:15px;color:#666666;background-color:#f5f5f5;\">\n     \n    <div class=\"cshero-testimonial-image left\">\n        <img alt=\"\" src=\"https:\/\/calbernadas.com\/wp-content\/uploads\/2017\/06\/DSC04476.1-e1513696784739-150x200_c.jpg\" align=\"left\" style=\"border-radius:0;-webkit-border-radius:0;-moz-border-radius:0;-ms-border-radius:0;-o-border-radius:0;margin-right:20px;\" \/>    <\/div>\n        \n            <div class=\"cshero-testimonial-content text-left\" style=\"padding-left:180px\">\n                            <div class=\"cshero-testimonial-description\">\n                    <div class=\"cshero-testimonial-text\">\n                                                Perfect Wedding Location.\r\n\r\nWe booked El Munt for our small wedding (18 guests) without ever having visited the villa or location before. When we found the villa on-line it looked beautiful and came with the added bonus of having a wedding planner available to assist. It was a risk - we didn't know what to expect! The pictures looked great, but the acid test would be what the villa was like when we got there. I am pleased to say that it exceeded expectations completely. The villa was fantastic and was only surpassed by the friendliness and professionalism of the family that own it. The main positives of the villa - the indoor and outdoor pools, the location (very secluded), the master bedroom, the poolside BBQ, the communal areas...etc. In fact, there was probably only one negative - no air conditioning (that I could find). The wedding day itself was planned by Anna (the daughter of the owner) and she did a fantastic job. We were married in a small forest within the villa grounds and had our meal (prepared by a local chef) near the pool. Every detail had been planned and was executed perfectly, giving us a day we will remember for the rest of our lives. Our friends all described it as the \"best wedding ever\". I think the location and planning were key to that....\r\n\r\n<span style=\"color: #999999;\">Juny 2017<\/span                                            <\/div>\n                <\/div>\n                                        <h3 class=\"cshero-testimonial-title\" style=\"color:#666666\">\n                    Gavin &#038; Jayne (Regne Unit)                <\/h3>\n                        \n            \n        <\/div>\n        \n<\/article>\n\n                        <\/div>\r\n                                            <div class=\"cshero-testimonial-item\">\r\n                            \n<article id=\"post-20202\"  class=\"cshero_testimonial_content clearfix\" style=\"padding:15px;color:#666666;background-color:#f5f5f5;\">\n     \n    <div class=\"cshero-testimonial-image left\">\n        <img alt=\"\" src=\"https:\/\/calbernadas.com\/wp-content\/uploads\/2017\/03\/Casament_MartaJosep_El-Munt-23-150x200_c.jpg\" align=\"left\" style=\"border-radius:0;-webkit-border-radius:0;-moz-border-radius:0;-ms-border-radius:0;-o-border-radius:0;margin-right:20px;\" \/>    <\/div>\n        \n            <div class=\"cshero-testimonial-content text-left\" style=\"padding-left:180px\">\n                            <div class=\"cshero-testimonial-description\">\n                    <div class=\"cshero-testimonial-text\">\n                                                Nos casamos el pasado 30 de mayo en el Munt y estamos convencidos que no podr\u00edamos haber elegido un lugar mejor. El paisaje es id\u00edlico, las instalaciones de la casa y su decoraci\u00f3n excelentes. Merece la pena hacer una boda de fin de semana all\u00ed, todos los invitados quedaron encantados. Los propietarios de la casa son encantadores y nos pusieron todas las facilidades. Repetiremos seguro una estancia aunque sea de un fin de semana rural, nos enamoramos de la casa. \u00a1S\u00faper recomendable!\r\n\r\n<span style=\"color: #999999;\">Maig 2015<\/span                                            <\/div>\n                <\/div>\n                                        <h3 class=\"cshero-testimonial-title\" style=\"color:#666666\">\n                    Marta &#038; Josep (Catalunya)                <\/h3>\n                        \n            \n        <\/div>\n        \n<\/article>\n\n                        <\/div>\r\n                                            <div class=\"cshero-testimonial-item\">\r\n                            \n<article id=\"post-20210\"  class=\"cshero_testimonial_content clearfix\" style=\"padding:15px;color:#666666;background-color:#f5f5f5;\">\n     \n    <div class=\"cshero-testimonial-image left\">\n        <img alt=\"\" src=\"https:\/\/calbernadas.com\/wp-content\/uploads\/2017\/03\/140524_3428web-150x200_c.jpg\" align=\"left\" style=\"border-radius:0;-webkit-border-radius:0;-moz-border-radius:0;-ms-border-radius:0;-o-border-radius:0;margin-right:20px;\" \/>    <\/div>\n        \n            <div class=\"cshero-testimonial-content text-left\" style=\"padding-left:180px\">\n                            <div class=\"cshero-testimonial-description\">\n                    <div class=\"cshero-testimonial-text\">\n                                                El lugar es precioso, natural, acogedor, la casa espectacular... En el primer momento que nos pusimos en contacto con ellos, obtuvimos todas las facilidades para ir a verla, y siempre estaban a nuestra disposici\u00f3n por si ten\u00edamos alg\u00fan problema. Los invitados quedaron encantados del lugar, de el hecho de poderse quedar a dormir y de disfrutar de la casa un d\u00eda m\u00e1s. \u00a1Y la piscina climatizada genial! \u00a1Todo perfecto! Gracias.\r\n\r\n<span style=\"color: #999999;\">Maig 2014<\/span                                            <\/div>\n                <\/div>\n                                        <h3 class=\"cshero-testimonial-title\" style=\"color:#666666\">\n                    Alba &#038; Manel (Catalunya)                <\/h3>\n                        \n            \n        <\/div>\n        \n<\/article>\n\n                        <\/div>\r\n                                            <div class=\"cshero-testimonial-item\">\r\n                            \n<article id=\"post-20215\"  class=\"cshero_testimonial_content clearfix\" style=\"padding:15px;color:#666666;background-color:#f5f5f5;\">\n     \n    <div class=\"cshero-testimonial-image left\">\n        <img alt=\"\" src=\"https:\/\/calbernadas.com\/wp-content\/uploads\/2017\/12\/Mari-Carmen-150x200_c.jpg\" align=\"left\" style=\"border-radius:0;-webkit-border-radius:0;-moz-border-radius:0;-ms-border-radius:0;-o-border-radius:0;margin-right:20px;\" \/>    <\/div>\n        \n            <div class=\"cshero-testimonial-content text-left\" style=\"padding-left:180px\">\n                            <div class=\"cshero-testimonial-description\">\n                    <div class=\"cshero-testimonial-text\">\n                                                Quer\u00edamos una boda diferente, familiar y entra\u00f1able. El Munt nos proporcion\u00f3 el entorno perfecto para que durante un fin de semana, la familia y los amigos m\u00e1s \u00edntimos pudieran conocerse y compartir con nosotros nuestra gran decisi\u00f3n de comprometernos para toda la vida. La familia que gestiona esta Mas\u00eda estuvo atenta a todas nuestras peticiones, tanto de ver la casa varias veces antes del evento, como para tratar de solucionar los imprevistos irremediables que van surgiendo. Estamos tan contentos de la atenci\u00f3n, la calidad y la estancia que solo tenemos palabras de agradecimiento y que sin duda, ser\u00e1 una boda inolvidable para nosotros y para todos los que compartimos ese momento!\r\n\r\n<span style=\"color: #999999;\">Juny\u00a02013<\/span>\r\n\r\n&nbsp                                            <\/div>\n                <\/div>\n                                        <h3 class=\"cshero-testimonial-title\" style=\"color:#666666\">\n                    Mari Carmen (Catalunya)                <\/h3>\n                        \n            \n        <\/div>\n        \n<\/article>\n\n                        <\/div>\r\n                                            <div class=\"cshero-testimonial-item\">\r\n                            \n<article id=\"post-20253\"  class=\"cshero_testimonial_content clearfix\" style=\"padding:15px;color:#666666;background-color:#f5f5f5;\">\n     \n    <div class=\"cshero-testimonial-image left\">\n        <img alt=\"\" src=\"https:\/\/calbernadas.com\/wp-content\/uploads\/2017\/10\/Boda_BernatMontse-841-150x200_c.jpg\" align=\"left\" style=\"border-radius:0;-webkit-border-radius:0;-moz-border-radius:0;-ms-border-radius:0;-o-border-radius:0;margin-right:20px;\" \/>    <\/div>\n        \n            <div class=\"cshero-testimonial-content text-left\" style=\"padding-left:180px\">\n                            <div class=\"cshero-testimonial-description\">\n                    <div class=\"cshero-testimonial-text\">\n                                                Fue el tercer sitio que visitamos y lo tuvimos claro, nos quer\u00edamos casar all\u00ed. El entorno es precioso y da mucho juego a la hora de organizar la boda por los diferentes espacios que tiene; nosotros realizamos la ceremonia en el bosque de pinos, el pica pica en la piscina y la cena y baile en las caballerizas, y fue \u00a1perfecto! Adem\u00e1s, el precio es por \"pack\" de fin de semana y se pueden quedar a dormir unas 27 personas, puedes entrar ya viernes al mediod\u00eda e irte domingo por la tarde, con lo cual, alargas la boda mucho m\u00e1s. Como no tienen exclusividad con ning\u00fan proveedor, puedes contratar a quien t\u00fa quieras, y ellos son encantadores. Sin ninguna duda, volver\u00eda a casarme en El Munt, y ya estoy deseando volver ni que sea un fin de semana.\r\n\r\n<span style=\"color: #999999;\">Setembre 2017<\/span                                            <\/div>\n                <\/div>\n                                        <h3 class=\"cshero-testimonial-title\" style=\"color:#666666\">\n                    Montse &#038; Bernat (Catalunya)                <\/h3>\n                        \n            \n        <\/div>\n        \n<\/article>\n\n                        <\/div>\r\n                                            <div class=\"cshero-testimonial-item\">\r\n                            \n<article id=\"post-21754\"  class=\"cshero_testimonial_content clearfix\" style=\"padding:15px;color:#666666;background-color:#f5f5f5;\">\n     \n    <div class=\"cshero-testimonial-image left\">\n        <img alt=\"\" src=\"https:\/\/calbernadas.com\/wp-content\/uploads\/2014\/07\/CB_TESTIMONIS_cabirol-150x200_c.png\" align=\"left\" style=\"border-radius:0;-webkit-border-radius:0;-moz-border-radius:0;-ms-border-radius:0;-o-border-radius:0;margin-right:20px;\" \/>    <\/div>\n        \n            <div class=\"cshero-testimonial-content text-left\" style=\"padding-left:180px\">\n                            <div class=\"cshero-testimonial-description\">\n                    <div class=\"cshero-testimonial-text\">\n                                                Beautiful location! Stunning, r\u00fastic villa, perfect for Events or just relaxing with friends.\r\nWe booked El Munt for a small wedding and found everything to be absolutely perfect. The size of the villa is excellent and overall the design and furnishings throughout are very nice. All the areas are spacious and bedrooms all have en suites (which was a huge bonus). It is extremely private, making it perfect for such events, and the wedding planning service was a) good value, and b) very well done. We could not have been happier with how everything went for the whole week. It's really beautiful and a wonderful place for families, or for a group of adults and is only about 45 minutes away from the city. A great experience we will remember forever. Many thanks to the whole team, especially Anna!\r\n\r\n<span style=\"color: #999999;\">Setembre 2018<\/span                                            <\/div>\n                <\/div>\n                                        <h3 class=\"cshero-testimonial-title\" style=\"color:#666666\">\n                    Paul T                <\/h3>\n                        \n            \n        <\/div>\n        \n<\/article>\n\n                        <\/div>\r\n                                            <div class=\"cshero-testimonial-item\">\r\n                            \n<article id=\"post-21777\"  class=\"cshero_testimonial_content clearfix\" style=\"padding:15px;color:#666666;background-color:#f5f5f5;\">\n     \n    <div class=\"cshero-testimonial-image left\">\n        <img alt=\"\" src=\"https:\/\/calbernadas.com\/wp-content\/uploads\/2015\/01\/CB_TESTIMONIS_cargol-150x200_c.png\" align=\"left\" style=\"border-radius:0;-webkit-border-radius:0;-moz-border-radius:0;-ms-border-radius:0;-o-border-radius:0;margin-right:20px;\" \/>    <\/div>\n        \n            <div class=\"cshero-testimonial-content text-left\" style=\"padding-left:180px\">\n                            <div class=\"cshero-testimonial-description\">\n                    <div class=\"cshero-testimonial-text\">\n                                                Boda en entorno m\u00e1gico y \u00fanico!\r\nNuestras boda en Mas\u00eda El Munt fue como un sue\u00f1o hecho realidad. Busc\u00e1bamos un espacio aislado en medio de la naturaleza pero con capacidad para todos los invitados, con experiencia en este tipo de celebraciones y con camas suficientes para poder alojar durante todo el fin de semana a nuestra familia m\u00e1s cercana (30p). \u00a1Todo sali\u00f3 perfecto! La boda civil en medio de una claro del bosque, la comida al lado de los antiguos establos reconvertidos en lugar de celebraci\u00f3n y la fiesta en otra zona boscosa cerca de la piscina exterior hicieron del evento un d\u00eda \u00fanico y m\u00e1gico que quedar\u00e1 para siempre en nuestra memoria. El equipo de El Munt estuvo siempre muy atento y dispuesto a adaptarse a nuestras necesidades. Lo mejor de todo fue poder disfrutar de 3 d\u00edas en un lugar \u00fanico, en medio de la naturaleza, y acompa\u00f1ados de nuestra familia y amigos. No duden en visitar el lugar.\r\n\r\n<span style=\"color: #999999;\">Setembre\u00a02018<\/span                                            <\/div>\n                <\/div>\n                                        <h3 class=\"cshero-testimonial-title\" style=\"color:#666666\">\n                    Victor &#038; Jessica (Catalunya)                <\/h3>\n                        \n            \n        <\/div>\n        \n<\/article>\n\n                        <\/div>\r\n                                            <div class=\"cshero-testimonial-item\">\r\n                            \n<article id=\"post-21780\"  class=\"cshero_testimonial_content clearfix\" style=\"padding:15px;color:#666666;background-color:#f5f5f5;\">\n     \n    <div class=\"cshero-testimonial-image left\">\n        <img alt=\"\" src=\"https:\/\/calbernadas.com\/wp-content\/uploads\/2020\/03\/DSC_5096-copia-2-e1585236575322-150x200_c.jpg\" align=\"left\" style=\"border-radius:0;-webkit-border-radius:0;-moz-border-radius:0;-ms-border-radius:0;-o-border-radius:0;margin-right:20px;\" \/>    <\/div>\n        \n            <div class=\"cshero-testimonial-content text-left\" style=\"padding-left:180px\">\n                            <div class=\"cshero-testimonial-description\">\n                    <div class=\"cshero-testimonial-text\">\n                                                Una mas\u00eda con mucho encanto...\r\nEl Munt es un lugar m\u00e1gico, lleno de encanto en todos sus rincones y espacios. Quer\u00edamos una boda \u00edntima y al mismo tiempo dese\u00e1bamos poder disfrutar junto a nuestros familiares y amigos m\u00e1s pr\u00f3ximos durante todo un fin de semana, ya que la mayor\u00eda ven\u00eda de lejos. Uno de los aspectos que m\u00e1s nos gust\u00f3 fue la posibilidad de realizar la ceremonia en el bosque, para lo cual los due\u00f1os de la mas\u00eda nos dieron varios consejos e ideas. Nuestros invitados tambi\u00e9n quedaron enamorados del lugar, de cada cuidado detalle del interior, de la espectacular piscina climatizada, as\u00ed como de los exteriores, del entorno paisaj\u00edstico e incluso de la cama el\u00e1stica que dio mucho juego a los ni\u00f1os! A nivel personal, ha sido un placer organizar nuestra boda junto a Josep, Ramona y Anna, gracias a su flexibilidad y profesionalidad. Asimismo, Joan estuvo disponible y particip\u00f3 activamente en la consecuci\u00f3n del evento de una forma muy cercana. Deseando poder volver para rememorar el d\u00eda m\u00e1s bonito de nuestras vidas.\r\n\r\n<span style=\"color: #999999;\">Octubre\u00a02018<\/span>\r\n\r\n&nbsp                                            <\/div>\n                <\/div>\n                                        <h3 class=\"cshero-testimonial-title\" style=\"color:#666666\">\n                    Miriam &#038; Javier (Catalunya)                <\/h3>\n                        \n            \n        <\/div>\n        \n<\/article>\n\n                        <\/div>\r\n                                            <div class=\"cshero-testimonial-item\">\r\n                            \n<article id=\"post-21783\"  class=\"cshero_testimonial_content clearfix\" style=\"padding:15px;color:#666666;background-color:#f5f5f5;\">\n     \n    <div class=\"cshero-testimonial-image left\">\n        <img alt=\"\" src=\"https:\/\/calbernadas.com\/wp-content\/uploads\/2020\/03\/FOTOBODA-AA-496-e1585237324455-150x200_c.jpg\" align=\"left\" style=\"border-radius:0;-webkit-border-radius:0;-moz-border-radius:0;-ms-border-radius:0;-o-border-radius:0;margin-right:20px;\" \/>    <\/div>\n        \n            <div class=\"cshero-testimonial-content text-left\" style=\"padding-left:180px\">\n                            <div class=\"cshero-testimonial-description\">\n                    <div class=\"cshero-testimonial-text\">\n                                                \u00a1El mejor d\u00eda de nuestras vidas!\r\nLa mas\u00eda el Munt es el sitio perfecto para celebrar una boda. A nosotros nos encanta la naturaleza y el bosque, y el entorno de este lugar no puede ser m\u00e1s bonito. Adem\u00e1s, el d\u00eda de la boda se pudieron alojar much\u00edsimas personas esa noche, un punto muy a favor. Os agradecemos de todo coraz\u00f3n el acompa\u00f1amiento durante todos los preparativos y ese d\u00eda tan especial. Todo fue incre\u00edble y nos llevamos un recuerdo extraordinario para toda la vida.\r\n\r\n<span style=\"color: #999999;\">Juny 2019<\/span                                            <\/div>\n                <\/div>\n                                        <h3 class=\"cshero-testimonial-title\" style=\"color:#666666\">\n                    Anna &#038; Aitor (Catalunya)                <\/h3>\n                        \n            \n        <\/div>\n        \n<\/article>\n\n                        <\/div>\r\n                                            <div class=\"cshero-testimonial-item\">\r\n                            \n<article id=\"post-21786\"  class=\"cshero_testimonial_content clearfix\" style=\"padding:15px;color:#666666;background-color:#f5f5f5;\">\n     \n    <div class=\"cshero-testimonial-image left\">\n        <img alt=\"\" src=\"https:\/\/calbernadas.com\/wp-content\/uploads\/2015\/01\/CB_TESTIMONIS_ocell-150x200_c.png\" align=\"left\" style=\"border-radius:0;-webkit-border-radius:0;-moz-border-radius:0;-ms-border-radius:0;-o-border-radius:0;margin-right:20px;\" \/>    <\/div>\n        \n            <div class=\"cshero-testimonial-content text-left\" style=\"padding-left:180px\">\n                            <div class=\"cshero-testimonial-description\">\n                    <div class=\"cshero-testimonial-text\">\n                                                Mi boda gitana.\r\nEstuvimos desde el jueves en la mas\u00eda hasta el domingo, y tanto el lugar como la casa son incre\u00edbles. Nos juntamos dentro la familia m\u00e1s cercana y amigos, y nos lo pasamos superbi\u00e9n. La piscina climatizada del interior nos enamor\u00f3 a todos. Yo de mayor quiero tener una casa as\u00ed.\r\n\r\n<span style=\"color: #999999;\">Setembre 2019<\/span                                            <\/div>\n                <\/div>\n                                        <h3 class=\"cshero-testimonial-title\" style=\"color:#666666\">\n                    Monica &#038; Alejandro (Catalunya)                <\/h3>\n                        \n            \n        <\/div>\n        \n<\/article>\n\n                        <\/div>\r\n                                        \r\n                <\/div>\r\n                                                                <div class=\"cshero-nav 1 default\">\r\n                    <ul>\r\n                        <li class=\"prev\" style=\"left:auto;\"><\/li>\r\n                        <li class=\"next\" style=\"right:auto;\"><\/li>\r\n                    <\/ul>\r\n                <\/div>\r\n                                            <\/div>\r\n        <\/div>\r\n        [\/vc_column][\/vc_row][vc_row full_width=\u00bbstretch_row\u00bb css=\u00bb.vc_custom_1478576263358{padding-top: 100px !important;padding-bottom: 100px !important;background-image: url(https:\/\/calbernadas.com\/wp-content\/uploads\/2016\/10\/CEL_collaboradors.jpg?id=13430) !important;}\u00bb parallax_speed=\u00bb0.8&#8243; bg_video_transparent=\u00bb0&#8243; el_class=\u00bbcm-icon-big-item\u00bb][vc_column][cs_custom_heading text=\u00bbNUESTROS COLABORADORES\u00bb font_container=\u00bbtag:h1|font_size:40px|text_align:center|color:%23ffffff\u00bb font_format=\u00bb700&#8243; style=\u00bbstyle-none\u00bb el_class=\u00bbcm-tailor-title-site\u00bb][\/vc_column][\/vc_row][vc_row css=\u00bb.vc_custom_1477557874325{padding-top: 80px !important;padding-bottom: 80px !important;}\u00bb][vc_column][vc_row_inner][vc_column_inner width=\u00bb1\/4&#8243;][\/vc_column_inner][vc_column_inner width=\u00bb1\/2&#8243;][vc_column_text]<\/p>\n<h5 style=\"text-align: center;\"><span style=\"color: #cc3366;\">Desde la casa El Munt ponemos a vuestra disposici\u00f3n una variada y esmerada selecci\u00f3n de empresas que conocen El Munt y son buenos profesionales.<\/span><br \/>\n<span style=\"color: #cc3366;\">Sin embargo, a pesar de nuestras recomendaciones, la lista de empresas est\u00e1 totalmente abierta a vuestros deseos. Lo m\u00e1s importante es que vosotros mismos elij\u00e1is las empresas que m\u00e1s confianza os den y mejor encajen con vuestras necesidades.<\/span><\/h5>\n<p>[\/vc_column_text][\/vc_column_inner][vc_column_inner width=\u00bb1\/4&#8243;][\/vc_column_inner][\/vc_row_inner][\/vc_column][\/vc_row][vc_row gap=\u00bb35&#8243; css=\u00bb.vc_custom_1479717818443{padding-top: 80px !important;padding-bottom: 80px !important;}\u00bb][vc_column width=\u00bb1\/4&#8243;][vc_column_text]<\/p>\n<h3 style=\"text-align: left;\"><span style=\"color: #cc3366;\">CATERING<\/span><\/h3>\n<p>[\/vc_column_text][vc_tta_accordion shape=\u00bbsquare\u00bb color=\u00bbwhite\u00bb c_icon=\u00bb\u00bb active_section=\u00bb1&#8243;][vc_tta_section title=\u00bbCAL BLAY\u00bb tab_id=\u00bb1478580194178-f679d53c-6598&#8243;][vc_column_text]<a href=\"http:\/\/www.calblay.com\/\" target=\"_blank\" rel=\"noopener noreferrer\">www.calblay.com<\/a><\/p>\n<p><span id=\"cloak16311\"><a href=\"mailto:casaments@calblay.com\">casaments@calblay.com<\/a><\/span><\/p>\n<p>+34 938 914 152[\/vc_column_text][\/vc_tta_section][vc_tta_section title=\u00bbSIC GOURMET\u00bb tab_id=\u00bb1614853644509-6ed23fbe-3653&#8243;][vc_column_text]<a href=\"http:\/\/www.sicgourmet.com\/\" target=\"_blank\" rel=\"noopener noreferrer\">www.sicgourmet.com<\/a><\/p>\n<p>Alba Colom<\/p>\n<p><span id=\"cloak16311\"><a href=\"mailto:catering@sicgourmet.com\">catering@sicgourmet.com<\/a><\/span><\/p>\n<p>+34 636 827 305[\/vc_column_text][\/vc_tta_section][vc_tta_section title=\u00bbMONCHO&#8217;S\u00bb tab_id=\u00bb1478580194669-8f28df24-de84&#8243;][vc_column_text]<a href=\"http:\/\/www.monchos.com\/\" target=\"_blank\" rel=\"noopener noreferrer\">www.monchos.com<\/a><\/p>\n<p>+34 934 155 665[\/vc_column_text][\/vc_tta_section][vc_tta_section title=\u00bbCOSTILLARES A LA ESTACA\u00bb tab_id=\u00bb1478580195165-f9442f66-0a06&#8243;][vc_column_text]<a href=\"http:\/\/www.costillaresalaestaca.com\/\" target=\"_blank\" rel=\"noopener noreferrer\">www.costillaresalaestaca.com<\/a><\/p>\n<p>+34 933 303 424[\/vc_column_text][\/vc_tta_section][vc_tta_section title=\u00bbGAU CATERING\u00bb tab_id=\u00bb1543405852813-56f8f90e-7854&#8243;][vc_column_text]<a href=\"http:\/\/www.gaucatering.com\/\" target=\"_blank\" rel=\"noopener noreferrer\">www.gaucatering.com<\/a><\/p>\n<p><a href=\"mailto:catering@gaucatering.com\">catering@gaucatering.com<\/a><\/p>\n<p>+34\u00a0936\u00a0452 616[\/vc_column_text][\/vc_tta_section][\/vc_tta_accordion][\/vc_column][vc_column width=\u00bb1\/4&#8243;][vc_column_text]<\/p>\n<h3 style=\"text-align: left;\"><span style=\"color: #cc3366;\">FOTOGRAF\u00cdA<\/span><\/h3>\n<p>[\/vc_column_text][vc_tta_accordion shape=\u00bbsquare\u00bb color=\u00bbwhite\u00bb c_icon=\u00bb\u00bb active_section=\u00bb1&#8243;][vc_tta_section title=\u00bbLAURA CHAC\u00d3N\u00bb tab_id=\u00bb1478580200746-6faddb4d-cfad\u00bb][vc_column_text]<a href=\"http:\/\/www.laurachacon.es\/\" target=\"_blank\" rel=\"noopener noreferrer\">www.laurachacon.es<\/a><\/p>\n<p><span id=\"cloak48077\"><a href=\"mailto:info@laurachacon.es\">info@laurachacon.es<\/a><\/span><\/p>\n<p>+34 649 412 783[\/vc_column_text][\/vc_tta_section][vc_tta_section title=\u00bbDIEZ&amp;BORDONS\u00bb tab_id=\u00bb1478580201237-30a69e06-343e\u00bb][vc_column_text]<a href=\"http:\/\/www.diez-bordons.com\/\" target=\"_blank\" rel=\"noopener noreferrer\">www.diez-bordons.com<\/a><\/p>\n<p><span id=\"cloak15474\"><a href=\"mailto:marc@diez-bordons.com\">marc@diez-bordons.com<\/a><\/span><\/p>\n<p>+34 659 326 564[\/vc_column_text][\/vc_tta_section][vc_tta_section title=\u00bbPADILLA&amp;RIGAU\u00bb tab_id=\u00bb1478580201696-249d90eb-4d16&#8243;][vc_column_text]<a href=\"http:\/\/www.padilla-rigau.com\/\" target=\"_blank\" rel=\"noopener noreferrer\">www.padilla-rigau.com<\/a><\/p>\n<p><span id=\"cloak12113\"><a href=\"mailto:info@padilla-rigau.com\">info@padilla-rigau.com<\/a><\/span><\/p>\n<p>+34 646 221 165 \/ +34 678 662 825[\/vc_column_text][\/vc_tta_section][vc_tta_section title=\u00bbKISSANDCHIPS\u00bb tab_id=\u00bb1479807251909-8ce848cc-5e5a\u00bb][vc_column_text]<a href=\"http:\/\/www.kissandchips.com\/\" target=\"_blank\" rel=\"noopener noreferrer\">www.kissandchips.com<\/a><\/p>\n<p><span id=\"cloak12113\"><a href=\"mailto:hola@kissandchips.com\">hola@kissandchips.com<\/a><\/span><\/p>\n<p>M\u00edriam<\/p>\n<p>+34 652 941 703[\/vc_column_text][\/vc_tta_section][vc_tta_section title=\u00bbJORDI LEAL\u00bb tab_id=\u00bb1479807533110-91d542a5-36db\u00bb][vc_column_text]<a href=\"http:\/\/www.jordileal.com\/\" target=\"_blank\" rel=\"noopener noreferrer\">www.jordileal.com<\/a><\/p>\n<p><span id=\"cloak12113\"><a href=\"mailto:jordi@jordileal.com\">jordi@jordileal.com<\/a><\/span><\/p>\n<p>+34 648 088 598[\/vc_column_text][\/vc_tta_section][vc_tta_section title=\u00bbMARC RAMONET\u00bb tab_id=\u00bb1479807601521-efadd133-fdd2&#8243;][vc_column_text]<a href=\"http:\/\/www.marcramonet.wordpress.com\" target=\"_blank\" rel=\"noopener noreferrer\">www.marcramonet.wordpress.com<\/a><\/p>\n<p>+34 679 968 790[\/vc_column_text][\/vc_tta_section][vc_tta_section title=\u00bbBODADEFOTO\u00bb tab_id=\u00bb1479807696886-330418b5-a8c7&#8243;][vc_column_text]<a href=\"http:\/\/www.bodadefoto.es\" target=\"_blank\" rel=\"noopener noreferrer\">www.bodadefoto.es<\/a><\/p>\n<p><span id=\"cloak12113\"><a href=\"mailto:mireia@bodadefoto.es\">mireia@bodadefoto.es<\/a><\/span><\/p>\n<p>+34 652 941 703[\/vc_column_text][\/vc_tta_section][vc_tta_section title=\u00bbCOLECCIONISTAS DE MOMENTOS\u00bb tab_id=\u00bb1479807767379-af417ccc-9fa2&#8243;][vc_column_text]<a href=\"http:\/\/www.coleccionistasdemomentos.com\" target=\"_blank\" rel=\"noopener noreferrer\">www.coleccionistasdemomentos.com<\/a><\/p>\n<p><span id=\"cloak12113\"><a href=\"mailto:colectivo.loscoleccionistas@gmail.com\">colectivo.loscoleccionistas@gmail.com<\/a><\/span><\/p>\n<p>+34 639 277 278 \/ +34 638 197 204[\/vc_column_text][\/vc_tta_section][vc_tta_section title=\u00bbWEDDING&#8217;S ART\u00bb tab_id=\u00bb1482339553106-7baf32f7-7d33&#8243;][vc_column_text]<a href=\"http:\/\/fotografo-bodas.net\/\" target=\"_blank\" rel=\"noopener noreferrer\">www.fotografo-bodas.net<\/a><\/p>\n<p><span id=\"cloak12113\"><a href=\"mailto:info@weddingsart.net\">info@weddingsart.net<\/a><\/span><\/p>\n<p>Ana\u00efs y Alex<\/p>\n<p>+34\u00a0686 230 328[\/vc_column_text][\/vc_tta_section][vc_tta_section title=\u00bbRAC\u00d3RDS FOTOGRAFIA \u00bb tab_id=\u00bb1523962092988-4ce81320-0ca7&#8243;][vc_column_text]<a href=\"http:\/\/www.racordsfotografia.com\">www.racordsfotografia.com<\/a><\/p>\n<p><a href=\"mailto:info@racordsfotografia.com\">info@racordsfotografia.com<\/a><\/p>\n<p>Carla<\/p>\n<p>+34 661 389 533[\/vc_column_text][\/vc_tta_section][vc_tta_section title=\u00bbSWINGYOURPICS \u00bb tab_id=\u00bb1524155268160-350b159c-b266&#8243;][vc_column_text]<a href=\"http:\/\/www.swingyourpics.com\">www.swingyourpics.com<\/a><\/p>\n<p><a href=\"mailto:info@swingyourpics.com\">info@swingyourpics.com<\/a><\/p>\n<p>Cris<\/p>\n<p>+34 655 028 048[\/vc_column_text][\/vc_tta_section][\/vc_tta_accordion][\/vc_column][vc_column width=\u00bb1\/4&#8243;][vc_column_text]<\/p>\n<h3 style=\"text-align: left;\"><span style=\"color: #cc3366;\">MODA PARA NOVIA<\/span><\/h3>\n<p>[\/vc_column_text][vc_tta_accordion shape=\u00bbsquare\u00bb color=\u00bbwhite\u00bb c_icon=\u00bb\u00bb active_section=\u00bb1&#8243;][vc_tta_section title=\u00bbJOSE M\u00aa PEIR\u00d3\u00bb tab_id=\u00bb1478580206384-7e4a1a0a-2333&#8243;][vc_column_text]<a href=\"http:\/\/www.whiteday.es\" target=\"_blank\" rel=\"noopener noreferrer\">www.whiteday.es<\/a><\/p>\n<p><span id=\"cloak98712\">Jose Maria Peir\u00f3 \/ Barcelona<\/span><\/p>\n<p>+34 933 680 975 \/ +34 617 393 823[\/vc_column_text][\/vc_tta_section][vc_tta_section title=\u00bbIMMA CL\u00c9\u00bb tab_id=\u00bb1478580206843-50cde719-2ba0&#8243;][vc_column_text]<a href=\"http:\/\/www.immacle.com\" target=\"_blank\" rel=\"noopener noreferrer\">www.immacle.com<\/a><\/p>\n<p><span id=\"cloak16311\">Barcelona<\/span><\/p>\n<p><span id=\"cloak16311\"><a href=\"mailto:info@immacle.com\">info@immacle.com<\/a><\/span><\/p>\n<p>+34 933 623 509<\/p>\n<p>[\/vc_column_text][\/vc_tta_section][vc_tta_section title=\u00bbSANTOSCOSTURA\u00bb tab_id=\u00bb1478580207333-9161e783-4c87&#8243;][vc_column_text]<a href=\"http:\/\/www.santoscostura.com\" target=\"_blank\" rel=\"noopener noreferrer\">www.santoscostura.com<\/a><\/p>\n<p><span id=\"cloak16311\">Sabadell<\/span><\/p>\n<p><span id=\"cloak16311\"><a href=\"mailto:info@santoscostura.com\">info@santoscostura.com<\/a><\/span><\/p>\n<p>+34 93 726 01 75[\/vc_column_text][\/vc_tta_section][vc_tta_section title=\u00bbOTADUY\u00bb tab_id=\u00bb1479808177385-c7116c1a-a64d\u00bb][vc_column_text]<a href=\"http:\/\/www.otaduy.co\" target=\"_blank\" rel=\"noopener noreferrer\">www.otaduy.co<\/a><\/p>\n<p><span id=\"cloak16311\">Barcelona<\/span><\/p>\n<p><span id=\"cloak16311\"><a href=\"mailto:info@otaduy.co\">info@otaduy.co<\/a><\/span><\/p>\n<p>+34 93 726 01 75[\/vc_column_text][\/vc_tta_section][vc_tta_section title=\u00bbROSA CLAR\u00c0\u00bb tab_id=\u00bb1479808244423-025a02af-c310&#8243;][vc_column_text]<a href=\"http:\/\/www.rosaclara.es\" target=\"_blank\" rel=\"noopener noreferrer\">www.rosaclara.es<\/a><\/p>\n<p><span id=\"cloak16311\">Barcelona<\/span><\/p>\n<p>+34 934 873 333[\/vc_column_text][\/vc_tta_section][vc_tta_section title=\u00bbVER\u00d3NICA MIRANDA\u00bb tab_id=\u00bb1479808545084-f40655b2-8b27&#8243;][vc_column_text]<a href=\"http:\/\/www.veronicamiranda.es\" target=\"_blank\" rel=\"noopener noreferrer\">www.veronicamiranda.es<\/a><\/p>\n<p><span id=\"cloak16311\">Ver\u00f3nica Miranda<\/span><\/p>\n<p><span id=\"cloak16311\"><a href=\"mailto:veronica@veronicamiranda.es\">veronica@veronicamiranda.es<\/a><\/span><\/p>\n<p>+34 934 196 296[\/vc_column_text][\/vc_tta_section][vc_tta_section title=\u00bbYOLANCRIS\u00bb tab_id=\u00bb1479808406701-143438ee-9a62&#8243;][vc_column_text]<a href=\"http:\/\/www.yolancris.com\" target=\"_blank\" rel=\"noopener noreferrer\">www.yolancris.com<\/a><\/p>\n<p><span id=\"cloak16311\"><a href=\"mailto:info@yolancris.com\">info@yolancris.com<\/a><\/span><\/p>\n<p>+34 937 278 922[\/vc_column_text][\/vc_tta_section][vc_tta_section title=\u00bbTERESA HELBIG\u00bb tab_id=\u00bb1479808467124-756462db-946d\u00bb][vc_column_text]<a href=\"http:\/\/www.teresahelbig.com\" target=\"_blank\" rel=\"noopener noreferrer\">www.teresahelbig.com<\/a><\/p>\n<p><span id=\"cloak16311\"><a href=\"mailto:info@teresahelbig.com\">info@teresahelbig.com<\/a><\/span><\/p>\n<p>+34 934 515 544<\/p>\n<p>[\/vc_column_text][\/vc_tta_section][\/vc_tta_accordion][\/vc_column][vc_column width=\u00bb1\/4&#8243;][vc_column_text]<\/p>\n<h3 style=\"text-align: left;\"><span style=\"color: #cc3366;\">IMAGEN, SONIDO, LUZ, M\u00daSICA\u2026<\/span><\/h3>\n<p>[\/vc_column_text][vc_tta_accordion shape=\u00bbsquare\u00bb color=\u00bbwhite\u00bb c_icon=\u00bb\u00bb active_section=\u00bb1&#8243;][vc_tta_section title=\u00bbPARENTESIS\u00bb tab_id=\u00bb1479808650363-c3052143-8a80&#8243;][vc_column_text]<a href=\"http:\/\/www.parentesisgrup.com\" target=\"_blank\" rel=\"noopener noreferrer\">www.parentesisgrup.com<\/a><\/p>\n<p><span id=\"cloak98712\">Llu\u00eds Barniol \/ Imatge i so <\/span><br \/>\n<span id=\"cloak98712\"><a href=\"mailto:lluis@parentesisgrup.com\">lluis@parentesisgrup.com<\/a><\/span><\/p>\n<p>+34 617 958 376[\/vc_column_text][\/vc_tta_section][vc_tta_section title=\u00bbDIVERTA\u00bb tab_id=\u00bb1478578740069-2d093f80-fbab\u00bb][vc_column_text]<a href=\"http:\/\/www.divertafesta.cat\" target=\"_blank\" rel=\"noopener noreferrer\">www.divertafesta.cat<\/a><\/p>\n<p><span id=\"cloak98712\">Anna <\/span><br \/>\n<span id=\"cloak98712\"><a href=\"mailto:anna@diverta.cat\">anna@diverta.cat<\/a><\/span><\/p>\n<p>+34 629 362 105[\/vc_column_text][\/vc_tta_section][vc_tta_section title=\u00bbDM ESPECT\u00c1CULOS\u00bb tab_id=\u00bb1479809228344-f64c1866-5888&#8243;][vc_column_text]<a href=\"http:\/\/www.dmespectaculos.com\" target=\"_blank\" rel=\"noopener noreferrer\">www.dmespectaculos.com<\/a><\/p>\n<p><span id=\"cloak98712\">Ernesto Gonz\u00e1lez \/ Discom\u00f2bil i producci\u00f3 art\u00edstica <\/span><br \/>\n<span id=\"cloak98712\"><a href=\"mailto:ernesto@dmespectaculos.com\">ernesto@dmespectaculos.com<\/a><\/span><\/p>\n<p>+34 669 866 088[\/vc_column_text][\/vc_tta_section][vc_tta_section title=\u00bbISCMUSIC\u00bb tab_id=\u00bb1479808812875-fa1068e3-ac3c\u00bb][vc_column_text]<a href=\"http:\/\/www.discmusic.net\" target=\"_blank\" rel=\"noopener noreferrer\">www.discmusic.net<\/a><\/p>\n<p><span id=\"cloak98712\">So i llum<\/span><br \/>\n[\/vc_column_text][\/vc_tta_section][vc_tta_section title=\u00bbACUSTICA\u00bb tab_id=\u00bb1479809295135-0e689122-a43a\u00bb][vc_column_text]<a href=\"http:\/\/www.acusticabcn.com\" target=\"_blank\" rel=\"noopener noreferrer\">www.acusticabcn.com<\/a><\/p>\n<p><span id=\"cloak98712\">Joan Carles Plaza \/ Esdeveniments corporatius<\/span><br \/>\n<span id=\"cloak98712\"><a href=\"mailto:acustica@acusticabcn.com\">acustica@acusticabcn.com<\/a><\/span><\/p>\n<p>+34 653 859 259[\/vc_column_text][\/vc_tta_section][vc_tta_section title=\u00bbDISCOMOVIL EVENTOS\u00bb tab_id=\u00bb1479808803297-8ebe79d6-93c0&#8243;][vc_column_text]<a href=\"http:\/\/www.discomovileventos.com\" target=\"_blank\" rel=\"noopener noreferrer\">www.discomovileventos.com<\/a><\/p>\n<p><span id=\"cloak98712\">Alberto<\/span><\/p>\n<p>+34 667 772 251[\/vc_column_text][\/vc_tta_section][vc_tta_section title=\u00bbDISCOMOVIL PARADISE\u00bb tab_id=\u00bb1479809461557-9298eb2f-01e7&#8243;][vc_column_text]<a href=\"http:\/\/www.discomovilparadise.com\" target=\"_blank\" rel=\"noopener noreferrer\">www.discomovilparadise.com<\/a><\/p>\n<p><span id=\"cloak98712\">Manresa (Barcelona)<\/span><br \/>\n<span id=\"cloak98712\"><a href=\"mailto:comercial@discomovilparadise.com\">comercial@discomovilparadise.com<\/a><\/span><\/p>\n<p>+34 977 860 591[\/vc_column_text][\/vc_tta_section][vc_tta_section title=\u00bbDEEJAY SOLUTIONS\u00bb tab_id=\u00bb1479809582247-e545e196-6964&#8243;][vc_column_text]<a href=\"http:\/\/www.musicpartiesproject.com\" target=\"_blank\" rel=\"noopener noreferrer\">www.musicpartiesproject.com<\/a><\/p>\n<p><span id=\"cloak98712\">Jordi Gavarr\u00f3<\/span><br \/>\n<span id=\"cloak98712\"><a href=\"mailto:info@musicpartiesproject.com\">info@musicpartiesproject.com<\/a><\/span><\/p>\n<p>+34 617 315 008[\/vc_column_text][\/vc_tta_section][\/vc_tta_accordion][\/vc_column][\/vc_row][vc_row gap=\u00bb35&#8243; css=\u00bb.vc_custom_1479717871622{padding-top: 80px !important;padding-bottom: 80px !important;}\u00bb][vc_column width=\u00bb1\/4&#8243;][vc_column_text]<\/p>\n<h3 style=\"text-align: left;\"><span style=\"color: #cc3366;\">PELUQUER\u00cdA Y MAQUILLAJE<\/span><\/h3>\n<p>[\/vc_column_text][vc_tta_accordion shape=\u00bbsquare\u00bb color=\u00bbwhite\u00bb c_icon=\u00bb\u00bb active_section=\u00bb1&#8243;][vc_tta_section title=\u00bbSPEL\u00bb tab_id=\u00bb1479810068452-70756227-c27c\u00bb][vc_column_text]<a href=\"http:\/\/www.spelperruquers.com\" target=\"_blank\" rel=\"noopener noreferrer\">www.spelperruquers.com<\/a><\/p>\n<p><span id=\"cloak98712\">Vanessa Espelt<\/span><\/p>\n<p><span id=\"cloak98712\"><a href=\"mailto:vanessaspelt@gmail.com\">vanessaspelt@gmail.com<\/a><\/span><\/p>\n<p>+34 938 213 819[\/vc_column_text][\/vc_tta_section][vc_tta_section title=\u00bbPEP GALLIFA\u00bb tab_id=\u00bb1479810258465-a582f7a2-b852&#8243;][vc_column_text]<a href=\"http:\/\/www.pepgallifa.com\" target=\"_blank\" rel=\"noopener noreferrer\">www.pepgallifa.com<\/a><\/p>\n<p><span id=\"cloak98712\">Pep Gallifa<\/span><\/p>\n<p><span id=\"cloak98712\"><a href=\"mailto:info@pepgallifa.com\">info@pepgallifa.com<\/a><\/span><\/p>\n<p>+34 938 890 233[\/vc_column_text][\/vc_tta_section][vc_tta_section title=\u00bbPERRUQUERIA CASTELLTER\u00c7OL\u00bb tab_id=\u00bb1479810237736-ed639593-89aa\u00bb][vc_column_text]<span id=\"cloak98712\">Carrer Pabordia, 7 (al costat del Mir\u00f3)<\/span><\/p>\n<p><span id=\"cloak98712\">Carme Costa<\/span><\/p>\n<p>+34 938 668 231[\/vc_column_text][\/vc_tta_section][vc_tta_section title=\u00bbAL SON DE UN PINCEL\u00bb tab_id=\u00bb1479810336950-d072a7a8-9941&#8243;][vc_column_text]<a href=\"http:\/\/alsondeunpincel.wordpress.com\" target=\"_blank\" rel=\"noopener noreferrer\">alsondeunpincel.wordpress.com<\/a><\/p>\n<p><span id=\"cloak98712\">Mireia Esteban<\/span><\/p>\n<p><span id=\"cloak98712\"><a href=\"mailto:alsondeunpincel@gmail.com\">alsondeunpincel@gmail.com<\/a><\/span><\/p>\n<p>+34 685 324 642[\/vc_column_text][\/vc_tta_section][vc_tta_section title=\u00bbTERESA SNOWBALL\u00bb tab_id=\u00bb1478589832377-1a076377-9b31&#8243;][vc_column_text]<a href=\"http:\/\/www.teresasnowball.com\" target=\"_blank\" rel=\"noopener noreferrer\">www.teresasnowball.com<\/a><\/p>\n<p><span id=\"cloak98712\">Teresa Snowball<\/span><\/p>\n<p><span id=\"cloak98712\"><a href=\"mailto:teresasnowball@gmail.com\">teresasnowball@gmail.com<\/a><\/span><\/p>\n<p>+34 627 63 87 63[\/vc_column_text][\/vc_tta_section][vc_tta_section title=\u00bbNOVIA PERFECTA\u00bb tab_id=\u00bb1479810506195-afc436b0-edd6&#8243;][vc_column_text]<a href=\"http:\/\/www.noviaperfecta.com\" target=\"_blank\" rel=\"noopener noreferrer\">www.noviaperfecta.com<\/a><\/p>\n<p><span id=\"cloak98712\">Mar\u00eda Jos\u00e9<\/span><\/p>\n<p>[\/vc_column_text][\/vc_tta_section][vc_tta_section title=\u00bbALLBEAUTY\u00bb tab_id=\u00bb1479810523209-5eb8b018-874d\u00bb][vc_column_text]<a href=\"http:\/\/www.allbeauty.es\" target=\"_blank\" rel=\"noopener noreferrer\">www.allbeauty.es<\/a><\/p>\n<p><span id=\"cloak98712\">Marta<\/span><\/p>\n<p>[\/vc_column_text][\/vc_tta_section][\/vc_tta_accordion][\/vc_column][vc_column width=\u00bb1\/4&#8243;][vc_column_text]<\/p>\n<h3 style=\"text-align: left;\"><span style=\"color: #cc3366;\">FLORISTER\u00cdA<\/span><\/h3>\n<p>[\/vc_column_text][vc_tta_accordion shape=\u00bbsquare\u00bb color=\u00bbwhite\u00bb c_icon=\u00bb\u00bb active_section=\u00bb1&#8243;][vc_tta_section title=\u00bbLOURDES LLAD\u00d3\u00bb tab_id=\u00bb1479810764501-f03818d7-fa00&#8243;][vc_column_text]<a href=\"http:\/\/www.lourdeslladoflorista.com\" target=\"_blank\" rel=\"noopener noreferrer\">www.lourdeslladoflorista.com<\/a><\/p>\n<p><span id=\"cloak98712\">Lourdes Llad\u00f3<\/span><\/p>\n<p><span id=\"cloak98712\"><a href=\"mailto:mlourdesllado@gmail.com\">mlourdesllado@gmail.com<\/a><\/span><\/p>\n<p>+34 938 228 917[\/vc_column_text][\/vc_tta_section][vc_tta_section title=\u00bbCURRIU\u00bb tab_id=\u00bb1478589835491-88cecb6d-a693&#8243;][vc_column_text]<a href=\"http:\/\/www.curriu.com\" target=\"_blank\" rel=\"noopener noreferrer\">www.curriu.com<\/a><\/p>\n<p><a href=\"http:\/www.facebook.com\/xavier.curriu\" target=\"_blank\" rel=\"noopener noreferrer\">www.facebook.com\/xavier.curriu<\/a><\/p>\n<p><span id=\"cloak98712\"><a href=\"mailto:curriu@curriu.com\">curriu@curriu.com<\/a><\/span><\/p>\n<p>+34 938 211 200[\/vc_column_text][\/vc_tta_section][vc_tta_section title=\u00bbGANG AND THE WOOL\u00bb tab_id=\u00bb1479810878049-63c2bc4c-51be\u00bb][vc_column_text]<a href=\"http:\/\/www.gangandthewool.com\" target=\"_blank\" rel=\"noopener noreferrer\">www.gangandthewool.com<\/a><\/p>\n<p><span id=\"cloak98712\"><a href=\"mailto:info@gangandthewool.com\">info@gangandthewool.com<\/a><\/span><\/p>\n<p>+34 652 570 979[\/vc_column_text][\/vc_tta_section][vc_tta_section title=\u00bbFLOWERS BY BORNAY\u00bb tab_id=\u00bb1479811019800-d070ff42-bfd3&#8243;][vc_column_text]<a href=\"http:\/\/www.bornay.ws\" target=\"_blank\" rel=\"noopener noreferrer\">www.bornay.ws<\/a><\/p>\n<p><span id=\"cloak98712\"><a href=\"mailto:info@bornay.ws\">info@bornay.ws<\/a><\/span><\/p>\n<p>+34 687 496 462[\/vc_column_text][\/vc_tta_section][vc_tta_section title=\u00bbMOLIST FLORISTES\u00bb tab_id=\u00bb1585739280137-b9a1a873-15d6&#8243;][vc_column_text]<a href=\"http:\/\/www.molistfloristes.com\" target=\"_blank\" rel=\"noopener noreferrer\">www.molistfloristes.com<\/a><\/p>\n<p><span id=\"cloak98712\"><a href=\"mailto:info@molistfloristes.com\">info@molistfloristes.com<\/a><\/span><\/p>\n<p>+34 696 566 136[\/vc_column_text][\/vc_tta_section][\/vc_tta_accordion][\/vc_column][vc_column width=\u00bb1\/4&#8243;][vc_column_text]<\/p>\n<h3 style=\"text-align: left;\"><span style=\"color: #cc3366;\">INSTALACI\u00d3N\u00a0DE CARPAS<\/span><\/h3>\n<p>[\/vc_column_text][vc_tta_accordion shape=\u00bbsquare\u00bb color=\u00bbwhite\u00bb c_icon=\u00bb\u00bb active_section=\u00bb1&#8243;][vc_tta_section title=\u00bbFESTA 10&#8243; tab_id=\u00bb1478589838908-d6002135-f7a5&#8243;][vc_column_text]<a href=\"http:\/\/www.festa10.com\" target=\"_blank\" rel=\"noopener noreferrer\">www.festa10.com<\/a><\/p>\n<p><span id=\"cloak98712\"><a href=\"mailto:festa10@festa10.com\">festa10@festa10.com<\/a><\/span><\/p>\n<p>+34 617 436 945 \/ +34 608 940 702[\/vc_column_text][\/vc_tta_section][vc_tta_section title=\u00bbCARPAS BALL\u00daS\u00bb tab_id=\u00bb1478589839450-2dd07711-16f8&#8243;][vc_column_text]<a href=\"http:\/\/www.carpasballus.com\/\" target=\"_blank\" rel=\"noopener noreferrer\">www.carpasballus.com\/<\/a><\/p>\n<p><span id=\"cloak16311\"><a href=\"mailto:jaume@envelatsballus.com\">jaume@envelatsballus.com<\/a><\/span><\/p>\n<p>+34 938 491 037 \/ +34 608 735 037[\/vc_column_text][\/vc_tta_section][vc_tta_section title=\u00bbGRAN VILAYA\u00bb tab_id=\u00bb1479811207191-13bebe4b-a504&#8243;][vc_column_text]<a href=\"http:\/\/www.carpasgranvilaya.com\" target=\"_blank\" rel=\"noopener noreferrer\">www.carpasgranvilaya.com<\/a><\/p>\n<p><span id=\"cloak16311\"><a href=\"mailto:hola@carpasgranvilaya.com\">hola@carpasgranvilaya.com<\/a><\/span><\/p>\n<p>+34 938 834 442[\/vc_column_text][\/vc_tta_section][vc_tta_section title=\u00bbPROJECT CARPAS\u00bb tab_id=\u00bb1479811210936-c4dc399b-3e3d\u00bb][vc_column_text]<a href=\"http:\/\/www.projectcarpas.com\" target=\"_blank\" rel=\"noopener noreferrer\">www.projectcarpas.com<\/a><\/p>\n<p><span id=\"cloak16311\"><a href=\"mailto:info@projectcarpas.com\">info@projectcarpas.com<\/a><\/span><\/p>\n<p>+34 934 360 019[\/vc_column_text][\/vc_tta_section][\/vc_tta_accordion][\/vc_column][vc_column width=\u00bb1\/4&#8243;][vc_column_text]<\/p>\n<h3 style=\"text-align: left;\"><span style=\"color: #cc3366;\">ALQUILER DE MATERIAL<\/span><\/h3>\n<p>[\/vc_column_text][vc_tta_accordion shape=\u00bbsquare\u00bb color=\u00bbwhite\u00bb c_icon=\u00bb\u00bb active_section=\u00bb1&#8243;][vc_tta_section title=\u00bbMMPLATS\u00bb tab_id=\u00bb1479811393998-6e34f2b8-d5f0&#8243;][vc_column_text]<a href=\"http:\/\/www.mmplats.com\" target=\"_blank\" rel=\"noopener noreferrer\">www.mmplats.com<\/a><\/p>\n<p><span id=\"cloak98712\">M\u00f2nica<\/span><\/p>\n<p><span id=\"cloak98712\"><a href=\"mailto:comercial@mmplats.com\">comercial@mmplats.com<\/a><\/span><\/p>\n<p>+34 619 706 330[\/vc_column_text][\/vc_tta_section][vc_tta_section title=\u00bbALQUILER HOSTELERIA\u00bb tab_id=\u00bb1479811466935-20c6ef72-864b\u00bb][vc_column_text]<a href=\"http:\/\/www.alquilerhosteleria.com\" target=\"_blank\" rel=\"noopener noreferrer\">www.alquilerhosteleria.com<\/a><\/p>\n<p><span id=\"cloak98712\">Agust\u00ed i Cristina \/ La Garriga<\/span><\/p>\n<p><span id=\"cloak98712\"><a href=\"mailto:info@alquilerhosteleria.com\">info@alquilerhosteleria.com<\/a><\/span><\/p>\n<p>+34 938 607 046[\/vc_column_text][\/vc_tta_section][vc_tta_section title=\u00bbCAPRI\u00bb tab_id=\u00bb1479811528246-13075e41-a3f2&#8243;][vc_column_text]<a href=\"http:\/\/www.mscapri.com\" target=\"_blank\" rel=\"noopener noreferrer\">www.mscapri.com<\/a><\/p>\n<p><span id=\"cloak98712\">Vic<\/span><\/p>\n<p><span id=\"cloak98712\"><a href=\"mailto:info@mscapri.com\">info@mscapri.com<\/a><\/span><\/p>\n<p>+34 938 860 869 \/ +34 629 334 465[\/vc_column_text][\/vc_tta_section][vc_tta_section title=\u00bbCRIMONS\u00bb tab_id=\u00bb1478589842164-4278e229-951d\u00bb][vc_column_text]<a href=\"http:\/\/www.crimons.com\" target=\"_blank\" rel=\"noopener noreferrer\">www.crimons.com<\/a><\/p>\n<p><span id=\"cloak98712\"><a href=\"mailto:info@crimons.com\">info@crimons.com<\/a><\/span><\/p>\n<p>+34 934 532 254[\/vc_column_text][\/vc_tta_section][\/vc_tta_accordion][\/vc_column][\/vc_row][vc_row gap=\u00bb35&#8243; css=\u00bb.vc_custom_1479717878994{padding-top: 80px !important;padding-bottom: 80px !important;}\u00bb][vc_column width=\u00bb1\/4&#8243;][vc_column_text]<\/p>\n<h3 style=\"text-align: left;\"><span style=\"color: #cc3366;\">ANIMACI\u00d3N INFANTIL, JUEGOS Y SERVICIO DE CANGURO<\/span><\/h3>\n<p>[\/vc_column_text][vc_tta_accordion shape=\u00bbsquare\u00bb color=\u00bbwhite\u00bb c_icon=\u00bb\u00bb active_section=\u00bb1&#8243;][vc_tta_section title=\u00bbXALEM\u00bb tab_id=\u00bb1478589851240-6f97b18a-5a89&#8243;][vc_column_text]<a href=\"http:\/\/www.xalem.catm\/\" target=\"_blank\" rel=\"noopener noreferrer\">www.xalem.cat<\/a><\/p>\n<p><span id=\"cloak98712\">Jocs i cangurs<\/span><\/p>\n<p><span id=\"cloak98712\">Joana Niub\u00f2 \/ Casserres<\/span><\/p>\n<p><a href=\"mailto:xalem@xalem.cat\">xalem@xalem.cat<\/a><\/p>\n<p>+34 645 549 709[\/vc_column_text][\/vc_tta_section][vc_tta_section title=\u00bbPARELLADE2&#8243; tab_id=\u00bb1478589851814-f7b8805c-1ba2&#8243;][vc_column_text]<a href=\"http:\/\/www.parellade2.cat\" target=\"_blank\" rel=\"noopener noreferrer\">www.parellade2.cat<\/a><\/p>\n<p><span id=\"cloak16311\">Roger Rius<\/span><\/p>\n<p><span id=\"cloak16311\"><a href=\"mailto:info@parellade2.cat\">info@parellade2.cat<\/a><\/span><\/p>\n<p>+34 609 033 731[\/vc_column_text][\/vc_tta_section][vc_tta_section title=\u00bbARTEFACTO\u00bb tab_id=\u00bb1479811866815-6d484db6-6ae1&#8243;][vc_column_text]<a href=\"http:\/\/www.calblay.com\/\" target=\"_blank\" rel=\"noopener noreferrer\">www.calblay.com<\/a><\/p>\n<p><span id=\"cloak16311\">Xavi Cabr\u00e9 <\/span><\/p>\n<p><span id=\"cloak16311\"><a href=\"mailto:artefacto.creacionsimogudes@gmail\">artefacto.creacionsimogudes@gmail<\/a><\/span><\/p>\n<p>+34 651 381 150[\/vc_column_text][\/vc_tta_section][\/vc_tta_accordion][\/vc_column][vc_column width=\u00bb1\/4&#8243;][vc_column_text]<\/p>\n<h3 style=\"text-align: left;\"><span style=\"color: #cc3366;\"> DECORACI\u00d3N <\/span><\/h3>\n<p>[\/vc_column_text][vc_tta_accordion shape=\u00bbsquare\u00bb color=\u00bbwhite\u00bb c_icon=\u00bb\u00bb active_section=\u00bb1&#8243;][vc_tta_section title=\u00bbMADERA &amp; CHOCOLATE\u00bb tab_id=\u00bb1478589854455-bdd264b7-73a1&#8243;][vc_column_text]<a href=\"http:\/\/www.maderaychocolate.com\" target=\"_blank\" rel=\"noopener noreferrer\">www.maderaychocolate.com<\/a><\/p>\n<p><span id=\"cloak3149\"><a href=\"mailto:ideas@maderaychocolate.com\">ideas@maderaychocolate.com<\/a><\/span><\/p>\n<p>+34 692 141 703[\/vc_column_text][\/vc_tta_section][vc_tta_section title=\u00bbDETALLERIE\u00bb tab_id=\u00bb1478589855029-b9bf97a6-8a61&#8243;][vc_column_text]<a href=\"http:\/\/www.detallerie.com\/blog\" target=\"_blank\" rel=\"noopener noreferrer\">www.detallerie.com\/blog<\/a><\/p>\n<p><span id=\"cloak48077\"><a href=\"mailto:hola@detallerie.com\">hola@detallerie.com<\/a><\/span><\/p>\n<p>+34 650 471 776[\/vc_column_text][\/vc_tta_section][vc_tta_section title=\u00bbBLANC EXPERIENCE\u00bb tab_id=\u00bb1478589855623-eeaa9021-6c20&#8243;][vc_column_text]<a href=\"http:\/\/www.blancexperience.cat\" target=\"_blank\" rel=\"noopener noreferrer\">www.blancexperience.cat<\/a><\/p>\n<p><span id=\"cloak15474\"><a href=\"mailto:info@blancexperience.cat\">info@blancexperience.cat<\/a><\/span><\/p>\n<p>+34 633 750 447[\/vc_column_text][\/vc_tta_section][\/vc_tta_accordion][\/vc_column][vc_column width=\u00bb1\/4&#8243;][vc_column_text]<\/p>\n<h3 style=\"text-align: left;\"><span style=\"color: #cc3366;\"> V\u00cdDEO <\/span><\/h3>\n<p>[\/vc_column_text][vc_tta_accordion shape=\u00bbsquare\u00bb color=\u00bbwhite\u00bb c_icon=\u00bb\u00bb active_section=\u00bb1&#8243;][vc_tta_section title=\u00bbONEDAYONESONG\u00bb tab_id=\u00bb1479812367098-74adba14-3ade\u00bb][vc_column_text]<a href=\"http:\/\/es.onedayonesong.info\" target=\"_blank\" rel=\"noopener noreferrer\">es.onedayonesong.info<\/a><\/p>\n<p><span id=\"cloak16311\">Maria Pons Carles<\/span><\/p>\n<p><span id=\"cloak16311\"><a href=\"mailto:contacta@onedayonesong.info\">contacta@onedayonesong.info<\/a><\/span><\/p>\n<p>+34 677 513 725[\/vc_column_text][\/vc_tta_section][vc_tta_section title=\u00bbSERVILLETA DE PAPEL\u00bb tab_id=\u00bb1479812307082-bb93effe-5f24&#8243;][vc_column_text]<a href=\"http:\/\/www.servilletadepapel.es\" target=\"_blank\" rel=\"noopener noreferrer\">www.servilletadepapel.es<\/a><\/p>\n<p><span id=\"cloak16311\">Jordi<\/span><\/p>\n<p><span id=\"cloak16311\"><a href=\"mailto:info@servilletadepapel.es\">info@servilletadepapel.es<\/a><\/span><\/p>\n<p>+34 667 413 422[\/vc_column_text][\/vc_tta_section][vc_tta_section title=\u00bbWEDDING&#8217;S ART\u00bb tab_id=\u00bb1482339678968-7342c0db-85a6&#8243;][vc_column_text]<a href=\"http:\/\/fotografo-bodas.net\/\" target=\"_blank\" rel=\"noopener noreferrer\">www.fotografo-bodas.net<\/a><\/p>\n<p><span id=\"cloak16311\">Ana\u00efs y Alex<\/span><\/p>\n<p><span id=\"cloak16311\"><a href=\"mailto:info@weddingsart.net\">info@weddingsart.net<\/a><\/span><\/p>\n<p>+34\u00a0686 230 328[\/vc_column_text][\/vc_tta_section][vc_tta_section title=\u00bbSWINGYOURPICS\u00bb tab_id=\u00bb1524222176525-727cdc9c-b5c4&#8243;][vc_column_text]<a href=\"http:\/\/www.swingyourpics.com\" target=\"_blank\" rel=\"noopener noreferrer\">www.swingyourpics.com<\/a><\/p>\n<p><span id=\"cloak16311\">Cris<\/span><\/p>\n<p><span id=\"cloak16311\"><a href=\"mailto:info@swingyourpics.com\">info@swingyourpics.com<\/a><\/span><\/p>\n<p>+34\u00a0655 028 048[\/vc_column_text][\/vc_tta_section][\/vc_tta_accordion][\/vc_column][vc_column width=\u00bb1\/4&#8243;][vc_column_text]<\/p>\n<h3 style=\"text-align: left;\"><span style=\"color: #cc3366;\"> TRANSPORTE<\/span><\/h3>\n<p>[\/vc_column_text][vc_tta_accordion shape=\u00bbsquare\u00bb color=\u00bbwhite\u00bb c_icon=\u00bb\u00bb active_section=\u00bb1&#8243;][vc_tta_section title=\u00bbTAXIS FERRER COMA\u00bb tab_id=\u00bb1478589860944-412fb5b5-7ab7&#8243;][vc_column_text]<a href=\"http:\/\/www.taxisferrercoma.com\" target=\"_blank\" rel=\"noopener noreferrer\">www.taxisferrercoma.com<\/a><\/p>\n<p><span id=\"cloak98712\">Miquel Ferrer &#8211; S\u00edlvia Coma \/ Castellter\u00e7ol<\/span><\/p>\n<p><span id=\"cloak98712\"><a href=\"mailto:ferrercoma@hotmail.com\">ferrercoma@hotmail.com<\/a><\/span><\/p>\n<p>+34 666 891 097 \/ +34 610 743 605[\/vc_column_text][\/vc_tta_section][vc_tta_section title=\u00bbLIMOUSINE RENTAL\u00bb tab_id=\u00bb1478589861499-a022e599-f805&#8243;][vc_column_text]<a href=\"http:\/\/www.limorent.com\" target=\"_blank\" rel=\"noopener noreferrer\">www.limorent.com<\/a><\/p>\n<p><span id=\"cloak16311\"><a href=\"mailto:central@limorent.com\">central@limorent.com<\/a><\/span><\/p>\n<p>+34 933 741 800[\/vc_column_text][\/vc_tta_section][\/vc_tta_accordion][\/vc_column][\/vc_row][vc_row gap=\u00bb35&#8243; css=\u00bb.vc_custom_1479717885518{padding-top: 80px !important;padding-bottom: 80px !important;}\u00bb][vc_column width=\u00bb1\/4&#8243;][vc_column_text]<\/p>\n<h3 style=\"text-align: left;\"><span style=\"color: #cc3366;\">POSTRES Y DULCES<\/span><\/h3>\n<p>[\/vc_column_text][vc_tta_accordion shape=\u00bbsquare\u00bb color=\u00bbwhite\u00bb c_icon=\u00bb\u00bb active_section=\u00bb1&#8243;][vc_tta_section title=\u00bbSWEET IN A BOX\u00bb tab_id=\u00bb1478589887463-37bb123c-34cc\u00bb][vc_column_text]<a href=\"http:\/\/www.sweetinabox.es\" target=\"_blank\" rel=\"noopener noreferrer\">www.sweetinabox.es<\/a><\/p>\n<p><span id=\"cloak98712\">Cristina Mor\u00ed\u00f1igo<\/span><\/p>\n<p><span id=\"cloak98712\"><a href=\"mailto:cmorinigo@sweetinabox.es\">cmorinigo@sweetinabox.es<\/a><\/span><\/p>\n<p>+34 616 740 978[\/vc_column_text][\/vc_tta_section][vc_tta_section title=\u00bbPLATITOS DE AZ\u00daCAR\u00bb tab_id=\u00bb1479812727123-4cde968d-48db\u00bb][vc_column_text]<a href=\"http:\/\/www.platitosdeazucar.com\" target=\"_blank\" rel=\"noopener noreferrer\">www.platitosdeazucar.com<\/a><\/p>\n<p><span id=\"cloak98712\">M\u00edriam Mart\u00edn<\/span><\/p>\n<p><span id=\"cloak98712\"><a href=\"mailto:platitosdeazucar@gmail.com\">platitosdeazucar@gmail.com<\/a><\/span><\/p>\n<p>+34 692 656 107 \/ +34 931 798 563[\/vc_column_text][\/vc_tta_section][\/vc_tta_accordion][\/vc_column][vc_column width=\u00bb1\/4&#8243;][vc_column_text]<\/p>\n<h3 style=\"text-align: left;\"><span style=\"color: #cc3366;\">VEH\u00cdCULOS PARA CELEBRACIONES<\/span><\/h3>\n<p>[\/vc_column_text][vc_tta_accordion shape=\u00bbsquare\u00bb color=\u00bbwhite\u00bb c_icon=\u00bb\u00bb active_section=\u00bb1&#8243;][vc_tta_section title=\u00bbSIDEYCAR\u00bb tab_id=\u00bb1478589891350-f57d36c6-370f\u00bb][vc_column_text]<a href=\"http:\/\/www.sideycar.com\" target=\"_blank\" rel=\"noopener noreferrer\">www.sideycar.com<\/a><\/p>\n<p><span id=\"cloak3149\">Angel \/ Nav\u00e0s<\/span><\/p>\n<p>+34 938 204 953 \/ +34 609 240 265[\/vc_column_text][\/vc_tta_section][\/vc_tta_accordion][\/vc_column][vc_column width=\u00bb1\/4&#8243;][vc_column_text]<\/p>\n<h3 style=\"text-align: left;\"><span style=\"color: #cc3366;\">BARRA LIBRE<\/span><\/h3>\n<p>[\/vc_column_text][vc_tta_accordion shape=\u00bbsquare\u00bb color=\u00bbwhite\u00bb c_icon=\u00bb\u00bb active_section=\u00bb1&#8243;][vc_tta_section title=\u00bbGINTONIC.CAT\u00bb tab_id=\u00bb1478589895231-165b7ef0-06a2&#8243;][vc_column_text]<a href=\"http:\/\/www.gintonic.cat\" target=\"_blank\" rel=\"noopener noreferrer\">www.gintonic.cat<\/a><\/p>\n<p><span id=\"cloak98712\">Jordi Mill\u00e1n<\/span><\/p>\n<p><span id=\"cloak98712\"><a href=\"mailto:info@gintonic.cat\">info@gintonic.cat<\/a><\/span><\/p>\n<p>+34 687 498 811[\/vc_column_text][\/vc_tta_section][\/vc_tta_accordion][\/vc_column][vc_column width=\u00bb1\/4&#8243;][vc_column_text]<\/p>\n<h3 style=\"text-align: left;\"><span style=\"color: #cc3366;\">M\u00daSICA EN DIRECTO<\/span><\/h3>\n<p>[\/vc_column_text][vc_tta_accordion shape=\u00bbsquare\u00bb color=\u00bbwhite\u00bb c_icon=\u00bb\u00bb active_section=\u00bb1&#8243;][vc_tta_section title=\u00bb&amp; SWING\u00bb tab_id=\u00bb1478589899025-93f1178c-f1b1&#8243;][vc_column_text]<a href=\"http:\/\/www.andswing.com\" target=\"_blank\" rel=\"noopener noreferrer\">www.andswing.com<\/a><\/p>\n<p><span id=\"cloak98712\">David Sais \/ Puig-Reig<\/span><\/p>\n<p><span id=\"cloak98712\"><a href=\"mailto:info@andswing.com\">info@andswing.com<\/a><\/span><\/p>\n<p>+34 629 068 232[\/vc_column_text][\/vc_tta_section][\/vc_tta_accordion][\/vc_column][\/vc_row][vc_row gap=\u00bb35&#8243; css=\u00bb.vc_custom_1479717892277{padding-top: 80px !important;padding-bottom: 80px !important;}\u00bb][vc_column width=\u00bb1\/4&#8243;][\/vc_column][vc_column width=\u00bb1\/4&#8243;][vc_column_text]<\/p>\n<h3 style=\"text-align: left;\"><span style=\"color: #cc3366;\">JOYER\u00cdA E ILUSTRACI\u00d3N<\/span><\/h3>\n<p>[\/vc_column_text][vc_tta_accordion shape=\u00bbsquare\u00bb color=\u00bbwhite\u00bb c_icon=\u00bb\u00bb active_section=\u00bb1&#8243;][vc_tta_section title=\u00bbCLARA NIUB\u00d2\u00bb tab_id=\u00bb1478589943542-27000585-b5b9&#8243;][vc_column_text]<a href=\"http:\/\/www.claraniubo.com\/\" target=\"_blank\" rel=\"noopener noreferrer\">www.claraniubo.com<\/a><\/p>\n<p>Clara Niub\u00f2<\/p>\n<p><span id=\"cloak80180\"><a href=\"mailto:hola@claraniubo.com\">hola@claraniubo.com<\/a><\/span><\/p>\n<p>+34 609 836 151[\/vc_column_text][\/vc_tta_section][\/vc_tta_accordion][\/vc_column][vc_column width=\u00bb1\/4&#8243;][vc_column_text]<\/p>\n<h3 style=\"text-align: left;\"><span style=\"color: #cc3366;\">DISE\u00d1O GR\u00c1FICO E INVITACIONES<\/span><\/h3>\n<p>[\/vc_column_text][vc_tta_accordion shape=\u00bbsquare\u00bb color=\u00bbwhite\u00bb c_icon=\u00bb\u00bb active_section=\u00bb1&#8243;][vc_tta_section title=\u00bbGRATSTUDIO\u00bb tab_id=\u00bb1478589947300-59efdabb-a3d1&#8243;][vc_column_text]<a href=\"http:\/\/www.gratstudio.com\/\" target=\"_blank\" rel=\"noopener noreferrer\">www.gratstudio.com<\/a><\/p>\n<p><a href=\"http:\/\/www.boding.cat\/\" target=\"_blank\" rel=\"noopener noreferrer\">www.boding.cat<\/a><\/p>\n<p>Ramon Garriga<\/p>\n<p><span id=\"cloak58627\"><a href=\"mailto:ramon@gratstudio.com\">ramon@gratstudio.com<\/a><\/span><\/p>\n<p>+34 616 687 039[\/vc_column_text][\/vc_tta_section][\/vc_tta_accordion][\/vc_column][vc_column width=\u00bb1\/4&#8243;][\/vc_column][\/vc_row][vc_row full_width=\u00bbstretch_row\u00bb css=\u00bb.vc_custom_1478590273133{padding-top: 100px !important;padding-bottom: 100px !important;background-image: url(https:\/\/calbernadas.com\/wp-content\/uploads\/2016\/10\/CEL_localitzacio.jpg?id=13442) !important;}\u00bb parallax_speed=\u00bb0.8&#8243; bg_video_transparent=\u00bb0&#8243; el_class=\u00bbcm-icon-big-item\u00bb][vc_column][cs_custom_heading text=\u00bbLOCALITZACI\u00d3N\u00bb font_container=\u00bbtag:h1|font_size:40px|text_align:center|color:%23ffffff\u00bb font_format=\u00bb700&#8243; style=\u00bbstyle-none\u00bb el_class=\u00bbcm-tailor-title-site\u00bb][\/vc_column][\/vc_row][vc_row css=\u00bb.vc_custom_1477557874325{padding-top: 80px !important;padding-bottom: 80px !important;}\u00bb][vc_column][vc_row_inner][vc_column_inner width=\u00bb1\/6&#8243;][\/vc_column_inner][vc_column_inner width=\u00bb2\/3&#8243;][vc_column_text css=\u00bb.vc_custom_1479747036592{padding-right: 10% !important;padding-left: 10% !important;}\u00bb]<\/p>\n<h5 style=\"text-align: center;\"><span style=\"color: #c36;\">El Munt es una mas\u00eda rodeada de silencio y de naturaleza, a 2 km de Castellter\u00e7ol, en la comarca del Moian\u00e8s y muy bien comunicada con Barcelona, a 40 km.<br \/>\nDe cara al sur, pero con vistas de los Pirineos, la casa goza de un inmenso bosque de pinos y encinas, y de una tranquilidad absoluta.<\/span><\/h5>\n<p>[\/vc_column_text][\/vc_column_inner][vc_column_inner width=\u00bb1\/6&#8243;][\/vc_column_inner][\/vc_row_inner][vc_empty_space height=\u00bb52px\u00bb][vc_row_inner][vc_column_inner width=\u00bb1\/3&#8243;][vc_column_text]<\/p>\n<h3><span style=\"color: #c36;\"><i class=\"fa fa-home uk-text-primary\"><\/i> DIRECCI\u00d3N<\/span><\/h3>\n<p style=\"font-size: 18px;\">Casa El Munt, afores s\/n<br \/>\n08183 Castellter\u00e7ol<br \/>\nComarca Moian\u00e8s<br \/>\nProvincia Barcelona<\/p>\n<h5><\/h5>\n<h3><span style=\"color: #c36;\"><i class=\"fa fa-home uk-text-primary\"><\/i> COORDENADAS GPS<\/span><\/h3>\n<p style=\"font-size: 18px;\">41\u00b044\u20195.92\u2033 N<br \/>\n2\u00b0 6\u201936.94\u2033 E<\/p>\n<p>[\/vc_column_text][\/vc_column_inner][vc_column_inner width=\u00bb2\/3&#8243;][vc_column_text]<\/p>\n<h3><span style=\"color: #c36;\"><i class=\"fa fa-home uk-text-primary\"><\/i>\u00bfC\u00d3MO LLEGAR?<\/span><\/h3>\n<p style=\"font-size: 18px;\"><strong>Desde Barcelona <\/strong><\/p>\n<p style=\"font-size: 18px;\">Hay que coger la salida 1 de la autov\u00eda AP-7, en direcci\u00f3n a Santa Perp\u00e8tua de la Moguda \u2013 Caldes de Montbui.<br \/>\nSe sigue la carretera C-59 en direcci\u00f3n a Caldes de Montbui y Sant Feliu de Codines.<br \/>\nDespu\u00e9s de Sant Feliu de Codines se llega al pueblo de Castellter\u00e7ol. Justo despu\u00e9s de la se\u00f1al de entrada al pueblo se encuentran dos sem\u00e1foros muy seguidos el uno del otro. Despu\u00e9s del segundo sem\u00e1foro, hay que girar a la izquierda en direcci\u00f3n a Granera.<br \/>\nSe sigue recto, siempre por dentro del pueblo de Castellter\u00e7ol, y a unos 700 metros se encuentra la se\u00f1alizaci\u00f3n que indica El Munt a mano izquierda (si se sale del pueblo es que la se\u00f1al ha quedado atr\u00e1s).<br \/>\nHay que seguir recto y desembocar en una pista forestal. Hay que seguirla y al cabo de 2,5 km se llega a la mas\u00eda El Munt.<\/p>\n<p style=\"font-size: 18px;\"><strong>Desde Moi\u00e0 (viniendo de Manresa o Vic)<\/strong><\/p>\n<p style=\"font-size: 18px;\">Despu\u00e9s del pueblo de Moi\u00e0 ya se llega al pueblo de Castellter\u00e7ol.<br \/>\nA la entrada del pueblo se encuentra una rotonda y m\u00e1s adelante dos sem\u00e1foros. Despu\u00e9s del segundo sem\u00e1foro hay que girar a la derecha en direcci\u00f3n a Granera.<br \/>\nHay que seguir recto, siempre por dentro del pueblo de Castellter\u00e7ol, y a unos 700 metros se encuentra la se\u00f1alizaci\u00f3n que indica El Munt a mano izquierda (si se sale del pueblo es que la se\u00f1al ha quedado atr\u00e1s).<br \/>\nHay que seguir recto y desembocar en una pista forestal. Hay que seguirla y al cabo de 2,5 km se llega a la mas\u00eda El Munt.<\/p>\n<p>[\/vc_column_text][\/vc_column_inner][\/vc_row_inner][\/vc_column][\/vc_row][vc_row full_width=\u00bbstretch_row_content_no_spaces\u00bb][vc_column][vc_gmaps link=\u00bb#E-8_JTNDaWZyYW1lJTIwc3JjJTNEJTIyaHR0cHMlM0ElMkYlMkZ3d3cuZ29vZ2xlLmNvbSUyRm1hcHMlMkZlbWJlZCUzRnBiJTNEJTIxMW0xOCUyMTFtMTIlMjExbTMlMjExZDM2MzIuNDk5OTA3OTQ5NzY3JTIxMmQyLjEwNzc2MzExNTY3ODQxNDIlMjEzZDQxLjczNDkzMjk4MjMzOTgxJTIxMm0zJTIxMWYwJTIxMmYwJTIxM2YwJTIxM20yJTIxMWkxMDI0JTIxMmk3NjglMjE0ZjEzLjElMjEzbTMlMjExbTIlMjExczB4MTJhNGU4N2M2ZGE0YWJhZiUyNTNBMHhhZjhmMjAwYmEwNDg5ZGM4JTIxMnNFTCUyQk1VTlQlMjE1ZTElMjEzbTIlMjExc2VzJTIxMnNlcyUyMTR2MTU1NDMxMDQzMjEzMiUyMTVtMiUyMTFzZXMlMjEyc2VzJTIyJTIwd2lkdGglM0QlMjIxMDAlMjUlMjIlMjBoZWlnaHQlM0QlMjI0NTAlMjIlMjBmcmFtZWJvcmRlciUzRCUyMjAlMjIlMjBzdHlsZSUzRCUyMmJvcmRlciUzQTAlMjIlMjBhbGxvd2Z1bGxzY3JlZW4lM0UlM0MlMkZpZnJhbWUlM0U=\u00bb][\/vc_column][\/vc_row][vc_row full_width=\u00bbstretch_row\u00bb css=\u00bb.vc_custom_1478590522763{padding-top: 100px !important;padding-bottom: 100px !important;background-image: url(https:\/\/calbernadas.com\/wp-content\/uploads\/2016\/10\/CEL_contacte02-1.jpg?id=13445) !important;}\u00bb parallax_speed=\u00bb0.8&#8243; bg_video_transparent=\u00bb0&#8243; el_class=\u00bbcm-icon-big-item\u00bb][vc_column][cs_custom_heading text=\u00bbCONTACTO\u00bb font_container=\u00bbtag:h1|font_size:40px|text_align:center|color:%23ffffff\u00bb font_format=\u00bb700&#8243; style=\u00bbstyle-none\u00bb el_class=\u00bbcm-tailor-title-site\u00bb][\/vc_column][\/vc_row][vc_row css=\u00bb.vc_custom_1477557874325{padding-top: 80px !important;padding-bottom: 80px !important;}\u00bb][vc_column width=\u00bb1\/3&#8243;][vc_column_text]<\/p>\n<h3><\/h3>\n<h3><span style=\"color: #cc3366;\">JOSEP NIUB\u00d2<\/span><br \/>\n<span style=\"color: #cc3366;\">RAMONA CASAS<\/span><br \/>\n<span style=\"color: #cc3366;\">ANNA NIUB\u00d2<\/span><\/h3>\n<h3><\/h3>\n<p style=\"font-size: 18px;\">+34 636 533 958<br \/>\n+34 938 234 082<br \/>\n<span id=\"cloak78436\"><a href=\"mailto:info@calbernadas.com\">info@calbernadas.com<\/a><\/span><\/p>\n<p>[\/vc_column_text]        <div  id=\"cs_social1777306332_169ef8adc9b01b\" class=\"cshero-social cs-social-layout1 \">\r\n            <style type=\"text\/css\" scoped>\r\n               .cshero_content_1777306332_169ef8adc9b01b.cshero-social-list a:hover i {\r\n                    background-color:  !important;\r\n                    border-color:  !important;\r\n                    color:  !important;\r\n                    white-space: inherit;\r\n               }\r\n            <\/style>\r\n                            \r\n<div class=\"cshero_content_1777306332_169ef8adc9b01b cshero-social-list \">\r\n            <a href=\"https:\/\/www.facebook.com\/calbernadas?fref=ts\" style=\"font-size:\"><i style=\"      border-style: none;   \" class=\"fa fa-facebook\"><\/i><\/a>\r\n                <a href=\"https:\/\/instagram.com\/calbernadas\/\" style=\"font-size:\"><i style=\"      border-style: none;   \" class=\"fa fa-instagram\"><\/i><\/a>\r\n                <a href=\"https:\/\/twitter.com\/calbernadas\" style=\"font-size:\"><i style=\"      border-style: none;   \" class=\"fa fa-twitter\"><\/i><\/a>\r\n                                            \r\n<\/div>               \r\n        <\/div>\r\n        [\/vc_column][vc_column width=\u00bb2\/3&#8243;]\n<div class=\"wpcf7 no-js\" id=\"wpcf7-f17356-o1\" lang=\"en-US\" dir=\"ltr\">\n<div class=\"screen-reader-response\"><p role=\"status\" aria-live=\"polite\" aria-atomic=\"true\"><\/p> <ul><\/ul><\/div>\n<form action=\"\/es\/wp-json\/wp\/v2\/pages\/14281#wpcf7-f17356-o1\" method=\"post\" class=\"wpcf7-form init\" aria-label=\"Contact form\" novalidate=\"novalidate\" data-status=\"init\">\n<div style=\"display: none;\">\n<input type=\"hidden\" name=\"_wpcf7\" value=\"17356\" \/>\n<input type=\"hidden\" name=\"_wpcf7_version\" value=\"5.8.2\" \/>\n<input type=\"hidden\" name=\"_wpcf7_locale\" value=\"en_US\" \/>\n<input type=\"hidden\" name=\"_wpcf7_unit_tag\" value=\"wpcf7-f17356-o1\" \/>\n<input type=\"hidden\" name=\"_wpcf7_container_post\" value=\"0\" \/>\n<input type=\"hidden\" name=\"_wpcf7_posted_data_hash\" value=\"\" \/>\n<\/div>\n<div class=\"row\">\n\t<div class=\"col-xs-12 col-sm-12 col-md-12 col-lg-12\">\n\t\t<p><span class=\"wpcf7-form-control-wrap\" data-name=\"nom\"><input size=\"40\" class=\"wpcf7-form-control wpcf7-text wpcf7-validates-as-required name\" id=\"name\" aria-required=\"true\" aria-invalid=\"false\" placeholder=\"Tu nombre\" value=\"\" type=\"text\" name=\"nom\" \/><\/span>\n\t\t<\/p>\n\t<\/div>\n<\/div>\n<div class=\"row\">\n\t<div class=\"col-xs-12 col-sm-12 col-md-12 col-lg-12\">\n\t\t<p><span class=\"wpcf7-form-control-wrap\" data-name=\"email\"><input size=\"40\" class=\"wpcf7-form-control wpcf7-email wpcf7-text wpcf7-validates-as-email email\" id=\"email\" aria-invalid=\"false\" placeholder=\"Tu correo electr\u00f3nico\" value=\"\" type=\"email\" name=\"email\" \/><\/span>\n\t\t<\/p>\n\t<\/div>\n<\/div>\n<div class=\"row\">\n\t<div class=\"col-xs-12 col-sm-12 col-md-12 col-lg-12\">\n\t\t<p><span class=\"wpcf7-form-control-wrap\" data-name=\"phone\"><input size=\"40\" class=\"wpcf7-form-control wpcf7-text wpcf7-validates-as-required phone\" id=\"phone\" aria-required=\"true\" aria-invalid=\"false\" placeholder=\"Tel\u00e9fono\" value=\"\" type=\"text\" name=\"phone\" \/><\/span>\n\t\t<\/p>\n\t<\/div>\n<\/div>\n<div class=\"row\">\n\t<div class=\"col-xs-12 col-sm-12 col-md-12 col-lg-12\">\n\t\t<p><span class=\"wpcf7-form-control-wrap\" data-name=\"adults\"><input size=\"40\" class=\"wpcf7-form-control wpcf7-text wpcf7-validates-as-required\" aria-required=\"true\" aria-invalid=\"false\" placeholder=\"N\u00famero de adultos\" value=\"\" type=\"text\" name=\"adults\" \/><\/span>\n\t\t<\/p>\n\t<\/div>\n<\/div>\n<div class=\"row\">\n\t<div class=\"col-xs-12 col-sm-12 col-md-12 col-lg-12\">\n\t\t<p><span class=\"wpcf7-form-control-wrap\" data-name=\"nens\"><input size=\"40\" class=\"wpcf7-form-control wpcf7-text wpcf7-validates-as-required\" aria-required=\"true\" aria-invalid=\"false\" placeholder=\"N\u00famero de ni\u00f1os (de 2 a 15 a\u00f1os)\" value=\"\" type=\"text\" name=\"nens\" \/><\/span>\n\t\t<\/p>\n\t<\/div>\n<\/div>\n<div class=\"row\">\n\t<div class=\"col-xs-12 col-sm-12 col-md-12 col-lg-12\">\n\t\t<p><span class=\"wpcf7-form-control-wrap\" data-name=\"nadons\"><input size=\"40\" class=\"wpcf7-form-control wpcf7-text wpcf7-validates-as-required\" aria-required=\"true\" aria-invalid=\"false\" placeholder=\"N\u00famero de reci\u00e9n nacidos (menores de 2 a\u00f1os)\" value=\"\" type=\"text\" name=\"nadons\" \/><\/span>\n\t\t<\/p>\n\t<\/div>\n<\/div>\n<div class=\"row\">\n\t<div class=\"col-xs-12 col-sm-12 col-md-12 col-lg-12\">\n\t\t<p><span class=\"wpcf7-form-control-wrap\" data-name=\"entrada\"><input class=\"wpcf7-form-control wpcf7-date wpcf7-validates-as-required wpcf7-validates-as-date\" aria-required=\"true\" aria-invalid=\"false\" placeholder=\"Fecha de entrada: &nbsp;\" value=\"\" type=\"date\" name=\"entrada\" \/><\/span>\n\t\t<\/p>\n\t<\/div>\n<\/div>\n<div class=\"row\">\n\t<div class=\"col-xs-12 col-sm-12 col-md-12 col-lg-12\">\n\t\t<p><span class=\"wpcf7-form-control-wrap\" data-name=\"sortida\"><input class=\"wpcf7-form-control wpcf7-date wpcf7-validates-as-required wpcf7-validates-as-date\" aria-required=\"true\" aria-invalid=\"false\" placeholder=\"Fecha de salida: &nbsp;\" value=\"\" type=\"date\" name=\"sortida\" \/><\/span>\n\t\t<\/p>\n\t<\/div>\n<\/div>\n<div class=\"row\">\n\t<div class=\"col-xs-12 col-sm-12 col-md-12 col-lg-12\">\n\t\t<p><span class=\"wpcf7-form-control-wrap\" data-name=\"msg\"><textarea cols=\"40\" rows=\"10\" class=\"wpcf7-form-control wpcf7-textarea\" aria-invalid=\"false\" placeholder=\"Deja tu mensaje\" name=\"msg\"><\/textarea><\/span>\n\t\t<\/p>\n\t<\/div>\n<\/div>\n<div class=\"row\">\n\t<div class=\"col-xs-12 col-sm-12 col-md-12 col-lg-12\">\n\t\t<p><span class=\"wpcf7-form-control-wrap\" data-name=\"codipromo\"><input size=\"40\" class=\"wpcf7-form-control wpcf7-text\" aria-invalid=\"false\" placeholder=\"C\u00f3digo promocional\" value=\"\" type=\"text\" name=\"codipromo\" \/><\/span>\n\t\t<\/p>\n\t<\/div>\n<\/div>\n<div class=\"row\">\n\t<div class=\"col-xs-1 col-sm-1 col-md-1 col-lg-1\">\n\t\t<p><span class=\"wpcf7-form-control-wrap\" data-name=\"acceptar\"><span class=\"wpcf7-form-control wpcf7-acceptance\"><span class=\"wpcf7-list-item\"><input type=\"checkbox\" name=\"acceptar\" value=\"1\" aria-invalid=\"false\" \/><\/span><\/span><\/span>\n\t\t<\/p>\n\t<\/div>\n\t<p>\"He le\u00eddo y acepto la <a href=\"https:\/\/calbernadas.com\/es\/aviso-legal\/#privacidad\" target=\"_blank\">pol\u00edtica de privacidad\"<\/a>\n\t<\/p>\n<\/div>\n<div class=\"row\">\n\t<div class=\"col-xs-1 col-sm-1 col-md-1 col-lg-1\">\n\t\t<p><span class=\"wpcf7-form-control-wrap\" data-name=\"acceptar-2\"><span class=\"wpcf7-form-control wpcf7-acceptance\"><span class=\"wpcf7-list-item\"><input type=\"checkbox\" name=\"acceptar-2\" value=\"1\" aria-invalid=\"false\" \/><\/span><\/span><\/span>\n\t\t<\/p>\n\t<\/div>\n\t<p>\"Acepto el env\u00edo de comunicaciones comercials y\/o newsletters\"\n\t<\/p>\n<\/div>\n<div class=\"row\">\n\t<div class=\"col-xs-12 col-sm-12 col-md-12 col-lg-12\">\n\t\t<p>[bwscaptcha bwscaptcha-42]\n\t\t<\/p>\n\t<\/div>\n<\/div>\n<div class=\"row\">\n\t<div class=\"col-xs-12 col-sm-12 col-md-12 col-lg-12\">\n\t\t<p><input class=\"wpcf7-form-control wpcf7-submit has-spinner\" type=\"submit\" value=\"Enviar\" \/>\n\t\t<\/p>\n\t<\/div>\n<\/div><p style=\"display: none !important;\" class=\"akismet-fields-container\" data-prefix=\"_wpcf7_ak_\"><label>&#916;<textarea name=\"_wpcf7_ak_hp_textarea\" cols=\"45\" rows=\"8\" maxlength=\"100\"><\/textarea><\/label><input type=\"hidden\" id=\"ak_js_1\" name=\"_wpcf7_ak_js\" value=\"74\"\/><script>document.getElementById( \"ak_js_1\" ).setAttribute( \"value\", ( new Date() ).getTime() );<\/script><\/p><div class=\"wpcf7-response-output\" aria-hidden=\"true\"><\/div>\n<\/form>\n<\/div>\n[\/vc_column][\/vc_row][vc_row css=\u00bb.vc_custom_1478074481931{padding-top: 80px !important;padding-bottom: 80px !important;}\u00bb][vc_column][vc_column_text]<\/p>\n<h1 style=\"text-align: center;\"><span style=\"color: #c36;\">S\u00c1CALE TODO EL JUGO<\/span><\/h1>\n<h5 style=\"text-align: center;\"><span style=\"color: #c36;\">A parte de la opci\u00f3n de turismo rural, El Munt tambi\u00e9n ofrece muchas otras posibilidades para tus celebraciones, tus jornadas de empresa y tambi\u00e9n unos paquetes muy originales que har\u00e1n que saques el m\u00e1ximo provecho de la casa y de su entorno.<\/span><\/h5>\n<p>[\/vc_column_text][\/vc_column][\/vc_row][vc_row full_width=\u00bbstretch_row_content_no_spaces\u00bb][vc_column width=\u00bb1\/4&#8243;]<div id=\"cshero-fancybox69ef8adcbf420_1777306332\" class=\"cshero-fancybox-wrap  clearfix fancybox-layout1  text-left   wpb_animate_when_almost_visible wpb_fade-in\" style=\"border-color: transparent;   \">\n    <style type=\"text\/css\" scoped>\n        #cshero-fancybox69ef8adcbf420_1777306332.fancybox-layout1:hover .fancy-icon {\n            background-color: !important;\n            border-color: !important;\n            color:#000000 !important;\n        }\n\n        #cshero-fancybox69ef8adcbf420_1777306332.fancybox-layout1 .fancy-icon.icon-hover-style-3:after{\n    \t\t-webkit-border-radius:;\n    \t\t-moz-border-radius:;\n    \t\t-ms-border-radius:;\n    \t\t-o-border-radius:;\n    \t\tborder-radius:;\n    \t\tbackground-color:;\n    \t\tborder-width:;\n    \t\tborder-style:none;\n    \t\tborder-color:;\n\t   }\n        \n                #cshero-fancybox69ef8adcbf420_1777306332:hover {\n            background: #cc3366;\n        }\n        \n        \n                     #cshero-fancybox69ef8adcbf420_1777306332 [class^=\"flaticon-\"]:before, \n       #cshero-fancybox69ef8adcbf420_1777306332 [class*=\" flaticon-\"]:before, \n       #cshero-fancybox69ef8adcbf420_1777306332 [class^=\"flaticon-\"]:after, \n       #cshero-fancybox69ef8adcbf420_1777306332 [class*=\" flaticon-\"]:after {\n            font-size: 24px;\n            color: #212121;\n        }\n        #cshero-fancybox69ef8adcbf420_1777306332:hover .cshero-fancybox-title-image [class^=\"flaticon-\"]:before,\n        #cshero-fancybox69ef8adcbf420_1777306332:hover .cshero-fancybox-title-image [class*=\" flaticon-\"]:before,\n        #cshero-fancybox69ef8adcbf420_1777306332:hover .cshero-fancybox-title-image [class^=\"flaticon-\"]:after,\n        #cshero-fancybox69ef8adcbf420_1777306332:hover .cshero-fancybox-title-image [class*=\" flaticon-\"]:after{\n            color: #000000;\n        }\n\t<\/style>\n    <div class=\"cshero-fancybox-title-image\">\n                    <a title=\"\" href=\"https:\/\/calbernadas.com\/es\/turismo-rural\/\">\n                                    <\/a>\n                            <h3 class=\"cshero-fancybox-title-wrap\" style=\"color: #ffffff;  text-transform: uppercase;\">\n                <span class=\"cshero-title-main\">TURISMO RURAL<\/span>\n            <\/h3>\n                            <div class=\"cshero-fancybox-image\">\n                <img src=\"https:\/\/calbernadas.com\/wp-content\/uploads\/2016\/10\/TS_turismerural.jpg\" alt=\"TURISMO RURAL\" \/>\n            <\/div>\n            <\/div>\n    <\/div>\n[\/vc_column][vc_column width=\u00bb1\/4&#8243;]<div id=\"cshero-fancybox69ef8adcbfab8_1777306332\" class=\"cshero-fancybox-wrap  clearfix fancybox-layout1  text-left   wpb_animate_when_almost_visible wpb_fade-in\" style=\"border-color: transparent;   \">\n    <style type=\"text\/css\" scoped>\n        #cshero-fancybox69ef8adcbfab8_1777306332.fancybox-layout1:hover .fancy-icon {\n            background-color: !important;\n            border-color: !important;\n            color:#000000 !important;\n        }\n\n        #cshero-fancybox69ef8adcbfab8_1777306332.fancybox-layout1 .fancy-icon.icon-hover-style-3:after{\n    \t\t-webkit-border-radius:;\n    \t\t-moz-border-radius:;\n    \t\t-ms-border-radius:;\n    \t\t-o-border-radius:;\n    \t\tborder-radius:;\n    \t\tbackground-color:;\n    \t\tborder-width:;\n    \t\tborder-style:none;\n    \t\tborder-color:;\n\t   }\n        \n                #cshero-fancybox69ef8adcbfab8_1777306332:hover {\n            background: #cc3366;\n        }\n        \n        \n                     #cshero-fancybox69ef8adcbfab8_1777306332 [class^=\"flaticon-\"]:before, \n       #cshero-fancybox69ef8adcbfab8_1777306332 [class*=\" flaticon-\"]:before, \n       #cshero-fancybox69ef8adcbfab8_1777306332 [class^=\"flaticon-\"]:after, \n       #cshero-fancybox69ef8adcbfab8_1777306332 [class*=\" flaticon-\"]:after {\n            font-size: 24px;\n            color: #212121;\n        }\n        #cshero-fancybox69ef8adcbfab8_1777306332:hover .cshero-fancybox-title-image [class^=\"flaticon-\"]:before,\n        #cshero-fancybox69ef8adcbfab8_1777306332:hover .cshero-fancybox-title-image [class*=\" flaticon-\"]:before,\n        #cshero-fancybox69ef8adcbfab8_1777306332:hover .cshero-fancybox-title-image [class^=\"flaticon-\"]:after,\n        #cshero-fancybox69ef8adcbfab8_1777306332:hover .cshero-fancybox-title-image [class*=\" flaticon-\"]:after{\n            color: #000000;\n        }\n\t<\/style>\n    <div class=\"cshero-fancybox-title-image\">\n                    <a title=\"\" href=\"https:\/\/calbernadas.com\/es\/ruralpacks\/\">\n                                    <\/a>\n                            <h3 class=\"cshero-fancybox-title-wrap\" style=\"color: #ffffff;  text-transform: uppercase;\">\n                <span class=\"cshero-title-main\">RURAL&amp;PACKS<\/span>\n            <\/h3>\n                            <div class=\"cshero-fancybox-image\">\n                <img src=\"https:\/\/calbernadas.com\/wp-content\/uploads\/2016\/10\/TS_ruralpack.jpg\" alt=\"RURAL&amp;PACKS\" \/>\n            <\/div>\n            <\/div>\n    <\/div>\n[\/vc_column][vc_column width=\u00bb1\/4&#8243;]<div id=\"cshero-fancybox69ef8adcbffd4_1777306332\" class=\"cshero-fancybox-wrap  clearfix fancybox-layout1  text-left   wpb_animate_when_almost_visible wpb_fade-in\" style=\"border-color: transparent;   \">\n    <style type=\"text\/css\" scoped>\n        #cshero-fancybox69ef8adcbffd4_1777306332.fancybox-layout1:hover .fancy-icon {\n            background-color: !important;\n            border-color: !important;\n            color:#000000 !important;\n        }\n\n        #cshero-fancybox69ef8adcbffd4_1777306332.fancybox-layout1 .fancy-icon.icon-hover-style-3:after{\n    \t\t-webkit-border-radius:;\n    \t\t-moz-border-radius:;\n    \t\t-ms-border-radius:;\n    \t\t-o-border-radius:;\n    \t\tborder-radius:;\n    \t\tbackground-color:;\n    \t\tborder-width:;\n    \t\tborder-style:none;\n    \t\tborder-color:;\n\t   }\n        \n                #cshero-fancybox69ef8adcbffd4_1777306332:hover {\n            background: #cc3366;\n        }\n        \n        \n                     #cshero-fancybox69ef8adcbffd4_1777306332 [class^=\"flaticon-\"]:before, \n       #cshero-fancybox69ef8adcbffd4_1777306332 [class*=\" flaticon-\"]:before, \n       #cshero-fancybox69ef8adcbffd4_1777306332 [class^=\"flaticon-\"]:after, \n       #cshero-fancybox69ef8adcbffd4_1777306332 [class*=\" flaticon-\"]:after {\n            font-size: 24px;\n            color: #212121;\n        }\n        #cshero-fancybox69ef8adcbffd4_1777306332:hover .cshero-fancybox-title-image [class^=\"flaticon-\"]:before,\n        #cshero-fancybox69ef8adcbffd4_1777306332:hover .cshero-fancybox-title-image [class*=\" flaticon-\"]:before,\n        #cshero-fancybox69ef8adcbffd4_1777306332:hover .cshero-fancybox-title-image [class^=\"flaticon-\"]:after,\n        #cshero-fancybox69ef8adcbffd4_1777306332:hover .cshero-fancybox-title-image [class*=\" flaticon-\"]:after{\n            color: #000000;\n        }\n\t<\/style>\n    <div class=\"cshero-fancybox-title-image\">\n                    <a title=\"\" href=\"https:\/\/calbernadas.com\/es\/empresas\/\">\n                                    <\/a>\n                            <h3 class=\"cshero-fancybox-title-wrap\" style=\"color: #ffffff;  text-transform: uppercase;\">\n                <span class=\"cshero-title-main\">EMPRESAS<\/span>\n            <\/h3>\n                            <div class=\"cshero-fancybox-image\">\n                <img src=\"https:\/\/calbernadas.com\/wp-content\/uploads\/2016\/10\/TS_empreses.jpg\" alt=\"EMPRESAS\" \/>\n            <\/div>\n            <\/div>\n    <\/div>\n[\/vc_column][vc_column width=\u00bb1\/4&#8243;]<div id=\"cshero-fancybox69ef8adcc04a0_1777306332\" class=\"cshero-fancybox-wrap  clearfix fancybox-layout1  text-left   wpb_animate_when_almost_visible wpb_fade-in\" style=\"border-color: transparent;   \">\n    <style type=\"text\/css\" scoped>\n        #cshero-fancybox69ef8adcc04a0_1777306332.fancybox-layout1:hover .fancy-icon {\n            background-color: !important;\n            border-color: !important;\n            color:#000000 !important;\n        }\n\n        #cshero-fancybox69ef8adcc04a0_1777306332.fancybox-layout1 .fancy-icon.icon-hover-style-3:after{\n    \t\t-webkit-border-radius:;\n    \t\t-moz-border-radius:;\n    \t\t-ms-border-radius:;\n    \t\t-o-border-radius:;\n    \t\tborder-radius:;\n    \t\tbackground-color:;\n    \t\tborder-width:;\n    \t\tborder-style:none;\n    \t\tborder-color:;\n\t   }\n        \n                #cshero-fancybox69ef8adcc04a0_1777306332:hover {\n            background: #cc3366;\n        }\n        \n        \n                     #cshero-fancybox69ef8adcc04a0_1777306332 [class^=\"flaticon-\"]:before, \n       #cshero-fancybox69ef8adcc04a0_1777306332 [class*=\" flaticon-\"]:before, \n       #cshero-fancybox69ef8adcc04a0_1777306332 [class^=\"flaticon-\"]:after, \n       #cshero-fancybox69ef8adcc04a0_1777306332 [class*=\" flaticon-\"]:after {\n            font-size: 24px;\n            color: #212121;\n        }\n        #cshero-fancybox69ef8adcc04a0_1777306332:hover .cshero-fancybox-title-image [class^=\"flaticon-\"]:before,\n        #cshero-fancybox69ef8adcc04a0_1777306332:hover .cshero-fancybox-title-image [class*=\" flaticon-\"]:before,\n        #cshero-fancybox69ef8adcc04a0_1777306332:hover .cshero-fancybox-title-image [class^=\"flaticon-\"]:after,\n        #cshero-fancybox69ef8adcc04a0_1777306332:hover .cshero-fancybox-title-image [class*=\" flaticon-\"]:after{\n            color: #000000;\n        }\n\t<\/style>\n    <div class=\"cshero-fancybox-title-image\">\n                    <a title=\"\" href=\"https:\/\/calbernadas.com\/es\/entorno\/moianes\/\">\n                                    <\/a>\n                            <h3 class=\"cshero-fancybox-title-wrap\" style=\"color: #ffffff;  text-transform: uppercase;\">\n                <span class=\"cshero-title-main\">ENTORNO<\/span>\n            <\/h3>\n                            <div class=\"cshero-fancybox-image\">\n                <img src=\"https:\/\/calbernadas.com\/wp-content\/uploads\/2016\/10\/TS_entorn.jpg\" alt=\"ENTORNO\" \/>\n            <\/div>\n            <\/div>\n    <\/div>\n[\/vc_column][\/vc_row]<\/p>\n","protected":false},"excerpt":{"rendered":"<p>[vc_row full_width=\u00bbstretch_row_content\u00bb][vc_column][\/vc_column][\/vc_row][vc_row full_width=\u00bbstretch_row_content_no_spaces\u00bb css=\u00bb.vc_custom_1478506414449{padding-top: 0px !important;padding-bottom: 0px !important;}\u00bb][vc_column][vc_gallery type=\u00bbimage_grid\u00bb images=\u00bb13172,13173,13174,13175,13176,13177,13178,13179,13180,13181&#8243; img_size=\u00bbfull\u00bb el_class=\u00bb cols5&#8243;][\/vc_column][\/vc_row][vc_row css=\u00bb.vc_custom_1477971546965{padding-top: 80px !important;padding-bottom: 80px !important;}\u00bb][vc_column width=\u00bb1\/6&#8243;][\/vc_column][vc_column width=\u00bb2\/3&#8243;][vc_column_text] [&hellip;]<\/p>\n","protected":false},"author":1,"featured_media":0,"parent":14284,"menu_order":0,"comment_status":"closed","ping_status":"closed","template":"","meta":{"footnotes":""},"yoast_head":"<!-- This site is optimized with the Yoast SEO plugin v21.5 - https:\/\/yoast.com\/wordpress\/plugins\/seo\/ -->\n<title>EL MUNT - Cal Bernad\u00e0s<\/title>\n<meta name=\"robots\" content=\"index, follow, max-snippet:-1, max-image-preview:large, max-video-preview:-1\" \/>\n<link rel=\"canonical\" href=\"https:\/\/calbernadas.com\/es\/celebraciones\/el-munt-2\/\" \/>\n<meta property=\"og:locale\" content=\"es_ES\" \/>\n<meta property=\"og:type\" content=\"article\" \/>\n<meta property=\"og:title\" content=\"EL MUNT - Cal Bernad\u00e0s\" \/>\n<meta property=\"og:description\" content=\"[vc_row full_width=\u00bbstretch_row_content\u00bb][vc_column][\/vc_column][\/vc_row][vc_row full_width=\u00bbstretch_row_content_no_spaces\u00bb css=\u00bb.vc_custom_1478506414449{padding-top: 0px !important;padding-bottom: 0px !important;}\u00bb][vc_column][vc_gallery type=\u00bbimage_grid\u00bb images=\u00bb13172,13173,13174,13175,13176,13177,13178,13179,13180,13181&#8243; img_size=\u00bbfull\u00bb el_class=\u00bb cols5&#8243;][\/vc_column][\/vc_row][vc_row css=\u00bb.vc_custom_1477971546965{padding-top: 80px !important;padding-bottom: 80px !important;}\u00bb][vc_column width=\u00bb1\/6&#8243;][\/vc_column][vc_column width=\u00bb2\/3&#8243;][vc_column_text] [&hellip;]\" \/>\n<meta property=\"og:url\" content=\"https:\/\/calbernadas.com\/es\/celebraciones\/el-munt-2\/\" \/>\n<meta property=\"og:site_name\" content=\"Cal Bernad\u00e0s\" \/>\n<meta property=\"article:publisher\" content=\"https:\/\/www.facebook.com\/calbernadas\" \/>\n<meta property=\"article:modified_time\" content=\"2025-04-24T15:50:53+00:00\" \/>\n<meta property=\"og:image\" content=\"https:\/\/www.calbernadas.com\/images\/CEL\/font-awesome\/sofa13.png\" \/>\n<meta name=\"twitter:card\" content=\"summary_large_image\" \/>\n<meta name=\"twitter:site\" content=\"@calbernadas\" \/>\n<meta name=\"twitter:label1\" content=\"Tiempo de lectura\" \/>\n\t<meta name=\"twitter:data1\" content=\"27 minutos\" \/>\n<script type=\"application\/ld+json\" class=\"yoast-schema-graph\">{\"@context\":\"https:\/\/schema.org\",\"@graph\":[{\"@type\":\"WebPage\",\"@id\":\"https:\/\/calbernadas.com\/es\/celebraciones\/el-munt-2\/\",\"url\":\"https:\/\/calbernadas.com\/es\/celebraciones\/el-munt-2\/\",\"name\":\"EL MUNT - Cal Bernad\u00e0s\",\"isPartOf\":{\"@id\":\"https:\/\/calbernadas.com\/ca\/#website\"},\"datePublished\":\"2016-10-24T09:35:39+00:00\",\"dateModified\":\"2025-04-24T15:50:53+00:00\",\"breadcrumb\":{\"@id\":\"https:\/\/calbernadas.com\/es\/celebraciones\/el-munt-2\/#breadcrumb\"},\"inLanguage\":\"es\",\"potentialAction\":[{\"@type\":\"ReadAction\",\"target\":[\"https:\/\/calbernadas.com\/es\/celebraciones\/el-munt-2\/\"]}]},{\"@type\":\"BreadcrumbList\",\"@id\":\"https:\/\/calbernadas.com\/es\/celebraciones\/el-munt-2\/#breadcrumb\",\"itemListElement\":[{\"@type\":\"ListItem\",\"position\":1,\"name\":\"Portada\",\"item\":\"https:\/\/calbernadas.com\/es\/\"},{\"@type\":\"ListItem\",\"position\":2,\"name\":\"Celebraciones\",\"item\":\"https:\/\/calbernadas.com\/es\/celebraciones\/\"},{\"@type\":\"ListItem\",\"position\":3,\"name\":\"EL MUNT\"}]},{\"@type\":\"WebSite\",\"@id\":\"https:\/\/calbernadas.com\/ca\/#website\",\"url\":\"https:\/\/calbernadas.com\/ca\/\",\"name\":\"Cal Bernad\u00e0s\",\"description\":\"Turisme rural\",\"publisher\":{\"@id\":\"https:\/\/calbernadas.com\/ca\/#organization\"},\"potentialAction\":[{\"@type\":\"SearchAction\",\"target\":{\"@type\":\"EntryPoint\",\"urlTemplate\":\"https:\/\/calbernadas.com\/ca\/?s={search_term_string}\"},\"query-input\":\"required name=search_term_string\"}],\"inLanguage\":\"es\"},{\"@type\":\"Organization\",\"@id\":\"https:\/\/calbernadas.com\/ca\/#organization\",\"name\":\"Cal Bernad\u00e0s\",\"url\":\"https:\/\/calbernadas.com\/ca\/\",\"logo\":{\"@type\":\"ImageObject\",\"inLanguage\":\"es\",\"@id\":\"https:\/\/calbernadas.com\/ca\/#\/schema\/logo\/image\/\",\"url\":\"https:\/\/calbernadas.com\/wp-content\/uploads\/2017\/03\/logo_calbernadas2.png\",\"contentUrl\":\"https:\/\/calbernadas.com\/wp-content\/uploads\/2017\/03\/logo_calbernadas2.png\",\"width\":169,\"height\":156,\"caption\":\"Cal Bernad\u00e0s\"},\"image\":{\"@id\":\"https:\/\/calbernadas.com\/ca\/#\/schema\/logo\/image\/\"},\"sameAs\":[\"https:\/\/www.facebook.com\/calbernadas\",\"https:\/\/twitter.com\/calbernadas\",\"https:\/\/instagram.com\/calbernadas\/\",\"http:\/\/www.youtube.es\/calbernadas\"]}]}<\/script>\n<!-- \/ Yoast SEO plugin. -->","yoast_head_json":{"title":"EL MUNT - Cal Bernad\u00e0s","robots":{"index":"index","follow":"follow","max-snippet":"max-snippet:-1","max-image-preview":"max-image-preview:large","max-video-preview":"max-video-preview:-1"},"canonical":"https:\/\/calbernadas.com\/es\/celebraciones\/el-munt-2\/","og_locale":"es_ES","og_type":"article","og_title":"EL MUNT - Cal Bernad\u00e0s","og_description":"[vc_row full_width=\u00bbstretch_row_content\u00bb][vc_column][\/vc_column][\/vc_row][vc_row full_width=\u00bbstretch_row_content_no_spaces\u00bb css=\u00bb.vc_custom_1478506414449{padding-top: 0px !important;padding-bottom: 0px !important;}\u00bb][vc_column][vc_gallery type=\u00bbimage_grid\u00bb images=\u00bb13172,13173,13174,13175,13176,13177,13178,13179,13180,13181&#8243; img_size=\u00bbfull\u00bb el_class=\u00bb cols5&#8243;][\/vc_column][\/vc_row][vc_row css=\u00bb.vc_custom_1477971546965{padding-top: 80px !important;padding-bottom: 80px !important;}\u00bb][vc_column width=\u00bb1\/6&#8243;][\/vc_column][vc_column width=\u00bb2\/3&#8243;][vc_column_text] [&hellip;]","og_url":"https:\/\/calbernadas.com\/es\/celebraciones\/el-munt-2\/","og_site_name":"Cal Bernad\u00e0s","article_publisher":"https:\/\/www.facebook.com\/calbernadas","article_modified_time":"2025-04-24T15:50:53+00:00","og_image":[{"url":"https:\/\/www.calbernadas.com\/images\/CEL\/font-awesome\/sofa13.png"}],"twitter_card":"summary_large_image","twitter_site":"@calbernadas","twitter_misc":{"Tiempo de lectura":"27 minutos"},"schema":{"@context":"https:\/\/schema.org","@graph":[{"@type":"WebPage","@id":"https:\/\/calbernadas.com\/es\/celebraciones\/el-munt-2\/","url":"https:\/\/calbernadas.com\/es\/celebraciones\/el-munt-2\/","name":"EL MUNT - Cal Bernad\u00e0s","isPartOf":{"@id":"https:\/\/calbernadas.com\/ca\/#website"},"datePublished":"2016-10-24T09:35:39+00:00","dateModified":"2025-04-24T15:50:53+00:00","breadcrumb":{"@id":"https:\/\/calbernadas.com\/es\/celebraciones\/el-munt-2\/#breadcrumb"},"inLanguage":"es","potentialAction":[{"@type":"ReadAction","target":["https:\/\/calbernadas.com\/es\/celebraciones\/el-munt-2\/"]}]},{"@type":"BreadcrumbList","@id":"https:\/\/calbernadas.com\/es\/celebraciones\/el-munt-2\/#breadcrumb","itemListElement":[{"@type":"ListItem","position":1,"name":"Portada","item":"https:\/\/calbernadas.com\/es\/"},{"@type":"ListItem","position":2,"name":"Celebraciones","item":"https:\/\/calbernadas.com\/es\/celebraciones\/"},{"@type":"ListItem","position":3,"name":"EL MUNT"}]},{"@type":"WebSite","@id":"https:\/\/calbernadas.com\/ca\/#website","url":"https:\/\/calbernadas.com\/ca\/","name":"Cal Bernad\u00e0s","description":"Turisme rural","publisher":{"@id":"https:\/\/calbernadas.com\/ca\/#organization"},"potentialAction":[{"@type":"SearchAction","target":{"@type":"EntryPoint","urlTemplate":"https:\/\/calbernadas.com\/ca\/?s={search_term_string}"},"query-input":"required name=search_term_string"}],"inLanguage":"es"},{"@type":"Organization","@id":"https:\/\/calbernadas.com\/ca\/#organization","name":"Cal Bernad\u00e0s","url":"https:\/\/calbernadas.com\/ca\/","logo":{"@type":"ImageObject","inLanguage":"es","@id":"https:\/\/calbernadas.com\/ca\/#\/schema\/logo\/image\/","url":"https:\/\/calbernadas.com\/wp-content\/uploads\/2017\/03\/logo_calbernadas2.png","contentUrl":"https:\/\/calbernadas.com\/wp-content\/uploads\/2017\/03\/logo_calbernadas2.png","width":169,"height":156,"caption":"Cal Bernad\u00e0s"},"image":{"@id":"https:\/\/calbernadas.com\/ca\/#\/schema\/logo\/image\/"},"sameAs":["https:\/\/www.facebook.com\/calbernadas","https:\/\/twitter.com\/calbernadas","https:\/\/instagram.com\/calbernadas\/","http:\/\/www.youtube.es\/calbernadas"]}]}},"_links":{"self":[{"href":"https:\/\/calbernadas.com\/es\/wp-json\/wp\/v2\/pages\/14281"}],"collection":[{"href":"https:\/\/calbernadas.com\/es\/wp-json\/wp\/v2\/pages"}],"about":[{"href":"https:\/\/calbernadas.com\/es\/wp-json\/wp\/v2\/types\/page"}],"author":[{"embeddable":true,"href":"https:\/\/calbernadas.com\/es\/wp-json\/wp\/v2\/users\/1"}],"replies":[{"embeddable":true,"href":"https:\/\/calbernadas.com\/es\/wp-json\/wp\/v2\/comments?post=14281"}],"version-history":[{"count":33,"href":"https:\/\/calbernadas.com\/es\/wp-json\/wp\/v2\/pages\/14281\/revisions"}],"predecessor-version":[{"id":27691,"href":"https:\/\/calbernadas.com\/es\/wp-json\/wp\/v2\/pages\/14281\/revisions\/27691"}],"up":[{"embeddable":true,"href":"https:\/\/calbernadas.com\/es\/wp-json\/wp\/v2\/pages\/14284"}],"wp:attachment":[{"href":"https:\/\/calbernadas.com\/es\/wp-json\/wp\/v2\/media?parent=14281"}],"curies":[{"name":"wp","href":"https:\/\/api.w.org\/{rel}","templated":true}]}}