{"id":14260,"date":"2016-10-24T10:37:48","date_gmt":"2016-10-24T10:37:48","guid":{"rendered":"https:\/\/calbernadas.com\/es\/ruraldailyromantic\/"},"modified":"2026-03-18T10:17:43","modified_gmt":"2026-03-18T09:17:43","slug":"ruraldailyromantic","status":"publish","type":"page","link":"https:\/\/calbernadas.com\/es\/ruralpacks\/ruraldailyromantic\/","title":{"rendered":"RURAL&#038;DAILYROMANTIC"},"content":{"rendered":"<p>[vc_row full_width=\u00bbstretch_row_content\u00bb css=\u00bb.vc_custom_1490377999104{margin-bottom: -40px !important;border-bottom-width: -40px !important;}\u00bb][vc_column][rev_slider_vc alias=\u00bbdaily-romantic_esp\u00bb][\/vc_column][\/vc_row][vc_row full_width=\u00bbstretch_row\u00bb css=\u00bb.vc_custom_1478601643581{padding-top: 80px !important;padding-bottom: 80px !important;background-color: #ffcd00 !important;}\u00bb][vc_column width=\u00bb1\/6&#8243;][\/vc_column][vc_column width=\u00bb2\/3&#8243;][vc_column_text]<\/p>\n<div class=\"row-fluid show-grid\">\n<h5 class=\" span6\" style=\"text-align: center;\">En Cal Bernad\u00e0s apostamos por los que creen que hay que ser rom\u00e1ntico cada d\u00eda, que no hay que esperar a tener un fin de semana para encontrar momentos especiales en lugares especiales.<\/h5>\n<\/div>\n<h5 style=\"text-align: center;\">Si eres un enamorado de tu pareja de lunes a domingo, eres uno de los nuestros #DailyRomantic.<\/h5>\n<div class=\" span3\" style=\"text-align: center;\"><\/div>\n<p>[\/vc_column_text][\/vc_column][vc_column width=\u00bb1\/6&#8243;][\/vc_column][\/vc_row][vc_row full_width=\u00bbstretch_row_content_no_spaces\u00bb][vc_column][vc_images_carousel images=\u00bb19646&#8243; img_size=\u00bbfull\u00bb onclick=\u00bblink_no\u00bb speed=\u00bb3000&#8243; autoplay=\u00bbyes\u00bb hide_pagination_control=\u00bbyes\u00bb hide_prev_next_buttons=\u00bbyes\u00bb wrap=\u00bbyes\u00bb][\/vc_column][\/vc_row][vc_row full_width=\u00bbstretch_row\u00bb css=\u00bb.vc_custom_1478666237448{padding-top: 100px !important;padding-bottom: 100px !important;background-image: url(https:\/\/calbernadas.com\/wp-content\/uploads\/2016\/10\/RP_caracteristiques-1.jpg?id=13653) !important;}\u00bb parallax_speed=\u00bb0.8&#8243; bg_video_transparent=\u00bb0&#8243; el_class=\u00bbcm-icon-big-item\u00bb][vc_column][cs_custom_heading text=\u00bbFOTOS\u00bb font_container=\u00bbtag:h1|font_size:40px|text_align:center|color:%23ffffff\u00bb font_format=\u00bb700&#8243; style=\u00bbstyle-none\u00bb el_class=\u00bbcm-tailor-title-site\u00bb][\/vc_column][\/vc_row][vc_row full_width=\u00bbstretch_row_content_no_spaces\u00bb css=\u00bb.vc_custom_1510829065994{padding-top: 80px !important;padding-bottom: 20px !important;}\u00bb][vc_column][vc_images_carousel images=\u00bb19588,19589,19590,19591,19592,19593,19594,19595,19596,19597,19598,19599,19600,19601,19602,19603,19604,19605,19606,19607,19608,19609,19610,19611,19612,19613,19614,19615,19616,19617,19618,19619,19620&#8243; img_size=\u00bbfull\u00bb onclick=\u00bblink_no\u00bb speed=\u00bb3000&#8243; autoplay=\u00bbyes\u00bb hide_pagination_control=\u00bbyes\u00bb wrap=\u00bbyes\u00bb][\/vc_column][\/vc_row][vc_row full_width=\u00bbstretch_row\u00bb css=\u00bb.vc_custom_1510224455851{padding-top: 80px !important;padding-bottom: 80px !important;background-image: url(https:\/\/calbernadas.com\/wp-content\/uploads\/2016\/10\/RP_caracteristiques.jpg?id=13651) !important;}\u00bb parallax_speed=\u00bb0.8&#8243; bg_video_transparent=\u00bb0&#8243; el_class=\u00bbcm-icon-big-item\u00bb][vc_column][cs_custom_heading text=\u00bbELLOS YA SON DAILY ROMANTIC!\u00bb font_container=\u00bbtag:h1|font_size:40px|text_align:center|color:%23ffffff\u00bb font_format=\u00bb700&#8243; style=\u00bbstyle-none\u00bb el_class=\u00bbcm-tailor-title-site\u00bb][\/vc_column][\/vc_row][vc_row full_width=\u00bbstretch_row\u00bb css=\u00bb.vc_custom_1510224471167{padding-top: 80px !important;padding-bottom: 80px !important;}\u00bb][vc_column][vc_column_text]<\/p>\n<h5 style=\"text-align: center;\"><span style=\"color: #ffcc00;\">Lo m\u00e1s importante, saber que piensan nuestros amfitriones!<\/span><\/h5>\n<p>[\/vc_column_text][vc_empty_space height=\u00bb40px\u00bb]\r\n        <div id=\"cshero_testimonial1777494619_169f26a5bebf3b\" class=\"cshero-testimonial testimonial-layout1 testimonial-slide \">\r\n                        <div class=\"cshero-testimonial-wrapper\">\r\n                                    <div id=\"cshero_testimonial_1777494619_169f26a5bebf3b\" data-mode=\"horizontal\" data-moveslides=\"1\" data-auto=\"0\" data-speed=\"500\" data-prevselector=\"#cshero_testimonial1777494619_169f26a5bebf3b .prev\" data-nextselector=\"#cshero_testimonial1777494619_169f26a5bebf3b .next\" data-prevText=\"<i class='fa fa-angle-left'><\/i>\" data-nextText=\"<i class='fa fa-angle-right'><\/i>\" data-pagerSelector=\"#cshero_testimonial1777494619_169f26a5bebf3b .cshero-control\" data-onsliderload=\"true\" data-touchenabled=\"1\" data-controls=\"true\" data-pager=\"0\" data-pause=\"4000\" data-infiniteloop=\"true\" data-adaptiveheight=\"true\"  data-autohover=\"true\" data-slidemargin=\"30\" data-maxslides=\"3\" data-minslides=\"1\" data-slidewidth=\"500\" data-slideselector=\"\" data-easing=\"swing\" data-usecss=\"\" data-resize=\"1\" class=\"slider jm-bxslider\">\r\n                                \r\n                                            <div class=\"cshero-testimonial-item\">\r\n                            \n<article id=\"post-19656\"  class=\"cshero_testimonial_content clearfix\" style=\"padding:15px;color:#666666;background-color:#f5f5f5;\">\n     \n    <div class=\"cshero-testimonial-image left\">\n        <img alt=\"\" src=\"https:\/\/calbernadas.com\/wp-content\/uploads\/2017\/11\/15061-1004-200x120_c.jpg\" align=\"left\" style=\"border-radius:0;-webkit-border-radius:0;-moz-border-radius:0;-ms-border-radius:0;-o-border-radius:0;margin-right:20px;\" \/>    <\/div>\n        \n            <div class=\"cshero-testimonial-content text-left\" style=\"padding-left:230px\">\n                            <div class=\"cshero-testimonial-description\">\n                    <div class=\"cshero-testimonial-text\">\n                                                La nostra estada al Porxo de la Barraca va ser magn\u00edfica, des de l\u2019entrada fins a la sortida. Va ser l\u2019aniversari del Guille i la primera vegada que dorm\u00edem sols despr\u00e9s del naixement de l\u2019Aret, la nostra filla, i realment tot genial: el sopar, el porxo, el jacuzzi, ... realment una nit molt rom\u00e0ntica i especial.\r\n\r\n<span style=\"color: #999999;\">Gener 2017<\/span>\r\n\r\n&nbsp                                            <\/div>\n                <\/div>\n                                        <h3 class=\"cshero-testimonial-title\" style=\"color:#666666\">\n                    Tania &#038; Guille                <\/h3>\n                        \n            \n        <\/div>\n        \n<\/article>\n\n                        <\/div>\r\n                                            <div class=\"cshero-testimonial-item\">\r\n                            \n<article id=\"post-19659\"  class=\"cshero_testimonial_content clearfix\" style=\"padding:15px;color:#666666;background-color:#f5f5f5;\">\n     \n    <div class=\"cshero-testimonial-image left\">\n        <img alt=\"\" src=\"https:\/\/calbernadas.com\/wp-content\/uploads\/2017\/11\/Captura-de-pantalla-2017-11-09-a-les-16.31.03-200x120_c.png\" align=\"left\" style=\"border-radius:0;-webkit-border-radius:0;-moz-border-radius:0;-ms-border-radius:0;-o-border-radius:0;margin-right:20px;\" \/>    <\/div>\n        \n            <div class=\"cshero-testimonial-content text-left\" style=\"padding-left:230px\">\n                            <div class=\"cshero-testimonial-description\">\n                    <div class=\"cshero-testimonial-text\">\n                                                Si no sabeu qu\u00e8 regalar o qu\u00e8 regalar-vos proveu nit rom\u00e0ntica a CalBernadas. Brutal! Lujuuu + spa + bon menjar + natura = 100% recomanable.\r\n\r\n<span style=\"color: #999999;\">Maig 2017<\/span>\r\n\r\n&nbsp                                            <\/div>\n                <\/div>\n                                        <h3 class=\"cshero-testimonial-title\" style=\"color:#666666\">\n                    En Peyu                <\/h3>\n                        \n            \n        <\/div>\n        \n<\/article>\n\n                        <\/div>\r\n                                            <div class=\"cshero-testimonial-item\">\r\n                            \n<article id=\"post-19663\"  class=\"cshero_testimonial_content clearfix\" style=\"padding:15px;color:#666666;background-color:#f5f5f5;\">\n     \n    <div class=\"cshero-testimonial-image left\">\n        <img alt=\"\" src=\"https:\/\/calbernadas.com\/wp-content\/uploads\/2017\/11\/labarraca-138A-200x120_c.jpg\" align=\"left\" style=\"border-radius:0;-webkit-border-radius:0;-moz-border-radius:0;-ms-border-radius:0;-o-border-radius:0;margin-right:20px;\" \/>    <\/div>\n        \n            <div class=\"cshero-testimonial-content text-left\" style=\"padding-left:230px\">\n                            <div class=\"cshero-testimonial-description\">\n                    <div class=\"cshero-testimonial-text\">\n                                                Sortir de treballar al vespre i ser segrestat sabent que ser\u00e0 una cosa bona per\u00f2 sense saber on vas.\r\n\r\nLa sensaci\u00f3 a l\u2019arribar: desconnexi\u00f3 per una banda i intimitat natural per l\u2019altra. Un plaer escandal\u00f3s en el que qualsevol fet es viu de manera tranquil\u00b7la i positiva. Un oasis d\u2019energia per explorar!\r\n\r\n<span style=\"color: #999999;\">Maig 2017<\/span>\r\n\r\n&nbsp                                            <\/div>\n                <\/div>\n                                        <h3 class=\"cshero-testimonial-title\" style=\"color:#666666\">\n                    Clara i Manu                <\/h3>\n                        \n            \n        <\/div>\n        \n<\/article>\n\n                        <\/div>\r\n                                            <div class=\"cshero-testimonial-item\">\r\n                            \n<article id=\"post-19667\"  class=\"cshero_testimonial_content clearfix\" style=\"padding:15px;color:#666666;background-color:#f5f5f5;\">\n     \n    <div class=\"cshero-testimonial-image left\">\n        <img alt=\"\" src=\"https:\/\/calbernadas.com\/wp-content\/uploads\/2017\/11\/2017004-0014-200x120_c.jpg\" align=\"left\" style=\"border-radius:0;-webkit-border-radius:0;-moz-border-radius:0;-ms-border-radius:0;-o-border-radius:0;margin-right:20px;\" \/>    <\/div>\n        \n            <div class=\"cshero-testimonial-content text-left\" style=\"padding-left:230px\">\n                            <div class=\"cshero-testimonial-description\">\n                    <div class=\"cshero-testimonial-text\">\n                                                Vam trobar que era un lloc amb molt encant i tranquil\u00b7litat.\r\n\r\nEl Porxo molt confortable i acollidor, i un SPA amb bones vistes.\r\n\r\nRealment una experi\u00e8ncia id\u00edl\u00b7lica per compartir amb la parella.\r\n\r\nHi tornarem!\r\n\r\n<span style=\"color: #999999;\">Juny 2017<\/span>\r\n\r\n&nbsp                                            <\/div>\n                <\/div>\n                                        <h3 class=\"cshero-testimonial-title\" style=\"color:#666666\">\n                    Albert Sant                <\/h3>\n                        \n            \n        <\/div>\n        \n<\/article>\n\n                        <\/div>\r\n                                            <div class=\"cshero-testimonial-item\">\r\n                            \n<article id=\"post-19671\"  class=\"cshero_testimonial_content clearfix\" style=\"padding:15px;color:#666666;background-color:#f5f5f5;\">\n     \n    <div class=\"cshero-testimonial-image left\">\n        <img alt=\"\" src=\"https:\/\/calbernadas.com\/wp-content\/uploads\/2017\/11\/labarraca-23-200x120_c.jpg\" align=\"left\" style=\"border-radius:0;-webkit-border-radius:0;-moz-border-radius:0;-ms-border-radius:0;-o-border-radius:0;margin-right:20px;\" \/>    <\/div>\n        \n            <div class=\"cshero-testimonial-content text-left\" style=\"padding-left:230px\">\n                            <div class=\"cshero-testimonial-description\">\n                    <div class=\"cshero-testimonial-text\">\n                                                La meva experi\u00e8ncia al Porxo de la Barraca has estat ideal per viure una nit rom\u00e0ntica sota les estrelles, en un espai envoltat de natura i, alhora, de sofisticaci\u00f3. Al sopar no li faltava detall. Quan vam arribar ja hi havia la taula parada. Tamb\u00e9 v\u00e0rem gaudir de l\u2019SPA en parella, amb vistes a la natura. Tot un luxe!\r\n\r\n<span style=\"color: #999999;\">Setembre 2017<\/span>\r\n\r\n&nbsp                                            <\/div>\n                <\/div>\n                                        <h3 class=\"cshero-testimonial-title\" style=\"color:#666666\">\n                    N\u00faria Madrid                <\/h3>\n                        \n            \n        <\/div>\n        \n<\/article>\n\n                        <\/div>\r\n                                            <div class=\"cshero-testimonial-item\">\r\n                            \n<article id=\"post-19678\"  class=\"cshero_testimonial_content clearfix\" style=\"padding:15px;color:#666666;background-color:#f5f5f5;\">\n     \n    <div class=\"cshero-testimonial-image left\">\n        <img alt=\"\" src=\"https:\/\/calbernadas.com\/wp-content\/uploads\/2017\/11\/labarraca-239-200x120_c.jpg\" align=\"left\" style=\"border-radius:0;-webkit-border-radius:0;-moz-border-radius:0;-ms-border-radius:0;-o-border-radius:0;margin-right:20px;\" \/>    <\/div>\n        \n            <div class=\"cshero-testimonial-content text-left\" style=\"padding-left:230px\">\n                            <div class=\"cshero-testimonial-description\">\n                    <div class=\"cshero-testimonial-text\">\n                                                Hem celebrat el nostre aniversari de casats al Porxo de la Barraca. Busc\u00e0vem naturalesa i tranquil\u00b7litat en un espai rom\u00e0ntic. I al veure l\u2019oferta exclusiva entre setmana ens vam animar.\r\n\r\nQuan ens vam trobar amb l\u2019Anna, ens va acompanyar fins a la casa per un cam\u00ed sense fi enmig de boscos, camps i vaques. En pocs minuts est\u00e0vem, literalment, al mig del no res. Una sensaci\u00f3 \u00fanica per uns barcelonins com nosaltres.\r\n\r\nL\u2019espai \u00e9s encantador, un r\u00fastic modern fet amb molt carinyo, molts detalls i unes vistes fant\u00e0stiques. L\u2019opci\u00f3 del sopar preparat va ser un encert. I per si aix\u00f2 fos poc, l\u2019SPA ho va acabar de rematar!\r\n\r\nDos dies fant\u00e0stics, ens ha faltat temps per gaudir de tot. Tornarem!\r\n\r\nAh! Obrir les persianes amb el comandament a dist\u00e0ncia sense sortir del llit i amb aquestes vistes, \u00e9s un luxe!\r\n\r\n<span style=\"color: #999999;\">Octubre 2017<\/span>\r\n\r\n&nbsp                                            <\/div>\n                <\/div>\n                                        <h3 class=\"cshero-testimonial-title\" style=\"color:#666666\">\n                    Paula i Pol                <\/h3>\n                        \n            \n        <\/div>\n        \n<\/article>\n\n                        <\/div>\r\n                                            <div class=\"cshero-testimonial-item\">\r\n                            \n<article id=\"post-21789\"  class=\"cshero_testimonial_content clearfix\" style=\"padding:15px;color:#666666;background-color:#f5f5f5;\">\n     \n    <div class=\"cshero-testimonial-image left\">\n        <img alt=\"\" src=\"https:\/\/calbernadas.com\/wp-content\/uploads\/2016\/10\/labarraca-38-1-200x120_c.jpg\" align=\"left\" style=\"border-radius:0;-webkit-border-radius:0;-moz-border-radius:0;-ms-border-radius:0;-o-border-radius:0;margin-right:20px;\" \/>    <\/div>\n        \n            <div class=\"cshero-testimonial-content text-left\" style=\"padding-left:230px\">\n                            <div class=\"cshero-testimonial-description\">\n                    <div class=\"cshero-testimonial-text\">\n                                                Fant\u00e1stica velada rom\u00e1ntica en un alojamiento superespecial!!!\r\nA mi marido y a mi nos regalaron una experiencia #Dailyromantic en El Porxo de la Barraca, una casita aislada decorada con un gusto exquisito y en el que no falt\u00f3 ni un detalle. Nos dejaron preparado el men\u00fa Gourmet, le\u00f1a para encender el hogar y pasamos la noche en un entorno maravilloso, cobijados por un cielo totalmente limpio y estrellado. La atenci\u00f3n de los due\u00f1os de la casa fue exquisita y la experiencia de disfrutar nosotros solos del Spa y la sauna durante el tiempo que quisimos un aut\u00e9ntico regalo. La verdad es que salimos encantados y con ganas de repetir!\r\n\r\n<span style=\"color: #999999;\">Gener\u00a02018<\/span                                            <\/div>\n                <\/div>\n                                        <h3 class=\"cshero-testimonial-title\" style=\"color:#666666\">\n                    Gl\u00f2ria S.                <\/h3>\n                        \n            \n        <\/div>\n        \n<\/article>\n\n                        <\/div>\r\n                                            <div class=\"cshero-testimonial-item\">\r\n                            \n<article id=\"post-21792\"  class=\"cshero_testimonial_content clearfix\" style=\"padding:15px;color:#666666;background-color:#f5f5f5;\">\n     \n    <div class=\"cshero-testimonial-image left\">\n        <img alt=\"\" src=\"https:\/\/calbernadas.com\/wp-content\/uploads\/2016\/10\/labarraca-228-2-200x120_c.jpg\" align=\"left\" style=\"border-radius:0;-webkit-border-radius:0;-moz-border-radius:0;-ms-border-radius:0;-o-border-radius:0;margin-right:20px;\" \/>    <\/div>\n        \n            <div class=\"cshero-testimonial-content text-left\" style=\"padding-left:230px\">\n                            <div class=\"cshero-testimonial-description\">\n                    <div class=\"cshero-testimonial-text\">\n                                                Super ROMANTICO!!\r\nCelebramos nuestro aniversario en el Porxo de la Barraca i fue realmente excepcional!! La casa por dentro es preciosa! Poder disfrutar de la chimenea mientras descansas en esa cama tan grande mirando las estrellas por la noche a trav\u00e9s de su ventanal es alucinante y muy rom\u00e1ntico! Debajo de la casa esta el Spa, una zona con piscina climatizada, burbujas, sauna y chorros de agua! Por la noche es espectacular con las luces de la piscina encendidas y para nosotros dos solos!!! En definitiva, nos fuimos con ganas de volver otra vez, se respira mucha paz y tranquilidad en este peque\u00f1o rinc\u00f3n super rom\u00e1ntico!! Os lo recomiendo encarecidamente!\r\n\r\n<span style=\"color: #999999;\">Febrer 2018<\/span                                            <\/div>\n                <\/div>\n                                        <h3 class=\"cshero-testimonial-title\" style=\"color:#666666\">\n                    Miquel S.                <\/h3>\n                        \n            \n        <\/div>\n        \n<\/article>\n\n                        <\/div>\r\n                                            <div class=\"cshero-testimonial-item\">\r\n                            \n<article id=\"post-21795\"  class=\"cshero_testimonial_content clearfix\" style=\"padding:15px;color:#666666;background-color:#f5f5f5;\">\n     \n    <div class=\"cshero-testimonial-image left\">\n        <img alt=\"\" src=\"https:\/\/calbernadas.com\/wp-content\/uploads\/2016\/10\/labarraca-244-3-200x120_c.jpg\" align=\"left\" style=\"border-radius:0;-webkit-border-radius:0;-moz-border-radius:0;-ms-border-radius:0;-o-border-radius:0;margin-right:20px;\" \/>    <\/div>\n        \n            <div class=\"cshero-testimonial-content text-left\" style=\"padding-left:230px\">\n                            <div class=\"cshero-testimonial-description\">\n                    <div class=\"cshero-testimonial-text\">\n                                                Estancia muy recomendable.\r\nNuestra estancia en el \u201cPorxo de la Barraca\u201d no pudo ser mejor. Entorno excepcional, rodeados de naturaleza y alejados del ruido. La casa espectacular: construida y dise\u00f1ada con muy buen gusto, el interior equipado con electrodom\u00e9sticos y mobiliario, c\u00f3modos y de gran calidad. La zona de jacuzzi y sauna independiente a la casa, estuvo a nuestra exclusiva disposici\u00f3n. Las tapas escogidas para la cena superaron con creces las expectativas pues eran de calidad, originales y ricas. Por \u00faltimo, el servicio fue muy atento e impecable pues nos fueron a recoger al pueblo y nos guiaron todo el camino hasta la casa, ofreci\u00e9ndose para cualquier cosa que pudi\u00e9ramos necesitar. Una muy buena relaci\u00f3n calidad-precio. Volveremos sin lugar a dudas.\r\n\r\n<span style=\"color: #999999;\">Gener\u00a02019<\/span                                            <\/div>\n                <\/div>\n                                        <h3 class=\"cshero-testimonial-title\" style=\"color:#666666\">\n                    Albert F.                <\/h3>\n                        \n            \n        <\/div>\n        \n<\/article>\n\n                        <\/div>\r\n                                            <div class=\"cshero-testimonial-item\">\r\n                            \n<article id=\"post-21802\"  class=\"cshero_testimonial_content clearfix\" style=\"padding:15px;color:#666666;background-color:#f5f5f5;\">\n     \n    <div class=\"cshero-testimonial-image left\">\n        <img alt=\"\" src=\"https:\/\/calbernadas.com\/wp-content\/uploads\/2016\/10\/labarraca-71-3-200x120_c.jpg\" align=\"left\" style=\"border-radius:0;-webkit-border-radius:0;-moz-border-radius:0;-ms-border-radius:0;-o-border-radius:0;margin-right:20px;\" \/>    <\/div>\n        \n            <div class=\"cshero-testimonial-content text-left\" style=\"padding-left:230px\">\n                            <div class=\"cshero-testimonial-description\">\n                    <div class=\"cshero-testimonial-text\">\n                                                Espectacular!\r\nNuestra experiencia en El Porxo ha sido excelente! La casa es increible, el spa fant\u00e1stico y tanto la cena como el desayuno muy ricos! Ideal para desconectar y relajarte en pareja! Apto para beb\u00e9s, incluso nos pusieron una cuna! Muy recomendable, repetiremos seguro! Gracias por los detalles y la atenci\u00f3n recibida!\r\n\r\n<span style=\"color: #999999;\">Febrer\u00a02019<\/span                                            <\/div>\n                <\/div>\n                                        <h3 class=\"cshero-testimonial-title\" style=\"color:#666666\">\n                    Marta M.                <\/h3>\n                        \n            \n        <\/div>\n        \n<\/article>\n\n                        <\/div>\r\n                                            <div class=\"cshero-testimonial-item\">\r\n                            \n<article id=\"post-21805\"  class=\"cshero_testimonial_content clearfix\" style=\"padding:15px;color:#666666;background-color:#f5f5f5;\">\n     \n    <div class=\"cshero-testimonial-image left\">\n        <img alt=\"\" src=\"https:\/\/calbernadas.com\/wp-content\/uploads\/2016\/10\/labarraca-19-3-200x120_c.jpg\" align=\"left\" style=\"border-radius:0;-webkit-border-radius:0;-moz-border-radius:0;-ms-border-radius:0;-o-border-radius:0;margin-right:20px;\" \/>    <\/div>\n        \n            <div class=\"cshero-testimonial-content text-left\" style=\"padding-left:230px\">\n                            <div class=\"cshero-testimonial-description\">\n                    <div class=\"cshero-testimonial-text\">\n                                                Id\u00edlico.\r\nContratamos la experiencia DailyRomantic en el Porxo La Barraca y tenemos que decir que ha sido una de las mejores noches de los \u00faltimos a\u00f1os. El entorno es envidiable y el servicio inigualable. No se dejan ni un s\u00f3lo detalle y consiguen hacerte sentir mejor que en casa. Salimos felices de ah\u00ed y se podr\u00eda decir que incluso un poquito m\u00e1s enamoradas... Una estancia m\u00e1s que recomendable!\r\nEs un 7 estrellas!\r\n\r\n<span style=\"color: #999999;\">Febrer\u00a02019<\/span                                            <\/div>\n                <\/div>\n                                        <h3 class=\"cshero-testimonial-title\" style=\"color:#666666\">\n                    Mariana M.                <\/h3>\n                        \n            \n        <\/div>\n        \n<\/article>\n\n                        <\/div>\r\n                                            <div class=\"cshero-testimonial-item\">\r\n                            \n<article id=\"post-21808\"  class=\"cshero_testimonial_content clearfix\" style=\"padding:15px;color:#666666;background-color:#f5f5f5;\">\n     \n    <div class=\"cshero-testimonial-image left\">\n        <img alt=\"\" src=\"https:\/\/calbernadas.com\/wp-content\/uploads\/2016\/10\/labarraca-15-2-200x120_c.jpg\" align=\"left\" style=\"border-radius:0;-webkit-border-radius:0;-moz-border-radius:0;-ms-border-radius:0;-o-border-radius:0;margin-right:20px;\" \/>    <\/div>\n        \n            <div class=\"cshero-testimonial-content text-left\" style=\"padding-left:230px\">\n                            <div class=\"cshero-testimonial-description\">\n                    <div class=\"cshero-testimonial-text\">\n                                                Experiencia \u00fanica y espectacular!\r\nCogimos el pack #DailyRomantic y nos alojamos en \"el porxo de la barraca\" un mi\u00e9rcoles. Al llegar a la ubicaci\u00f3n de la casa ya se puede apreciar la paz y tranquilidad de la naturaleza y los inmensos campos que rodean la zona.\r\n\r\nLa casa est\u00e1 cuidada al m\u00ednimo detalle y toda ella desprende una calidez que hace que te sientas como en casa. La decoraci\u00f3n es exquisita y las vistas que tienes desde la cama y la ducha son impresionantes.\r\n\r\nLa verdad es que fue una experiencia \u00fanica! La casa de por s\u00ed ya enamora, pero el hecho de estar solos y poder disfrutar de toda esa paz y tranquilidad, adem\u00e1s de tener acceso privado al Spa, fue ESPECTACULAR.\r\n\r\nEs una experiencia que recomiendo sin duda alguna y espero repetir!\r\n\r\n<span style=\"color: #999999;\">Novembre\u00a02019<\/span                                            <\/div>\n                <\/div>\n                                        <h3 class=\"cshero-testimonial-title\" style=\"color:#666666\">\n                    Marta M.                <\/h3>\n                        \n            \n        <\/div>\n        \n<\/article>\n\n                        <\/div>\r\n                                            <div class=\"cshero-testimonial-item\">\r\n                            \n<article id=\"post-21811\"  class=\"cshero_testimonial_content clearfix\" style=\"padding:15px;color:#666666;background-color:#f5f5f5;\">\n     \n    <div class=\"cshero-testimonial-image left\">\n        <img alt=\"\" src=\"https:\/\/calbernadas.com\/wp-content\/uploads\/2016\/10\/labarraca-189-2-200x120_c.jpg\" align=\"left\" style=\"border-radius:0;-webkit-border-radius:0;-moz-border-radius:0;-ms-border-radius:0;-o-border-radius:0;margin-right:20px;\" \/>    <\/div>\n        \n            <div class=\"cshero-testimonial-content text-left\" style=\"padding-left:230px\">\n                            <div class=\"cshero-testimonial-description\">\n                    <div class=\"cshero-testimonial-text\">\n                                                Estupendo para DESCONECTAR!\r\nNos regalaron el pack daily romantics c\u00f3mo regalo de bodas y fue todo un acierto. El apartamento es estupendo y el SPA privado un lujo. Absolutamente privado y con un paisaje precioso. Si vais en plena \u00e9poca de fr\u00edo pod\u00e9is encender el fuego y cocinar en pareja con una m\u00fasica suave de fondo. Totalmente recomendable para parejas que necesiten desconectar un poco de la rutina. Josep Y Ramona son muy simp\u00e1ticos y alegres. Totalmente recomendable! Si tuviera que poner una pega solo que no se admitan animales. A nuestro perro le hubiera encantado.\r\n\r\n<span style=\"color: #999999;\">Novembre\u00a02019<\/span                                            <\/div>\n                <\/div>\n                                        <h3 class=\"cshero-testimonial-title\" style=\"color:#666666\">\n                    Silvia V.                <\/h3>\n                        \n            \n        <\/div>\n        \n<\/article>\n\n                        <\/div>\r\n                                            <div class=\"cshero-testimonial-item\">\r\n                            \n<article id=\"post-21814\"  class=\"cshero_testimonial_content clearfix\" style=\"padding:15px;color:#666666;background-color:#f5f5f5;\">\n     \n    <div class=\"cshero-testimonial-image left\">\n        <img alt=\"\" src=\"https:\/\/calbernadas.com\/wp-content\/uploads\/2016\/10\/labarraca-4-3-200x120_c.jpg\" align=\"left\" style=\"border-radius:0;-webkit-border-radius:0;-moz-border-radius:0;-ms-border-radius:0;-o-border-radius:0;margin-right:20px;\" \/>    <\/div>\n        \n            <div class=\"cshero-testimonial-content text-left\" style=\"padding-left:230px\">\n                            <div class=\"cshero-testimonial-description\">\n                    <div class=\"cshero-testimonial-text\">\n                                                Hemos ido mi marido y yo a pasar dos noches de tranquilidad y sin duda alguna as\u00ed a sido.\r\nLa casa espectacular,cuidada hasta el \u00faltimo detalle,unas vistas preciosas,la cena a base de cazueletas muy bueno y el desayuno que te lo dejen preparado tambi\u00e9n un lujo\r\nPor no hablar del spa privado para la pareja,relajante total.\r\nUnos d\u00edas para repetir seguro\r\nRecomendable 100%\r\n\r\n<span style=\"color: #999999;\">Febrer\u00a02020<\/span                                            <\/div>\n                <\/div>\n                                        <h3 class=\"cshero-testimonial-title\" style=\"color:#666666\">\n                    Laura                <\/h3>\n                        \n            \n        <\/div>\n        \n<\/article>\n\n                        <\/div>\r\n                                            <div class=\"cshero-testimonial-item\">\r\n                            \n<article id=\"post-21817\"  class=\"cshero_testimonial_content clearfix\" style=\"padding:15px;color:#666666;background-color:#f5f5f5;\">\n     \n    <div class=\"cshero-testimonial-image left\">\n        <img alt=\"\" src=\"https:\/\/calbernadas.com\/wp-content\/uploads\/2016\/10\/labarraca-116-3-200x120_c.jpg\" align=\"left\" style=\"border-radius:0;-webkit-border-radius:0;-moz-border-radius:0;-ms-border-radius:0;-o-border-radius:0;margin-right:20px;\" \/>    <\/div>\n        \n            <div class=\"cshero-testimonial-content text-left\" style=\"padding-left:230px\">\n                            <div class=\"cshero-testimonial-description\">\n                    <div class=\"cshero-testimonial-text\">\n                                                Pasamos una noche increible en el Porxo de la Barraca. La ubicacion es muy tranquila y la calidad es muy alta. La casa por dentro esta decorada con mucho gusto y las vistas desde la cama son espectaculares. La zona Spa privado es magnifica, el jacuzzi, la sauna, todo un lujo en medio de la naturaleza! Sin duda repetiremos!\r\n\r\n<span style=\"color: #999999;\">Setembre\u00a02019<\/span                                            <\/div>\n                <\/div>\n                                        <h3 class=\"cshero-testimonial-title\" style=\"color:#666666\">\n                    Victor                <\/h3>\n                        \n            \n        <\/div>\n        \n<\/article>\n\n                        <\/div>\r\n                                            <div class=\"cshero-testimonial-item\">\r\n                            \n<article id=\"post-21820\"  class=\"cshero_testimonial_content clearfix\" style=\"padding:15px;color:#666666;background-color:#f5f5f5;\">\n     \n    <div class=\"cshero-testimonial-image left\">\n        <img alt=\"\" src=\"https:\/\/calbernadas.com\/wp-content\/uploads\/2016\/10\/labarraca-260-2-200x120_c.jpg\" align=\"left\" style=\"border-radius:0;-webkit-border-radius:0;-moz-border-radius:0;-ms-border-radius:0;-o-border-radius:0;margin-right:20px;\" \/>    <\/div>\n        \n            <div class=\"cshero-testimonial-content text-left\" style=\"padding-left:230px\">\n                            <div class=\"cshero-testimonial-description\">\n                    <div class=\"cshero-testimonial-text\">\n                                                Excepcional.\r\n\r\nEstuvimos entre semana y genial!muy cerca del pueblo por si necesitas cualquier cosa,al llegar all\u00ed el entorno nos pareci\u00f3 incre\u00edble , nos alojamos en el porxo super bonito decorado con mucho gusto todo muy limpio y pensado al detalle, muy equipado, el jacuzzi genial situado en la parte de abajo, muy bonita la decoraci\u00f3n y en ning\u00fan momento pasamos nada de frio en la estancia.En definitiva ,muy acogedor. Repetiremos seguro.\r\n\r\n<span style=\"color: #999999;\">Novembre\u00a02017<\/span                                            <\/div>\n                <\/div>\n                                        <h3 class=\"cshero-testimonial-title\" style=\"color:#666666\">\n                    Patricia                <\/h3>\n                        \n            \n        <\/div>\n        \n<\/article>\n\n                        <\/div>\r\n                                            <div class=\"cshero-testimonial-item\">\r\n                            \n<article id=\"post-21823\"  class=\"cshero_testimonial_content clearfix\" style=\"padding:15px;color:#666666;background-color:#f5f5f5;\">\n     \n    <div class=\"cshero-testimonial-image left\">\n        <img alt=\"\" src=\"https:\/\/calbernadas.com\/wp-content\/uploads\/2016\/10\/labarraca-40-2-200x120_c.jpg\" align=\"left\" style=\"border-radius:0;-webkit-border-radius:0;-moz-border-radius:0;-ms-border-radius:0;-o-border-radius:0;margin-right:20px;\" \/>    <\/div>\n        \n            <div class=\"cshero-testimonial-content text-left\" style=\"padding-left:230px\">\n                            <div class=\"cshero-testimonial-description\">\n                    <div class=\"cshero-testimonial-text\">\n                                                Es espectacular...el contexto, el ambiente, el acceso, sus interiores, y sus exteriores, las comodidades de la suite y sobretodo el spa sin limitaciones, privacidad durante toda tu estancia. Tranquilidad, silencio y placer, son las palabras que definir\u00edan mi estancia en el porxo de la barraca! Un sitio id\u00edlico!\r\n\r\nEl SPA est\u00e1 fuera y anexo al porxo, no en su interior, por motivos de funcionamiento. A\u00fan as\u00ed, su acceso es del todo original y no supera los dos minutos.\r\n\r\n<span style=\"color: #999999;\">Enero\u00a02020<\/span                                            <\/div>\n                <\/div>\n                                        <h3 class=\"cshero-testimonial-title\" style=\"color:#666666\">\n                    Alba                <\/h3>\n                        \n            \n        <\/div>\n        \n<\/article>\n\n                        <\/div>\r\n                                            <div class=\"cshero-testimonial-item\">\r\n                            \n<article id=\"post-21866\"  class=\"cshero_testimonial_content clearfix\" style=\"padding:15px;color:#666666;background-color:#f5f5f5;\">\n     \n    <div class=\"cshero-testimonial-image left\">\n        <img alt=\"\" src=\"https:\/\/calbernadas.com\/wp-content\/uploads\/2016\/10\/labarraca-17-1-200x120_c.jpg\" align=\"left\" style=\"border-radius:0;-webkit-border-radius:0;-moz-border-radius:0;-ms-border-radius:0;-o-border-radius:0;margin-right:20px;\" \/>    <\/div>\n        \n            <div class=\"cshero-testimonial-content text-left\" style=\"padding-left:230px\">\n                            <div class=\"cshero-testimonial-description\">\n                    <div class=\"cshero-testimonial-text\">\n                                                Ya es la tercera vez que venimos y como siempre hemos quedado encantados. Est\u00e1 todo cuidado hasta el m\u00ednimo detalle, para que la estancia sea perfecta. El entorno inmejorable, tranquilidad absoluta, solo se oyen la naturaleza. Sin duda repetiremos.\r\n\r\n<span style=\"color: #999999;\">Mar\u00e7\u00a02019<\/span                                            <\/div>\n                <\/div>\n                                        <h3 class=\"cshero-testimonial-title\" style=\"color:#666666\">\n                    Ana Blasco                <\/h3>\n                        \n            \n        <\/div>\n        \n<\/article>\n\n                        <\/div>\r\n                                        \r\n                <\/div>\r\n                                                                <div class=\"cshero-nav 1 default\">\r\n                    <ul>\r\n                        <li class=\"prev\" style=\"left:auto;\"><\/li>\r\n                        <li class=\"next\" style=\"right:auto;\"><\/li>\r\n                    <\/ul>\r\n                <\/div>\r\n                                            <\/div>\r\n        <\/div>\r\n        [\/vc_column][\/vc_row][vc_row full_width=\u00bbstretch_row\u00bb css=\u00bb.vc_custom_1478677381324{padding-top: 100px !important;padding-bottom: 100px !important;background-image: url(https:\/\/calbernadas.com\/wp-content\/uploads\/2016\/10\/RP_caracteristiques.jpg?id=13651) !important;}\u00bb parallax_speed=\u00bb0.8&#8243; bg_video_transparent=\u00bb0&#8243; el_class=\u00bbcm-icon-big-item\u00bb][vc_column][cs_custom_heading text=\u00bbPACKS\u00bb font_container=\u00bbtag:h1|font_size:40px|text_align:center|color:%23ffffff\u00bb font_format=\u00bb700&#8243; style=\u00bbstyle-none\u00bb el_class=\u00bbcm-tailor-title-site\u00bb][\/vc_column][\/vc_row][vc_row css=\u00bb.vc_custom_1510845232015{padding-top: 20px !important;padding-bottom: 20px !important;}\u00bb][vc_column width=\u00bb1\/6&#8243;][\/vc_column][vc_column width=\u00bb2\/3&#8243;][vc_empty_space height=\u00bb30px\u00bb][vc_column_text]<\/p>\n<h5 style=\"text-align: center;\"><span style=\"color: #ffcc00;\">Regala el pack Daily Romantic que puedes encargar desde la p\u00e1gina web de Cal Bernad\u00e0s. Escoge una noche de lunes a jueves para pasarla en el espacio rom\u00e1ntico de El Porxo de la Barraca, un espacio de 60 m<sup>2\u00a0<\/sup>en medio de la tranquilidad y las estrellas, que combina modernidad y tradici\u00f3n, totalmente equipado para dos personas.<\/span><\/h5>\n<h5 style=\"text-align: center;\"><span style=\"color: #ffcc00;\">Y para que vuestra estancia sea a\u00fan m\u00e1s m\u00e1gica, El Porxo de la Barraca tambi\u00e9n pone a vuestra disposici\u00f3n un <b>SPA totalmente privado<\/b>para pasar all\u00ed una velada \u00fanica.<\/span><\/h5>\n<p>[\/vc_column_text][\/vc_column][vc_column width=\u00bb1\/6&#8243;][\/vc_column][\/vc_row][vc_row full_width=\u00bbstretch_row\u00bb css=\u00bb.vc_custom_1510845168760{padding-top: 30px !important;padding-bottom: 30px !important;}\u00bb][vc_column width=\u00bb1\/6&#8243;][\/vc_column][vc_column width=\u00bb2\/3&#8243;][vc_column_text]<\/p>\n<div class=\"row-fluid show-grid\">\n<h5 style=\"text-align: center;\"><span style=\"color: #ffcc00;\">Puedes escoger entre diferentes opciones para ser #Dailyromantic!<\/span><\/h5>\n<\/div>\n<p>[\/vc_column_text][\/vc_column][vc_column width=\u00bb1\/6&#8243;][\/vc_column][\/vc_row][vc_row gap=\u00bb15&#8243; css=\u00bb.vc_custom_1478665638467{padding-top: 15px !important;padding-bottom: 65px !important;}\u00bb][vc_column width=\u00bb1\/2&#8243;][vc_row_inner css=\u00bb.vc_custom_1477994399761{margin: 0px !important;padding: 0px !important;background-color: #ffffff !important;border: 1px solid #dddddd !important;}\u00bb][vc_column_inner css=\u00bb.vc_custom_1477994409192{margin: 0px !important;border-width: 0px !important;padding: 0px !important;}\u00bb][cs_custom_heading text=\u00bbPACK ALOJAMIENTO\u00bb font_container=\u00bbtag:h2|font_size:30px|text_align:center|color:%23402e24|line_height:30px\u00bb font_format=\u00bb300&#8243; style=\u00bbstyle-none\u00bb el_class=\u00bbcm-tailor-title-site\u00bb css=\u00bb.vc_custom_1549041540132{margin-top: 0px !important;margin-right: 0px !important;margin-bottom: 0px !important;margin-left: 0px !important;border-top-width: 0px !important;border-right-width: 0px !important;border-bottom-width: 0px !important;border-left-width: 0px !important;padding-top: 10px !important;padding-right: 10px !important;padding-bottom: 10px !important;padding-left: 10px !important;background-color: #ffdb4d !important;}\u00bb][vc_column_text css=\u00bb.vc_custom_1706013067137{padding-top: 30px !important;padding-right: 10px !important;padding-bottom: 30px !important;padding-left: 10px !important;background-color: #402e24 !important;}\u00bb]<\/p>\n<p style=\"text-align: center;\"><span style=\"color: #ffffff;\">Si tienes ganas de ser rom\u00e1ntico en un espacio aut\u00e9ntico donde quedaros a dormir y preparar t\u00fa mismo una cena y un desayuno para sorprender a\u00fan m\u00e1s a tu pareja, entonces este es tu pack. Al\u00f3jate en El Porxo de La Barraca, cocina a tu aire y goza del SPA.<\/span><\/p>\n<h3 style=\"text-align: center;\"><span style=\"color: #ffcc00;\">PRECIO 2 PERSONAS<br \/>\n<\/span><\/h3>\n<h1 style=\"text-align: center;\"><span style=\"color: #ffcc00;\">220\u20ac<\/span><\/h1>\n<p>[\/vc_column_text][vc_column_text css=\u00bb.vc_custom_1773825418830{padding-top: 30px !important;padding-right: 22% !important;padding-bottom: 30px !important;padding-left: 22% !important;}\u00bb]LOVE WELCOME PACK, CON BOTELLA DE CAVA Y BOMBONES DE CHOCOLATE.<\/p>\n<hr \/>\n<p>1 NOCHE EN EL PORXO DE LA BARRACA, CON TODOS SUS EQUIPAMIENTOS, PARA 2 PERSONAS.<\/p>\n<hr \/>\n<p>Reservas de lunes a jueves (excepto festivos, Julio y Agosto).<br \/>\nHora de entrada en el Porxo de la Barraca: a partir de las 16:00h.<br \/>\nHora de salida del Porxo de la Barraca: a las 12:00h.<br \/>\nAcceso al SPA: a partir de las 20:00h.<\/p>\n<p>Tasa tur\u00edstica no incluida: 0,99\u20ac\/persona y noche.<\/p>\n<p>Sauna no incluida: 2\u20ac\/hora.<\/p>\n<p>Noches extras: 150\u20ac\/noche (2 personas).<\/p>\n<p>Pack Regalo: 15\u20ac (env\u00edo incluido en la Pen\u00ednsula).[\/vc_column_text][\/vc_column_inner][\/vc_row_inner][\/vc_column][vc_column width=\u00bb1\/2&#8243;][vc_row_inner css=\u00bb.vc_custom_1477994399761{margin: 0px !important;padding: 0px !important;background-color: #ffffff !important;border: 1px solid #dddddd !important;}\u00bb][vc_column_inner css=\u00bb.vc_custom_1477994409192{margin: 0px !important;border-width: 0px !important;padding: 0px !important;}\u00bb][cs_custom_heading text=\u00bbPACK COMPLETO\u00bb font_container=\u00bbtag:h2|font_size:30px|text_align:center|color:%23402e24|line_height:30px\u00bb font_format=\u00bb300&#8243; style=\u00bbstyle-none\u00bb el_class=\u00bbcm-tailor-title-site\u00bb css=\u00bb.vc_custom_1549041546721{margin-top: 0px !important;margin-right: 0px !important;margin-bottom: 0px !important;margin-left: 0px !important;border-top-width: 0px !important;border-right-width: 0px !important;border-bottom-width: 0px !important;border-left-width: 0px !important;padding-top: 10px !important;padding-right: 10px !important;padding-bottom: 10px !important;padding-left: 10px !important;background-color: #ffdb4d !important;}\u00bb][vc_column_text css=\u00bb.vc_custom_1706013079477{padding-top: 30px !important;padding-right: 10px !important;padding-bottom: 30px !important;padding-left: 10px !important;background-color: #402e24 !important;}\u00bb]<\/p>\n<p style=\"text-align: center;\"><span style=\"color: #ffffff;\">Sorprende a tu pareja en un espacio \u00fanico con SPA privado y donde pasar una noche especial en medio de la naturaleza. Y si adem\u00e1s quieres llegar y encontrarte la cena preparada y la mesa puesta, entonces este es tu paquete.<\/span><\/p>\n<h3 style=\"text-align: center;\"><span style=\"color: #ffcc00;\">PRECIO 2 PERSONAS<\/span><\/h3>\n<h1 style=\"text-align: center;\"><span style=\"color: #ffcc00;\">295\u20ac<\/span><\/h1>\n<p>[\/vc_column_text][vc_column_text css=\u00bb.vc_custom_1773825438083{padding-top: 30px !important;padding-right: 22% !important;padding-bottom: 30px !important;padding-left: 22% !important;}\u00bb]LOVE WELCOME PACK, CON BOTELLA DE CAVA Y BOMBONES DE CHOCOLATE.<\/p>\n<hr \/>\n<p>1 NOCHE EN EL PORXO DE LA BARRACA, CON TODOS SUS EQUIPAMIENTOS, PARA 2 PERSONAS.<\/p>\n<hr \/>\n<p>ROMANTIC DINNER. TAPAS DE CONTRASTES, PARA COMPARTIR Y PARA DEJAR VOLAR LA IMAGINACI\u00d3N.<\/p>\n<hr \/>\n<p>DESAYUNO: UNA SELECCI\u00d3N DE EMBUTIDOS Y QUESOS DE LA ZONA, FRUTA Y YOGURT ARTESANO.<\/p>\n<hr \/>\n<p>Reservas de lunes a jueves (excepto festivos, Julio y Agosto).<br \/>\nHora de entrada en el Porxo de la Barraca: a partir de las 16:00h.<br \/>\nHora de salida del Porxo de la Barraca: a las 12:00h.<br \/>\nAcceso al SPA: a partir de las 20:00h.<\/p>\n<p>Tasa tur\u00edstica no incluida: 0,99\u20ac\/persona y noche.<\/p>\n<p>Sauna no incluida: 2\u20ac\/hora.<\/p>\n<p>Noches extras: 150\u20ac\/noche (2 personas).<\/p>\n<p>Pack Regalo: 15\u20ac (env\u00edo incluido en la Pen\u00ednsula).[\/vc_column_text][\/vc_column_inner][\/vc_row_inner][\/vc_column][\/vc_row][vc_row full_width=\u00bbstretch_row\u00bb css=\u00bb.vc_custom_1478677830294{padding-top: 100px !important;padding-bottom: 100px !important;background-color: #ffcc00 !important;}\u00bb parallax_speed=\u00bb0.8&#8243; bg_video_transparent=\u00bb0&#8243; el_class=\u00bbcm-icon-big-item\u00bb][vc_column][vc_column_text]<\/p>\n<h5 style=\"text-align: center;\"><span style=\"color: #000000;\">Sorprende a tu pareja, dile que la llevas a cenar a fuera un d\u00eda cualquiera de la semana y\u2026 \u00a1s\u00e9 un #DailyRomantic!<\/span><\/h5>\n<p>[\/vc_column_text][\/vc_column][\/vc_row][vc_row][vc_column][vc_empty_space height=\u00bb64px\u00bb][vc_column_text]<\/p>\n<h2 style=\"text-align: center;\">EQUIPAMIENTOS EL PORXO DE LA BARRACA<\/h2>\n<h5 style=\"text-align: center;\">Cama doble (180 x 200cm)<br \/>\nCocina \u2013 office con vitrocer\u00e1mica, nevera, lavaplatos, microondas y cafetera Nespresso.<br \/>\nSal\u00f3n con sof\u00e1s, chimenea y TV.<br \/>\nDucha con magn\u00edficas vistas.<br \/>\nLavabo.<br \/>\nSPA con piscina climatizada, jacuzzi y sauna.<\/h5>\n<p>[\/vc_column_text][vc_empty_space height=\u00bb64px\u00bb][\/vc_column][\/vc_row][vc_row full_width=\u00bbstretch_row\u00bb css=\u00bb.vc_custom_1488562112853{padding-top: 100px !important;padding-bottom: 100px !important;background-image: url(https:\/\/calbernadas.com\/wp-content\/uploads\/2016\/10\/RP_caracteristiques.jpg?id=13651) !important;}\u00bb parallax_speed=\u00bb0.8&#8243; bg_video_transparent=\u00bb0&#8243; el_class=\u00bbcm-icon-big-item\u00bb][vc_column][cs_custom_heading text=\u00bbBLOG\u00bb font_container=\u00bbtag:h1|font_size:40px|text_align:center|color:%23ffffff\u00bb font_format=\u00bb700&#8243; style=\u00bbstyle-none\u00bb el_class=\u00bbcm-tailor-title-site\u00bb][\/vc_column][\/vc_row][vc_row full_width=\u00bbstretch_row\u00bb css=\u00bb.vc_custom_1488561789960{padding-top: 100px !important;padding-bottom: 100px !important;}\u00bb parallax_speed=\u00bb0.8&#8243; bg_video_transparent=\u00bb0&#8243; el_class=\u00bbcm-icon-big-item\u00bb][vc_column]\t<div id=\"cshero_post_carousel_1777494620_169f26a5c042d8\" class=\"cshero-post-carousel postcarousel-default \">\r\n\t\t<style type=\"text\/css\" scoped>\r\n\t\t\t#cshero_post_carousel_1777494620_169f26a5c042d8 article:hover .cshero-carousel-body{color: !important; background-color: !important; }\r\n\t\t\t#cshero_post_carousel_1777494620_169f26a5c042d8 article:hover .cshero-carousel-title a{color: !important; }\r\n\t\t\t#cshero_post_carousel_1777494620_169f26a5c042d8 .link-wrap a{ color: ;}\r\n\t\t\t#cshero_post_carousel_1777494620_169f26a5c042d8 .link-wrap a:hover{ color: ;}\r\n\t\t\t#cshero_post_carousel_1777494620_169f26a5c042d8 .link-wrap [class*='icon-box-']:hover .fa,\r\n\t\t\t#cshero_post_carousel_1777494620_169f26a5c042d8 .link-wrap [class^='icon-box-']:hover .fa{border-color:;}\r\n\t\t<\/style>\r\n\t            <div class=\"cshero-post-carousel-list \">\r\n            <div id=\"cshero_post_carousel1777494620_169f26a5c042d8\" data-mode=\"horizontal\" data-moveslides=\"3\" data-auto=\"0\" data-speed=\"500\" data-prevselector=\"#cshero_post_carousel_1777494620_169f26a5c042d8 .prev\" data-nextselector=\"#cshero_post_carousel_1777494620_169f26a5c042d8 .next\" data-prevText=\"<i class='fa fa-angle-left'><\/i>\" data-nextText=\"<i class='fa fa-angle-right'><\/i>\" data-pagerSelector=\"#cshero_post_carousel_1777494620_169f26a5c042d8 .cshero-control\" data-onsliderload=\"true\" data-touchenabled=\"1\" data-controls=\"true\" data-pager=\"1\" data-pause=\"4000\" data-infiniteloop=\"true\" data-adaptiveheight=\"true\"  data-autohover=\"true\" data-slidemargin=\"30\" data-maxslides=\"3\" data-minslides=\"1\" data-slidewidth=\"360\" data-slideselector=\"\" data-easing=\"swing\" data-usecss=\"\" data-resize=\"1\" class=\"slider jm-bxslider\">\r\n                \t\t\t<\/div>\r\n\t\t<\/div>\r\n\t\t\t\t\t<div class=\"cshero-control pager-center text-center default\"><\/div>\r\n\t\t\t\t        <div class=\"cshero-nav text-center default\">\r\n            <ul>\r\n                <li class=\"prev\" style=\"left:;\"><\/li>\r\n                <li class=\"next\" style=\"right:;\"><\/li>\r\n            <\/ul>\r\n        <\/div>\r\n    \t\t        <\/div>\r\n[\/vc_column][\/vc_row][vc_row full_width=\u00bbstretch_row\u00bb css=\u00bb.vc_custom_1510224690016{padding-top: 80px !important;padding-bottom: 80px !important;background-image: url(https:\/\/calbernadas.com\/wp-content\/uploads\/2016\/10\/RP_caracteristiques.jpg?id=13651) !important;}\u00bb parallax_speed=\u00bb0.8&#8243; bg_video_transparent=\u00bb0&#8243; el_class=\u00bbcm-icon-big-item\u00bb][vc_column][cs_custom_heading text=\u00bbLOCALITZACI\u00d3N\u00bb font_container=\u00bbtag:h1|font_size:40px|text_align:center|color:%23ffffff\u00bb font_format=\u00bb700&#8243; style=\u00bbstyle-none\u00bb el_class=\u00bbcm-tailor-title-site\u00bb][\/vc_column][\/vc_row][vc_row css=\u00bb.vc_custom_1510224764706{padding-top: 80px !important;padding-bottom: 80px !important;}\u00bb][vc_column][vc_column_text css=\u00bb.vc_custom_1511867091608{padding-right: 10% !important;padding-left: 10% !important;}\u00bb]<\/p>\n<h5 style=\"text-align: center;\"><span style=\"color: #ffcc00;\">El Porxo de la Barraca est\u00e1 situado en un entorno privilegiado, sobre todo si te apasiona la naturaleza y el silencio.<\/span><br \/>\n<span style=\"color: #ffcc00;\">A 2 km de la villa de Casserres, y a tan solo 90 km de Barcelona, est\u00e1 orientado a levante, de modo que cada ma\u00f1ana recibe los primeros rayos de sol.<\/span><br \/>\n<span style=\"color: #ffcc00;\">Est\u00e1 rodeado de bosques de pinos, encinas y robles, y tambi\u00e9n de campos de conreo, dentro de una explotaci\u00f3n agropecuaria. En medio de la naturaleza, tiene el privilegio de unas excelentes vistas de los Pirineos, al mismo tiempo que goza de una tranquilidad absoluta.<\/span><\/h5>\n<p>[\/vc_column_text][vc_empty_space][vc_row_inner][vc_column_inner width=\u00bb1\/3&#8243;][vc_column_text]<\/p>\n<h3><span style=\"color: #ffcc00;\">DIRECCI\u00d3N<\/span><\/h3>\n<p style=\"font-size: 18px;\">Casa La Barraca, afores s\/n<br \/>\n08693 Casserres<br \/>\nComarca: El Bergued\u00e0<br \/>\nProv\u00edncia: Barcelona<\/p>\n<h5><\/h5>\n<h3><span style=\"color: #ffcc00;\"><i class=\"fa fa-home uk-text-primary\"><\/i> COORDENADAS GPS<\/span><\/h3>\n<p style=\"font-size: 18px;\">42\u00ba00\u201945,32\u2019\u2019 N<br \/>\n1\u00ba51\u201911,91\u2019\u2019 E<\/p>\n<p>[\/vc_column_text][\/vc_column_inner][vc_column_inner width=\u00bb2\/3&#8243;][vc_column_text]<\/p>\n<h3><span style=\"color: #ffcc00;\">\u00bfCOMO LLEGAR?<\/span><\/h3>\n<p style=\"font-size: 18px;\">Hay que coger la salida 88 de la autov\u00eda C-16, en direcci\u00f3n a Casserres, seguir la carretera local y al cabo de 4 km se llega al pueblo de Casserres.<br \/>\nEn la entrada hay una rotonda, de la que hay que coger la segunda salida en direcci\u00f3n a Puig-Reig.<br \/>\nM\u00e1s adelante hay una segunda rotonda, en la que hay que coger la segunda salida en direcci\u00f3n a Puig-Reig.<br \/>\nA 500 metros aproximadamente, en medio de una recta bastante larga, hay la se\u00f1al de La Barraca a la izquierda (camino de Vilanova y La Barraca).<br \/>\nHay que seguir el camino y a 1,5 km aproximadamente\u2026 \u00a1Bienvenidos a El Porxo de la Barraca!<\/p>\n<p>[\/vc_column_text][\/vc_column_inner][\/vc_row_inner][\/vc_column][\/vc_row][vc_row full_width=\u00bbstretch_row_content_no_spaces\u00bb][vc_column][vc_gmaps link=\u00bb#E-8_JTNDaWZyYW1lJTIwc3JjJTNEJTIyaHR0cHMlM0ElMkYlMkZ3d3cuZ29vZ2xlLmNvbSUyRm1hcHMlMkZlbWJlZCUzRnBiJTNEJTIxMW0xOCUyMTFtMTIlMjExbTMlMjExZDUxMTMuNzgwMDc1MDk2MDQwNSUyMTJkMS44NDc5MTg4MDcyOTgyMDkzJTIxM2Q0Mi4wMTM4NzEwNzQzMzA3MSUyMTJtMyUyMTFmMCUyMTJmMCUyMTNmMCUyMTNtMiUyMTFpMTAyNCUyMTJpNzY4JTIxNGYxMy4xJTIxM20zJTIxMW0yJTIxMXMweDEyYTUwNzEyZjRhYWI2YWQlMjUzQTB4ODIyNmUwZmQ0MTYyNTQyMSUyMTJzTGElMkJCYXJyYWNhJTIxNWUxJTIxM20yJTIxMXNlcyUyMTJzZXMlMjE0djE1NTQzMTAyMzUwMDklMjE1bTIlMjExc2VzJTIxMnNlcyUyMiUyMHdpZHRoJTNEJTIyMTAwJTI1JTIyJTIwaGVpZ2h0JTNEJTIyNDUwJTIyJTIwZnJhbWVib3JkZXIlM0QlMjIwJTIyJTIwc3R5bGUlM0QlMjJib3JkZXIlM0EwJTIyJTIwYWxsb3dmdWxsc2NyZWVuJTNFJTNDJTJGaWZyYW1lJTNF\u00bb][\/vc_column][\/vc_row][vc_row full_width=\u00bbstretch_row\u00bb css=\u00bb.vc_custom_1478676955127{padding-top: 100px !important;padding-bottom: 100px !important;background-image: url(https:\/\/calbernadas.com\/wp-content\/uploads\/2016\/10\/RP_contacte.jpg?id=12422) !important;}\u00bb parallax_speed=\u00bb0.8&#8243; bg_video_transparent=\u00bb0&#8243; el_class=\u00bbcm-icon-big-item\u00bb][vc_column][cs_custom_heading text=\u00bbCONTACTO\u00bb font_container=\u00bbtag:h1|font_size:40px|text_align:center|color:%23ffffff\u00bb font_format=\u00bb700&#8243; style=\u00bbstyle-none\u00bb el_class=\u00bbcm-tailor-title-site\u00bb][\/vc_column][\/vc_row][vc_row css=\u00bb.vc_custom_1477557874325{padding-top: 80px !important;padding-bottom: 80px !important;}\u00bb][vc_column width=\u00bb1\/3&#8243;][vc_column_text]<\/p>\n<h3><\/h3>\n<h3><span style=\"color: #ffcc0c;\">JOSEP NIUB\u00d2<\/span><br \/>\n<span style=\"color: #ffcc0c;\">RAMONA CASAS<\/span><br \/>\n<span style=\"color: #ffcc0c;\">ANNA NIUB\u00d2<\/span><\/h3>\n<h3><\/h3>\n<p style=\"font-size: 18px;\">+34 636 533 958<br \/>\n+34 938 234 082<br \/>\n<span id=\"cloak78436\"><a href=\"mailto:info@calbernadas.com\">info@calbernadas.com<\/a><\/span><\/p>\n<p>[\/vc_column_text]        <div  id=\"cs_social1777494620_169f26a5c04389\" class=\"cshero-social cs-social-layout1 \">\r\n            <style type=\"text\/css\" scoped>\r\n               .cshero_content_1777494620_169f26a5c04389.cshero-social-list a:hover i {\r\n                    background-color:  !important;\r\n                    border-color:  !important;\r\n                    color:  !important;\r\n                    white-space: inherit;\r\n               }\r\n            <\/style>\r\n                            \r\n<div class=\"cshero_content_1777494620_169f26a5c04389 cshero-social-list \">\r\n            <a href=\"https:\/\/www.facebook.com\/calbernadas?fref=ts\" style=\"font-size:\"><i style=\"      border-style: none;   \" class=\"fa fa-facebook\"><\/i><\/a>\r\n                <a href=\"https:\/\/instagram.com\/calbernadas\/\" style=\"font-size:\"><i style=\"      border-style: none;   \" class=\"fa fa-instagram\"><\/i><\/a>\r\n                <a href=\"https:\/\/twitter.com\/calbernadas\" style=\"font-size:\"><i style=\"      border-style: none;   \" class=\"fa fa-twitter\"><\/i><\/a>\r\n                                            \r\n<\/div>               \r\n        <\/div>\r\n        [\/vc_column][vc_column width=\u00bb2\/3&#8243;]\n<div class=\"wpcf7 no-js\" id=\"wpcf7-f17360-o1\" lang=\"en-US\" dir=\"ltr\">\n<div class=\"screen-reader-response\"><p role=\"status\" aria-live=\"polite\" aria-atomic=\"true\"><\/p> <ul><\/ul><\/div>\n<form action=\"\/es\/wp-json\/wp\/v2\/pages\/14260#wpcf7-f17360-o1\" method=\"post\" class=\"wpcf7-form init\" aria-label=\"Contact form\" novalidate=\"novalidate\" data-status=\"init\">\n<div style=\"display: none;\">\n<input type=\"hidden\" name=\"_wpcf7\" value=\"17360\" \/>\n<input type=\"hidden\" name=\"_wpcf7_version\" value=\"5.8.2\" \/>\n<input type=\"hidden\" name=\"_wpcf7_locale\" value=\"en_US\" \/>\n<input type=\"hidden\" name=\"_wpcf7_unit_tag\" value=\"wpcf7-f17360-o1\" \/>\n<input type=\"hidden\" name=\"_wpcf7_container_post\" value=\"0\" \/>\n<input type=\"hidden\" name=\"_wpcf7_posted_data_hash\" value=\"\" \/>\n<\/div>\n<div class=\"row\">\n\t<div class=\"col-xs-12 col-sm-12 col-md-12 col-lg-12\">\n\t\t<p><span class=\"wpcf7-form-control-wrap\" data-name=\"nom\"><input size=\"40\" class=\"wpcf7-form-control wpcf7-text wpcf7-validates-as-required name\" id=\"name\" aria-required=\"true\" aria-invalid=\"false\" placeholder=\"Tu nombre*\" value=\"\" type=\"text\" name=\"nom\" \/><\/span>\n\t\t<\/p>\n\t<\/div>\n<\/div>\n<div class=\"row\">\n\t<div class=\"col-xs-12 col-sm-12 col-md-12 col-lg-12\">\n\t\t<p><span class=\"wpcf7-form-control-wrap\" data-name=\"email\"><input size=\"40\" class=\"wpcf7-form-control wpcf7-email wpcf7-validates-as-required wpcf7-text wpcf7-validates-as-email email\" id=\"email\" aria-required=\"true\" aria-invalid=\"false\" placeholder=\"Tu correo electr\u00f3nico*\" value=\"\" type=\"email\" name=\"email\" \/><\/span>\n\t\t<\/p>\n\t<\/div>\n<\/div>\n<div class=\"row\">\n\t<div class=\"col-xs-12 col-sm-12 col-md-12 col-lg-12\">\n\t\t<p><span class=\"wpcf7-form-control-wrap\" data-name=\"phone\"><input size=\"40\" class=\"wpcf7-form-control wpcf7-text phone\" id=\"phone\" aria-invalid=\"false\" placeholder=\"Tel\u00e9fono\" value=\"\" type=\"text\" name=\"phone\" \/><\/span>\n\t\t<\/p>\n\t<\/div>\n<\/div>\n<div class=\"row\">\n\t<div class=\"col-xs-12 col-sm-12 col-md-12 col-lg-12\">\n\t\t<p><span class=\"wpcf7-form-control-wrap\" data-name=\"entrada\"><input class=\"wpcf7-form-control wpcf7-date wpcf7-validates-as-required wpcf7-validates-as-date\" aria-required=\"true\" aria-invalid=\"false\" placeholder=\"Fecha de entrada: &nbsp;\" value=\"\" type=\"date\" name=\"entrada\" \/><\/span>\n\t\t<\/p>\n\t<\/div>\n<\/div>\n<div class=\"row\">\n\t<div class=\"col-xs-12 col-sm-12 col-md-12 col-lg-12\">\n\t\t<p><span class=\"wpcf7-form-control-wrap\" data-name=\"sortida\"><input class=\"wpcf7-form-control wpcf7-date wpcf7-validates-as-required wpcf7-validates-as-date\" aria-required=\"true\" aria-invalid=\"false\" placeholder=\"Fecha de salida: &nbsp;\" value=\"\" type=\"date\" name=\"sortida\" \/><\/span>\n\t\t<\/p>\n\t<\/div>\n<\/div>\n<div class=\"row\">\n\t<div class=\"col-xs-12 col-sm-12 col-md-12 col-lg-12\">\n\t\t<p><span class=\"wpcf7-form-control-wrap\" data-name=\"msg\"><textarea cols=\"40\" rows=\"10\" class=\"wpcf7-form-control wpcf7-textarea\" aria-invalid=\"false\" placeholder=\"Deja tu mensaje\" name=\"msg\"><\/textarea><\/span>\n\t\t<\/p>\n\t<\/div>\n<\/div>\n<div class=\"row\">\n\t<div class=\"col-xs-12 col-sm-12 col-md-12 col-lg-12\">\n\t\t<p><span class=\"wpcf7-form-control-wrap\" data-name=\"codipromo\"><input size=\"40\" class=\"wpcf7-form-control wpcf7-text\" aria-invalid=\"false\" placeholder=\"C\u00f3digo promocional\" value=\"\" type=\"text\" name=\"codipromo\" \/><\/span>\n\t\t<\/p>\n\t<\/div>\n<\/div>\n<div class=\"row\">\n\t<div class=\"col-xs-1 col-sm-1 col-md-1 col-lg-1\">\n\t\t<p><span class=\"wpcf7-form-control-wrap\" data-name=\"acceptar\"><span class=\"wpcf7-form-control wpcf7-acceptance\"><span class=\"wpcf7-list-item\"><input type=\"checkbox\" name=\"acceptar\" value=\"1\" aria-invalid=\"false\" \/><\/span><\/span><\/span>\n\t\t<\/p>\n\t<\/div>\n\t<p>\"He le\u00eddo y acepto la <a href=\"https:\/\/calbernadas.com\/es\/aviso-legal\/#privacidad\" target=\"_blank\">pol\u00edtica de privacidad\"<\/a>\n\t<\/p>\n<\/div>\n<div class=\"row\">\n\t<div class=\"col-xs-12 col-sm-12 col-md-12 col-lg-12\">\n\t\t<p>[bwscaptcha bwscaptcha-42]\n\t\t<\/p>\n\t<\/div>\n<\/div>\n<div class=\"row\">\n\t<div class=\"col-xs-12 col-sm-12 col-md-12 col-lg-12\">\n\t\t<p><input class=\"wpcf7-form-control wpcf7-submit has-spinner\" type=\"submit\" value=\"Enviar\" \/>\n\t\t<\/p>\n\t<\/div>\n<\/div><p style=\"display: none !important;\" class=\"akismet-fields-container\" data-prefix=\"_wpcf7_ak_\"><label>&#916;<textarea name=\"_wpcf7_ak_hp_textarea\" cols=\"45\" rows=\"8\" maxlength=\"100\"><\/textarea><\/label><input type=\"hidden\" id=\"ak_js_1\" name=\"_wpcf7_ak_js\" value=\"230\"\/><script>document.getElementById( \"ak_js_1\" ).setAttribute( \"value\", ( new Date() ).getTime() );<\/script><\/p><div class=\"wpcf7-response-output\" aria-hidden=\"true\"><\/div>\n<\/form>\n<\/div>\n[\/vc_column][\/vc_row]<\/p>\n","protected":false},"excerpt":{"rendered":"<p>[vc_row full_width=\u00bbstretch_row_content\u00bb css=\u00bb.vc_custom_1490377999104{margin-bottom: -40px !important;border-bottom-width: -40px !important;}\u00bb][vc_column][rev_slider_vc alias=\u00bbdaily-romantic_esp\u00bb][\/vc_column][\/vc_row][vc_row full_width=\u00bbstretch_row\u00bb css=\u00bb.vc_custom_1478601643581{padding-top: 80px !important;padding-bottom: 80px !important;background-color: #ffcd00 !important;}\u00bb][vc_column width=\u00bb1\/6&#8243;][\/vc_column][vc_column width=\u00bb2\/3&#8243;][vc_column_text] En Cal [&hellip;]<\/p>\n","protected":false},"author":1,"featured_media":0,"parent":14267,"menu_order":0,"comment_status":"closed","ping_status":"closed","template":"","meta":{"footnotes":""},"yoast_head":"<!-- This site is optimized with the Yoast SEO plugin v21.5 - https:\/\/yoast.com\/wordpress\/plugins\/seo\/ -->\n<title>RURAL&amp;DAILYROMANTIC - Cal Bernad\u00e0s<\/title>\n<meta name=\"robots\" content=\"index, follow, max-snippet:-1, max-image-preview:large, max-video-preview:-1\" \/>\n<link rel=\"canonical\" href=\"https:\/\/calbernadas.com\/es\/ruralpacks\/ruraldailyromantic\/\" \/>\n<meta property=\"og:locale\" content=\"es_ES\" \/>\n<meta property=\"og:type\" content=\"article\" \/>\n<meta property=\"og:title\" content=\"RURAL&amp;DAILYROMANTIC - Cal Bernad\u00e0s\" \/>\n<meta property=\"og:description\" content=\"[vc_row full_width=\u00bbstretch_row_content\u00bb css=\u00bb.vc_custom_1490377999104{margin-bottom: -40px !important;border-bottom-width: -40px !important;}\u00bb][vc_column][rev_slider_vc alias=\u00bbdaily-romantic_esp\u00bb][\/vc_column][\/vc_row][vc_row full_width=\u00bbstretch_row\u00bb css=\u00bb.vc_custom_1478601643581{padding-top: 80px !important;padding-bottom: 80px !important;background-color: #ffcd00 !important;}\u00bb][vc_column width=\u00bb1\/6&#8243;][\/vc_column][vc_column width=\u00bb2\/3&#8243;][vc_column_text] En Cal [&hellip;]\" \/>\n<meta property=\"og:url\" content=\"https:\/\/calbernadas.com\/es\/ruralpacks\/ruraldailyromantic\/\" \/>\n<meta property=\"og:site_name\" content=\"Cal Bernad\u00e0s\" \/>\n<meta property=\"article:publisher\" content=\"https:\/\/www.facebook.com\/calbernadas\" \/>\n<meta property=\"article:modified_time\" content=\"2026-03-18T09:17:43+00:00\" \/>\n<meta name=\"twitter:card\" content=\"summary_large_image\" \/>\n<meta name=\"twitter:site\" content=\"@calbernadas\" \/>\n<meta name=\"twitter:label1\" content=\"Tiempo de lectura\" \/>\n\t<meta name=\"twitter:data1\" content=\"6 minutos\" \/>\n<script type=\"application\/ld+json\" class=\"yoast-schema-graph\">{\"@context\":\"https:\/\/schema.org\",\"@graph\":[{\"@type\":\"WebPage\",\"@id\":\"https:\/\/calbernadas.com\/es\/ruralpacks\/ruraldailyromantic\/\",\"url\":\"https:\/\/calbernadas.com\/es\/ruralpacks\/ruraldailyromantic\/\",\"name\":\"RURAL&DAILYROMANTIC - Cal Bernad\u00e0s\",\"isPartOf\":{\"@id\":\"https:\/\/calbernadas.com\/ca\/#website\"},\"datePublished\":\"2016-10-24T10:37:48+00:00\",\"dateModified\":\"2026-03-18T09:17:43+00:00\",\"breadcrumb\":{\"@id\":\"https:\/\/calbernadas.com\/es\/ruralpacks\/ruraldailyromantic\/#breadcrumb\"},\"inLanguage\":\"es\",\"potentialAction\":[{\"@type\":\"ReadAction\",\"target\":[\"https:\/\/calbernadas.com\/es\/ruralpacks\/ruraldailyromantic\/\"]}]},{\"@type\":\"BreadcrumbList\",\"@id\":\"https:\/\/calbernadas.com\/es\/ruralpacks\/ruraldailyromantic\/#breadcrumb\",\"itemListElement\":[{\"@type\":\"ListItem\",\"position\":1,\"name\":\"Portada\",\"item\":\"https:\/\/calbernadas.com\/es\/\"},{\"@type\":\"ListItem\",\"position\":2,\"name\":\"Rural&#038;Packs\",\"item\":\"https:\/\/calbernadas.com\/es\/ruralpacks\/\"},{\"@type\":\"ListItem\",\"position\":3,\"name\":\"RURAL&#038;DAILYROMANTIC\"}]},{\"@type\":\"WebSite\",\"@id\":\"https:\/\/calbernadas.com\/ca\/#website\",\"url\":\"https:\/\/calbernadas.com\/ca\/\",\"name\":\"Cal Bernad\u00e0s\",\"description\":\"Turisme rural\",\"publisher\":{\"@id\":\"https:\/\/calbernadas.com\/ca\/#organization\"},\"potentialAction\":[{\"@type\":\"SearchAction\",\"target\":{\"@type\":\"EntryPoint\",\"urlTemplate\":\"https:\/\/calbernadas.com\/ca\/?s={search_term_string}\"},\"query-input\":\"required name=search_term_string\"}],\"inLanguage\":\"es\"},{\"@type\":\"Organization\",\"@id\":\"https:\/\/calbernadas.com\/ca\/#organization\",\"name\":\"Cal Bernad\u00e0s\",\"url\":\"https:\/\/calbernadas.com\/ca\/\",\"logo\":{\"@type\":\"ImageObject\",\"inLanguage\":\"es\",\"@id\":\"https:\/\/calbernadas.com\/ca\/#\/schema\/logo\/image\/\",\"url\":\"https:\/\/calbernadas.com\/wp-content\/uploads\/2017\/03\/logo_calbernadas2.png\",\"contentUrl\":\"https:\/\/calbernadas.com\/wp-content\/uploads\/2017\/03\/logo_calbernadas2.png\",\"width\":169,\"height\":156,\"caption\":\"Cal Bernad\u00e0s\"},\"image\":{\"@id\":\"https:\/\/calbernadas.com\/ca\/#\/schema\/logo\/image\/\"},\"sameAs\":[\"https:\/\/www.facebook.com\/calbernadas\",\"https:\/\/twitter.com\/calbernadas\",\"https:\/\/instagram.com\/calbernadas\/\",\"http:\/\/www.youtube.es\/calbernadas\"]}]}<\/script>\n<!-- \/ Yoast SEO plugin. -->","yoast_head_json":{"title":"RURAL&DAILYROMANTIC - Cal Bernad\u00e0s","robots":{"index":"index","follow":"follow","max-snippet":"max-snippet:-1","max-image-preview":"max-image-preview:large","max-video-preview":"max-video-preview:-1"},"canonical":"https:\/\/calbernadas.com\/es\/ruralpacks\/ruraldailyromantic\/","og_locale":"es_ES","og_type":"article","og_title":"RURAL&DAILYROMANTIC - Cal Bernad\u00e0s","og_description":"[vc_row full_width=\u00bbstretch_row_content\u00bb css=\u00bb.vc_custom_1490377999104{margin-bottom: -40px !important;border-bottom-width: -40px !important;}\u00bb][vc_column][rev_slider_vc alias=\u00bbdaily-romantic_esp\u00bb][\/vc_column][\/vc_row][vc_row full_width=\u00bbstretch_row\u00bb css=\u00bb.vc_custom_1478601643581{padding-top: 80px !important;padding-bottom: 80px !important;background-color: #ffcd00 !important;}\u00bb][vc_column width=\u00bb1\/6&#8243;][\/vc_column][vc_column width=\u00bb2\/3&#8243;][vc_column_text] En Cal [&hellip;]","og_url":"https:\/\/calbernadas.com\/es\/ruralpacks\/ruraldailyromantic\/","og_site_name":"Cal Bernad\u00e0s","article_publisher":"https:\/\/www.facebook.com\/calbernadas","article_modified_time":"2026-03-18T09:17:43+00:00","twitter_card":"summary_large_image","twitter_site":"@calbernadas","twitter_misc":{"Tiempo de lectura":"6 minutos"},"schema":{"@context":"https:\/\/schema.org","@graph":[{"@type":"WebPage","@id":"https:\/\/calbernadas.com\/es\/ruralpacks\/ruraldailyromantic\/","url":"https:\/\/calbernadas.com\/es\/ruralpacks\/ruraldailyromantic\/","name":"RURAL&DAILYROMANTIC - Cal Bernad\u00e0s","isPartOf":{"@id":"https:\/\/calbernadas.com\/ca\/#website"},"datePublished":"2016-10-24T10:37:48+00:00","dateModified":"2026-03-18T09:17:43+00:00","breadcrumb":{"@id":"https:\/\/calbernadas.com\/es\/ruralpacks\/ruraldailyromantic\/#breadcrumb"},"inLanguage":"es","potentialAction":[{"@type":"ReadAction","target":["https:\/\/calbernadas.com\/es\/ruralpacks\/ruraldailyromantic\/"]}]},{"@type":"BreadcrumbList","@id":"https:\/\/calbernadas.com\/es\/ruralpacks\/ruraldailyromantic\/#breadcrumb","itemListElement":[{"@type":"ListItem","position":1,"name":"Portada","item":"https:\/\/calbernadas.com\/es\/"},{"@type":"ListItem","position":2,"name":"Rural&#038;Packs","item":"https:\/\/calbernadas.com\/es\/ruralpacks\/"},{"@type":"ListItem","position":3,"name":"RURAL&#038;DAILYROMANTIC"}]},{"@type":"WebSite","@id":"https:\/\/calbernadas.com\/ca\/#website","url":"https:\/\/calbernadas.com\/ca\/","name":"Cal Bernad\u00e0s","description":"Turisme rural","publisher":{"@id":"https:\/\/calbernadas.com\/ca\/#organization"},"potentialAction":[{"@type":"SearchAction","target":{"@type":"EntryPoint","urlTemplate":"https:\/\/calbernadas.com\/ca\/?s={search_term_string}"},"query-input":"required name=search_term_string"}],"inLanguage":"es"},{"@type":"Organization","@id":"https:\/\/calbernadas.com\/ca\/#organization","name":"Cal Bernad\u00e0s","url":"https:\/\/calbernadas.com\/ca\/","logo":{"@type":"ImageObject","inLanguage":"es","@id":"https:\/\/calbernadas.com\/ca\/#\/schema\/logo\/image\/","url":"https:\/\/calbernadas.com\/wp-content\/uploads\/2017\/03\/logo_calbernadas2.png","contentUrl":"https:\/\/calbernadas.com\/wp-content\/uploads\/2017\/03\/logo_calbernadas2.png","width":169,"height":156,"caption":"Cal Bernad\u00e0s"},"image":{"@id":"https:\/\/calbernadas.com\/ca\/#\/schema\/logo\/image\/"},"sameAs":["https:\/\/www.facebook.com\/calbernadas","https:\/\/twitter.com\/calbernadas","https:\/\/instagram.com\/calbernadas\/","http:\/\/www.youtube.es\/calbernadas"]}]}},"_links":{"self":[{"href":"https:\/\/calbernadas.com\/es\/wp-json\/wp\/v2\/pages\/14260"}],"collection":[{"href":"https:\/\/calbernadas.com\/es\/wp-json\/wp\/v2\/pages"}],"about":[{"href":"https:\/\/calbernadas.com\/es\/wp-json\/wp\/v2\/types\/page"}],"author":[{"embeddable":true,"href":"https:\/\/calbernadas.com\/es\/wp-json\/wp\/v2\/users\/1"}],"replies":[{"embeddable":true,"href":"https:\/\/calbernadas.com\/es\/wp-json\/wp\/v2\/comments?post=14260"}],"version-history":[{"count":30,"href":"https:\/\/calbernadas.com\/es\/wp-json\/wp\/v2\/pages\/14260\/revisions"}],"predecessor-version":[{"id":27767,"href":"https:\/\/calbernadas.com\/es\/wp-json\/wp\/v2\/pages\/14260\/revisions\/27767"}],"up":[{"embeddable":true,"href":"https:\/\/calbernadas.com\/es\/wp-json\/wp\/v2\/pages\/14267"}],"wp:attachment":[{"href":"https:\/\/calbernadas.com\/es\/wp-json\/wp\/v2\/media?parent=14260"}],"curies":[{"name":"wp","href":"https:\/\/api.w.org\/{rel}","templated":true}]}}