{"id":14246,"date":"2016-10-24T10:38:57","date_gmt":"2016-10-24T10:38:57","guid":{"rendered":"https:\/\/calbernadas.com\/es\/el-munt\/"},"modified":"2026-03-18T10:08:15","modified_gmt":"2026-03-18T09:08:15","slug":"el-munt","status":"publish","type":"page","link":"https:\/\/calbernadas.com\/es\/empresas\/el-munt\/","title":{"rendered":"EL MUNT"},"content":{"rendered":"<p>[vc_row full_width=\u00bbstretch_row_content\u00bb][vc_column][rev_slider_vc alias=\u00bbesp-empreses_munt\u00bb][\/vc_column][\/vc_row][vc_row full_width=\u00bbstretch_row\u00bb css=\u00bb.vc_custom_1478772960496{padding-top: 100px !important;padding-bottom: 100px !important;background-image: url(https:\/\/calbernadas.com\/wp-content\/uploads\/2016\/10\/EMP_espais.jpg?id=13690) !important;}\u00bb parallax_speed=\u00bb0.8&#8243; bg_video_transparent=\u00bb0&#8243; el_class=\u00bbcm-icon-big-item\u00bb][vc_column][cs_custom_heading text=\u00bbESPACIOS QUE PONEMOS A VUESTRA DISPOSICI\u00d3N\u00bb font_container=\u00bbtag:h1|font_size:40px|text_align:center|color:%23ffffff\u00bb font_format=\u00bb700&#8243; style=\u00bbstyle-none\u00bb el_class=\u00bbcm-tailor-title-site\u00bb][\/vc_column][\/vc_row][vc_row css=\u00bb.vc_custom_1477557874325{padding-top: 80px !important;padding-bottom: 80px !important;}\u00bb][vc_column width=\u00bb1\/4&#8243;][\/vc_column][vc_column width=\u00bb1\/2&#8243;][vc_column_text]<\/p>\n<h2 style=\"text-align: center;\"><span style=\"color: #6699cc;\">EN EL INTERIOR DE LA CASA<\/span><\/h2>\n<p>[\/vc_column_text][\/vc_column][vc_column width=\u00bb1\/4&#8243;][\/vc_column][\/vc_row][vc_row gap=\u00bb15&#8243; css=\u00bb.vc_custom_1477987114415{padding-top: 15px !important;padding-bottom: 15px !important;}\u00bb][vc_column width=\u00bb1\/3&#8243;]<div id=\"cshero-fancybox69ef8b04d738c_1777306372\" class=\"cshero-fancybox-wrap clearfix fancybox-layout9  text-center   wpb_animate_when_almost_visible wpb_fade-in\" style=\"border-width: 1px; border-style: solid; border-color: #dddddd;   background: #fafafa\">\n\t<style type=\"text\/css\" scoped>\n        #cshero-fancybox69ef8b04d738c_1777306372.fancybox-layout9:hover .fancy-icon {\n            background-color:#99cc66 !important;\n            border-color: !important;\n            color:#ffffff !important;\n        }\n\n        #cshero-fancybox69ef8b04d738c_1777306372.fancybox-layout9 .fancy-icon.icon-hover-style-3:after{\n    \t\t-webkit-border-radius:;\n    \t\t-moz-border-radius:;\n    \t\t-ms-border-radius:;\n    \t\t-o-border-radius:;\n    \t\tborder-radius:;\n    \t\tbackground-color:#99cc66;\n    \t\tborder-width:1px;\n    \t\tborder-style:solid;\n    \t\tborder-color:;\n\t   }\n               #cshero-fancybox69ef8b04d738c_1777306372 {\n            background: #fafafa;\n        }\n                       #cshero-fancybox69ef8b04d738c_1777306372:hover {\n            background: #fafafa;\n        }\n               \n              \t<\/style>\n    <div class=\"cshero-fancybox-title-image\">\n        <div class=\"cshero-fancybox-icon\">\n                                                <div class=\"cshero-fancybox-image left\">\n                        <img src=\"https:\/\/calbernadas.com\/wp-content\/uploads\/2016\/10\/CB_EMP_ESPAIS_INT_SALA_ESTAR_THUMB.jpg\" alt=\"SAL\u00d3N PLANTA BAJA\"\/>\n                                             <\/div>\n                                        <\/div>\n        \n        <div class=\"cshero-fancybox-content\" >\n            <div class=\"cshero-fancybox-padding\">\n                <h3 style=\"color: #6699cc;  text-transform: uppercase;\" class=\"cshero-fancybox-title\">\n                    <span class=\"cshero-title-main\">\n                        SAL\u00d3N PLANTA BAJA                    <\/span>\n                <\/h3>\n                <div class=\"content\">\n                    <\/p>\n<p style=\"text-align: center;\">De cara al sur, y con el privilegio de ser el encargado de dar la bienvenida, este es el sal\u00f3n situado en el centro de la planta, entre el comedor y la cocina. Un espacio amplio, r\u00fastico y tranquilo.<\/p>\n<p>                <\/div>\n                            <\/div>\n        <\/div>\n       \n    <\/div>\n<\/div>\n[\/vc_column][vc_column width=\u00bb1\/3&#8243;]<div id=\"cshero-fancybox69ef8b04d7890_1777306372\" class=\"cshero-fancybox-wrap clearfix fancybox-layout9  text-center   wpb_animate_when_almost_visible wpb_fade-in\" style=\"border-width: 1px; border-style: solid; border-color: #dddddd;   background: #fafafa\">\n\t<style type=\"text\/css\" scoped>\n        #cshero-fancybox69ef8b04d7890_1777306372.fancybox-layout9:hover .fancy-icon {\n            background-color:#99cc66 !important;\n            border-color: !important;\n            color:#ffffff !important;\n        }\n\n        #cshero-fancybox69ef8b04d7890_1777306372.fancybox-layout9 .fancy-icon.icon-hover-style-3:after{\n    \t\t-webkit-border-radius:;\n    \t\t-moz-border-radius:;\n    \t\t-ms-border-radius:;\n    \t\t-o-border-radius:;\n    \t\tborder-radius:;\n    \t\tbackground-color:#99cc66;\n    \t\tborder-width:1px;\n    \t\tborder-style:solid;\n    \t\tborder-color:;\n\t   }\n               #cshero-fancybox69ef8b04d7890_1777306372 {\n            background: #fafafa;\n        }\n                       #cshero-fancybox69ef8b04d7890_1777306372:hover {\n            background: #fafafa;\n        }\n               \n              \t<\/style>\n    <div class=\"cshero-fancybox-title-image\">\n        <div class=\"cshero-fancybox-icon\">\n                                                <div class=\"cshero-fancybox-image left\">\n                        <img src=\"https:\/\/calbernadas.com\/wp-content\/uploads\/2016\/10\/CB_EMP_ESPAIS_INT_MENJA_THUMB.jpg\" alt=\"COMEDOR\"\/>\n                                             <\/div>\n                                        <\/div>\n        \n        <div class=\"cshero-fancybox-content\" >\n            <div class=\"cshero-fancybox-padding\">\n                <h3 style=\"color: #6699cc;  text-transform: uppercase;\" class=\"cshero-fancybox-title\">\n                    <span class=\"cshero-title-main\">\n                        COMEDOR                    <\/span>\n                <\/h3>\n                <div class=\"content\">\n                    <\/p>\n<p style=\"text-align: center;\">Al lado del sal\u00f3n, el comedor. Un espacio acogedor, con personalidad, ideal para reuniones de empresa y\/o comidas especiales. Con aforo para 30 personas y con acceso directo a la piscina interior y al jard\u00edn.<\/p>\n<p>                <\/div>\n                            <\/div>\n        <\/div>\n       \n    <\/div>\n<\/div>\n[\/vc_column][vc_column width=\u00bb1\/3&#8243;]<div id=\"cshero-fancybox69ef8b04d7d35_1777306372\" class=\"cshero-fancybox-wrap clearfix fancybox-layout9  text-center   wpb_animate_when_almost_visible wpb_fade-in\" style=\"border-width: 1px; border-style: solid; border-color: #dddddd;   background: #fafafa\">\n\t<style type=\"text\/css\" scoped>\n        #cshero-fancybox69ef8b04d7d35_1777306372.fancybox-layout9:hover .fancy-icon {\n            background-color:#99cc66 !important;\n            border-color: !important;\n            color:#ffffff !important;\n        }\n\n        #cshero-fancybox69ef8b04d7d35_1777306372.fancybox-layout9 .fancy-icon.icon-hover-style-3:after{\n    \t\t-webkit-border-radius:;\n    \t\t-moz-border-radius:;\n    \t\t-ms-border-radius:;\n    \t\t-o-border-radius:;\n    \t\tborder-radius:;\n    \t\tbackground-color:#99cc66;\n    \t\tborder-width:1px;\n    \t\tborder-style:solid;\n    \t\tborder-color:;\n\t   }\n               #cshero-fancybox69ef8b04d7d35_1777306372 {\n            background: #fafafa;\n        }\n                       #cshero-fancybox69ef8b04d7d35_1777306372:hover {\n            background: #fafafa;\n        }\n               \n              \t<\/style>\n    <div class=\"cshero-fancybox-title-image\">\n        <div class=\"cshero-fancybox-icon\">\n                                                <div class=\"cshero-fancybox-image left\">\n                        <img src=\"https:\/\/calbernadas.com\/wp-content\/uploads\/2016\/10\/CB_EMP_ESPAIS_INT_SALA_ESTAR_1a_THUMB.jpg\" alt=\"SAL\u00d3N PRIMERA PLANTA\"\/>\n                                             <\/div>\n                                        <\/div>\n        \n        <div class=\"cshero-fancybox-content\" >\n            <div class=\"cshero-fancybox-padding\">\n                <h3 style=\"color: #6699cc;  text-transform: uppercase;\" class=\"cshero-fancybox-title\">\n                    <span class=\"cshero-title-main\">\n                        SAL\u00d3N PRIMERA PLANTA                    <\/span>\n                <\/h3>\n                <div class=\"content\">\n                    <\/p>\n<p style=\"text-align: center;\">Un espacio de descanso, confortable y bien equipado. Grandes sof\u00e1s, chimenea y un buen ventanal para gozar de la luz del d\u00eda.<\/p>\n<p>                <\/div>\n                            <\/div>\n        <\/div>\n       \n    <\/div>\n<\/div>\n[\/vc_column][\/vc_row][vc_row gap=\u00bb15&#8243; css=\u00bb.vc_custom_1477987114415{padding-top: 15px !important;padding-bottom: 15px !important;}\u00bb][vc_column width=\u00bb1\/3&#8243;]<div id=\"cshero-fancybox69ef8b04d81d6_1777306372\" class=\"cshero-fancybox-wrap clearfix fancybox-layout9  text-center   wpb_animate_when_almost_visible wpb_fade-in\" style=\"border-width: 1px; border-style: solid; border-color: #dddddd;   background: #fafafa\">\n\t<style type=\"text\/css\" scoped>\n        #cshero-fancybox69ef8b04d81d6_1777306372.fancybox-layout9:hover .fancy-icon {\n            background-color:#99cc66 !important;\n            border-color: !important;\n            color:#ffffff !important;\n        }\n\n        #cshero-fancybox69ef8b04d81d6_1777306372.fancybox-layout9 .fancy-icon.icon-hover-style-3:after{\n    \t\t-webkit-border-radius:;\n    \t\t-moz-border-radius:;\n    \t\t-ms-border-radius:;\n    \t\t-o-border-radius:;\n    \t\tborder-radius:;\n    \t\tbackground-color:#99cc66;\n    \t\tborder-width:1px;\n    \t\tborder-style:solid;\n    \t\tborder-color:;\n\t   }\n               #cshero-fancybox69ef8b04d81d6_1777306372 {\n            background: #fafafa;\n        }\n                       #cshero-fancybox69ef8b04d81d6_1777306372:hover {\n            background: #fafafa;\n        }\n               \n              \t<\/style>\n    <div class=\"cshero-fancybox-title-image\">\n        <div class=\"cshero-fancybox-icon\">\n                                                <div class=\"cshero-fancybox-image left\">\n                        <img src=\"https:\/\/calbernadas.com\/wp-content\/uploads\/2016\/10\/CB_EMP_ESPAIS_INT_CUINA_THUMB.jpg\" alt=\"COCINA-COMEDOR\"\/>\n                                             <\/div>\n                                        <\/div>\n        \n        <div class=\"cshero-fancybox-content\" >\n            <div class=\"cshero-fancybox-padding\">\n                <h3 style=\"color: #6699cc;  text-transform: uppercase;\" class=\"cshero-fancybox-title\">\n                    <span class=\"cshero-title-main\">\n                        COCINA-COMEDOR                    <\/span>\n                <\/h3>\n                <div class=\"content\">\n                    <\/p>\n<p style=\"text-align: center;\">Espaciosa cocina y perfectamente equipada. Una larga mesa para grandes grupos y una chimenea ideal para los meses m\u00e1s fr\u00edos del a\u00f1o, tanto para calentarse como para cocer alguna delicia.<\/p>\n<p>                <\/div>\n                            <\/div>\n        <\/div>\n       \n    <\/div>\n<\/div>\n[\/vc_column][vc_column width=\u00bb1\/3&#8243;]<div id=\"cshero-fancybox69ef8b04d86c6_1777306372\" class=\"cshero-fancybox-wrap clearfix fancybox-layout9  text-center   wpb_animate_when_almost_visible wpb_fade-in\" style=\"border-width: 1px; border-style: solid; border-color: #dddddd;   background: #fafafa\">\n\t<style type=\"text\/css\" scoped>\n        #cshero-fancybox69ef8b04d86c6_1777306372.fancybox-layout9:hover .fancy-icon {\n            background-color:#99cc66 !important;\n            border-color: !important;\n            color:#ffffff !important;\n        }\n\n        #cshero-fancybox69ef8b04d86c6_1777306372.fancybox-layout9 .fancy-icon.icon-hover-style-3:after{\n    \t\t-webkit-border-radius:;\n    \t\t-moz-border-radius:;\n    \t\t-ms-border-radius:;\n    \t\t-o-border-radius:;\n    \t\tborder-radius:;\n    \t\tbackground-color:#99cc66;\n    \t\tborder-width:1px;\n    \t\tborder-style:solid;\n    \t\tborder-color:;\n\t   }\n               #cshero-fancybox69ef8b04d86c6_1777306372 {\n            background: #fafafa;\n        }\n                       #cshero-fancybox69ef8b04d86c6_1777306372:hover {\n            background: #fafafa;\n        }\n               \n              \t<\/style>\n    <div class=\"cshero-fancybox-title-image\">\n        <div class=\"cshero-fancybox-icon\">\n                                                <div class=\"cshero-fancybox-image left\">\n                        <img src=\"https:\/\/calbernadas.com\/wp-content\/uploads\/2016\/10\/CB_EMP_ESPAIS_INT_POLI_THUMB.jpg\" alt=\"SALA POLIVALENTE\"\/>\n                                             <\/div>\n                                        <\/div>\n        \n        <div class=\"cshero-fancybox-content\" >\n            <div class=\"cshero-fancybox-padding\">\n                <h3 style=\"color: #6699cc;  text-transform: uppercase;\" class=\"cshero-fancybox-title\">\n                    <span class=\"cshero-title-main\">\n                        SALA POLIVALENTE                    <\/span>\n                <\/h3>\n                <div class=\"content\">\n                    <\/p>\n<p style=\"text-align: center;\">Situada en la segunda planta, esta sala es un espacio di\u00e1fano ideal para finalidades muy variadas, desde reuniones, talleres, clases de relajaci\u00f3n, meditaci\u00f3n\u2026<\/p>\n<p>                <\/div>\n                            <\/div>\n        <\/div>\n       \n    <\/div>\n<\/div>\n[\/vc_column][vc_column width=\u00bb1\/3&#8243;]<div id=\"cshero-fancybox69ef8b04d8b78_1777306372\" class=\"cshero-fancybox-wrap clearfix fancybox-layout9  text-center   wpb_animate_when_almost_visible wpb_fade-in\" style=\"border-width: 1px; border-style: solid; border-color: #dddddd;   background: #fafafa\">\n\t<style type=\"text\/css\" scoped>\n        #cshero-fancybox69ef8b04d8b78_1777306372.fancybox-layout9:hover .fancy-icon {\n            background-color:#99cc66 !important;\n            border-color: !important;\n            color:#ffffff !important;\n        }\n\n        #cshero-fancybox69ef8b04d8b78_1777306372.fancybox-layout9 .fancy-icon.icon-hover-style-3:after{\n    \t\t-webkit-border-radius:;\n    \t\t-moz-border-radius:;\n    \t\t-ms-border-radius:;\n    \t\t-o-border-radius:;\n    \t\tborder-radius:;\n    \t\tbackground-color:#99cc66;\n    \t\tborder-width:1px;\n    \t\tborder-style:solid;\n    \t\tborder-color:;\n\t   }\n               #cshero-fancybox69ef8b04d8b78_1777306372 {\n            background: #fafafa;\n        }\n                       #cshero-fancybox69ef8b04d8b78_1777306372:hover {\n            background: #fafafa;\n        }\n               \n              \t<\/style>\n    <div class=\"cshero-fancybox-title-image\">\n        <div class=\"cshero-fancybox-icon\">\n                                                <div class=\"cshero-fancybox-image left\">\n                        <img src=\"https:\/\/calbernadas.com\/wp-content\/uploads\/2016\/10\/CB_EMP_ESPAIS_INT_PISCINterior.jpg\" alt=\"PISCINA INTERIOR CLIMATIZADA\"\/>\n                                             <\/div>\n                                        <\/div>\n        \n        <div class=\"cshero-fancybox-content\" >\n            <div class=\"cshero-fancybox-padding\">\n                <h3 style=\"color: #6699cc;  text-transform: uppercase;\" class=\"cshero-fancybox-title\">\n                    <span class=\"cshero-title-main\">\n                        PISCINA INTERIOR CLIMATIZADA                    <\/span>\n                <\/h3>\n                <div class=\"content\">\n                    <\/p>\n<p style=\"text-align: center;\">Una piscina m\u00e1gica, ya sea para relajarse durante cualquier momento del d\u00eda o bien para realizar cualquier actividad acu\u00e1tica. De dimensiones amplias y con altas dosis de luz durante todo el d\u00eda.<\/p>\n<p>                <\/div>\n                            <\/div>\n        <\/div>\n       \n    <\/div>\n<\/div>\n[\/vc_column][\/vc_row][vc_row gap=\u00bb15&#8243; css=\u00bb.vc_custom_1477987114415{padding-top: 15px !important;padding-bottom: 15px !important;}\u00bb][vc_column width=\u00bb1\/3&#8243;]<div id=\"cshero-fancybox69ef8b04d90ae_1777306372\" class=\"cshero-fancybox-wrap clearfix fancybox-layout9  text-center   wpb_animate_when_almost_visible wpb_fade-in\" style=\"border-width: 1px; border-style: solid; border-color: #dddddd;   background: #fafafa\">\n\t<style type=\"text\/css\" scoped>\n        #cshero-fancybox69ef8b04d90ae_1777306372.fancybox-layout9:hover .fancy-icon {\n            background-color:#99cc66 !important;\n            border-color: !important;\n            color:#ffffff !important;\n        }\n\n        #cshero-fancybox69ef8b04d90ae_1777306372.fancybox-layout9 .fancy-icon.icon-hover-style-3:after{\n    \t\t-webkit-border-radius:;\n    \t\t-moz-border-radius:;\n    \t\t-ms-border-radius:;\n    \t\t-o-border-radius:;\n    \t\tborder-radius:;\n    \t\tbackground-color:#99cc66;\n    \t\tborder-width:1px;\n    \t\tborder-style:solid;\n    \t\tborder-color:;\n\t   }\n               #cshero-fancybox69ef8b04d90ae_1777306372 {\n            background: #fafafa;\n        }\n                       #cshero-fancybox69ef8b04d90ae_1777306372:hover {\n            background: #fafafa;\n        }\n               \n              \t<\/style>\n    <div class=\"cshero-fancybox-title-image\">\n        <div class=\"cshero-fancybox-icon\">\n                                                <div class=\"cshero-fancybox-image left\">\n                        <img src=\"https:\/\/calbernadas.com\/wp-content\/uploads\/2016\/10\/CB_EMP_ESPAIS_INT_HAB.jpg\" alt=\"9 HABITACIONES Y 8 BA\u00d1OS\"\/>\n                                             <\/div>\n                                        <\/div>\n        \n        <div class=\"cshero-fancybox-content\" >\n            <div class=\"cshero-fancybox-padding\">\n                <h3 style=\"color: #6699cc;  text-transform: uppercase;\" class=\"cshero-fancybox-title\">\n                    <span class=\"cshero-title-main\">\n                        9 HABITACIONES Y 8 BA\u00d1OS                    <\/span>\n                <\/h3>\n                <div class=\"content\">\n                    <\/p>\n<p style=\"text-align: center;\">Para poder descansar como un ni\u00f1o. Habitaciones espaciosas, silenciosas y muy confortables, con todo lo necesario para empezar y acabar bien todos los d\u00edas de estancia en nuestra casa.<\/p>\n<p>                <\/div>\n                            <\/div>\n        <\/div>\n       \n    <\/div>\n<\/div>\n[\/vc_column][vc_column width=\u00bb1\/3&#8243;][\/vc_column][vc_column width=\u00bb1\/3&#8243;][\/vc_column][\/vc_row][vc_row css=\u00bb.vc_custom_1477557874325{padding-top: 80px !important;padding-bottom: 80px !important;}\u00bb][vc_column width=\u00bb1\/4&#8243;][\/vc_column][vc_column width=\u00bb1\/2&#8243;][vc_column_text]<\/p>\n<h2 style=\"text-align: center;\"><span style=\"color: #6699cc;\">EN EL EXTERIOR DE LA CASA<\/span><\/h2>\n<p>[\/vc_column_text][\/vc_column][vc_column width=\u00bb1\/4&#8243;][\/vc_column][\/vc_row][vc_row gap=\u00bb15&#8243; css=\u00bb.vc_custom_1477987114415{padding-top: 15px !important;padding-bottom: 15px !important;}\u00bb][vc_column width=\u00bb1\/3&#8243;]<div id=\"cshero-fancybox69ef8b04d9580_1777306372\" class=\"cshero-fancybox-wrap clearfix fancybox-layout9  text-center   wpb_animate_when_almost_visible wpb_fade-in\" style=\"border-width: 1px; border-style: solid; border-color: #dddddd;   background: #fafafa\">\n\t<style type=\"text\/css\" scoped>\n        #cshero-fancybox69ef8b04d9580_1777306372.fancybox-layout9:hover .fancy-icon {\n            background-color:#99cc66 !important;\n            border-color: !important;\n            color:#ffffff !important;\n        }\n\n        #cshero-fancybox69ef8b04d9580_1777306372.fancybox-layout9 .fancy-icon.icon-hover-style-3:after{\n    \t\t-webkit-border-radius:;\n    \t\t-moz-border-radius:;\n    \t\t-ms-border-radius:;\n    \t\t-o-border-radius:;\n    \t\tborder-radius:;\n    \t\tbackground-color:#99cc66;\n    \t\tborder-width:1px;\n    \t\tborder-style:solid;\n    \t\tborder-color:;\n\t   }\n               #cshero-fancybox69ef8b04d9580_1777306372 {\n            background: #fafafa;\n        }\n                       #cshero-fancybox69ef8b04d9580_1777306372:hover {\n            background: #fafafa;\n        }\n               \n              \t<\/style>\n    <div class=\"cshero-fancybox-title-image\">\n        <div class=\"cshero-fancybox-icon\">\n                                                <div class=\"cshero-fancybox-image left\">\n                        <img src=\"https:\/\/calbernadas.com\/wp-content\/uploads\/2016\/10\/CB_EMP_ESPAIS_EXT_BOSC.jpg\" alt=\"EL BOSQUE\"\/>\n                                             <\/div>\n                                        <\/div>\n        \n        <div class=\"cshero-fancybox-content\" >\n            <div class=\"cshero-fancybox-padding\">\n                <h3 style=\"color: #6699cc;  text-transform: uppercase;\" class=\"cshero-fancybox-title\">\n                    <span class=\"cshero-title-main\">\n                        EL BOSQUE                    <\/span>\n                <\/h3>\n                <div class=\"content\">\n                    <\/p>\n<p style=\"text-align: center;\">La mas\u00eda est\u00e1 completamente rodeada de bosque y, por lo tanto, se ofrecen una gran variedad de espacios en el bosque para cualquier tipo de actividades. \u00a1Solo hay que buscar el rinc\u00f3n ideal!<\/p>\n<p>                <\/div>\n                            <\/div>\n        <\/div>\n       \n    <\/div>\n<\/div>\n[\/vc_column][vc_column width=\u00bb1\/3&#8243;]<div id=\"cshero-fancybox69ef8b04d9a68_1777306372\" class=\"cshero-fancybox-wrap clearfix fancybox-layout9  text-center   wpb_animate_when_almost_visible wpb_fade-in\" style=\"border-width: 1px; border-style: solid; border-color: #dddddd;   background: #fafafa\">\n\t<style type=\"text\/css\" scoped>\n        #cshero-fancybox69ef8b04d9a68_1777306372.fancybox-layout9:hover .fancy-icon {\n            background-color:#99cc66 !important;\n            border-color: !important;\n            color:#ffffff !important;\n        }\n\n        #cshero-fancybox69ef8b04d9a68_1777306372.fancybox-layout9 .fancy-icon.icon-hover-style-3:after{\n    \t\t-webkit-border-radius:;\n    \t\t-moz-border-radius:;\n    \t\t-ms-border-radius:;\n    \t\t-o-border-radius:;\n    \t\tborder-radius:;\n    \t\tbackground-color:#99cc66;\n    \t\tborder-width:1px;\n    \t\tborder-style:solid;\n    \t\tborder-color:;\n\t   }\n               #cshero-fancybox69ef8b04d9a68_1777306372 {\n            background: #fafafa;\n        }\n                       #cshero-fancybox69ef8b04d9a68_1777306372:hover {\n            background: #fafafa;\n        }\n               \n              \t<\/style>\n    <div class=\"cshero-fancybox-title-image\">\n        <div class=\"cshero-fancybox-icon\">\n                                                <div class=\"cshero-fancybox-image left\">\n                        <img src=\"https:\/\/calbernadas.com\/wp-content\/uploads\/2016\/10\/CB_EMP_ESPAIS_EXT_JARDI_THUMB.jpg\" alt=\"EL JARD\u00cdN\"\/>\n                                             <\/div>\n                                        <\/div>\n        \n        <div class=\"cshero-fancybox-content\" >\n            <div class=\"cshero-fancybox-padding\">\n                <h3 style=\"color: #6699cc;  text-transform: uppercase;\" class=\"cshero-fancybox-title\">\n                    <span class=\"cshero-title-main\">\n                        EL JARD\u00cdN                    <\/span>\n                <\/h3>\n                <div class=\"content\">\n                    <\/p>\n<p style=\"text-align: center;\">Un jard\u00edn elegante, con una magn\u00edfica piscina en el centro, amplio, rodeado de naturaleza y silencio. Un espacio exterior para finalidades muy variadas.<\/p>\n<p>                <\/div>\n                            <\/div>\n        <\/div>\n       \n    <\/div>\n<\/div>\n[\/vc_column][vc_column width=\u00bb1\/3&#8243;]<div id=\"cshero-fancybox69ef8b04d9f21_1777306372\" class=\"cshero-fancybox-wrap clearfix fancybox-layout9  text-center   wpb_animate_when_almost_visible wpb_fade-in\" style=\"border-width: 1px; border-style: solid; border-color: #dddddd;   background: #fafafa\">\n\t<style type=\"text\/css\" scoped>\n        #cshero-fancybox69ef8b04d9f21_1777306372.fancybox-layout9:hover .fancy-icon {\n            background-color:#99cc66 !important;\n            border-color: !important;\n            color:#ffffff !important;\n        }\n\n        #cshero-fancybox69ef8b04d9f21_1777306372.fancybox-layout9 .fancy-icon.icon-hover-style-3:after{\n    \t\t-webkit-border-radius:;\n    \t\t-moz-border-radius:;\n    \t\t-ms-border-radius:;\n    \t\t-o-border-radius:;\n    \t\tborder-radius:;\n    \t\tbackground-color:#99cc66;\n    \t\tborder-width:1px;\n    \t\tborder-style:solid;\n    \t\tborder-color:;\n\t   }\n               #cshero-fancybox69ef8b04d9f21_1777306372 {\n            background: #fafafa;\n        }\n                       #cshero-fancybox69ef8b04d9f21_1777306372:hover {\n            background: #fafafa;\n        }\n               \n              \t<\/style>\n    <div class=\"cshero-fancybox-title-image\">\n        <div class=\"cshero-fancybox-icon\">\n                                                <div class=\"cshero-fancybox-image left\">\n                        <img src=\"https:\/\/calbernadas.com\/wp-content\/uploads\/2016\/10\/CB_EMP_ESPAIS_EXT_PORXO_THUMB.jpg\" alt=\"EL PORCHE CON BARBACOA\"\/>\n                                             <\/div>\n                                        <\/div>\n        \n        <div class=\"cshero-fancybox-content\" >\n            <div class=\"cshero-fancybox-padding\">\n                <h3 style=\"color: #6699cc;  text-transform: uppercase;\" class=\"cshero-fancybox-title\">\n                    <span class=\"cshero-title-main\">\n                        EL PORCHE CON BARBACOA                    <\/span>\n                <\/h3>\n                <div class=\"content\">\n                    <\/p>\n<p style=\"text-align: center;\">Justo al lado de la piscina exterior, en medio del jard\u00edn, un porche con barbacoa y mesa para reunirse todos juntos.<\/p>\n<p>                <\/div>\n                            <\/div>\n        <\/div>\n       \n    <\/div>\n<\/div>\n[\/vc_column][\/vc_row][vc_row gap=\u00bb15&#8243; css=\u00bb.vc_custom_1477987114415{padding-top: 15px !important;padding-bottom: 15px !important;}\u00bb][vc_column width=\u00bb1\/3&#8243;]<div id=\"cshero-fancybox69ef8b04da3d8_1777306372\" class=\"cshero-fancybox-wrap clearfix fancybox-layout9  text-center   wpb_animate_when_almost_visible wpb_fade-in\" style=\"border-width: 1px; border-style: solid; border-color: #dddddd;   background: #fafafa\">\n\t<style type=\"text\/css\" scoped>\n        #cshero-fancybox69ef8b04da3d8_1777306372.fancybox-layout9:hover .fancy-icon {\n            background-color:#99cc66 !important;\n            border-color: !important;\n            color:#ffffff !important;\n        }\n\n        #cshero-fancybox69ef8b04da3d8_1777306372.fancybox-layout9 .fancy-icon.icon-hover-style-3:after{\n    \t\t-webkit-border-radius:;\n    \t\t-moz-border-radius:;\n    \t\t-ms-border-radius:;\n    \t\t-o-border-radius:;\n    \t\tborder-radius:;\n    \t\tbackground-color:#99cc66;\n    \t\tborder-width:1px;\n    \t\tborder-style:solid;\n    \t\tborder-color:;\n\t   }\n               #cshero-fancybox69ef8b04da3d8_1777306372 {\n            background: #fafafa;\n        }\n                       #cshero-fancybox69ef8b04da3d8_1777306372:hover {\n            background: #fafafa;\n        }\n               \n              \t<\/style>\n    <div class=\"cshero-fancybox-title-image\">\n        <div class=\"cshero-fancybox-icon\">\n                                                <div class=\"cshero-fancybox-image left\">\n                        <img src=\"https:\/\/calbernadas.com\/wp-content\/uploads\/2016\/10\/CB_EMP_ESPAIS_EXT_TERRA_THUMB.jpg\" alt=\"LA TERRAZA\"\/>\n                                             <\/div>\n                                        <\/div>\n        \n        <div class=\"cshero-fancybox-content\" >\n            <div class=\"cshero-fancybox-padding\">\n                <h3 style=\"color: #6699cc;  text-transform: uppercase;\" class=\"cshero-fancybox-title\">\n                    <span class=\"cshero-title-main\">\n                        LA TERRAZA                    <\/span>\n                <\/h3>\n                <div class=\"content\">\n                    <\/p>\n<p style=\"text-align: center;\">Al lado del comedor, una terraza de sue\u00f1o. Una terraza donde desconectar, o conectar con el resto del grupo, de un modo c\u00f3modo y relajado. Con vistas al jard\u00edn y los Pirineos al fondo.<\/p>\n<p>                <\/div>\n                            <\/div>\n        <\/div>\n       \n    <\/div>\n<\/div>\n[\/vc_column][vc_column width=\u00bb1\/3&#8243;]<div id=\"cshero-fancybox69ef8b04da8a0_1777306372\" class=\"cshero-fancybox-wrap clearfix fancybox-layout9  text-center   wpb_animate_when_almost_visible wpb_fade-in\" style=\"border-width: 1px; border-style: solid; border-color: #dddddd;   background: #fafafa\">\n\t<style type=\"text\/css\" scoped>\n        #cshero-fancybox69ef8b04da8a0_1777306372.fancybox-layout9:hover .fancy-icon {\n            background-color:#99cc66 !important;\n            border-color: !important;\n            color:#ffffff !important;\n        }\n\n        #cshero-fancybox69ef8b04da8a0_1777306372.fancybox-layout9 .fancy-icon.icon-hover-style-3:after{\n    \t\t-webkit-border-radius:;\n    \t\t-moz-border-radius:;\n    \t\t-ms-border-radius:;\n    \t\t-o-border-radius:;\n    \t\tborder-radius:;\n    \t\tbackground-color:#99cc66;\n    \t\tborder-width:1px;\n    \t\tborder-style:solid;\n    \t\tborder-color:;\n\t   }\n               #cshero-fancybox69ef8b04da8a0_1777306372 {\n            background: #fafafa;\n        }\n                       #cshero-fancybox69ef8b04da8a0_1777306372:hover {\n            background: #fafafa;\n        }\n               \n              \t<\/style>\n    <div class=\"cshero-fancybox-title-image\">\n        <div class=\"cshero-fancybox-icon\">\n                                                <div class=\"cshero-fancybox-image left\">\n                        <img src=\"https:\/\/calbernadas.com\/wp-content\/uploads\/2016\/10\/CB_EMP_ESPAIS_EXT_CAVALLE_THUMB.jpg\" alt=\"ANTIGUAS CABALLERIZAS\"\/>\n                                             <\/div>\n                                        <\/div>\n        \n        <div class=\"cshero-fancybox-content\" >\n            <div class=\"cshero-fancybox-padding\">\n                <h3 style=\"color: #6699cc;  text-transform: uppercase;\" class=\"cshero-fancybox-title\">\n                    <span class=\"cshero-title-main\">\n                        ANTIGUAS CABALLERIZAS                    <\/span>\n                <\/h3>\n                <div class=\"content\">\n                    <\/p>\n<p style=\"text-align: center;\">Este es un amplio espacio formado por una sala de 80 m<sup>2<\/sup>, una terraza exterior cubierta de 250 m<sup>2<\/sup> y una bonita zona ajardinada alrededor. Ideal para todo tipo de eventos.<\/p>\n<p>                <\/div>\n                            <\/div>\n        <\/div>\n       \n    <\/div>\n<\/div>\n[\/vc_column][vc_column width=\u00bb1\/3&#8243;][\/vc_column][\/vc_row][vc_row full_width=\u00bbstretch_row\u00bb css=\u00bb.vc_custom_1479133221367{padding-top: 100px !important;padding-bottom: 100px !important;background-image: url(https:\/\/calbernadas.com\/wp-content\/uploads\/2016\/10\/EMP_terifes.jpg?id=13730) !important;}\u00bb parallax_speed=\u00bb0.8&#8243; bg_video_transparent=\u00bb0&#8243; el_class=\u00bbcm-icon-big-item\u00bb][vc_column][cs_custom_heading text=\u00bbTARIFAS\u00bb font_container=\u00bbtag:h1|font_size:40px|text_align:center|color:%23ffffff\u00bb font_format=\u00bb700&#8243; style=\u00bbstyle-none\u00bb el_class=\u00bbcm-tailor-title-site\u00bb][\/vc_column][\/vc_row][vc_row full_width=\u00bbstretch_row\u00bb gap=\u00bb15&#8243; css=\u00bb.vc_custom_1477994660402{padding-top: 15px !important;padding-bottom: 15px !important;background-color: #ecf5df !important;}\u00bb][vc_column width=\u00bb1\/4&#8243;][vc_row_inner css=\u00bb.vc_custom_1477994399761{margin: 0px !important;padding: 0px !important;background-color: #ffffff !important;border: 1px solid #dddddd !important;}\u00bb][vc_column_inner css=\u00bb.vc_custom_1477994409192{margin: 0px !important;border-width: 0px !important;padding: 0px !important;}\u00bb][cs_custom_heading text=\u00bbENTRE SEMANA\u00bb font_container=\u00bbtag:h2|font_size:20px|text_align:center|color:%23ffffff|line_height:20px\u00bb font_format=\u00bb300&#8243; style=\u00bbstyle-none\u00bb el_class=\u00bbcm-tailor-title-site\u00bb css=\u00bb.vc_custom_1479798346847{margin-top: 0px !important;margin-right: 0px !important;margin-bottom: 0px !important;margin-left: 0px !important;border-top-width: 0px !important;border-right-width: 0px !important;border-bottom-width: 0px !important;border-left-width: 0px !important;padding-top: 10px !important;padding-right: 10px !important;padding-bottom: 10px !important;padding-left: 10px !important;background-color: #b5dbeb !important;}\u00bb][vc_column_text css=\u00bb.vc_custom_1670425965100{margin-bottom: 0px !important;padding-top: 30px !important;padding-right: 10px !important;padding-bottom: 30px !important;padding-left: 10px !important;background-color: #402e24 !important;}\u00bb]<\/p>\n<h3 style=\"text-align: center;\"><span style=\"color: #6699cc;\">1 NOCHE<\/span><\/h3>\n<h1 style=\"text-align: center;\"><span style=\"color: #6699cc;\">1.575 \u20ac<\/span><\/h1>\n<h3 style=\"text-align: center;\"><span style=\"color: #6699cc;\">\u00a0<\/span><\/h3>\n<h3 style=\"text-align: center;\"><span style=\"color: #6699cc;\">2 NOCHES<\/span><\/h3>\n<h1 style=\"text-align: center;\"><span style=\"color: #6699cc;\">1.890 \u20ac<\/span><\/h1>\n<p>[\/vc_column_text][\/vc_column_inner][\/vc_row_inner][\/vc_column][vc_column width=\u00bb1\/4&#8243;][vc_row_inner css=\u00bb.vc_custom_1477994460785{margin: 0px !important;padding: 0px !important;background-color: #ffffff !important;border: 1px solid #dddddd !important;}\u00bb][vc_column_inner css=\u00bb.vc_custom_1477994484041{padding: 0px !important;}\u00bb][cs_custom_heading text=\u00bbFIN DE SEMANA\u00bb font_container=\u00bbtag:h2|font_size:20px|text_align:center|color:%23ffffff|line_height:20px\u00bb font_format=\u00bb300&#8243; style=\u00bbstyle-none\u00bb el_class=\u00bbcm-tailor-title-site\u00bb css=\u00bb.vc_custom_1479798378516{margin-top: 0px !important;margin-right: 0px !important;margin-bottom: 0px !important;margin-left: 0px !important;border-top-width: 0px !important;border-right-width: 0px !important;border-bottom-width: 0px !important;border-left-width: 0px !important;padding-top: 10px !important;padding-right: 10px !important;padding-bottom: 10px !important;padding-left: 10px !important;background-color: #b5dbeb !important;}\u00bb][vc_column_text css=\u00bb.vc_custom_1670425976175{margin-bottom: 0px !important;padding-top: 30px !important;padding-right: 10px !important;padding-bottom: 30px !important;padding-left: 10px !important;background-color: #402e24 !important;}\u00bb]<\/p>\n<h3 style=\"text-align: center;\"><span style=\"color: #6699cc;\">2 NOCHES (ESTANCIA M\u00cdNIMA)<\/span><\/h3>\n<h1 style=\"text-align: center;\"><span style=\"color: #6699cc;\">2.730 \u20ac<\/span><\/h1>\n<p>[\/vc_column_text][\/vc_column_inner][\/vc_row_inner][\/vc_column][vc_column width=\u00bb1\/4&#8243;][vc_row_inner css=\u00bb.vc_custom_1477994468889{margin: 0px !important;padding: 0px !important;background-color: #ffffff !important;border: 1px solid #dddddd !important;}\u00bb][vc_column_inner css=\u00bb.vc_custom_1477994490344{padding: 0px !important;}\u00bb][cs_custom_heading text=\u00bbINCLUYE\u00bb font_container=\u00bbtag:h2|font_size:20px|text_align:center|color:%23ffffff|line_height:20px\u00bb font_format=\u00bb300&#8243; style=\u00bbstyle-none\u00bb el_class=\u00bbcm-tailor-title-site\u00bb css=\u00bb.vc_custom_1479798422726{margin-top: 0px !important;margin-right: 0px !important;margin-bottom: 0px !important;margin-left: 0px !important;border-top-width: 0px !important;border-right-width: 0px !important;border-bottom-width: 0px !important;border-left-width: 0px !important;padding-top: 10px !important;padding-right: 10px !important;padding-bottom: 10px !important;padding-left: 10px !important;background-color: #b5dbeb !important;}\u00bb][vc_column_text css=\u00bb.vc_custom_1670426061579{padding-top: 30px !important;padding-right: 22% !important;padding-bottom: 30px !important;padding-left: 22% !important;}\u00bb]9 HABITACIONES &#8211; 8 BA\u00d1OS<\/p>\n<hr \/>\n<p>CASETA EL MUNT: APARTAMENTO ANEXO CON HABITACI\u00d3N Y BA\u00d1O<\/p>\n<hr \/>\n<p>CAPACIDAD PARA 21 PERSONAS CON 15 CAMAS (6 DOBLES + 9 INDIVIDUALES)[\/vc_column_text][\/vc_column_inner][\/vc_row_inner][\/vc_column][vc_column width=\u00bb1\/4&#8243;][vc_row_inner css=\u00bb.vc_custom_1477994476440{margin: 0px !important;padding: 0px !important;background-color: #ffffff !important;border: 1px solid #dddddd !important;}\u00bb][vc_column_inner css=\u00bb.vc_custom_1477994528632{padding: 0px !important;}\u00bb][cs_custom_heading text=\u00bbNO INCLUYE\u00bb font_container=\u00bbtag:h2|font_size:20px|text_align:center|color:%23ffffff|line_height:20px\u00bb font_format=\u00bb300&#8243; style=\u00bbstyle-none\u00bb el_class=\u00bbcm-tailor-title-site\u00bb css=\u00bb.vc_custom_1479798451713{margin-top: 0px !important;margin-right: 0px !important;margin-bottom: 0px !important;margin-left: 0px !important;border-top-width: 0px !important;border-right-width: 0px !important;border-bottom-width: 0px !important;border-left-width: 0px !important;padding-top: 10px !important;padding-right: 10px !important;padding-bottom: 10px !important;padding-left: 10px !important;background-color: #b5dbeb !important;}\u00bb][vc_column_text css=\u00bb.vc_custom_1773824890742{padding-top: 30px !important;padding-right: 22% !important;padding-bottom: 30px !important;padding-left: 22% !important;}\u00bb]10 % IVA (TARIFAS ENTRE SEMANA)<\/p>\n<hr \/>\n<p>TASA TUR\u00cdSTICA: 1,93\u20ac\/PERSONA Y NOCHE<\/p>\n<hr \/>\n<p>M\u00c1S DE 21 PERSONAS Y\/O CAMAS: 65 \u20ac\/PERSONA Y\/O CAMA EXTRA<\/p>\n<hr \/>\n<p>FIANZA RESIDUOS: 130\u20ac\/ESTANCIA<br \/>\nSe devolver\u00e1 despu\u00e9s de la salida si se retiran los residuos[\/vc_column_text][\/vc_column_inner][\/vc_row_inner][\/vc_column][\/vc_row][vc_row full_width=\u00bbstretch_row\u00bb css=\u00bb.vc_custom_1479134187958{padding-top: 100px !important;padding-bottom: 100px !important;background-image: url(https:\/\/calbernadas.com\/wp-content\/uploads\/2016\/10\/EMP_localitzacio.jpg?id=13732) !important;}\u00bb parallax_speed=\u00bb0.8&#8243; bg_video_transparent=\u00bb0&#8243; el_class=\u00bbcm-icon-big-item\u00bb][vc_column][cs_custom_heading text=\u00bbSERVICIOS EXTRAS\u00bb font_container=\u00bbtag:h1|font_size:40px|text_align:center|color:%23ffffff\u00bb font_format=\u00bb700&#8243; style=\u00bbstyle-none\u00bb el_class=\u00bbcm-tailor-title-site\u00bb][\/vc_column][\/vc_row][vc_row full_width=\u00bbstretch_row_content_no_spaces\u00bb css=\u00bb.vc_custom_1479140739483{padding-top: 50px !important;padding-bottom: 50px !important;}\u00bb][vc_column][vc_column_text]<\/p>\n<h5 style=\"text-align: center;\"><span style=\"color: #6699cc;\">Coaching, cocinero privado, alquiler de material de aparatos electr\u00f3nicos como proyector de diapositivas, micr\u00f3fonos\u2026 <\/span><\/h5>\n<h5 style=\"text-align: center;\"><span style=\"color: #6699cc;\">Todo esto y m\u00e1s. \u00a1P\u00eddenos todo lo que necesitas y nosotros te lo buscamos!<\/span><\/h5>\n<p>[\/vc_column_text][vc_btn title=\u00bb\u00bfQU\u00c9 NECESITAS?\u00bb color=\u00bbinfo\u00bb size=\u00bblg\u00bb align=\u00bbcenter\u00bb link=\u00bburl:http%3A%2F%2Fcalbernadas.com%2Fes%2Fcontacto%2Fcontacto-empresas%2F|||\u00bb][\/vc_column][\/vc_row][vc_row full_width=\u00bbstretch_row\u00bb css=\u00bb.vc_custom_1479141291531{padding-top: 80px !important;padding-bottom: 80px !important;background-image: url(https:\/\/calbernadas.com\/wp-content\/uploads\/2016\/10\/CB_EMP_BANNER_CONEIX.jpg?id=13735) !important;}\u00bb][vc_column][vc_column_text]<\/p>\n<h5 style=\"text-align: center;\"><span style=\"color: #ffffff;\">Para m\u00e1s informaci\u00f3n sobre la casa, clica en el bot\u00f3n y<\/span><\/h5>\n<h5 style=\"text-align: center;\"><span style=\"color: #6699cc;\"><span style=\"color: #ffffff;\">descubre todo lo que ofrecemos.<\/span> <\/span><\/h5>\n<p>[\/vc_column_text][vc_btn title=\u00bbDESC\u00daBRELA\u00bb color=\u00bbinfo\u00bb size=\u00bblg\u00bb align=\u00bbcenter\u00bb link=\u00bburl:http%3A%2F%2Fcalbernadas.com%2Fes%2Fsalon-planta-baja-2%2F|||\u00bb][\/vc_column][\/vc_row][vc_row full_width=\u00bbstretch_row\u00bb css=\u00bb.vc_custom_1479134187958{padding-top: 100px !important;padding-bottom: 100px !important;background-image: url(https:\/\/calbernadas.com\/wp-content\/uploads\/2016\/10\/EMP_localitzacio.jpg?id=13732) !important;}\u00bb parallax_speed=\u00bb0.8&#8243; bg_video_transparent=\u00bb0&#8243; el_class=\u00bbcm-icon-big-item\u00bb][vc_column][cs_custom_heading text=\u00bbLOCALIZACI\u00d3N\u00bb font_container=\u00bbtag:h1|font_size:40px|text_align:center|color:%23ffffff\u00bb font_format=\u00bb700&#8243; style=\u00bbstyle-none\u00bb el_class=\u00bbcm-tailor-title-site\u00bb][\/vc_column][\/vc_row][vc_row css=\u00bb.vc_custom_1477557874325{padding-top: 80px !important;padding-bottom: 80px !important;}\u00bb][vc_column][vc_column_text css=\u00bb.vc_custom_1479798727461{padding-right: 10% !important;padding-left: 10% !important;}\u00bb]<\/p>\n<h5 style=\"text-align: center;\"><span style=\"color: #6699cc;\">El Munt es una mas\u00eda rodeada de silencio y de naturaleza, a 2 km de Castellter\u00e7ol, en la comarca del Moian\u00e8s y muy bien comunicada con Barcelona, a 40 km. <\/span><br \/>\n<span style=\"color: #6699cc;\">De cara al sur, pero con vistas de los Pirineos, la casa goza de un inmenso bosque de pinos y encinas, y de una tranquilidad absoluta.<\/span><\/h5>\n<p>[\/vc_column_text][vc_empty_space][vc_row_inner][vc_column_inner width=\u00bb1\/3&#8243;][vc_column_text]<\/p>\n<h3><span style=\"color: #6699cc;\"><i class=\"fa fa-home uk-text-primary\"><\/i>DIRECCI\u00d3N<\/span><\/h3>\n<p style=\"font-size: 18px;\">Casa El Munt, afores s\/n<br \/>\n08183 Castellter\u00e7ol<br \/>\nComarca Moian\u00e8s<br \/>\nProvincia Barcelona<\/p>\n<h5><\/h5>\n<h3><span style=\"color: #6699cc;\"><i class=\"fa fa-home uk-text-primary\"><\/i> COORDENADAS GPS<\/span><\/h3>\n<p style=\"font-size: 18px;\">41\u00b044\u20195.92\u2033 N<br \/>\n2\u00b0 6\u201936.94\u2033 E<\/p>\n<p>[\/vc_column_text][\/vc_column_inner][vc_column_inner width=\u00bb2\/3&#8243;][vc_column_text]<\/p>\n<h3><span style=\"color: #6699cc;\"><i class=\"fa fa-home uk-text-primary\"><\/i>\u00bfC\u00d3MO LLEGAR?<\/span><\/h3>\n<p style=\"font-size: 18px;\"><strong>Desde Barcelona <\/strong><br \/>\nHay que coger la salida 1 de la autov\u00eda AP-7, en direcci\u00f3n a Santa Perp\u00e8tua de la Moguda \u2013 Caldes de Montbui.<br \/>\nSe sigue la carretera C-59 en direcci\u00f3n a Caldes de Montbui y Sant Feliu de Codines.<br \/>\nDespu\u00e9s de Sant Feliu de Codines se llega al pueblo de Castellter\u00e7ol. Justo despu\u00e9s de la se\u00f1al de entrada al pueblo se encuentran dos sem\u00e1foros muy seguidos el uno del otro. Despu\u00e9s del segundo sem\u00e1foro, hay que girar a la izquierda en direcci\u00f3n a Granera.<br \/>\nSe sigue recto, siempre por dentro del pueblo de Castellter\u00e7ol, y a unos 700 metros se encuentra la se\u00f1alizaci\u00f3n que indica El Munt a mano izquierda (si se sale del pueblo es que la se\u00f1al ha quedado atr\u00e1s).<br \/>\nHay que seguir recto y desembocar en una pista forestal. Hay que seguirla y al cabo de 2,5 km se llega a la mas\u00eda El Munt.<br \/>\n<strong>Desde Moi\u00e0 (viniendo de Manresa o Vic)<\/strong><br \/>\nDespu\u00e9s del pueblo de Moi\u00e0 ya se llega al pueblo de Castellter\u00e7ol.<br \/>\nA la entrada del pueblo se encuentra una rotonda y m\u00e1s adelante dos sem\u00e1foros. Despu\u00e9s del segundo sem\u00e1foro hay que girar a la derecha en direcci\u00f3n a Granera.<br \/>\nHay que seguir recto, siempre por dentro del pueblo de Castellter\u00e7ol, y a unos 700 metros se encuentra la se\u00f1alizaci\u00f3n que indica El Munt a mano izquierda (si se sale del pueblo es que la se\u00f1al ha quedado atr\u00e1s).<br \/>\nHay que seguir recto y desembocar en una pista forestal. Hay que seguirla y al cabo de 2,5 km se llega a la mas\u00eda El Munt.<\/p>\n<p>[\/vc_column_text][\/vc_column_inner][\/vc_row_inner][\/vc_column][\/vc_row][vc_row full_width=\u00bbstretch_row_content_no_spaces\u00bb][vc_column][vc_gmaps link=\u00bb#E-8_JTNDaWZyYW1lJTIwc3JjJTNEJTIyaHR0cHMlM0ElMkYlMkZ3d3cuZ29vZ2xlLmNvbSUyRm1hcHMlMkZlbWJlZCUzRnBiJTNEJTIxMW0xOCUyMTFtMTIlMjExbTMlMjExZDM2MzIuNDk5OTA3OTQ5NzY3JTIxMmQyLjEwNzc2MzExNTY3ODQxNDIlMjEzZDQxLjczNDkzMjk4MjMzOTgxJTIxMm0zJTIxMWYwJTIxMmYwJTIxM2YwJTIxM20yJTIxMWkxMDI0JTIxMmk3NjglMjE0ZjEzLjElMjEzbTMlMjExbTIlMjExczB4MTJhNGU4N2M2ZGE0YWJhZiUyNTNBMHhhZjhmMjAwYmEwNDg5ZGM4JTIxMnNFTCUyQk1VTlQlMjE1ZTElMjEzbTIlMjExc2VzJTIxMnNlcyUyMTR2MTU1NDMxMDQzMjEzMiUyMTVtMiUyMTFzZXMlMjEyc2VzJTIyJTIwd2lkdGglM0QlMjIxMDAlMjUlMjIlMjBoZWlnaHQlM0QlMjI0NTAlMjIlMjBmcmFtZWJvcmRlciUzRCUyMjAlMjIlMjBzdHlsZSUzRCUyMmJvcmRlciUzQTAlMjIlMjBhbGxvd2Z1bGxzY3JlZW4lM0UlM0MlMkZpZnJhbWUlM0U=\u00bb][\/vc_column][\/vc_row][vc_row full_width=\u00bbstretch_row\u00bb css=\u00bb.vc_custom_1479141743632{padding-top: 111px !important;padding-bottom: 111px !important;background-image: url(https:\/\/calbernadas.com\/wp-content\/uploads\/2016\/10\/EMP_localitzacio.jpg?id=13732) !important;}\u00bb parallax_speed=\u00bb0.8&#8243; bg_video_transparent=\u00bb0&#8243; el_class=\u00bbcm-icon-big-item\u00bb][vc_column][cs_custom_heading text=\u00bbCONTACTO\u00bb font_container=\u00bbtag:h1|font_size:40px|text_align:center|color:%23ffffff\u00bb font_format=\u00bb700&#8243; style=\u00bbstyle-none\u00bb el_class=\u00bbcm-tailor-title-site\u00bb][\/vc_column][\/vc_row][vc_row css=\u00bb.vc_custom_1477557874325{padding-top: 80px !important;padding-bottom: 80px !important;}\u00bb][vc_column width=\u00bb1\/3&#8243;][vc_column_text]<\/p>\n<h3><\/h3>\n<h3><span style=\"color: #6699cc;\">JOSEP NIUB\u00d2<\/span><br \/>\n<span style=\"color: #6699cc;\">RAMONA CASAS<\/span><br \/>\n<span style=\"color: #6699cc;\">ANNA NIUB\u00d2<\/span><\/h3>\n<h3><\/h3>\n<p style=\"font-size: 18px;\">+34 636 533 958<br \/>\n+34 938 234 082<br \/>\n<span id=\"cloak78436\"><a href=\"mailto:info@calbernadas.com\">info@calbernadas.com<\/a><\/span><\/p>\n<p>[\/vc_column_text]        <div  id=\"cs_social1777306372_169ef8b04dad62\" class=\"cshero-social cs-social-layout1 \">\r\n            <style type=\"text\/css\" scoped>\r\n               .cshero_content_1777306372_169ef8b04dad62.cshero-social-list a:hover i {\r\n                    background-color:  !important;\r\n                    border-color:  !important;\r\n                    color:  !important;\r\n                    white-space: inherit;\r\n               }\r\n            <\/style>\r\n                            \r\n<div class=\"cshero_content_1777306372_169ef8b04dad62 cshero-social-list \">\r\n            <a href=\"https:\/\/www.facebook.com\/calbernadas?fref=ts\" style=\"font-size:\"><i style=\"      border-style: none;   \" class=\"fa fa-facebook\"><\/i><\/a>\r\n                <a href=\"https:\/\/instagram.com\/calbernadas\/\" style=\"font-size:\"><i style=\"      border-style: none;   \" class=\"fa fa-instagram\"><\/i><\/a>\r\n                <a href=\"https:\/\/twitter.com\/calbernadas\" style=\"font-size:\"><i style=\"      border-style: none;   \" class=\"fa fa-twitter\"><\/i><\/a>\r\n                                            \r\n<\/div>               \r\n        <\/div>\r\n        [\/vc_column][vc_column width=\u00bb2\/3&#8243;]\n<div class=\"wpcf7 no-js\" id=\"wpcf7-f17364-o1\" lang=\"en-US\" dir=\"ltr\">\n<div class=\"screen-reader-response\"><p role=\"status\" aria-live=\"polite\" aria-atomic=\"true\"><\/p> <ul><\/ul><\/div>\n<form action=\"\/es\/wp-json\/wp\/v2\/pages\/14246#wpcf7-f17364-o1\" method=\"post\" class=\"wpcf7-form init\" aria-label=\"Contact form\" novalidate=\"novalidate\" data-status=\"init\">\n<div style=\"display: none;\">\n<input type=\"hidden\" name=\"_wpcf7\" value=\"17364\" \/>\n<input type=\"hidden\" name=\"_wpcf7_version\" value=\"5.8.2\" \/>\n<input type=\"hidden\" name=\"_wpcf7_locale\" value=\"en_US\" \/>\n<input type=\"hidden\" name=\"_wpcf7_unit_tag\" value=\"wpcf7-f17364-o1\" \/>\n<input type=\"hidden\" name=\"_wpcf7_container_post\" value=\"0\" \/>\n<input type=\"hidden\" name=\"_wpcf7_posted_data_hash\" value=\"\" \/>\n<\/div>\n<div class=\"row\">\n\t<div class=\"col-xs-12 col-sm-12 col-md-12 col-lg-12\">\n\t\t<p><span class=\"wpcf7-form-control-wrap\" data-name=\"nom\"><input size=\"40\" class=\"wpcf7-form-control wpcf7-text wpcf7-validates-as-required name\" id=\"name\" aria-required=\"true\" aria-invalid=\"false\" placeholder=\"Tu nombre\" value=\"\" type=\"text\" name=\"nom\" \/><\/span>\n\t\t<\/p>\n\t<\/div>\n<\/div>\n<div class=\"row\">\n\t<div class=\"col-xs-12 col-sm-12 col-md-12 col-lg-12\">\n\t\t<p><span class=\"wpcf7-form-control-wrap\" data-name=\"email\"><input size=\"40\" class=\"wpcf7-form-control wpcf7-email wpcf7-validates-as-required wpcf7-text wpcf7-validates-as-email email\" id=\"email\" aria-required=\"true\" aria-invalid=\"false\" placeholder=\"Tu correo electr\u00f3nico\" value=\"\" type=\"email\" name=\"email\" \/><\/span>\n\t\t<\/p>\n\t<\/div>\n<\/div>\n<div class=\"row\">\n\t<div class=\"col-xs-12 col-sm-12 col-md-12 col-lg-12\">\n\t\t<p><span class=\"wpcf7-form-control-wrap\" data-name=\"phone\"><input size=\"40\" class=\"wpcf7-form-control wpcf7-text wpcf7-validates-as-required phone\" id=\"phone\" aria-required=\"true\" aria-invalid=\"false\" placeholder=\"Tel\u00e9fono\" value=\"\" type=\"text\" name=\"phone\" \/><\/span>\n\t\t<\/p>\n\t<\/div>\n<\/div>\n<div class=\"row\">\n\t<div class=\"col-xs-12 col-sm-12 col-md-12 col-lg-12\">\n\t\t<p><span class=\"wpcf7-form-control-wrap\" data-name=\"empresa\"><input size=\"40\" class=\"wpcf7-form-control wpcf7-text wpcf7-validates-as-required\" aria-required=\"true\" aria-invalid=\"false\" placeholder=\"Nombre de la empresa\" value=\"\" type=\"text\" name=\"empresa\" \/><\/span>\n\t\t<\/p>\n\t<\/div>\n<\/div>\n<div class=\"row\">\n\t<div class=\"col-xs-12 col-sm-12 col-md-12 col-lg-12\">\n\t\t<p><span class=\"wpcf7-form-control-wrap\" data-name=\"msg\"><textarea cols=\"40\" rows=\"10\" class=\"wpcf7-form-control wpcf7-textarea\" aria-invalid=\"false\" placeholder=\"Deja tu mensaje\" name=\"msg\"><\/textarea><\/span>\n\t\t<\/p>\n\t<\/div>\n<\/div>\n<div class=\"row\">\n\t<div class=\"col-xs-1 col-sm-1 col-md-1 col-lg-1\">\n\t\t<p><span class=\"wpcf7-form-control-wrap\" data-name=\"acceptar\"><span class=\"wpcf7-form-control wpcf7-acceptance\"><span class=\"wpcf7-list-item\"><input type=\"checkbox\" name=\"acceptar\" value=\"1\" aria-invalid=\"false\" \/><\/span><\/span><\/span>\n\t\t<\/p>\n\t<\/div>\n\t<p>\"He le\u00eddo y acepto la <a href=\"https:\/\/calbernadas.com\/es\/aviso-legal\/#privacidad\" target=\"_blank\">pol\u00edtica de privacidad\"<\/a>\n\t<\/p>\n<\/div>\n<div class=\"row\">\n\t<div class=\"col-xs-12 col-sm-12 col-md-12 col-lg-12\">\n\t\t<p>[bwscaptcha bwscaptcha-42]\n\t\t<\/p>\n\t<\/div>\n<\/div>\n<div class=\"row\">\n\t<div class=\"col-xs-12 col-sm-12 col-md-12 col-lg-12\">\n\t\t<p><input class=\"wpcf7-form-control wpcf7-submit has-spinner\" type=\"submit\" value=\"Enviar\" \/>\n\t\t<\/p>\n\t<\/div>\n<\/div><p style=\"display: none !important;\" class=\"akismet-fields-container\" data-prefix=\"_wpcf7_ak_\"><label>&#916;<textarea name=\"_wpcf7_ak_hp_textarea\" cols=\"45\" rows=\"8\" maxlength=\"100\"><\/textarea><\/label><input type=\"hidden\" id=\"ak_js_1\" name=\"_wpcf7_ak_js\" value=\"24\"\/><script>document.getElementById( \"ak_js_1\" ).setAttribute( \"value\", ( new Date() ).getTime() );<\/script><\/p><div class=\"wpcf7-response-output\" aria-hidden=\"true\"><\/div>\n<\/form>\n<\/div>\n[\/vc_column][\/vc_row][vc_row css=\u00bb.vc_custom_1478074481931{padding-top: 80px !important;padding-bottom: 80px !important;}\u00bb][vc_column][vc_column_text]<\/p>\n<h1 style=\"text-align: center;\"><span style=\"color: #69c;\">S\u00c1CALE TODO EL JUGO<\/span><\/h1>\n<h5 style=\"text-align: center;\"><span style=\"color: #69c;\">A parte de la opci\u00f3n de turismo rural, El Munt tambi\u00e9n ofrece muchas otras posibilidades para tus celebraciones, tus jornadas de empresa y tambi\u00e9n unos paquetes muy originales que har\u00e1n que saques el m\u00e1ximo provecho de la casa y de su entorno.<\/span><\/h5>\n<p>[\/vc_column_text][\/vc_column][\/vc_row][vc_row full_width=\u00bbstretch_row_content_no_spaces\u00bb][vc_column width=\u00bb1\/4&#8243;]<div id=\"cshero-fancybox69ef8b0500ded_1777306373\" class=\"cshero-fancybox-wrap  clearfix fancybox-layout1  text-left   wpb_animate_when_almost_visible wpb_fade-in\" style=\"border-color: transparent;   \">\n    <style type=\"text\/css\" scoped>\n        #cshero-fancybox69ef8b0500ded_1777306373.fancybox-layout1:hover .fancy-icon {\n            background-color: !important;\n            border-color: !important;\n            color:#000000 !important;\n        }\n\n        #cshero-fancybox69ef8b0500ded_1777306373.fancybox-layout1 .fancy-icon.icon-hover-style-3:after{\n    \t\t-webkit-border-radius:;\n    \t\t-moz-border-radius:;\n    \t\t-ms-border-radius:;\n    \t\t-o-border-radius:;\n    \t\tborder-radius:;\n    \t\tbackground-color:;\n    \t\tborder-width:;\n    \t\tborder-style:none;\n    \t\tborder-color:;\n\t   }\n        \n                #cshero-fancybox69ef8b0500ded_1777306373:hover {\n            background: #6699cc;\n        }\n        \n        \n                     #cshero-fancybox69ef8b0500ded_1777306373 [class^=\"flaticon-\"]:before, \n       #cshero-fancybox69ef8b0500ded_1777306373 [class*=\" flaticon-\"]:before, \n       #cshero-fancybox69ef8b0500ded_1777306373 [class^=\"flaticon-\"]:after, \n       #cshero-fancybox69ef8b0500ded_1777306373 [class*=\" flaticon-\"]:after {\n            font-size: 24px;\n            color: #212121;\n        }\n        #cshero-fancybox69ef8b0500ded_1777306373:hover .cshero-fancybox-title-image [class^=\"flaticon-\"]:before,\n        #cshero-fancybox69ef8b0500ded_1777306373:hover .cshero-fancybox-title-image [class*=\" flaticon-\"]:before,\n        #cshero-fancybox69ef8b0500ded_1777306373:hover .cshero-fancybox-title-image [class^=\"flaticon-\"]:after,\n        #cshero-fancybox69ef8b0500ded_1777306373:hover .cshero-fancybox-title-image [class*=\" flaticon-\"]:after{\n            color: #000000;\n        }\n\t<\/style>\n    <div class=\"cshero-fancybox-title-image\">\n                    <a title=\"\" href=\"https:\/\/calbernadas.com\/es\/turismo-rural\/\">\n                                    <\/a>\n                            <h3 class=\"cshero-fancybox-title-wrap\" style=\"color: #ffffff;  text-transform: uppercase;\">\n                <span class=\"cshero-title-main\">CELEBRACIONES<\/span>\n            <\/h3>\n                            <div class=\"cshero-fancybox-image\">\n                <img src=\"https:\/\/calbernadas.com\/wp-content\/uploads\/2016\/10\/TS_celebracions.jpg\" alt=\"CELEBRACIONES\" \/>\n            <\/div>\n            <\/div>\n    <\/div>\n[\/vc_column][vc_column width=\u00bb1\/4&#8243;]<div id=\"cshero-fancybox69ef8b05013cc_1777306373\" class=\"cshero-fancybox-wrap  clearfix fancybox-layout1  text-left   wpb_animate_when_almost_visible wpb_fade-in\" style=\"border-color: transparent;   \">\n    <style type=\"text\/css\" scoped>\n        #cshero-fancybox69ef8b05013cc_1777306373.fancybox-layout1:hover .fancy-icon {\n            background-color: !important;\n            border-color: !important;\n            color:#000000 !important;\n        }\n\n        #cshero-fancybox69ef8b05013cc_1777306373.fancybox-layout1 .fancy-icon.icon-hover-style-3:after{\n    \t\t-webkit-border-radius:;\n    \t\t-moz-border-radius:;\n    \t\t-ms-border-radius:;\n    \t\t-o-border-radius:;\n    \t\tborder-radius:;\n    \t\tbackground-color:;\n    \t\tborder-width:;\n    \t\tborder-style:none;\n    \t\tborder-color:;\n\t   }\n        \n                #cshero-fancybox69ef8b05013cc_1777306373:hover {\n            background: #6699cc;\n        }\n        \n        \n                     #cshero-fancybox69ef8b05013cc_1777306373 [class^=\"flaticon-\"]:before, \n       #cshero-fancybox69ef8b05013cc_1777306373 [class*=\" flaticon-\"]:before, \n       #cshero-fancybox69ef8b05013cc_1777306373 [class^=\"flaticon-\"]:after, \n       #cshero-fancybox69ef8b05013cc_1777306373 [class*=\" flaticon-\"]:after {\n            font-size: 24px;\n            color: #212121;\n        }\n        #cshero-fancybox69ef8b05013cc_1777306373:hover .cshero-fancybox-title-image [class^=\"flaticon-\"]:before,\n        #cshero-fancybox69ef8b05013cc_1777306373:hover .cshero-fancybox-title-image [class*=\" flaticon-\"]:before,\n        #cshero-fancybox69ef8b05013cc_1777306373:hover .cshero-fancybox-title-image [class^=\"flaticon-\"]:after,\n        #cshero-fancybox69ef8b05013cc_1777306373:hover .cshero-fancybox-title-image [class*=\" flaticon-\"]:after{\n            color: #000000;\n        }\n\t<\/style>\n    <div class=\"cshero-fancybox-title-image\">\n                    <a title=\"\" href=\"https:\/\/calbernadas.com\/es\/ruralpacks\/\">\n                                    <\/a>\n                            <h3 class=\"cshero-fancybox-title-wrap\" style=\"color: #ffffff;  text-transform: uppercase;\">\n                <span class=\"cshero-title-main\">RURAL&amp;PACKS<\/span>\n            <\/h3>\n                            <div class=\"cshero-fancybox-image\">\n                <img src=\"https:\/\/calbernadas.com\/wp-content\/uploads\/2016\/10\/TS_ruralpack.jpg\" alt=\"RURAL&amp;PACKS\" \/>\n            <\/div>\n            <\/div>\n    <\/div>\n[\/vc_column][vc_column width=\u00bb1\/4&#8243;]<div id=\"cshero-fancybox69ef8b05018bb_1777306373\" class=\"cshero-fancybox-wrap  clearfix fancybox-layout1  text-left   wpb_animate_when_almost_visible wpb_fade-in\" style=\"border-color: transparent;   \">\n    <style type=\"text\/css\" scoped>\n        #cshero-fancybox69ef8b05018bb_1777306373.fancybox-layout1:hover .fancy-icon {\n            background-color: !important;\n            border-color: !important;\n            color:#000000 !important;\n        }\n\n        #cshero-fancybox69ef8b05018bb_1777306373.fancybox-layout1 .fancy-icon.icon-hover-style-3:after{\n    \t\t-webkit-border-radius:;\n    \t\t-moz-border-radius:;\n    \t\t-ms-border-radius:;\n    \t\t-o-border-radius:;\n    \t\tborder-radius:;\n    \t\tbackground-color:;\n    \t\tborder-width:;\n    \t\tborder-style:none;\n    \t\tborder-color:;\n\t   }\n        \n                #cshero-fancybox69ef8b05018bb_1777306373:hover {\n            background: #6699cc;\n        }\n        \n        \n                     #cshero-fancybox69ef8b05018bb_1777306373 [class^=\"flaticon-\"]:before, \n       #cshero-fancybox69ef8b05018bb_1777306373 [class*=\" flaticon-\"]:before, \n       #cshero-fancybox69ef8b05018bb_1777306373 [class^=\"flaticon-\"]:after, \n       #cshero-fancybox69ef8b05018bb_1777306373 [class*=\" flaticon-\"]:after {\n            font-size: 24px;\n            color: #212121;\n        }\n        #cshero-fancybox69ef8b05018bb_1777306373:hover .cshero-fancybox-title-image [class^=\"flaticon-\"]:before,\n        #cshero-fancybox69ef8b05018bb_1777306373:hover .cshero-fancybox-title-image [class*=\" flaticon-\"]:before,\n        #cshero-fancybox69ef8b05018bb_1777306373:hover .cshero-fancybox-title-image [class^=\"flaticon-\"]:after,\n        #cshero-fancybox69ef8b05018bb_1777306373:hover .cshero-fancybox-title-image [class*=\" flaticon-\"]:after{\n            color: #000000;\n        }\n\t<\/style>\n    <div class=\"cshero-fancybox-title-image\">\n                    <a title=\"\" href=\"https:\/\/calbernadas.com\/es\/empresas\/\">\n                                    <\/a>\n                            <h3 class=\"cshero-fancybox-title-wrap\" style=\"color: #ffffff;  text-transform: uppercase;\">\n                <span class=\"cshero-title-main\">EMPRESAS<\/span>\n            <\/h3>\n                            <div class=\"cshero-fancybox-image\">\n                <img src=\"https:\/\/calbernadas.com\/wp-content\/uploads\/2016\/10\/TS_empreses.jpg\" alt=\"EMPRESAS\" \/>\n            <\/div>\n            <\/div>\n    <\/div>\n[\/vc_column][vc_column width=\u00bb1\/4&#8243;]<div id=\"cshero-fancybox69ef8b0501d85_1777306373\" class=\"cshero-fancybox-wrap  clearfix fancybox-layout1  text-left   wpb_animate_when_almost_visible wpb_fade-in\" style=\"border-color: transparent;   \">\n    <style type=\"text\/css\" scoped>\n        #cshero-fancybox69ef8b0501d85_1777306373.fancybox-layout1:hover .fancy-icon {\n            background-color: !important;\n            border-color: !important;\n            color:#000000 !important;\n        }\n\n        #cshero-fancybox69ef8b0501d85_1777306373.fancybox-layout1 .fancy-icon.icon-hover-style-3:after{\n    \t\t-webkit-border-radius:;\n    \t\t-moz-border-radius:;\n    \t\t-ms-border-radius:;\n    \t\t-o-border-radius:;\n    \t\tborder-radius:;\n    \t\tbackground-color:;\n    \t\tborder-width:;\n    \t\tborder-style:none;\n    \t\tborder-color:;\n\t   }\n        \n                #cshero-fancybox69ef8b0501d85_1777306373:hover {\n            background: #6699cc;\n        }\n        \n        \n                     #cshero-fancybox69ef8b0501d85_1777306373 [class^=\"flaticon-\"]:before, \n       #cshero-fancybox69ef8b0501d85_1777306373 [class*=\" flaticon-\"]:before, \n       #cshero-fancybox69ef8b0501d85_1777306373 [class^=\"flaticon-\"]:after, \n       #cshero-fancybox69ef8b0501d85_1777306373 [class*=\" flaticon-\"]:after {\n            font-size: 24px;\n            color: #212121;\n        }\n        #cshero-fancybox69ef8b0501d85_1777306373:hover .cshero-fancybox-title-image [class^=\"flaticon-\"]:before,\n        #cshero-fancybox69ef8b0501d85_1777306373:hover .cshero-fancybox-title-image [class*=\" flaticon-\"]:before,\n        #cshero-fancybox69ef8b0501d85_1777306373:hover .cshero-fancybox-title-image [class^=\"flaticon-\"]:after,\n        #cshero-fancybox69ef8b0501d85_1777306373:hover .cshero-fancybox-title-image [class*=\" flaticon-\"]:after{\n            color: #000000;\n        }\n\t<\/style>\n    <div class=\"cshero-fancybox-title-image\">\n                    <a title=\"\" href=\"https:\/\/calbernadas.com\/es\/entorno\/moianes\/\">\n                                    <\/a>\n                            <h3 class=\"cshero-fancybox-title-wrap\" style=\"color: #ffffff;  text-transform: uppercase;\">\n                <span class=\"cshero-title-main\">ENTORNO<\/span>\n            <\/h3>\n                            <div class=\"cshero-fancybox-image\">\n                <img src=\"https:\/\/calbernadas.com\/wp-content\/uploads\/2016\/10\/TS_entorn.jpg\" alt=\"ENTORNO\" \/>\n            <\/div>\n            <\/div>\n    <\/div>\n[\/vc_column][\/vc_row]<\/p>\n","protected":false},"excerpt":{"rendered":"<p>[vc_row full_width=\u00bbstretch_row_content\u00bb][vc_column][rev_slider_vc alias=\u00bbesp-empreses_munt\u00bb][\/vc_column][\/vc_row][vc_row full_width=\u00bbstretch_row\u00bb css=\u00bb.vc_custom_1478772960496{padding-top: 100px !important;padding-bottom: 100px !important;background-image: url(https:\/\/calbernadas.com\/wp-content\/uploads\/2016\/10\/EMP_espais.jpg?id=13690) !important;}\u00bb parallax_speed=\u00bb0.8&#8243; bg_video_transparent=\u00bb0&#8243; el_class=\u00bbcm-icon-big-item\u00bb][vc_column][cs_custom_heading text=\u00bbESPACIOS QUE PONEMOS A VUESTRA DISPOSICI\u00d3N\u00bb [&hellip;]<\/p>\n","protected":false},"author":1,"featured_media":0,"parent":14249,"menu_order":0,"comment_status":"closed","ping_status":"closed","template":"","meta":{"footnotes":""},"yoast_head":"<!-- This site is optimized with the Yoast SEO plugin v21.5 - https:\/\/yoast.com\/wordpress\/plugins\/seo\/ -->\n<title>EL MUNT - Cal Bernad\u00e0s<\/title>\n<meta name=\"robots\" content=\"index, follow, max-snippet:-1, max-image-preview:large, max-video-preview:-1\" \/>\n<link rel=\"canonical\" href=\"https:\/\/calbernadas.com\/es\/empresas\/el-munt\/\" \/>\n<meta property=\"og:locale\" content=\"es_ES\" \/>\n<meta property=\"og:type\" content=\"article\" \/>\n<meta property=\"og:title\" content=\"EL MUNT - Cal Bernad\u00e0s\" \/>\n<meta property=\"og:description\" content=\"[vc_row full_width=\u00bbstretch_row_content\u00bb][vc_column][rev_slider_vc alias=\u00bbesp-empreses_munt\u00bb][\/vc_column][\/vc_row][vc_row full_width=\u00bbstretch_row\u00bb css=\u00bb.vc_custom_1478772960496{padding-top: 100px !important;padding-bottom: 100px !important;background-image: url(https:\/\/calbernadas.com\/wp-content\/uploads\/2016\/10\/EMP_espais.jpg?id=13690) !important;}\u00bb parallax_speed=\u00bb0.8&#8243; bg_video_transparent=\u00bb0&#8243; el_class=\u00bbcm-icon-big-item\u00bb][vc_column][cs_custom_heading text=\u00bbESPACIOS QUE PONEMOS A VUESTRA DISPOSICI\u00d3N\u00bb [&hellip;]\" \/>\n<meta property=\"og:url\" content=\"https:\/\/calbernadas.com\/es\/empresas\/el-munt\/\" \/>\n<meta property=\"og:site_name\" content=\"Cal Bernad\u00e0s\" \/>\n<meta property=\"article:publisher\" content=\"https:\/\/www.facebook.com\/calbernadas\" \/>\n<meta property=\"article:modified_time\" content=\"2026-03-18T09:08:15+00:00\" \/>\n<meta name=\"twitter:card\" content=\"summary_large_image\" \/>\n<meta name=\"twitter:site\" content=\"@calbernadas\" \/>\n<meta name=\"twitter:label1\" content=\"Tiempo de lectura\" \/>\n\t<meta name=\"twitter:data1\" content=\"9 minutos\" \/>\n<script type=\"application\/ld+json\" class=\"yoast-schema-graph\">{\"@context\":\"https:\/\/schema.org\",\"@graph\":[{\"@type\":\"WebPage\",\"@id\":\"https:\/\/calbernadas.com\/es\/empresas\/el-munt\/\",\"url\":\"https:\/\/calbernadas.com\/es\/empresas\/el-munt\/\",\"name\":\"EL MUNT - Cal Bernad\u00e0s\",\"isPartOf\":{\"@id\":\"https:\/\/calbernadas.com\/ca\/#website\"},\"datePublished\":\"2016-10-24T10:38:57+00:00\",\"dateModified\":\"2026-03-18T09:08:15+00:00\",\"breadcrumb\":{\"@id\":\"https:\/\/calbernadas.com\/es\/empresas\/el-munt\/#breadcrumb\"},\"inLanguage\":\"es\",\"potentialAction\":[{\"@type\":\"ReadAction\",\"target\":[\"https:\/\/calbernadas.com\/es\/empresas\/el-munt\/\"]}]},{\"@type\":\"BreadcrumbList\",\"@id\":\"https:\/\/calbernadas.com\/es\/empresas\/el-munt\/#breadcrumb\",\"itemListElement\":[{\"@type\":\"ListItem\",\"position\":1,\"name\":\"Portada\",\"item\":\"https:\/\/calbernadas.com\/es\/\"},{\"@type\":\"ListItem\",\"position\":2,\"name\":\"Empresas\",\"item\":\"https:\/\/calbernadas.com\/es\/empresas\/\"},{\"@type\":\"ListItem\",\"position\":3,\"name\":\"EL MUNT\"}]},{\"@type\":\"WebSite\",\"@id\":\"https:\/\/calbernadas.com\/ca\/#website\",\"url\":\"https:\/\/calbernadas.com\/ca\/\",\"name\":\"Cal Bernad\u00e0s\",\"description\":\"Turisme rural\",\"publisher\":{\"@id\":\"https:\/\/calbernadas.com\/ca\/#organization\"},\"potentialAction\":[{\"@type\":\"SearchAction\",\"target\":{\"@type\":\"EntryPoint\",\"urlTemplate\":\"https:\/\/calbernadas.com\/ca\/?s={search_term_string}\"},\"query-input\":\"required name=search_term_string\"}],\"inLanguage\":\"es\"},{\"@type\":\"Organization\",\"@id\":\"https:\/\/calbernadas.com\/ca\/#organization\",\"name\":\"Cal Bernad\u00e0s\",\"url\":\"https:\/\/calbernadas.com\/ca\/\",\"logo\":{\"@type\":\"ImageObject\",\"inLanguage\":\"es\",\"@id\":\"https:\/\/calbernadas.com\/ca\/#\/schema\/logo\/image\/\",\"url\":\"https:\/\/calbernadas.com\/wp-content\/uploads\/2017\/03\/logo_calbernadas2.png\",\"contentUrl\":\"https:\/\/calbernadas.com\/wp-content\/uploads\/2017\/03\/logo_calbernadas2.png\",\"width\":169,\"height\":156,\"caption\":\"Cal Bernad\u00e0s\"},\"image\":{\"@id\":\"https:\/\/calbernadas.com\/ca\/#\/schema\/logo\/image\/\"},\"sameAs\":[\"https:\/\/www.facebook.com\/calbernadas\",\"https:\/\/twitter.com\/calbernadas\",\"https:\/\/instagram.com\/calbernadas\/\",\"http:\/\/www.youtube.es\/calbernadas\"]}]}<\/script>\n<!-- \/ Yoast SEO plugin. -->","yoast_head_json":{"title":"EL MUNT - Cal Bernad\u00e0s","robots":{"index":"index","follow":"follow","max-snippet":"max-snippet:-1","max-image-preview":"max-image-preview:large","max-video-preview":"max-video-preview:-1"},"canonical":"https:\/\/calbernadas.com\/es\/empresas\/el-munt\/","og_locale":"es_ES","og_type":"article","og_title":"EL MUNT - Cal Bernad\u00e0s","og_description":"[vc_row full_width=\u00bbstretch_row_content\u00bb][vc_column][rev_slider_vc alias=\u00bbesp-empreses_munt\u00bb][\/vc_column][\/vc_row][vc_row full_width=\u00bbstretch_row\u00bb css=\u00bb.vc_custom_1478772960496{padding-top: 100px !important;padding-bottom: 100px !important;background-image: url(https:\/\/calbernadas.com\/wp-content\/uploads\/2016\/10\/EMP_espais.jpg?id=13690) !important;}\u00bb parallax_speed=\u00bb0.8&#8243; bg_video_transparent=\u00bb0&#8243; el_class=\u00bbcm-icon-big-item\u00bb][vc_column][cs_custom_heading text=\u00bbESPACIOS QUE PONEMOS A VUESTRA DISPOSICI\u00d3N\u00bb [&hellip;]","og_url":"https:\/\/calbernadas.com\/es\/empresas\/el-munt\/","og_site_name":"Cal Bernad\u00e0s","article_publisher":"https:\/\/www.facebook.com\/calbernadas","article_modified_time":"2026-03-18T09:08:15+00:00","twitter_card":"summary_large_image","twitter_site":"@calbernadas","twitter_misc":{"Tiempo de lectura":"9 minutos"},"schema":{"@context":"https:\/\/schema.org","@graph":[{"@type":"WebPage","@id":"https:\/\/calbernadas.com\/es\/empresas\/el-munt\/","url":"https:\/\/calbernadas.com\/es\/empresas\/el-munt\/","name":"EL MUNT - Cal Bernad\u00e0s","isPartOf":{"@id":"https:\/\/calbernadas.com\/ca\/#website"},"datePublished":"2016-10-24T10:38:57+00:00","dateModified":"2026-03-18T09:08:15+00:00","breadcrumb":{"@id":"https:\/\/calbernadas.com\/es\/empresas\/el-munt\/#breadcrumb"},"inLanguage":"es","potentialAction":[{"@type":"ReadAction","target":["https:\/\/calbernadas.com\/es\/empresas\/el-munt\/"]}]},{"@type":"BreadcrumbList","@id":"https:\/\/calbernadas.com\/es\/empresas\/el-munt\/#breadcrumb","itemListElement":[{"@type":"ListItem","position":1,"name":"Portada","item":"https:\/\/calbernadas.com\/es\/"},{"@type":"ListItem","position":2,"name":"Empresas","item":"https:\/\/calbernadas.com\/es\/empresas\/"},{"@type":"ListItem","position":3,"name":"EL MUNT"}]},{"@type":"WebSite","@id":"https:\/\/calbernadas.com\/ca\/#website","url":"https:\/\/calbernadas.com\/ca\/","name":"Cal Bernad\u00e0s","description":"Turisme rural","publisher":{"@id":"https:\/\/calbernadas.com\/ca\/#organization"},"potentialAction":[{"@type":"SearchAction","target":{"@type":"EntryPoint","urlTemplate":"https:\/\/calbernadas.com\/ca\/?s={search_term_string}"},"query-input":"required name=search_term_string"}],"inLanguage":"es"},{"@type":"Organization","@id":"https:\/\/calbernadas.com\/ca\/#organization","name":"Cal Bernad\u00e0s","url":"https:\/\/calbernadas.com\/ca\/","logo":{"@type":"ImageObject","inLanguage":"es","@id":"https:\/\/calbernadas.com\/ca\/#\/schema\/logo\/image\/","url":"https:\/\/calbernadas.com\/wp-content\/uploads\/2017\/03\/logo_calbernadas2.png","contentUrl":"https:\/\/calbernadas.com\/wp-content\/uploads\/2017\/03\/logo_calbernadas2.png","width":169,"height":156,"caption":"Cal Bernad\u00e0s"},"image":{"@id":"https:\/\/calbernadas.com\/ca\/#\/schema\/logo\/image\/"},"sameAs":["https:\/\/www.facebook.com\/calbernadas","https:\/\/twitter.com\/calbernadas","https:\/\/instagram.com\/calbernadas\/","http:\/\/www.youtube.es\/calbernadas"]}]}},"_links":{"self":[{"href":"https:\/\/calbernadas.com\/es\/wp-json\/wp\/v2\/pages\/14246"}],"collection":[{"href":"https:\/\/calbernadas.com\/es\/wp-json\/wp\/v2\/pages"}],"about":[{"href":"https:\/\/calbernadas.com\/es\/wp-json\/wp\/v2\/types\/page"}],"author":[{"embeddable":true,"href":"https:\/\/calbernadas.com\/es\/wp-json\/wp\/v2\/users\/1"}],"replies":[{"embeddable":true,"href":"https:\/\/calbernadas.com\/es\/wp-json\/wp\/v2\/comments?post=14246"}],"version-history":[{"count":16,"href":"https:\/\/calbernadas.com\/es\/wp-json\/wp\/v2\/pages\/14246\/revisions"}],"predecessor-version":[{"id":27759,"href":"https:\/\/calbernadas.com\/es\/wp-json\/wp\/v2\/pages\/14246\/revisions\/27759"}],"up":[{"embeddable":true,"href":"https:\/\/calbernadas.com\/es\/wp-json\/wp\/v2\/pages\/14249"}],"wp:attachment":[{"href":"https:\/\/calbernadas.com\/es\/wp-json\/wp\/v2\/media?parent=14246"}],"curies":[{"name":"wp","href":"https:\/\/api.w.org\/{rel}","templated":true}]}}