{"id":14242,"date":"2016-10-24T10:39:09","date_gmt":"2016-10-24T10:39:09","guid":{"rendered":"https:\/\/calbernadas.com\/es\/familia-niubo\/"},"modified":"2021-03-08T18:29:13","modified_gmt":"2021-03-08T17:29:13","slug":"familia-niubo","status":"publish","type":"page","link":"https:\/\/calbernadas.com\/es\/familia-niubo\/","title":{"rendered":"Familia Niub\u00f2"},"content":{"rendered":"<p>[vc_row full_width=\u00bbstretch_row\u00bb css=\u00bb.vc_custom_1477639571326{padding-top: 80px !important;padding-bottom: 80px !important;background-image: url(https:\/\/calbernadas.com\/wp-content\/uploads\/2016\/10\/CB_fons-familia.jpg?id=12437) !important;}\u00bb parallax_speed=\u00bb0.8&#8243; bg_video_transparent=\u00bb0&#8243; type=\u00bbww-custom\u00bb enable_parallax=\u00bbfalse\u00bb font_color=\u00bb#ffffff\u00bb][vc_column][cs_custom_heading text=\u00bbUNA GRAN FAMILIA\u00bb font_container=\u00bbtag:h1|font_size:40px|text_align:center|color:%23ffffff\u00bb font_format=\u00bb700&#8243; style=\u00bbstyle-none\u00bb el_class=\u00bbcm-tailor-title-site\u00bb][vc_row_inner][vc_column_inner width=\u00bb1\/6&#8243;][\/vc_column_inner][vc_column_inner width=\u00bb2\/3&#8243;][vc_column_text]<\/p>\n<h5 style=\"text-align: center;\"><span style=\"color: #ffffff;\">Cal Bernad\u00e0s es una gran familia, en la que cada uno tiene una funci\u00f3n primordial para que os sint\u00e1is como en casa.<\/span><\/h5>\n<h5 style=\"text-align: center;\"><span style=\"color: #ffffff;\"><br \/>\nNos gusta conocer a personas nuevas con diferentes maneras de hacer, costumbres variadas\u2026 as\u00ed que ya lo sab\u00e9is, cuando veng\u00e1is a Cal Bernad\u00e0s buscadnos que estaremos encantados de charlar con vosotros.<\/span><\/h5>\n<p>[\/vc_column_text][\/vc_column_inner][vc_column_inner width=\u00bb1\/6&#8243;][\/vc_column_inner][\/vc_row_inner][\/vc_column][\/vc_row][vc_row css=\u00bb.vc_custom_1477464119310{padding-top: 100px !important;padding-bottom: 100px !important;background-color: #ffffff !important;}\u00bb parallax_speed=\u00bb0.8&#8243; bg_video_transparent=\u00bb0&#8243; el_class=\u00bbkey-features\u00bb][vc_column][vc_empty_space height=\u00bb40px\u00bb][vc_row_inner][vc_column_inner width=\u00bb1\/2&#8243;]<div id=\"cshero-fancybox69f289cccd12a_1777502668\" class=\"cshero-fancybox-wrap key-features clearfix fancybox-layout2  text-left   wpb_animate_when_almost_visible wpb_fade-in\" style=\"border-color: transparent;   \">\r\n\t<style type=\"text\/css\" scoped>\r\n        #cshero-fancybox69f289cccd12a_1777502668.fancybox-layout2:hover .fancy-icon {\r\n            background-color: !important;\r\n            border-color: !important;\r\n            color:#000000 !important;\r\n        }\r\n\r\n        #cshero-fancybox69f289cccd12a_1777502668.fancybox-layout2 .fancy-icon.icon-hover-style-1:after{\r\n    \t\t-webkit-border-radius:;\r\n    \t\t-moz-border-radius:;\r\n    \t\t-ms-border-radius:;\r\n    \t\t-o-border-radius:;\r\n    \t\tborder-radius:;\r\n    \t\tbackground-color:;\r\n    \t\tborder-width:;\r\n    \t\tborder-style:none;\r\n    \t\tborder-color:;\r\n\t   }\r\n                      #cshero-fancybox69f289cccd12a_1777502668:hover {\r\n            background: #ff6633;\r\n        }\r\n                       #cshero-fancybox69f289cccd12a_1777502668 .content {\r\n            color: #ffffff;\r\n        }\r\n        \r\n              \t<\/style>\r\n    <div class=\"cshero-fancybox-title-image\">\r\n        <div class=\"cshero-fancybox-icon\">\r\n                        <a title=\"\" href=\"#\">\r\n                                                    <div class=\"cshero-fancybox-image left\">\r\n                        <img src=\"https:\/\/calbernadas.com\/wp-content\/uploads\/2014\/12\/CB_familia_RAMONA.jpg\" alt=\"LA RAMONA\"\/>\r\n                    <\/div>\r\n                                            <\/a>\r\n                <\/div>\r\n        \r\n        <div class=\"cshero-fancybox-content\" >\r\n            <div class=\"cshero-fancybox-padding\">\r\n                <h3 style=\"color: #ffffff;  text-transform: uppercase;\" class=\"cshero-fancybox-title\">\r\n                    <span class=\"cshero-title-main\">\r\n                        LA RAMONA                    <\/span>\r\n                <\/h3>\r\n                <div class=\"content\">\r\n                    Trabajadora por naturaleza, contable de profesi\u00f3n, perfeccionista, detallista, pulida y una gran mam\u00e1 de vocaci\u00f3n; gracias a ella nuestras casas tienen este toque que hace sentir como en casa. Est\u00e1 siempre pendiente de los clientes y siempre les cuida para que no les falte de nada.                <\/div>\r\n                            <\/div>\r\n        <\/div>\r\n       \r\n    <\/div>\r\n<\/div>\r\n[vc_empty_space height=\u00bb20px\u00bb]<div id=\"cshero-fancybox69f289cccd9f5_1777502668\" class=\"cshero-fancybox-wrap key-features clearfix fancybox-layout2  text-left   wpb_animate_when_almost_visible wpb_fade-in\" style=\"border-color: transparent;   \">\r\n\t<style type=\"text\/css\" scoped>\r\n        #cshero-fancybox69f289cccd9f5_1777502668.fancybox-layout2:hover .fancy-icon {\r\n            background-color: !important;\r\n            border-color: !important;\r\n            color:#000000 !important;\r\n        }\r\n\r\n        #cshero-fancybox69f289cccd9f5_1777502668.fancybox-layout2 .fancy-icon.icon-hover-style-1:after{\r\n    \t\t-webkit-border-radius:;\r\n    \t\t-moz-border-radius:;\r\n    \t\t-ms-border-radius:;\r\n    \t\t-o-border-radius:;\r\n    \t\tborder-radius:;\r\n    \t\tbackground-color:;\r\n    \t\tborder-width:;\r\n    \t\tborder-style:none;\r\n    \t\tborder-color:;\r\n\t   }\r\n                      #cshero-fancybox69f289cccd9f5_1777502668:hover {\r\n            background: #ff6633;\r\n        }\r\n                       #cshero-fancybox69f289cccd9f5_1777502668 .content {\r\n            color: #ffffff;\r\n        }\r\n        \r\n              \t<\/style>\r\n    <div class=\"cshero-fancybox-title-image\">\r\n        <div class=\"cshero-fancybox-icon\">\r\n                        <a title=\"\" href=\"#\">\r\n                                                    <div class=\"cshero-fancybox-image left\">\r\n                        <img src=\"https:\/\/calbernadas.com\/wp-content\/uploads\/2014\/12\/CB_familia_ANNA.jpg\" alt=\"L'ANNA\"\/>\r\n                    <\/div>\r\n                                            <\/a>\r\n                <\/div>\r\n        \r\n        <div class=\"cshero-fancybox-content\" >\r\n            <div class=\"cshero-fancybox-padding\">\r\n                <h3 style=\"color: #ffffff;  text-transform: uppercase;\" class=\"cshero-fancybox-title\">\r\n                    <span class=\"cshero-title-main\">\r\n                        L'ANNA                    <\/span>\r\n                <\/h3>\r\n                <div class=\"content\">\r\n                    La hija de Josep y Ramona. De ella depende que se nos conozca en este nuevo mundo que se llama internet, tan importante, extenso y en constante evoluci\u00f3n. Es la que no se despega del m\u00f3vil y la que est\u00e1 todo el d\u00eda delante del ordenador para dar forma a todos vuestros deseos. Da la bienvenida a todos los extranjeros, organiza eventos y \u00a1todo lo que haga falta!                <\/div>\r\n                            <\/div>\r\n        <\/div>\r\n       \r\n    <\/div>\r\n<\/div>\r\n[vc_empty_space height=\u00bb20px\u00bb]<div id=\"cshero-fancybox69f289ccce201_1777502668\" class=\"cshero-fancybox-wrap key-features clearfix fancybox-layout2  text-left   wpb_animate_when_almost_visible wpb_fade-in\" style=\"border-color: transparent;   \">\r\n\t<style type=\"text\/css\" scoped>\r\n        #cshero-fancybox69f289ccce201_1777502668.fancybox-layout2:hover .fancy-icon {\r\n            background-color: !important;\r\n            border-color: !important;\r\n            color:#000000 !important;\r\n        }\r\n\r\n        #cshero-fancybox69f289ccce201_1777502668.fancybox-layout2 .fancy-icon.icon-hover-style-1:after{\r\n    \t\t-webkit-border-radius:;\r\n    \t\t-moz-border-radius:;\r\n    \t\t-ms-border-radius:;\r\n    \t\t-o-border-radius:;\r\n    \t\tborder-radius:;\r\n    \t\tbackground-color:;\r\n    \t\tborder-width:;\r\n    \t\tborder-style:none;\r\n    \t\tborder-color:;\r\n\t   }\r\n                      #cshero-fancybox69f289ccce201_1777502668:hover {\r\n            background: #ff6633;\r\n        }\r\n                       #cshero-fancybox69f289ccce201_1777502668 .content {\r\n            color: #ffffff;\r\n        }\r\n        \r\n              \t<\/style>\r\n    <div class=\"cshero-fancybox-title-image\">\r\n        <div class=\"cshero-fancybox-icon\">\r\n                        <a title=\"\" href=\"#\">\r\n                                                    <div class=\"cshero-fancybox-image left\">\r\n                        <img src=\"https:\/\/calbernadas.com\/wp-content\/uploads\/2014\/12\/CB_familia_MERCE.jpg\" alt=\"LA MERC\u00c8\"\/>\r\n                    <\/div>\r\n                                            <\/a>\r\n                <\/div>\r\n        \r\n        <div class=\"cshero-fancybox-content\" >\r\n            <div class=\"cshero-fancybox-padding\">\r\n                <h3 style=\"color: #ffffff;  text-transform: uppercase;\" class=\"cshero-fancybox-title\">\r\n                    <span class=\"cshero-title-main\">\r\n                        LA MERC\u00c8                    <\/span>\r\n                <\/h3>\r\n                <div class=\"content\">\r\n                    Gracias a ella todas las casas est\u00e1n limpias como los chorros del oro. Ordenada, pulida y organizada, Merc\u00e8 est\u00e1 al frente de la limpieza de nuestras casas desde el principio.                <\/div>\r\n                            <\/div>\r\n        <\/div>\r\n       \r\n    <\/div>\r\n<\/div>\r\n[vc_empty_space height=\u00bb20px\u00bb]<div id=\"cshero-fancybox69f289ccce989_1777502668\" class=\"cshero-fancybox-wrap key-features clearfix fancybox-layout2  text-left   wpb_animate_when_almost_visible wpb_fade-in\" style=\"border-color: transparent;   \">\r\n\t<style type=\"text\/css\" scoped>\r\n        #cshero-fancybox69f289ccce989_1777502668.fancybox-layout2:hover .fancy-icon {\r\n            background-color: !important;\r\n            border-color: !important;\r\n            color:#000000 !important;\r\n        }\r\n\r\n        #cshero-fancybox69f289ccce989_1777502668.fancybox-layout2 .fancy-icon.icon-hover-style-1:after{\r\n    \t\t-webkit-border-radius:;\r\n    \t\t-moz-border-radius:;\r\n    \t\t-ms-border-radius:;\r\n    \t\t-o-border-radius:;\r\n    \t\tborder-radius:;\r\n    \t\tbackground-color:;\r\n    \t\tborder-width:;\r\n    \t\tborder-style:none;\r\n    \t\tborder-color:;\r\n\t   }\r\n                      #cshero-fancybox69f289ccce989_1777502668:hover {\r\n            background: #ff6633;\r\n        }\r\n                       #cshero-fancybox69f289ccce989_1777502668 .content {\r\n            color: #ffffff;\r\n        }\r\n        \r\n              \t<\/style>\r\n    <div class=\"cshero-fancybox-title-image\">\r\n        <div class=\"cshero-fancybox-icon\">\r\n                        <a title=\"\" href=\"#\">\r\n                                                    <div class=\"cshero-fancybox-image left\">\r\n                        <img src=\"https:\/\/calbernadas.com\/wp-content\/uploads\/2014\/12\/CB_FAMILIA_GLORIA.jpg\" alt=\"LA GL\u00d2RIA\"\/>\r\n                    <\/div>\r\n                                            <\/a>\r\n                <\/div>\r\n        \r\n        <div class=\"cshero-fancybox-content\" >\r\n            <div class=\"cshero-fancybox-padding\">\r\n                <h3 style=\"color: #ffffff;  text-transform: uppercase;\" class=\"cshero-fancybox-title\">\r\n                    <span class=\"cshero-title-main\">\r\n                        LA GL\u00d2RIA                    <\/span>\r\n                <\/h3>\r\n                <div class=\"content\">\r\n                    Que tambi\u00e9n trabaja detr\u00e1s de la pantalla del ordenador y al otro lado del tel\u00e9fono. Nos ayuda en la gesti\u00f3n de las reservas y en las tareas contables.                <\/div>\r\n                            <\/div>\r\n        <\/div>\r\n       \r\n    <\/div>\r\n<\/div>\r\n[\/vc_column_inner][vc_column_inner width=\u00bb1\/2&#8243;]<div id=\"cshero-fancybox69f289cccf11e_1777502668\" class=\"cshero-fancybox-wrap key-features clearfix fancybox-layout2  text-left   wpb_animate_when_almost_visible wpb_fade-in\" style=\"border-color: transparent;   \">\r\n\t<style type=\"text\/css\" scoped>\r\n        #cshero-fancybox69f289cccf11e_1777502668.fancybox-layout2:hover .fancy-icon {\r\n            background-color: !important;\r\n            border-color: !important;\r\n            color:#000000 !important;\r\n        }\r\n\r\n        #cshero-fancybox69f289cccf11e_1777502668.fancybox-layout2 .fancy-icon.icon-hover-style-1:after{\r\n    \t\t-webkit-border-radius:;\r\n    \t\t-moz-border-radius:;\r\n    \t\t-ms-border-radius:;\r\n    \t\t-o-border-radius:;\r\n    \t\tborder-radius:;\r\n    \t\tbackground-color:;\r\n    \t\tborder-width:;\r\n    \t\tborder-style:none;\r\n    \t\tborder-color:;\r\n\t   }\r\n                      #cshero-fancybox69f289cccf11e_1777502668:hover {\r\n            background: #ff6633;\r\n        }\r\n                       #cshero-fancybox69f289cccf11e_1777502668 .content {\r\n            color: #ffffff;\r\n        }\r\n        \r\n              \t<\/style>\r\n    <div class=\"cshero-fancybox-title-image\">\r\n        <div class=\"cshero-fancybox-icon\">\r\n                        <a title=\"\" href=\"#\">\r\n                                                    <div class=\"cshero-fancybox-image left\">\r\n                        <img src=\"https:\/\/calbernadas.com\/wp-content\/uploads\/2014\/12\/CB_familia_JOSEP.jpg\" alt=\"EL JOSEP\"\/>\r\n                    <\/div>\r\n                                            <\/a>\r\n                <\/div>\r\n        \r\n        <div class=\"cshero-fancybox-content\" >\r\n            <div class=\"cshero-fancybox-padding\">\r\n                <h3 style=\"color: #ffffff;  text-transform: uppercase;\" class=\"cshero-fancybox-title\">\r\n                    <span class=\"cshero-title-main\">\r\n                        EL JOSEP                    <\/span>\r\n                <\/h3>\r\n                <div class=\"content\">\r\n                    Que es un apasionado de su trabajo, tiene una cabeza que no deja de cavilar nunca y siempre piensa en qu\u00e9 m\u00e1s se puede hacer para mejorar. Siguiendo con el trabajo de sus antepasados, \u00e9l tiene la culpa de que actualmente Cal Bernad\u00e0s sea como es. \u00c9l decidi\u00f3 dedicarse a la ganader\u00eda y la agricultura, y unos a\u00f1os m\u00e1s tarde, lo hizo junto con Ramona, que tuvo el empuje de convertir todos nuestros cortijos en turismo rural.                <\/div>\r\n                            <\/div>\r\n        <\/div>\r\n       \r\n    <\/div>\r\n<\/div>\r\n[vc_empty_space height=\u00bb20px\u00bb][vc_column_text]<img decoding=\"async\" loading=\"lazy\" class=\"aligncenter size-full wp-image-12445\" src=\"https:\/\/calbernadas.com\/wp-content\/uploads\/2016\/10\/CB_FAMILIA_frase.jpg\" alt=\"cb_familia_frase\" width=\"580\" height=\"360\" srcset=\"https:\/\/calbernadas.com\/wp-content\/uploads\/2016\/10\/CB_FAMILIA_frase.jpg 580w, https:\/\/calbernadas.com\/wp-content\/uploads\/2016\/10\/CB_FAMILIA_frase-300x186.jpg 300w\" sizes=\"(max-width: 580px) 100vw, 580px\" \/>[\/vc_column_text][vc_empty_space height=\u00bb20px\u00bb]<div id=\"cshero-fancybox69f289cccf8c3_1777502668\" class=\"cshero-fancybox-wrap key-features clearfix fancybox-layout2  text-left   wpb_animate_when_almost_visible wpb_fade-in\" style=\"border-color: transparent;   \">\r\n\t<style type=\"text\/css\" scoped>\r\n        #cshero-fancybox69f289cccf8c3_1777502668.fancybox-layout2:hover .fancy-icon {\r\n            background-color: !important;\r\n            border-color: !important;\r\n            color:#000000 !important;\r\n        }\r\n\r\n        #cshero-fancybox69f289cccf8c3_1777502668.fancybox-layout2 .fancy-icon.icon-hover-style-1:after{\r\n    \t\t-webkit-border-radius:;\r\n    \t\t-moz-border-radius:;\r\n    \t\t-ms-border-radius:;\r\n    \t\t-o-border-radius:;\r\n    \t\tborder-radius:;\r\n    \t\tbackground-color:;\r\n    \t\tborder-width:;\r\n    \t\tborder-style:none;\r\n    \t\tborder-color:;\r\n\t   }\r\n                      #cshero-fancybox69f289cccf8c3_1777502668:hover {\r\n            background: #ff6633;\r\n        }\r\n                       #cshero-fancybox69f289cccf8c3_1777502668 .content {\r\n            color: #ffffff;\r\n        }\r\n        \r\n              \t<\/style>\r\n    <div class=\"cshero-fancybox-title-image\">\r\n        <div class=\"cshero-fancybox-icon\">\r\n                        <a title=\"\" href=\"#\">\r\n                                                    <div class=\"cshero-fancybox-image left\">\r\n                        <img src=\"https:\/\/calbernadas.com\/wp-content\/uploads\/2014\/12\/CB_familia_JOSEP_ROBLES.jpg\" alt=\"EL JOSEP ROBLES\"\/>\r\n                    <\/div>\r\n                                            <\/a>\r\n                <\/div>\r\n        \r\n        <div class=\"cshero-fancybox-content\" >\r\n            <div class=\"cshero-fancybox-padding\">\r\n                <h3 style=\"color: #ffffff;  text-transform: uppercase;\" class=\"cshero-fancybox-title\">\r\n                    <span class=\"cshero-title-main\">\r\n                        EL JOSEP ROBLES                    <\/span>\r\n                <\/h3>\r\n                <div class=\"content\">\r\n                    Un gran profesional del mundo de las cerdas. Le gusta tanto su trabajo que no le da pereza consultar foros especializados si as\u00ed lo considera oportuno. Es perfeccionista, muy implicado y su ambici\u00f3n es hacerlo bien. Las cerdas est\u00e1n tan bien cuidadas que cada d\u00eda tienen m\u00e1s cochinillos, y estos est\u00e1n tan contentos que se ponen tristes cuando tienen que irse de la granja\u2026 \ud83d\ude09                <\/div>\r\n                            <\/div>\r\n        <\/div>\r\n       \r\n    <\/div>\r\n<\/div>\r\n[vc_empty_space height=\u00bb20px\u00bb]<div id=\"cshero-fancybox69f289ccd0035_1777502668\" class=\"cshero-fancybox-wrap key-features clearfix fancybox-layout2  text-left   wpb_animate_when_almost_visible wpb_fade-in\" style=\"border-color: transparent;   \">\r\n\t<style type=\"text\/css\" scoped>\r\n        #cshero-fancybox69f289ccd0035_1777502668.fancybox-layout2:hover .fancy-icon {\r\n            background-color: !important;\r\n            border-color: !important;\r\n            color:#000000 !important;\r\n        }\r\n\r\n        #cshero-fancybox69f289ccd0035_1777502668.fancybox-layout2 .fancy-icon.icon-hover-style-1:after{\r\n    \t\t-webkit-border-radius:;\r\n    \t\t-moz-border-radius:;\r\n    \t\t-ms-border-radius:;\r\n    \t\t-o-border-radius:;\r\n    \t\tborder-radius:;\r\n    \t\tbackground-color:;\r\n    \t\tborder-width:;\r\n    \t\tborder-style:none;\r\n    \t\tborder-color:;\r\n\t   }\r\n                      #cshero-fancybox69f289ccd0035_1777502668:hover {\r\n            background: #ff6633;\r\n        }\r\n                       #cshero-fancybox69f289ccd0035_1777502668 .content {\r\n            color: #ffffff;\r\n        }\r\n        \r\n              \t<\/style>\r\n    <div class=\"cshero-fancybox-title-image\">\r\n        <div class=\"cshero-fancybox-icon\">\r\n                        <a title=\"\" href=\"#\">\r\n                                                    <div class=\"cshero-fancybox-image left\">\r\n                        <img src=\"https:\/\/calbernadas.com\/wp-content\/uploads\/2014\/12\/CB_familia_JOSEP_LLORENS.jpg\" alt=\"EL JOSEP LLORENS\"\/>\r\n                    <\/div>\r\n                                            <\/a>\r\n                <\/div>\r\n        \r\n        <div class=\"cshero-fancybox-content\" >\r\n            <div class=\"cshero-fancybox-padding\">\r\n                <h3 style=\"color: #ffffff;  text-transform: uppercase;\" class=\"cshero-fancybox-title\">\r\n                    <span class=\"cshero-title-main\">\r\n                        EL JOSEP LLORENS                    <\/span>\r\n                <\/h3>\r\n                <div class=\"content\">\r\n                    Pay\u00e9s y un 4&#215;4. Cuando no tiene trabajo en el campo hace de todo y m\u00e1s. A lo largo del d\u00eda y de todo el a\u00f1o, sus trabajos son inmensamente variados. Adem\u00e1s de ocuparse de todos los campos, es decir, de labrar, sembrar, segar, embalar\u2026 tambi\u00e9n hace de jardinero, mantiene las piscinas bien limpias, se ocupa de la limpieza del bosque durante el invierno\u2026 e incluso ayuda a Josep en la granja y a Marc con los terneros, cuando lo necesitan                <\/div>\r\n                            <\/div>\r\n        <\/div>\r\n       \r\n    <\/div>\r\n<\/div>\r\n[vc_empty_space height=\u00bb20px\u00bb]<div id=\"cshero-fancybox69f289ccd0847_1777502668\" class=\"cshero-fancybox-wrap key-features clearfix fancybox-layout2  text-left   wpb_animate_when_almost_visible wpb_fade-in\" style=\"border-color: transparent;   \">\r\n\t<style type=\"text\/css\" scoped>\r\n        #cshero-fancybox69f289ccd0847_1777502668.fancybox-layout2:hover .fancy-icon {\r\n            background-color: !important;\r\n            border-color: !important;\r\n            color:#000000 !important;\r\n        }\r\n\r\n        #cshero-fancybox69f289ccd0847_1777502668.fancybox-layout2 .fancy-icon.icon-hover-style-1:after{\r\n    \t\t-webkit-border-radius:;\r\n    \t\t-moz-border-radius:;\r\n    \t\t-ms-border-radius:;\r\n    \t\t-o-border-radius:;\r\n    \t\tborder-radius:;\r\n    \t\tbackground-color:;\r\n    \t\tborder-width:;\r\n    \t\tborder-style:none;\r\n    \t\tborder-color:;\r\n\t   }\r\n                      #cshero-fancybox69f289ccd0847_1777502668:hover {\r\n            background: #ff6633;\r\n        }\r\n                       #cshero-fancybox69f289ccd0847_1777502668 .content {\r\n            color: #ffffff;\r\n        }\r\n        \r\n              \t<\/style>\r\n    <div class=\"cshero-fancybox-title-image\">\r\n        <div class=\"cshero-fancybox-icon\">\r\n                        <a title=\"\" href=\"#\">\r\n                                                    <div class=\"cshero-fancybox-image left\">\r\n                        <img src=\"https:\/\/calbernadas.com\/wp-content\/uploads\/2014\/12\/CB_familia_MARC.jpg\" alt=\"EL MARC\"\/>\r\n                    <\/div>\r\n                                            <\/a>\r\n                <\/div>\r\n        \r\n        <div class=\"cshero-fancybox-content\" >\r\n            <div class=\"cshero-fancybox-padding\">\r\n                <h3 style=\"color: #ffffff;  text-transform: uppercase;\" class=\"cshero-fancybox-title\">\r\n                    <span class=\"cshero-title-main\">\r\n                        EL MARC                    <\/span>\r\n                <\/h3>\r\n                <div class=\"content\">\r\n                    Joven, valiente, alegre y con ganas de aprender. Ha cogido el relieve a Llu\u00eds de Vilanova, que se ha jubilado a los 70 a\u00f1os tras estar con nosotros durante muchos a\u00f1os. Marc es quien se ocupa de todos los terneros de la granja, de todo el reba\u00f1o de vacas, y de los cerdos de engorde. \u00a1Y quien os ense\u00f1ar\u00e1 content\u00edsimo c\u00f3mo se beben la leche los terneros m\u00e1s peque\u00f1os de la casa! \ud83d\ude09                <\/div>\r\n                            <\/div>\r\n        <\/div>\r\n       \r\n    <\/div>\r\n<\/div>\r\n[\/vc_column_inner][\/vc_row_inner][\/vc_column][\/vc_row]<\/p>\n","protected":false},"excerpt":{"rendered":"<p>[vc_row full_width=\u00bbstretch_row\u00bb css=\u00bb.vc_custom_1477639571326{padding-top: 80px !important;padding-bottom: 80px !important;background-image: url(https:\/\/calbernadas.com\/wp-content\/uploads\/2016\/10\/CB_fons-familia.jpg?id=12437) !important;}\u00bb parallax_speed=\u00bb0.8&#8243; bg_video_transparent=\u00bb0&#8243; type=\u00bbww-custom\u00bb enable_parallax=\u00bbfalse\u00bb font_color=\u00bb#ffffff\u00bb][vc_column][cs_custom_heading text=\u00bbUNA GRAN FAMILIA\u00bb font_container=\u00bbtag:h1|font_size:40px|text_align:center|color:%23ffffff\u00bb font_format=\u00bb700&#8243; style=\u00bbstyle-none\u00bb [&hellip;]<\/p>\n","protected":false},"author":1,"featured_media":0,"parent":0,"menu_order":0,"comment_status":"closed","ping_status":"closed","template":"","meta":{"footnotes":""},"yoast_head":"<!-- This site is optimized with the Yoast SEO plugin v21.5 - https:\/\/yoast.com\/wordpress\/plugins\/seo\/ -->\n<title>Familia Niub\u00f2 - Cal Bernad\u00e0s<\/title>\n<meta name=\"robots\" content=\"index, follow, max-snippet:-1, max-image-preview:large, max-video-preview:-1\" \/>\n<link rel=\"canonical\" href=\"https:\/\/calbernadas.com\/es\/familia-niubo\/\" \/>\n<meta property=\"og:locale\" content=\"es_ES\" \/>\n<meta property=\"og:type\" content=\"article\" \/>\n<meta property=\"og:title\" content=\"Familia Niub\u00f2 - Cal Bernad\u00e0s\" \/>\n<meta property=\"og:description\" content=\"[vc_row full_width=\u00bbstretch_row\u00bb css=\u00bb.vc_custom_1477639571326{padding-top: 80px !important;padding-bottom: 80px !important;background-image: url(https:\/\/calbernadas.com\/wp-content\/uploads\/2016\/10\/CB_fons-familia.jpg?id=12437) !important;}\u00bb parallax_speed=\u00bb0.8&#8243; bg_video_transparent=\u00bb0&#8243; type=\u00bbww-custom\u00bb enable_parallax=\u00bbfalse\u00bb font_color=\u00bb#ffffff\u00bb][vc_column][cs_custom_heading text=\u00bbUNA GRAN FAMILIA\u00bb font_container=\u00bbtag:h1|font_size:40px|text_align:center|color:%23ffffff\u00bb font_format=\u00bb700&#8243; style=\u00bbstyle-none\u00bb [&hellip;]\" \/>\n<meta property=\"og:url\" content=\"https:\/\/calbernadas.com\/es\/familia-niubo\/\" \/>\n<meta property=\"og:site_name\" content=\"Cal Bernad\u00e0s\" \/>\n<meta property=\"article:publisher\" content=\"https:\/\/www.facebook.com\/calbernadas\" \/>\n<meta property=\"article:modified_time\" content=\"2021-03-08T17:29:13+00:00\" \/>\n<meta property=\"og:image\" content=\"https:\/\/calbernadas.com\/wp-content\/uploads\/2016\/10\/CB_FAMILIA_frase.jpg\" \/>\n<meta name=\"twitter:card\" content=\"summary_large_image\" \/>\n<meta name=\"twitter:site\" content=\"@calbernadas\" \/>\n<meta name=\"twitter:label1\" content=\"Tiempo de lectura\" \/>\n\t<meta name=\"twitter:data1\" content=\"6 minutos\" \/>\n<script type=\"application\/ld+json\" class=\"yoast-schema-graph\">{\"@context\":\"https:\/\/schema.org\",\"@graph\":[{\"@type\":\"WebPage\",\"@id\":\"https:\/\/calbernadas.com\/es\/familia-niubo\/\",\"url\":\"https:\/\/calbernadas.com\/es\/familia-niubo\/\",\"name\":\"Familia Niub\u00f2 - Cal Bernad\u00e0s\",\"isPartOf\":{\"@id\":\"https:\/\/calbernadas.com\/ca\/#website\"},\"datePublished\":\"2016-10-24T10:39:09+00:00\",\"dateModified\":\"2021-03-08T17:29:13+00:00\",\"breadcrumb\":{\"@id\":\"https:\/\/calbernadas.com\/es\/familia-niubo\/#breadcrumb\"},\"inLanguage\":\"es\",\"potentialAction\":[{\"@type\":\"ReadAction\",\"target\":[\"https:\/\/calbernadas.com\/es\/familia-niubo\/\"]}]},{\"@type\":\"BreadcrumbList\",\"@id\":\"https:\/\/calbernadas.com\/es\/familia-niubo\/#breadcrumb\",\"itemListElement\":[{\"@type\":\"ListItem\",\"position\":1,\"name\":\"Portada\",\"item\":\"https:\/\/calbernadas.com\/es\/\"},{\"@type\":\"ListItem\",\"position\":2,\"name\":\"Familia Niub\u00f2\"}]},{\"@type\":\"WebSite\",\"@id\":\"https:\/\/calbernadas.com\/ca\/#website\",\"url\":\"https:\/\/calbernadas.com\/ca\/\",\"name\":\"Cal Bernad\u00e0s\",\"description\":\"Turisme rural\",\"publisher\":{\"@id\":\"https:\/\/calbernadas.com\/ca\/#organization\"},\"potentialAction\":[{\"@type\":\"SearchAction\",\"target\":{\"@type\":\"EntryPoint\",\"urlTemplate\":\"https:\/\/calbernadas.com\/ca\/?s={search_term_string}\"},\"query-input\":\"required name=search_term_string\"}],\"inLanguage\":\"es\"},{\"@type\":\"Organization\",\"@id\":\"https:\/\/calbernadas.com\/ca\/#organization\",\"name\":\"Cal Bernad\u00e0s\",\"url\":\"https:\/\/calbernadas.com\/ca\/\",\"logo\":{\"@type\":\"ImageObject\",\"inLanguage\":\"es\",\"@id\":\"https:\/\/calbernadas.com\/ca\/#\/schema\/logo\/image\/\",\"url\":\"https:\/\/calbernadas.com\/wp-content\/uploads\/2017\/03\/logo_calbernadas2.png\",\"contentUrl\":\"https:\/\/calbernadas.com\/wp-content\/uploads\/2017\/03\/logo_calbernadas2.png\",\"width\":169,\"height\":156,\"caption\":\"Cal Bernad\u00e0s\"},\"image\":{\"@id\":\"https:\/\/calbernadas.com\/ca\/#\/schema\/logo\/image\/\"},\"sameAs\":[\"https:\/\/www.facebook.com\/calbernadas\",\"https:\/\/twitter.com\/calbernadas\",\"https:\/\/instagram.com\/calbernadas\/\",\"http:\/\/www.youtube.es\/calbernadas\"]}]}<\/script>\n<!-- \/ Yoast SEO plugin. -->","yoast_head_json":{"title":"Familia Niub\u00f2 - Cal Bernad\u00e0s","robots":{"index":"index","follow":"follow","max-snippet":"max-snippet:-1","max-image-preview":"max-image-preview:large","max-video-preview":"max-video-preview:-1"},"canonical":"https:\/\/calbernadas.com\/es\/familia-niubo\/","og_locale":"es_ES","og_type":"article","og_title":"Familia Niub\u00f2 - Cal Bernad\u00e0s","og_description":"[vc_row full_width=\u00bbstretch_row\u00bb css=\u00bb.vc_custom_1477639571326{padding-top: 80px !important;padding-bottom: 80px !important;background-image: url(https:\/\/calbernadas.com\/wp-content\/uploads\/2016\/10\/CB_fons-familia.jpg?id=12437) !important;}\u00bb parallax_speed=\u00bb0.8&#8243; bg_video_transparent=\u00bb0&#8243; type=\u00bbww-custom\u00bb enable_parallax=\u00bbfalse\u00bb font_color=\u00bb#ffffff\u00bb][vc_column][cs_custom_heading text=\u00bbUNA GRAN FAMILIA\u00bb font_container=\u00bbtag:h1|font_size:40px|text_align:center|color:%23ffffff\u00bb font_format=\u00bb700&#8243; style=\u00bbstyle-none\u00bb [&hellip;]","og_url":"https:\/\/calbernadas.com\/es\/familia-niubo\/","og_site_name":"Cal Bernad\u00e0s","article_publisher":"https:\/\/www.facebook.com\/calbernadas","article_modified_time":"2021-03-08T17:29:13+00:00","og_image":[{"url":"https:\/\/calbernadas.com\/wp-content\/uploads\/2016\/10\/CB_FAMILIA_frase.jpg"}],"twitter_card":"summary_large_image","twitter_site":"@calbernadas","twitter_misc":{"Tiempo de lectura":"6 minutos"},"schema":{"@context":"https:\/\/schema.org","@graph":[{"@type":"WebPage","@id":"https:\/\/calbernadas.com\/es\/familia-niubo\/","url":"https:\/\/calbernadas.com\/es\/familia-niubo\/","name":"Familia Niub\u00f2 - Cal Bernad\u00e0s","isPartOf":{"@id":"https:\/\/calbernadas.com\/ca\/#website"},"datePublished":"2016-10-24T10:39:09+00:00","dateModified":"2021-03-08T17:29:13+00:00","breadcrumb":{"@id":"https:\/\/calbernadas.com\/es\/familia-niubo\/#breadcrumb"},"inLanguage":"es","potentialAction":[{"@type":"ReadAction","target":["https:\/\/calbernadas.com\/es\/familia-niubo\/"]}]},{"@type":"BreadcrumbList","@id":"https:\/\/calbernadas.com\/es\/familia-niubo\/#breadcrumb","itemListElement":[{"@type":"ListItem","position":1,"name":"Portada","item":"https:\/\/calbernadas.com\/es\/"},{"@type":"ListItem","position":2,"name":"Familia Niub\u00f2"}]},{"@type":"WebSite","@id":"https:\/\/calbernadas.com\/ca\/#website","url":"https:\/\/calbernadas.com\/ca\/","name":"Cal Bernad\u00e0s","description":"Turisme rural","publisher":{"@id":"https:\/\/calbernadas.com\/ca\/#organization"},"potentialAction":[{"@type":"SearchAction","target":{"@type":"EntryPoint","urlTemplate":"https:\/\/calbernadas.com\/ca\/?s={search_term_string}"},"query-input":"required name=search_term_string"}],"inLanguage":"es"},{"@type":"Organization","@id":"https:\/\/calbernadas.com\/ca\/#organization","name":"Cal Bernad\u00e0s","url":"https:\/\/calbernadas.com\/ca\/","logo":{"@type":"ImageObject","inLanguage":"es","@id":"https:\/\/calbernadas.com\/ca\/#\/schema\/logo\/image\/","url":"https:\/\/calbernadas.com\/wp-content\/uploads\/2017\/03\/logo_calbernadas2.png","contentUrl":"https:\/\/calbernadas.com\/wp-content\/uploads\/2017\/03\/logo_calbernadas2.png","width":169,"height":156,"caption":"Cal Bernad\u00e0s"},"image":{"@id":"https:\/\/calbernadas.com\/ca\/#\/schema\/logo\/image\/"},"sameAs":["https:\/\/www.facebook.com\/calbernadas","https:\/\/twitter.com\/calbernadas","https:\/\/instagram.com\/calbernadas\/","http:\/\/www.youtube.es\/calbernadas"]}]}},"_links":{"self":[{"href":"https:\/\/calbernadas.com\/es\/wp-json\/wp\/v2\/pages\/14242"}],"collection":[{"href":"https:\/\/calbernadas.com\/es\/wp-json\/wp\/v2\/pages"}],"about":[{"href":"https:\/\/calbernadas.com\/es\/wp-json\/wp\/v2\/types\/page"}],"author":[{"embeddable":true,"href":"https:\/\/calbernadas.com\/es\/wp-json\/wp\/v2\/users\/1"}],"replies":[{"embeddable":true,"href":"https:\/\/calbernadas.com\/es\/wp-json\/wp\/v2\/comments?post=14242"}],"version-history":[{"count":2,"href":"https:\/\/calbernadas.com\/es\/wp-json\/wp\/v2\/pages\/14242\/revisions"}],"predecessor-version":[{"id":22656,"href":"https:\/\/calbernadas.com\/es\/wp-json\/wp\/v2\/pages\/14242\/revisions\/22656"}],"wp:attachment":[{"href":"https:\/\/calbernadas.com\/es\/wp-json\/wp\/v2\/media?parent=14242"}],"curies":[{"name":"wp","href":"https:\/\/api.w.org\/{rel}","templated":true}]}}