{"id":14134,"date":"2016-11-01T09:58:12","date_gmt":"2016-11-01T09:58:12","guid":{"rendered":"https:\/\/calbernadas.com\/es\/condicions-de-reserva\/"},"modified":"2023-12-13T12:43:37","modified_gmt":"2023-12-13T11:43:37","slug":"condicions-de-reserva","status":"publish","type":"page","link":"https:\/\/calbernadas.com\/es\/condicions-de-reserva\/","title":{"rendered":"condiciones-de-reserva"},"content":{"rendered":"<p>[vc_row full_width=\u00bbstretch_row\u00bb css=\u00bb.vc_custom_1478145466144{padding-top: 80px !important;padding-bottom: 80px !important;background-image: url(https:\/\/calbernadas.com\/wp-content\/uploads\/2016\/10\/CB_TR_HOME_capcalera-1.jpg?id=12481) !important;}\u00bb][vc_column width=\u00bb1\/6&#8243;][\/vc_column][vc_column width=\u00bb2\/3&#8243;][cs_custom_heading text=\u00bbCONDICIONES DE RESERVA\u00bb font_container=\u00bbtag:h1|font_size:40px|text_align:center|color:%23ffffff\u00bb font_format=\u00bb700&#8243; style=\u00bbstyle-none\u00bb el_class=\u00bbcm-tailor-title-site\u00bb][vc_column_text]<\/p>\n<h5 style=\"text-align: center;\"><span style=\"color: #fff;\">Perqu\u00e9 queremos que quede todo claro y que no haya sorpresas.<br \/>\n<\/span><\/h5>\n<p>[\/vc_column_text][\/vc_column][vc_column width=\u00bb1\/6&#8243;][\/vc_column][\/vc_row][vc_row css=\u00bb.vc_custom_1478145540615{padding-top: 80px !important;padding-bottom: 80px !important;}\u00bb][vc_column width=\u00bb1\/4&#8243;][\/vc_column][vc_column width=\u00bb1\/2&#8243;][vc_column_text]<\/p>\n<h5 style=\"text-align: center;\"><span style=\"color: #99cc66;\"><br \/>\nEn el momento que est\u00e9is interesados en formalizar la reserva, tendr\u00e9is que poneros en contacto con nosotros al tel\u00e9fono +34 938 234 082 o bien por correo electr\u00f3nico a info@calbernadas.com.<br \/>\n<\/span><\/h5>\n<h5 style=\"text-align: center;\"><span style=\"color: #99cc66;\">Seguidamente os confirmaremos si la casa rural en cuesti\u00f3n est\u00e1 disponible o no. Si lo est\u00e1, luego ser\u00e1 necesario el siguiente paso para formalizar la reserva.<\/span><\/h5>\n<p>[\/vc_column_text][\/vc_column][vc_column width=\u00bb1\/4&#8243;][\/vc_column][\/vc_row][vc_row full_width=\u00bbstretch_row\u00bb gap=\u00bb15&#8243; css=\u00bb.vc_custom_1478145723661{padding-top: 80px !important;padding-bottom: 15px !important;background-color: #ecf5df !important;}\u00bb][vc_column width=\u00bb1\/2&#8243;][vc_row_inner css=\u00bb.vc_custom_1477994399761{margin: 0px !important;padding: 0px !important;background-color: #ffffff !important;border: 1px solid #dddddd !important;}\u00bb][vc_column_inner css=\u00bb.vc_custom_1477994409192{margin: 0px !important;border-width: 0px !important;padding: 0px !important;}\u00bb][cs_custom_heading text=\u00bbPARA RESERVAS DE HASTA A 2 NOCHES, PUENTES Y FESTIVOS\u00bb font_container=\u00bbtag:h2|font_size:20px|text_align:center|color:%23ffffff|line_height:20px\u00bb font_format=\u00bb300&#8243; style=\u00bbstyle-none\u00bb el_class=\u00bbcm-tailor-title-site\u00bb css=\u00bb.vc_custom_1603883236596{margin-top: 0px !important;margin-right: 0px !important;margin-bottom: 0px !important;margin-left: 0px !important;border-top-width: 0px !important;border-right-width: 0px !important;border-bottom-width: 0px !important;border-left-width: 0px !important;padding-top: 10px !important;padding-right: 10px !important;padding-bottom: 10px !important;padding-left: 10px !important;background-color: #bfdf9f !important;}\u00bb][vc_column_text css=\u00bb.vc_custom_1603883408353{padding-top: 30px !important;padding-right: 22% !important;padding-bottom: 30px !important;padding-left: 22% !important;}\u00bb]VUESTROS DATOS DE CONTACTO: NOMBRE Y APELLIDO, DIRECCI\u00d3N, DNI Y TEL\u00c9FONO<\/p>\n<hr \/>\n<p>EL DETALLE DEL NUMERO DE ADULTOS (MAYORES DE 15 A\u00d1OS), LOS NI\u00d1OS (2-15 A\u00d1OS) Y LOS BEBES (MENORES DE 2 A\u00d1OS)<\/p>\n<hr \/>\n<p>UNA PAGA Y SE\u00d1AL DE UN 25 % DEL IMPORTE TOTAL, VIA TRANSFERENCIA BANCARIA, DURANTE LAS 48 HORAS SIGUIENTES[\/vc_column_text][vc_column_text css=\u00bb.vc_custom_1603883447206{margin-bottom: 0px !important;padding-top: 30px !important;padding-right: 10px !important;padding-bottom: 30px !important;padding-left: 10px !important;background-color: #cce6b3 !important;}\u00bb]<\/p>\n<h1 style=\"text-align: center;\"><span style=\"color: #ffffff;\">16:00\/18:00<\/span><\/h1>\n<h3 style=\"text-align: center;\"><span style=\"color: #ffffff;\">HORA DE ENTRADA\/HORA DE SALIDA<\/span><\/h3>\n<p>[\/vc_column_text][\/vc_column_inner][\/vc_row_inner][\/vc_column][vc_column width=\u00bb1\/2&#8243;][vc_row_inner css=\u00bb.vc_custom_1477994399761{margin: 0px !important;padding: 0px !important;background-color: #ffffff !important;border: 1px solid #dddddd !important;}\u00bb][vc_column_inner css=\u00bb.vc_custom_1477994409192{margin: 0px !important;border-width: 0px !important;padding: 0px !important;}\u00bb][cs_custom_heading text=\u00bbPARA RESERVAS DE M\u00c1S DE DOS NOCHES\u00bb font_container=\u00bbtag:h2|font_size:20px|text_align:center|color:%23ffffff|line_height:20px\u00bb font_format=\u00bb300&#8243; style=\u00bbstyle-none\u00bb el_class=\u00bbcm-tailor-title-site\u00bb css=\u00bb.vc_custom_1603883481301{margin-top: 0px !important;margin-right: 0px !important;margin-bottom: 0px !important;margin-left: 0px !important;border-top-width: 0px !important;border-right-width: 0px !important;border-bottom-width: 0px !important;border-left-width: 0px !important;padding-top: 10px !important;padding-right: 10px !important;padding-bottom: 10px !important;padding-left: 10px !important;background-color: #bfdf9f !important;}\u00bb][vc_column_text css=\u00bb.vc_custom_1603883658191{padding-top: 30px !important;padding-right: 22% !important;padding-bottom: 30px !important;padding-left: 22% !important;}\u00bb]VUESTROS DATOS DE CONTACTO: NOMBRE Y APELLIDO, DIRECCI\u00d3N, DNI Y TEL\u00c9FON<\/p>\n<hr \/>\n<p>EL DETALLE DEL NUMERO DE ADULTOS (MAYORS DE 15 A\u00d1OS), LOS NI\u00d1OS (2-15 A\u00d1OS) Y LOS BEBES (MENORES DE 2 A\u00d1OS)<\/p>\n<hr \/>\n<p>UNA PAGA Y SE\u00d1AL DE UN 35 % DEL IMPORTE TOTAL EN EL MOMENTO DE FORMALIZAR LA RESERVA, VIA TRANSFERENCIA BANCARIA, DURANTE LOS 5 D\u00cdAS SIGUIENTES[\/vc_column_text][vc_column_text css=\u00bb.vc_custom_1603883718749{margin-bottom: 0px !important;padding-top: 30px !important;padding-right: 10px !important;padding-bottom: 30px !important;padding-left: 10px !important;background-color: #cce6b3 !important;}\u00bb]<\/p>\n<h1 style=\"text-align: center;\"><span style=\"color: #ffffff;\">16:00\/10:00<\/span><\/h1>\n<h3 style=\"text-align: center;\"><span style=\"color: #ffffff;\">HORA DE ENTRADA\/HORA DE SALIDA<\/span><\/h3>\n<p>[\/vc_column_text][\/vc_column_inner][\/vc_row_inner][\/vc_column][\/vc_row][vc_row full_width=\u00bbstretch_row\u00bb gap=\u00bb15&#8243; css=\u00bb.vc_custom_1477994351389{padding-top: 15px !important;padding-bottom: 80px !important;background-color: #ecf5df !important;}\u00bb][vc_column width=\u00bb2\/3&#8243;][vc_row_inner css=\u00bb.vc_custom_1477994399761{margin: 0px !important;padding: 0px !important;background-color: #ffffff !important;border: 1px solid #dddddd !important;}\u00bb][vc_column_inner css=\u00bb.vc_custom_1477994409192{margin: 0px !important;border-width: 0px !important;padding: 0px !important;}\u00bb][cs_custom_heading text=\u00bbOBSERVACIONS\u00bb font_container=\u00bbtag:h2|font_size:20px|text_align:center|color:%23ffffff|line_height:20px\u00bb font_format=\u00bb300&#8243; style=\u00bbstyle-none\u00bb el_class=\u00bbcm-tailor-title-site\u00bb css=\u00bb.vc_custom_1478146072581{margin-top: 0px !important;margin-right: 0px !important;margin-bottom: 0px !important;margin-left: 0px !important;border-top-width: 0px !important;border-right-width: 0px !important;border-bottom-width: 0px !important;border-left-width: 0px !important;padding-top: 10px !important;padding-right: 10px !important;padding-bottom: 10px !important;padding-left: 10px !important;background-color: #bfdf9f !important;}\u00bb][vc_column_text css=\u00bb.vc_custom_1603897859535{padding-top: 30px !important;padding-right: 22% !important;padding-bottom: 30px !important;padding-left: 22% !important;}\u00bb]LA RESERVA QUEDAR\u00c1 TOTALMENTE CONFIRMADA EN EL MOMENTO DE RECIBIR EL IMPORTE ESPECIFICADO A NUESTRA CUENTA BANCARIA.<\/p>\n<hr \/>\n<p>LA TASA TUR\u00cdSTICA NO EST\u00c1 NUNCA INCLUIDA EN LAS TARIFAS DADAS.<\/p>\n<hr \/>\n<p>EL RESTO DEL PAGO SE PAGAR\u00c1 A LA LLEGADA A LA CASA RURAL EN EFECTIVO, JUNTO CON LA TASA TUR\u00cdSTICA.<\/p>\n<hr \/>\n<p>NO SE ACCEPTAN TARGETAS DE CR\u00c9DITO.<\/p>\n<hr \/>\n<p>TODAS LAS PERSONAS A PARTIR DE 2 A\u00d1OS PAGAN PARA HACER USO DE LAS INSTALACIONES.<\/p>\n<hr \/>\n<p>EL PRECIO INCLUYE EL N\u00daMERO DE PERSONAS ALOJADAS EN LA CASA. EN EL CASO DE HAVER M\u00c1S GENTE EN LA CASA QUE NO SE ALOGE, SE TENDRA QUE COMUNICAR PR\u00c9VIAMENTE.<\/p>\n<hr \/>\n<p>PARA LAS RESERVAS DE CELEBRACIONES, LAS CONDICIONES DE RESERVA VARIAR\u00c1N, Y SE EXPLICARAN DETALLADAMENT PR\u00c9VIAMENTE A LA FORMALITZACI\u00d3N DE LA RESERVA. EN ESTE MOMENTO TAMBI\u00c9N SER\u00c1 NECESARIA LA REALIZACI\u00d3N DE UN CONTRATO ENTRE AMBOS PARTES.<\/p>\n<hr \/>\n<p>NOS RESERVAMOS EL DERECHO DE PEDIR UNA FIANZA DE SEGURIDAD SI LO CONSIDERAMOS OPORTUNO. ESTA SER\u00c1 DEVUELTA DOS D\u00cdAS DESPU\u00c9S DE LA SALIDA VIA TRANSFERENCIA BANCARIA SIEMPRE QUE NO SE HAYA OCASIONADO NING\u00daN DA\u00d1O A LA CASA DURANTE LA ESTANCIA.[\/vc_column_text][\/vc_column_inner][\/vc_row_inner][\/vc_column][vc_column width=\u00bb1\/3&#8243;][vc_row_inner css=\u00bb.vc_custom_1477994399761{margin: 0px !important;padding: 0px !important;background-color: #ffffff !important;border: 1px solid #dddddd !important;}\u00bb][vc_column_inner css=\u00bb.vc_custom_1477994409192{margin: 0px !important;border-width: 0px !important;padding: 0px !important;}\u00bb][cs_custom_heading text=\u00bbEN CAS D&#8217;ANUL\u00b7LACI\u00d3\u00bb font_container=\u00bbtag:h2|font_size:20px|text_align:center|color:%23ffffff|line_height:20px\u00bb font_format=\u00bb300&#8243; style=\u00bbstyle-none\u00bb el_class=\u00bbcm-tailor-title-site\u00bb css=\u00bb.vc_custom_1478146090450{margin-top: 0px !important;margin-right: 0px !important;margin-bottom: 0px !important;margin-left: 0px !important;border-top-width: 0px !important;border-right-width: 0px !important;border-bottom-width: 0px !important;border-left-width: 0px !important;padding-top: 10px !important;padding-right: 10px !important;padding-bottom: 10px !important;padding-left: 10px !important;background-color: #bfdf9f !important;}\u00bb][vc_column_text css=\u00bb.vc_custom_1603883942439{padding-top: 30px !important;padding-right: 22% !important;padding-bottom: 30px !important;padding-left: 22% !important;}\u00bb]NO SE DEVOLVER\u00c1 EN NING\u00daN CASO EL IMPORTE RECIBIDO COMO PAGA Y SE\u00d1AL EN EL MOMENTO DE FORMALIZAR LA RESERVA.[\/vc_column_text][\/vc_column_inner][\/vc_row_inner][\/vc_column][\/vc_row][vc_row full_width=\u00bbstretch_row\u00bb css=\u00bb.vc_custom_1478146156501{padding-top: 80px !important;padding-bottom: 80px !important;background-image: url(https:\/\/calbernadas.com\/wp-content\/uploads\/2016\/11\/TR_contacte2.jpg?id=12800) !important;}\u00bb parallax_speed=\u00bb0.8&#8243; bg_video_transparent=\u00bb0&#8243; el_class=\u00bbcm-icon-big-item\u00bb][vc_column][cs_custom_heading text=\u00bbContacto\u00bb font_container=\u00bbtag:h1|font_size:40px|text_align:center|color:%23ffffff\u00bb font_format=\u00bb700&#8243; style=\u00bbstyle-none\u00bb el_class=\u00bbcm-tailor-title-site\u00bb][\/vc_column][\/vc_row][vc_row css=\u00bb.vc_custom_1477557874325{padding-top: 80px !important;padding-bottom: 80px !important;}\u00bb][vc_column width=\u00bb1\/3&#8243;][vc_column_text]<\/p>\n<div>\n<h3><\/h3>\n<h3>JOSEP NIUB\u00d2<br \/>\nRAMONA CASAS<br \/>\nANNA NIUB\u00d2<\/h3>\n<h3><\/h3>\n<p>+34 636 533 958<br \/>\n+34 938 234 082<br \/>\n<span id=\"cloak23258\"><a href=\"mailto:info@calbernadas.com\">info@calbernadas.com<\/a><\/span><\/p>\n<\/div>\n<p>[\/vc_column_text]        <div  id=\"cs_social1777624853_169f467150b840\" class=\"cshero-social cs-social-layout1 \">\r\n            <style type=\"text\/css\" scoped>\r\n               .cshero_content_1777624853_169f467150b840.cshero-social-list a:hover i {\r\n                    background-color:  !important;\r\n                    border-color:  !important;\r\n                    color:  !important;\r\n                    white-space: inherit;\r\n               }\r\n            <\/style>\r\n                            \r\n<div class=\"cshero_content_1777624853_169f467150b840 cshero-social-list \">\r\n            <a href=\"https:\/\/www.facebook.com\/calbernadas?fref=ts\" style=\"font-size:\"><i style=\"      border-style: none;   \" class=\"fa fa-facebook\"><\/i><\/a>\r\n                <a href=\"https:\/\/instagram.com\/calbernadas\/\" style=\"font-size:\"><i style=\"      border-style: none;   \" class=\"fa fa-instagram\"><\/i><\/a>\r\n                <a href=\"https:\/\/twitter.com\/calbernadas\" style=\"font-size:\"><i style=\"      border-style: none;   \" class=\"fa fa-twitter\"><\/i><\/a>\r\n                                            \r\n<\/div>               \r\n        <\/div>\r\n        [\/vc_column][vc_column width=\u00bb2\/3&#8243;]<p class=\"wpcf7-contact-form-not-found\"><strong>Error:<\/strong> Formulario de contacto no encontrado.<\/p>[\/vc_column][\/vc_row]<\/p>\n","protected":false},"excerpt":{"rendered":"<p>[vc_row full_width=\u00bbstretch_row\u00bb css=\u00bb.vc_custom_1478145466144{padding-top: 80px !important;padding-bottom: 80px !important;background-image: url(https:\/\/calbernadas.com\/wp-content\/uploads\/2016\/10\/CB_TR_HOME_capcalera-1.jpg?id=12481) !important;}\u00bb][vc_column width=\u00bb1\/6&#8243;][\/vc_column][vc_column width=\u00bb2\/3&#8243;][cs_custom_heading text=\u00bbCONDICIONES DE RESERVA\u00bb font_container=\u00bbtag:h1|font_size:40px|text_align:center|color:%23ffffff\u00bb font_format=\u00bb700&#8243; style=\u00bbstyle-none\u00bb el_class=\u00bbcm-tailor-title-site\u00bb][vc_column_text] Perqu\u00e9 queremos [&hellip;]<\/p>\n","protected":false},"author":1,"featured_media":0,"parent":0,"menu_order":0,"comment_status":"closed","ping_status":"closed","template":"","meta":{"footnotes":""},"yoast_head":"<!-- This site is optimized with the Yoast SEO plugin v21.5 - https:\/\/yoast.com\/wordpress\/plugins\/seo\/ -->\n<title>condiciones-de-reserva - Cal Bernad\u00e0s<\/title>\n<meta name=\"robots\" content=\"index, follow, max-snippet:-1, max-image-preview:large, max-video-preview:-1\" \/>\n<link rel=\"canonical\" href=\"https:\/\/calbernadas.com\/es\/condicions-de-reserva\/\" \/>\n<meta property=\"og:locale\" content=\"es_ES\" \/>\n<meta property=\"og:type\" content=\"article\" \/>\n<meta property=\"og:title\" content=\"condiciones-de-reserva - Cal Bernad\u00e0s\" \/>\n<meta property=\"og:description\" content=\"[vc_row full_width=\u00bbstretch_row\u00bb css=\u00bb.vc_custom_1478145466144{padding-top: 80px !important;padding-bottom: 80px !important;background-image: url(https:\/\/calbernadas.com\/wp-content\/uploads\/2016\/10\/CB_TR_HOME_capcalera-1.jpg?id=12481) !important;}\u00bb][vc_column width=\u00bb1\/6&#8243;][\/vc_column][vc_column width=\u00bb2\/3&#8243;][cs_custom_heading text=\u00bbCONDICIONES DE RESERVA\u00bb font_container=\u00bbtag:h1|font_size:40px|text_align:center|color:%23ffffff\u00bb font_format=\u00bb700&#8243; style=\u00bbstyle-none\u00bb el_class=\u00bbcm-tailor-title-site\u00bb][vc_column_text] Perqu\u00e9 queremos [&hellip;]\" \/>\n<meta property=\"og:url\" content=\"https:\/\/calbernadas.com\/es\/condicions-de-reserva\/\" \/>\n<meta property=\"og:site_name\" content=\"Cal Bernad\u00e0s\" \/>\n<meta property=\"article:publisher\" content=\"https:\/\/www.facebook.com\/calbernadas\" \/>\n<meta property=\"article:modified_time\" content=\"2023-12-13T11:43:37+00:00\" \/>\n<meta name=\"twitter:card\" content=\"summary_large_image\" \/>\n<meta name=\"twitter:site\" content=\"@calbernadas\" \/>\n<meta name=\"twitter:label1\" content=\"Tiempo de lectura\" \/>\n\t<meta name=\"twitter:data1\" content=\"4 minutos\" \/>\n<script type=\"application\/ld+json\" class=\"yoast-schema-graph\">{\"@context\":\"https:\/\/schema.org\",\"@graph\":[{\"@type\":\"WebPage\",\"@id\":\"https:\/\/calbernadas.com\/es\/condicions-de-reserva\/\",\"url\":\"https:\/\/calbernadas.com\/es\/condicions-de-reserva\/\",\"name\":\"condiciones-de-reserva - Cal Bernad\u00e0s\",\"isPartOf\":{\"@id\":\"https:\/\/calbernadas.com\/ca\/#website\"},\"datePublished\":\"2016-11-01T09:58:12+00:00\",\"dateModified\":\"2023-12-13T11:43:37+00:00\",\"breadcrumb\":{\"@id\":\"https:\/\/calbernadas.com\/es\/condicions-de-reserva\/#breadcrumb\"},\"inLanguage\":\"es\",\"potentialAction\":[{\"@type\":\"ReadAction\",\"target\":[\"https:\/\/calbernadas.com\/es\/condicions-de-reserva\/\"]}]},{\"@type\":\"BreadcrumbList\",\"@id\":\"https:\/\/calbernadas.com\/es\/condicions-de-reserva\/#breadcrumb\",\"itemListElement\":[{\"@type\":\"ListItem\",\"position\":1,\"name\":\"Portada\",\"item\":\"https:\/\/calbernadas.com\/es\/\"},{\"@type\":\"ListItem\",\"position\":2,\"name\":\"condiciones-de-reserva\"}]},{\"@type\":\"WebSite\",\"@id\":\"https:\/\/calbernadas.com\/ca\/#website\",\"url\":\"https:\/\/calbernadas.com\/ca\/\",\"name\":\"Cal Bernad\u00e0s\",\"description\":\"Turisme rural\",\"publisher\":{\"@id\":\"https:\/\/calbernadas.com\/ca\/#organization\"},\"potentialAction\":[{\"@type\":\"SearchAction\",\"target\":{\"@type\":\"EntryPoint\",\"urlTemplate\":\"https:\/\/calbernadas.com\/ca\/?s={search_term_string}\"},\"query-input\":\"required name=search_term_string\"}],\"inLanguage\":\"es\"},{\"@type\":\"Organization\",\"@id\":\"https:\/\/calbernadas.com\/ca\/#organization\",\"name\":\"Cal Bernad\u00e0s\",\"url\":\"https:\/\/calbernadas.com\/ca\/\",\"logo\":{\"@type\":\"ImageObject\",\"inLanguage\":\"es\",\"@id\":\"https:\/\/calbernadas.com\/ca\/#\/schema\/logo\/image\/\",\"url\":\"https:\/\/calbernadas.com\/wp-content\/uploads\/2017\/03\/logo_calbernadas2.png\",\"contentUrl\":\"https:\/\/calbernadas.com\/wp-content\/uploads\/2017\/03\/logo_calbernadas2.png\",\"width\":169,\"height\":156,\"caption\":\"Cal Bernad\u00e0s\"},\"image\":{\"@id\":\"https:\/\/calbernadas.com\/ca\/#\/schema\/logo\/image\/\"},\"sameAs\":[\"https:\/\/www.facebook.com\/calbernadas\",\"https:\/\/twitter.com\/calbernadas\",\"https:\/\/instagram.com\/calbernadas\/\",\"http:\/\/www.youtube.es\/calbernadas\"]}]}<\/script>\n<!-- \/ Yoast SEO plugin. -->","yoast_head_json":{"title":"condiciones-de-reserva - Cal Bernad\u00e0s","robots":{"index":"index","follow":"follow","max-snippet":"max-snippet:-1","max-image-preview":"max-image-preview:large","max-video-preview":"max-video-preview:-1"},"canonical":"https:\/\/calbernadas.com\/es\/condicions-de-reserva\/","og_locale":"es_ES","og_type":"article","og_title":"condiciones-de-reserva - Cal Bernad\u00e0s","og_description":"[vc_row full_width=\u00bbstretch_row\u00bb css=\u00bb.vc_custom_1478145466144{padding-top: 80px !important;padding-bottom: 80px !important;background-image: url(https:\/\/calbernadas.com\/wp-content\/uploads\/2016\/10\/CB_TR_HOME_capcalera-1.jpg?id=12481) !important;}\u00bb][vc_column width=\u00bb1\/6&#8243;][\/vc_column][vc_column width=\u00bb2\/3&#8243;][cs_custom_heading text=\u00bbCONDICIONES DE RESERVA\u00bb font_container=\u00bbtag:h1|font_size:40px|text_align:center|color:%23ffffff\u00bb font_format=\u00bb700&#8243; style=\u00bbstyle-none\u00bb el_class=\u00bbcm-tailor-title-site\u00bb][vc_column_text] Perqu\u00e9 queremos [&hellip;]","og_url":"https:\/\/calbernadas.com\/es\/condicions-de-reserva\/","og_site_name":"Cal Bernad\u00e0s","article_publisher":"https:\/\/www.facebook.com\/calbernadas","article_modified_time":"2023-12-13T11:43:37+00:00","twitter_card":"summary_large_image","twitter_site":"@calbernadas","twitter_misc":{"Tiempo de lectura":"4 minutos"},"schema":{"@context":"https:\/\/schema.org","@graph":[{"@type":"WebPage","@id":"https:\/\/calbernadas.com\/es\/condicions-de-reserva\/","url":"https:\/\/calbernadas.com\/es\/condicions-de-reserva\/","name":"condiciones-de-reserva - Cal Bernad\u00e0s","isPartOf":{"@id":"https:\/\/calbernadas.com\/ca\/#website"},"datePublished":"2016-11-01T09:58:12+00:00","dateModified":"2023-12-13T11:43:37+00:00","breadcrumb":{"@id":"https:\/\/calbernadas.com\/es\/condicions-de-reserva\/#breadcrumb"},"inLanguage":"es","potentialAction":[{"@type":"ReadAction","target":["https:\/\/calbernadas.com\/es\/condicions-de-reserva\/"]}]},{"@type":"BreadcrumbList","@id":"https:\/\/calbernadas.com\/es\/condicions-de-reserva\/#breadcrumb","itemListElement":[{"@type":"ListItem","position":1,"name":"Portada","item":"https:\/\/calbernadas.com\/es\/"},{"@type":"ListItem","position":2,"name":"condiciones-de-reserva"}]},{"@type":"WebSite","@id":"https:\/\/calbernadas.com\/ca\/#website","url":"https:\/\/calbernadas.com\/ca\/","name":"Cal Bernad\u00e0s","description":"Turisme rural","publisher":{"@id":"https:\/\/calbernadas.com\/ca\/#organization"},"potentialAction":[{"@type":"SearchAction","target":{"@type":"EntryPoint","urlTemplate":"https:\/\/calbernadas.com\/ca\/?s={search_term_string}"},"query-input":"required name=search_term_string"}],"inLanguage":"es"},{"@type":"Organization","@id":"https:\/\/calbernadas.com\/ca\/#organization","name":"Cal Bernad\u00e0s","url":"https:\/\/calbernadas.com\/ca\/","logo":{"@type":"ImageObject","inLanguage":"es","@id":"https:\/\/calbernadas.com\/ca\/#\/schema\/logo\/image\/","url":"https:\/\/calbernadas.com\/wp-content\/uploads\/2017\/03\/logo_calbernadas2.png","contentUrl":"https:\/\/calbernadas.com\/wp-content\/uploads\/2017\/03\/logo_calbernadas2.png","width":169,"height":156,"caption":"Cal Bernad\u00e0s"},"image":{"@id":"https:\/\/calbernadas.com\/ca\/#\/schema\/logo\/image\/"},"sameAs":["https:\/\/www.facebook.com\/calbernadas","https:\/\/twitter.com\/calbernadas","https:\/\/instagram.com\/calbernadas\/","http:\/\/www.youtube.es\/calbernadas"]}]}},"_links":{"self":[{"href":"https:\/\/calbernadas.com\/es\/wp-json\/wp\/v2\/pages\/14134"}],"collection":[{"href":"https:\/\/calbernadas.com\/es\/wp-json\/wp\/v2\/pages"}],"about":[{"href":"https:\/\/calbernadas.com\/es\/wp-json\/wp\/v2\/types\/page"}],"author":[{"embeddable":true,"href":"https:\/\/calbernadas.com\/es\/wp-json\/wp\/v2\/users\/1"}],"replies":[{"embeddable":true,"href":"https:\/\/calbernadas.com\/es\/wp-json\/wp\/v2\/comments?post=14134"}],"version-history":[{"count":6,"href":"https:\/\/calbernadas.com\/es\/wp-json\/wp\/v2\/pages\/14134\/revisions"}],"predecessor-version":[{"id":27287,"href":"https:\/\/calbernadas.com\/es\/wp-json\/wp\/v2\/pages\/14134\/revisions\/27287"}],"wp:attachment":[{"href":"https:\/\/calbernadas.com\/es\/wp-json\/wp\/v2\/media?parent=14134"}],"curies":[{"name":"wp","href":"https:\/\/api.w.org\/{rel}","templated":true}]}}