{"id":8462,"date":"2014-08-22T14:35:39","date_gmt":"2014-08-22T14:35:39","guid":{"rendered":"http:\/\/demo.cmssuperheroes.com\/Wordpress\/wp-omnia\/?page_id=8462"},"modified":"2016-10-26T07:02:03","modified_gmt":"2016-10-26T07:02:03","slug":"posts-carousel","status":"publish","type":"page","link":"https:\/\/calbernadas.com\/ca\/posts-carousel\/","title":{"rendered":"Posts Carousel"},"content":{"rendered":"<p>[vc_row css=&#8221;.vc_custom_1419392991392{padding-top: 20px !important;padding-bottom: 80px !important;}&#8221; full_width=&#8221;false&#8221; parallax_speed=&#8221;0.8&#8243; bg_video_transparent=&#8221;0&#8243;][vc_column width=&#8221;1\/1&#8243;][vc_column_text]<\/p>\n<h3 style=\"text-align: center;\">OUR CUSTOMERS LOVE US, SO MUCH<\/h3>\n<p style=\"text-align: center;\">Use any of the Consilium elements on the themes or create your own style<\/p>\n<p>[\/vc_column_text][\/vc_column][\/vc_row][vc_row css=&#8221;.vc_custom_1418098678515{margin-bottom: 80px !important;border-bottom-width: 1px !important;padding-bottom: 80px !important;border-bottom-color: #eeeeee !important;border-bottom-style: solid !important;}&#8221; full_width=&#8221;false&#8221; parallax_speed=&#8221;0.8&#8243; bg_video_transparent=&#8221;0&#8243; height_engle=&#8221;60px&#8221; height_engle_style2=&#8221;60px&#8221;][vc_column][cs_custom_heading text=&#8221;DEFAULT&#8221; font_container=&#8221;tag:h2|font_size:30px|text_align:center&#8221; style=&#8221;title-bottom-line&#8221; title_bottom_line_width=&#8221;40px&#8221; title_bottom_line_height=&#8221;3px&#8221; title_bottom_line_color=&#8221;#dddddd&#8221; title_bottom_line_margin_bottom=&#8221;40px&#8221; css=&#8221;.vc_custom_1419303239485{margin-bottom: 20px !important;}&#8221;]\t<div id=\"cshero_post_carousel_1777625342_169f468fee0b8b\" class=\"cshero-post-carousel postcarousel-default \">\r\n\t\t<style type=\"text\/css\" scoped>\r\n\t\t\t#cshero_post_carousel_1777625342_169f468fee0b8b article:hover .cshero-carousel-body{color:#ffffff !important; background-color:#444444 !important; }\r\n\t\t\t#cshero_post_carousel_1777625342_169f468fee0b8b article:hover .cshero-carousel-title a{color:#bababa !important; }\r\n\t\t\t#cshero_post_carousel_1777625342_169f468fee0b8b .link-wrap a{ color: #ffffff;}\r\n\t\t\t#cshero_post_carousel_1777625342_169f468fee0b8b .link-wrap a:hover{ color: #dd3333;}\r\n\t\t\t#cshero_post_carousel_1777625342_169f468fee0b8b .link-wrap [class*='icon-box-']:hover .fa,\r\n\t\t\t#cshero_post_carousel_1777625342_169f468fee0b8b .link-wrap [class^='icon-box-']:hover .fa{border-color:#dd3333;}\r\n\t\t<\/style>\r\n\t            <div class=\"cshero-post-carousel-list \">\r\n            <div id=\"cshero_post_carousel1777625342_169f468fee0b8b\" data-mode=\"horizontal\" data-moveslides=\"3\" data-auto=\"0\" data-speed=\"500\" data-prevselector=\"#cshero_post_carousel_1777625342_169f468fee0b8b .prev\" data-nextselector=\"#cshero_post_carousel_1777625342_169f468fee0b8b .next\" data-prevText=\"<i class='fa fa-angle-left'><\/i>\" data-nextText=\"<i class='fa fa-angle-right'><\/i>\" data-pagerSelector=\"#cshero_post_carousel_1777625342_169f468fee0b8b .cshero-control\" data-onsliderload=\"true\" data-touchenabled=\"1\" data-controls=\"true\" data-pager=\"1\" data-pause=\"4000\" data-infiniteloop=\"true\" data-adaptiveheight=\"true\"  data-autohover=\"true\" data-slidemargin=\"30\" data-maxslides=\"3\" data-minslides=\"1\" data-slidewidth=\"360\" data-slideselector=\"\" data-easing=\"swing\" data-usecss=\"\" data-resize=\"1\" class=\"slider jm-bxslider\">\r\n                <div class=\"cshero-post-carousel-item-wrap\">                \t\t                <div class=\"cshero-shortcode cshero-post-carousel-item content-left\" >\r\n\t\t\t\t\t\t<article class=\"post-12245 post type-post status-publish format-standard has-post-thumbnail hentry category-turisme-rural category-turisme-rural_el-munt\">\r\n    <div class=\"cshero-carousel-container\">\r\n                <div class=\"cshero-carousel-image clearfix\" style=\"width:360px;height:260px;display: block;\">\r\n            <img alt=\"\"  src=\"https:\/\/calbernadas.com\/wp-content\/uploads\/2016\/10\/20140326-BLOC-360x260_c.jpg\" style=\"border-radius:0;-webkit-border-radius:0;-moz-border-radius:0;-ms-border-radius:0;-o-border-radius:0;max-width:100%;\" \/>                            <div class=\"overlay \" style=\"z-index:4;border-radius:0;-webkit-border-radius:0;-moz-border-radius:0;-ms-border-radius:0;-o-border-radius:0;background-color:rgba(255,255,255,0.8);color:#999999;width:360px;height:260px;max-width:100%;\">\r\n                    <div class=\"overlay-content\">\r\n                        <div class=\"link-wrap\">\r\n                        <a class=\"\" title=\"\" href=\"https:\/\/calbernadas.com\/ca\/blog\/gracies-marc-i-mireia\/\" >Read more<\/a>                        <a class=\"colorbox\" href=\"https:\/\/calbernadas.com\/wp-content\/uploads\/2016\/10\/20140326-BLOC.jpg\"  data-rel=\"lightbox-image-0\" data-rl_title=\"\" data-rl_caption=\"\" title=\"\">Large Image<\/a>                        <\/div>\r\n                    <\/div>\r\n                <\/div>\r\n                    <\/div>\r\n        <div class=\"cshero-carousel-body\" style=\"color:#999999; text-align:left;background-color:#eeeeee;padding:20px;\">\r\n            <div class=\"cshero-carousel-inner clearfix\">\r\n                                <div class=\"cshero-carousel-meta clearfix\">\r\n                                        <span class=\"cshero-carousel-date\" style=\"text-transform:initial;font-weight:400;font-style:;color:;\">\r\n                        25 mar\u00e7 2014                    <\/span>\r\n                                                                <span class=\"cshero-carousel-category\">\r\n                            in Turisme rural, Turisme rural_el Munt                        <\/span>\r\n                                                            <span class=\"cshero-carousel-comment\">\r\n                        No Comments                    <\/span>\r\n                                                            <span class=\"cshero-carousel-author\">admin<\/span>\r\n                                    <\/div>\r\n                                                    <h5 class=\"cshero-carousel-title\">\r\n                        <a title=\"GR\u00c0CIES MARC I MIREIA!\" href=\"https:\/\/calbernadas.com\/ca\/blog\/gracies-marc-i-mireia\/\" rel=\"\" style=\"display:block; color:#444444; margin:0; \">\r\n                            GR\u00c0CIES MARC I MIREIA!                        <\/a>\r\n                    <\/h5>\r\n                                \r\n                                <div class=\"cshero-carousel-post-description\">\r\n                                            <p>[vc_row][vc_column][vc_column_text]\r\nJa fa uns quants dies que v\u00e0rem assistir a la Fira Nuvis a <\/p>\r\n                                    <\/div>\r\n                            <\/div>\r\n        <\/div>\r\n            <\/div>\r\n    <h6 style=\"display:none;\">&nbsp;<\/h6><\/article>\r\n\t\t\t\t\t<\/div>\r\n\t\t\t    <\/div><div class=\"cshero-post-carousel-item-wrap\">                \t\t                <div class=\"cshero-shortcode cshero-post-carousel-item content-left\" >\r\n\t\t\t\t\t\t<article class=\"post-17021 post type-post status-publish format-standard has-post-thumbnail hentry category-celebracions category-celebracions_el-munt tag-barcelonawedding tag-boda tag-calbernadas tag-casament tag-destinationwedding tag-elmunt tag-momentsbernadas tag-ruralwedding tag-venueinbarcelona tag-wedding\">\r\n    <div class=\"cshero-carousel-container\">\r\n                <div class=\"cshero-carousel-image clearfix\" style=\"width:360px;height:260px;display: block;\">\r\n            <img alt=\"\"  src=\"https:\/\/calbernadas.com\/wp-content\/uploads\/2017\/03\/14_140524_3349web-360x260_c.jpg\" style=\"border-radius:0;-webkit-border-radius:0;-moz-border-radius:0;-ms-border-radius:0;-o-border-radius:0;max-width:100%;\" \/>                            <div class=\"overlay \" style=\"z-index:4;border-radius:0;-webkit-border-radius:0;-moz-border-radius:0;-ms-border-radius:0;-o-border-radius:0;background-color:rgba(255,255,255,0.8);color:#999999;width:360px;height:260px;max-width:100%;\">\r\n                    <div class=\"overlay-content\">\r\n                        <div class=\"link-wrap\">\r\n                        <a class=\"\" title=\"\" href=\"https:\/\/calbernadas.com\/ca\/blog\/dos-mons-units-2\/\" >Read more<\/a>                        <a class=\"colorbox\" href=\"https:\/\/calbernadas.com\/wp-content\/uploads\/2017\/03\/14_140524_3349web.jpg\"  data-rel=\"lightbox-image-1\" data-rl_title=\"\" data-rl_caption=\"\" title=\"\">Large Image<\/a>                        <\/div>\r\n                    <\/div>\r\n                <\/div>\r\n                    <\/div>\r\n        <div class=\"cshero-carousel-body\" style=\"color:#999999; text-align:left;background-color:#eeeeee;padding:20px;\">\r\n            <div class=\"cshero-carousel-inner clearfix\">\r\n                                <div class=\"cshero-carousel-meta clearfix\">\r\n                                        <span class=\"cshero-carousel-date\" style=\"text-transform:initial;font-weight:400;font-style:;color:;\">\r\n                        31 maig 2014                    <\/span>\r\n                                                                <span class=\"cshero-carousel-category\">\r\n                            in Celebracions, Celebracions_el Munt                        <\/span>\r\n                                                            <span class=\"cshero-carousel-comment\">\r\n                        No Comments                    <\/span>\r\n                                                            <span class=\"cshero-carousel-author\">admin<\/span>\r\n                                    <\/div>\r\n                                                    <h5 class=\"cshero-carousel-title\">\r\n                        <a title=\"DOS M\u00d3NS UNITS EN UN\" href=\"https:\/\/calbernadas.com\/ca\/blog\/dos-mons-units-2\/\" rel=\"\" style=\"display:block; color:#444444; margin:0; \">\r\n                            DOS M\u00d3NS UNITS EN UN                        <\/a>\r\n                    <\/h5>\r\n                                \r\n                                <div class=\"cshero-carousel-post-description\">\r\n                                            <p>[vc_row][vc_column][vc_column_text]\r\nQu\u00e8 res millor que ensenyar-vos algunes de les fotos del <\/p>\r\n                                    <\/div>\r\n                            <\/div>\r\n        <\/div>\r\n            <\/div>\r\n    <h6 style=\"display:none;\">&nbsp;<\/h6><\/article>\r\n\t\t\t\t\t<\/div>\r\n\t\t\t    <\/div><div class=\"cshero-post-carousel-item-wrap\">                \t\t                <div class=\"cshero-shortcode cshero-post-carousel-item content-left\" >\r\n\t\t\t\t\t\t<article class=\"post-16944 post type-post status-publish format-standard has-post-thumbnail hentry category-celebracions category-celebracions_el-munt category-celebracions_wedding-planner\">\r\n    <div class=\"cshero-carousel-container\">\r\n                <div class=\"cshero-carousel-image clearfix\" style=\"width:360px;height:260px;display: block;\">\r\n            <img alt=\"\"  src=\"https:\/\/calbernadas.com\/wp-content\/uploads\/2017\/03\/JJ_TOP_195-360x260_c.jpg\" style=\"border-radius:0;-webkit-border-radius:0;-moz-border-radius:0;-ms-border-radius:0;-o-border-radius:0;max-width:100%;\" \/>                            <div class=\"overlay \" style=\"z-index:4;border-radius:0;-webkit-border-radius:0;-moz-border-radius:0;-ms-border-radius:0;-o-border-radius:0;background-color:rgba(255,255,255,0.8);color:#999999;width:360px;height:260px;max-width:100%;\">\r\n                    <div class=\"overlay-content\">\r\n                        <div class=\"link-wrap\">\r\n                        <a class=\"\" title=\"\" href=\"https:\/\/calbernadas.com\/ca\/blog\/its-raining-be-happy-2\/\" >Read more<\/a>                        <a class=\"colorbox\" href=\"https:\/\/calbernadas.com\/wp-content\/uploads\/2017\/03\/JJ_TOP_195.jpg\"  data-rel=\"lightbox-image-2\" data-rl_title=\"\" data-rl_caption=\"\" title=\"\">Large Image<\/a>                        <\/div>\r\n                    <\/div>\r\n                <\/div>\r\n                    <\/div>\r\n        <div class=\"cshero-carousel-body\" style=\"color:#999999; text-align:left;background-color:#eeeeee;padding:20px;\">\r\n            <div class=\"cshero-carousel-inner clearfix\">\r\n                                <div class=\"cshero-carousel-meta clearfix\">\r\n                                        <span class=\"cshero-carousel-date\" style=\"text-transform:initial;font-weight:400;font-style:;color:;\">\r\n                        08 juliol 2014                    <\/span>\r\n                                                                <span class=\"cshero-carousel-category\">\r\n                            in Celebracions, Celebracions_el Munt, Celebracions_wedding planner                        <\/span>\r\n                                                            <span class=\"cshero-carousel-comment\">\r\n                        No Comments                    <\/span>\r\n                                                            <span class=\"cshero-carousel-author\">admin<\/span>\r\n                                    <\/div>\r\n                                                    <h5 class=\"cshero-carousel-title\">\r\n                        <a title=\"IT&#8217;S RAINING, BE HAPPY!\" href=\"https:\/\/calbernadas.com\/ca\/blog\/its-raining-be-happy-2\/\" rel=\"\" style=\"display:block; color:#444444; margin:0; \">\r\n                            IT&#8217;S RAINING, BE HAPPY!                        <\/a>\r\n                    <\/h5>\r\n                                \r\n                                <div class=\"cshero-carousel-post-description\">\r\n                                            <p>[vc_row][vc_column][vc_column_text]La Joanna i el Julian s\u00f3n una parella suec xilena que es va <\/p>\r\n                                    <\/div>\r\n                            <\/div>\r\n        <\/div>\r\n            <\/div>\r\n    <h6 style=\"display:none;\">&nbsp;<\/h6><\/article>\r\n\t\t\t\t\t<\/div>\r\n\t\t\t    <\/div><div class=\"cshero-post-carousel-item-wrap\">                \t\t                <div class=\"cshero-shortcode cshero-post-carousel-item content-left\" >\r\n\t\t\t\t\t\t<article class=\"post-18515 post type-post status-publish format-standard has-post-thumbnail hentry category-celebracions category-celebracions_el-munt category-celebracions_wedding-planner tag-barcelonawedding tag-boda tag-bodabarcelona tag-bodarural tag-calbernadas tag-destinationwedding tag-elmunt tag-momentsbernadas tag-ruralwedding tag-venueforwedding tag-villaforvenue tag-wedding tag-weddingabroad\">\r\n    <div class=\"cshero-carousel-container\">\r\n                <div class=\"cshero-carousel-image clearfix\" style=\"width:360px;height:260px;display: block;\">\r\n            <img alt=\"\"  src=\"https:\/\/calbernadas.com\/wp-content\/uploads\/2017\/06\/05-Wedding-Cal-Bernadas-564-360x260_c.jpg\" style=\"border-radius:0;-webkit-border-radius:0;-moz-border-radius:0;-ms-border-radius:0;-o-border-radius:0;max-width:100%;\" \/>                            <div class=\"overlay \" style=\"z-index:4;border-radius:0;-webkit-border-radius:0;-moz-border-radius:0;-ms-border-radius:0;-o-border-radius:0;background-color:rgba(255,255,255,0.8);color:#999999;width:360px;height:260px;max-width:100%;\">\r\n                    <div class=\"overlay-content\">\r\n                        <div class=\"link-wrap\">\r\n                        <a class=\"\" title=\"\" href=\"https:\/\/calbernadas.com\/ca\/blog\/kristymark-fun-fun-fun\/\" >Read more<\/a>                        <a class=\"colorbox\" href=\"https:\/\/calbernadas.com\/wp-content\/uploads\/2017\/06\/05-Wedding-Cal-Bernadas-564.jpg\"  data-rel=\"lightbox-image-3\" data-rl_title=\"\" data-rl_caption=\"\" title=\"\">Large Image<\/a>                        <\/div>\r\n                    <\/div>\r\n                <\/div>\r\n                    <\/div>\r\n        <div class=\"cshero-carousel-body\" style=\"color:#999999; text-align:left;background-color:#eeeeee;padding:20px;\">\r\n            <div class=\"cshero-carousel-inner clearfix\">\r\n                                <div class=\"cshero-carousel-meta clearfix\">\r\n                                        <span class=\"cshero-carousel-date\" style=\"text-transform:initial;font-weight:400;font-style:;color:;\">\r\n                        10 desembre 2014                    <\/span>\r\n                                                                <span class=\"cshero-carousel-category\">\r\n                            in Celebracions, Celebracions_el Munt, Celebracions_wedding planner                        <\/span>\r\n                                                            <span class=\"cshero-carousel-comment\">\r\n                        No Comments                    <\/span>\r\n                                                            <span class=\"cshero-carousel-author\">admin<\/span>\r\n                                    <\/div>\r\n                                                    <h5 class=\"cshero-carousel-title\">\r\n                        <a title=\"KRISTY&#038;MARK. FUN, FUN, FUN!\" href=\"https:\/\/calbernadas.com\/ca\/blog\/kristymark-fun-fun-fun\/\" rel=\"\" style=\"display:block; color:#444444; margin:0; \">\r\n                            KRISTY&#038;MARK. FUN, FUN, FUN!                        <\/a>\r\n                    <\/h5>\r\n                                \r\n                                <div class=\"cshero-carousel-post-description\">\r\n                                            <p>[vc_row][vc_column][vc_column_text]La boda de la Kristy i el Mark va comen\u00e7ar b\u00e9, per\u00f2 va <\/p>\r\n                                    <\/div>\r\n                            <\/div>\r\n        <\/div>\r\n            <\/div>\r\n    <h6 style=\"display:none;\">&nbsp;<\/h6><\/article>\r\n\t\t\t\t\t<\/div>\r\n\t\t\t    <\/div><div class=\"cshero-post-carousel-item-wrap\">                \t\t                <div class=\"cshero-shortcode cshero-post-carousel-item content-left\" >\r\n\t\t\t\t\t\t<article class=\"post-18761 post type-post status-publish format-standard has-post-thumbnail hentry category-celebracions category-celebracions_el-munt category-celebracions_wedding-planner tag-barcelonawedding tag-boda tag-bodabarcelona tag-bodarural tag-calbernadas tag-destinationwedding tag-elmunt tag-momentsbernadas tag-ruralwedding tag-venueforwedding tag-wedding tag-weddingabroad tag-wee\">\r\n    <div class=\"cshero-carousel-container\">\r\n                <div class=\"cshero-carousel-image clearfix\" style=\"width:360px;height:260px;display: block;\">\r\n            <img alt=\"\"  src=\"https:\/\/calbernadas.com\/wp-content\/uploads\/2017\/06\/05-Wedding-Cal-Bernadas-197a-360x260_c.jpg\" style=\"border-radius:0;-webkit-border-radius:0;-moz-border-radius:0;-ms-border-radius:0;-o-border-radius:0;max-width:100%;\" \/>                            <div class=\"overlay \" style=\"z-index:4;border-radius:0;-webkit-border-radius:0;-moz-border-radius:0;-ms-border-radius:0;-o-border-radius:0;background-color:rgba(255,255,255,0.8);color:#999999;width:360px;height:260px;max-width:100%;\">\r\n                    <div class=\"overlay-content\">\r\n                        <div class=\"link-wrap\">\r\n                        <a class=\"\" title=\"\" href=\"https:\/\/calbernadas.com\/ca\/blog\/kristymark-quan-comenca-dia-b\/\" >Read more<\/a>                        <a class=\"colorbox\" href=\"https:\/\/calbernadas.com\/wp-content\/uploads\/2017\/06\/05-Wedding-Cal-Bernadas-197a.jpg\"  data-rel=\"lightbox-image-4\" data-rl_title=\"\" data-rl_caption=\"\" title=\"\">Large Image<\/a>                        <\/div>\r\n                    <\/div>\r\n                <\/div>\r\n                    <\/div>\r\n        <div class=\"cshero-carousel-body\" style=\"color:#999999; text-align:left;background-color:#eeeeee;padding:20px;\">\r\n            <div class=\"cshero-carousel-inner clearfix\">\r\n                                <div class=\"cshero-carousel-meta clearfix\">\r\n                                        <span class=\"cshero-carousel-date\" style=\"text-transform:initial;font-weight:400;font-style:;color:;\">\r\n                        10 desembre 2014                    <\/span>\r\n                                                                <span class=\"cshero-carousel-category\">\r\n                            in Celebracions, Celebracions_el Munt, Celebracions_wedding planner                        <\/span>\r\n                                                            <span class=\"cshero-carousel-comment\">\r\n                        No Comments                    <\/span>\r\n                                                            <span class=\"cshero-carousel-author\">admin<\/span>\r\n                                    <\/div>\r\n                                                    <h5 class=\"cshero-carousel-title\">\r\n                        <a title=\"KRISTY&#038;MARK. QUAN COMEN\u00c7A EL DIA &#8220;B&#8221;?\" href=\"https:\/\/calbernadas.com\/ca\/blog\/kristymark-quan-comenca-dia-b\/\" rel=\"\" style=\"display:block; color:#444444; margin:0; \">\r\n                            KRISTY&#038;MARK. QUAN COMEN\u00c7A EL DIA &#8220;B&#8221;?                        <\/a>\r\n                    <\/h5>\r\n                                \r\n                                <div class=\"cshero-carousel-post-description\">\r\n                                            <p>[vc_row][vc_column][vc_column_text]Quan comen\u00e7a el dia B? A l\u2019entrada del nuvi a la cerim\u00f2nia? <\/p>\r\n                                    <\/div>\r\n                            <\/div>\r\n        <\/div>\r\n            <\/div>\r\n    <h6 style=\"display:none;\">&nbsp;<\/h6><\/article>\r\n\t\t\t\t\t<\/div>\r\n\t\t\t    <\/div><div class=\"cshero-post-carousel-item-wrap\">                \t\t                <div class=\"cshero-shortcode cshero-post-carousel-item content-left\" >\r\n\t\t\t\t\t\t<article class=\"post-17098 post type-post status-publish format-standard has-post-thumbnail hentry category-celebracions category-celebracions_el-munt category-celebracions_wedding-planner tag-barcelonavenue tag-calbernadas tag-destinationwedding tag-elmunt tag-momentsbernadas tag-ruralwedding tag-venueforwedding tag-wedding\">\r\n    <div class=\"cshero-carousel-container\">\r\n                <div class=\"cshero-carousel-image clearfix\" style=\"width:360px;height:260px;display: block;\">\r\n            <img alt=\"\"  src=\"https:\/\/calbernadas.com\/wp-content\/uploads\/2017\/03\/ErnestaTadas_-33-360x260_c.jpg\" style=\"border-radius:0;-webkit-border-radius:0;-moz-border-radius:0;-ms-border-radius:0;-o-border-radius:0;max-width:100%;\" \/>                            <div class=\"overlay \" style=\"z-index:4;border-radius:0;-webkit-border-radius:0;-moz-border-radius:0;-ms-border-radius:0;-o-border-radius:0;background-color:rgba(255,255,255,0.8);color:#999999;width:360px;height:260px;max-width:100%;\">\r\n                    <div class=\"overlay-content\">\r\n                        <div class=\"link-wrap\">\r\n                        <a class=\"\" title=\"\" href=\"https:\/\/calbernadas.com\/ca\/blog\/lituania-directe-munt\/\" >Read more<\/a>                        <a class=\"colorbox\" href=\"https:\/\/calbernadas.com\/wp-content\/uploads\/2017\/03\/ErnestaTadas_-33.jpg\"  data-rel=\"lightbox-image-5\" data-rl_title=\"\" data-rl_caption=\"\" title=\"\">Large Image<\/a>                        <\/div>\r\n                    <\/div>\r\n                <\/div>\r\n                    <\/div>\r\n        <div class=\"cshero-carousel-body\" style=\"color:#999999; text-align:left;background-color:#eeeeee;padding:20px;\">\r\n            <div class=\"cshero-carousel-inner clearfix\">\r\n                                <div class=\"cshero-carousel-meta clearfix\">\r\n                                        <span class=\"cshero-carousel-date\" style=\"text-transform:initial;font-weight:400;font-style:;color:;\">\r\n                        19 desembre 2014                    <\/span>\r\n                                                                <span class=\"cshero-carousel-category\">\r\n                            in Celebracions, Celebracions_el Munt, Celebracions_wedding planner                        <\/span>\r\n                                                            <span class=\"cshero-carousel-comment\">\r\n                        No Comments                    <\/span>\r\n                                                            <span class=\"cshero-carousel-author\">admin<\/span>\r\n                                    <\/div>\r\n                                                    <h5 class=\"cshero-carousel-title\">\r\n                        <a title=\"DE LITU\u00c0NIA DIRECTE A EL MUNT\" href=\"https:\/\/calbernadas.com\/ca\/blog\/lituania-directe-munt\/\" rel=\"\" style=\"display:block; color:#444444; margin:0; \">\r\n                            DE LITU\u00c0NIA DIRECTE A EL MUNT                        <\/a>\r\n                    <\/h5>\r\n                                \r\n                                <div class=\"cshero-carousel-post-description\">\r\n                                            <p>[vc_row][vc_column][vc_column_text]Si, si. De Litu\u00e0nia directe a El Munt. Arribada a la casa el <\/p>\r\n                                    <\/div>\r\n                            <\/div>\r\n        <\/div>\r\n            <\/div>\r\n    <h6 style=\"display:none;\">&nbsp;<\/h6><\/article>\r\n\t\t\t\t\t<\/div>\r\n\t\t\t    <\/div><div class=\"cshero-post-carousel-item-wrap\">                \t\t                <div class=\"cshero-shortcode cshero-post-carousel-item content-left\" >\r\n\t\t\t\t\t\t<article class=\"post-17175 post type-post status-publish format-standard has-post-thumbnail hentry category-celebracions category-celebracions_el-munt tag-barcelonawedding tag-boda tag-bodarural tag-calbernadas tag-destinationwedding tag-elmunt tag-momentsbernadas tag-ruralwedding tag-venueforwedding tag-wedding\">\r\n    <div class=\"cshero-carousel-container\">\r\n                <div class=\"cshero-carousel-image clearfix\" style=\"width:360px;height:260px;display: block;\">\r\n            <img alt=\"\"  src=\"https:\/\/calbernadas.com\/wp-content\/uploads\/2017\/03\/Casament_AnnaFeliu_El-Munt-23-360x260_c.jpg\" style=\"border-radius:0;-webkit-border-radius:0;-moz-border-radius:0;-ms-border-radius:0;-o-border-radius:0;max-width:100%;\" \/>                            <div class=\"overlay \" style=\"z-index:4;border-radius:0;-webkit-border-radius:0;-moz-border-radius:0;-ms-border-radius:0;-o-border-radius:0;background-color:rgba(255,255,255,0.8);color:#999999;width:360px;height:260px;max-width:100%;\">\r\n                    <div class=\"overlay-content\">\r\n                        <div class=\"link-wrap\">\r\n                        <a class=\"\" title=\"\" href=\"https:\/\/calbernadas.com\/ca\/blog\/af-estrenem-temporada-bloguera-2\/\" >Read more<\/a>                        <a class=\"colorbox\" href=\"https:\/\/calbernadas.com\/wp-content\/uploads\/2017\/03\/Casament_AnnaFeliu_El-Munt-23.jpg\"  data-rel=\"lightbox-image-6\" data-rl_title=\"\" data-rl_caption=\"\" title=\"\">Large Image<\/a>                        <\/div>\r\n                    <\/div>\r\n                <\/div>\r\n                    <\/div>\r\n        <div class=\"cshero-carousel-body\" style=\"color:#999999; text-align:left;background-color:#eeeeee;padding:20px;\">\r\n            <div class=\"cshero-carousel-inner clearfix\">\r\n                                <div class=\"cshero-carousel-meta clearfix\">\r\n                                        <span class=\"cshero-carousel-date\" style=\"text-transform:initial;font-weight:400;font-style:;color:;\">\r\n                        01 juny 2015                    <\/span>\r\n                                                                <span class=\"cshero-carousel-category\">\r\n                            in Celebracions, Celebracions_el Munt                        <\/span>\r\n                                                            <span class=\"cshero-carousel-comment\">\r\n                        No Comments                    <\/span>\r\n                                                            <span class=\"cshero-carousel-author\">admin<\/span>\r\n                                    <\/div>\r\n                                                    <h5 class=\"cshero-carousel-title\">\r\n                        <a title=\"ANNA&#038;FELIU. ESTRENEM TEMPORADA BLOGUERA!\" href=\"https:\/\/calbernadas.com\/ca\/blog\/af-estrenem-temporada-bloguera-2\/\" rel=\"\" style=\"display:block; color:#444444; margin:0; \">\r\n                            ANNA&#038;FELIU. ESTRENEM TEMPORADA BLOGUERA!                        <\/a>\r\n                    <\/h5>\r\n                                \r\n                                <div class=\"cshero-carousel-post-description\">\r\n                                            <p>[vc_row][vc_column][vc_custom_heading text=\"Engeguem <\/p>\r\n                                    <\/div>\r\n                            <\/div>\r\n        <\/div>\r\n            <\/div>\r\n    <h6 style=\"display:none;\">&nbsp;<\/h6><\/article>\r\n\t\t\t\t\t<\/div>\r\n\t\t\t    <\/div><div class=\"cshero-post-carousel-item-wrap\">                \t\t                <div class=\"cshero-shortcode cshero-post-carousel-item content-left\" >\r\n\t\t\t\t\t\t<article class=\"post-17270 post type-post status-publish format-standard has-post-thumbnail hentry category-celebracions category-celebracions_el-munt tag-barcelonavenue tag-barcelonawedding tag-boda tag-bodarural tag-calbernadas tag-destinationwedding tag-elmunt tag-momentsbernadas tag-rural tag-ruralwedding tag-venueinbarcelona tag-wedding\">\r\n    <div class=\"cshero-carousel-container\">\r\n                <div class=\"cshero-carousel-image clearfix\" style=\"width:360px;height:260px;display: block;\">\r\n            <img alt=\"\"  src=\"https:\/\/calbernadas.com\/wp-content\/uploads\/2017\/03\/Casament_MartaJosep_El-Munt-11-360x260_c.jpg\" style=\"border-radius:0;-webkit-border-radius:0;-moz-border-radius:0;-ms-border-radius:0;-o-border-radius:0;max-width:100%;\" \/>                            <div class=\"overlay \" style=\"z-index:4;border-radius:0;-webkit-border-radius:0;-moz-border-radius:0;-ms-border-radius:0;-o-border-radius:0;background-color:rgba(255,255,255,0.8);color:#999999;width:360px;height:260px;max-width:100%;\">\r\n                    <div class=\"overlay-content\">\r\n                        <div class=\"link-wrap\">\r\n                        <a class=\"\" title=\"\" href=\"https:\/\/calbernadas.com\/ca\/blog\/mj-primavera-estat-pur\/\" >Read more<\/a>                        <a class=\"colorbox\" href=\"https:\/\/calbernadas.com\/wp-content\/uploads\/2017\/03\/Casament_MartaJosep_El-Munt-11.jpg\"  data-rel=\"lightbox-image-7\" data-rl_title=\"\" data-rl_caption=\"\" title=\"\">Large Image<\/a>                        <\/div>\r\n                    <\/div>\r\n                <\/div>\r\n                    <\/div>\r\n        <div class=\"cshero-carousel-body\" style=\"color:#999999; text-align:left;background-color:#eeeeee;padding:20px;\">\r\n            <div class=\"cshero-carousel-inner clearfix\">\r\n                                <div class=\"cshero-carousel-meta clearfix\">\r\n                                        <span class=\"cshero-carousel-date\" style=\"text-transform:initial;font-weight:400;font-style:;color:;\">\r\n                        15 juny 2015                    <\/span>\r\n                                                                <span class=\"cshero-carousel-category\">\r\n                            in Celebracions, Celebracions_el Munt                        <\/span>\r\n                                                            <span class=\"cshero-carousel-comment\">\r\n                        No Comments                    <\/span>\r\n                                                            <span class=\"cshero-carousel-author\">admin<\/span>\r\n                                    <\/div>\r\n                                                    <h5 class=\"cshero-carousel-title\">\r\n                        <a title=\"MARTA&#038;JOSEP. PRIMAVERA EN ESTAT PUR!\" href=\"https:\/\/calbernadas.com\/ca\/blog\/mj-primavera-estat-pur\/\" rel=\"\" style=\"display:block; color:#444444; margin:0; \">\r\n                            MARTA&#038;JOSEP. PRIMAVERA EN ESTAT PUR!                        <\/a>\r\n                    <\/h5>\r\n                                \r\n                                <div class=\"cshero-carousel-post-description\">\r\n                                            <p>[vc_row][vc_column][vc_custom_heading text=\"M\u00e9s verd, m\u00e9s sol, m\u00e9s color, m\u00e9s florit ... <\/p>\r\n                                    <\/div>\r\n                            <\/div>\r\n        <\/div>\r\n            <\/div>\r\n    <h6 style=\"display:none;\">&nbsp;<\/h6><\/article>\r\n\t\t\t\t\t<\/div>\r\n\t\t\t    <\/div><div class=\"cshero-post-carousel-item-wrap\">                \t\t                <div class=\"cshero-shortcode cshero-post-carousel-item content-left\" >\r\n\t\t\t\t\t\t<article class=\"post-18255 post type-post status-publish format-standard has-post-thumbnail hentry category-celebracions category-celebracions_el-munt tag-barcelonawedding tag-bodarural tag-calbernadas tag-destinationwedding tag-elmunt tag-momentsbernadas tag-ruralwedding tag-venueforwedding tag-wedding\">\r\n    <div class=\"cshero-carousel-container\">\r\n                <div class=\"cshero-carousel-image clearfix\" style=\"width:360px;height:260px;display: block;\">\r\n            <img alt=\"\"  src=\"https:\/\/calbernadas.com\/wp-content\/uploads\/2017\/04\/15061-1004A-360x260_c.jpg\" style=\"border-radius:0;-webkit-border-radius:0;-moz-border-radius:0;-ms-border-radius:0;-o-border-radius:0;max-width:100%;\" \/>                            <div class=\"overlay \" style=\"z-index:4;border-radius:0;-webkit-border-radius:0;-moz-border-radius:0;-ms-border-radius:0;-o-border-radius:0;background-color:rgba(255,255,255,0.8);color:#999999;width:360px;height:260px;max-width:100%;\">\r\n                    <div class=\"overlay-content\">\r\n                        <div class=\"link-wrap\">\r\n                        <a class=\"\" title=\"\" href=\"https:\/\/calbernadas.com\/ca\/blog\/flying-to-munt\/\" >Read more<\/a>                        <a class=\"colorbox\" href=\"https:\/\/calbernadas.com\/wp-content\/uploads\/2017\/04\/15061-1004A.jpg\"  data-rel=\"lightbox-image-8\" data-rl_title=\"\" data-rl_caption=\"\" title=\"\">Large Image<\/a>                        <\/div>\r\n                    <\/div>\r\n                <\/div>\r\n                    <\/div>\r\n        <div class=\"cshero-carousel-body\" style=\"color:#999999; text-align:left;background-color:#eeeeee;padding:20px;\">\r\n            <div class=\"cshero-carousel-inner clearfix\">\r\n                                <div class=\"cshero-carousel-meta clearfix\">\r\n                                        <span class=\"cshero-carousel-date\" style=\"text-transform:initial;font-weight:400;font-style:;color:;\">\r\n                        15 setembre 2015                    <\/span>\r\n                                                                <span class=\"cshero-carousel-category\">\r\n                            in Celebracions, Celebracions_el Munt                        <\/span>\r\n                                                            <span class=\"cshero-carousel-comment\">\r\n                        No Comments                    <\/span>\r\n                                                            <span class=\"cshero-carousel-author\">admin<\/span>\r\n                                    <\/div>\r\n                                                    <h5 class=\"cshero-carousel-title\">\r\n                        <a title=\"TANIA&#038;GUILLE. FLYING&#8230; TO EL MUNT!\" href=\"https:\/\/calbernadas.com\/ca\/blog\/flying-to-munt\/\" rel=\"\" style=\"display:block; color:#444444; margin:0; \">\r\n                            TANIA&#038;GUILLE. FLYING&#8230; TO EL MUNT!                        <\/a>\r\n                    <\/h5>\r\n                                \r\n                                <div class=\"cshero-carousel-post-description\">\r\n                                            <p>[vc_row][vc_column][vc_column_text]La Tania i el Guille. Una parella de guapos, una parella de <\/p>\r\n                                    <\/div>\r\n                            <\/div>\r\n        <\/div>\r\n            <\/div>\r\n    <h6 style=\"display:none;\">&nbsp;<\/h6><\/article>\r\n\t\t\t\t\t<\/div>\r\n\t\t\t    <\/div><div class=\"cshero-post-carousel-item-wrap\">                \t\t                <div class=\"cshero-shortcode cshero-post-carousel-item content-left\" >\r\n\t\t\t\t\t\t<article class=\"post-17207 post type-post status-publish format-standard has-post-thumbnail hentry category-celebracions category-celebracions_el-munt\">\r\n    <div class=\"cshero-carousel-container\">\r\n                <div class=\"cshero-carousel-image clearfix\" style=\"width:360px;height:260px;display: block;\">\r\n            <img alt=\"\"  src=\"https:\/\/calbernadas.com\/wp-content\/uploads\/2017\/03\/Casament_AudreyJohn_El-Munt-13-360x260_c.jpg\" style=\"border-radius:0;-webkit-border-radius:0;-moz-border-radius:0;-ms-border-radius:0;-o-border-radius:0;max-width:100%;\" \/>                            <div class=\"overlay \" style=\"z-index:4;border-radius:0;-webkit-border-radius:0;-moz-border-radius:0;-ms-border-radius:0;-o-border-radius:0;background-color:rgba(255,255,255,0.8);color:#999999;width:360px;height:260px;max-width:100%;\">\r\n                    <div class=\"overlay-content\">\r\n                        <div class=\"link-wrap\">\r\n                        <a class=\"\" title=\"\" href=\"https:\/\/calbernadas.com\/ca\/blog\/audreyjohn-happy-1st-year-2\/\" >Read more<\/a>                        <a class=\"colorbox\" href=\"https:\/\/calbernadas.com\/wp-content\/uploads\/2017\/03\/Casament_AudreyJohn_El-Munt-13.jpg\"  data-rel=\"lightbox-image-9\" data-rl_title=\"\" data-rl_caption=\"\" title=\"\">Large Image<\/a>                        <\/div>\r\n                    <\/div>\r\n                <\/div>\r\n                    <\/div>\r\n        <div class=\"cshero-carousel-body\" style=\"color:#999999; text-align:left;background-color:#eeeeee;padding:20px;\">\r\n            <div class=\"cshero-carousel-inner clearfix\">\r\n                                <div class=\"cshero-carousel-meta clearfix\">\r\n                                        <span class=\"cshero-carousel-date\" style=\"text-transform:initial;font-weight:400;font-style:;color:;\">\r\n                        20 setembre 2015                    <\/span>\r\n                                                                <span class=\"cshero-carousel-category\">\r\n                            in Celebracions, Celebracions_el Munt                        <\/span>\r\n                                                            <span class=\"cshero-carousel-comment\">\r\n                        No Comments                    <\/span>\r\n                                                            <span class=\"cshero-carousel-author\">admin<\/span>\r\n                                    <\/div>\r\n                                                    <h5 class=\"cshero-carousel-title\">\r\n                        <a title=\"AUDREY&#038;JOHN. HAPPY 1ST YEAR!\" href=\"https:\/\/calbernadas.com\/ca\/blog\/audreyjohn-happy-1st-year-2\/\" rel=\"\" style=\"display:block; color:#444444; margin:0; \">\r\n                            AUDREY&#038;JOHN. HAPPY 1ST YEAR!                        <\/a>\r\n                    <\/h5>\r\n                                \r\n                                <div class=\"cshero-carousel-post-description\">\r\n                                            <p>[vc_row][vc_column][vc_custom_heading text=\"Happy 1st <\/p>\r\n                                    <\/div>\r\n                            <\/div>\r\n        <\/div>\r\n            <\/div>\r\n    <h6 style=\"display:none;\">&nbsp;<\/h6><\/article>\r\n\t\t\t\t\t<\/div>\r\n\t\t\t    <\/div><div class=\"cshero-post-carousel-item-wrap\">                \t\t                <div class=\"cshero-shortcode cshero-post-carousel-item content-left\" >\r\n\t\t\t\t\t\t<article class=\"post-17078 post type-post status-publish format-standard has-post-thumbnail hentry category-turisme-rural category-turisme-rural_el-munt\">\r\n    <div class=\"cshero-carousel-container\">\r\n                <div class=\"cshero-carousel-image clearfix\" style=\"width:360px;height:260px;display: block;\">\r\n            <img alt=\"\"  src=\"https:\/\/calbernadas.com\/wp-content\/uploads\/2017\/03\/Montse-Giralt2-360x260_c.jpg\" style=\"border-radius:0;-webkit-border-radius:0;-moz-border-radius:0;-ms-border-radius:0;-o-border-radius:0;max-width:100%;\" \/>                            <div class=\"overlay \" style=\"z-index:4;border-radius:0;-webkit-border-radius:0;-moz-border-radius:0;-ms-border-radius:0;-o-border-radius:0;background-color:rgba(255,255,255,0.8);color:#999999;width:360px;height:260px;max-width:100%;\">\r\n                    <div class=\"overlay-content\">\r\n                        <div class=\"link-wrap\">\r\n                        <a class=\"\" title=\"\" href=\"https:\/\/calbernadas.com\/ca\/blog\/flow-2\/\" >Read more<\/a>                        <a class=\"colorbox\" href=\"https:\/\/calbernadas.com\/wp-content\/uploads\/2017\/03\/Montse-Giralt2.jpg\"  data-rel=\"lightbox-image-10\" data-rl_title=\"\" data-rl_caption=\"\" title=\"\">Large Image<\/a>                        <\/div>\r\n                    <\/div>\r\n                <\/div>\r\n                    <\/div>\r\n        <div class=\"cshero-carousel-body\" style=\"color:#999999; text-align:left;background-color:#eeeeee;padding:20px;\">\r\n            <div class=\"cshero-carousel-inner clearfix\">\r\n                                <div class=\"cshero-carousel-meta clearfix\">\r\n                                        <span class=\"cshero-carousel-date\" style=\"text-transform:initial;font-weight:400;font-style:;color:;\">\r\n                        11 gener 2016                    <\/span>\r\n                                                                <span class=\"cshero-carousel-category\">\r\n                            in Turisme rural, Turisme rural_el Munt                        <\/span>\r\n                                                            <span class=\"cshero-carousel-comment\">\r\n                        No Comments                    <\/span>\r\n                                                            <span class=\"cshero-carousel-author\">admin<\/span>\r\n                                    <\/div>\r\n                                                    <h5 class=\"cshero-carousel-title\">\r\n                        <a title=\"FLOW\" href=\"https:\/\/calbernadas.com\/ca\/blog\/flow-2\/\" rel=\"\" style=\"display:block; color:#444444; margin:0; \">\r\n                            FLOW                        <\/a>\r\n                    <\/h5>\r\n                                \r\n                                <div class=\"cshero-carousel-post-description\">\r\n                                            <p>[vc_row][vc_column][vc_column_text]Flow\u00a0\u00e9s el t\u00edtol d'aquest gran projecte de Montse Giralt, <\/p>\r\n                                    <\/div>\r\n                            <\/div>\r\n        <\/div>\r\n            <\/div>\r\n    <h6 style=\"display:none;\">&nbsp;<\/h6><\/article>\r\n\t\t\t\t\t<\/div>\r\n\t\t\t    <\/div><div class=\"cshero-post-carousel-item-wrap\">                \t\t                <div class=\"cshero-shortcode cshero-post-carousel-item content-left\" >\r\n\t\t\t\t\t\t<article class=\"post-18827 post type-post status-publish format-standard has-post-thumbnail hentry category-celebracions category-celebracions_el-munt tag-barcelonawedding tag-boda tag-bodabarcelona tag-bodarural tag-bodas tag-calbernadas tag-destinationwedding tag-elmunt tag-momentsbernadas tag-ruralwedding tag-venueforwedding tag-wedding tag-weddingabroad\">\r\n    <div class=\"cshero-carousel-container\">\r\n                <div class=\"cshero-carousel-image clearfix\" style=\"width:360px;height:260px;display: block;\">\r\n            <img alt=\"\"  src=\"https:\/\/calbernadas.com\/wp-content\/uploads\/2017\/07\/BODAJUANANMIREIA-461A.-Boda-el-Munt.-Mireia-i-Juanan-360x260_c.jpg\" style=\"border-radius:0;-webkit-border-radius:0;-moz-border-radius:0;-ms-border-radius:0;-o-border-radius:0;max-width:100%;\" \/>                            <div class=\"overlay \" style=\"z-index:4;border-radius:0;-webkit-border-radius:0;-moz-border-radius:0;-ms-border-radius:0;-o-border-radius:0;background-color:rgba(255,255,255,0.8);color:#999999;width:360px;height:260px;max-width:100%;\">\r\n                    <div class=\"overlay-content\">\r\n                        <div class=\"link-wrap\">\r\n                        <a class=\"\" title=\"\" href=\"https:\/\/calbernadas.com\/ca\/blog\/mireiajuanan-una-parella-molt-bonica\/\" >Read more<\/a>                        <a class=\"colorbox\" href=\"https:\/\/calbernadas.com\/wp-content\/uploads\/2017\/07\/BODAJUANANMIREIA-461A.-Boda-el-Munt.-Mireia-i-Juanan.jpg\"  data-rel=\"lightbox-image-11\" data-rl_title=\"\" data-rl_caption=\"\" title=\"\">Large Image<\/a>                        <\/div>\r\n                    <\/div>\r\n                <\/div>\r\n                    <\/div>\r\n        <div class=\"cshero-carousel-body\" style=\"color:#999999; text-align:left;background-color:#eeeeee;padding:20px;\">\r\n            <div class=\"cshero-carousel-inner clearfix\">\r\n                                <div class=\"cshero-carousel-meta clearfix\">\r\n                                        <span class=\"cshero-carousel-date\" style=\"text-transform:initial;font-weight:400;font-style:;color:;\">\r\n                        25 gener 2016                    <\/span>\r\n                                                                <span class=\"cshero-carousel-category\">\r\n                            in Celebracions, Celebracions_el Munt                        <\/span>\r\n                                                            <span class=\"cshero-carousel-comment\">\r\n                        No Comments                    <\/span>\r\n                                                            <span class=\"cshero-carousel-author\">admin<\/span>\r\n                                    <\/div>\r\n                                                    <h5 class=\"cshero-carousel-title\">\r\n                        <a title=\"MIREIA&#038;JUANAN. UNA PARELLA ENCANTADORA\" href=\"https:\/\/calbernadas.com\/ca\/blog\/mireiajuanan-una-parella-molt-bonica\/\" rel=\"\" style=\"display:block; color:#444444; margin:0; \">\r\n                            MIREIA&#038;JUANAN. UNA PARELLA ENCANTADORA                        <\/a>\r\n                    <\/h5>\r\n                                \r\n                                <div class=\"cshero-carousel-post-description\">\r\n                                            <p>[vc_row][vc_column][vc_column_text]Una cerim\u00f2nia enmig del bosc, un aperitiu al jard\u00ed i un <\/p>\r\n                                    <\/div>\r\n                            <\/div>\r\n        <\/div>\r\n            <\/div>\r\n    <h6 style=\"display:none;\">&nbsp;<\/h6><\/article>\r\n\t\t\t\t\t<\/div>\r\n\t\t\t    <\/div>\t\t\t<\/div>\r\n\t\t<\/div>\r\n\t\t\t\t\t<div class=\"cshero-control pager-center text-center default\"><\/div>\r\n\t\t\t\t        <div class=\"cshero-nav text-center default\">\r\n            <ul>\r\n                <li class=\"prev\" style=\"left:;\"><\/li>\r\n                <li class=\"next\" style=\"right:;\"><\/li>\r\n            <\/ul>\r\n        <\/div>\r\n    \t\t        <\/div>\r\n[\/vc_column][\/vc_row][vc_row css=&#8221;.vc_custom_1418098718483{margin-bottom: 80px !important;border-bottom-width: 1px !important;padding-bottom: 80px !important;border-bottom-color: #eeeeee !important;border-bottom-style: solid !important;}&#8221; full_width=&#8221;false&#8221; parallax_speed=&#8221;0.8&#8243; bg_video_transparent=&#8221;0&#8243; height_engle=&#8221;60px&#8221; height_engle_style2=&#8221;60px&#8221;][vc_column][cs_custom_heading text=&#8221;DEFAULT &#8211; CUSTOMIZED 1&#8243; font_container=&#8221;tag:h2|font_size:30px|text_align:center&#8221; style=&#8221;title-bottom-line&#8221; title_bottom_line_width=&#8221;40px&#8221; title_bottom_line_height=&#8221;3px&#8221; title_bottom_line_color=&#8221;#dddddd&#8221; title_bottom_line_margin_bottom=&#8221;40px&#8221; css=&#8221;.vc_custom_1419318808360{margin-bottom: 20px !important;}&#8221;]\t<div id=\"cshero_post_carousel_1777625342_169f468fef23b6\" class=\"cshero-post-carousel postcarousel-default \">\r\n\t\t<style type=\"text\/css\" scoped>\r\n\t\t\t#cshero_post_carousel_1777625342_169f468fef23b6 article:hover .cshero-carousel-body{color: !important; background-color: !important; }\r\n\t\t\t#cshero_post_carousel_1777625342_169f468fef23b6 article:hover .cshero-carousel-title a{color: !important; }\r\n\t\t\t#cshero_post_carousel_1777625342_169f468fef23b6 .link-wrap a{ color: ;}\r\n\t\t\t#cshero_post_carousel_1777625342_169f468fef23b6 .link-wrap a:hover{ color: ;}\r\n\t\t\t#cshero_post_carousel_1777625342_169f468fef23b6 .link-wrap [class*='icon-box-']:hover .fa,\r\n\t\t\t#cshero_post_carousel_1777625342_169f468fef23b6 .link-wrap [class^='icon-box-']:hover .fa{border-color:;}\r\n\t\t<\/style>\r\n\t            <div class=\"cshero-post-carousel-list \">\r\n            <div id=\"cshero_post_carousel1777625342_169f468fef23b6\" data-mode=\"horizontal\" data-moveslides=\"3\" data-auto=\"0\" data-speed=\"500\" data-prevselector=\"#cshero_post_carousel_1777625342_169f468fef23b6 .prev\" data-nextselector=\"#cshero_post_carousel_1777625342_169f468fef23b6 .next\" data-prevText=\"<i class='fa fa-angle-left'><\/i>\" data-nextText=\"<i class='fa fa-angle-right'><\/i>\" data-pagerSelector=\"#cshero_post_carousel_1777625342_169f468fef23b6 .cshero-control\" data-onsliderload=\"true\" data-touchenabled=\"1\" data-controls=\"true\" data-pager=\"1\" data-pause=\"4000\" data-infiniteloop=\"true\" data-adaptiveheight=\"true\"  data-autohover=\"true\" data-slidemargin=\"30\" data-maxslides=\"3\" data-minslides=\"1\" data-slidewidth=\"360\" data-slideselector=\"\" data-easing=\"swing\" data-usecss=\"\" data-resize=\"1\" class=\"slider jm-bxslider\">\r\n                <div class=\"cshero-post-carousel-item-wrap\">                \t\t                <div class=\"cshero-shortcode cshero-post-carousel-item content-center\" >\r\n\t\t\t\t\t\t<article class=\"post-12245 post type-post status-publish format-standard has-post-thumbnail hentry category-turisme-rural category-turisme-rural_el-munt\">\r\n    <div class=\"cshero-carousel-container\">\r\n                <div class=\"cshero-carousel-image clearfix\" style=\"width:360px;height:260px;display: block;\">\r\n            <img alt=\"\"  src=\"https:\/\/calbernadas.com\/wp-content\/uploads\/2016\/10\/20140326-BLOC-360x260_c.jpg\" style=\"border-radius:0;-webkit-border-radius:0;-moz-border-radius:0;-ms-border-radius:0;-o-border-radius:0;max-width:100%;\" \/>                    <\/div>\r\n        <div class=\"cshero-carousel-body\" style=\"color:; text-align:center;background-color:;padding:20px 0 0 0;\">\r\n            <div class=\"cshero-carousel-inner clearfix\">\r\n                                <div class=\"cshero-carousel-meta clearfix\">\r\n                                        <span class=\"cshero-carousel-date\" style=\"text-transform:initial;font-weight:400;font-style:;color:;\">\r\n                        25 mar\u00e7 2014                    <\/span>\r\n                                                                                                <\/div>\r\n                                                    <h5 class=\"cshero-carousel-title\">\r\n                        <a title=\"GR\u00c0CIES MARC I MIREIA!\" href=\"https:\/\/calbernadas.com\/ca\/blog\/gracies-marc-i-mireia\/\" rel=\"\" style=\"display:block; color:; margin:0; \">\r\n                            GR\u00c0CIES MARC I MIREIA!                        <\/a>\r\n                    <\/h5>\r\n                                \r\n                                <div class=\"cshero-carousel-post-description\">\r\n                                            <p>[vc_row][vc_column][vc_column_text]\r\nJa fa uns quants dies que v\u00e0rem assistir a la Fira Nuvis a <\/p>\r\n                                    <\/div>\r\n                            <\/div>\r\n        <\/div>\r\n            <\/div>\r\n    <h6 style=\"display:none;\">&nbsp;<\/h6><\/article>\r\n\t\t\t\t\t<\/div>\r\n\t\t\t    <\/div><div class=\"cshero-post-carousel-item-wrap\">                \t\t                <div class=\"cshero-shortcode cshero-post-carousel-item content-center\" >\r\n\t\t\t\t\t\t<article class=\"post-17021 post type-post status-publish format-standard has-post-thumbnail hentry category-celebracions category-celebracions_el-munt tag-barcelonawedding tag-boda tag-calbernadas tag-casament tag-destinationwedding tag-elmunt tag-momentsbernadas tag-ruralwedding tag-venueinbarcelona tag-wedding\">\r\n    <div class=\"cshero-carousel-container\">\r\n                <div class=\"cshero-carousel-image clearfix\" style=\"width:360px;height:260px;display: block;\">\r\n            <img alt=\"\"  src=\"https:\/\/calbernadas.com\/wp-content\/uploads\/2017\/03\/14_140524_3349web-360x260_c.jpg\" style=\"border-radius:0;-webkit-border-radius:0;-moz-border-radius:0;-ms-border-radius:0;-o-border-radius:0;max-width:100%;\" \/>                    <\/div>\r\n        <div class=\"cshero-carousel-body\" style=\"color:; text-align:center;background-color:;padding:20px 0 0 0;\">\r\n            <div class=\"cshero-carousel-inner clearfix\">\r\n                                <div class=\"cshero-carousel-meta clearfix\">\r\n                                        <span class=\"cshero-carousel-date\" style=\"text-transform:initial;font-weight:400;font-style:;color:;\">\r\n                        31 maig 2014                    <\/span>\r\n                                                                                                <\/div>\r\n                                                    <h5 class=\"cshero-carousel-title\">\r\n                        <a title=\"DOS M\u00d3NS UNITS EN UN\" href=\"https:\/\/calbernadas.com\/ca\/blog\/dos-mons-units-2\/\" rel=\"\" style=\"display:block; color:; margin:0; \">\r\n                            DOS M\u00d3NS UNITS EN UN                        <\/a>\r\n                    <\/h5>\r\n                                \r\n                                <div class=\"cshero-carousel-post-description\">\r\n                                            <p>[vc_row][vc_column][vc_column_text]\r\nQu\u00e8 res millor que ensenyar-vos algunes de les fotos del <\/p>\r\n                                    <\/div>\r\n                            <\/div>\r\n        <\/div>\r\n            <\/div>\r\n    <h6 style=\"display:none;\">&nbsp;<\/h6><\/article>\r\n\t\t\t\t\t<\/div>\r\n\t\t\t    <\/div><div class=\"cshero-post-carousel-item-wrap\">                \t\t                <div class=\"cshero-shortcode cshero-post-carousel-item content-center\" >\r\n\t\t\t\t\t\t<article class=\"post-16944 post type-post status-publish format-standard has-post-thumbnail hentry category-celebracions category-celebracions_el-munt category-celebracions_wedding-planner\">\r\n    <div class=\"cshero-carousel-container\">\r\n                <div class=\"cshero-carousel-image clearfix\" style=\"width:360px;height:260px;display: block;\">\r\n            <img alt=\"\"  src=\"https:\/\/calbernadas.com\/wp-content\/uploads\/2017\/03\/JJ_TOP_195-360x260_c.jpg\" style=\"border-radius:0;-webkit-border-radius:0;-moz-border-radius:0;-ms-border-radius:0;-o-border-radius:0;max-width:100%;\" \/>                    <\/div>\r\n        <div class=\"cshero-carousel-body\" style=\"color:; text-align:center;background-color:;padding:20px 0 0 0;\">\r\n            <div class=\"cshero-carousel-inner clearfix\">\r\n                                <div class=\"cshero-carousel-meta clearfix\">\r\n                                        <span class=\"cshero-carousel-date\" style=\"text-transform:initial;font-weight:400;font-style:;color:;\">\r\n                        08 juliol 2014                    <\/span>\r\n                                                                                                <\/div>\r\n                                                    <h5 class=\"cshero-carousel-title\">\r\n                        <a title=\"IT&#8217;S RAINING, BE HAPPY!\" href=\"https:\/\/calbernadas.com\/ca\/blog\/its-raining-be-happy-2\/\" rel=\"\" style=\"display:block; color:; margin:0; \">\r\n                            IT&#8217;S RAINING, BE HAPPY!                        <\/a>\r\n                    <\/h5>\r\n                                \r\n                                <div class=\"cshero-carousel-post-description\">\r\n                                            <p>[vc_row][vc_column][vc_column_text]La Joanna i el Julian s\u00f3n una parella suec xilena que es va <\/p>\r\n                                    <\/div>\r\n                            <\/div>\r\n        <\/div>\r\n            <\/div>\r\n    <h6 style=\"display:none;\">&nbsp;<\/h6><\/article>\r\n\t\t\t\t\t<\/div>\r\n\t\t\t    <\/div><div class=\"cshero-post-carousel-item-wrap\">                \t\t                <div class=\"cshero-shortcode cshero-post-carousel-item content-center\" >\r\n\t\t\t\t\t\t<article class=\"post-18515 post type-post status-publish format-standard has-post-thumbnail hentry category-celebracions category-celebracions_el-munt category-celebracions_wedding-planner tag-barcelonawedding tag-boda tag-bodabarcelona tag-bodarural tag-calbernadas tag-destinationwedding tag-elmunt tag-momentsbernadas tag-ruralwedding tag-venueforwedding tag-villaforvenue tag-wedding tag-weddingabroad\">\r\n    <div class=\"cshero-carousel-container\">\r\n                <div class=\"cshero-carousel-image clearfix\" style=\"width:360px;height:260px;display: block;\">\r\n            <img alt=\"\"  src=\"https:\/\/calbernadas.com\/wp-content\/uploads\/2017\/06\/05-Wedding-Cal-Bernadas-564-360x260_c.jpg\" style=\"border-radius:0;-webkit-border-radius:0;-moz-border-radius:0;-ms-border-radius:0;-o-border-radius:0;max-width:100%;\" \/>                    <\/div>\r\n        <div class=\"cshero-carousel-body\" style=\"color:; text-align:center;background-color:;padding:20px 0 0 0;\">\r\n            <div class=\"cshero-carousel-inner clearfix\">\r\n                                <div class=\"cshero-carousel-meta clearfix\">\r\n                                        <span class=\"cshero-carousel-date\" style=\"text-transform:initial;font-weight:400;font-style:;color:;\">\r\n                        10 desembre 2014                    <\/span>\r\n                                                                                                <\/div>\r\n                                                    <h5 class=\"cshero-carousel-title\">\r\n                        <a title=\"KRISTY&#038;MARK. FUN, FUN, FUN!\" href=\"https:\/\/calbernadas.com\/ca\/blog\/kristymark-fun-fun-fun\/\" rel=\"\" style=\"display:block; color:; margin:0; \">\r\n                            KRISTY&#038;MARK. FUN, FUN, FUN!                        <\/a>\r\n                    <\/h5>\r\n                                \r\n                                <div class=\"cshero-carousel-post-description\">\r\n                                            <p>[vc_row][vc_column][vc_column_text]La boda de la Kristy i el Mark va comen\u00e7ar b\u00e9, per\u00f2 va <\/p>\r\n                                    <\/div>\r\n                            <\/div>\r\n        <\/div>\r\n            <\/div>\r\n    <h6 style=\"display:none;\">&nbsp;<\/h6><\/article>\r\n\t\t\t\t\t<\/div>\r\n\t\t\t    <\/div><div class=\"cshero-post-carousel-item-wrap\">                \t\t                <div class=\"cshero-shortcode cshero-post-carousel-item content-center\" >\r\n\t\t\t\t\t\t<article class=\"post-18761 post type-post status-publish format-standard has-post-thumbnail hentry category-celebracions category-celebracions_el-munt category-celebracions_wedding-planner tag-barcelonawedding tag-boda tag-bodabarcelona tag-bodarural tag-calbernadas tag-destinationwedding tag-elmunt tag-momentsbernadas tag-ruralwedding tag-venueforwedding tag-wedding tag-weddingabroad tag-wee\">\r\n    <div class=\"cshero-carousel-container\">\r\n                <div class=\"cshero-carousel-image clearfix\" style=\"width:360px;height:260px;display: block;\">\r\n            <img alt=\"\"  src=\"https:\/\/calbernadas.com\/wp-content\/uploads\/2017\/06\/05-Wedding-Cal-Bernadas-197a-360x260_c.jpg\" style=\"border-radius:0;-webkit-border-radius:0;-moz-border-radius:0;-ms-border-radius:0;-o-border-radius:0;max-width:100%;\" \/>                    <\/div>\r\n        <div class=\"cshero-carousel-body\" style=\"color:; text-align:center;background-color:;padding:20px 0 0 0;\">\r\n            <div class=\"cshero-carousel-inner clearfix\">\r\n                                <div class=\"cshero-carousel-meta clearfix\">\r\n                                        <span class=\"cshero-carousel-date\" style=\"text-transform:initial;font-weight:400;font-style:;color:;\">\r\n                        10 desembre 2014                    <\/span>\r\n                                                                                                <\/div>\r\n                                                    <h5 class=\"cshero-carousel-title\">\r\n                        <a title=\"KRISTY&#038;MARK. QUAN COMEN\u00c7A EL DIA &#8220;B&#8221;?\" href=\"https:\/\/calbernadas.com\/ca\/blog\/kristymark-quan-comenca-dia-b\/\" rel=\"\" style=\"display:block; color:; margin:0; \">\r\n                            KRISTY&#038;MARK. QUAN COMEN\u00c7A EL DIA &#8220;B&#8221;?                        <\/a>\r\n                    <\/h5>\r\n                                \r\n                                <div class=\"cshero-carousel-post-description\">\r\n                                            <p>[vc_row][vc_column][vc_column_text]Quan comen\u00e7a el dia B? A l\u2019entrada del nuvi a la cerim\u00f2nia? <\/p>\r\n                                    <\/div>\r\n                            <\/div>\r\n        <\/div>\r\n            <\/div>\r\n    <h6 style=\"display:none;\">&nbsp;<\/h6><\/article>\r\n\t\t\t\t\t<\/div>\r\n\t\t\t    <\/div><div class=\"cshero-post-carousel-item-wrap\">                \t\t                <div class=\"cshero-shortcode cshero-post-carousel-item content-center\" >\r\n\t\t\t\t\t\t<article class=\"post-17098 post type-post status-publish format-standard has-post-thumbnail hentry category-celebracions category-celebracions_el-munt category-celebracions_wedding-planner tag-barcelonavenue tag-calbernadas tag-destinationwedding tag-elmunt tag-momentsbernadas tag-ruralwedding tag-venueforwedding tag-wedding\">\r\n    <div class=\"cshero-carousel-container\">\r\n                <div class=\"cshero-carousel-image clearfix\" style=\"width:360px;height:260px;display: block;\">\r\n            <img alt=\"\"  src=\"https:\/\/calbernadas.com\/wp-content\/uploads\/2017\/03\/ErnestaTadas_-33-360x260_c.jpg\" style=\"border-radius:0;-webkit-border-radius:0;-moz-border-radius:0;-ms-border-radius:0;-o-border-radius:0;max-width:100%;\" \/>                    <\/div>\r\n        <div class=\"cshero-carousel-body\" style=\"color:; text-align:center;background-color:;padding:20px 0 0 0;\">\r\n            <div class=\"cshero-carousel-inner clearfix\">\r\n                                <div class=\"cshero-carousel-meta clearfix\">\r\n                                        <span class=\"cshero-carousel-date\" style=\"text-transform:initial;font-weight:400;font-style:;color:;\">\r\n                        19 desembre 2014                    <\/span>\r\n                                                                                                <\/div>\r\n                                                    <h5 class=\"cshero-carousel-title\">\r\n                        <a title=\"DE LITU\u00c0NIA DIRECTE A EL MUNT\" href=\"https:\/\/calbernadas.com\/ca\/blog\/lituania-directe-munt\/\" rel=\"\" style=\"display:block; color:; margin:0; \">\r\n                            DE LITU\u00c0NIA DIRECTE A EL MUNT                        <\/a>\r\n                    <\/h5>\r\n                                \r\n                                <div class=\"cshero-carousel-post-description\">\r\n                                            <p>[vc_row][vc_column][vc_column_text]Si, si. De Litu\u00e0nia directe a El Munt. Arribada a la casa el <\/p>\r\n                                    <\/div>\r\n                            <\/div>\r\n        <\/div>\r\n            <\/div>\r\n    <h6 style=\"display:none;\">&nbsp;<\/h6><\/article>\r\n\t\t\t\t\t<\/div>\r\n\t\t\t    <\/div><div class=\"cshero-post-carousel-item-wrap\">                \t\t                <div class=\"cshero-shortcode cshero-post-carousel-item content-center\" >\r\n\t\t\t\t\t\t<article class=\"post-17175 post type-post status-publish format-standard has-post-thumbnail hentry category-celebracions category-celebracions_el-munt tag-barcelonawedding tag-boda tag-bodarural tag-calbernadas tag-destinationwedding tag-elmunt tag-momentsbernadas tag-ruralwedding tag-venueforwedding tag-wedding\">\r\n    <div class=\"cshero-carousel-container\">\r\n                <div class=\"cshero-carousel-image clearfix\" style=\"width:360px;height:260px;display: block;\">\r\n            <img alt=\"\"  src=\"https:\/\/calbernadas.com\/wp-content\/uploads\/2017\/03\/Casament_AnnaFeliu_El-Munt-23-360x260_c.jpg\" style=\"border-radius:0;-webkit-border-radius:0;-moz-border-radius:0;-ms-border-radius:0;-o-border-radius:0;max-width:100%;\" \/>                    <\/div>\r\n        <div class=\"cshero-carousel-body\" style=\"color:; text-align:center;background-color:;padding:20px 0 0 0;\">\r\n            <div class=\"cshero-carousel-inner clearfix\">\r\n                                <div class=\"cshero-carousel-meta clearfix\">\r\n                                        <span class=\"cshero-carousel-date\" style=\"text-transform:initial;font-weight:400;font-style:;color:;\">\r\n                        01 juny 2015                    <\/span>\r\n                                                                                                <\/div>\r\n                                                    <h5 class=\"cshero-carousel-title\">\r\n                        <a title=\"ANNA&#038;FELIU. ESTRENEM TEMPORADA BLOGUERA!\" href=\"https:\/\/calbernadas.com\/ca\/blog\/af-estrenem-temporada-bloguera-2\/\" rel=\"\" style=\"display:block; color:; margin:0; \">\r\n                            ANNA&#038;FELIU. ESTRENEM TEMPORADA BLOGUERA!                        <\/a>\r\n                    <\/h5>\r\n                                \r\n                                <div class=\"cshero-carousel-post-description\">\r\n                                            <p>[vc_row][vc_column][vc_custom_heading text=\"Engeguem <\/p>\r\n                                    <\/div>\r\n                            <\/div>\r\n        <\/div>\r\n            <\/div>\r\n    <h6 style=\"display:none;\">&nbsp;<\/h6><\/article>\r\n\t\t\t\t\t<\/div>\r\n\t\t\t    <\/div><div class=\"cshero-post-carousel-item-wrap\">                \t\t                <div class=\"cshero-shortcode cshero-post-carousel-item content-center\" >\r\n\t\t\t\t\t\t<article class=\"post-17270 post type-post status-publish format-standard has-post-thumbnail hentry category-celebracions category-celebracions_el-munt tag-barcelonavenue tag-barcelonawedding tag-boda tag-bodarural tag-calbernadas tag-destinationwedding tag-elmunt tag-momentsbernadas tag-rural tag-ruralwedding tag-venueinbarcelona tag-wedding\">\r\n    <div class=\"cshero-carousel-container\">\r\n                <div class=\"cshero-carousel-image clearfix\" style=\"width:360px;height:260px;display: block;\">\r\n            <img alt=\"\"  src=\"https:\/\/calbernadas.com\/wp-content\/uploads\/2017\/03\/Casament_MartaJosep_El-Munt-11-360x260_c.jpg\" style=\"border-radius:0;-webkit-border-radius:0;-moz-border-radius:0;-ms-border-radius:0;-o-border-radius:0;max-width:100%;\" \/>                    <\/div>\r\n        <div class=\"cshero-carousel-body\" style=\"color:; text-align:center;background-color:;padding:20px 0 0 0;\">\r\n            <div class=\"cshero-carousel-inner clearfix\">\r\n                                <div class=\"cshero-carousel-meta clearfix\">\r\n                                        <span class=\"cshero-carousel-date\" style=\"text-transform:initial;font-weight:400;font-style:;color:;\">\r\n                        15 juny 2015                    <\/span>\r\n                                                                                                <\/div>\r\n                                                    <h5 class=\"cshero-carousel-title\">\r\n                        <a title=\"MARTA&#038;JOSEP. PRIMAVERA EN ESTAT PUR!\" href=\"https:\/\/calbernadas.com\/ca\/blog\/mj-primavera-estat-pur\/\" rel=\"\" style=\"display:block; color:; margin:0; \">\r\n                            MARTA&#038;JOSEP. PRIMAVERA EN ESTAT PUR!                        <\/a>\r\n                    <\/h5>\r\n                                \r\n                                <div class=\"cshero-carousel-post-description\">\r\n                                            <p>[vc_row][vc_column][vc_custom_heading text=\"M\u00e9s verd, m\u00e9s sol, m\u00e9s color, m\u00e9s florit ... <\/p>\r\n                                    <\/div>\r\n                            <\/div>\r\n        <\/div>\r\n            <\/div>\r\n    <h6 style=\"display:none;\">&nbsp;<\/h6><\/article>\r\n\t\t\t\t\t<\/div>\r\n\t\t\t    <\/div><div class=\"cshero-post-carousel-item-wrap\">                \t\t                <div class=\"cshero-shortcode cshero-post-carousel-item content-center\" >\r\n\t\t\t\t\t\t<article class=\"post-18255 post type-post status-publish format-standard has-post-thumbnail hentry category-celebracions category-celebracions_el-munt tag-barcelonawedding tag-bodarural tag-calbernadas tag-destinationwedding tag-elmunt tag-momentsbernadas tag-ruralwedding tag-venueforwedding tag-wedding\">\r\n    <div class=\"cshero-carousel-container\">\r\n                <div class=\"cshero-carousel-image clearfix\" style=\"width:360px;height:260px;display: block;\">\r\n            <img alt=\"\"  src=\"https:\/\/calbernadas.com\/wp-content\/uploads\/2017\/04\/15061-1004A-360x260_c.jpg\" style=\"border-radius:0;-webkit-border-radius:0;-moz-border-radius:0;-ms-border-radius:0;-o-border-radius:0;max-width:100%;\" \/>                    <\/div>\r\n        <div class=\"cshero-carousel-body\" style=\"color:; text-align:center;background-color:;padding:20px 0 0 0;\">\r\n            <div class=\"cshero-carousel-inner clearfix\">\r\n                                <div class=\"cshero-carousel-meta clearfix\">\r\n                                        <span class=\"cshero-carousel-date\" style=\"text-transform:initial;font-weight:400;font-style:;color:;\">\r\n                        15 setembre 2015                    <\/span>\r\n                                                                                                <\/div>\r\n                                                    <h5 class=\"cshero-carousel-title\">\r\n                        <a title=\"TANIA&#038;GUILLE. FLYING&#8230; TO EL MUNT!\" href=\"https:\/\/calbernadas.com\/ca\/blog\/flying-to-munt\/\" rel=\"\" style=\"display:block; color:; margin:0; \">\r\n                            TANIA&#038;GUILLE. FLYING&#8230; TO EL MUNT!                        <\/a>\r\n                    <\/h5>\r\n                                \r\n                                <div class=\"cshero-carousel-post-description\">\r\n                                            <p>[vc_row][vc_column][vc_column_text]La Tania i el Guille. Una parella de guapos, una parella de <\/p>\r\n                                    <\/div>\r\n                            <\/div>\r\n        <\/div>\r\n            <\/div>\r\n    <h6 style=\"display:none;\">&nbsp;<\/h6><\/article>\r\n\t\t\t\t\t<\/div>\r\n\t\t\t    <\/div><div class=\"cshero-post-carousel-item-wrap\">                \t\t                <div class=\"cshero-shortcode cshero-post-carousel-item content-center\" >\r\n\t\t\t\t\t\t<article class=\"post-17207 post type-post status-publish format-standard has-post-thumbnail hentry category-celebracions category-celebracions_el-munt\">\r\n    <div class=\"cshero-carousel-container\">\r\n                <div class=\"cshero-carousel-image clearfix\" style=\"width:360px;height:260px;display: block;\">\r\n            <img alt=\"\"  src=\"https:\/\/calbernadas.com\/wp-content\/uploads\/2017\/03\/Casament_AudreyJohn_El-Munt-13-360x260_c.jpg\" style=\"border-radius:0;-webkit-border-radius:0;-moz-border-radius:0;-ms-border-radius:0;-o-border-radius:0;max-width:100%;\" \/>                    <\/div>\r\n        <div class=\"cshero-carousel-body\" style=\"color:; text-align:center;background-color:;padding:20px 0 0 0;\">\r\n            <div class=\"cshero-carousel-inner clearfix\">\r\n                                <div class=\"cshero-carousel-meta clearfix\">\r\n                                        <span class=\"cshero-carousel-date\" style=\"text-transform:initial;font-weight:400;font-style:;color:;\">\r\n                        20 setembre 2015                    <\/span>\r\n                                                                                                <\/div>\r\n                                                    <h5 class=\"cshero-carousel-title\">\r\n                        <a title=\"AUDREY&#038;JOHN. HAPPY 1ST YEAR!\" href=\"https:\/\/calbernadas.com\/ca\/blog\/audreyjohn-happy-1st-year-2\/\" rel=\"\" style=\"display:block; color:; margin:0; \">\r\n                            AUDREY&#038;JOHN. HAPPY 1ST YEAR!                        <\/a>\r\n                    <\/h5>\r\n                                \r\n                                <div class=\"cshero-carousel-post-description\">\r\n                                            <p>[vc_row][vc_column][vc_custom_heading text=\"Happy 1st <\/p>\r\n                                    <\/div>\r\n                            <\/div>\r\n        <\/div>\r\n            <\/div>\r\n    <h6 style=\"display:none;\">&nbsp;<\/h6><\/article>\r\n\t\t\t\t\t<\/div>\r\n\t\t\t    <\/div><div class=\"cshero-post-carousel-item-wrap\">                \t\t                <div class=\"cshero-shortcode cshero-post-carousel-item content-center\" >\r\n\t\t\t\t\t\t<article class=\"post-17078 post type-post status-publish format-standard has-post-thumbnail hentry category-turisme-rural category-turisme-rural_el-munt\">\r\n    <div class=\"cshero-carousel-container\">\r\n                <div class=\"cshero-carousel-image clearfix\" style=\"width:360px;height:260px;display: block;\">\r\n            <img alt=\"\"  src=\"https:\/\/calbernadas.com\/wp-content\/uploads\/2017\/03\/Montse-Giralt2-360x260_c.jpg\" style=\"border-radius:0;-webkit-border-radius:0;-moz-border-radius:0;-ms-border-radius:0;-o-border-radius:0;max-width:100%;\" \/>                    <\/div>\r\n        <div class=\"cshero-carousel-body\" style=\"color:; text-align:center;background-color:;padding:20px 0 0 0;\">\r\n            <div class=\"cshero-carousel-inner clearfix\">\r\n                                <div class=\"cshero-carousel-meta clearfix\">\r\n                                        <span class=\"cshero-carousel-date\" style=\"text-transform:initial;font-weight:400;font-style:;color:;\">\r\n                        11 gener 2016                    <\/span>\r\n                                                                                                <\/div>\r\n                                                    <h5 class=\"cshero-carousel-title\">\r\n                        <a title=\"FLOW\" href=\"https:\/\/calbernadas.com\/ca\/blog\/flow-2\/\" rel=\"\" style=\"display:block; color:; margin:0; \">\r\n                            FLOW                        <\/a>\r\n                    <\/h5>\r\n                                \r\n                                <div class=\"cshero-carousel-post-description\">\r\n                                            <p>[vc_row][vc_column][vc_column_text]Flow\u00a0\u00e9s el t\u00edtol d'aquest gran projecte de Montse Giralt, <\/p>\r\n                                    <\/div>\r\n                            <\/div>\r\n        <\/div>\r\n            <\/div>\r\n    <h6 style=\"display:none;\">&nbsp;<\/h6><\/article>\r\n\t\t\t\t\t<\/div>\r\n\t\t\t    <\/div><div class=\"cshero-post-carousel-item-wrap\">                \t\t                <div class=\"cshero-shortcode cshero-post-carousel-item content-center\" >\r\n\t\t\t\t\t\t<article class=\"post-18827 post type-post status-publish format-standard has-post-thumbnail hentry category-celebracions category-celebracions_el-munt tag-barcelonawedding tag-boda tag-bodabarcelona tag-bodarural tag-bodas tag-calbernadas tag-destinationwedding tag-elmunt tag-momentsbernadas tag-ruralwedding tag-venueforwedding tag-wedding tag-weddingabroad\">\r\n    <div class=\"cshero-carousel-container\">\r\n                <div class=\"cshero-carousel-image clearfix\" style=\"width:360px;height:260px;display: block;\">\r\n            <img alt=\"\"  src=\"https:\/\/calbernadas.com\/wp-content\/uploads\/2017\/07\/BODAJUANANMIREIA-461A.-Boda-el-Munt.-Mireia-i-Juanan-360x260_c.jpg\" style=\"border-radius:0;-webkit-border-radius:0;-moz-border-radius:0;-ms-border-radius:0;-o-border-radius:0;max-width:100%;\" \/>                    <\/div>\r\n        <div class=\"cshero-carousel-body\" style=\"color:; text-align:center;background-color:;padding:20px 0 0 0;\">\r\n            <div class=\"cshero-carousel-inner clearfix\">\r\n                                <div class=\"cshero-carousel-meta clearfix\">\r\n                                        <span class=\"cshero-carousel-date\" style=\"text-transform:initial;font-weight:400;font-style:;color:;\">\r\n                        25 gener 2016                    <\/span>\r\n                                                                                                <\/div>\r\n                                                    <h5 class=\"cshero-carousel-title\">\r\n                        <a title=\"MIREIA&#038;JUANAN. UNA PARELLA ENCANTADORA\" href=\"https:\/\/calbernadas.com\/ca\/blog\/mireiajuanan-una-parella-molt-bonica\/\" rel=\"\" style=\"display:block; color:; margin:0; \">\r\n                            MIREIA&#038;JUANAN. UNA PARELLA ENCANTADORA                        <\/a>\r\n                    <\/h5>\r\n                                \r\n                                <div class=\"cshero-carousel-post-description\">\r\n                                            <p>[vc_row][vc_column][vc_column_text]Una cerim\u00f2nia enmig del bosc, un aperitiu al jard\u00ed i un <\/p>\r\n                                    <\/div>\r\n                            <\/div>\r\n        <\/div>\r\n            <\/div>\r\n    <h6 style=\"display:none;\">&nbsp;<\/h6><\/article>\r\n\t\t\t\t\t<\/div>\r\n\t\t\t    <\/div>\t\t\t<\/div>\r\n\t\t<\/div>\r\n\t\t\t\t\t<div class=\"cshero-control pager-center text-center default\"><\/div>\r\n\t\t\t\t        <div class=\"cshero-nav text-center default\">\r\n            <ul>\r\n                <li class=\"prev\" style=\"left:;\"><\/li>\r\n                <li class=\"next\" style=\"right:;\"><\/li>\r\n            <\/ul>\r\n        <\/div>\r\n    \t\t        <\/div>\r\n[\/vc_column][\/vc_row][vc_row css=&#8221;.vc_custom_1418098750970{margin-bottom: 80px !important;border-bottom-width: 1px !important;padding-bottom: 80px !important;border-bottom-color: #eeeeee !important;border-bottom-style: solid !important;}&#8221; full_width=&#8221;false&#8221; parallax_speed=&#8221;0.8&#8243; bg_video_transparent=&#8221;0&#8243; height_engle=&#8221;60px&#8221; height_engle_style2=&#8221;60px&#8221;][vc_column][cs_custom_heading text=&#8221;DEFAULT &#8211; CUSTOMIZED 2&#8243; font_container=&#8221;tag:h2|font_size:30px|text_align:center&#8221; style=&#8221;title-bottom-line&#8221; title_bottom_line_width=&#8221;40px&#8221; title_bottom_line_height=&#8221;3px&#8221; title_bottom_line_color=&#8221;#dddddd&#8221; title_bottom_line_margin_bottom=&#8221;40px&#8221; css=&#8221;.vc_custom_1419319057401{margin-bottom: 20px !important;}&#8221;]\t<div id=\"cshero_post_carousel_1777625343_169f468ff0a732\" class=\"cshero-post-carousel postcarousel-default \">\r\n\t\t<style type=\"text\/css\" scoped>\r\n\t\t\t#cshero_post_carousel_1777625343_169f468ff0a732 article:hover .cshero-carousel-body{color: !important; background-color: !important; }\r\n\t\t\t#cshero_post_carousel_1777625343_169f468ff0a732 article:hover .cshero-carousel-title a{color: !important; }\r\n\t\t\t#cshero_post_carousel_1777625343_169f468ff0a732 .link-wrap a{ color: ;}\r\n\t\t\t#cshero_post_carousel_1777625343_169f468ff0a732 .link-wrap a:hover{ color: ;}\r\n\t\t\t#cshero_post_carousel_1777625343_169f468ff0a732 .link-wrap [class*='icon-box-']:hover .fa,\r\n\t\t\t#cshero_post_carousel_1777625343_169f468ff0a732 .link-wrap [class^='icon-box-']:hover .fa{border-color:;}\r\n\t\t<\/style>\r\n\t            <div class=\"cshero-post-carousel-list \">\r\n            <div id=\"cshero_post_carousel1777625343_169f468ff0a732\" data-mode=\"horizontal\" data-moveslides=\"3\" data-auto=\"0\" data-speed=\"500\" data-prevselector=\"#cshero_post_carousel_1777625343_169f468ff0a732 .prev\" data-nextselector=\"#cshero_post_carousel_1777625343_169f468ff0a732 .next\" data-prevText=\"<i class='fa fa-angle-left'><\/i>\" data-nextText=\"<i class='fa fa-angle-right'><\/i>\" data-pagerSelector=\"#cshero_post_carousel_1777625343_169f468ff0a732 .cshero-control\" data-onsliderload=\"true\" data-touchenabled=\"1\" data-controls=\"true\" data-pager=\"1\" data-pause=\"4000\" data-infiniteloop=\"true\" data-adaptiveheight=\"true\"  data-autohover=\"true\" data-slidemargin=\"30\" data-maxslides=\"3\" data-minslides=\"1\" data-slidewidth=\"360\" data-slideselector=\"\" data-easing=\"swing\" data-usecss=\"\" data-resize=\"1\" class=\"slider jm-bxslider\">\r\n                <div class=\"cshero-post-carousel-item-wrap\">                \t\t                <div class=\"cshero-shortcode cshero-post-carousel-item content-center\" >\r\n\t\t\t\t\t\t<article class=\"post-12245 post type-post status-publish format-standard has-post-thumbnail hentry category-turisme-rural category-turisme-rural_el-munt\">\r\n    <div class=\"cshero-carousel-container\">\r\n                <div class=\"cshero-carousel-image clearfix\" style=\"width:360px;height:260px;display: block;\">\r\n            <img alt=\"\"  src=\"https:\/\/calbernadas.com\/wp-content\/uploads\/2016\/10\/20140326-BLOC-360x260_c.jpg\" style=\"border-radius:0;-webkit-border-radius:0;-moz-border-radius:0;-ms-border-radius:0;-o-border-radius:0;max-width:100%;\" \/>                    <\/div>\r\n        <div class=\"cshero-carousel-body\" style=\"color:; text-align:center;background-color:;padding:20px 0 0 0;\">\r\n            <div class=\"cshero-carousel-inner clearfix\">\r\n                                <div class=\"cshero-carousel-meta clearfix\">\r\n                                        <span class=\"cshero-carousel-date\" style=\"text-transform:initial;font-weight:400;font-style:;color:;\">\r\n                        25 mar\u00e7 2014                    <\/span>\r\n                                                                                                <\/div>\r\n                                                    <h3 class=\"cshero-carousel-title\">\r\n                        <a title=\"GR\u00c0CIES MARC I MIREIA!\" href=\"https:\/\/calbernadas.com\/ca\/blog\/gracies-marc-i-mireia\/\" rel=\"\" style=\"display:block; color:; margin:0; \">\r\n                            GR\u00c0CIES MARC I MIREIA!                        <\/a>\r\n                    <\/h3>\r\n                                \r\n                            <\/div>\r\n        <\/div>\r\n            <\/div>\r\n    <h6 style=\"display:none;\">&nbsp;<\/h6><\/article>\r\n\t\t\t\t\t<\/div>\r\n\t\t\t    <\/div><div class=\"cshero-post-carousel-item-wrap\">                \t\t                <div class=\"cshero-shortcode cshero-post-carousel-item content-center\" >\r\n\t\t\t\t\t\t<article class=\"post-17021 post type-post status-publish format-standard has-post-thumbnail hentry category-celebracions category-celebracions_el-munt tag-barcelonawedding tag-boda tag-calbernadas tag-casament tag-destinationwedding tag-elmunt tag-momentsbernadas tag-ruralwedding tag-venueinbarcelona tag-wedding\">\r\n    <div class=\"cshero-carousel-container\">\r\n                <div class=\"cshero-carousel-image clearfix\" style=\"width:360px;height:260px;display: block;\">\r\n            <img alt=\"\"  src=\"https:\/\/calbernadas.com\/wp-content\/uploads\/2017\/03\/14_140524_3349web-360x260_c.jpg\" style=\"border-radius:0;-webkit-border-radius:0;-moz-border-radius:0;-ms-border-radius:0;-o-border-radius:0;max-width:100%;\" \/>                    <\/div>\r\n        <div class=\"cshero-carousel-body\" style=\"color:; text-align:center;background-color:;padding:20px 0 0 0;\">\r\n            <div class=\"cshero-carousel-inner clearfix\">\r\n                                <div class=\"cshero-carousel-meta clearfix\">\r\n                                        <span class=\"cshero-carousel-date\" style=\"text-transform:initial;font-weight:400;font-style:;color:;\">\r\n                        31 maig 2014                    <\/span>\r\n                                                                                                <\/div>\r\n                                                    <h3 class=\"cshero-carousel-title\">\r\n                        <a title=\"DOS M\u00d3NS UNITS EN UN\" href=\"https:\/\/calbernadas.com\/ca\/blog\/dos-mons-units-2\/\" rel=\"\" style=\"display:block; color:; margin:0; \">\r\n                            DOS M\u00d3NS UNITS EN UN                        <\/a>\r\n                    <\/h3>\r\n                                \r\n                            <\/div>\r\n        <\/div>\r\n            <\/div>\r\n    <h6 style=\"display:none;\">&nbsp;<\/h6><\/article>\r\n\t\t\t\t\t<\/div>\r\n\t\t\t    <\/div><div class=\"cshero-post-carousel-item-wrap\">                \t\t                <div class=\"cshero-shortcode cshero-post-carousel-item content-center\" >\r\n\t\t\t\t\t\t<article class=\"post-16944 post type-post status-publish format-standard has-post-thumbnail hentry category-celebracions category-celebracions_el-munt category-celebracions_wedding-planner\">\r\n    <div class=\"cshero-carousel-container\">\r\n                <div class=\"cshero-carousel-image clearfix\" style=\"width:360px;height:260px;display: block;\">\r\n            <img alt=\"\"  src=\"https:\/\/calbernadas.com\/wp-content\/uploads\/2017\/03\/JJ_TOP_195-360x260_c.jpg\" style=\"border-radius:0;-webkit-border-radius:0;-moz-border-radius:0;-ms-border-radius:0;-o-border-radius:0;max-width:100%;\" \/>                    <\/div>\r\n        <div class=\"cshero-carousel-body\" style=\"color:; text-align:center;background-color:;padding:20px 0 0 0;\">\r\n            <div class=\"cshero-carousel-inner clearfix\">\r\n                                <div class=\"cshero-carousel-meta clearfix\">\r\n                                        <span class=\"cshero-carousel-date\" style=\"text-transform:initial;font-weight:400;font-style:;color:;\">\r\n                        08 juliol 2014                    <\/span>\r\n                                                                                                <\/div>\r\n                                                    <h3 class=\"cshero-carousel-title\">\r\n                        <a title=\"IT&#8217;S RAINING, BE HAPPY!\" href=\"https:\/\/calbernadas.com\/ca\/blog\/its-raining-be-happy-2\/\" rel=\"\" style=\"display:block; color:; margin:0; \">\r\n                            IT&#8217;S RAINING, BE HAPPY!                        <\/a>\r\n                    <\/h3>\r\n                                \r\n                            <\/div>\r\n        <\/div>\r\n            <\/div>\r\n    <h6 style=\"display:none;\">&nbsp;<\/h6><\/article>\r\n\t\t\t\t\t<\/div>\r\n\t\t\t    <\/div><div class=\"cshero-post-carousel-item-wrap\">                \t\t                <div class=\"cshero-shortcode cshero-post-carousel-item content-center\" >\r\n\t\t\t\t\t\t<article class=\"post-18515 post type-post status-publish format-standard has-post-thumbnail hentry category-celebracions category-celebracions_el-munt category-celebracions_wedding-planner tag-barcelonawedding tag-boda tag-bodabarcelona tag-bodarural tag-calbernadas tag-destinationwedding tag-elmunt tag-momentsbernadas tag-ruralwedding tag-venueforwedding tag-villaforvenue tag-wedding tag-weddingabroad\">\r\n    <div class=\"cshero-carousel-container\">\r\n                <div class=\"cshero-carousel-image clearfix\" style=\"width:360px;height:260px;display: block;\">\r\n            <img alt=\"\"  src=\"https:\/\/calbernadas.com\/wp-content\/uploads\/2017\/06\/05-Wedding-Cal-Bernadas-564-360x260_c.jpg\" style=\"border-radius:0;-webkit-border-radius:0;-moz-border-radius:0;-ms-border-radius:0;-o-border-radius:0;max-width:100%;\" \/>                    <\/div>\r\n        <div class=\"cshero-carousel-body\" style=\"color:; text-align:center;background-color:;padding:20px 0 0 0;\">\r\n            <div class=\"cshero-carousel-inner clearfix\">\r\n                                <div class=\"cshero-carousel-meta clearfix\">\r\n                                        <span class=\"cshero-carousel-date\" style=\"text-transform:initial;font-weight:400;font-style:;color:;\">\r\n                        10 desembre 2014                    <\/span>\r\n                                                                                                <\/div>\r\n                                                    <h3 class=\"cshero-carousel-title\">\r\n                        <a title=\"KRISTY&#038;MARK. FUN, FUN, FUN!\" href=\"https:\/\/calbernadas.com\/ca\/blog\/kristymark-fun-fun-fun\/\" rel=\"\" style=\"display:block; color:; margin:0; \">\r\n                            KRISTY&#038;MARK. FUN, FUN, FUN!                        <\/a>\r\n                    <\/h3>\r\n                                \r\n                            <\/div>\r\n        <\/div>\r\n            <\/div>\r\n    <h6 style=\"display:none;\">&nbsp;<\/h6><\/article>\r\n\t\t\t\t\t<\/div>\r\n\t\t\t    <\/div><div class=\"cshero-post-carousel-item-wrap\">                \t\t                <div class=\"cshero-shortcode cshero-post-carousel-item content-center\" >\r\n\t\t\t\t\t\t<article class=\"post-18761 post type-post status-publish format-standard has-post-thumbnail hentry category-celebracions category-celebracions_el-munt category-celebracions_wedding-planner tag-barcelonawedding tag-boda tag-bodabarcelona tag-bodarural tag-calbernadas tag-destinationwedding tag-elmunt tag-momentsbernadas tag-ruralwedding tag-venueforwedding tag-wedding tag-weddingabroad tag-wee\">\r\n    <div class=\"cshero-carousel-container\">\r\n                <div class=\"cshero-carousel-image clearfix\" style=\"width:360px;height:260px;display: block;\">\r\n            <img alt=\"\"  src=\"https:\/\/calbernadas.com\/wp-content\/uploads\/2017\/06\/05-Wedding-Cal-Bernadas-197a-360x260_c.jpg\" style=\"border-radius:0;-webkit-border-radius:0;-moz-border-radius:0;-ms-border-radius:0;-o-border-radius:0;max-width:100%;\" \/>                    <\/div>\r\n        <div class=\"cshero-carousel-body\" style=\"color:; text-align:center;background-color:;padding:20px 0 0 0;\">\r\n            <div class=\"cshero-carousel-inner clearfix\">\r\n                                <div class=\"cshero-carousel-meta clearfix\">\r\n                                        <span class=\"cshero-carousel-date\" style=\"text-transform:initial;font-weight:400;font-style:;color:;\">\r\n                        10 desembre 2014                    <\/span>\r\n                                                                                                <\/div>\r\n                                                    <h3 class=\"cshero-carousel-title\">\r\n                        <a title=\"KRISTY&#038;MARK. QUAN COMEN\u00c7A EL DIA &#8220;B&#8221;?\" href=\"https:\/\/calbernadas.com\/ca\/blog\/kristymark-quan-comenca-dia-b\/\" rel=\"\" style=\"display:block; color:; margin:0; \">\r\n                            KRISTY&#038;MARK. QUAN COMEN\u00c7A EL DIA &#8220;B&#8221;?                        <\/a>\r\n                    <\/h3>\r\n                                \r\n                            <\/div>\r\n        <\/div>\r\n            <\/div>\r\n    <h6 style=\"display:none;\">&nbsp;<\/h6><\/article>\r\n\t\t\t\t\t<\/div>\r\n\t\t\t    <\/div><div class=\"cshero-post-carousel-item-wrap\">                \t\t                <div class=\"cshero-shortcode cshero-post-carousel-item content-center\" >\r\n\t\t\t\t\t\t<article class=\"post-17098 post type-post status-publish format-standard has-post-thumbnail hentry category-celebracions category-celebracions_el-munt category-celebracions_wedding-planner tag-barcelonavenue tag-calbernadas tag-destinationwedding tag-elmunt tag-momentsbernadas tag-ruralwedding tag-venueforwedding tag-wedding\">\r\n    <div class=\"cshero-carousel-container\">\r\n                <div class=\"cshero-carousel-image clearfix\" style=\"width:360px;height:260px;display: block;\">\r\n            <img alt=\"\"  src=\"https:\/\/calbernadas.com\/wp-content\/uploads\/2017\/03\/ErnestaTadas_-33-360x260_c.jpg\" style=\"border-radius:0;-webkit-border-radius:0;-moz-border-radius:0;-ms-border-radius:0;-o-border-radius:0;max-width:100%;\" \/>                    <\/div>\r\n        <div class=\"cshero-carousel-body\" style=\"color:; text-align:center;background-color:;padding:20px 0 0 0;\">\r\n            <div class=\"cshero-carousel-inner clearfix\">\r\n                                <div class=\"cshero-carousel-meta clearfix\">\r\n                                        <span class=\"cshero-carousel-date\" style=\"text-transform:initial;font-weight:400;font-style:;color:;\">\r\n                        19 desembre 2014                    <\/span>\r\n                                                                                                <\/div>\r\n                                                    <h3 class=\"cshero-carousel-title\">\r\n                        <a title=\"DE LITU\u00c0NIA DIRECTE A EL MUNT\" href=\"https:\/\/calbernadas.com\/ca\/blog\/lituania-directe-munt\/\" rel=\"\" style=\"display:block; color:; margin:0; \">\r\n                            DE LITU\u00c0NIA DIRECTE A EL MUNT                        <\/a>\r\n                    <\/h3>\r\n                                \r\n                            <\/div>\r\n        <\/div>\r\n            <\/div>\r\n    <h6 style=\"display:none;\">&nbsp;<\/h6><\/article>\r\n\t\t\t\t\t<\/div>\r\n\t\t\t    <\/div><div class=\"cshero-post-carousel-item-wrap\">                \t\t                <div class=\"cshero-shortcode cshero-post-carousel-item content-center\" >\r\n\t\t\t\t\t\t<article class=\"post-17175 post type-post status-publish format-standard has-post-thumbnail hentry category-celebracions category-celebracions_el-munt tag-barcelonawedding tag-boda tag-bodarural tag-calbernadas tag-destinationwedding tag-elmunt tag-momentsbernadas tag-ruralwedding tag-venueforwedding tag-wedding\">\r\n    <div class=\"cshero-carousel-container\">\r\n                <div class=\"cshero-carousel-image clearfix\" style=\"width:360px;height:260px;display: block;\">\r\n            <img alt=\"\"  src=\"https:\/\/calbernadas.com\/wp-content\/uploads\/2017\/03\/Casament_AnnaFeliu_El-Munt-23-360x260_c.jpg\" style=\"border-radius:0;-webkit-border-radius:0;-moz-border-radius:0;-ms-border-radius:0;-o-border-radius:0;max-width:100%;\" \/>                    <\/div>\r\n        <div class=\"cshero-carousel-body\" style=\"color:; text-align:center;background-color:;padding:20px 0 0 0;\">\r\n            <div class=\"cshero-carousel-inner clearfix\">\r\n                                <div class=\"cshero-carousel-meta clearfix\">\r\n                                        <span class=\"cshero-carousel-date\" style=\"text-transform:initial;font-weight:400;font-style:;color:;\">\r\n                        01 juny 2015                    <\/span>\r\n                                                                                                <\/div>\r\n                                                    <h3 class=\"cshero-carousel-title\">\r\n                        <a title=\"ANNA&#038;FELIU. ESTRENEM TEMPORADA BLOGUERA!\" href=\"https:\/\/calbernadas.com\/ca\/blog\/af-estrenem-temporada-bloguera-2\/\" rel=\"\" style=\"display:block; color:; margin:0; \">\r\n                            ANNA&#038;FELIU. ESTRENEM TEMPORADA BLOGUERA!                        <\/a>\r\n                    <\/h3>\r\n                                \r\n                            <\/div>\r\n        <\/div>\r\n            <\/div>\r\n    <h6 style=\"display:none;\">&nbsp;<\/h6><\/article>\r\n\t\t\t\t\t<\/div>\r\n\t\t\t    <\/div><div class=\"cshero-post-carousel-item-wrap\">                \t\t                <div class=\"cshero-shortcode cshero-post-carousel-item content-center\" >\r\n\t\t\t\t\t\t<article class=\"post-17270 post type-post status-publish format-standard has-post-thumbnail hentry category-celebracions category-celebracions_el-munt tag-barcelonavenue tag-barcelonawedding tag-boda tag-bodarural tag-calbernadas tag-destinationwedding tag-elmunt tag-momentsbernadas tag-rural tag-ruralwedding tag-venueinbarcelona tag-wedding\">\r\n    <div class=\"cshero-carousel-container\">\r\n                <div class=\"cshero-carousel-image clearfix\" style=\"width:360px;height:260px;display: block;\">\r\n            <img alt=\"\"  src=\"https:\/\/calbernadas.com\/wp-content\/uploads\/2017\/03\/Casament_MartaJosep_El-Munt-11-360x260_c.jpg\" style=\"border-radius:0;-webkit-border-radius:0;-moz-border-radius:0;-ms-border-radius:0;-o-border-radius:0;max-width:100%;\" \/>                    <\/div>\r\n        <div class=\"cshero-carousel-body\" style=\"color:; text-align:center;background-color:;padding:20px 0 0 0;\">\r\n            <div class=\"cshero-carousel-inner clearfix\">\r\n                                <div class=\"cshero-carousel-meta clearfix\">\r\n                                        <span class=\"cshero-carousel-date\" style=\"text-transform:initial;font-weight:400;font-style:;color:;\">\r\n                        15 juny 2015                    <\/span>\r\n                                                                                                <\/div>\r\n                                                    <h3 class=\"cshero-carousel-title\">\r\n                        <a title=\"MARTA&#038;JOSEP. PRIMAVERA EN ESTAT PUR!\" href=\"https:\/\/calbernadas.com\/ca\/blog\/mj-primavera-estat-pur\/\" rel=\"\" style=\"display:block; color:; margin:0; \">\r\n                            MARTA&#038;JOSEP. PRIMAVERA EN ESTAT PUR!                        <\/a>\r\n                    <\/h3>\r\n                                \r\n                            <\/div>\r\n        <\/div>\r\n            <\/div>\r\n    <h6 style=\"display:none;\">&nbsp;<\/h6><\/article>\r\n\t\t\t\t\t<\/div>\r\n\t\t\t    <\/div><div class=\"cshero-post-carousel-item-wrap\">                \t\t                <div class=\"cshero-shortcode cshero-post-carousel-item content-center\" >\r\n\t\t\t\t\t\t<article class=\"post-18255 post type-post status-publish format-standard has-post-thumbnail hentry category-celebracions category-celebracions_el-munt tag-barcelonawedding tag-bodarural tag-calbernadas tag-destinationwedding tag-elmunt tag-momentsbernadas tag-ruralwedding tag-venueforwedding tag-wedding\">\r\n    <div class=\"cshero-carousel-container\">\r\n                <div class=\"cshero-carousel-image clearfix\" style=\"width:360px;height:260px;display: block;\">\r\n            <img alt=\"\"  src=\"https:\/\/calbernadas.com\/wp-content\/uploads\/2017\/04\/15061-1004A-360x260_c.jpg\" style=\"border-radius:0;-webkit-border-radius:0;-moz-border-radius:0;-ms-border-radius:0;-o-border-radius:0;max-width:100%;\" \/>                    <\/div>\r\n        <div class=\"cshero-carousel-body\" style=\"color:; text-align:center;background-color:;padding:20px 0 0 0;\">\r\n            <div class=\"cshero-carousel-inner clearfix\">\r\n                                <div class=\"cshero-carousel-meta clearfix\">\r\n                                        <span class=\"cshero-carousel-date\" style=\"text-transform:initial;font-weight:400;font-style:;color:;\">\r\n                        15 setembre 2015                    <\/span>\r\n                                                                                                <\/div>\r\n                                                    <h3 class=\"cshero-carousel-title\">\r\n                        <a title=\"TANIA&#038;GUILLE. FLYING&#8230; TO EL MUNT!\" href=\"https:\/\/calbernadas.com\/ca\/blog\/flying-to-munt\/\" rel=\"\" style=\"display:block; color:; margin:0; \">\r\n                            TANIA&#038;GUILLE. FLYING&#8230; TO EL MUNT!                        <\/a>\r\n                    <\/h3>\r\n                                \r\n                            <\/div>\r\n        <\/div>\r\n            <\/div>\r\n    <h6 style=\"display:none;\">&nbsp;<\/h6><\/article>\r\n\t\t\t\t\t<\/div>\r\n\t\t\t    <\/div><div class=\"cshero-post-carousel-item-wrap\">                \t\t                <div class=\"cshero-shortcode cshero-post-carousel-item content-center\" >\r\n\t\t\t\t\t\t<article class=\"post-17207 post type-post status-publish format-standard has-post-thumbnail hentry category-celebracions category-celebracions_el-munt\">\r\n    <div class=\"cshero-carousel-container\">\r\n                <div class=\"cshero-carousel-image clearfix\" style=\"width:360px;height:260px;display: block;\">\r\n            <img alt=\"\"  src=\"https:\/\/calbernadas.com\/wp-content\/uploads\/2017\/03\/Casament_AudreyJohn_El-Munt-13-360x260_c.jpg\" style=\"border-radius:0;-webkit-border-radius:0;-moz-border-radius:0;-ms-border-radius:0;-o-border-radius:0;max-width:100%;\" \/>                    <\/div>\r\n        <div class=\"cshero-carousel-body\" style=\"color:; text-align:center;background-color:;padding:20px 0 0 0;\">\r\n            <div class=\"cshero-carousel-inner clearfix\">\r\n                                <div class=\"cshero-carousel-meta clearfix\">\r\n                                        <span class=\"cshero-carousel-date\" style=\"text-transform:initial;font-weight:400;font-style:;color:;\">\r\n                        20 setembre 2015                    <\/span>\r\n                                                                                                <\/div>\r\n                                                    <h3 class=\"cshero-carousel-title\">\r\n                        <a title=\"AUDREY&#038;JOHN. HAPPY 1ST YEAR!\" href=\"https:\/\/calbernadas.com\/ca\/blog\/audreyjohn-happy-1st-year-2\/\" rel=\"\" style=\"display:block; color:; margin:0; \">\r\n                            AUDREY&#038;JOHN. HAPPY 1ST YEAR!                        <\/a>\r\n                    <\/h3>\r\n                                \r\n                            <\/div>\r\n        <\/div>\r\n            <\/div>\r\n    <h6 style=\"display:none;\">&nbsp;<\/h6><\/article>\r\n\t\t\t\t\t<\/div>\r\n\t\t\t    <\/div><div class=\"cshero-post-carousel-item-wrap\">                \t\t                <div class=\"cshero-shortcode cshero-post-carousel-item content-center\" >\r\n\t\t\t\t\t\t<article class=\"post-17078 post type-post status-publish format-standard has-post-thumbnail hentry category-turisme-rural category-turisme-rural_el-munt\">\r\n    <div class=\"cshero-carousel-container\">\r\n                <div class=\"cshero-carousel-image clearfix\" style=\"width:360px;height:260px;display: block;\">\r\n            <img alt=\"\"  src=\"https:\/\/calbernadas.com\/wp-content\/uploads\/2017\/03\/Montse-Giralt2-360x260_c.jpg\" style=\"border-radius:0;-webkit-border-radius:0;-moz-border-radius:0;-ms-border-radius:0;-o-border-radius:0;max-width:100%;\" \/>                    <\/div>\r\n        <div class=\"cshero-carousel-body\" style=\"color:; text-align:center;background-color:;padding:20px 0 0 0;\">\r\n            <div class=\"cshero-carousel-inner clearfix\">\r\n                                <div class=\"cshero-carousel-meta clearfix\">\r\n                                        <span class=\"cshero-carousel-date\" style=\"text-transform:initial;font-weight:400;font-style:;color:;\">\r\n                        11 gener 2016                    <\/span>\r\n                                                                                                <\/div>\r\n                                                    <h3 class=\"cshero-carousel-title\">\r\n                        <a title=\"FLOW\" href=\"https:\/\/calbernadas.com\/ca\/blog\/flow-2\/\" rel=\"\" style=\"display:block; color:; margin:0; \">\r\n                            FLOW                        <\/a>\r\n                    <\/h3>\r\n                                \r\n                            <\/div>\r\n        <\/div>\r\n            <\/div>\r\n    <h6 style=\"display:none;\">&nbsp;<\/h6><\/article>\r\n\t\t\t\t\t<\/div>\r\n\t\t\t    <\/div><div class=\"cshero-post-carousel-item-wrap\">                \t\t                <div class=\"cshero-shortcode cshero-post-carousel-item content-center\" >\r\n\t\t\t\t\t\t<article class=\"post-18827 post type-post status-publish format-standard has-post-thumbnail hentry category-celebracions category-celebracions_el-munt tag-barcelonawedding tag-boda tag-bodabarcelona tag-bodarural tag-bodas tag-calbernadas tag-destinationwedding tag-elmunt tag-momentsbernadas tag-ruralwedding tag-venueforwedding tag-wedding tag-weddingabroad\">\r\n    <div class=\"cshero-carousel-container\">\r\n                <div class=\"cshero-carousel-image clearfix\" style=\"width:360px;height:260px;display: block;\">\r\n            <img alt=\"\"  src=\"https:\/\/calbernadas.com\/wp-content\/uploads\/2017\/07\/BODAJUANANMIREIA-461A.-Boda-el-Munt.-Mireia-i-Juanan-360x260_c.jpg\" style=\"border-radius:0;-webkit-border-radius:0;-moz-border-radius:0;-ms-border-radius:0;-o-border-radius:0;max-width:100%;\" \/>                    <\/div>\r\n        <div class=\"cshero-carousel-body\" style=\"color:; text-align:center;background-color:;padding:20px 0 0 0;\">\r\n            <div class=\"cshero-carousel-inner clearfix\">\r\n                                <div class=\"cshero-carousel-meta clearfix\">\r\n                                        <span class=\"cshero-carousel-date\" style=\"text-transform:initial;font-weight:400;font-style:;color:;\">\r\n                        25 gener 2016                    <\/span>\r\n                                                                                                <\/div>\r\n                                                    <h3 class=\"cshero-carousel-title\">\r\n                        <a title=\"MIREIA&#038;JUANAN. UNA PARELLA ENCANTADORA\" href=\"https:\/\/calbernadas.com\/ca\/blog\/mireiajuanan-una-parella-molt-bonica\/\" rel=\"\" style=\"display:block; color:; margin:0; \">\r\n                            MIREIA&#038;JUANAN. UNA PARELLA ENCANTADORA                        <\/a>\r\n                    <\/h3>\r\n                                \r\n                            <\/div>\r\n        <\/div>\r\n            <\/div>\r\n    <h6 style=\"display:none;\">&nbsp;<\/h6><\/article>\r\n\t\t\t\t\t<\/div>\r\n\t\t\t    <\/div>\t\t\t<\/div>\r\n\t\t<\/div>\r\n\t\t\t\t\t<div class=\"cshero-control pager-center text-center default\"><\/div>\r\n\t\t\t\t        <div class=\"cshero-nav text-center default\">\r\n            <ul>\r\n                <li class=\"prev\" style=\"left:;\"><\/li>\r\n                <li class=\"next\" style=\"right:;\"><\/li>\r\n            <\/ul>\r\n        <\/div>\r\n    \t\t        <\/div>\r\n[\/vc_column][\/vc_row][vc_row css=&#8221;.vc_custom_1418098734267{margin-bottom: 80px !important;border-bottom-width: 1px !important;padding-bottom: 80px !important;border-bottom-color: #eeeeee !important;border-bottom-style: solid !important;}&#8221; full_width=&#8221;false&#8221; parallax_speed=&#8221;0.8&#8243; bg_video_transparent=&#8221;0&#8243; height_engle=&#8221;60px&#8221; height_engle_style2=&#8221;60px&#8221;][vc_column][cs_custom_heading text=&#8221;DEFAULT &#8211; CUSTOMIZED 3&#8243; font_container=&#8221;tag:h2|font_size:30px|text_align:center&#8221; style=&#8221;title-bottom-line&#8221; title_bottom_line_width=&#8221;40px&#8221; title_bottom_line_height=&#8221;3px&#8221; title_bottom_line_color=&#8221;#dddddd&#8221; title_bottom_line_margin_bottom=&#8221;40px&#8221; css=&#8221;.vc_custom_1419320140440{margin-bottom: 20px !important;}&#8221;]\t<div id=\"cshero_post_carousel_1777625343_169f468ff148c1\" class=\"cshero-post-carousel postcarousel-default \">\r\n\t\t<style type=\"text\/css\" scoped>\r\n\t\t\t#cshero_post_carousel_1777625343_169f468ff148c1 article:hover .cshero-carousel-body{color: !important; background-color: !important; }\r\n\t\t\t#cshero_post_carousel_1777625343_169f468ff148c1 article:hover .cshero-carousel-title a{color: !important; }\r\n\t\t\t#cshero_post_carousel_1777625343_169f468ff148c1 .link-wrap a{ color: #333333;}\r\n\t\t\t#cshero_post_carousel_1777625343_169f468ff148c1 .link-wrap a:hover{ color: ;}\r\n\t\t\t#cshero_post_carousel_1777625343_169f468ff148c1 .link-wrap [class*='icon-box-']:hover .fa,\r\n\t\t\t#cshero_post_carousel_1777625343_169f468ff148c1 .link-wrap [class^='icon-box-']:hover .fa{border-color:;}\r\n\t\t<\/style>\r\n\t            <div class=\"cshero-post-carousel-list \">\r\n            <div id=\"cshero_post_carousel1777625343_169f468ff148c1\" data-mode=\"horizontal\" data-moveslides=\"3\" data-auto=\"0\" data-speed=\"500\" data-prevselector=\"#cshero_post_carousel_1777625343_169f468ff148c1 .prev\" data-nextselector=\"#cshero_post_carousel_1777625343_169f468ff148c1 .next\" data-prevText=\"<i class='fa fa-angle-left'><\/i>\" data-nextText=\"<i class='fa fa-angle-right'><\/i>\" data-pagerSelector=\"#cshero_post_carousel_1777625343_169f468ff148c1 .cshero-control\" data-onsliderload=\"true\" data-touchenabled=\"1\" data-controls=\"true\" data-pager=\"1\" data-pause=\"4000\" data-infiniteloop=\"true\" data-adaptiveheight=\"true\"  data-autohover=\"true\" data-slidemargin=\"30\" data-maxslides=\"3\" data-minslides=\"1\" data-slidewidth=\"360\" data-slideselector=\"\" data-easing=\"swing\" data-usecss=\"\" data-resize=\"1\" class=\"slider jm-bxslider\">\r\n                <div class=\"cshero-post-carousel-item-wrap\">                \t\t                <div class=\"cshero-shortcode cshero-post-carousel-item content-center\" >\r\n\t\t\t\t\t\t<article class=\"post-12245 post type-post status-publish format-standard has-post-thumbnail hentry category-turisme-rural category-turisme-rural_el-munt\">\r\n    <div class=\"cshero-carousel-container\">\r\n                <div class=\"cshero-carousel-image clearfix\" style=\"width:360px;height:260px;display: block;\">\r\n            <img alt=\"\"  src=\"https:\/\/calbernadas.com\/wp-content\/uploads\/2016\/10\/20140326-BLOC-360x260_c.jpg\" style=\"border-radius:0;-webkit-border-radius:0;-moz-border-radius:0;-ms-border-radius:0;-o-border-radius:0;max-width:100%;\" \/>                            <div class=\"overlay \" style=\"z-index:4;border-radius:0;-webkit-border-radius:0;-moz-border-radius:0;-ms-border-radius:0;-o-border-radius:0;background-color:rgba(255,255,255,0.8);color:;width:360px;height:260px;max-width:100%;\">\r\n                    <div class=\"overlay-content\">\r\n                        <div class=\"link-wrap\">\r\n                                                <a class=\"icon-link colorbox icon-button\" title=\"\" href=\"https:\/\/calbernadas.com\/wp-content\/uploads\/2016\/10\/20140326-BLOC.jpg\"  data-rel=\"lightbox-image-12\" data-rl_title=\"\" data-rl_caption=\"\"><i class=\"fa fa-search\"><\/i><\/a>                        <\/div>\r\n                    <\/div>\r\n                <\/div>\r\n                    <\/div>\r\n        <div class=\"cshero-carousel-body\" style=\"color:; text-align:center;background-color:;padding:20px 0 0 0;\">\r\n            <div class=\"cshero-carousel-inner clearfix\">\r\n                                <div class=\"cshero-carousel-meta clearfix\">\r\n                                        <span class=\"cshero-carousel-date\" style=\"text-transform:initial;font-weight:400;font-style:;color:;\">\r\n                        25 mar\u00e7 2014                    <\/span>\r\n                                                                                                <\/div>\r\n                                                    <h5 class=\"cshero-carousel-title\">\r\n                        <a title=\"GR\u00c0CIES MARC I MIREIA!\" href=\"https:\/\/calbernadas.com\/ca\/blog\/gracies-marc-i-mireia\/\" rel=\"\" style=\"display:block; color:; margin:0; \">\r\n                            GR\u00c0CIES MARC I MIREIA!                        <\/a>\r\n                    <\/h5>\r\n                                \r\n                                <div class=\"cshero-carousel-post-description\">\r\n                                            <p>[vc_row][vc_column][vc_column_text]\r\nJa fa uns quants dies que v\u00e0rem assistir a la Fira Nuvis a <\/p>\r\n                                    <\/div>\r\n                            <\/div>\r\n        <\/div>\r\n            <\/div>\r\n    <h6 style=\"display:none;\">&nbsp;<\/h6><\/article>\r\n\t\t\t\t\t<\/div>\r\n\t\t\t    <\/div><div class=\"cshero-post-carousel-item-wrap\">                \t\t                <div class=\"cshero-shortcode cshero-post-carousel-item content-center\" >\r\n\t\t\t\t\t\t<article class=\"post-17021 post type-post status-publish format-standard has-post-thumbnail hentry category-celebracions category-celebracions_el-munt tag-barcelonawedding tag-boda tag-calbernadas tag-casament tag-destinationwedding tag-elmunt tag-momentsbernadas tag-ruralwedding tag-venueinbarcelona tag-wedding\">\r\n    <div class=\"cshero-carousel-container\">\r\n                <div class=\"cshero-carousel-image clearfix\" style=\"width:360px;height:260px;display: block;\">\r\n            <img alt=\"\"  src=\"https:\/\/calbernadas.com\/wp-content\/uploads\/2017\/03\/14_140524_3349web-360x260_c.jpg\" style=\"border-radius:0;-webkit-border-radius:0;-moz-border-radius:0;-ms-border-radius:0;-o-border-radius:0;max-width:100%;\" \/>                            <div class=\"overlay \" style=\"z-index:4;border-radius:0;-webkit-border-radius:0;-moz-border-radius:0;-ms-border-radius:0;-o-border-radius:0;background-color:rgba(255,255,255,0.8);color:;width:360px;height:260px;max-width:100%;\">\r\n                    <div class=\"overlay-content\">\r\n                        <div class=\"link-wrap\">\r\n                                                <a class=\"icon-link colorbox icon-button\" title=\"\" href=\"https:\/\/calbernadas.com\/wp-content\/uploads\/2017\/03\/14_140524_3349web.jpg\"  data-rel=\"lightbox-image-13\" data-rl_title=\"\" data-rl_caption=\"\"><i class=\"fa fa-search\"><\/i><\/a>                        <\/div>\r\n                    <\/div>\r\n                <\/div>\r\n                    <\/div>\r\n        <div class=\"cshero-carousel-body\" style=\"color:; text-align:center;background-color:;padding:20px 0 0 0;\">\r\n            <div class=\"cshero-carousel-inner clearfix\">\r\n                                <div class=\"cshero-carousel-meta clearfix\">\r\n                                        <span class=\"cshero-carousel-date\" style=\"text-transform:initial;font-weight:400;font-style:;color:;\">\r\n                        31 maig 2014                    <\/span>\r\n                                                                                                <\/div>\r\n                                                    <h5 class=\"cshero-carousel-title\">\r\n                        <a title=\"DOS M\u00d3NS UNITS EN UN\" href=\"https:\/\/calbernadas.com\/ca\/blog\/dos-mons-units-2\/\" rel=\"\" style=\"display:block; color:; margin:0; \">\r\n                            DOS M\u00d3NS UNITS EN UN                        <\/a>\r\n                    <\/h5>\r\n                                \r\n                                <div class=\"cshero-carousel-post-description\">\r\n                                            <p>[vc_row][vc_column][vc_column_text]\r\nQu\u00e8 res millor que ensenyar-vos algunes de les fotos del <\/p>\r\n                                    <\/div>\r\n                            <\/div>\r\n        <\/div>\r\n            <\/div>\r\n    <h6 style=\"display:none;\">&nbsp;<\/h6><\/article>\r\n\t\t\t\t\t<\/div>\r\n\t\t\t    <\/div><div class=\"cshero-post-carousel-item-wrap\">                \t\t                <div class=\"cshero-shortcode cshero-post-carousel-item content-center\" >\r\n\t\t\t\t\t\t<article class=\"post-16944 post type-post status-publish format-standard has-post-thumbnail hentry category-celebracions category-celebracions_el-munt category-celebracions_wedding-planner\">\r\n    <div class=\"cshero-carousel-container\">\r\n                <div class=\"cshero-carousel-image clearfix\" style=\"width:360px;height:260px;display: block;\">\r\n            <img alt=\"\"  src=\"https:\/\/calbernadas.com\/wp-content\/uploads\/2017\/03\/JJ_TOP_195-360x260_c.jpg\" style=\"border-radius:0;-webkit-border-radius:0;-moz-border-radius:0;-ms-border-radius:0;-o-border-radius:0;max-width:100%;\" \/>                            <div class=\"overlay \" style=\"z-index:4;border-radius:0;-webkit-border-radius:0;-moz-border-radius:0;-ms-border-radius:0;-o-border-radius:0;background-color:rgba(255,255,255,0.8);color:;width:360px;height:260px;max-width:100%;\">\r\n                    <div class=\"overlay-content\">\r\n                        <div class=\"link-wrap\">\r\n                                                <a class=\"icon-link colorbox icon-button\" title=\"\" href=\"https:\/\/calbernadas.com\/wp-content\/uploads\/2017\/03\/JJ_TOP_195.jpg\"  data-rel=\"lightbox-image-14\" data-rl_title=\"\" data-rl_caption=\"\"><i class=\"fa fa-search\"><\/i><\/a>                        <\/div>\r\n                    <\/div>\r\n                <\/div>\r\n                    <\/div>\r\n        <div class=\"cshero-carousel-body\" style=\"color:; text-align:center;background-color:;padding:20px 0 0 0;\">\r\n            <div class=\"cshero-carousel-inner clearfix\">\r\n                                <div class=\"cshero-carousel-meta clearfix\">\r\n                                        <span class=\"cshero-carousel-date\" style=\"text-transform:initial;font-weight:400;font-style:;color:;\">\r\n                        08 jul. 2014                    <\/span>\r\n                                                                                                <\/div>\r\n                                                    <h5 class=\"cshero-carousel-title\">\r\n                        <a title=\"IT&#8217;S RAINING, BE HAPPY!\" href=\"https:\/\/calbernadas.com\/ca\/blog\/its-raining-be-happy-2\/\" rel=\"\" style=\"display:block; color:; margin:0; \">\r\n                            IT&#8217;S RAINING, BE HAPPY!                        <\/a>\r\n                    <\/h5>\r\n                                \r\n                                <div class=\"cshero-carousel-post-description\">\r\n                                            <p>[vc_row][vc_column][vc_column_text]La Joanna i el Julian s\u00f3n una parella suec xilena que es va <\/p>\r\n                                    <\/div>\r\n                            <\/div>\r\n        <\/div>\r\n            <\/div>\r\n    <h6 style=\"display:none;\">&nbsp;<\/h6><\/article>\r\n\t\t\t\t\t<\/div>\r\n\t\t\t    <\/div><div class=\"cshero-post-carousel-item-wrap\">                \t\t                <div class=\"cshero-shortcode cshero-post-carousel-item content-center\" >\r\n\t\t\t\t\t\t<article class=\"post-18515 post type-post status-publish format-standard has-post-thumbnail hentry category-celebracions category-celebracions_el-munt category-celebracions_wedding-planner tag-barcelonawedding tag-boda tag-bodabarcelona tag-bodarural tag-calbernadas tag-destinationwedding tag-elmunt tag-momentsbernadas tag-ruralwedding tag-venueforwedding tag-villaforvenue tag-wedding tag-weddingabroad\">\r\n    <div class=\"cshero-carousel-container\">\r\n                <div class=\"cshero-carousel-image clearfix\" style=\"width:360px;height:260px;display: block;\">\r\n            <img alt=\"\"  src=\"https:\/\/calbernadas.com\/wp-content\/uploads\/2017\/06\/05-Wedding-Cal-Bernadas-564-360x260_c.jpg\" style=\"border-radius:0;-webkit-border-radius:0;-moz-border-radius:0;-ms-border-radius:0;-o-border-radius:0;max-width:100%;\" \/>                            <div class=\"overlay \" style=\"z-index:4;border-radius:0;-webkit-border-radius:0;-moz-border-radius:0;-ms-border-radius:0;-o-border-radius:0;background-color:rgba(255,255,255,0.8);color:;width:360px;height:260px;max-width:100%;\">\r\n                    <div class=\"overlay-content\">\r\n                        <div class=\"link-wrap\">\r\n                                                <a class=\"icon-link colorbox icon-button\" title=\"\" href=\"https:\/\/calbernadas.com\/wp-content\/uploads\/2017\/06\/05-Wedding-Cal-Bernadas-564.jpg\"  data-rel=\"lightbox-image-15\" data-rl_title=\"\" data-rl_caption=\"\"><i class=\"fa fa-search\"><\/i><\/a>                        <\/div>\r\n                    <\/div>\r\n                <\/div>\r\n                    <\/div>\r\n        <div class=\"cshero-carousel-body\" style=\"color:; text-align:center;background-color:;padding:20px 0 0 0;\">\r\n            <div class=\"cshero-carousel-inner clearfix\">\r\n                                <div class=\"cshero-carousel-meta clearfix\">\r\n                                        <span class=\"cshero-carousel-date\" style=\"text-transform:initial;font-weight:400;font-style:;color:;\">\r\n                        10 des. 2014                    <\/span>\r\n                                                                                                <\/div>\r\n                                                    <h5 class=\"cshero-carousel-title\">\r\n                        <a title=\"KRISTY&#038;MARK. FUN, FUN, FUN!\" href=\"https:\/\/calbernadas.com\/ca\/blog\/kristymark-fun-fun-fun\/\" rel=\"\" style=\"display:block; color:; margin:0; \">\r\n                            KRISTY&#038;MARK. FUN, FUN, FUN!                        <\/a>\r\n                    <\/h5>\r\n                                \r\n                                <div class=\"cshero-carousel-post-description\">\r\n                                            <p>[vc_row][vc_column][vc_column_text]La boda de la Kristy i el Mark va comen\u00e7ar b\u00e9, per\u00f2 va <\/p>\r\n                                    <\/div>\r\n                            <\/div>\r\n        <\/div>\r\n            <\/div>\r\n    <h6 style=\"display:none;\">&nbsp;<\/h6><\/article>\r\n\t\t\t\t\t<\/div>\r\n\t\t\t    <\/div><div class=\"cshero-post-carousel-item-wrap\">                \t\t                <div class=\"cshero-shortcode cshero-post-carousel-item content-center\" >\r\n\t\t\t\t\t\t<article class=\"post-18761 post type-post status-publish format-standard has-post-thumbnail hentry category-celebracions category-celebracions_el-munt category-celebracions_wedding-planner tag-barcelonawedding tag-boda tag-bodabarcelona tag-bodarural tag-calbernadas tag-destinationwedding tag-elmunt tag-momentsbernadas tag-ruralwedding tag-venueforwedding tag-wedding tag-weddingabroad tag-wee\">\r\n    <div class=\"cshero-carousel-container\">\r\n                <div class=\"cshero-carousel-image clearfix\" style=\"width:360px;height:260px;display: block;\">\r\n            <img alt=\"\"  src=\"https:\/\/calbernadas.com\/wp-content\/uploads\/2017\/06\/05-Wedding-Cal-Bernadas-197a-360x260_c.jpg\" style=\"border-radius:0;-webkit-border-radius:0;-moz-border-radius:0;-ms-border-radius:0;-o-border-radius:0;max-width:100%;\" \/>                            <div class=\"overlay \" style=\"z-index:4;border-radius:0;-webkit-border-radius:0;-moz-border-radius:0;-ms-border-radius:0;-o-border-radius:0;background-color:rgba(255,255,255,0.8);color:;width:360px;height:260px;max-width:100%;\">\r\n                    <div class=\"overlay-content\">\r\n                        <div class=\"link-wrap\">\r\n                                                <a class=\"icon-link colorbox icon-button\" title=\"\" href=\"https:\/\/calbernadas.com\/wp-content\/uploads\/2017\/06\/05-Wedding-Cal-Bernadas-197a.jpg\"  data-rel=\"lightbox-image-16\" data-rl_title=\"\" data-rl_caption=\"\"><i class=\"fa fa-search\"><\/i><\/a>                        <\/div>\r\n                    <\/div>\r\n                <\/div>\r\n                    <\/div>\r\n        <div class=\"cshero-carousel-body\" style=\"color:; text-align:center;background-color:;padding:20px 0 0 0;\">\r\n            <div class=\"cshero-carousel-inner clearfix\">\r\n                                <div class=\"cshero-carousel-meta clearfix\">\r\n                                        <span class=\"cshero-carousel-date\" style=\"text-transform:initial;font-weight:400;font-style:;color:;\">\r\n                        10 des. 2014                    <\/span>\r\n                                                                                                <\/div>\r\n                                                    <h5 class=\"cshero-carousel-title\">\r\n                        <a title=\"KRISTY&#038;MARK. QUAN COMEN\u00c7A EL DIA &#8220;B&#8221;?\" href=\"https:\/\/calbernadas.com\/ca\/blog\/kristymark-quan-comenca-dia-b\/\" rel=\"\" style=\"display:block; color:; margin:0; \">\r\n                            KRISTY&#038;MARK. QUAN COMEN\u00c7A EL DIA &#8220;B&#8221;?                        <\/a>\r\n                    <\/h5>\r\n                                \r\n                                <div class=\"cshero-carousel-post-description\">\r\n                                            <p>[vc_row][vc_column][vc_column_text]Quan comen\u00e7a el dia B? A l\u2019entrada del nuvi a la cerim\u00f2nia? <\/p>\r\n                                    <\/div>\r\n                            <\/div>\r\n        <\/div>\r\n            <\/div>\r\n    <h6 style=\"display:none;\">&nbsp;<\/h6><\/article>\r\n\t\t\t\t\t<\/div>\r\n\t\t\t    <\/div><div class=\"cshero-post-carousel-item-wrap\">                \t\t                <div class=\"cshero-shortcode cshero-post-carousel-item content-center\" >\r\n\t\t\t\t\t\t<article class=\"post-17098 post type-post status-publish format-standard has-post-thumbnail hentry category-celebracions category-celebracions_el-munt category-celebracions_wedding-planner tag-barcelonavenue tag-calbernadas tag-destinationwedding tag-elmunt tag-momentsbernadas tag-ruralwedding tag-venueforwedding tag-wedding\">\r\n    <div class=\"cshero-carousel-container\">\r\n                <div class=\"cshero-carousel-image clearfix\" style=\"width:360px;height:260px;display: block;\">\r\n            <img alt=\"\"  src=\"https:\/\/calbernadas.com\/wp-content\/uploads\/2017\/03\/ErnestaTadas_-33-360x260_c.jpg\" style=\"border-radius:0;-webkit-border-radius:0;-moz-border-radius:0;-ms-border-radius:0;-o-border-radius:0;max-width:100%;\" \/>                            <div class=\"overlay \" style=\"z-index:4;border-radius:0;-webkit-border-radius:0;-moz-border-radius:0;-ms-border-radius:0;-o-border-radius:0;background-color:rgba(255,255,255,0.8);color:;width:360px;height:260px;max-width:100%;\">\r\n                    <div class=\"overlay-content\">\r\n                        <div class=\"link-wrap\">\r\n                                                <a class=\"icon-link colorbox icon-button\" title=\"\" href=\"https:\/\/calbernadas.com\/wp-content\/uploads\/2017\/03\/ErnestaTadas_-33.jpg\"  data-rel=\"lightbox-image-17\" data-rl_title=\"\" data-rl_caption=\"\"><i class=\"fa fa-search\"><\/i><\/a>                        <\/div>\r\n                    <\/div>\r\n                <\/div>\r\n                    <\/div>\r\n        <div class=\"cshero-carousel-body\" style=\"color:; text-align:center;background-color:;padding:20px 0 0 0;\">\r\n            <div class=\"cshero-carousel-inner clearfix\">\r\n                                <div class=\"cshero-carousel-meta clearfix\">\r\n                                        <span class=\"cshero-carousel-date\" style=\"text-transform:initial;font-weight:400;font-style:;color:;\">\r\n                        19 des. 2014                    <\/span>\r\n                                                                                                <\/div>\r\n                                                    <h5 class=\"cshero-carousel-title\">\r\n                        <a title=\"DE LITU\u00c0NIA DIRECTE A EL MUNT\" href=\"https:\/\/calbernadas.com\/ca\/blog\/lituania-directe-munt\/\" rel=\"\" style=\"display:block; color:; margin:0; \">\r\n                            DE LITU\u00c0NIA DIRECTE A EL MUNT                        <\/a>\r\n                    <\/h5>\r\n                                \r\n                                <div class=\"cshero-carousel-post-description\">\r\n                                            <p>[vc_row][vc_column][vc_column_text]Si, si. De Litu\u00e0nia directe a El Munt. Arribada a la casa el <\/p>\r\n                                    <\/div>\r\n                            <\/div>\r\n        <\/div>\r\n            <\/div>\r\n    <h6 style=\"display:none;\">&nbsp;<\/h6><\/article>\r\n\t\t\t\t\t<\/div>\r\n\t\t\t    <\/div><div class=\"cshero-post-carousel-item-wrap\">                \t\t                <div class=\"cshero-shortcode cshero-post-carousel-item content-center\" >\r\n\t\t\t\t\t\t<article class=\"post-17175 post type-post status-publish format-standard has-post-thumbnail hentry category-celebracions category-celebracions_el-munt tag-barcelonawedding tag-boda tag-bodarural tag-calbernadas tag-destinationwedding tag-elmunt tag-momentsbernadas tag-ruralwedding tag-venueforwedding tag-wedding\">\r\n    <div class=\"cshero-carousel-container\">\r\n                <div class=\"cshero-carousel-image clearfix\" style=\"width:360px;height:260px;display: block;\">\r\n            <img alt=\"\"  src=\"https:\/\/calbernadas.com\/wp-content\/uploads\/2017\/03\/Casament_AnnaFeliu_El-Munt-23-360x260_c.jpg\" style=\"border-radius:0;-webkit-border-radius:0;-moz-border-radius:0;-ms-border-radius:0;-o-border-radius:0;max-width:100%;\" \/>                            <div class=\"overlay \" style=\"z-index:4;border-radius:0;-webkit-border-radius:0;-moz-border-radius:0;-ms-border-radius:0;-o-border-radius:0;background-color:rgba(255,255,255,0.8);color:;width:360px;height:260px;max-width:100%;\">\r\n                    <div class=\"overlay-content\">\r\n                        <div class=\"link-wrap\">\r\n                                                <a class=\"icon-link colorbox icon-button\" title=\"\" href=\"https:\/\/calbernadas.com\/wp-content\/uploads\/2017\/03\/Casament_AnnaFeliu_El-Munt-23.jpg\"  data-rel=\"lightbox-image-18\" data-rl_title=\"\" data-rl_caption=\"\"><i class=\"fa fa-search\"><\/i><\/a>                        <\/div>\r\n                    <\/div>\r\n                <\/div>\r\n                    <\/div>\r\n        <div class=\"cshero-carousel-body\" style=\"color:; text-align:center;background-color:;padding:20px 0 0 0;\">\r\n            <div class=\"cshero-carousel-inner clearfix\">\r\n                                <div class=\"cshero-carousel-meta clearfix\">\r\n                                        <span class=\"cshero-carousel-date\" style=\"text-transform:initial;font-weight:400;font-style:;color:;\">\r\n                        01 juny 2015                    <\/span>\r\n                                                                                                <\/div>\r\n                                                    <h5 class=\"cshero-carousel-title\">\r\n                        <a title=\"ANNA&#038;FELIU. ESTRENEM TEMPORADA BLOGUERA!\" href=\"https:\/\/calbernadas.com\/ca\/blog\/af-estrenem-temporada-bloguera-2\/\" rel=\"\" style=\"display:block; color:; margin:0; \">\r\n                            ANNA&#038;FELIU. ESTRENEM TEMPORADA BLOGUERA!                        <\/a>\r\n                    <\/h5>\r\n                                \r\n                                <div class=\"cshero-carousel-post-description\">\r\n                                            <p>[vc_row][vc_column][vc_custom_heading text=\"Engeguem <\/p>\r\n                                    <\/div>\r\n                            <\/div>\r\n        <\/div>\r\n            <\/div>\r\n    <h6 style=\"display:none;\">&nbsp;<\/h6><\/article>\r\n\t\t\t\t\t<\/div>\r\n\t\t\t    <\/div><div class=\"cshero-post-carousel-item-wrap\">                \t\t                <div class=\"cshero-shortcode cshero-post-carousel-item content-center\" >\r\n\t\t\t\t\t\t<article class=\"post-17270 post type-post status-publish format-standard has-post-thumbnail hentry category-celebracions category-celebracions_el-munt tag-barcelonavenue tag-barcelonawedding tag-boda tag-bodarural tag-calbernadas tag-destinationwedding tag-elmunt tag-momentsbernadas tag-rural tag-ruralwedding tag-venueinbarcelona tag-wedding\">\r\n    <div class=\"cshero-carousel-container\">\r\n                <div class=\"cshero-carousel-image clearfix\" style=\"width:360px;height:260px;display: block;\">\r\n            <img alt=\"\"  src=\"https:\/\/calbernadas.com\/wp-content\/uploads\/2017\/03\/Casament_MartaJosep_El-Munt-11-360x260_c.jpg\" style=\"border-radius:0;-webkit-border-radius:0;-moz-border-radius:0;-ms-border-radius:0;-o-border-radius:0;max-width:100%;\" \/>                            <div class=\"overlay \" style=\"z-index:4;border-radius:0;-webkit-border-radius:0;-moz-border-radius:0;-ms-border-radius:0;-o-border-radius:0;background-color:rgba(255,255,255,0.8);color:;width:360px;height:260px;max-width:100%;\">\r\n                    <div class=\"overlay-content\">\r\n                        <div class=\"link-wrap\">\r\n                                                <a class=\"icon-link colorbox icon-button\" title=\"\" href=\"https:\/\/calbernadas.com\/wp-content\/uploads\/2017\/03\/Casament_MartaJosep_El-Munt-11.jpg\"  data-rel=\"lightbox-image-19\" data-rl_title=\"\" data-rl_caption=\"\"><i class=\"fa fa-search\"><\/i><\/a>                        <\/div>\r\n                    <\/div>\r\n                <\/div>\r\n                    <\/div>\r\n        <div class=\"cshero-carousel-body\" style=\"color:; text-align:center;background-color:;padding:20px 0 0 0;\">\r\n            <div class=\"cshero-carousel-inner clearfix\">\r\n                                <div class=\"cshero-carousel-meta clearfix\">\r\n                                        <span class=\"cshero-carousel-date\" style=\"text-transform:initial;font-weight:400;font-style:;color:;\">\r\n                        15 juny 2015                    <\/span>\r\n                                                                                                <\/div>\r\n                                                    <h5 class=\"cshero-carousel-title\">\r\n                        <a title=\"MARTA&#038;JOSEP. PRIMAVERA EN ESTAT PUR!\" href=\"https:\/\/calbernadas.com\/ca\/blog\/mj-primavera-estat-pur\/\" rel=\"\" style=\"display:block; color:; margin:0; \">\r\n                            MARTA&#038;JOSEP. PRIMAVERA EN ESTAT PUR!                        <\/a>\r\n                    <\/h5>\r\n                                \r\n                                <div class=\"cshero-carousel-post-description\">\r\n                                            <p>[vc_row][vc_column][vc_custom_heading text=\"M\u00e9s verd, m\u00e9s sol, m\u00e9s color, m\u00e9s florit ... <\/p>\r\n                                    <\/div>\r\n                            <\/div>\r\n        <\/div>\r\n            <\/div>\r\n    <h6 style=\"display:none;\">&nbsp;<\/h6><\/article>\r\n\t\t\t\t\t<\/div>\r\n\t\t\t    <\/div><div class=\"cshero-post-carousel-item-wrap\">                \t\t                <div class=\"cshero-shortcode cshero-post-carousel-item content-center\" >\r\n\t\t\t\t\t\t<article class=\"post-18255 post type-post status-publish format-standard has-post-thumbnail hentry category-celebracions category-celebracions_el-munt tag-barcelonawedding tag-bodarural tag-calbernadas tag-destinationwedding tag-elmunt tag-momentsbernadas tag-ruralwedding tag-venueforwedding tag-wedding\">\r\n    <div class=\"cshero-carousel-container\">\r\n                <div class=\"cshero-carousel-image clearfix\" style=\"width:360px;height:260px;display: block;\">\r\n            <img alt=\"\"  src=\"https:\/\/calbernadas.com\/wp-content\/uploads\/2017\/04\/15061-1004A-360x260_c.jpg\" style=\"border-radius:0;-webkit-border-radius:0;-moz-border-radius:0;-ms-border-radius:0;-o-border-radius:0;max-width:100%;\" \/>                            <div class=\"overlay \" style=\"z-index:4;border-radius:0;-webkit-border-radius:0;-moz-border-radius:0;-ms-border-radius:0;-o-border-radius:0;background-color:rgba(255,255,255,0.8);color:;width:360px;height:260px;max-width:100%;\">\r\n                    <div class=\"overlay-content\">\r\n                        <div class=\"link-wrap\">\r\n                                                <a class=\"icon-link colorbox icon-button\" title=\"\" href=\"https:\/\/calbernadas.com\/wp-content\/uploads\/2017\/04\/15061-1004A.jpg\"  data-rel=\"lightbox-image-20\" data-rl_title=\"\" data-rl_caption=\"\"><i class=\"fa fa-search\"><\/i><\/a>                        <\/div>\r\n                    <\/div>\r\n                <\/div>\r\n                    <\/div>\r\n        <div class=\"cshero-carousel-body\" style=\"color:; text-align:center;background-color:;padding:20px 0 0 0;\">\r\n            <div class=\"cshero-carousel-inner clearfix\">\r\n                                <div class=\"cshero-carousel-meta clearfix\">\r\n                                        <span class=\"cshero-carousel-date\" style=\"text-transform:initial;font-weight:400;font-style:;color:;\">\r\n                        15 set. 2015                    <\/span>\r\n                                                                                                <\/div>\r\n                                                    <h5 class=\"cshero-carousel-title\">\r\n                        <a title=\"TANIA&#038;GUILLE. FLYING&#8230; TO EL MUNT!\" href=\"https:\/\/calbernadas.com\/ca\/blog\/flying-to-munt\/\" rel=\"\" style=\"display:block; color:; margin:0; \">\r\n                            TANIA&#038;GUILLE. FLYING&#8230; TO EL MUNT!                        <\/a>\r\n                    <\/h5>\r\n                                \r\n                                <div class=\"cshero-carousel-post-description\">\r\n                                            <p>[vc_row][vc_column][vc_column_text]La Tania i el Guille. Una parella de guapos, una parella de <\/p>\r\n                                    <\/div>\r\n                            <\/div>\r\n        <\/div>\r\n            <\/div>\r\n    <h6 style=\"display:none;\">&nbsp;<\/h6><\/article>\r\n\t\t\t\t\t<\/div>\r\n\t\t\t    <\/div><div class=\"cshero-post-carousel-item-wrap\">                \t\t                <div class=\"cshero-shortcode cshero-post-carousel-item content-center\" >\r\n\t\t\t\t\t\t<article class=\"post-17207 post type-post status-publish format-standard has-post-thumbnail hentry category-celebracions category-celebracions_el-munt\">\r\n    <div class=\"cshero-carousel-container\">\r\n                <div class=\"cshero-carousel-image clearfix\" style=\"width:360px;height:260px;display: block;\">\r\n            <img alt=\"\"  src=\"https:\/\/calbernadas.com\/wp-content\/uploads\/2017\/03\/Casament_AudreyJohn_El-Munt-13-360x260_c.jpg\" style=\"border-radius:0;-webkit-border-radius:0;-moz-border-radius:0;-ms-border-radius:0;-o-border-radius:0;max-width:100%;\" \/>                            <div class=\"overlay \" style=\"z-index:4;border-radius:0;-webkit-border-radius:0;-moz-border-radius:0;-ms-border-radius:0;-o-border-radius:0;background-color:rgba(255,255,255,0.8);color:;width:360px;height:260px;max-width:100%;\">\r\n                    <div class=\"overlay-content\">\r\n                        <div class=\"link-wrap\">\r\n                                                <a class=\"icon-link colorbox icon-button\" title=\"\" href=\"https:\/\/calbernadas.com\/wp-content\/uploads\/2017\/03\/Casament_AudreyJohn_El-Munt-13.jpg\"  data-rel=\"lightbox-image-21\" data-rl_title=\"\" data-rl_caption=\"\"><i class=\"fa fa-search\"><\/i><\/a>                        <\/div>\r\n                    <\/div>\r\n                <\/div>\r\n                    <\/div>\r\n        <div class=\"cshero-carousel-body\" style=\"color:; text-align:center;background-color:;padding:20px 0 0 0;\">\r\n            <div class=\"cshero-carousel-inner clearfix\">\r\n                                <div class=\"cshero-carousel-meta clearfix\">\r\n                                        <span class=\"cshero-carousel-date\" style=\"text-transform:initial;font-weight:400;font-style:;color:;\">\r\n                        20 set. 2015                    <\/span>\r\n                                                                                                <\/div>\r\n                                                    <h5 class=\"cshero-carousel-title\">\r\n                        <a title=\"AUDREY&#038;JOHN. HAPPY 1ST YEAR!\" href=\"https:\/\/calbernadas.com\/ca\/blog\/audreyjohn-happy-1st-year-2\/\" rel=\"\" style=\"display:block; color:; margin:0; \">\r\n                            AUDREY&#038;JOHN. HAPPY 1ST YEAR!                        <\/a>\r\n                    <\/h5>\r\n                                \r\n                                <div class=\"cshero-carousel-post-description\">\r\n                                            <p>[vc_row][vc_column][vc_custom_heading text=\"Happy 1st <\/p>\r\n                                    <\/div>\r\n                            <\/div>\r\n        <\/div>\r\n            <\/div>\r\n    <h6 style=\"display:none;\">&nbsp;<\/h6><\/article>\r\n\t\t\t\t\t<\/div>\r\n\t\t\t    <\/div><div class=\"cshero-post-carousel-item-wrap\">                \t\t                <div class=\"cshero-shortcode cshero-post-carousel-item content-center\" >\r\n\t\t\t\t\t\t<article class=\"post-17078 post type-post status-publish format-standard has-post-thumbnail hentry category-turisme-rural category-turisme-rural_el-munt\">\r\n    <div class=\"cshero-carousel-container\">\r\n                <div class=\"cshero-carousel-image clearfix\" style=\"width:360px;height:260px;display: block;\">\r\n            <img alt=\"\"  src=\"https:\/\/calbernadas.com\/wp-content\/uploads\/2017\/03\/Montse-Giralt2-360x260_c.jpg\" style=\"border-radius:0;-webkit-border-radius:0;-moz-border-radius:0;-ms-border-radius:0;-o-border-radius:0;max-width:100%;\" \/>                            <div class=\"overlay \" style=\"z-index:4;border-radius:0;-webkit-border-radius:0;-moz-border-radius:0;-ms-border-radius:0;-o-border-radius:0;background-color:rgba(255,255,255,0.8);color:;width:360px;height:260px;max-width:100%;\">\r\n                    <div class=\"overlay-content\">\r\n                        <div class=\"link-wrap\">\r\n                                                <a class=\"icon-link colorbox icon-button\" title=\"\" href=\"https:\/\/calbernadas.com\/wp-content\/uploads\/2017\/03\/Montse-Giralt2.jpg\"  data-rel=\"lightbox-image-22\" data-rl_title=\"\" data-rl_caption=\"\"><i class=\"fa fa-search\"><\/i><\/a>                        <\/div>\r\n                    <\/div>\r\n                <\/div>\r\n                    <\/div>\r\n        <div class=\"cshero-carousel-body\" style=\"color:; text-align:center;background-color:;padding:20px 0 0 0;\">\r\n            <div class=\"cshero-carousel-inner clearfix\">\r\n                                <div class=\"cshero-carousel-meta clearfix\">\r\n                                        <span class=\"cshero-carousel-date\" style=\"text-transform:initial;font-weight:400;font-style:;color:;\">\r\n                        11 gen. 2016                    <\/span>\r\n                                                                                                <\/div>\r\n                                                    <h5 class=\"cshero-carousel-title\">\r\n                        <a title=\"FLOW\" href=\"https:\/\/calbernadas.com\/ca\/blog\/flow-2\/\" rel=\"\" style=\"display:block; color:; margin:0; \">\r\n                            FLOW                        <\/a>\r\n                    <\/h5>\r\n                                \r\n                                <div class=\"cshero-carousel-post-description\">\r\n                                            <p>[vc_row][vc_column][vc_column_text]Flow\u00a0\u00e9s el t\u00edtol d'aquest gran projecte de Montse Giralt, <\/p>\r\n                                    <\/div>\r\n                            <\/div>\r\n        <\/div>\r\n            <\/div>\r\n    <h6 style=\"display:none;\">&nbsp;<\/h6><\/article>\r\n\t\t\t\t\t<\/div>\r\n\t\t\t    <\/div><div class=\"cshero-post-carousel-item-wrap\">                \t\t                <div class=\"cshero-shortcode cshero-post-carousel-item content-center\" >\r\n\t\t\t\t\t\t<article class=\"post-18827 post type-post status-publish format-standard has-post-thumbnail hentry category-celebracions category-celebracions_el-munt tag-barcelonawedding tag-boda tag-bodabarcelona tag-bodarural tag-bodas tag-calbernadas tag-destinationwedding tag-elmunt tag-momentsbernadas tag-ruralwedding tag-venueforwedding tag-wedding tag-weddingabroad\">\r\n    <div class=\"cshero-carousel-container\">\r\n                <div class=\"cshero-carousel-image clearfix\" style=\"width:360px;height:260px;display: block;\">\r\n            <img alt=\"\"  src=\"https:\/\/calbernadas.com\/wp-content\/uploads\/2017\/07\/BODAJUANANMIREIA-461A.-Boda-el-Munt.-Mireia-i-Juanan-360x260_c.jpg\" style=\"border-radius:0;-webkit-border-radius:0;-moz-border-radius:0;-ms-border-radius:0;-o-border-radius:0;max-width:100%;\" \/>                            <div class=\"overlay \" style=\"z-index:4;border-radius:0;-webkit-border-radius:0;-moz-border-radius:0;-ms-border-radius:0;-o-border-radius:0;background-color:rgba(255,255,255,0.8);color:;width:360px;height:260px;max-width:100%;\">\r\n                    <div class=\"overlay-content\">\r\n                        <div class=\"link-wrap\">\r\n                                                <a class=\"icon-link colorbox icon-button\" title=\"\" href=\"https:\/\/calbernadas.com\/wp-content\/uploads\/2017\/07\/BODAJUANANMIREIA-461A.-Boda-el-Munt.-Mireia-i-Juanan.jpg\"  data-rel=\"lightbox-image-23\" data-rl_title=\"\" data-rl_caption=\"\"><i class=\"fa fa-search\"><\/i><\/a>                        <\/div>\r\n                    <\/div>\r\n                <\/div>\r\n                    <\/div>\r\n        <div class=\"cshero-carousel-body\" style=\"color:; text-align:center;background-color:;padding:20px 0 0 0;\">\r\n            <div class=\"cshero-carousel-inner clearfix\">\r\n                                <div class=\"cshero-carousel-meta clearfix\">\r\n                                        <span class=\"cshero-carousel-date\" style=\"text-transform:initial;font-weight:400;font-style:;color:;\">\r\n                        25 gen. 2016                    <\/span>\r\n                                                                                                <\/div>\r\n                                                    <h5 class=\"cshero-carousel-title\">\r\n                        <a title=\"MIREIA&#038;JUANAN. UNA PARELLA ENCANTADORA\" href=\"https:\/\/calbernadas.com\/ca\/blog\/mireiajuanan-una-parella-molt-bonica\/\" rel=\"\" style=\"display:block; color:; margin:0; \">\r\n                            MIREIA&#038;JUANAN. UNA PARELLA ENCANTADORA                        <\/a>\r\n                    <\/h5>\r\n                                \r\n                                <div class=\"cshero-carousel-post-description\">\r\n                                            <p>[vc_row][vc_column][vc_column_text]Una cerim\u00f2nia enmig del bosc, un aperitiu al jard\u00ed i un <\/p>\r\n                                    <\/div>\r\n                            <\/div>\r\n        <\/div>\r\n            <\/div>\r\n    <h6 style=\"display:none;\">&nbsp;<\/h6><\/article>\r\n\t\t\t\t\t<\/div>\r\n\t\t\t    <\/div>\t\t\t<\/div>\r\n\t\t<\/div>\r\n\t\t\t\t\t<div class=\"cshero-control pager-center text-center default\"><\/div>\r\n\t\t\t\t        <div class=\"cshero-nav text-center default\">\r\n            <ul>\r\n                <li class=\"prev\" style=\"left:;\"><\/li>\r\n                <li class=\"next\" style=\"right:;\"><\/li>\r\n            <\/ul>\r\n        <\/div>\r\n    \t\t        <\/div>\r\n[\/vc_column][\/vc_row][vc_row css=&#8221;.vc_custom_1418098768490{margin-bottom: 80px !important;border-bottom-width: 1px !important;padding-bottom: 80px !important;border-bottom-color: #eeeeee !important;border-bottom-style: solid !important;}&#8221; full_width=&#8221;false&#8221; parallax_speed=&#8221;0.8&#8243; bg_video_transparent=&#8221;0&#8243; height_engle=&#8221;60px&#8221; height_engle_style2=&#8221;60px&#8221;][vc_column][cs_custom_heading text=&#8221;DEFAULT &#8211; CUSTOMIZED 4&#8243; font_container=&#8221;tag:h2|font_size:30px|text_align:center&#8221; style=&#8221;title-bottom-line&#8221; title_bottom_line_width=&#8221;40px&#8221; title_bottom_line_height=&#8221;3px&#8221; title_bottom_line_color=&#8221;#dddddd&#8221; title_bottom_line_margin_bottom=&#8221;40px&#8221; css=&#8221;.vc_custom_1419322783059{margin-bottom: 20px !important;}&#8221;]\t<div id=\"cshero_post_carousel_1777625343_169f468ff1efd6\" class=\"cshero-post-carousel postcarousel-default \">\r\n\t\t<style type=\"text\/css\" scoped>\r\n\t\t\t#cshero_post_carousel_1777625343_169f468ff1efd6 article:hover .cshero-carousel-body{color: !important; background-color: !important; }\r\n\t\t\t#cshero_post_carousel_1777625343_169f468ff1efd6 article:hover .cshero-carousel-title a{color: !important; }\r\n\t\t\t#cshero_post_carousel_1777625343_169f468ff1efd6 .link-wrap a{ color: ;}\r\n\t\t\t#cshero_post_carousel_1777625343_169f468ff1efd6 .link-wrap a:hover{ color: ;}\r\n\t\t\t#cshero_post_carousel_1777625343_169f468ff1efd6 .link-wrap [class*='icon-box-']:hover .fa,\r\n\t\t\t#cshero_post_carousel_1777625343_169f468ff1efd6 .link-wrap [class^='icon-box-']:hover .fa{border-color:;}\r\n\t\t<\/style>\r\n\t            <div class=\"cshero-post-carousel-list \">\r\n            <div id=\"cshero_post_carousel1777625343_169f468ff1efd6\" data-mode=\"horizontal\" data-moveslides=\"3\" data-auto=\"0\" data-speed=\"500\" data-prevselector=\"#cshero_post_carousel_1777625343_169f468ff1efd6 .prev\" data-nextselector=\"#cshero_post_carousel_1777625343_169f468ff1efd6 .next\" data-prevText=\"<i class='fa fa-angle-left'><\/i>\" data-nextText=\"<i class='fa fa-angle-right'><\/i>\" data-pagerSelector=\"#cshero_post_carousel_1777625343_169f468ff1efd6 .cshero-control\" data-onsliderload=\"true\" data-touchenabled=\"1\" data-controls=\"true\" data-pager=\"1\" data-pause=\"4000\" data-infiniteloop=\"true\" data-adaptiveheight=\"true\"  data-autohover=\"true\" data-slidemargin=\"30\" data-maxslides=\"3\" data-minslides=\"1\" data-slidewidth=\"360\" data-slideselector=\"\" data-easing=\"swing\" data-usecss=\"\" data-resize=\"1\" class=\"slider jm-bxslider\">\r\n                <div class=\"cshero-post-carousel-item-wrap\">                \t\t                <div class=\"cshero-shortcode cshero-post-carousel-item content-left\" >\r\n\t\t\t\t\t\t<article class=\"post-12245 post type-post status-publish format-standard has-post-thumbnail hentry category-turisme-rural category-turisme-rural_el-munt\">\r\n    <div class=\"cshero-carousel-container\">\r\n                    <div class=\"cshero-carousel-body\" style=\"color:; text-align:left;background-color:;padding:0;\">\r\n                <div class=\"cshero-carousel-inner clearfix\">\r\n                                        <div class=\"cshero-carousel-meta clearfix\">\r\n                                                <span class=\"cshero-carousel-date\" style=\"text-transform:initial;font-weight:400;font-style:;color:;\">mar\u00e7 25 2014<\/span>\r\n                                                                                                                    <\/div>\r\n                                                                <h3 class=\"cshero-carousel-title\">\r\n                            <a title=\"GR\u00c0CIES MARC I MIREIA!\" href=\"https:\/\/calbernadas.com\/ca\/blog\/gracies-marc-i-mireia\/\" rel=\"\" style=\"display:block; color:; margin:0; \">\r\n                                GR\u00c0CIES MARC I MIREIA!                            <\/a>\r\n                        <\/h3>\r\n                                        \r\n                                        <div class=\"cshero-carousel-post-description\">\r\n                                                    <p>[vc_row][vc_column][vc_column_text]\r\nJa fa uns quants dies que v\u00e0rem assistir a la Fira Nuvis a <\/p>\r\n                                            <\/div>\r\n                                                        <\/div>\r\n            <\/div>\r\n            <\/div>\r\n    <h6 style=\"display:none;\">&nbsp;<\/h6><\/article>\r\n\t\t\t\t\t<\/div>\r\n\t\t\t    <\/div><div class=\"cshero-post-carousel-item-wrap\">                \t\t                <div class=\"cshero-shortcode cshero-post-carousel-item content-left\" >\r\n\t\t\t\t\t\t<article class=\"post-17021 post type-post status-publish format-standard has-post-thumbnail hentry category-celebracions category-celebracions_el-munt tag-barcelonawedding tag-boda tag-calbernadas tag-casament tag-destinationwedding tag-elmunt tag-momentsbernadas tag-ruralwedding tag-venueinbarcelona tag-wedding\">\r\n    <div class=\"cshero-carousel-container\">\r\n                    <div class=\"cshero-carousel-body\" style=\"color:; text-align:left;background-color:;padding:0;\">\r\n                <div class=\"cshero-carousel-inner clearfix\">\r\n                                        <div class=\"cshero-carousel-meta clearfix\">\r\n                                                <span class=\"cshero-carousel-date\" style=\"text-transform:initial;font-weight:400;font-style:;color:;\">maig 31 2014<\/span>\r\n                                                                                                                    <\/div>\r\n                                                                <h3 class=\"cshero-carousel-title\">\r\n                            <a title=\"DOS M\u00d3NS UNITS EN UN\" href=\"https:\/\/calbernadas.com\/ca\/blog\/dos-mons-units-2\/\" rel=\"\" style=\"display:block; color:; margin:0; \">\r\n                                DOS M\u00d3NS UNITS EN UN                            <\/a>\r\n                        <\/h3>\r\n                                        \r\n                                        <div class=\"cshero-carousel-post-description\">\r\n                                                    <p>[vc_row][vc_column][vc_column_text]\r\nQu\u00e8 res millor que ensenyar-vos algunes de les fotos del <\/p>\r\n                                            <\/div>\r\n                                                        <\/div>\r\n            <\/div>\r\n            <\/div>\r\n    <h6 style=\"display:none;\">&nbsp;<\/h6><\/article>\r\n\t\t\t\t\t<\/div>\r\n\t\t\t    <\/div><div class=\"cshero-post-carousel-item-wrap\">                \t\t                <div class=\"cshero-shortcode cshero-post-carousel-item content-left\" >\r\n\t\t\t\t\t\t<article class=\"post-16944 post type-post status-publish format-standard has-post-thumbnail hentry category-celebracions category-celebracions_el-munt category-celebracions_wedding-planner\">\r\n    <div class=\"cshero-carousel-container\">\r\n                    <div class=\"cshero-carousel-body\" style=\"color:; text-align:left;background-color:;padding:0;\">\r\n                <div class=\"cshero-carousel-inner clearfix\">\r\n                                        <div class=\"cshero-carousel-meta clearfix\">\r\n                                                <span class=\"cshero-carousel-date\" style=\"text-transform:initial;font-weight:400;font-style:;color:;\">jul. 08 2014<\/span>\r\n                                                                                                                    <\/div>\r\n                                                                <h3 class=\"cshero-carousel-title\">\r\n                            <a title=\"IT&#8217;S RAINING, BE HAPPY!\" href=\"https:\/\/calbernadas.com\/ca\/blog\/its-raining-be-happy-2\/\" rel=\"\" style=\"display:block; color:; margin:0; \">\r\n                                IT&#8217;S RAINING, BE HAPPY!                            <\/a>\r\n                        <\/h3>\r\n                                        \r\n                                        <div class=\"cshero-carousel-post-description\">\r\n                                                    <p>[vc_row][vc_column][vc_column_text]La Joanna i el Julian s\u00f3n una parella suec xilena que es va <\/p>\r\n                                            <\/div>\r\n                                                        <\/div>\r\n            <\/div>\r\n            <\/div>\r\n    <h6 style=\"display:none;\">&nbsp;<\/h6><\/article>\r\n\t\t\t\t\t<\/div>\r\n\t\t\t    <\/div><div class=\"cshero-post-carousel-item-wrap\">                \t\t                <div class=\"cshero-shortcode cshero-post-carousel-item content-left\" >\r\n\t\t\t\t\t\t<article class=\"post-18515 post type-post status-publish format-standard has-post-thumbnail hentry category-celebracions category-celebracions_el-munt category-celebracions_wedding-planner tag-barcelonawedding tag-boda tag-bodabarcelona tag-bodarural tag-calbernadas tag-destinationwedding tag-elmunt tag-momentsbernadas tag-ruralwedding tag-venueforwedding tag-villaforvenue tag-wedding tag-weddingabroad\">\r\n    <div class=\"cshero-carousel-container\">\r\n                    <div class=\"cshero-carousel-body\" style=\"color:; text-align:left;background-color:;padding:0;\">\r\n                <div class=\"cshero-carousel-inner clearfix\">\r\n                                        <div class=\"cshero-carousel-meta clearfix\">\r\n                                                <span class=\"cshero-carousel-date\" style=\"text-transform:initial;font-weight:400;font-style:;color:;\">des. 10 2014<\/span>\r\n                                                                                                                    <\/div>\r\n                                                                <h3 class=\"cshero-carousel-title\">\r\n                            <a title=\"KRISTY&#038;MARK. FUN, FUN, FUN!\" href=\"https:\/\/calbernadas.com\/ca\/blog\/kristymark-fun-fun-fun\/\" rel=\"\" style=\"display:block; color:; margin:0; \">\r\n                                KRISTY&#038;MARK. FUN, FUN, FUN!                            <\/a>\r\n                        <\/h3>\r\n                                        \r\n                                        <div class=\"cshero-carousel-post-description\">\r\n                                                    <p>[vc_row][vc_column][vc_column_text]La boda de la Kristy i el Mark va comen\u00e7ar b\u00e9, per\u00f2 va <\/p>\r\n                                            <\/div>\r\n                                                        <\/div>\r\n            <\/div>\r\n            <\/div>\r\n    <h6 style=\"display:none;\">&nbsp;<\/h6><\/article>\r\n\t\t\t\t\t<\/div>\r\n\t\t\t    <\/div><div class=\"cshero-post-carousel-item-wrap\">                \t\t                <div class=\"cshero-shortcode cshero-post-carousel-item content-left\" >\r\n\t\t\t\t\t\t<article class=\"post-18761 post type-post status-publish format-standard has-post-thumbnail hentry category-celebracions category-celebracions_el-munt category-celebracions_wedding-planner tag-barcelonawedding tag-boda tag-bodabarcelona tag-bodarural tag-calbernadas tag-destinationwedding tag-elmunt tag-momentsbernadas tag-ruralwedding tag-venueforwedding tag-wedding tag-weddingabroad tag-wee\">\r\n    <div class=\"cshero-carousel-container\">\r\n                    <div class=\"cshero-carousel-body\" style=\"color:; text-align:left;background-color:;padding:0;\">\r\n                <div class=\"cshero-carousel-inner clearfix\">\r\n                                        <div class=\"cshero-carousel-meta clearfix\">\r\n                                                <span class=\"cshero-carousel-date\" style=\"text-transform:initial;font-weight:400;font-style:;color:;\">des. 10 2014<\/span>\r\n                                                                                                                    <\/div>\r\n                                                                <h3 class=\"cshero-carousel-title\">\r\n                            <a title=\"KRISTY&#038;MARK. QUAN COMEN\u00c7A EL DIA &#8220;B&#8221;?\" href=\"https:\/\/calbernadas.com\/ca\/blog\/kristymark-quan-comenca-dia-b\/\" rel=\"\" style=\"display:block; color:; margin:0; \">\r\n                                KRISTY&#038;MARK. QUAN COMEN\u00c7A EL DIA &#8220;B&#8221;?                            <\/a>\r\n                        <\/h3>\r\n                                        \r\n                                        <div class=\"cshero-carousel-post-description\">\r\n                                                    <p>[vc_row][vc_column][vc_column_text]Quan comen\u00e7a el dia B? A l\u2019entrada del nuvi a la cerim\u00f2nia? <\/p>\r\n                                            <\/div>\r\n                                                        <\/div>\r\n            <\/div>\r\n            <\/div>\r\n    <h6 style=\"display:none;\">&nbsp;<\/h6><\/article>\r\n\t\t\t\t\t<\/div>\r\n\t\t\t    <\/div><div class=\"cshero-post-carousel-item-wrap\">                \t\t                <div class=\"cshero-shortcode cshero-post-carousel-item content-left\" >\r\n\t\t\t\t\t\t<article class=\"post-17098 post type-post status-publish format-standard has-post-thumbnail hentry category-celebracions category-celebracions_el-munt category-celebracions_wedding-planner tag-barcelonavenue tag-calbernadas tag-destinationwedding tag-elmunt tag-momentsbernadas tag-ruralwedding tag-venueforwedding tag-wedding\">\r\n    <div class=\"cshero-carousel-container\">\r\n                    <div class=\"cshero-carousel-body\" style=\"color:; text-align:left;background-color:;padding:0;\">\r\n                <div class=\"cshero-carousel-inner clearfix\">\r\n                                        <div class=\"cshero-carousel-meta clearfix\">\r\n                                                <span class=\"cshero-carousel-date\" style=\"text-transform:initial;font-weight:400;font-style:;color:;\">des. 19 2014<\/span>\r\n                                                                                                                    <\/div>\r\n                                                                <h3 class=\"cshero-carousel-title\">\r\n                            <a title=\"DE LITU\u00c0NIA DIRECTE A EL MUNT\" href=\"https:\/\/calbernadas.com\/ca\/blog\/lituania-directe-munt\/\" rel=\"\" style=\"display:block; color:; margin:0; \">\r\n                                DE LITU\u00c0NIA DIRECTE A EL MUNT                            <\/a>\r\n                        <\/h3>\r\n                                        \r\n                                        <div class=\"cshero-carousel-post-description\">\r\n                                                    <p>[vc_row][vc_column][vc_column_text]Si, si. De Litu\u00e0nia directe a El Munt. Arribada a la casa el <\/p>\r\n                                            <\/div>\r\n                                                        <\/div>\r\n            <\/div>\r\n            <\/div>\r\n    <h6 style=\"display:none;\">&nbsp;<\/h6><\/article>\r\n\t\t\t\t\t<\/div>\r\n\t\t\t    <\/div><div class=\"cshero-post-carousel-item-wrap\">                \t\t                <div class=\"cshero-shortcode cshero-post-carousel-item content-left\" >\r\n\t\t\t\t\t\t<article class=\"post-17175 post type-post status-publish format-standard has-post-thumbnail hentry category-celebracions category-celebracions_el-munt tag-barcelonawedding tag-boda tag-bodarural tag-calbernadas tag-destinationwedding tag-elmunt tag-momentsbernadas tag-ruralwedding tag-venueforwedding tag-wedding\">\r\n    <div class=\"cshero-carousel-container\">\r\n                    <div class=\"cshero-carousel-body\" style=\"color:; text-align:left;background-color:;padding:0;\">\r\n                <div class=\"cshero-carousel-inner clearfix\">\r\n                                        <div class=\"cshero-carousel-meta clearfix\">\r\n                                                <span class=\"cshero-carousel-date\" style=\"text-transform:initial;font-weight:400;font-style:;color:;\">juny 01 2015<\/span>\r\n                                                                                                                    <\/div>\r\n                                                                <h3 class=\"cshero-carousel-title\">\r\n                            <a title=\"ANNA&#038;FELIU. ESTRENEM TEMPORADA BLOGUERA!\" href=\"https:\/\/calbernadas.com\/ca\/blog\/af-estrenem-temporada-bloguera-2\/\" rel=\"\" style=\"display:block; color:; margin:0; \">\r\n                                ANNA&#038;FELIU. ESTRENEM TEMPORADA BLOGUERA!                            <\/a>\r\n                        <\/h3>\r\n                                        \r\n                                        <div class=\"cshero-carousel-post-description\">\r\n                                                    <p>[vc_row][vc_column][vc_custom_heading text=\"Engeguem <\/p>\r\n                                            <\/div>\r\n                                                        <\/div>\r\n            <\/div>\r\n            <\/div>\r\n    <h6 style=\"display:none;\">&nbsp;<\/h6><\/article>\r\n\t\t\t\t\t<\/div>\r\n\t\t\t    <\/div><div class=\"cshero-post-carousel-item-wrap\">                \t\t                <div class=\"cshero-shortcode cshero-post-carousel-item content-left\" >\r\n\t\t\t\t\t\t<article class=\"post-17270 post type-post status-publish format-standard has-post-thumbnail hentry category-celebracions category-celebracions_el-munt tag-barcelonavenue tag-barcelonawedding tag-boda tag-bodarural tag-calbernadas tag-destinationwedding tag-elmunt tag-momentsbernadas tag-rural tag-ruralwedding tag-venueinbarcelona tag-wedding\">\r\n    <div class=\"cshero-carousel-container\">\r\n                    <div class=\"cshero-carousel-body\" style=\"color:; text-align:left;background-color:;padding:0;\">\r\n                <div class=\"cshero-carousel-inner clearfix\">\r\n                                        <div class=\"cshero-carousel-meta clearfix\">\r\n                                                <span class=\"cshero-carousel-date\" style=\"text-transform:initial;font-weight:400;font-style:;color:;\">juny 15 2015<\/span>\r\n                                                                                                                    <\/div>\r\n                                                                <h3 class=\"cshero-carousel-title\">\r\n                            <a title=\"MARTA&#038;JOSEP. PRIMAVERA EN ESTAT PUR!\" href=\"https:\/\/calbernadas.com\/ca\/blog\/mj-primavera-estat-pur\/\" rel=\"\" style=\"display:block; color:; margin:0; \">\r\n                                MARTA&#038;JOSEP. PRIMAVERA EN ESTAT PUR!                            <\/a>\r\n                        <\/h3>\r\n                                        \r\n                                        <div class=\"cshero-carousel-post-description\">\r\n                                                    <p>[vc_row][vc_column][vc_custom_heading text=\"M\u00e9s verd, m\u00e9s sol, m\u00e9s color, m\u00e9s florit ... <\/p>\r\n                                            <\/div>\r\n                                                        <\/div>\r\n            <\/div>\r\n            <\/div>\r\n    <h6 style=\"display:none;\">&nbsp;<\/h6><\/article>\r\n\t\t\t\t\t<\/div>\r\n\t\t\t    <\/div><div class=\"cshero-post-carousel-item-wrap\">                \t\t                <div class=\"cshero-shortcode cshero-post-carousel-item content-left\" >\r\n\t\t\t\t\t\t<article class=\"post-18255 post type-post status-publish format-standard has-post-thumbnail hentry category-celebracions category-celebracions_el-munt tag-barcelonawedding tag-bodarural tag-calbernadas tag-destinationwedding tag-elmunt tag-momentsbernadas tag-ruralwedding tag-venueforwedding tag-wedding\">\r\n    <div class=\"cshero-carousel-container\">\r\n                    <div class=\"cshero-carousel-body\" style=\"color:; text-align:left;background-color:;padding:0;\">\r\n                <div class=\"cshero-carousel-inner clearfix\">\r\n                                        <div class=\"cshero-carousel-meta clearfix\">\r\n                                                <span class=\"cshero-carousel-date\" style=\"text-transform:initial;font-weight:400;font-style:;color:;\">set. 15 2015<\/span>\r\n                                                                                                                    <\/div>\r\n                                                                <h3 class=\"cshero-carousel-title\">\r\n                            <a title=\"TANIA&#038;GUILLE. FLYING&#8230; TO EL MUNT!\" href=\"https:\/\/calbernadas.com\/ca\/blog\/flying-to-munt\/\" rel=\"\" style=\"display:block; color:; margin:0; \">\r\n                                TANIA&#038;GUILLE. FLYING&#8230; TO EL MUNT!                            <\/a>\r\n                        <\/h3>\r\n                                        \r\n                                        <div class=\"cshero-carousel-post-description\">\r\n                                                    <p>[vc_row][vc_column][vc_column_text]La Tania i el Guille. Una parella de guapos, una parella de <\/p>\r\n                                            <\/div>\r\n                                                        <\/div>\r\n            <\/div>\r\n            <\/div>\r\n    <h6 style=\"display:none;\">&nbsp;<\/h6><\/article>\r\n\t\t\t\t\t<\/div>\r\n\t\t\t    <\/div><div class=\"cshero-post-carousel-item-wrap\">                \t\t                <div class=\"cshero-shortcode cshero-post-carousel-item content-left\" >\r\n\t\t\t\t\t\t<article class=\"post-17207 post type-post status-publish format-standard has-post-thumbnail hentry category-celebracions category-celebracions_el-munt\">\r\n    <div class=\"cshero-carousel-container\">\r\n                    <div class=\"cshero-carousel-body\" style=\"color:; text-align:left;background-color:;padding:0;\">\r\n                <div class=\"cshero-carousel-inner clearfix\">\r\n                                        <div class=\"cshero-carousel-meta clearfix\">\r\n                                                <span class=\"cshero-carousel-date\" style=\"text-transform:initial;font-weight:400;font-style:;color:;\">set. 20 2015<\/span>\r\n                                                                                                                    <\/div>\r\n                                                                <h3 class=\"cshero-carousel-title\">\r\n                            <a title=\"AUDREY&#038;JOHN. HAPPY 1ST YEAR!\" href=\"https:\/\/calbernadas.com\/ca\/blog\/audreyjohn-happy-1st-year-2\/\" rel=\"\" style=\"display:block; color:; margin:0; \">\r\n                                AUDREY&#038;JOHN. HAPPY 1ST YEAR!                            <\/a>\r\n                        <\/h3>\r\n                                        \r\n                                        <div class=\"cshero-carousel-post-description\">\r\n                                                    <p>[vc_row][vc_column][vc_custom_heading text=\"Happy 1st <\/p>\r\n                                            <\/div>\r\n                                                        <\/div>\r\n            <\/div>\r\n            <\/div>\r\n    <h6 style=\"display:none;\">&nbsp;<\/h6><\/article>\r\n\t\t\t\t\t<\/div>\r\n\t\t\t    <\/div><div class=\"cshero-post-carousel-item-wrap\">                \t\t                <div class=\"cshero-shortcode cshero-post-carousel-item content-left\" >\r\n\t\t\t\t\t\t<article class=\"post-17078 post type-post status-publish format-standard has-post-thumbnail hentry category-turisme-rural category-turisme-rural_el-munt\">\r\n    <div class=\"cshero-carousel-container\">\r\n                    <div class=\"cshero-carousel-body\" style=\"color:; text-align:left;background-color:;padding:0;\">\r\n                <div class=\"cshero-carousel-inner clearfix\">\r\n                                        <div class=\"cshero-carousel-meta clearfix\">\r\n                                                <span class=\"cshero-carousel-date\" style=\"text-transform:initial;font-weight:400;font-style:;color:;\">gen. 11 2016<\/span>\r\n                                                                                                                    <\/div>\r\n                                                                <h3 class=\"cshero-carousel-title\">\r\n                            <a title=\"FLOW\" href=\"https:\/\/calbernadas.com\/ca\/blog\/flow-2\/\" rel=\"\" style=\"display:block; color:; margin:0; \">\r\n                                FLOW                            <\/a>\r\n                        <\/h3>\r\n                                        \r\n                                        <div class=\"cshero-carousel-post-description\">\r\n                                                    <p>[vc_row][vc_column][vc_column_text]Flow\u00a0\u00e9s el t\u00edtol d'aquest gran projecte de Montse Giralt, <\/p>\r\n                                            <\/div>\r\n                                                        <\/div>\r\n            <\/div>\r\n            <\/div>\r\n    <h6 style=\"display:none;\">&nbsp;<\/h6><\/article>\r\n\t\t\t\t\t<\/div>\r\n\t\t\t    <\/div><div class=\"cshero-post-carousel-item-wrap\">                \t\t                <div class=\"cshero-shortcode cshero-post-carousel-item content-left\" >\r\n\t\t\t\t\t\t<article class=\"post-18827 post type-post status-publish format-standard has-post-thumbnail hentry category-celebracions category-celebracions_el-munt tag-barcelonawedding tag-boda tag-bodabarcelona tag-bodarural tag-bodas tag-calbernadas tag-destinationwedding tag-elmunt tag-momentsbernadas tag-ruralwedding tag-venueforwedding tag-wedding tag-weddingabroad\">\r\n    <div class=\"cshero-carousel-container\">\r\n                    <div class=\"cshero-carousel-body\" style=\"color:; text-align:left;background-color:;padding:0;\">\r\n                <div class=\"cshero-carousel-inner clearfix\">\r\n                                        <div class=\"cshero-carousel-meta clearfix\">\r\n                                                <span class=\"cshero-carousel-date\" style=\"text-transform:initial;font-weight:400;font-style:;color:;\">gen. 25 2016<\/span>\r\n                                                                                                                    <\/div>\r\n                                                                <h3 class=\"cshero-carousel-title\">\r\n                            <a title=\"MIREIA&#038;JUANAN. UNA PARELLA ENCANTADORA\" href=\"https:\/\/calbernadas.com\/ca\/blog\/mireiajuanan-una-parella-molt-bonica\/\" rel=\"\" style=\"display:block; color:; margin:0; \">\r\n                                MIREIA&#038;JUANAN. UNA PARELLA ENCANTADORA                            <\/a>\r\n                        <\/h3>\r\n                                        \r\n                                        <div class=\"cshero-carousel-post-description\">\r\n                                                    <p>[vc_row][vc_column][vc_column_text]Una cerim\u00f2nia enmig del bosc, un aperitiu al jard\u00ed i un <\/p>\r\n                                            <\/div>\r\n                                                        <\/div>\r\n            <\/div>\r\n            <\/div>\r\n    <h6 style=\"display:none;\">&nbsp;<\/h6><\/article>\r\n\t\t\t\t\t<\/div>\r\n\t\t\t    <\/div>\t\t\t<\/div>\r\n\t\t<\/div>\r\n\t\t\t\t\t<div class=\"cshero-control pager-center text-center default\"><\/div>\r\n\t\t\t\t        <div class=\"cshero-nav text-center default\">\r\n            <ul>\r\n                <li class=\"prev\" style=\"left:;\"><\/li>\r\n                <li class=\"next\" style=\"right:;\"><\/li>\r\n            <\/ul>\r\n        <\/div>\r\n    \t\t        <\/div>\r\n[\/vc_column][\/vc_row][vc_row css=&#8221;.vc_custom_1418110445603{margin-bottom: 80px !important;border-bottom-width: 1px !important;padding-bottom: 80px !important;border-bottom-color: #eeeeee !important;border-bottom-style: solid !important;}&#8221; full_width=&#8221;false&#8221; parallax_speed=&#8221;0.8&#8243; bg_video_transparent=&#8221;0&#8243; height_engle=&#8221;60px&#8221; height_engle_style2=&#8221;60px&#8221;][vc_column][cs_custom_heading text=&#8221;LAYOUT 2&#8243; font_container=&#8221;tag:h2|font_size:30px|text_align:center&#8221; style=&#8221;title-bottom-line&#8221; title_bottom_line_width=&#8221;40px&#8221; title_bottom_line_height=&#8221;3px&#8221; title_bottom_line_color=&#8221;#dddddd&#8221; title_bottom_line_margin_bottom=&#8221;40px&#8221; css=&#8221;.vc_custom_1419323002174{margin-bottom: 20px !important;}&#8221;]\t<div id=\"cshero_post_carousel_1777625343_169f468ff26ae1\" class=\"cshero-post-carousel postcarousel-layout2 \">\r\n\t\t<style type=\"text\/css\" scoped>\r\n\t\t\t#cshero_post_carousel_1777625343_169f468ff26ae1 article:hover .cshero-carousel-body{color: !important; background-color: !important; }\r\n\t\t\t#cshero_post_carousel_1777625343_169f468ff26ae1 article:hover .cshero-carousel-title a{color: !important; }\r\n\t\t\t#cshero_post_carousel_1777625343_169f468ff26ae1 .link-wrap a{ color: ;}\r\n\t\t\t#cshero_post_carousel_1777625343_169f468ff26ae1 .link-wrap a:hover{ color: ;}\r\n\t\t\t#cshero_post_carousel_1777625343_169f468ff26ae1 .link-wrap [class*='icon-box-']:hover .fa,\r\n\t\t\t#cshero_post_carousel_1777625343_169f468ff26ae1 .link-wrap [class^='icon-box-']:hover .fa{border-color:;}\r\n\t\t<\/style>\r\n\t            <div class=\"cshero-post-carousel-list \">\r\n            <div id=\"cshero_post_carousel1777625343_169f468ff26ae1\" data-mode=\"horizontal\" data-moveslides=\"3\" data-auto=\"0\" data-speed=\"500\" data-prevselector=\"#cshero_post_carousel_1777625343_169f468ff26ae1 .prev\" data-nextselector=\"#cshero_post_carousel_1777625343_169f468ff26ae1 .next\" data-prevText=\"<i class='fa fa-angle-left'><\/i>\" data-nextText=\"<i class='fa fa-angle-right'><\/i>\" data-pagerSelector=\"#cshero_post_carousel_1777625343_169f468ff26ae1 .cshero-control\" data-onsliderload=\"true\" data-touchenabled=\"1\" data-controls=\"true\" data-pager=\"1\" data-pause=\"4000\" data-infiniteloop=\"true\" data-adaptiveheight=\"true\"  data-autohover=\"true\" data-slidemargin=\"30\" data-maxslides=\"3\" data-minslides=\"1\" data-slidewidth=\"360\" data-slideselector=\"\" data-easing=\"swing\" data-usecss=\"\" data-resize=\"1\" class=\"slider jm-bxslider\">\r\n                <div class=\"cshero-post-carousel-item-wrap\">                \t\t                <div class=\"cshero-shortcode cshero-post-carousel-item content-left\" >\r\n\t\t\t\t\t\t<article id=\"post-12245\" class=\"text-left post-12245 post type-post status-publish format-standard has-post-thumbnail hentry category-turisme-rural category-turisme-rural_el-munt\">\n    <div class=\"cshero-carousel-container\">\n                <div class=\"cshero-carousel-image clearfix\" style=\"width:360px;height:360px;display: block;\">\n            <img alt=\"\"  src=\"https:\/\/calbernadas.com\/wp-content\/uploads\/2016\/10\/20140326-BLOC-360x360_c.jpg\" style=\"border-radius:0;-webkit-border-radius:0;-moz-border-radius:0;-ms-border-radius:0;-o-border-radius:0;max-width:100%;\" \/>            \n                            <div class=\"cshero-carousel-post-date\"><span class=\"date-month\">25 mar\u00e7<\/span><span class=\"year\">2014<\/span><\/div>\n                                        <div class=\"overlay\" style=\"z-index:4;border-radius:0;-webkit-border-radius:0;-moz-border-radius:0;-ms-border-radius:0;-o-border-radius:0;background-color:rgba(0,0,0,0.7);color:;width:360px;height:360px;max-width:100%;\">\n                    <div class=\"overlay-content\">\n                        <div class=\"link-wrap\">\n                        <a class=\"icon-link icon-button\" title=\"Read more\" href=\"https:\/\/calbernadas.com\/ca\/blog\/gracies-marc-i-mireia\/\" ><i class=\"fa fa-link\"><\/i><\/a>                        <a class=\"icon-link colorbox icon-button\" title=\"\" href=\"https:\/\/calbernadas.com\/wp-content\/uploads\/2016\/10\/20140326-BLOC.jpg\"  data-rel=\"lightbox-image-12\" data-rl_title=\"\" data-rl_caption=\"\"><i class=\"fa fa-search\"><\/i><\/a>                        <\/div>\n                    <\/div>\n                <\/div>\n             \n        <\/div>\n        <div class=\"cshero-carousel-body\" style=\"color:; text-align:left;background-color:;padding:20px 0 0 0;\">\n            <div class=\"cshero-carousel-inner clearfix\">\n                                    <h4 class=\"cshero-carousel-title clearfix\">\n                        <a title=\"GR\u00c0CIES MARC I MIREIA!\" href=\"https:\/\/calbernadas.com\/ca\/blog\/gracies-marc-i-mireia\/\" rel=\"\" style=\"color: \">\n                            GR\u00c0CIES MARC I MIREIA!                        <\/a>\n                    <\/h4>\n                                                    <div class=\"cshero-carousel-post-category\">\n                        Turisme rural, Turisme rural_el Munt                    <\/div>\n                                                <div class=\"cshero-carousel-post-description\" style=\"color: \">\n                                            <p>[vc_row][vc_column][vc_column_text]\r\nJa fa uns quants dies que v\u00e0rem assistir a la Fira Nuvis a <\/p>\n                                    <\/div>\n                            <\/div>\n                        <div class=\"cshero-carousel-meta clearfix\">\n                                <span class=\"cshero-carousel-comment\"><i class=\"fa fa-comment-o\"><\/i>\n                    No Comments                <\/span>\n                                                <span><i class=\"fa fa-pencil\"><\/i> admin<\/span>\n                            <\/div>\n                    <\/div>\n            <\/div>\n<\/article>\n\t\t\t\t\t<\/div>\r\n\t\t\t    <\/div><div class=\"cshero-post-carousel-item-wrap\">                \t\t                <div class=\"cshero-shortcode cshero-post-carousel-item content-left\" >\r\n\t\t\t\t\t\t<article id=\"post-17021\" class=\"text-left post-17021 post type-post status-publish format-standard has-post-thumbnail hentry category-celebracions category-celebracions_el-munt tag-barcelonawedding tag-boda tag-calbernadas tag-casament tag-destinationwedding tag-elmunt tag-momentsbernadas tag-ruralwedding tag-venueinbarcelona tag-wedding\">\n    <div class=\"cshero-carousel-container\">\n                <div class=\"cshero-carousel-image clearfix\" style=\"width:360px;height:360px;display: block;\">\n            <img alt=\"\"  src=\"https:\/\/calbernadas.com\/wp-content\/uploads\/2017\/03\/14_140524_3349web-360x360_c.jpg\" style=\"border-radius:0;-webkit-border-radius:0;-moz-border-radius:0;-ms-border-radius:0;-o-border-radius:0;max-width:100%;\" \/>            \n                            <div class=\"cshero-carousel-post-date\"><span class=\"date-month\">31 maig<\/span><span class=\"year\">2014<\/span><\/div>\n                                        <div class=\"overlay\" style=\"z-index:4;border-radius:0;-webkit-border-radius:0;-moz-border-radius:0;-ms-border-radius:0;-o-border-radius:0;background-color:rgba(0,0,0,0.7);color:;width:360px;height:360px;max-width:100%;\">\n                    <div class=\"overlay-content\">\n                        <div class=\"link-wrap\">\n                        <a class=\"icon-link icon-button\" title=\"Read more\" href=\"https:\/\/calbernadas.com\/ca\/blog\/dos-mons-units-2\/\" ><i class=\"fa fa-link\"><\/i><\/a>                        <a class=\"icon-link colorbox icon-button\" title=\"\" href=\"https:\/\/calbernadas.com\/wp-content\/uploads\/2017\/03\/14_140524_3349web.jpg\"  data-rel=\"lightbox-image-13\" data-rl_title=\"\" data-rl_caption=\"\"><i class=\"fa fa-search\"><\/i><\/a>                        <\/div>\n                    <\/div>\n                <\/div>\n             \n        <\/div>\n        <div class=\"cshero-carousel-body\" style=\"color:; text-align:left;background-color:;padding:20px 0 0 0;\">\n            <div class=\"cshero-carousel-inner clearfix\">\n                                    <h4 class=\"cshero-carousel-title clearfix\">\n                        <a title=\"DOS M\u00d3NS UNITS EN UN\" href=\"https:\/\/calbernadas.com\/ca\/blog\/dos-mons-units-2\/\" rel=\"\" style=\"color: \">\n                            DOS M\u00d3NS UNITS EN UN                        <\/a>\n                    <\/h4>\n                                                    <div class=\"cshero-carousel-post-category\">\n                        Celebracions, Celebracions_el Munt                    <\/div>\n                                                <div class=\"cshero-carousel-post-description\" style=\"color: \">\n                                            <p>[vc_row][vc_column][vc_column_text]\r\nQu\u00e8 res millor que ensenyar-vos algunes de les fotos del <\/p>\n                                    <\/div>\n                            <\/div>\n                        <div class=\"cshero-carousel-meta clearfix\">\n                                <span class=\"cshero-carousel-comment\"><i class=\"fa fa-comment-o\"><\/i>\n                    No Comments                <\/span>\n                                                <span><i class=\"fa fa-pencil\"><\/i> admin<\/span>\n                            <\/div>\n                    <\/div>\n            <\/div>\n<\/article>\n\t\t\t\t\t<\/div>\r\n\t\t\t    <\/div><div class=\"cshero-post-carousel-item-wrap\">                \t\t                <div class=\"cshero-shortcode cshero-post-carousel-item content-left\" >\r\n\t\t\t\t\t\t<article id=\"post-16944\" class=\"text-left post-16944 post type-post status-publish format-standard has-post-thumbnail hentry category-celebracions category-celebracions_el-munt category-celebracions_wedding-planner\">\n    <div class=\"cshero-carousel-container\">\n                <div class=\"cshero-carousel-image clearfix\" style=\"width:360px;height:360px;display: block;\">\n            <img alt=\"\"  src=\"https:\/\/calbernadas.com\/wp-content\/uploads\/2017\/03\/JJ_TOP_195-360x360_c.jpg\" style=\"border-radius:0;-webkit-border-radius:0;-moz-border-radius:0;-ms-border-radius:0;-o-border-radius:0;max-width:100%;\" \/>            \n                            <div class=\"cshero-carousel-post-date\"><span class=\"date-month\">08 jul.<\/span><span class=\"year\">2014<\/span><\/div>\n                                        <div class=\"overlay\" style=\"z-index:4;border-radius:0;-webkit-border-radius:0;-moz-border-radius:0;-ms-border-radius:0;-o-border-radius:0;background-color:rgba(0,0,0,0.7);color:;width:360px;height:360px;max-width:100%;\">\n                    <div class=\"overlay-content\">\n                        <div class=\"link-wrap\">\n                        <a class=\"icon-link icon-button\" title=\"Read more\" href=\"https:\/\/calbernadas.com\/ca\/blog\/its-raining-be-happy-2\/\" ><i class=\"fa fa-link\"><\/i><\/a>                        <a class=\"icon-link colorbox icon-button\" title=\"\" href=\"https:\/\/calbernadas.com\/wp-content\/uploads\/2017\/03\/JJ_TOP_195.jpg\"  data-rel=\"lightbox-image-14\" data-rl_title=\"\" data-rl_caption=\"\"><i class=\"fa fa-search\"><\/i><\/a>                        <\/div>\n                    <\/div>\n                <\/div>\n             \n        <\/div>\n        <div class=\"cshero-carousel-body\" style=\"color:; text-align:left;background-color:;padding:20px 0 0 0;\">\n            <div class=\"cshero-carousel-inner clearfix\">\n                                    <h4 class=\"cshero-carousel-title clearfix\">\n                        <a title=\"IT&#8217;S RAINING, BE HAPPY!\" href=\"https:\/\/calbernadas.com\/ca\/blog\/its-raining-be-happy-2\/\" rel=\"\" style=\"color: \">\n                            IT&#8217;S RAINING, BE HAPPY!                        <\/a>\n                    <\/h4>\n                                                    <div class=\"cshero-carousel-post-category\">\n                        Celebracions, Celebracions_el Munt, Celebracions_wedding planner                    <\/div>\n                                                <div class=\"cshero-carousel-post-description\" style=\"color: \">\n                                            <p>[vc_row][vc_column][vc_column_text]La Joanna i el Julian s\u00f3n una parella suec xilena que es va <\/p>\n                                    <\/div>\n                            <\/div>\n                        <div class=\"cshero-carousel-meta clearfix\">\n                                <span class=\"cshero-carousel-comment\"><i class=\"fa fa-comment-o\"><\/i>\n                    No Comments                <\/span>\n                                                <span><i class=\"fa fa-pencil\"><\/i> admin<\/span>\n                            <\/div>\n                    <\/div>\n            <\/div>\n<\/article>\n\t\t\t\t\t<\/div>\r\n\t\t\t    <\/div><div class=\"cshero-post-carousel-item-wrap\">                \t\t                <div class=\"cshero-shortcode cshero-post-carousel-item content-left\" >\r\n\t\t\t\t\t\t<article id=\"post-18515\" class=\"text-left post-18515 post type-post status-publish format-standard has-post-thumbnail hentry category-celebracions category-celebracions_el-munt category-celebracions_wedding-planner tag-barcelonawedding tag-boda tag-bodabarcelona tag-bodarural tag-calbernadas tag-destinationwedding tag-elmunt tag-momentsbernadas tag-ruralwedding tag-venueforwedding tag-villaforvenue tag-wedding tag-weddingabroad\">\n    <div class=\"cshero-carousel-container\">\n                <div class=\"cshero-carousel-image clearfix\" style=\"width:360px;height:360px;display: block;\">\n            <img alt=\"\"  src=\"https:\/\/calbernadas.com\/wp-content\/uploads\/2017\/06\/05-Wedding-Cal-Bernadas-564-360x360_c.jpg\" style=\"border-radius:0;-webkit-border-radius:0;-moz-border-radius:0;-ms-border-radius:0;-o-border-radius:0;max-width:100%;\" \/>            \n                            <div class=\"cshero-carousel-post-date\"><span class=\"date-month\">10 des.<\/span><span class=\"year\">2014<\/span><\/div>\n                                        <div class=\"overlay\" style=\"z-index:4;border-radius:0;-webkit-border-radius:0;-moz-border-radius:0;-ms-border-radius:0;-o-border-radius:0;background-color:rgba(0,0,0,0.7);color:;width:360px;height:360px;max-width:100%;\">\n                    <div class=\"overlay-content\">\n                        <div class=\"link-wrap\">\n                        <a class=\"icon-link icon-button\" title=\"Read more\" href=\"https:\/\/calbernadas.com\/ca\/blog\/kristymark-fun-fun-fun\/\" ><i class=\"fa fa-link\"><\/i><\/a>                        <a class=\"icon-link colorbox icon-button\" title=\"\" href=\"https:\/\/calbernadas.com\/wp-content\/uploads\/2017\/06\/05-Wedding-Cal-Bernadas-564.jpg\"  data-rel=\"lightbox-image-15\" data-rl_title=\"\" data-rl_caption=\"\"><i class=\"fa fa-search\"><\/i><\/a>                        <\/div>\n                    <\/div>\n                <\/div>\n             \n        <\/div>\n        <div class=\"cshero-carousel-body\" style=\"color:; text-align:left;background-color:;padding:20px 0 0 0;\">\n            <div class=\"cshero-carousel-inner clearfix\">\n                                    <h4 class=\"cshero-carousel-title clearfix\">\n                        <a title=\"KRISTY&#038;MARK. FUN, FUN, FUN!\" href=\"https:\/\/calbernadas.com\/ca\/blog\/kristymark-fun-fun-fun\/\" rel=\"\" style=\"color: \">\n                            KRISTY&#038;MARK. FUN, FUN, FUN!                        <\/a>\n                    <\/h4>\n                                                    <div class=\"cshero-carousel-post-category\">\n                        Celebracions, Celebracions_el Munt, Celebracions_wedding planner                    <\/div>\n                                                <div class=\"cshero-carousel-post-description\" style=\"color: \">\n                                            <p>[vc_row][vc_column][vc_column_text]La boda de la Kristy i el Mark va comen\u00e7ar b\u00e9, per\u00f2 va <\/p>\n                                    <\/div>\n                            <\/div>\n                        <div class=\"cshero-carousel-meta clearfix\">\n                                <span class=\"cshero-carousel-comment\"><i class=\"fa fa-comment-o\"><\/i>\n                    No Comments                <\/span>\n                                                <span><i class=\"fa fa-pencil\"><\/i> admin<\/span>\n                            <\/div>\n                    <\/div>\n            <\/div>\n<\/article>\n\t\t\t\t\t<\/div>\r\n\t\t\t    <\/div><div class=\"cshero-post-carousel-item-wrap\">                \t\t                <div class=\"cshero-shortcode cshero-post-carousel-item content-left\" >\r\n\t\t\t\t\t\t<article id=\"post-18761\" class=\"text-left post-18761 post type-post status-publish format-standard has-post-thumbnail hentry category-celebracions category-celebracions_el-munt category-celebracions_wedding-planner tag-barcelonawedding tag-boda tag-bodabarcelona tag-bodarural tag-calbernadas tag-destinationwedding tag-elmunt tag-momentsbernadas tag-ruralwedding tag-venueforwedding tag-wedding tag-weddingabroad tag-wee\">\n    <div class=\"cshero-carousel-container\">\n                <div class=\"cshero-carousel-image clearfix\" style=\"width:360px;height:360px;display: block;\">\n            <img alt=\"\"  src=\"https:\/\/calbernadas.com\/wp-content\/uploads\/2017\/06\/05-Wedding-Cal-Bernadas-197a-360x360_c.jpg\" style=\"border-radius:0;-webkit-border-radius:0;-moz-border-radius:0;-ms-border-radius:0;-o-border-radius:0;max-width:100%;\" \/>            \n                            <div class=\"cshero-carousel-post-date\"><span class=\"date-month\">10 des.<\/span><span class=\"year\">2014<\/span><\/div>\n                                        <div class=\"overlay\" style=\"z-index:4;border-radius:0;-webkit-border-radius:0;-moz-border-radius:0;-ms-border-radius:0;-o-border-radius:0;background-color:rgba(0,0,0,0.7);color:;width:360px;height:360px;max-width:100%;\">\n                    <div class=\"overlay-content\">\n                        <div class=\"link-wrap\">\n                        <a class=\"icon-link icon-button\" title=\"Read more\" href=\"https:\/\/calbernadas.com\/ca\/blog\/kristymark-quan-comenca-dia-b\/\" ><i class=\"fa fa-link\"><\/i><\/a>                        <a class=\"icon-link colorbox icon-button\" title=\"\" href=\"https:\/\/calbernadas.com\/wp-content\/uploads\/2017\/06\/05-Wedding-Cal-Bernadas-197a.jpg\"  data-rel=\"lightbox-image-16\" data-rl_title=\"\" data-rl_caption=\"\"><i class=\"fa fa-search\"><\/i><\/a>                        <\/div>\n                    <\/div>\n                <\/div>\n             \n        <\/div>\n        <div class=\"cshero-carousel-body\" style=\"color:; text-align:left;background-color:;padding:20px 0 0 0;\">\n            <div class=\"cshero-carousel-inner clearfix\">\n                                    <h4 class=\"cshero-carousel-title clearfix\">\n                        <a title=\"KRISTY&#038;MARK. QUAN COMEN\u00c7A EL DIA &#8220;B&#8221;?\" href=\"https:\/\/calbernadas.com\/ca\/blog\/kristymark-quan-comenca-dia-b\/\" rel=\"\" style=\"color: \">\n                            KRISTY&#038;MARK. QUAN COMEN\u00c7A EL DIA &#8220;B&#8221;?                        <\/a>\n                    <\/h4>\n                                                    <div class=\"cshero-carousel-post-category\">\n                        Celebracions, Celebracions_el Munt, Celebracions_wedding planner                    <\/div>\n                                                <div class=\"cshero-carousel-post-description\" style=\"color: \">\n                                            <p>[vc_row][vc_column][vc_column_text]Quan comen\u00e7a el dia B? A l\u2019entrada del nuvi a la cerim\u00f2nia? <\/p>\n                                    <\/div>\n                            <\/div>\n                        <div class=\"cshero-carousel-meta clearfix\">\n                                <span class=\"cshero-carousel-comment\"><i class=\"fa fa-comment-o\"><\/i>\n                    No Comments                <\/span>\n                                                <span><i class=\"fa fa-pencil\"><\/i> admin<\/span>\n                            <\/div>\n                    <\/div>\n            <\/div>\n<\/article>\n\t\t\t\t\t<\/div>\r\n\t\t\t    <\/div><div class=\"cshero-post-carousel-item-wrap\">                \t\t                <div class=\"cshero-shortcode cshero-post-carousel-item content-left\" >\r\n\t\t\t\t\t\t<article id=\"post-17098\" class=\"text-left post-17098 post type-post status-publish format-standard has-post-thumbnail hentry category-celebracions category-celebracions_el-munt category-celebracions_wedding-planner tag-barcelonavenue tag-calbernadas tag-destinationwedding tag-elmunt tag-momentsbernadas tag-ruralwedding tag-venueforwedding tag-wedding\">\n    <div class=\"cshero-carousel-container\">\n                <div class=\"cshero-carousel-image clearfix\" style=\"width:360px;height:360px;display: block;\">\n            <img alt=\"\"  src=\"https:\/\/calbernadas.com\/wp-content\/uploads\/2017\/03\/ErnestaTadas_-33-360x360_c.jpg\" style=\"border-radius:0;-webkit-border-radius:0;-moz-border-radius:0;-ms-border-radius:0;-o-border-radius:0;max-width:100%;\" \/>            \n                            <div class=\"cshero-carousel-post-date\"><span class=\"date-month\">19 des.<\/span><span class=\"year\">2014<\/span><\/div>\n                                        <div class=\"overlay\" style=\"z-index:4;border-radius:0;-webkit-border-radius:0;-moz-border-radius:0;-ms-border-radius:0;-o-border-radius:0;background-color:rgba(0,0,0,0.7);color:;width:360px;height:360px;max-width:100%;\">\n                    <div class=\"overlay-content\">\n                        <div class=\"link-wrap\">\n                        <a class=\"icon-link icon-button\" title=\"Read more\" href=\"https:\/\/calbernadas.com\/ca\/blog\/lituania-directe-munt\/\" ><i class=\"fa fa-link\"><\/i><\/a>                        <a class=\"icon-link colorbox icon-button\" title=\"\" href=\"https:\/\/calbernadas.com\/wp-content\/uploads\/2017\/03\/ErnestaTadas_-33.jpg\"  data-rel=\"lightbox-image-17\" data-rl_title=\"\" data-rl_caption=\"\"><i class=\"fa fa-search\"><\/i><\/a>                        <\/div>\n                    <\/div>\n                <\/div>\n             \n        <\/div>\n        <div class=\"cshero-carousel-body\" style=\"color:; text-align:left;background-color:;padding:20px 0 0 0;\">\n            <div class=\"cshero-carousel-inner clearfix\">\n                                    <h4 class=\"cshero-carousel-title clearfix\">\n                        <a title=\"DE LITU\u00c0NIA DIRECTE A EL MUNT\" href=\"https:\/\/calbernadas.com\/ca\/blog\/lituania-directe-munt\/\" rel=\"\" style=\"color: \">\n                            DE LITU\u00c0NIA DIRECTE A EL MUNT                        <\/a>\n                    <\/h4>\n                                                    <div class=\"cshero-carousel-post-category\">\n                        Celebracions, Celebracions_el Munt, Celebracions_wedding planner                    <\/div>\n                                                <div class=\"cshero-carousel-post-description\" style=\"color: \">\n                                            <p>[vc_row][vc_column][vc_column_text]Si, si. De Litu\u00e0nia directe a El Munt. Arribada a la casa el <\/p>\n                                    <\/div>\n                            <\/div>\n                        <div class=\"cshero-carousel-meta clearfix\">\n                                <span class=\"cshero-carousel-comment\"><i class=\"fa fa-comment-o\"><\/i>\n                    No Comments                <\/span>\n                                                <span><i class=\"fa fa-pencil\"><\/i> admin<\/span>\n                            <\/div>\n                    <\/div>\n            <\/div>\n<\/article>\n\t\t\t\t\t<\/div>\r\n\t\t\t    <\/div><div class=\"cshero-post-carousel-item-wrap\">                \t\t                <div class=\"cshero-shortcode cshero-post-carousel-item content-left\" >\r\n\t\t\t\t\t\t<article id=\"post-17175\" class=\"text-left post-17175 post type-post status-publish format-standard has-post-thumbnail hentry category-celebracions category-celebracions_el-munt tag-barcelonawedding tag-boda tag-bodarural tag-calbernadas tag-destinationwedding tag-elmunt tag-momentsbernadas tag-ruralwedding tag-venueforwedding tag-wedding\">\n    <div class=\"cshero-carousel-container\">\n                <div class=\"cshero-carousel-image clearfix\" style=\"width:360px;height:360px;display: block;\">\n            <img alt=\"\"  src=\"https:\/\/calbernadas.com\/wp-content\/uploads\/2017\/03\/Casament_AnnaFeliu_El-Munt-23-360x360_c.jpg\" style=\"border-radius:0;-webkit-border-radius:0;-moz-border-radius:0;-ms-border-radius:0;-o-border-radius:0;max-width:100%;\" \/>            \n                            <div class=\"cshero-carousel-post-date\"><span class=\"date-month\">01 juny<\/span><span class=\"year\">2015<\/span><\/div>\n                                        <div class=\"overlay\" style=\"z-index:4;border-radius:0;-webkit-border-radius:0;-moz-border-radius:0;-ms-border-radius:0;-o-border-radius:0;background-color:rgba(0,0,0,0.7);color:;width:360px;height:360px;max-width:100%;\">\n                    <div class=\"overlay-content\">\n                        <div class=\"link-wrap\">\n                        <a class=\"icon-link icon-button\" title=\"Read more\" href=\"https:\/\/calbernadas.com\/ca\/blog\/af-estrenem-temporada-bloguera-2\/\" ><i class=\"fa fa-link\"><\/i><\/a>                        <a class=\"icon-link colorbox icon-button\" title=\"\" href=\"https:\/\/calbernadas.com\/wp-content\/uploads\/2017\/03\/Casament_AnnaFeliu_El-Munt-23.jpg\"  data-rel=\"lightbox-image-18\" data-rl_title=\"\" data-rl_caption=\"\"><i class=\"fa fa-search\"><\/i><\/a>                        <\/div>\n                    <\/div>\n                <\/div>\n             \n        <\/div>\n        <div class=\"cshero-carousel-body\" style=\"color:; text-align:left;background-color:;padding:20px 0 0 0;\">\n            <div class=\"cshero-carousel-inner clearfix\">\n                                    <h4 class=\"cshero-carousel-title clearfix\">\n                        <a title=\"ANNA&#038;FELIU. ESTRENEM TEMPORADA BLOGUERA!\" href=\"https:\/\/calbernadas.com\/ca\/blog\/af-estrenem-temporada-bloguera-2\/\" rel=\"\" style=\"color: \">\n                            ANNA&#038;FELIU. ESTRENEM TEMPORADA BLOGUERA!                        <\/a>\n                    <\/h4>\n                                                    <div class=\"cshero-carousel-post-category\">\n                        Celebracions, Celebracions_el Munt                    <\/div>\n                                                <div class=\"cshero-carousel-post-description\" style=\"color: \">\n                                            <p>[vc_row][vc_column][vc_custom_heading text=\"Engeguem <\/p>\n                                    <\/div>\n                            <\/div>\n                        <div class=\"cshero-carousel-meta clearfix\">\n                                <span class=\"cshero-carousel-comment\"><i class=\"fa fa-comment-o\"><\/i>\n                    No Comments                <\/span>\n                                                <span><i class=\"fa fa-pencil\"><\/i> admin<\/span>\n                            <\/div>\n                    <\/div>\n            <\/div>\n<\/article>\n\t\t\t\t\t<\/div>\r\n\t\t\t    <\/div><div class=\"cshero-post-carousel-item-wrap\">                \t\t                <div class=\"cshero-shortcode cshero-post-carousel-item content-left\" >\r\n\t\t\t\t\t\t<article id=\"post-17270\" class=\"text-left post-17270 post type-post status-publish format-standard has-post-thumbnail hentry category-celebracions category-celebracions_el-munt tag-barcelonavenue tag-barcelonawedding tag-boda tag-bodarural tag-calbernadas tag-destinationwedding tag-elmunt tag-momentsbernadas tag-rural tag-ruralwedding tag-venueinbarcelona tag-wedding\">\n    <div class=\"cshero-carousel-container\">\n                <div class=\"cshero-carousel-image clearfix\" style=\"width:360px;height:360px;display: block;\">\n            <img alt=\"\"  src=\"https:\/\/calbernadas.com\/wp-content\/uploads\/2017\/03\/Casament_MartaJosep_El-Munt-11-360x360_c.jpg\" style=\"border-radius:0;-webkit-border-radius:0;-moz-border-radius:0;-ms-border-radius:0;-o-border-radius:0;max-width:100%;\" \/>            \n                            <div class=\"cshero-carousel-post-date\"><span class=\"date-month\">15 juny<\/span><span class=\"year\">2015<\/span><\/div>\n                                        <div class=\"overlay\" style=\"z-index:4;border-radius:0;-webkit-border-radius:0;-moz-border-radius:0;-ms-border-radius:0;-o-border-radius:0;background-color:rgba(0,0,0,0.7);color:;width:360px;height:360px;max-width:100%;\">\n                    <div class=\"overlay-content\">\n                        <div class=\"link-wrap\">\n                        <a class=\"icon-link icon-button\" title=\"Read more\" href=\"https:\/\/calbernadas.com\/ca\/blog\/mj-primavera-estat-pur\/\" ><i class=\"fa fa-link\"><\/i><\/a>                        <a class=\"icon-link colorbox icon-button\" title=\"\" href=\"https:\/\/calbernadas.com\/wp-content\/uploads\/2017\/03\/Casament_MartaJosep_El-Munt-11.jpg\"  data-rel=\"lightbox-image-19\" data-rl_title=\"\" data-rl_caption=\"\"><i class=\"fa fa-search\"><\/i><\/a>                        <\/div>\n                    <\/div>\n                <\/div>\n             \n        <\/div>\n        <div class=\"cshero-carousel-body\" style=\"color:; text-align:left;background-color:;padding:20px 0 0 0;\">\n            <div class=\"cshero-carousel-inner clearfix\">\n                                    <h4 class=\"cshero-carousel-title clearfix\">\n                        <a title=\"MARTA&#038;JOSEP. PRIMAVERA EN ESTAT PUR!\" href=\"https:\/\/calbernadas.com\/ca\/blog\/mj-primavera-estat-pur\/\" rel=\"\" style=\"color: \">\n                            MARTA&#038;JOSEP. PRIMAVERA EN ESTAT PUR!                        <\/a>\n                    <\/h4>\n                                                    <div class=\"cshero-carousel-post-category\">\n                        Celebracions, Celebracions_el Munt                    <\/div>\n                                                <div class=\"cshero-carousel-post-description\" style=\"color: \">\n                                            <p>[vc_row][vc_column][vc_custom_heading text=\"M\u00e9s verd, m\u00e9s sol, m\u00e9s color, m\u00e9s florit ... <\/p>\n                                    <\/div>\n                            <\/div>\n                        <div class=\"cshero-carousel-meta clearfix\">\n                                <span class=\"cshero-carousel-comment\"><i class=\"fa fa-comment-o\"><\/i>\n                    No Comments                <\/span>\n                                                <span><i class=\"fa fa-pencil\"><\/i> admin<\/span>\n                            <\/div>\n                    <\/div>\n            <\/div>\n<\/article>\n\t\t\t\t\t<\/div>\r\n\t\t\t    <\/div><div class=\"cshero-post-carousel-item-wrap\">                \t\t                <div class=\"cshero-shortcode cshero-post-carousel-item content-left\" >\r\n\t\t\t\t\t\t<article id=\"post-18255\" class=\"text-left post-18255 post type-post status-publish format-standard has-post-thumbnail hentry category-celebracions category-celebracions_el-munt tag-barcelonawedding tag-bodarural tag-calbernadas tag-destinationwedding tag-elmunt tag-momentsbernadas tag-ruralwedding tag-venueforwedding tag-wedding\">\n    <div class=\"cshero-carousel-container\">\n                <div class=\"cshero-carousel-image clearfix\" style=\"width:360px;height:360px;display: block;\">\n            <img alt=\"\"  src=\"https:\/\/calbernadas.com\/wp-content\/uploads\/2017\/04\/15061-1004A-360x360_c.jpg\" style=\"border-radius:0;-webkit-border-radius:0;-moz-border-radius:0;-ms-border-radius:0;-o-border-radius:0;max-width:100%;\" \/>            \n                            <div class=\"cshero-carousel-post-date\"><span class=\"date-month\">15 set.<\/span><span class=\"year\">2015<\/span><\/div>\n                                        <div class=\"overlay\" style=\"z-index:4;border-radius:0;-webkit-border-radius:0;-moz-border-radius:0;-ms-border-radius:0;-o-border-radius:0;background-color:rgba(0,0,0,0.7);color:;width:360px;height:360px;max-width:100%;\">\n                    <div class=\"overlay-content\">\n                        <div class=\"link-wrap\">\n                        <a class=\"icon-link icon-button\" title=\"Read more\" href=\"https:\/\/calbernadas.com\/ca\/blog\/flying-to-munt\/\" ><i class=\"fa fa-link\"><\/i><\/a>                        <a class=\"icon-link colorbox icon-button\" title=\"\" href=\"https:\/\/calbernadas.com\/wp-content\/uploads\/2017\/04\/15061-1004A.jpg\"  data-rel=\"lightbox-image-20\" data-rl_title=\"\" data-rl_caption=\"\"><i class=\"fa fa-search\"><\/i><\/a>                        <\/div>\n                    <\/div>\n                <\/div>\n             \n        <\/div>\n        <div class=\"cshero-carousel-body\" style=\"color:; text-align:left;background-color:;padding:20px 0 0 0;\">\n            <div class=\"cshero-carousel-inner clearfix\">\n                                    <h4 class=\"cshero-carousel-title clearfix\">\n                        <a title=\"TANIA&#038;GUILLE. FLYING&#8230; TO EL MUNT!\" href=\"https:\/\/calbernadas.com\/ca\/blog\/flying-to-munt\/\" rel=\"\" style=\"color: \">\n                            TANIA&#038;GUILLE. FLYING&#8230; TO EL MUNT!                        <\/a>\n                    <\/h4>\n                                                    <div class=\"cshero-carousel-post-category\">\n                        Celebracions, Celebracions_el Munt                    <\/div>\n                                                <div class=\"cshero-carousel-post-description\" style=\"color: \">\n                                            <p>[vc_row][vc_column][vc_column_text]La Tania i el Guille. Una parella de guapos, una parella de <\/p>\n                                    <\/div>\n                            <\/div>\n                        <div class=\"cshero-carousel-meta clearfix\">\n                                <span class=\"cshero-carousel-comment\"><i class=\"fa fa-comment-o\"><\/i>\n                    No Comments                <\/span>\n                                                <span><i class=\"fa fa-pencil\"><\/i> admin<\/span>\n                            <\/div>\n                    <\/div>\n            <\/div>\n<\/article>\n\t\t\t\t\t<\/div>\r\n\t\t\t    <\/div><div class=\"cshero-post-carousel-item-wrap\">                \t\t                <div class=\"cshero-shortcode cshero-post-carousel-item content-left\" >\r\n\t\t\t\t\t\t<article id=\"post-17207\" class=\"text-left post-17207 post type-post status-publish format-standard has-post-thumbnail hentry category-celebracions category-celebracions_el-munt\">\n    <div class=\"cshero-carousel-container\">\n                <div class=\"cshero-carousel-image clearfix\" style=\"width:360px;height:360px;display: block;\">\n            <img alt=\"\"  src=\"https:\/\/calbernadas.com\/wp-content\/uploads\/2017\/03\/Casament_AudreyJohn_El-Munt-13-360x360_c.jpg\" style=\"border-radius:0;-webkit-border-radius:0;-moz-border-radius:0;-ms-border-radius:0;-o-border-radius:0;max-width:100%;\" \/>            \n                            <div class=\"cshero-carousel-post-date\"><span class=\"date-month\">20 set.<\/span><span class=\"year\">2015<\/span><\/div>\n                                        <div class=\"overlay\" style=\"z-index:4;border-radius:0;-webkit-border-radius:0;-moz-border-radius:0;-ms-border-radius:0;-o-border-radius:0;background-color:rgba(0,0,0,0.7);color:;width:360px;height:360px;max-width:100%;\">\n                    <div class=\"overlay-content\">\n                        <div class=\"link-wrap\">\n                        <a class=\"icon-link icon-button\" title=\"Read more\" href=\"https:\/\/calbernadas.com\/ca\/blog\/audreyjohn-happy-1st-year-2\/\" ><i class=\"fa fa-link\"><\/i><\/a>                        <a class=\"icon-link colorbox icon-button\" title=\"\" href=\"https:\/\/calbernadas.com\/wp-content\/uploads\/2017\/03\/Casament_AudreyJohn_El-Munt-13.jpg\"  data-rel=\"lightbox-image-21\" data-rl_title=\"\" data-rl_caption=\"\"><i class=\"fa fa-search\"><\/i><\/a>                        <\/div>\n                    <\/div>\n                <\/div>\n             \n        <\/div>\n        <div class=\"cshero-carousel-body\" style=\"color:; text-align:left;background-color:;padding:20px 0 0 0;\">\n            <div class=\"cshero-carousel-inner clearfix\">\n                                    <h4 class=\"cshero-carousel-title clearfix\">\n                        <a title=\"AUDREY&#038;JOHN. HAPPY 1ST YEAR!\" href=\"https:\/\/calbernadas.com\/ca\/blog\/audreyjohn-happy-1st-year-2\/\" rel=\"\" style=\"color: \">\n                            AUDREY&#038;JOHN. HAPPY 1ST YEAR!                        <\/a>\n                    <\/h4>\n                                                    <div class=\"cshero-carousel-post-category\">\n                        Celebracions, Celebracions_el Munt                    <\/div>\n                                                <div class=\"cshero-carousel-post-description\" style=\"color: \">\n                                            <p>[vc_row][vc_column][vc_custom_heading text=\"Happy 1st <\/p>\n                                    <\/div>\n                            <\/div>\n                        <div class=\"cshero-carousel-meta clearfix\">\n                                <span class=\"cshero-carousel-comment\"><i class=\"fa fa-comment-o\"><\/i>\n                    No Comments                <\/span>\n                                                <span><i class=\"fa fa-pencil\"><\/i> admin<\/span>\n                            <\/div>\n                    <\/div>\n            <\/div>\n<\/article>\n\t\t\t\t\t<\/div>\r\n\t\t\t    <\/div><div class=\"cshero-post-carousel-item-wrap\">                \t\t                <div class=\"cshero-shortcode cshero-post-carousel-item content-left\" >\r\n\t\t\t\t\t\t<article id=\"post-17078\" class=\"text-left post-17078 post type-post status-publish format-standard has-post-thumbnail hentry category-turisme-rural category-turisme-rural_el-munt\">\n    <div class=\"cshero-carousel-container\">\n                <div class=\"cshero-carousel-image clearfix\" style=\"width:360px;height:360px;display: block;\">\n            <img alt=\"\"  src=\"https:\/\/calbernadas.com\/wp-content\/uploads\/2017\/03\/Montse-Giralt2-360x360_c.jpg\" style=\"border-radius:0;-webkit-border-radius:0;-moz-border-radius:0;-ms-border-radius:0;-o-border-radius:0;max-width:100%;\" \/>            \n                            <div class=\"cshero-carousel-post-date\"><span class=\"date-month\">11 gen.<\/span><span class=\"year\">2016<\/span><\/div>\n                                        <div class=\"overlay\" style=\"z-index:4;border-radius:0;-webkit-border-radius:0;-moz-border-radius:0;-ms-border-radius:0;-o-border-radius:0;background-color:rgba(0,0,0,0.7);color:;width:360px;height:360px;max-width:100%;\">\n                    <div class=\"overlay-content\">\n                        <div class=\"link-wrap\">\n                        <a class=\"icon-link icon-button\" title=\"Read more\" href=\"https:\/\/calbernadas.com\/ca\/blog\/flow-2\/\" ><i class=\"fa fa-link\"><\/i><\/a>                        <a class=\"icon-link colorbox icon-button\" title=\"\" href=\"https:\/\/calbernadas.com\/wp-content\/uploads\/2017\/03\/Montse-Giralt2.jpg\"  data-rel=\"lightbox-image-22\" data-rl_title=\"\" data-rl_caption=\"\"><i class=\"fa fa-search\"><\/i><\/a>                        <\/div>\n                    <\/div>\n                <\/div>\n             \n        <\/div>\n        <div class=\"cshero-carousel-body\" style=\"color:; text-align:left;background-color:;padding:20px 0 0 0;\">\n            <div class=\"cshero-carousel-inner clearfix\">\n                                    <h4 class=\"cshero-carousel-title clearfix\">\n                        <a title=\"FLOW\" href=\"https:\/\/calbernadas.com\/ca\/blog\/flow-2\/\" rel=\"\" style=\"color: \">\n                            FLOW                        <\/a>\n                    <\/h4>\n                                                    <div class=\"cshero-carousel-post-category\">\n                        Turisme rural, Turisme rural_el Munt                    <\/div>\n                                                <div class=\"cshero-carousel-post-description\" style=\"color: \">\n                                            <p>[vc_row][vc_column][vc_column_text]Flow\u00a0\u00e9s el t\u00edtol d'aquest gran projecte de Montse Giralt, <\/p>\n                                    <\/div>\n                            <\/div>\n                        <div class=\"cshero-carousel-meta clearfix\">\n                                <span class=\"cshero-carousel-comment\"><i class=\"fa fa-comment-o\"><\/i>\n                    No Comments                <\/span>\n                                                <span><i class=\"fa fa-pencil\"><\/i> admin<\/span>\n                            <\/div>\n                    <\/div>\n            <\/div>\n<\/article>\n\t\t\t\t\t<\/div>\r\n\t\t\t    <\/div><div class=\"cshero-post-carousel-item-wrap\">                \t\t                <div class=\"cshero-shortcode cshero-post-carousel-item content-left\" >\r\n\t\t\t\t\t\t<article id=\"post-18827\" class=\"text-left post-18827 post type-post status-publish format-standard has-post-thumbnail hentry category-celebracions category-celebracions_el-munt tag-barcelonawedding tag-boda tag-bodabarcelona tag-bodarural tag-bodas tag-calbernadas tag-destinationwedding tag-elmunt tag-momentsbernadas tag-ruralwedding tag-venueforwedding tag-wedding tag-weddingabroad\">\n    <div class=\"cshero-carousel-container\">\n                <div class=\"cshero-carousel-image clearfix\" style=\"width:360px;height:360px;display: block;\">\n            <img alt=\"\"  src=\"https:\/\/calbernadas.com\/wp-content\/uploads\/2017\/07\/BODAJUANANMIREIA-461A.-Boda-el-Munt.-Mireia-i-Juanan-360x360_c.jpg\" style=\"border-radius:0;-webkit-border-radius:0;-moz-border-radius:0;-ms-border-radius:0;-o-border-radius:0;max-width:100%;\" \/>            \n                            <div class=\"cshero-carousel-post-date\"><span class=\"date-month\">25 gen.<\/span><span class=\"year\">2016<\/span><\/div>\n                                        <div class=\"overlay\" style=\"z-index:4;border-radius:0;-webkit-border-radius:0;-moz-border-radius:0;-ms-border-radius:0;-o-border-radius:0;background-color:rgba(0,0,0,0.7);color:;width:360px;height:360px;max-width:100%;\">\n                    <div class=\"overlay-content\">\n                        <div class=\"link-wrap\">\n                        <a class=\"icon-link icon-button\" title=\"Read more\" href=\"https:\/\/calbernadas.com\/ca\/blog\/mireiajuanan-una-parella-molt-bonica\/\" ><i class=\"fa fa-link\"><\/i><\/a>                        <a class=\"icon-link colorbox icon-button\" title=\"\" href=\"https:\/\/calbernadas.com\/wp-content\/uploads\/2017\/07\/BODAJUANANMIREIA-461A.-Boda-el-Munt.-Mireia-i-Juanan.jpg\"  data-rel=\"lightbox-image-23\" data-rl_title=\"\" data-rl_caption=\"\"><i class=\"fa fa-search\"><\/i><\/a>                        <\/div>\n                    <\/div>\n                <\/div>\n             \n        <\/div>\n        <div class=\"cshero-carousel-body\" style=\"color:; text-align:left;background-color:;padding:20px 0 0 0;\">\n            <div class=\"cshero-carousel-inner clearfix\">\n                                    <h4 class=\"cshero-carousel-title clearfix\">\n                        <a title=\"MIREIA&#038;JUANAN. UNA PARELLA ENCANTADORA\" href=\"https:\/\/calbernadas.com\/ca\/blog\/mireiajuanan-una-parella-molt-bonica\/\" rel=\"\" style=\"color: \">\n                            MIREIA&#038;JUANAN. UNA PARELLA ENCANTADORA                        <\/a>\n                    <\/h4>\n                                                    <div class=\"cshero-carousel-post-category\">\n                        Celebracions, Celebracions_el Munt                    <\/div>\n                                                <div class=\"cshero-carousel-post-description\" style=\"color: \">\n                                            <p>[vc_row][vc_column][vc_column_text]Una cerim\u00f2nia enmig del bosc, un aperitiu al jard\u00ed i un <\/p>\n                                    <\/div>\n                            <\/div>\n                        <div class=\"cshero-carousel-meta clearfix\">\n                                <span class=\"cshero-carousel-comment\"><i class=\"fa fa-comment-o\"><\/i>\n                    No Comments                <\/span>\n                                                <span><i class=\"fa fa-pencil\"><\/i> admin<\/span>\n                            <\/div>\n                    <\/div>\n            <\/div>\n<\/article>\n\t\t\t\t\t<\/div>\r\n\t\t\t    <\/div>\t\t\t<\/div>\r\n\t\t<\/div>\r\n\t\t\t\t\t<div class=\"cshero-control pager-center text-center default\"><\/div>\r\n\t\t\t\t        <div class=\"cshero-nav text-center default\">\r\n            <ul>\r\n                <li class=\"prev\" style=\"left:;\"><\/li>\r\n                <li class=\"next\" style=\"right:;\"><\/li>\r\n            <\/ul>\r\n        <\/div>\r\n    \t\t        <\/div>\r\n[\/vc_column][\/vc_row][vc_row css=&#8221;.vc_custom_1418098768490{margin-bottom: 80px !important;border-bottom-width: 1px !important;padding-bottom: 80px !important;border-bottom-color: #eeeeee !important;border-bottom-style: solid !important;}&#8221; full_width=&#8221;false&#8221; parallax_speed=&#8221;0.8&#8243; bg_video_transparent=&#8221;0&#8243; height_engle=&#8221;60px&#8221; height_engle_style2=&#8221;60px&#8221;][vc_column][cs_custom_heading text=&#8221;LAYOUT 3&#8243; font_container=&#8221;tag:h2|font_size:30px|text_align:center&#8221; style=&#8221;title-bottom-line&#8221; title_bottom_line_width=&#8221;40px&#8221; title_bottom_line_height=&#8221;3px&#8221; title_bottom_line_color=&#8221;#dddddd&#8221; title_bottom_line_margin_bottom=&#8221;40px&#8221; css=&#8221;.vc_custom_1419324632624{margin-bottom: 20px !important;}&#8221;]\t<div id=\"cshero_post_carousel_1777625343_169f468ff326b5\" class=\"cshero-post-carousel postcarousel-layout3 \">\r\n\t\t<style type=\"text\/css\" scoped>\r\n\t\t\t#cshero_post_carousel_1777625343_169f468ff326b5 article:hover .cshero-carousel-body{color:#ffffff !important; background-color: !important; }\r\n\t\t\t#cshero_post_carousel_1777625343_169f468ff326b5 article:hover .cshero-carousel-title a{color:#ffffff !important; }\r\n\t\t\t#cshero_post_carousel_1777625343_169f468ff326b5 .link-wrap a{ color: ;}\r\n\t\t\t#cshero_post_carousel_1777625343_169f468ff326b5 .link-wrap a:hover{ color: ;}\r\n\t\t\t#cshero_post_carousel_1777625343_169f468ff326b5 .link-wrap [class*='icon-box-']:hover .fa,\r\n\t\t\t#cshero_post_carousel_1777625343_169f468ff326b5 .link-wrap [class^='icon-box-']:hover .fa{border-color:;}\r\n\t\t<\/style>\r\n\t            <div class=\"cshero-post-carousel-list \">\r\n            <div id=\"cshero_post_carousel1777625343_169f468ff326b5\" data-mode=\"horizontal\" data-moveslides=\"3\" data-auto=\"0\" data-speed=\"500\" data-prevselector=\"#cshero_post_carousel_1777625343_169f468ff326b5 .prev\" data-nextselector=\"#cshero_post_carousel_1777625343_169f468ff326b5 .next\" data-prevText=\"<i class='fa fa-angle-left'><\/i>\" data-nextText=\"<i class='fa fa-angle-right'><\/i>\" data-pagerSelector=\"#cshero_post_carousel_1777625343_169f468ff326b5 .cshero-control\" data-onsliderload=\"true\" data-touchenabled=\"1\" data-controls=\"true\" data-pager=\"1\" data-pause=\"4000\" data-infiniteloop=\"true\" data-adaptiveheight=\"true\"  data-autohover=\"true\" data-slidemargin=\"30\" data-maxslides=\"3\" data-minslides=\"1\" data-slidewidth=\"360\" data-slideselector=\"\" data-easing=\"swing\" data-usecss=\"\" data-resize=\"1\" class=\"slider jm-bxslider\">\r\n                <div class=\"cshero-post-carousel-item-wrap\">                \t\t                <div class=\"cshero-shortcode cshero-post-carousel-item content-left\" >\r\n\t\t\t\t\t\t<article id=\"post-12245\" class=\"text-left post-12245 post type-post status-publish format-standard has-post-thumbnail hentry category-turisme-rural category-turisme-rural_el-munt\">\n    <div class=\"cshero-carousel-container\">\n                <div class=\"cshero-carousel-image clearfix\" style=\"width:360px;height:260px;display: block;\">\n            <img alt=\"\"  src=\"https:\/\/calbernadas.com\/wp-content\/uploads\/2016\/10\/20140326-BLOC-360x260_c.jpg\" style=\"border-radius:0;-webkit-border-radius:0;-moz-border-radius:0;-ms-border-radius:0;-o-border-radius:0;max-width:100%;\" \/>                            <div class=\"cshero-carousel-post-category\" style=\"background-color:rgba(0,0,0,0.7);\">\n                    Turisme rural, Turisme rural_el Munt                <\/div>\n            \n            <div class=\"overlay\">\n                <div class=\"overlay-content\" style=\"background-color:rgba(0,0,0,0.7);\">\n                    <div class=\"cshero-carousel-body\" style=\"color:#ffffff; text-align:left;background-color:;padding:15px;\">\n                        <div class=\"cshero-carousel-inner clearfix\">\n                                                            <h5 class=\"cshero-carousel-title clearfix\">\n                                    <a title=\"GR\u00c0CIES MARC I MIREIA!\" href=\"https:\/\/calbernadas.com\/ca\/blog\/gracies-marc-i-mireia\/\" rel=\"\" style=\"color: #ffffff\">\n                                        GR\u00c0CIES MARC I MIREIA!                                    <\/a>\n                                <\/h5>\n                                                        \n                                                    <\/div>\n                                                <div class=\"cshero-carousel-meta clearfix\">\n                                                            <span class=\"date\" style=\"text-transform:initial;font-weight:400;font-style:;color:;\">25 mar\u00e7 2014<\/span>\n                                                                                                            <\/div>\n                                                                    <\/div>\n                <\/div>\n            <\/div>\n        <\/div>\n            <\/div>\n<\/article>\n\t\t\t\t\t<\/div>\r\n\t\t\t    <\/div><div class=\"cshero-post-carousel-item-wrap\">                \t\t                <div class=\"cshero-shortcode cshero-post-carousel-item content-left\" >\r\n\t\t\t\t\t\t<article id=\"post-17021\" class=\"text-left post-17021 post type-post status-publish format-standard has-post-thumbnail hentry category-celebracions category-celebracions_el-munt tag-barcelonawedding tag-boda tag-calbernadas tag-casament tag-destinationwedding tag-elmunt tag-momentsbernadas tag-ruralwedding tag-venueinbarcelona tag-wedding\">\n    <div class=\"cshero-carousel-container\">\n                <div class=\"cshero-carousel-image clearfix\" style=\"width:360px;height:260px;display: block;\">\n            <img alt=\"\"  src=\"https:\/\/calbernadas.com\/wp-content\/uploads\/2017\/03\/14_140524_3349web-360x260_c.jpg\" style=\"border-radius:0;-webkit-border-radius:0;-moz-border-radius:0;-ms-border-radius:0;-o-border-radius:0;max-width:100%;\" \/>                            <div class=\"cshero-carousel-post-category\" style=\"background-color:rgba(0,0,0,0.7);\">\n                    Celebracions, Celebracions_el Munt                <\/div>\n            \n            <div class=\"overlay\">\n                <div class=\"overlay-content\" style=\"background-color:rgba(0,0,0,0.7);\">\n                    <div class=\"cshero-carousel-body\" style=\"color:#ffffff; text-align:left;background-color:;padding:15px;\">\n                        <div class=\"cshero-carousel-inner clearfix\">\n                                                            <h5 class=\"cshero-carousel-title clearfix\">\n                                    <a title=\"DOS M\u00d3NS UNITS EN UN\" href=\"https:\/\/calbernadas.com\/ca\/blog\/dos-mons-units-2\/\" rel=\"\" style=\"color: #ffffff\">\n                                        DOS M\u00d3NS UNITS EN UN                                    <\/a>\n                                <\/h5>\n                                                        \n                                                    <\/div>\n                                                <div class=\"cshero-carousel-meta clearfix\">\n                                                            <span class=\"date\" style=\"text-transform:initial;font-weight:400;font-style:;color:;\">31 maig 2014<\/span>\n                                                                                                            <\/div>\n                                                                    <\/div>\n                <\/div>\n            <\/div>\n        <\/div>\n            <\/div>\n<\/article>\n\t\t\t\t\t<\/div>\r\n\t\t\t    <\/div><div class=\"cshero-post-carousel-item-wrap\">                \t\t                <div class=\"cshero-shortcode cshero-post-carousel-item content-left\" >\r\n\t\t\t\t\t\t<article id=\"post-16944\" class=\"text-left post-16944 post type-post status-publish format-standard has-post-thumbnail hentry category-celebracions category-celebracions_el-munt category-celebracions_wedding-planner\">\n    <div class=\"cshero-carousel-container\">\n                <div class=\"cshero-carousel-image clearfix\" style=\"width:360px;height:260px;display: block;\">\n            <img alt=\"\"  src=\"https:\/\/calbernadas.com\/wp-content\/uploads\/2017\/03\/JJ_TOP_195-360x260_c.jpg\" style=\"border-radius:0;-webkit-border-radius:0;-moz-border-radius:0;-ms-border-radius:0;-o-border-radius:0;max-width:100%;\" \/>                            <div class=\"cshero-carousel-post-category\" style=\"background-color:rgba(0,0,0,0.7);\">\n                    Celebracions, Celebracions_el Munt, Celebracions_wedding planner                <\/div>\n            \n            <div class=\"overlay\">\n                <div class=\"overlay-content\" style=\"background-color:rgba(0,0,0,0.7);\">\n                    <div class=\"cshero-carousel-body\" style=\"color:#ffffff; text-align:left;background-color:;padding:15px;\">\n                        <div class=\"cshero-carousel-inner clearfix\">\n                                                            <h5 class=\"cshero-carousel-title clearfix\">\n                                    <a title=\"IT&#8217;S RAINING, BE HAPPY!\" href=\"https:\/\/calbernadas.com\/ca\/blog\/its-raining-be-happy-2\/\" rel=\"\" style=\"color: #ffffff\">\n                                        IT&#8217;S RAINING, BE HAPPY!                                    <\/a>\n                                <\/h5>\n                                                        \n                                                    <\/div>\n                                                <div class=\"cshero-carousel-meta clearfix\">\n                                                            <span class=\"date\" style=\"text-transform:initial;font-weight:400;font-style:;color:;\">08 juliol 2014<\/span>\n                                                                                                            <\/div>\n                                                                    <\/div>\n                <\/div>\n            <\/div>\n        <\/div>\n            <\/div>\n<\/article>\n\t\t\t\t\t<\/div>\r\n\t\t\t    <\/div><div class=\"cshero-post-carousel-item-wrap\">                \t\t                <div class=\"cshero-shortcode cshero-post-carousel-item content-left\" >\r\n\t\t\t\t\t\t<article id=\"post-18515\" class=\"text-left post-18515 post type-post status-publish format-standard has-post-thumbnail hentry category-celebracions category-celebracions_el-munt category-celebracions_wedding-planner tag-barcelonawedding tag-boda tag-bodabarcelona tag-bodarural tag-calbernadas tag-destinationwedding tag-elmunt tag-momentsbernadas tag-ruralwedding tag-venueforwedding tag-villaforvenue tag-wedding tag-weddingabroad\">\n    <div class=\"cshero-carousel-container\">\n                <div class=\"cshero-carousel-image clearfix\" style=\"width:360px;height:260px;display: block;\">\n            <img alt=\"\"  src=\"https:\/\/calbernadas.com\/wp-content\/uploads\/2017\/06\/05-Wedding-Cal-Bernadas-564-360x260_c.jpg\" style=\"border-radius:0;-webkit-border-radius:0;-moz-border-radius:0;-ms-border-radius:0;-o-border-radius:0;max-width:100%;\" \/>                            <div class=\"cshero-carousel-post-category\" style=\"background-color:rgba(0,0,0,0.7);\">\n                    Celebracions, Celebracions_el Munt, Celebracions_wedding planner                <\/div>\n            \n            <div class=\"overlay\">\n                <div class=\"overlay-content\" style=\"background-color:rgba(0,0,0,0.7);\">\n                    <div class=\"cshero-carousel-body\" style=\"color:#ffffff; text-align:left;background-color:;padding:15px;\">\n                        <div class=\"cshero-carousel-inner clearfix\">\n                                                            <h5 class=\"cshero-carousel-title clearfix\">\n                                    <a title=\"KRISTY&#038;MARK. FUN, FUN, FUN!\" href=\"https:\/\/calbernadas.com\/ca\/blog\/kristymark-fun-fun-fun\/\" rel=\"\" style=\"color: #ffffff\">\n                                        KRISTY&#038;MARK. FUN, FUN, FUN!                                    <\/a>\n                                <\/h5>\n                                                        \n                                                    <\/div>\n                                                <div class=\"cshero-carousel-meta clearfix\">\n                                                            <span class=\"date\" style=\"text-transform:initial;font-weight:400;font-style:;color:;\">10 desembre 2014<\/span>\n                                                                                                            <\/div>\n                                                                    <\/div>\n                <\/div>\n            <\/div>\n        <\/div>\n            <\/div>\n<\/article>\n\t\t\t\t\t<\/div>\r\n\t\t\t    <\/div><div class=\"cshero-post-carousel-item-wrap\">                \t\t                <div class=\"cshero-shortcode cshero-post-carousel-item content-left\" >\r\n\t\t\t\t\t\t<article id=\"post-18761\" class=\"text-left post-18761 post type-post status-publish format-standard has-post-thumbnail hentry category-celebracions category-celebracions_el-munt category-celebracions_wedding-planner tag-barcelonawedding tag-boda tag-bodabarcelona tag-bodarural tag-calbernadas tag-destinationwedding tag-elmunt tag-momentsbernadas tag-ruralwedding tag-venueforwedding tag-wedding tag-weddingabroad tag-wee\">\n    <div class=\"cshero-carousel-container\">\n                <div class=\"cshero-carousel-image clearfix\" style=\"width:360px;height:260px;display: block;\">\n            <img alt=\"\"  src=\"https:\/\/calbernadas.com\/wp-content\/uploads\/2017\/06\/05-Wedding-Cal-Bernadas-197a-360x260_c.jpg\" style=\"border-radius:0;-webkit-border-radius:0;-moz-border-radius:0;-ms-border-radius:0;-o-border-radius:0;max-width:100%;\" \/>                            <div class=\"cshero-carousel-post-category\" style=\"background-color:rgba(0,0,0,0.7);\">\n                    Celebracions, Celebracions_el Munt, Celebracions_wedding planner                <\/div>\n            \n            <div class=\"overlay\">\n                <div class=\"overlay-content\" style=\"background-color:rgba(0,0,0,0.7);\">\n                    <div class=\"cshero-carousel-body\" style=\"color:#ffffff; text-align:left;background-color:;padding:15px;\">\n                        <div class=\"cshero-carousel-inner clearfix\">\n                                                            <h5 class=\"cshero-carousel-title clearfix\">\n                                    <a title=\"KRISTY&#038;MARK. QUAN COMEN\u00c7A EL DIA &#8220;B&#8221;?\" href=\"https:\/\/calbernadas.com\/ca\/blog\/kristymark-quan-comenca-dia-b\/\" rel=\"\" style=\"color: #ffffff\">\n                                        KRISTY&#038;MARK. QUAN COMEN\u00c7A EL DIA &#8220;B&#8221;?                                    <\/a>\n                                <\/h5>\n                                                        \n                                                    <\/div>\n                                                <div class=\"cshero-carousel-meta clearfix\">\n                                                            <span class=\"date\" style=\"text-transform:initial;font-weight:400;font-style:;color:;\">10 desembre 2014<\/span>\n                                                                                                            <\/div>\n                                                                    <\/div>\n                <\/div>\n            <\/div>\n        <\/div>\n            <\/div>\n<\/article>\n\t\t\t\t\t<\/div>\r\n\t\t\t    <\/div><div class=\"cshero-post-carousel-item-wrap\">                \t\t                <div class=\"cshero-shortcode cshero-post-carousel-item content-left\" >\r\n\t\t\t\t\t\t<article id=\"post-17098\" class=\"text-left post-17098 post type-post status-publish format-standard has-post-thumbnail hentry category-celebracions category-celebracions_el-munt category-celebracions_wedding-planner tag-barcelonavenue tag-calbernadas tag-destinationwedding tag-elmunt tag-momentsbernadas tag-ruralwedding tag-venueforwedding tag-wedding\">\n    <div class=\"cshero-carousel-container\">\n                <div class=\"cshero-carousel-image clearfix\" style=\"width:360px;height:260px;display: block;\">\n            <img alt=\"\"  src=\"https:\/\/calbernadas.com\/wp-content\/uploads\/2017\/03\/ErnestaTadas_-33-360x260_c.jpg\" style=\"border-radius:0;-webkit-border-radius:0;-moz-border-radius:0;-ms-border-radius:0;-o-border-radius:0;max-width:100%;\" \/>                            <div class=\"cshero-carousel-post-category\" style=\"background-color:rgba(0,0,0,0.7);\">\n                    Celebracions, Celebracions_el Munt, Celebracions_wedding planner                <\/div>\n            \n            <div class=\"overlay\">\n                <div class=\"overlay-content\" style=\"background-color:rgba(0,0,0,0.7);\">\n                    <div class=\"cshero-carousel-body\" style=\"color:#ffffff; text-align:left;background-color:;padding:15px;\">\n                        <div class=\"cshero-carousel-inner clearfix\">\n                                                            <h5 class=\"cshero-carousel-title clearfix\">\n                                    <a title=\"DE LITU\u00c0NIA DIRECTE A EL MUNT\" href=\"https:\/\/calbernadas.com\/ca\/blog\/lituania-directe-munt\/\" rel=\"\" style=\"color: #ffffff\">\n                                        DE LITU\u00c0NIA DIRECTE A EL MUNT                                    <\/a>\n                                <\/h5>\n                                                        \n                                                    <\/div>\n                                                <div class=\"cshero-carousel-meta clearfix\">\n                                                            <span class=\"date\" style=\"text-transform:initial;font-weight:400;font-style:;color:;\">19 desembre 2014<\/span>\n                                                                                                            <\/div>\n                                                                    <\/div>\n                <\/div>\n            <\/div>\n        <\/div>\n            <\/div>\n<\/article>\n\t\t\t\t\t<\/div>\r\n\t\t\t    <\/div><div class=\"cshero-post-carousel-item-wrap\">                \t\t                <div class=\"cshero-shortcode cshero-post-carousel-item content-left\" >\r\n\t\t\t\t\t\t<article id=\"post-17175\" class=\"text-left post-17175 post type-post status-publish format-standard has-post-thumbnail hentry category-celebracions category-celebracions_el-munt tag-barcelonawedding tag-boda tag-bodarural tag-calbernadas tag-destinationwedding tag-elmunt tag-momentsbernadas tag-ruralwedding tag-venueforwedding tag-wedding\">\n    <div class=\"cshero-carousel-container\">\n                <div class=\"cshero-carousel-image clearfix\" style=\"width:360px;height:260px;display: block;\">\n            <img alt=\"\"  src=\"https:\/\/calbernadas.com\/wp-content\/uploads\/2017\/03\/Casament_AnnaFeliu_El-Munt-23-360x260_c.jpg\" style=\"border-radius:0;-webkit-border-radius:0;-moz-border-radius:0;-ms-border-radius:0;-o-border-radius:0;max-width:100%;\" \/>                            <div class=\"cshero-carousel-post-category\" style=\"background-color:rgba(0,0,0,0.7);\">\n                    Celebracions, Celebracions_el Munt                <\/div>\n            \n            <div class=\"overlay\">\n                <div class=\"overlay-content\" style=\"background-color:rgba(0,0,0,0.7);\">\n                    <div class=\"cshero-carousel-body\" style=\"color:#ffffff; text-align:left;background-color:;padding:15px;\">\n                        <div class=\"cshero-carousel-inner clearfix\">\n                                                            <h5 class=\"cshero-carousel-title clearfix\">\n                                    <a title=\"ANNA&#038;FELIU. ESTRENEM TEMPORADA BLOGUERA!\" href=\"https:\/\/calbernadas.com\/ca\/blog\/af-estrenem-temporada-bloguera-2\/\" rel=\"\" style=\"color: #ffffff\">\n                                        ANNA&#038;FELIU. ESTRENEM TEMPORADA BLOGUERA!                                    <\/a>\n                                <\/h5>\n                                                        \n                                                    <\/div>\n                                                <div class=\"cshero-carousel-meta clearfix\">\n                                                            <span class=\"date\" style=\"text-transform:initial;font-weight:400;font-style:;color:;\">01 juny 2015<\/span>\n                                                                                                            <\/div>\n                                                                    <\/div>\n                <\/div>\n            <\/div>\n        <\/div>\n            <\/div>\n<\/article>\n\t\t\t\t\t<\/div>\r\n\t\t\t    <\/div><div class=\"cshero-post-carousel-item-wrap\">                \t\t                <div class=\"cshero-shortcode cshero-post-carousel-item content-left\" >\r\n\t\t\t\t\t\t<article id=\"post-17270\" class=\"text-left post-17270 post type-post status-publish format-standard has-post-thumbnail hentry category-celebracions category-celebracions_el-munt tag-barcelonavenue tag-barcelonawedding tag-boda tag-bodarural tag-calbernadas tag-destinationwedding tag-elmunt tag-momentsbernadas tag-rural tag-ruralwedding tag-venueinbarcelona tag-wedding\">\n    <div class=\"cshero-carousel-container\">\n                <div class=\"cshero-carousel-image clearfix\" style=\"width:360px;height:260px;display: block;\">\n            <img alt=\"\"  src=\"https:\/\/calbernadas.com\/wp-content\/uploads\/2017\/03\/Casament_MartaJosep_El-Munt-11-360x260_c.jpg\" style=\"border-radius:0;-webkit-border-radius:0;-moz-border-radius:0;-ms-border-radius:0;-o-border-radius:0;max-width:100%;\" \/>                            <div class=\"cshero-carousel-post-category\" style=\"background-color:rgba(0,0,0,0.7);\">\n                    Celebracions, Celebracions_el Munt                <\/div>\n            \n            <div class=\"overlay\">\n                <div class=\"overlay-content\" style=\"background-color:rgba(0,0,0,0.7);\">\n                    <div class=\"cshero-carousel-body\" style=\"color:#ffffff; text-align:left;background-color:;padding:15px;\">\n                        <div class=\"cshero-carousel-inner clearfix\">\n                                                            <h5 class=\"cshero-carousel-title clearfix\">\n                                    <a title=\"MARTA&#038;JOSEP. PRIMAVERA EN ESTAT PUR!\" href=\"https:\/\/calbernadas.com\/ca\/blog\/mj-primavera-estat-pur\/\" rel=\"\" style=\"color: #ffffff\">\n                                        MARTA&#038;JOSEP. PRIMAVERA EN ESTAT PUR!                                    <\/a>\n                                <\/h5>\n                                                        \n                                                    <\/div>\n                                                <div class=\"cshero-carousel-meta clearfix\">\n                                                            <span class=\"date\" style=\"text-transform:initial;font-weight:400;font-style:;color:;\">15 juny 2015<\/span>\n                                                                                                            <\/div>\n                                                                    <\/div>\n                <\/div>\n            <\/div>\n        <\/div>\n            <\/div>\n<\/article>\n\t\t\t\t\t<\/div>\r\n\t\t\t    <\/div><div class=\"cshero-post-carousel-item-wrap\">                \t\t                <div class=\"cshero-shortcode cshero-post-carousel-item content-left\" >\r\n\t\t\t\t\t\t<article id=\"post-18255\" class=\"text-left post-18255 post type-post status-publish format-standard has-post-thumbnail hentry category-celebracions category-celebracions_el-munt tag-barcelonawedding tag-bodarural tag-calbernadas tag-destinationwedding tag-elmunt tag-momentsbernadas tag-ruralwedding tag-venueforwedding tag-wedding\">\n    <div class=\"cshero-carousel-container\">\n                <div class=\"cshero-carousel-image clearfix\" style=\"width:360px;height:260px;display: block;\">\n            <img alt=\"\"  src=\"https:\/\/calbernadas.com\/wp-content\/uploads\/2017\/04\/15061-1004A-360x260_c.jpg\" style=\"border-radius:0;-webkit-border-radius:0;-moz-border-radius:0;-ms-border-radius:0;-o-border-radius:0;max-width:100%;\" \/>                            <div class=\"cshero-carousel-post-category\" style=\"background-color:rgba(0,0,0,0.7);\">\n                    Celebracions, Celebracions_el Munt                <\/div>\n            \n            <div class=\"overlay\">\n                <div class=\"overlay-content\" style=\"background-color:rgba(0,0,0,0.7);\">\n                    <div class=\"cshero-carousel-body\" style=\"color:#ffffff; text-align:left;background-color:;padding:15px;\">\n                        <div class=\"cshero-carousel-inner clearfix\">\n                                                            <h5 class=\"cshero-carousel-title clearfix\">\n                                    <a title=\"TANIA&#038;GUILLE. FLYING&#8230; TO EL MUNT!\" href=\"https:\/\/calbernadas.com\/ca\/blog\/flying-to-munt\/\" rel=\"\" style=\"color: #ffffff\">\n                                        TANIA&#038;GUILLE. FLYING&#8230; TO EL MUNT!                                    <\/a>\n                                <\/h5>\n                                                        \n                                                    <\/div>\n                                                <div class=\"cshero-carousel-meta clearfix\">\n                                                            <span class=\"date\" style=\"text-transform:initial;font-weight:400;font-style:;color:;\">15 setembre 2015<\/span>\n                                                                                                            <\/div>\n                                                                    <\/div>\n                <\/div>\n            <\/div>\n        <\/div>\n            <\/div>\n<\/article>\n\t\t\t\t\t<\/div>\r\n\t\t\t    <\/div><div class=\"cshero-post-carousel-item-wrap\">                \t\t                <div class=\"cshero-shortcode cshero-post-carousel-item content-left\" >\r\n\t\t\t\t\t\t<article id=\"post-17207\" class=\"text-left post-17207 post type-post status-publish format-standard has-post-thumbnail hentry category-celebracions category-celebracions_el-munt\">\n    <div class=\"cshero-carousel-container\">\n                <div class=\"cshero-carousel-image clearfix\" style=\"width:360px;height:260px;display: block;\">\n            <img alt=\"\"  src=\"https:\/\/calbernadas.com\/wp-content\/uploads\/2017\/03\/Casament_AudreyJohn_El-Munt-13-360x260_c.jpg\" style=\"border-radius:0;-webkit-border-radius:0;-moz-border-radius:0;-ms-border-radius:0;-o-border-radius:0;max-width:100%;\" \/>                            <div class=\"cshero-carousel-post-category\" style=\"background-color:rgba(0,0,0,0.7);\">\n                    Celebracions, Celebracions_el Munt                <\/div>\n            \n            <div class=\"overlay\">\n                <div class=\"overlay-content\" style=\"background-color:rgba(0,0,0,0.7);\">\n                    <div class=\"cshero-carousel-body\" style=\"color:#ffffff; text-align:left;background-color:;padding:15px;\">\n                        <div class=\"cshero-carousel-inner clearfix\">\n                                                            <h5 class=\"cshero-carousel-title clearfix\">\n                                    <a title=\"AUDREY&#038;JOHN. HAPPY 1ST YEAR!\" href=\"https:\/\/calbernadas.com\/ca\/blog\/audreyjohn-happy-1st-year-2\/\" rel=\"\" style=\"color: #ffffff\">\n                                        AUDREY&#038;JOHN. HAPPY 1ST YEAR!                                    <\/a>\n                                <\/h5>\n                                                        \n                                                    <\/div>\n                                                <div class=\"cshero-carousel-meta clearfix\">\n                                                            <span class=\"date\" style=\"text-transform:initial;font-weight:400;font-style:;color:;\">20 setembre 2015<\/span>\n                                                                                                            <\/div>\n                                                                    <\/div>\n                <\/div>\n            <\/div>\n        <\/div>\n            <\/div>\n<\/article>\n\t\t\t\t\t<\/div>\r\n\t\t\t    <\/div><div class=\"cshero-post-carousel-item-wrap\">                \t\t                <div class=\"cshero-shortcode cshero-post-carousel-item content-left\" >\r\n\t\t\t\t\t\t<article id=\"post-17078\" class=\"text-left post-17078 post type-post status-publish format-standard has-post-thumbnail hentry category-turisme-rural category-turisme-rural_el-munt\">\n    <div class=\"cshero-carousel-container\">\n                <div class=\"cshero-carousel-image clearfix\" style=\"width:360px;height:260px;display: block;\">\n            <img alt=\"\"  src=\"https:\/\/calbernadas.com\/wp-content\/uploads\/2017\/03\/Montse-Giralt2-360x260_c.jpg\" style=\"border-radius:0;-webkit-border-radius:0;-moz-border-radius:0;-ms-border-radius:0;-o-border-radius:0;max-width:100%;\" \/>                            <div class=\"cshero-carousel-post-category\" style=\"background-color:rgba(0,0,0,0.7);\">\n                    Turisme rural, Turisme rural_el Munt                <\/div>\n            \n            <div class=\"overlay\">\n                <div class=\"overlay-content\" style=\"background-color:rgba(0,0,0,0.7);\">\n                    <div class=\"cshero-carousel-body\" style=\"color:#ffffff; text-align:left;background-color:;padding:15px;\">\n                        <div class=\"cshero-carousel-inner clearfix\">\n                                                            <h5 class=\"cshero-carousel-title clearfix\">\n                                    <a title=\"FLOW\" href=\"https:\/\/calbernadas.com\/ca\/blog\/flow-2\/\" rel=\"\" style=\"color: #ffffff\">\n                                        FLOW                                    <\/a>\n                                <\/h5>\n                                                        \n                                                    <\/div>\n                                                <div class=\"cshero-carousel-meta clearfix\">\n                                                            <span class=\"date\" style=\"text-transform:initial;font-weight:400;font-style:;color:;\">11 gener 2016<\/span>\n                                                                                                            <\/div>\n                                                                    <\/div>\n                <\/div>\n            <\/div>\n        <\/div>\n            <\/div>\n<\/article>\n\t\t\t\t\t<\/div>\r\n\t\t\t    <\/div><div class=\"cshero-post-carousel-item-wrap\">                \t\t                <div class=\"cshero-shortcode cshero-post-carousel-item content-left\" >\r\n\t\t\t\t\t\t<article id=\"post-18827\" class=\"text-left post-18827 post type-post status-publish format-standard has-post-thumbnail hentry category-celebracions category-celebracions_el-munt tag-barcelonawedding tag-boda tag-bodabarcelona tag-bodarural tag-bodas tag-calbernadas tag-destinationwedding tag-elmunt tag-momentsbernadas tag-ruralwedding tag-venueforwedding tag-wedding tag-weddingabroad\">\n    <div class=\"cshero-carousel-container\">\n                <div class=\"cshero-carousel-image clearfix\" style=\"width:360px;height:260px;display: block;\">\n            <img alt=\"\"  src=\"https:\/\/calbernadas.com\/wp-content\/uploads\/2017\/07\/BODAJUANANMIREIA-461A.-Boda-el-Munt.-Mireia-i-Juanan-360x260_c.jpg\" style=\"border-radius:0;-webkit-border-radius:0;-moz-border-radius:0;-ms-border-radius:0;-o-border-radius:0;max-width:100%;\" \/>                            <div class=\"cshero-carousel-post-category\" style=\"background-color:rgba(0,0,0,0.7);\">\n                    Celebracions, Celebracions_el Munt                <\/div>\n            \n            <div class=\"overlay\">\n                <div class=\"overlay-content\" style=\"background-color:rgba(0,0,0,0.7);\">\n                    <div class=\"cshero-carousel-body\" style=\"color:#ffffff; text-align:left;background-color:;padding:15px;\">\n                        <div class=\"cshero-carousel-inner clearfix\">\n                                                            <h5 class=\"cshero-carousel-title clearfix\">\n                                    <a title=\"MIREIA&#038;JUANAN. UNA PARELLA ENCANTADORA\" href=\"https:\/\/calbernadas.com\/ca\/blog\/mireiajuanan-una-parella-molt-bonica\/\" rel=\"\" style=\"color: #ffffff\">\n                                        MIREIA&#038;JUANAN. UNA PARELLA ENCANTADORA                                    <\/a>\n                                <\/h5>\n                                                        \n                                                    <\/div>\n                                                <div class=\"cshero-carousel-meta clearfix\">\n                                                            <span class=\"date\" style=\"text-transform:initial;font-weight:400;font-style:;color:;\">25 gener 2016<\/span>\n                                                                                                            <\/div>\n                                                                    <\/div>\n                <\/div>\n            <\/div>\n        <\/div>\n            <\/div>\n<\/article>\n\t\t\t\t\t<\/div>\r\n\t\t\t    <\/div>\t\t\t<\/div>\r\n\t\t<\/div>\r\n\t\t\t\t\t<div class=\"cshero-control pager-center text-center default\"><\/div>\r\n\t\t\t\t        <div class=\"cshero-nav text-center default\">\r\n            <ul>\r\n                <li class=\"prev\" style=\"left:;\"><\/li>\r\n                <li class=\"next\" style=\"right:;\"><\/li>\r\n            <\/ul>\r\n        <\/div>\r\n    \t\t        <\/div>\r\n[\/vc_column][\/vc_row][vc_row css=&#8221;.vc_custom_1418098768490{margin-bottom: 80px !important;border-bottom-width: 1px !important;padding-bottom: 80px !important;border-bottom-color: #eeeeee !important;border-bottom-style: solid !important;}&#8221; full_width=&#8221;false&#8221; parallax_speed=&#8221;0.8&#8243; bg_video_transparent=&#8221;0&#8243; height_engle=&#8221;60px&#8221; height_engle_style2=&#8221;60px&#8221;][vc_column][cs_custom_heading text=&#8221;LAYOUT 4&#8243; font_container=&#8221;tag:h2|font_size:30px|text_align:center&#8221; style=&#8221;title-bottom-line&#8221; title_bottom_line_width=&#8221;40px&#8221; title_bottom_line_height=&#8221;3px&#8221; title_bottom_line_color=&#8221;#dddddd&#8221; title_bottom_line_margin_bottom=&#8221;40px&#8221; css=&#8221;.vc_custom_1419327053872{margin-bottom: 20px !important;}&#8221;]\t<div id=\"cshero_post_carousel_1777625343_169f468ff3ce37\" class=\"cshero-post-carousel postcarousel-layout4 \">\r\n\t\t<style type=\"text\/css\" scoped>\r\n\t\t\t#cshero_post_carousel_1777625343_169f468ff3ce37 article:hover .cshero-carousel-body{color: !important; background-color: !important; }\r\n\t\t\t#cshero_post_carousel_1777625343_169f468ff3ce37 article:hover .cshero-carousel-title a{color: !important; }\r\n\t\t\t#cshero_post_carousel_1777625343_169f468ff3ce37 .link-wrap a{ color: ;}\r\n\t\t\t#cshero_post_carousel_1777625343_169f468ff3ce37 .link-wrap a:hover{ color: ;}\r\n\t\t\t#cshero_post_carousel_1777625343_169f468ff3ce37 .link-wrap [class*='icon-box-']:hover .fa,\r\n\t\t\t#cshero_post_carousel_1777625343_169f468ff3ce37 .link-wrap [class^='icon-box-']:hover .fa{border-color:;}\r\n\t\t<\/style>\r\n\t            <div class=\"cshero-post-carousel-list \">\r\n            <div id=\"cshero_post_carousel1777625343_169f468ff3ce37\" data-mode=\"horizontal\" data-moveslides=\"3\" data-auto=\"0\" data-speed=\"500\" data-prevselector=\"#cshero_post_carousel_1777625343_169f468ff3ce37 .prev\" data-nextselector=\"#cshero_post_carousel_1777625343_169f468ff3ce37 .next\" data-prevText=\"<i class='fa fa-angle-left'><\/i>\" data-nextText=\"<i class='fa fa-angle-right'><\/i>\" data-pagerSelector=\"#cshero_post_carousel_1777625343_169f468ff3ce37 .cshero-control\" data-onsliderload=\"true\" data-touchenabled=\"1\" data-controls=\"true\" data-pager=\"1\" data-pause=\"4000\" data-infiniteloop=\"true\" data-adaptiveheight=\"true\"  data-autohover=\"true\" data-slidemargin=\"30\" data-maxslides=\"3\" data-minslides=\"1\" data-slidewidth=\"360\" data-slideselector=\"\" data-easing=\"swing\" data-usecss=\"\" data-resize=\"1\" class=\"slider jm-bxslider\">\r\n                <div class=\"cshero-post-carousel-item-wrap\">                \t\t                <div class=\"cshero-shortcode cshero-post-carousel-item content-left\" >\r\n\t\t\t\t\t\t<article id=\"post-12245\" class=\"text-left post-12245 post type-post status-publish format-standard has-post-thumbnail hentry category-turisme-rural category-turisme-rural_el-munt\">\n    <div class=\"cshero-carousel-container\">\n                    <div class=\"cshero-carousel-image clearfix\" style=\"width:360px;height:360px;display: block;\">\n                <img alt=\"\"  src=\"https:\/\/calbernadas.com\/wp-content\/uploads\/2016\/10\/20140326-BLOC-360x360_c.jpg\" style=\"border-radius:0;-webkit-border-radius:0;-moz-border-radius:0;-ms-border-radius:0;-o-border-radius:0;max-width:100%;\" \/>                                    <div class=\"cshero-carousel-post-date\" style=\"text-transform:initial;font-weight:400;font-style:;color:;\"><span class=\"date-month\">25 mar\u00e7<\/span><span class=\"year\">2014<\/span><\/div>\n                                                    <div class=\"overlay\" style=\"z-index:4;border-radius:0;-webkit-border-radius:0;-moz-border-radius:0;-ms-border-radius:0;-o-border-radius:0;background-color:rgba(0,0,0,0.7);color:;width:360px;height:360px;max-width:100%;\">\n                        <div class=\"overlay-content\">\n                            <a class=\"icon-link icon-button\" title=\"Read more\" href=\"https:\/\/calbernadas.com\/ca\/blog\/gracies-marc-i-mireia\/\" ><i class=\"fa fa-link\"><\/i><\/a>                            <a class=\"icon-link colorbox icon-button\" title=\"\" href=\"https:\/\/calbernadas.com\/wp-content\/uploads\/2016\/10\/20140326-BLOC.jpg\"  data-rel=\"lightbox-image-12\" data-rl_title=\"\" data-rl_caption=\"\"><i class=\"fa fa-search\"><\/i><\/a> \n                        <\/div>\n                    <\/div>\n                   \n            <\/div>\n            <div class=\"cshero-carousel-body\" style=\"color:; text-align:left;background-color:;padding:20px 0 0 0;\">\n                <div class=\"cshero-carousel-inner clearfix\">\n                                            <h4 class=\"cshero-carousel-title clearfix\">\n                            <a title=\"GR\u00c0CIES MARC I MIREIA!\" href=\"https:\/\/calbernadas.com\/ca\/blog\/gracies-marc-i-mireia\/\" rel=\"\" style=\"color: \">\n                                GR\u00c0CIES MARC I MIREIA!                            <\/a>\n                        <\/h4>\n                                                                <div class=\"cshero-carousel-post-category\">\n                            Turisme rural, Turisme rural_el Munt                        <\/div>\n                                                            <div class=\"cshero-carousel-post-description\" style=\"color: \">\n                                                    <p>[vc_row][vc_column][vc_column_text]\r\nJa fa uns quants dies que v\u00e0rem assistir a la Fira Nuvis a <\/p>\n                                            <\/div>\n                                    <\/div>\n                                <div class=\"cshero-carousel-meta clearfix\">\n                    \n                                        <span class=\"cshero-carousel-comment\"><i class=\"fa fa-comment-o\"><\/i>\n                        No Comments                    <\/span>\n                                                            <span><i class=\"fa fa-pencil\"><\/i> admin<\/span>\n                                    <\/div>\n                            <\/div>\n                \n    <\/div>\n<\/article>\n\t\t\t\t\t<\/div>\r\n\t\t\t    <\/div><div class=\"cshero-post-carousel-item-wrap\">                \t\t                <div class=\"cshero-shortcode cshero-post-carousel-item content-left\" >\r\n\t\t\t\t\t\t<article id=\"post-17021\" class=\"text-left post-17021 post type-post status-publish format-standard has-post-thumbnail hentry category-celebracions category-celebracions_el-munt tag-barcelonawedding tag-boda tag-calbernadas tag-casament tag-destinationwedding tag-elmunt tag-momentsbernadas tag-ruralwedding tag-venueinbarcelona tag-wedding\">\n    <div class=\"cshero-carousel-container\">\n                    <div class=\"cshero-carousel-image clearfix\" style=\"width:360px;height:360px;display: block;\">\n                <img alt=\"\"  src=\"https:\/\/calbernadas.com\/wp-content\/uploads\/2017\/03\/14_140524_3349web-360x360_c.jpg\" style=\"border-radius:0;-webkit-border-radius:0;-moz-border-radius:0;-ms-border-radius:0;-o-border-radius:0;max-width:100%;\" \/>                                    <div class=\"cshero-carousel-post-date\" style=\"text-transform:initial;font-weight:400;font-style:;color:;\"><span class=\"date-month\">31 maig<\/span><span class=\"year\">2014<\/span><\/div>\n                                                    <div class=\"overlay\" style=\"z-index:4;border-radius:0;-webkit-border-radius:0;-moz-border-radius:0;-ms-border-radius:0;-o-border-radius:0;background-color:rgba(0,0,0,0.7);color:;width:360px;height:360px;max-width:100%;\">\n                        <div class=\"overlay-content\">\n                            <a class=\"icon-link icon-button\" title=\"Read more\" href=\"https:\/\/calbernadas.com\/ca\/blog\/dos-mons-units-2\/\" ><i class=\"fa fa-link\"><\/i><\/a>                            <a class=\"icon-link colorbox icon-button\" title=\"\" href=\"https:\/\/calbernadas.com\/wp-content\/uploads\/2017\/03\/14_140524_3349web.jpg\"  data-rel=\"lightbox-image-13\" data-rl_title=\"\" data-rl_caption=\"\"><i class=\"fa fa-search\"><\/i><\/a> \n                        <\/div>\n                    <\/div>\n                   \n            <\/div>\n            <div class=\"cshero-carousel-body\" style=\"color:; text-align:left;background-color:;padding:20px 0 0 0;\">\n                <div class=\"cshero-carousel-inner clearfix\">\n                                            <h4 class=\"cshero-carousel-title clearfix\">\n                            <a title=\"DOS M\u00d3NS UNITS EN UN\" href=\"https:\/\/calbernadas.com\/ca\/blog\/dos-mons-units-2\/\" rel=\"\" style=\"color: \">\n                                DOS M\u00d3NS UNITS EN UN                            <\/a>\n                        <\/h4>\n                                                                <div class=\"cshero-carousel-post-category\">\n                            Celebracions, Celebracions_el Munt                        <\/div>\n                                                            <div class=\"cshero-carousel-post-description\" style=\"color: \">\n                                                    <p>[vc_row][vc_column][vc_column_text]\r\nQu\u00e8 res millor que ensenyar-vos algunes de les fotos del <\/p>\n                                            <\/div>\n                                    <\/div>\n                                <div class=\"cshero-carousel-meta clearfix\">\n                    \n                                        <span class=\"cshero-carousel-comment\"><i class=\"fa fa-comment-o\"><\/i>\n                        No Comments                    <\/span>\n                                                            <span><i class=\"fa fa-pencil\"><\/i> admin<\/span>\n                                    <\/div>\n                            <\/div>\n                \n    <\/div>\n<\/article>\n\t\t\t\t\t<\/div>\r\n\t\t\t    <\/div><div class=\"cshero-post-carousel-item-wrap\">                \t\t                <div class=\"cshero-shortcode cshero-post-carousel-item content-left\" >\r\n\t\t\t\t\t\t<article id=\"post-16944\" class=\"text-left post-16944 post type-post status-publish format-standard has-post-thumbnail hentry category-celebracions category-celebracions_el-munt category-celebracions_wedding-planner\">\n    <div class=\"cshero-carousel-container\">\n                    <div class=\"cshero-carousel-image clearfix\" style=\"width:360px;height:360px;display: block;\">\n                <img alt=\"\"  src=\"https:\/\/calbernadas.com\/wp-content\/uploads\/2017\/03\/JJ_TOP_195-360x360_c.jpg\" style=\"border-radius:0;-webkit-border-radius:0;-moz-border-radius:0;-ms-border-radius:0;-o-border-radius:0;max-width:100%;\" \/>                                    <div class=\"cshero-carousel-post-date\" style=\"text-transform:initial;font-weight:400;font-style:;color:;\"><span class=\"date-month\">08 jul.<\/span><span class=\"year\">2014<\/span><\/div>\n                                                    <div class=\"overlay\" style=\"z-index:4;border-radius:0;-webkit-border-radius:0;-moz-border-radius:0;-ms-border-radius:0;-o-border-radius:0;background-color:rgba(0,0,0,0.7);color:;width:360px;height:360px;max-width:100%;\">\n                        <div class=\"overlay-content\">\n                            <a class=\"icon-link icon-button\" title=\"Read more\" href=\"https:\/\/calbernadas.com\/ca\/blog\/its-raining-be-happy-2\/\" ><i class=\"fa fa-link\"><\/i><\/a>                            <a class=\"icon-link colorbox icon-button\" title=\"\" href=\"https:\/\/calbernadas.com\/wp-content\/uploads\/2017\/03\/JJ_TOP_195.jpg\"  data-rel=\"lightbox-image-14\" data-rl_title=\"\" data-rl_caption=\"\"><i class=\"fa fa-search\"><\/i><\/a> \n                        <\/div>\n                    <\/div>\n                   \n            <\/div>\n            <div class=\"cshero-carousel-body\" style=\"color:; text-align:left;background-color:;padding:20px 0 0 0;\">\n                <div class=\"cshero-carousel-inner clearfix\">\n                                            <h4 class=\"cshero-carousel-title clearfix\">\n                            <a title=\"IT&#8217;S RAINING, BE HAPPY!\" href=\"https:\/\/calbernadas.com\/ca\/blog\/its-raining-be-happy-2\/\" rel=\"\" style=\"color: \">\n                                IT&#8217;S RAINING, BE HAPPY!                            <\/a>\n                        <\/h4>\n                                                                <div class=\"cshero-carousel-post-category\">\n                            Celebracions, Celebracions_el Munt, Celebracions_wedding planner                        <\/div>\n                                                            <div class=\"cshero-carousel-post-description\" style=\"color: \">\n                                                    <p>[vc_row][vc_column][vc_column_text]La Joanna i el Julian s\u00f3n una parella suec xilena que es va <\/p>\n                                            <\/div>\n                                    <\/div>\n                                <div class=\"cshero-carousel-meta clearfix\">\n                    \n                                        <span class=\"cshero-carousel-comment\"><i class=\"fa fa-comment-o\"><\/i>\n                        No Comments                    <\/span>\n                                                            <span><i class=\"fa fa-pencil\"><\/i> admin<\/span>\n                                    <\/div>\n                            <\/div>\n                \n    <\/div>\n<\/article>\n\t\t\t\t\t<\/div>\r\n\t\t\t    <\/div><div class=\"cshero-post-carousel-item-wrap\">                \t\t                <div class=\"cshero-shortcode cshero-post-carousel-item content-left\" >\r\n\t\t\t\t\t\t<article id=\"post-18515\" class=\"text-left post-18515 post type-post status-publish format-standard has-post-thumbnail hentry category-celebracions category-celebracions_el-munt category-celebracions_wedding-planner tag-barcelonawedding tag-boda tag-bodabarcelona tag-bodarural tag-calbernadas tag-destinationwedding tag-elmunt tag-momentsbernadas tag-ruralwedding tag-venueforwedding tag-villaforvenue tag-wedding tag-weddingabroad\">\n    <div class=\"cshero-carousel-container\">\n                    <div class=\"cshero-carousel-image clearfix\" style=\"width:360px;height:360px;display: block;\">\n                <img alt=\"\"  src=\"https:\/\/calbernadas.com\/wp-content\/uploads\/2017\/06\/05-Wedding-Cal-Bernadas-564-360x360_c.jpg\" style=\"border-radius:0;-webkit-border-radius:0;-moz-border-radius:0;-ms-border-radius:0;-o-border-radius:0;max-width:100%;\" \/>                                    <div class=\"cshero-carousel-post-date\" style=\"text-transform:initial;font-weight:400;font-style:;color:;\"><span class=\"date-month\">10 des.<\/span><span class=\"year\">2014<\/span><\/div>\n                                                    <div class=\"overlay\" style=\"z-index:4;border-radius:0;-webkit-border-radius:0;-moz-border-radius:0;-ms-border-radius:0;-o-border-radius:0;background-color:rgba(0,0,0,0.7);color:;width:360px;height:360px;max-width:100%;\">\n                        <div class=\"overlay-content\">\n                            <a class=\"icon-link icon-button\" title=\"Read more\" href=\"https:\/\/calbernadas.com\/ca\/blog\/kristymark-fun-fun-fun\/\" ><i class=\"fa fa-link\"><\/i><\/a>                            <a class=\"icon-link colorbox icon-button\" title=\"\" href=\"https:\/\/calbernadas.com\/wp-content\/uploads\/2017\/06\/05-Wedding-Cal-Bernadas-564.jpg\"  data-rel=\"lightbox-image-15\" data-rl_title=\"\" data-rl_caption=\"\"><i class=\"fa fa-search\"><\/i><\/a> \n                        <\/div>\n                    <\/div>\n                   \n            <\/div>\n            <div class=\"cshero-carousel-body\" style=\"color:; text-align:left;background-color:;padding:20px 0 0 0;\">\n                <div class=\"cshero-carousel-inner clearfix\">\n                                            <h4 class=\"cshero-carousel-title clearfix\">\n                            <a title=\"KRISTY&#038;MARK. FUN, FUN, FUN!\" href=\"https:\/\/calbernadas.com\/ca\/blog\/kristymark-fun-fun-fun\/\" rel=\"\" style=\"color: \">\n                                KRISTY&#038;MARK. FUN, FUN, FUN!                            <\/a>\n                        <\/h4>\n                                                                <div class=\"cshero-carousel-post-category\">\n                            Celebracions, Celebracions_el Munt, Celebracions_wedding planner                        <\/div>\n                                                            <div class=\"cshero-carousel-post-description\" style=\"color: \">\n                                                    <p>[vc_row][vc_column][vc_column_text]La boda de la Kristy i el Mark va comen\u00e7ar b\u00e9, per\u00f2 va <\/p>\n                                            <\/div>\n                                    <\/div>\n                                <div class=\"cshero-carousel-meta clearfix\">\n                    \n                                        <span class=\"cshero-carousel-comment\"><i class=\"fa fa-comment-o\"><\/i>\n                        No Comments                    <\/span>\n                                                            <span><i class=\"fa fa-pencil\"><\/i> admin<\/span>\n                                    <\/div>\n                            <\/div>\n                \n    <\/div>\n<\/article>\n\t\t\t\t\t<\/div>\r\n\t\t\t    <\/div><div class=\"cshero-post-carousel-item-wrap\">                \t\t                <div class=\"cshero-shortcode cshero-post-carousel-item content-left\" >\r\n\t\t\t\t\t\t<article id=\"post-18761\" class=\"text-left post-18761 post type-post status-publish format-standard has-post-thumbnail hentry category-celebracions category-celebracions_el-munt category-celebracions_wedding-planner tag-barcelonawedding tag-boda tag-bodabarcelona tag-bodarural tag-calbernadas tag-destinationwedding tag-elmunt tag-momentsbernadas tag-ruralwedding tag-venueforwedding tag-wedding tag-weddingabroad tag-wee\">\n    <div class=\"cshero-carousel-container\">\n                    <div class=\"cshero-carousel-image clearfix\" style=\"width:360px;height:360px;display: block;\">\n                <img alt=\"\"  src=\"https:\/\/calbernadas.com\/wp-content\/uploads\/2017\/06\/05-Wedding-Cal-Bernadas-197a-360x360_c.jpg\" style=\"border-radius:0;-webkit-border-radius:0;-moz-border-radius:0;-ms-border-radius:0;-o-border-radius:0;max-width:100%;\" \/>                                    <div class=\"cshero-carousel-post-date\" style=\"text-transform:initial;font-weight:400;font-style:;color:;\"><span class=\"date-month\">10 des.<\/span><span class=\"year\">2014<\/span><\/div>\n                                                    <div class=\"overlay\" style=\"z-index:4;border-radius:0;-webkit-border-radius:0;-moz-border-radius:0;-ms-border-radius:0;-o-border-radius:0;background-color:rgba(0,0,0,0.7);color:;width:360px;height:360px;max-width:100%;\">\n                        <div class=\"overlay-content\">\n                            <a class=\"icon-link icon-button\" title=\"Read more\" href=\"https:\/\/calbernadas.com\/ca\/blog\/kristymark-quan-comenca-dia-b\/\" ><i class=\"fa fa-link\"><\/i><\/a>                            <a class=\"icon-link colorbox icon-button\" title=\"\" href=\"https:\/\/calbernadas.com\/wp-content\/uploads\/2017\/06\/05-Wedding-Cal-Bernadas-197a.jpg\"  data-rel=\"lightbox-image-16\" data-rl_title=\"\" data-rl_caption=\"\"><i class=\"fa fa-search\"><\/i><\/a> \n                        <\/div>\n                    <\/div>\n                   \n            <\/div>\n            <div class=\"cshero-carousel-body\" style=\"color:; text-align:left;background-color:;padding:20px 0 0 0;\">\n                <div class=\"cshero-carousel-inner clearfix\">\n                                            <h4 class=\"cshero-carousel-title clearfix\">\n                            <a title=\"KRISTY&#038;MARK. QUAN COMEN\u00c7A EL DIA &#8220;B&#8221;?\" href=\"https:\/\/calbernadas.com\/ca\/blog\/kristymark-quan-comenca-dia-b\/\" rel=\"\" style=\"color: \">\n                                KRISTY&#038;MARK. QUAN COMEN\u00c7A EL DIA &#8220;B&#8221;?                            <\/a>\n                        <\/h4>\n                                                                <div class=\"cshero-carousel-post-category\">\n                            Celebracions, Celebracions_el Munt, Celebracions_wedding planner                        <\/div>\n                                                            <div class=\"cshero-carousel-post-description\" style=\"color: \">\n                                                    <p>[vc_row][vc_column][vc_column_text]Quan comen\u00e7a el dia B? A l\u2019entrada del nuvi a la cerim\u00f2nia? <\/p>\n                                            <\/div>\n                                    <\/div>\n                                <div class=\"cshero-carousel-meta clearfix\">\n                    \n                                        <span class=\"cshero-carousel-comment\"><i class=\"fa fa-comment-o\"><\/i>\n                        No Comments                    <\/span>\n                                                            <span><i class=\"fa fa-pencil\"><\/i> admin<\/span>\n                                    <\/div>\n                            <\/div>\n                \n    <\/div>\n<\/article>\n\t\t\t\t\t<\/div>\r\n\t\t\t    <\/div><div class=\"cshero-post-carousel-item-wrap\">                \t\t                <div class=\"cshero-shortcode cshero-post-carousel-item content-left\" >\r\n\t\t\t\t\t\t<article id=\"post-17098\" class=\"text-left post-17098 post type-post status-publish format-standard has-post-thumbnail hentry category-celebracions category-celebracions_el-munt category-celebracions_wedding-planner tag-barcelonavenue tag-calbernadas tag-destinationwedding tag-elmunt tag-momentsbernadas tag-ruralwedding tag-venueforwedding tag-wedding\">\n    <div class=\"cshero-carousel-container\">\n                    <div class=\"cshero-carousel-image clearfix\" style=\"width:360px;height:360px;display: block;\">\n                <img alt=\"\"  src=\"https:\/\/calbernadas.com\/wp-content\/uploads\/2017\/03\/ErnestaTadas_-33-360x360_c.jpg\" style=\"border-radius:0;-webkit-border-radius:0;-moz-border-radius:0;-ms-border-radius:0;-o-border-radius:0;max-width:100%;\" \/>                                    <div class=\"cshero-carousel-post-date\" style=\"text-transform:initial;font-weight:400;font-style:;color:;\"><span class=\"date-month\">19 des.<\/span><span class=\"year\">2014<\/span><\/div>\n                                                    <div class=\"overlay\" style=\"z-index:4;border-radius:0;-webkit-border-radius:0;-moz-border-radius:0;-ms-border-radius:0;-o-border-radius:0;background-color:rgba(0,0,0,0.7);color:;width:360px;height:360px;max-width:100%;\">\n                        <div class=\"overlay-content\">\n                            <a class=\"icon-link icon-button\" title=\"Read more\" href=\"https:\/\/calbernadas.com\/ca\/blog\/lituania-directe-munt\/\" ><i class=\"fa fa-link\"><\/i><\/a>                            <a class=\"icon-link colorbox icon-button\" title=\"\" href=\"https:\/\/calbernadas.com\/wp-content\/uploads\/2017\/03\/ErnestaTadas_-33.jpg\"  data-rel=\"lightbox-image-17\" data-rl_title=\"\" data-rl_caption=\"\"><i class=\"fa fa-search\"><\/i><\/a> \n                        <\/div>\n                    <\/div>\n                   \n            <\/div>\n            <div class=\"cshero-carousel-body\" style=\"color:; text-align:left;background-color:;padding:20px 0 0 0;\">\n                <div class=\"cshero-carousel-inner clearfix\">\n                                            <h4 class=\"cshero-carousel-title clearfix\">\n                            <a title=\"DE LITU\u00c0NIA DIRECTE A EL MUNT\" href=\"https:\/\/calbernadas.com\/ca\/blog\/lituania-directe-munt\/\" rel=\"\" style=\"color: \">\n                                DE LITU\u00c0NIA DIRECTE A EL MUNT                            <\/a>\n                        <\/h4>\n                                                                <div class=\"cshero-carousel-post-category\">\n                            Celebracions, Celebracions_el Munt, Celebracions_wedding planner                        <\/div>\n                                                            <div class=\"cshero-carousel-post-description\" style=\"color: \">\n                                                    <p>[vc_row][vc_column][vc_column_text]Si, si. De Litu\u00e0nia directe a El Munt. Arribada a la casa el <\/p>\n                                            <\/div>\n                                    <\/div>\n                                <div class=\"cshero-carousel-meta clearfix\">\n                    \n                                        <span class=\"cshero-carousel-comment\"><i class=\"fa fa-comment-o\"><\/i>\n                        No Comments                    <\/span>\n                                                            <span><i class=\"fa fa-pencil\"><\/i> admin<\/span>\n                                    <\/div>\n                            <\/div>\n                \n    <\/div>\n<\/article>\n\t\t\t\t\t<\/div>\r\n\t\t\t    <\/div><div class=\"cshero-post-carousel-item-wrap\">                \t\t                <div class=\"cshero-shortcode cshero-post-carousel-item content-left\" >\r\n\t\t\t\t\t\t<article id=\"post-17175\" class=\"text-left post-17175 post type-post status-publish format-standard has-post-thumbnail hentry category-celebracions category-celebracions_el-munt tag-barcelonawedding tag-boda tag-bodarural tag-calbernadas tag-destinationwedding tag-elmunt tag-momentsbernadas tag-ruralwedding tag-venueforwedding tag-wedding\">\n    <div class=\"cshero-carousel-container\">\n                    <div class=\"cshero-carousel-image clearfix\" style=\"width:360px;height:360px;display: block;\">\n                <img alt=\"\"  src=\"https:\/\/calbernadas.com\/wp-content\/uploads\/2017\/03\/Casament_AnnaFeliu_El-Munt-23-360x360_c.jpg\" style=\"border-radius:0;-webkit-border-radius:0;-moz-border-radius:0;-ms-border-radius:0;-o-border-radius:0;max-width:100%;\" \/>                                    <div class=\"cshero-carousel-post-date\" style=\"text-transform:initial;font-weight:400;font-style:;color:;\"><span class=\"date-month\">01 juny<\/span><span class=\"year\">2015<\/span><\/div>\n                                                    <div class=\"overlay\" style=\"z-index:4;border-radius:0;-webkit-border-radius:0;-moz-border-radius:0;-ms-border-radius:0;-o-border-radius:0;background-color:rgba(0,0,0,0.7);color:;width:360px;height:360px;max-width:100%;\">\n                        <div class=\"overlay-content\">\n                            <a class=\"icon-link icon-button\" title=\"Read more\" href=\"https:\/\/calbernadas.com\/ca\/blog\/af-estrenem-temporada-bloguera-2\/\" ><i class=\"fa fa-link\"><\/i><\/a>                            <a class=\"icon-link colorbox icon-button\" title=\"\" href=\"https:\/\/calbernadas.com\/wp-content\/uploads\/2017\/03\/Casament_AnnaFeliu_El-Munt-23.jpg\"  data-rel=\"lightbox-image-18\" data-rl_title=\"\" data-rl_caption=\"\"><i class=\"fa fa-search\"><\/i><\/a> \n                        <\/div>\n                    <\/div>\n                   \n            <\/div>\n            <div class=\"cshero-carousel-body\" style=\"color:; text-align:left;background-color:;padding:20px 0 0 0;\">\n                <div class=\"cshero-carousel-inner clearfix\">\n                                            <h4 class=\"cshero-carousel-title clearfix\">\n                            <a title=\"ANNA&#038;FELIU. ESTRENEM TEMPORADA BLOGUERA!\" href=\"https:\/\/calbernadas.com\/ca\/blog\/af-estrenem-temporada-bloguera-2\/\" rel=\"\" style=\"color: \">\n                                ANNA&#038;FELIU. ESTRENEM TEMPORADA BLOGUERA!                            <\/a>\n                        <\/h4>\n                                                                <div class=\"cshero-carousel-post-category\">\n                            Celebracions, Celebracions_el Munt                        <\/div>\n                                                            <div class=\"cshero-carousel-post-description\" style=\"color: \">\n                                                    <p>[vc_row][vc_column][vc_custom_heading text=\"Engeguem <\/p>\n                                            <\/div>\n                                    <\/div>\n                                <div class=\"cshero-carousel-meta clearfix\">\n                    \n                                        <span class=\"cshero-carousel-comment\"><i class=\"fa fa-comment-o\"><\/i>\n                        No Comments                    <\/span>\n                                                            <span><i class=\"fa fa-pencil\"><\/i> admin<\/span>\n                                    <\/div>\n                            <\/div>\n                \n    <\/div>\n<\/article>\n\t\t\t\t\t<\/div>\r\n\t\t\t    <\/div><div class=\"cshero-post-carousel-item-wrap\">                \t\t                <div class=\"cshero-shortcode cshero-post-carousel-item content-left\" >\r\n\t\t\t\t\t\t<article id=\"post-17270\" class=\"text-left post-17270 post type-post status-publish format-standard has-post-thumbnail hentry category-celebracions category-celebracions_el-munt tag-barcelonavenue tag-barcelonawedding tag-boda tag-bodarural tag-calbernadas tag-destinationwedding tag-elmunt tag-momentsbernadas tag-rural tag-ruralwedding tag-venueinbarcelona tag-wedding\">\n    <div class=\"cshero-carousel-container\">\n                    <div class=\"cshero-carousel-image clearfix\" style=\"width:360px;height:360px;display: block;\">\n                <img alt=\"\"  src=\"https:\/\/calbernadas.com\/wp-content\/uploads\/2017\/03\/Casament_MartaJosep_El-Munt-11-360x360_c.jpg\" style=\"border-radius:0;-webkit-border-radius:0;-moz-border-radius:0;-ms-border-radius:0;-o-border-radius:0;max-width:100%;\" \/>                                    <div class=\"cshero-carousel-post-date\" style=\"text-transform:initial;font-weight:400;font-style:;color:;\"><span class=\"date-month\">15 juny<\/span><span class=\"year\">2015<\/span><\/div>\n                                                    <div class=\"overlay\" style=\"z-index:4;border-radius:0;-webkit-border-radius:0;-moz-border-radius:0;-ms-border-radius:0;-o-border-radius:0;background-color:rgba(0,0,0,0.7);color:;width:360px;height:360px;max-width:100%;\">\n                        <div class=\"overlay-content\">\n                            <a class=\"icon-link icon-button\" title=\"Read more\" href=\"https:\/\/calbernadas.com\/ca\/blog\/mj-primavera-estat-pur\/\" ><i class=\"fa fa-link\"><\/i><\/a>                            <a class=\"icon-link colorbox icon-button\" title=\"\" href=\"https:\/\/calbernadas.com\/wp-content\/uploads\/2017\/03\/Casament_MartaJosep_El-Munt-11.jpg\"  data-rel=\"lightbox-image-19\" data-rl_title=\"\" data-rl_caption=\"\"><i class=\"fa fa-search\"><\/i><\/a> \n                        <\/div>\n                    <\/div>\n                   \n            <\/div>\n            <div class=\"cshero-carousel-body\" style=\"color:; text-align:left;background-color:;padding:20px 0 0 0;\">\n                <div class=\"cshero-carousel-inner clearfix\">\n                                            <h4 class=\"cshero-carousel-title clearfix\">\n                            <a title=\"MARTA&#038;JOSEP. PRIMAVERA EN ESTAT PUR!\" href=\"https:\/\/calbernadas.com\/ca\/blog\/mj-primavera-estat-pur\/\" rel=\"\" style=\"color: \">\n                                MARTA&#038;JOSEP. PRIMAVERA EN ESTAT PUR!                            <\/a>\n                        <\/h4>\n                                                                <div class=\"cshero-carousel-post-category\">\n                            Celebracions, Celebracions_el Munt                        <\/div>\n                                                            <div class=\"cshero-carousel-post-description\" style=\"color: \">\n                                                    <p>[vc_row][vc_column][vc_custom_heading text=\"M\u00e9s verd, m\u00e9s sol, m\u00e9s color, m\u00e9s florit ... <\/p>\n                                            <\/div>\n                                    <\/div>\n                                <div class=\"cshero-carousel-meta clearfix\">\n                    \n                                        <span class=\"cshero-carousel-comment\"><i class=\"fa fa-comment-o\"><\/i>\n                        No Comments                    <\/span>\n                                                            <span><i class=\"fa fa-pencil\"><\/i> admin<\/span>\n                                    <\/div>\n                            <\/div>\n                \n    <\/div>\n<\/article>\n\t\t\t\t\t<\/div>\r\n\t\t\t    <\/div><div class=\"cshero-post-carousel-item-wrap\">                \t\t                <div class=\"cshero-shortcode cshero-post-carousel-item content-left\" >\r\n\t\t\t\t\t\t<article id=\"post-18255\" class=\"text-left post-18255 post type-post status-publish format-standard has-post-thumbnail hentry category-celebracions category-celebracions_el-munt tag-barcelonawedding tag-bodarural tag-calbernadas tag-destinationwedding tag-elmunt tag-momentsbernadas tag-ruralwedding tag-venueforwedding tag-wedding\">\n    <div class=\"cshero-carousel-container\">\n                    <div class=\"cshero-carousel-image clearfix\" style=\"width:360px;height:360px;display: block;\">\n                <img alt=\"\"  src=\"https:\/\/calbernadas.com\/wp-content\/uploads\/2017\/04\/15061-1004A-360x360_c.jpg\" style=\"border-radius:0;-webkit-border-radius:0;-moz-border-radius:0;-ms-border-radius:0;-o-border-radius:0;max-width:100%;\" \/>                                    <div class=\"cshero-carousel-post-date\" style=\"text-transform:initial;font-weight:400;font-style:;color:;\"><span class=\"date-month\">15 set.<\/span><span class=\"year\">2015<\/span><\/div>\n                                                    <div class=\"overlay\" style=\"z-index:4;border-radius:0;-webkit-border-radius:0;-moz-border-radius:0;-ms-border-radius:0;-o-border-radius:0;background-color:rgba(0,0,0,0.7);color:;width:360px;height:360px;max-width:100%;\">\n                        <div class=\"overlay-content\">\n                            <a class=\"icon-link icon-button\" title=\"Read more\" href=\"https:\/\/calbernadas.com\/ca\/blog\/flying-to-munt\/\" ><i class=\"fa fa-link\"><\/i><\/a>                            <a class=\"icon-link colorbox icon-button\" title=\"\" href=\"https:\/\/calbernadas.com\/wp-content\/uploads\/2017\/04\/15061-1004A.jpg\"  data-rel=\"lightbox-image-20\" data-rl_title=\"\" data-rl_caption=\"\"><i class=\"fa fa-search\"><\/i><\/a> \n                        <\/div>\n                    <\/div>\n                   \n            <\/div>\n            <div class=\"cshero-carousel-body\" style=\"color:; text-align:left;background-color:;padding:20px 0 0 0;\">\n                <div class=\"cshero-carousel-inner clearfix\">\n                                            <h4 class=\"cshero-carousel-title clearfix\">\n                            <a title=\"TANIA&#038;GUILLE. FLYING&#8230; TO EL MUNT!\" href=\"https:\/\/calbernadas.com\/ca\/blog\/flying-to-munt\/\" rel=\"\" style=\"color: \">\n                                TANIA&#038;GUILLE. FLYING&#8230; TO EL MUNT!                            <\/a>\n                        <\/h4>\n                                                                <div class=\"cshero-carousel-post-category\">\n                            Celebracions, Celebracions_el Munt                        <\/div>\n                                                            <div class=\"cshero-carousel-post-description\" style=\"color: \">\n                                                    <p>[vc_row][vc_column][vc_column_text]La Tania i el Guille. Una parella de guapos, una parella de <\/p>\n                                            <\/div>\n                                    <\/div>\n                                <div class=\"cshero-carousel-meta clearfix\">\n                    \n                                        <span class=\"cshero-carousel-comment\"><i class=\"fa fa-comment-o\"><\/i>\n                        No Comments                    <\/span>\n                                                            <span><i class=\"fa fa-pencil\"><\/i> admin<\/span>\n                                    <\/div>\n                            <\/div>\n                \n    <\/div>\n<\/article>\n\t\t\t\t\t<\/div>\r\n\t\t\t    <\/div><div class=\"cshero-post-carousel-item-wrap\">                \t\t                <div class=\"cshero-shortcode cshero-post-carousel-item content-left\" >\r\n\t\t\t\t\t\t<article id=\"post-17207\" class=\"text-left post-17207 post type-post status-publish format-standard has-post-thumbnail hentry category-celebracions category-celebracions_el-munt\">\n    <div class=\"cshero-carousel-container\">\n                    <div class=\"cshero-carousel-image clearfix\" style=\"width:360px;height:360px;display: block;\">\n                <img alt=\"\"  src=\"https:\/\/calbernadas.com\/wp-content\/uploads\/2017\/03\/Casament_AudreyJohn_El-Munt-13-360x360_c.jpg\" style=\"border-radius:0;-webkit-border-radius:0;-moz-border-radius:0;-ms-border-radius:0;-o-border-radius:0;max-width:100%;\" \/>                                    <div class=\"cshero-carousel-post-date\" style=\"text-transform:initial;font-weight:400;font-style:;color:;\"><span class=\"date-month\">20 set.<\/span><span class=\"year\">2015<\/span><\/div>\n                                                    <div class=\"overlay\" style=\"z-index:4;border-radius:0;-webkit-border-radius:0;-moz-border-radius:0;-ms-border-radius:0;-o-border-radius:0;background-color:rgba(0,0,0,0.7);color:;width:360px;height:360px;max-width:100%;\">\n                        <div class=\"overlay-content\">\n                            <a class=\"icon-link icon-button\" title=\"Read more\" href=\"https:\/\/calbernadas.com\/ca\/blog\/audreyjohn-happy-1st-year-2\/\" ><i class=\"fa fa-link\"><\/i><\/a>                            <a class=\"icon-link colorbox icon-button\" title=\"\" href=\"https:\/\/calbernadas.com\/wp-content\/uploads\/2017\/03\/Casament_AudreyJohn_El-Munt-13.jpg\"  data-rel=\"lightbox-image-21\" data-rl_title=\"\" data-rl_caption=\"\"><i class=\"fa fa-search\"><\/i><\/a> \n                        <\/div>\n                    <\/div>\n                   \n            <\/div>\n            <div class=\"cshero-carousel-body\" style=\"color:; text-align:left;background-color:;padding:20px 0 0 0;\">\n                <div class=\"cshero-carousel-inner clearfix\">\n                                            <h4 class=\"cshero-carousel-title clearfix\">\n                            <a title=\"AUDREY&#038;JOHN. HAPPY 1ST YEAR!\" href=\"https:\/\/calbernadas.com\/ca\/blog\/audreyjohn-happy-1st-year-2\/\" rel=\"\" style=\"color: \">\n                                AUDREY&#038;JOHN. HAPPY 1ST YEAR!                            <\/a>\n                        <\/h4>\n                                                                <div class=\"cshero-carousel-post-category\">\n                            Celebracions, Celebracions_el Munt                        <\/div>\n                                                            <div class=\"cshero-carousel-post-description\" style=\"color: \">\n                                                    <p>[vc_row][vc_column][vc_custom_heading text=\"Happy 1st <\/p>\n                                            <\/div>\n                                    <\/div>\n                                <div class=\"cshero-carousel-meta clearfix\">\n                    \n                                        <span class=\"cshero-carousel-comment\"><i class=\"fa fa-comment-o\"><\/i>\n                        No Comments                    <\/span>\n                                                            <span><i class=\"fa fa-pencil\"><\/i> admin<\/span>\n                                    <\/div>\n                            <\/div>\n                \n    <\/div>\n<\/article>\n\t\t\t\t\t<\/div>\r\n\t\t\t    <\/div><div class=\"cshero-post-carousel-item-wrap\">                \t\t                <div class=\"cshero-shortcode cshero-post-carousel-item content-left\" >\r\n\t\t\t\t\t\t<article id=\"post-17078\" class=\"text-left post-17078 post type-post status-publish format-standard has-post-thumbnail hentry category-turisme-rural category-turisme-rural_el-munt\">\n    <div class=\"cshero-carousel-container\">\n                    <div class=\"cshero-carousel-image clearfix\" style=\"width:360px;height:360px;display: block;\">\n                <img alt=\"\"  src=\"https:\/\/calbernadas.com\/wp-content\/uploads\/2017\/03\/Montse-Giralt2-360x360_c.jpg\" style=\"border-radius:0;-webkit-border-radius:0;-moz-border-radius:0;-ms-border-radius:0;-o-border-radius:0;max-width:100%;\" \/>                                    <div class=\"cshero-carousel-post-date\" style=\"text-transform:initial;font-weight:400;font-style:;color:;\"><span class=\"date-month\">11 gen.<\/span><span class=\"year\">2016<\/span><\/div>\n                                                    <div class=\"overlay\" style=\"z-index:4;border-radius:0;-webkit-border-radius:0;-moz-border-radius:0;-ms-border-radius:0;-o-border-radius:0;background-color:rgba(0,0,0,0.7);color:;width:360px;height:360px;max-width:100%;\">\n                        <div class=\"overlay-content\">\n                            <a class=\"icon-link icon-button\" title=\"Read more\" href=\"https:\/\/calbernadas.com\/ca\/blog\/flow-2\/\" ><i class=\"fa fa-link\"><\/i><\/a>                            <a class=\"icon-link colorbox icon-button\" title=\"\" href=\"https:\/\/calbernadas.com\/wp-content\/uploads\/2017\/03\/Montse-Giralt2.jpg\"  data-rel=\"lightbox-image-22\" data-rl_title=\"\" data-rl_caption=\"\"><i class=\"fa fa-search\"><\/i><\/a> \n                        <\/div>\n                    <\/div>\n                   \n            <\/div>\n            <div class=\"cshero-carousel-body\" style=\"color:; text-align:left;background-color:;padding:20px 0 0 0;\">\n                <div class=\"cshero-carousel-inner clearfix\">\n                                            <h4 class=\"cshero-carousel-title clearfix\">\n                            <a title=\"FLOW\" href=\"https:\/\/calbernadas.com\/ca\/blog\/flow-2\/\" rel=\"\" style=\"color: \">\n                                FLOW                            <\/a>\n                        <\/h4>\n                                                                <div class=\"cshero-carousel-post-category\">\n                            Turisme rural, Turisme rural_el Munt                        <\/div>\n                                                            <div class=\"cshero-carousel-post-description\" style=\"color: \">\n                                                    <p>[vc_row][vc_column][vc_column_text]Flow\u00a0\u00e9s el t\u00edtol d'aquest gran projecte de Montse Giralt, <\/p>\n                                            <\/div>\n                                    <\/div>\n                                <div class=\"cshero-carousel-meta clearfix\">\n                    \n                                        <span class=\"cshero-carousel-comment\"><i class=\"fa fa-comment-o\"><\/i>\n                        No Comments                    <\/span>\n                                                            <span><i class=\"fa fa-pencil\"><\/i> admin<\/span>\n                                    <\/div>\n                            <\/div>\n                \n    <\/div>\n<\/article>\n\t\t\t\t\t<\/div>\r\n\t\t\t    <\/div><div class=\"cshero-post-carousel-item-wrap\">                \t\t                <div class=\"cshero-shortcode cshero-post-carousel-item content-left\" >\r\n\t\t\t\t\t\t<article id=\"post-18827\" class=\"text-left post-18827 post type-post status-publish format-standard has-post-thumbnail hentry category-celebracions category-celebracions_el-munt tag-barcelonawedding tag-boda tag-bodabarcelona tag-bodarural tag-bodas tag-calbernadas tag-destinationwedding tag-elmunt tag-momentsbernadas tag-ruralwedding tag-venueforwedding tag-wedding tag-weddingabroad\">\n    <div class=\"cshero-carousel-container\">\n                    <div class=\"cshero-carousel-image clearfix\" style=\"width:360px;height:360px;display: block;\">\n                <img alt=\"\"  src=\"https:\/\/calbernadas.com\/wp-content\/uploads\/2017\/07\/BODAJUANANMIREIA-461A.-Boda-el-Munt.-Mireia-i-Juanan-360x360_c.jpg\" style=\"border-radius:0;-webkit-border-radius:0;-moz-border-radius:0;-ms-border-radius:0;-o-border-radius:0;max-width:100%;\" \/>                                    <div class=\"cshero-carousel-post-date\" style=\"text-transform:initial;font-weight:400;font-style:;color:;\"><span class=\"date-month\">25 gen.<\/span><span class=\"year\">2016<\/span><\/div>\n                                                    <div class=\"overlay\" style=\"z-index:4;border-radius:0;-webkit-border-radius:0;-moz-border-radius:0;-ms-border-radius:0;-o-border-radius:0;background-color:rgba(0,0,0,0.7);color:;width:360px;height:360px;max-width:100%;\">\n                        <div class=\"overlay-content\">\n                            <a class=\"icon-link icon-button\" title=\"Read more\" href=\"https:\/\/calbernadas.com\/ca\/blog\/mireiajuanan-una-parella-molt-bonica\/\" ><i class=\"fa fa-link\"><\/i><\/a>                            <a class=\"icon-link colorbox icon-button\" title=\"\" href=\"https:\/\/calbernadas.com\/wp-content\/uploads\/2017\/07\/BODAJUANANMIREIA-461A.-Boda-el-Munt.-Mireia-i-Juanan.jpg\"  data-rel=\"lightbox-image-23\" data-rl_title=\"\" data-rl_caption=\"\"><i class=\"fa fa-search\"><\/i><\/a> \n                        <\/div>\n                    <\/div>\n                   \n            <\/div>\n            <div class=\"cshero-carousel-body\" style=\"color:; text-align:left;background-color:;padding:20px 0 0 0;\">\n                <div class=\"cshero-carousel-inner clearfix\">\n                                            <h4 class=\"cshero-carousel-title clearfix\">\n                            <a title=\"MIREIA&#038;JUANAN. UNA PARELLA ENCANTADORA\" href=\"https:\/\/calbernadas.com\/ca\/blog\/mireiajuanan-una-parella-molt-bonica\/\" rel=\"\" style=\"color: \">\n                                MIREIA&#038;JUANAN. UNA PARELLA ENCANTADORA                            <\/a>\n                        <\/h4>\n                                                                <div class=\"cshero-carousel-post-category\">\n                            Celebracions, Celebracions_el Munt                        <\/div>\n                                                            <div class=\"cshero-carousel-post-description\" style=\"color: \">\n                                                    <p>[vc_row][vc_column][vc_column_text]Una cerim\u00f2nia enmig del bosc, un aperitiu al jard\u00ed i un <\/p>\n                                            <\/div>\n                                    <\/div>\n                                <div class=\"cshero-carousel-meta clearfix\">\n                    \n                                        <span class=\"cshero-carousel-comment\"><i class=\"fa fa-comment-o\"><\/i>\n                        No Comments                    <\/span>\n                                                            <span><i class=\"fa fa-pencil\"><\/i> admin<\/span>\n                                    <\/div>\n                            <\/div>\n                \n    <\/div>\n<\/article>\n\t\t\t\t\t<\/div>\r\n\t\t\t    <\/div>\t\t\t<\/div>\r\n\t\t<\/div>\r\n\t\t\t\t\t<div class=\"cshero-control pager-center text-center default\"><\/div>\r\n\t\t\t\t        <div class=\"cshero-nav text-center default\">\r\n            <ul>\r\n                <li class=\"prev\" style=\"left:;\"><\/li>\r\n                <li class=\"next\" style=\"right:;\"><\/li>\r\n            <\/ul>\r\n        <\/div>\r\n    \t\t        <\/div>\r\n[\/vc_column][\/vc_row][vc_row css=&#8221;.vc_custom_1418098768490{margin-bottom: 80px !important;border-bottom-width: 1px !important;padding-bottom: 80px !important;border-bottom-color: #eeeeee !important;border-bottom-style: solid !important;}&#8221; full_width=&#8221;false&#8221; parallax_speed=&#8221;0.8&#8243; bg_video_transparent=&#8221;0&#8243; height_engle=&#8221;60px&#8221; height_engle_style2=&#8221;60px&#8221;][vc_column][cs_custom_heading text=&#8221;LAYOUT 5&#8243; font_container=&#8221;tag:h2|font_size:30px|text_align:center&#8221; style=&#8221;title-bottom-line&#8221; title_bottom_line_width=&#8221;40px&#8221; title_bottom_line_height=&#8221;3px&#8221; title_bottom_line_color=&#8221;#dddddd&#8221; title_bottom_line_margin_bottom=&#8221;40px&#8221; css=&#8221;.vc_custom_1419385380457{margin-bottom: 20px !important;}&#8221;]\t<div id=\"cshero_post_carousel_1777625343_169f468ff47fde\" class=\"cshero-post-carousel postcarousel-layout5 \">\r\n\t\t<style type=\"text\/css\" scoped>\r\n\t\t\t#cshero_post_carousel_1777625343_169f468ff47fde article:hover .cshero-carousel-body{color: !important; background-color: !important; }\r\n\t\t\t#cshero_post_carousel_1777625343_169f468ff47fde article:hover .cshero-carousel-title a{color: !important; }\r\n\t\t\t#cshero_post_carousel_1777625343_169f468ff47fde .link-wrap a{ color: ;}\r\n\t\t\t#cshero_post_carousel_1777625343_169f468ff47fde .link-wrap a:hover{ color: ;}\r\n\t\t\t#cshero_post_carousel_1777625343_169f468ff47fde .link-wrap [class*='icon-box-']:hover .fa,\r\n\t\t\t#cshero_post_carousel_1777625343_169f468ff47fde .link-wrap [class^='icon-box-']:hover .fa{border-color:;}\r\n\t\t<\/style>\r\n\t            <div class=\"cshero-post-carousel-list \">\r\n            <div id=\"cshero_post_carousel1777625343_169f468ff47fde\" data-mode=\"horizontal\" data-moveslides=\"3\" data-auto=\"0\" data-speed=\"500\" data-prevselector=\"#cshero_post_carousel_1777625343_169f468ff47fde .prev\" data-nextselector=\"#cshero_post_carousel_1777625343_169f468ff47fde .next\" data-prevText=\"<i class='fa fa-angle-left'><\/i>\" data-nextText=\"<i class='fa fa-angle-right'><\/i>\" data-pagerSelector=\"#cshero_post_carousel_1777625343_169f468ff47fde .cshero-control\" data-onsliderload=\"true\" data-touchenabled=\"1\" data-controls=\"true\" data-pager=\"false\" data-pause=\"4000\" data-infiniteloop=\"true\" data-adaptiveheight=\"true\"  data-autohover=\"true\" data-slidemargin=\"30\" data-maxslides=\"2\" data-minslides=\"1\" data-slidewidth=\"360\" data-slideselector=\"\" data-easing=\"swing\" data-usecss=\"\" data-resize=\"1\" class=\"slider jm-bxslider\">\r\n                <div class=\"cshero-post-carousel-item-wrap\">                \t\t                <div class=\"cshero-shortcode cshero-post-carousel-item content-left\" style=\"margin-bottom:30px;\">\r\n\t\t\t\t\t\t<article id=\"post-12245\" class=\" text-left post-12245 post type-post status-publish format-standard has-post-thumbnail hentry category-turisme-rural category-turisme-rural_el-munt\">\n    <div class=\"cshero-carousel-container\">\n                <div class=\"cshero-carousel-image clearfix left\" style=\"width:200px;height:135px;display: block;\">\n            <img alt=\"\"  src=\"https:\/\/calbernadas.com\/wp-content\/uploads\/2016\/10\/20140326-BLOC-200x135_c.jpg\" style=\"border-radius:0;-webkit-border-radius:0;-moz-border-radius:0;-ms-border-radius:0;-o-border-radius:0;max-width:100%;\" \/>                            <div class=\"overlay\" style=\"z-index:4;border-radius:0;-webkit-border-radius:0;-moz-border-radius:0;-ms-border-radius:0;-o-border-radius:0;background-color:rgba(255,255,255,0.8);color:;width:200px;height:135px;max-width:100%;\">\n                    <div class=\"overlay-content\">\n                        <a class=\"icon-link icon-button-black\" title=\"Read more\" href=\"https:\/\/calbernadas.com\/ca\/blog\/gracies-marc-i-mireia\/\" ><i class=\"fa fa-link\"><\/i><\/a>                         \n                    <\/div>\n                <\/div>\n             \n        <\/div>\n        <div class=\"cshero-carousel-body\" } style=\"padding-left:220px;\">\n                        <div class=\"cshero-carousel-meta\">\n                                <span style=\"text-transform:;font-weight:400;font-style:;color:;\">25 mar\u00e7 2014<\/span>\n                                                    <span class=\"cshero-carousel-post-category\">\n                        in Turisme rural, Turisme rural_el Munt                    <\/span>\n                                                            <\/div>\n                        <div class=\"cshero-carousel-inner clearfix\">\n                                    <h4 class=\"cshero-carousel-title\">\n                        <a title=\"GR\u00c0CIES MARC I MIREIA!\" href=\"https:\/\/calbernadas.com\/ca\/blog\/gracies-marc-i-mireia\/\" rel=\"\" style=\"color: \">\n                            GR\u00c0CIES MARC I MIREIA!                        <\/a>\n                    <\/h4>\n                                \n                                <div class=\"cshero-carousel-post-description\" style=\"color: \">\n                                            <p>[vc_row][vc_column][vc_column_text]\r\nJa fa uns quants dies que v\u00e0rem assistir a la Fira Nuvis a <\/p>\n                                    <\/div>\n                            <\/div>\n        <\/div>\n        \n        \n    <\/div>\n<\/article>\n\t\t\t\t\t<\/div>\r\n\t\t\t                    \t\t                <div class=\"cshero-shortcode cshero-post-carousel-item content-left\" >\r\n\t\t\t\t\t\t<article id=\"post-17021\" class=\" text-left post-17021 post type-post status-publish format-standard has-post-thumbnail hentry category-celebracions category-celebracions_el-munt tag-barcelonawedding tag-boda tag-calbernadas tag-casament tag-destinationwedding tag-elmunt tag-momentsbernadas tag-ruralwedding tag-venueinbarcelona tag-wedding\">\n    <div class=\"cshero-carousel-container\">\n                <div class=\"cshero-carousel-image clearfix left\" style=\"width:200px;height:135px;display: block;\">\n            <img alt=\"\"  src=\"https:\/\/calbernadas.com\/wp-content\/uploads\/2017\/03\/14_140524_3349web-200x135_c.jpg\" style=\"border-radius:0;-webkit-border-radius:0;-moz-border-radius:0;-ms-border-radius:0;-o-border-radius:0;max-width:100%;\" \/>                            <div class=\"overlay\" style=\"z-index:4;border-radius:0;-webkit-border-radius:0;-moz-border-radius:0;-ms-border-radius:0;-o-border-radius:0;background-color:rgba(255,255,255,0.8);color:;width:200px;height:135px;max-width:100%;\">\n                    <div class=\"overlay-content\">\n                        <a class=\"icon-link icon-button-black\" title=\"Read more\" href=\"https:\/\/calbernadas.com\/ca\/blog\/dos-mons-units-2\/\" ><i class=\"fa fa-link\"><\/i><\/a>                         \n                    <\/div>\n                <\/div>\n             \n        <\/div>\n        <div class=\"cshero-carousel-body\" } style=\"padding-left:220px;\">\n                        <div class=\"cshero-carousel-meta\">\n                                <span style=\"text-transform:;font-weight:400;font-style:;color:;\">31 maig 2014<\/span>\n                                                    <span class=\"cshero-carousel-post-category\">\n                        in Celebracions, Celebracions_el Munt                    <\/span>\n                                                            <\/div>\n                        <div class=\"cshero-carousel-inner clearfix\">\n                                    <h4 class=\"cshero-carousel-title\">\n                        <a title=\"DOS M\u00d3NS UNITS EN UN\" href=\"https:\/\/calbernadas.com\/ca\/blog\/dos-mons-units-2\/\" rel=\"\" style=\"color: \">\n                            DOS M\u00d3NS UNITS EN UN                        <\/a>\n                    <\/h4>\n                                \n                                <div class=\"cshero-carousel-post-description\" style=\"color: \">\n                                            <p>[vc_row][vc_column][vc_column_text]\r\nQu\u00e8 res millor que ensenyar-vos algunes de les fotos del <\/p>\n                                    <\/div>\n                            <\/div>\n        <\/div>\n        \n        \n    <\/div>\n<\/article>\n\t\t\t\t\t<\/div>\r\n\t\t\t    <\/div><div class=\"cshero-post-carousel-item-wrap\">                \t\t                <div class=\"cshero-shortcode cshero-post-carousel-item content-left\" style=\"margin-bottom:30px;\">\r\n\t\t\t\t\t\t<article id=\"post-16944\" class=\" text-left post-16944 post type-post status-publish format-standard has-post-thumbnail hentry category-celebracions category-celebracions_el-munt category-celebracions_wedding-planner\">\n    <div class=\"cshero-carousel-container\">\n                <div class=\"cshero-carousel-image clearfix left\" style=\"width:200px;height:135px;display: block;\">\n            <img alt=\"\"  src=\"https:\/\/calbernadas.com\/wp-content\/uploads\/2017\/03\/JJ_TOP_195-200x135_c.jpg\" style=\"border-radius:0;-webkit-border-radius:0;-moz-border-radius:0;-ms-border-radius:0;-o-border-radius:0;max-width:100%;\" \/>                            <div class=\"overlay\" style=\"z-index:4;border-radius:0;-webkit-border-radius:0;-moz-border-radius:0;-ms-border-radius:0;-o-border-radius:0;background-color:rgba(255,255,255,0.8);color:;width:200px;height:135px;max-width:100%;\">\n                    <div class=\"overlay-content\">\n                        <a class=\"icon-link icon-button-black\" title=\"Read more\" href=\"https:\/\/calbernadas.com\/ca\/blog\/its-raining-be-happy-2\/\" ><i class=\"fa fa-link\"><\/i><\/a>                         \n                    <\/div>\n                <\/div>\n             \n        <\/div>\n        <div class=\"cshero-carousel-body\" } style=\"padding-left:220px;\">\n                        <div class=\"cshero-carousel-meta\">\n                                <span style=\"text-transform:;font-weight:400;font-style:;color:;\">08 jul. 2014<\/span>\n                                                    <span class=\"cshero-carousel-post-category\">\n                        in Celebracions, Celebracions_el Munt, Celebracions_wedding planner                    <\/span>\n                                                            <\/div>\n                        <div class=\"cshero-carousel-inner clearfix\">\n                                    <h4 class=\"cshero-carousel-title\">\n                        <a title=\"IT&#8217;S RAINING, BE HAPPY!\" href=\"https:\/\/calbernadas.com\/ca\/blog\/its-raining-be-happy-2\/\" rel=\"\" style=\"color: \">\n                            IT&#8217;S RAINING, BE HAPPY!                        <\/a>\n                    <\/h4>\n                                \n                                <div class=\"cshero-carousel-post-description\" style=\"color: \">\n                                            <p>[vc_row][vc_column][vc_column_text]La Joanna i el Julian s\u00f3n una parella suec xilena que es va <\/p>\n                                    <\/div>\n                            <\/div>\n        <\/div>\n        \n        \n    <\/div>\n<\/article>\n\t\t\t\t\t<\/div>\r\n\t\t\t                    \t\t                <div class=\"cshero-shortcode cshero-post-carousel-item content-left\" >\r\n\t\t\t\t\t\t<article id=\"post-18515\" class=\" text-left post-18515 post type-post status-publish format-standard has-post-thumbnail hentry category-celebracions category-celebracions_el-munt category-celebracions_wedding-planner tag-barcelonawedding tag-boda tag-bodabarcelona tag-bodarural tag-calbernadas tag-destinationwedding tag-elmunt tag-momentsbernadas tag-ruralwedding tag-venueforwedding tag-villaforvenue tag-wedding tag-weddingabroad\">\n    <div class=\"cshero-carousel-container\">\n                <div class=\"cshero-carousel-image clearfix left\" style=\"width:200px;height:135px;display: block;\">\n            <img alt=\"\"  src=\"https:\/\/calbernadas.com\/wp-content\/uploads\/2017\/06\/05-Wedding-Cal-Bernadas-564-200x135_c.jpg\" style=\"border-radius:0;-webkit-border-radius:0;-moz-border-radius:0;-ms-border-radius:0;-o-border-radius:0;max-width:100%;\" \/>                            <div class=\"overlay\" style=\"z-index:4;border-radius:0;-webkit-border-radius:0;-moz-border-radius:0;-ms-border-radius:0;-o-border-radius:0;background-color:rgba(255,255,255,0.8);color:;width:200px;height:135px;max-width:100%;\">\n                    <div class=\"overlay-content\">\n                        <a class=\"icon-link icon-button-black\" title=\"Read more\" href=\"https:\/\/calbernadas.com\/ca\/blog\/kristymark-fun-fun-fun\/\" ><i class=\"fa fa-link\"><\/i><\/a>                         \n                    <\/div>\n                <\/div>\n             \n        <\/div>\n        <div class=\"cshero-carousel-body\" } style=\"padding-left:220px;\">\n                        <div class=\"cshero-carousel-meta\">\n                                <span style=\"text-transform:;font-weight:400;font-style:;color:;\">10 des. 2014<\/span>\n                                                    <span class=\"cshero-carousel-post-category\">\n                        in Celebracions, Celebracions_el Munt, Celebracions_wedding planner                    <\/span>\n                                                            <\/div>\n                        <div class=\"cshero-carousel-inner clearfix\">\n                                    <h4 class=\"cshero-carousel-title\">\n                        <a title=\"KRISTY&#038;MARK. FUN, FUN, FUN!\" href=\"https:\/\/calbernadas.com\/ca\/blog\/kristymark-fun-fun-fun\/\" rel=\"\" style=\"color: \">\n                            KRISTY&#038;MARK. FUN, FUN, FUN!                        <\/a>\n                    <\/h4>\n                                \n                                <div class=\"cshero-carousel-post-description\" style=\"color: \">\n                                            <p>[vc_row][vc_column][vc_column_text]La boda de la Kristy i el Mark va comen\u00e7ar b\u00e9, per\u00f2 va <\/p>\n                                    <\/div>\n                            <\/div>\n        <\/div>\n        \n        \n    <\/div>\n<\/article>\n\t\t\t\t\t<\/div>\r\n\t\t\t    <\/div><div class=\"cshero-post-carousel-item-wrap\">                \t\t                <div class=\"cshero-shortcode cshero-post-carousel-item content-left\" style=\"margin-bottom:30px;\">\r\n\t\t\t\t\t\t<article id=\"post-18761\" class=\" text-left post-18761 post type-post status-publish format-standard has-post-thumbnail hentry category-celebracions category-celebracions_el-munt category-celebracions_wedding-planner tag-barcelonawedding tag-boda tag-bodabarcelona tag-bodarural tag-calbernadas tag-destinationwedding tag-elmunt tag-momentsbernadas tag-ruralwedding tag-venueforwedding tag-wedding tag-weddingabroad tag-wee\">\n    <div class=\"cshero-carousel-container\">\n                <div class=\"cshero-carousel-image clearfix left\" style=\"width:200px;height:135px;display: block;\">\n            <img alt=\"\"  src=\"https:\/\/calbernadas.com\/wp-content\/uploads\/2017\/06\/05-Wedding-Cal-Bernadas-197a-200x135_c.jpg\" style=\"border-radius:0;-webkit-border-radius:0;-moz-border-radius:0;-ms-border-radius:0;-o-border-radius:0;max-width:100%;\" \/>                            <div class=\"overlay\" style=\"z-index:4;border-radius:0;-webkit-border-radius:0;-moz-border-radius:0;-ms-border-radius:0;-o-border-radius:0;background-color:rgba(255,255,255,0.8);color:;width:200px;height:135px;max-width:100%;\">\n                    <div class=\"overlay-content\">\n                        <a class=\"icon-link icon-button-black\" title=\"Read more\" href=\"https:\/\/calbernadas.com\/ca\/blog\/kristymark-quan-comenca-dia-b\/\" ><i class=\"fa fa-link\"><\/i><\/a>                         \n                    <\/div>\n                <\/div>\n             \n        <\/div>\n        <div class=\"cshero-carousel-body\" } style=\"padding-left:220px;\">\n                        <div class=\"cshero-carousel-meta\">\n                                <span style=\"text-transform:;font-weight:400;font-style:;color:;\">10 des. 2014<\/span>\n                                                    <span class=\"cshero-carousel-post-category\">\n                        in Celebracions, Celebracions_el Munt, Celebracions_wedding planner                    <\/span>\n                                                            <\/div>\n                        <div class=\"cshero-carousel-inner clearfix\">\n                                    <h4 class=\"cshero-carousel-title\">\n                        <a title=\"KRISTY&#038;MARK. QUAN COMEN\u00c7A EL DIA &#8220;B&#8221;?\" href=\"https:\/\/calbernadas.com\/ca\/blog\/kristymark-quan-comenca-dia-b\/\" rel=\"\" style=\"color: \">\n                            KRISTY&#038;MARK. QUAN COMEN\u00c7A EL DIA &#8220;B&#8221;?                        <\/a>\n                    <\/h4>\n                                \n                                <div class=\"cshero-carousel-post-description\" style=\"color: \">\n                                            <p>[vc_row][vc_column][vc_column_text]Quan comen\u00e7a el dia B? A l\u2019entrada del nuvi a la cerim\u00f2nia? <\/p>\n                                    <\/div>\n                            <\/div>\n        <\/div>\n        \n        \n    <\/div>\n<\/article>\n\t\t\t\t\t<\/div>\r\n\t\t\t                    \t\t                <div class=\"cshero-shortcode cshero-post-carousel-item content-left\" >\r\n\t\t\t\t\t\t<article id=\"post-17098\" class=\" text-left post-17098 post type-post status-publish format-standard has-post-thumbnail hentry category-celebracions category-celebracions_el-munt category-celebracions_wedding-planner tag-barcelonavenue tag-calbernadas tag-destinationwedding tag-elmunt tag-momentsbernadas tag-ruralwedding tag-venueforwedding tag-wedding\">\n    <div class=\"cshero-carousel-container\">\n                <div class=\"cshero-carousel-image clearfix left\" style=\"width:200px;height:135px;display: block;\">\n            <img alt=\"\"  src=\"https:\/\/calbernadas.com\/wp-content\/uploads\/2017\/03\/ErnestaTadas_-33-200x135_c.jpg\" style=\"border-radius:0;-webkit-border-radius:0;-moz-border-radius:0;-ms-border-radius:0;-o-border-radius:0;max-width:100%;\" \/>                            <div class=\"overlay\" style=\"z-index:4;border-radius:0;-webkit-border-radius:0;-moz-border-radius:0;-ms-border-radius:0;-o-border-radius:0;background-color:rgba(255,255,255,0.8);color:;width:200px;height:135px;max-width:100%;\">\n                    <div class=\"overlay-content\">\n                        <a class=\"icon-link icon-button-black\" title=\"Read more\" href=\"https:\/\/calbernadas.com\/ca\/blog\/lituania-directe-munt\/\" ><i class=\"fa fa-link\"><\/i><\/a>                         \n                    <\/div>\n                <\/div>\n             \n        <\/div>\n        <div class=\"cshero-carousel-body\" } style=\"padding-left:220px;\">\n                        <div class=\"cshero-carousel-meta\">\n                                <span style=\"text-transform:;font-weight:400;font-style:;color:;\">19 des. 2014<\/span>\n                                                    <span class=\"cshero-carousel-post-category\">\n                        in Celebracions, Celebracions_el Munt, Celebracions_wedding planner                    <\/span>\n                                                            <\/div>\n                        <div class=\"cshero-carousel-inner clearfix\">\n                                    <h4 class=\"cshero-carousel-title\">\n                        <a title=\"DE LITU\u00c0NIA DIRECTE A EL MUNT\" href=\"https:\/\/calbernadas.com\/ca\/blog\/lituania-directe-munt\/\" rel=\"\" style=\"color: \">\n                            DE LITU\u00c0NIA DIRECTE A EL MUNT                        <\/a>\n                    <\/h4>\n                                \n                                <div class=\"cshero-carousel-post-description\" style=\"color: \">\n                                            <p>[vc_row][vc_column][vc_column_text]Si, si. De Litu\u00e0nia directe a El Munt. Arribada a la casa el <\/p>\n                                    <\/div>\n                            <\/div>\n        <\/div>\n        \n        \n    <\/div>\n<\/article>\n\t\t\t\t\t<\/div>\r\n\t\t\t    <\/div><div class=\"cshero-post-carousel-item-wrap\">                \t\t                <div class=\"cshero-shortcode cshero-post-carousel-item content-left\" style=\"margin-bottom:30px;\">\r\n\t\t\t\t\t\t<article id=\"post-17175\" class=\" text-left post-17175 post type-post status-publish format-standard has-post-thumbnail hentry category-celebracions category-celebracions_el-munt tag-barcelonawedding tag-boda tag-bodarural tag-calbernadas tag-destinationwedding tag-elmunt tag-momentsbernadas tag-ruralwedding tag-venueforwedding tag-wedding\">\n    <div class=\"cshero-carousel-container\">\n                <div class=\"cshero-carousel-image clearfix left\" style=\"width:200px;height:135px;display: block;\">\n            <img alt=\"\"  src=\"https:\/\/calbernadas.com\/wp-content\/uploads\/2017\/03\/Casament_AnnaFeliu_El-Munt-23-200x135_c.jpg\" style=\"border-radius:0;-webkit-border-radius:0;-moz-border-radius:0;-ms-border-radius:0;-o-border-radius:0;max-width:100%;\" \/>                            <div class=\"overlay\" style=\"z-index:4;border-radius:0;-webkit-border-radius:0;-moz-border-radius:0;-ms-border-radius:0;-o-border-radius:0;background-color:rgba(255,255,255,0.8);color:;width:200px;height:135px;max-width:100%;\">\n                    <div class=\"overlay-content\">\n                        <a class=\"icon-link icon-button-black\" title=\"Read more\" href=\"https:\/\/calbernadas.com\/ca\/blog\/af-estrenem-temporada-bloguera-2\/\" ><i class=\"fa fa-link\"><\/i><\/a>                         \n                    <\/div>\n                <\/div>\n             \n        <\/div>\n        <div class=\"cshero-carousel-body\" } style=\"padding-left:220px;\">\n                        <div class=\"cshero-carousel-meta\">\n                                <span style=\"text-transform:;font-weight:400;font-style:;color:;\">01 juny 2015<\/span>\n                                                    <span class=\"cshero-carousel-post-category\">\n                        in Celebracions, Celebracions_el Munt                    <\/span>\n                                                            <\/div>\n                        <div class=\"cshero-carousel-inner clearfix\">\n                                    <h4 class=\"cshero-carousel-title\">\n                        <a title=\"ANNA&#038;FELIU. ESTRENEM TEMPORADA BLOGUERA!\" href=\"https:\/\/calbernadas.com\/ca\/blog\/af-estrenem-temporada-bloguera-2\/\" rel=\"\" style=\"color: \">\n                            ANNA&#038;FELIU. ESTRENEM TEMPORADA BLOGUERA!                        <\/a>\n                    <\/h4>\n                                \n                                <div class=\"cshero-carousel-post-description\" style=\"color: \">\n                                            <p>[vc_row][vc_column][vc_custom_heading text=\"Engeguem <\/p>\n                                    <\/div>\n                            <\/div>\n        <\/div>\n        \n        \n    <\/div>\n<\/article>\n\t\t\t\t\t<\/div>\r\n\t\t\t                    \t\t                <div class=\"cshero-shortcode cshero-post-carousel-item content-left\" >\r\n\t\t\t\t\t\t<article id=\"post-17270\" class=\" text-left post-17270 post type-post status-publish format-standard has-post-thumbnail hentry category-celebracions category-celebracions_el-munt tag-barcelonavenue tag-barcelonawedding tag-boda tag-bodarural tag-calbernadas tag-destinationwedding tag-elmunt tag-momentsbernadas tag-rural tag-ruralwedding tag-venueinbarcelona tag-wedding\">\n    <div class=\"cshero-carousel-container\">\n                <div class=\"cshero-carousel-image clearfix left\" style=\"width:200px;height:135px;display: block;\">\n            <img alt=\"\"  src=\"https:\/\/calbernadas.com\/wp-content\/uploads\/2017\/03\/Casament_MartaJosep_El-Munt-11-200x135_c.jpg\" style=\"border-radius:0;-webkit-border-radius:0;-moz-border-radius:0;-ms-border-radius:0;-o-border-radius:0;max-width:100%;\" \/>                            <div class=\"overlay\" style=\"z-index:4;border-radius:0;-webkit-border-radius:0;-moz-border-radius:0;-ms-border-radius:0;-o-border-radius:0;background-color:rgba(255,255,255,0.8);color:;width:200px;height:135px;max-width:100%;\">\n                    <div class=\"overlay-content\">\n                        <a class=\"icon-link icon-button-black\" title=\"Read more\" href=\"https:\/\/calbernadas.com\/ca\/blog\/mj-primavera-estat-pur\/\" ><i class=\"fa fa-link\"><\/i><\/a>                         \n                    <\/div>\n                <\/div>\n             \n        <\/div>\n        <div class=\"cshero-carousel-body\" } style=\"padding-left:220px;\">\n                        <div class=\"cshero-carousel-meta\">\n                                <span style=\"text-transform:;font-weight:400;font-style:;color:;\">15 juny 2015<\/span>\n                                                    <span class=\"cshero-carousel-post-category\">\n                        in Celebracions, Celebracions_el Munt                    <\/span>\n                                                            <\/div>\n                        <div class=\"cshero-carousel-inner clearfix\">\n                                    <h4 class=\"cshero-carousel-title\">\n                        <a title=\"MARTA&#038;JOSEP. PRIMAVERA EN ESTAT PUR!\" href=\"https:\/\/calbernadas.com\/ca\/blog\/mj-primavera-estat-pur\/\" rel=\"\" style=\"color: \">\n                            MARTA&#038;JOSEP. PRIMAVERA EN ESTAT PUR!                        <\/a>\n                    <\/h4>\n                                \n                                <div class=\"cshero-carousel-post-description\" style=\"color: \">\n                                            <p>[vc_row][vc_column][vc_custom_heading text=\"M\u00e9s verd, m\u00e9s sol, m\u00e9s color, m\u00e9s florit ... <\/p>\n                                    <\/div>\n                            <\/div>\n        <\/div>\n        \n        \n    <\/div>\n<\/article>\n\t\t\t\t\t<\/div>\r\n\t\t\t    <\/div><div class=\"cshero-post-carousel-item-wrap\">                \t\t                <div class=\"cshero-shortcode cshero-post-carousel-item content-left\" style=\"margin-bottom:30px;\">\r\n\t\t\t\t\t\t<article id=\"post-18255\" class=\" text-left post-18255 post type-post status-publish format-standard has-post-thumbnail hentry category-celebracions category-celebracions_el-munt tag-barcelonawedding tag-bodarural tag-calbernadas tag-destinationwedding tag-elmunt tag-momentsbernadas tag-ruralwedding tag-venueforwedding tag-wedding\">\n    <div class=\"cshero-carousel-container\">\n                <div class=\"cshero-carousel-image clearfix left\" style=\"width:200px;height:135px;display: block;\">\n            <img alt=\"\"  src=\"https:\/\/calbernadas.com\/wp-content\/uploads\/2017\/04\/15061-1004A-200x135_c.jpg\" style=\"border-radius:0;-webkit-border-radius:0;-moz-border-radius:0;-ms-border-radius:0;-o-border-radius:0;max-width:100%;\" \/>                            <div class=\"overlay\" style=\"z-index:4;border-radius:0;-webkit-border-radius:0;-moz-border-radius:0;-ms-border-radius:0;-o-border-radius:0;background-color:rgba(255,255,255,0.8);color:;width:200px;height:135px;max-width:100%;\">\n                    <div class=\"overlay-content\">\n                        <a class=\"icon-link icon-button-black\" title=\"Read more\" href=\"https:\/\/calbernadas.com\/ca\/blog\/flying-to-munt\/\" ><i class=\"fa fa-link\"><\/i><\/a>                         \n                    <\/div>\n                <\/div>\n             \n        <\/div>\n        <div class=\"cshero-carousel-body\" } style=\"padding-left:220px;\">\n                        <div class=\"cshero-carousel-meta\">\n                                <span style=\"text-transform:;font-weight:400;font-style:;color:;\">15 set. 2015<\/span>\n                                                    <span class=\"cshero-carousel-post-category\">\n                        in Celebracions, Celebracions_el Munt                    <\/span>\n                                                            <\/div>\n                        <div class=\"cshero-carousel-inner clearfix\">\n                                    <h4 class=\"cshero-carousel-title\">\n                        <a title=\"TANIA&#038;GUILLE. FLYING&#8230; TO EL MUNT!\" href=\"https:\/\/calbernadas.com\/ca\/blog\/flying-to-munt\/\" rel=\"\" style=\"color: \">\n                            TANIA&#038;GUILLE. FLYING&#8230; TO EL MUNT!                        <\/a>\n                    <\/h4>\n                                \n                                <div class=\"cshero-carousel-post-description\" style=\"color: \">\n                                            <p>[vc_row][vc_column][vc_column_text]La Tania i el Guille. Una parella de guapos, una parella de <\/p>\n                                    <\/div>\n                            <\/div>\n        <\/div>\n        \n        \n    <\/div>\n<\/article>\n\t\t\t\t\t<\/div>\r\n\t\t\t                    \t\t                <div class=\"cshero-shortcode cshero-post-carousel-item content-left\" >\r\n\t\t\t\t\t\t<article id=\"post-17207\" class=\" text-left post-17207 post type-post status-publish format-standard has-post-thumbnail hentry category-celebracions category-celebracions_el-munt\">\n    <div class=\"cshero-carousel-container\">\n                <div class=\"cshero-carousel-image clearfix left\" style=\"width:200px;height:135px;display: block;\">\n            <img alt=\"\"  src=\"https:\/\/calbernadas.com\/wp-content\/uploads\/2017\/03\/Casament_AudreyJohn_El-Munt-13-200x135_c.jpg\" style=\"border-radius:0;-webkit-border-radius:0;-moz-border-radius:0;-ms-border-radius:0;-o-border-radius:0;max-width:100%;\" \/>                            <div class=\"overlay\" style=\"z-index:4;border-radius:0;-webkit-border-radius:0;-moz-border-radius:0;-ms-border-radius:0;-o-border-radius:0;background-color:rgba(255,255,255,0.8);color:;width:200px;height:135px;max-width:100%;\">\n                    <div class=\"overlay-content\">\n                        <a class=\"icon-link icon-button-black\" title=\"Read more\" href=\"https:\/\/calbernadas.com\/ca\/blog\/audreyjohn-happy-1st-year-2\/\" ><i class=\"fa fa-link\"><\/i><\/a>                         \n                    <\/div>\n                <\/div>\n             \n        <\/div>\n        <div class=\"cshero-carousel-body\" } style=\"padding-left:220px;\">\n                        <div class=\"cshero-carousel-meta\">\n                                <span style=\"text-transform:;font-weight:400;font-style:;color:;\">20 set. 2015<\/span>\n                                                    <span class=\"cshero-carousel-post-category\">\n                        in Celebracions, Celebracions_el Munt                    <\/span>\n                                                            <\/div>\n                        <div class=\"cshero-carousel-inner clearfix\">\n                                    <h4 class=\"cshero-carousel-title\">\n                        <a title=\"AUDREY&#038;JOHN. HAPPY 1ST YEAR!\" href=\"https:\/\/calbernadas.com\/ca\/blog\/audreyjohn-happy-1st-year-2\/\" rel=\"\" style=\"color: \">\n                            AUDREY&#038;JOHN. HAPPY 1ST YEAR!                        <\/a>\n                    <\/h4>\n                                \n                                <div class=\"cshero-carousel-post-description\" style=\"color: \">\n                                            <p>[vc_row][vc_column][vc_custom_heading text=\"Happy 1st <\/p>\n                                    <\/div>\n                            <\/div>\n        <\/div>\n        \n        \n    <\/div>\n<\/article>\n\t\t\t\t\t<\/div>\r\n\t\t\t    <\/div><div class=\"cshero-post-carousel-item-wrap\">                \t\t                <div class=\"cshero-shortcode cshero-post-carousel-item content-left\" style=\"margin-bottom:30px;\">\r\n\t\t\t\t\t\t<article id=\"post-17078\" class=\" text-left post-17078 post type-post status-publish format-standard has-post-thumbnail hentry category-turisme-rural category-turisme-rural_el-munt\">\n    <div class=\"cshero-carousel-container\">\n                <div class=\"cshero-carousel-image clearfix left\" style=\"width:200px;height:135px;display: block;\">\n            <img alt=\"\"  src=\"https:\/\/calbernadas.com\/wp-content\/uploads\/2017\/03\/Montse-Giralt2-200x135_c.jpg\" style=\"border-radius:0;-webkit-border-radius:0;-moz-border-radius:0;-ms-border-radius:0;-o-border-radius:0;max-width:100%;\" \/>                            <div class=\"overlay\" style=\"z-index:4;border-radius:0;-webkit-border-radius:0;-moz-border-radius:0;-ms-border-radius:0;-o-border-radius:0;background-color:rgba(255,255,255,0.8);color:;width:200px;height:135px;max-width:100%;\">\n                    <div class=\"overlay-content\">\n                        <a class=\"icon-link icon-button-black\" title=\"Read more\" href=\"https:\/\/calbernadas.com\/ca\/blog\/flow-2\/\" ><i class=\"fa fa-link\"><\/i><\/a>                         \n                    <\/div>\n                <\/div>\n             \n        <\/div>\n        <div class=\"cshero-carousel-body\" } style=\"padding-left:220px;\">\n                        <div class=\"cshero-carousel-meta\">\n                                <span style=\"text-transform:;font-weight:400;font-style:;color:;\">11 gen. 2016<\/span>\n                                                    <span class=\"cshero-carousel-post-category\">\n                        in Turisme rural, Turisme rural_el Munt                    <\/span>\n                                                            <\/div>\n                        <div class=\"cshero-carousel-inner clearfix\">\n                                    <h4 class=\"cshero-carousel-title\">\n                        <a title=\"FLOW\" href=\"https:\/\/calbernadas.com\/ca\/blog\/flow-2\/\" rel=\"\" style=\"color: \">\n                            FLOW                        <\/a>\n                    <\/h4>\n                                \n                                <div class=\"cshero-carousel-post-description\" style=\"color: \">\n                                            <p>[vc_row][vc_column][vc_column_text]Flow\u00a0\u00e9s el t\u00edtol d'aquest gran projecte de Montse Giralt, <\/p>\n                                    <\/div>\n                            <\/div>\n        <\/div>\n        \n        \n    <\/div>\n<\/article>\n\t\t\t\t\t<\/div>\r\n\t\t\t                    \t\t                <div class=\"cshero-shortcode cshero-post-carousel-item content-left\" >\r\n\t\t\t\t\t\t<article id=\"post-18827\" class=\" text-left post-18827 post type-post status-publish format-standard has-post-thumbnail hentry category-celebracions category-celebracions_el-munt tag-barcelonawedding tag-boda tag-bodabarcelona tag-bodarural tag-bodas tag-calbernadas tag-destinationwedding tag-elmunt tag-momentsbernadas tag-ruralwedding tag-venueforwedding tag-wedding tag-weddingabroad\">\n    <div class=\"cshero-carousel-container\">\n                <div class=\"cshero-carousel-image clearfix left\" style=\"width:200px;height:135px;display: block;\">\n            <img alt=\"\"  src=\"https:\/\/calbernadas.com\/wp-content\/uploads\/2017\/07\/BODAJUANANMIREIA-461A.-Boda-el-Munt.-Mireia-i-Juanan-200x135_c.jpg\" style=\"border-radius:0;-webkit-border-radius:0;-moz-border-radius:0;-ms-border-radius:0;-o-border-radius:0;max-width:100%;\" \/>                            <div class=\"overlay\" style=\"z-index:4;border-radius:0;-webkit-border-radius:0;-moz-border-radius:0;-ms-border-radius:0;-o-border-radius:0;background-color:rgba(255,255,255,0.8);color:;width:200px;height:135px;max-width:100%;\">\n                    <div class=\"overlay-content\">\n                        <a class=\"icon-link icon-button-black\" title=\"Read more\" href=\"https:\/\/calbernadas.com\/ca\/blog\/mireiajuanan-una-parella-molt-bonica\/\" ><i class=\"fa fa-link\"><\/i><\/a>                         \n                    <\/div>\n                <\/div>\n             \n        <\/div>\n        <div class=\"cshero-carousel-body\" } style=\"padding-left:220px;\">\n                        <div class=\"cshero-carousel-meta\">\n                                <span style=\"text-transform:;font-weight:400;font-style:;color:;\">25 gen. 2016<\/span>\n                                                    <span class=\"cshero-carousel-post-category\">\n                        in Celebracions, Celebracions_el Munt                    <\/span>\n                                                            <\/div>\n                        <div class=\"cshero-carousel-inner clearfix\">\n                                    <h4 class=\"cshero-carousel-title\">\n                        <a title=\"MIREIA&#038;JUANAN. UNA PARELLA ENCANTADORA\" href=\"https:\/\/calbernadas.com\/ca\/blog\/mireiajuanan-una-parella-molt-bonica\/\" rel=\"\" style=\"color: \">\n                            MIREIA&#038;JUANAN. UNA PARELLA ENCANTADORA                        <\/a>\n                    <\/h4>\n                                \n                                <div class=\"cshero-carousel-post-description\" style=\"color: \">\n                                            <p>[vc_row][vc_column][vc_column_text]Una cerim\u00f2nia enmig del bosc, un aperitiu al jard\u00ed i un <\/p>\n                                    <\/div>\n                            <\/div>\n        <\/div>\n        \n        \n    <\/div>\n<\/article>\n\t\t\t\t\t<\/div>\r\n\t\t\t    <\/div>\t\t\t<\/div>\r\n\t\t<\/div>\r\n\t\t\t\t\t<div class=\"cshero-control pager-left default\"><\/div>\r\n\t\t\t\t\t        <\/div>\r\n[\/vc_column][\/vc_row]<\/p>\n","protected":false},"excerpt":{"rendered":"<p>[vc_row css=&#8221;.vc_custom_1419392991392{padding-top: 20px !important;padding-bottom: 80px !important;}&#8221; full_width=&#8221;false&#8221; parallax_speed=&#8221;0.8&#8243; bg_video_transparent=&#8221;0&#8243;][vc_column width=&#8221;1\/1&#8243;][vc_column_text] OUR CUSTOMERS LOVE US, SO MUCH Use any of the [&hellip;]<\/p>\n","protected":false},"author":1,"featured_media":0,"parent":0,"menu_order":0,"comment_status":"closed","ping_status":"closed","template":"","meta":{"footnotes":""},"yoast_head":"<!-- This site is optimized with the Yoast SEO plugin v21.5 - https:\/\/yoast.com\/wordpress\/plugins\/seo\/ -->\n<title>Posts Carousel - Cal Bernad\u00e0s<\/title>\n<meta name=\"robots\" content=\"index, follow, max-snippet:-1, max-image-preview:large, max-video-preview:-1\" \/>\n<link rel=\"canonical\" href=\"https:\/\/calbernadas.com\/ca\/posts-carousel\/\" \/>\n<meta property=\"og:locale\" content=\"ca_ES\" \/>\n<meta property=\"og:type\" content=\"article\" \/>\n<meta property=\"og:title\" content=\"Posts Carousel - Cal Bernad\u00e0s\" \/>\n<meta property=\"og:description\" content=\"[vc_row css=&#8221;.vc_custom_1419392991392{padding-top: 20px !important;padding-bottom: 80px !important;}&#8221; full_width=&#8221;false&#8221; parallax_speed=&#8221;0.8&#8243; bg_video_transparent=&#8221;0&#8243;][vc_column width=&#8221;1\/1&#8243;][vc_column_text] OUR CUSTOMERS LOVE US, SO MUCH Use any of the [&hellip;]\" \/>\n<meta property=\"og:url\" content=\"https:\/\/calbernadas.com\/ca\/posts-carousel\/\" \/>\n<meta property=\"og:site_name\" content=\"Cal Bernad\u00e0s\" \/>\n<meta property=\"article:publisher\" content=\"https:\/\/www.facebook.com\/calbernadas\" \/>\n<meta property=\"article:modified_time\" content=\"2016-10-26T07:02:03+00:00\" \/>\n<meta name=\"twitter:card\" content=\"summary_large_image\" \/>\n<meta name=\"twitter:site\" content=\"@calbernadas\" \/>\n<meta name=\"twitter:label1\" content=\"Temps estimat de lectura\" \/>\n\t<meta name=\"twitter:data1\" content=\"10 minuts\" \/>\n<script type=\"application\/ld+json\" class=\"yoast-schema-graph\">{\"@context\":\"https:\/\/schema.org\",\"@graph\":[{\"@type\":\"WebPage\",\"@id\":\"https:\/\/calbernadas.com\/ca\/posts-carousel\/\",\"url\":\"https:\/\/calbernadas.com\/ca\/posts-carousel\/\",\"name\":\"Posts Carousel - Cal Bernad\u00e0s\",\"isPartOf\":{\"@id\":\"https:\/\/calbernadas.com\/ca\/#website\"},\"datePublished\":\"2014-08-22T14:35:39+00:00\",\"dateModified\":\"2016-10-26T07:02:03+00:00\",\"breadcrumb\":{\"@id\":\"https:\/\/calbernadas.com\/ca\/posts-carousel\/#breadcrumb\"},\"inLanguage\":\"ca\",\"potentialAction\":[{\"@type\":\"ReadAction\",\"target\":[\"https:\/\/calbernadas.com\/ca\/posts-carousel\/\"]}]},{\"@type\":\"BreadcrumbList\",\"@id\":\"https:\/\/calbernadas.com\/ca\/posts-carousel\/#breadcrumb\",\"itemListElement\":[{\"@type\":\"ListItem\",\"position\":1,\"name\":\"Portada\",\"item\":\"https:\/\/calbernadas.com\/ca\/\"},{\"@type\":\"ListItem\",\"position\":2,\"name\":\"Posts Carousel\"}]},{\"@type\":\"WebSite\",\"@id\":\"https:\/\/calbernadas.com\/ca\/#website\",\"url\":\"https:\/\/calbernadas.com\/ca\/\",\"name\":\"Cal Bernad\u00e0s\",\"description\":\"Turisme rural\",\"publisher\":{\"@id\":\"https:\/\/calbernadas.com\/ca\/#organization\"},\"potentialAction\":[{\"@type\":\"SearchAction\",\"target\":{\"@type\":\"EntryPoint\",\"urlTemplate\":\"https:\/\/calbernadas.com\/ca\/?s={search_term_string}\"},\"query-input\":\"required name=search_term_string\"}],\"inLanguage\":\"ca\"},{\"@type\":\"Organization\",\"@id\":\"https:\/\/calbernadas.com\/ca\/#organization\",\"name\":\"Cal Bernad\u00e0s\",\"url\":\"https:\/\/calbernadas.com\/ca\/\",\"logo\":{\"@type\":\"ImageObject\",\"inLanguage\":\"ca\",\"@id\":\"https:\/\/calbernadas.com\/ca\/#\/schema\/logo\/image\/\",\"url\":\"https:\/\/calbernadas.com\/wp-content\/uploads\/2017\/03\/logo_calbernadas2.png\",\"contentUrl\":\"https:\/\/calbernadas.com\/wp-content\/uploads\/2017\/03\/logo_calbernadas2.png\",\"width\":169,\"height\":156,\"caption\":\"Cal Bernad\u00e0s\"},\"image\":{\"@id\":\"https:\/\/calbernadas.com\/ca\/#\/schema\/logo\/image\/\"},\"sameAs\":[\"https:\/\/www.facebook.com\/calbernadas\",\"https:\/\/twitter.com\/calbernadas\",\"https:\/\/instagram.com\/calbernadas\/\",\"http:\/\/www.youtube.es\/calbernadas\"]}]}<\/script>\n<!-- \/ Yoast SEO plugin. -->","yoast_head_json":{"title":"Posts Carousel - Cal Bernad\u00e0s","robots":{"index":"index","follow":"follow","max-snippet":"max-snippet:-1","max-image-preview":"max-image-preview:large","max-video-preview":"max-video-preview:-1"},"canonical":"https:\/\/calbernadas.com\/ca\/posts-carousel\/","og_locale":"ca_ES","og_type":"article","og_title":"Posts Carousel - Cal Bernad\u00e0s","og_description":"[vc_row css=&#8221;.vc_custom_1419392991392{padding-top: 20px !important;padding-bottom: 80px !important;}&#8221; full_width=&#8221;false&#8221; parallax_speed=&#8221;0.8&#8243; bg_video_transparent=&#8221;0&#8243;][vc_column width=&#8221;1\/1&#8243;][vc_column_text] OUR CUSTOMERS LOVE US, SO MUCH Use any of the [&hellip;]","og_url":"https:\/\/calbernadas.com\/ca\/posts-carousel\/","og_site_name":"Cal Bernad\u00e0s","article_publisher":"https:\/\/www.facebook.com\/calbernadas","article_modified_time":"2016-10-26T07:02:03+00:00","twitter_card":"summary_large_image","twitter_site":"@calbernadas","twitter_misc":{"Temps estimat de lectura":"10 minuts"},"schema":{"@context":"https:\/\/schema.org","@graph":[{"@type":"WebPage","@id":"https:\/\/calbernadas.com\/ca\/posts-carousel\/","url":"https:\/\/calbernadas.com\/ca\/posts-carousel\/","name":"Posts Carousel - Cal Bernad\u00e0s","isPartOf":{"@id":"https:\/\/calbernadas.com\/ca\/#website"},"datePublished":"2014-08-22T14:35:39+00:00","dateModified":"2016-10-26T07:02:03+00:00","breadcrumb":{"@id":"https:\/\/calbernadas.com\/ca\/posts-carousel\/#breadcrumb"},"inLanguage":"ca","potentialAction":[{"@type":"ReadAction","target":["https:\/\/calbernadas.com\/ca\/posts-carousel\/"]}]},{"@type":"BreadcrumbList","@id":"https:\/\/calbernadas.com\/ca\/posts-carousel\/#breadcrumb","itemListElement":[{"@type":"ListItem","position":1,"name":"Portada","item":"https:\/\/calbernadas.com\/ca\/"},{"@type":"ListItem","position":2,"name":"Posts Carousel"}]},{"@type":"WebSite","@id":"https:\/\/calbernadas.com\/ca\/#website","url":"https:\/\/calbernadas.com\/ca\/","name":"Cal Bernad\u00e0s","description":"Turisme rural","publisher":{"@id":"https:\/\/calbernadas.com\/ca\/#organization"},"potentialAction":[{"@type":"SearchAction","target":{"@type":"EntryPoint","urlTemplate":"https:\/\/calbernadas.com\/ca\/?s={search_term_string}"},"query-input":"required name=search_term_string"}],"inLanguage":"ca"},{"@type":"Organization","@id":"https:\/\/calbernadas.com\/ca\/#organization","name":"Cal Bernad\u00e0s","url":"https:\/\/calbernadas.com\/ca\/","logo":{"@type":"ImageObject","inLanguage":"ca","@id":"https:\/\/calbernadas.com\/ca\/#\/schema\/logo\/image\/","url":"https:\/\/calbernadas.com\/wp-content\/uploads\/2017\/03\/logo_calbernadas2.png","contentUrl":"https:\/\/calbernadas.com\/wp-content\/uploads\/2017\/03\/logo_calbernadas2.png","width":169,"height":156,"caption":"Cal Bernad\u00e0s"},"image":{"@id":"https:\/\/calbernadas.com\/ca\/#\/schema\/logo\/image\/"},"sameAs":["https:\/\/www.facebook.com\/calbernadas","https:\/\/twitter.com\/calbernadas","https:\/\/instagram.com\/calbernadas\/","http:\/\/www.youtube.es\/calbernadas"]}]}},"_links":{"self":[{"href":"https:\/\/calbernadas.com\/ca\/wp-json\/wp\/v2\/pages\/8462"}],"collection":[{"href":"https:\/\/calbernadas.com\/ca\/wp-json\/wp\/v2\/pages"}],"about":[{"href":"https:\/\/calbernadas.com\/ca\/wp-json\/wp\/v2\/types\/page"}],"author":[{"embeddable":true,"href":"https:\/\/calbernadas.com\/ca\/wp-json\/wp\/v2\/users\/1"}],"replies":[{"embeddable":true,"href":"https:\/\/calbernadas.com\/ca\/wp-json\/wp\/v2\/comments?post=8462"}],"version-history":[{"count":0,"href":"https:\/\/calbernadas.com\/ca\/wp-json\/wp\/v2\/pages\/8462\/revisions"}],"wp:attachment":[{"href":"https:\/\/calbernadas.com\/ca\/wp-json\/wp\/v2\/media?parent=8462"}],"curies":[{"name":"wp","href":"https:\/\/api.w.org\/{rel}","templated":true}]}}