{"id":23752,"date":"2023-01-18T10:32:08","date_gmt":"2023-01-18T09:32:08","guid":{"rendered":"https:\/\/calbernadas.com\/?page_id=23752"},"modified":"2026-03-18T10:44:38","modified_gmt":"2026-03-18T09:44:38","slug":"la-caseta-del-munt","status":"publish","type":"page","link":"https:\/\/calbernadas.com\/ca\/turisme-rural\/la-caseta-del-munt\/","title":{"rendered":"LA CASETA DEL MUNT"},"content":{"rendered":"<p>[vc_row full_width=&#8221;stretch_row_content&#8221; css=&#8221;.vc_custom_1490377999104{margin-bottom: -40px !important;border-bottom-width: -40px !important;}&#8221;][vc_column][rev_slider_vc alias=&#8221;cat-tr_la-barraca46-1&#8243;][\/vc_column][\/vc_row][vc_row full_width=&#8221;stretch_row&#8221; css=&#8221;.vc_custom_1673968631496{padding-top: 80px !important;padding-bottom: 80px !important;background-color: #ffffff !important;}&#8221;][vc_column width=&#8221;1\/6&#8243;][\/vc_column][vc_column width=&#8221;2\/3&#8243;][vc_column_text]<\/p>\n<h5 style=\"text-align: center;\"><span style=\"color: #99cc66;\">A Cal Bernad\u00e0s creiem que s\u2019ha de ser rom\u00e0ntics cada dia, que no cal esperar a tenir un cap de setmana per trobar moments especials en llocs especials. Per aix\u00f2, us convidem a passar una nit entre setmana a La Caseta del Munt. Un oasis de tranquil\u00b7litat envoltat de natura per gaudir de vosaltres. Nosaltres hi posem l\u2019espai, vosaltres l\u2019amor i la companyia<\/span><\/h5>\n<p>[\/vc_column_text][\/vc_column][vc_column width=&#8221;1\/6&#8243;][\/vc_column][\/vc_row][vc_row full_width=&#8221;stretch_row_content_no_spaces&#8221;][vc_column offset=&#8221;vc_hidden-xs&#8221;][vc_gallery type=&#8221;image_grid&#8221; images=&#8221;24377,24501,24393,24521,24413,24417,24537,24425,24429,24433,24545,24533,24437,24445,24457,24497,24461,24477,24481,24489,24493,24485,24385,24505,24513,24541,24449,24517,24397,24549,24405,24565,24421&#8243; img_size=&#8221;440X320&#8243; css=&#8221;.vc_custom_1677169699048{padding-left: 70px !important;}&#8221;][\/vc_column][\/vc_row][vc_row full_width=&#8221;stretch_row_content_no_spaces&#8221;][vc_column offset=&#8221;vc_hidden-lg vc_hidden-md vc_hidden-sm&#8221;][vc_gallery type=&#8221;image_grid&#8221; images=&#8221;24377,24381,24385,24389,24393,24397,24401,24405,24409,24413,24417,24421,24425,24429,24433,24437,24441,24445,24449,24453,24457,24461,24465,24469,24473,24477,24481,24485,24489,24493,24497,24501,24505,24509,24513,24517,24521,24525,24529,24533,24537,24541,24545,24549,24553,24557,24561,24565&#8243; img_size=&#8221;440X320&#8243;][\/vc_column][\/vc_row][vc_row full_width=&#8221;stretch_row&#8221; css=&#8221;.vc_custom_1674721696665{padding-top: 100px !important;padding-bottom: 100px !important;background-image: url(https:\/\/calbernadas.com\/wp-content\/uploads\/2016\/10\/TR_equipaments.jpg?id=12656) !important;}&#8221; parallax_speed=&#8221;0.8&#8243; bg_video_transparent=&#8221;0&#8243; el_class=&#8221;cm-icon-big-item&#8221;][vc_column][cs_custom_heading text=&#8221;EQUIPAMENTS&#8221; font_container=&#8221;tag:h1|font_size:40px|text_align:center|color:%23ffffff&#8221; font_format=&#8221;700&#8243; style=&#8221;style-none&#8221; el_class=&#8221;cm-tailor-title-site&#8221;][\/vc_column][\/vc_row][vc_row][vc_column][vc_empty_space height=&#8221;64px&#8221;][vc_row_inner][vc_column_inner width=&#8221;1\/4&#8243;][vc_column_text]<\/p>\n<h3><span style=\"color: #99cc66;\">LA CASETA DEL MUNT<\/span><\/h3>\n<p><img decoding=\"async\" src=\"https:\/\/www.calbernadas.com\/images\/TR\/font-awesome\/key195.png\" alt=\"Habitaci\u00f3 n\u00ba3. Qu\u00e0druple amb llit doble i dos llits individuals i bany privat 1.35x1.90m i 0.90x1.90m. QUAD.\" width=\"21\" \/>Llit doble (150 x 200cm)<\/p>\n<p><img decoding=\"async\" src=\"https:\/\/www.calbernadas.com\/images\/TR\/font-awesome\/cutlery22.png\" alt=\"Menjador\" width=\"21\" \/>Cuina \u2013 office amb vitrocer\u00e0mica, nevera, microones i cafetera Nespresso<\/p>\n<p><img decoding=\"async\" src=\"https:\/\/www.calbernadas.com\/images\/TR\/font-awesome\/sofa13.png\" alt=\"Sala d\u2019estar amb llar de foc, TV, DVD i equip de m\u00fasica\" width=\"21\" \/>Sala d\u2019estar amb sof\u00e0, llar de foc i TV<\/p>\n<p><img decoding=\"async\" src=\"https:\/\/www.calbernadas.com\/images\/TR\/font-awesome\/shower17.png\" alt=\"Bany complet\" width=\"21\" \/>Bany amb dutxa i wc[\/vc_column_text][\/vc_column_inner][vc_column_inner width=&#8221;1\/4&#8243;][vc_column_text]<\/p>\n<h3><span style=\"color: #99cc66;\">LA PISCINA CLIMATITZADA<\/span><\/h3>\n<p><img decoding=\"async\" src=\"https:\/\/www.calbernadas.com\/images\/TR\/font-awesome\/shower17.png\" alt=\"SPA amb piscina climatitzada, jacuzzi, sauna, dutxa vaporitzada i WC\" width=\"21\" \/>Piscina interior climatitzada (7*3,7m)<\/p>\n<p><img decoding=\"async\" src=\"https:\/\/www.calbernadas.com\/images\/TR\/font-awesome\/shower17.png\" alt=\"SPA amb piscina climatitzada, jacuzzi, sauna, dutxa vaporitzada i WC\" width=\"21\" \/>Bany amb dutxa i WC<\/p>\n<p><img decoding=\"async\" src=\"https:\/\/www.calbernadas.com\/images\/TR\/font-awesome\/shower17.png\" alt=\"SPA amb piscina climatitzada, jacuzzi, sauna, dutxa vaporitzada i WC\" width=\"21\" \/>I SAUNA![\/vc_column_text][\/vc_column_inner][vc_column_inner width=&#8221;1\/4&#8243;][vc_column_text]<\/p>\n<h3><span style=\"color: #99cc66;\">EXTERIORS<\/span><\/h3>\n<p><img decoding=\"async\" src=\"https:\/\/www.calbernadas.com\/images\/TR\/font-awesome\/branch.png\" alt=\"Jard\u00ed\" width=\"21\" \/>Terrassa<\/p>\n<p><img decoding=\"async\" src=\"https:\/\/www.calbernadas.com\/images\/TR\/font-awesome\/branch.png\" alt=\"Jard\u00ed\" width=\"21\" \/>Gran jard\u00ed amb piscina exterior (16*7,5m)<\/p>\n<p><img decoding=\"async\" src=\"https:\/\/www.calbernadas.com\/images\/TR\/font-awesome\/home.png\" alt=\"Sala polivalent de 60m2 amb barbacoa\" width=\"21\" \/>Porxo amb barbacoa<\/p>\n<p><img decoding=\"async\" src=\"https:\/\/www.calbernadas.com\/images\/TR\/font-awesome\/safari7.png\" alt=\"Sala de jocs amb ping-pong\" width=\"21\" \/>Zona de p\u00e0rquing exterior[\/vc_column_text][\/vc_column_inner][vc_column_inner width=&#8221;1\/4&#8243;][vc_column_text]<\/p>\n<h3><span style=\"color: #99cc66;\">A M\u00c9S A M\u00c9S<\/span><\/h3>\n<p><img decoding=\"async\" src=\"https:\/\/www.calbernadas.com\/images\/TR\/font-awesome\/align14.png\" alt=\"Roba de llit\" width=\"21\" \/>Roba de llit<\/p>\n<p><img decoding=\"async\" src=\"https:\/\/www.calbernadas.com\/images\/TR\/font-awesome\/align14.png\" alt=\"Roba de llit\" width=\"21\" \/>Tovalloles de bany<\/p>\n<p><img decoding=\"async\" src=\"https:\/\/www.calbernadas.com\/images\/TR\/font-awesome\/align14.png\" alt=\"Roba de llit\" width=\"21\" \/>Barn\u00fas i sabatilles<\/p>\n<p><img decoding=\"async\" src=\"https:\/\/www.calbernadas.com\/images\/TR\/font-awesome\/hair-salon16.png\" alt=\"Assecadors de cabell\" width=\"21\" \/>Assecador de cabell<\/p>\n<p><img decoding=\"async\" src=\"https:\/\/www.calbernadas.com\/images\/TR\/font-awesome\/fire16.png\" alt=\"Calefacci\u00f3\" width=\"21\" \/>Llenya<\/p>\n<p><img decoding=\"async\" src=\"https:\/\/www.calbernadas.com\/images\/TR\/font-awesome\/wifi.png\" alt=\"Wi-Fi\" width=\"21\" \/>Wi-Fi[\/vc_column_text][\/vc_column_inner][\/vc_row_inner][vc_empty_space height=&#8221;64px&#8221;][\/vc_column][\/vc_row][vc_row full_width=&#8221;stretch_row&#8221; css=&#8221;.vc_custom_1674203247530{padding-top: 80px !important;padding-bottom: 80px !important;background-image: url(https:\/\/calbernadas.com\/wp-content\/uploads\/2016\/10\/TR_Terifes.jpg?id=12691) !important;}&#8221; parallax_speed=&#8221;0.8&#8243; bg_video_transparent=&#8221;0&#8243; el_class=&#8221;cm-icon-big-item&#8221;][vc_column][cs_custom_heading text=&#8221;PACKS&#8221; font_container=&#8221;tag:h1|font_size:40px|text_align:center|color:%23ffffff&#8221; font_format=&#8221;700&#8243; style=&#8221;style-none&#8221; el_class=&#8221;cm-tailor-title-site&#8221;][\/vc_column][\/vc_row][vc_row css=&#8221;.vc_custom_1510845232015{padding-top: 20px !important;padding-bottom: 20px !important;}&#8221;][vc_column width=&#8221;1\/6&#8243;][\/vc_column][vc_column width=&#8221;2\/3&#8243;][vc_empty_space height=&#8221;30px&#8221;][vc_column_text]<\/p>\n<h5 style=\"text-align: center;\"><span style=\"color: #99cc66;\">Per celebrar un dia especial o perqu\u00e8 s\u00ed, tenim dos packs perqu\u00e8 triis com vols que sigui la teva estada a La Caseta del Munt.<\/span><\/h5>\n<p>[\/vc_column_text][\/vc_column][vc_column width=&#8221;1\/6&#8243;][\/vc_column][\/vc_row][vc_row gap=&#8221;15&#8243; css=&#8221;.vc_custom_1478665638467{padding-top: 15px !important;padding-bottom: 65px !important;}&#8221;][vc_column width=&#8221;1\/2&#8243;][vc_row_inner css=&#8221;.vc_custom_1477994399761{margin: 0px !important;padding: 0px !important;background-color: #ffffff !important;border: 1px solid #dddddd !important;}&#8221;][vc_column_inner css=&#8221;.vc_custom_1477994409192{margin: 0px !important;border-width: 0px !important;padding: 0px !important;}&#8221;][cs_custom_heading text=&#8221;PACK ALLOTJAMENT&#8221; font_container=&#8221;tag:h2|font_size:30px|text_align:center|color:%23402e24|line_height:30px&#8221; font_format=&#8221;300&#8243; style=&#8221;style-none&#8221; el_class=&#8221;cm-tailor-title-site&#8221; css=&#8221;.vc_custom_1673969583444{margin-top: 0px !important;margin-right: 0px !important;margin-bottom: 0px !important;margin-left: 0px !important;border-top-width: 0px !important;border-right-width: 0px !important;border-bottom-width: 0px !important;border-left-width: 0px !important;padding-top: 10px !important;padding-right: 10px !important;padding-bottom: 10px !important;padding-left: 10px !important;background-color: #99cc66 !important;}&#8221;][vc_column_text css=&#8221;.vc_custom_1706012450454{padding-top: 30px !important;padding-right: 10px !important;padding-bottom: 30px !important;padding-left: 10px !important;background-color: #402e24 !important;}&#8221;]<\/p>\n<p style=\"text-align: center;\"><span style=\"color: #ffffff;\">Passa una nit a La Caseta del Munt amb acc\u00e9s a la piscina interior. Sorpr\u00e8n a la teva parella amb una escapada tranquil\u00b7la i \u00edntima en un lloc id\u00edl\u00b7lic en tots els sentits.<\/span><\/p>\n<h3 style=\"text-align: center;\"><span style=\"color: #99cc66;\">PREU 2 PERSONES<br \/>\n<\/span><\/h3>\n<h1 style=\"text-align: center;\"><span style=\"color: #99cc66;\">195\u20ac<\/span><\/h1>\n<p>[\/vc_column_text][vc_column_text css=&#8221;.vc_custom_1773827063476{padding-top: 30px !important;padding-right: 22% !important;padding-bottom: 30px !important;padding-left: 22% !important;}&#8221;]LOVE WELCOME PACK, AMB AMPOLLA DE CAVA I BOMBONS DE XOCOLATA.<\/p>\n<hr \/>\n<p>1 NIT A LA CASETA DEL MUNT, AMB TOTS ELS SEUS EQUIPAMENTS, PER A 2 PERSONES.<\/p>\n<hr \/>\n<p>Reserves de dilluns a dijous (excepte festius, Juliol i Agost).<br \/>\nHora d\u2019entrada: a partir de les 16:00h.<br \/>\nHora de sortida: a les 12:00h.<\/p>\n<p>Taxa tur\u00edstica no inclosa: 1,93\u20ac\/persona i nit.<\/p>\n<p>Nits extres: 150\u20ac\/nit (2 persones)<\/p>\n<p>Pack Regal: 15\u20ac (enviament incl\u00f2s a la Pen\u00ednsula)[\/vc_column_text][\/vc_column_inner][\/vc_row_inner][\/vc_column][vc_column width=&#8221;1\/2&#8243;][vc_row_inner css=&#8221;.vc_custom_1477994399761{margin: 0px !important;padding: 0px !important;background-color: #ffffff !important;border: 1px solid #dddddd !important;}&#8221;][vc_column_inner css=&#8221;.vc_custom_1477994409192{margin: 0px !important;border-width: 0px !important;padding: 0px !important;}&#8221;][cs_custom_heading text=&#8221;PACK COMPLET&#8221; font_container=&#8221;tag:h2|font_size:30px|text_align:center|color:%23402e24|line_height:30px&#8221; font_format=&#8221;300&#8243; style=&#8221;style-none&#8221; el_class=&#8221;cm-tailor-title-site&#8221; css=&#8221;.vc_custom_1673969588844{margin-top: 0px !important;margin-right: 0px !important;margin-bottom: 0px !important;margin-left: 0px !important;border-top-width: 0px !important;border-right-width: 0px !important;border-bottom-width: 0px !important;border-left-width: 0px !important;padding-top: 10px !important;padding-right: 10px !important;padding-bottom: 10px !important;padding-left: 10px !important;background-color: #99cc66 !important;}&#8221;][vc_column_text css=&#8221;.vc_custom_1706012458676{padding-top: 30px !important;padding-right: 10px !important;padding-bottom: 30px !important;padding-left: 10px !important;background-color: #402e24 !important;}&#8221;]<\/p>\n<p style=\"text-align: center;\"><span style=\"color: #ffffff;\">Vols que et fem el sopar i l\u2019esmorzar? Afegeix un \u00e0pat rom\u00e0ntic a l\u2019estada i quan arribis ho trobar\u00e0s tot a taula. I al mat\u00ed, tindr\u00e0s tot el qu\u00e8 necessites per preparar un esmorzar d\u2019all\u00f2 m\u00e9s saludable. No pateixis per res, tu nom\u00e9s has de gaudir!<\/span><\/p>\n<h3 style=\"text-align: center;\"><span style=\"color: #99cc66;\">PREU 2 PERSONES<\/span><\/h3>\n<h1 style=\"text-align: center;\"><span style=\"color: #99cc66;\">295\u20ac<\/span><\/h1>\n<p>[\/vc_column_text][vc_column_text css=&#8221;.vc_custom_1773827074205{padding-top: 30px !important;padding-right: 22% !important;padding-bottom: 30px !important;padding-left: 22% !important;}&#8221;]LOVE WELCOME PACK, AMB AMPOLLA DE CAVA I BOMBONS DE XOCOLATA.<\/p>\n<hr \/>\n<p>1 NIT A LA CASETA DEL MUNT, AMB TOTS ELS SEUS EQUIPAMENTS, PER A 2 PERSONES.<\/p>\n<hr \/>\n<p>ROMANTIC DINNER. CASSOLETES DE CONTRASTOS, PER COMPARTIR I PER DEIXAR VOLAR LA IMAGINACI\u00d3.<\/p>\n<hr \/>\n<p>ESMORZAR: UNA SELECCI\u00d3 D\u2019EMBOTITS I FORMATGES DE LA ZONA AMB SUCS DE FRUITA NATURAL.<\/p>\n<hr \/>\n<p>Reserves de dilluns a dijous (excepte festius, Juliol i Agost).<br \/>\nHora d\u2019entrada: a partir de les 16:00h.<br \/>\nHora de sortida: a les 12:00h.<\/p>\n<p>Taxa tur\u00edstica no inclosa: 1,93\u20ac\/persona i nit.<\/p>\n<p>Nits extres: 150\u20ac\/nit (2 persones)<\/p>\n<p>Pack Regal: 15\u20ac (enviament incl\u00f2s a la Pen\u00ednsula)[\/vc_column_text][\/vc_column_inner][\/vc_row_inner][\/vc_column][\/vc_row][vc_row full_width=&#8221;stretch_row&#8221; css=&#8221;.vc_custom_1673969808095{padding-top: 20px !important;padding-bottom: 20px !important;background-color: #ffffff !important;}&#8221; parallax_speed=&#8221;0.8&#8243; bg_video_transparent=&#8221;0&#8243; el_class=&#8221;cm-icon-big-item&#8221;][vc_column][vc_column_text]<\/p>\n<h5 style=\"text-align: center;\"><span style=\"color: #99cc66;\">T\u2019ho vols \u201ccurrar\u201d encara m\u00e9s i no vols acabar regalant el correu impr\u00e8s dins d\u2019un sobre?<br \/>\nEt fem arribar aquest pack cuidat fins a l\u2019\u00faltim detall. <\/span><\/h5>\n<p>[\/vc_column_text][\/vc_column][\/vc_row][vc_row full_width=&#8221;stretch_row_content_no_spaces&#8221;][vc_column][vc_images_carousel images=&#8221;19646&#8243; img_size=&#8221;full&#8221; onclick=&#8221;link_no&#8221; speed=&#8221;3000&#8243; autoplay=&#8221;yes&#8221; hide_pagination_control=&#8221;yes&#8221; hide_prev_next_buttons=&#8221;yes&#8221; wrap=&#8221;yes&#8221;][\/vc_column][\/vc_row][vc_row full_width=&#8221;stretch_row&#8221; css=&#8221;.vc_custom_1674203321558{padding-top: 80px !important;padding-bottom: 80px !important;background-image: url(https:\/\/calbernadas.com\/wp-content\/uploads\/2016\/10\/TR_localitzacio.jpg?id=12730) !important;}&#8221; parallax_speed=&#8221;0.8&#8243; bg_video_transparent=&#8221;0&#8243; el_class=&#8221;cm-icon-big-item&#8221;][vc_column][cs_custom_heading text=&#8221;ON&#8221; font_container=&#8221;tag:h1|font_size:40px|text_align:center|color:%23ffffff&#8221; font_format=&#8221;700&#8243; style=&#8221;style-none&#8221; el_class=&#8221;cm-tailor-title-site&#8221;][\/vc_column][\/vc_row][vc_row css=&#8221;.vc_custom_1510224764706{padding-top: 80px !important;padding-bottom: 80px !important;}&#8221;][vc_column][vc_column_text css=&#8221;.vc_custom_1674034239495{padding-right: 10% !important;padding-left: 10% !important;}&#8221;]<\/p>\n<h5 style=\"text-align: center;\"><span style=\"color: #99cc66;\">La Caseta del Munt \u00e9s una masia envoltada de silenci i de natura, a 2 km de Castellter\u00e7ol, a la comarca del Moian\u00e8s i molt ben comunicada amb Barcelona, a 40 km.<br \/>\nEncarada al sud, per\u00f2 amb vistes dels Pirineus, la casa gaudeix d\u2019un immens bosc de pins i alzines, i d\u2019una tranquil\u00b7litat absoluta.<\/span><\/h5>\n<p>[\/vc_column_text][vc_empty_space][vc_row_inner][vc_column_inner width=&#8221;1\/3&#8243;][vc_column_text]<\/p>\n<h3><span style=\"color: #99cc66;\"><i class=\"fa fa-home uk-text-primary\"><\/i> ADRE\u00c7A<\/span><\/h3>\n<p>Casa El Munt, afores s\/n<br \/>\n08183 Castellter\u00e7ol<br \/>\nComarca: El Moian\u00e8s<br \/>\nProv\u00edncia: Barcelona<\/p>\n<h3><span style=\"color: #99cc66;\"><i class=\"fa fa-home uk-text-primary\"><\/i> COORDENADES GPS<\/span><\/h3>\n<p>41\u00b044\u20195,92\u2033 N<br \/>\n2\u00b0 6\u201936,94\u2033 E[\/vc_column_text][\/vc_column_inner][vc_column_inner width=&#8221;2\/3&#8243;][vc_column_text]<\/p>\n<h3><span style=\"color: #99cc66;\"><i class=\"fa fa-home uk-text-primary\"><\/i> COM ARRIBAR-HI?<\/span><\/h3>\n<p><strong>Des de Barcelona<\/strong><br \/>\nAgafa la sortida n. 1 de l\u2019autovia AP7, en direcci\u00f3 a Santa Perp\u00e8tua de la Moguda \u2013 Caldes de Monbui.<br \/>\nSegueix la carretera C-59 en direcci\u00f3 a Caldes de Montbui i Sant Feliu de Codines.<br \/>\nDespr\u00e9s de Sant Feliu de Codines s\u2019arriba al poble de Castellter\u00e7ol. Just despr\u00e9s del r\u00e8tol d\u2019entrada al poble trobar\u00e0s 2 sem\u00e0fors molt seguits l\u2019un de l\u2019altre. Despr\u00e9s del segon sem\u00e0for, gira a l\u2019esquerra, en direcci\u00f3 a Granera.<br \/>\nSegueix recte, sempre per dins el poble de Castellter\u00e7ol, i a uns 700 metres trobar\u00e0s la senyalitzaci\u00f3 de El Munt a m\u00e0 esquerra (si surts del poble \u00e9s que t\u2019has passat el senyal).<br \/>\nSegueix recte i desembocar\u00e0s a una pista forestal. Segueix-la i a 2,5 km arribar\u00e0s a la masia El Munt.<\/p>\n<p><strong>Des de Moi\u00e0 (venint de Manresa o Vic)<\/strong><\/p>\n<p>Despr\u00e9s del poble de Moi\u00e0 ja arribar\u00e0s al poble de Castellter\u00e7ol.<br \/>\nA l\u2019arribada del poble trobar\u00e0s una rotonda i seguidament dos sem\u00e0fors. Despr\u00e9s del segon sem\u00e0for gira a la dreta, en direcci\u00f3 a Granera.<br \/>\nSegueix recte, sempre per dins el poble de Castellter\u00e7ol, i a uns 700 metres trobar\u00e0s la senyalitzaci\u00f3 de El Munt a m\u00e0 esquerra (si surts del poble \u00e9s que t\u2019has passat el senyal).<br \/>\nSegueix recte i desembocar\u00e0s a una pista forestal. Segueix-la i a 2,5 km arribar\u00e0s a la masia El Munt.[\/vc_column_text][\/vc_column_inner][\/vc_row_inner][\/vc_column][\/vc_row][vc_row full_width=&#8221;stretch_row_content_no_spaces&#8221;][vc_column][vc_gmaps link=&#8221;#E-8_JTNDaWZyYW1lJTIwc3JjJTNEJTIyaHR0cHMlM0ElMkYlMkZ3d3cuZ29vZ2xlLmNvbSUyRm1hcHMlMkZlbWJlZCUzRnBiJTNEJTIxMW0xOCUyMTFtMTIlMjExbTMlMjExZDM2MzIuNDk5OTA3OTQ5NzY3JTIxMmQyLjEwNzc2MzExNTY3ODQxNDIlMjEzZDQxLjczNDkzMjk4MjMzOTgxJTIxMm0zJTIxMWYwJTIxMmYwJTIxM2YwJTIxM20yJTIxMWkxMDI0JTIxMmk3NjglMjE0ZjEzLjElMjEzbTMlMjExbTIlMjExczB4MTJhNGU4N2M2ZGE0YWJhZiUyNTNBMHhhZjhmMjAwYmEwNDg5ZGM4JTIxMnNFTCUyQk1VTlQlMjE1ZTElMjEzbTIlMjExc2VzJTIxMnNlcyUyMTR2MTU1NDMxMDQzMjEzMiUyMTVtMiUyMTFzZXMlMjEyc2VzJTIyJTIwd2lkdGglM0QlMjIxMDAlMjUlMjIlMjBoZWlnaHQlM0QlMjI0NTAlMjIlMjBmcmFtZWJvcmRlciUzRCUyMjAlMjIlMjBzdHlsZSUzRCUyMmJvcmRlciUzQTAlMjIlMjBhbGxvd2Z1bGxzY3JlZW4lM0UlM0MlMkZpZnJhbWUlM0U=&#8221;][\/vc_column][\/vc_row][vc_row full_width=&#8221;stretch_row&#8221; css=&#8221;.vc_custom_1674203366146{padding-top: 80px !important;padding-bottom: 80px !important;background-image: url(https:\/\/calbernadas.com\/wp-content\/uploads\/2016\/10\/TR_calendari.jpg?id=12716) !important;}&#8221; parallax_speed=&#8221;0.8&#8243; bg_video_transparent=&#8221;0&#8243; el_class=&#8221;cm-icon-big-item&#8221;][vc_column][cs_custom_heading text=&#8221;QUAN&#8221; font_container=&#8221;tag:h1|font_size:40px|text_align:center|color:%23ffffff&#8221; font_format=&#8221;700&#8243; style=&#8221;style-none&#8221; el_class=&#8221;cm-tailor-title-site&#8221;][\/vc_column][\/vc_row][vc_row css=&#8221;.vc_custom_1673972215022{padding-top: 80px !important;padding-bottom: 80px !important;}&#8221;][vc_column][vc_column_text css=&#8221;.vc_custom_1673970487022{padding-right: 10% !important;padding-left: 10% !important;}&#8221;]<\/p>\n<h5 style=\"text-align: center;\"><span style=\"color: #99cc66;\">Qualsevol nit de dilluns a dijous per gaudir de la tranquil\u00b7litat i la intimitat dels dies feiners. I perqu\u00e8 tamb\u00e9 podem ser rom\u00e0ntics entre setmana! <\/span>[\/vc_column_text][vc_empty_space height=&#8221;40px&#8221;][vc_row_inner][vc_column_inner width=&#8221;1\/4&#8243;][\/vc_column_inner][vc_column_inner width=&#8221;1\/2&#8243;][vc_column_text]<\/h5>\n<p style=\"text-align: center;\"><iframe style=\"width: 510px; height: 300px; border: 0;\" src=\"https:\/\/www.avaibook.com\/widgets_propietarios\/loader.php?id=120814&amp;lang=ca\" frameborder=\"0\">Tu navegador no soporta iframes<\/iframe><\/p>\n<div style=\"width: 510px; margin: auto;\"><\/div>\n<p>[\/vc_column_text][\/vc_column_inner][vc_column_inner width=&#8221;1\/4&#8243;][\/vc_column_inner][\/vc_row_inner][\/vc_column][\/vc_row][vc_row full_width=&#8221;stretch_row&#8221; css=&#8221;.vc_custom_1674203478171{padding-top: 100px !important;padding-bottom: 100px !important;background-image: url(https:\/\/calbernadas.com\/wp-content\/uploads\/2016\/10\/TR_contacte.jpg?id=12384) !important;}&#8221; parallax_speed=&#8221;0.8&#8243; bg_video_transparent=&#8221;0&#8243; el_class=&#8221;cm-icon-big-item&#8221;][vc_column][cs_custom_heading text=&#8221;TENS ALGUN DUBTE? EN PARLEM!&#8221; font_container=&#8221;tag:h1|font_size:40px|text_align:center|color:%23ffffff&#8221; font_format=&#8221;700&#8243; style=&#8221;style-none&#8221; el_class=&#8221;cm-tailor-title-site&#8221;][\/vc_column][\/vc_row][vc_row css=&#8221;.vc_custom_1477557874325{padding-top: 80px !important;padding-bottom: 80px !important;}&#8221;][vc_column width=&#8221;1\/4&#8243;][\/vc_column][vc_column width=&#8221;1\/2&#8243; css=&#8221;.vc_custom_1674029332645{margin-left: 120px !important;}&#8221; offset=&#8221;vc_hidden-xs&#8221;]\n<div class=\"wpcf7 no-js\" id=\"wpcf7-f23761-o1\" lang=\"en-US\" dir=\"ltr\">\n<div class=\"screen-reader-response\"><p role=\"status\" aria-live=\"polite\" aria-atomic=\"true\"><\/p> <ul><\/ul><\/div>\n<form action=\"\/ca\/wp-json\/wp\/v2\/pages\/23752#wpcf7-f23761-o1\" method=\"post\" class=\"wpcf7-form init\" aria-label=\"Contact form\" novalidate=\"novalidate\" data-status=\"init\">\n<div style=\"display: none;\">\n<input type=\"hidden\" name=\"_wpcf7\" value=\"23761\" \/>\n<input type=\"hidden\" name=\"_wpcf7_version\" value=\"5.8.2\" \/>\n<input type=\"hidden\" name=\"_wpcf7_locale\" value=\"en_US\" \/>\n<input type=\"hidden\" name=\"_wpcf7_unit_tag\" value=\"wpcf7-f23761-o1\" \/>\n<input type=\"hidden\" name=\"_wpcf7_container_post\" value=\"0\" \/>\n<input type=\"hidden\" name=\"_wpcf7_posted_data_hash\" value=\"\" \/>\n<\/div>\n<div class=\"row\">\n\t<div class=\"col-xs-12 col-sm-12 col-md-12 col-lg-12\">\n\t\t<p><span class=\"wpcf7-form-control-wrap\" data-name=\"nom\"><input size=\"40\" class=\"wpcf7-form-control wpcf7-text wpcf7-validates-as-required name\" id=\"name\" aria-required=\"true\" aria-invalid=\"false\" placeholder=\"El teu nom*\" value=\"\" type=\"text\" name=\"nom\" \/><\/span>\n\t\t<\/p>\n\t<\/div>\n<\/div>\n<div class=\"row\">\n\t<div class=\"col-xs-12 col-sm-12 col-md-12 col-lg-12\">\n\t\t<p><span class=\"wpcf7-form-control-wrap\" data-name=\"email\"><input size=\"40\" class=\"wpcf7-form-control wpcf7-email wpcf7-validates-as-required wpcf7-text wpcf7-validates-as-email email\" id=\"email\" aria-required=\"true\" aria-invalid=\"false\" placeholder=\"El teu e-mail*\" value=\"\" type=\"email\" name=\"email\" \/><\/span>\n\t\t<\/p>\n\t<\/div>\n<\/div>\n<div class=\"row\">\n\t<div class=\"col-xs-12 col-sm-12 col-md-12 col-lg-12\">\n\t\t<p><span class=\"wpcf7-form-control-wrap\" data-name=\"phone\"><input size=\"40\" class=\"wpcf7-form-control wpcf7-text phone\" id=\"phone\" aria-invalid=\"false\" placeholder=\"Tel\u00e8fon\" value=\"\" type=\"text\" name=\"phone\" \/><\/span>\n\t\t<\/p>\n\t<\/div>\n<\/div>\n<div class=\"row\">\n\t<div class=\"col-xs-12 col-sm-12 col-md-12 col-lg-12\">\n\t\t<p><span class=\"wpcf7-form-control-wrap\" data-name=\"entrada\"><input class=\"wpcf7-form-control wpcf7-date wpcf7-validates-as-required wpcf7-validates-as-date\" aria-required=\"true\" aria-invalid=\"false\" placeholder=\"Data d&#039;entrada: &nbsp;\" value=\"\" type=\"date\" name=\"entrada\" \/><\/span>\n\t\t<\/p>\n\t<\/div>\n<\/div>\n<div class=\"row\">\n\t<div class=\"col-xs-12 col-sm-12 col-md-12 col-lg-12\">\n\t\t<p><span class=\"wpcf7-form-control-wrap\" data-name=\"sortida\"><input class=\"wpcf7-form-control wpcf7-date wpcf7-validates-as-required wpcf7-validates-as-date\" aria-required=\"true\" aria-invalid=\"false\" placeholder=\"Data sortida: &nbsp;\" value=\"\" type=\"date\" name=\"sortida\" \/><\/span>\n\t\t<\/p>\n\t<\/div>\n<\/div>\n<div class=\"row\">\n\t<div class=\"col-xs-12 col-sm-12 col-md-12 col-lg-12\">\n\t\t<p><span class=\"wpcf7-form-control-wrap\" data-name=\"msg\"><textarea cols=\"40\" rows=\"10\" class=\"wpcf7-form-control wpcf7-textarea\" aria-invalid=\"false\" placeholder=\"Deixa el teu missatge\" name=\"msg\"><\/textarea><\/span>\n\t\t<\/p>\n\t<\/div>\n<\/div>\n<div class=\"row\">\n\t<div class=\"col-xs-12 col-sm-12 col-md-12 col-lg-12\">\n\t\t<p><span class=\"wpcf7-form-control-wrap\" data-name=\"codipromo\"><input size=\"40\" class=\"wpcf7-form-control wpcf7-text\" aria-invalid=\"false\" placeholder=\"Codi promocional\" value=\"\" type=\"text\" name=\"codipromo\" \/><\/span>\n\t\t<\/p>\n\t<\/div>\n<\/div>\n<div class=\"row\">\n\t<div class=\"col-xs-1 col-sm-1 col-md-1 col-lg-1\">\n\t\t<p><span class=\"wpcf7-form-control-wrap\" data-name=\"acceptar\"><span class=\"wpcf7-form-control wpcf7-acceptance\"><span class=\"wpcf7-list-item\"><input type=\"checkbox\" name=\"acceptar\" value=\"1\" aria-invalid=\"false\" \/><\/span><\/span><\/span>\n\t\t<\/p>\n\t<\/div>\n\t<p>\"He llegit i accepto la <a href=\"https:\/\/calbernadas.com\/ca\/avis-legal\/#privacitat\" target=\"_blank\">pol\u00edtica de privacitat\"<\/a>\n\t<\/p>\n<\/div>\n<div class=\"row\">\n\t<div class=\"col-xs-12 col-sm-12 col-md-12 col-lg-12\">\n\t\t<p>[bwscaptcha bwscaptcha-42]\n\t\t<\/p>\n\t<\/div>\n<\/div>\n<div class=\"row\">\n\t<div class=\"col-xs-12 col-sm-12 col-md-12 col-lg-12\">\n\t\t<p><input class=\"wpcf7-form-control wpcf7-submit has-spinner\" id=\"formulari\" type=\"submit\" value=\"Enviar\" \/>\n\t\t<\/p>\n\t<\/div>\n<\/div><p style=\"display: none !important;\" class=\"akismet-fields-container\" data-prefix=\"_wpcf7_ak_\"><label>&#916;<textarea name=\"_wpcf7_ak_hp_textarea\" cols=\"45\" rows=\"8\" maxlength=\"100\"><\/textarea><\/label><input type=\"hidden\" id=\"ak_js_1\" name=\"_wpcf7_ak_js\" value=\"58\"\/><script>document.getElementById( \"ak_js_1\" ).setAttribute( \"value\", ( new Date() ).getTime() );<\/script><\/p><div class=\"wpcf7-response-output\" aria-hidden=\"true\"><\/div>\n<\/form>\n<\/div>\n[\/vc_column][vc_column width=&#8221;1\/4&#8243;][\/vc_column][\/vc_row][vc_row css=&#8221;.vc_custom_1477557874325{padding-top: 80px !important;padding-bottom: 80px !important;}&#8221;][vc_column width=&#8221;1\/4&#8243;][\/vc_column][vc_column width=&#8221;1\/2&#8243; offset=&#8221;vc_hidden-lg vc_hidden-md vc_hidden-sm&#8221;]\n<div class=\"wpcf7 no-js\" id=\"wpcf7-f23761-o2\" lang=\"en-US\" dir=\"ltr\">\n<div class=\"screen-reader-response\"><p role=\"status\" aria-live=\"polite\" aria-atomic=\"true\"><\/p> <ul><\/ul><\/div>\n<form action=\"\/ca\/wp-json\/wp\/v2\/pages\/23752#wpcf7-f23761-o2\" method=\"post\" class=\"wpcf7-form init\" aria-label=\"Contact form\" novalidate=\"novalidate\" data-status=\"init\">\n<div style=\"display: none;\">\n<input type=\"hidden\" name=\"_wpcf7\" value=\"23761\" \/>\n<input type=\"hidden\" name=\"_wpcf7_version\" value=\"5.8.2\" \/>\n<input type=\"hidden\" name=\"_wpcf7_locale\" value=\"en_US\" \/>\n<input type=\"hidden\" name=\"_wpcf7_unit_tag\" value=\"wpcf7-f23761-o2\" \/>\n<input type=\"hidden\" name=\"_wpcf7_container_post\" value=\"0\" \/>\n<input type=\"hidden\" name=\"_wpcf7_posted_data_hash\" value=\"\" \/>\n<\/div>\n<div class=\"row\">\n\t<div class=\"col-xs-12 col-sm-12 col-md-12 col-lg-12\">\n\t\t<p><span class=\"wpcf7-form-control-wrap\" data-name=\"nom\"><input size=\"40\" class=\"wpcf7-form-control wpcf7-text wpcf7-validates-as-required name\" aria-required=\"true\" aria-invalid=\"false\" placeholder=\"El teu nom*\" value=\"\" type=\"text\" name=\"nom\" \/><\/span>\n\t\t<\/p>\n\t<\/div>\n<\/div>\n<div class=\"row\">\n\t<div class=\"col-xs-12 col-sm-12 col-md-12 col-lg-12\">\n\t\t<p><span class=\"wpcf7-form-control-wrap\" data-name=\"email\"><input size=\"40\" class=\"wpcf7-form-control wpcf7-email wpcf7-validates-as-required wpcf7-text wpcf7-validates-as-email email\" aria-required=\"true\" aria-invalid=\"false\" placeholder=\"El teu e-mail*\" value=\"\" type=\"email\" name=\"email\" \/><\/span>\n\t\t<\/p>\n\t<\/div>\n<\/div>\n<div class=\"row\">\n\t<div class=\"col-xs-12 col-sm-12 col-md-12 col-lg-12\">\n\t\t<p><span class=\"wpcf7-form-control-wrap\" data-name=\"phone\"><input size=\"40\" class=\"wpcf7-form-control wpcf7-text phone\" aria-invalid=\"false\" placeholder=\"Tel\u00e8fon\" value=\"\" type=\"text\" name=\"phone\" \/><\/span>\n\t\t<\/p>\n\t<\/div>\n<\/div>\n<div class=\"row\">\n\t<div class=\"col-xs-12 col-sm-12 col-md-12 col-lg-12\">\n\t\t<p><span class=\"wpcf7-form-control-wrap\" data-name=\"entrada\"><input class=\"wpcf7-form-control wpcf7-date wpcf7-validates-as-required wpcf7-validates-as-date\" aria-required=\"true\" aria-invalid=\"false\" placeholder=\"Data d&#039;entrada: &nbsp;\" value=\"\" type=\"date\" name=\"entrada\" \/><\/span>\n\t\t<\/p>\n\t<\/div>\n<\/div>\n<div class=\"row\">\n\t<div class=\"col-xs-12 col-sm-12 col-md-12 col-lg-12\">\n\t\t<p><span class=\"wpcf7-form-control-wrap\" data-name=\"sortida\"><input class=\"wpcf7-form-control wpcf7-date wpcf7-validates-as-required wpcf7-validates-as-date\" aria-required=\"true\" aria-invalid=\"false\" placeholder=\"Data sortida: &nbsp;\" value=\"\" type=\"date\" name=\"sortida\" \/><\/span>\n\t\t<\/p>\n\t<\/div>\n<\/div>\n<div class=\"row\">\n\t<div class=\"col-xs-12 col-sm-12 col-md-12 col-lg-12\">\n\t\t<p><span class=\"wpcf7-form-control-wrap\" data-name=\"msg\"><textarea cols=\"40\" rows=\"10\" class=\"wpcf7-form-control wpcf7-textarea\" aria-invalid=\"false\" placeholder=\"Deixa el teu missatge\" name=\"msg\"><\/textarea><\/span>\n\t\t<\/p>\n\t<\/div>\n<\/div>\n<div class=\"row\">\n\t<div class=\"col-xs-12 col-sm-12 col-md-12 col-lg-12\">\n\t\t<p><span class=\"wpcf7-form-control-wrap\" data-name=\"codipromo\"><input size=\"40\" class=\"wpcf7-form-control wpcf7-text\" aria-invalid=\"false\" placeholder=\"Codi promocional\" value=\"\" type=\"text\" name=\"codipromo\" \/><\/span>\n\t\t<\/p>\n\t<\/div>\n<\/div>\n<div class=\"row\">\n\t<div class=\"col-xs-1 col-sm-1 col-md-1 col-lg-1\">\n\t\t<p><span class=\"wpcf7-form-control-wrap\" data-name=\"acceptar\"><span class=\"wpcf7-form-control wpcf7-acceptance\"><span class=\"wpcf7-list-item\"><input type=\"checkbox\" name=\"acceptar\" value=\"1\" aria-invalid=\"false\" \/><\/span><\/span><\/span>\n\t\t<\/p>\n\t<\/div>\n\t<p>\"He llegit i accepto la <a href=\"https:\/\/calbernadas.com\/ca\/avis-legal\/#privacitat\" target=\"_blank\">pol\u00edtica de privacitat\"<\/a>\n\t<\/p>\n<\/div>\n<div class=\"row\">\n\t<div class=\"col-xs-12 col-sm-12 col-md-12 col-lg-12\">\n\t\t<p>[bwscaptcha bwscaptcha-42]\n\t\t<\/p>\n\t<\/div>\n<\/div>\n<div class=\"row\">\n\t<div class=\"col-xs-12 col-sm-12 col-md-12 col-lg-12\">\n\t\t<p><input class=\"wpcf7-form-control wpcf7-submit has-spinner\" type=\"submit\" value=\"Enviar\" \/>\n\t\t<\/p>\n\t<\/div>\n<\/div><p style=\"display: none !important;\" class=\"akismet-fields-container\" data-prefix=\"_wpcf7_ak_\"><label>&#916;<textarea name=\"_wpcf7_ak_hp_textarea\" cols=\"45\" rows=\"8\" maxlength=\"100\"><\/textarea><\/label><input type=\"hidden\" id=\"ak_js_2\" name=\"_wpcf7_ak_js\" value=\"65\"\/><script>document.getElementById( \"ak_js_2\" ).setAttribute( \"value\", ( new Date() ).getTime() );<\/script><\/p><div class=\"wpcf7-response-output\" aria-hidden=\"true\"><\/div>\n<\/form>\n<\/div>\n[\/vc_column][vc_column width=&#8221;1\/4&#8243;][\/vc_column][\/vc_row][vc_row full_width=&#8221;stretch_row&#8221; css=&#8221;.vc_custom_1674203507889{padding-top: 100px !important;padding-bottom: 100px !important;background-image: url(https:\/\/calbernadas.com\/wp-content\/uploads\/2016\/10\/CB_TR_TESTIMONIS-franja.jpg?id=12723) !important;}&#8221; parallax_speed=&#8221;0.8&#8243; bg_video_transparent=&#8221;0&#8243; el_class=&#8221;cm-icon-big-item&#8221;][vc_column][cs_custom_heading text=&#8221;ENS DIUEN QUE&#8230;&#8221; font_container=&#8221;tag:h1|font_size:40px|text_align:center|color:%23ffffff&#8221; font_format=&#8221;700&#8243; style=&#8221;style-none&#8221; el_class=&#8221;cm-tailor-title-site&#8221;][\/vc_column][\/vc_row][vc_row full_width=&#8221;stretch_row&#8221; css=&#8221;.vc_custom_1674732675535{padding-top: 80px !important;padding-bottom: 80px !important;}&#8221;][vc_column][vc_empty_space height=&#8221;40px&#8221;]\r\n        <div id=\"cshero_testimonial1777624105_169f46429a42ee\" class=\"cshero-testimonial testimonial-layout1 testimonial-slide \">\r\n                        <div class=\"cshero-testimonial-wrapper\">\r\n                                    <div id=\"cshero_testimonial_1777624105_169f46429a42ee\" data-mode=\"horizontal\" data-moveslides=\"1\" data-auto=\"0\" data-speed=\"500\" data-prevselector=\"#cshero_testimonial1777624105_169f46429a42ee .prev\" data-nextselector=\"#cshero_testimonial1777624105_169f46429a42ee .next\" data-prevText=\"<i class='fa fa-angle-left'><\/i>\" data-nextText=\"<i class='fa fa-angle-right'><\/i>\" data-pagerSelector=\"#cshero_testimonial1777624105_169f46429a42ee .cshero-control\" data-onsliderload=\"true\" data-touchenabled=\"1\" data-controls=\"true\" data-pager=\"0\" data-pause=\"4000\" data-infiniteloop=\"true\" data-adaptiveheight=\"true\"  data-autohover=\"true\" data-slidemargin=\"30\" data-maxslides=\"3\" data-minslides=\"1\" data-slidewidth=\"500\" data-slideselector=\"\" data-easing=\"swing\" data-usecss=\"\" data-resize=\"1\" class=\"slider jm-bxslider\">\r\n                                \r\n                                            <div class=\"cshero-testimonial-item\">\r\n                            \n<article id=\"post-24599\"  class=\"cshero_testimonial_content clearfix\" style=\"padding:15px;color:#666666;\">\n     \n    <div class=\"cshero-testimonial-image left\">\n        <img alt=\"\" src=\"https:\/\/calbernadas.com\/wp-content\/uploads\/2015\/01\/CB_TESTIMONIS_ocell-150x200_c.png\" align=\"left\" style=\"border-radius:0;-webkit-border-radius:0;-moz-border-radius:0;-ms-border-radius:0;-o-border-radius:0;margin-right:20px;\" \/>    <\/div>\n        \n            <div class=\"cshero-testimonial-content text-left\" style=\"padding-left:180px\">\n                            <div class=\"cshero-testimonial-description\">\n                    <div class=\"cshero-testimonial-text\">\n                                                La Caseta del Munt \u00e9s un lloc id\u00edl\u00b7lic on hem pogut descansar i desconnectar del tot. \u00c9s dif\u00edcil descriure la tranquilitat que s\u2019hi respira. L\u2019espai \u00e9s molt acollidor, i no hi falta de res, per\u00f2 amb el que sens dubte ens quedem \u00e9s amb el foc a terra que el fa encara mes c\u00e0lid.\r\n\u00c9s una experci\u00e8ncia \u00fanica per descansar en parella!\r\n\r\n<span style=\"color: #999999;\">Gener 2023<\/span                                            <\/div>\n                <\/div>\n                                        <h3 class=\"cshero-testimonial-title\" style=\"color:#666666\">\n                    Emma\u00a0i\u00a0Aitor                <\/h3>\n                        \n            \n        <\/div>\n        \n<\/article>\n\n                        <\/div>\r\n                                        \r\n                <\/div>\r\n                                                                <div class=\"cshero-nav 1 default\">\r\n                    <ul>\r\n                        <li class=\"prev\" style=\"left:auto;\"><\/li>\r\n                        <li class=\"next\" style=\"right:auto;\"><\/li>\r\n                    <\/ul>\r\n                <\/div>\r\n                                            <\/div>\r\n        <\/div>\r\n        [\/vc_column][\/vc_row]<\/p>\n","protected":false},"excerpt":{"rendered":"<p>[vc_row full_width=&#8221;stretch_row_content&#8221; css=&#8221;.vc_custom_1490377999104{margin-bottom: -40px !important;border-bottom-width: -40px !important;}&#8221;][vc_column][rev_slider_vc alias=&#8221;cat-tr_la-barraca46-1&#8243;][\/vc_column][\/vc_row][vc_row full_width=&#8221;stretch_row&#8221; css=&#8221;.vc_custom_1673968631496{padding-top: 80px !important;padding-bottom: 80px !important;background-color: #ffffff !important;}&#8221;][vc_column width=&#8221;1\/6&#8243;][\/vc_column][vc_column width=&#8221;2\/3&#8243;][vc_column_text] A Cal [&hellip;]<\/p>\n","protected":false},"author":1,"featured_media":0,"parent":12022,"menu_order":0,"comment_status":"closed","ping_status":"closed","template":"","meta":{"footnotes":""},"yoast_head":"<!-- This site is optimized with the Yoast SEO plugin v21.5 - https:\/\/yoast.com\/wordpress\/plugins\/seo\/ -->\n<title>LA CASETA DEL MUNT - Cal Bernad\u00e0s<\/title>\n<meta name=\"robots\" content=\"index, follow, max-snippet:-1, max-image-preview:large, max-video-preview:-1\" \/>\n<link rel=\"canonical\" href=\"https:\/\/calbernadas.com\/ca\/turisme-rural\/la-caseta-del-munt\/\" \/>\n<meta property=\"og:locale\" content=\"ca_ES\" \/>\n<meta property=\"og:type\" content=\"article\" \/>\n<meta property=\"og:title\" content=\"LA CASETA DEL MUNT - Cal Bernad\u00e0s\" \/>\n<meta property=\"og:description\" content=\"[vc_row full_width=&#8221;stretch_row_content&#8221; css=&#8221;.vc_custom_1490377999104{margin-bottom: -40px !important;border-bottom-width: -40px !important;}&#8221;][vc_column][rev_slider_vc alias=&#8221;cat-tr_la-barraca46-1&#8243;][\/vc_column][\/vc_row][vc_row full_width=&#8221;stretch_row&#8221; css=&#8221;.vc_custom_1673968631496{padding-top: 80px !important;padding-bottom: 80px !important;background-color: #ffffff !important;}&#8221;][vc_column width=&#8221;1\/6&#8243;][\/vc_column][vc_column width=&#8221;2\/3&#8243;][vc_column_text] A Cal [&hellip;]\" \/>\n<meta property=\"og:url\" content=\"https:\/\/calbernadas.com\/ca\/turisme-rural\/la-caseta-del-munt\/\" \/>\n<meta property=\"og:site_name\" content=\"Cal Bernad\u00e0s\" \/>\n<meta property=\"article:publisher\" content=\"https:\/\/www.facebook.com\/calbernadas\" \/>\n<meta property=\"article:modified_time\" content=\"2026-03-18T09:44:38+00:00\" \/>\n<meta property=\"og:image\" content=\"https:\/\/www.calbernadas.com\/images\/TR\/font-awesome\/key195.png\" \/>\n<meta name=\"twitter:card\" content=\"summary_large_image\" \/>\n<meta name=\"twitter:site\" content=\"@calbernadas\" \/>\n<meta name=\"twitter:label1\" content=\"Temps estimat de lectura\" \/>\n\t<meta name=\"twitter:data1\" content=\"9 minuts\" \/>\n<script type=\"application\/ld+json\" class=\"yoast-schema-graph\">{\"@context\":\"https:\/\/schema.org\",\"@graph\":[{\"@type\":\"WebPage\",\"@id\":\"https:\/\/calbernadas.com\/ca\/turisme-rural\/la-caseta-del-munt\/\",\"url\":\"https:\/\/calbernadas.com\/ca\/turisme-rural\/la-caseta-del-munt\/\",\"name\":\"LA CASETA DEL MUNT - Cal Bernad\u00e0s\",\"isPartOf\":{\"@id\":\"https:\/\/calbernadas.com\/ca\/#website\"},\"datePublished\":\"2023-01-18T09:32:08+00:00\",\"dateModified\":\"2026-03-18T09:44:38+00:00\",\"breadcrumb\":{\"@id\":\"https:\/\/calbernadas.com\/ca\/turisme-rural\/la-caseta-del-munt\/#breadcrumb\"},\"inLanguage\":\"ca\",\"potentialAction\":[{\"@type\":\"ReadAction\",\"target\":[\"https:\/\/calbernadas.com\/ca\/turisme-rural\/la-caseta-del-munt\/\"]}]},{\"@type\":\"BreadcrumbList\",\"@id\":\"https:\/\/calbernadas.com\/ca\/turisme-rural\/la-caseta-del-munt\/#breadcrumb\",\"itemListElement\":[{\"@type\":\"ListItem\",\"position\":1,\"name\":\"Portada\",\"item\":\"https:\/\/calbernadas.com\/ca\/\"},{\"@type\":\"ListItem\",\"position\":2,\"name\":\"Cases\",\"item\":\"https:\/\/calbernadas.com\/ca\/turisme-rural\/\"},{\"@type\":\"ListItem\",\"position\":3,\"name\":\"LA CASETA DEL MUNT\"}]},{\"@type\":\"WebSite\",\"@id\":\"https:\/\/calbernadas.com\/ca\/#website\",\"url\":\"https:\/\/calbernadas.com\/ca\/\",\"name\":\"Cal Bernad\u00e0s\",\"description\":\"Turisme rural\",\"publisher\":{\"@id\":\"https:\/\/calbernadas.com\/ca\/#organization\"},\"potentialAction\":[{\"@type\":\"SearchAction\",\"target\":{\"@type\":\"EntryPoint\",\"urlTemplate\":\"https:\/\/calbernadas.com\/ca\/?s={search_term_string}\"},\"query-input\":\"required name=search_term_string\"}],\"inLanguage\":\"ca\"},{\"@type\":\"Organization\",\"@id\":\"https:\/\/calbernadas.com\/ca\/#organization\",\"name\":\"Cal Bernad\u00e0s\",\"url\":\"https:\/\/calbernadas.com\/ca\/\",\"logo\":{\"@type\":\"ImageObject\",\"inLanguage\":\"ca\",\"@id\":\"https:\/\/calbernadas.com\/ca\/#\/schema\/logo\/image\/\",\"url\":\"https:\/\/calbernadas.com\/wp-content\/uploads\/2017\/03\/logo_calbernadas2.png\",\"contentUrl\":\"https:\/\/calbernadas.com\/wp-content\/uploads\/2017\/03\/logo_calbernadas2.png\",\"width\":169,\"height\":156,\"caption\":\"Cal Bernad\u00e0s\"},\"image\":{\"@id\":\"https:\/\/calbernadas.com\/ca\/#\/schema\/logo\/image\/\"},\"sameAs\":[\"https:\/\/www.facebook.com\/calbernadas\",\"https:\/\/twitter.com\/calbernadas\",\"https:\/\/instagram.com\/calbernadas\/\",\"http:\/\/www.youtube.es\/calbernadas\"]}]}<\/script>\n<!-- \/ Yoast SEO plugin. -->","yoast_head_json":{"title":"LA CASETA DEL MUNT - Cal Bernad\u00e0s","robots":{"index":"index","follow":"follow","max-snippet":"max-snippet:-1","max-image-preview":"max-image-preview:large","max-video-preview":"max-video-preview:-1"},"canonical":"https:\/\/calbernadas.com\/ca\/turisme-rural\/la-caseta-del-munt\/","og_locale":"ca_ES","og_type":"article","og_title":"LA CASETA DEL MUNT - Cal Bernad\u00e0s","og_description":"[vc_row full_width=&#8221;stretch_row_content&#8221; css=&#8221;.vc_custom_1490377999104{margin-bottom: -40px !important;border-bottom-width: -40px !important;}&#8221;][vc_column][rev_slider_vc alias=&#8221;cat-tr_la-barraca46-1&#8243;][\/vc_column][\/vc_row][vc_row full_width=&#8221;stretch_row&#8221; css=&#8221;.vc_custom_1673968631496{padding-top: 80px !important;padding-bottom: 80px !important;background-color: #ffffff !important;}&#8221;][vc_column width=&#8221;1\/6&#8243;][\/vc_column][vc_column width=&#8221;2\/3&#8243;][vc_column_text] A Cal [&hellip;]","og_url":"https:\/\/calbernadas.com\/ca\/turisme-rural\/la-caseta-del-munt\/","og_site_name":"Cal Bernad\u00e0s","article_publisher":"https:\/\/www.facebook.com\/calbernadas","article_modified_time":"2026-03-18T09:44:38+00:00","og_image":[{"url":"https:\/\/www.calbernadas.com\/images\/TR\/font-awesome\/key195.png"}],"twitter_card":"summary_large_image","twitter_site":"@calbernadas","twitter_misc":{"Temps estimat de lectura":"9 minuts"},"schema":{"@context":"https:\/\/schema.org","@graph":[{"@type":"WebPage","@id":"https:\/\/calbernadas.com\/ca\/turisme-rural\/la-caseta-del-munt\/","url":"https:\/\/calbernadas.com\/ca\/turisme-rural\/la-caseta-del-munt\/","name":"LA CASETA DEL MUNT - Cal Bernad\u00e0s","isPartOf":{"@id":"https:\/\/calbernadas.com\/ca\/#website"},"datePublished":"2023-01-18T09:32:08+00:00","dateModified":"2026-03-18T09:44:38+00:00","breadcrumb":{"@id":"https:\/\/calbernadas.com\/ca\/turisme-rural\/la-caseta-del-munt\/#breadcrumb"},"inLanguage":"ca","potentialAction":[{"@type":"ReadAction","target":["https:\/\/calbernadas.com\/ca\/turisme-rural\/la-caseta-del-munt\/"]}]},{"@type":"BreadcrumbList","@id":"https:\/\/calbernadas.com\/ca\/turisme-rural\/la-caseta-del-munt\/#breadcrumb","itemListElement":[{"@type":"ListItem","position":1,"name":"Portada","item":"https:\/\/calbernadas.com\/ca\/"},{"@type":"ListItem","position":2,"name":"Cases","item":"https:\/\/calbernadas.com\/ca\/turisme-rural\/"},{"@type":"ListItem","position":3,"name":"LA CASETA DEL MUNT"}]},{"@type":"WebSite","@id":"https:\/\/calbernadas.com\/ca\/#website","url":"https:\/\/calbernadas.com\/ca\/","name":"Cal Bernad\u00e0s","description":"Turisme rural","publisher":{"@id":"https:\/\/calbernadas.com\/ca\/#organization"},"potentialAction":[{"@type":"SearchAction","target":{"@type":"EntryPoint","urlTemplate":"https:\/\/calbernadas.com\/ca\/?s={search_term_string}"},"query-input":"required name=search_term_string"}],"inLanguage":"ca"},{"@type":"Organization","@id":"https:\/\/calbernadas.com\/ca\/#organization","name":"Cal Bernad\u00e0s","url":"https:\/\/calbernadas.com\/ca\/","logo":{"@type":"ImageObject","inLanguage":"ca","@id":"https:\/\/calbernadas.com\/ca\/#\/schema\/logo\/image\/","url":"https:\/\/calbernadas.com\/wp-content\/uploads\/2017\/03\/logo_calbernadas2.png","contentUrl":"https:\/\/calbernadas.com\/wp-content\/uploads\/2017\/03\/logo_calbernadas2.png","width":169,"height":156,"caption":"Cal Bernad\u00e0s"},"image":{"@id":"https:\/\/calbernadas.com\/ca\/#\/schema\/logo\/image\/"},"sameAs":["https:\/\/www.facebook.com\/calbernadas","https:\/\/twitter.com\/calbernadas","https:\/\/instagram.com\/calbernadas\/","http:\/\/www.youtube.es\/calbernadas"]}]}},"_links":{"self":[{"href":"https:\/\/calbernadas.com\/ca\/wp-json\/wp\/v2\/pages\/23752"}],"collection":[{"href":"https:\/\/calbernadas.com\/ca\/wp-json\/wp\/v2\/pages"}],"about":[{"href":"https:\/\/calbernadas.com\/ca\/wp-json\/wp\/v2\/types\/page"}],"author":[{"embeddable":true,"href":"https:\/\/calbernadas.com\/ca\/wp-json\/wp\/v2\/users\/1"}],"replies":[{"embeddable":true,"href":"https:\/\/calbernadas.com\/ca\/wp-json\/wp\/v2\/comments?post=23752"}],"version-history":[{"count":28,"href":"https:\/\/calbernadas.com\/ca\/wp-json\/wp\/v2\/pages\/23752\/revisions"}],"predecessor-version":[{"id":27786,"href":"https:\/\/calbernadas.com\/ca\/wp-json\/wp\/v2\/pages\/23752\/revisions\/27786"}],"up":[{"embeddable":true,"href":"https:\/\/calbernadas.com\/ca\/wp-json\/wp\/v2\/pages\/12022"}],"wp:attachment":[{"href":"https:\/\/calbernadas.com\/ca\/wp-json\/wp\/v2\/media?parent=23752"}],"curies":[{"name":"wp","href":"https:\/\/api.w.org\/{rel}","templated":true}]}}