{"id":12197,"date":"2016-10-26T06:46:48","date_gmt":"2016-10-26T06:46:48","guid":{"rendered":"https:\/\/calbernadas.com\/?page_id=12197"},"modified":"2017-11-29T10:42:44","modified_gmt":"2017-11-29T09:42:44","slug":"bergueda","status":"publish","type":"page","link":"https:\/\/calbernadas.com\/ca\/entorn\/bergueda\/","title":{"rendered":"BERGUED\u00c0"},"content":{"rendered":"<p>[vc_row full_width=&#8221;stretch_row_content&#8221;][vc_column]    <div id=\"carousel\" class=\"carousel slide\" data-ride=\"carousel\">\r\n        <!-- Indicators -->\r\n                 <!-- Wrapper for slides -->\r\n        <div class=\"carousel-inner\" role=\"listbox\">\r\n                                    <div class=\"item active\">\r\n                <img src=\"https:\/\/calbernadas.com\/wp-content\/uploads\/2016\/10\/TR_ENTORN_SLIDE_bergueda.jpg\" alt=\"image2\"\/>\r\n                <div class=\"carousel-caption\">\r\n                <\/div>\r\n            <\/div>\r\n                                    <div class=\"item \">\r\n                <img src=\"https:\/\/calbernadas.com\/wp-content\/uploads\/2016\/11\/CB_ENTO_bergueda_SLIDE_7.jpg\" alt=\"image2\"\/>\r\n                <div class=\"carousel-caption\">\r\n                <\/div>\r\n            <\/div>\r\n                                    <div class=\"item \">\r\n                <img src=\"https:\/\/calbernadas.com\/wp-content\/uploads\/2016\/11\/CB_ENTO_bergueda_SLIDE_2.jpg\" alt=\"image2\"\/>\r\n                <div class=\"carousel-caption\">\r\n                <\/div>\r\n            <\/div>\r\n                                    <div class=\"item \">\r\n                <img src=\"https:\/\/calbernadas.com\/wp-content\/uploads\/2016\/11\/CB_ENTO_bergueda_SLIDE_8.jpg\" alt=\"image2\"\/>\r\n                <div class=\"carousel-caption\">\r\n                <\/div>\r\n            <\/div>\r\n                                    <div class=\"item \">\r\n                <img src=\"https:\/\/calbernadas.com\/wp-content\/uploads\/2016\/11\/CB_ENTO_bergueda_SLIDE_1.jpg\" alt=\"image2\"\/>\r\n                <div class=\"carousel-caption\">\r\n                <\/div>\r\n            <\/div>\r\n                                    <div class=\"item \">\r\n                <img src=\"https:\/\/calbernadas.com\/wp-content\/uploads\/2016\/11\/CB_ENTO_bergueda_SLIDE_3.jpg\" alt=\"image2\"\/>\r\n                <div class=\"carousel-caption\">\r\n                <\/div>\r\n            <\/div>\r\n                                    <div class=\"item \">\r\n                <img src=\"https:\/\/calbernadas.com\/wp-content\/uploads\/2016\/11\/CB_ENTO_bergueda_SLIDE_4.jpg\" alt=\"image2\"\/>\r\n                <div class=\"carousel-caption\">\r\n                <\/div>\r\n            <\/div>\r\n                                    <div class=\"item \">\r\n                <img src=\"https:\/\/calbernadas.com\/wp-content\/uploads\/2016\/11\/CB_ENTO_bergueda_SLIDE_5.jpg\" alt=\"image2\"\/>\r\n                <div class=\"carousel-caption\">\r\n                <\/div>\r\n            <\/div>\r\n                                    <div class=\"item \">\r\n                <img src=\"https:\/\/calbernadas.com\/wp-content\/uploads\/2016\/11\/CB_ENTO_bergueda_SLIDE_6.jpg\" alt=\"image2\"\/>\r\n                <div class=\"carousel-caption\">\r\n                <\/div>\r\n            <\/div>\r\n                    <\/div>\r\n\r\n        <!-- Controls -->\r\n        <a class=\"left carousel-control\" href=\"#carousel\" role=\"button\" data-slide=\"prev\">\r\n            <span class=\"fa fa-chevron-left\" aria-hidden=\"true\"><\/span>\r\n            <span class=\"sr-only\">Previous<\/span>\r\n        <\/a>\r\n        <a class=\"right carousel-control\" href=\"#carousel\" role=\"button\" data-slide=\"next\">\r\n            <span class=\"fa fa-chevron-right\" aria-hidden=\"true\"><\/span>\r\n            <span class=\"sr-only\">Next<\/span>\r\n        <\/a>\r\n        \r\n    <\/div>\r\n        [\/vc_column][\/vc_row][vc_row css=&#8221;.vc_custom_1477971546965{padding-top: 80px !important;padding-bottom: 80px !important;}&#8221;][vc_column width=&#8221;1\/4&#8243;][\/vc_column][vc_column width=&#8221;1\/2&#8243;][vc_column_text]<\/p>\n<h1 style=\"text-align: center;\"><span style=\"color: #996633;\">ENTORN M\u00c9S PR\u00d2XIM A LA CASA,<br \/>\nA CASSERRES <\/span><\/h1>\n<p>[\/vc_column_text][\/vc_column][vc_column width=&#8221;1\/4&#8243;][\/vc_column][\/vc_row][vc_row full_width=&#8221;stretch_row_content_no_spaces&#8221;][vc_column][vc_gallery type=&#8221;image_grid&#8221; images=&#8221;12762,12763,12764,12765,12766,12767,12768,12769&#8243; img_size=&#8221;full&#8221; el_class=&#8221; cols4&#8243;][\/vc_column][\/vc_row][vc_row css=&#8221;.vc_custom_1477557874325{padding-top: 80px !important;padding-bottom: 80px !important;}&#8221;][vc_column width=&#8221;1\/4&#8243;][\/vc_column][vc_column width=&#8221;1\/2&#8243;][cs_custom_heading text=&#8221;A TOT EL BERGUED\u00c0&#8221; font_container=&#8221;tag:h1|font_size:40px|text_align:center|color:%23996633&#8243; font_format=&#8221;700&#8243; style=&#8221;style-none&#8221; el_class=&#8221;cm-tailor-title-site&#8221;][vc_column_text]<\/p>\n<h5 style=\"text-align: center;\"><span style=\"color: #996633;\">A continuaci\u00f3 trobar\u00e0s v\u00e0ries propostes, per\u00f2 n\u2019existeixen moltes m\u00e9s! Aix\u00ed que ja ho saps, tu explica\u2019ns quins desitjos tens i nosaltres t\u2019informarem de tot el ventall de possibilitats que ofereix el Bergued\u00e0..<\/span><\/h5>\n<p>[\/vc_column_text][\/vc_column][vc_column width=&#8221;1\/4&#8243;][\/vc_column][\/vc_row][vc_row full_width=&#8221;stretch_row&#8221; gap=&#8221;15&#8243; css=&#8221;.vc_custom_1478140675727{padding-top: 15px !important;padding-bottom: 15px !important;}&#8221;][vc_column width=&#8221;1\/2&#8243;][vc_row_inner css=&#8221;.vc_custom_1477994399761{margin: 0px !important;padding: 0px !important;background-color: #ffffff !important;border: 1px solid #dddddd !important;}&#8221;][vc_column_inner css=&#8221;.vc_custom_1477994409192{margin: 0px !important;border-width: 0px !important;padding: 0px !important;}&#8221;][vc_column_text css=&#8221;.vc_custom_1478140786397{margin: 0px !important;}&#8221;]<img decoding=\"async\" loading=\"lazy\" class=\"aligncenter size-full wp-image-12774\" src=\"https:\/\/calbernadas.com\/wp-content\/uploads\/2016\/11\/CB_ENTO_bergueda_ENTORN.jpg\" alt=\"cb_ento_bergueda_entorn\" width=\"850\" height=\"413\" srcset=\"https:\/\/calbernadas.com\/wp-content\/uploads\/2016\/11\/CB_ENTO_bergueda_ENTORN.jpg 850w, https:\/\/calbernadas.com\/wp-content\/uploads\/2016\/11\/CB_ENTO_bergueda_ENTORN-300x146.jpg 300w, https:\/\/calbernadas.com\/wp-content\/uploads\/2016\/11\/CB_ENTO_bergueda_ENTORN-768x373.jpg 768w\" sizes=\"(max-width: 850px) 100vw, 850px\" \/>[\/vc_column_text][cs_custom_heading text=&#8221;ENTORN&#8221; font_container=&#8221;tag:h2|font_size:30px|text_align:center|color:%23ffffff|line_height:30px&#8221; font_format=&#8221;300&#8243; style=&#8221;style-none&#8221; el_class=&#8221;cm-tailor-title-site&#8221; css=&#8221;.vc_custom_1478142275571{margin-top: 0px !important;margin-right: 0px !important;margin-bottom: 0px !important;margin-left: 0px !important;border-top-width: 0px !important;border-right-width: 0px !important;border-bottom-width: 0px !important;border-left-width: 0px !important;padding-top: 10px !important;padding-right: 10px !important;padding-bottom: 10px !important;padding-left: 10px !important;background-color: #c68c53 !important;}&#8221;][vc_column_text css=&#8221;.vc_custom_1478140881963{margin-bottom: 0px !important;padding-top: 10px !important;padding-right: 10px !important;padding-bottom: 10px !important;padding-left: 10px !important;background-color: #c68c53 !important;}&#8221;]<\/p>\n<p style=\"text-align: center;\"><span style=\"color: #ffffff;\">PER NO PARAR<\/span><\/p>\n<p>[\/vc_column_text][vc_column_text css=&#8221;.vc_custom_1478140914096{padding-top: 30px !important;padding-right: 22% !important;padding-bottom: 30px !important;padding-left: 22% !important;}&#8221;]<span style=\"color: #c68c53;\">EL PEDRAFORCA<\/span><\/p>\n<hr \/>\n<p><span style=\"color: #c68c53;\">ELS RASOS DE PEGUERA<\/span><\/p>\n<hr \/>\n<p><span style=\"color: #c68c53;\">QUERALT<\/span><\/p>\n<hr \/>\n<p><span style=\"color: #c68c53;\">EL PLA D&#8217;ANYELLA (DE CASTELLAR DE N&#8217;HUG A LA MOLINA)<\/span><\/p>\n<hr \/>\n<p><span style=\"color: #c68c53;\">LA RIERA DE MERL\u00c8S I LES GOLES DE LES EURES<\/span>[\/vc_column_text][\/vc_column_inner][\/vc_row_inner][\/vc_column][vc_column width=&#8221;1\/2&#8243;][vc_row_inner css=&#8221;.vc_custom_1477994399761{margin: 0px !important;padding: 0px !important;background-color: #ffffff !important;border: 1px solid #dddddd !important;}&#8221;][vc_column_inner css=&#8221;.vc_custom_1477994409192{margin: 0px !important;border-width: 0px !important;padding: 0px !important;}&#8221;][vc_column_text css=&#8221;.vc_custom_1478141661413{margin-top: 0px !important;margin-right: 0px !important;margin-bottom: 0px !important;margin-left: 0px !important;}&#8221;]<img decoding=\"async\" loading=\"lazy\" class=\"aligncenter size-full wp-image-12778\" src=\"https:\/\/calbernadas.com\/wp-content\/uploads\/2016\/11\/CB_ENTO_bergueda_CULTURA.jpg\" alt=\"cb_ento_bergueda_cultura\" width=\"850\" height=\"413\" srcset=\"https:\/\/calbernadas.com\/wp-content\/uploads\/2016\/11\/CB_ENTO_bergueda_CULTURA.jpg 850w, https:\/\/calbernadas.com\/wp-content\/uploads\/2016\/11\/CB_ENTO_bergueda_CULTURA-300x146.jpg 300w, https:\/\/calbernadas.com\/wp-content\/uploads\/2016\/11\/CB_ENTO_bergueda_CULTURA-768x373.jpg 768w\" sizes=\"(max-width: 850px) 100vw, 850px\" \/>[\/vc_column_text][cs_custom_heading text=&#8221;ART I CULTURA&#8221; font_container=&#8221;tag:h2|font_size:30px|text_align:center|color:%23ffffff|line_height:30px&#8221; font_format=&#8221;300&#8243; style=&#8221;style-none&#8221; el_class=&#8221;cm-tailor-title-site&#8221; css=&#8221;.vc_custom_1478142313564{margin-top: 0px !important;margin-right: 0px !important;margin-bottom: 0px !important;margin-left: 0px !important;border-top-width: 0px !important;border-right-width: 0px !important;border-bottom-width: 0px !important;border-left-width: 0px !important;padding-top: 10px !important;padding-right: 10px !important;padding-bottom: 10px !important;padding-left: 10px !important;background-color: #c68c53 !important;}&#8221;][vc_column_text css=&#8221;.vc_custom_1478141706492{margin-bottom: 0px !important;padding-top: 10px !important;padding-right: 10px !important;padding-bottom: 10px !important;padding-left: 10px !important;background-color: #c68c53 !important;}&#8221;]<\/p>\n<p style=\"text-align: center;\"><span style=\"color: #ffffff;\">ACTIVA LA MENT D&#8217;UNA FORMA DIFERENT<\/span><\/p>\n<p>[\/vc_column_text][vc_column_text css=&#8221;.vc_custom_1478141751037{padding-top: 30px !important;padding-right: 22% !important;padding-bottom: 30px !important;padding-left: 22% !important;}&#8221;]<a href=\"http:\/\/www.museucoloniavidal.org\/\" target=\"_blank\" rel=\"noopener noreferrer\">COL\u00d2NIA T\u00c8XTIL CAL VIDAL<\/a><\/p>\n<hr \/>\n<p>LA TORRE DE L&#8217;AMO DE VILADOMIU NOU<\/p>\n<hr \/>\n<p><a href=\"http:\/\/www.mmcercs.cat\/museu_nou\/inici.php\" target=\"_blank\" rel=\"noopener noreferrer\">LES MINES DE CARB\u00d3 A SANT CORNELI<\/a><\/p>\n<hr \/>\n<p><a href=\"http:\/\/www.turismeberga.cat\/es\/que-fer\/turisme-cultural\/esglesies\/item\/361-sant-quirze-de-pedret\/361-sant-quirze-de-pedret\" target=\"_blank\" rel=\"noopener noreferrer\">SANT QUIRZE DE PEDRET<\/a><\/p>\n<hr \/>\n<p><a href=\"http:\/\/www.poblalillet.cat\/turisme\/que-visitar\/passeja-pels-jardins-artigas\/\" target=\"_blank\" rel=\"noopener noreferrer\">JARDINS ARTIGAS DE PEDRET<\/a><\/p>\n<hr \/>\n<p><a href=\"http:\/\/www.monestirs.cat\/monst\/bergue\/bg31serr.htm\" target=\"_blank\" rel=\"noopener noreferrer\">MONESTIR DE SANTA MARIA DE PEDRET<\/a><\/p>\n<hr \/>\n<p><a href=\"http:\/\/konventzero.com\/\" target=\"_blank\" rel=\"noopener noreferrer\">EL KONVENT. ESPAI ART\u00cdSTIC<\/a>[\/vc_column_text][\/vc_column_inner][\/vc_row_inner][\/vc_column][\/vc_row][vc_row full_width=&#8221;stretch_row&#8221; gap=&#8221;15&#8243; css=&#8221;.vc_custom_1478140675727{padding-top: 15px !important;padding-bottom: 15px !important;}&#8221;][vc_column][vc_row_inner css=&#8221;.vc_custom_1477994399761{margin: 0px !important;padding: 0px !important;background-color: #ffffff !important;border: 1px solid #dddddd !important;}&#8221;][vc_column_inner css=&#8221;.vc_custom_1477994409192{margin: 0px !important;border-width: 0px !important;padding: 0px !important;}&#8221;][vc_column_text css=&#8221;.vc_custom_1478142096422{margin-top: 0px !important;margin-right: 0px !important;margin-bottom: 0px !important;margin-left: 0px !important;}&#8221;]<img decoding=\"async\" class=\"aligncenter size-full wp-image-12780\" src=\"https:\/\/calbernadas.com\/wp-content\/uploads\/2016\/11\/CB_ENTO_bergueda_GASTRO.jpg\" alt=\"cb_ento_bergueda_gastro\" width=\"100%\" srcset=\"https:\/\/calbernadas.com\/wp-content\/uploads\/2016\/11\/CB_ENTO_bergueda_GASTRO.jpg 1950w, https:\/\/calbernadas.com\/wp-content\/uploads\/2016\/11\/CB_ENTO_bergueda_GASTRO-300x60.jpg 300w, https:\/\/calbernadas.com\/wp-content\/uploads\/2016\/11\/CB_ENTO_bergueda_GASTRO-768x154.jpg 768w, https:\/\/calbernadas.com\/wp-content\/uploads\/2016\/11\/CB_ENTO_bergueda_GASTRO-1024x205.jpg 1024w\" sizes=\"(max-width: 1950px) 100vw, 1950px\" \/>[\/vc_column_text][cs_custom_heading text=&#8221;GASTRONOMIA&#8221; font_container=&#8221;tag:h2|font_size:30px|text_align:center|color:%23ffffff|line_height:30px&#8221; font_format=&#8221;300&#8243; style=&#8221;style-none&#8221; el_class=&#8221;cm-tailor-title-site&#8221; css=&#8221;.vc_custom_1478142265731{margin-top: 0px !important;margin-right: 0px !important;margin-bottom: 0px !important;margin-left: 0px !important;border-top-width: 0px !important;border-right-width: 0px !important;border-bottom-width: 0px !important;border-left-width: 0px !important;padding-top: 10px !important;padding-right: 10px !important;padding-bottom: 10px !important;padding-left: 10px !important;background-color: #c68c53 !important;}&#8221;][vc_column_text css=&#8221;.vc_custom_1478142119275{margin-bottom: 0px !important;padding-top: 10px !important;padding-right: 10px !important;padding-bottom: 10px !important;padding-left: 10px !important;background-color: #c68c53 !important;}&#8221;]<\/p>\n<p style=\"text-align: center;\"><span style=\"color: #ffffff;\">PER LLEPAR-SE&#8217;N ELS DITS<\/span><\/p>\n<p>[\/vc_column_text][\/vc_column_inner][\/vc_row_inner][\/vc_column][\/vc_row][vc_row full_width=&#8221;stretch_row&#8221; gap=&#8221;15&#8243; css=&#8221;.vc_custom_1478140675727{padding-top: 15px !important;padding-bottom: 15px !important;}&#8221;][vc_column width=&#8221;1\/2&#8243;][vc_row_inner css=&#8221;.vc_custom_1477994399761{margin: 0px !important;padding: 0px !important;background-color: #ffffff !important;border: 1px solid #dddddd !important;}&#8221;][vc_column_inner css=&#8221;.vc_custom_1477994409192{margin: 0px !important;border-width: 0px !important;padding: 0px !important;}&#8221;][cs_custom_heading text=&#8221;A CASSERRES&#8221; font_container=&#8221;tag:h3|font_size:20px|text_align:center|color:%23ffffff|line_height:20px&#8221; font_format=&#8221;300&#8243; style=&#8221;style-none&#8221; el_class=&#8221;cm-tailor-title-site&#8221; css=&#8221;.vc_custom_1478142201044{margin-top: 0px !important;margin-right: 0px !important;margin-bottom: 0px !important;margin-left: 0px !important;border-top-width: 0px !important;border-right-width: 0px !important;border-bottom-width: 0px !important;border-left-width: 0px !important;padding-top: 10px !important;padding-right: 10px !important;padding-bottom: 10px !important;padding-left: 10px !important;background-color: #c68c53 !important;}&#8221;][vc_column_text css=&#8221;.vc_custom_1511948511614{padding-top: 30px !important;padding-right: 22% !important;padding-bottom: 30px !important;padding-left: 22% !important;}&#8221;]<\/p>\n<p><a href=\"http:\/\/www.xn--restaurantcafedelaplaa-k7b.com\/\" target=\"_blank\" rel=\"noopener noreferrer\">BAR LA PLA\u00c7A<\/a><\/p>\n<hr \/>\n<p><a href=\"http:\/\/www.casserres.cat\/public\/directori\/\/Frankfurt\/\" target=\"_blank\" rel=\"noopener noreferrer\">FRANKFURT CASSERRES<\/a><\/p>\n<hr \/>\n<p><a href=\"http:\/\/www.casserres.cat\/public\/directori\/Zona_esportiva_Casserres\/\" target=\"_blank\" rel=\"noopener noreferrer\">PISCINES MUNICIPALS (JULIOL I AGOST)<\/a>[\/vc_column_text][\/vc_column_inner][\/vc_row_inner][\/vc_column][vc_column width=&#8221;1\/2&#8243;][vc_row_inner css=&#8221;.vc_custom_1477994399761{margin: 0px !important;padding: 0px !important;background-color: #ffffff !important;border: 1px solid #dddddd !important;}&#8221;][vc_column_inner css=&#8221;.vc_custom_1477994409192{margin: 0px !important;border-width: 0px !important;padding: 0px !important;}&#8221;][cs_custom_heading text=&#8221;CONEIX LA CUINA T\u00cdPICA DEL BERGUED\u00c0&#8221; font_container=&#8221;tag:h3|font_size:20px|text_align:center|color:%23ffffff|line_height:20px&#8221; font_format=&#8221;300&#8243; style=&#8221;style-none&#8221; el_class=&#8221;cm-tailor-title-site&#8221; css=&#8221;.vc_custom_1478142216852{margin-top: 0px !important;margin-right: 0px !important;margin-bottom: 0px !important;margin-left: 0px !important;border-top-width: 0px !important;border-right-width: 0px !important;border-bottom-width: 0px !important;border-left-width: 0px !important;padding-top: 10px !important;padding-right: 10px !important;padding-bottom: 10px !important;padding-left: 10px !important;background-color: #c68c53 !important;}&#8221;][vc_column_text css=&#8221;.vc_custom_1478142245174{padding-top: 30px !important;padding-right: 22% !important;padding-bottom: 30px !important;padding-left: 22% !important;}&#8221;]<a href=\"http:\/\/www.montclar.cat\/directori\/hostaleria\/hostal-de-montclar\" target=\"_blank\" rel=\"noopener noreferrer\">L&#8217;HOSTAL DE MONTCLAR, A MONTCLAR<\/a><\/p>\n<hr \/>\n<p><a href=\"http:\/\/www.elbergueda.cat\/Planifica-el-teu-viatge\/Restaurants\/Cal-Garreta\" target=\"_blank\" rel=\"noopener noreferrer\">CAL GARRET\u00c0, A GRAUG\u00c9S (AVI\u00c0)<\/a><\/p>\n<hr \/>\n<p><a href=\"http:\/\/www.rouresbergueda.com\/\" target=\"_blank\" rel=\"noopener noreferrer\">ELS ROURES, A CASTELLAR DEL RIU<\/a><\/p>\n<hr \/>\n<p><a href=\"http:\/\/www.hostalsantmaurici.com\/\" target=\"_blank\" rel=\"noopener noreferrer\">SANT MAURICI, A LA QUAR<\/a>[\/vc_column_text][\/vc_column_inner][\/vc_row_inner][\/vc_column][\/vc_row][vc_row full_width=&#8221;stretch_row&#8221; gap=&#8221;15&#8243; css=&#8221;.vc_custom_1478140675727{padding-top: 15px !important;padding-bottom: 15px !important;}&#8221;][vc_column width=&#8221;1\/2&#8243;][vc_row_inner css=&#8221;.vc_custom_1477994399761{margin: 0px !important;padding: 0px !important;background-color: #ffffff !important;border: 1px solid #dddddd !important;}&#8221;][vc_column_inner css=&#8221;.vc_custom_1477994409192{margin: 0px !important;border-width: 0px !important;padding: 0px !important;}&#8221;][cs_custom_heading text=&#8221;PER UN DIA ESPECIAL&#8221; font_container=&#8221;tag:h3|font_size:20px|text_align:center|color:%23ffffff|line_height:20px&#8221; font_format=&#8221;300&#8243; style=&#8221;style-none&#8221; el_class=&#8221;cm-tailor-title-site&#8221; css=&#8221;.vc_custom_1478142518227{margin-top: 0px !important;margin-right: 0px !important;margin-bottom: 0px !important;margin-left: 0px !important;border-top-width: 0px !important;border-right-width: 0px !important;border-bottom-width: 0px !important;border-left-width: 0px !important;padding-top: 10px !important;padding-right: 10px !important;padding-bottom: 10px !important;padding-left: 10px !important;background-color: #c68c53 !important;}&#8221;][vc_column_text css=&#8221;.vc_custom_1478142533140{padding-top: 30px !important;padding-right: 22% !important;padding-bottom: 30px !important;padding-left: 22% !important;}&#8221;]<a href=\"http:\/\/elscasals.cat\/\" target=\"_blank\" rel=\"noopener noreferrer\">ELS CASALS, A SAG\u00c0S<\/a><\/p>\n<hr \/>\n<p><a href=\"http:\/\/www.logosbergueda.cat\/logos_restaurant.html\" target=\"_blank\" rel=\"noopener noreferrer\">LOGOS, A L&#8217;AMETLLA DE MEROLA<\/a><\/p>\n<hr \/>\n<p><a href=\"http:\/\/www.lacabanaberga.cat\/\" target=\"_blank\" rel=\"noopener noreferrer\">LA CABANA, A BERGA<\/a><\/p>\n<hr \/>\n<p><a href=\"http:\/\/www.estanyclar.com\/\" target=\"_blank\" rel=\"noopener noreferrer\">L&#8217;ESTANY CLAR, A BERGA<\/a><\/p>\n<hr \/>\n<p><a href=\"http:\/\/www.restaurantsala.com\/\" target=\"_blank\" rel=\"noopener noreferrer\">RESTAURANT SALA, A BERGA<\/a>[\/vc_column_text][\/vc_column_inner][\/vc_row_inner][\/vc_column][vc_column width=&#8221;1\/2&#8243;][vc_row_inner css=&#8221;.vc_custom_1477994399761{margin: 0px !important;padding: 0px !important;background-color: #ffffff !important;border: 1px solid #dddddd !important;}&#8221;][vc_column_inner css=&#8221;.vc_custom_1477994409192{margin: 0px !important;border-width: 0px !important;padding: 0px !important;}&#8221;][cs_custom_heading text=&#8221;PER MENJAR I ALLARGAR UNA MICA LA VETLLADA, PRENENT UNA COPETA I GAUDINT DE L&#8217;ESPAI I L&#8217;ENTORN&#8221; font_container=&#8221;tag:h3|font_size:20px|text_align:center|color:%23ffffff|line_height:20px&#8221; font_format=&#8221;300&#8243; style=&#8221;style-none&#8221; el_class=&#8221;cm-tailor-title-site&#8221; css=&#8221;.vc_custom_1478142545667{margin-top: 0px !important;margin-right: 0px !important;margin-bottom: 0px !important;margin-left: 0px !important;border-top-width: 0px !important;border-right-width: 0px !important;border-bottom-width: 0px !important;border-left-width: 0px !important;padding-top: 10px !important;padding-right: 10px !important;padding-bottom: 10px !important;padding-left: 10px !important;background-color: #c68c53 !important;}&#8221;][vc_column_text css=&#8221;.vc_custom_1478142551469{padding-top: 30px !important;padding-right: 22% !important;padding-bottom: 30px !important;padding-left: 22% !important;}&#8221;]<a href=\"http:\/\/www.lafontdelbalc.cat\/\" target=\"_blank\" rel=\"noopener noreferrer\">LA FONT DEL BAL\u00c7, A CASSERRES (PROP DE GIRONELLA)<\/a><\/p>\n<hr \/>\n<p><a href=\"http:\/\/www.konventzero.com\/w\/index.php\/ca\/2014konventcuina\" target=\"_blank\" rel=\"noopener noreferrer\">EL KONVENT, A CAL ROSAL<\/a><\/p>\n<hr \/>\n<p><a href=\"http:\/\/www.casserres.cat\/public\/directori\/Zona_esportiva_Casserres\/\" target=\"_blank\" rel=\"noopener noreferrer\">LES PISCINES MUNICIPALS DE CASSERRES (NOM\u00c9S ESTIU)<\/a><\/p>\n<hr \/>\n<p><a href=\"http:\/\/www.rouresbergueda.com\/\" target=\"_blank\" rel=\"noopener noreferrer\">LA FOGAINA, A CASTELLAR DEL RIU (NOM\u00c9S ESTIU)<\/a>[\/vc_column_text][\/vc_column_inner][\/vc_row_inner][\/vc_column][\/vc_row][vc_row full_width=&#8221;stretch_row&#8221; gap=&#8221;15&#8243; css=&#8221;.vc_custom_1478140675727{padding-top: 15px !important;padding-bottom: 15px !important;}&#8221;][vc_column width=&#8221;1\/2&#8243;][vc_row_inner css=&#8221;.vc_custom_1477994399761{margin: 0px !important;padding: 0px !important;background-color: #ffffff !important;border: 1px solid #dddddd !important;}&#8221;][vc_column_inner css=&#8221;.vc_custom_1477994409192{margin: 0px !important;border-width: 0px !important;padding: 0px !important;}&#8221;][vc_column_text css=&#8221;.vc_custom_1478142910613{margin-top: 0px !important;margin-right: 0px !important;margin-bottom: 0px !important;margin-left: 0px !important;}&#8221;]<img decoding=\"async\" loading=\"lazy\" class=\"aligncenter size-full wp-image-12784\" src=\"https:\/\/calbernadas.com\/wp-content\/uploads\/2016\/11\/CB_ENTO_bergueda_POBLES.jpg\" alt=\"cb_ento_bergueda_pobles\" width=\"850\" height=\"413\" srcset=\"https:\/\/calbernadas.com\/wp-content\/uploads\/2016\/11\/CB_ENTO_bergueda_POBLES.jpg 850w, https:\/\/calbernadas.com\/wp-content\/uploads\/2016\/11\/CB_ENTO_bergueda_POBLES-300x146.jpg 300w, https:\/\/calbernadas.com\/wp-content\/uploads\/2016\/11\/CB_ENTO_bergueda_POBLES-768x373.jpg 768w\" sizes=\"(max-width: 850px) 100vw, 850px\" \/>[\/vc_column_text][cs_custom_heading text=&#8221;POBLES&#8221; font_container=&#8221;tag:h2|font_size:30px|text_align:center|color:%23ffffff|line_height:30px&#8221; font_format=&#8221;300&#8243; style=&#8221;style-none&#8221; el_class=&#8221;cm-tailor-title-site&#8221; css=&#8221;.vc_custom_1478142924715{margin-top: 0px !important;margin-right: 0px !important;margin-bottom: 0px !important;margin-left: 0px !important;border-top-width: 0px !important;border-right-width: 0px !important;border-bottom-width: 0px !important;border-left-width: 0px !important;padding-top: 10px !important;padding-right: 10px !important;padding-bottom: 10px !important;padding-left: 10px !important;background-color: #c68c53 !important;}&#8221;][vc_column_text css=&#8221;.vc_custom_1478142935347{margin-bottom: 0px !important;padding-top: 10px !important;padding-right: 10px !important;padding-bottom: 10px !important;padding-left: 10px !important;background-color: #c68c53 !important;}&#8221;]<\/p>\n<p style=\"text-align: center;\"><span style=\"color: #ffffff;\">TANT JUNTS I TANT DIFERENTS<\/span><\/p>\n<p>[\/vc_column_text][vc_column_text css=&#8221;.vc_custom_1478142981526{padding-top: 30px !important;padding-right: 22% !important;padding-bottom: 30px !important;padding-left: 22% !important;}&#8221;]<span style=\"color: #996633;\">MONTCLAR<\/span><\/p>\n<hr \/>\n<p><span style=\"color: #996633;\">G\u00d2SOL<\/span><\/p>\n<hr \/>\n<p><span style=\"color: #996633;\">SANT JAUME DE FRONTANY\u00c0<\/span><\/p>\n<hr \/>\n<p><span style=\"color: #996633;\">CASTELLAR DE N&#8217;HUG<\/span><\/p>\n<hr \/>\n<p><span style=\"color: #996633;\">BORRED\u00c0<\/span>[\/vc_column_text][\/vc_column_inner][\/vc_row_inner][\/vc_column][vc_column width=&#8221;1\/2&#8243;][vc_row_inner css=&#8221;.vc_custom_1477994399761{margin: 0px !important;padding: 0px !important;background-color: #ffffff !important;border: 1px solid #dddddd !important;}&#8221;][vc_column_inner css=&#8221;.vc_custom_1477994409192{margin: 0px !important;border-width: 0px !important;padding: 0px !important;}&#8221;][vc_column_text css=&#8221;.vc_custom_1478143006628{margin-top: 0px !important;margin-right: 0px !important;margin-bottom: 0px !important;margin-left: 0px !important;}&#8221;]<img decoding=\"async\" loading=\"lazy\" class=\"aligncenter size-full wp-image-12785\" src=\"https:\/\/calbernadas.com\/wp-content\/uploads\/2016\/11\/CB_ENTO_bergueda_MERCATS.jpg\" alt=\"cb_ento_bergueda_mercats\" width=\"850\" height=\"413\" srcset=\"https:\/\/calbernadas.com\/wp-content\/uploads\/2016\/11\/CB_ENTO_bergueda_MERCATS.jpg 850w, https:\/\/calbernadas.com\/wp-content\/uploads\/2016\/11\/CB_ENTO_bergueda_MERCATS-300x146.jpg 300w, https:\/\/calbernadas.com\/wp-content\/uploads\/2016\/11\/CB_ENTO_bergueda_MERCATS-768x373.jpg 768w\" sizes=\"(max-width: 850px) 100vw, 850px\" \/>[\/vc_column_text][cs_custom_heading text=&#8221;MERCATS&#8221; font_container=&#8221;tag:h2|font_size:30px|text_align:center|color:%23ffffff|line_height:30px&#8221; font_format=&#8221;300&#8243; style=&#8221;style-none&#8221; el_class=&#8221;cm-tailor-title-site&#8221; css=&#8221;.vc_custom_1478143019107{margin-top: 0px !important;margin-right: 0px !important;margin-bottom: 0px !important;margin-left: 0px !important;border-top-width: 0px !important;border-right-width: 0px !important;border-bottom-width: 0px !important;border-left-width: 0px !important;padding-top: 10px !important;padding-right: 10px !important;padding-bottom: 10px !important;padding-left: 10px !important;background-color: #c68c53 !important;}&#8221;][vc_column_text css=&#8221;.vc_custom_1478143027074{margin-bottom: 0px !important;padding-top: 10px !important;padding-right: 10px !important;padding-bottom: 10px !important;padding-left: 10px !important;background-color: #c68c53 !important;}&#8221;]<\/p>\n<p style=\"text-align: center;\"><span style=\"color: #ffffff;\">ITINERANTS I INTERESSANTS<\/span><\/p>\n<p>[\/vc_column_text][vc_column_text css=&#8221;.vc_custom_1478143059428{padding-top: 30px !important;padding-right: 22% !important;padding-bottom: 30px !important;padding-left: 22% !important;}&#8221;]<span style=\"color: #996633;\">DILLUNS: BORRED\u00c0<\/span><\/p>\n<hr \/>\n<p><span style=\"color: #996633;\">DIMARTS: SANT JORDI, LA QUAR I VALLCEBRE<\/span><\/p>\n<hr \/>\n<p><span style=\"color: #996633;\">DIMECRES: MONTMAJOR, GIRONELLA, AVI\u00c0 I BAG\u00c0<\/span><\/p>\n<hr \/>\n<p><span style=\"color: #996633;\">DIJOUS: CASSERRES, CERCS I G\u00d2SOL<\/span><\/p>\n<hr \/>\n<p><span style=\"color: #996633;\">DIVENDRES: PUIG-REIG<\/span><\/p>\n<hr \/>\n<p><span style=\"color: #996633;\">DISSABTE: BERGA, GUARDIOLA DE BERGUED\u00c0 I LA POBLA DE LILLET<\/span>[\/vc_column_text][\/vc_column_inner][\/vc_row_inner][\/vc_column][\/vc_row][vc_row full_width=&#8221;stretch_row&#8221; gap=&#8221;15&#8243; css=&#8221;.vc_custom_1478140675727{padding-top: 15px !important;padding-bottom: 15px !important;}&#8221;][vc_column width=&#8221;1\/2&#8243;][vc_row_inner css=&#8221;.vc_custom_1477994399761{margin: 0px !important;padding: 0px !important;background-color: #ffffff !important;border: 1px solid #dddddd !important;}&#8221;][vc_column_inner css=&#8221;.vc_custom_1477994409192{margin: 0px !important;border-width: 0px !important;padding: 0px !important;}&#8221;][vc_column_text css=&#8221;.vc_custom_1478143141162{margin-top: 0px !important;margin-right: 0px !important;margin-bottom: 0px !important;margin-left: 0px !important;}&#8221;]<img decoding=\"async\" loading=\"lazy\" class=\"aligncenter size-full wp-image-12787\" src=\"https:\/\/calbernadas.com\/wp-content\/uploads\/2016\/11\/CB_ENTO_bergueda_ACTIVITATS.jpg\" alt=\"cb_ento_bergueda_activitats\" width=\"850\" height=\"413\" srcset=\"https:\/\/calbernadas.com\/wp-content\/uploads\/2016\/11\/CB_ENTO_bergueda_ACTIVITATS.jpg 850w, https:\/\/calbernadas.com\/wp-content\/uploads\/2016\/11\/CB_ENTO_bergueda_ACTIVITATS-300x146.jpg 300w, https:\/\/calbernadas.com\/wp-content\/uploads\/2016\/11\/CB_ENTO_bergueda_ACTIVITATS-768x373.jpg 768w\" sizes=\"(max-width: 850px) 100vw, 850px\" \/>[\/vc_column_text][cs_custom_heading text=&#8221;ACTIVITATS&#8221; font_container=&#8221;tag:h2|font_size:30px|text_align:center|color:%23ffffff|line_height:30px&#8221; font_format=&#8221;300&#8243; style=&#8221;style-none&#8221; el_class=&#8221;cm-tailor-title-site&#8221; css=&#8221;.vc_custom_1478143146546{margin-top: 0px !important;margin-right: 0px !important;margin-bottom: 0px !important;margin-left: 0px !important;border-top-width: 0px !important;border-right-width: 0px !important;border-bottom-width: 0px !important;border-left-width: 0px !important;padding-top: 10px !important;padding-right: 10px !important;padding-bottom: 10px !important;padding-left: 10px !important;background-color: #c68c53 !important;}&#8221;][vc_column_text css=&#8221;.vc_custom_1478143159116{margin-bottom: 0px !important;padding-top: 10px !important;padding-right: 10px !important;padding-bottom: 10px !important;padding-left: 10px !important;background-color: #c68c53 !important;}&#8221;]<\/p>\n<p style=\"text-align: center;\"><span style=\"color: #ffffff;\">PER NO PARAR<\/span><\/p>\n<p>[\/vc_column_text][vc_column_text css=&#8221;.vc_custom_1478143178008{padding-top: 30px !important;padding-right: 22% !important;padding-bottom: 30px !important;padding-left: 22% !important;}&#8221;]<span style=\"color: #996633;\">PANT\u00c0 DE LA BAELLS. ACTIVITATS AQU\u00c0TIQUES I CIRCUIT FIX DE NATACI\u00d3<\/span><\/p>\n<hr \/>\n<p><span style=\"color: #996633;\">XALEM: ACTIVITATS ESPORTIVES, INFANTILS, ANIVERSARIS, TALLERS&#8230;<\/span><\/p>\n<hr \/>\n<p><span style=\"color: #996633;\">IND\u00d2MIT: LLOGUER DE QUADS, BTT, SEGWAYS&#8230;<\/span><\/p>\n<hr \/>\n<p><span style=\"color: #996633;\">CIRCUIT D\u2019ORIENTACI\u00d3 FIX, AL VOLTANT DE LA BARRACA I VILANOVA. 2KM<\/span><\/p>\n<hr \/>\n<p><span style=\"color: #996633;\">GEO-CATCHINGS AL BERGUED\u00c0<\/span><\/p>\n<hr \/>\n<p><span style=\"color: #996633;\">FUIVES. CONEIX EL RUC CATAL\u00c0<\/span><\/p>\n<hr \/>\n<p><span style=\"color: #996633;\">PARAPENT. IDEAL PER VOLAR<\/span><\/p>\n<hr \/>\n<p><span style=\"color: #996633;\">SENDERISME. CONEIX UN PILOT DE CAMINS SENYALITZATS ARREU DE LA COMARCA<\/span><\/p>\n<hr \/>\n<p><span style=\"color: #996633;\">BTT<\/span>[\/vc_column_text][\/vc_column_inner][\/vc_row_inner][\/vc_column][vc_column width=&#8221;1\/2&#8243;][vc_row_inner css=&#8221;.vc_custom_1477994399761{margin: 0px !important;padding: 0px !important;background-color: #ffffff !important;border: 1px solid #dddddd !important;}&#8221;][vc_column_inner css=&#8221;.vc_custom_1477994409192{margin: 0px !important;border-width: 0px !important;padding: 0px !important;}&#8221;][vc_column_text css=&#8221;.vc_custom_1478143207030{margin-top: 0px !important;margin-right: 0px !important;margin-bottom: 0px !important;margin-left: 0px !important;}&#8221;]<img decoding=\"async\" loading=\"lazy\" class=\"aligncenter size-full wp-image-12788\" src=\"https:\/\/calbernadas.com\/wp-content\/uploads\/2016\/11\/CB_ENTO_bergueda_FORA.jpg\" alt=\"cb_ento_bergueda_fora\" width=\"850\" height=\"413\" srcset=\"https:\/\/calbernadas.com\/wp-content\/uploads\/2016\/11\/CB_ENTO_bergueda_FORA.jpg 850w, https:\/\/calbernadas.com\/wp-content\/uploads\/2016\/11\/CB_ENTO_bergueda_FORA-300x146.jpg 300w, https:\/\/calbernadas.com\/wp-content\/uploads\/2016\/11\/CB_ENTO_bergueda_FORA-768x373.jpg 768w\" sizes=\"(max-width: 850px) 100vw, 850px\" \/>[\/vc_column_text][cs_custom_heading text=&#8221;FORA DEL BERGUED\u00c0&#8221; font_container=&#8221;tag:h2|font_size:30px|text_align:center|color:%23ffffff|line_height:30px&#8221; font_format=&#8221;300&#8243; style=&#8221;style-none&#8221; el_class=&#8221;cm-tailor-title-site&#8221; css=&#8221;.vc_custom_1478143215580{margin-top: 0px !important;margin-right: 0px !important;margin-bottom: 0px !important;margin-left: 0px !important;border-top-width: 0px !important;border-right-width: 0px !important;border-bottom-width: 0px !important;border-left-width: 0px !important;padding-top: 10px !important;padding-right: 10px !important;padding-bottom: 10px !important;padding-left: 10px !important;background-color: #c68c53 !important;}&#8221;][vc_column_text css=&#8221;.vc_custom_1478143225083{margin-bottom: 0px !important;padding-top: 10px !important;padding-right: 10px !important;padding-bottom: 10px !important;padding-left: 10px !important;background-color: #c68c53 !important;}&#8221;]<\/p>\n<p style=\"text-align: center;\"><span style=\"color: #ffffff;\">VISITES RECOMANADES<\/span><\/p>\n<p>[\/vc_column_text][vc_column_text css=&#8221;.vc_custom_1478143233492{padding-top: 30px !important;padding-right: 22% !important;padding-bottom: 30px !important;padding-left: 22% !important;}&#8221;]<a href=\"http:\/\/www.victurisme.cat\/\" target=\"_blank\" rel=\"noopener noreferrer\">VIC I EL SEU MERCAT DE DIMARTS I DIJOUS<\/a><\/p>\n<hr \/>\n<p><a href=\"http:\/\/solsonaturisme.com\/ca\/\" target=\"_blank\" rel=\"noopener noreferrer\">SOLSONA<\/a><\/p>\n<hr \/>\n<p><a href=\"http:\/\/cardonaturisme.cat\/es\/\" target=\"_blank\" rel=\"noopener noreferrer\">CARDONA I LES MINES DE SAL<\/a><\/p>\n<hr \/>\n<p><a href=\"http:\/\/www.girona.cat\/\" target=\"_blank\" rel=\"noopener noreferrer\">GIRONA<\/a><\/p>\n<hr \/>\n<p><a href=\"http:\/\/www.visitfigueres.cat\/\" target=\"_blank\" rel=\"noopener noreferrer\">FIGUERES I EL MUSEU DAL\u00cd<\/a><\/p>\n<hr \/>\n<p><a href=\"http:\/\/ca.costabrava.org\/\" target=\"_blank\" rel=\"noopener noreferrer\">COSTA BRAVA: TOSSA DE MAR, CALELLA DE PALAFRUGELL, BEGUR, EMP\u00daRIES I CADAQU\u00c9S<\/a><\/p>\n<hr \/>\n<p><a href=\"http:\/\/www.montserratvisita.com\/\" target=\"_blank\" rel=\"noopener noreferrer\">MONTSERRAT<\/a><\/p>\n<hr \/>\n<p><a href=\"http:\/\/www.barcelonaturisme.com\/\" target=\"_blank\" rel=\"noopener noreferrer\">BARCELONA<\/a><\/p>\n<hr \/>\n<p><a href=\"https:\/\/www.calbernadas.com\/www.visitsitges.com\" target=\"_blank\" rel=\"noopener noreferrer\">SITGES<\/a>[\/vc_column_text][\/vc_column_inner][\/vc_row_inner][\/vc_column][\/vc_row]<\/p>\n","protected":false},"excerpt":{"rendered":"<p>[vc_row full_width=&#8221;stretch_row_content&#8221;][vc_column][\/vc_column][\/vc_row][vc_row css=&#8221;.vc_custom_1477971546965{padding-top: 80px !important;padding-bottom: 80px !important;}&#8221;][vc_column width=&#8221;1\/4&#8243;][\/vc_column][vc_column width=&#8221;1\/2&#8243;][vc_column_text] ENTORN M\u00c9S PR\u00d2XIM A LA CASA, A CASSERRES [\/vc_column_text][\/vc_column][vc_column width=&#8221;1\/4&#8243;][\/vc_column][\/vc_row][vc_row full_width=&#8221;stretch_row_content_no_spaces&#8221;][vc_column][vc_gallery [&hellip;]<\/p>\n","protected":false},"author":1,"featured_media":0,"parent":12195,"menu_order":0,"comment_status":"closed","ping_status":"closed","template":"","meta":{"footnotes":""},"yoast_head":"<!-- This site is optimized with the Yoast SEO plugin v21.5 - https:\/\/yoast.com\/wordpress\/plugins\/seo\/ -->\n<title>BERGUED\u00c0 - Cal Bernad\u00e0s<\/title>\n<meta name=\"robots\" content=\"index, follow, max-snippet:-1, max-image-preview:large, max-video-preview:-1\" \/>\n<link rel=\"canonical\" href=\"https:\/\/calbernadas.com\/ca\/entorn\/bergueda\/\" \/>\n<meta property=\"og:locale\" content=\"ca_ES\" \/>\n<meta property=\"og:type\" content=\"article\" \/>\n<meta property=\"og:title\" content=\"BERGUED\u00c0 - Cal Bernad\u00e0s\" \/>\n<meta property=\"og:description\" content=\"[vc_row full_width=&#8221;stretch_row_content&#8221;][vc_column][\/vc_column][\/vc_row][vc_row css=&#8221;.vc_custom_1477971546965{padding-top: 80px !important;padding-bottom: 80px !important;}&#8221;][vc_column width=&#8221;1\/4&#8243;][\/vc_column][vc_column width=&#8221;1\/2&#8243;][vc_column_text] ENTORN M\u00c9S PR\u00d2XIM A LA CASA, A CASSERRES [\/vc_column_text][\/vc_column][vc_column width=&#8221;1\/4&#8243;][\/vc_column][\/vc_row][vc_row full_width=&#8221;stretch_row_content_no_spaces&#8221;][vc_column][vc_gallery [&hellip;]\" \/>\n<meta property=\"og:url\" content=\"https:\/\/calbernadas.com\/ca\/entorn\/bergueda\/\" \/>\n<meta property=\"og:site_name\" content=\"Cal Bernad\u00e0s\" \/>\n<meta property=\"article:publisher\" content=\"https:\/\/www.facebook.com\/calbernadas\" \/>\n<meta property=\"article:modified_time\" content=\"2017-11-29T09:42:44+00:00\" \/>\n<meta property=\"og:image\" content=\"https:\/\/calbernadas.com\/wp-content\/uploads\/2016\/11\/CB_ENTO_bergueda_ENTORN.jpg\" \/>\n<meta name=\"twitter:card\" content=\"summary_large_image\" \/>\n<meta name=\"twitter:site\" content=\"@calbernadas\" \/>\n<meta name=\"twitter:label1\" content=\"Temps estimat de lectura\" \/>\n\t<meta name=\"twitter:data1\" content=\"12 minuts\" \/>\n<script type=\"application\/ld+json\" class=\"yoast-schema-graph\">{\"@context\":\"https:\/\/schema.org\",\"@graph\":[{\"@type\":\"WebPage\",\"@id\":\"https:\/\/calbernadas.com\/ca\/entorn\/bergueda\/\",\"url\":\"https:\/\/calbernadas.com\/ca\/entorn\/bergueda\/\",\"name\":\"BERGUED\u00c0 - Cal Bernad\u00e0s\",\"isPartOf\":{\"@id\":\"https:\/\/calbernadas.com\/ca\/#website\"},\"datePublished\":\"2016-10-26T06:46:48+00:00\",\"dateModified\":\"2017-11-29T09:42:44+00:00\",\"breadcrumb\":{\"@id\":\"https:\/\/calbernadas.com\/ca\/entorn\/bergueda\/#breadcrumb\"},\"inLanguage\":\"ca\",\"potentialAction\":[{\"@type\":\"ReadAction\",\"target\":[\"https:\/\/calbernadas.com\/ca\/entorn\/bergueda\/\"]}]},{\"@type\":\"BreadcrumbList\",\"@id\":\"https:\/\/calbernadas.com\/ca\/entorn\/bergueda\/#breadcrumb\",\"itemListElement\":[{\"@type\":\"ListItem\",\"position\":1,\"name\":\"Portada\",\"item\":\"https:\/\/calbernadas.com\/ca\/\"},{\"@type\":\"ListItem\",\"position\":2,\"name\":\"ENTORN\",\"item\":\"https:\/\/calbernadas.com\/ca\/entorn\/\"},{\"@type\":\"ListItem\",\"position\":3,\"name\":\"BERGUED\u00c0\"}]},{\"@type\":\"WebSite\",\"@id\":\"https:\/\/calbernadas.com\/ca\/#website\",\"url\":\"https:\/\/calbernadas.com\/ca\/\",\"name\":\"Cal Bernad\u00e0s\",\"description\":\"Turisme rural\",\"publisher\":{\"@id\":\"https:\/\/calbernadas.com\/ca\/#organization\"},\"potentialAction\":[{\"@type\":\"SearchAction\",\"target\":{\"@type\":\"EntryPoint\",\"urlTemplate\":\"https:\/\/calbernadas.com\/ca\/?s={search_term_string}\"},\"query-input\":\"required name=search_term_string\"}],\"inLanguage\":\"ca\"},{\"@type\":\"Organization\",\"@id\":\"https:\/\/calbernadas.com\/ca\/#organization\",\"name\":\"Cal Bernad\u00e0s\",\"url\":\"https:\/\/calbernadas.com\/ca\/\",\"logo\":{\"@type\":\"ImageObject\",\"inLanguage\":\"ca\",\"@id\":\"https:\/\/calbernadas.com\/ca\/#\/schema\/logo\/image\/\",\"url\":\"https:\/\/calbernadas.com\/wp-content\/uploads\/2017\/03\/logo_calbernadas2.png\",\"contentUrl\":\"https:\/\/calbernadas.com\/wp-content\/uploads\/2017\/03\/logo_calbernadas2.png\",\"width\":169,\"height\":156,\"caption\":\"Cal Bernad\u00e0s\"},\"image\":{\"@id\":\"https:\/\/calbernadas.com\/ca\/#\/schema\/logo\/image\/\"},\"sameAs\":[\"https:\/\/www.facebook.com\/calbernadas\",\"https:\/\/twitter.com\/calbernadas\",\"https:\/\/instagram.com\/calbernadas\/\",\"http:\/\/www.youtube.es\/calbernadas\"]}]}<\/script>\n<!-- \/ Yoast SEO plugin. -->","yoast_head_json":{"title":"BERGUED\u00c0 - Cal Bernad\u00e0s","robots":{"index":"index","follow":"follow","max-snippet":"max-snippet:-1","max-image-preview":"max-image-preview:large","max-video-preview":"max-video-preview:-1"},"canonical":"https:\/\/calbernadas.com\/ca\/entorn\/bergueda\/","og_locale":"ca_ES","og_type":"article","og_title":"BERGUED\u00c0 - Cal Bernad\u00e0s","og_description":"[vc_row full_width=&#8221;stretch_row_content&#8221;][vc_column][\/vc_column][\/vc_row][vc_row css=&#8221;.vc_custom_1477971546965{padding-top: 80px !important;padding-bottom: 80px !important;}&#8221;][vc_column width=&#8221;1\/4&#8243;][\/vc_column][vc_column width=&#8221;1\/2&#8243;][vc_column_text] ENTORN M\u00c9S PR\u00d2XIM A LA CASA, A CASSERRES [\/vc_column_text][\/vc_column][vc_column width=&#8221;1\/4&#8243;][\/vc_column][\/vc_row][vc_row full_width=&#8221;stretch_row_content_no_spaces&#8221;][vc_column][vc_gallery [&hellip;]","og_url":"https:\/\/calbernadas.com\/ca\/entorn\/bergueda\/","og_site_name":"Cal Bernad\u00e0s","article_publisher":"https:\/\/www.facebook.com\/calbernadas","article_modified_time":"2017-11-29T09:42:44+00:00","og_image":[{"url":"https:\/\/calbernadas.com\/wp-content\/uploads\/2016\/11\/CB_ENTO_bergueda_ENTORN.jpg"}],"twitter_card":"summary_large_image","twitter_site":"@calbernadas","twitter_misc":{"Temps estimat de lectura":"12 minuts"},"schema":{"@context":"https:\/\/schema.org","@graph":[{"@type":"WebPage","@id":"https:\/\/calbernadas.com\/ca\/entorn\/bergueda\/","url":"https:\/\/calbernadas.com\/ca\/entorn\/bergueda\/","name":"BERGUED\u00c0 - Cal Bernad\u00e0s","isPartOf":{"@id":"https:\/\/calbernadas.com\/ca\/#website"},"datePublished":"2016-10-26T06:46:48+00:00","dateModified":"2017-11-29T09:42:44+00:00","breadcrumb":{"@id":"https:\/\/calbernadas.com\/ca\/entorn\/bergueda\/#breadcrumb"},"inLanguage":"ca","potentialAction":[{"@type":"ReadAction","target":["https:\/\/calbernadas.com\/ca\/entorn\/bergueda\/"]}]},{"@type":"BreadcrumbList","@id":"https:\/\/calbernadas.com\/ca\/entorn\/bergueda\/#breadcrumb","itemListElement":[{"@type":"ListItem","position":1,"name":"Portada","item":"https:\/\/calbernadas.com\/ca\/"},{"@type":"ListItem","position":2,"name":"ENTORN","item":"https:\/\/calbernadas.com\/ca\/entorn\/"},{"@type":"ListItem","position":3,"name":"BERGUED\u00c0"}]},{"@type":"WebSite","@id":"https:\/\/calbernadas.com\/ca\/#website","url":"https:\/\/calbernadas.com\/ca\/","name":"Cal Bernad\u00e0s","description":"Turisme rural","publisher":{"@id":"https:\/\/calbernadas.com\/ca\/#organization"},"potentialAction":[{"@type":"SearchAction","target":{"@type":"EntryPoint","urlTemplate":"https:\/\/calbernadas.com\/ca\/?s={search_term_string}"},"query-input":"required name=search_term_string"}],"inLanguage":"ca"},{"@type":"Organization","@id":"https:\/\/calbernadas.com\/ca\/#organization","name":"Cal Bernad\u00e0s","url":"https:\/\/calbernadas.com\/ca\/","logo":{"@type":"ImageObject","inLanguage":"ca","@id":"https:\/\/calbernadas.com\/ca\/#\/schema\/logo\/image\/","url":"https:\/\/calbernadas.com\/wp-content\/uploads\/2017\/03\/logo_calbernadas2.png","contentUrl":"https:\/\/calbernadas.com\/wp-content\/uploads\/2017\/03\/logo_calbernadas2.png","width":169,"height":156,"caption":"Cal Bernad\u00e0s"},"image":{"@id":"https:\/\/calbernadas.com\/ca\/#\/schema\/logo\/image\/"},"sameAs":["https:\/\/www.facebook.com\/calbernadas","https:\/\/twitter.com\/calbernadas","https:\/\/instagram.com\/calbernadas\/","http:\/\/www.youtube.es\/calbernadas"]}]}},"_links":{"self":[{"href":"https:\/\/calbernadas.com\/ca\/wp-json\/wp\/v2\/pages\/12197"}],"collection":[{"href":"https:\/\/calbernadas.com\/ca\/wp-json\/wp\/v2\/pages"}],"about":[{"href":"https:\/\/calbernadas.com\/ca\/wp-json\/wp\/v2\/types\/page"}],"author":[{"embeddable":true,"href":"https:\/\/calbernadas.com\/ca\/wp-json\/wp\/v2\/users\/1"}],"replies":[{"embeddable":true,"href":"https:\/\/calbernadas.com\/ca\/wp-json\/wp\/v2\/comments?post=12197"}],"version-history":[{"count":2,"href":"https:\/\/calbernadas.com\/ca\/wp-json\/wp\/v2\/pages\/12197\/revisions"}],"predecessor-version":[{"id":19699,"href":"https:\/\/calbernadas.com\/ca\/wp-json\/wp\/v2\/pages\/12197\/revisions\/19699"}],"up":[{"embeddable":true,"href":"https:\/\/calbernadas.com\/ca\/wp-json\/wp\/v2\/pages\/12195"}],"wp:attachment":[{"href":"https:\/\/calbernadas.com\/ca\/wp-json\/wp\/v2\/media?parent=12197"}],"curies":[{"name":"wp","href":"https:\/\/api.w.org\/{rel}","templated":true}]}}