{"id":12039,"date":"2016-10-24T10:36:16","date_gmt":"2016-10-24T10:36:16","guid":{"rendered":"https:\/\/calbernadas.com\/?page_id=12039"},"modified":"2021-03-08T18:23:13","modified_gmt":"2021-03-08T17:23:13","slug":"wedding-planner","status":"publish","type":"page","link":"https:\/\/calbernadas.com\/ca\/celebracions\/wedding-planner\/","title":{"rendered":"WEDDING PLANNER"},"content":{"rendered":"<p>[vc_row full_width=&#8221;stretch_row&#8221; css=&#8221;.vc_custom_1478574823216{padding-top: 200px !important;padding-bottom: 200px !important;background-image: url(https:\/\/calbernadas.com\/wp-content\/uploads\/2016\/10\/CB_CEL_wedding_banner-1.jpg?id=13409) !important;}&#8221; parallax_speed=&#8221;0.8&#8243; bg_video_transparent=&#8221;0&#8243; el_class=&#8221;cm-icon-big-item&#8221;][vc_column][cs_custom_heading text=&#8221;<br \/>\nWEDDING PLANNER&#8221; font_container=&#8221;tag:h1|font_size:40px|text_align:center|color:%23ffffff|line_height:40px&#8221; font_format=&#8221;700&#8243; style=&#8221;style-none&#8221; el_class=&#8221;cm-tailor-title-site&#8221;][vc_row_inner][vc_column_inner width=&#8221;1\/4&#8243;][\/vc_column_inner][vc_column_inner width=&#8221;1\/2&#8243;][vc_column_text]<\/p>\n<h5 style=\"text-align: center;\"><span style=\"color: #ffffff;\">Teniu ganes de gaudir de la planificaci\u00f3 del vostre dia sense passar nervis?<br \/>\nTeniu ganes de gaudir durant el proc\u00e9s sense cap altre preocupaci\u00f3 que aquesta, la de passar-vos-ho b\u00e9?<br \/>\nSi \u00e9s aix\u00ed, aquesta \u00e9s la vostra.<br \/>\nNosaltres us farem la feina pesada, i vosaltres us podreu centrar en totes les coses bones del proc\u00e9s, perqu\u00e8 les gaudiu al m\u00e0xim!<\/span><\/h5>\n<p>[\/vc_column_text][vc_empty_space][\/vc_column_inner][vc_column_inner width=&#8221;1\/4&#8243;][\/vc_column_inner][\/vc_row_inner][\/vc_column][\/vc_row][vc_row full_width=&#8221;stretch_row&#8221; css=&#8221;.vc_custom_1478596539964{margin-top: 80px !important;padding-top: 100px !important;padding-bottom: 100px !important;background-image: url(https:\/\/calbernadas.com\/wp-content\/uploads\/2016\/10\/CEL_equipaments-1.jpg?id=13546) !important;}&#8221; parallax_speed=&#8221;0.8&#8243; bg_video_transparent=&#8221;0&#8243; el_class=&#8221;cm-icon-big-item&#8221;][vc_column][cs_custom_heading text=&#8221;QU\u00c8 US OFERIM?&#8221; font_container=&#8221;tag:h1|font_size:40px|text_align:center|color:%23ffffff&#8221; font_format=&#8221;700&#8243; style=&#8221;style-none&#8221; el_class=&#8221;cm-tailor-title-site&#8221;][\/vc_column][\/vc_row][vc_row css=&#8221;.vc_custom_1477557874325{padding-top: 80px !important;padding-bottom: 80px !important;}&#8221;][vc_column width=&#8221;1\/4&#8243;][\/vc_column][vc_column width=&#8221;1\/2&#8243;][vc_column_text]<\/p>\n<h5 style=\"text-align: center;\"><span style=\"color: #cc3366;\">Si esteu organitzant una celebraci\u00f3 i no sabeu com posar-vos-hi, no teniu temps d\u2019organitzar-la o simplement nom\u00e9s voleu gaudir-ne, llavors nosaltres us ajudem des del principi en tot el que necessiteu per al gran dia.\u00a0<\/span><\/h5>\n<p>&nbsp;<\/p>\n<h5 style=\"text-align: center;\"><span style=\"color: #cc3366;\">Us ajudarem a:<\/span><\/h5>\n<p>[\/vc_column_text][\/vc_column][vc_column width=&#8221;1\/4&#8243;][\/vc_column][\/vc_row][vc_row gap=&#8221;35&#8243; css=&#8221;.vc_custom_1478596607988{padding-top: 80px !important;padding-bottom: 80px !important;}&#8221;][vc_column width=&#8221;1\/6&#8243;][\/vc_column][vc_column width=&#8221;2\/3&#8243;][vc_row_inner gap=&#8221;35&#8243;][vc_column_inner width=&#8221;1\/3&#8243;][vc_column_text]<\/p>\n<h1 style=\"text-align: center;\"><span style=\"color: #cc3366;\"><span style=\"font-size: 121pt;\">1<\/span><\/span><\/h1>\n<h1 style=\"text-align: center;\"><span style=\"color: #cc3366;\"><span style=\"font-size: 51pt;\">\u00a0<\/span><\/span><\/h1>\n<h3 style=\"text-align: center;\"><span style=\"color: #cc3366;\">BUSCAR I SELECCIONAR TOTS ELS SERVEIS QUE REQUERIU<\/span><\/h3>\n<p style=\"text-align: center;\"><span style=\"font-size: 14pt;\">C\u00e0tering<br \/>\nDecoraci\u00f3<br \/>\nFotografia<br \/>\nV\u00eddeo<br \/>\nSonoritzaci\u00f3<br \/>\nM\u00fasica en directe<br \/>\nJoieria<br \/>\nDisseny gr\u00e0fic<br \/>\nInvitacions<br \/>\nTransports<br \/>\nCangurs<br \/>\nAnimaci\u00f3 infantil<br \/>\n&#8230;<\/span><\/p>\n<p>[\/vc_column_text][\/vc_column_inner][vc_column_inner width=&#8221;1\/3&#8243;][vc_column_text]<\/p>\n<h1 style=\"text-align: center;\"><span style=\"color: #cc3366;\"><span style=\"font-size: 121pt;\">2<\/span><\/span><\/h1>\n<h1 style=\"text-align: center;\"><span style=\"color: #cc3366;\"><span style=\"font-size: 51pt;\">\u00a0<\/span><\/span><\/h1>\n<h3 style=\"text-align: center;\"><span style=\"color: #cc3366;\">FER LA PLANIFICACI\u00d3 I ORGANITZACI\u00d3 DEL GRAN DIA<\/span><\/h3>\n<p style=\"text-align: center;\"><span style=\"font-size: 14pt;\">Amb el vostre ajut i, sobretot, escoltant-vos, ho planificarem tot perqu\u00e8 durant aquell dia no hagueu de patir per res i succeeixi tot de manera natural.<br \/>\nCoordinarem tots els horaris entre tots els col\u00b7laboradors, perqu\u00e8 tothom s\u00e0piga qu\u00e8 ha de fer a cada moment i surti tot tal com sempre heu desitjat.<br \/>\n<\/span><\/p>\n<p>[\/vc_column_text][\/vc_column_inner][vc_column_inner width=&#8221;1\/3&#8243;][vc_column_text]<\/p>\n<h1 style=\"text-align: center;\"><span style=\"color: #cc3366;\"><span style=\"font-size: 121pt;\">3<\/span><\/span><\/h1>\n<h1 style=\"text-align: center;\"><span style=\"color: #cc3366;\"><span style=\"font-size: 51pt;\">\u00a0<\/span><\/span><\/h1>\n<h3 style=\"text-align: center;\"><span style=\"color: #cc3366;\">SEREM LA VOSTRA OMBRA INVISIBLE DURANT EL VOSTRE GRAN DIA<\/span><\/h3>\n<p style=\"text-align: center;\"><span style=\"font-size: 14pt;\">Assistirem a la celebraci\u00f3 controlant que tot surt tal com estava previst i resoldrem qualsevol imprevist que pugui sorgir d\u2019\u00faltima hora.<\/span><\/p>\n<p>[\/vc_column_text][\/vc_column_inner][\/vc_row_inner][\/vc_column][vc_column width=&#8221;1\/6&#8243;][\/vc_column][\/vc_row][vc_row full_width=&#8221;stretch_row&#8221; css=&#8221;.vc_custom_1478596802144{padding-top: 50px !important;padding-bottom: 50px !important;background-color: #fbe7f0 !important;background-position: 0 0 !important;background-repeat: no-repeat !important;}&#8221; parallax_speed=&#8221;0.8&#8243; bg_video_transparent=&#8221;0&#8243; el_class=&#8221;cm-icon-big-item&#8221;][vc_column][vc_column_text]<\/p>\n<h3 style=\"text-align: center;\"><span style=\"color: #cc3366;\">ARROUND THE WORLD <\/span><\/h3>\n<p>&nbsp;<\/p>\n<p style=\"text-align: center;\"><span style=\"font-size: 14pt;\">I si viviu a l\u2019estranger, no patiu que ens comunicarem di\u00e0riament si aix\u00ed ho desitgeu, via correu electr\u00f2nic i\/o Skype.<br \/>\nParlem catal\u00e0, castell\u00e0 i angl\u00e8s, i xampurregem el franc\u00e8s! \ud83d\ude09<\/span><\/p>\n<p>[\/vc_column_text][\/vc_column][\/vc_row][vc_row full_width=&#8221;stretch_row&#8221; css=&#8221;.vc_custom_1478596887566{padding-top: 80px !important;padding-bottom: 80px !important;background-image: url(https:\/\/calbernadas.com\/wp-content\/uploads\/2016\/10\/CEL-quisoc.jpg?id=13554) !important;background-position: 0 0 !important;background-repeat: no-repeat !important;}&#8221; parallax_speed=&#8221;0.8&#8243; bg_video_transparent=&#8221;0&#8243; el_class=&#8221;cm-icon-big-item&#8221;][vc_column][cs_custom_heading text=&#8221;QUI SOM? (O M\u00c9S BEN DIT, QUI S\u00d3C)&#8221; font_container=&#8221;tag:h1|font_size:40px|text_align:center|color:%23ffffff&#8221; font_format=&#8221;700&#8243; style=&#8221;style-none&#8221; el_class=&#8221;cm-tailor-title-site&#8221;][\/vc_column][\/vc_row][vc_row css=&#8221;.vc_custom_1478597394224{padding-top: 80px !important;padding-bottom: 80px !important;}&#8221;][vc_column width=&#8221;1\/4&#8243;][\/vc_column][vc_column width=&#8221;1\/2&#8243;][vc_column_text]<\/p>\n<h5 style=\"text-align: center;\"><span style=\"color: #cc3366;\"><br \/>\nA Cal Bernad\u00e0s som un equip format per <a href=\"https:\/\/calbernadas.com\/ca\/familia-niubo\/\">diverses persones<\/a>, per\u00f2 en aquest cas, qui s\u2019encarregar\u00e0 de la planificaci\u00f3 de la vostra celebraci\u00f3 des del principi fins al final ser\u00e0 l\u2019Anna.<br \/>\n<\/span><\/h5>\n<p>[\/vc_column_text][\/vc_column][vc_column width=&#8221;1\/4&#8243;][\/vc_column][\/vc_row][vc_row gap=&#8221;35&#8243; css=&#8221;.vc_custom_1478597400324{padding-top: 0px !important;padding-bottom: 80px !important;}&#8221;][vc_column width=&#8221;1\/3&#8243;][vc_column_text]<img decoding=\"async\" loading=\"lazy\" class=\"aligncenter size-full wp-image-13556\" src=\"https:\/\/calbernadas.com\/wp-content\/uploads\/2016\/10\/CB_CEL_wedding_anna.jpg\" alt=\"cb_cel_wedding_anna\" width=\"376\" height=\"600\" srcset=\"https:\/\/calbernadas.com\/wp-content\/uploads\/2016\/10\/CB_CEL_wedding_anna.jpg 376w, https:\/\/calbernadas.com\/wp-content\/uploads\/2016\/10\/CB_CEL_wedding_anna-188x300.jpg 188w\" sizes=\"(max-width: 376px) 100vw, 376px\" \/>[\/vc_column_text][\/vc_column][vc_column width=&#8221;2\/3&#8243;][vc_column_text]<\/p>\n<h3><span style=\"color: #cc3366;\">CONEIX-ME UNA MICA M\u00c9S<\/span><\/h3>\n<p style=\"font-size: 18px; line-height: 24px;\">I qui \u00e9s l\u2019Anna? Doncs l\u2019Anna, i permeteu-me que parli en primera persona, s\u00f3c jo. Una persona aplicada (o almenys aix\u00f2 \u00e9s el que han dit sempre), organitzada, bastant perfeccionista i una miqueta tossuda.<\/p>\n<p style=\"font-size: 18px; line-height: 24px; margin-bottom: 40px;\">Tamb\u00e9 s\u00f3c una persona din\u00e0mica, propera, senzilla i resolutiva. M\u2019agrada fer les coses per ordre, una despr\u00e9s de l\u2019altra. Per la meva manera de ser, \u00e9s la millor manera de fer-les ben fetes, amb tranquil\u00b7litat, amb passi\u00f3, amb\u00a0delicadesa i amb el cor.<\/p>\n<p style=\"font-size: 18px; line-height: 24px; margin-bottom: 40px;\">M\u2019enamoren les plantes (cada dia m\u00e9s), les manualitats (des de sempre), els idiomes, i anar de viatge per con\u00e8ixer noves maneres de veure, viure i entendre el m\u00f3n.<\/p>\n<p style=\"font-size: 18px; line-height: 24px; margin-bottom: 40px;\">Sempre m\u2019ha encantat muntar sopars, berenars, festetes i festasses, i, encara que no ho vulgui, sempre m\u2019acabo trobant al mig del merder a l\u2019hora de muntar-les (i tamb\u00e9 de gaudir-les, \u00e9s clar!).<\/p>\n<p>[\/vc_column_text][\/vc_column][\/vc_row][vc_row full_width=&#8221;stretch_row&#8221; css=&#8221;.vc_custom_1478575126313{margin-bottom: 50px !important;padding-top: 100px !important;padding-bottom: 100px !important;background-image: url(https:\/\/calbernadas.com\/wp-content\/uploads\/2016\/10\/CEL_testimonis.jpg?id=13413) !important;}&#8221; parallax_speed=&#8221;0.8&#8243; bg_video_transparent=&#8221;0&#8243; el_class=&#8221;cm-icon-big-item&#8221;][vc_column][cs_custom_heading text=&#8221;BLOG&#8221; font_container=&#8221;tag:h1|font_size:40px|text_align:center|color:%23ffffff&#8221; font_format=&#8221;700&#8243; style=&#8221;style-none&#8221; el_class=&#8221;cm-tailor-title-site&#8221;][\/vc_column][\/vc_row][vc_row full_width=&#8221;stretch_row&#8221; css=&#8221;.vc_custom_1488560116526{margin-bottom: 50px !important;padding-top: 100px !important;padding-bottom: 100px !important;}&#8221; parallax_speed=&#8221;0.8&#8243; bg_video_transparent=&#8221;0&#8243; el_class=&#8221;cm-icon-big-item&#8221;][vc_column]\t<div id=\"cshero_post_carousel_1777648074_169f4c1ca75207\" class=\"cshero-post-carousel postcarousel-default \">\r\n\t\t<style type=\"text\/css\" scoped>\r\n\t\t\t#cshero_post_carousel_1777648074_169f4c1ca75207 article:hover .cshero-carousel-body{color: !important; background-color: !important; }\r\n\t\t\t#cshero_post_carousel_1777648074_169f4c1ca75207 article:hover .cshero-carousel-title a{color: !important; }\r\n\t\t\t#cshero_post_carousel_1777648074_169f4c1ca75207 .link-wrap a{ color: ;}\r\n\t\t\t#cshero_post_carousel_1777648074_169f4c1ca75207 .link-wrap a:hover{ color: ;}\r\n\t\t\t#cshero_post_carousel_1777648074_169f4c1ca75207 .link-wrap [class*='icon-box-']:hover .fa,\r\n\t\t\t#cshero_post_carousel_1777648074_169f4c1ca75207 .link-wrap [class^='icon-box-']:hover .fa{border-color:;}\r\n\t\t<\/style>\r\n\t            <div class=\"cshero-post-carousel-list \">\r\n            <div id=\"cshero_post_carousel1777648074_169f4c1ca75207\" data-mode=\"horizontal\" data-moveslides=\"3\" data-auto=\"0\" data-speed=\"500\" data-prevselector=\"#cshero_post_carousel_1777648074_169f4c1ca75207 .prev\" data-nextselector=\"#cshero_post_carousel_1777648074_169f4c1ca75207 .next\" data-prevText=\"<i class='fa fa-angle-left'><\/i>\" data-nextText=\"<i class='fa fa-angle-right'><\/i>\" data-pagerSelector=\"#cshero_post_carousel_1777648074_169f4c1ca75207 .cshero-control\" data-onsliderload=\"true\" data-touchenabled=\"1\" data-controls=\"true\" data-pager=\"1\" data-pause=\"4000\" data-infiniteloop=\"true\" data-adaptiveheight=\"true\"  data-autohover=\"true\" data-slidemargin=\"30\" data-maxslides=\"3\" data-minslides=\"1\" data-slidewidth=\"360\" data-slideselector=\"\" data-easing=\"swing\" data-usecss=\"\" data-resize=\"1\" class=\"slider jm-bxslider\">\r\n                <div class=\"cshero-post-carousel-item-wrap\">                \t\t                <div class=\"cshero-shortcode cshero-post-carousel-item content-center\" >\r\n\t\t\t\t\t\t<article class=\"post-18431 post type-post status-publish format-standard has-post-thumbnail hentry category-celebracions category-celebracions_la-cabana category-celebracions_wedding-planner tag-barcelonawedding tag-bergueda tag-boda tag-bodarural tag-casserres tag-destinationwedding tag-lacabana tag-ruralwedding tag-venueforwedding tag-wedding\">\r\n    <div class=\"cshero-carousel-container\">\r\n                <div class=\"cshero-carousel-image clearfix\" style=\"width:360px;height:260px;display: block;\">\r\n            <img alt=\"\"  src=\"https:\/\/calbernadas.com\/wp-content\/uploads\/2017\/06\/BODA-VICENTANNA-395A-360x260_c.jpg\" style=\"border-radius:0;-webkit-border-radius:0;-moz-border-radius:0;-ms-border-radius:0;-o-border-radius:0;max-width:100%;\" \/>                    <\/div>\r\n        <div class=\"cshero-carousel-body\" style=\"color:; text-align:center;background-color:;padding:20px 0 0 0;\">\r\n            <div class=\"cshero-carousel-inner clearfix\">\r\n                                <div class=\"cshero-carousel-meta clearfix\">\r\n                                        <span class=\"cshero-carousel-date\" style=\"text-transform:initial;font-weight:400;font-style:;color:;\">\r\n                        14 juny 2017                    <\/span>\r\n                                                                                                <\/div>\r\n                                                    <h3 class=\"cshero-carousel-title\">\r\n                        <a title=\"ANA&#038;VICENT. UNA NIT D&#8217;ESTIU\" href=\"https:\/\/calbernadas.com\/ca\/blog\/ana-vicent\/\" rel=\"\" style=\"display:block; color:; margin:0; \">\r\n                            ANA&#038;VICENT. UNA NIT D&#8217;ESTIU                        <\/a>\r\n                    <\/h3>\r\n                                \r\n                            <\/div>\r\n        <\/div>\r\n            <\/div>\r\n    <h6 style=\"display:none;\">&nbsp;<\/h6><\/article>\r\n\t\t\t\t\t<\/div>\r\n\t\t\t    <\/div><div class=\"cshero-post-carousel-item-wrap\">                \t\t                <div class=\"cshero-shortcode cshero-post-carousel-item content-center\" >\r\n\t\t\t\t\t\t<article class=\"post-17098 post type-post status-publish format-standard has-post-thumbnail hentry category-celebracions category-celebracions_el-munt category-celebracions_wedding-planner tag-barcelonavenue tag-calbernadas tag-destinationwedding tag-elmunt tag-momentsbernadas tag-ruralwedding tag-venueforwedding tag-wedding\">\r\n    <div class=\"cshero-carousel-container\">\r\n                <div class=\"cshero-carousel-image clearfix\" style=\"width:360px;height:260px;display: block;\">\r\n            <img alt=\"\"  src=\"https:\/\/calbernadas.com\/wp-content\/uploads\/2017\/03\/ErnestaTadas_-33-360x260_c.jpg\" style=\"border-radius:0;-webkit-border-radius:0;-moz-border-radius:0;-ms-border-radius:0;-o-border-radius:0;max-width:100%;\" \/>                    <\/div>\r\n        <div class=\"cshero-carousel-body\" style=\"color:; text-align:center;background-color:;padding:20px 0 0 0;\">\r\n            <div class=\"cshero-carousel-inner clearfix\">\r\n                                <div class=\"cshero-carousel-meta clearfix\">\r\n                                        <span class=\"cshero-carousel-date\" style=\"text-transform:initial;font-weight:400;font-style:;color:;\">\r\n                        19 desembre 2014                    <\/span>\r\n                                                                                                <\/div>\r\n                                                    <h3 class=\"cshero-carousel-title\">\r\n                        <a title=\"DE LITU\u00c0NIA DIRECTE A EL MUNT\" href=\"https:\/\/calbernadas.com\/ca\/blog\/lituania-directe-munt\/\" rel=\"\" style=\"display:block; color:; margin:0; \">\r\n                            DE LITU\u00c0NIA DIRECTE A EL MUNT                        <\/a>\r\n                    <\/h3>\r\n                                \r\n                            <\/div>\r\n        <\/div>\r\n            <\/div>\r\n    <h6 style=\"display:none;\">&nbsp;<\/h6><\/article>\r\n\t\t\t\t\t<\/div>\r\n\t\t\t    <\/div><div class=\"cshero-post-carousel-item-wrap\">                \t\t                <div class=\"cshero-shortcode cshero-post-carousel-item content-center\" >\r\n\t\t\t\t\t\t<article class=\"post-18761 post type-post status-publish format-standard has-post-thumbnail hentry category-celebracions category-celebracions_el-munt category-celebracions_wedding-planner tag-barcelonawedding tag-boda tag-bodabarcelona tag-bodarural tag-calbernadas tag-destinationwedding tag-elmunt tag-momentsbernadas tag-ruralwedding tag-venueforwedding tag-wedding tag-weddingabroad tag-wee\">\r\n    <div class=\"cshero-carousel-container\">\r\n                <div class=\"cshero-carousel-image clearfix\" style=\"width:360px;height:260px;display: block;\">\r\n            <img alt=\"\"  src=\"https:\/\/calbernadas.com\/wp-content\/uploads\/2017\/06\/05-Wedding-Cal-Bernadas-197a-360x260_c.jpg\" style=\"border-radius:0;-webkit-border-radius:0;-moz-border-radius:0;-ms-border-radius:0;-o-border-radius:0;max-width:100%;\" \/>                    <\/div>\r\n        <div class=\"cshero-carousel-body\" style=\"color:; text-align:center;background-color:;padding:20px 0 0 0;\">\r\n            <div class=\"cshero-carousel-inner clearfix\">\r\n                                <div class=\"cshero-carousel-meta clearfix\">\r\n                                        <span class=\"cshero-carousel-date\" style=\"text-transform:initial;font-weight:400;font-style:;color:;\">\r\n                        10 desembre 2014                    <\/span>\r\n                                                                                                <\/div>\r\n                                                    <h3 class=\"cshero-carousel-title\">\r\n                        <a title=\"KRISTY&#038;MARK. QUAN COMEN\u00c7A EL DIA &#8220;B&#8221;?\" href=\"https:\/\/calbernadas.com\/ca\/blog\/kristymark-quan-comenca-dia-b\/\" rel=\"\" style=\"display:block; color:; margin:0; \">\r\n                            KRISTY&#038;MARK. QUAN COMEN\u00c7A EL DIA &#8220;B&#8221;?                        <\/a>\r\n                    <\/h3>\r\n                                \r\n                            <\/div>\r\n        <\/div>\r\n            <\/div>\r\n    <h6 style=\"display:none;\">&nbsp;<\/h6><\/article>\r\n\t\t\t\t\t<\/div>\r\n\t\t\t    <\/div><div class=\"cshero-post-carousel-item-wrap\">                \t\t                <div class=\"cshero-shortcode cshero-post-carousel-item content-center\" >\r\n\t\t\t\t\t\t<article class=\"post-18515 post type-post status-publish format-standard has-post-thumbnail hentry category-celebracions category-celebracions_el-munt category-celebracions_wedding-planner tag-barcelonawedding tag-boda tag-bodabarcelona tag-bodarural tag-calbernadas tag-destinationwedding tag-elmunt tag-momentsbernadas tag-ruralwedding tag-venueforwedding tag-villaforvenue tag-wedding tag-weddingabroad\">\r\n    <div class=\"cshero-carousel-container\">\r\n                <div class=\"cshero-carousel-image clearfix\" style=\"width:360px;height:260px;display: block;\">\r\n            <img alt=\"\"  src=\"https:\/\/calbernadas.com\/wp-content\/uploads\/2017\/06\/05-Wedding-Cal-Bernadas-564-360x260_c.jpg\" style=\"border-radius:0;-webkit-border-radius:0;-moz-border-radius:0;-ms-border-radius:0;-o-border-radius:0;max-width:100%;\" \/>                    <\/div>\r\n        <div class=\"cshero-carousel-body\" style=\"color:; text-align:center;background-color:;padding:20px 0 0 0;\">\r\n            <div class=\"cshero-carousel-inner clearfix\">\r\n                                <div class=\"cshero-carousel-meta clearfix\">\r\n                                        <span class=\"cshero-carousel-date\" style=\"text-transform:initial;font-weight:400;font-style:;color:;\">\r\n                        10 desembre 2014                    <\/span>\r\n                                                                                                <\/div>\r\n                                                    <h3 class=\"cshero-carousel-title\">\r\n                        <a title=\"KRISTY&#038;MARK. FUN, FUN, FUN!\" href=\"https:\/\/calbernadas.com\/ca\/blog\/kristymark-fun-fun-fun\/\" rel=\"\" style=\"display:block; color:; margin:0; \">\r\n                            KRISTY&#038;MARK. FUN, FUN, FUN!                        <\/a>\r\n                    <\/h3>\r\n                                \r\n                            <\/div>\r\n        <\/div>\r\n            <\/div>\r\n    <h6 style=\"display:none;\">&nbsp;<\/h6><\/article>\r\n\t\t\t\t\t<\/div>\r\n\t\t\t    <\/div><div class=\"cshero-post-carousel-item-wrap\">                \t\t                <div class=\"cshero-shortcode cshero-post-carousel-item content-center\" >\r\n\t\t\t\t\t\t<article class=\"post-16944 post type-post status-publish format-standard has-post-thumbnail hentry category-celebracions category-celebracions_el-munt category-celebracions_wedding-planner\">\r\n    <div class=\"cshero-carousel-container\">\r\n                <div class=\"cshero-carousel-image clearfix\" style=\"width:360px;height:260px;display: block;\">\r\n            <img alt=\"\"  src=\"https:\/\/calbernadas.com\/wp-content\/uploads\/2017\/03\/JJ_TOP_195-360x260_c.jpg\" style=\"border-radius:0;-webkit-border-radius:0;-moz-border-radius:0;-ms-border-radius:0;-o-border-radius:0;max-width:100%;\" \/>                    <\/div>\r\n        <div class=\"cshero-carousel-body\" style=\"color:; text-align:center;background-color:;padding:20px 0 0 0;\">\r\n            <div class=\"cshero-carousel-inner clearfix\">\r\n                                <div class=\"cshero-carousel-meta clearfix\">\r\n                                        <span class=\"cshero-carousel-date\" style=\"text-transform:initial;font-weight:400;font-style:;color:;\">\r\n                        08 juliol 2014                    <\/span>\r\n                                                                                                <\/div>\r\n                                                    <h3 class=\"cshero-carousel-title\">\r\n                        <a title=\"IT&#8217;S RAINING, BE HAPPY!\" href=\"https:\/\/calbernadas.com\/ca\/blog\/its-raining-be-happy-2\/\" rel=\"\" style=\"display:block; color:; margin:0; \">\r\n                            IT&#8217;S RAINING, BE HAPPY!                        <\/a>\r\n                    <\/h3>\r\n                                \r\n                            <\/div>\r\n        <\/div>\r\n            <\/div>\r\n    <h6 style=\"display:none;\">&nbsp;<\/h6><\/article>\r\n\t\t\t\t\t<\/div>\r\n\t\t\t    <\/div>\t\t\t<\/div>\r\n\t\t<\/div>\r\n\t\t\t\t\t<div class=\"cshero-control pager-center text-center default\"><\/div>\r\n\t\t\t\t        <div class=\"cshero-nav text-center default\">\r\n            <ul>\r\n                <li class=\"prev\" style=\"left:;\"><\/li>\r\n                <li class=\"next\" style=\"right:;\"><\/li>\r\n            <\/ul>\r\n        <\/div>\r\n    \t\t        <\/div>\r\n[\/vc_column][\/vc_row][vc_row full_width=&#8221;stretch_row&#8221; css=&#8221;.vc_custom_1478575126313{margin-bottom: 50px !important;padding-top: 100px !important;padding-bottom: 100px !important;background-image: url(https:\/\/calbernadas.com\/wp-content\/uploads\/2016\/10\/CEL_testimonis.jpg?id=13413) !important;}&#8221; parallax_speed=&#8221;0.8&#8243; bg_video_transparent=&#8221;0&#8243; el_class=&#8221;cm-icon-big-item&#8221;][vc_column][cs_custom_heading text=&#8221;TESTIMONIS&#8221; font_container=&#8221;tag:h1|font_size:40px|text_align:center|color:%23ffffff&#8221; font_format=&#8221;700&#8243; style=&#8221;style-none&#8221; el_class=&#8221;cm-tailor-title-site&#8221;][\/vc_column][\/vc_row][vc_row full_width=&#8221;stretch_row&#8221; css=&#8221;.vc_custom_1478575199432{padding-top: 80px !important;padding-bottom: 80px !important;background-image: url(https:\/\/calbernadas.com\/wp-content\/uploads\/2016\/10\/CEL-fons-testimonis.jpg?id=13414) !important;}&#8221;][vc_column][vc_column_text]<\/p>\n<h5 style=\"text-align: center;\"><span style=\"color: #ffffff;\">El m\u00e9s important, saber qu\u00e8 en pensen els nostres amfitrions!<\/span><\/h5>\n<p>[\/vc_column_text][vc_empty_space height=&#8221;40px&#8221;]\r\n        <div id=\"cshero_testimonial1777648074_169f4c1ca7afe2\" class=\"cshero-testimonial testimonial-layout1 testimonial-slide \">\r\n                        <div class=\"cshero-testimonial-wrapper\">\r\n                                    <div id=\"cshero_testimonial_1777648074_169f4c1ca7afe2\" data-mode=\"horizontal\" data-moveslides=\"1\" data-auto=\"0\" data-speed=\"500\" data-prevselector=\"#cshero_testimonial1777648074_169f4c1ca7afe2 .prev\" data-nextselector=\"#cshero_testimonial1777648074_169f4c1ca7afe2 .next\" data-prevText=\"<i class='fa fa-angle-left'><\/i>\" data-nextText=\"<i class='fa fa-angle-right'><\/i>\" data-pagerSelector=\"#cshero_testimonial1777648074_169f4c1ca7afe2 .cshero-control\" data-onsliderload=\"true\" data-touchenabled=\"1\" data-controls=\"true\" data-pager=\"0\" data-pause=\"4000\" data-infiniteloop=\"true\" data-adaptiveheight=\"true\"  data-autohover=\"true\" data-slidemargin=\"30\" data-maxslides=\"3\" data-minslides=\"1\" data-slidewidth=\"500\" data-slideselector=\"\" data-easing=\"swing\" data-usecss=\"\" data-resize=\"1\" class=\"slider jm-bxslider\">\r\n                                \r\n                                            <div class=\"cshero-testimonial-item\">\r\n                            \n<article id=\"post-13835\"  class=\"cshero_testimonial_content clearfix\" style=\"padding:15px;color:#666666;background-color:#f5f5f5;\">\n     \n    <div class=\"cshero-testimonial-image left\">\n        <img alt=\"\" src=\"https:\/\/calbernadas.com\/wp-content\/uploads\/2016\/11\/CB_EM-kristy-mark-150x200_c.jpg\" align=\"left\" style=\"border-radius:0;-webkit-border-radius:0;-moz-border-radius:0;-ms-border-radius:0;-o-border-radius:0;margin-right:20px;\" \/>    <\/div>\n        \n            <div class=\"cshero-testimonial-content text-left\" style=\"padding-left:180px\">\n                            <div class=\"cshero-testimonial-description\">\n                    <div class=\"cshero-testimonial-text\">\n                                                Soy americana y no pod\u00eda ver El Munt hasta que llegara a Barcelona la semana antes de la boda. He planeado todo por internet y con la ayuda de Anna. \u00a1Todo fue perfecto! La casa, magn\u00edfica (muy moderna, limpia, grande). La tierra, incre\u00edble. Anna y sus padres, \u00a1geniales! No puedo recomendar m\u00e1s esta mas\u00eda. Es un lugar perfecto para una boda o para las vacaciones. \u00a1Gracias por todo, Anna!\r\n\r\n<span style=\"color: #999999;\">Juliol 2014<\/span                                            <\/div>\n                <\/div>\n                                        <h3 class=\"cshero-testimonial-title\" style=\"color:#666666\">\n                    Kristy &#038; Mark (Estados Unidos)                <\/h3>\n                        \n            \n        <\/div>\n        \n<\/article>\n\n                        <\/div>\r\n                                            <div class=\"cshero-testimonial-item\">\r\n                            \n<article id=\"post-13836\"  class=\"cshero_testimonial_content clearfix\" style=\"padding:15px;color:#666666;background-color:#f5f5f5;\">\n     \n    <div class=\"cshero-testimonial-image left\">\n        <img alt=\"\" src=\"https:\/\/calbernadas.com\/wp-content\/uploads\/2015\/01\/CB_TESTIMONIS_gall-150x200_c.png\" align=\"left\" style=\"border-radius:0;-webkit-border-radius:0;-moz-border-radius:0;-ms-border-radius:0;-o-border-radius:0;margin-right:20px;\" \/>    <\/div>\n        \n            <div class=\"cshero-testimonial-content text-left\" style=\"padding-left:180px\">\n                            <div class=\"cshero-testimonial-description\">\n                    <div class=\"cshero-testimonial-text\">\n                                                Mi ahora mujer y yo elegimos El Munt para celebrar nuestra boda y a Anna Niub\u00f2 como nuestra \"wedding planner\" y no podemos estar m\u00e1s contentos con nuestra elecci\u00f3n. La casa es una maravilla y las instalaciones una gozada. La localizaci\u00f3n es tambi\u00e9n perfecta al estar cerca del pueblo para disponer de todo lo necesario pero suficientemente lejos como para sentirte en medio de la naturaleza sin nadie alrededor. Anna fue indispensable en la organizaci\u00f3n de la boda y en el d\u00eda de la celebraci\u00f3n asegur\u00e1ndose que todo iba sobre ruedas. Anna y su familia, que gestionan El Munt y otras casas por la zona, fueron tambi\u00e9n muy atentos y dispuestos a ayudar en lo que fuera necesario. Sin lugar a dudas, recomendamos El Munt a cualquier pareja que quiera celebrar su boda de una manera un poco diferente a lo tradicional y que disfrute de la calma y tranquilidad de un sitio id\u00edlico en medio de la naturaleza. \u00a1Muchas gracias familia Niub\u00f2 Casas!\r\n\r\n<span style=\"color: #999999;\">Juliol 2015<\/span>\r\n\r\n&nbsp                                            <\/div>\n                <\/div>\n                                        <h3 class=\"cshero-testimonial-title\" style=\"color:#666666\">\n                    Francesca &#038; Santiago (Escocia)                <\/h3>\n                        \n            \n        <\/div>\n        \n<\/article>\n\n                        <\/div>\r\n                                            <div class=\"cshero-testimonial-item\">\r\n                            \n<article id=\"post-20065\"  class=\"cshero_testimonial_content clearfix\" style=\"padding:15px;color:#666666;background-color:#f5f5f5;\">\n     \n    <div class=\"cshero-testimonial-image left\">\n        <img alt=\"\" src=\"https:\/\/calbernadas.com\/wp-content\/uploads\/2017\/05\/JOHANNADAVIDWEDDING0402A-150x200_c.jpg\" align=\"left\" style=\"border-radius:0;-webkit-border-radius:0;-moz-border-radius:0;-ms-border-radius:0;-o-border-radius:0;margin-right:20px;\" \/>    <\/div>\n        \n            <div class=\"cshero-testimonial-content text-left\" style=\"padding-left:180px\">\n                            <div class=\"cshero-testimonial-description\">\n                    <div class=\"cshero-testimonial-text\">\n                                                A perfect experience that exceeded expectations.\r\n\r\nEl munt is amazing, pictures don't make justice of how the place actually looks in person. Me and my husband had our wedding there just a month ago and it was absolutely perfect. It was gorgeous, totally secluded and spacious. Really can't complain about anything.\r\n\r\n<span style=\"color: #999999;\">Maig 2017<\/span                                            <\/div>\n                <\/div>\n                                        <h3 class=\"cshero-testimonial-title\" style=\"color:#666666\">\n                    David &#038; Johanna (California)                <\/h3>\n                        \n            \n        <\/div>\n        \n<\/article>\n\n                        <\/div>\r\n                                            <div class=\"cshero-testimonial-item\">\r\n                            \n<article id=\"post-20110\"  class=\"cshero_testimonial_content clearfix\" style=\"padding:15px;color:#666666;background-color:#f5f5f5;\">\n     \n    <div class=\"cshero-testimonial-image left\">\n        <img alt=\"\" src=\"https:\/\/calbernadas.com\/wp-content\/uploads\/2017\/06\/DSC04476.1-e1513696784739-150x200_c.jpg\" align=\"left\" style=\"border-radius:0;-webkit-border-radius:0;-moz-border-radius:0;-ms-border-radius:0;-o-border-radius:0;margin-right:20px;\" \/>    <\/div>\n        \n            <div class=\"cshero-testimonial-content text-left\" style=\"padding-left:180px\">\n                            <div class=\"cshero-testimonial-description\">\n                    <div class=\"cshero-testimonial-text\">\n                                                Perfect Wedding Location.\r\n\r\nWe booked El Munt for our small wedding (18 guests) without ever having visited the villa or location before. When we found the villa on-line it looked beautiful and came with the added bonus of having a wedding planner available to assist. It was a risk - we didn't know what to expect! The pictures looked great, but the acid test would be what the villa was like when we got there. I am pleased to say that it exceeded expectations completely. The villa was fantastic and was only surpassed by the friendliness and professionalism of the family that own it. The main positives of the villa - the indoor and outdoor pools, the location (very secluded), the master bedroom, the poolside BBQ, the communal areas...etc. In fact, there was probably only one negative - no air conditioning (that I could find). The wedding day itself was planned by Anna (the daughter of the owner) and she did a fantastic job. We were married in a small forest within the villa grounds and had our meal (prepared by a local chef) near the pool. Every detail had been planned and was executed perfectly, giving us a day we will remember for the rest of our lives. Our friends all described it as the \"best wedding ever\". I think the location and planning were key to that....\r\n\r\n<span style=\"color: #999999;\">Juny 2017<\/span                                            <\/div>\n                <\/div>\n                                        <h3 class=\"cshero-testimonial-title\" style=\"color:#666666\">\n                    Gavin &#038; Jayne (Regne Unit)                <\/h3>\n                        \n            \n        <\/div>\n        \n<\/article>\n\n                        <\/div>\r\n                                            <div class=\"cshero-testimonial-item\">\r\n                            \n<article id=\"post-20218\"  class=\"cshero_testimonial_content clearfix\" style=\"padding:15px;color:#666666;background-color:#f5f5f5;\">\n     \n    <div class=\"cshero-testimonial-image left\">\n        <img alt=\"\" src=\"https:\/\/calbernadas.com\/wp-content\/uploads\/2017\/02\/28-MARTA-I-TONI--e1513960506674-150x200_c.jpg\" align=\"left\" style=\"border-radius:0;-webkit-border-radius:0;-moz-border-radius:0;-ms-border-radius:0;-o-border-radius:0;margin-right:20px;\" \/>    <\/div>\n        \n            <div class=\"cshero-testimonial-content text-left\" style=\"padding-left:180px\">\n                            <div class=\"cshero-testimonial-description\">\n                    <div class=\"cshero-testimonial-text\">\n                                                Preparar la boda con Anna de la Cabana fue estupendo. Nada m\u00e1s ver la casa, supimos que ten\u00eda que ser all\u00ed, y el contacto con ellos siempre fue muy sencillo. Nos ayudaron con los proveedores, y se preocuparon porque todo saliera bien en nuestra boda. Adem\u00e1s tuvimos un poquito de lluvia en la ceremonia, y nos trajeron paraguas. Muy buena sensaci\u00f3n nos ha quedado, y seguro que volveremos.\r\n\r\n<span style=\"color: #999999;\">Setembre 2015<\/span>\r\n\r\n&nbsp                                            <\/div>\n                <\/div>\n                                        <h3 class=\"cshero-testimonial-title\" style=\"color:#666666\">\n                    Marta &#038; Toni (Catalunya)                <\/h3>\n                        \n            \n        <\/div>\n        \n<\/article>\n\n                        <\/div>\r\n                                            <div class=\"cshero-testimonial-item\">\r\n                            \n<article id=\"post-20247\"  class=\"cshero_testimonial_content clearfix\" style=\"padding:15px;color:#666666;background-color:#f5f5f5;\">\n     \n    <div class=\"cshero-testimonial-image left\">\n        <img alt=\"\" src=\"https:\/\/calbernadas.com\/wp-content\/uploads\/2016\/09\/BODA-VICENTANNA-374-150x200_c.jpg\" align=\"left\" style=\"border-radius:0;-webkit-border-radius:0;-moz-border-radius:0;-ms-border-radius:0;-o-border-radius:0;margin-right:20px;\" \/>    <\/div>\n        \n            <div class=\"cshero-testimonial-content text-left\" style=\"padding-left:180px\">\n                            <div class=\"cshero-testimonial-description\">\n                    <div class=\"cshero-testimonial-text\">\n                                                Nosotros ten\u00edamos muy claro que quer\u00edamos celebrar una boda totalmente al aire libre y en un entorno rural, donde pudi\u00e9ramos hacer las cosas a nuestra manera y sin restricciones. Adem\u00e1s, quer\u00edamos un sitio donde nuestra familia m\u00e1s cercana pudiera alojarse antes y despu\u00e9s de la boda (que, por cierto, quer\u00edamos que durara un fin de semana entero). Cuando visitamos La Cabana por primera vez supimos que aquel lugar era ideal para hacer el tipo de boda que quer\u00edamos: gran jard\u00edn, vistas preciosas, casa super equipada para 15-20 personas, piscina... A pesar de que all\u00ed no se hacen muchas bodas grandes (ya que la sala interior, en caso de lluvia, es peque\u00f1a para un banquete con muchos invitados, nosotros \u00e9ramos 120-130) y al principio tuvimos nuestras dudas, decidimos arriesgarnos y contratamos La Cabana.\r\nY fue la mejor decisi\u00f3n que podr\u00edamos haber tomado. El d\u00eda de la boda sali\u00f3 todo genial. Hab\u00edamos reservado carpas por si llov\u00eda, pero hizo un d\u00eda incre\u00edble, as\u00ed que no tuvimos que ponerlas y lo hicimos todo al aire libre: ceremonia, aperitivo, banquete y baile. Adem\u00e1s, al d\u00eda siguiente hicimos una comida informal con los invitados y disfrutamos de la piscina y la pista de p\u00e1del durante todo el d\u00eda. Despu\u00e9s, nuestra familia m\u00e1s cercana se qued\u00f3 con nosotros en la casa durante 5 d\u00edas m\u00e1s y lo pasamos en grande (en agosto s\u00f3lo alquilan la casa por semanas completas). En definitiva, fue una experiencia incre\u00edble. Y esto fue gracias tambi\u00e9n a la familia Niub\u00f3, ya que nos ayudaron much\u00edsimo y fueron super flexibles. Tanto Anna como Ramona se preocuparon por que todo saliera a la perfecci\u00f3n, tanto el d\u00eda de la boda como durante el resto de la semana. \u00a1Un 10 para ellas!\r\n\r\n<span style=\"color: #999999;\">Agost 2016<\/span>\r\n\r\n&nbsp                                            <\/div>\n                <\/div>\n                                        <h3 class=\"cshero-testimonial-title\" style=\"color:#666666\">\n                    Ana &#038; Vicent (Catalunya i Valencia)                <\/h3>\n                        \n            \n        <\/div>\n        \n<\/article>\n\n                        <\/div>\r\n                                        \r\n                <\/div>\r\n                                                                <div class=\"cshero-nav 1 default\">\r\n                    <ul>\r\n                        <li class=\"prev\" style=\"left:auto;\"><\/li>\r\n                        <li class=\"next\" style=\"right:auto;\"><\/li>\r\n                    <\/ul>\r\n                <\/div>\r\n                                            <\/div>\r\n        <\/div>\r\n        [\/vc_column][\/vc_row][vc_row full_width=&#8221;stretch_row&#8221; css=&#8221;.vc_custom_1478600635542{padding-top: 100px !important;padding-bottom: 100px !important;background-image: url(https:\/\/calbernadas.com\/wp-content\/uploads\/2016\/10\/CEL_blog-1.jpg?id=13604) !important;}&#8221; parallax_speed=&#8221;0.8&#8243; bg_video_transparent=&#8221;0&#8243; el_class=&#8221;cm-icon-big-item&#8221;][vc_column][cs_custom_heading text=&#8221;VOLS VEURE CELEBRACIONS DE VERITAT?&#8221; font_container=&#8221;tag:h1|font_size:40px|text_align:center|color:%23ffffff&#8221; font_format=&#8221;700&#8243; style=&#8221;style-none&#8221; el_class=&#8221;cm-tailor-title-site&#8221;][\/vc_column][\/vc_row][vc_row css=&#8221;.vc_custom_1477557874325{padding-top: 80px !important;padding-bottom: 80px !important;}&#8221;][vc_column]\t<div id=\"cshero_post_carousel_1777648074_169f4c1ca802fd\" class=\"cshero-post-carousel postcarousel-default \">\r\n\t\t<style type=\"text\/css\" scoped>\r\n\t\t\t#cshero_post_carousel_1777648074_169f4c1ca802fd article:hover .cshero-carousel-body{color: !important; background-color: !important; }\r\n\t\t\t#cshero_post_carousel_1777648074_169f4c1ca802fd article:hover .cshero-carousel-title a{color: !important; }\r\n\t\t\t#cshero_post_carousel_1777648074_169f4c1ca802fd .link-wrap a{ color: ;}\r\n\t\t\t#cshero_post_carousel_1777648074_169f4c1ca802fd .link-wrap a:hover{ color: ;}\r\n\t\t\t#cshero_post_carousel_1777648074_169f4c1ca802fd .link-wrap [class*='icon-box-']:hover .fa,\r\n\t\t\t#cshero_post_carousel_1777648074_169f4c1ca802fd .link-wrap [class^='icon-box-']:hover .fa{border-color:;}\r\n\t\t<\/style>\r\n\t            <div class=\"cshero-post-carousel-list \">\r\n            <div id=\"cshero_post_carousel1777648074_169f4c1ca802fd\" data-mode=\"horizontal\" data-moveslides=\"3\" data-auto=\"0\" data-speed=\"500\" data-prevselector=\"#cshero_post_carousel_1777648074_169f4c1ca802fd .prev\" data-nextselector=\"#cshero_post_carousel_1777648074_169f4c1ca802fd .next\" data-prevText=\"<i class='fa fa-angle-left'><\/i>\" data-nextText=\"<i class='fa fa-angle-right'><\/i>\" data-pagerSelector=\"#cshero_post_carousel_1777648074_169f4c1ca802fd .cshero-control\" data-onsliderload=\"true\" data-touchenabled=\"1\" data-controls=\"true\" data-pager=\"0\" data-pause=\"4000\" data-infiniteloop=\"true\" data-adaptiveheight=\"true\"  data-autohover=\"true\" data-slidemargin=\"30\" data-maxslides=\"3\" data-minslides=\"1\" data-slidewidth=\"300\" data-slideselector=\"\" data-easing=\"swing\" data-usecss=\"\" data-resize=\"1\" class=\"slider jm-bxslider\">\r\n                \t\t\t<\/div>\r\n\t\t<\/div>\r\n\t\t\t\t\t        <\/div>\r\n[\/vc_column][\/vc_row][vc_row full_width=&#8221;stretch_row&#8221; css=&#8221;.vc_custom_1478590522763{padding-top: 100px !important;padding-bottom: 100px !important;background-image: url(https:\/\/calbernadas.com\/wp-content\/uploads\/2016\/10\/CEL_contacte02-1.jpg?id=13445) !important;}&#8221; parallax_speed=&#8221;0.8&#8243; bg_video_transparent=&#8221;0&#8243; el_class=&#8221;cm-icon-big-item&#8221;][vc_column][cs_custom_heading text=&#8221;CONTACTE&#8221; font_container=&#8221;tag:h1|font_size:40px|text_align:center|color:%23ffffff&#8221; font_format=&#8221;700&#8243; style=&#8221;style-none&#8221; el_class=&#8221;cm-tailor-title-site&#8221;][\/vc_column][\/vc_row][vc_row css=&#8221;.vc_custom_1477557874325{padding-top: 80px !important;padding-bottom: 80px !important;}&#8221;][vc_column width=&#8221;1\/3&#8243;][vc_column_text]<\/p>\n<h3><\/h3>\n<h3><span style=\"color: #cc3366;\">JOSEP NIUB\u00d2<\/span><br \/>\n<span style=\"color: #cc3366;\">RAMONA CASAS<\/span><br \/>\n<span style=\"color: #cc3366;\">ANNA NIUB\u00d2<\/span><\/h3>\n<h3><\/h3>\n<p style=\"font-size: 18px;\">Carrer Major, 31. 08693 Casserres<br \/>\n+34 636 533 958<br \/>\n+34 938 234 082<br \/>\n<span id=\"cloak78436\"><a href=\"mailto:info@calbernadas.com\">info@calbernadas.com<\/a><\/span><\/p>\n<p>[\/vc_column_text]        <div  id=\"cs_social1777648074_169f4c1ca80388\" class=\"cshero-social cs-social-layout1 \">\r\n            <style type=\"text\/css\" scoped>\r\n               .cshero_content_1777648074_169f4c1ca80388.cshero-social-list a:hover i {\r\n                    background-color:  !important;\r\n                    border-color:  !important;\r\n                    color:  !important;\r\n                    white-space: inherit;\r\n               }\r\n            <\/style>\r\n                            \r\n<div class=\"cshero_content_1777648074_169f4c1ca80388 cshero-social-list \">\r\n            <a href=\"https:\/\/www.facebook.com\/calbernadas?fref=ts\" style=\"font-size:\"><i style=\"      border-style: none;   \" class=\"fa fa-facebook\"><\/i><\/a>\r\n                <a href=\"https:\/\/instagram.com\/calbernadas\/\" style=\"font-size:\"><i style=\"      border-style: none;   \" class=\"fa fa-instagram\"><\/i><\/a>\r\n                <a href=\"https:\/\/twitter.com\/calbernadas\" style=\"font-size:\"><i style=\"      border-style: none;   \" class=\"fa fa-twitter\"><\/i><\/a>\r\n                                            \r\n<\/div>               \r\n        <\/div>\r\n        [\/vc_column][vc_column width=&#8221;2\/3&#8243;]\n<div class=\"wpcf7 no-js\" id=\"wpcf7-f17314-o1\" lang=\"en-US\" dir=\"ltr\">\n<div class=\"screen-reader-response\"><p role=\"status\" aria-live=\"polite\" aria-atomic=\"true\"><\/p> <ul><\/ul><\/div>\n<form action=\"\/ca\/wp-json\/wp\/v2\/pages\/12039#wpcf7-f17314-o1\" method=\"post\" class=\"wpcf7-form init\" aria-label=\"Contact form\" novalidate=\"novalidate\" data-status=\"init\">\n<div style=\"display: none;\">\n<input type=\"hidden\" name=\"_wpcf7\" value=\"17314\" \/>\n<input type=\"hidden\" name=\"_wpcf7_version\" value=\"5.8.2\" \/>\n<input type=\"hidden\" name=\"_wpcf7_locale\" value=\"en_US\" \/>\n<input type=\"hidden\" name=\"_wpcf7_unit_tag\" value=\"wpcf7-f17314-o1\" \/>\n<input type=\"hidden\" name=\"_wpcf7_container_post\" value=\"0\" \/>\n<input type=\"hidden\" name=\"_wpcf7_posted_data_hash\" value=\"\" \/>\n<\/div>\n<div class=\"row\">\n\t<div class=\"col-xs-12 col-sm-12 col-md-12 col-lg-12\">\n\t\t<p><span class=\"wpcf7-form-control-wrap\" data-name=\"nom\"><input size=\"40\" class=\"wpcf7-form-control wpcf7-text wpcf7-validates-as-required name\" id=\"name\" aria-required=\"true\" aria-invalid=\"false\" placeholder=\"El teu nom\" value=\"\" type=\"text\" name=\"nom\" \/><\/span>\n\t\t<\/p>\n\t<\/div>\n<\/div>\n<div class=\"row\">\n\t<div class=\"col-xs-12 col-sm-12 col-md-12 col-lg-12\">\n\t\t<p><span class=\"wpcf7-form-control-wrap\" data-name=\"email\"><input size=\"40\" class=\"wpcf7-form-control wpcf7-email wpcf7-validates-as-required wpcf7-text wpcf7-validates-as-email email\" id=\"email\" aria-required=\"true\" aria-invalid=\"false\" placeholder=\"El teu e-mail\" value=\"\" type=\"email\" name=\"email\" \/><\/span>\n\t\t<\/p>\n\t<\/div>\n<\/div>\n<div class=\"row\">\n\t<div class=\"col-xs-12 col-sm-12 col-md-12 col-lg-12\">\n\t\t<p><span class=\"wpcf7-form-control-wrap\" data-name=\"phone\"><input size=\"40\" class=\"wpcf7-form-control wpcf7-text wpcf7-validates-as-required phone\" id=\"phone\" aria-required=\"true\" aria-invalid=\"false\" placeholder=\"Tel\u00e8fon\" value=\"\" type=\"text\" name=\"phone\" \/><\/span>\n\t\t<\/p>\n\t<\/div>\n<\/div>\n<div class=\"row\">\n\t<div class=\"col-xs-12 col-sm-12 col-md-12 col-lg-12\">\n\t\t<p><span class=\"wpcf7-form-control-wrap\" data-name=\"adults\"><input size=\"40\" class=\"wpcf7-form-control wpcf7-text wpcf7-validates-as-required\" aria-required=\"true\" aria-invalid=\"false\" placeholder=\"Nombre d&#039;adults\" value=\"\" type=\"text\" name=\"adults\" \/><\/span>\n\t\t<\/p>\n\t<\/div>\n<\/div>\n<div class=\"row\">\n\t<div class=\"col-xs-12 col-sm-12 col-md-12 col-lg-12\">\n\t\t<p><span class=\"wpcf7-form-control-wrap\" data-name=\"nens\"><input size=\"40\" class=\"wpcf7-form-control wpcf7-text wpcf7-validates-as-required\" aria-required=\"true\" aria-invalid=\"false\" placeholder=\"Nombre de nens (De 2 a 15 anys)\" value=\"\" type=\"text\" name=\"nens\" \/><\/span>\n\t\t<\/p>\n\t<\/div>\n<\/div>\n<div class=\"row\">\n\t<div class=\"col-xs-12 col-sm-12 col-md-12 col-lg-12\">\n\t\t<p><span class=\"wpcf7-form-control-wrap\" data-name=\"nadons\"><input size=\"40\" class=\"wpcf7-form-control wpcf7-text wpcf7-validates-as-required\" aria-required=\"true\" aria-invalid=\"false\" placeholder=\"Nombre de nadons (Menors de 2 anys)\" value=\"\" type=\"text\" name=\"nadons\" \/><\/span>\n\t\t<\/p>\n\t<\/div>\n<\/div>\n<div class=\"row\">\n\t<div class=\"col-xs-12 col-sm-12 col-md-12 col-lg-12\">\n\t\t<p><span class=\"wpcf7-form-control-wrap\" data-name=\"entrada\"><input class=\"wpcf7-form-control wpcf7-date wpcf7-validates-as-required wpcf7-validates-as-date\" aria-required=\"true\" aria-invalid=\"false\" placeholder=\"Data d&#039;entrada: &nbsp;\" value=\"\" type=\"date\" name=\"entrada\" \/><\/span>\n\t\t<\/p>\n\t<\/div>\n<\/div>\n<div class=\"row\">\n\t<div class=\"col-xs-12 col-sm-12 col-md-12 col-lg-12\">\n\t\t<p><span class=\"wpcf7-form-control-wrap\" data-name=\"sortida\"><input class=\"wpcf7-form-control wpcf7-date wpcf7-validates-as-required wpcf7-validates-as-date\" aria-required=\"true\" aria-invalid=\"false\" placeholder=\"Data sortida: &nbsp;\" value=\"\" type=\"date\" name=\"sortida\" \/><\/span>\n\t\t<\/p>\n\t<\/div>\n<\/div>\n<div class=\"row\">\n\t<div class=\"col-xs-12 col-sm-12 col-md-12 col-lg-12\">\n\t\t<p><span class=\"wpcf7-form-control-wrap\" data-name=\"msg\"><textarea cols=\"40\" rows=\"10\" class=\"wpcf7-form-control wpcf7-textarea\" aria-invalid=\"false\" placeholder=\"Deixa el teu missatge\" name=\"msg\"><\/textarea><\/span>\n\t\t<\/p>\n\t<\/div>\n<\/div>\n<div class=\"row\">\n\t<div class=\"col-xs-12 col-sm-12 col-md-12 col-lg-12\">\n\t\t<p><span class=\"wpcf7-form-control-wrap\" data-name=\"codipromo\"><input size=\"40\" class=\"wpcf7-form-control wpcf7-text\" aria-invalid=\"false\" placeholder=\"Codi promocional\" value=\"\" type=\"text\" name=\"codipromo\" \/><\/span>\n\t\t<\/p>\n\t<\/div>\n<\/div>\n<div class=\"row\">\n\t<div class=\"col-xs-1 col-sm-1 col-md-1 col-lg-1\">\n\t\t<p><span class=\"wpcf7-form-control-wrap\" data-name=\"acceptar\"><span class=\"wpcf7-form-control wpcf7-acceptance\"><span class=\"wpcf7-list-item\"><input type=\"checkbox\" name=\"acceptar\" value=\"1\" aria-invalid=\"false\" \/><\/span><\/span><\/span>\n\t\t<\/p>\n\t<\/div>\n\t<p>\"He llegit i accepto la <a href=\"https:\/\/calbernadas.com\/ca\/avis-legal\/#privacitat\" target=\"_blank\">pol\u00edtica de privacitat\"<\/a>\n\t<\/p>\n<\/div>\n<div class=\"row\">\n\t<div class=\"col-xs-12 col-sm-12 col-md-12 col-lg-12\">\n\t\t<p>[bwscaptcha bwscaptcha-42]\n\t\t<\/p>\n\t<\/div>\n<\/div>\n<div class=\"row\">\n\t<div class=\"col-xs-12 col-sm-12 col-md-12 col-lg-12\">\n\t\t<p><input class=\"wpcf7-form-control wpcf7-submit has-spinner\" type=\"submit\" value=\"Enviar\" \/>\n\t\t<\/p>\n\t<\/div>\n<\/div><p style=\"display: none !important;\" class=\"akismet-fields-container\" data-prefix=\"_wpcf7_ak_\"><label>&#916;<textarea name=\"_wpcf7_ak_hp_textarea\" cols=\"45\" rows=\"8\" maxlength=\"100\"><\/textarea><\/label><input type=\"hidden\" id=\"ak_js_1\" name=\"_wpcf7_ak_js\" value=\"127\"\/><script>document.getElementById( \"ak_js_1\" ).setAttribute( \"value\", ( new Date() ).getTime() );<\/script><\/p><div class=\"wpcf7-response-output\" aria-hidden=\"true\"><\/div>\n<\/form>\n<\/div>\n[\/vc_column][\/vc_row]<\/p>\n","protected":false},"excerpt":{"rendered":"<p>[vc_row full_width=&#8221;stretch_row&#8221; css=&#8221;.vc_custom_1478574823216{padding-top: 200px !important;padding-bottom: 200px !important;background-image: url(https:\/\/calbernadas.com\/wp-content\/uploads\/2016\/10\/CB_CEL_wedding_banner-1.jpg?id=13409) !important;}&#8221; parallax_speed=&#8221;0.8&#8243; bg_video_transparent=&#8221;0&#8243; el_class=&#8221;cm-icon-big-item&#8221;][vc_column][cs_custom_heading text=&#8221; WEDDING PLANNER&#8221; font_container=&#8221;tag:h1|font_size:40px|text_align:center|color:%23ffffff|line_height:40px&#8221; font_format=&#8221;700&#8243; style=&#8221;style-none&#8221; el_class=&#8221;cm-tailor-title-site&#8221;][vc_row_inner][vc_column_inner width=&#8221;1\/4&#8243;][\/vc_column_inner][vc_column_inner [&hellip;]<\/p>\n","protected":false},"author":1,"featured_media":0,"parent":12033,"menu_order":0,"comment_status":"closed","ping_status":"closed","template":"","meta":{"footnotes":""},"yoast_head":"<!-- This site is optimized with the Yoast SEO plugin v21.5 - https:\/\/yoast.com\/wordpress\/plugins\/seo\/ -->\n<title>WEDDING PLANNER - Cal Bernad\u00e0s<\/title>\n<meta name=\"robots\" content=\"index, follow, max-snippet:-1, max-image-preview:large, max-video-preview:-1\" \/>\n<link rel=\"canonical\" href=\"https:\/\/calbernadas.com\/ca\/celebracions\/wedding-planner\/\" \/>\n<meta property=\"og:locale\" content=\"ca_ES\" \/>\n<meta property=\"og:type\" content=\"article\" \/>\n<meta property=\"og:title\" content=\"WEDDING PLANNER - Cal Bernad\u00e0s\" \/>\n<meta property=\"og:description\" content=\"[vc_row full_width=&#8221;stretch_row&#8221; css=&#8221;.vc_custom_1478574823216{padding-top: 200px !important;padding-bottom: 200px !important;background-image: url(https:\/\/calbernadas.com\/wp-content\/uploads\/2016\/10\/CB_CEL_wedding_banner-1.jpg?id=13409) !important;}&#8221; parallax_speed=&#8221;0.8&#8243; bg_video_transparent=&#8221;0&#8243; el_class=&#8221;cm-icon-big-item&#8221;][vc_column][cs_custom_heading text=&#8221; WEDDING PLANNER&#8221; font_container=&#8221;tag:h1|font_size:40px|text_align:center|color:%23ffffff|line_height:40px&#8221; font_format=&#8221;700&#8243; style=&#8221;style-none&#8221; el_class=&#8221;cm-tailor-title-site&#8221;][vc_row_inner][vc_column_inner width=&#8221;1\/4&#8243;][\/vc_column_inner][vc_column_inner [&hellip;]\" \/>\n<meta property=\"og:url\" content=\"https:\/\/calbernadas.com\/ca\/celebracions\/wedding-planner\/\" \/>\n<meta property=\"og:site_name\" content=\"Cal Bernad\u00e0s\" \/>\n<meta property=\"article:publisher\" content=\"https:\/\/www.facebook.com\/calbernadas\" \/>\n<meta property=\"article:modified_time\" content=\"2021-03-08T17:23:13+00:00\" \/>\n<meta property=\"og:image\" content=\"https:\/\/calbernadas.com\/wp-content\/uploads\/2016\/10\/CB_CEL_wedding_anna.jpg\" \/>\n<meta name=\"twitter:card\" content=\"summary_large_image\" \/>\n<meta name=\"twitter:site\" content=\"@calbernadas\" \/>\n<meta name=\"twitter:label1\" content=\"Temps estimat de lectura\" \/>\n\t<meta name=\"twitter:data1\" content=\"8 minuts\" \/>\n<script type=\"application\/ld+json\" class=\"yoast-schema-graph\">{\"@context\":\"https:\/\/schema.org\",\"@graph\":[{\"@type\":\"WebPage\",\"@id\":\"https:\/\/calbernadas.com\/ca\/celebracions\/wedding-planner\/\",\"url\":\"https:\/\/calbernadas.com\/ca\/celebracions\/wedding-planner\/\",\"name\":\"WEDDING PLANNER - Cal Bernad\u00e0s\",\"isPartOf\":{\"@id\":\"https:\/\/calbernadas.com\/ca\/#website\"},\"datePublished\":\"2016-10-24T10:36:16+00:00\",\"dateModified\":\"2021-03-08T17:23:13+00:00\",\"breadcrumb\":{\"@id\":\"https:\/\/calbernadas.com\/ca\/celebracions\/wedding-planner\/#breadcrumb\"},\"inLanguage\":\"ca\",\"potentialAction\":[{\"@type\":\"ReadAction\",\"target\":[\"https:\/\/calbernadas.com\/ca\/celebracions\/wedding-planner\/\"]}]},{\"@type\":\"BreadcrumbList\",\"@id\":\"https:\/\/calbernadas.com\/ca\/celebracions\/wedding-planner\/#breadcrumb\",\"itemListElement\":[{\"@type\":\"ListItem\",\"position\":1,\"name\":\"Portada\",\"item\":\"https:\/\/calbernadas.com\/ca\/\"},{\"@type\":\"ListItem\",\"position\":2,\"name\":\"Celebracions\",\"item\":\"https:\/\/calbernadas.com\/ca\/celebracions\/\"},{\"@type\":\"ListItem\",\"position\":3,\"name\":\"WEDDING PLANNER\"}]},{\"@type\":\"WebSite\",\"@id\":\"https:\/\/calbernadas.com\/ca\/#website\",\"url\":\"https:\/\/calbernadas.com\/ca\/\",\"name\":\"Cal Bernad\u00e0s\",\"description\":\"Turisme rural\",\"publisher\":{\"@id\":\"https:\/\/calbernadas.com\/ca\/#organization\"},\"potentialAction\":[{\"@type\":\"SearchAction\",\"target\":{\"@type\":\"EntryPoint\",\"urlTemplate\":\"https:\/\/calbernadas.com\/ca\/?s={search_term_string}\"},\"query-input\":\"required name=search_term_string\"}],\"inLanguage\":\"ca\"},{\"@type\":\"Organization\",\"@id\":\"https:\/\/calbernadas.com\/ca\/#organization\",\"name\":\"Cal Bernad\u00e0s\",\"url\":\"https:\/\/calbernadas.com\/ca\/\",\"logo\":{\"@type\":\"ImageObject\",\"inLanguage\":\"ca\",\"@id\":\"https:\/\/calbernadas.com\/ca\/#\/schema\/logo\/image\/\",\"url\":\"https:\/\/calbernadas.com\/wp-content\/uploads\/2017\/03\/logo_calbernadas2.png\",\"contentUrl\":\"https:\/\/calbernadas.com\/wp-content\/uploads\/2017\/03\/logo_calbernadas2.png\",\"width\":169,\"height\":156,\"caption\":\"Cal Bernad\u00e0s\"},\"image\":{\"@id\":\"https:\/\/calbernadas.com\/ca\/#\/schema\/logo\/image\/\"},\"sameAs\":[\"https:\/\/www.facebook.com\/calbernadas\",\"https:\/\/twitter.com\/calbernadas\",\"https:\/\/instagram.com\/calbernadas\/\",\"http:\/\/www.youtube.es\/calbernadas\"]}]}<\/script>\n<!-- \/ Yoast SEO plugin. -->","yoast_head_json":{"title":"WEDDING PLANNER - Cal Bernad\u00e0s","robots":{"index":"index","follow":"follow","max-snippet":"max-snippet:-1","max-image-preview":"max-image-preview:large","max-video-preview":"max-video-preview:-1"},"canonical":"https:\/\/calbernadas.com\/ca\/celebracions\/wedding-planner\/","og_locale":"ca_ES","og_type":"article","og_title":"WEDDING PLANNER - Cal Bernad\u00e0s","og_description":"[vc_row full_width=&#8221;stretch_row&#8221; css=&#8221;.vc_custom_1478574823216{padding-top: 200px !important;padding-bottom: 200px !important;background-image: url(https:\/\/calbernadas.com\/wp-content\/uploads\/2016\/10\/CB_CEL_wedding_banner-1.jpg?id=13409) !important;}&#8221; parallax_speed=&#8221;0.8&#8243; bg_video_transparent=&#8221;0&#8243; el_class=&#8221;cm-icon-big-item&#8221;][vc_column][cs_custom_heading text=&#8221; WEDDING PLANNER&#8221; font_container=&#8221;tag:h1|font_size:40px|text_align:center|color:%23ffffff|line_height:40px&#8221; font_format=&#8221;700&#8243; style=&#8221;style-none&#8221; el_class=&#8221;cm-tailor-title-site&#8221;][vc_row_inner][vc_column_inner width=&#8221;1\/4&#8243;][\/vc_column_inner][vc_column_inner [&hellip;]","og_url":"https:\/\/calbernadas.com\/ca\/celebracions\/wedding-planner\/","og_site_name":"Cal Bernad\u00e0s","article_publisher":"https:\/\/www.facebook.com\/calbernadas","article_modified_time":"2021-03-08T17:23:13+00:00","og_image":[{"url":"https:\/\/calbernadas.com\/wp-content\/uploads\/2016\/10\/CB_CEL_wedding_anna.jpg"}],"twitter_card":"summary_large_image","twitter_site":"@calbernadas","twitter_misc":{"Temps estimat de lectura":"8 minuts"},"schema":{"@context":"https:\/\/schema.org","@graph":[{"@type":"WebPage","@id":"https:\/\/calbernadas.com\/ca\/celebracions\/wedding-planner\/","url":"https:\/\/calbernadas.com\/ca\/celebracions\/wedding-planner\/","name":"WEDDING PLANNER - Cal Bernad\u00e0s","isPartOf":{"@id":"https:\/\/calbernadas.com\/ca\/#website"},"datePublished":"2016-10-24T10:36:16+00:00","dateModified":"2021-03-08T17:23:13+00:00","breadcrumb":{"@id":"https:\/\/calbernadas.com\/ca\/celebracions\/wedding-planner\/#breadcrumb"},"inLanguage":"ca","potentialAction":[{"@type":"ReadAction","target":["https:\/\/calbernadas.com\/ca\/celebracions\/wedding-planner\/"]}]},{"@type":"BreadcrumbList","@id":"https:\/\/calbernadas.com\/ca\/celebracions\/wedding-planner\/#breadcrumb","itemListElement":[{"@type":"ListItem","position":1,"name":"Portada","item":"https:\/\/calbernadas.com\/ca\/"},{"@type":"ListItem","position":2,"name":"Celebracions","item":"https:\/\/calbernadas.com\/ca\/celebracions\/"},{"@type":"ListItem","position":3,"name":"WEDDING PLANNER"}]},{"@type":"WebSite","@id":"https:\/\/calbernadas.com\/ca\/#website","url":"https:\/\/calbernadas.com\/ca\/","name":"Cal Bernad\u00e0s","description":"Turisme rural","publisher":{"@id":"https:\/\/calbernadas.com\/ca\/#organization"},"potentialAction":[{"@type":"SearchAction","target":{"@type":"EntryPoint","urlTemplate":"https:\/\/calbernadas.com\/ca\/?s={search_term_string}"},"query-input":"required name=search_term_string"}],"inLanguage":"ca"},{"@type":"Organization","@id":"https:\/\/calbernadas.com\/ca\/#organization","name":"Cal Bernad\u00e0s","url":"https:\/\/calbernadas.com\/ca\/","logo":{"@type":"ImageObject","inLanguage":"ca","@id":"https:\/\/calbernadas.com\/ca\/#\/schema\/logo\/image\/","url":"https:\/\/calbernadas.com\/wp-content\/uploads\/2017\/03\/logo_calbernadas2.png","contentUrl":"https:\/\/calbernadas.com\/wp-content\/uploads\/2017\/03\/logo_calbernadas2.png","width":169,"height":156,"caption":"Cal Bernad\u00e0s"},"image":{"@id":"https:\/\/calbernadas.com\/ca\/#\/schema\/logo\/image\/"},"sameAs":["https:\/\/www.facebook.com\/calbernadas","https:\/\/twitter.com\/calbernadas","https:\/\/instagram.com\/calbernadas\/","http:\/\/www.youtube.es\/calbernadas"]}]}},"_links":{"self":[{"href":"https:\/\/calbernadas.com\/ca\/wp-json\/wp\/v2\/pages\/12039"}],"collection":[{"href":"https:\/\/calbernadas.com\/ca\/wp-json\/wp\/v2\/pages"}],"about":[{"href":"https:\/\/calbernadas.com\/ca\/wp-json\/wp\/v2\/types\/page"}],"author":[{"embeddable":true,"href":"https:\/\/calbernadas.com\/ca\/wp-json\/wp\/v2\/users\/1"}],"replies":[{"embeddable":true,"href":"https:\/\/calbernadas.com\/ca\/wp-json\/wp\/v2\/comments?post=12039"}],"version-history":[{"count":8,"href":"https:\/\/calbernadas.com\/ca\/wp-json\/wp\/v2\/pages\/12039\/revisions"}],"predecessor-version":[{"id":22652,"href":"https:\/\/calbernadas.com\/ca\/wp-json\/wp\/v2\/pages\/12039\/revisions\/22652"}],"up":[{"embeddable":true,"href":"https:\/\/calbernadas.com\/ca\/wp-json\/wp\/v2\/pages\/12033"}],"wp:attachment":[{"href":"https:\/\/calbernadas.com\/ca\/wp-json\/wp\/v2\/media?parent=12039"}],"curies":[{"name":"wp","href":"https:\/\/api.w.org\/{rel}","templated":true}]}}