{"id":12037,"date":"2016-10-24T10:35:57","date_gmt":"2016-10-24T10:35:57","guid":{"rendered":"https:\/\/calbernadas.com\/?page_id=12037"},"modified":"2023-12-13T12:59:03","modified_gmt":"2023-12-13T11:59:03","slug":"la-cabana","status":"publish","type":"page","link":"https:\/\/calbernadas.com\/ca\/celebracions\/la-cabana\/","title":{"rendered":"LA CABANA"},"content":{"rendered":"<p>[vc_row full_width=&#8221;stretch_row_content&#8221;][vc_column]    <div id=\"carousel\" class=\"carousel slide\" data-ride=\"carousel\">\r\n        <!-- Indicators -->\r\n                 <!-- Wrapper for slides -->\r\n        <div class=\"carousel-inner\" role=\"listbox\">\r\n                                    <div class=\"item active\">\r\n                <img src=\"https:\/\/calbernadas.com\/wp-content\/uploads\/2016\/10\/CB_CEL_LACABANA_SLIDE_0.jpg\" alt=\"image2\"\/>\r\n                <div class=\"carousel-caption\">\r\n                <\/div>\r\n            <\/div>\r\n                                    <div class=\"item \">\r\n                <img src=\"https:\/\/calbernadas.com\/wp-content\/uploads\/2016\/10\/C_lacabana_interior1.jpg\" alt=\"image2\"\/>\r\n                <div class=\"carousel-caption\">\r\n                <\/div>\r\n            <\/div>\r\n                                    <div class=\"item \">\r\n                <img src=\"https:\/\/calbernadas.com\/wp-content\/uploads\/2016\/10\/C_lacabana_interior3.jpg\" alt=\"image2\"\/>\r\n                <div class=\"carousel-caption\">\r\n                <\/div>\r\n            <\/div>\r\n                                    <div class=\"item \">\r\n                <img src=\"https:\/\/calbernadas.com\/wp-content\/uploads\/2016\/10\/C_lacabana_interior10.jpg\" alt=\"image2\"\/>\r\n                <div class=\"carousel-caption\">\r\n                <\/div>\r\n            <\/div>\r\n                                    <div class=\"item \">\r\n                <img src=\"https:\/\/calbernadas.com\/wp-content\/uploads\/2016\/10\/C_lacabana_interior12.jpg\" alt=\"image2\"\/>\r\n                <div class=\"carousel-caption\">\r\n                <\/div>\r\n            <\/div>\r\n                    <\/div>\r\n\r\n        <!-- Controls -->\r\n        <a class=\"left carousel-control\" href=\"#carousel\" role=\"button\" data-slide=\"prev\">\r\n            <span class=\"fa fa-chevron-left\" aria-hidden=\"true\"><\/span>\r\n            <span class=\"sr-only\">Previous<\/span>\r\n        <\/a>\r\n        <a class=\"right carousel-control\" href=\"#carousel\" role=\"button\" data-slide=\"next\">\r\n            <span class=\"fa fa-chevron-right\" aria-hidden=\"true\"><\/span>\r\n            <span class=\"sr-only\">Next<\/span>\r\n        <\/a>\r\n        \r\n    <\/div>\r\n        [\/vc_column][\/vc_row][vc_row full_width=&#8221;stretch_row_content_no_spaces&#8221; css=&#8221;.vc_custom_1478506414449{padding-top: 0px !important;padding-bottom: 0px !important;}&#8221;][vc_column][vc_gallery type=&#8221;image_grid&#8221; images=&#8221;21938,21942,21940,21941,21950,21943,21947,21945,21949,21953&#8243; img_size=&#8221;1500&#215;800&#8243; el_class=&#8221; cols5&#8243;][\/vc_column][\/vc_row][vc_row css=&#8221;.vc_custom_1477971546965{padding-top: 80px !important;padding-bottom: 80px !important;}&#8221;][vc_column width=&#8221;1\/6&#8243;][\/vc_column][vc_column width=&#8221;2\/3&#8243;][vc_column_text]<\/p>\n<h5 style=\"text-align: center;\"><span style=\"color: #cc3366;\">Si vols celebrar un dia especial, La Cabana \u00e9s una bona opci\u00f3.<br \/>\nT\u2019oferim diferents espais perqu\u00e8 ho adaptis als teus desitjos i, a m\u00e9s a m\u00e9s, allotjament per als m\u00e9s pr\u00f2xims.<\/span><\/h5>\n<p>[\/vc_column_text][\/vc_column][vc_column width=&#8221;1\/6&#8243;][\/vc_column][\/vc_row][vc_row full_width=&#8221;stretch_row&#8221; css=&#8221;.vc_custom_1478591596599{padding-top: 100px !important;padding-bottom: 100px !important;background-image: url(https:\/\/calbernadas.com\/wp-content\/uploads\/2016\/10\/CEL_habmunt-1.jpg?id=13364) !important;}&#8221; parallax_speed=&#8221;0.8&#8243; bg_video_transparent=&#8221;0&#8243; el_class=&#8221;cm-icon-big-item&#8221;][vc_column][cs_custom_heading text=&#8221;ESPAIS PER A LA TEVA CELEBRACI\u00d3&#8221; font_container=&#8221;tag:h1|font_size:40px|text_align:center|color:%23ffffff&#8221; font_format=&#8221;700&#8243; style=&#8221;style-none&#8221; el_class=&#8221;cm-tailor-title-site&#8221;][\/vc_column][\/vc_row][vc_row css=&#8221;.vc_custom_1477557874325{padding-top: 80px !important;padding-bottom: 80px !important;}&#8221;][vc_column width=&#8221;1\/4&#8243;][\/vc_column][vc_column width=&#8221;1\/2&#8243;][vc_column_text]<\/p>\n<h5 style=\"text-align: center;\"><span style=\"color: #cc3366;\">Tot el que t\u2019ofereix La Cabana per al teu gran dia:<br \/>\nuna gran era, jard\u00ed amb piscina exterior, un rac\u00f3 enmig del bosc, una sala interior&#8230;<br \/>\nTot aix\u00f2 i m\u00e9s \u00e9s el que trobareu a La Cabana. Descobriu tots els racons que faran del vostra dia un dia perfecte.<\/span><\/h5>\n<p>[\/vc_column_text][\/vc_column][vc_column width=&#8221;1\/4&#8243;][\/vc_column][\/vc_row][vc_row gap=&#8221;15&#8243; css=&#8221;.vc_custom_1477987114415{padding-top: 15px !important;padding-bottom: 15px !important;}&#8221;][vc_column width=&#8221;1\/3&#8243;]<div id=\"cshero-fancybox69f4acdeb0b94_1777642718\" class=\"cshero-fancybox-wrap clearfix fancybox-layout9  text-center   wpb_animate_when_almost_visible wpb_fade-in\" style=\"border-width: 1px; border-style: solid; border-color: #dddddd;   background: #fafafa\">\n\t<style type=\"text\/css\" scoped>\n        #cshero-fancybox69f4acdeb0b94_1777642718.fancybox-layout9:hover .fancy-icon {\n            background-color:#99cc66 !important;\n            border-color: !important;\n            color:#ffffff !important;\n        }\n\n        #cshero-fancybox69f4acdeb0b94_1777642718.fancybox-layout9 .fancy-icon.icon-hover-style-3:after{\n    \t\t-webkit-border-radius:;\n    \t\t-moz-border-radius:;\n    \t\t-ms-border-radius:;\n    \t\t-o-border-radius:;\n    \t\tborder-radius:;\n    \t\tbackground-color:#99cc66;\n    \t\tborder-width:1px;\n    \t\tborder-style:solid;\n    \t\tborder-color:;\n\t   }\n               #cshero-fancybox69f4acdeb0b94_1777642718 {\n            background: #fafafa;\n        }\n                       #cshero-fancybox69f4acdeb0b94_1777642718:hover {\n            background: #fafafa;\n        }\n               \n              \t<\/style>\n    <div class=\"cshero-fancybox-title-image\">\n        <div class=\"cshero-fancybox-icon\">\n                                                <div class=\"cshero-fancybox-image left\">\n                        <img src=\"https:\/\/calbernadas.com\/wp-content\/uploads\/2016\/10\/espais-LC-era.jpg\" alt=\"\u00c0MPLIA ERA A L'ARRIBADA DE LA CASA\"\/>\n                                             <\/div>\n                                        <\/div>\n        \n        <div class=\"cshero-fancybox-content\" >\n            <div class=\"cshero-fancybox-padding\">\n                <h3 style=\"color: #cc3366;  text-transform: uppercase;\" class=\"cshero-fancybox-title\">\n                    <span class=\"cshero-title-main\">\n                        \u00c0MPLIA ERA A L'ARRIBADA DE LA CASA                    <\/span>\n                <\/h3>\n                <div class=\"content\">\n                    <\/p>\n<div class=\"uk-width-medium-1-3\">\n<div class=\"uk-panel uk-panel-box\">\n<p>Gran espai obert que d\u00f3na la benvinguda a La Cabana, enjardinat i ideal per a recepcions i cerim\u00f2nies civils.<\/p>\n<\/div>\n<\/div>\n<p>                <\/div>\n                            <\/div>\n        <\/div>\n       \n    <\/div>\n<\/div>\n[\/vc_column][vc_column width=&#8221;1\/3&#8243;]<div id=\"cshero-fancybox69f4acdeb124b_1777642718\" class=\"cshero-fancybox-wrap clearfix fancybox-layout9  text-center   wpb_animate_when_almost_visible wpb_fade-in\" style=\"border-width: 1px; border-style: solid; border-color: #dddddd;   background: #fafafa\">\n\t<style type=\"text\/css\" scoped>\n        #cshero-fancybox69f4acdeb124b_1777642718.fancybox-layout9:hover .fancy-icon {\n            background-color:#99cc66 !important;\n            border-color: !important;\n            color:#ffffff !important;\n        }\n\n        #cshero-fancybox69f4acdeb124b_1777642718.fancybox-layout9 .fancy-icon.icon-hover-style-3:after{\n    \t\t-webkit-border-radius:;\n    \t\t-moz-border-radius:;\n    \t\t-ms-border-radius:;\n    \t\t-o-border-radius:;\n    \t\tborder-radius:;\n    \t\tbackground-color:#99cc66;\n    \t\tborder-width:1px;\n    \t\tborder-style:solid;\n    \t\tborder-color:;\n\t   }\n               #cshero-fancybox69f4acdeb124b_1777642718 {\n            background: #fafafa;\n        }\n                       #cshero-fancybox69f4acdeb124b_1777642718:hover {\n            background: #fafafa;\n        }\n               \n              \t<\/style>\n    <div class=\"cshero-fancybox-title-image\">\n        <div class=\"cshero-fancybox-icon\">\n                                                <div class=\"cshero-fancybox-image left\">\n                        <img src=\"https:\/\/calbernadas.com\/wp-content\/uploads\/2016\/10\/espais-LC-bosc.jpg\" alt=\"ESPAI AL BOSC\"\/>\n                                             <\/div>\n                                        <\/div>\n        \n        <div class=\"cshero-fancybox-content\" >\n            <div class=\"cshero-fancybox-padding\">\n                <h3 style=\"color: #cc3366;  text-transform: uppercase;\" class=\"cshero-fancybox-title\">\n                    <span class=\"cshero-title-main\">\n                        ESPAI AL BOSC                    <\/span>\n                <\/h3>\n                <div class=\"content\">\n                    <\/p>\n<p style=\"text-align: center;\">A 50 metres de la casa, un bosquet per a tots aquells que us agradin els espais recollits i acollidors, on la natura n\u2019\u00e9s la principal protagonista.<br \/>\nAlzines, roures i unes fant\u00e0stiques vistes al camp de La Cabana, un decorat \u00fanic que varia en funci\u00f3 de l\u2019\u00e8poca de l\u2019any.<br \/>\nIdeal per a cerim\u00f2nies civils.<\/p>\n<p>                <\/div>\n                            <\/div>\n        <\/div>\n       \n    <\/div>\n<\/div>\n[\/vc_column][vc_column width=&#8221;1\/3&#8243;]<div id=\"cshero-fancybox69f4acdeb170c_1777642718\" class=\"cshero-fancybox-wrap clearfix fancybox-layout9  text-center   wpb_animate_when_almost_visible wpb_fade-in\" style=\"border-width: 1px; border-style: solid; border-color: #dddddd;   background: #fafafa\">\n\t<style type=\"text\/css\" scoped>\n        #cshero-fancybox69f4acdeb170c_1777642718.fancybox-layout9:hover .fancy-icon {\n            background-color:#99cc66 !important;\n            border-color: !important;\n            color:#ffffff !important;\n        }\n\n        #cshero-fancybox69f4acdeb170c_1777642718.fancybox-layout9 .fancy-icon.icon-hover-style-3:after{\n    \t\t-webkit-border-radius:;\n    \t\t-moz-border-radius:;\n    \t\t-ms-border-radius:;\n    \t\t-o-border-radius:;\n    \t\tborder-radius:;\n    \t\tbackground-color:#99cc66;\n    \t\tborder-width:1px;\n    \t\tborder-style:solid;\n    \t\tborder-color:;\n\t   }\n               #cshero-fancybox69f4acdeb170c_1777642718 {\n            background: #fafafa;\n        }\n                       #cshero-fancybox69f4acdeb170c_1777642718:hover {\n            background: #fafafa;\n        }\n               \n              \t<\/style>\n    <div class=\"cshero-fancybox-title-image\">\n        <div class=\"cshero-fancybox-icon\">\n                                                <div class=\"cshero-fancybox-image left\">\n                        <img src=\"https:\/\/calbernadas.com\/wp-content\/uploads\/2016\/10\/espais-LC-piscina.jpg\" alt=\"JARD\u00cd AMB PISCINA EXTERIOR, PORXO COBERT I BANY\"\/>\n                                             <\/div>\n                                        <\/div>\n        \n        <div class=\"cshero-fancybox-content\" >\n            <div class=\"cshero-fancybox-padding\">\n                <h3 style=\"color: #cc3366;  text-transform: uppercase;\" class=\"cshero-fancybox-title\">\n                    <span class=\"cshero-title-main\">\n                        JARD\u00cd AMB PISCINA EXTERIOR, PORXO COBERT I BANY                    <\/span>\n                <\/h3>\n                <div class=\"content\">\n                    <\/p>\n<p style=\"text-align: center;\">Si us agraden les celebracions a l\u2019exterior, La Cabana disposa d\u2019un bonic i espai\u00f3s jard\u00ed amb piscina i porxo cobert.<br \/>\nEl jard\u00ed, envoltat d\u2019esp\u00edgol, continua amb un fant\u00e0stic camp de conreu que d\u00f3na una personalitat \u00fanica a l\u2019espai.<br \/>\nIdeal per a cerim\u00f2nies civils, aperitius, banquets i c\u00f2ctels.<\/p>\n<p>                <\/div>\n                            <\/div>\n        <\/div>\n       \n    <\/div>\n<\/div>\n[\/vc_column][\/vc_row][vc_row gap=&#8221;15&#8243; css=&#8221;.vc_custom_1477987114415{padding-top: 15px !important;padding-bottom: 15px !important;}&#8221;][vc_column width=&#8221;1\/3&#8243;]<div id=\"cshero-fancybox69f4acdeb1d65_1777642718\" class=\"cshero-fancybox-wrap clearfix fancybox-layout9  text-center   wpb_animate_when_almost_visible wpb_fade-in\" style=\"border-width: 1px; border-style: solid; border-color: #dddddd;   background: #fafafa\">\n\t<style type=\"text\/css\" scoped>\n        #cshero-fancybox69f4acdeb1d65_1777642718.fancybox-layout9:hover .fancy-icon {\n            background-color:#99cc66 !important;\n            border-color: !important;\n            color:#ffffff !important;\n        }\n\n        #cshero-fancybox69f4acdeb1d65_1777642718.fancybox-layout9 .fancy-icon.icon-hover-style-3:after{\n    \t\t-webkit-border-radius:;\n    \t\t-moz-border-radius:;\n    \t\t-ms-border-radius:;\n    \t\t-o-border-radius:;\n    \t\tborder-radius:;\n    \t\tbackground-color:#99cc66;\n    \t\tborder-width:1px;\n    \t\tborder-style:solid;\n    \t\tborder-color:;\n\t   }\n               #cshero-fancybox69f4acdeb1d65_1777642718 {\n            background: #fafafa;\n        }\n                       #cshero-fancybox69f4acdeb1d65_1777642718:hover {\n            background: #fafafa;\n        }\n               \n              \t<\/style>\n    <div class=\"cshero-fancybox-title-image\">\n        <div class=\"cshero-fancybox-icon\">\n                                                <div class=\"cshero-fancybox-image left\">\n                        <img src=\"https:\/\/calbernadas.com\/wp-content\/uploads\/2016\/10\/espais-LC-era-davant.jpg\" alt=\"L'ERA\"\/>\n                                             <\/div>\n                                        <\/div>\n        \n        <div class=\"cshero-fancybox-content\" >\n            <div class=\"cshero-fancybox-padding\">\n                <h3 style=\"color: #cc3366;  text-transform: uppercase;\" class=\"cshero-fancybox-title\">\n                    <span class=\"cshero-title-main\">\n                        L'ERA                    <\/span>\n                <\/h3>\n                <div class=\"content\">\n                    <\/p>\n<p style=\"text-align: center;\">Just davant la fa\u00e7ana principal de La Cabana, hi ha una bonica era pavimentada i una zona enjardinada, amb vistes espectaculars al camp de La Cabana.<br \/>\nIdeal per a cerim\u00f2nies civils, aperitius, banquets, c\u00f2ctels i sala de ball.<\/p>\n<p>                <\/div>\n                            <\/div>\n        <\/div>\n       \n    <\/div>\n<\/div>\n[\/vc_column][vc_column width=&#8221;1\/3&#8243;]<div id=\"cshero-fancybox69f4acdeb23e1_1777642718\" class=\"cshero-fancybox-wrap clearfix fancybox-layout9  text-center   wpb_animate_when_almost_visible wpb_fade-in\" style=\"border-width: 1px; border-style: solid; border-color: #dddddd;   background: #fafafa\">\n\t<style type=\"text\/css\" scoped>\n        #cshero-fancybox69f4acdeb23e1_1777642718.fancybox-layout9:hover .fancy-icon {\n            background-color:#99cc66 !important;\n            border-color: !important;\n            color:#ffffff !important;\n        }\n\n        #cshero-fancybox69f4acdeb23e1_1777642718.fancybox-layout9 .fancy-icon.icon-hover-style-3:after{\n    \t\t-webkit-border-radius:;\n    \t\t-moz-border-radius:;\n    \t\t-ms-border-radius:;\n    \t\t-o-border-radius:;\n    \t\tborder-radius:;\n    \t\tbackground-color:#99cc66;\n    \t\tborder-width:1px;\n    \t\tborder-style:solid;\n    \t\tborder-color:;\n\t   }\n               #cshero-fancybox69f4acdeb23e1_1777642718 {\n            background: #fafafa;\n        }\n                       #cshero-fancybox69f4acdeb23e1_1777642718:hover {\n            background: #fafafa;\n        }\n               \n              \t<\/style>\n    <div class=\"cshero-fancybox-title-image\">\n        <div class=\"cshero-fancybox-icon\">\n                                                <div class=\"cshero-fancybox-image left\">\n                        <img src=\"https:\/\/calbernadas.com\/wp-content\/uploads\/2016\/10\/espais-LC-porxo.jpg\" alt=\"SALA DE 100 M2\"\/>\n                                             <\/div>\n                                        <\/div>\n        \n        <div class=\"cshero-fancybox-content\" >\n            <div class=\"cshero-fancybox-padding\">\n                <h3 style=\"color: #cc3366;  text-transform: uppercase;\" class=\"cshero-fancybox-title\">\n                    <span class=\"cshero-title-main\">\n                        SALA DE 100 M2                    <\/span>\n                <\/h3>\n                <div class=\"content\">\n                    <\/p>\n<p style=\"text-align: center;\">Al costat del jard\u00ed, i annex a la casa de La Cabana, hi ha un antic porxo agr\u00edcola restaurat per ser avui una sala polivalent.<br \/>\nUn espai amb personalitat, pr\u00e0ctic i c\u00f2mode, ideal per a celebracions durant tot l\u2019any.<br \/>\nEspai di\u00e0fan que es pot adaptar al vostre gust i a les vostres necessitats. Ideal per a aperitius, banquets, c\u00f2ctels i sala de ball.<\/p>\n<p>                <\/div>\n                            <\/div>\n        <\/div>\n       \n    <\/div>\n<\/div>\n[\/vc_column][vc_column width=&#8221;1\/3&#8243;]<div id=\"cshero-fancybox69f4acdeb28fd_1777642718\" class=\"cshero-fancybox-wrap clearfix fancybox-layout9  text-center   wpb_animate_when_almost_visible wpb_fade-in\" style=\"border-width: 1px; border-style: solid; border-color: #dddddd;   background: #fafafa\">\n\t<style type=\"text\/css\" scoped>\n        #cshero-fancybox69f4acdeb28fd_1777642718.fancybox-layout9:hover .fancy-icon {\n            background-color:#99cc66 !important;\n            border-color: !important;\n            color:#ffffff !important;\n        }\n\n        #cshero-fancybox69f4acdeb28fd_1777642718.fancybox-layout9 .fancy-icon.icon-hover-style-3:after{\n    \t\t-webkit-border-radius:;\n    \t\t-moz-border-radius:;\n    \t\t-ms-border-radius:;\n    \t\t-o-border-radius:;\n    \t\tborder-radius:;\n    \t\tbackground-color:#99cc66;\n    \t\tborder-width:1px;\n    \t\tborder-style:solid;\n    \t\tborder-color:;\n\t   }\n               #cshero-fancybox69f4acdeb28fd_1777642718 {\n            background: #fafafa;\n        }\n                       #cshero-fancybox69f4acdeb28fd_1777642718:hover {\n            background: #fafafa;\n        }\n               \n              \t<\/style>\n    <div class=\"cshero-fancybox-title-image\">\n        <div class=\"cshero-fancybox-icon\">\n                                                <div class=\"cshero-fancybox-image left\">\n                        <img src=\"https:\/\/calbernadas.com\/wp-content\/uploads\/2016\/10\/espais-LC-aparcament.jpg\" alt=\"ZONA D'APARCAMENT EXTERIOR\"\/>\n                                             <\/div>\n                                        <\/div>\n        \n        <div class=\"cshero-fancybox-content\" >\n            <div class=\"cshero-fancybox-padding\">\n                <h3 style=\"color: #cc3366;  text-transform: uppercase;\" class=\"cshero-fancybox-title\">\n                    <span class=\"cshero-title-main\">\n                        ZONA D'APARCAMENT EXTERIOR                    <\/span>\n                <\/h3>\n                <div class=\"content\">\n                    <\/p>\n<p style=\"text-align: center;\">Amb aforament per als cotxes de tots els vostres convidats.<\/p>\n<p>                <\/div>\n                            <\/div>\n        <\/div>\n       \n    <\/div>\n<\/div>\n[\/vc_column][\/vc_row][vc_row full_width=&#8221;stretch_row&#8221; css=&#8221;.vc_custom_1478547085381{padding-top: 100px !important;padding-bottom: 100px !important;background-image: url(https:\/\/calbernadas.com\/wp-content\/uploads\/2016\/10\/CEL_habmunt.jpg?id=13204) !important;background-position: 0 0 !important;background-repeat: no-repeat !important;}&#8221; parallax_speed=&#8221;0.8&#8243; bg_video_transparent=&#8221;0&#8243; el_class=&#8221;cm-icon-big-item&#8221;][vc_column][cs_custom_heading text=&#8221;QUEDEU-VOS A DORMIR A EL MUNT<br \/>\nI ALLOTGEU-HI ELS VOSTRES!&#8221; font_container=&#8221;tag:h1|font_size:40px|text_align:center|color:%23ffffff&#8221; font_format=&#8221;700&#8243; style=&#8221;style-none&#8221; el_class=&#8221;cm-tailor-title-site&#8221;][\/vc_column][\/vc_row][vc_row css=&#8221;.vc_custom_1477557874325{padding-top: 80px !important;padding-bottom: 80px !important;}&#8221;][vc_column width=&#8221;1\/4&#8243;][\/vc_column][vc_column width=&#8221;1\/2&#8243;][vc_column_text]<\/p>\n<h5 style=\"text-align: center;\"><span style=\"color: #cc3366;\">A m\u00e9s d\u2019oferir-vos una bona varietat d\u2019espais per a la vostra celebraci\u00f3, a La Cabana tamb\u00e9 us oferim allotjament per\u00a0a 22-23 persones, perqu\u00e8 pugueu allargar una mica m\u00e9s la festa amb la vostra fam\u00edlia, amics m\u00e9s propers, amics de l\u2019altra punta de m\u00f3n que no sabeu on allotjar&#8230;<br \/>\nQu\u00e8 us sembla la idea?<br \/>\nEn realitat, la proposta que us oferim \u00e9s la de llogar tot el cap de setmana, de divendres a diumenge,<strong>un s\u00faper cap de setmana &#8211; casament (Weekend \u2013 Wedding)!<\/strong><\/span><\/h5>\n<p>[\/vc_column_text][\/vc_column][vc_column width=&#8221;1\/4&#8243;][\/vc_column][\/vc_row][vc_row full_width=&#8221;stretch_row_content_no_spaces&#8221;][vc_column width=&#8221;1\/4&#8243;]<div id=\"cshero-fancybox69f4acdeb3022_1777642718\" class=\"cshero-fancybox-wrap  clearfix fancybox-layout1  text-left   wpb_animate_when_almost_visible wpb_fade-in\" style=\"border-color: transparent;   \">\n    <style type=\"text\/css\" scoped>\n        #cshero-fancybox69f4acdeb3022_1777642718.fancybox-layout1:hover .fancy-icon {\n            background-color: !important;\n            border-color: !important;\n            color:#000000 !important;\n        }\n\n        #cshero-fancybox69f4acdeb3022_1777642718.fancybox-layout1 .fancy-icon.icon-hover-style-3:after{\n    \t\t-webkit-border-radius:;\n    \t\t-moz-border-radius:;\n    \t\t-ms-border-radius:;\n    \t\t-o-border-radius:;\n    \t\tborder-radius:;\n    \t\tbackground-color:;\n    \t\tborder-width:;\n    \t\tborder-style:none;\n    \t\tborder-color:;\n\t   }\n        \n                #cshero-fancybox69f4acdeb3022_1777642718:hover {\n            background: #ff6666;\n        }\n        \n        \n                     #cshero-fancybox69f4acdeb3022_1777642718 [class^=\"flaticon-\"]:before, \n       #cshero-fancybox69f4acdeb3022_1777642718 [class*=\" flaticon-\"]:before, \n       #cshero-fancybox69f4acdeb3022_1777642718 [class^=\"flaticon-\"]:after, \n       #cshero-fancybox69f4acdeb3022_1777642718 [class*=\" flaticon-\"]:after {\n            font-size: 24px;\n            color: #212121;\n        }\n        #cshero-fancybox69f4acdeb3022_1777642718:hover .cshero-fancybox-title-image [class^=\"flaticon-\"]:before,\n        #cshero-fancybox69f4acdeb3022_1777642718:hover .cshero-fancybox-title-image [class*=\" flaticon-\"]:before,\n        #cshero-fancybox69f4acdeb3022_1777642718:hover .cshero-fancybox-title-image [class^=\"flaticon-\"]:after,\n        #cshero-fancybox69f4acdeb3022_1777642718:hover .cshero-fancybox-title-image [class*=\" flaticon-\"]:after{\n            color: #000000;\n        }\n\t<\/style>\n    <div class=\"cshero-fancybox-title-image\">\n                    <a title=\"\" href=\"https:\/\/calbernadas.com\/ca\/habitacio-1-la-cabana\/\">\n                                    <\/a>\n                            <h3 class=\"cshero-fancybox-title-wrap\" style=\"color: #ffffff;  text-transform: uppercase;\">\n                <span class=\"cshero-title-main\">HABITACI\u00d3 1<\/span>\n            <\/h3>\n                            <div class=\"cshero-fancybox-image\">\n                <img src=\"https:\/\/calbernadas.com\/wp-content\/uploads\/2016\/10\/La-Cabana42.jpg\" alt=\"HABITACI\u00d3 1\" \/>\n            <\/div>\n            <\/div>\n    <\/div>\n[\/vc_column][vc_column width=&#8221;1\/4&#8243;]<div id=\"cshero-fancybox69f4acdeb35b2_1777642718\" class=\"cshero-fancybox-wrap  clearfix fancybox-layout1  text-left   wpb_animate_when_almost_visible wpb_fade-in\" style=\"border-color: transparent;   \">\n    <style type=\"text\/css\" scoped>\n        #cshero-fancybox69f4acdeb35b2_1777642718.fancybox-layout1:hover .fancy-icon {\n            background-color: !important;\n            border-color: !important;\n            color:#000000 !important;\n        }\n\n        #cshero-fancybox69f4acdeb35b2_1777642718.fancybox-layout1 .fancy-icon.icon-hover-style-3:after{\n    \t\t-webkit-border-radius:;\n    \t\t-moz-border-radius:;\n    \t\t-ms-border-radius:;\n    \t\t-o-border-radius:;\n    \t\tborder-radius:;\n    \t\tbackground-color:;\n    \t\tborder-width:;\n    \t\tborder-style:none;\n    \t\tborder-color:;\n\t   }\n        \n                #cshero-fancybox69f4acdeb35b2_1777642718:hover {\n            background: #ff6666;\n        }\n        \n        \n                     #cshero-fancybox69f4acdeb35b2_1777642718 [class^=\"flaticon-\"]:before, \n       #cshero-fancybox69f4acdeb35b2_1777642718 [class*=\" flaticon-\"]:before, \n       #cshero-fancybox69f4acdeb35b2_1777642718 [class^=\"flaticon-\"]:after, \n       #cshero-fancybox69f4acdeb35b2_1777642718 [class*=\" flaticon-\"]:after {\n            font-size: 24px;\n            color: #212121;\n        }\n        #cshero-fancybox69f4acdeb35b2_1777642718:hover .cshero-fancybox-title-image [class^=\"flaticon-\"]:before,\n        #cshero-fancybox69f4acdeb35b2_1777642718:hover .cshero-fancybox-title-image [class*=\" flaticon-\"]:before,\n        #cshero-fancybox69f4acdeb35b2_1777642718:hover .cshero-fancybox-title-image [class^=\"flaticon-\"]:after,\n        #cshero-fancybox69f4acdeb35b2_1777642718:hover .cshero-fancybox-title-image [class*=\" flaticon-\"]:after{\n            color: #000000;\n        }\n\t<\/style>\n    <div class=\"cshero-fancybox-title-image\">\n                    <a title=\"\" href=\"https:\/\/calbernadas.com\/ca\/habitacio-2-la-cabana\/\">\n                                    <\/a>\n                            <h3 class=\"cshero-fancybox-title-wrap\" style=\"color: #ffffff;  text-transform: uppercase;\">\n                <span class=\"cshero-title-main\">HABITACI\u00d3 2<\/span>\n            <\/h3>\n                            <div class=\"cshero-fancybox-image\">\n                <img src=\"https:\/\/calbernadas.com\/wp-content\/uploads\/2016\/10\/La-Cabana48.jpg\" alt=\"HABITACI\u00d3 2\" \/>\n            <\/div>\n            <\/div>\n    <\/div>\n[\/vc_column][vc_column width=&#8221;1\/4&#8243;]<div id=\"cshero-fancybox69f4acdeb3aae_1777642718\" class=\"cshero-fancybox-wrap  clearfix fancybox-layout1  text-left   wpb_animate_when_almost_visible wpb_fade-in\" style=\"border-color: transparent;   \">\n    <style type=\"text\/css\" scoped>\n        #cshero-fancybox69f4acdeb3aae_1777642718.fancybox-layout1:hover .fancy-icon {\n            background-color: !important;\n            border-color: !important;\n            color:#000000 !important;\n        }\n\n        #cshero-fancybox69f4acdeb3aae_1777642718.fancybox-layout1 .fancy-icon.icon-hover-style-3:after{\n    \t\t-webkit-border-radius:;\n    \t\t-moz-border-radius:;\n    \t\t-ms-border-radius:;\n    \t\t-o-border-radius:;\n    \t\tborder-radius:;\n    \t\tbackground-color:;\n    \t\tborder-width:;\n    \t\tborder-style:none;\n    \t\tborder-color:;\n\t   }\n        \n                #cshero-fancybox69f4acdeb3aae_1777642718:hover {\n            background: #ff6666;\n        }\n        \n        \n                     #cshero-fancybox69f4acdeb3aae_1777642718 [class^=\"flaticon-\"]:before, \n       #cshero-fancybox69f4acdeb3aae_1777642718 [class*=\" flaticon-\"]:before, \n       #cshero-fancybox69f4acdeb3aae_1777642718 [class^=\"flaticon-\"]:after, \n       #cshero-fancybox69f4acdeb3aae_1777642718 [class*=\" flaticon-\"]:after {\n            font-size: 24px;\n            color: #212121;\n        }\n        #cshero-fancybox69f4acdeb3aae_1777642718:hover .cshero-fancybox-title-image [class^=\"flaticon-\"]:before,\n        #cshero-fancybox69f4acdeb3aae_1777642718:hover .cshero-fancybox-title-image [class*=\" flaticon-\"]:before,\n        #cshero-fancybox69f4acdeb3aae_1777642718:hover .cshero-fancybox-title-image [class^=\"flaticon-\"]:after,\n        #cshero-fancybox69f4acdeb3aae_1777642718:hover .cshero-fancybox-title-image [class*=\" flaticon-\"]:after{\n            color: #000000;\n        }\n\t<\/style>\n    <div class=\"cshero-fancybox-title-image\">\n                    <a title=\"\" href=\"https:\/\/calbernadas.com\/ca\/habitacio-3-la-cabana\/\">\n                                    <\/a>\n                            <h3 class=\"cshero-fancybox-title-wrap\" style=\"color: #ffffff;  text-transform: uppercase;\">\n                <span class=\"cshero-title-main\">HABITACI\u00d3 3<\/span>\n            <\/h3>\n                            <div class=\"cshero-fancybox-image\">\n                <img src=\"https:\/\/calbernadas.com\/wp-content\/uploads\/2016\/10\/La-Cabana54.jpg\" alt=\"HABITACI\u00d3 3\" \/>\n            <\/div>\n            <\/div>\n    <\/div>\n[\/vc_column][vc_column width=&#8221;1\/4&#8243;]<div id=\"cshero-fancybox69f4acdeb3fa0_1777642718\" class=\"cshero-fancybox-wrap  clearfix fancybox-layout1  text-left   wpb_animate_when_almost_visible wpb_fade-in\" style=\"border-color: transparent;   \">\n    <style type=\"text\/css\" scoped>\n        #cshero-fancybox69f4acdeb3fa0_1777642718.fancybox-layout1:hover .fancy-icon {\n            background-color: !important;\n            border-color: !important;\n            color:#000000 !important;\n        }\n\n        #cshero-fancybox69f4acdeb3fa0_1777642718.fancybox-layout1 .fancy-icon.icon-hover-style-3:after{\n    \t\t-webkit-border-radius:;\n    \t\t-moz-border-radius:;\n    \t\t-ms-border-radius:;\n    \t\t-o-border-radius:;\n    \t\tborder-radius:;\n    \t\tbackground-color:;\n    \t\tborder-width:;\n    \t\tborder-style:none;\n    \t\tborder-color:;\n\t   }\n        \n                #cshero-fancybox69f4acdeb3fa0_1777642718:hover {\n            background: #ff6666;\n        }\n        \n        \n                     #cshero-fancybox69f4acdeb3fa0_1777642718 [class^=\"flaticon-\"]:before, \n       #cshero-fancybox69f4acdeb3fa0_1777642718 [class*=\" flaticon-\"]:before, \n       #cshero-fancybox69f4acdeb3fa0_1777642718 [class^=\"flaticon-\"]:after, \n       #cshero-fancybox69f4acdeb3fa0_1777642718 [class*=\" flaticon-\"]:after {\n            font-size: 24px;\n            color: #212121;\n        }\n        #cshero-fancybox69f4acdeb3fa0_1777642718:hover .cshero-fancybox-title-image [class^=\"flaticon-\"]:before,\n        #cshero-fancybox69f4acdeb3fa0_1777642718:hover .cshero-fancybox-title-image [class*=\" flaticon-\"]:before,\n        #cshero-fancybox69f4acdeb3fa0_1777642718:hover .cshero-fancybox-title-image [class^=\"flaticon-\"]:after,\n        #cshero-fancybox69f4acdeb3fa0_1777642718:hover .cshero-fancybox-title-image [class*=\" flaticon-\"]:after{\n            color: #000000;\n        }\n\t<\/style>\n    <div class=\"cshero-fancybox-title-image\">\n                    <a title=\"\" href=\"https:\/\/calbernadas.com\/ca\/habitacio-4-la-cabana\/\">\n                                    <\/a>\n                            <h3 class=\"cshero-fancybox-title-wrap\" style=\"color: #ffffff;  text-transform: uppercase;\">\n                <span class=\"cshero-title-main\">HABITACI\u00d3 4<\/span>\n            <\/h3>\n                            <div class=\"cshero-fancybox-image\">\n                <img src=\"https:\/\/calbernadas.com\/wp-content\/uploads\/2016\/10\/La-Cabana67.jpg\" alt=\"HABITACI\u00d3 4\" \/>\n            <\/div>\n            <\/div>\n    <\/div>\n[\/vc_column][\/vc_row][vc_row full_width=&#8221;stretch_row_content_no_spaces&#8221; css=&#8221;.vc_custom_1478593982421{padding-bottom: 80px !important;}&#8221;][vc_column width=&#8221;1\/4&#8243;]<div id=\"cshero-fancybox69f4acdeb44e0_1777642718\" class=\"cshero-fancybox-wrap  clearfix fancybox-layout1  text-left   wpb_animate_when_almost_visible wpb_fade-in\" style=\"border-color: transparent;   \">\n    <style type=\"text\/css\" scoped>\n        #cshero-fancybox69f4acdeb44e0_1777642718.fancybox-layout1:hover .fancy-icon {\n            background-color: !important;\n            border-color: !important;\n            color:#000000 !important;\n        }\n\n        #cshero-fancybox69f4acdeb44e0_1777642718.fancybox-layout1 .fancy-icon.icon-hover-style-3:after{\n    \t\t-webkit-border-radius:;\n    \t\t-moz-border-radius:;\n    \t\t-ms-border-radius:;\n    \t\t-o-border-radius:;\n    \t\tborder-radius:;\n    \t\tbackground-color:;\n    \t\tborder-width:;\n    \t\tborder-style:none;\n    \t\tborder-color:;\n\t   }\n        \n                #cshero-fancybox69f4acdeb44e0_1777642718:hover {\n            background: #ff6666;\n        }\n        \n        \n                     #cshero-fancybox69f4acdeb44e0_1777642718 [class^=\"flaticon-\"]:before, \n       #cshero-fancybox69f4acdeb44e0_1777642718 [class*=\" flaticon-\"]:before, \n       #cshero-fancybox69f4acdeb44e0_1777642718 [class^=\"flaticon-\"]:after, \n       #cshero-fancybox69f4acdeb44e0_1777642718 [class*=\" flaticon-\"]:after {\n            font-size: 24px;\n            color: #212121;\n        }\n        #cshero-fancybox69f4acdeb44e0_1777642718:hover .cshero-fancybox-title-image [class^=\"flaticon-\"]:before,\n        #cshero-fancybox69f4acdeb44e0_1777642718:hover .cshero-fancybox-title-image [class*=\" flaticon-\"]:before,\n        #cshero-fancybox69f4acdeb44e0_1777642718:hover .cshero-fancybox-title-image [class^=\"flaticon-\"]:after,\n        #cshero-fancybox69f4acdeb44e0_1777642718:hover .cshero-fancybox-title-image [class*=\" flaticon-\"]:after{\n            color: #000000;\n        }\n\t<\/style>\n    <div class=\"cshero-fancybox-title-image\">\n                    <a title=\"\" href=\"https:\/\/calbernadas.com\/ca\/habitacio-5-la-cabana\/\">\n                                    <\/a>\n                            <h3 class=\"cshero-fancybox-title-wrap\" style=\"color: #ffffff;  text-transform: uppercase;\">\n                <span class=\"cshero-title-main\">HABITACI\u00d3 5<\/span>\n            <\/h3>\n                            <div class=\"cshero-fancybox-image\">\n                <img src=\"https:\/\/calbernadas.com\/wp-content\/uploads\/2016\/10\/La-Cabana73.jpg\" alt=\"HABITACI\u00d3 5\" \/>\n            <\/div>\n            <\/div>\n    <\/div>\n[\/vc_column][vc_column width=&#8221;1\/4&#8243;]<div id=\"cshero-fancybox69f4acdeb49bc_1777642718\" class=\"cshero-fancybox-wrap  clearfix fancybox-layout1  text-left   wpb_animate_when_almost_visible wpb_fade-in\" style=\"border-color: transparent;   \">\n    <style type=\"text\/css\" scoped>\n        #cshero-fancybox69f4acdeb49bc_1777642718.fancybox-layout1:hover .fancy-icon {\n            background-color: !important;\n            border-color: !important;\n            color:#000000 !important;\n        }\n\n        #cshero-fancybox69f4acdeb49bc_1777642718.fancybox-layout1 .fancy-icon.icon-hover-style-3:after{\n    \t\t-webkit-border-radius:;\n    \t\t-moz-border-radius:;\n    \t\t-ms-border-radius:;\n    \t\t-o-border-radius:;\n    \t\tborder-radius:;\n    \t\tbackground-color:;\n    \t\tborder-width:;\n    \t\tborder-style:none;\n    \t\tborder-color:;\n\t   }\n        \n                #cshero-fancybox69f4acdeb49bc_1777642718:hover {\n            background: #ff6666;\n        }\n        \n        \n                     #cshero-fancybox69f4acdeb49bc_1777642718 [class^=\"flaticon-\"]:before, \n       #cshero-fancybox69f4acdeb49bc_1777642718 [class*=\" flaticon-\"]:before, \n       #cshero-fancybox69f4acdeb49bc_1777642718 [class^=\"flaticon-\"]:after, \n       #cshero-fancybox69f4acdeb49bc_1777642718 [class*=\" flaticon-\"]:after {\n            font-size: 24px;\n            color: #212121;\n        }\n        #cshero-fancybox69f4acdeb49bc_1777642718:hover .cshero-fancybox-title-image [class^=\"flaticon-\"]:before,\n        #cshero-fancybox69f4acdeb49bc_1777642718:hover .cshero-fancybox-title-image [class*=\" flaticon-\"]:before,\n        #cshero-fancybox69f4acdeb49bc_1777642718:hover .cshero-fancybox-title-image [class^=\"flaticon-\"]:after,\n        #cshero-fancybox69f4acdeb49bc_1777642718:hover .cshero-fancybox-title-image [class*=\" flaticon-\"]:after{\n            color: #000000;\n        }\n\t<\/style>\n    <div class=\"cshero-fancybox-title-image\">\n                    <a title=\"\" href=\"https:\/\/calbernadas.com\/ca\/habitacio-6-la-cabana\/\">\n                                    <\/a>\n                            <h3 class=\"cshero-fancybox-title-wrap\" style=\"color: #ffffff;  text-transform: uppercase;\">\n                <span class=\"cshero-title-main\">HABITACI\u00d3 6<\/span>\n            <\/h3>\n                            <div class=\"cshero-fancybox-image\">\n                <img src=\"https:\/\/calbernadas.com\/wp-content\/uploads\/2016\/10\/La-Cabana81.jpg\" alt=\"HABITACI\u00d3 6\" \/>\n            <\/div>\n            <\/div>\n    <\/div>\n[\/vc_column][vc_column width=&#8221;1\/4&#8243;]<div id=\"cshero-fancybox69f4acdeb4e97_1777642718\" class=\"cshero-fancybox-wrap  clearfix fancybox-layout1  text-left   wpb_animate_when_almost_visible wpb_fade-in\" style=\"border-color: transparent;   \">\n    <style type=\"text\/css\" scoped>\n        #cshero-fancybox69f4acdeb4e97_1777642718.fancybox-layout1:hover .fancy-icon {\n            background-color: !important;\n            border-color: !important;\n            color:#000000 !important;\n        }\n\n        #cshero-fancybox69f4acdeb4e97_1777642718.fancybox-layout1 .fancy-icon.icon-hover-style-3:after{\n    \t\t-webkit-border-radius:;\n    \t\t-moz-border-radius:;\n    \t\t-ms-border-radius:;\n    \t\t-o-border-radius:;\n    \t\tborder-radius:;\n    \t\tbackground-color:;\n    \t\tborder-width:;\n    \t\tborder-style:none;\n    \t\tborder-color:;\n\t   }\n        \n                #cshero-fancybox69f4acdeb4e97_1777642718:hover {\n            background: #ff6666;\n        }\n        \n        \n                     #cshero-fancybox69f4acdeb4e97_1777642718 [class^=\"flaticon-\"]:before, \n       #cshero-fancybox69f4acdeb4e97_1777642718 [class*=\" flaticon-\"]:before, \n       #cshero-fancybox69f4acdeb4e97_1777642718 [class^=\"flaticon-\"]:after, \n       #cshero-fancybox69f4acdeb4e97_1777642718 [class*=\" flaticon-\"]:after {\n            font-size: 24px;\n            color: #212121;\n        }\n        #cshero-fancybox69f4acdeb4e97_1777642718:hover .cshero-fancybox-title-image [class^=\"flaticon-\"]:before,\n        #cshero-fancybox69f4acdeb4e97_1777642718:hover .cshero-fancybox-title-image [class*=\" flaticon-\"]:before,\n        #cshero-fancybox69f4acdeb4e97_1777642718:hover .cshero-fancybox-title-image [class^=\"flaticon-\"]:after,\n        #cshero-fancybox69f4acdeb4e97_1777642718:hover .cshero-fancybox-title-image [class*=\" flaticon-\"]:after{\n            color: #000000;\n        }\n\t<\/style>\n    <div class=\"cshero-fancybox-title-image\">\n                    <a title=\"\" href=\"https:\/\/calbernadas.com\/ca\/habitacio-7-la-cabana\/\">\n                                    <\/a>\n                            <h3 class=\"cshero-fancybox-title-wrap\" style=\"color: #ffffff;  text-transform: uppercase;\">\n                <span class=\"cshero-title-main\">HABITACI\u00d3 7<\/span>\n            <\/h3>\n                            <div class=\"cshero-fancybox-image\">\n                <img src=\"https:\/\/calbernadas.com\/wp-content\/uploads\/2016\/10\/La-Cabana88.jpg\" alt=\"HABITACI\u00d3 7\" \/>\n            <\/div>\n            <\/div>\n    <\/div>\n[\/vc_column][vc_column width=&#8221;1\/4&#8243;][\/vc_column][\/vc_row][vc_row full_width=&#8221;stretch_row&#8221; css=&#8221;.vc_custom_1478547063097{padding-top: 100px !important;padding-bottom: 100px !important;background-image: url(https:\/\/calbernadas.com\/wp-content\/uploads\/2016\/10\/CEL_equipaments.jpg?id=13362) !important;}&#8221; parallax_speed=&#8221;0.8&#8243; bg_video_transparent=&#8221;0&#8243; el_class=&#8221;cm-icon-big-item&#8221;][vc_column][cs_custom_heading text=&#8221;EQUIPAMENTS&#8221; font_container=&#8221;tag:h1|font_size:40px|text_align:center|color:%23ffffff&#8221; font_format=&#8221;700&#8243; style=&#8221;style-none&#8221; el_class=&#8221;cm-tailor-title-site&#8221;][\/vc_column][\/vc_row][vc_row gap=&#8221;15&#8243; equal_height=&#8221;yes&#8221; css=&#8221;.vc_custom_1477972342110{padding-top: 80px !important;padding-bottom: 80px !important;}&#8221;][vc_column width=&#8221;1\/4&#8243; css=&#8221;.vc_custom_1477972421378{padding-right: 15px !important;padding-left: 15px !important;}&#8221;][vc_column_text]<\/p>\n<h3><span style=\"color: #cc3366;\">PLANTA BAIXA<\/span><\/h3>\n<p><img decoding=\"async\" src=\"https:\/\/www.calbernadas.com\/images\/CEL\/font-awesome\/home.png\" alt=\"Entrada antiga\" width=\"21\" \/> Entrada antiga<\/p>\n<p><img decoding=\"async\" src=\"https:\/\/www.calbernadas.com\/images\/CEL\/font-awesome\/dot.png\" alt=\"Sala de jocs amb ping-pong\" width=\"21\" \/> Sala de jocs amb ping-pong<\/p>\n<p><img decoding=\"async\" src=\"https:\/\/www.calbernadas.com\/images\/CEL\/font-awesome\/home.png\" alt=\"Sala polivalent de 100m2 amb barbacoa i banys\" width=\"21\" \/> Sala polivalent de 100 m<sup>2<\/sup> amb barbacoa i banys[\/vc_column_text][\/vc_column][vc_column width=&#8221;1\/4&#8243; css=&#8221;.vc_custom_1477972427801{border-left-width: 1px !important;padding-right: 15px !important;padding-left: 15px !important;border-left-color: #dddddd !important;border-left-style: solid !important;}&#8221;][vc_column_text]<\/p>\n<h3><span style=\"color: #cc3366;\">PRIMERA PLANTA<\/span><\/h3>\n<p><img decoding=\"async\" src=\"https:\/\/www.calbernadas.com\/images\/CEL\/font-awesome\/cooking26.png\" alt=\"Cuina\" width=\"21\" \/> Cuina<\/p>\n<p><img decoding=\"async\" src=\"https:\/\/www.calbernadas.com\/images\/CEL\/font-awesome\/cutlery22.png\" alt=\"Menjador\" width=\"21\" \/> Menjador<\/p>\n<p><img decoding=\"async\" src=\"https:\/\/www.calbernadas.com\/images\/CEL\/font-awesome\/sofa13.png\" alt=\"Sala d\u2019estar amb llar de foc, TV, DVD i equip de m\u00fasica\" width=\"21\" \/> Sala d\u2019estar amb llar de foc, TV<\/p>\n<p><img decoding=\"async\" src=\"https:\/\/www.calbernadas.com\/images\/CEL\/font-awesome\/key195.png\" alt=\"Habitaci\u00f3 n\u00ba1: Doble amb llits individuals i bany. 0.90x2m. TWIN\" width=\"21\" \/> Habitaci\u00f3 n. 1: Doble amb llits individuals i bany. 0,90&#215;2 m. TWIN<\/p>\n<p><img decoding=\"async\" src=\"https:\/\/www.calbernadas.com\/images\/CEL\/font-awesome\/key195.png\" alt=\"Habitaci\u00f3 n\u00ba2: Doble amb llits individuals i bany. 0.90x2m. TWIN\" width=\"21\" \/> Habitaci\u00f3 n. 2: Doble amb llits individuals i bany. 0,90&#215;2 m. TWIN<\/p>\n<p><img decoding=\"async\" src=\"https:\/\/www.calbernadas.com\/images\/CEL\/font-awesome\/key195.png\" alt=\"Habitaci\u00f3 n\u00ba3: Triple amb llit doble (1.5x2m) i llit individual (0.90x2m), bany. 1.5x2m i 0.90x2m. TRIPLE\" width=\"21\" \/> Habitaci\u00f3 n. 3: Triple amb llit doble (1,5&#215;2 m) i llit individual (0,90&#215;2 m), bany. 1,5&#215;2 m i 0,90&#215;2 m. TRIPLE[\/vc_column_text][\/vc_column][vc_column width=&#8221;1\/4&#8243; css=&#8221;.vc_custom_1477972434169{border-left-width: 1px !important;padding-right: 15px !important;padding-left: 15px !important;border-left-color: #dddddd !important;border-left-style: solid !important;}&#8221;][vc_column_text]<\/p>\n<h3><span style=\"color: #cc3366;\">SEGONA PLANTA<\/span><\/h3>\n<p><img decoding=\"async\" src=\"https:\/\/www.calbernadas.com\/images\/CEL\/font-awesome\/sofa13.png\" alt=\"Sala d\u2019estar amb sof\u00e0s, llar de foc i TV\" width=\"21\" \/> Sala d\u2019estar amb sof\u00e0s, llar de foc i TV<\/p>\n<p><img decoding=\"async\" src=\"https:\/\/www.calbernadas.com\/images\/CEL\/font-awesome\/key195.png\" alt=\"Habitaci\u00f3 n\u00ba4. Doble amb llits individuals i bany 0.90x2m. TWIN\" width=\"21\" \/> Habitaci\u00f3 n. 4: Doble amb llits individuals i bany 0,90&#215;2 m. TWIN<\/p>\n<p><img decoding=\"async\" src=\"https:\/\/www.calbernadas.com\/images\/CEL\/font-awesome\/key195.png\" alt=\"Habitaci\u00f3 n\u00ba5: Doble amb bany. 1.5x2m. QUEEN\" width=\"21\" \/> Habitaci\u00f3 n. 5: Doble amb bany. 1,5&#215;2 m. QUEEN<\/p>\n<p><img decoding=\"async\" src=\"https:\/\/www.calbernadas.com\/images\/CEL\/font-awesome\/key195.png\" alt=\"Habitaci\u00f3 n\u00ba6: Doble amb bany. 1.5x2m. QUEEN\" width=\"21\" \/> Habitaci\u00f3 n. 6: Doble amb bany. 1,5&#215;2 m. QUEEN<\/p>\n<p><img decoding=\"async\" src=\"https:\/\/www.calbernadas.com\/images\/CEL\/font-awesome\/key195.png\" alt=\"Habitaci\u00f3 n\u00ba7: Doble amb llits individuals i bany 0.90x2m. TWIN\" width=\"21\" \/> Habitaci\u00f3 n. 7: Doble amb llits individuals i bany 0,90&#215;2 m. TWIN[\/vc_column_text][\/vc_column][vc_column width=&#8221;1\/4&#8243; css=&#8221;.vc_custom_1477972443385{border-left-width: 1px !important;padding-right: 15px !important;padding-left: 15px !important;border-left-color: #dddddd !important;border-left-style: solid !important;}&#8221;][vc_column_text]<\/p>\n<div class=\"uk-grid uk-grid-divider\" data-uk-grid-margin=\"\">\n<div class=\"uk-width-medium-1-4 uk-scrollspy-init-inview uk-scrollspy-inview uk-animation-slide-right\" data-uk-scrollspy=\"{cls:'uk-animation-slide-right', delay:900}\">\n<h3><span style=\"color: #cc3366;\">EXTERIORS<\/span><\/h3>\n<p><img decoding=\"async\" src=\"https:\/\/www.calbernadas.com\/images\/CEL\/font-awesome\/home.png\" alt=\"Sala polivalent de 100m2 amb barbacoa\" width=\"21\" \/> Sala polivalent de 100 m<sup>2<\/sup> amb barbacoa<\/p>\n<p><img decoding=\"async\" src=\"https:\/\/www.calbernadas.com\/images\/CEL\/font-awesome\/safety11.png\" alt=\"Piscina exterior (5x9m)\" width=\"21\" \/> Piscina exterior (5&#215;9 m)<\/p>\n<p><img decoding=\"async\" src=\"https:\/\/www.calbernadas.com\/images\/CEL\/font-awesome\/branch.png\" alt=\"Jard\u00ed\" width=\"21\" \/> Jard\u00ed<\/p>\n<p><img decoding=\"async\" src=\"https:\/\/www.calbernadas.com\/images\/CEL\/font-awesome\/home.png\" alt=\"Porxo cobert amb mobiliari de jard\u00ed\" width=\"21\" \/> Porxo cobert amb mobiliari de jard\u00ed<\/p>\n<p><img decoding=\"async\" src=\"https:\/\/www.calbernadas.com\/images\/CEL\/font-awesome\/shower17.png\" alt=\"WCs\" width=\"21\" \/>\u00a0V\u00e1ter<\/p>\n<p><img decoding=\"async\" src=\"https:\/\/www.calbernadas.com\/images\/CEL\/font-awesome\/beach15.png\" alt=\"Sala de jocs amb ping-pong\" width=\"21\" \/> Parc infantil, gronxadors, cistella de b\u00e0squet i porteria de futbol<\/p>\n<p><img decoding=\"async\" src=\"https:\/\/www.calbernadas.com\/images\/CEL\/font-awesome\/sportsball1.png\" alt=\"Sala de jocs amb ping-pong\" width=\"21\" \/> Pista de p\u00e0del<\/p>\n<p><img decoding=\"async\" src=\"https:\/\/www.calbernadas.com\/images\/CEL\/font-awesome\/safari7.png\" alt=\"Sala de jocs amb ping-pong\" width=\"21\" \/> Zona de p\u00e0rquing exterior privat<\/p>\n<\/div>\n<\/div>\n<p>[\/vc_column_text][\/vc_column][\/vc_row][vc_row gap=&#8221;15&#8243; equal_height=&#8221;yes&#8221; css=&#8221;.vc_custom_1477974046029{padding-bottom: 80px !important;}&#8221;][vc_column width=&#8221;1\/4&#8243; css=&#8221;.vc_custom_1477972421378{padding-right: 15px !important;padding-left: 15px !important;}&#8221;][vc_column_text]<\/p>\n<h3><span style=\"color: #cc3366;\">A M\u00c9S A M\u00c9S<\/span><\/h3>\n<p><img decoding=\"async\" src=\"https:\/\/www.calbernadas.com\/images\/CEL\/font-awesome\/align14.png\" alt=\"Roba de llit\" width=\"21\" \/> Roba de llit<\/p>\n<p><img decoding=\"async\" src=\"https:\/\/www.calbernadas.com\/images\/CEL\/font-awesome\/align14.png\" alt=\"Tovalloles de bany\" width=\"21\" \/> Tovalloles de bany<\/p>\n<p><img decoding=\"async\" src=\"https:\/\/www.calbernadas.com\/images\/CEL\/font-awesome\/shower17.png\" alt=\"Bany per habitaci\u00f3\" width=\"21\" \/> Banys privats<\/p>\n<p><img decoding=\"async\" src=\"https:\/\/www.calbernadas.com\/images\/CEL\/font-awesome\/hair-salon16.png\" alt=\"Assecadors de cabell\" width=\"21\" \/> Assecadors de cabell<\/p>\n<p><img decoding=\"async\" src=\"https:\/\/www.calbernadas.com\/images\/CEL\/font-awesome\/fire16.png\" alt=\"Calefacci\u00f3\" width=\"21\" \/> Calefacci\u00f3<\/p>\n<p><img decoding=\"async\" src=\"https:\/\/www.calbernadas.com\/images\/CEL\/font-awesome\/fans8.png\" alt=\"Ventiladors\" width=\"21\" \/> Ventiladors[\/vc_column_text][\/vc_column][vc_column width=&#8221;1\/4&#8243; css=&#8221;.vc_custom_1477972427801{border-left-width: 1px !important;padding-right: 15px !important;padding-left: 15px !important;border-left-color: #dddddd !important;border-left-style: solid !important;}&#8221;][vc_column_text]<\/p>\n<h3><\/h3>\n<p><img decoding=\"async\" src=\"https:\/\/www.calbernadas.com\/images\/CEL\/font-awesome\/wifi.png\" alt=\"Wi-Fi\" width=\"21\" \/>\u00a0Wi-fi<\/p>\n<p><img decoding=\"async\" src=\"https:\/\/www.calbernadas.com\/images\/CEL\/font-awesome\/desktop14.png\" alt=\"2 TVs\" width=\"21\" \/> 2 TV<\/p>\n<p><img decoding=\"async\" src=\"https:\/\/www.calbernadas.com\/images\/CEL\/font-awesome\/kitchen-pack-25.png\" alt=\"Forn\" width=\"21\" \/> Forn<\/p>\n<p><img decoding=\"async\" src=\"https:\/\/www.calbernadas.com\/images\/CEL\/font-awesome\/kitchen-pack-25.png\" alt=\"Microones\" width=\"21\" \/> Microones<\/p>\n<p><img decoding=\"async\" src=\"https:\/\/www.calbernadas.com\/images\/CEL\/font-awesome\/clothes6.png\" alt=\"Rentaplats\" width=\"21\" \/> Rentaplats<\/p>\n<p><img decoding=\"async\" src=\"https:\/\/www.calbernadas.com\/images\/CEL\/font-awesome\/clothes6.png\" alt=\"Pastilles rentaplats, fregalls, sab\u00f3 de rentar plats i draps de cuina\" width=\"21\" \/> Pastilles rentaplats, fregalls, sab\u00f3 de rentar plats i draps de cuina[\/vc_column_text][\/vc_column][vc_column width=&#8221;1\/4&#8243; css=&#8221;.vc_custom_1477972434169{border-left-width: 1px !important;padding-right: 15px !important;padding-left: 15px !important;border-left-color: #dddddd !important;border-left-style: solid !important;}&#8221;][vc_column_text]<\/p>\n<h3><\/h3>\n<p><img decoding=\"async\" src=\"https:\/\/www.calbernadas.com\/images\/CEL\/font-awesome\/mixing3.png\" alt=\"Minipimer\" width=\"21\" \/> Minipimer<\/p>\n<p><img decoding=\"async\" src=\"https:\/\/www.calbernadas.com\/images\/CEL\/font-awesome\/bakery10.png\" alt=\"Torradora\" width=\"21\" \/> Torradora<\/p>\n<p><img decoding=\"async\" src=\"https:\/\/www.calbernadas.com\/images\/CEL\/font-awesome\/cafe.png\" alt=\"Cafetera italiana\" width=\"21\" \/> Cafetera italiana<\/p>\n<p><img decoding=\"async\" src=\"https:\/\/www.calbernadas.com\/images\/CEL\/font-awesome\/cafe.png\" alt=\"Cafetera nespresso\" width=\"21\" \/> Cafetera Nespresso<\/p>\n<p><img decoding=\"async\" src=\"https:\/\/www.calbernadas.com\/images\/CEL\/font-awesome\/cafe.png\" alt=\"Cafetera americana\" width=\"21\" \/> Cafetera americana<\/p>\n<p><img decoding=\"async\" src=\"https:\/\/www.calbernadas.com\/images\/CEL\/font-awesome\/align14.png\" alt=\"Estovalles i tovallons\" width=\"21\" \/> Estovalles i tovallons[\/vc_column_text][\/vc_column][vc_column width=&#8221;1\/4&#8243; css=&#8221;.vc_custom_1477972443385{border-left-width: 1px !important;padding-right: 15px !important;padding-left: 15px !important;border-left-color: #dddddd !important;border-left-style: solid !important;}&#8221;][vc_column_text]<\/p>\n<h3><\/h3>\n<p><img decoding=\"async\" src=\"https:\/\/www.calbernadas.com\/images\/CEL\/font-awesome\/cooking26.png\" alt=\"Paeller, paella i gas but\u00e0\" width=\"21\" \/> Paeller, paella i gas but\u00e0<\/p>\n<p><img decoding=\"async\" src=\"https:\/\/www.calbernadas.com\/images\/CEL\/font-awesome\/clothes6.png\" alt=\"Rentadora\" width=\"21\" \/> Rentadora<\/p>\n<p><img decoding=\"async\" src=\"https:\/\/www.calbernadas.com\/images\/CEL\/font-awesome\/fire16.png\" alt=\"Llenya\" width=\"21\" \/> Llenya<\/p>\n<p><img decoding=\"async\" src=\"https:\/\/www.calbernadas.com\/images\/CEL\/font-awesome\/baby84.png\" alt=\"Bressol\" width=\"21\" \/> Bressol<\/p>\n<p><img decoding=\"async\" src=\"https:\/\/www.calbernadas.com\/images\/CEL\/font-awesome\/baby84.png\" alt=\"Trona\" width=\"21\" \/> Trona<\/p>\n<p><img decoding=\"async\" src=\"https:\/\/www.calbernadas.com\/images\/CEL\/font-awesome\/baby84.png\" alt=\"Gandules\" width=\"21\" \/> Gandules[\/vc_column_text][\/vc_column][\/vc_row][vc_row full_width=&#8221;stretch_row&#8221; css=&#8221;.vc_custom_1478547649926{padding-top: 100px !important;padding-bottom: 100px !important;background-image: url(https:\/\/calbernadas.com\/wp-content\/uploads\/2016\/10\/CEL_habmunt-1.jpg?id=13364) !important;}&#8221; parallax_speed=&#8221;0.8&#8243; bg_video_transparent=&#8221;0&#8243; el_class=&#8221;cm-icon-big-item&#8221;][vc_column][cs_custom_heading text=&#8221;NECESSITEU M\u00c9S ALLOTJAMENT?&#8221; font_container=&#8221;tag:h1|font_size:40px|text_align:center|color:%23ffffff&#8221; font_format=&#8221;700&#8243; style=&#8221;style-none&#8221; el_class=&#8221;cm-tailor-title-site&#8221;][\/vc_column][\/vc_row][vc_row css=&#8221;.vc_custom_1477557874325{padding-top: 80px !important;padding-bottom: 80px !important;}&#8221;][vc_column][vc_column_text]<\/p>\n<h5 style=\"text-align: center;\"><span style=\"color: #cc3366;\">A 5 minuts de La Cabana, us oferim dues cases rurals m\u00e9s per a la resta dels vostres convidats.<br \/>\n<\/span><\/h5>\n<p>[\/vc_column_text][\/vc_column][\/vc_row][vc_row full_width=&#8221;stretch_row_content_no_spaces&#8221; css=&#8221;.vc_custom_1478594503405{padding-bottom: 80px !important;}&#8221;][vc_column width=&#8221;1\/2&#8243;]<div id=\"cshero-fancybox69f4acdeb53b7_1777642718\" class=\"cshero-fancybox-wrap  clearfix fancybox-layout1  text-left   wpb_animate_when_almost_visible wpb_fade-in\" style=\"border-color: transparent;   \">\n    <style type=\"text\/css\" scoped>\n        #cshero-fancybox69f4acdeb53b7_1777642718.fancybox-layout1:hover .fancy-icon {\n            background-color: !important;\n            border-color: !important;\n            color:#000000 !important;\n        }\n\n        #cshero-fancybox69f4acdeb53b7_1777642718.fancybox-layout1 .fancy-icon.icon-hover-style-3:after{\n    \t\t-webkit-border-radius:;\n    \t\t-moz-border-radius:;\n    \t\t-ms-border-radius:;\n    \t\t-o-border-radius:;\n    \t\tborder-radius:;\n    \t\tbackground-color:;\n    \t\tborder-width:;\n    \t\tborder-style:none;\n    \t\tborder-color:;\n\t   }\n        \n                #cshero-fancybox69f4acdeb53b7_1777642718:hover {\n            background: #ff6666;\n        }\n        \n        \n                     #cshero-fancybox69f4acdeb53b7_1777642718 [class^=\"flaticon-\"]:before, \n       #cshero-fancybox69f4acdeb53b7_1777642718 [class*=\" flaticon-\"]:before, \n       #cshero-fancybox69f4acdeb53b7_1777642718 [class^=\"flaticon-\"]:after, \n       #cshero-fancybox69f4acdeb53b7_1777642718 [class*=\" flaticon-\"]:after {\n            font-size: 24px;\n            color: #212121;\n        }\n        #cshero-fancybox69f4acdeb53b7_1777642718:hover .cshero-fancybox-title-image [class^=\"flaticon-\"]:before,\n        #cshero-fancybox69f4acdeb53b7_1777642718:hover .cshero-fancybox-title-image [class*=\" flaticon-\"]:before,\n        #cshero-fancybox69f4acdeb53b7_1777642718:hover .cshero-fancybox-title-image [class^=\"flaticon-\"]:after,\n        #cshero-fancybox69f4acdeb53b7_1777642718:hover .cshero-fancybox-title-image [class*=\" flaticon-\"]:after{\n            color: #000000;\n        }\n\t<\/style>\n    <div class=\"cshero-fancybox-title-image\">\n                    <a title=\"\" href=\"https:\/\/calbernadas.com\/ca\/turisme-rural\/la-barraca\/\">\n                                    <\/a>\n                            <h3 class=\"cshero-fancybox-title-wrap\" style=\"color: #ffffff;  text-transform: uppercase;\">\n                <span class=\"cshero-title-main\">LA BARRACA<\/span>\n            <\/h3>\n                            <div class=\"cshero-fancybox-image\">\n                <img src=\"https:\/\/calbernadas.com\/wp-content\/uploads\/2016\/10\/CEL-mesallotjament-LABARRACA.jpg\" alt=\"LA BARRACA\" \/>\n            <\/div>\n            <\/div>\n    <\/div>\n[\/vc_column][vc_column width=&#8221;1\/2&#8243;]<div id=\"cshero-fancybox69f4acdeb589b_1777642718\" class=\"cshero-fancybox-wrap  clearfix fancybox-layout1  text-left   wpb_animate_when_almost_visible wpb_fade-in\" style=\"border-color: transparent;   \">\n    <style type=\"text\/css\" scoped>\n        #cshero-fancybox69f4acdeb589b_1777642718.fancybox-layout1:hover .fancy-icon {\n            background-color: !important;\n            border-color: !important;\n            color:#000000 !important;\n        }\n\n        #cshero-fancybox69f4acdeb589b_1777642718.fancybox-layout1 .fancy-icon.icon-hover-style-3:after{\n    \t\t-webkit-border-radius:;\n    \t\t-moz-border-radius:;\n    \t\t-ms-border-radius:;\n    \t\t-o-border-radius:;\n    \t\tborder-radius:;\n    \t\tbackground-color:;\n    \t\tborder-width:;\n    \t\tborder-style:none;\n    \t\tborder-color:;\n\t   }\n        \n                #cshero-fancybox69f4acdeb589b_1777642718:hover {\n            background: #ff6666;\n        }\n        \n        \n                     #cshero-fancybox69f4acdeb589b_1777642718 [class^=\"flaticon-\"]:before, \n       #cshero-fancybox69f4acdeb589b_1777642718 [class*=\" flaticon-\"]:before, \n       #cshero-fancybox69f4acdeb589b_1777642718 [class^=\"flaticon-\"]:after, \n       #cshero-fancybox69f4acdeb589b_1777642718 [class*=\" flaticon-\"]:after {\n            font-size: 24px;\n            color: #212121;\n        }\n        #cshero-fancybox69f4acdeb589b_1777642718:hover .cshero-fancybox-title-image [class^=\"flaticon-\"]:before,\n        #cshero-fancybox69f4acdeb589b_1777642718:hover .cshero-fancybox-title-image [class*=\" flaticon-\"]:before,\n        #cshero-fancybox69f4acdeb589b_1777642718:hover .cshero-fancybox-title-image [class^=\"flaticon-\"]:after,\n        #cshero-fancybox69f4acdeb589b_1777642718:hover .cshero-fancybox-title-image [class*=\" flaticon-\"]:after{\n            color: #000000;\n        }\n\t<\/style>\n    <div class=\"cshero-fancybox-title-image\">\n                    <a title=\"\" href=\"https:\/\/calbernadas.com\/ca\/turisme-rural\/vilanova\/\">\n                                    <\/a>\n                            <h3 class=\"cshero-fancybox-title-wrap\" style=\"color: #ffffff;  text-transform: uppercase;\">\n                <span class=\"cshero-title-main\">VILANOVA<\/span>\n            <\/h3>\n                            <div class=\"cshero-fancybox-image\">\n                <img src=\"https:\/\/calbernadas.com\/wp-content\/uploads\/2016\/10\/CEL-mesallotjament-VILANOVA.jpg\" alt=\"VILANOVA\" \/>\n            <\/div>\n            <\/div>\n    <\/div>\n[\/vc_column][\/vc_row][vc_row full_width=&#8221;stretch_row&#8221; css=&#8221;.vc_custom_1478574399009{padding-top: 100px !important;padding-bottom: 100px !important;background-image: url(https:\/\/calbernadas.com\/wp-content\/uploads\/2016\/10\/CEL_video.jpg?id=13379) !important;}&#8221; parallax_speed=&#8221;0.8&#8243; bg_video_transparent=&#8221;0&#8243; el_class=&#8221;cm-icon-big-item&#8221;][vc_column][cs_custom_heading text=&#8221;FOTOS&#8221; font_container=&#8221;tag:h1|font_size:40px|text_align:center|color:%23ffffff&#8221; font_format=&#8221;700&#8243; style=&#8221;style-none&#8221; el_class=&#8221;cm-tailor-title-site&#8221;][\/vc_column][\/vc_row][vc_row full_width=&#8221;stretch_row_content_no_spaces&#8221; css=&#8221;.vc_custom_1478574761248{padding-top: 80px !important;padding-bottom: 80px !important;}&#8221;][vc_column][vc_gallery type=&#8221;image_grid&#8221; images=&#8221;21939,21942,21944,21952,21938,21948,21951,21949,21941,21940&#8243; img_size=&#8221;full&#8221; el_class=&#8221; cols5&#8243;][\/vc_column][\/vc_row][vc_row full_width=&#8221;stretch_row&#8221; css=&#8221;.vc_custom_1478574399009{padding-top: 100px !important;padding-bottom: 100px !important;background-image: url(https:\/\/calbernadas.com\/wp-content\/uploads\/2016\/10\/CEL_video.jpg?id=13379) !important;}&#8221; parallax_speed=&#8221;0.8&#8243; bg_video_transparent=&#8221;0&#8243; el_class=&#8221;cm-icon-big-item&#8221;][vc_column][cs_custom_heading text=&#8221;VIDEOS&#8221; font_container=&#8221;tag:h1|font_size:40px|text_align:center|color:%23ffffff&#8221; font_format=&#8221;700&#8243; style=&#8221;style-none&#8221; el_class=&#8221;cm-tailor-title-site&#8221;][\/vc_column][\/vc_row][vc_row full_width=&#8221;stretch_row_content_no_spaces&#8221; css=&#8221;.vc_custom_1478574761248{padding-top: 80px !important;padding-bottom: 80px !important;}&#8221;][vc_column width=&#8221;1\/4&#8243;][vc_video link=&#8221;https:\/\/youtu.be\/iRE7lwDkpCw&#8221; align=&#8221;center&#8221;][\/vc_column][vc_column width=&#8221;1\/4&#8243;][\/vc_column][vc_column width=&#8221;1\/4&#8243;][\/vc_column][vc_column width=&#8221;1\/4&#8243;][\/vc_column][\/vc_row][vc_row full_width=&#8221;stretch_row&#8221; css=&#8221;.vc_custom_1478574823216{padding-top: 200px !important;padding-bottom: 200px !important;background-image: url(https:\/\/calbernadas.com\/wp-content\/uploads\/2016\/10\/CB_CEL_wedding_banner-1.jpg?id=13409) !important;}&#8221; parallax_speed=&#8221;0.8&#8243; bg_video_transparent=&#8221;0&#8243; el_class=&#8221;cm-icon-big-item&#8221;][vc_column][cs_custom_heading text=&#8221;WEDDING PLANNER&#8221; font_container=&#8221;tag:h1|font_size:40px|text_align:center|color:%23ffffff|line_height:40px&#8221; font_format=&#8221;700&#8243; style=&#8221;style-none&#8221; el_class=&#8221;cm-tailor-title-site&#8221;][vc_row_inner][vc_column_inner width=&#8221;1\/4&#8243;][\/vc_column_inner][vc_column_inner width=&#8221;1\/2&#8243;][vc_column_text]<\/p>\n<h5 style=\"text-align: center;\"><span style=\"color: #ffffff;\">Us oferim el servei de <em>Wedding Planner<\/em> (coordinador de casaments) per ajudar-vos durant tota la preparaci\u00f3 del vostre gran dia.<\/span><br \/>\n<span style=\"color: #ffffff;\"> Us informarem de col\u00b7laboradors, us donarem consells, recursos, idees&#8230;<\/span><br \/>\n<span style=\"color: #ffffff;\"> Tot el que far\u00e0 que sigui un dia especial i que tot surti perfecte.<\/span><br \/>\n<span style=\"color: #ffffff;\"> Us podem ajudar abans, durant i despr\u00e9s.<\/span><br \/>\n<span style=\"color: #ffffff;\"> Consulteu-nos i us ho explicarem.<\/span><\/h5>\n<p>[\/vc_column_text][vc_empty_space][vc_btn title=&#8221;M\u00c9S INFORMACI\u00d3&#8221; shape=&#8221;square&#8221; color=&#8221;danger&#8221; align=&#8221;center&#8221; link=&#8221;url:http%3A%2F%2Fcalbernadas.com%2F%3Fpage_id%3D12039|title:M%C3%89S%20INFO||&#8221;][\/vc_column_inner][vc_column_inner width=&#8221;1\/4&#8243;][\/vc_column_inner][\/vc_row_inner][\/vc_column][\/vc_row][vc_row full_width=&#8221;stretch_row&#8221; css=&#8221;.vc_custom_1478575126313{margin-bottom: 50px !important;padding-top: 100px !important;padding-bottom: 100px !important;background-image: url(https:\/\/calbernadas.com\/wp-content\/uploads\/2016\/10\/CEL_testimonis.jpg?id=13413) !important;}&#8221; parallax_speed=&#8221;0.8&#8243; bg_video_transparent=&#8221;0&#8243; el_class=&#8221;cm-icon-big-item&#8221;][vc_column][cs_custom_heading text=&#8221;TESTIMONIS&#8221; font_container=&#8221;tag:h1|font_size:40px|text_align:center|color:%23ffffff&#8221; font_format=&#8221;700&#8243; style=&#8221;style-none&#8221; el_class=&#8221;cm-tailor-title-site&#8221;][\/vc_column][\/vc_row][vc_row full_width=&#8221;stretch_row&#8221; css=&#8221;.vc_custom_1478575199432{padding-top: 80px !important;padding-bottom: 80px !important;background-image: url(https:\/\/calbernadas.com\/wp-content\/uploads\/2016\/10\/CEL-fons-testimonis.jpg?id=13414) !important;}&#8221;][vc_column][vc_column_text]<\/p>\n<h5 style=\"text-align: center;\"><span style=\"color: #ffffff;\">Viviu de primera m\u00e0 les experi\u00e8ncies de qui ha viscut un dia meravell\u00f3s a La Cabana.<br \/>\nUs agradar\u00e0 llegir les opinions d\u2019alguns dels nostres amfitrions a La Cabana, oi que s\u00ed?<\/span><\/h5>\n<p>[\/vc_column_text][vc_empty_space height=&#8221;40px&#8221;]\r\n        <div id=\"cshero_testimonial1777642718_169f4acdeb5faa\" class=\"cshero-testimonial testimonial-layout1 testimonial-slide \">\r\n                        <div class=\"cshero-testimonial-wrapper\">\r\n                                    <div id=\"cshero_testimonial_1777642718_169f4acdeb5faa\" data-mode=\"horizontal\" data-moveslides=\"1\" data-auto=\"0\" data-speed=\"500\" data-prevselector=\"#cshero_testimonial1777642718_169f4acdeb5faa .prev\" data-nextselector=\"#cshero_testimonial1777642718_169f4acdeb5faa .next\" data-prevText=\"<i class='fa fa-angle-left'><\/i>\" data-nextText=\"<i class='fa fa-angle-right'><\/i>\" data-pagerSelector=\"#cshero_testimonial1777642718_169f4acdeb5faa .cshero-control\" data-onsliderload=\"true\" data-touchenabled=\"1\" data-controls=\"true\" data-pager=\"0\" data-pause=\"4000\" data-infiniteloop=\"true\" data-adaptiveheight=\"true\"  data-autohover=\"true\" data-slidemargin=\"30\" data-maxslides=\"3\" data-minslides=\"1\" data-slidewidth=\"500\" data-slideselector=\"\" data-easing=\"swing\" data-usecss=\"\" data-resize=\"1\" class=\"slider jm-bxslider\">\r\n                                \r\n                                            <div class=\"cshero-testimonial-item\">\r\n                            \n<article id=\"post-20218\"  class=\"cshero_testimonial_content clearfix\" style=\"padding:15px;color:#666666;background-color:#f5f5f5;\">\n     \n    <div class=\"cshero-testimonial-image left\">\n        <img alt=\"\" src=\"https:\/\/calbernadas.com\/wp-content\/uploads\/2017\/02\/28-MARTA-I-TONI--e1513960506674-150x200_c.jpg\" align=\"left\" style=\"border-radius:0;-webkit-border-radius:0;-moz-border-radius:0;-ms-border-radius:0;-o-border-radius:0;margin-right:20px;\" \/>    <\/div>\n        \n            <div class=\"cshero-testimonial-content text-left\" style=\"padding-left:180px\">\n                            <div class=\"cshero-testimonial-description\">\n                    <div class=\"cshero-testimonial-text\">\n                                                Preparar la boda con Anna de la Cabana fue estupendo. Nada m\u00e1s ver la casa, supimos que ten\u00eda que ser all\u00ed, y el contacto con ellos siempre fue muy sencillo. Nos ayudaron con los proveedores, y se preocuparon porque todo saliera bien en nuestra boda. Adem\u00e1s tuvimos un poquito de lluvia en la ceremonia, y nos trajeron paraguas. Muy buena sensaci\u00f3n nos ha quedado, y seguro que volveremos.\r\n\r\n<span style=\"color: #999999;\">Setembre 2015<\/span>\r\n\r\n&nbsp                                            <\/div>\n                <\/div>\n                                        <h3 class=\"cshero-testimonial-title\" style=\"color:#666666\">\n                    Marta &#038; Toni (Catalunya)                <\/h3>\n                        \n            \n        <\/div>\n        \n<\/article>\n\n                        <\/div>\r\n                                            <div class=\"cshero-testimonial-item\">\r\n                            \n<article id=\"post-20242\"  class=\"cshero_testimonial_content clearfix\" style=\"padding:15px;color:#666666;background-color:#f5f5f5;\">\n     \n    <div class=\"cshero-testimonial-image left\">\n        <img alt=\"\" src=\"https:\/\/calbernadas.com\/wp-content\/uploads\/2017\/12\/MayelaTomas-150x200_c.jpg\" align=\"left\" style=\"border-radius:0;-webkit-border-radius:0;-moz-border-radius:0;-ms-border-radius:0;-o-border-radius:0;margin-right:20px;\" \/>    <\/div>\n        \n            <div class=\"cshero-testimonial-content text-left\" style=\"padding-left:180px\">\n                            <div class=\"cshero-testimonial-description\">\n                    <div class=\"cshero-testimonial-text\">\n                                                La Boda So\u00f1ada!!!\r\n\r\nNo tenemos palabras para explicar la felicidad que tenemos de haber descubierto la Masia La Cabana y haber contado con el apoyo de la Sra. Ramona, El Sr. Josep, Anna y Gloria!!! Nos acompa\u00f1aron en todo momento para la log\u00edstica y organizaci\u00f3n de toda la celebraci\u00f3n de nuestra boda. Siempre sonrientes, con opciones, atentos! Nuestra experiencia fue, sin duda, m\u00e1gica. Super\u00f3 cualquier expectativa posible! Haber logrado que toda la familia se reuniera, en este para\u00edso, no tiene comparaci\u00f3n alguna! Moltes gracias!! Volveremos!!!!\r\n\r\n<span style=\"color: #999999;\">Setembre 2016<\/span>\r\n\r\n&nbsp                                            <\/div>\n                <\/div>\n                                        <h3 class=\"cshero-testimonial-title\" style=\"color:#666666\">\n                    Mayela &#038; Tomas (Venezuela)                <\/h3>\n                        \n            \n        <\/div>\n        \n<\/article>\n\n                        <\/div>\r\n                                            <div class=\"cshero-testimonial-item\">\r\n                            \n<article id=\"post-20247\"  class=\"cshero_testimonial_content clearfix\" style=\"padding:15px;color:#666666;background-color:#f5f5f5;\">\n     \n    <div class=\"cshero-testimonial-image left\">\n        <img alt=\"\" src=\"https:\/\/calbernadas.com\/wp-content\/uploads\/2016\/09\/BODA-VICENTANNA-374-150x200_c.jpg\" align=\"left\" style=\"border-radius:0;-webkit-border-radius:0;-moz-border-radius:0;-ms-border-radius:0;-o-border-radius:0;margin-right:20px;\" \/>    <\/div>\n        \n            <div class=\"cshero-testimonial-content text-left\" style=\"padding-left:180px\">\n                            <div class=\"cshero-testimonial-description\">\n                    <div class=\"cshero-testimonial-text\">\n                                                Nosotros ten\u00edamos muy claro que quer\u00edamos celebrar una boda totalmente al aire libre y en un entorno rural, donde pudi\u00e9ramos hacer las cosas a nuestra manera y sin restricciones. Adem\u00e1s, quer\u00edamos un sitio donde nuestra familia m\u00e1s cercana pudiera alojarse antes y despu\u00e9s de la boda (que, por cierto, quer\u00edamos que durara un fin de semana entero). Cuando visitamos La Cabana por primera vez supimos que aquel lugar era ideal para hacer el tipo de boda que quer\u00edamos: gran jard\u00edn, vistas preciosas, casa super equipada para 15-20 personas, piscina... A pesar de que all\u00ed no se hacen muchas bodas grandes (ya que la sala interior, en caso de lluvia, es peque\u00f1a para un banquete con muchos invitados, nosotros \u00e9ramos 120-130) y al principio tuvimos nuestras dudas, decidimos arriesgarnos y contratamos La Cabana.\r\nY fue la mejor decisi\u00f3n que podr\u00edamos haber tomado. El d\u00eda de la boda sali\u00f3 todo genial. Hab\u00edamos reservado carpas por si llov\u00eda, pero hizo un d\u00eda incre\u00edble, as\u00ed que no tuvimos que ponerlas y lo hicimos todo al aire libre: ceremonia, aperitivo, banquete y baile. Adem\u00e1s, al d\u00eda siguiente hicimos una comida informal con los invitados y disfrutamos de la piscina y la pista de p\u00e1del durante todo el d\u00eda. Despu\u00e9s, nuestra familia m\u00e1s cercana se qued\u00f3 con nosotros en la casa durante 5 d\u00edas m\u00e1s y lo pasamos en grande (en agosto s\u00f3lo alquilan la casa por semanas completas). En definitiva, fue una experiencia incre\u00edble. Y esto fue gracias tambi\u00e9n a la familia Niub\u00f3, ya que nos ayudaron much\u00edsimo y fueron super flexibles. Tanto Anna como Ramona se preocuparon por que todo saliera a la perfecci\u00f3n, tanto el d\u00eda de la boda como durante el resto de la semana. \u00a1Un 10 para ellas!\r\n\r\n<span style=\"color: #999999;\">Agost 2016<\/span>\r\n\r\n&nbsp                                            <\/div>\n                <\/div>\n                                        <h3 class=\"cshero-testimonial-title\" style=\"color:#666666\">\n                    Ana &#038; Vicent (Catalunya i Valencia)                <\/h3>\n                        \n            \n        <\/div>\n        \n<\/article>\n\n                        <\/div>\r\n                                        \r\n                <\/div>\r\n                                                                <div class=\"cshero-nav 1 default\">\r\n                    <ul>\r\n                        <li class=\"prev\" style=\"left:auto;\"><\/li>\r\n                        <li class=\"next\" style=\"right:auto;\"><\/li>\r\n                    <\/ul>\r\n                <\/div>\r\n                                            <\/div>\r\n        <\/div>\r\n        [\/vc_column][\/vc_row][vc_row full_width=&#8221;stretch_row&#8221; css=&#8221;.vc_custom_1478576263358{padding-top: 100px !important;padding-bottom: 100px !important;background-image: url(https:\/\/calbernadas.com\/wp-content\/uploads\/2016\/10\/CEL_collaboradors.jpg?id=13430) !important;}&#8221; parallax_speed=&#8221;0.8&#8243; bg_video_transparent=&#8221;0&#8243; el_class=&#8221;cm-icon-big-item&#8221;][vc_column][cs_custom_heading text=&#8221;ELS NOSTRES COL\u00b7LABORADORS&#8221; font_container=&#8221;tag:h1|font_size:40px|text_align:center|color:%23ffffff&#8221; font_format=&#8221;700&#8243; style=&#8221;style-none&#8221; el_class=&#8221;cm-tailor-title-site&#8221;][\/vc_column][\/vc_row][vc_row css=&#8221;.vc_custom_1477557874325{padding-top: 80px !important;padding-bottom: 80px !important;}&#8221;][vc_column][vc_row_inner][vc_column_inner width=&#8221;1\/4&#8243;][\/vc_column_inner][vc_column_inner width=&#8221;1\/2&#8243;][vc_column_text]<\/p>\n<h5 style=\"text-align: center;\"><span style=\"color: #cc3366;\">Des de la casa La Cabana posem a la vostra disposici\u00f3 una variada i acurada selecci\u00f3 d\u2019empreses que coneixen La Cabana i s\u00f3n bons professionals.<br \/>\nAix\u00f2 no obstant, tot i les nostres recomanacions, la llista d\u2019empreses est\u00e0 totalment oberta als vostres desitjos. El m\u00e9s important \u00e9s que vosaltres mateixos escolliu les empreses que m\u00e9s confian\u00e7a us donin i millor encaixin amb les vostres necessitats.<\/span><\/h5>\n<p>[\/vc_column_text][\/vc_column_inner][vc_column_inner width=&#8221;1\/4&#8243;][\/vc_column_inner][\/vc_row_inner][\/vc_column][\/vc_row][vc_row gap=&#8221;35&#8243; css=&#8221;.vc_custom_1503409285850{padding-top: 80px !important;padding-bottom: 80px !important;}&#8221;][vc_column width=&#8221;1\/4&#8243;][vc_column_text]<\/p>\n<h3 style=\"text-align: left;\"><span style=\"color: #cc3366;\">C\u00c0TERING<\/span><\/h3>\n<p>[\/vc_column_text][vc_tta_accordion shape=&#8221;square&#8221; color=&#8221;white&#8221; c_icon=&#8221;&#8221; active_section=&#8221;1&#8243;][vc_tta_section title=&#8221;CAL BLAY&#8221; tab_id=&#8221;1478580194178-f679d53c-6598&#8243;][vc_column_text]<a href=\"http:\/\/www.calblay.com\/\" target=\"_blank\" rel=\"noopener noreferrer\">www.calblay.com<\/a><\/p>\n<p><span id=\"cloak16311\"><a href=\"mailto:casaments@calblay.com\">casaments@calblay.com<\/a><\/span><\/p>\n<p>+34 938 914 152[\/vc_column_text][\/vc_tta_section][vc_tta_section title=&#8221;SIC GOURMET&#8221; tab_id=&#8221;1633604554991-2eaa6a33-b5f3&#8243;][vc_column_text]<a href=\"http:\/\/www.sicgourmet.com\/\" target=\"_blank\" rel=\"noopener noreferrer\">www.sicgourmet.com<\/a><\/p>\n<p><a href=\"mailto:catering@sicgourmet.com\">catering@sicgourmet.com<\/a><\/p>\n<p>Alba Colom<\/p>\n<p>+34 636 827 305[\/vc_column_text][\/vc_tta_section][vc_tta_section title=&#8221;MONCHO&#8217;S&#8221; tab_id=&#8221;1478580194669-8f28df24-de84&#8243;][vc_column_text]<a href=\"http:\/\/www.monchos.com\/\" target=\"_blank\" rel=\"noopener noreferrer\">www.monchos.com<\/a><\/p>\n<p>+34 934 155 665[\/vc_column_text][\/vc_tta_section][vc_tta_section title=&#8221;COSTILLARES A LA ESTACA&#8221; tab_id=&#8221;1478580195165-f9442f66-0a06&#8243;][vc_column_text]<a href=\"http:\/\/www.costillaresalaestaca.com\/\" target=\"_blank\" rel=\"noopener noreferrer\">www.costillaresalaestaca.com<\/a><\/p>\n<p>+34 933 303 424[\/vc_column_text][\/vc_tta_section][vc_tta_section title=&#8221;GAU C\u00c0TERING&#8221; tab_id=&#8221;1547564143498-ef4c9946-9b1b&#8221;][vc_column_text]<a href=\"http:\/\/www.gaucatering.com\" target=\"_blank\" rel=\"noopener noreferrer\">www.gaucatering.com<\/a><\/p>\n<p><a href=\"mailto:catering@gaucatering.com\">catering@gaucatering.com<\/a><\/p>\n<p>+34\u00a0936 452 616[\/vc_column_text][\/vc_tta_section][\/vc_tta_accordion][\/vc_column][vc_column width=&#8221;1\/4&#8243;][vc_column_text]<\/p>\n<h3 style=\"text-align: left;\"><span style=\"color: #cc3366;\">FOTOGRAFIA<\/span><\/h3>\n<p>[\/vc_column_text][vc_tta_accordion shape=&#8221;square&#8221; color=&#8221;white&#8221; c_icon=&#8221;&#8221; active_section=&#8221;1&#8243;][vc_tta_section title=&#8221;LAURA CHAC\u00d3N&#8221; tab_id=&#8221;1478580200746-6faddb4d-cfad&#8221;][vc_column_text]<a href=\"http:\/\/www.laurachacon.es\/\" target=\"_blank\" rel=\"noopener noreferrer\">www.laurachacon.es<\/a><\/p>\n<p><span id=\"cloak48077\"><a href=\"mailto:info@laurachacon.es\">info@laurachacon.es<\/a><\/span><\/p>\n<p>+34 649 412 783[\/vc_column_text][\/vc_tta_section][vc_tta_section title=&#8221;DIEZ&amp;BORDONS&#8221; tab_id=&#8221;1478580201237-30a69e06-343e&#8221;][vc_column_text]<a href=\"http:\/\/www.diez-bordons.com\/\" target=\"_blank\" rel=\"noopener noreferrer\">www.diez-bordons.com<\/a><\/p>\n<p><span id=\"cloak15474\"><a href=\"mailto:marc@diez-bordons.com\">marc@diez-bordons.com<\/a><\/span><\/p>\n<p>+34 659 326 564[\/vc_column_text][\/vc_tta_section][vc_tta_section title=&#8221;PADILLA&amp;RIGAU&#8221; tab_id=&#8221;1478580201696-249d90eb-4d16&#8243;][vc_column_text]<a href=\"http:\/\/www.padilla-rigau.com\/\" target=\"_blank\" rel=\"noopener noreferrer\">www.padilla-rigau.com<\/a><\/p>\n<p><span id=\"cloak12113\"><a href=\"mailto:info@padilla-rigau.com\">info@padilla-rigau.com<\/a><\/span><\/p>\n<p>+34 646 221 165 \/ +34 678 662 825[\/vc_column_text][\/vc_tta_section][vc_tta_section title=&#8221;KISSANDCHIPS&#8221; tab_id=&#8221;1479807251909-8ce848cc-5e5a&#8221;][vc_column_text]<a href=\"http:\/\/www.kissandchips.com\/\" target=\"_blank\" rel=\"noopener noreferrer\">www.kissandchips.com<\/a><\/p>\n<p><span id=\"cloak12113\"><a href=\"mailto:hola@kissandchips.com\">hola@kissandchips.com<\/a><\/span><\/p>\n<p>M\u00edriam<\/p>\n<p>+34 652 941 703[\/vc_column_text][\/vc_tta_section][vc_tta_section title=&#8221;JORDI LEAL&#8221; tab_id=&#8221;1479807533110-91d542a5-36db&#8221;][vc_column_text]<a href=\"http:\/\/www.jordileal.com\/\" target=\"_blank\" rel=\"noopener noreferrer\">www.jordileal.com<\/a><\/p>\n<p><span id=\"cloak12113\"><a href=\"mailto:jordi@jordileal.com\">jordi@jordileal.com<\/a><\/span><\/p>\n<p>+34 648 088 598[\/vc_column_text][\/vc_tta_section][vc_tta_section title=&#8221;MARC RAMONET&#8221; tab_id=&#8221;1479807601521-efadd133-fdd2&#8243;][vc_column_text]<a href=\"http:\/\/www.marcramonet.wordpress.com\" target=\"_blank\" rel=\"noopener noreferrer\">www.marcramonet.wordpress.com<\/a><\/p>\n<p>+34 679 968 790[\/vc_column_text][\/vc_tta_section][vc_tta_section title=&#8221;BODADEFOTO&#8221; tab_id=&#8221;1479807696886-330418b5-a8c7&#8243;][vc_column_text]<a href=\"https:\/\/bodadefoto.com\/\" target=\"_blank\" rel=\"noopener noreferrer\">www.bodadefoto.es<\/a><\/p>\n<p><span id=\"cloak12113\"><a href=\"mailto:mireia@bodadefoto.es\">mireia@bodadefoto.es<\/a><\/span><\/p>\n<p>+34 652 941 703[\/vc_column_text][\/vc_tta_section][vc_tta_section title=&#8221;COLECCIONISTAS DE MOMENTOS&#8221; tab_id=&#8221;1479807767379-af417ccc-9fa2&#8243;][vc_column_text]<a href=\"https:\/\/www.coleccionistasdemomentos.com\/\" target=\"_blank\" rel=\"noopener noreferrer\">www.coleccionistasdemomentos.com<\/a><\/p>\n<p><span id=\"cloak12113\"><a href=\"mailto:colectivo.loscoleccionistas@gmail.com\">colectivo.loscoleccionistas@gmail.com<\/a><\/span><\/p>\n<p>+34 639 277 278 \/ +34 638 197 204[\/vc_column_text][\/vc_tta_section][vc_tta_section title=&#8221;WEDDING&#8217;S ART&#8221; tab_id=&#8221;1482342738465-054cdc2e-50dd&#8221;][vc_column_text]<a href=\"http:\/\/fotografo-bodas.net\/\" target=\"_blank\" rel=\"noopener noreferrer\">www.fotografo-bodas.net<\/a><\/p>\n<p><span id=\"cloak12113\"><a href=\"mailto:info@weddingsart.net\">info@weddingsart.net<\/a><\/span><\/p>\n<p>Ana\u00efs i Alex<\/p>\n<p>+34 686 230 328[\/vc_column_text][\/vc_tta_section][vc_tta_section title=&#8221;RAC\u00d3RDS FOTOGRAFIA&#8221; tab_id=&#8221;1524579694843-a6a92cf8-162c&#8221;][vc_column_text]<a href=\"http:\/\/www.racordsfotografia.com\" target=\"_blank\" rel=\"noopener noreferrer\">www.racordsfotografia.com<\/a><\/p>\n<p><span id=\"cloak12113\"><a href=\"mailto:info@racordsfotografia.com\">info@racordsfotografia.com<\/a><\/span><\/p>\n<p>Carla<\/p>\n<p>+34 661 389 533[\/vc_column_text][\/vc_tta_section][vc_tta_section title=&#8221;SWINGYOURPICS&#8221; tab_id=&#8221;1524238275082-7c403a71-c8dd&#8221;][vc_column_text]<a href=\"http:\/\/www.swingyourpics.com\" target=\"_blank\" rel=\"noopener noreferrer\">www.swingyourpics.com<\/a><\/p>\n<p><span id=\"cloak12113\"><a href=\"mailto:info@swingyourpics.com\">info@swingyourpics.com<\/a><\/span><\/p>\n<p>Cris<\/p>\n<p>+34 655 028 048[\/vc_column_text][\/vc_tta_section][\/vc_tta_accordion][\/vc_column][vc_column width=&#8221;1\/4&#8243;][vc_column_text]<\/p>\n<h3 style=\"text-align: left;\"><span style=\"color: #cc3366;\">MODA PER A N\u00daVIA<\/span><\/h3>\n<p>[\/vc_column_text][vc_tta_accordion shape=&#8221;square&#8221; color=&#8221;white&#8221; c_icon=&#8221;&#8221; active_section=&#8221;1&#8243;][vc_tta_section title=&#8221;JOSE M\u00aa PEIR\u00d3&#8221; tab_id=&#8221;1478580206384-7e4a1a0a-2333&#8243;][vc_column_text]<a href=\"http:\/\/www.whiteday.es\" target=\"_blank\" rel=\"noopener noreferrer\">www.whiteday.es<\/a><\/p>\n<p><span id=\"cloak98712\">Jose Maria Peir\u00f3 \/ Barcelona<\/span><\/p>\n<p>+34 933 680 975 \/ +34 617 393 823[\/vc_column_text][\/vc_tta_section][vc_tta_section title=&#8221;IMMA CL\u00c9&#8221; tab_id=&#8221;1478580206843-50cde719-2ba0&#8243;][vc_column_text]<a href=\"http:\/\/www.immacle.com\" target=\"_blank\" rel=\"noopener noreferrer\">www.immacle.com<\/a><\/p>\n<p><span id=\"cloak16311\">Barcelona<\/span><\/p>\n<p><span id=\"cloak16311\"><a href=\"mailto:info@immacle.com\">info@immacle.com<\/a><\/span><\/p>\n<p>+34 933 623 509<\/p>\n<p>[\/vc_column_text][\/vc_tta_section][vc_tta_section title=&#8221;SANTOSCOSTURA&#8221; tab_id=&#8221;1478580207333-9161e783-4c87&#8243;][vc_column_text]<a href=\"http:\/\/www.santoscostura.com\" target=\"_blank\" rel=\"noopener noreferrer\">www.santoscostura.com<\/a><\/p>\n<p><span id=\"cloak16311\">Sabadell<\/span><\/p>\n<p><span id=\"cloak16311\"><a href=\"mailto:info@santoscostura.com\">info@santoscostura.com<\/a><\/span><\/p>\n<p>+34 93 726 01 75[\/vc_column_text][\/vc_tta_section][vc_tta_section title=&#8221;OTADUY&#8221; tab_id=&#8221;1479808177385-c7116c1a-a64d&#8221;][vc_column_text]<a href=\"http:\/\/www.otaduy.co\" target=\"_blank\" rel=\"noopener noreferrer\">www.otaduy.co<\/a><\/p>\n<p><span id=\"cloak16311\">Barcelona<\/span><\/p>\n<p><span id=\"cloak16311\"><a href=\"mailto:info@otaduy.co\">info@otaduy.co<\/a><\/span><\/p>\n<p>+34 93 726 01 75[\/vc_column_text][\/vc_tta_section][vc_tta_section title=&#8221;ROSA CLAR\u00c0&#8221; tab_id=&#8221;1479808244423-025a02af-c310&#8243;][vc_column_text]<a href=\"http:\/\/www.rosaclara.es\" target=\"_blank\" rel=\"noopener noreferrer\">www.rosaclara.es<\/a><\/p>\n<p><span id=\"cloak16311\">Barcelona<\/span><\/p>\n<p>+34 934 873 333[\/vc_column_text][\/vc_tta_section][vc_tta_section title=&#8221;VER\u00d3NICA MIRANDA&#8221; tab_id=&#8221;1479808545084-f40655b2-8b27&#8243;][vc_column_text]<a href=\"http:\/\/www.veronicamiranda.es\" target=\"_blank\" rel=\"noopener noreferrer\">www.veronicamiranda.es<\/a><\/p>\n<p><span id=\"cloak16311\">Ver\u00f3nica Miranda<\/span><\/p>\n<p><span id=\"cloak16311\"><a href=\"mailto:veronica@veronicamiranda.es\">veronica@veronicamiranda.es<\/a><\/span><\/p>\n<p>+34 934 196 296[\/vc_column_text][\/vc_tta_section][vc_tta_section title=&#8221;YOLANCRIS&#8221; tab_id=&#8221;1479808406701-143438ee-9a62&#8243;][vc_column_text]<a href=\"http:\/\/www.yolancris.com\" target=\"_blank\" rel=\"noopener noreferrer\">www.yolancris.com<\/a><\/p>\n<p><span id=\"cloak16311\"><a href=\"mailto:info@yolancris.com\">info@yolancris.com<\/a><\/span><\/p>\n<p>+34 937 278 922[\/vc_column_text][\/vc_tta_section][vc_tta_section title=&#8221;TERESA HELBIG&#8221; tab_id=&#8221;1479808467124-756462db-946d&#8221;][vc_column_text]<a href=\"http:\/\/www.teresahelbig.com\" target=\"_blank\" rel=\"noopener noreferrer\">www.teresahelbig.com<\/a><\/p>\n<p><span id=\"cloak16311\"><a href=\"mailto:info@teresahelbig.com\">info@teresahelbig.com<\/a><\/span><\/p>\n<p>+34 934 515 544<\/p>\n<p>[\/vc_column_text][\/vc_tta_section][\/vc_tta_accordion][\/vc_column][vc_column width=&#8221;1\/4&#8243;][vc_column_text]<\/p>\n<h3 style=\"text-align: left;\"><span style=\"color: #cc3366;\">IMATGE, SO, LLUM, M\u00daSICA&#8230;<\/span><\/h3>\n<p>[\/vc_column_text][vc_tta_accordion shape=&#8221;square&#8221; color=&#8221;white&#8221; c_icon=&#8221;&#8221; active_section=&#8221;1&#8243;][vc_tta_section title=&#8221;PARENTESIS&#8221; tab_id=&#8221;1479808650363-c3052143-8a80&#8243;][vc_column_text]<a href=\"http:\/\/www.parentesisgrup.com\" target=\"_blank\" rel=\"noopener noreferrer\">www.parentesisgrup.com<\/a><\/p>\n<p><span id=\"cloak98712\">Llu\u00eds Barniol \/ Imatge i so <\/span><br \/>\n<span id=\"cloak98712\"><a href=\"mailto:lluis@parentesisgrup.com\">lluis@parentesisgrup.com<\/a><\/span><\/p>\n<p>+34 617 958 376[\/vc_column_text][\/vc_tta_section][vc_tta_section title=&#8221;DIVERTA&#8221; tab_id=&#8221;1478578740069-2d093f80-fbab&#8221;][vc_column_text]<a href=\"http:\/\/www.divertafesta.cat\" target=\"_blank\" rel=\"noopener noreferrer\">www.divertafesta.cat<\/a><\/p>\n<p><span id=\"cloak98712\">Anna <\/span><br \/>\n<span id=\"cloak98712\"><a href=\"mailto:anna@diverta.cat\">anna@diverta.cat<\/a><\/span><\/p>\n<p>+34 629 362 105[\/vc_column_text][\/vc_tta_section][vc_tta_section title=&#8221;DM ESPECT\u00c1CULOS&#8221; tab_id=&#8221;1479809228344-f64c1866-5888&#8243;][vc_column_text]<a href=\"http:\/\/www.dmespectaculos.com\" target=\"_blank\" rel=\"noopener noreferrer\">www.dmespectaculos.com<\/a><\/p>\n<p><span id=\"cloak98712\">Ernesto Gonz\u00e1lez \/ Discom\u00f2bil i producci\u00f3 art\u00edstica <\/span><br \/>\n<span id=\"cloak98712\"><a href=\"mailto:ernesto@dmespectaculos.com\">ernesto@dmespectaculos.com<\/a><\/span><\/p>\n<p>+34 669 866 088[\/vc_column_text][\/vc_tta_section][vc_tta_section title=&#8221;ISCMUSIC&#8221; tab_id=&#8221;1479808812875-fa1068e3-ac3c&#8221;][vc_column_text]<a href=\"http:\/\/www.discmusic.net\" target=\"_blank\" rel=\"noopener noreferrer\">www.discmusic.net<\/a><\/p>\n<p><span id=\"cloak98712\">So i llum<\/span><br \/>\n[\/vc_column_text][\/vc_tta_section][vc_tta_section title=&#8221;ACUSTICA&#8221; tab_id=&#8221;1479809295135-0e689122-a43a&#8221;][vc_column_text]<a href=\"http:\/\/www.acusticabcn.com\" target=\"_blank\" rel=\"noopener noreferrer\">www.acusticabcn.com<\/a><\/p>\n<p><span id=\"cloak98712\">Joan Carles Plaza \/ Esdeveniments corporatius<\/span><br \/>\n<span id=\"cloak98712\"><a href=\"mailto:acustica@acusticabcn.com\">acustica@acusticabcn.com<\/a><\/span><\/p>\n<p>+34 653 859 259[\/vc_column_text][\/vc_tta_section][vc_tta_section title=&#8221;DISCOMOVIL EVENTOS&#8221; tab_id=&#8221;1479808803297-8ebe79d6-93c0&#8243;][vc_column_text]<a href=\"http:\/\/www.discomovileventos.com\" target=\"_blank\" rel=\"noopener noreferrer\">www.discomovileventos.com<\/a><\/p>\n<p><span id=\"cloak98712\">Alberto<\/span><\/p>\n<p>+34 667 772 251[\/vc_column_text][\/vc_tta_section][vc_tta_section title=&#8221;DISCOMOVIL PARADISE&#8221; tab_id=&#8221;1479809461557-9298eb2f-01e7&#8243;][vc_column_text]<a href=\"http:\/\/www.discomovilparadise.com\" target=\"_blank\" rel=\"noopener noreferrer\">www.discomovilparadise.com<\/a><\/p>\n<p><span id=\"cloak98712\">Manresa (Barcelona)<\/span><br \/>\n<span id=\"cloak98712\"><a href=\"mailto:comercial@discomovilparadise.com\">comercial@discomovilparadise.com<\/a><\/span><\/p>\n<p>+34 977 860 591[\/vc_column_text][\/vc_tta_section][vc_tta_section title=&#8221;DEEJAY SOLUTIONS&#8221; tab_id=&#8221;1479809582247-e545e196-6964&#8243;][vc_column_text]<a href=\"http:\/\/www.musicpartiesproject.com\" target=\"_blank\" rel=\"noopener noreferrer\">www.musicpartiesproject.com<\/a><\/p>\n<p><span id=\"cloak98712\">Jordi Gavarr\u00f3<\/span><br \/>\n<span id=\"cloak98712\"><a href=\"mailto:info@musicpartiesproject.com\">info@musicpartiesproject.com<\/a><\/span><\/p>\n<p>+34 617 315 008[\/vc_column_text][\/vc_tta_section][\/vc_tta_accordion][\/vc_column][\/vc_row][vc_row gap=&#8221;35&#8243; css=&#8221;.vc_custom_1479717871622{padding-top: 80px !important;padding-bottom: 80px !important;}&#8221;][vc_column width=&#8221;1\/4&#8243;][vc_column_text]<\/p>\n<h3 style=\"text-align: left;\"><span style=\"color: #cc3366;\">PERRUQUERIA I MAQUILLATGE<\/span><\/h3>\n<p>[\/vc_column_text][vc_tta_accordion shape=&#8221;square&#8221; color=&#8221;white&#8221; c_icon=&#8221;&#8221; active_section=&#8221;1&#8243;][vc_tta_section title=&#8221;SPEL&#8221; tab_id=&#8221;1479810068452-70756227-c27c&#8221;][vc_column_text]<a href=\"http:\/\/www.spelperruquers.com\" target=\"_blank\" rel=\"noopener noreferrer\">www.spelperruquers.com<\/a><\/p>\n<p><span id=\"cloak98712\">Vanessa Espelt<\/span><\/p>\n<p><span id=\"cloak98712\"><a href=\"mailto:vanessaspelt@gmail.com\">vanessaspelt@gmail.com<\/a><\/span><\/p>\n<p>+34 938 213 819[\/vc_column_text][\/vc_tta_section][vc_tta_section title=&#8221;PEP GALLIFA&#8221; tab_id=&#8221;1479810258465-a582f7a2-b852&#8243;][vc_column_text]<a href=\"http:\/\/www.pepgallifa.com\" target=\"_blank\" rel=\"noopener noreferrer\">www.pepgallifa.com<\/a><\/p>\n<p><span id=\"cloak98712\">Pep Gallifa<\/span><\/p>\n<p><span id=\"cloak98712\"><a href=\"mailto:info@pepgallifa.com\">info@pepgallifa.com<\/a><\/span><\/p>\n<p>+34 938 890 233[\/vc_column_text][\/vc_tta_section][vc_tta_section title=&#8221;PERRUQUERIA CASTELLTER\u00c7OL&#8221; tab_id=&#8221;1479810237736-ed639593-89aa&#8221;][vc_column_text]<span id=\"cloak98712\">Carrer Pabordia, 7 (al costat del Mir\u00f3)<\/span><\/p>\n<p><span id=\"cloak98712\">Carme Costa<\/span><\/p>\n<p>+34 938 668 231[\/vc_column_text][\/vc_tta_section][vc_tta_section title=&#8221;AL SON DE UN PINCEL&#8221; tab_id=&#8221;1479810336950-d072a7a8-9941&#8243;][vc_column_text]<a href=\"http:\/\/alsondeunpincel.wordpress.com\" target=\"_blank\" rel=\"noopener noreferrer\">alsondeunpincel.wordpress.com<\/a><\/p>\n<p><span id=\"cloak98712\">Mireia Esteban<\/span><\/p>\n<p><span id=\"cloak98712\"><a href=\"mailto:alsondeunpincel@gmail.com\">alsondeunpincel@gmail.com<\/a><\/span><\/p>\n<p>+34 685 324 642[\/vc_column_text][\/vc_tta_section][vc_tta_section title=&#8221;TERESA SNOWBALL&#8221; tab_id=&#8221;1478589832377-1a076377-9b31&#8243;][vc_column_text]<a href=\"http:\/\/www.teresasnowball.com\" target=\"_blank\" rel=\"noopener noreferrer\">www.teresasnowball.com<\/a><\/p>\n<p><span id=\"cloak98712\">Teresa Snowball<\/span><\/p>\n<p><span id=\"cloak98712\"><a href=\"mailto:teresasnowball@gmail.com\">teresasnowball@gmail.com<\/a><\/span><\/p>\n<p>+34 627 63 87 63[\/vc_column_text][\/vc_tta_section][vc_tta_section title=&#8221;NOVIA PERFECTA&#8221; tab_id=&#8221;1479810506195-afc436b0-edd6&#8243;][vc_column_text]<a href=\"http:\/\/www.noviaperfecta.com\" target=\"_blank\" rel=\"noopener noreferrer\">www.noviaperfecta.com<\/a><\/p>\n<p><span id=\"cloak98712\">Mar\u00eda Jos\u00e9<\/span><\/p>\n<p>[\/vc_column_text][\/vc_tta_section][vc_tta_section title=&#8221;ALLBEAUTY&#8221; tab_id=&#8221;1479810523209-5eb8b018-874d&#8221;][vc_column_text]<a href=\"http:\/\/www.allbeauty.es\" target=\"_blank\" rel=\"noopener noreferrer\">www.allbeauty.es<\/a><\/p>\n<p><span id=\"cloak98712\">Marta<\/span><\/p>\n<p>[\/vc_column_text][\/vc_tta_section][\/vc_tta_accordion][\/vc_column][vc_column width=&#8221;1\/4&#8243;][vc_column_text]<\/p>\n<h3 style=\"text-align: left;\"><span style=\"color: #cc3366;\">FLORISTERIA<\/span><\/h3>\n<p>[\/vc_column_text][vc_tta_accordion shape=&#8221;square&#8221; color=&#8221;white&#8221; c_icon=&#8221;&#8221; active_section=&#8221;1&#8243;][vc_tta_section title=&#8221;LOURDES LLAD\u00d3&#8221; tab_id=&#8221;1479810764501-f03818d7-fa00&#8243;][vc_column_text]<a href=\"http:\/\/www.lourdeslladoflorista.com\" target=\"_blank\" rel=\"noopener noreferrer\">www.lourdeslladoflorista.com<\/a><\/p>\n<p><span id=\"cloak98712\">Lourdes Llad\u00f3<\/span><\/p>\n<p><span id=\"cloak98712\"><a href=\"mailto:mlourdesllado@gmail.com\">mlourdesllado@gmail.com<\/a><\/span><\/p>\n<p>+34 938 228 917[\/vc_column_text][\/vc_tta_section][vc_tta_section title=&#8221;CURRIU&#8221; tab_id=&#8221;1478589835491-88cecb6d-a693&#8243;][vc_column_text]<a href=\"http:\/\/www.curriu.com\" target=\"_blank\" rel=\"noopener noreferrer\">www.curriu.com<\/a><\/p>\n<p><a href=\"http:\/www.facebook.com\/xavier.curriu\" target=\"_blank\" rel=\"noopener noreferrer\">www.facebook.com\/xavier.curriu<\/a><\/p>\n<p><span id=\"cloak98712\"><a href=\"mailto:curriu@curriu.com\">curriu@curriu.com<\/a><\/span><\/p>\n<p>+34 938 211 200[\/vc_column_text][\/vc_tta_section][vc_tta_section title=&#8221;GANG AND THE WOOL&#8221; tab_id=&#8221;1479810878049-63c2bc4c-51be&#8221;][vc_column_text]<a href=\"http:\/\/www.gangandthewool.com\" target=\"_blank\" rel=\"noopener noreferrer\">www.gangandthewool.com<\/a><\/p>\n<p><span id=\"cloak98712\"><a href=\"mailto:info@gangandthewool.com\">info@gangandthewool.com<\/a><\/span><\/p>\n<p>+34 652 570 979[\/vc_column_text][\/vc_tta_section][vc_tta_section title=&#8221;FLOWERS BY BORNAY&#8221; tab_id=&#8221;1479811019800-d070ff42-bfd3&#8243;][vc_column_text]<a href=\"http:\/\/www.bornay.ws\" target=\"_blank\" rel=\"noopener noreferrer\">www.bornay.ws<\/a><\/p>\n<p><span id=\"cloak98712\"><a href=\"mailto:info@bornay.ws\">info@bornay.ws<\/a><\/span><\/p>\n<p>+34 687 496 462[\/vc_column_text][\/vc_tta_section][vc_tta_section title=&#8221;MOLIST FLORISTES&#8221; tab_id=&#8221;1585754255495-01658e89-0e4b&#8221;][vc_column_text]<a href=\"http:\/\/www.molistfloristes.com\" target=\"_blank\" rel=\"noopener noreferrer\">www.molistfloristes.com<\/a><\/p>\n<p><span id=\"cloak98712\"><a href=\"mailto:info@molistfloristes.com\">info@molistfloristes.com<\/a><\/span><\/p>\n<p>+34 696 566 136[\/vc_column_text][\/vc_tta_section][\/vc_tta_accordion][\/vc_column][vc_column width=&#8221;1\/4&#8243;][vc_column_text]<\/p>\n<h3 style=\"text-align: left;\"><span style=\"color: #cc3366;\">INSTAL\u00b7LACI\u00d3 DE CARPES<\/span><\/h3>\n<p>[\/vc_column_text][vc_tta_accordion shape=&#8221;square&#8221; color=&#8221;white&#8221; c_icon=&#8221;&#8221; active_section=&#8221;1&#8243;][vc_tta_section title=&#8221;FESTA 10&#8243; tab_id=&#8221;1478589838908-d6002135-f7a5&#8243;][vc_column_text]<a href=\"http:\/\/www.festa10.com\" target=\"_blank\" rel=\"noopener noreferrer\">www.festa10.com<\/a><\/p>\n<p><span id=\"cloak98712\"><a href=\"mailto:festa10@festa10.com\">festa10@festa10.com<\/a><\/span><\/p>\n<p>+34 617 436 945 \/ +34 608 940 702[\/vc_column_text][\/vc_tta_section][vc_tta_section title=&#8221;CARPAS BALL\u00daS&#8221; tab_id=&#8221;1478589839450-2dd07711-16f8&#8243;][vc_column_text]<a href=\"http:\/\/www.carpasballus.com\" target=\"_blank\" rel=\"noopener noreferrer\">www.carpasballus.com<\/a><\/p>\n<p><span id=\"cloak16311\"><a href=\"mailto:jaume@envelatsballus.com\">jaume@envelatsballus.com<\/a><\/span><\/p>\n<p>+34 938 491 037 \/ +34 608 735 037[\/vc_column_text][\/vc_tta_section][vc_tta_section title=&#8221;GRAN VILAYA&#8221; tab_id=&#8221;1479811207191-13bebe4b-a504&#8243;][vc_column_text]<a href=\"http:\/\/www.carpasgranvilaya.com\" target=\"_blank\" rel=\"noopener noreferrer\">www.carpasgranvilaya.com<\/a><\/p>\n<p><span id=\"cloak16311\"><a href=\"mailto:hola@carpasgranvilaya.com\">hola@carpasgranvilaya.com<\/a><\/span><\/p>\n<p>+34 938 834 442[\/vc_column_text][\/vc_tta_section][vc_tta_section title=&#8221;PROJECT CARPAS&#8221; tab_id=&#8221;1479811210936-c4dc399b-3e3d&#8221;][vc_column_text]<a href=\"http:\/\/www.projectcarpas.com\" target=\"_blank\" rel=\"noopener noreferrer\">www.projectcarpas.com<\/a><\/p>\n<p><span id=\"cloak16311\"><a href=\"mailto:info@projectcarpas.com\">info@projectcarpas.com<\/a><\/span><\/p>\n<p>+34 934 360 019[\/vc_column_text][\/vc_tta_section][\/vc_tta_accordion][\/vc_column][vc_column width=&#8221;1\/4&#8243;][vc_column_text]<\/p>\n<h3 style=\"text-align: left;\"><span style=\"color: #cc3366;\">LLOGUER DE MATERIAL<\/span><\/h3>\n<p>[\/vc_column_text][vc_tta_accordion shape=&#8221;square&#8221; color=&#8221;white&#8221; c_icon=&#8221;&#8221; active_section=&#8221;1&#8243;][vc_tta_section title=&#8221;MMPLATS&#8221; tab_id=&#8221;1479811393998-6e34f2b8-d5f0&#8243;][vc_column_text]<a href=\"http:\/\/www.mmplats.com\" target=\"_blank\" rel=\"noopener noreferrer\">www.mmplats.com<\/a><\/p>\n<p><span id=\"cloak98712\">M\u00f2nica<\/span><\/p>\n<p><span id=\"cloak98712\"><a href=\"mailto:comercial@mmplats.com\">comercial@mmplats.com<\/a><\/span><\/p>\n<p>+34 619 706 330[\/vc_column_text][\/vc_tta_section][vc_tta_section title=&#8221;ALQUILER HOSTELERIA&#8221; tab_id=&#8221;1479811466935-20c6ef72-864b&#8221;][vc_column_text]<a href=\"http:\/\/www.alquilerhosteleria.com\" target=\"_blank\" rel=\"noopener noreferrer\">www.alquilerhosteleria.com<\/a><\/p>\n<p><span id=\"cloak98712\">Agust\u00ed i Cristina \/ La Garriga<\/span><\/p>\n<p><span id=\"cloak98712\"><a href=\"mailto:info@alquilerhosteleria.com\">info@alquilerhosteleria.com<\/a><\/span><\/p>\n<p>+34 938 607 046[\/vc_column_text][\/vc_tta_section][vc_tta_section title=&#8221;CAPRI&#8221; tab_id=&#8221;1479811528246-13075e41-a3f2&#8243;][vc_column_text]<a href=\"http:\/\/www.mscapri.com\" target=\"_blank\" rel=\"noopener noreferrer\">www.mscapri.com<\/a><\/p>\n<p><span id=\"cloak98712\">Vic<\/span><\/p>\n<p><span id=\"cloak98712\"><a href=\"mailto:info@mscapri.com\">info@mscapri.com<\/a><\/span><\/p>\n<p>+34 938 860 869 \/ +34 629 334 465[\/vc_column_text][\/vc_tta_section][vc_tta_section title=&#8221;CRIMONS&#8221; tab_id=&#8221;1478589842164-4278e229-951d&#8221;][vc_column_text]<a href=\"http:\/\/www.crimons.com\" target=\"_blank\" rel=\"noopener noreferrer\">www.crimons.com<\/a><\/p>\n<p><span id=\"cloak98712\"><a href=\"mailto:info@crimons.com\">info@crimons.com<\/a><\/span><\/p>\n<p>+34 934 532 254[\/vc_column_text][\/vc_tta_section][\/vc_tta_accordion][\/vc_column][\/vc_row][vc_row gap=&#8221;35&#8243; css=&#8221;.vc_custom_1479717878994{padding-top: 80px !important;padding-bottom: 80px !important;}&#8221;][vc_column width=&#8221;1\/4&#8243;][vc_column_text]<\/p>\n<h3 style=\"text-align: left;\"><span style=\"color: #cc3366;\">ANIMACI\u00d3 INFANTIL, JOCS I SERVEI DE CANGUR<br \/>\n<\/span><\/h3>\n<p>[\/vc_column_text][vc_tta_accordion shape=&#8221;square&#8221; color=&#8221;white&#8221; c_icon=&#8221;&#8221; active_section=&#8221;1&#8243;][vc_tta_section title=&#8221;XALEM&#8221; tab_id=&#8221;1478589851240-6f97b18a-5a89&#8243;][vc_column_text]<a href=\"http:\/\/www.xalem.catm\/\" target=\"_blank\" rel=\"noopener noreferrer\">www.xalem.cat<\/a><\/p>\n<p><span id=\"cloak98712\">Jocs i cangurs<\/span><\/p>\n<p><span id=\"cloak98712\">Joana Niub\u00f2 \/ Casserres<\/span><\/p>\n<p><a href=\"mailto:xalem@xalem.cat\">xalem@xalem.cat<\/a><\/p>\n<p>+34 645 549 709[\/vc_column_text][\/vc_tta_section][vc_tta_section title=&#8221;PARELLADE2&#8243; tab_id=&#8221;1478589851814-f7b8805c-1ba2&#8243;][vc_column_text]<a href=\"http:\/\/www.parellade2.cat\" target=\"_blank\" rel=\"noopener noreferrer\">www.parellade2.cat<\/a><\/p>\n<p><span id=\"cloak16311\">Roger Rius<\/span><\/p>\n<p><span id=\"cloak16311\"><a href=\"mailto:info@parellade2.cat\">info@parellade2.cat<\/a><\/span><\/p>\n<p>+34 609 033 731[\/vc_column_text][\/vc_tta_section][vc_tta_section title=&#8221;ARTEFACTO&#8221; tab_id=&#8221;1479811866815-6d484db6-6ae1&#8243;][vc_column_text]<a href=\"http:\/\/www.calblay.com\/\" target=\"_blank\" rel=\"noopener noreferrer\">www.calblay.com<\/a><\/p>\n<p><span id=\"cloak16311\">Xavi Cabr\u00e9 <\/span><\/p>\n<p><span id=\"cloak16311\"><a href=\"mailto:artefacto.creacionsimogudes@gmail\">artefacto.creacionsimogudes@gmail<\/a><\/span><\/p>\n<p>+34 651 381 150[\/vc_column_text][\/vc_tta_section][\/vc_tta_accordion][\/vc_column][vc_column width=&#8221;1\/4&#8243;][vc_column_text]<\/p>\n<h3 style=\"text-align: left;\"><span style=\"color: #cc3366;\"> DECORACI\u00d3 <\/span><\/h3>\n<p>[\/vc_column_text][vc_tta_accordion shape=&#8221;square&#8221; color=&#8221;white&#8221; c_icon=&#8221;&#8221; active_section=&#8221;1&#8243;][vc_tta_section title=&#8221;MADERA &amp; CHOCOLATE&#8221; tab_id=&#8221;1478589854455-bdd264b7-73a1&#8243;][vc_column_text]<a href=\"http:\/\/www.maderaychocolate.com\" target=\"_blank\" rel=\"noopener noreferrer\">www.maderaychocolate.com<\/a><\/p>\n<p><span id=\"cloak3149\"><a href=\"mailto:ideas@maderaychocolate.com\">ideas@maderaychocolate.com<\/a><\/span><\/p>\n<p>+34 692 141 703[\/vc_column_text][\/vc_tta_section][vc_tta_section title=&#8221;DETALLERIE&#8221; tab_id=&#8221;1478589855029-b9bf97a6-8a61&#8243;][vc_column_text]<a href=\"http:\/\/www.detallerie.com\/blog\" target=\"_blank\" rel=\"noopener noreferrer\">www.detallerie.com\/blog<\/a><\/p>\n<p><span id=\"cloak48077\"><a href=\"mailto:hola@detallerie.com\">hola@detallerie.com<\/a><\/span><\/p>\n<p>+34 650 471 776[\/vc_column_text][\/vc_tta_section][vc_tta_section title=&#8221;BLANC EXPERIENCE&#8221; tab_id=&#8221;1478589855623-eeaa9021-6c20&#8243;][vc_column_text]<a href=\"http:\/\/www.blancexperience.cat\" target=\"_blank\" rel=\"noopener noreferrer\">www.blancexperience.cat<\/a><\/p>\n<p><span id=\"cloak15474\"><a href=\"mailto:info@blancexperience.cat\">info@blancexperience.cat<\/a><\/span><\/p>\n<p>+34 633 750 447[\/vc_column_text][\/vc_tta_section][\/vc_tta_accordion][\/vc_column][vc_column width=&#8221;1\/4&#8243;][vc_column_text]<\/p>\n<h3 style=\"text-align: left;\"><span style=\"color: #cc3366;\"> V\u00cdDEO <\/span><\/h3>\n<p>[\/vc_column_text][vc_tta_accordion shape=&#8221;square&#8221; color=&#8221;white&#8221; c_icon=&#8221;&#8221; active_section=&#8221;1&#8243;][vc_tta_section title=&#8221;ONEDAYONESONG&#8221; tab_id=&#8221;1479812367098-74adba14-3ade&#8221;][vc_column_text]<a href=\"http:\/\/es.onedayonesong.info\" target=\"_blank\" rel=\"noopener noreferrer\">es.onedayonesong.info<\/a><\/p>\n<p><span id=\"cloak16311\">Maria Pons Carles<\/span><\/p>\n<p><span id=\"cloak16311\"><a href=\"mailto:contacta@onedayonesong.info\">contacta@onedayonesong.info<\/a><\/span><\/p>\n<p>+34 677 513 725[\/vc_column_text][\/vc_tta_section][vc_tta_section title=&#8221;SERVILLETA DE PAPEL&#8221; tab_id=&#8221;1479812307082-bb93effe-5f24&#8243;][vc_column_text]<a href=\"http:\/\/www.servilletadepapel.es\" target=\"_blank\" rel=\"noopener noreferrer\">www.servilletadepapel.es<\/a><\/p>\n<p><span id=\"cloak16311\">Jordi<\/span><\/p>\n<p><span id=\"cloak16311\"><a href=\"mailto:info@servilletadepapel.es\">info@servilletadepapel.es<\/a><\/span><\/p>\n<p>+34 667 413 422[\/vc_column_text][\/vc_tta_section][vc_tta_section title=&#8221;WEDDING&#8217;S ART&#8221; tab_id=&#8221;1482343094833-9b9b63b4-feb2&#8243;][vc_column_text]<a href=\"http:\/\/fotografo-bodas.net\/\" target=\"_blank\" rel=\"noopener noreferrer\">www.fotografo-bodas.net<\/a><\/p>\n<p><span id=\"cloak16311\">Ana\u00efs i Alex<\/span><\/p>\n<p><span id=\"cloak16311\"><a href=\"mailto:info@weddingsart.net\">info@weddingsart.net<\/a><\/span><\/p>\n<p>+34 686 230 328[\/vc_column_text][\/vc_tta_section][vc_tta_section title=&#8221;SWINGYOURPICS&#8221; tab_id=&#8221;1524238436234-5e6c2edb-5473&#8243;][vc_column_text]<a href=\"http:\/\/www.swingyourpics.com\" target=\"_blank\" rel=\"noopener noreferrer\">www.swingyourpics.com<\/a><\/p>\n<p><span id=\"cloak16311\">Cris<\/span><\/p>\n<p><span id=\"cloak16311\"><a href=\"mailto:info@swingyourpics.com\">info@swingyourpics.com<\/a><\/span><\/p>\n<p>+34 655 028 048[\/vc_column_text][\/vc_tta_section][\/vc_tta_accordion][\/vc_column][vc_column width=&#8221;1\/4&#8243;][vc_column_text]<\/p>\n<h3 style=\"text-align: left;\"><span style=\"color: #cc3366;\"> TRANSPORT <\/span><\/h3>\n<p>[\/vc_column_text][vc_tta_accordion shape=&#8221;square&#8221; color=&#8221;white&#8221; c_icon=&#8221;&#8221; active_section=&#8221;1&#8243;][vc_tta_section title=&#8221;TAXIS FERRER COMA&#8221; tab_id=&#8221;1478589860944-412fb5b5-7ab7&#8243;][vc_column_text]<a href=\"http:\/\/www.taxisferrercoma.com\" target=\"_blank\" rel=\"noopener noreferrer\">www.taxisferrercoma.com<\/a><\/p>\n<p><span id=\"cloak98712\">Miquel Ferrer &#8211; S\u00edlvia Coma \/ Castellter\u00e7ol<\/span><\/p>\n<p><span id=\"cloak98712\"><a href=\"mailto:ferrercoma@hotmail.com\">ferrercoma@hotmail.com<\/a><\/span><\/p>\n<p>+34 666 891 097 \/ +34 610 743 605[\/vc_column_text][\/vc_tta_section][vc_tta_section title=&#8221;LIMOUSINE RENTAL&#8221; tab_id=&#8221;1478589861499-a022e599-f805&#8243;][vc_column_text]<a href=\"http:\/\/www.limorent.com\" target=\"_blank\" rel=\"noopener noreferrer\">www.limorent.com<\/a><\/p>\n<p><span id=\"cloak16311\"><a href=\"mailto:central@limorent.com\">central@limorent.com<\/a><\/span><\/p>\n<p>+34 933 741 800[\/vc_column_text][\/vc_tta_section][\/vc_tta_accordion][\/vc_column][\/vc_row][vc_row gap=&#8221;35&#8243; css=&#8221;.vc_custom_1479717885518{padding-top: 80px !important;padding-bottom: 80px !important;}&#8221;][vc_column width=&#8221;1\/4&#8243;][vc_column_text]<\/p>\n<h3 style=\"text-align: left;\"><span style=\"color: #cc3366;\">POSTRES I DOL\u00c7OS<\/span><\/h3>\n<p>[\/vc_column_text][vc_tta_accordion shape=&#8221;square&#8221; color=&#8221;white&#8221; c_icon=&#8221;&#8221; active_section=&#8221;1&#8243;][vc_tta_section title=&#8221;SWEET IN A BOX&#8221; tab_id=&#8221;1478589887463-37bb123c-34cc&#8221;][vc_column_text]<a href=\"http:\/\/www.sweetinabox.es\" target=\"_blank\" rel=\"noopener noreferrer\">www.sweetinabox.es<\/a><\/p>\n<p><span id=\"cloak98712\">Cristina Mor\u00ed\u00f1igo<\/span><\/p>\n<p><span id=\"cloak98712\"><a href=\"mailto:cmorinigo@sweetinabox.es\">cmorinigo@sweetinabox.es<\/a><\/span><\/p>\n<p>+34 616 740 978[\/vc_column_text][\/vc_tta_section][vc_tta_section title=&#8221;PLATITOS DE AZ\u00daCAR&#8221; tab_id=&#8221;1479812727123-4cde968d-48db&#8221;][vc_column_text]<a href=\"http:\/\/www.platitosdeazucar.com\" target=\"_blank\" rel=\"noopener noreferrer\">www.platitosdeazucar.com<\/a><\/p>\n<p><span id=\"cloak98712\">M\u00edriam Mart\u00edn<\/span><\/p>\n<p><span id=\"cloak98712\"><a href=\"mailto:platitosdeazucar@gmail.com\">platitosdeazucar@gmail.com<\/a><\/span><\/p>\n<p>+34 692 656 107 \/ +34 931 798 563[\/vc_column_text][\/vc_tta_section][\/vc_tta_accordion][\/vc_column][vc_column width=&#8221;1\/4&#8243;][vc_column_text]<\/p>\n<h3 style=\"text-align: left;\"><span style=\"color: #cc3366;\">VEHICLES PER A CELEBRACIONS<\/span><\/h3>\n<p>[\/vc_column_text][vc_tta_accordion shape=&#8221;square&#8221; color=&#8221;white&#8221; c_icon=&#8221;&#8221; active_section=&#8221;1&#8243;][vc_tta_section title=&#8221;SIDEYCAR&#8221; tab_id=&#8221;1478589891350-f57d36c6-370f&#8221;][vc_column_text]<a href=\"http:\/\/www.sideycar.com\" target=\"_blank\" rel=\"noopener noreferrer\">www.sideycar.com<\/a><\/p>\n<p><span id=\"cloak3149\">Angel \/ Nav\u00e0s<\/span><\/p>\n<p>+34 938 204 953 \/ +34 609 240 265[\/vc_column_text][\/vc_tta_section][\/vc_tta_accordion][\/vc_column][vc_column width=&#8221;1\/4&#8243;][vc_column_text]<\/p>\n<h3 style=\"text-align: left;\"><span style=\"color: #cc3366;\">BARRA LLIURE<\/span><\/h3>\n<p>[\/vc_column_text][vc_tta_accordion shape=&#8221;square&#8221; color=&#8221;white&#8221; c_icon=&#8221;&#8221; active_section=&#8221;1&#8243;][vc_tta_section title=&#8221;GINTONIC.CAT&#8221; tab_id=&#8221;1478589895231-165b7ef0-06a2&#8243;][vc_column_text]<a href=\"http:\/\/www.gintonic.cat\" target=\"_blank\" rel=\"noopener noreferrer\">www.gintonic.cat<\/a><\/p>\n<p><span id=\"cloak98712\">Jordi Mill\u00e1n<\/span><\/p>\n<p><span id=\"cloak98712\"><a href=\"mailto:info@gintonic.cat\">info@gintonic.cat<\/a><\/span><\/p>\n<p>+34 687 498 811[\/vc_column_text][\/vc_tta_section][\/vc_tta_accordion][\/vc_column][vc_column width=&#8221;1\/4&#8243;][vc_column_text]<\/p>\n<h3 style=\"text-align: left;\"><span style=\"color: #cc3366;\">M\u00daSICA EN DIRECTE<\/span><\/h3>\n<p>[\/vc_column_text][vc_tta_accordion shape=&#8221;square&#8221; color=&#8221;white&#8221; c_icon=&#8221;&#8221; active_section=&#8221;1&#8243;][vc_tta_section title=&#8221;&amp; SWING&#8221; tab_id=&#8221;1478589899025-93f1178c-f1b1&#8243;][vc_column_text]<a href=\"http:\/\/www.andswing.com\" target=\"_blank\" rel=\"noopener noreferrer\">www.andswing.com<\/a><\/p>\n<p><span id=\"cloak98712\">David Sais \/ Puig-Reig<\/span><\/p>\n<p><span id=\"cloak98712\"><a href=\"mailto:info@andswing.com\">info@andswing.com<\/a><\/span><\/p>\n<p>+34 629 068 232[\/vc_column_text][\/vc_tta_section][\/vc_tta_accordion][\/vc_column][\/vc_row][vc_row gap=&#8221;35&#8243; css=&#8221;.vc_custom_1479717892277{padding-top: 80px !important;padding-bottom: 80px !important;}&#8221;][vc_column width=&#8221;1\/4&#8243;][\/vc_column][vc_column width=&#8221;1\/4&#8243;][vc_column_text]<\/p>\n<h3 style=\"text-align: left;\"><span style=\"color: #cc3366;\">JOIERIA I IL\u00b7LUSTRACI\u00d3<\/span><\/h3>\n<p>[\/vc_column_text][vc_tta_accordion shape=&#8221;square&#8221; color=&#8221;white&#8221; c_icon=&#8221;&#8221; active_section=&#8221;1&#8243;][vc_tta_section title=&#8221;CLARA NIUB\u00d2&#8221; tab_id=&#8221;1478589943542-27000585-b5b9&#8243;][vc_column_text]<a href=\"http:\/\/www.claraniubo.com\/\" target=\"_blank\" rel=\"noopener noreferrer\">www.claraniubo.com<\/a><\/p>\n<p>Clara Niub\u00f2<\/p>\n<p><span id=\"cloak80180\"><a href=\"mailto:hola@claraniubo.com\">hola@claraniubo.com<\/a><\/span><\/p>\n<p>+34 609 836 151[\/vc_column_text][\/vc_tta_section][\/vc_tta_accordion][\/vc_column][vc_column width=&#8221;1\/4&#8243;][vc_column_text]<\/p>\n<h3 style=\"text-align: left;\"><span style=\"color: #cc3366;\">DISSENY GR\u00c0FIC I INVITACIONS<\/span><\/h3>\n<p>[\/vc_column_text][vc_tta_accordion shape=&#8221;square&#8221; color=&#8221;white&#8221; c_icon=&#8221;&#8221; active_section=&#8221;1&#8243;][vc_tta_section title=&#8221;GRATSTUDIO&#8221; tab_id=&#8221;1478589947300-59efdabb-a3d1&#8243;][vc_column_text]<a href=\"http:\/\/www.gratstudio.com\/\" target=\"_blank\" rel=\"noopener noreferrer\">www.gratstudio.com<\/a><\/p>\n<p><a href=\"http:\/\/www.boding.cat\/\" target=\"_blank\" rel=\"noopener noreferrer\">www.boding.cat<\/a><\/p>\n<p>Ramon Garriga<\/p>\n<p><span id=\"cloak58627\"><a href=\"mailto:ramon@gratstudio.com\">ramon@gratstudio.com<\/a><\/span><\/p>\n<p>+34 616 687 039[\/vc_column_text][\/vc_tta_section][\/vc_tta_accordion][\/vc_column][vc_column width=&#8221;1\/4&#8243;][\/vc_column][\/vc_row][vc_row full_width=&#8221;stretch_row&#8221; css=&#8221;.vc_custom_1478590273133{padding-top: 100px !important;padding-bottom: 100px !important;background-image: url(https:\/\/calbernadas.com\/wp-content\/uploads\/2016\/10\/CEL_localitzacio.jpg?id=13442) !important;}&#8221; parallax_speed=&#8221;0.8&#8243; bg_video_transparent=&#8221;0&#8243; el_class=&#8221;cm-icon-big-item&#8221;][vc_column][cs_custom_heading text=&#8221;BLOG&#8221; font_container=&#8221;tag:h1|font_size:40px|text_align:center|color:%23ffffff&#8221; font_format=&#8221;700&#8243; style=&#8221;style-none&#8221; el_class=&#8221;cm-tailor-title-site&#8221;][\/vc_column][\/vc_row][vc_row full_width=&#8221;stretch_row&#8221; css=&#8221;.vc_custom_1488559253777{padding-top: 100px !important;padding-bottom: 100px !important;}&#8221; parallax_speed=&#8221;0.8&#8243; bg_video_transparent=&#8221;0&#8243; el_class=&#8221;cm-icon-big-item&#8221;][vc_column]\t<div id=\"cshero_post_carousel_1777642718_169f4acdebe9ec\" class=\"cshero-post-carousel postcarousel-default \">\r\n\t\t<style type=\"text\/css\" scoped>\r\n\t\t\t#cshero_post_carousel_1777642718_169f4acdebe9ec article:hover .cshero-carousel-body{color: !important; background-color: !important; }\r\n\t\t\t#cshero_post_carousel_1777642718_169f4acdebe9ec article:hover .cshero-carousel-title a{color: !important; }\r\n\t\t\t#cshero_post_carousel_1777642718_169f4acdebe9ec .link-wrap a{ color: ;}\r\n\t\t\t#cshero_post_carousel_1777642718_169f4acdebe9ec .link-wrap a:hover{ color: ;}\r\n\t\t\t#cshero_post_carousel_1777642718_169f4acdebe9ec .link-wrap [class*='icon-box-']:hover .fa,\r\n\t\t\t#cshero_post_carousel_1777642718_169f4acdebe9ec .link-wrap [class^='icon-box-']:hover .fa{border-color:;}\r\n\t\t<\/style>\r\n\t            <div class=\"cshero-post-carousel-list \">\r\n            <div id=\"cshero_post_carousel1777642718_169f4acdebe9ec\" data-mode=\"horizontal\" data-moveslides=\"3\" data-auto=\"0\" data-speed=\"500\" data-prevselector=\"#cshero_post_carousel_1777642718_169f4acdebe9ec .prev\" data-nextselector=\"#cshero_post_carousel_1777642718_169f4acdebe9ec .next\" data-prevText=\"<i class='fa fa-angle-left'><\/i>\" data-nextText=\"<i class='fa fa-angle-right'><\/i>\" data-pagerSelector=\"#cshero_post_carousel_1777642718_169f4acdebe9ec .cshero-control\" data-onsliderload=\"true\" data-touchenabled=\"1\" data-controls=\"true\" data-pager=\"1\" data-pause=\"4000\" data-infiniteloop=\"true\" data-adaptiveheight=\"true\"  data-autohover=\"true\" data-slidemargin=\"30\" data-maxslides=\"3\" data-minslides=\"1\" data-slidewidth=\"360\" data-slideselector=\"\" data-easing=\"swing\" data-usecss=\"\" data-resize=\"1\" class=\"slider jm-bxslider\">\r\n                <div class=\"cshero-post-carousel-item-wrap\">                \t\t                <div class=\"cshero-shortcode cshero-post-carousel-item content-center\" >\r\n\t\t\t\t\t\t<article class=\"post-18431 post type-post status-publish format-standard has-post-thumbnail hentry category-celebracions category-celebracions_la-cabana category-celebracions_wedding-planner tag-barcelonawedding tag-bergueda tag-boda tag-bodarural tag-casserres tag-destinationwedding tag-lacabana tag-ruralwedding tag-venueforwedding tag-wedding\">\r\n    <div class=\"cshero-carousel-container\">\r\n                <div class=\"cshero-carousel-image clearfix\" style=\"width:360px;height:260px;display: block;\">\r\n            <img alt=\"\"  src=\"https:\/\/calbernadas.com\/wp-content\/uploads\/2017\/06\/BODA-VICENTANNA-395A-360x260_c.jpg\" style=\"border-radius:0;-webkit-border-radius:0;-moz-border-radius:0;-ms-border-radius:0;-o-border-radius:0;max-width:100%;\" \/>                    <\/div>\r\n        <div class=\"cshero-carousel-body\" style=\"color:; text-align:center;background-color:;padding:20px 0 0 0;\">\r\n            <div class=\"cshero-carousel-inner clearfix\">\r\n                                <div class=\"cshero-carousel-meta clearfix\">\r\n                                        <span class=\"cshero-carousel-date\" style=\"text-transform:initial;font-weight:400;font-style:;color:;\">\r\n                        14 juny 2017                    <\/span>\r\n                                                                                                <\/div>\r\n                                                    <h3 class=\"cshero-carousel-title\">\r\n                        <a title=\"ANA&#038;VICENT. UNA NIT D&#8217;ESTIU\" href=\"https:\/\/calbernadas.com\/ca\/blog\/ana-vicent\/\" rel=\"\" style=\"display:block; color:; margin:0; \">\r\n                            ANA&#038;VICENT. UNA NIT D&#8217;ESTIU                        <\/a>\r\n                    <\/h3>\r\n                                \r\n                            <\/div>\r\n        <\/div>\r\n            <\/div>\r\n    <h6 style=\"display:none;\">&nbsp;<\/h6><\/article>\r\n\t\t\t\t\t<\/div>\r\n\t\t\t    <\/div><div class=\"cshero-post-carousel-item-wrap\">                \t\t                <div class=\"cshero-shortcode cshero-post-carousel-item content-center\" >\r\n\t\t\t\t\t\t<article class=\"post-18345 post type-post status-publish format-standard has-post-thumbnail hentry category-celebracions category-celebracions_el-munt category-celebracions_la-cabana category-rural-packs category-ruraldailyromantic tag-barcelonawedding tag-boda tag-bodarural tag-bouquet tag-dailyromantic tag-destinationwedding tag-flors tag-rural tag-ruralwedding tag-santjordi tag-venueforwedding tag-wedding\">\r\n    <div class=\"cshero-carousel-container\">\r\n                <div class=\"cshero-carousel-image clearfix\" style=\"width:360px;height:260px;display: block;\">\r\n            <img alt=\"\"  src=\"https:\/\/calbernadas.com\/wp-content\/uploads\/2017\/04\/410_160611_ElisaMauri_20562A-360x260_c.jpg\" style=\"border-radius:0;-webkit-border-radius:0;-moz-border-radius:0;-ms-border-radius:0;-o-border-radius:0;max-width:100%;\" \/>                    <\/div>\r\n        <div class=\"cshero-carousel-body\" style=\"color:; text-align:center;background-color:;padding:20px 0 0 0;\">\r\n            <div class=\"cshero-carousel-inner clearfix\">\r\n                                <div class=\"cshero-carousel-meta clearfix\">\r\n                                        <span class=\"cshero-carousel-date\" style=\"text-transform:initial;font-weight:400;font-style:;color:;\">\r\n                        21 abril 2017                    <\/span>\r\n                                                                                                <\/div>\r\n                                                    <h3 class=\"cshero-carousel-title\">\r\n                        <a title=\"UN DIA ESPECIAL SENSE FLORS NO \u00c9S UN DIA ESPECIAL\" href=\"https:\/\/calbernadas.com\/ca\/blog\/dia-especial-sense-flors-no-dia-especial\/\" rel=\"\" style=\"display:block; color:; margin:0; \">\r\n                            UN DIA ESPECIAL SENSE FLORS NO \u00c9S UN DIA ESPECIAL                        <\/a>\r\n                    <\/h3>\r\n                                \r\n                            <\/div>\r\n        <\/div>\r\n            <\/div>\r\n    <h6 style=\"display:none;\">&nbsp;<\/h6><\/article>\r\n\t\t\t\t\t<\/div>\r\n\t\t\t    <\/div><div class=\"cshero-post-carousel-item-wrap\">                \t\t                <div class=\"cshero-shortcode cshero-post-carousel-item content-center\" >\r\n\t\t\t\t\t\t<article class=\"post-16849 post type-post status-publish format-standard has-post-thumbnail hentry category-celebracions category-celebracions_la-cabana tag-barcelonawedding tag-boda tag-bodarural tag-calbernadas tag-la-cabana tag-ruralwedding tag-wedding\">\r\n    <div class=\"cshero-carousel-container\">\r\n                <div class=\"cshero-carousel-image clearfix\" style=\"width:360px;height:260px;display: block;\">\r\n            <img alt=\"\"  src=\"https:\/\/calbernadas.com\/wp-content\/uploads\/2017\/02\/36-MARTA-I-TONI-A-360x260_c.jpg\" style=\"border-radius:0;-webkit-border-radius:0;-moz-border-radius:0;-ms-border-radius:0;-o-border-radius:0;max-width:100%;\" \/>                    <\/div>\r\n        <div class=\"cshero-carousel-body\" style=\"color:; text-align:center;background-color:;padding:20px 0 0 0;\">\r\n            <div class=\"cshero-carousel-inner clearfix\">\r\n                                <div class=\"cshero-carousel-meta clearfix\">\r\n                                        <span class=\"cshero-carousel-date\" style=\"text-transform:initial;font-weight:400;font-style:;color:;\">\r\n                        27 febrer 2017                    <\/span>\r\n                                                                                                <\/div>\r\n                                                    <h3 class=\"cshero-carousel-title\">\r\n                        <a title=\"MARTA&#038;TONI. AMOR DE SEMPRE\" href=\"https:\/\/calbernadas.com\/ca\/blog\/marta-i-toni\/\" rel=\"\" style=\"display:block; color:; margin:0; \">\r\n                            MARTA&#038;TONI. AMOR DE SEMPRE                        <\/a>\r\n                    <\/h3>\r\n                                \r\n                            <\/div>\r\n        <\/div>\r\n            <\/div>\r\n    <h6 style=\"display:none;\">&nbsp;<\/h6><\/article>\r\n\t\t\t\t\t<\/div>\r\n\t\t\t    <\/div><div class=\"cshero-post-carousel-item-wrap\">                \t\t                <div class=\"cshero-shortcode cshero-post-carousel-item content-center\" >\r\n\t\t\t\t\t\t<article class=\"post-16635 post type-post status-publish format-standard has-post-thumbnail hentry category-celebracions category-celebracions_la-cabana tag-boda tag-bodarural tag-calbernadas tag-casament tag-momentsbernadas tag-ruralwedding tag-wedding\">\r\n    <div class=\"cshero-carousel-container\">\r\n                <div class=\"cshero-carousel-image clearfix\" style=\"width:360px;height:260px;display: block;\">\r\n            <img alt=\"\"  src=\"https:\/\/calbernadas.com\/wp-content\/uploads\/2017\/02\/14.-Pep-i-Judit.-Boda-La-Cabana.-Cal-Bernad\u00e0s-360x260_c.jpg\" style=\"border-radius:0;-webkit-border-radius:0;-moz-border-radius:0;-ms-border-radius:0;-o-border-radius:0;max-width:100%;\" \/>                    <\/div>\r\n        <div class=\"cshero-carousel-body\" style=\"color:; text-align:center;background-color:;padding:20px 0 0 0;\">\r\n            <div class=\"cshero-carousel-inner clearfix\">\r\n                                <div class=\"cshero-carousel-meta clearfix\">\r\n                                        <span class=\"cshero-carousel-date\" style=\"text-transform:initial;font-weight:400;font-style:;color:;\">\r\n                        20 febrer 2017                    <\/span>\r\n                                                                                                <\/div>\r\n                                                    <h3 class=\"cshero-carousel-title\">\r\n                        <a title=\"PEP&#038;JUDIT. QUINA PARELLA TANT SIMPATIQU\u00cdSSIMA!\" href=\"https:\/\/calbernadas.com\/ca\/blog\/judit-i-pep-la-cabana\/\" rel=\"\" style=\"display:block; color:; margin:0; \">\r\n                            PEP&#038;JUDIT. QUINA PARELLA TANT SIMPATIQU\u00cdSSIMA!                        <\/a>\r\n                    <\/h3>\r\n                                \r\n                            <\/div>\r\n        <\/div>\r\n            <\/div>\r\n    <h6 style=\"display:none;\">&nbsp;<\/h6><\/article>\r\n\t\t\t\t\t<\/div>\r\n\t\t\t    <\/div>\t\t\t<\/div>\r\n\t\t<\/div>\r\n\t\t\t\t\t<div class=\"cshero-control pager-center text-center default\"><\/div>\r\n\t\t\t\t        <div class=\"cshero-nav text-center default\">\r\n            <ul>\r\n                <li class=\"prev\" style=\"left:;\"><\/li>\r\n                <li class=\"next\" style=\"right:;\"><\/li>\r\n            <\/ul>\r\n        <\/div>\r\n    \t\t        <\/div>\r\n[\/vc_column][\/vc_row][vc_row full_width=&#8221;stretch_row&#8221; css=&#8221;.vc_custom_1478590273133{padding-top: 100px !important;padding-bottom: 100px !important;background-image: url(https:\/\/calbernadas.com\/wp-content\/uploads\/2016\/10\/CEL_localitzacio.jpg?id=13442) !important;}&#8221; parallax_speed=&#8221;0.8&#8243; bg_video_transparent=&#8221;0&#8243; el_class=&#8221;cm-icon-big-item&#8221;][vc_column][cs_custom_heading text=&#8221;LOCALITZACI\u00d3&#8221; font_container=&#8221;tag:h1|font_size:40px|text_align:center|color:%23ffffff&#8221; font_format=&#8221;700&#8243; style=&#8221;style-none&#8221; el_class=&#8221;cm-tailor-title-site&#8221;][\/vc_column][\/vc_row][vc_row css=&#8221;.vc_custom_1477557874325{padding-top: 80px !important;padding-bottom: 80px !important;}&#8221;][vc_column][vc_row_inner][vc_column_inner width=&#8221;1\/4&#8243;][\/vc_column_inner][vc_column_inner width=&#8221;1\/2&#8243;][vc_column_text css=&#8221;.vc_custom_1486743433739{padding-right: 10% !important;padding-left: 10% !important;}&#8221;]<\/p>\n<h5 style=\"text-align: center;\"><span style=\"color: #c36;\">La Cabana est\u00e0 situada als afores del poble de Casserres, a la comarca del Bergued\u00e0.<br \/>\nEst\u00e0 totalment envoltada de camps i, al mateix temps, es pot anar caminant fins al poble.<br \/>\n<\/span><\/h5>\n<p>[\/vc_column_text][\/vc_column_inner][vc_column_inner width=&#8221;1\/4&#8243;][\/vc_column_inner][\/vc_row_inner][vc_empty_space height=&#8221;52px&#8221;][vc_row_inner][vc_column_inner width=&#8221;1\/3&#8243;][vc_column_text]<\/p>\n<h3><span style=\"color: #c36;\"><i class=\"fa fa-home uk-text-primary\"><\/i> ADRE\u00c7A<\/span><\/h3>\n<p style=\"font-size: 18px;\">Casa La Cabana, afores s\/n<br \/>\n08693 Casserres<br \/>\nComarca: El Bergued\u00e0<br \/>\nProv\u00edncia: Barcelona<\/p>\n<h5><\/h5>\n<h3><span style=\"color: #c36;\"><i class=\"fa fa-home uk-text-primary\"><\/i> COORDENADES GPS<\/span><\/h3>\n<p style=\"font-size: 18px;\">42\u00b0 0\u201944,28\u2033 N<br \/>\n1\u00b049\u201958,76\u2033 E<\/p>\n<p>[\/vc_column_text][\/vc_column_inner][vc_column_inner width=&#8221;2\/3&#8243;][vc_column_text]<\/p>\n<h3><span style=\"color: #c36;\"><i class=\"fa fa-home uk-text-primary\"><\/i> COM ARRIBAR-HI?<\/span><\/h3>\n<p style=\"font-size: 18px;\">Agafa la sortida 88 de l\u2019autovia C-16, en direcci\u00f3 a Casserres. Segueix la carretera local i a 4 km arribar\u00e0s al poble de Casserres.<br \/>\nA l\u2019entrada, i trobar\u00e0s una rotonda, i agafa la primera sortida en direcci\u00f3 a L\u2019Espunyola.<br \/>\nTrobar\u00e0s una segona rotonda, i agafa la segona sortida en direcci\u00f3 a Casserres.<br \/>\nA 500 metres aproximadament, just despr\u00e9s de la zona esportiva de Casserres, trobar\u00e0s el senyal de La Cabana a la dreta.<br \/>\nSegueix el cam\u00ed i a 300 metres&#8230; benvinguts a La Cabana!<\/p>\n<p>[\/vc_column_text][\/vc_column_inner][\/vc_row_inner][\/vc_column][\/vc_row][vc_row full_width=&#8221;stretch_row_content_no_spaces&#8221;][vc_column][vc_gmaps link=&#8221;#E-8_JTNDaWZyYW1lJTIwc3JjJTNEJTIyaHR0cHMlM0ElMkYlMkZ3d3cuZ29vZ2xlLmNvbSUyRm1hcHMlMkZlbWJlZCUzRnBiJTNEJTIxMW0xOCUyMTFtMTIlMjExbTMlMjExZDUxMTQuNjQ1NjUzMDY5NDU4JTIxMmQxLjgyOTk2MDQ3MDE3OTg1NDQlMjEzZDQyLjAxMjIwMjI2NTEzMSUyMTJtMyUyMTFmMCUyMTJmMCUyMTNmMCUyMTNtMiUyMTFpMTAyNCUyMTJpNzY4JTIxNGYxMy4xJTIxM20zJTIxMW0yJTIxMXMweDEyYTUwNzYyOTJiYzViMzElMjUzQTB4MzZiYzUyOTlhNDg5MzI5JTIxMnNsYSUyQkNhYmFuYSUyMTVlMSUyMTNtMiUyMTFzZXMlMjEyc2VzJTIxNHYxNTU0MzEwNjE3ODQ4JTIxNW0yJTIxMXNlcyUyMTJzZXMlMjIlMjB3aWR0aCUzRCUyMjEwMCUyNSUyMiUyMGhlaWdodCUzRCUyMjQ1MCUyMiUyMGZyYW1lYm9yZGVyJTNEJTIyMCUyMiUyMHN0eWxlJTNEJTIyYm9yZGVyJTNBMCUyMiUyMGFsbG93ZnVsbHNjcmVlbiUzRSUzQyUyRmlmcmFtZSUzRQ==&#8221;][\/vc_column][\/vc_row][vc_row full_width=&#8221;stretch_row&#8221; css=&#8221;.vc_custom_1478590522763{padding-top: 100px !important;padding-bottom: 100px !important;background-image: url(https:\/\/calbernadas.com\/wp-content\/uploads\/2016\/10\/CEL_contacte02-1.jpg?id=13445) !important;}&#8221; parallax_speed=&#8221;0.8&#8243; bg_video_transparent=&#8221;0&#8243; el_class=&#8221;cm-icon-big-item&#8221;][vc_column][cs_custom_heading text=&#8221;CONTACTE&#8221; font_container=&#8221;tag:h1|font_size:40px|text_align:center|color:%23ffffff&#8221; font_format=&#8221;700&#8243; style=&#8221;style-none&#8221; el_class=&#8221;cm-tailor-title-site&#8221;][\/vc_column][\/vc_row][vc_row css=&#8221;.vc_custom_1477557874325{padding-top: 80px !important;padding-bottom: 80px !important;}&#8221;][vc_column width=&#8221;1\/3&#8243;][vc_column_text]<\/p>\n<h3><\/h3>\n<h3><span style=\"color: #cc3366;\">JOSEP NIUB\u00d2<\/span><br \/>\n<span style=\"color: #cc3366;\">RAMONA CASAS<\/span><br \/>\n<span style=\"color: #cc3366;\">ANNA NIUB\u00d2<\/span><\/h3>\n<h3><\/h3>\n<p style=\"font-size: 18px;\">+34 636 533 958<br \/>\n+34 938 234 082<br \/>\n<span id=\"cloak78436\"><a href=\"mailto:info@calbernadas.com\">info@calbernadas.com<\/a><\/span><\/p>\n<p>[\/vc_column_text]        <div  id=\"cs_social1777642718_169f4acdec6774\" class=\"cshero-social cs-social-layout1 \">\r\n            <style type=\"text\/css\" scoped>\r\n               .cshero_content_1777642718_169f4acdec6774.cshero-social-list a:hover i {\r\n                    background-color:  !important;\r\n                    border-color:  !important;\r\n                    color:  !important;\r\n                    white-space: inherit;\r\n               }\r\n            <\/style>\r\n                            \r\n<div class=\"cshero_content_1777642718_169f4acdec6774 cshero-social-list \">\r\n            <a href=\"https:\/\/www.facebook.com\/calbernadas?fref=ts\" style=\"font-size:\"><i style=\"      border-style: none;   \" class=\"fa fa-facebook\"><\/i><\/a>\r\n                <a href=\"https:\/\/instagram.com\/calbernadas\/\" style=\"font-size:\"><i style=\"      border-style: none;   \" class=\"fa fa-instagram\"><\/i><\/a>\r\n                <a href=\"https:\/\/twitter.com\/calbernadas\" style=\"font-size:\"><i style=\"      border-style: none;   \" class=\"fa fa-twitter\"><\/i><\/a>\r\n                                            \r\n<\/div>               \r\n        <\/div>\r\n        [\/vc_column][vc_column width=&#8221;2\/3&#8243;]\n<div class=\"wpcf7 no-js\" id=\"wpcf7-f17313-o1\" lang=\"en-US\" dir=\"ltr\">\n<div class=\"screen-reader-response\"><p role=\"status\" aria-live=\"polite\" aria-atomic=\"true\"><\/p> <ul><\/ul><\/div>\n<form action=\"\/ca\/wp-json\/wp\/v2\/pages\/12037#wpcf7-f17313-o1\" method=\"post\" class=\"wpcf7-form init\" aria-label=\"Contact form\" novalidate=\"novalidate\" data-status=\"init\">\n<div style=\"display: none;\">\n<input type=\"hidden\" name=\"_wpcf7\" value=\"17313\" \/>\n<input type=\"hidden\" name=\"_wpcf7_version\" value=\"5.8.2\" \/>\n<input type=\"hidden\" name=\"_wpcf7_locale\" value=\"en_US\" \/>\n<input type=\"hidden\" name=\"_wpcf7_unit_tag\" value=\"wpcf7-f17313-o1\" \/>\n<input type=\"hidden\" name=\"_wpcf7_container_post\" value=\"0\" \/>\n<input type=\"hidden\" name=\"_wpcf7_posted_data_hash\" value=\"\" \/>\n<\/div>\n<div class=\"row\">\n\t<div class=\"col-xs-12 col-sm-12 col-md-12 col-lg-12\">\n\t\t<p><span class=\"wpcf7-form-control-wrap\" data-name=\"nom\"><input size=\"40\" class=\"wpcf7-form-control wpcf7-text wpcf7-validates-as-required name\" id=\"name\" aria-required=\"true\" aria-invalid=\"false\" placeholder=\"El teu nom\" value=\"\" type=\"text\" name=\"nom\" \/><\/span>\n\t\t<\/p>\n\t<\/div>\n<\/div>\n<div class=\"row\">\n\t<div class=\"col-xs-12 col-sm-12 col-md-12 col-lg-12\">\n\t\t<p><span class=\"wpcf7-form-control-wrap\" data-name=\"email\"><input size=\"40\" class=\"wpcf7-form-control wpcf7-email wpcf7-validates-as-required wpcf7-text wpcf7-validates-as-email email\" id=\"email\" aria-required=\"true\" aria-invalid=\"false\" placeholder=\"El teu e-mail\" value=\"\" type=\"email\" name=\"email\" \/><\/span>\n\t\t<\/p>\n\t<\/div>\n<\/div>\n<div class=\"row\">\n\t<div class=\"col-xs-12 col-sm-12 col-md-12 col-lg-12\">\n\t\t<p><span class=\"wpcf7-form-control-wrap\" data-name=\"phone\"><input size=\"40\" class=\"wpcf7-form-control wpcf7-text wpcf7-validates-as-required phone\" id=\"phone\" aria-required=\"true\" aria-invalid=\"false\" placeholder=\"Tel\u00e8fon\" value=\"\" type=\"text\" name=\"phone\" \/><\/span>\n\t\t<\/p>\n\t<\/div>\n<\/div>\n<div class=\"row\">\n\t<div class=\"col-xs-12 col-sm-12 col-md-12 col-lg-12\">\n\t\t<p><span class=\"wpcf7-form-control-wrap\" data-name=\"adults\"><input size=\"40\" class=\"wpcf7-form-control wpcf7-text wpcf7-validates-as-required\" aria-required=\"true\" aria-invalid=\"false\" placeholder=\"Nombre d&#039;adults\" value=\"\" type=\"text\" name=\"adults\" \/><\/span>\n\t\t<\/p>\n\t<\/div>\n<\/div>\n<div class=\"row\">\n\t<div class=\"col-xs-12 col-sm-12 col-md-12 col-lg-12\">\n\t\t<p><span class=\"wpcf7-form-control-wrap\" data-name=\"nens\"><input size=\"40\" class=\"wpcf7-form-control wpcf7-text wpcf7-validates-as-required\" aria-required=\"true\" aria-invalid=\"false\" placeholder=\"Nombre de nens (De 2 a 15 anys)\" value=\"\" type=\"text\" name=\"nens\" \/><\/span>\n\t\t<\/p>\n\t<\/div>\n<\/div>\n<div class=\"row\">\n\t<div class=\"col-xs-12 col-sm-12 col-md-12 col-lg-12\">\n\t\t<p><span class=\"wpcf7-form-control-wrap\" data-name=\"nadons\"><input size=\"40\" class=\"wpcf7-form-control wpcf7-text wpcf7-validates-as-required\" aria-required=\"true\" aria-invalid=\"false\" placeholder=\"Nombre de nadons (Menors de 2 anys)\" value=\"\" type=\"text\" name=\"nadons\" \/><\/span>\n\t\t<\/p>\n\t<\/div>\n<\/div>\n<div class=\"row\">\n\t<div class=\"col-xs-12 col-sm-12 col-md-12 col-lg-12\">\n\t\t<p><span class=\"wpcf7-form-control-wrap\" data-name=\"entrada\"><input class=\"wpcf7-form-control wpcf7-date wpcf7-validates-as-required wpcf7-validates-as-date\" aria-required=\"true\" aria-invalid=\"false\" placeholder=\"Data d&#039;entrada: &nbsp;\" value=\"\" type=\"date\" name=\"entrada\" \/><\/span>\n\t\t<\/p>\n\t<\/div>\n<\/div>\n<div class=\"row\">\n\t<div class=\"col-xs-12 col-sm-12 col-md-12 col-lg-12\">\n\t\t<p><span class=\"wpcf7-form-control-wrap\" data-name=\"sortida\"><input class=\"wpcf7-form-control wpcf7-date wpcf7-validates-as-required wpcf7-validates-as-date\" aria-required=\"true\" aria-invalid=\"false\" placeholder=\"Data sortida: &nbsp;\" value=\"\" type=\"date\" name=\"sortida\" \/><\/span>\n\t\t<\/p>\n\t<\/div>\n<\/div>\n<div class=\"row\">\n\t<div class=\"col-xs-12 col-sm-12 col-md-12 col-lg-12\">\n\t\t<p><span class=\"wpcf7-form-control-wrap\" data-name=\"msg\"><textarea cols=\"40\" rows=\"10\" class=\"wpcf7-form-control wpcf7-textarea\" aria-invalid=\"false\" placeholder=\"Deixa el teu missatge\" name=\"msg\"><\/textarea><\/span>\n\t\t<\/p>\n\t<\/div>\n<\/div>\n<div class=\"row\">\n\t<div class=\"col-xs-12 col-sm-12 col-md-12 col-lg-12\">\n\t\t<p><span class=\"wpcf7-form-control-wrap\" data-name=\"codipromo\"><input size=\"40\" class=\"wpcf7-form-control wpcf7-text\" aria-invalid=\"false\" placeholder=\"Codi promocional\" value=\"\" type=\"text\" name=\"codipromo\" \/><\/span>\n\t\t<\/p>\n\t<\/div>\n<\/div>\n<div class=\"row\">\n\t<div class=\"col-xs-1 col-sm-1 col-md-1 col-lg-1\">\n\t\t<p><span class=\"wpcf7-form-control-wrap\" data-name=\"acceptar\"><span class=\"wpcf7-form-control wpcf7-acceptance\"><span class=\"wpcf7-list-item\"><input type=\"checkbox\" name=\"acceptar\" value=\"1\" aria-invalid=\"false\" \/><\/span><\/span><\/span>\n\t\t<\/p>\n\t<\/div>\n\t<p>\"He llegit i accepto la <a href=\"https:\/\/calbernadas.com\/ca\/avis-legal\/#privacitat\" target=\"_blank\">pol\u00edtica de privacitat\"<\/a>\n\t<\/p>\n<\/div>\n<div class=\"row\">\n\t<div class=\"col-xs-12 col-sm-12 col-md-12 col-lg-12\">\n\t\t<p>[bwscaptcha bwscaptcha-42]\n\t\t<\/p>\n\t<\/div>\n<\/div>\n<div class=\"row\">\n\t<div class=\"col-xs-12 col-sm-12 col-md-12 col-lg-12\">\n\t\t<p><input class=\"wpcf7-form-control wpcf7-submit has-spinner\" type=\"submit\" value=\"Enviar\" \/>\n\t\t<\/p>\n\t<\/div>\n<\/div><p style=\"display: none !important;\" class=\"akismet-fields-container\" data-prefix=\"_wpcf7_ak_\"><label>&#916;<textarea name=\"_wpcf7_ak_hp_textarea\" cols=\"45\" rows=\"8\" maxlength=\"100\"><\/textarea><\/label><input type=\"hidden\" id=\"ak_js_1\" name=\"_wpcf7_ak_js\" value=\"71\"\/><script>document.getElementById( \"ak_js_1\" ).setAttribute( \"value\", ( new Date() ).getTime() );<\/script><\/p><div class=\"wpcf7-response-output\" aria-hidden=\"true\"><\/div>\n<\/form>\n<\/div>\n[\/vc_column][\/vc_row][vc_row css=&#8221;.vc_custom_1478074481931{padding-top: 80px !important;padding-bottom: 80px !important;}&#8221;][vc_column][vc_column_text]<\/p>\n<h1 style=\"text-align: center;\"><span style=\"color: #c36;\">TREU-LI TOT EL SUC<\/span><\/h1>\n<h5 style=\"text-align: center;\"><span style=\"color: #c36;\">A part de l&#8217;opci\u00f3 de celebracions, La Cabana tamb\u00e9 t\u2019ofereix moltes altres possibilitats per a les teves celebracions, les teves jornades d\u2019empresa i tamb\u00e9 uns paquets molt originals que faran que treguis el m\u00e0xim profit de la casa i del seu entorn.<\/span><\/h5>\n<p>[\/vc_column_text][\/vc_column][\/vc_row][vc_row full_width=&#8221;stretch_row_content_no_spaces&#8221;][vc_column width=&#8221;1\/4&#8243;]<div id=\"cshero-fancybox69f4acdee24b3_1777642718\" class=\"cshero-fancybox-wrap  clearfix fancybox-layout1  text-left   wpb_animate_when_almost_visible wpb_fade-in\" style=\"border-color: transparent;   \">\n    <style type=\"text\/css\" scoped>\n        #cshero-fancybox69f4acdee24b3_1777642718.fancybox-layout1:hover .fancy-icon {\n            background-color: !important;\n            border-color: !important;\n            color:#000000 !important;\n        }\n\n        #cshero-fancybox69f4acdee24b3_1777642718.fancybox-layout1 .fancy-icon.icon-hover-style-3:after{\n    \t\t-webkit-border-radius:;\n    \t\t-moz-border-radius:;\n    \t\t-ms-border-radius:;\n    \t\t-o-border-radius:;\n    \t\tborder-radius:;\n    \t\tbackground-color:;\n    \t\tborder-width:;\n    \t\tborder-style:none;\n    \t\tborder-color:;\n\t   }\n        \n                #cshero-fancybox69f4acdee24b3_1777642718:hover {\n            background: #cc3366;\n        }\n        \n        \n                     #cshero-fancybox69f4acdee24b3_1777642718 [class^=\"flaticon-\"]:before, \n       #cshero-fancybox69f4acdee24b3_1777642718 [class*=\" flaticon-\"]:before, \n       #cshero-fancybox69f4acdee24b3_1777642718 [class^=\"flaticon-\"]:after, \n       #cshero-fancybox69f4acdee24b3_1777642718 [class*=\" flaticon-\"]:after {\n            font-size: 24px;\n            color: #212121;\n        }\n        #cshero-fancybox69f4acdee24b3_1777642718:hover .cshero-fancybox-title-image [class^=\"flaticon-\"]:before,\n        #cshero-fancybox69f4acdee24b3_1777642718:hover .cshero-fancybox-title-image [class*=\" flaticon-\"]:before,\n        #cshero-fancybox69f4acdee24b3_1777642718:hover .cshero-fancybox-title-image [class^=\"flaticon-\"]:after,\n        #cshero-fancybox69f4acdee24b3_1777642718:hover .cshero-fancybox-title-image [class*=\" flaticon-\"]:after{\n            color: #000000;\n        }\n\t<\/style>\n    <div class=\"cshero-fancybox-title-image\">\n                    <a title=\"\" href=\"https:\/\/calbernadas.com\/ca\/turisme-rural\/\">\n                                    <\/a>\n                            <h3 class=\"cshero-fancybox-title-wrap\" style=\"color: #ffffff;  text-transform: uppercase;\">\n                <span class=\"cshero-title-main\">TURISME RURAL<\/span>\n            <\/h3>\n                            <div class=\"cshero-fancybox-image\">\n                <img src=\"https:\/\/calbernadas.com\/wp-content\/uploads\/2016\/10\/TS_turismerural.jpg\" alt=\"TURISME RURAL\" \/>\n            <\/div>\n            <\/div>\n    <\/div>\n[\/vc_column][vc_column width=&#8221;1\/4&#8243;]<div id=\"cshero-fancybox69f4acdee2cb4_1777642718\" class=\"cshero-fancybox-wrap  clearfix fancybox-layout1  text-left   wpb_animate_when_almost_visible wpb_fade-in\" style=\"border-color: transparent;   \">\n    <style type=\"text\/css\" scoped>\n        #cshero-fancybox69f4acdee2cb4_1777642718.fancybox-layout1:hover .fancy-icon {\n            background-color: !important;\n            border-color: !important;\n            color:#000000 !important;\n        }\n\n        #cshero-fancybox69f4acdee2cb4_1777642718.fancybox-layout1 .fancy-icon.icon-hover-style-3:after{\n    \t\t-webkit-border-radius:;\n    \t\t-moz-border-radius:;\n    \t\t-ms-border-radius:;\n    \t\t-o-border-radius:;\n    \t\tborder-radius:;\n    \t\tbackground-color:;\n    \t\tborder-width:;\n    \t\tborder-style:none;\n    \t\tborder-color:;\n\t   }\n        \n                #cshero-fancybox69f4acdee2cb4_1777642718:hover {\n            background: #cc3366;\n        }\n        \n        \n                     #cshero-fancybox69f4acdee2cb4_1777642718 [class^=\"flaticon-\"]:before, \n       #cshero-fancybox69f4acdee2cb4_1777642718 [class*=\" flaticon-\"]:before, \n       #cshero-fancybox69f4acdee2cb4_1777642718 [class^=\"flaticon-\"]:after, \n       #cshero-fancybox69f4acdee2cb4_1777642718 [class*=\" flaticon-\"]:after {\n            font-size: 24px;\n            color: #212121;\n        }\n        #cshero-fancybox69f4acdee2cb4_1777642718:hover .cshero-fancybox-title-image [class^=\"flaticon-\"]:before,\n        #cshero-fancybox69f4acdee2cb4_1777642718:hover .cshero-fancybox-title-image [class*=\" flaticon-\"]:before,\n        #cshero-fancybox69f4acdee2cb4_1777642718:hover .cshero-fancybox-title-image [class^=\"flaticon-\"]:after,\n        #cshero-fancybox69f4acdee2cb4_1777642718:hover .cshero-fancybox-title-image [class*=\" flaticon-\"]:after{\n            color: #000000;\n        }\n\t<\/style>\n    <div class=\"cshero-fancybox-title-image\">\n                    <a title=\"\" href=\"https:\/\/calbernadas.com\/ca\/ruralpacks\/\">\n                                    <\/a>\n                            <h3 class=\"cshero-fancybox-title-wrap\" style=\"color: #ffffff;  text-transform: uppercase;\">\n                <span class=\"cshero-title-main\">RURAL&amp;PACKS<\/span>\n            <\/h3>\n                            <div class=\"cshero-fancybox-image\">\n                <img src=\"https:\/\/calbernadas.com\/wp-content\/uploads\/2016\/10\/TS_ruralpack.jpg\" alt=\"RURAL&amp;PACKS\" \/>\n            <\/div>\n            <\/div>\n    <\/div>\n[\/vc_column][vc_column width=&#8221;1\/4&#8243;]<div id=\"cshero-fancybox69f4acdee33d2_1777642718\" class=\"cshero-fancybox-wrap  clearfix fancybox-layout1  text-left   wpb_animate_when_almost_visible wpb_fade-in\" style=\"border-color: transparent;   \">\n    <style type=\"text\/css\" scoped>\n        #cshero-fancybox69f4acdee33d2_1777642718.fancybox-layout1:hover .fancy-icon {\n            background-color: !important;\n            border-color: !important;\n            color:#000000 !important;\n        }\n\n        #cshero-fancybox69f4acdee33d2_1777642718.fancybox-layout1 .fancy-icon.icon-hover-style-3:after{\n    \t\t-webkit-border-radius:;\n    \t\t-moz-border-radius:;\n    \t\t-ms-border-radius:;\n    \t\t-o-border-radius:;\n    \t\tborder-radius:;\n    \t\tbackground-color:;\n    \t\tborder-width:;\n    \t\tborder-style:none;\n    \t\tborder-color:;\n\t   }\n        \n                #cshero-fancybox69f4acdee33d2_1777642718:hover {\n            background: #cc3366;\n        }\n        \n        \n                     #cshero-fancybox69f4acdee33d2_1777642718 [class^=\"flaticon-\"]:before, \n       #cshero-fancybox69f4acdee33d2_1777642718 [class*=\" flaticon-\"]:before, \n       #cshero-fancybox69f4acdee33d2_1777642718 [class^=\"flaticon-\"]:after, \n       #cshero-fancybox69f4acdee33d2_1777642718 [class*=\" flaticon-\"]:after {\n            font-size: 24px;\n            color: #212121;\n        }\n        #cshero-fancybox69f4acdee33d2_1777642718:hover .cshero-fancybox-title-image [class^=\"flaticon-\"]:before,\n        #cshero-fancybox69f4acdee33d2_1777642718:hover .cshero-fancybox-title-image [class*=\" flaticon-\"]:before,\n        #cshero-fancybox69f4acdee33d2_1777642718:hover .cshero-fancybox-title-image [class^=\"flaticon-\"]:after,\n        #cshero-fancybox69f4acdee33d2_1777642718:hover .cshero-fancybox-title-image [class*=\" flaticon-\"]:after{\n            color: #000000;\n        }\n\t<\/style>\n    <div class=\"cshero-fancybox-title-image\">\n                    <a title=\"\" href=\"https:\/\/calbernadas.com\/ca\/empreses\/\">\n                                    <\/a>\n                            <h3 class=\"cshero-fancybox-title-wrap\" style=\"color: #ffffff;  text-transform: uppercase;\">\n                <span class=\"cshero-title-main\">EMPRESES<\/span>\n            <\/h3>\n                            <div class=\"cshero-fancybox-image\">\n                <img src=\"https:\/\/calbernadas.com\/wp-content\/uploads\/2016\/10\/TS_empreses.jpg\" alt=\"EMPRESES\" \/>\n            <\/div>\n            <\/div>\n    <\/div>\n[\/vc_column][vc_column width=&#8221;1\/4&#8243;]<div id=\"cshero-fancybox69f4acdee3aa3_1777642718\" class=\"cshero-fancybox-wrap  clearfix fancybox-layout1  text-left   wpb_animate_when_almost_visible wpb_fade-in\" style=\"border-color: transparent;   \">\n    <style type=\"text\/css\" scoped>\n        #cshero-fancybox69f4acdee3aa3_1777642718.fancybox-layout1:hover .fancy-icon {\n            background-color: !important;\n            border-color: !important;\n            color:#000000 !important;\n        }\n\n        #cshero-fancybox69f4acdee3aa3_1777642718.fancybox-layout1 .fancy-icon.icon-hover-style-3:after{\n    \t\t-webkit-border-radius:;\n    \t\t-moz-border-radius:;\n    \t\t-ms-border-radius:;\n    \t\t-o-border-radius:;\n    \t\tborder-radius:;\n    \t\tbackground-color:;\n    \t\tborder-width:;\n    \t\tborder-style:none;\n    \t\tborder-color:;\n\t   }\n        \n                #cshero-fancybox69f4acdee3aa3_1777642718:hover {\n            background: #cc3366;\n        }\n        \n        \n                     #cshero-fancybox69f4acdee3aa3_1777642718 [class^=\"flaticon-\"]:before, \n       #cshero-fancybox69f4acdee3aa3_1777642718 [class*=\" flaticon-\"]:before, \n       #cshero-fancybox69f4acdee3aa3_1777642718 [class^=\"flaticon-\"]:after, \n       #cshero-fancybox69f4acdee3aa3_1777642718 [class*=\" flaticon-\"]:after {\n            font-size: 24px;\n            color: #212121;\n        }\n        #cshero-fancybox69f4acdee3aa3_1777642718:hover .cshero-fancybox-title-image [class^=\"flaticon-\"]:before,\n        #cshero-fancybox69f4acdee3aa3_1777642718:hover .cshero-fancybox-title-image [class*=\" flaticon-\"]:before,\n        #cshero-fancybox69f4acdee3aa3_1777642718:hover .cshero-fancybox-title-image [class^=\"flaticon-\"]:after,\n        #cshero-fancybox69f4acdee3aa3_1777642718:hover .cshero-fancybox-title-image [class*=\" flaticon-\"]:after{\n            color: #000000;\n        }\n\t<\/style>\n    <div class=\"cshero-fancybox-title-image\">\n                    <a title=\"\" href=\"https:\/\/calbernadas.com\/ca\/entorn\/bergueda\/\">\n                                    <\/a>\n                            <h3 class=\"cshero-fancybox-title-wrap\" style=\"color: #ffffff;  text-transform: uppercase;\">\n                <span class=\"cshero-title-main\">ENTORN<\/span>\n            <\/h3>\n                            <div class=\"cshero-fancybox-image\">\n                <img src=\"https:\/\/calbernadas.com\/wp-content\/uploads\/2016\/10\/TS_entorn.jpg\" alt=\"ENTORN\" \/>\n            <\/div>\n            <\/div>\n    <\/div>\n[\/vc_column][\/vc_row]<\/p>\n","protected":false},"excerpt":{"rendered":"<p>[vc_row full_width=&#8221;stretch_row_content&#8221;][vc_column][\/vc_column][\/vc_row][vc_row full_width=&#8221;stretch_row_content_no_spaces&#8221; css=&#8221;.vc_custom_1478506414449{padding-top: 0px !important;padding-bottom: 0px !important;}&#8221;][vc_column][vc_gallery type=&#8221;image_grid&#8221; images=&#8221;21938,21942,21940,21941,21950,21943,21947,21945,21949,21953&#8243; img_size=&#8221;1500&#215;800&#8243; el_class=&#8221; cols5&#8243;][\/vc_column][\/vc_row][vc_row css=&#8221;.vc_custom_1477971546965{padding-top: 80px !important;padding-bottom: 80px !important;}&#8221;][vc_column width=&#8221;1\/6&#8243;][\/vc_column][vc_column width=&#8221;2\/3&#8243;][vc_column_text] [&hellip;]<\/p>\n","protected":false},"author":1,"featured_media":0,"parent":12033,"menu_order":0,"comment_status":"closed","ping_status":"closed","template":"","meta":{"footnotes":""},"yoast_head":"<!-- This site is optimized with the Yoast SEO plugin v21.5 - https:\/\/yoast.com\/wordpress\/plugins\/seo\/ -->\n<title>LA CABANA - Cal Bernad\u00e0s<\/title>\n<meta name=\"robots\" content=\"index, follow, max-snippet:-1, max-image-preview:large, max-video-preview:-1\" \/>\n<link rel=\"canonical\" href=\"https:\/\/calbernadas.com\/ca\/celebracions\/la-cabana\/\" \/>\n<meta property=\"og:locale\" content=\"ca_ES\" \/>\n<meta property=\"og:type\" content=\"article\" \/>\n<meta property=\"og:title\" content=\"LA CABANA - Cal Bernad\u00e0s\" \/>\n<meta property=\"og:description\" content=\"[vc_row full_width=&#8221;stretch_row_content&#8221;][vc_column][\/vc_column][\/vc_row][vc_row full_width=&#8221;stretch_row_content_no_spaces&#8221; css=&#8221;.vc_custom_1478506414449{padding-top: 0px !important;padding-bottom: 0px !important;}&#8221;][vc_column][vc_gallery type=&#8221;image_grid&#8221; images=&#8221;21938,21942,21940,21941,21950,21943,21947,21945,21949,21953&#8243; img_size=&#8221;1500&#215;800&#8243; el_class=&#8221; cols5&#8243;][\/vc_column][\/vc_row][vc_row css=&#8221;.vc_custom_1477971546965{padding-top: 80px !important;padding-bottom: 80px !important;}&#8221;][vc_column width=&#8221;1\/6&#8243;][\/vc_column][vc_column width=&#8221;2\/3&#8243;][vc_column_text] [&hellip;]\" \/>\n<meta property=\"og:url\" content=\"https:\/\/calbernadas.com\/ca\/celebracions\/la-cabana\/\" \/>\n<meta property=\"og:site_name\" content=\"Cal Bernad\u00e0s\" \/>\n<meta property=\"article:publisher\" content=\"https:\/\/www.facebook.com\/calbernadas\" \/>\n<meta property=\"article:modified_time\" content=\"2023-12-13T11:59:03+00:00\" \/>\n<meta property=\"og:image\" content=\"https:\/\/www.calbernadas.com\/images\/CEL\/font-awesome\/home.png\" \/>\n<meta name=\"twitter:card\" content=\"summary_large_image\" \/>\n<meta name=\"twitter:site\" content=\"@calbernadas\" \/>\n<meta name=\"twitter:label1\" content=\"Temps estimat de lectura\" \/>\n\t<meta name=\"twitter:data1\" content=\"23 minuts\" \/>\n<script type=\"application\/ld+json\" class=\"yoast-schema-graph\">{\"@context\":\"https:\/\/schema.org\",\"@graph\":[{\"@type\":\"WebPage\",\"@id\":\"https:\/\/calbernadas.com\/ca\/celebracions\/la-cabana\/\",\"url\":\"https:\/\/calbernadas.com\/ca\/celebracions\/la-cabana\/\",\"name\":\"LA CABANA - Cal Bernad\u00e0s\",\"isPartOf\":{\"@id\":\"https:\/\/calbernadas.com\/ca\/#website\"},\"datePublished\":\"2016-10-24T10:35:57+00:00\",\"dateModified\":\"2023-12-13T11:59:03+00:00\",\"breadcrumb\":{\"@id\":\"https:\/\/calbernadas.com\/ca\/celebracions\/la-cabana\/#breadcrumb\"},\"inLanguage\":\"ca\",\"potentialAction\":[{\"@type\":\"ReadAction\",\"target\":[\"https:\/\/calbernadas.com\/ca\/celebracions\/la-cabana\/\"]}]},{\"@type\":\"BreadcrumbList\",\"@id\":\"https:\/\/calbernadas.com\/ca\/celebracions\/la-cabana\/#breadcrumb\",\"itemListElement\":[{\"@type\":\"ListItem\",\"position\":1,\"name\":\"Portada\",\"item\":\"https:\/\/calbernadas.com\/ca\/\"},{\"@type\":\"ListItem\",\"position\":2,\"name\":\"Celebracions\",\"item\":\"https:\/\/calbernadas.com\/ca\/celebracions\/\"},{\"@type\":\"ListItem\",\"position\":3,\"name\":\"LA CABANA\"}]},{\"@type\":\"WebSite\",\"@id\":\"https:\/\/calbernadas.com\/ca\/#website\",\"url\":\"https:\/\/calbernadas.com\/ca\/\",\"name\":\"Cal Bernad\u00e0s\",\"description\":\"Turisme rural\",\"publisher\":{\"@id\":\"https:\/\/calbernadas.com\/ca\/#organization\"},\"potentialAction\":[{\"@type\":\"SearchAction\",\"target\":{\"@type\":\"EntryPoint\",\"urlTemplate\":\"https:\/\/calbernadas.com\/ca\/?s={search_term_string}\"},\"query-input\":\"required name=search_term_string\"}],\"inLanguage\":\"ca\"},{\"@type\":\"Organization\",\"@id\":\"https:\/\/calbernadas.com\/ca\/#organization\",\"name\":\"Cal Bernad\u00e0s\",\"url\":\"https:\/\/calbernadas.com\/ca\/\",\"logo\":{\"@type\":\"ImageObject\",\"inLanguage\":\"ca\",\"@id\":\"https:\/\/calbernadas.com\/ca\/#\/schema\/logo\/image\/\",\"url\":\"https:\/\/calbernadas.com\/wp-content\/uploads\/2017\/03\/logo_calbernadas2.png\",\"contentUrl\":\"https:\/\/calbernadas.com\/wp-content\/uploads\/2017\/03\/logo_calbernadas2.png\",\"width\":169,\"height\":156,\"caption\":\"Cal Bernad\u00e0s\"},\"image\":{\"@id\":\"https:\/\/calbernadas.com\/ca\/#\/schema\/logo\/image\/\"},\"sameAs\":[\"https:\/\/www.facebook.com\/calbernadas\",\"https:\/\/twitter.com\/calbernadas\",\"https:\/\/instagram.com\/calbernadas\/\",\"http:\/\/www.youtube.es\/calbernadas\"]}]}<\/script>\n<!-- \/ Yoast SEO plugin. -->","yoast_head_json":{"title":"LA CABANA - Cal Bernad\u00e0s","robots":{"index":"index","follow":"follow","max-snippet":"max-snippet:-1","max-image-preview":"max-image-preview:large","max-video-preview":"max-video-preview:-1"},"canonical":"https:\/\/calbernadas.com\/ca\/celebracions\/la-cabana\/","og_locale":"ca_ES","og_type":"article","og_title":"LA CABANA - Cal Bernad\u00e0s","og_description":"[vc_row full_width=&#8221;stretch_row_content&#8221;][vc_column][\/vc_column][\/vc_row][vc_row full_width=&#8221;stretch_row_content_no_spaces&#8221; css=&#8221;.vc_custom_1478506414449{padding-top: 0px !important;padding-bottom: 0px !important;}&#8221;][vc_column][vc_gallery type=&#8221;image_grid&#8221; images=&#8221;21938,21942,21940,21941,21950,21943,21947,21945,21949,21953&#8243; img_size=&#8221;1500&#215;800&#8243; el_class=&#8221; cols5&#8243;][\/vc_column][\/vc_row][vc_row css=&#8221;.vc_custom_1477971546965{padding-top: 80px !important;padding-bottom: 80px !important;}&#8221;][vc_column width=&#8221;1\/6&#8243;][\/vc_column][vc_column width=&#8221;2\/3&#8243;][vc_column_text] [&hellip;]","og_url":"https:\/\/calbernadas.com\/ca\/celebracions\/la-cabana\/","og_site_name":"Cal Bernad\u00e0s","article_publisher":"https:\/\/www.facebook.com\/calbernadas","article_modified_time":"2023-12-13T11:59:03+00:00","og_image":[{"url":"https:\/\/www.calbernadas.com\/images\/CEL\/font-awesome\/home.png"}],"twitter_card":"summary_large_image","twitter_site":"@calbernadas","twitter_misc":{"Temps estimat de lectura":"23 minuts"},"schema":{"@context":"https:\/\/schema.org","@graph":[{"@type":"WebPage","@id":"https:\/\/calbernadas.com\/ca\/celebracions\/la-cabana\/","url":"https:\/\/calbernadas.com\/ca\/celebracions\/la-cabana\/","name":"LA CABANA - Cal Bernad\u00e0s","isPartOf":{"@id":"https:\/\/calbernadas.com\/ca\/#website"},"datePublished":"2016-10-24T10:35:57+00:00","dateModified":"2023-12-13T11:59:03+00:00","breadcrumb":{"@id":"https:\/\/calbernadas.com\/ca\/celebracions\/la-cabana\/#breadcrumb"},"inLanguage":"ca","potentialAction":[{"@type":"ReadAction","target":["https:\/\/calbernadas.com\/ca\/celebracions\/la-cabana\/"]}]},{"@type":"BreadcrumbList","@id":"https:\/\/calbernadas.com\/ca\/celebracions\/la-cabana\/#breadcrumb","itemListElement":[{"@type":"ListItem","position":1,"name":"Portada","item":"https:\/\/calbernadas.com\/ca\/"},{"@type":"ListItem","position":2,"name":"Celebracions","item":"https:\/\/calbernadas.com\/ca\/celebracions\/"},{"@type":"ListItem","position":3,"name":"LA CABANA"}]},{"@type":"WebSite","@id":"https:\/\/calbernadas.com\/ca\/#website","url":"https:\/\/calbernadas.com\/ca\/","name":"Cal Bernad\u00e0s","description":"Turisme rural","publisher":{"@id":"https:\/\/calbernadas.com\/ca\/#organization"},"potentialAction":[{"@type":"SearchAction","target":{"@type":"EntryPoint","urlTemplate":"https:\/\/calbernadas.com\/ca\/?s={search_term_string}"},"query-input":"required name=search_term_string"}],"inLanguage":"ca"},{"@type":"Organization","@id":"https:\/\/calbernadas.com\/ca\/#organization","name":"Cal Bernad\u00e0s","url":"https:\/\/calbernadas.com\/ca\/","logo":{"@type":"ImageObject","inLanguage":"ca","@id":"https:\/\/calbernadas.com\/ca\/#\/schema\/logo\/image\/","url":"https:\/\/calbernadas.com\/wp-content\/uploads\/2017\/03\/logo_calbernadas2.png","contentUrl":"https:\/\/calbernadas.com\/wp-content\/uploads\/2017\/03\/logo_calbernadas2.png","width":169,"height":156,"caption":"Cal Bernad\u00e0s"},"image":{"@id":"https:\/\/calbernadas.com\/ca\/#\/schema\/logo\/image\/"},"sameAs":["https:\/\/www.facebook.com\/calbernadas","https:\/\/twitter.com\/calbernadas","https:\/\/instagram.com\/calbernadas\/","http:\/\/www.youtube.es\/calbernadas"]}]}},"_links":{"self":[{"href":"https:\/\/calbernadas.com\/ca\/wp-json\/wp\/v2\/pages\/12037"}],"collection":[{"href":"https:\/\/calbernadas.com\/ca\/wp-json\/wp\/v2\/pages"}],"about":[{"href":"https:\/\/calbernadas.com\/ca\/wp-json\/wp\/v2\/types\/page"}],"author":[{"embeddable":true,"href":"https:\/\/calbernadas.com\/ca\/wp-json\/wp\/v2\/users\/1"}],"replies":[{"embeddable":true,"href":"https:\/\/calbernadas.com\/ca\/wp-json\/wp\/v2\/comments?post=12037"}],"version-history":[{"count":29,"href":"https:\/\/calbernadas.com\/ca\/wp-json\/wp\/v2\/pages\/12037\/revisions"}],"predecessor-version":[{"id":27356,"href":"https:\/\/calbernadas.com\/ca\/wp-json\/wp\/v2\/pages\/12037\/revisions\/27356"}],"up":[{"embeddable":true,"href":"https:\/\/calbernadas.com\/ca\/wp-json\/wp\/v2\/pages\/12033"}],"wp:attachment":[{"href":"https:\/\/calbernadas.com\/ca\/wp-json\/wp\/v2\/media?parent=12037"}],"curies":[{"name":"wp","href":"https:\/\/api.w.org\/{rel}","templated":true}]}}